{"id":204,"date":"2020-11-24T20:46:21","date_gmt":"2020-11-24T19:46:21","guid":{"rendered":"http:\/\/nowastrona.up.lublin.pl\/wip\/?page_id=204"},"modified":"2026-04-02T13:15:49","modified_gmt":"2026-04-02T11:15:49","slug":"galeria","status":"publish","type":"page","link":"https:\/\/up.lublin.pl\/wip\/wydzial\/galeria\/","title":{"rendered":"Galeria"},"content":{"rendered":"\t\t<div data-elementor-type=\"wp-page\" data-elementor-id=\"204\" class=\"elementor elementor-204\" data-elementor-settings=\"[]\">\n\t\t\t\t\t\t<div class=\"elementor-inner\">\n\t\t\t\t\t\t\t<div class=\"elementor-section-wrap\">\n\t\t\t\t\t\t\t<section class=\"elementor-section elementor-top-section elementor-element elementor-element-b041c7a elementor-section-boxed elementor-section-height-default elementor-section-height-default\" data-id=\"b041c7a\" data-element_type=\"section\">\n\t\t\t\t\t\t<div class=\"elementor-container elementor-column-gap-default\">\n\t\t\t\t\t\t\t<div class=\"elementor-row\">\n\t\t\t\t\t<div class=\"elementor-column elementor-col-100 elementor-top-column elementor-element elementor-element-bf1c589\" data-id=\"bf1c589\" data-element_type=\"column\">\n\t\t\t<div class=\"elementor-column-wrap elementor-element-populated\">\n\t\t\t\t\t\t\t<div class=\"elementor-widget-wrap\">\n\t\t\t\t\t\t<div class=\"elementor-element elementor-element-b813c05 elementor-widget elementor-widget-m2e\" data-id=\"b813c05\" data-element_type=\"widget\" data-widget_type=\"m2e.default\">\n\t\t\t\t<div class=\"elementor-widget-container\">\n\t\t\t<section class=\"mn-m2-e mn-bg-green\">\n\t<div class=\"mn-grid\">\n\t\t<div class=\"mn-grid-3 mn-introtext\">\n\t\t\t\t\t\t\t<p class=\"mn-header\">Wydzia\u0142 In\u017cynierii Produkcji<\/p>\n\t\t\t\t\t\t\t\t\t\t\t<h3>\n\t\t\t\t\tGaleria\t\t\t\t<\/h3>\n\t\t\t\t\t\t\t\t\t\t\t\t<\/div>\n\t\t<div class=\"mn-grid-9 mn-image-container\">\n\t\t\t\t\t<\/div>\n\t<\/div>\n\t<\/section>\n\t\t<\/div>\n\t\t\t\t<\/div>\n\t\t\t\t\t\t<\/div>\n\t\t\t\t\t<\/div>\n\t\t<\/div>\n\t\t\t\t\t\t\t\t<\/div>\n\t\t\t\t\t<\/div>\n\t\t<\/section>\n\t\t\t\t<section class=\"elementor-section elementor-top-section elementor-element elementor-element-1a56fb7 elementor-section-boxed elementor-section-height-default elementor-section-height-default\" data-id=\"1a56fb7\" data-element_type=\"section\">\n\t\t\t\t\t\t<div class=\"elementor-container elementor-column-gap-default\">\n\t\t\t\t\t\t\t<div class=\"elementor-row\">\n\t\t\t\t\t<div class=\"elementor-column elementor-col-100 elementor-top-column elementor-element elementor-element-406885a\" data-id=\"406885a\" data-element_type=\"column\">\n\t\t\t<div class=\"elementor-column-wrap elementor-element-populated\">\n\t\t\t\t\t\t\t<div class=\"elementor-widget-wrap\">\n\t\t\t\t\t\t<div class=\"elementor-element elementor-element-ed6b1a9 elementor-widget elementor-widget-m5c\" data-id=\"ed6b1a9\" data-element_type=\"widget\" data-widget_type=\"m5c.default\">\n\t\t\t\t<div class=\"elementor-widget-container\">\n\t\t\t<section class=\"mn-m5-c mn-m5-d2 mn-bg-white\">\n\t<div class=\"mn-grid\">\n\t\t\t\t<div class=\"mn-content mn-grid-9\">\n\t\t\t                <div class=\"mn-content-block active\">\n\t                                                        <div class=\"block-text\">\n\t                                        <h3>2026<\/h3>\n<p><a href=\"https:\/\/up.lublin.pl\/wip\/galeria\/dzien-otwarty-19-03-2026\/\">Dzie\u0144 otwarty 19.03.2026<\/a><\/p>\n<h3>2025<\/h3>\n<p><a href=\"https:\/\/up.lublin.pl\/blog\/galeria\/final-iii-edycji-konkursu-ekologicznego-czlowiek-w-srodowisku\/\">Fina\u0142 III edycji konkursu ekologicznego \u201eCz\u0142owiek w\u00a0\u015brodowisku\u201d<\/a><br \/><a href=\"https:\/\/up.lublin.pl\/blog\/galeria\/rajd70\/\">Rajd Rowerowy 70 km na 70 \u2013 lecie Uniwersytetu Przyrodniczego w\u00a0Lublinie<\/a><br \/><a href=\"https:\/\/up.lublin.pl\/blog\/galeria\/wreczenie-odznaczen-zasluzony-dla-rolnictwa-wiceminister-jacek-czerniak-7-07-2025\/\">Wr\u0119czenie odznacze\u0144 Zas\u0142u\u017cony dla rolnictwa,<\/a><br \/><a href=\"https:\/\/up.lublin.pl\/blog\/galeria\/immatrykulacja-2025-2026-wydzial-inzynierii-produkcji\/\">Immatrykulacja 2025\/2026 Wydzia\u0142 In\u017cynierii Produkcji<\/a><br \/><a href=\"https:\/\/up.lublin.pl\/blog\/galeria\/uroczystosc-nadania-tytulu-doktora-honoris-causa-prof-dr-hab-arkadiusz-mezyk\/\">Uroczysto\u015b\u0107 nadania tytu\u0142u Doktora Honoris Causa \u2014 prof. dr hab. Arkadiusz M\u0119\u017cyk<\/a><br \/><a href=\"https:\/\/up.lublin.pl\/blog\/galeria\/obchody-jubileuszu-55-lecia-wydzialu-inzynierii-produkcji-up-w-lublinie\/\">Obchody Jubileuszu 55-lecia Wydzia\u0142u In\u017cynierii Produkcji UP w\u00a0Lublinie<\/a><br \/><a href=\"https:\/\/up.lublin.pl\/blog\/galeria\/relacja-bieg-70-lecia-uniwersytetu-przyrodniczego-w-lublinie\/\">Bieg 70-lecia Uniwersytetu Przyrodniczego w&nbsp;Lublinie<\/a><br \/><a href=\"https:\/\/up.lublin.pl\/wip\/galeria\/gis-day\/\">GIS Day<\/a><\/p>\n<h3>2024<\/h3>\n<p><a href=\"https:\/\/up.lublin.pl\/blog\/galeria\/final-ii-edycji-konkursu-czlowiek-w-srodowisku\/\">Fina\u0142 II edycji konkursu \u201eCz\u0142owiek w&nbsp;\u015brodowisku\u201d<\/a><br \/><a href=\"https:\/\/up.lublin.pl\/blog\/galeria\/immatrykulacje-wydzialowe-2024-2025\/\">Immatrykulacje wydzia\u0142owe 2024\/2025<\/a><br \/><a href=\"https:\/\/up.lublin.pl\/blog\/galeria\/inauguracja-roku-akademickiego-2024-2025\/\">Inauguracja Roku Akademickiego 2024\/2025<\/a><br \/><a href=\"https:\/\/up.lublin.pl\/blog\/galeria\/ii-inauguracja-roku-akademickiego-zwiazku-uczelni-lubelskich\/\">II \u015arodowiskowa Inauguracja Roku Akademickiego 2023\/2024 Uczelni Lubelskich<\/a><br \/><a href=\"https:\/\/up.lublin.pl\/blog\/galeria\/xvii-miedzynarodowe-targi-wynalazkow-i-innowacji-intarg-2024\/\">XVII Mi\u0119dzynarodowe Targi Wynalazk\u00f3w i\u00a0Innowacji Intarg 2024<\/a><\/p>\n<h3>2023<\/h3>\n<p><a href=\"https:\/\/up.lublin.pl\/blog\/galeria\/final-wojewodzkiego-konkursu-ekologicznego-czlowiek-w-srodowisku\/\">Fina\u0142 Wojew\u00f3dzkiego Konkursu Ekologicznego \u201eCz\u0142owiek w\u00a0\u015brodowisku\u201d<\/a><br \/><a href=\"https:\/\/up.lublin.pl\/blog\/galeria\/inauguracja-roku-akademickiego-2023-2024\/\">Inauguracja Roku Akademickiego 2023\/2024<\/a><br \/><a href=\"https:\/\/up.lublin.pl\/blog\/galeria\/i-srodowiskowa-inauguracja-roku-akademickiego-2023-2024-uczelni-lubelskich\/\">I \u015arodowiskowa Inauguracja Roku Akademickiego 2023\/2024 Uczelni Lubelskich<\/a><\/p>\n<h3>2022<\/h3>\n<p><a href=\"https:\/\/up.lublin.pl\/blog\/galeria\/prof-sergio-orlandi-profesor-honorowy-uniwersytetu-przyrodniczego-w-lublinie\/\">Prof. Sergio Orlandi &#8211; Profesor Honorowy Uniwersytetu Przyrodniczego w\u00a0Lublinie<\/a><br \/><a href=\"https:\/\/up.lublin.pl\/blog\/galeria\/forum-dla-jednostek-samorzadowych-na-uniwersytecie-przyrodniczym-w-lublinie\/\">Forum dla jednostek samorz\u0105dowych na Uniwersytecie Przyrodniczym w\u00a0Lublinie<\/a><br \/><a href=\"https:\/\/up.lublin.pl\/blog\/galeria\/jubileusz-70-lecia-katedry-zastosowan-matematyki-i-informatyki\/\">Jubileusz 70-lecia Katedry Zastosowa\u0144 Matematyki i&nbsp;Informatyki<\/a><br \/><a href=\"https:\/\/up.lublin.pl\/blog\/galeria\/challenge-labs-2022\/\">CHALLENGE LABS 2022<\/a><br \/><a href=\"https:\/\/up.lublin.pl\/blog\/galeria\/uczestnicy-programu-erasmus-w-katedrze-inzynierii-srodowiska-i-geodezji\/\">Uczestnicy programu Erasmus+ w&nbsp;Katedrze In\u017cynierii \u015arodowiska i&nbsp;Geodezji<\/a><br \/><a href=\"https:\/\/up.lublin.pl\/blog\/galeria\/wizyta-studentow-kierunkow-ekoenergetyka-oraz-inzynieria-srodowiska-w-obiektach-ochrony-srodowiska-i-oze\/\">Wizyta student\u00f3w kierunk\u00f3w Ekoenergetyka oraz In\u017cynieria \u015brodowiska w&nbsp;obiektach ochrony \u015brodowiska i&nbsp;OZE<\/a><\/p>\n<h3>2021<\/h3>\n<p><a href=\"https:\/\/up.lublin.pl\/blog\/galeria\/honorowy-profesor-sarec\/\">Uroczysto\u015b\u0107 nadania Godno\u015bci Honorowego Profesora Uniwersytetu Przyrodniczego w&nbsp;Lublinie prof. dr. hab. in\u017c. Ond\u0159ejowi \u0160a\u0159ecowi<\/a><br \/><a href=\"https:\/\/up.lublin.pl\/blog\/galeria\/50-lecie-wip\/\">Jubileusz 50-lecia Wydzia\u0142u In\u017cynierii Produkcji<\/a><br \/><a href=\"https:\/\/up.lublin.pl\/blog\/galeria\/nadanie-imienia-prof-dr-hab-dr-h-c-multi-janusza-hamana-auli-wykladowej-wydzialu-inzynierii-produkcji\/\">Nadanie imienia prof. dr hab. dr h.c. multi Janusza Hamana auli wyk\u0142adowej Wydzia\u0142u In\u017cynierii Produkcji<\/a><br \/><a href=\"https:\/\/up.lublin.pl\/blog\/galeria\/up-w-lublinie-w-trakcie-xvii-lfn-warsztat-zelowe-kwiaty-3d\/\">UP w\u00a0Lublinie w\u00a0trakcie XVII LFN: warsztat &#8220;\u017belowe kwiaty 3D&#8221;<\/a><\/p>\n<h3>2020<\/h3>\n<p><a href=\"https:\/\/up.lublin.pl\/blog\/galeria\/podpisanie-porozumienia-projekt-las\/\">Podpisanie porozumienia Projekt Las<\/a><br \/><a href=\"https:\/\/up.lublin.pl\/blog\/galeria\/immatrykulacja-studentow-wydzialu-inzynierii-produkcji\/\">Immatrykulacja student\u00f3w Wydzia\u0142u In\u017cynierii Produkcji<\/a><br \/><a href=\"https:\/\/up.lublin.pl\/blog\/galeria\/galeria-6663\/\">Wielka Lekcja In\u017cynierii \u015arodowiska i&nbsp;Ekoenergetyki<\/a><\/p>\n<h3>2019<\/h3>\n<p><a href=\"https:\/\/up.lublin.pl\/blog\/galeria\/galeria-6464\/\">Zjazd Absolwent\u00f3w Wydzia\u0142u Techniki Rolniczej 1974-1979<\/a><br \/><a href=\"https:\/\/up.lublin.pl\/blog\/galeria\/galeria-6463\/\">Immatrykulacja Wydzia\u0142owa 2019\/2020<\/a><br \/><a href=\"https:\/\/up.lublin.pl\/blog\/galeria\/galeria-6425\/\">9. Mi\u0119dzynarodowa konferencja naukowo-techniczna<\/a><\/p>\n<h3>2017<\/h3>\n<p><a href=\"https:\/\/up.lublin.pl\/blog\/galeria\/galeria-5000\/\">Uroczysta Immatrykulacja Wydzia\u0142owa &#8211; Rok Akademicki 2017\/2018<\/a><br \/><a href=\"https:\/\/up.lublin.pl\/blog\/galeria\/galeria-4657\/\">Dzie\u0144 Otwarty UP w&nbsp;Lublinie 2017- fotorelacja<\/a><\/p>\n<h3>2015<\/h3>\n<p><a href=\"https:\/\/up.lublin.pl\/blog\/galeria\/galeria-4050\/\">Jubileusz 45-lecia Wydzia\u0142u<\/a><br \/><a href=\"https:\/\/up.lublin.pl\/blog\/galeria\/galeria-3954\/\">Pokaz technologii spawalniczych w&nbsp;CIW Wydzia\u0142u In\u017cynierii Produkcji<\/a><\/p>\n<h3>2013<\/h3>\n<p><a href=\"https:\/\/up.lublin.pl\/blog\/galeria\/galeria-3444\/\">Profesor Szpryngiel Konferencja<\/a><br \/><a href=\"https:\/\/up.lublin.pl\/blog\/galeria\/galeria-3394\/\">Otwarcie Centrum Innowacyjno-Wdro\u017ceniowego \u2014 relacja<\/a><br \/><a href=\"https:\/\/up.lublin.pl\/blog\/galeria\/galeria-3395\/\">Centrum Innowacyjno-Wdro\u017ceniowe Nowych Technik i&nbsp;Technologii w&nbsp;In\u017cynierii Rolniczej<\/a><\/p>\n<h3>2012<\/h3>\n<p><a href=\"https:\/\/up.lublin.pl\/blog\/galeria\/galeria-2190\/\">60-lecie Katedry Zastosowa\u0144 Matematyki i&nbsp;Informatyki<\/a><\/p>\n<p><a href=\"https:\/\/up.lublin.pl\/blog\/galeria\/galeria-2198\/\">Galeria &#8211; r\u00f3\u017cne<\/a><\/p>\n                                        <\/div>\n\t\t\t\t\t\t                                <\/div>\n\t\t\t\t                <div class=\"mn-content-block\">\n\t                                <\/div>\n\t\t\t\t                <div class=\"mn-content-block\">\n\t                                <\/div>\n\t\t\t\t                <div class=\"mn-content-block\">\n\t                                <\/div>\n\t\t\t\t                <div class=\"mn-content-block\">\n\t                                <\/div>\n\t\t\t\t                <div class=\"mn-content-block\">\n\t                                <\/div>\n\t\t\t\t                <div class=\"mn-content-block\">\n\t                                <\/div>\n\t\t\t\t                <div class=\"mn-content-block\">\n\t                                <\/div>\n\t\t\t\t                <div class=\"mn-content-block\">\n\t                                <\/div>\n\t\t\t\t                <div class=\"mn-content-block\">\n\t                                <\/div>\n\t\t\t\t                <div class=\"mn-content-block\">\n\t                                <\/div>\n\t\t\t\t                <div class=\"mn-content-block\">\n\t                                <\/div>\n\t\t\t\t                <div class=\"mn-content-block\">\n\t                                <\/div>\n\t\t\t\t                <div class=\"mn-content-block\">\n\t                                <\/div>\n\t\t\t\t                <div class=\"mn-content-block\">\n\t                                <\/div>\n\t\t\t\t                <div class=\"mn-content-block\">\n\t                                <\/div>\n\t\t\t\t                <div class=\"mn-content-block\">\n\t                                <\/div>\n\t\t\t\t                <div class=\"mn-content-block\">\n\t                                <\/div>\n\t\t\t\t                <div class=\"mn-content-block\">\n\t                                <\/div>\n\t\t\t\t                <div class=\"mn-content-block\">\n\t                                <\/div>\n\t\t\t\t\t\t<\/div>\n\t<\/div>\n<\/section>\n\t\t<\/div>\n\t\t\t\t<\/div>\n\t\t\t\t\t\t<\/div>\n\t\t\t\t\t<\/div>\n\t\t<\/div>\n\t\t\t\t\t\t\t\t<\/div>\n\t\t\t\t\t<\/div>\n\t\t<\/section>\n\t\t\t\t\t\t<\/div>\n\t\t\t\t\t\t<\/div>\n\t\t\t\t\t<\/div>\n\t\t","protected":false},"excerpt":{"rendered":"<p>Wydzia\u0142 In\u017cynierii Produkcji Galeria UP Wydzia\u0142 In\u017cynierii Produkcji 2026 Dzie\u0144 otwarty 19.03.2026 2025 Fina\u0142 III edycji konkursu ekologicznego \u201eCz\u0142owiek w\u00a0\u015brodowisku\u201dRajd Rowerowy 70 km na 70 \u2013 lecie Uniwersytetu Przyrodniczego w\u00a0LublinieWr\u0119czenie odznacze\u0144 Zas\u0142u\u017cony dla rolnictwa,Immatrykulacja 2025\/2026 Wydzia\u0142 In\u017cynierii ProdukcjiUroczysto\u015b\u0107 nadania tytu\u0142u Doktora Honoris Causa \u2014 prof. dr hab. Arkadiusz M\u0119\u017cykObchody Jubileuszu 55-lecia Wydzia\u0142u In\u017cynierii Produkcji UP [&hellip;]<\/p>\n","protected":false},"author":2,"featured_media":0,"parent":164,"menu_order":0,"comment_status":"closed","ping_status":"closed","template":"elementor_header_footer","meta":{"_monsterinsights_skip_tracking":false,"_monsterinsights_sitenote_active":false,"_monsterinsights_sitenote_note":"","_monsterinsights_sitenote_category":0},"_links":{"self":[{"href":"https:\/\/up.lublin.pl\/wip\/wp-json\/wp\/v2\/pages\/204"}],"collection":[{"href":"https:\/\/up.lublin.pl\/wip\/wp-json\/wp\/v2\/pages"}],"about":[{"href":"https:\/\/up.lublin.pl\/wip\/wp-json\/wp\/v2\/types\/page"}],"author":[{"embeddable":true,"href":"https:\/\/up.lublin.pl\/wip\/wp-json\/wp\/v2\/users\/2"}],"replies":[{"embeddable":true,"href":"https:\/\/up.lublin.pl\/wip\/wp-json\/wp\/v2\/comments?post=204"}],"version-history":[{"count":57,"href":"https:\/\/up.lublin.pl\/wip\/wp-json\/wp\/v2\/pages\/204\/revisions"}],"predecessor-version":[{"id":175488,"href":"https:\/\/up.lublin.pl\/wip\/wp-json\/wp\/v2\/pages\/204\/revisions\/175488"}],"up":[{"embeddable":true,"href":"https:\/\/up.lublin.pl\/wip\/wp-json\/wp\/v2\/pages\/164"}],"wp:attachment":[{"href":"https:\/\/up.lublin.pl\/wip\/wp-json\/wp\/v2\/media?parent=204"}],"curies":[{"name":"wp","href":"https:\/\/api.w.org\/{rel}","templated":true}]}}