{"id":196,"date":"2020-11-24T20:45:32","date_gmt":"2020-11-24T19:45:32","guid":{"rendered":"http:\/\/nowastrona.up.lublin.pl\/wip\/?page_id=196"},"modified":"2022-01-31T11:07:13","modified_gmt":"2022-01-31T10:07:13","slug":"strategia-rozwoju","status":"publish","type":"page","link":"https:\/\/up.lublin.pl\/wip\/wydzial\/strategia-rozwoju\/","title":{"rendered":"Strategia rozwoju"},"content":{"rendered":"\t\t<div data-elementor-type=\"wp-page\" data-elementor-id=\"196\" class=\"elementor elementor-196\" data-elementor-settings=\"[]\">\n\t\t\t\t\t\t<div class=\"elementor-inner\">\n\t\t\t\t\t\t\t<div class=\"elementor-section-wrap\">\n\t\t\t\t\t\t\t<section class=\"elementor-section elementor-top-section elementor-element elementor-element-77ab4c5 elementor-section-boxed elementor-section-height-default elementor-section-height-default\" data-id=\"77ab4c5\" data-element_type=\"section\">\n\t\t\t\t\t\t<div class=\"elementor-container elementor-column-gap-default\">\n\t\t\t\t\t\t\t<div class=\"elementor-row\">\n\t\t\t\t\t<div class=\"elementor-column elementor-col-100 elementor-top-column elementor-element elementor-element-750e74b\" data-id=\"750e74b\" data-element_type=\"column\">\n\t\t\t<div class=\"elementor-column-wrap elementor-element-populated\">\n\t\t\t\t\t\t\t<div class=\"elementor-widget-wrap\">\n\t\t\t\t\t\t<div class=\"elementor-element elementor-element-cbb936e elementor-widget elementor-widget-m2e\" data-id=\"cbb936e\" data-element_type=\"widget\" data-widget_type=\"m2e.default\">\n\t\t\t\t<div class=\"elementor-widget-container\">\n\t\t\t<section class=\"mn-m2-e mn-bg-green\">\n\t<div class=\"mn-grid\">\n\t\t<div class=\"mn-grid-3 mn-introtext\">\n\t\t\t\t\t\t\t<p class=\"mn-header\">Wydzia\u0142 In\u017cynierii Produkcji<\/p>\n\t\t\t\t\t\t\t\t\t\t\t<h3>\n\t\t\t\t\tStrategia rozwoju\t\t\t\t<\/h3>\n\t\t\t\t\t\t\t\t\t\t\t\t<\/div>\n\t\t<div class=\"mn-grid-9 mn-image-container\">\n\t\t\t\t\t<\/div>\n\t<\/div>\n\t<\/section>\n\t\t<\/div>\n\t\t\t\t<\/div>\n\t\t\t\t\t\t<\/div>\n\t\t\t\t\t<\/div>\n\t\t<\/div>\n\t\t\t\t\t\t\t\t<\/div>\n\t\t\t\t\t<\/div>\n\t\t<\/section>\n\t\t\t\t<section class=\"elementor-section elementor-top-section elementor-element elementor-element-7eeade3 elementor-section-boxed elementor-section-height-default elementor-section-height-default\" data-id=\"7eeade3\" data-element_type=\"section\">\n\t\t\t\t\t\t<div class=\"elementor-container elementor-column-gap-default\">\n\t\t\t\t\t\t\t<div class=\"elementor-row\">\n\t\t\t\t\t<div class=\"elementor-column elementor-col-100 elementor-top-column elementor-element elementor-element-e65608e\" data-id=\"e65608e\" data-element_type=\"column\">\n\t\t\t<div class=\"elementor-column-wrap elementor-element-populated\">\n\t\t\t\t\t\t\t<div class=\"elementor-widget-wrap\">\n\t\t\t\t\t\t<div class=\"elementor-element elementor-element-91df422 elementor-widget elementor-widget-m5c\" data-id=\"91df422\" data-element_type=\"widget\" data-widget_type=\"m5c.default\">\n\t\t\t\t<div class=\"elementor-widget-container\">\n\t\t\t<section class=\"mn-m5-c mn-m5-d2 mn-bg-white\">\n\t<div class=\"mn-grid\">\n\t\t\t\t<div class=\"mn-content mn-grid-9\">\n\t\t\t                <div class=\"mn-content-block active\">\n\t                                                        <div class=\"block-text\">\n\t                                        <p><img loading=\"lazy\" class=\"wp-image-541 aligncenter\" src=\"http:\/\/nowastrona.up.lublin.pl\/wip\/wp-content\/uploads\/sites\/7\/2021\/01\/wip-basic-pl.jpg\" alt=\"\" width=\"431\" height=\"99\" \/><\/p>\n<p><b>STRATEGIA WYDZIA\u0141U IN\u017bYNIERII PRODUKCJI<\/b><br \/><b>na lata 2019-2030<\/b><\/p>\n<p>Podstaw\u0105 Strategii Wydzia\u0142u In\u017cynierii Produkcji jest przyj\u0119ta przez Senat Uniwersytetu Przyrodniczego w&nbsp;Lublinie Uchwa\u0142a nr 66\/2018-2019 z&nbsp;dnia 24 maja 2019 r. \u2013 Strategia rozwoju Uniwersytetu Przyrodniczego w&nbsp;Lublinie na lata 2019-2030. Strategia na lata 2019 \u2013 2030 jest \u015bci\u015ble powi\u0105zana z&nbsp;aktualn\u0105 sytuacj\u0105 gospodarcz\u0105, ekonomiczn\u0105 i&nbsp;demograficzn\u0105 kraju i&nbsp;regionu. W&nbsp;Strategii Rozwoju Uniwersytetu Przyrodniczego zawarto wiele wytycznych dla Kolegi\u00f3w Wydzia\u0142\u00f3w, kierownik\u00f3w jednostek organizacyjnych i&nbsp;ca\u0142ej spo\u0142eczno\u015bci Uczelni.<\/p>\n<table style=\"width: 100%\">\n<tbody>\n<tr style=\"height: 22px\">\n<td style=\"width: 33%;height: 22px\" valign=\"top\" width=\"200\"><b>Cele strategiczne<\/b><\/td>\n<td style=\"width: 67%;height: 22px\" valign=\"top\" width=\"450\"><b>Cele operacyjne wynikaj\u0105ce ze Strategii Uczelni<\/b><\/td>\n<\/tr>\n<tr style=\"height: 45px\">\n<td style=\"width: 33%;height: 111px\" rowspan=\"4\" valign=\"top\" width=\"200\">Wzmacnianie pozycji naukowej i&nbsp;badawczej Uniwersytetu<\/td>\n<td style=\"width: 67%;height: 45px\" width=\"450\"><strong>C.1.1.\u00a0Osi\u0105ganie wysokich kategorii naukowych jednostek Uniwersytetu<\/strong><\/td>\n<\/tr>\n<tr>\n<td width=\"450\">C.1.2.\u00a0Uzyskiwanie kolejnych uprawnie\u0144 naukowych<\/td>\n<\/tr>\n<tr style=\"height: 22px\">\n<td style=\"width: 67%;height: 22px\" width=\"450\">C.1.3.\u00a0Rozwijanie interdyscyplinarnych bada\u0144 naukowych<\/td>\n<\/tr>\n<tr style=\"height: 22px\">\n<td style=\"width: 67%;height: 22px\" width=\"450\">C.1.4.\u00a0Osi\u0105ganie wy\u017cszej efektywno\u015bci bada\u0144 naukowych<\/td>\n<\/tr>\n<tr style=\"height: 22px\">\n<td style=\"width: 33%;height: 134px\" rowspan=\"4\" valign=\"top\" width=\"200\">Zapewnienie najwy\u017cszej jako\u015bci kszta\u0142cenia<\/td>\n<td style=\"width: 67%;height: 22px\" width=\"450\"><strong>C.2.1.\u00a0Rozw\u00f3j i&nbsp;r\u00f3\u017cnicowanie oferty dydaktycznej<\/strong><\/td>\n<\/tr>\n<tr style=\"height: 45px\">\n<td style=\"width: 67%;height: 45px\" width=\"450\">C.2.2.\u00a0Wykorzystywanie nowoczesnych metod i&nbsp;technologii w\u00a0dydaktyce<\/td>\n<\/tr>\n<tr style=\"height: 45px\">\n<td style=\"width: 67%;height: 45px\" width=\"450\">C.2.3.\u00a0Wzmacnianie jako\u015bci dydaktyki w&nbsp;dzia\u0142alno\u015bci Uniwersytetu<\/td>\n<\/tr>\n<tr style=\"height: 22px\">\n<td style=\"width: 67%;height: 22px\" width=\"450\">C.2.4.\u00a0Wszechstronny rozw\u00f3j student\u00f3w i&nbsp;absolwent\u00f3w<\/td>\n<\/tr>\n<tr style=\"height: 68px\">\n<td style=\"width: 33%;height: 203px\" rowspan=\"4\" valign=\"top\" width=\"200\">Rozwijanie wsp\u00f3\u0142pracy ze \u015brodowiskiem naukowym i&nbsp;otoczeniem spo\u0142eczno-gospodarczym<\/td>\n<td style=\"width: 67%;height: 68px\" width=\"450\"><strong>C.3.1.\u00a0Wzmacnianie pozycji Uniwersytetu Przyrodniczego w\u00a0krajowej i&nbsp;mi\u0119dzynarodowej przestrzeni naukowej, badawczej i&nbsp;dydaktycznej<\/strong><\/td>\n<\/tr>\n<tr style=\"height: 45px\">\n<td style=\"width: 67%;height: 45px\" width=\"450\">C.3.2.\u00a0Rozwijanie wsp\u00f3\u0142pracy z&nbsp;organami w\u0142adzy publicznej oraz podmiotami prywatnymi<\/td>\n<\/tr>\n<tr style=\"height: 45px\">\n<td style=\"width: 67%;height: 45px\" width=\"450\">C.3.3.\u00a0Efektywna wsp\u00f3\u0142praca ze studentami i&nbsp;absolwentami<\/td>\n<\/tr>\n<tr style=\"height: 45px\">\n<td style=\"width: 67%;height: 45px\" width=\"450\">C.3.4.\u00a0Wzmacnianie presti\u017cu Uniwersytetu w&nbsp;\u015brodowisku naukowym i&nbsp;otoczeniu spo\u0142eczno-gospodarczym<\/td>\n<\/tr>\n<tr style=\"height: 22px\">\n<td style=\"width: 33%;height: 112px\" rowspan=\"3\" valign=\"top\" width=\"200\">Efektywne zarz\u0105dzanie Uniwersytetem<\/td>\n<td style=\"width: 67%;height: 22px\" width=\"450\"><strong>C.4.1.\u00a0Zapewnianie optymalnej infrastruktury<\/strong><\/td>\n<\/tr>\n<tr style=\"height: 45px\">\n<td style=\"width: 67%;height: 45px\" width=\"450\">C.4.2.\u00a0Usprawnianie proces\u00f3w administrowania Uniwersytetem<\/td>\n<\/tr>\n<tr style=\"height: 45px\">\n<td style=\"width: 67%;height: 45px\" width=\"450\">C.4.3. Zapewnianie wysoko kwalifikowanej i&nbsp;efektywnej kadry<\/td>\n<\/tr>\n<\/tbody>\n<\/table>\n<div>\u00a0<\/div>\n<div><b>Warto\u015bci dostarczane interesariuszom<\/b><\/div>\n<p>Realizuj\u0105c cele strategii, Wydzia\u0142 b\u0119dzie dostarcza\u0107 warto\u015bci b\u0119d\u0105cych odpowiedzi\u0105 na oczekiwania swoich g\u0142\u00f3wnych interesariuszy:<\/p>\n<ol>\n<li>Dla student\u00f3w oraz doktorant\u00f3w b\u0119dzie nowoczesnym i&nbsp;przyjaznym miejscem kszta\u0142cenia, daj\u0105cym mo\u017cliwo\u015b\u0107 wszechstronnego rozwoju \u2013 praktycznego rozwijania pasji naukowych, kompetencji zawodowych oraz przedsi\u0119biorczo\u015bci.<\/li>\n<li>Dla partner\u00f3w bada\u0144 naukowych b\u0119dzie innowacyjnym o\u015brodkiem wysokiej jako\u015bci bada\u0144 naukowych, prac rozwojowych i&nbsp;wdro\u017ceniowych dla gospodarki oraz spo\u0142ecze\u0144stwa.<\/li>\n<li style=\"text-align: justify\">Dla spo\u0142ecze\u0144stwa oraz gospodarki b\u0119dzie inicjatorem wdra\u017cania innowacyjnych rozwi\u0105za\u0144 technicznych i&nbsp;biznesowych, popularyzatorem nauki, a&nbsp;tak\u017ce aktywnym partnerem w&nbsp;realizacji strategii rozwoju kraju, regionu i&nbsp;spo\u0142eczno\u015bci lokalnej.<\/li>\n<\/ol>\n<p>\u00a0<\/p>\n<p><b>Cele Strategiczne Wydzia\u0142u In\u017cynierii Produkcji<\/b><\/p>\n<p style=\"text-align: justify\">W celach strategicznych Wydzia\u0142 In\u017cynierii Produkcji ma zapisane cztery podstawowe zadania wynikaj\u0105ce z&nbsp;Uchwa\u0142y nr 66\/2018-2019 z&nbsp;dnia 24 maja 2019 r. Senatu Uniwersytetu Przyrodniczego w\u00a0Lublinie. S\u0105 to:<\/p>\n<p>1. Wzmocnienie pozycji naukowej i&nbsp;badawczej Uniwersytetu,<\/p>\n<p style=\"text-align: justify\">2. Zapewnienie najwy\u017cszej jako\u015bci kszta\u0142cenia,<\/p>\n<p style=\"text-align: justify\">3. Rozwijanie wsp\u00f3\u0142pracy ze \u015brodowiskiem naukowym i&nbsp;otoczeniem spo\u0142eczno-gospodarczym,<\/p>\n<p style=\"text-align: justify\">4. Efektywne zarz\u0105dzanie Uniwersytetem.<\/p>\n<p style=\"text-align: justify\">Cele strategiczne Wydzia\u0142u realizowane b\u0119d\u0105 poprzez wdra\u017canie cel\u00f3w operacyjnych, sformu\u0142owanych w&nbsp;Strategii Rozwoju Uniwersytetu Przyrodniczego w&nbsp;Lublinie na lata 2019-2030. Nadrz\u0119dny cel Wydzia\u0142u okre\u015blono jako dynamiczny rozw\u00f3j, zmierzaj\u0105cy do wzrostu znaczenia i\u00a0potencja\u0142u jednostki w&nbsp;przestrzeni naukowej, dydaktycznej oraz gospodarczej regionu i&nbsp;kraju. Najwa\u017cniejsze cele dzia\u0142alno\u015bci Wydzia\u0142u In\u017cynierii Produkcji to: kszta\u0142cenie i&nbsp;rozwijanie umiej\u0119tno\u015bci wysoko kwalifikowanej kadry in\u017cynierskiej dla gospodarki m.in. dla takich dzia\u0142\u00f3w jak \u2013 rolnictwo, przemys\u0142 rolno-spo\u017cywczy, transport, budownictwo, energetyka; prowadzenie bada\u0144 naukowych w&nbsp;obszarze in\u017cynierii rolniczej, in\u017cynierii produkcji, in\u017cynierii \u015brodowiska, in\u017cynierii mechanicznej, geodezji i\u00a0kartografii, energetyki, logistyki, zarz\u0105dzania produkcj\u0105, a&nbsp;tak\u017ce szeroko poj\u0119tych stosowanych nauk technicznych; upowszechnianie wiedzy, post\u0119pu technicznego i\u00a0technologicznego w&nbsp;zakresie prowadzonych bada\u0144 i&nbsp;dydaktyki; rozw\u00f3j nauki i&nbsp;dydaktyki ukierunkowany na gospodark\u0119 innowacyjno-wdro\u017ceniow\u0105; prowadzenie i&nbsp;rozwijanie wsp\u00f3\u0142pracy z\u00a0podmiotami gospodarczymi w&nbsp;zakresie wdra\u017cania efekt\u00f3w prac badawczych; prowadzenie \u015bcis\u0142ej wsp\u00f3\u0142pracy z&nbsp;jednostkami naukowymi w&nbsp;kraju i&nbsp;za granic\u0105 w&nbsp;obszarze prowadzonych bada\u0144 naukowych. Dlatego te\u017c priorytetem Wydzia\u0142u jest ukierunkowany rozw\u00f3j pracownik\u00f3w naukowych i&nbsp;student\u00f3w, pozwalaj\u0105cy poszerza\u0107 wiedz\u0119 i&nbsp;rozwija\u0107 nowoczesne technologie w\u00a0obszarach prowadzonych bada\u0144.<\/p>\n<p><b>Zadania niezb\u0119dne do osi\u0105gni\u0119cia cel\u00f3w strategicznych<\/b><\/p>\n<p><b>1. W&nbsp;obszarze bada\u0144 naukowych:<\/b><\/p>\n<div>\n<p style=\"text-align: justify\">Wa\u017cnym celem strategicznym Wydzia\u0142u In\u017cynierii Produkcji w&nbsp;obszarze bada\u0144 naukowych, jest dalsze poszerzanie i&nbsp;rozwijanie wsp\u00f3\u0142pracy naukowej z&nbsp;wiod\u0105cymi jednostkami w&nbsp;kraju i&nbsp;za granic\u0105. Umowy formalne oraz kontakty pracownik\u00f3w Wydzia\u0142u, umo\u017cliwiaj\u0105 podejmowanie wielu inicjatyw, kt\u00f3re skutkuj\u0105 nawi\u0105zaniem wsp\u00f3\u0142pracy zar\u00f3wno na szczeblu krajowym jak i&nbsp;mi\u0119dzynarodowym. Dzia\u0142ania takie b\u0119d\u0105 wspierane przez w\u0142adze dzieka\u0144skie. W&nbsp;rozw\u00f3j naukowy kadry zostan\u0105 w\u0142\u0105czone sta\u017ce w&nbsp;krajowych i&nbsp;zagranicznych o\u015brodkach naukowych oraz wyjazdy o&nbsp;charakterze naukowo-dydaktycznym w&nbsp;ramach programu Erasmus Plus. Wydzia\u0142 b\u0119dzie r\u00f3wnie\u017c przyjmowa\u0107 na sta\u017ce naukowe pracownik\u00f3w z&nbsp;krajowych i&nbsp;zagranicznych o\u015brodk\u00f3w naukowych. Dodatkowo Wydzia\u0142 b\u0119dzie d\u0105\u017cy\u0107 do dalszego rozwoju potencja\u0142u naukowego i&nbsp;podniesienia jako\u015bci bada\u0144 naukowych poprzez:<\/p>\n<ul>\n<li>doposa\u017canie laboratori\u00f3w w&nbsp;nowoczesny sprz\u0119t i&nbsp;aparatur\u0119 pomiarowo-badawcz\u0105 oraz powo\u0142ywanie interdyscyplinarnych zespo\u0142\u00f3w badawczych;<\/li>\n<li>rozw\u00f3j wsp\u00f3\u0142pracy z&nbsp;sektorem gospodarki i&nbsp;biznesu w&nbsp;zakresie bada\u0144 prowadzonych na Wydziale;<\/li>\n<li>pozyskiwanie \u015brodk\u00f3w na badania naukowe w&nbsp;krajowych i&nbsp;mi\u0119dzynarodowych projektach badawczych, rozwojowych i&nbsp;wdro\u017ceniowych;<\/li>\n<li>prowadzenie bada\u0144 ukierunkowanych na sektor rolniczy i&nbsp;rolno-spo\u017cywczy, co powinno przyczyni\u0107 si\u0119 do wzrostu wdro\u017cenia uzyskiwanych wynik\u00f3w;<\/li>\n<li>dostosowanie tematyki badawczej do aktualnych potrzeb na rynku krajowym, europejskim i&nbsp;\u015bwiatowym.<\/li>\n<\/ul>\n<\/div>\n<div>\n<p style=\"text-align: justify\">Tematyka prowadzonych bada\u0144 naukowych w&nbsp;du\u017cym stopniu b\u0119dzie korespondowa\u0142a z\u00a0dzia\u0142alno\u015bci\u0105 dydaktyczn\u0105 prowadzon\u0105 przez poszczeg\u00f3lne Jednostki. Prace b\u0119d\u0105 prowadzone w\u00a0nast\u0119puj\u0105cych obszarach badawczych:<\/p>\n<ul>\n<li>w\u0142a\u015bciwo\u015bci wytrzyma\u0142o\u015bciowych i&nbsp;reologicznych materia\u0142\u00f3w biologicznych;<\/li>\n<li>w\u0142a\u015bciwo\u015bci fizycznych, u\u017cytkowych i&nbsp;przetw\u00f3rczych materia\u0142\u00f3w biologicznych i&nbsp;produkt\u00f3w rolniczych, surowc\u00f3w i&nbsp;produkt\u00f3w spo\u017cywczych;<\/li>\n<li>w\u0142a\u015bciwo\u015bci energetycznych materia\u0142\u00f3w ro\u015blinnych;<\/li>\n<li>technik przetwarzania surowc\u00f3w przy zastosowaniu ultrad\u017awi\u0119k\u00f3w, mikrofal i&nbsp;obr\u00f3bki mechanicznej;<\/li>\n<li>ch\u0142odnictwa i&nbsp;zamra\u017calnictwa produkt\u00f3w rolniczych i&nbsp;\u017cywno\u015bci;<\/li>\n<li>in\u017cynierii cieplnej i&nbsp;energetyki przemys\u0142u spo\u017cywczego;<\/li>\n<li>budowy i&nbsp;eksploatacji maszyn, linii produkcyjnych oraz proces\u00f3w przetw\u00f3rczych w&nbsp;przemy\u015ble rolno-spo\u017cywczym;<\/li>\n<li>zjawisk wyst\u0119puj\u0105cych podczas sk\u0142adowania materia\u0142\u00f3w sypkich i&nbsp;ziarnistych;<\/li>\n<li>\u017cywno\u015bci wygodnej, zanieczyszcze\u0144 i&nbsp;jako\u015bci \u017cywno\u015bci;<\/li>\n<li>budowy i&nbsp;eksploatacji pojazd\u00f3w i&nbsp;\u015brodk\u00f3w transportowych;<\/li>\n<li>optymalizacji pracy \u015brodk\u00f3w transportu;<\/li>\n<li>system\u00f3w transportowych;<\/li>\n<li>diagnostyki technicznej, utrzymania i&nbsp;odnowy maszyn;<\/li>\n<li>elektrotechniki i&nbsp;mechatroniki pojazd\u00f3w;<\/li>\n<li>parametr\u00f3w u\u017cytkowych,\u00a0energetycznych i&nbsp;ekologicznych silnik\u00f3w spalinowych a&nbsp;zw\u0142aszcza uk\u0142ad\u00f3w zasilania;<\/li>\n<li>paliw konwencjonalnych i&nbsp;niekonwencjonalnych;<\/li>\n<li>odnawialnych \u017ar\u00f3de\u0142 energii;<\/li>\n<li>technik ochrony ro\u015blin i&nbsp;nawo\u017cenia mineralnego;<\/li>\n<li>technik obr\u00f3bki wst\u0119pnej i&nbsp;przetw\u00f3rstwa zb\u00f3\u017c, nasion i&nbsp;zi\u00f3\u0142;<\/li>\n<li>technik aglomeracji ci\u015bnieniowych i&nbsp;bezci\u015bnieniowych w&nbsp;przemy\u015ble;<\/li>\n<li>maszyn i&nbsp;proces\u00f3w technologicznych stosowanych w&nbsp;gastronomii i&nbsp;produkcji cukierniczo-ciastkarskiej;<\/li>\n<li>obr\u00f3bki termicznej i&nbsp;hydrotermicznej materia\u0142\u00f3w pochodzenia ro\u015blinnego;<\/li>\n<li>maszynoznawstwa rolniczego, ogrodniczego i&nbsp;le\u015bnego;<\/li>\n<li>zastosowania technik geodezyjnych i&nbsp;technologii pomiarowych w&nbsp;monitorowaniu i\u00a0kszta\u0142towaniu \u015brodowiska przyrodniczego;<\/li>\n<li>wykorzystania kartograficznych metod w&nbsp;analizie przestrzennego zr\u00f3\u017cnicowania rynku nieruchomo\u015bci rolnych i&nbsp;le\u015bnych;<\/li>\n<li>analizy rozdrobnienia dzia\u0142ek ewidencyjnych i&nbsp;okre\u015blenia pilno\u015bci podejmowania prac scalenia grunt\u00f3w;<\/li>\n<li>gospodarki wodno-\u015bciekowej;<\/li>\n<li>komputerowego wspomagania projektowania;<\/li>\n<li>modelowania matematycznego i&nbsp;statystycznego;<\/li>\n<li>statystycznego sterowania procesami przemys\u0142owymi;<\/li>\n<li>bezpiecze\u0144stwa proces\u00f3w przemys\u0142owych;<\/li>\n<li>ergonomii rolnictwa i&nbsp;przemys\u0142u spo\u017cywczego,<\/li>\n<li>analizy kinematycznej i&nbsp;dynamiki maszyn manipulacyjnych;<\/li>\n<li>ograniczania strat ilo\u015bciowych i&nbsp;jako\u015bciowych materia\u0142\u00f3w ro\u015blinnych;<\/li>\n<li>analizy cech materia\u0142owych na poziomach makro, mikro i&nbsp;nano pod k\u0105tem polepszania jako\u015bci \u017cywno\u015bci;<\/li>\n<li>system\u00f3w jako\u015bci w&nbsp;przemy\u015ble spo\u017cywczym;<\/li>\n<li>materia\u0142oznawstwa;<\/li>\n<li>towaroznawstwa;<\/li>\n<li>monitoringu i&nbsp;sterowania procesami przemys\u0142owymi;<\/li>\n<li>zagospodarowania surowc\u00f3w ubocznych i&nbsp;gospodarka odpadami w&nbsp;przemy\u015ble rolno-spo\u017cywczym;<\/li>\n<li>opakowa\u0144 i&nbsp;biopolimer\u00f3w biodegradowalnych.<\/li>\n<\/ul>\n<\/div>\n<div><b>2. W&nbsp;obszarze dydaktyki<\/b><\/div>\n<div>\n<p style=\"text-align: justify\">Podstawowa dzia\u0142alno\u015b\u0107 dydaktyczna jednostek Wydzia\u0142u zwi\u0105zana b\u0119dzie, tak jak dotychczas, z\u00a0o\u015bmioma kierunkami nauczania realizowanymi na Wydziale: <em>Ekoenergetyka,<\/em><em> Geodezja i\u00a0kartografia, In\u017cynieria chemiczna i&nbsp;procesowa, In\u017cynieria rolnicza i&nbsp;le\u015bna<\/em>, <em>In\u017cynierii przemys\u0142u spo\u017cywczego, In\u017cynieria \u015brodowiska, Transport i&nbsp;logistyka, Zarz\u0105dzanie i<\/em> <em>in\u017cynieria produkcji <\/em>oraz z\u00a0kierunkami nauczania realizowanymi przez inne Wydzia\u0142y Uczelni: <em>Architektura krajobrazu, Bezpiecze\u0144stwo i&nbsp;higiena pracy, Le\u015bnictwo, Dietetyka, Gospodarka Przestrzenna, Sztuka ogrodowa i&nbsp;aran\u017cacje ro\u015blinne, Bioin\u017cynieria, Turystyka i&nbsp;rekreacja, Biokosmetologia, Technologia \u017cywno\u015bci i\u00a0\u017cywienia cz\u0142owieka, Gastronomia i&nbsp;sztuka kulinarna<\/em>. Ponadto dzia\u0142alno\u015b\u0107 dydaktyczna b\u0119dzie obejmowa\u0107 studia podyplomowe w&nbsp;zakresie O<em>ceny oddzia\u0142ywania i&nbsp;zarz\u0105dzania \u015brodowiskiem<\/em>. W\u00a0ramach wszystkich prowadzonych przedmiot\u00f3w i&nbsp;kierunk\u00f3w nauczania zamierzamy kontynuowa\u0107 podnoszenie jako\u015bci procesu dydaktycznego poprzez modernizowanie program\u00f3w tak, aby oferowa\u0107 studentom nowe przedmioty, zawieraj\u0105ce w&nbsp;swoich tre\u015bciach osi\u0105gni\u0119cia i\u00a0kierunki rozwoju wsp\u00f3\u0142czesnej nauki. Wzmocnimy dzia\u0142ania na rzecz podnoszenia kompetencji spo\u0142ecznych student\u00f3w. Zamierzamy aktywizowa\u0107 dzia\u0142ania student\u00f3w w&nbsp;ramach wolontariatu, w\u00a0ko\u0142ach naukowych i&nbsp;r\u00f3\u017cnych organizacjach. B\u0119dziemy doskonali\u0107 dostosowywanie profilu absolwenta danego kierunku do kryteri\u00f3w Polskiej Ramy Kwalifikacji. Wa\u017cny jest dla nas r\u00f3wnie\u017c wsp\u00f3\u0142udzia\u0142 w&nbsp;rozwijaniu poradnictwa zawodowego dla student\u00f3w, absolwent\u00f3w, innych profesji oraz monitorowanie los\u00f3w absolwent\u00f3w.<\/p>\n<p style=\"text-align: justify\">Bardzo istotne znaczenie, w&nbsp;strategicznych dzia\u0142aniach Wydzia\u0142u w&nbsp;obszarze dydaktyki, ma rozw\u00f3j kontakt\u00f3w z&nbsp;zagranicznymi o\u015brodkami akademickimi. Zamierza si\u0119 zwi\u0119kszy\u0107 mo\u017cliwo\u015bci wyjazd\u00f3w student\u00f3w na studia zagraniczne (np. w&nbsp;ramach programu Erasmus Plus). Planuje si\u0119 tak\u017ce poszerzy\u0107 ofert\u0119 kszta\u0142cenia w&nbsp;j\u0119zyku obcym. Obecnie Wydzia\u0142 oferuje kszta\u0142cenie na studiach pierwszego stopnia w&nbsp;j\u0119zyku angielskim na kierunku \u2013 Management and Production Engineering. Od 2021 roku, na ka\u017cdym stopniu kszta\u0142cenia, wprowadzono w&nbsp;planach studi\u00f3w po dwa przedmioty fakultatywne oferowane w&nbsp;j\u0119zyku angielskim. Dodatkowo w&nbsp;strategii dzia\u0142a\u0144 dydaktycznych, planuje si\u0119 zlecanie prowadzenia wybranych zaj\u0119\u0107 profesorom wizytuj\u0105cym, zatrudnionym na sta\u0142e na uczelniach zagranicznych. Przewiduje si\u0119 r\u00f3wnie\u017c zapraszanie w&nbsp;ramach programu Erasmus Plus \u2013 Staff Mobility for Teaching (STA) wyk\u0142adowc\u00f3w z&nbsp;o\u015brodk\u00f3w zagranicznych z&nbsp;cyklem zaj\u0119\u0107 dydaktycznych. Prowadzone tak\u017ce b\u0119d\u0105 dzia\u0142ania w&nbsp;kierunku rozszerzania dzia\u0142alno\u015bci edukacyjnej dla obcokrajowc\u00f3w w&nbsp;ramach programu Erasmus Plus i&nbsp;NAWA, poprzez oferowanie nowych kierunk\u00f3w studi\u00f3w w&nbsp;j\u0119zykach obcych, a&nbsp;tak\u017ce przedmiot\u00f3w w&nbsp;ramach ju\u017c istniej\u0105cych kierunk\u00f3w studi\u00f3w. B\u0119dziemy modernizowa\u0107 laboratoria,\u00a0 wyposa\u017caj\u0105c je w&nbsp;nowoczesny sprz\u0119t i&nbsp;aparatur\u0119 pomiarowo-badawcz\u0105. Planujemy rozszerzy\u0107 ofert\u0119 nauczania o&nbsp;nowe kierunki studi\u00f3w dostosowane do potrzeb gospodarki. Nauczyciele akademiccy b\u0119d\u0105 wyr\u00f3\u017cniani za wyniki w&nbsp;dzia\u0142alno\u015bci dydaktycznej i&nbsp;naukowej. Podnoszona b\u0119dzie jako\u015b\u0107 kszta\u0142cenia poprzez podnoszenie kwalifikacji i\u00a0kompetencji kadry nauczaj\u0105cej (j\u0119zyki obce, nowe metody nauczania) i&nbsp;wykorzystywanie nowych form i&nbsp;technik dydaktycznych. B\u0119dziemy zwi\u0119ksza\u0107 wsp\u00f3\u0142dzia\u0142ania zespo\u0142\u00f3w ds. zapewniania jako\u015bci kszta\u0142cenia i&nbsp;rad programowych.<\/p>\n<\/div>\n<p><b>3. W&nbsp;obszarze bazy dydaktyczno \u2013 badawczej<\/b><\/p>\n<p style=\"text-align: justify\">Wydzia\u0142 znacz\u0105co rozwin\u0105\u0142 baz\u0119 lokalow\u0105 i&nbsp;aparaturow\u0105 w&nbsp;ramach budowy Centrum Innowacyjno-Wdro\u017ceniowego Nowych Technik i&nbsp;Technologii w&nbsp;In\u017cynierii Rolniczej przy ulicy G\u0142\u0119bokiej 28 w&nbsp;Lublinie, dofinasowanej ze \u015brodk\u00f3w Programu Operacyjnego Rozw\u00f3j Polski Wschodniej 2007\u20132013, dzia\u0142anie I.1 \u201eInfrastruktura uczelni\u201d. Baza ta obejmuje \u0142\u0105cznie 25 wysoko wyspecjalizowanych laboratori\u00f3w i&nbsp;pracowni badawczych, wchodz\u0105cych w&nbsp;sk\u0142ad rozbudowanej infrastruktury zaplecza badawczego Uczelni. Laboratoria w&nbsp;ramach struktury Wydzia\u0142u obejmuj\u0105 takie obszary dzia\u0142alno\u015bci badawczo-wdro\u017ceniowej, jak: eksploatacja i&nbsp;diagnostyka pojazd\u00f3w, odnawialne \u017ar\u00f3d\u0142a energii, energetyka konwencjonalna, szeroko rozumiana in\u017cynieria produkcji, in\u017cynieria spo\u017cywcza, in\u017cynieria chemiczna, badania in vitro, instrumentarium geodezyjne, mikrobiologia, elektrotechnika i&nbsp;elektronika, chromatografia gazowa, wykorzystanie izotop\u00f3w, in\u017cynieria \u015brodowiska, gospodarka wodno-\u015bciekowa, analiza w\u00f3d, analiza \u017cywno\u015bci, analiza aminokwas\u00f3w.<\/p>\n<p style=\"text-align: justify\">Podstawowym zadaniem b\u0119dzie wykorzystanie potencja\u0142u bazy naukowo-dydaktycznej oraz dalsze jej doposa\u017cenie w&nbsp;nowoczesn\u0105 aparatur\u0119. W&nbsp;tym celu b\u0119dziemy starali si\u0119 pozyska\u0107 nowe \u015brodki finansowe m.in. z&nbsp;funduszy strukturalnych czy projekt\u00f3w naukowych. Realizacja tak postawionego celu b\u0119dzie obejmowa\u0142a elastyczne dostosowanie i&nbsp;wykorzystanie infrastruktury zawieraj\u0105cej niezb\u0119dne pomieszczenia i&nbsp;wyposa\u017cenie w&nbsp;zale\u017cno\u015bci od potrzeb dora\u017anie organizowanych zespo\u0142\u00f3w badawczych. B\u0119dziemy intensyfikowa\u0107 wsp\u00f3\u0142prac\u0119 z&nbsp;przemys\u0142em na p\u0142aszczy\u017anie badawczo rozwojowej i&nbsp;doskonalenia kadr poprzez uruchamianie nowych laboratori\u00f3w. Ponadto zamierzamy rozszerzy\u0107 ofert\u0119 studi\u00f3w specjalizacyjnych z&nbsp;uwagi na wzrost potencja\u0142u badawczego i&nbsp;dydaktycznego Wydzia\u0142u In\u017cynierii Produkcji, co prze\u0142o\u017cy si\u0119 na spodziewane i&nbsp;odczuwalne zwi\u0119kszenie zainteresowania studiowaniem na Wydziale.<\/p>\n<p><b>4. W&nbsp;obszarze polityki kadrowej<\/b><\/p>\n<p style=\"text-align: justify\">Polityk\u0119 kadrow\u0105 reguluje Statut Uniwersytetu Przyrodniczego w&nbsp;Lublinie w&nbsp;zwi\u0105zku z&nbsp;art. 227 ust. 3 ustawy z&nbsp;dnia 3 lipca 2018 r. Przepisy wprowadzaj\u0105ce ustaw\u0119 &#8211; Prawo o&nbsp;szkolnictwie wy\u017cszym i&nbsp;nauce (Dz.U. 2018 poz. 1669).<br \/>Liczba nauczycieli akademickich zale\u017cy od liczby student\u00f3w na Wydziale, a&nbsp;zmiany w&nbsp;strukturze zatrudnienia wynikaj\u0105 z&nbsp;naturalnego rozwoju naukowego pracownik\u00f3w naukowo-dydaktycznych. W&nbsp;zwi\u0105zku z&nbsp;rozwojem dzia\u0142alno\u015bci naukowo-badawczej, poszukiwaniem nowych i&nbsp;rozwijaniem aktualnych dziedzin wsp\u00f3\u0142pracy z&nbsp;przemys\u0142em oraz wprowadzaniem nowych kierunk\u00f3w i&nbsp;specjalno\u015bci przewidujemy zwi\u0119kszenie stanu kadrowego. Zamierzamy rozszerzy\u0107 mo\u017cliwo\u015bci odbywania szkole\u0144 przez pracownik\u00f3w w&nbsp;zakresie nowych technik i&nbsp;technologii w&nbsp;in\u017cynierii rolniczej i&nbsp;in\u017cynierii produkcji w&nbsp;wiod\u0105cych o\u015brodkach naukowych i&nbsp;badawczo-rozwojowych w&nbsp;kraju i&nbsp;za granic\u0105, ze szczeg\u00f3lnym naciskiem na m\u0142od\u0105 kadr\u0119 naukow\u0105. Ponadto zamierzamy podnosi\u0107 kwalifikacje pracownik\u00f3w poprzez sta\u017ce krajowe i&nbsp;zagraniczne, w&nbsp;tym w&nbsp;instytucjach przemys\u0142owych.<\/p>\n<p><b>5. W&nbsp;obszarze promocji Wydzia\u0142u In\u017cynierii Produkcji<\/b><\/p>\n<p style=\"text-align: justify\">Celem Wydzia\u0142u In\u017cynierii Produkcji jest aktywna promocja jego oferty edukacyjnej. W\u0142a\u015bciwe i\u00a0kompetentne przedstawienie oferty uczniom szk\u00f3\u0142 \u015brednich, tj. potencjalnym kandydatom na studia, powinno istotnie zwi\u0119kszy\u0107 zainteresowanie prowadzonymi przez Wydzia\u0142 kierunkami studi\u00f3w oraz pozwoli\u0107 kandydatom na bardziej trafny wyb\u00f3r dalszego kszta\u0142cenia. Oferta edukacyjna Wydzia\u0142u przedstawiana jest podczas og\u00f3lnouczelnianej, corocznej akcji o&nbsp;nazwie Dzie\u0144 Otwarty UP w&nbsp;Lublinie, a&nbsp;tak\u017ce podczas ka\u017cdorazowych spotka\u0144 z&nbsp;m\u0142odzie\u017c\u0105, uczestnicz\u0105c\u0105 np. w&nbsp;kolejnych edycjach i&nbsp;etapach olimpiad. Pracownicy Wydzia\u0142u In\u017cynierii Produkcji od wielu lat bior\u0105 udzia\u0142 zar\u00f3wno w\u00a0organizowaniu, jak i&nbsp;prowadzeniu tych olimpiad, podczas kt\u00f3rych prezentuj\u0105 mo\u017cliwo\u015bci edukacyjne macierzystego Wydzia\u0142u. Promocja, to tak\u017ce organizacja i\u00a0prowadzenie zaj\u0119\u0107 i&nbsp;pokaz\u00f3w w\u00a0kolejnych edycjach Lubelskiego Festiwalu Nauki. Uczniowie szk\u00f3\u0142 \u015brednich, zapraszani s\u0105 na specjalnie przygotowywane wyk\u0142ady i&nbsp;pokazy, podczas kt\u00f3rych przedstawiana jest im oferta edukacyjna Wydzia\u0142u. Zamierzamy rozwija\u0107 wsp\u00f3\u0142prac\u0119 z\u00a0przedsi\u0119biorstwami i&nbsp;zak\u0142adami poprzez przedstawianie efekt\u00f3w bada\u0144 naukowych oraz organizowanie wsp\u00f3lnych projekt\u00f3w maj\u0105cych na celu doskonalenie umiej\u0119tno\u015bci kadry naukowej, student\u00f3w oraz absolwent\u00f3w, a&nbsp;tak\u017ce w&nbsp;celu komercjalizacji wynik\u00f3w bada\u0144 naukowych.<\/p>\n<p style=\"text-align: justify\">Strategia Wydzia\u0142u In\u017cynierii Produkcji na lata 2019-2030 zatwierdzona przez Komisj\u0119 ds. Organizacji i&nbsp;Rozwoju Wydzia\u0142u<\/p>\n                                        <\/div>\n\t\t\t\t\t\t                                <\/div>\n\t\t\t\t                <div class=\"mn-content-block\">\n\t                                <\/div>\n\t\t\t\t                <div class=\"mn-content-block\">\n\t                                <\/div>\n\t\t\t\t                <div class=\"mn-content-block\">\n\t                                <\/div>\n\t\t\t\t                <div class=\"mn-content-block\">\n\t                                <\/div>\n\t\t\t\t                <div class=\"mn-content-block\">\n\t                                <\/div>\n\t\t\t\t                <div class=\"mn-content-block\">\n\t                                <\/div>\n\t\t\t\t                <div class=\"mn-content-block\">\n\t                                <\/div>\n\t\t\t\t                <div class=\"mn-content-block\">\n\t                                <\/div>\n\t\t\t\t                <div class=\"mn-content-block\">\n\t                                <\/div>\n\t\t\t\t                <div class=\"mn-content-block\">\n\t                                <\/div>\n\t\t\t\t                <div class=\"mn-content-block\">\n\t                                <\/div>\n\t\t\t\t                <div class=\"mn-content-block\">\n\t                                <\/div>\n\t\t\t\t                <div class=\"mn-content-block\">\n\t                                <\/div>\n\t\t\t\t                <div class=\"mn-content-block\">\n\t                                <\/div>\n\t\t\t\t                <div class=\"mn-content-block\">\n\t                                <\/div>\n\t\t\t\t                <div class=\"mn-content-block\">\n\t                                <\/div>\n\t\t\t\t                <div class=\"mn-content-block\">\n\t                                <\/div>\n\t\t\t\t                <div class=\"mn-content-block\">\n\t                                <\/div>\n\t\t\t\t                <div class=\"mn-content-block\">\n\t                                <\/div>\n\t\t\t\t\t\t<\/div>\n\t<\/div>\n<\/section>\n\t\t<\/div>\n\t\t\t\t<\/div>\n\t\t\t\t\t\t<\/div>\n\t\t\t\t\t<\/div>\n\t\t<\/div>\n\t\t\t\t\t\t\t\t<\/div>\n\t\t\t\t\t<\/div>\n\t\t<\/section>\n\t\t\t\t\t\t<\/div>\n\t\t\t\t\t\t<\/div>\n\t\t\t\t\t<\/div>\n\t\t","protected":false},"excerpt":{"rendered":"<p>Wydzia\u0142 In\u017cynierii Produkcji Strategia rozwoju UP Wydzia\u0142 In\u017cynierii Produkcji STRATEGIA WYDZIA\u0141U IN\u017bYNIERII PRODUKCJIna lata 2019-2030 Podstaw\u0105 Strategii Wydzia\u0142u In\u017cynierii Produkcji jest przyj\u0119ta przez Senat Uniwersytetu Przyrodniczego w&nbsp;Lublinie Uchwa\u0142a nr 66\/2018-2019 z&nbsp;dnia 24 maja 2019 r. \u2013 Strategia rozwoju Uniwersytetu Przyrodniczego w&nbsp;Lublinie na lata 2019-2030. Strategia na lata 2019 \u2013 2030 jest \u015bci\u015ble powi\u0105zana z&nbsp;aktualn\u0105 sytuacj\u0105 [&hellip;]<\/p>\n","protected":false},"author":2,"featured_media":0,"parent":164,"menu_order":0,"comment_status":"closed","ping_status":"closed","template":"elementor_header_footer","meta":{"_monsterinsights_skip_tracking":false,"_monsterinsights_sitenote_active":false,"_monsterinsights_sitenote_note":"","_monsterinsights_sitenote_category":0},"_links":{"self":[{"href":"https:\/\/up.lublin.pl\/wip\/wp-json\/wp\/v2\/pages\/196"}],"collection":[{"href":"https:\/\/up.lublin.pl\/wip\/wp-json\/wp\/v2\/pages"}],"about":[{"href":"https:\/\/up.lublin.pl\/wip\/wp-json\/wp\/v2\/types\/page"}],"author":[{"embeddable":true,"href":"https:\/\/up.lublin.pl\/wip\/wp-json\/wp\/v2\/users\/2"}],"replies":[{"embeddable":true,"href":"https:\/\/up.lublin.pl\/wip\/wp-json\/wp\/v2\/comments?post=196"}],"version-history":[{"count":63,"href":"https:\/\/up.lublin.pl\/wip\/wp-json\/wp\/v2\/pages\/196\/revisions"}],"predecessor-version":[{"id":145632,"href":"https:\/\/up.lublin.pl\/wip\/wp-json\/wp\/v2\/pages\/196\/revisions\/145632"}],"up":[{"embeddable":true,"href":"https:\/\/up.lublin.pl\/wip\/wp-json\/wp\/v2\/pages\/164"}],"wp:attachment":[{"href":"https:\/\/up.lublin.pl\/wip\/wp-json\/wp\/v2\/media?parent=196"}],"curies":[{"name":"wp","href":"https:\/\/api.w.org\/{rel}","templated":true}]}}