{"id":194,"date":"2020-11-24T20:45:08","date_gmt":"2020-11-24T19:45:08","guid":{"rendered":"http:\/\/nowastrona.up.lublin.pl\/wip\/?page_id=194"},"modified":"2025-11-13T20:14:27","modified_gmt":"2025-11-13T19:14:27","slug":"kolegium-wydzialu","status":"publish","type":"page","link":"https:\/\/up.lublin.pl\/wip\/wydzial\/kolegium-wydzialu\/","title":{"rendered":"Kolegium Wydzia\u0142u"},"content":{"rendered":"\t\t<div data-elementor-type=\"wp-page\" data-elementor-id=\"194\" class=\"elementor elementor-194\" data-elementor-settings=\"[]\">\n\t\t\t\t\t\t<div class=\"elementor-inner\">\n\t\t\t\t\t\t\t<div class=\"elementor-section-wrap\">\n\t\t\t\t\t\t\t<section class=\"elementor-section elementor-top-section elementor-element elementor-element-d82f34a elementor-section-boxed elementor-section-height-default elementor-section-height-default\" data-id=\"d82f34a\" data-element_type=\"section\">\n\t\t\t\t\t\t<div class=\"elementor-container elementor-column-gap-default\">\n\t\t\t\t\t\t\t<div class=\"elementor-row\">\n\t\t\t\t\t<div class=\"elementor-column elementor-col-100 elementor-top-column elementor-element elementor-element-2cac7ab\" data-id=\"2cac7ab\" data-element_type=\"column\">\n\t\t\t<div class=\"elementor-column-wrap elementor-element-populated\">\n\t\t\t\t\t\t\t<div class=\"elementor-widget-wrap\">\n\t\t\t\t\t\t<div class=\"elementor-element elementor-element-be66766 elementor-widget elementor-widget-m2e\" data-id=\"be66766\" data-element_type=\"widget\" data-widget_type=\"m2e.default\">\n\t\t\t\t<div class=\"elementor-widget-container\">\n\t\t\t<section class=\"mn-m2-e mn-bg-green\">\n\t<div class=\"mn-grid\">\n\t\t<div class=\"mn-grid-3 mn-introtext\">\n\t\t\t\t\t\t\t<p class=\"mn-header\">Wydzia\u0142 In\u017cynierii Produkcji<\/p>\n\t\t\t\t\t\t\t\t\t\t\t<h3>\n\t\t\t\t\tKolegium Wydzia\u0142u\t\t\t\t<\/h3>\n\t\t\t\t\t\t\t\t\t\t\t\t<\/div>\n\t\t<div class=\"mn-grid-9 mn-image-container\">\n\t\t\t\t\t<\/div>\n\t<\/div>\n\t<\/section>\n\t\t<\/div>\n\t\t\t\t<\/div>\n\t\t\t\t\t\t<\/div>\n\t\t\t\t\t<\/div>\n\t\t<\/div>\n\t\t\t\t\t\t\t\t<\/div>\n\t\t\t\t\t<\/div>\n\t\t<\/section>\n\t\t\t\t<section class=\"elementor-section elementor-top-section elementor-element elementor-element-6e53625 elementor-section-boxed elementor-section-height-default elementor-section-height-default\" data-id=\"6e53625\" data-element_type=\"section\">\n\t\t\t\t\t\t<div class=\"elementor-container elementor-column-gap-default\">\n\t\t\t\t\t\t\t<div class=\"elementor-row\">\n\t\t\t\t\t<div class=\"elementor-column elementor-col-100 elementor-top-column elementor-element elementor-element-53e915f\" data-id=\"53e915f\" data-element_type=\"column\">\n\t\t\t<div class=\"elementor-column-wrap elementor-element-populated\">\n\t\t\t\t\t\t\t<div class=\"elementor-widget-wrap\">\n\t\t\t\t\t\t<div class=\"elementor-element elementor-element-2466223 elementor-widget elementor-widget-m5c\" data-id=\"2466223\" data-element_type=\"widget\" data-widget_type=\"m5c.default\">\n\t\t\t\t<div class=\"elementor-widget-container\">\n\t\t\t<section class=\"mn-m5-c mn-m5-d2 mn-bg-white\">\n\t<div class=\"mn-grid\">\n\t\t\t\t<div class=\"mn-content mn-grid-9\">\n\t\t\t                <div class=\"mn-content-block active\">\n\t                                                        <div class=\"block-text\">\n\t                                        <h3 style=\"text-align: center\">KOLEGIUM WYDZIA\u0141U IN\u017bYNIERII PRODUKCJI<\/h3>\n<p>Prof. dr hab. Dariusz Andrejko \u2013 dziekan (przewodnicz\u0105cy rady dyscypliny in\u017cynieria mechaniczna)<br \/>Dr hab. Andrzej Mazur, prof. uczelni \u2013 prodziekan<br \/>Dr hab. Monika Stoma, prof. uczelni \u2013 prodziekan<\/p>\n<p><strong>Kierownicy jednostek podstawowych:<\/strong><\/p>\n<p>Prof. dr hab. Krzysztof J\u00f3\u017awiakowski (przewodnicz\u0105cy rady dyscypliny in\u017cynieria \u015brodowiska, g\u00f3rnictwo i&nbsp;energetyka)<br \/>Prof. dr hab. Andrzej Marczuk<br \/>Prof. dr hab. Dariusz Dziki<br \/>Dr hab.Marek Boryga, prof. uczelni<br \/>Prof. dr hab. Pawe\u0142 Sobczak<br \/>Prof. dr hab. Agnieszka W\u00f3jtowicz<br \/>Dr hab. Zbigniew Kobus, prof. uczelni<br \/>Dr hab. Agnieszka Kubik-Komar, prof. uczelni<br \/>Dr hab. Stanis\u0142aw Parafiniuk, prof. uczelni <br \/>Dr hab. Grzegorz Zaj\u0105c, prof. uczelni<\/p>\n<p><strong>Samodzielni pracownicy naukowi:<\/strong><\/p>\n<p>Prof. dr hab. Mariusz Szymanek<br \/>Dr hab. Jacek Mazur, prof. uczelni <br \/>Dr hab. Agnieszka Starek-W\u00f3jcicka, prof. uczelni<\/p>\n<p><strong>Pomocniczy pracownicy naukowi:<\/strong><\/p>\n<p>Dr Beata Biernacka<br \/>Dr Anna Pecyna<br \/>Dr Anna Skic<\/p>\n<p><strong>Pracownik in\u017cynieryjno-techniczny:<\/strong><\/p>\n<p>Dr Agnieszka Micek<\/p>\n<p><strong>Przedstawiciele student\u00f3w:<\/strong><\/p>\n<p>Jagoda Brodowicz<br \/>Aleksandra Maciejewska<br \/>Przemys\u0142aw Rybaczuk<\/p>\n<p><strong>Przedstawiciele zwi\u0105zk\u00f3w zawodowych:<\/strong><\/p>\n<p>Dr Marek \u015acibisz<br \/>Dr Pawe\u0142 Krzaczek<\/p>\n                                        <\/div>\n\t\t\t\t\t\t                                                        <div class=\"mn-cards-list\">\n                                            <div class=\"mn-card-container\">\n                                                <div>\n                                                    <img src=\"https:\/\/up.lublin.pl\/wip\/wp-content\/themes\/up-lublin\/assets\/images\/doc-ico.svg\" alt=\"\" \/>\n                                                    <h5>Kolegium Wydzia\u0142u In\u017cynierii Produkcji<\/h5>\n                                                <\/div>\n                                                <a href=\"https:\/\/up.lublin.pl\/wip\/wp-content\/uploads\/sites\/7\/2025\/11\/zal.-nr-5-do-Z-79-2025.pdf\" class=\"mn-more\" target=\"_blank\">Zobacz<\/a>\n                                            <\/div>\n                                        <\/div>\n\t\t\t\t\t\t                                <\/div>\n\t\t\t\t                <div class=\"mn-content-block\">\n\t                                <\/div>\n\t\t\t\t                <div class=\"mn-content-block\">\n\t                                <\/div>\n\t\t\t\t                <div class=\"mn-content-block\">\n\t                                <\/div>\n\t\t\t\t                <div class=\"mn-content-block\">\n\t                                <\/div>\n\t\t\t\t                <div class=\"mn-content-block\">\n\t                                <\/div>\n\t\t\t\t                <div class=\"mn-content-block\">\n\t                                <\/div>\n\t\t\t\t                <div class=\"mn-content-block\">\n\t                                <\/div>\n\t\t\t\t                <div class=\"mn-content-block\">\n\t                                <\/div>\n\t\t\t\t                <div class=\"mn-content-block\">\n\t                                <\/div>\n\t\t\t\t                <div class=\"mn-content-block\">\n\t                                <\/div>\n\t\t\t\t                <div class=\"mn-content-block\">\n\t                                <\/div>\n\t\t\t\t                <div class=\"mn-content-block\">\n\t                                <\/div>\n\t\t\t\t                <div class=\"mn-content-block\">\n\t                                <\/div>\n\t\t\t\t                <div class=\"mn-content-block\">\n\t                                <\/div>\n\t\t\t\t                <div class=\"mn-content-block\">\n\t                                <\/div>\n\t\t\t\t                <div class=\"mn-content-block\">\n\t                                <\/div>\n\t\t\t\t                <div class=\"mn-content-block\">\n\t                                <\/div>\n\t\t\t\t                <div class=\"mn-content-block\">\n\t                                <\/div>\n\t\t\t\t                <div class=\"mn-content-block\">\n\t                                <\/div>\n\t\t\t\t\t\t<\/div>\n\t<\/div>\n<\/section>\n\t\t<\/div>\n\t\t\t\t<\/div>\n\t\t\t\t\t\t<\/div>\n\t\t\t\t\t<\/div>\n\t\t<\/div>\n\t\t\t\t\t\t\t\t<\/div>\n\t\t\t\t\t<\/div>\n\t\t<\/section>\n\t\t\t\t\t\t<\/div>\n\t\t\t\t\t\t<\/div>\n\t\t\t\t\t<\/div>\n\t\t","protected":false},"excerpt":{"rendered":"<p>Wydzia\u0142 In\u017cynierii Produkcji Kolegium Wydzia\u0142u UP Wydzia\u0142 In\u017cynierii Produkcji KOLEGIUM WYDZIA\u0141U IN\u017bYNIERII PRODUKCJI Prof. dr hab. Dariusz Andrejko \u2013 dziekan (przewodnicz\u0105cy rady dyscypliny in\u017cynieria mechaniczna)Dr hab. Andrzej Mazur, prof. uczelni \u2013 prodziekanDr hab. Monika Stoma, prof. uczelni \u2013 prodziekan Kierownicy jednostek podstawowych: Prof. dr hab. Krzysztof J\u00f3\u017awiakowski (przewodnicz\u0105cy rady dyscypliny in\u017cynieria \u015brodowiska, g\u00f3rnictwo i&nbsp;energetyka)Prof. dr [&hellip;]<\/p>\n","protected":false},"author":2,"featured_media":0,"parent":164,"menu_order":0,"comment_status":"closed","ping_status":"closed","template":"elementor_header_footer","meta":{"_monsterinsights_skip_tracking":false,"_monsterinsights_sitenote_active":false,"_monsterinsights_sitenote_note":"","_monsterinsights_sitenote_category":0},"_links":{"self":[{"href":"https:\/\/up.lublin.pl\/wip\/wp-json\/wp\/v2\/pages\/194"}],"collection":[{"href":"https:\/\/up.lublin.pl\/wip\/wp-json\/wp\/v2\/pages"}],"about":[{"href":"https:\/\/up.lublin.pl\/wip\/wp-json\/wp\/v2\/types\/page"}],"author":[{"embeddable":true,"href":"https:\/\/up.lublin.pl\/wip\/wp-json\/wp\/v2\/users\/2"}],"replies":[{"embeddable":true,"href":"https:\/\/up.lublin.pl\/wip\/wp-json\/wp\/v2\/comments?post=194"}],"version-history":[{"count":29,"href":"https:\/\/up.lublin.pl\/wip\/wp-json\/wp\/v2\/pages\/194\/revisions"}],"predecessor-version":[{"id":172671,"href":"https:\/\/up.lublin.pl\/wip\/wp-json\/wp\/v2\/pages\/194\/revisions\/172671"}],"up":[{"embeddable":true,"href":"https:\/\/up.lublin.pl\/wip\/wp-json\/wp\/v2\/pages\/164"}],"wp:attachment":[{"href":"https:\/\/up.lublin.pl\/wip\/wp-json\/wp\/v2\/media?parent=194"}],"curies":[{"name":"wp","href":"https:\/\/api.w.org\/{rel}","templated":true}]}}