{"id":193,"date":"2020-11-24T20:44:55","date_gmt":"2020-11-24T19:44:55","guid":{"rendered":"http:\/\/nowastrona.up.lublin.pl\/wip\/?page_id=193"},"modified":"2025-11-14T18:43:00","modified_gmt":"2025-11-14T17:43:00","slug":"wladze","status":"publish","type":"page","link":"https:\/\/up.lublin.pl\/wip\/wydzial\/wladze\/","title":{"rendered":"W\u0142adze"},"content":{"rendered":"\t\t<div data-elementor-type=\"wp-page\" data-elementor-id=\"193\" class=\"elementor elementor-193\" data-elementor-settings=\"[]\">\n\t\t\t\t\t\t<div class=\"elementor-inner\">\n\t\t\t\t\t\t\t<div class=\"elementor-section-wrap\">\n\t\t\t\t\t\t\t<section class=\"elementor-section elementor-top-section elementor-element elementor-element-89ce66f elementor-section-boxed elementor-section-height-default elementor-section-height-default\" data-id=\"89ce66f\" data-element_type=\"section\">\n\t\t\t\t\t\t<div class=\"elementor-container elementor-column-gap-default\">\n\t\t\t\t\t\t\t<div class=\"elementor-row\">\n\t\t\t\t\t<div class=\"elementor-column elementor-col-100 elementor-top-column elementor-element elementor-element-bec5eb6\" data-id=\"bec5eb6\" data-element_type=\"column\">\n\t\t\t<div class=\"elementor-column-wrap elementor-element-populated\">\n\t\t\t\t\t\t\t<div class=\"elementor-widget-wrap\">\n\t\t\t\t\t\t<div class=\"elementor-element elementor-element-b8619bd elementor-widget elementor-widget-m2e\" data-id=\"b8619bd\" data-element_type=\"widget\" data-widget_type=\"m2e.default\">\n\t\t\t\t<div class=\"elementor-widget-container\">\n\t\t\t<section class=\"mn-m2-e mn-bg-green\">\n\t<div class=\"mn-grid\">\n\t\t<div class=\"mn-grid-3 mn-introtext\">\n\t\t\t\t\t\t\t<p class=\"mn-header\">Wydzia\u0142 In\u017cynierii Produkcji<\/p>\n\t\t\t\t\t\t\t\t\t\t\t<h3>\n\t\t\t\t\tW\u0142adze\t\t\t\t<\/h3>\n\t\t\t\t\t\t\t\t\t\t\t\t<\/div>\n\t\t<div class=\"mn-grid-9 mn-image-container\">\n\t\t\t\t\t<\/div>\n\t<\/div>\n\t<\/section>\n\t\t<\/div>\n\t\t\t\t<\/div>\n\t\t\t\t\t\t<\/div>\n\t\t\t\t\t<\/div>\n\t\t<\/div>\n\t\t\t\t\t\t\t\t<\/div>\n\t\t\t\t\t<\/div>\n\t\t<\/section>\n\t\t\t\t<section class=\"elementor-section elementor-top-section elementor-element elementor-element-c8a28f6 elementor-section-boxed elementor-section-height-default elementor-section-height-default\" data-id=\"c8a28f6\" data-element_type=\"section\">\n\t\t\t\t\t\t<div class=\"elementor-container elementor-column-gap-default\">\n\t\t\t\t\t\t\t<div class=\"elementor-row\">\n\t\t\t\t\t<div class=\"elementor-column elementor-col-100 elementor-top-column elementor-element elementor-element-1bbf9e0\" data-id=\"1bbf9e0\" data-element_type=\"column\">\n\t\t\t<div class=\"elementor-column-wrap elementor-element-populated\">\n\t\t\t\t\t\t\t<div class=\"elementor-widget-wrap\">\n\t\t\t\t\t\t<div class=\"elementor-element elementor-element-a3a15e7 elementor-widget elementor-widget-m5e\" data-id=\"a3a15e7\" data-element_type=\"widget\" data-widget_type=\"m5e.default\">\n\t\t\t\t<div class=\"elementor-widget-container\">\n\t\t\t<section class=\"mn-m5-e mn-bg-white\">\r\n\t<div class=\"mn-grid\">\r\n\t\t\t\t\t<div class=\"mn-img mn-grid-6\">\r\n\t\t\t\t\t\t\t\t\t<img src=\"https:\/\/up.lublin.pl\/wip\/wp-content\/uploads\/sites\/7\/2025\/02\/prof_Andrejko.png\" alt=\"\">\r\n\t\t\t\t\t\t\t\t<\/div>\r\n\t\t\t\t\t<div class=\"mn-content mn-grid-6\">\r\n\t\t\t<h1>\u00a0<\/h1>\n<h1>\u00a0<\/h1>\n<h1>\u00a0<\/h1>\n<h1>\u00a0<\/h1>\n<h1>\u00a0<\/h1>\n<h1>Dziekan<br \/>prof. dr hab. Dariusz Andrejko<\/h1>\n<p>e-mail: <a href=\"mailto:dariusz.andrejko@up.edu.pl\">dariusz.andrejko@up.edu.pl<\/a><br \/>tel. +48 81 531 96 61,<br \/>tel. +48 81 531 96 49<\/p>\n<p><strong>Konsultacje:<\/strong><br \/>wtorek w&nbsp;godz. 10.00 &#8211; 11.00<br \/>czwartek w&nbsp;godz. 10.00 &#8211; 11.00<\/p>\n\t\t<\/div>\r\n\t\t\t<\/div>\r\n<\/section>\r\n\t\t<\/div>\n\t\t\t\t<\/div>\n\t\t\t\t\t\t<\/div>\n\t\t\t\t\t<\/div>\n\t\t<\/div>\n\t\t\t\t\t\t\t\t<\/div>\n\t\t\t\t\t<\/div>\n\t\t<\/section>\n\t\t\t\t<section class=\"elementor-section elementor-top-section elementor-element elementor-element-8899230 elementor-section-boxed elementor-section-height-default elementor-section-height-default\" data-id=\"8899230\" data-element_type=\"section\">\n\t\t\t\t\t\t<div class=\"elementor-container elementor-column-gap-default\">\n\t\t\t\t\t\t\t<div class=\"elementor-row\">\n\t\t\t\t\t<div class=\"elementor-column elementor-col-100 elementor-top-column elementor-element elementor-element-b989eba\" data-id=\"b989eba\" data-element_type=\"column\">\n\t\t\t<div class=\"elementor-column-wrap elementor-element-populated\">\n\t\t\t\t\t\t\t<div class=\"elementor-widget-wrap\">\n\t\t\t\t\t\t<div class=\"elementor-element elementor-element-949c2b4 elementor-widget elementor-widget-m5e\" data-id=\"949c2b4\" data-element_type=\"widget\" data-widget_type=\"m5e.default\">\n\t\t\t\t<div class=\"elementor-widget-container\">\n\t\t\t<section class=\"mn-m5-e mn-bg-white\">\r\n\t<div class=\"mn-grid\">\r\n\t\t\t\t<div class=\"mn-content mn-grid-6\">\r\n\t\t\t<h1>\u00a0<\/h1>\n<h1>\u00a0<\/h1>\n<h1>\u00a0<\/h1>\n<h1>\u00a0<\/h1>\n<h1>Prodziekan<br \/>dr hab. Monika Stoma, prof. uczelni<\/h1>\n<p>e-mail: <a href=\"mailto:monika.stoma@up.edu.pl\">monika.stoma@up.edu.pl<\/a><br \/>tel. +48 81 531 97 26<br \/>tel. +48 81 531 96 68<\/p>\n<p>ds. studenckich kierunku Zarz\u0105dzanie i&nbsp;In\u017cynieria Produkcji<br \/>ds. studenckich kierunku Transport i&nbsp;Logistyka<br \/>ds. studenckich kierunku In\u017cynieria Przemys\u0142u Spo\u017cywczego<br \/>ds. studenckich kierunku Informatyka Przemys\u0142owa<br \/>ds. Organizacji i\u00a0Promocji Wydzia\u0142u<br \/>Wydzia\u0142owy Koordynator ds. Erasmus+<\/p>\n<p><strong>Konsultacje:<\/strong><br \/>wtorek w&nbsp;godz. 8.30 &#8211; 9.30<br \/><span id=\"ext-gen1435\">czwartek w&nbsp;godz. 10.00 &#8211; 11.30<\/span><\/p>\n\t\t<\/div>\r\n\t\t\t\t\t<div class=\"mn-img mn-grid-6\">\r\n\t\t\t\t\t\t\t\t\t<img src=\"https:\/\/up.lublin.pl\/wip\/wp-content\/uploads\/sites\/7\/2025\/02\/prof_Stoma.png\" alt=\"\">\r\n\t\t\t\t\t\t\t\t<\/div>\r\n\t\t\t\t<\/div>\r\n<\/section>\r\n\t\t<\/div>\n\t\t\t\t<\/div>\n\t\t\t\t<div class=\"elementor-element elementor-element-e343b3a elementor-widget elementor-widget-m5e\" data-id=\"e343b3a\" data-element_type=\"widget\" data-widget_type=\"m5e.default\">\n\t\t\t\t<div class=\"elementor-widget-container\">\n\t\t\t<section class=\"mn-m5-e mn-bg-white\">\r\n\t<div class=\"mn-grid\">\r\n\t\t\t\t\t<div class=\"mn-img mn-grid-6\">\r\n\t\t\t\t\t\t\t\t\t<img src=\"https:\/\/up.lublin.pl\/wip\/wp-content\/uploads\/sites\/7\/2025\/02\/prof_Mazur.png\" alt=\"\">\r\n\t\t\t\t\t\t\t\t<\/div>\r\n\t\t\t\t\t<div class=\"mn-content mn-grid-6\">\r\n\t\t\t<h1>\u00a0<\/h1>\n<h1>\u00a0<\/h1>\n<h1>Prodziekan<br \/>dr hab. Andrzej Mazur, prof. uczelni<\/h1>\n<p>e-mail: <a href=\"mailto:andrzej.mazur@up.edu.pl\">andrzej.mazur@up.edu.pl<\/a><br \/>tel. +48 81 524 81 28<br \/>tel. +48 81 531 96 64<\/p>\n<p>ds. studenckich kierunku Geodezja i&nbsp;Kartografia<br \/>ds. studenckich kierunku Ekoenergetyka<br \/>ds. studenckich kierunku In\u017cynieria Rolnicza i&nbsp;Le\u015bna<br \/>ds. studenckich kierunku In\u017cynieria \u015arodowiska<br \/>ds. studenckich kierunku In\u017cynieria Chemiczna i&nbsp;Procesowa<br \/>ds. studenckich kierunku Technika Rolnicza i&nbsp;Agrotronika<br \/>ds. Jako\u015bci Kszta\u0142cenia<\/p>\n<p><strong>Konsultacje:<\/strong><br \/>wtorek w&nbsp;godz. 8.30 &#8211; 9.30<br \/>czwartek w&nbsp;godz. 10.00 &#8211; 11.30<\/p>\n\t\t<\/div>\r\n\t\t\t<\/div>\r\n<\/section>\r\n\t\t<\/div>\n\t\t\t\t<\/div>\n\t\t\t\t\t\t<\/div>\n\t\t\t\t\t<\/div>\n\t\t<\/div>\n\t\t\t\t\t\t\t\t<\/div>\n\t\t\t\t\t<\/div>\n\t\t<\/section>\n\t\t\t\t\t\t<\/div>\n\t\t\t\t\t\t<\/div>\n\t\t\t\t\t<\/div>\n\t\t","protected":false},"excerpt":{"rendered":"<p>Wydzia\u0142 In\u017cynierii Produkcji W\u0142adze UP Wydzia\u0142 In\u017cynierii Produkcji \u00a0 \u00a0 \u00a0 \u00a0 \u00a0 Dziekanprof. dr hab. Dariusz Andrejko e-mail: dariusz.andrejko@up.edu.pltel. +48 81 531 96 61,tel. +48 81 531 96 49 Konsultacje:wtorek w&nbsp;godz. 10.00 &#8211; 11.00czwartek w&nbsp;godz. 10.00 &#8211; 11.00 \u00a0 \u00a0 \u00a0 \u00a0 Prodziekandr hab. Monika Stoma, prof. uczelni e-mail: monika.stoma@up.edu.pltel. +48 81 531 97 [&hellip;]<\/p>\n","protected":false},"author":2,"featured_media":0,"parent":164,"menu_order":0,"comment_status":"closed","ping_status":"closed","template":"elementor_header_footer","meta":{"_monsterinsights_skip_tracking":false,"_monsterinsights_sitenote_active":false,"_monsterinsights_sitenote_note":"","_monsterinsights_sitenote_category":0},"_links":{"self":[{"href":"https:\/\/up.lublin.pl\/wip\/wp-json\/wp\/v2\/pages\/193"}],"collection":[{"href":"https:\/\/up.lublin.pl\/wip\/wp-json\/wp\/v2\/pages"}],"about":[{"href":"https:\/\/up.lublin.pl\/wip\/wp-json\/wp\/v2\/types\/page"}],"author":[{"embeddable":true,"href":"https:\/\/up.lublin.pl\/wip\/wp-json\/wp\/v2\/users\/2"}],"replies":[{"embeddable":true,"href":"https:\/\/up.lublin.pl\/wip\/wp-json\/wp\/v2\/comments?post=193"}],"version-history":[{"count":149,"href":"https:\/\/up.lublin.pl\/wip\/wp-json\/wp\/v2\/pages\/193\/revisions"}],"predecessor-version":[{"id":172683,"href":"https:\/\/up.lublin.pl\/wip\/wp-json\/wp\/v2\/pages\/193\/revisions\/172683"}],"up":[{"embeddable":true,"href":"https:\/\/up.lublin.pl\/wip\/wp-json\/wp\/v2\/pages\/164"}],"wp:attachment":[{"href":"https:\/\/up.lublin.pl\/wip\/wp-json\/wp\/v2\/media?parent=193"}],"curies":[{"name":"wp","href":"https:\/\/api.w.org\/{rel}","templated":true}]}}