{"id":146802,"date":"2022-03-03T11:58:21","date_gmt":"2022-03-03T10:58:21","guid":{"rendered":"https:\/\/up.lublin.pl\/wip\/?page_id=146802"},"modified":"2026-03-11T10:42:00","modified_gmt":"2026-03-11T09:42:00","slug":"skn-zarzadzania-i-ekonomii","status":"publish","type":"page","link":"https:\/\/up.lublin.pl\/wip\/kola-naukowe\/skn-zarzadzania-i-ekonomii\/","title":{"rendered":"MI\u0118DZYWYDZIA\u0141OWE SKN ZARZ\u0104DZANIA I EKONOMII"},"content":{"rendered":"\t\t<div data-elementor-type=\"wp-page\" data-elementor-id=\"146802\" class=\"elementor elementor-146802\" data-elementor-settings=\"[]\">\n\t\t\t\t\t\t<div class=\"elementor-inner\">\n\t\t\t\t\t\t\t<div class=\"elementor-section-wrap\">\n\t\t\t\t\t\t\t<section class=\"elementor-section elementor-top-section elementor-element elementor-element-290ef82 elementor-section-boxed elementor-section-height-default elementor-section-height-default\" data-id=\"290ef82\" data-element_type=\"section\">\n\t\t\t\t\t\t<div class=\"elementor-container elementor-column-gap-default\">\n\t\t\t\t\t\t\t<div class=\"elementor-row\">\n\t\t\t\t\t<div class=\"elementor-column elementor-col-100 elementor-top-column elementor-element elementor-element-b1dea50\" data-id=\"b1dea50\" data-element_type=\"column\">\n\t\t\t<div class=\"elementor-column-wrap elementor-element-populated\">\n\t\t\t\t\t\t\t<div class=\"elementor-widget-wrap\">\n\t\t\t\t\t\t<div class=\"elementor-element elementor-element-95ee28e elementor-widget elementor-widget-m5h\" data-id=\"95ee28e\" data-element_type=\"widget\" data-widget_type=\"m5h.default\">\n\t\t\t\t<div class=\"elementor-widget-container\">\n\t\t\t<section class=\"mn-m5-h mn-bg-green\">\r\n\t<div class=\"mn-grid\">\r\n\t\t<div class=\"mn-content mn-grid-12\">\r\n\t\t\t<div class=\"mn-lead\">\r\n\t\t\t\t<p style=\"text-align: center\"><span style=\"font-size: 28px\"><strong>MI\u0118DZYWYDZIA\u0141OWE STU<\/strong><strong>DENCKIE KO\u0141O NAUKOWE ZARZ\u0104DZANIA I&nbsp;EKONOMII<\/strong><\/span><\/p>\n<p style=\"text-align: center\"><span style=\"font-size: 16px\"><strong>Op<\/strong><\/span><strong><span style=\"font-size: 16px\">iekun:\u00a0 dr in\u017c. Agnieszka Dudziak, dr in\u017c. Emilia Osm\u00f3lska<\/span><br \/><\/strong><\/p>\n<p style=\"text-align: left\">SKN Zarz\u0105dzania i&nbsp;Ekonomii powsta\u0142o w&nbsp;dniu 22 grudnia 2010 r., pocz\u0105tkowo pod nazw\u0105 Studenckie Ko\u0142o Naukowe Zarz\u0105dzania i&nbsp;Ergonomii. Dzia\u0142a przy Wydziale In\u017cynierii Produkcji, Uniwersytetu Przyrodniczego w&nbsp;Lublinie. Opiekunami Ko\u0142a pocz\u0105tkowo by\u0142a dr hab. Halina Pawlak (Katedra Podstaw Techniki) i&nbsp;dr Monika Stoma (Katedra Energetyki i&nbsp;Pojazd\u00f3w). Z&nbsp;uwagi na du\u017c\u0105 liczb\u0119 student\u00f3w zaanga\u017cowanych w\u00a0.dzia\u0142alno\u015b\u0107 \u2013 z&nbsp;r\u00f3\u017cnych kierunk\u00f3w, lat, a&nbsp;nawet wydzia\u0142\u00f3w, w&nbsp;dniu 19.10.2016 r., zako\u0144czono dzia\u0142alno\u015b\u0107 SKN Zarz\u0105dzania i&nbsp;Ergonomii i&nbsp;dokonano rozdzielenia ko\u0142a na dwa: SKN Zarz\u0105dzania i&nbsp;Ekonomii oraz SKN Ergonomii i&nbsp;BHP. SKN Zarz\u0105dzania i\u00a0Ekonomii zarejestrowano 28.10.2016 r., a&nbsp;opiekunem zosta\u0142a dr hab. Monika Stoma.<\/p>\n<p style=\"text-align: left\"><img loading=\"lazy\" class=\"wp-image-173660 alignleft\" src=\"https:\/\/up.lublin.pl\/wip\/wp-content\/uploads\/sites\/7\/2026\/01\/skn-ekonomii.jpg\" alt=\"\" width=\"287\" height=\"287\" \/>Celem SKN Zarz\u0105dzania i&nbsp;Ekonomii jest: 1) prowadzenie bada\u0144 naukowych z\u00a0zakresu zarz\u0105dzania, marketingu oraz ekonomii; 2) organizacja seminari\u00f3w i\u00a0konferencji naukowych; 3) organizacja wyjazd\u00f3w do przedsi\u0119biorstw, zar\u00f3wno produkcyjnych, jak i\u00a0us\u0142ugowych, zlokalizowanych g\u0142\u00f3wnie na terenie Lubelszczyzny; 4) wsp\u00f3\u0142praca z\u00a0innymi ko\u0142ami naukowymi, firmami, jednostkami samorz\u0105dowymi oraz pracownikami UP w&nbsp;Lublinie; 5) promocja UP w&nbsp;Lublinie podczas Lubelskiego Festiwalu Nauki oraz w&nbsp;czasie dni otwartych Uczelni.<\/p>\n<p style=\"text-align: left\">W ci\u0105gu 9 lat swojej dzia\u0142alno\u015bci SKN Zarz\u0105dzania i&nbsp;Ekonomii zorganizowa\u0142o 5\u00a0cyklicznych konferencji naukowych pod wsp\u00f3ln\u0105 nazw\u0105 \u201eKonferencja Studenckich K\u00f3\u0142 Naukowych \u2013 Wsp\u00f3\u0142czesne problemy zarz\u0105dzania i&nbsp;in\u017cynierii produkcji\u201d. Wymiernym efektem tych Konferencji by\u0142a publikacja 7 monografii naukowych. Cz\u0142onkowie SKN Zarz\u0105dzania i&nbsp;Ekonomii bior\u0105 r\u00f3wnie\u017c udzia\u0142 w&nbsp;r\u00f3\u017cnych zewn\u0119trznych konferencjach, seminariach czy spotkaniach organizowanych przez inne uczelnie wy\u017csze, wyg\u0142aszaj\u0105c na nich referaty w&nbsp;formie prezentacji b\u0105d\u017a poster\u00f3w, a&nbsp;tak\u017ce publikuj\u0105 swoje artyku\u0142y w\u00a0monografiach naukowych. Bior\u0105 ponadto udzia\u0142 w\u00a0konkursach naukowych, np. \u201eLiga Mened\u017cer\u00f3w Biznesu\u201d (w 2015 r.\u2013 IV miejsce i\u00a0w\u00a02016 r. \u2013 III miejsce), \u201eAkademicki Mistrz Przedsi\u0119biorczo\u015bci\u201d (2016 r., UJK w\u00a0Kielcach; Agata Paluch &#8211; I&nbsp;miejsce); \u201eGlobal Management Challenge\u201d (konkurs &#8211; symulacje biznesowe), og\u00f3lnopolski Konkurs wiedzy o&nbsp;CSR oraz konkurs \u201ePrzedsi\u0119biorczo\u015b\u0107, Finanse i&nbsp;Zarz\u0105dzanie\u201d w&nbsp;\u0141odzi.<\/p>\n<p style=\"text-align: left\">SKN Zarz\u0105dzania i&nbsp;Ekonomii w&nbsp;latach 2010-2019 zorganizowa\u0142o r\u00f3wnie\u017c kilka szkole\u0144, g\u0142\u00f3wnie z&nbsp;tematyki zarz\u0105dzania: \u201eAudytor Wewn\u0119trzny. Pe\u0142nomocnik systemu zarz\u0105dzania jako\u015bci\u0105\u201d oraz \u201eNowe wymagania Systemu Zarz\u0105dzania Jako\u015bci\u0105 wg ISO 9001:2015\u201d (organizowane wsp\u00f3lnie z&nbsp;jednostk\u0105 certyfikuj\u0105c\u0105 systemy zarz\u0105dzania &#8211; Q&amp;R Polska Sp. z&nbsp;o.o.), zako\u0144czone uzyskaniem przez student\u00f3w certyfikat\u00f3w; \u201eFabryka rzeczy dziwnych &#8211; produkcyjna gra symulacyjna, system push vs pull\u201d (organizowane wsp\u00f3lnie z&nbsp;firm\u0105 doradcz\u0105 Streng); \u201eJak pozyska\u0107 Sponsora na konferencj\u0119\u201d czy \u201eSystem HACCP w&nbsp;barach i&nbsp;restauracjach\u201d (prowadzenie \u2013 dr hab. Leszek Rydzak). W&nbsp;2015 r. cz\u0142onkowie SKNZiE zorganizowali, wsp\u00f3lnie z&nbsp;SKN Transportu i&nbsp;Spedycji \u201eDebat\u0119 \u2013 pracodawcy kontra studenci\u201d. Zaproszenie na debat\u0119 studenck\u0105 przyj\u0119li znani pracodawcy z&nbsp;Lubelszczyzny: Domo-System Sp.J., Roto Frank Sp. z&nbsp;o.o., Q&amp;R Polska Sp. z&nbsp;o.o., Stalma S.A., SMF Poland Sp. z&nbsp;o.o., Abaks System Sp.J., MISTOM \u2013 AL., P.W. TECHSAM Woch Sp.J. Honorowymi go\u015b\u0107mi Debaty byli: dr Jerzy Miszczak \u2013 vice-prezes Krajowej Izby Gospodarczej oraz Zbigniew Michalak \u2013 prezes Zarz\u0105du Lubelskiego Forum Pracodawc\u00f3w. Na Debacie pojawili si\u0119 r\u00f3wnie\u017c przedstawiciele innych organizacji samorz\u0105dowych Lubelszczyzny: Lubelskiej Izby Rzemie\u015blniczej oraz Fundacji Rozwoju Lubelszczyzny. Spotkanie poprowadzi\u0142 do\u015bwiadczony moderator \u2013 p.\u00a0Jakub Drzewiecki \u2013 rzecznik prasowy G\u00f3rnika \u0141\u0119czna S.A.<\/p>\n<p style=\"text-align: left\">Zgodnie z&nbsp;za\u0142o\u017ceniami cz\u0142onkowie SKN Zarz\u0105dzania i&nbsp;Ekonomii organizuj\u0105 r\u00f3wnie\u017c i&nbsp;bior\u0105 udzia\u0142 w&nbsp;wyjazdach studyjnych do r\u00f3\u017cnego rodzaju przedsi\u0119biorstw, w\u00a0celu zapoznania si\u0119 z&nbsp;procesami produkcji, \u015bwiadczenia us\u0142ug czy stosowanymi metodami zarz\u0105dzania, a&nbsp;w szczeg\u00f3lno\u015bci zarz\u0105dzania jako\u015bci\u0105. W&nbsp;latach 2010-2019 cz\u0142onkowie SKN odwiedzili m.in.: Sp\u00f3\u0142dzielni\u0119 Mleczarsk\u0105 \u201eSpomlek\u201d w&nbsp;Radzyniu Podlaskim, producenta okien \u2013 firm\u0119 Roto Frank Sp. z&nbsp;o.o. w&nbsp;Lubartowie, Fabryk\u0119 Cukierk\u00f3w \u201ePszcz\u00f3\u0142ka\u201d Sp. z&nbsp;o.o., \u201ePer\u0142\u0119\u201d \u2013 Browary Lubelskie, Poczt\u0119 Polsk\u0105 S.A. Pion Operacji Logistycznych oraz \u201eEltem\u201d Sp. z&nbsp;.o.o.<\/p>\n<p style=\"text-align: left\">Ponadto cz\u0142onkowie SKN Zarz\u0105dzania i&nbsp;Ergonomii bior\u0105 czynny udzia\u0142 w&nbsp;r\u00f3\u017cnych dzia\u0142aniach organizowanych przez Uniwersytet Przyrodniczy w&nbsp;Lublinie, czego wyrazem mo\u017ce by\u0107 udzia\u0142 i&nbsp;wystawianie stoiska promuj\u0105cego Ko\u0142o Naukowe na Dniach Otwartych Drzwi Uniwersytetu Przyrodniczego w&nbsp;Lublinie, w&nbsp;Dniu Wydzia\u0142u In\u017cynierii Produkcji, czy w&nbsp;organizowanej przez Rad\u0119 Uczelnian\u0105 Samorz\u0105du Studenckiego oraz Bibliotek\u0105 G\u0142\u00f3wn\u0105 Uniwersytetu Przyrodniczego akcji \u201eTropem nauki\u201d w&nbsp;formie warsztat\u00f3w dla dzieci w&nbsp;wielu 6-10 lat.<\/p>\n<p><img loading=\"lazy\" class=\"alignnone wp-image-146804\" src=\"https:\/\/up.lublin.pl\/wip\/wp-content\/uploads\/sites\/7\/2022\/03\/EKONOMIA-1.jpg\" alt=\"\" width=\"465\" height=\"314\" \/> <img loading=\"lazy\" class=\"alignnone wp-image-146808 alignleft\" src=\"https:\/\/up.lublin.pl\/wip\/wp-content\/uploads\/sites\/7\/2022\/03\/EKONOMIA-2.jpg\" alt=\"\" width=\"420\" height=\"314\" \/><\/p>\n<p style=\"text-align: left\">Cz\u0142onkowie SKN anga\u017cuj\u0105 si\u0119 nie tylko w&nbsp;dzia\u0142alno\u015b\u0107 naukow\u0105, ale r\u00f3wnie\u017c i\u00a0charytatywn\u0105, czego wyrazem jest organizacja siedmiu ju\u017c \u015awi\u0105tecznych Akcji Charytatywnych, przeznaczaj\u0105c \u015brodki zebrane ze sprzeda\u017cy w\u0142asnor\u0119cznie wykonanych ozd\u00f3b \u015bwi\u0105tecznych, na wybrany cel charytatywny.<\/p>\n<p style=\"text-align: left\">Obecnie, z&nbsp;uwagi na du\u017c\u0105 liczb\u0119 zaanga\u017cowanych w&nbsp;dzia\u0142alno\u015b\u0107 Ko\u0142a student\u00f3w, przede wszystkim z&nbsp;kierunku Zarz\u0105dzanie i&nbsp;in\u017cynieria produkcji, opiek\u0119 sprawuj\u0105 wsp\u00f3lnie:\u00a0 dr in\u017c. Agnieszka Dudziak oraz dr in\u017c. Emilia Osm\u00f3lska.<\/p>\n<div style=\"text-align: left\">Zapraszamy na Nasze media spo\u0142eczno\u015bciowe<\/div>\n<div style=\"text-align: left\">Instagram:\u00a0<a title=\"https:\/\/www.instagram.com\/skn_zie\/?igsh=enA3OHZncjloM2k3#\" href=\"https:\/\/www.instagram.com\/skn_zie\/?igsh=enA3OHZncjloM2k3#\" target=\"_blank\" rel=\"noopener\">https:\/\/www.instagram.com\/skn_zie\/?igsh=enA3OHZncjloM2k3#<\/a><\/div>\n<div style=\"text-align: left\">Facebook:\u00a0<a title=\"https:\/\/www.facebook.com\/profile.php?id=61586519408993&amp;locale=pl_PL\" href=\"https:\/\/www.facebook.com\/profile.php?id=61586519408993&amp;locale=pl_PL\" target=\"_blank\" rel=\"noopener\">https:\/\/www.facebook.com\/profile.php?id=61586519408993&amp;locale=pl_PL<\/a><\/div>\n<div style=\"text-align: left\">Napisz do nas i&nbsp;do\u0142\u0105cz ju\u017c dzi\u015b do Ko\u0142a!<\/div>\n\t\t\t<\/div>\r\n\t\t<\/div>\r\n\t<\/div>\r\n<\/section>\r\n\t\t<\/div>\n\t\t\t\t<\/div>\n\t\t\t\t\t\t<\/div>\n\t\t\t\t\t<\/div>\n\t\t<\/div>\n\t\t\t\t\t\t\t\t<\/div>\n\t\t\t\t\t<\/div>\n\t\t<\/section>\n\t\t\t\t\t\t<\/div>\n\t\t\t\t\t\t<\/div>\n\t\t\t\t\t<\/div>\n\t\t","protected":false},"excerpt":{"rendered":"<p>MI\u0118DZYWYDZIA\u0141OWE STUDENCKIE KO\u0141O NAUKOWE ZARZ\u0104DZANIA I&nbsp;EKONOMII Opiekun:\u00a0 dr in\u017c. Agnieszka Dudziak, dr in\u017c. Emilia Osm\u00f3lska SKN Zarz\u0105dzania i&nbsp;Ekonomii powsta\u0142o w&nbsp;dniu 22 grudnia 2010 r., pocz\u0105tkowo pod nazw\u0105 Studenckie Ko\u0142o Naukowe Zarz\u0105dzania i&nbsp;Ergonomii. Dzia\u0142a przy Wydziale In\u017cynierii Produkcji, Uniwersytetu Przyrodniczego w&nbsp;Lublinie. Opiekunami Ko\u0142a pocz\u0105tkowo by\u0142a dr hab. Halina Pawlak (Katedra Podstaw Techniki) i&nbsp;dr Monika Stoma (Katedra [&hellip;]<\/p>\n","protected":false},"author":262,"featured_media":0,"parent":142316,"menu_order":0,"comment_status":"closed","ping_status":"closed","template":"","meta":{"_monsterinsights_skip_tracking":false,"_monsterinsights_sitenote_active":false,"_monsterinsights_sitenote_note":"","_monsterinsights_sitenote_category":0},"_links":{"self":[{"href":"https:\/\/up.lublin.pl\/wip\/wp-json\/wp\/v2\/pages\/146802"}],"collection":[{"href":"https:\/\/up.lublin.pl\/wip\/wp-json\/wp\/v2\/pages"}],"about":[{"href":"https:\/\/up.lublin.pl\/wip\/wp-json\/wp\/v2\/types\/page"}],"author":[{"embeddable":true,"href":"https:\/\/up.lublin.pl\/wip\/wp-json\/wp\/v2\/users\/262"}],"replies":[{"embeddable":true,"href":"https:\/\/up.lublin.pl\/wip\/wp-json\/wp\/v2\/comments?post=146802"}],"version-history":[{"count":23,"href":"https:\/\/up.lublin.pl\/wip\/wp-json\/wp\/v2\/pages\/146802\/revisions"}],"predecessor-version":[{"id":174933,"href":"https:\/\/up.lublin.pl\/wip\/wp-json\/wp\/v2\/pages\/146802\/revisions\/174933"}],"up":[{"embeddable":true,"href":"https:\/\/up.lublin.pl\/wip\/wp-json\/wp\/v2\/pages\/142316"}],"wp:attachment":[{"href":"https:\/\/up.lublin.pl\/wip\/wp-json\/wp\/v2\/media?parent=146802"}],"curies":[{"name":"wp","href":"https:\/\/api.w.org\/{rel}","templated":true}]}}