{"id":146665,"date":"2022-02-28T13:56:11","date_gmt":"2022-02-28T12:56:11","guid":{"rendered":"https:\/\/up.lublin.pl\/wip\/?page_id=146665"},"modified":"2025-09-05T07:51:26","modified_gmt":"2025-09-05T05:51:26","slug":"studenckie-kolo-naukowe-komputerowego-wspomagania-projektowania-cad","status":"publish","type":"page","link":"https:\/\/up.lublin.pl\/wip\/kola-naukowe\/studenckie-kolo-naukowe-komputerowego-wspomagania-projektowania-cad\/","title":{"rendered":"STUDENCKIE KO\u0141O NAUKOWE KOMPUTEROWEGO WSPOMAGANIA PROJEKTOWANIA \u2013 CAD"},"content":{"rendered":"\t\t<div data-elementor-type=\"wp-page\" data-elementor-id=\"146665\" class=\"elementor elementor-146665\" data-elementor-settings=\"[]\">\n\t\t\t\t\t\t<div class=\"elementor-inner\">\n\t\t\t\t\t\t\t<div class=\"elementor-section-wrap\">\n\t\t\t\t\t\t\t<section class=\"elementor-section elementor-top-section elementor-element elementor-element-78efac4 elementor-section-boxed elementor-section-height-default elementor-section-height-default\" data-id=\"78efac4\" data-element_type=\"section\">\n\t\t\t\t\t\t<div class=\"elementor-container elementor-column-gap-default\">\n\t\t\t\t\t\t\t<div class=\"elementor-row\">\n\t\t\t\t\t<div class=\"elementor-column elementor-col-100 elementor-top-column elementor-element elementor-element-d8ece42\" data-id=\"d8ece42\" data-element_type=\"column\">\n\t\t\t<div class=\"elementor-column-wrap elementor-element-populated\">\n\t\t\t\t\t\t\t<div class=\"elementor-widget-wrap\">\n\t\t\t\t\t\t<div class=\"elementor-element elementor-element-818d64c elementor-widget elementor-widget-m5h\" data-id=\"818d64c\" data-element_type=\"widget\" data-widget_type=\"m5h.default\">\n\t\t\t\t<div class=\"elementor-widget-container\">\n\t\t\t<section class=\"mn-m5-h mn-bg-green\">\r\n\t<div class=\"mn-grid\">\r\n\t\t<div class=\"mn-content mn-grid-12\">\r\n\t\t\t<div class=\"mn-lead\">\r\n\t\t\t\t<p style=\"text-align: center\"><strong>STUDENCKIE KO\u0141O NAUKOWE KOMPUTEROWEGO WSPOMAGANIA PROJEKTOWANIA \u2013 CAD<\/strong><\/p>\n<p style=\"text-align: center\"><strong>Opiekun: dr hab. Zbigniew Krzysiak, profesor uczelni<\/strong><\/p>\n<p style=\"text-align: left\">Studenckie Ko\u0142o Naukowe Komputerowego Wspomagania Projektowania \u2013 CAD funkcjonuje przy Katedrze In\u017cynierii Mechanicznej i&nbsp;Automatyki na Wydziale In\u017cynierii Produkcji. Ko\u0142o Naukowe powsta\u0142o w&nbsp;2005 roku, a&nbsp;jego opiekunem jest dr hab. in\u017c. Zbigniew Krzysiak prof. uczelni.<\/p>\n<p style=\"text-align: left\">Dzia\u0142alno\u015b\u0107 w&nbsp;kole daje mo\u017cliwo\u015b\u0107 poszerzenia wiedzy oraz podejmowania praktycznych dzia\u0142a\u0144 z&nbsp;zakresu stosowania system\u00f3w CAD w&nbsp;projektowaniu, wytwarzaniu i&nbsp;eksploatacji. Cz\u0142onkowie ko\u0142a poprzez spotkania przygotowuj\u0105 si\u0119 do zdobycia Certyfikatu Autodesk ze znajomo\u015bci programu AutoCAD. Aktywno\u015b\u0107 ko\u0142a nie skupia si\u0119 tylko na spotkaniach stacjonarnych i&nbsp;zaj\u0119ciach przy komputerach. Organizowane s\u0105 wyjazdy studyjne oraz Cz\u0142onkowie Ko\u0142a bior\u0105 czynny udzia\u0142 w\u00a0konferencjach i&nbsp;sympozjach naukowych, w&nbsp;kt\u00f3rych udzia\u0142 potwierdzany jest certyfikatami i&nbsp;dyplomami.<\/p>\n<p style=\"text-align: left\">Od czasu powstania do chwili obecnej Cz\u0142onkowie Ko\u0142a CAD uczestniczyli w&nbsp;nast\u0119puj\u0105cych konferencjach i&nbsp;wydarzeniach:<\/p>\n<ol style=\"text-align: left\">\n<li>Prezentacji po\u0142\u0105czonej z&nbsp;warsztatami &#8211; \u201eBliskie spotkania trzeciego wymiaru\u201d organizowanej przez firm\u0119 PROCAD \u2013 Oddzia\u0142 Radom, w&nbsp;Lublinie w&nbsp;Hotelu Victoria.<\/li>\n<li>Warsztatach nt. MECHATRONIKA I&nbsp;TECHNIKI WYTWARZANIA W\u00a0EDUKACJI. Warsztaty zorganizowa\u0142o, Polskie Stowarzyszenie Upowszechniania Komputerowych System\u00f3w In\u017cynierskich \u201eProCAx, wsp\u00f3lnie z\u00a0Lubelskim Centrum Edukacji Zawodowej w&nbsp;Lublinie. Celem warsztat\u00f3w by\u0142o przybli\u017cenie uczestnikom wybranych zagadnie\u0144 technologii CAD\/CAM\/CNC oraz mechatroniki.<\/li>\n<li>W pokazach i&nbsp;warsztatach dotycz\u0105cych najnowszego oprogramowania firmy Autodesk nt. SZYBKIE EFEKTYWNE PROJEKTOWANIE W&nbsp;MECHANICE. Pokaz zorganizowa\u0142a firma ProCAD S.A. w&nbsp;hotelu Victoria w&nbsp;Lublinie.<\/li>\n<li>W imprezie dla szerokiej rzeszy in\u017cynier\u00f3w i&nbsp;projektant\u00f3w z&nbsp;r\u00f3\u017cnych bran\u017c \u2013 &#8220;PROCAD EXPO 2010&#8221;. Firma Procad S.A. zorganizowa\u0142a w&nbsp;hotelu Europa w\u00a0Lublinie, pokazy oraz warsztaty dotycz\u0105ce prezentacji nowych urz\u0105dze\u0144 firmy HP oraz program\u00f3w z&nbsp;rodziny komputerowego wspomagania projektowania Autodesk.<\/li>\n<li>Wydarzenie In\u017cynierskie &#8220;CAx Inovation zorganizowane przez <strong>Polskie Stowarzyszenie Upowszechniania Komputerowych System\u00f3w In\u017cynierskich \u2013 ProCAx.<\/strong><\/li>\n<li>W XII Forum In\u017cynierskim ProCAx, w&nbsp;ramach Salonu technologii CAx na XVII Mi\u0119dzynarodowych Targach EUROTOOL w&nbsp;Krakowie.<\/li>\n<li>W szkoleniu zorganizowanym przez cz\u0142onk\u00f3w Klubu Kreatywno\u015bci i\u00a0Innowacyjno\u015bci w&nbsp;Dzia\u0142aniu (KKID).<\/li>\n<li>W XIX Mi\u0119dzynarodowej Konferencji Studenckich K\u00f3\u0142 Naukowych, organizowanej przez Uniwersytet Przyrodniczy we Wroc\u0142awiu.<\/li>\n<li>W presti\u017cowej konferencji bran\u017cy technologii informatycznych \u201eCheck IT \u2013 Konferencja Informatyczna\u201d organizowanej przez Urz\u0105d Miasta Lublin.<\/li>\n<\/ol>\n<p>\u00a0<\/p>\n<p><img loading=\"lazy\" class=\"alignnone wp-image-169951\" src=\"https:\/\/up.lublin.pl\/wip\/wp-content\/uploads\/sites\/7\/2025\/09\/20250409_185938.jpg\" alt=\"\" width=\"832\" height=\"468\" \/><\/p>\n<p>\u00a0<\/p>\n<p style=\"text-align: left\">W dniach 5 \u2013 6 marca 2024 Studenckie Ko\u0142o Naukowe Komputerowego Wspomagania Projektowania \u2013 CAD wraz z&nbsp;opiekunem, zorganizowa\u0142o w&nbsp;formie stacjonarnej warsztaty na dwa tematy:<\/p>\n<ol style=\"text-align: left\">\n<li>Wykorzystanie programu AutoCAD do projektowania obiekt\u00f3w mechanicznych.<\/li>\n<li>Wykorzystanie programu AutoCAD do projektowania dzia\u0142ki ewidencyjnej.<\/li>\n<\/ol>\n<p style=\"text-align: left\">Ko\u0142o CAD ze swoj\u0105 propozycj\u0105 znalaz\u0142o si\u0119 w&nbsp;gronie przedstawicieli lubelskich uczelni i&nbsp;firm z&nbsp;bran\u017cy informatycznej. Konferencja odby\u0142a si\u0119 w&nbsp;Centrum Innowacji Edukacyjnej w&nbsp;Lublinie. Impreza by\u0142a zorganizowana przez Wydzia\u0142 Strategii i&nbsp;Obs\u0142ugi Inwestor\u00f3w Urz\u0119du Miasta Lublin. By\u0142a to ju\u017c dziewi\u0105ta edycja Check IT &#8211; najwi\u0119kszej konferencji dla m\u0142odych pasjonat\u00f3w technologii informatycznych w&nbsp;Polsce. Po raz kolejny wsp\u00f3lnie pokazano si\u0142\u0119 ekosystemu Lubelska Wy\u017cyna IT (Technologii Informatycznych).<\/p>\n<p style=\"text-align: left\">Konferencja rozbudzi\u0142a w&nbsp;m\u0142odzie\u017cy pasj\u0119 do tworzenia nowych technologii i&nbsp;pracy w&nbsp;lubelskiej bran\u017cy IT. Podczas dwudniowej konferencji, kt\u00f3ra odby\u0142a si\u0119 w&nbsp;formule stacjonarnej oraz online zgromadzi\u0142a ona blisko 3000 uczestnik\u00f3w. W&nbsp;wydarzeniu wzi\u0119li udzia\u0142 uczniowie i&nbsp;nauczyciele z&nbsp;ca\u0142ej Polski. Konferencja spotka\u0142a si\u0119 z&nbsp;du\u017cym zainteresowaniem ze strony medi\u00f3w oraz z&nbsp;niezwykle pozytywnym odbiorem ze strony uczni\u00f3w, nauczycieli oraz rodzic\u00f3w.<\/p>\n<p style=\"text-align: left\">\u00a0<\/p>\n\t\t\t<\/div>\r\n\t\t<\/div>\r\n\t<\/div>\r\n<\/section>\r\n\t\t<\/div>\n\t\t\t\t<\/div>\n\t\t\t\t\t\t<\/div>\n\t\t\t\t\t<\/div>\n\t\t<\/div>\n\t\t\t\t\t\t\t\t<\/div>\n\t\t\t\t\t<\/div>\n\t\t<\/section>\n\t\t\t\t\t\t<\/div>\n\t\t\t\t\t\t<\/div>\n\t\t\t\t\t<\/div>\n\t\t","protected":false},"excerpt":{"rendered":"<p>STUDENCKIE KO\u0141O NAUKOWE KOMPUTEROWEGO WSPOMAGANIA PROJEKTOWANIA \u2013 CAD Opiekun: dr hab. Zbigniew Krzysiak, profesor uczelni Studenckie Ko\u0142o Naukowe Komputerowego Wspomagania Projektowania \u2013 CAD funkcjonuje przy Katedrze In\u017cynierii Mechanicznej i&nbsp;Automatyki na Wydziale In\u017cynierii Produkcji. Ko\u0142o Naukowe powsta\u0142o w&nbsp;2005 roku, a&nbsp;jego opiekunem jest dr hab. in\u017c. Zbigniew Krzysiak prof. uczelni. Dzia\u0142alno\u015b\u0107 w&nbsp;kole daje mo\u017cliwo\u015b\u0107 poszerzenia wiedzy oraz [&hellip;]<\/p>\n","protected":false},"author":262,"featured_media":0,"parent":142316,"menu_order":0,"comment_status":"closed","ping_status":"closed","template":"","meta":{"_monsterinsights_skip_tracking":false,"_monsterinsights_sitenote_active":false,"_monsterinsights_sitenote_note":"","_monsterinsights_sitenote_category":0},"_links":{"self":[{"href":"https:\/\/up.lublin.pl\/wip\/wp-json\/wp\/v2\/pages\/146665"}],"collection":[{"href":"https:\/\/up.lublin.pl\/wip\/wp-json\/wp\/v2\/pages"}],"about":[{"href":"https:\/\/up.lublin.pl\/wip\/wp-json\/wp\/v2\/types\/page"}],"author":[{"embeddable":true,"href":"https:\/\/up.lublin.pl\/wip\/wp-json\/wp\/v2\/users\/262"}],"replies":[{"embeddable":true,"href":"https:\/\/up.lublin.pl\/wip\/wp-json\/wp\/v2\/comments?post=146665"}],"version-history":[{"count":34,"href":"https:\/\/up.lublin.pl\/wip\/wp-json\/wp\/v2\/pages\/146665\/revisions"}],"predecessor-version":[{"id":169958,"href":"https:\/\/up.lublin.pl\/wip\/wp-json\/wp\/v2\/pages\/146665\/revisions\/169958"}],"up":[{"embeddable":true,"href":"https:\/\/up.lublin.pl\/wip\/wp-json\/wp\/v2\/pages\/142316"}],"wp:attachment":[{"href":"https:\/\/up.lublin.pl\/wip\/wp-json\/wp\/v2\/media?parent=146665"}],"curies":[{"name":"wp","href":"https:\/\/api.w.org\/{rel}","templated":true}]}}