{"id":144596,"date":"2021-11-02T12:16:32","date_gmt":"2021-11-02T11:16:32","guid":{"rendered":"https:\/\/up.lublin.pl\/wip\/?page_id=144596"},"modified":"2025-12-15T17:08:26","modified_gmt":"2025-12-15T16:08:26","slug":"studenckie-kolo-naukowe-eksploatacji-i-zarzadzania-w-technice-rolniczej","status":"publish","type":"page","link":"https:\/\/up.lublin.pl\/wip\/kola-naukowe\/studenckie-kolo-naukowe-eksploatacji-i-zarzadzania-w-technice-rolniczej\/","title":{"rendered":"STUDENCKIE KO\u0141O NAUKOWE EKSPLOATACJI I ZARZ\u0104DZANIA W TECHNICE ROLNICZEJ"},"content":{"rendered":"\t\t<div data-elementor-type=\"wp-page\" data-elementor-id=\"144596\" class=\"elementor elementor-144596\" data-elementor-settings=\"[]\">\n\t\t\t\t\t\t<div class=\"elementor-inner\">\n\t\t\t\t\t\t\t<div class=\"elementor-section-wrap\">\n\t\t\t\t\t\t\t<section class=\"elementor-section elementor-top-section elementor-element elementor-element-e8ab480 elementor-section-boxed elementor-section-height-default elementor-section-height-default\" data-id=\"e8ab480\" data-element_type=\"section\">\n\t\t\t\t\t\t<div class=\"elementor-container elementor-column-gap-default\">\n\t\t\t\t\t\t\t<div class=\"elementor-row\">\n\t\t\t\t\t<div class=\"elementor-column elementor-col-100 elementor-top-column elementor-element elementor-element-40bdb63\" data-id=\"40bdb63\" data-element_type=\"column\">\n\t\t\t<div class=\"elementor-column-wrap elementor-element-populated\">\n\t\t\t\t\t\t\t<div class=\"elementor-widget-wrap\">\n\t\t\t\t\t\t<div class=\"elementor-element elementor-element-51e58a5 elementor-widget elementor-widget-m5h\" data-id=\"51e58a5\" data-element_type=\"widget\" data-widget_type=\"m5h.default\">\n\t\t\t\t<div class=\"elementor-widget-container\">\n\t\t\t<section class=\"mn-m5-h mn-bg-green\">\r\n\t<div class=\"mn-grid\">\r\n\t\t<div class=\"mn-content mn-grid-12\">\r\n\t\t\t<div class=\"mn-lead\">\r\n\t\t\t\t<p><strong><span style=\"font-size: 28px\"><span style=\"font-size: 28px\">STUDENCKIE KO\u0141O NAUKOWE <\/span><\/span><\/strong><br \/><strong><span style=\"font-size: 28px\"><span style=\"font-size: 28px\">EKSPLOATACJI I&nbsp;ZARZ\u0104DZANIA W&nbsp;TECHNICE ROLNICZE<\/span>J<\/span><\/strong><\/p>\n<p><span style=\"font-size: 24px\"><strong>Opiekun: dr in\u017c. Artur Przywara<\/strong><\/span><\/p>\n<p style=\"text-align: left\">Studenckie Ko\u0142o Naukowe Eksploatacji i&nbsp;Zarz\u0105dzania w&nbsp;Technice Rolniczej powsta\u0142o w&nbsp;2001 r. Jego za\u0142o\u017cycielem i&nbsp;pierwszym opiekunem by\u0142 prof. dr hab. Edmund Lorencowicz. Od roku 2016 opiekunami ko\u0142a zostali dr hab. in\u017c. Artur Kraszkiewicz i&nbsp;dr in\u017c. Artur Przywara. Do SKN nale\u017c\u0105 g\u0142\u00f3wnie studenci kierunku Technika Rolnicza i&nbsp;Le\u015bna (obecnie In\u017cynieria Rolnicza i&nbsp;Le\u015bna) a&nbsp;tak\u017ce zainteresowani studenci Wydzia\u0142u Agrobioin\u017cynierii.<\/p>\n<p><img loading=\"lazy\" class=\"wp-image-144606 aligncenter\" src=\"https:\/\/up.lublin.pl\/wip\/wp-content\/uploads\/sites\/7\/2021\/11\/tech3.jpg\" alt=\"\" width=\"638\" height=\"425\" \/><\/p>\n<p style=\"text-align: left\">Celem dzia\u0142alno\u015bci Ko\u0142a jest rozszerzanie i&nbsp;pog\u0142\u0119bianie wiedzy i&nbsp;umiej\u0119tno\u015bci cz\u0142onk\u00f3w w&nbsp;zakresie eksploatacji i&nbsp;zarz\u0105dzania, a&nbsp;tak\u017ce zastosowanie komputer\u00f3w oraz informatyki w&nbsp;technice rolniczej a&nbsp;tak\u017ce wzbogacanie procesu dydaktycznego.<\/p>\n<p><img loading=\"lazy\" class=\"alignleft wp-image-144602\" src=\"https:\/\/up.lublin.pl\/wip\/wp-content\/uploads\/sites\/7\/2021\/11\/tech2.jpg\" alt=\"\" width=\"371\" height=\"277\" \/><\/p>\n<p style=\"text-align: left\">Swoje cele Ko\u0142o realizuje poprzez organizacj\u0119 seminari\u00f3w naukowych i&nbsp;organizacj\u0119 wyjazd\u00f3w studyjnych zar\u00f3wno krajowych jak i&nbsp;zagranicznych. By\u0142y to m.in. cykliczne wyjazdy na odbywaj\u0105ce si\u0119 co dwa lata targi maszyn rolniczych Agritechnika w&nbsp;Hanowerze, jak r\u00f3wnie\u017c wyjazdy studyjne do innych zak\u0142ad\u00f3w produkuj\u0105cych maszyny i&nbsp;ci\u0105gniki rolnicze takich jak fabryka maszyn rolniczych Poettinger oraz ci\u0105gnik\u00f3w Steyr w&nbsp;Austrii, fabryka ci\u0105gnik\u00f3w rolniczych ZETOR w&nbsp;Brnie, fabryka kombajn\u00f3w zbo\u017cowych New Holland w&nbsp;P\u0142ocku, fabryka maszyn sadowniczych MCMS Warka. Poza tym studenci byli na wyjazdach studyjnych w&nbsp;Polsce m.in. do Rafinerii w&nbsp;Trzebini, kopalni soli w&nbsp;K\u0142odawie, kopalni w\u0119gla brunatnego w&nbsp;Adamowie, a&nbsp;tak\u017ce w&nbsp;skansenie Maszyn Rolniczych w&nbsp;Starych Budach.<\/p>\n<p>\u00a0<\/p>\n<p style=\"text-align: left\"><img loading=\"lazy\" class=\"wp-image-144598 alignleft\" src=\"https:\/\/up.lublin.pl\/wip\/wp-content\/uploads\/sites\/7\/2021\/11\/tech1.jpg\" alt=\"\" width=\"365\" height=\"258\" \/><\/p>\n<p style=\"text-align: left\">Cz\u0142onkowie SKN brali r\u00f3wnie\u017c udzia\u0142 w&nbsp;pracach naukowo-badawczych Katedry Eksploatacji Maszyn i&nbsp;Zarz\u0105dzanie Procesami Produkcyjnymi i&nbsp;innych jednostek wydzia\u0142owych.<\/p>\n<p style=\"text-align: left\">Uczestniczyli w&nbsp;wymianie studenckiej z&nbsp;programu Erasmus+, realizowali praktyki w&nbsp;firmach zagranicznych i&nbsp;krajowych m.in. Edge One Innovations Sp. z&nbsp;o.o., ucz\u0119szczali na szkolenia organizowane przez Biuro Karier Studenckich i&nbsp;Wi\u0119zi z\u00a0Absolwentami oraz brali udzia\u0142 w&nbsp;corocznych Dniach Otwartych Uniwersytetu Przyrodniczego w&nbsp;Lublinie.<\/p>\n\t\t\t<\/div>\r\n\t\t<\/div>\r\n\t<\/div>\r\n<\/section>\r\n\t\t<\/div>\n\t\t\t\t<\/div>\n\t\t\t\t\t\t<\/div>\n\t\t\t\t\t<\/div>\n\t\t<\/div>\n\t\t\t\t\t\t\t\t<\/div>\n\t\t\t\t\t<\/div>\n\t\t<\/section>\n\t\t\t\t\t\t<\/div>\n\t\t\t\t\t\t<\/div>\n\t\t\t\t\t<\/div>\n\t\t","protected":false},"excerpt":{"rendered":"<p>STUDENCKIE KO\u0141O NAUKOWE EKSPLOATACJI I&nbsp;ZARZ\u0104DZANIA W&nbsp;TECHNICE ROLNICZEJ Opiekun: dr in\u017c. Artur Przywara Studenckie Ko\u0142o Naukowe Eksploatacji i&nbsp;Zarz\u0105dzania w&nbsp;Technice Rolniczej powsta\u0142o w&nbsp;2001 r. Jego za\u0142o\u017cycielem i&nbsp;pierwszym opiekunem by\u0142 prof. dr hab. Edmund Lorencowicz. Od roku 2016 opiekunami ko\u0142a zostali dr hab. in\u017c. Artur Kraszkiewicz i&nbsp;dr in\u017c. Artur Przywara. Do SKN nale\u017c\u0105 g\u0142\u00f3wnie studenci kierunku Technika Rolnicza [&hellip;]<\/p>\n","protected":false},"author":248,"featured_media":0,"parent":142316,"menu_order":0,"comment_status":"closed","ping_status":"closed","template":"","meta":{"_monsterinsights_skip_tracking":false,"_monsterinsights_sitenote_active":false,"_monsterinsights_sitenote_note":"","_monsterinsights_sitenote_category":0},"_links":{"self":[{"href":"https:\/\/up.lublin.pl\/wip\/wp-json\/wp\/v2\/pages\/144596"}],"collection":[{"href":"https:\/\/up.lublin.pl\/wip\/wp-json\/wp\/v2\/pages"}],"about":[{"href":"https:\/\/up.lublin.pl\/wip\/wp-json\/wp\/v2\/types\/page"}],"author":[{"embeddable":true,"href":"https:\/\/up.lublin.pl\/wip\/wp-json\/wp\/v2\/users\/248"}],"replies":[{"embeddable":true,"href":"https:\/\/up.lublin.pl\/wip\/wp-json\/wp\/v2\/comments?post=144596"}],"version-history":[{"count":31,"href":"https:\/\/up.lublin.pl\/wip\/wp-json\/wp\/v2\/pages\/144596\/revisions"}],"predecessor-version":[{"id":173515,"href":"https:\/\/up.lublin.pl\/wip\/wp-json\/wp\/v2\/pages\/144596\/revisions\/173515"}],"up":[{"embeddable":true,"href":"https:\/\/up.lublin.pl\/wip\/wp-json\/wp\/v2\/pages\/142316"}],"wp:attachment":[{"href":"https:\/\/up.lublin.pl\/wip\/wp-json\/wp\/v2\/media?parent=144596"}],"curies":[{"name":"wp","href":"https:\/\/api.w.org\/{rel}","templated":true}]}}