{"id":350,"date":"2020-11-20T09:12:50","date_gmt":"2020-11-20T08:12:50","guid":{"rendered":"http:\/\/nowastrona.up.lublin.pl\/weterynaria\/?page_id=350"},"modified":"2023-10-23T13:22:47","modified_gmt":"2023-10-23T11:22:47","slug":"jubileusz-75-lecia","status":"publish","type":"page","link":"https:\/\/up.lublin.pl\/weterynaria\/wydzial\/jubileusze\/jubileusz-75-lecia\/","title":{"rendered":"Jubileusz 75-lecia"},"content":{"rendered":"\t\t<div data-elementor-type=\"wp-page\" data-elementor-id=\"350\" class=\"elementor elementor-350\" data-elementor-settings=\"[]\">\n\t\t\t\t\t\t<div class=\"elementor-inner\">\n\t\t\t\t\t\t\t<div class=\"elementor-section-wrap\">\n\t\t\t\t\t\t\t<section class=\"elementor-section elementor-top-section elementor-element elementor-element-838dd4c elementor-section-boxed elementor-section-height-default elementor-section-height-default\" data-id=\"838dd4c\" data-element_type=\"section\">\n\t\t\t\t\t\t<div class=\"elementor-container elementor-column-gap-default\">\n\t\t\t\t\t\t\t<div class=\"elementor-row\">\n\t\t\t\t\t<div class=\"elementor-column elementor-col-100 elementor-top-column elementor-element elementor-element-ac9256f\" data-id=\"ac9256f\" data-element_type=\"column\">\n\t\t\t<div class=\"elementor-column-wrap elementor-element-populated\">\n\t\t\t\t\t\t\t<div class=\"elementor-widget-wrap\">\n\t\t\t\t\t\t<div class=\"elementor-element elementor-element-71ae393 elementor-widget elementor-widget-m2j\" data-id=\"71ae393\" data-element_type=\"widget\" data-widget_type=\"m2j.default\">\n\t\t\t\t<div class=\"elementor-widget-container\">\n\t\t\t<section class=\"mn-m2-h\">\n    <div class=\"mn-image-container mn-container\">\n                    <img src=\"https:\/\/up.lublin.pl\/weterynaria\/wp-content\/uploads\/sites\/3\/2023\/10\/2019-wet-jubileusz-75lecia.jpg\" alt=\"\">\n                        <\/div>\n    <div class=\"mn-grid mn-content\">\n            <\/div>\n<\/section>\n\t\t<\/div>\n\t\t\t\t<\/div>\n\t\t\t\t\t\t<\/div>\n\t\t\t\t\t<\/div>\n\t\t<\/div>\n\t\t\t\t\t\t\t\t<\/div>\n\t\t\t\t\t<\/div>\n\t\t<\/section>\n\t\t\t\t<section class=\"elementor-section elementor-top-section elementor-element elementor-element-2e9c73b elementor-section-boxed elementor-section-height-default elementor-section-height-default\" data-id=\"2e9c73b\" data-element_type=\"section\">\n\t\t\t\t\t\t<div class=\"elementor-container elementor-column-gap-default\">\n\t\t\t\t\t\t\t<div class=\"elementor-row\">\n\t\t\t\t\t<div class=\"elementor-column elementor-col-100 elementor-top-column elementor-element elementor-element-9df9828\" data-id=\"9df9828\" data-element_type=\"column\">\n\t\t\t<div class=\"elementor-column-wrap elementor-element-populated\">\n\t\t\t\t\t\t\t<div class=\"elementor-widget-wrap\">\n\t\t\t\t\t\t<div class=\"elementor-element elementor-element-8737327 elementor-widget elementor-widget-m5c\" data-id=\"8737327\" data-element_type=\"widget\" data-widget_type=\"m5c.default\">\n\t\t\t\t<div class=\"elementor-widget-container\">\n\t\t\t<section class=\"mn-m5-c mn-bg-white\">\n\t<div class=\"mn-grid\">\n\t\t            <div class=\"mn-menu-container mn-grid-3\">\n                <ul class=\"mn-bg-yellow\">\n\t                                        <li>\n                            <a href=\"#\" class=\"active\" data-hash=\"#info\">\n                                Informacje og\u00f3lne                            <\/a>\n                        <\/li>\n                                                <li>\n                            <a href=\"#\" class=\"\" data-hash=\"#program\">\n                                Program uroczysto\u015bci                            <\/a>\n                        <\/li>\n                                                <li>\n                            <a href=\"#\" class=\"\" data-hash=\"#komitet_organizacyjny\">\n                                Komitet Organizacyjny                            <\/a>\n                        <\/li>\n                                                <li>\n                            <a href=\"#\" class=\"\" data-hash=\"#patronaty\">\n                                Patronaty                            <\/a>\n                        <\/li>\n                                                <li>\n                            <a href=\"#\" class=\"\" data-hash=\"#sponsorzy\">\n                                Sponsorzy                            <\/a>\n                        <\/li>\n                                                <li>\n                            <a href=\"#\" class=\"\" data-hash=\"#lokalizacja\">\n                                Lokalizacja                            <\/a>\n                        <\/li>\n                                                <li>\n                            <a href=\"#\" class=\"\" data-hash=\"#rejestracja\">\n                                Op\u0142aty i&nbsp;rejestracja                            <\/a>\n                        <\/li>\n                                                <li>\n                            <a href=\"#\" class=\"\" data-hash=\"#zakwaterowanie\">\n                                Zakwaterowanie                            <\/a>\n                        <\/li>\n                                                <li>\n                            <a href=\"#\" class=\"\" data-hash=\"#program\">\n                                Program Konferencji                            <\/a>\n                        <\/li>\n                                                <li>\n                            <a href=\"#\" class=\"\" data-hash=\"#rada_naukowa\">\n                                Rada Naukowa                            <\/a>\n                        <\/li>\n                                        <\/ul>\n            <\/div>\n\t        \t\t<div class=\"mn-content mn-grid-8\">\n\t\t\t                <div class=\"mn-content-block active\">\n\t                                                        <div class=\"block-text\">\n\t                                        <p style=\"text-align: center;\"><a href=\"https:\/\/up.lublin.pl\/blog\/18767\/\"><strong>Jubileusz 75-lecia Wydzia\u0142u Medycyny Weterynaryjnej (relacja z&nbsp;przebiegu uroczysto\u015bci)\u00a0<\/strong><\/a><\/p>\n<p style=\"text-align: center;\"><a href=\"https:\/\/up.lublin.pl\/blog\/19384\/\"><strong>75. rocznica pierwszego posiedzenia Rady Wydzia\u0142u Weterynaryjnego<\/strong><\/a><\/p>\n<p style=\"text-align: center;\"><a href=\"https:\/\/up.lublin.pl\/blog\/galeria\/galeria-6424\/\"><strong>75 rocznica Wydzia\u0142u Medycyny Weterynaryjnej (19 \u2013 20. 09. 2019 r.)<\/strong><\/a><\/p>\n<p style=\"text-align: center;\">\u00a0<br \/><strong>Z A&nbsp;P R&nbsp;O S&nbsp;Z E&nbsp;N I&nbsp;E<\/strong><\/p>\n<p>Wydzia\u0142 Medycyny Weterynaryjnej, wsp\u00f3\u0142zak\u0142adaj\u0105cy w&nbsp;1944 r. Uniwersytet Marii Curie-Sk\u0142odowskiej w&nbsp;Lublinie, obecnie wchodz\u0105cy w&nbsp;sk\u0142ad Uniwersytetu Przyrodniczego, zaprasza na uroczyste obchody 75 rocznicy swojej dzia\u0142alno\u015bci. Zbli\u017caj\u0105ca si\u0119 rocznica podsumuje dokonania dydaktyczne, badawcze, us\u0142ugowe i&nbsp;organizacyjne Wydzia\u0142u, kt\u00f3ry cieszy si\u0119 nie tylko uznan\u0105 popularno\u015bci\u0105 w\u015br\u00f3d przysz\u0142ych kandydat\u00f3w, ale r\u00f3wnie\u017c presti\u017cem kszta\u0142cenia nowych kadr s\u0142u\u017cby weterynaryjnej w&nbsp;kraju i&nbsp;za granic\u0105. Udzia\u0142 w&nbsp;naszym \u015awi\u0119cie b\u0119dzie okazj\u0105 do wymiany do\u015bwiadcze\u0144 i&nbsp;praktycznych spostrze\u017ce\u0144 odno\u015bnie przydatno\u015bci obowi\u0105zuj\u0105cych program\u00f3w nauczania oraz aktualnych potrzeb zawodowych. Przy tej okazji chcieliby\u015bmy spotka\u0107 naszych m\u0142odszych i&nbsp;starszych koleg\u00f3w, pozna\u0107 kondycj\u0119 i&nbsp;pal\u0105ce problemy s\u0142u\u017cby weterynaryjnej. Chodzi nam o&nbsp;to, aby nasz powszechnie szanowany zaw\u00f3d umacnia\u0142 swoj\u0105 pozycj\u0119 w&nbsp;szerokim gremium spo\u0142ecznym. Liczymy, \u017ce obecno\u015b\u0107 i&nbsp;uczestnictwo w&nbsp;przygotowanym programie (uroczyste posiedzenie Rady Wydzia\u0142u z&nbsp;wyst\u0105pieniem go\u015bci, sympozjum naukowe, spotkania rocznik\u00f3w a&nbsp;tak\u017ce bankiet) spotka si\u0119 ze strony koleg\u00f3w nie tylko z&nbsp;zainteresowaniem ale r\u00f3wnie\u017c z&nbsp;niezawodn\u0105 obecno\u015bci\u0105 na obchodach 75-lecia Wydzia\u0142u Medycyny Weterynaryjnej w&nbsp;Lublinie.<\/p>\n<p style=\"text-align: right;\"><em>Komitet Organizacyjny\u00a0<\/em><\/p>\n                                        <\/div>\n\t\t\t\t\t\t                                <\/div>\n\t\t\t\t                <div class=\"mn-content-block\">\n\t                                                        <div class=\"block-text\">\n\t                                        <p><strong>Program uroczysto\u015bci <br \/>75-lecia Wydzia\u0142u Medycyny Weterynaryjnej UP w&nbsp;Lublinie<\/strong><\/p>\n<p><em>Program of the 75th Anniversary Celebrations of the Faculty of Veterinary Medicine,\u00a0 University of Life Sciences in Lublin<\/em><\/p>\n<p>\u00a0<\/p>\n<p style=\"text-align: center;\"><u><strong>[ 19.09.2019 r. &#8211; czwartek ]<\/strong><\/u><\/p>\n<p style=\"text-align: center;\"><em>September 19th, 2019 (Thursday)<\/em><\/p>\n<p><strong>08.00 &#8211; 18.00<\/strong><\/p>\n<p>Rejestracja uczestnik\u00f3w Jubileuszu oraz Konferencji \u2013 Innowacyjne Centrum Patologii i&nbsp;Terapii Zwierz\u0105t, ul. G\u0142\u0119boka 30, 20-612 Lublin (I pi\u0119tro, hol )<\/p>\n<p><strong>9:00 \u2013 13.00 \u2013 Uroczyste posiedzenie Rady Wydzia\u0142u Medycyny Weterynaryjnej <\/strong><br \/>Aula Innowacyjnego Centrum Patologii i&nbsp;Terapii Zwierz\u0105t, ul. G\u0142\u0119boka 30<\/p>\n<p><em>Ceremonial Session of the Faculty of Veterinary Medicine Council &#8211; Lecture Hall, Innovative Center of Animal Pathology and Therapy, University of Life Sciences in Lublin, G\u0142\u0119boka 30<\/em><\/p>\n<ul>\n<li>Ods\u0142oni\u0119cie tablicy pami\u0105tkowej i&nbsp;nadanie Auli Innowacyjnego Centrum Patologii\u00a0 i&nbsp;Terapii Zwierz\u0105t imienia Prof. dr. hab. h.c. multi Stanis\u0142awa Wo\u0142oszyn\u00a0<\/li>\n<li><em>Unveiling of commemorative plaque and dedication of the Hall in the Innovative Center of Pathology and Animal\u00a0 Therapy in honour of Prof. dr. hab. h.c. multi Stanis\u0142aw Wo\u0142oszyn<\/em><\/li>\n<\/ul>\n<p>\u00a0<\/p>\n<ul>\n<li>Wyst\u0105pienie JM Rektora Uniwersytetu Przyrodniczego w&nbsp;Lublinie &#8211; Prof. dr hab. h.c. multi Zygmunta Litwi\u0144czuka<\/li>\n<li><em>Address by the Rector of the University of Life Sciences in Lublin &#8211; Prof. dr. hab. h.c. multi Zygmunt Litwi\u0144czuk<\/em><\/li>\n<\/ul>\n<p>\u00a0<\/p>\n<ul>\n<li>Wyst\u0105pienie Przewodnicz\u0105cego Komitetu Organizacyjnego &#8211; Prof. dr. hab. Ryszarda Bobowca: \u201eOsi\u0105gni\u0119cia Wydzia\u0142u Medycyny Weterynaryjnej UP w&nbsp;Lublinie\u201d<\/li>\n<li><em>\u201cAchievements of the Faculty of Veterinary Medicine in Lublin\u201d &#8211; Prof. dr. hab. Ryszard Bobowiec<\/em><\/li>\n<\/ul>\n<p>\u00a0<\/p>\n<ul>\n<li>Nadanie tytu\u0142u Profesora Honorowego Uniwersytetu Przyrodniczego w&nbsp;Lublinie\u00a0 Prof. dr. hab. Tomaszowi Janowskiemu (Uniwersytet Warmi\u0144sko-Mazurski w&nbsp;Olsztynie)<\/li>\n<li><em>Awarding the title of Honorary Professor of the University of Life Sciences in Lublin to Prof. dr. hab. Tomasz Janowski from the University of Warmia and Mazury in Olsztyn<\/em><\/li>\n<\/ul>\n<p>\u00a0<\/p>\n<ul>\n<li>Wyk\u0142ad Prof. dr. hab. Tomasza Janowskiego: \u201dAktualne zadania medycyny weterynaryjnej\u201d<\/li>\n<li><em>Lecture by Prof. dr. hab. Tomasz Janowski: \u201cCurrent tasks of veterinary medicine\u201d<\/em><\/li>\n<\/ul>\n<p>\u00a0<\/p>\n<ul>\n<li>Wr\u0119czenie odznacze\u0144 wyr\u00f3\u017cnionym pracownikom Wydzia\u0142u Medycyny Weterynaryjnej UP w&nbsp;Lublinie<\/li>\n<li><em>Awards ceremony<\/em><\/li>\n<\/ul>\n<p>\u00a0<\/p>\n<ul>\n<li>Okoliczno\u015bciowe wyr\u00f3\u017cnienia dla go\u015bci honorowych<\/li>\n<li><em>Commemorative distinctions for honorary guests<\/em><\/li>\n<\/ul>\n<p>\u00a0<\/p>\n<ul>\n<li>Wyst\u0105pienia zaproszonych go\u015bci<\/li>\n<li><em>Speeches by the invited guests<\/em><\/li>\n<\/ul>\n<p>\u00a0<\/p>\n<p><strong>13:<\/strong><strong>00 \u2013 14:00 &#8211; Przerwa obiadowa (Lunch break)<\/strong><\/p>\n<p><strong>14:00 \u2013 19:00<\/strong><\/p>\n<p><strong>Konferencja naukowa \u201eAktualne aspekty zdrowia i&nbsp;chor\u00f3b zwierz\u0105t i&nbsp;ludzi\u201d<\/strong><\/p>\n<p><em>(The Conference \u201cCurrent approach to health and diseases in animals and humans\u201d)<\/em><\/p>\n<p><strong>14:00 -14:10 \u2013 Otwarcie Konferencji (<em>Opening of the Conference<\/em>)<\/strong><\/p>\n<p><strong>14:10 \u2013 14:45 \u2013 Wyk\u0142ad inauguracyjny (<em>Inaugural lecture<\/em>)<\/strong><\/p>\n<p>VINCENZO LONGO (Institute of Agricultural Biology and Biotechnology, National Research Council, Pisa, Italy) \u2013 \u201c<em>SUSTAINABLE AGRICULTURE AND INNOVATIVE FOOD TECHNOLOGIES TO HAVE NUTRACEUTICAL PRODUCTS FOR ANIMAL AND HUMAN NUTRITION<\/em>\u201d<\/p>\n<p><strong>14:45 \u2013 15:00 \u2013 Przerwa na kaw\u0119 <\/strong><strong>(Coffee break)<\/strong><\/p>\n<p><strong>15:00 \u2013 19:00 &#8211; Sesja podstawowych nauk weterynaryjnych \u2013 sala nr 128, Innowacyjne Centrum Patologii i&nbsp;Terapii Zwierz\u0105t UP w&nbsp;Lublinie, ul. G\u0142\u0119boka 30<\/strong><\/p>\n<p><em>Session of the Basic Veterinary Sciences &#8211; Hall 128, Innovative Center of Animal Pathology and Therapy, University of Life Sciences in Lublin, G\u0142\u0119boka 30<\/em><\/p>\n<p><strong>15:00 \u2013 19:00 &#8211; Sesja przedklinicznych nauk weterynaryjnych &#8211; sala nr 126, Innowacyjne Centrum Patologii i&nbsp;Terapii Zwierz\u0105t UP w&nbsp;Lublinie), ul. G\u0142\u0119boka 30<\/strong><\/p>\n<p><em>Session of the Preclinical Veterinary Sciences &#8211; Hall 126, Innovative Center of Animal Pathology and Therapy, University of Life Sciences in Lublin, G\u0142\u0119boka 30<\/em><\/p>\n<p><strong>20.00 \u2013 Uroczysta kolacja (<em>Gala dinner<\/em>)<\/strong><\/p>\n<p>\u00a0<\/p>\n<p style=\"text-align: center;\"><u><strong>[ 20.09.2019 r. &#8211; pi\u0105tek ]<\/strong><\/u><\/p>\n<p style=\"text-align: center;\"><em>September 20th, 2019 (Friday)<\/em><\/p>\n<p>\u00a0<\/p>\n<p><strong>9:00 \u2013 13:15 &#8211; Konferencja Naukowa \u201eAktualne aspekty zdrowia i&nbsp;chor\u00f3b zwierz\u0105t i&nbsp;ludzi\u201d<\/strong><\/p>\n<p><em>The Conference \u201cCurrent approach to health and diseases in animals and humans\u201d<\/em><\/p>\n<p><strong>9:00 \u2013 13:15 &#8211; Sesja klinicznych nauk weterynaryjnych \u2013 sala nr 126, Innowacyjne Centrum Patologii i&nbsp;Terapii Zwierz\u0105t UP w&nbsp;Lublinie, ul. G\u0142\u0119boka 30<\/strong><\/p>\n<p><em>Session of Clinical Veterinary Sciences &#8211; Hall 126, Innovative Center of Animal Pathology and Therapy, University of Life Sciences in Lublin, G\u0142\u0119boka 30<\/em><\/p>\n<p><strong>13:15 \u2013 14:00 \u2013 Przerwa obiadowa (<\/strong><em><strong>Lunch break<\/strong><\/em><strong>)<\/strong><\/p>\n<p><strong>14:15 \u2013 14:30 \u2013 Zako\u0144czenie uroczysto\u015bci 75-lecia Wydzia\u0142u Medycyny Weterynaryjnej UP w&nbsp;Lublinie<\/strong><\/p>\n<p><em>Conclusion of the 75th Anniversary Celebrations of the Faculty of Veterinary Medicine in Lublin<\/em><\/p>\n<p><strong>15:00 \u2013 Spotkania absolwent\u00f3w Wydzia\u0142u Medycyny Weterynaryjnej UP w&nbsp;Lublinie<\/strong><\/p>\n<p><em>Graduates\u2019 meetings<\/em><\/p>\n<p>\u00a0<\/p>\n<p style=\"text-align: center;\"><u><strong>[<\/strong><\/u><strong> <a href=\"http:\/\/nowastrona.up.lublin.pl\/weterynaria\/wp-content\/uploads\/sites\/3\/2021\/02\/program_uroczystosci.pdf\">Program uroczysto\u015bci w&nbsp;pliku pdf<\/a><\/strong> <u><strong>]<\/strong><\/u><\/p>\n<p>\u00a0<\/p>\n                                        <\/div>\n\t\t\t\t\t\t                                <\/div>\n\t\t\t\t                <div class=\"mn-content-block\">\n\t                                                        <div class=\"block-text\">\n\t                                        <ul>\n<li><strong>prof. dr hab. Andrzej Wernicki<\/strong> \u00a0\u2013 <em>Dziekan Wydzia\u0142u Medycyny Weterynaryjnej UP w&nbsp;Lublinie<\/em><\/li>\n<\/ul>\n<p>Tel. : +48 81 445 60 32; e-mail: <a href=\"mailto:andrzej.wernicki@up.lublin.pl\">andrzej.wernicki@up.lublin.pl<\/a><\/p>\n<ul>\n<li><strong>prof. dr hab. Ryszard Bobowiec<\/strong>\u00a0&#8211; <em>Przewodnicz\u0105cy Komitetu Organizacyjnego<\/em><\/li>\n<\/ul>\n<p>Tel.: +48 81 445 66 65; fax: +48 81 445 60 24; e-mail: <a href=\"mailto:ryszard.bobowiec@up.lublin.pl\">ryszard.bobowiec@up.lublin.pl<\/a><\/p>\n<ul>\n<li><strong>prof. dr hab. Krzysztof Szkucik<\/strong> \u2013 <em>V-ce Przewodnicz\u0105cy do spraw wydawniczych<\/em><\/li>\n<\/ul>\n<p>Tel. : + 48 81 445 69 00; e-mail: <a href=\"mailto:krzysztof.szkucik@up.lublin.pl\">krzysztof.szkucik@up.lublin.pl<\/a><\/p>\n<ul>\n<li><strong>dr hab. Urszula Kosior-Korzecka prof. Uczelni <\/strong>&#8211; <em>Organizator Konferencji Naukowej<\/em><\/li>\n<\/ul>\n<p>Tel.: +48 81 445\u00a067 83; e-mail: <a href=\"mailto:urszula.korzecka@up.lublin.pl\">urszula.korzecka@up.lublin.pl<\/a><\/p>\n<ul>\n<li><strong>dr hab. Marta W\u00f3jcik<\/strong> \u2013 <em>Sekretarz\u00a0<\/em><\/li>\n<\/ul>\n<p>Tel : +48 81 445 67 74; e-mail: <a href=\"mailto:marta.wojcik@up.lublin.pl\">marta.wojcik@up.lublin.pl<\/a><\/p>\n<ul>\n<li><strong>dr hab. Sylwester Kowalik<\/strong> \u00a0\u2013 <em>Skarbnik<\/em><\/li>\n<\/ul>\n<p>Tel.: +48 81 445 67 95; tel. kom. 608 450 793; e-mail: <a href=\"mailto:sylwester.kowalik@up.lublin.pl\">sylwester.kowalik@up.lublin.pl<\/a><\/p>\n<ul>\n<li><strong>dr Zbigniew Be\u0142kot<\/strong> \u2013<em>zast\u0119pca skarbnika<\/em><\/li>\n<\/ul>\n<p>Tel.: +48 81 445 69 35; e-mail: <a href=\"mailto:zbigniew.belkot@up.lublin.pl\">zbigniew.belkot@up.lublin.pl<\/a><\/p>\n<ul>\n<li><strong>dr hab. Marek Bie\u0144ko<\/strong> \u2013 <em>Prowadz\u0105cy stron\u0119 internetow\u0105 75-lecia WMW<\/em><\/li>\n<\/ul>\n<p>Tel.: +48 81 445 69 30; e-mail:<a href=\"mailto: marek.bienko@up.lublin.pl\"> marek.bienko@up.lublin.pl<\/a><\/p>\n<div>\u00a0<\/div>\n<p>Osoby odpowiedzialne za organizacj\u0119 spotkania towarzyskiego<\/p>\n<ul>\n<li><strong>dr hab. Anna Zacharko-Siembida<\/strong><\/li>\n<\/ul>\n<p>Tel. : +48 81 445 69 43; e-mail: <a href=\"mailto:asiembida13@wp.pl\">asiembida13@wp.pl<\/a><\/p>\n<ul>\n<li><strong>dr Ma\u0142gorzata Matysek<\/strong><\/li>\n<\/ul>\n<p>Tel.: +48 81 445 65 82; e-mail: <a href=\"mailto:malgorzata.matysek@up.lublin.pl\">malgorzata.matysek@up.lublin.pl<\/a><\/p>\n<ul>\n<li><strong>dr Rados\u0142aw Szalak<\/strong><\/li>\n<\/ul>\n<p>Tel : +48 81 445 65 78; e-mail: <a href=\"mailto:radek.szalak@up.lublin.pl\">radek.szalak@up.lublin.pl<\/a><\/p>\n                                        <\/div>\n\t\t\t\t\t\t                                <\/div>\n\t\t\t\t                <div class=\"mn-content-block\">\n\t                                                        <div class=\"block-text\">\n\t                                        <p style=\"text-align: center;\"><strong>* Patronat honorowy *<br \/><\/strong>(Honorary patronage)<\/p>\n<p style=\"text-align: center;\"><strong>Komitet Nauk Weterynaryjnych i&nbsp;Biologii Rozrodu, Polska Akademia Nauk<br \/><\/strong>(Committee of Veterinary Sciences and Biology of Reproduction, Polish Academy\u00a0 of Sciences)<\/p>\n<p style=\"text-align: center;\"><strong>Lubelski Oddzia\u0142 Polskiego Towarzystwa Nauk Weterynaryjnych<br \/><\/strong>(Lublin Division of the Polish Society of Veterinary Sciences)<\/p>\n<p style=\"text-align: center;\"><strong>Lubelski Oddzia\u0142 Polskiego Towarzystwa Fizjologicznego<br \/><\/strong>(Lublin Division of the Polish Physiological Society)<\/p>\n<p style=\"text-align: center;\"><strong>Lubelski Oddzia\u0142 Towarzystwa Biologii Rozrodu<br \/><\/strong>(Lublin Division of the Society for Biology of Reproduction)<\/p>\n                                        <\/div>\n\t\t\t\t\t\t                                <\/div>\n\t\t\t\t                <div class=\"mn-content-block\">\n\t                                                        <div class=\"block-text\">\n\t                                        <p><img loading=\"lazy\" class=\"aligncenter size-full wp-image-1011\" src=\"http:\/\/nowastrona.up.lublin.pl\/weterynaria\/wp-content\/uploads\/sites\/3\/2021\/02\/sponsorzy1.png\" alt=\"\" width=\"317\" height=\"885\" \/> <img loading=\"lazy\" class=\"aligncenter size-medium wp-image-1015\" src=\"http:\/\/nowastrona.up.lublin.pl\/weterynaria\/wp-content\/uploads\/sites\/3\/2021\/02\/sponsorzy2.png\" alt=\"\" width=\"393\" height=\"877\" \/><\/p>\n                                        <\/div>\n\t\t\t\t\t\t                                <\/div>\n\t\t\t\t                <div class=\"mn-content-block\">\n\t                                                        <div class=\"block-text\">\n\t                                        <p style=\"text-align: center;\">\u00a0<\/p>\n<p style=\"text-align: center;\"><a href=\"http:\/\/www.google.pl\/maps\/place\/Innowacyjne+Centrum+Patologii+i+Terapii+Zwierz\u0105t\/@51.2411142,22.5427758,17z\/data=!4m13!1m7!3m6!1s0x4722577b6a93a141:0x748b557a01774be2!2sPracownia+Radiologii+i+Ultrasonografii!3b1!8m2!3d51.2409564!4d22.5437629!3m4!1s0x4722577ca183e8a9:0x6fbb094ec0484172!8m2!3d51.2415851!4d22.5417915\"><img loading=\"lazy\" src=\"\/files\/images\/navig\/mapka-lokalizacja.png\" alt=\"\" width=\"20\" height=\"26\" \/><\/a><\/p>\n<p style=\"text-align: center;\"><strong><a href=\"https:\/\/www.google.pl\/maps\/place\/Innowacyjne+Centrum+Patologii+i+Terapii+Zwierz\u0105t\/@51.2411142,22.5427758,17z\/data=!4m13!1m7!3m6!1s0x4722577b6a93a141:0x748b557a01774be2!2sPracownia+Radiologii+i+Ultrasonografii!3b1!8m2!3d51.2409564!4d22.5437629!3m4!1s0x4722577ca183e8a9:0x6fbb094ec0484172!8m2!3d51.2415851!4d22.5417915\">\u00a0 <u>Lokalizacja<\/u> <\/a><\/strong><\/p>\n<p style=\"text-align: center;\"><strong><a href=\"https:\/\/www.google.pl\/maps\/place\/Innowacyjne+Centrum+Patologii+i+Terapii+Zwierz\u0105t\/@51.2411142,22.5427758,17z\/data=!4m13!1m7!3m6!1s0x4722577b6a93a141:0x748b557a01774be2!2sPracownia+Radiologii+i+Ultrasonografii!3b1!8m2!3d51.2409564!4d22.5437629!3m4!1s0x4722577ca183e8a9:0x6fbb094ec0484172!8m2!3d51.2415851!4d22.5417915\">Innowacyjne Centrum Patologii i&nbsp;Terapii Zwierz\u0105t Wydzia\u0142u Medycyny Weterynaryjnej UP w&nbsp;Lublinie\u00a0<\/a><\/strong><\/p>\n<p>\u00a0<\/p>\n<p>\u00a0<\/p>\n                                        <\/div>\n\t\t\t\t\t\t                                <\/div>\n\t\t\t\t                <div class=\"mn-content-block\">\n\t                                                        <div class=\"block-text\">\n\t                                        <div>\n<p><strong>[ REJESTRACJA &#8211; Przed\u0142u\u017cona do 31.05.2019]<\/strong><\/p>\n<ul>\n<li><a href=\"http:\/\/nowastrona.up.lublin.pl\/weterynaria\/wp-content\/uploads\/sites\/3\/2021\/02\/formularzpop.doc\">FORMULARZ REJESTRACYJNY<\/a><\/li>\n<\/ul>\n<\/div>\n<div>\u00a0<\/div>\n<div><strong>[ OP\u0141ATY ]<\/strong><\/div>\n<p>Op\u0142aty uzale\u017cnione s\u0105 od zakresu uczestnictwa:<\/p>\n<p>Uczestnictwo w&nbsp;konferencji naukowej (materia\u0142y kongresowe, 2 x&nbsp;lunch) \u2013 280,00 PLN*<\/p>\n<p>Uczestnictwo w&nbsp;obchodach 75-lecia,w konferencji naukowej oraz okoliczno\u015bciowym bankiecie (materia\u0142y konferencyjne, 2 x&nbsp;lunch, wej\u015bci\u00f3wka na uroczysty bankiet) \u2013 430,00 PLN*<\/p>\n<p>Uczestnictwo w&nbsp;bankiecie \u2013 150,00 PLN*<\/p>\n<p>*Kwoty brutto zawieraj\u0105ce 23% podatku VAT.<\/p>\n<p><u><strong>Ostateczny termin op\u0142at dla uczestnik\u00f3w up\u0142ywa\u00a030 czerwca 2019 r.<\/strong><\/u><\/p>\n<p><u>Op\u0142aty prosz\u0119 wnosi\u0107 przelewem na konto:<\/u><\/p>\n<p>Medycyna Weterynaryjna<br \/>ul. Akademicka 12, 20-033 Lublin<br \/>numer konta:\u00a0<strong>44 1020 3150 0000 3102 0049 1423 <\/strong><br \/><strong>has\u0142o Jubileusz<\/strong><\/p>\n<p><u>W formularzu przelewu prosz\u0119 poda\u0107 has\u0142o oraz imi\u0119 i&nbsp;nazwisko.<\/u><\/p>\n<p><u>Wszelkich informacji udziela skarbnik:<\/u><\/p>\n<p>dr Sylwester Kowalik<\/p>\n<p>Katedra Fizjologii Zwierz\u0105t<\/p>\n<p>Wydzia\u0142 Medycyny Weterynaryjnej<br \/>Uniwersytet Przyrodniczy w&nbsp;Lublinie<br \/>Akademicka 12; 20-033 Lublin, Poland<\/p>\n<div>Tel.: +48 81\u00a0445 67 95<\/div>\n<div>Tel. kom. +48 608 450 793<\/div>\n<p>e-mail: <a href=\"mailto:sylwester.kowalik@up.lublin.pl\">sylwester.kowalik@up.lublin.pl\u00a0<\/a><\/p>\n                                        <\/div>\n\t\t\t\t\t\t                                <\/div>\n\t\t\t\t                <div class=\"mn-content-block\">\n\t                                                        <div class=\"block-text\">\n\t                                        <p><strong>Rezerwacji miejsc noclegowych na czas trwania Jubileuszu i&nbsp;Konferencji mo\u017cna dokonywa\u0107 w&nbsp;nast\u0119puj\u0105cych hotelach: <\/strong><br \/><strong>[ Dom Nauczyciela ]<\/strong><\/p>\n<p>Akademicka 4<br \/>tel. +48 81 53 38 285<\/p>\n<p><a href=\"mailto:sekretariat@hotellogos.lublin.pl\">sekretariat@hotellogos.lublin.pl <\/a><\/p>\n<p>Pok\u00f3j jednoosobowy (z \u0142azienk\u0105 ) \u2013 150z\u0142<br \/>Pok\u00f3j dwuosobowy (z \u0142azienk\u0105) \u2013 180 z\u0142<br \/>Pok\u00f3j trzyosobowy (z \u0142azienk\u0105) \u2013 240 z\u0142<\/p>\n<p><strong>[ Hotel &#8220;Huzar&#8221; ]<\/strong><\/p>\n<p>Spadochroniarzy 9<br \/>tel.+48 81 53 30 536<\/p>\n<p><a href=\"http:\/\/www.hotelewam.pl\">www.hotelewam.pl <\/a><\/p>\n<p>Pok\u00f3j jednoosobowy (z \u0142azienk\u0105 ) \u2013 140 z\u0142<br \/>Pok\u00f3j dwuosobowy (z \u0142azienk\u0105) \u2013 190 z\u0142<\/p>\n<p><strong>[ Hotel &#8220;Na Rogatce&#8221; ]<\/strong><\/p>\n<p>Sielankowa 1<br \/>tel. +48 81 53 60 070<\/p>\n<p><a href=\"http:\/\/www.narogatce.pl\">www.narogatce.pl <\/a><\/p>\n<p>Pok\u00f3j jednoosobowy (z \u0142azienk\u0105 ) \u2013 159z\u0142<br \/>Pok\u00f3j dwuosobowy (z \u0142azienk\u0105) \u2013 221 z\u0142<br \/>Pok\u00f3j trzyosobowy (z \u0142azienk\u0105) \u2013 282 z\u0142<\/p>\n<p><strong>[ Dom studencki &#8220;Eskulap&#8221; ]<\/strong><\/p>\n<p>Langiewicza 12<br \/>tel. +48 81 44 11 4 86-90<\/p>\n<p>Pok\u00f3j jednoosobowy (z \u0142azienk\u0105 ) \u2013 80 z\u0142<br \/>Pok\u00f3j dwuosobowy (z \u0142azienk\u0105) \u2013 60 z\u0142\/ osob\u0119<br \/>Pok\u00f3j studencki dwuosobowy \u201330z\u0142\/osob\u0119<\/p>\n<p><strong>[ Hotel M\u0141YN ]<\/strong><\/p>\n<p>Aleje Rac\u0142awickie 23 A<br \/>tel.+48 815367020<\/p>\n<p><a href=\"http:\/\/www.hotel-mlyn.lublin.pl\">www.hotel-mlyn.lublin.pl <\/a><\/p>\n<p>Pok\u00f3j jednoosobowy (z \u0142azienk\u0105 ) \u2013 140z\u0142<br \/>Pok\u00f3j dwuosobowy (z \u0142azienk\u0105) \u2013 140 z\u0142<\/p>\n<p><strong>Uczestnicy Jubileuszu i&nbsp;Konferencji dokonuj\u0105 rezerwacji miejsc noclegowych samodzielnie. Wykonuj\u0105c rezerwacj\u0119, prosz\u0119 podawa\u0107 <u>has\u0142o: &#8220;Jubileusz wet&#8221;<\/u>. Op\u0142ata za hotel powinna by\u0107 dokonywana przez uczestnik\u00f3w bezpo\u015brednio w&nbsp;recepcjach hotelowych.<\/strong><\/p>\n<p>[ <a href=\"http:\/\/nowastrona.up.lublin.pl\/weterynaria\/wp-content\/uploads\/sites\/3\/2021\/02\/zakwaterowanie-1.pdf\">Informacje o&nbsp;zakwaterowaniu w&nbsp;pliku pdf<\/a> ]<\/p>\n<p>*********************************************************************************************<br \/>Osoby zainteresowane zach\u0119camy r\u00f3wnie\u017c do rezerwacji hoteli przez aplikacj\u0119 www.booking.com W&nbsp;celu uzyskania informacji na temat zakwaterowania, transportu, itp., prosimy o&nbsp;kontakt z: <br \/>Dr hab. Anna Zacharko-Siembida<\/p>\n<p>Zak\u0142ad Anatomii Zwierz\u0105t<br \/>Wydzia\u0142 Medycyny Weterynaryjnej<br \/>Uniwersytet Przyrodniczy w&nbsp;Lublinie<br \/>Akademicka 12 20-033 Lublin<br \/>telefon : +48 81 445 69 43<br \/>e-mail: <a href=\"mailto:asiembida13@wp.pl\">asiembida13@wp.pl<\/a><\/p>\n                                        <\/div>\n\t\t\t\t\t\t                                <\/div>\n\t\t\t\t                <div class=\"mn-content-block\">\n\t                                                        <div class=\"block-text\">\n\t                                        <p style=\"text-align: center;\"><strong>PROGRAMME OF THE 4th CONFERENCE <br \/>\u201c<em>Current approach to health and diseases in animals and humans<\/em>\u201d<\/strong><\/p>\n<p>\u00a0<\/p>\n<p style=\"text-align: center;\"><strong>***********\u00a0<\/strong><strong>September, the 19th (Thursday)\u00a0<\/strong><strong>***********<\/strong><\/p>\n<p>Lecture Hall, Innovative Center of Animal Pathology and Therapy, University of Life Sciences in Lublin, G\u0142\u0119boka 30<\/p>\n<p><strong>08.00 &#8211; 18.00<\/strong><\/p>\n<p>Registration of participants of the Jubilee and Conference &#8211; Innovative Center of Animal Pathology and Therapy, ul. G\u0142\u0119boka 30, (1st floor, hall)<\/p>\n<p><strong>14:00 -14:10<\/strong> \u2013 Opening of the Conference<\/p>\n<p><strong>14:10 &#8211; 14:45<\/strong> \u2013 INAUGURAL LECTURE: VINCENZO LONGO (Institute of Agricultural Biology and Biotechnology, National Research Council, Pisa, Italy) \u2013 \u201cSUSTAINABLE AGRICULTURE AND INNOVATIVE FOOD TECHNOLOGIES TO HAVE NUTRACEUTICAL PRODUCTS FOR ANIMAL AND HUMAN NUTRITION\u201d<\/p>\n<p><strong>14:45 &#8211; 15:00<\/strong> \u2013 coffee break<\/p>\n<p><strong>15:00 &#8211; 19:00<\/strong>\u00a0 \u00a0 I. Session of the Basic Veterinary Sciences<\/p>\n<ol>\n<li>\u00a0 \u00a0 \u00a0 \u00a0 \u00a0 \u00a0 \u00a0 \u00a0 \u00a0 \u00a0 \u00a0 \u00a0\u00a0 Session of the Preclinical Veterinary Sciences<\/li>\n<\/ol>\n<p>\u00a0<\/p>\n<p>\u00a0<\/p>\n<p style=\"text-align: center;\"><strong>SESSION OF BASIC VETERINARY SCIENCES<\/strong><\/p>\n<p style=\"text-align: center;\">*************<\/p>\n<p style=\"text-align: center;\"><em>Chair of the session: Prof. Marta Kankofer<br \/><\/em><em>Vice-Chair: Prof. Jadwiga Jaworska-Adamu<br \/><\/em><em>Vice-Chair: Assoc. prof. Ewa Tomaszewska<br \/><\/em>Hall 128, Innovative Center of Animal Pathology and Therapy,\u00a0 University of Life Sciences in Lublin, G\u0142\u0119boka 30<\/p>\n<p>\u00a0<\/p>\n<p><strong>15:00 &#8211; 15:30<\/strong> \u2013 OPENING LECTURE: ERICH M\u00d6STL \u2013 \u201cTHE MICROBIOME OF THE GUT: A&nbsp;CO-PLAYER IN THE FORMATION OF BIOACTIVE STEROIDS&#8221;<\/p>\n<p><strong>15.30-16.00<\/strong> &#8211; OPENING LECTURE: GERHARD SCHULER \u2013 \u201cPLACENTAL RETENTION IN CATTLE &#8211; SYMPTOM OF AN ENDOCRINE DISORDER?\u201d<\/p>\n<p><strong>16.00-16.25 <\/strong>&#8211; \u017baneta Dzi\u0119gelewska, MA\u0141GORZATA GAJEWSKA \u2013 \u201cROLE OF STROMAL CELLS IN REGULATION OF BOVINE MAMMARY EPITHELIAL CELLS FUNCTIONS\u201d<\/p>\n<p><strong>16.25-16.40<\/strong> \u2013 MARTA ARCZEWSKA, Barbara Gieroba, Adrianna S\u0142awi\u0144ska-Brych, Ewa Tomaszewska, Wojciech Rzeski, Andrzej Stepulak, and Mariusz Gago\u015b &#8211; \u201cFOURIER TRANSFORM INFRARED MICROSPECTROSCOPY MONITORING OF XANTHOHUMOL-INDUCED APOPTOSIS IN BREAST CANCER CELLS\u201d<\/p>\n<p><strong>16.40-17.00 <\/strong>\u2013 <strong>Poster session and coffee break<\/strong><\/p>\n<p><strong>17.00-17.15<\/strong> \u2013 MONIKA FRANCZYK, Natalia Soko\u0142owska, Jacek Wawrzykowski, Marta Kankofer \u2013 \u201eTHE IDENTIFICATION OF DERMATOPONTIN IN BOVINE PLACENTA DURING PREGNANCY AND PARTURITION\u201d<\/p>\n<p><strong>17.15-17.30<\/strong> \u2013 ALICJA MAJEWSKA, Aleksandra Szyma\u0144ska, Iwona Szopa, Kinga Majchrzak \u2013 \u201eACTIVATION AND PROGRAMMING OF CANINE T&nbsp;LYMPHOCYTES TOWARDS T&nbsp;REGULATORY CELLS\u201d<\/p>\n<p><strong>17.30-17.45<\/strong> \u2013 MARTA LISOWSKA, Aleksandra Pawlak, Andrzej Rapak, Arkadiusz Miazek \u2013 \u201eFOCAL ADHESION KINASE (FAK) INHIBITION POTENTIATES THE DIRECT CYTOTOXIC EFFECT OF AN ANTI-MAJOR HISTOCOMPATIBILITY COMPLEX CLASS II DR (MHC-II) ANTIBODY TOWARDS CANINE B&nbsp;CELL LEUKEMIA\/LYMPHOMA LINES\u201d<\/p>\n<p><strong>17.45-18.00<\/strong> \u2013 RAFA\u0141 KOLENDA, Micha\u0142 Burdukiewicz, Aamir Ali, Peter Schierack \u2013 \u201eCOMPARATIVE GENOMICS AND TRANSCRIPTOMICS OF SALMONELLA CLINICAL ISOLATES REPRESENTING DIFFERENT CELL LINE INFECTING PHENOTYPES\u201d<\/p>\n<p><strong>18.00-18.15<\/strong> \u2013 IZABELA \u015aWIETLICKA, Marta Arczewska, Ewa Tomaszewska, Micha\u0142 \u015awietlicki, Damian Kuc, Maria Mielnik-B\u0142aszczak, Krzysztof Go\u0142acki, Krystian Cie\u015blak \u2013 \u201eDENTAL ENAMEL PROPERTIES AFTER REMINERALISATION WITH CASEIN PHOSPHOPEPTIDE\u2212AMORPHOUS CALCIUM PHOSPHATE VARNISH APPLICATION\u201d<\/p>\n<p><strong>18:15-18:35<\/strong> \u2013 ULRICH SCHNEIDER\/Gmund am Tegernsee &#8211; &#8220;GOLDIC \u2013 NEXT GENERATION REGENERATION\u201d<\/p>\n<p><strong>18.35-19:00 \u2013 Summary and closing of the session<\/strong><\/p>\n<p><strong>\u00a0<\/strong><\/p>\n<p><strong>POSTER PRESENTATIONS<\/strong><\/p>\n<p><strong>I.P.1<\/strong> \u2013 P. Dobrowolski, E. Tomaszewska, S. Muszy\u0144ski, K. Kras, K. Wo\u017aniak, J. L. Valverde Piedra, M. B. Arciszewski, A. Zacharko-Siembida, S. Szyma\u0144czyk, S. Kowalik, A. Cha\u0142abis-Mazurek, T. Schwarz: \u201eTHE ADDITION OF 60% OF MODERN HYBRID RYE TO THE PIGS FEED DOES NOT IMPAIR THE QUALITY OF TIGHT JUNCTION IN THE SMALL INTESTINAL EPITHELIUM\u201d<\/p>\n<p><strong>I.P.2<\/strong> \u2013 L. Kiczak, U. Pas\u0142awska, K. Nowak, M. P\u0142\u00f3cienniczak, C. Frostell, R. Pas\u0142awski, A. Janiszewski, B. Adamik, M. Zieli\u0144ska, W. Go\u017adzik: \u201cDECREASED METALLOPROTEINASES ACTIVITY IN LUNGS IN PIGS TREATED WITH INHALED NITRIC OXIDE (INO) AND INTRAVENOUS HYDROCORTISONE IN PORCINE ENDOTOXEMIA MODEL\u201d<\/p>\n<p><strong>I.P.3 <\/strong>\u2013 S. Muszy\u0144ski, M. Arczewska, D. Kami\u0144ski, S. \u015awi\u0105tkiewicz, A. Arczewska-W\u0142osek, M.B. Arciszewski, A. Zacharko-Siembida, J.L. Valverde Piedra, P. Dobrowolski, T. Schwarz, Ewa Tomaszewska: \u201cTHE EFFECT OF DIETARY RYE INCLUSION ON STRUCTURAL ORGANIZATION OF BONE CONSTITUTING PHASES IN LAYING HENS \u2013 A&nbsp;XRD AND FT-IR STUDY\u201d<\/p>\n<p><strong>I.P.4 <\/strong>\u2013 H. Predka, M. Paw\u0142owska-Olszewska, I. Puzio: \u201eIMMUNOHISTOCHEMICAL EXPRESSION OF ADROPIN IN GROWTH AND ARTICULAR CARTILAGE IN RATS\u201d<\/p>\n<p><strong>I.P.5<\/strong> \u2013 R. Strze\u017cek, M. Lecewicz, K. Morawska, W. Kordan: \u201eLIPOSOME BASED EXTENDER DESIGNED FOR FREEZING BOVINE SEMEN IS NOT GOOD OPTION TO CRYOPRESERVE DOG SPERM\u201d<\/p>\n<p><strong>I.P.6 <\/strong>\u2013 R. Strze\u017cek, A. Reksa, W. Kordan: \u201cCOMPARISON OF EGG YOLKS FROM THREE AVIAN SPECIES IN EXTENDER FOR CRYOPRESERVATION OF DOG SPERMATOZA\u201d<\/p>\n<p><strong>I.P.7<\/strong> \u2013 M.R. Tatara, W. Krupski, K. Koz\u0142owski, A. Dra\u017cbo, S. De Smet, J. Jankowski: \u201eQUANTITATIVE COMPUTED TOMOGRAPHY (QCT) APPLICATION IN STUDIES ON SKELETAL SYSTEM PROPERTIES IN EGG-LAYING HENS\u201d<\/p>\n<p><strong>I.P.8<\/strong> \u2013 E. Tomaszewska, S. Muszy\u0144ski, P. Dobrowolski, M. Arczewska, I. \u015awietlicka: \u201eACRYLAMIDE-INDUCED PRENATAL PROGRAMMING OF BONE STRUCTURE IN GUINEA PIG MODEL\u201d<\/p>\n<p><strong>I.P.9 <\/strong>\u2013 R. Szalak, M. Matysek, W. Kuku\u0142a-Koch, A. Zacharko- Siembida, R. Lalak, M.B. Arciszewski: \u201eTHE EFFECT OF BERBERINE ISOLATED FROM BARBERRY SPECIES BY CENTRIFUGAL PARTITION CHROMATOGRAPHY (CPC) ON THE EXPRESSION OF PARVALBUMIN IN CLAUSTRUM OF THE MICE\u201d<\/p>\n<p><strong>I.P.10<\/strong> \u2013 M. Zacharski, P. Prz\u0105dka, S. Dzimira, P. Skrzypczak, A. Tomaszek, W. Ni\u017ca\u0144ski, Z. Ligocka, M. Ugorski: \u201eESTABLISHEMNT OF NEW CANINE PROSTATE CANCER CELL LINES\u201d<\/p>\n<p>\u00a0<\/p>\n<p style=\"text-align: center;\"><strong>SESSION OF PRECLINICAL VETERINARY SCIENCES<\/strong>\u00a0<\/p>\n<p style=\"text-align: center;\">*************<\/p>\n<p style=\"text-align: center;\"><em>Chair of the session: Assoc. prof. Urszula Kosior-Korzecka<br \/><\/em><em>Vice-Chair: Assoc. prof. Marta W\u00f3jcik<br \/><\/em>Hall 126, Innovative Center of Animal Pathology and Therapy, University of Life Sciences in Lublin, G\u0142\u0119boka 30<\/p>\n<p><strong>15:00 \u2013 15:05<\/strong> \u2013 Opening of the Session<\/p>\n<p><strong>15:05 \u2013 15:35<\/strong> \u2013 OPENING LECTURE: MARIO GIORGI \u2013 \u201cA GLANCE TO THE NOVEL COMPOUNDS USED IN PAIN RELIEF\u201d<\/p>\n<p><strong>15:35 \u2013 16:05 <\/strong>\u2013 OPENING LECTURE: LAURA PUCCI, Morena Gabriele, Vincenzo Longo \u2013 \u201cIn vitro and ex vivo evaluation of antioxidant supplements\u201d<\/p>\n<p><strong>16:05 \u2013 16:30<\/strong> \u2013 KATARZYNA GRZELKOWSKA-KOWALCZYK \u2013 \u201cThe role of microRNAs in mechanisms of cytokine effects on myogenesis, in the context of skeletal muscle injury and regeneration\u201d<\/p>\n<p><strong>16:30 \u2013 16:50 &#8211; Poster session and coffee break<\/strong><\/p>\n<p><strong>16:50 \u2013 17:10<\/strong> \u2013 ALEKSANDRA PLISZCZAK-KR\u00d3L \u2013 \u201cINVOLVEMENT OF PLASMA HEMOSTASIS IN THE PATHOGENESIS OF SYSTEMIC DISORDERS \u2013 CONCLUSIONS BASED ON THE RESULTS OF STUDIES CONDUCTED ON AN ANIMAL MODEL\u201d<\/p>\n<p><strong>17:10 \u2013 17:30<\/strong> \u2013 ANETA NOWAKIEWICZ, P. Zi\u0119ba, S. Gnat, A. Tro\u015bcia\u0144czyk, U. Kosior-Korzecka, I. Puzio, M. Osi\u0144ska, D. \u0141agowski\u2013 \u201cUNDERESTIMATED ANTIMICROBIAL RESISTANCE AMONG ZOONOTIC BACTERIA: A&nbsp;VIEW FROM THE METHODOLOGICAL SIDE\u201d<\/p>\n<p><strong>17:30 \u2013 17:45<\/strong> \u2013 ALICJA RZEPECKA, M. \u017bmigrodzka, O. Witkowska-Pi\u0142aszewicz, A. Cywi\u0144ska, A. Winnicka \u2013 \u201cPHENOTYPIC VARIABILITY AND THE FUNCTION OF PERIPHERAL BLOOD MONOCYTES IN HEALTHY DOGS AND DOGS WITH LYMPHOMA<\/p>\n<p><strong>17:45 \u2013 18:00<\/strong> \u2013 ANDREJS SITOVS, D. Kustovs, L. Voiko, L. Kovalcuka, M. Giorgi \u2013 \u201cPHARMACOKINETICS OF LEVOFLOXACIN AFTER THREE DIFFERENT ROUTES OF SINGLE PARENTERAL ADMINISTRATION TO DOMESTIC RABBITS\u201d<\/p>\n<p><strong>18:00 \u2013 18:10<\/strong> &#8211; IRENE SARTINI, B. \u0141ebkowska-Wieruszewska, A. Lisowski, A. Poapolathep, H. Owen, M. Giorgi \u2013 \u201cPHARMACOKINETICS AND TISSUE RESIDUES OF MARBOFLOXACIN IN BILGORAJSKA GEESE AFTER SINGLE IV AND PO ADMINISTRATION\u201d<\/p>\n<p><strong>\u00a0<\/strong><strong>18:10 \u2013 18:20<\/strong> \u2013 LIDIA RADKO, M. Gbylik-Sikorska, A. Tkaczyk, A. Jakubaszek, P. Jedziniak, A. Gajda, A. Posyniak &#8211; \u201cINTERACTION OF ENROFLOXACIN AND DEOXYNIVALENOL IN VITRO AND IN VIVO STUDY\u201d<\/p>\n<p><strong>18:20 \u2013 18:30<\/strong> \u2013 DOMINIK \u0141AGOWSKI, S. Gnat, A. Nowakiewicz, M. Osi\u0144ska, A. Marzec \u2013 \u201cUNEXPECTED POST-VACCINATION RINGWORM IN CATTLE\u201d<\/p>\n<p><strong>18:30 \u2013 18:40 <\/strong>&#8211; JOANNA MICHALSKA, J. Wessely- Szponder, T. Szponder, B. \u017byli\u0144ska, M. Tarczy\u0144ska, M. Szubstarski &#8211; \u201cTHE INFLUENCE OF ANTIMICROBIAL NEUTROPHIL EXTRACT ON ACTIVITY OF NEUTROPHILS ISOLATED DURING MOSAICPLASTY OSTEOCHONDRAL GRAFTING IN RABBITS\u201d<\/p>\n<p><strong>18:40 \u2013 19:00 \u2013 Presentations of the Conference Sponsors<\/strong><\/p>\n<p>\u00a0<\/p>\n<p><strong>POSTER PRESENTATIONS<\/strong><\/p>\n<p><strong>II.P.1<\/strong> \u2013 I. Sartini, B. \u0141ebkowska-Wieruszewska, A. Lisowski, A. Poapolathep, M. Giorgi: \u201cDESCRIPTIVE PHARMACOKINETICS AND TISSUE RESIDUES OF MELOXICAM IN BILGORAJSKA GEESE\u201d<\/p>\n<p><strong>II.P.2 <\/strong>\u2013 I. Sartini, M. Gbylik-Sikorska, B. \u0141ebkowska-Wieruszewska, A. Gajda, A. Lisowski, C. J. Kowalski, A. Posyniak, A. Poapolathep, M. Giorgi: \u201cCAN FEEDING INFLUENCE THE PHARMACOKINETICS OF VILAZODONE IN DOGS?\u201d<\/p>\n<p><strong>II.P.3 <\/strong>\u2013 M. Dec, D. St\u0119pie\u0144-Py\u015bniak, T. Hauschild, S. Gnat, R. Urban-Chmiel, F. Fratini, D. Cerri, S. Winiarczyk, Barbara Turchi: \u201cANTIBIOTIC SUSCEPTIBILITY AND VIRULENCE GENES IN ENTEROCOCCUS ISOLATES FROM WILD MAMMALS LIVING IN TUSCANY, ITALY\u201d<\/p>\n<p><strong>II.P.4<\/strong> \u2013 D. \u0141agowski, S. Gnat, A. Nowakiewicz, M. Osi\u0144ska, A. Marzec: \u201cEVALUATION OF CANDIDA CHROMOGENIC LAB-AGAR FOR RAPID SPECIES IDENTIFICATION OF DERMATOPHYTES\u201d<\/p>\n<p><strong>II.P.5 <\/strong>\u2013 D. \u0141agowski, S. Gnat, A. Nowakiewicz, M. Osi\u0144ska, A. Tro\u015bcia\u0144czyk, P. Zi\u0119ba: \u201cHEMOLYTIC ACTIVITY OF TRICHOPHYTON VERRUCOSUM STRAINS ISOLATED FROM ANIMALS ON MEDIUM SUPPLEMENTED WITH AND WITHOUT ACTIDIONE\u201d<\/p>\n<p><strong>II.P.6<\/strong> \u2013 M. Osi\u0144ska, A. Nowakiewicz, D. \u0141agowski, A. Tro\u015bcia\u0144czyk, S. Gnat, P. Zi\u0119ba: \u201cISOLATION OF PATHOGENIC AND MULTI-DRUG RESISTANT BACTERIA FROM WILD ANIMALS\u201d<\/p>\n<p><strong>II.P.7<\/strong> \u2013 M. Osi\u0144ska, A. Nowakiewicz, D. \u0141agowski, A. Tro\u015bcia\u0144czyk, S. Gnat, P. Zi\u0119ba, I. W\u00f3jcik, M. Wasiak: \u201cRESISTANCE AND VIRULENCE PROFILES OF PSEUDOMONAS AERUGINOSA\u201d<\/p>\n<p><strong>II.P.8<\/strong> \u2013 R. Pyz-\u0141ukasik, W. Paszkiewicz, A. Cha\u0142abis-Mazurek, K. Szkucik: \u201cRESULTS OF SANITARY EVALUATION OF SELECTED TYPES OF FOOD OF\u00a0ANIMAL ORIGIN PRODUCED IN POLAND\u201d<\/p>\n<p><strong>II.P.9 <\/strong>\u2013 U. Kosior-Korzecka, M. W\u00f3jcik, V. Longo, I. Puzio, A. Nowakiewicz, R. Bobowiec, K. Patkowski, M. Gregu\u0142a-Kania, E. Tusi\u0144ska: \u201cCHANGES IN GROWTH HORMONE SECRETION AND LEPTIN RECEPTOR EXPRESSION UNDER THE INFLUENCE OF LEPTIN AND ADRENOCORTICOTROPIN IN PITUITARY CELLS OF EARLY WEANED EWE LAMBS \u201c<\/p>\n<p><strong>II.P.10<\/strong> \u2013 M. Facon-Poroszewska, A. Pliszczak-Kr\u00f3l, S. Graczyk: \u201eFLOW CYTOMETRIC ASSESMENT OF PLATELET ACTIVATION PROFILE IN PREGNANT MARES\u201d<\/p>\n<p>\u00a0<\/p>\n<p style=\"text-align: center;\"><strong>\u00a0*********** September, the 20th (Friday) ***********<\/strong><\/p>\n<p style=\"text-align: center;\"><strong>SESSION OF CLINICAL VETERINARY SCIENCES<\/strong><\/p>\n<p style=\"text-align: center;\">*************<\/p>\n<p style=\"text-align: center;\">Chair of the session: Prof. \u0141ukasz Adaszek<br \/>Vice-Chair: Assoc. Prof. Roman D\u0105browski<br \/>\u00a0Hall 126, Innovative Center of Animal Pathology and Therapy, University of Life Sciences in Lublin, G\u0142\u0119boka 30<\/p>\n<p>\u00a0<\/p>\n<p><strong>9:00 \u2013 9:45<\/strong> \u2013 OPENING LECTURE: KARIN M\u00d6STL &#8211; \u201cFeline Leukaemia Virus (FeLV) infection: the complexity of pathogenesis and diagnostic procedures\u201d<\/p>\n<p><strong>9:45 &#8211; 10:00<\/strong> \u2013 GILL COURTIN\/MARSEILLE &#8211; &#8220;CLINICAL EXPERIENCE WITH HORSES\u2019 TREATMENT USING GOLDIC \u2013 GOLD INDUCED CYTOKINES&#8221;<\/p>\n<p><strong>10:00 &#8211; 10:15<\/strong> \u2013 JACEK MADANY, K. Wrze\u015bniewska, A. Milczak, B. Abramowicz,\u00a0 D. Winiarczyk &#8211; \u201cPREVALENCE OF CANIN cataracts in Lublin province: results of a&nbsp;cross-sectional study\u201d<\/p>\n<p><strong>10:15 &#8211; 10:30<\/strong> \u2013 JACEK MADANY, K. Wrze\u015bniewska, A. Milczak, B. Abramowicz, D. Winiarczyk &#8211; \u201cEFFECT OF ORAL ADMINISTRATION OF MELATONIN ON CLINICAL, HEMATOLOGICAL AND BIOCHEMICAL PARAMETERS IN HEALTHY DOGS\u201d<\/p>\n<p><strong>10:30 \u2013 10:45<\/strong> \u2013 BEATA NOWICKA, P. Silmanowicz, M. Lis &#8211; \u201ePrzypadek przykurczu \u015bci\u0119gnowo stawowego skrajnego stopnia u&nbsp;\u017arebaka &#8211; pr\u00f3ba terapii\u201d<\/p>\n<p><strong>10:45 &#8211; 11:00<\/strong> \u2013 IRENEUSZ BALICKI, M. Szadkowski, A. Balicka, M. Lew, A. Trbolova &#8211; \u201cASSESSMENT OF GENERALIZED PROGRESSIVE RETINAL ATROPHY (GPRA) IN MIXED BREED DOGS USING SPECTRAL DOMAIN OPTICAL COHERENCE TOMOGRAPHY (SD-OCT) AND ELECTRORETINOGRAPHY\u201d<\/p>\n<p><strong>11:00 &#8211; 11:15<\/strong> \u2013 EWELINA PYZIK, R. Urban-Chmiel, J. L. Valverde Piedra, A. Cha\u0142abis-Mazurek, P. Le\u015bniak, S. \u015awi\u0105tkiewicz, A. Arczewska, T. Schwarz, \u2013 \u201cEFFECT OF FOOD AND FOOD SAFETY SYSTEM ON VARIOUS MICROFLORY OF ALIMENTARY DIGESTIVE BROILER CHICKENS\u201d<\/p>\n<p><strong>11:15 &#8211; 11:30<\/strong> \u2013 KRZYSZTOF PUK, L. Guz \u2013 \u201cOCCURRENCE OF MYCOBACTERIUM SPP. IN ORNAMENTAL FISH IN POLAND\u201d<\/p>\n<p><strong>11:30 &#8211; 11:45<\/strong> \u2013 KINGA PANASIUK-FLAK, P. Listos \u2013 \u201cTHE USE OF MODERN IMAGING METHODS &#8211; X-RAY AND COMPUTED TOMOGRAPHY IN THE EVALUATION OF GUNSHOT INJURIES IN ANIMALS\u201d<\/p>\n<p><strong>11:45 &#8211; 12:00<\/strong> \u2013 ANNA MALINOWSKA, I. Taszkun, P. Wilko\u0142ek \u2013 \u201cTHE TRANSEPIDERMAL WATER LOSS (TEWL), EPIDERMIS HYDRATION (EH) AND PH OF THE TEAT SKIN IN DAIRY COWS AFTER EXPERIMENTALLY CHEMICAL AND MECHANICAL IRRITATION\u201d<\/p>\n<p><strong>12:00-12:15<\/strong> \u2013 LIDIA RADKO, \u0141. Panasiuk, M. Durkalec, O. Burek, T. Kiljanek, P. Jedziniak, A. Nawrocka, S. Stypu\u0142a-Tr\u0119bas, A. Posyniak &#8211; \u201cANALYSIS OF CONTAMINANTS IN LABORATORY ANIMALS FEED\u201d<\/p>\n<p><strong>12:15-12:30<\/strong> \u2013 KAMILA BULAK, K. Borowska, B. Jod\u0142owska-J\u0119drych \u2013 \u201cLUNG MORPHOLOGY AFTER THE EXPERIMENTAL APPLICATION OF CLADRIBINE IN HAIRY CELL LEUKEMIA TREATMENT SCHEMA\u201d<\/p>\n<p><strong>12:30-12:45<\/strong> \u2013 MARCIN KALINOWSKI, \u0141. Jarosz, \u017b. Gr\u0105dzki \u2013 \u201eASSESSMENT OF THE DRUG SUSCEPTIBILITY OF DOMESTIC STRAINS OF R. EQUI ISOLATED FROM FOALS AND FROM THE ENVIRONMENT OF HORSE-BREEDING FARMS WITH AND WITHOUT ENDEMIC INFECTIONS\u201d<\/p>\n<p>\u00a0<\/p>\n<p><strong>POSTER PRESENTATIONS<\/strong><\/p>\n<p>(12:45 \u2013 13:15)<\/p>\n<p><strong>III.P.1 <\/strong>\u2013 A. Marek, E. Pyzik, D. St\u0119pie\u0144-Py\u015bniak, R. Urban-Chmiel, I. Jagie\u0142\u0142o-Pod\u0119bska: \u201cVIRULENCE FACTORS OF COAGULASE-NEGATIVE STAPHYLOCOCCUS SRAINS ISOLATED FROM SLAUGHTER POULTRY IN POLAND\u201d<\/p>\n<p><strong>III.P.2<\/strong> \u2013 J. Zwolska, M. Szadkowski, A. Balicka, I. Balicki: \u201cMORPHOMETRICAL ANALYSIS OF THE CHOROID IN GERIATRIC AND MIDDLE AGED MIXED BREED MESOCEPHALIC DOGS USING SPECTRAL DOMAIN OPTICAL COHERENCE TOMOGRAPHY (SD-OCT)\u201d<\/p>\n<p><strong>III.P.3<\/strong> \u2013 M. Bochniarz, M. Szczubia\u0142, P. Brodzki, L. Krakowski, R. D\u0105browski: \u201cSERUM AND MILK AMYLOID A&nbsp;CONCENTRATIONS IN COWS WITH CLINICAL MASTITIS CAUSED BY STAPHYLOCOCCUS AUREUS\u201d<\/p>\n<p><strong>III.P.4<\/strong> \u2013 R. Urban-Chmiel, I. Balicki, K. \u015awi\u0105der, A. Wernicki, M. Dec, A. Puchalski, A. Nowaczek, E. Pyzik, D. Stepie\u0144- Py\u015bniak, E. Poleszak: \u201cTHE EFFICACY OF BACTERIOPHAGES AS EYE DROPS SOLUTION IN CONTROL AND ELIMINATION OF STAPHYLOCOCCUS SPP.CAUSED OTITIS EXTERNA IN DOGS\u201d<\/p>\n<p><strong>III.P.5<\/strong> \u2013 R. D\u0105browski, M. Bochniarz, M. Szczubia\u0142, P. Brodzki, L. Krakowski, A. P\u0142usa, F. Lampreave, M. Pi\u00f1eiro, L. Soler: \u201cCOMPARISON OF DETERMINATIONS OF SELECTED ACUTE PHASE PROTEINS IN DOGS WITH PYOMETRA\u201d<\/p>\n<p><strong>III.P.6<\/strong> \u2013 D. St\u0119pie\u0144 Py\u015bniak, T. Hauschild, M. Dec, A. Marek, R. Urban-Chmiel: \u201cPHENOTYPIC AND GENOTYPIC CHARACTERIZATION OF RESISTANCE OF ENTEROCOCCUS FAECALIS STRAINS ISOLATED FROM THE YOLK SACS OF BROILER CHICKS FROM POLAND AND THE NETHERLANDS\u201d<\/p>\n<p><strong>III.P.7<\/strong> \u2013 M. Szczubia\u0142, R. D\u0105browski, M. Bochniarz, P. Brodzki: \u201cTHE EFFECT OF PYOMETRA ON THE CONCENTRATIONS OF NON-ENZYMATIC ANTIOXIDANTS IN THE UTERINE OF FEMALE DOGS\u201d<\/p>\n<p><strong>III.P.8<\/strong> \u2013 M. Kalinowski, \u0141. Jarosz, Z. Gr\u0105dzki: \u201eBIOCHEMICAL PROPERTIES OF DOMESTIC R. EQUI STRAINS ISOLATED FROM FOALS AND THE BREEDING ENVIRONMENT OF HORSES\u201d<\/p>\n<p><strong>III.P.9<\/strong> \u2013 M. Kalinowski, \u0141. Jarosz, Z. Gr\u0105dzki: \u201eCHARACTERIZATION OF THE FAMILY OF VAP GENES IN DOMESTIC STRAINS OF R. EQUI ISOLATED FROM FOALS AND THE BREEDING ENVIRONMENT\u201d<\/p>\n<p><strong>III.P.10<\/strong> \u2013 Z. Gr\u0105dzki, \u0141. Jarosz, A. Marek, D. St\u0119pniak-Py\u015bniak: \u201cTHE EFFECT OF FEED SUPPLEMENTION WITH TRANSCARPATHIAN ZEOLITE (CLINOPTILOLITE) ON THE CONCENTRATION OF ACUTE PHASE PROTEINS AND CYTOKINES IN THE SERUM AND HEPATIC TISSUE OF POULTRY\u201d<\/p>\n                                        <\/div>\n\t\t\t\t\t\t                                <\/div>\n\t\t\t\t                <div class=\"mn-content-block\">\n\t                                                        <div class=\"block-text\">\n\t                                        <p style=\"text-align: center;\"><strong>Scientific Council\u00a0<\/strong><strong>of the 4th CONFERENCE\u00a0 <\/strong><\/p>\n<p style=\"text-align: center;\"><strong>\u201cCurrent approach to health and diseases in animals and humans\u201d<\/strong><\/p>\n<p>Assoc. prof. Urszula Kosior-Korzecka \u2013 Chairperson of the Conference, Chair of the Session of Preclinical Veterinary Sciences<br \/>Prof. Marta Kankofer &#8211; Chair of the Session of Basic Veterinary Sciences<br \/>Prof. \u0141ukasz Adaszek &#8211; Chair of the Session of Clinical Veterinary Sciences<br \/>Assoc. prof. Marta W\u00f3jcik \u2013 Vice-Chair of the Session of Preclinical Veterinary Sciences<br \/>Assoc. prof. Roman D\u0105browski \u2013 Vice-Chair of the Session of Clinical Veterinary Sciences<br \/>Prof. Jadwiga Jaworska-Adamu &#8211; Vice-Chair of the Session of Basic Veterinary Sciences<br \/>Assoc. prof. Ewa Tomaszewska \u2013 Vice-Chair of the Session of Basic Veterinary Sciences<\/p>\n<p><strong>Members:<\/strong><\/p>\n<p>Prof. Ryszard Bobowiec<br \/>Prof. Krzysztof Szkucik<br \/>Prof. Andrzej Wernicki<br \/>Prof. Vincenzo Longo<br \/>Prof. Mario Giorgi<br \/>Dr. Laura Pucci<br \/>Assoc. prof. Iwona Puzio<br \/>Assoc. prof. Aneta Nowakiewicz<br \/>Assoc. prof. Marek Bie\u0144ko<br \/>Prof. Marcin Arciszewski<br \/>Prof. Cezary Kowalski<br \/>Prof. Jose Luis Valverde Piedra<br \/>Prof. Leszek Krakowski<br \/>Assoc. prof. Izabela Polkowska<\/p>\n<p style=\"text-align: center;\"><strong>Rada Naukowa Konferencji &#8220;Current approach to health and diseases in animals\u00a0and humans\u201d<\/strong><\/p>\n<p>Dr hab. Urszula Kosior-Korzecka, prof. uczelni<br \/>Prof. dr hab. Marta Kankofer<br \/>Prof. dr hab. \u0141ukasz Adaszek<br \/>Prof. dr hab. Ryszard Bobowiec<br \/>Prof. dr hab. Krzysztof Szkucik<br \/>Dr hab. Marta W\u00f3jcik<br \/>Dr hab. Roman D\u0105browski, prof. uczelni<br \/>Dr hab. Ewa Tomaszewska, prof. uczelni\u00a0<br \/>Prof. dr hab. Jadwiga Jaworska-Adamu<br \/>Prof. Vincenzo Longo<br \/>Prof. Mario Giorgi<br \/>Dr Laura Pucci<br \/>Dr hab. Aneta Nowakiewicz, prof. uczelni<br \/>Dr hab. Iwona Puzio<br \/>Prof. dr hab. Marcin Arciszewski<br \/>Prof. dr hab. Cezary Kowalski<br \/>Prof. dr hab. Jose Luis Valverde Piedra<br \/>Prof. dr hab. Leszek Krakowski<br \/>Dr hab. Izabela Polkowska, prof. uczelni<br \/>Dr hab. Marek Bie\u0144ko<\/p>\n                                        <\/div>\n\t\t\t\t\t\t                                <\/div>\n\t\t\t\t\t\t<\/div>\n\t<\/div>\n<\/section>\n\t\t<\/div>\n\t\t\t\t<\/div>\n\t\t\t\t\t\t<\/div>\n\t\t\t\t\t<\/div>\n\t\t<\/div>\n\t\t\t\t\t\t\t\t<\/div>\n\t\t\t\t\t<\/div>\n\t\t<\/section>\n\t\t\t\t\t\t<\/div>\n\t\t\t\t\t\t<\/div>\n\t\t\t\t\t<\/div>\n\t\t","protected":false},"excerpt":{"rendered":"<p>Informacje og\u00f3lne Program uroczysto\u015bci Komitet Organizacyjny Patronaty Sponsorzy Lokalizacja Op\u0142aty i&nbsp;rejestracja Zakwaterowanie Program Konferencji Rada Naukowa Jubileusz 75-lecia Wydzia\u0142u Medycyny Weterynaryjnej (relacja z&nbsp;przebiegu uroczysto\u015bci)\u00a0 75. rocznica pierwszego posiedzenia Rady Wydzia\u0142u Weterynaryjnego 75 rocznica Wydzia\u0142u Medycyny Weterynaryjnej (19 \u2013 20. 09. 2019 r.) \u00a0Z A&nbsp;P R&nbsp;O S&nbsp;Z E&nbsp;N I&nbsp;E Wydzia\u0142 Medycyny Weterynaryjnej, wsp\u00f3\u0142zak\u0142adaj\u0105cy w&nbsp;1944 r. Uniwersytet [&hellip;]<\/p>\n","protected":false},"author":2,"featured_media":0,"parent":332,"menu_order":0,"comment_status":"closed","ping_status":"closed","template":"elementor_header_footer","meta":{"_monsterinsights_skip_tracking":false,"_monsterinsights_sitenote_active":false,"_monsterinsights_sitenote_note":"","_monsterinsights_sitenote_category":0},"_links":{"self":[{"href":"https:\/\/up.lublin.pl\/weterynaria\/wp-json\/wp\/v2\/pages\/350"}],"collection":[{"href":"https:\/\/up.lublin.pl\/weterynaria\/wp-json\/wp\/v2\/pages"}],"about":[{"href":"https:\/\/up.lublin.pl\/weterynaria\/wp-json\/wp\/v2\/types\/page"}],"author":[{"embeddable":true,"href":"https:\/\/up.lublin.pl\/weterynaria\/wp-json\/wp\/v2\/users\/2"}],"replies":[{"embeddable":true,"href":"https:\/\/up.lublin.pl\/weterynaria\/wp-json\/wp\/v2\/comments?post=350"}],"version-history":[{"count":53,"href":"https:\/\/up.lublin.pl\/weterynaria\/wp-json\/wp\/v2\/pages\/350\/revisions"}],"predecessor-version":[{"id":159194,"href":"https:\/\/up.lublin.pl\/weterynaria\/wp-json\/wp\/v2\/pages\/350\/revisions\/159194"}],"up":[{"embeddable":true,"href":"https:\/\/up.lublin.pl\/weterynaria\/wp-json\/wp\/v2\/pages\/332"}],"wp:attachment":[{"href":"https:\/\/up.lublin.pl\/weterynaria\/wp-json\/wp\/v2\/media?parent=350"}],"curies":[{"name":"wp","href":"https:\/\/api.w.org\/{rel}","templated":true}]}}