{"id":334,"date":"2020-11-18T14:39:57","date_gmt":"2020-11-18T13:39:57","guid":{"rendered":"http:\/\/nowastrona.up.lublin.pl\/weterynaria\/?page_id=334"},"modified":"2025-11-27T11:37:35","modified_gmt":"2025-11-27T10:37:35","slug":"galeria","status":"publish","type":"page","link":"https:\/\/up.lublin.pl\/weterynaria\/wydzial\/galeria\/","title":{"rendered":"Galeria"},"content":{"rendered":"\t\t<div data-elementor-type=\"wp-page\" data-elementor-id=\"334\" class=\"elementor elementor-334\" data-elementor-settings=\"[]\">\n\t\t\t\t\t\t<div class=\"elementor-inner\">\n\t\t\t\t\t\t\t<div class=\"elementor-section-wrap\">\n\t\t\t\t\t\t\t<section class=\"elementor-section elementor-top-section elementor-element elementor-element-77e34c5 elementor-section-boxed elementor-section-height-default elementor-section-height-default\" data-id=\"77e34c5\" data-element_type=\"section\">\n\t\t\t\t\t\t<div class=\"elementor-container elementor-column-gap-default\">\n\t\t\t\t\t\t\t<div class=\"elementor-row\">\n\t\t\t\t\t<div class=\"elementor-column elementor-col-100 elementor-top-column elementor-element elementor-element-93535e1\" data-id=\"93535e1\" data-element_type=\"column\">\n\t\t\t<div class=\"elementor-column-wrap elementor-element-populated\">\n\t\t\t\t\t\t\t<div class=\"elementor-widget-wrap\">\n\t\t\t\t\t\t<div class=\"elementor-element elementor-element-4a172b6 elementor-widget elementor-widget-m2e\" data-id=\"4a172b6\" data-element_type=\"widget\" data-widget_type=\"m2e.default\">\n\t\t\t\t<div class=\"elementor-widget-container\">\n\t\t\t<section class=\"mn-m2-e mn-bg-green\">\n\t<div class=\"mn-grid\">\n\t\t<div class=\"mn-grid-3 mn-introtext\">\n\t\t\t\t\t\t\t<p class=\"mn-header\">Wydzia\u0142 Medycyny Weterynaryjnej<\/p>\n\t\t\t\t\t\t\t\t\t\t\t<h3>\n\t\t\t\t\tGaleria\t\t\t\t<\/h3>\n\t\t\t\t\t\t\t\t\t\t\t\t<\/div>\n\t\t<div class=\"mn-grid-9 mn-image-container\">\n\t\t\t\t\t<\/div>\n\t<\/div>\n\t<\/section>\n\t\t<\/div>\n\t\t\t\t<\/div>\n\t\t\t\t\t\t<\/div>\n\t\t\t\t\t<\/div>\n\t\t<\/div>\n\t\t\t\t\t\t\t\t<\/div>\n\t\t\t\t\t<\/div>\n\t\t<\/section>\n\t\t\t\t<section class=\"elementor-section elementor-top-section elementor-element elementor-element-10aeb78 elementor-section-boxed elementor-section-height-default elementor-section-height-default\" data-id=\"10aeb78\" data-element_type=\"section\">\n\t\t\t\t\t\t<div class=\"elementor-container elementor-column-gap-default\">\n\t\t\t\t\t\t\t<div class=\"elementor-row\">\n\t\t\t\t\t<div class=\"elementor-column elementor-col-100 elementor-top-column elementor-element elementor-element-2b643bd\" data-id=\"2b643bd\" data-element_type=\"column\">\n\t\t\t<div class=\"elementor-column-wrap elementor-element-populated\">\n\t\t\t\t\t\t\t<div class=\"elementor-widget-wrap\">\n\t\t\t\t\t\t<div class=\"elementor-element elementor-element-b743de8 elementor-widget elementor-widget-m5c\" data-id=\"b743de8\" data-element_type=\"widget\" data-widget_type=\"m5c.default\">\n\t\t\t\t<div class=\"elementor-widget-container\">\n\t\t\t<section class=\"mn-m5-c mn-m5-d2 mn-bg-white\">\n\t<div class=\"mn-grid\">\n\t\t\t\t<div class=\"mn-content mn-grid-9\">\n\t\t\t                <div class=\"mn-content-block active\">\n\t                                                        <div class=\"block-text\">\n\t                                        <p><strong>2025<\/strong><br \/><a href=\"https:\/\/up.lublin.pl\/blog\/galeria\/immatrykulacja-2025-2026-wydzial-medycyny-weterynaryjnej\/\">Immatrykulacja 2025\/2026 Wydzia\u0142 Medycyny Weterynaryjnej<\/a><br \/><a href=\"https:\/\/up.lublin.pl\/blog\/galeria\/dyplomatorium-kierunku-analityka-weterynaryjna\/\">Dyplomatorium kierunku analityka weterynaryjna<\/a><\/p>\n<p><strong>2024<\/strong><br \/><a href=\"https:\/\/up.lublin.pl\/blog\/galeria\/80-lecie-wydzialu-medycyny-weterynaryjnej\/\">80-lecie Wydzia\u0142u Medycyny Weterynaryjnej<\/a><br \/><a href=\"https:\/\/up.lublin.pl\/blog\/galeria\/immatrykulacje-wydzialowe-2024-2025\/\">Immatrykulacje wydzia\u0142owe 2024\/2025<\/a><br \/><a href=\"https:\/\/up.lublin.pl\/blog\/galeria\/wreczenie-dyplomow-lekarza-weterynarii-2024\/\">Wr\u0119czenie dyplom\u00f3w lekarza weterynarii 2024<\/a><\/p>\n<p><strong>2023<\/strong><br \/><a href=\"https:\/\/up.lublin.pl\/blog\/galeria\/rozdanie-dyplomow-lekarza-weterynarii-2023\/\">Rozdanie dyplom\u00f3w lekarza weterynarii 2023<\/a><\/p>\n<p><strong>2022<\/strong><br \/><a href=\"https:\/\/up.lublin.pl\/blog\/galeria\/otwarcie-pracowni-umiejetnosci-klinicznych-wmw\/\">Otwarcie Pracowni Umiej\u0119tno\u015bci Klinicznych Wydzia\u0142u Medycyny Weterynaryjnej<\/a><br \/><a href=\"https:\/\/up.lublin.pl\/weterynaria\/galeria\/uroczystosc-wreczenia-dyplomow-lekarza-weterynarii\/\">Dyplom Lekarza Weterynarii 2022<\/a><\/p>\n<p><strong>2021<\/strong><br \/><a href=\"https:\/\/up.lublin.pl\/blog\/galeria\/ii-konferencja-naukowo-szkoleniowa-parazytozy-zwierzat-aktualne-zagrozenia-nowe-rozwiazania-terapeutyczne-i-profilaktyczne\/\">II Konferencja naukowo-szkoleniowa: Parazytozy zwierz\u0105t\u2014aktualne zagro\u017cenia\u2014nowe rozwi\u0105zania terapeutyczne i&nbsp;profilaktyczne, 6-9.09.2021<\/a><\/p>\n<p><strong>2020<\/strong><br \/><a href=\"https:\/\/up.lublin.pl\/blog\/galeria\/immatrykulacja-studentow-wydzialu-medycyny-weterynaryjnej\/\">Immatrykulacja student\u00f3w Wydzia\u0142u Medycyny Weterynaryjnej 2020<\/a><\/p>\n<p><strong>2019<\/strong><br \/><a href=\"https:\/\/up.lublin.pl\/blog\/galeria\/galeria-6330\/\">Dyplomy lekarza weterynarii 2019<\/a><br \/><a href=\"https:\/\/up.lublin.pl\/blog\/galeria\/galeria-6251\/\">Jubileuszowy Zjazd Absolwent\u00f3w Wydzia\u0142u Weterynaryjnego 1969-2019 r.<\/a><\/p>\n<p><strong>2018<\/strong><br \/><a href=\"https:\/\/up.lublin.pl\/blog\/galeria\/galeria-427\/\">Rozdanie dyplom\u00f3w lekarza weterynarii 2018<\/a><br \/><a href=\"https:\/\/up.lublin.pl\/blog\/galeria\/galeria-4997\/\">Uroczysta Immatrykulacja Wydzia\u0142owa &#8211; Rok Akademicki 2017\/2018<\/a><\/p>\n<p><strong>2017<\/strong><br \/><a href=\"https:\/\/up.lublin.pl\/blog\/galeria\/galeria-4827\/\">Uroczysto\u015b\u0107 rozdania dyplom\u00f3w uko\u0144czenia studi\u00f3w<\/a><\/p>\n<p><strong>2015<\/strong><br \/><a href=\"https:\/\/up.lublin.pl\/blog\/galeria\/galeria-3982\/\">Uroczyste wr\u0119czenie dyplom\u00f3w lekarza weterynarii. Czerwiec 2015.<\/a><br \/><a href=\"https:\/\/up.lublin.pl\/blog\/galeria\/galeria-4040\/\">Budynek Innowacyjnego Centrum Patologii i&nbsp;Terapii Zwierz\u0105t &#8211; Wydz. Weterynarii<\/a><br \/><a href=\"https:\/\/up.lublin.pl\/blog\/galeria\/galeria-4025\/\">Konferencja: Wsp\u00f3\u0142czesne problemy patologii i&nbsp;terapii zwierz\u0105t, wrzesie\u0144 2015<\/a><br \/><a href=\"https:\/\/up.lublin.pl\/blog\/galeria\/galeria-3864\/\">Innowacyjne Centrum Patologii i&nbsp;Terapii Zwierz\u0105t &#8211; otwarcie<\/a><\/p>\n<p><strong>2014<\/strong><br \/><a href=\"https:\/\/up.lublin.pl\/blog\/galeria\/galeria-3710\/\">Obchody Jubileuszu 70-lecia Wydzia\u0142u<\/a><br \/><a href=\"https:\/\/up.lublin.pl\/blog\/galeria\/galeria-3654\/\">Wydzia\u0142 Medycyny Weterynaryjnej. Dyplomy 06.2014.<\/a><\/p>\n<p><strong>2013<\/strong><br \/><a href=\"https:\/\/up.lublin.pl\/blog\/galeria\/galeria-3311\/\">Wydzia\u0142 Medycyny Weterynaryjnej. Dyplomy 06.2013.<\/a><br \/><a href=\"https:\/\/up.lublin.pl\/blog\/galeria\/galeria-2193\/\">Zaj\u0119cia na wydziale Medycyny Weterynaryjnej<\/a><\/p>\n                                        <\/div>\n\t\t\t\t\t\t                                <\/div>\n\t\t\t\t                <div class=\"mn-content-block\">\n\t                                <\/div>\n\t\t\t\t                <div class=\"mn-content-block\">\n\t                                <\/div>\n\t\t\t\t                <div class=\"mn-content-block\">\n\t                                <\/div>\n\t\t\t\t                <div class=\"mn-content-block\">\n\t                                <\/div>\n\t\t\t\t                <div class=\"mn-content-block\">\n\t                                <\/div>\n\t\t\t\t                <div class=\"mn-content-block\">\n\t                                <\/div>\n\t\t\t\t                <div class=\"mn-content-block\">\n\t                                <\/div>\n\t\t\t\t                <div class=\"mn-content-block\">\n\t                                <\/div>\n\t\t\t\t                <div class=\"mn-content-block\">\n\t                                <\/div>\n\t\t\t\t                <div class=\"mn-content-block\">\n\t                                <\/div>\n\t\t\t\t                <div class=\"mn-content-block\">\n\t                                <\/div>\n\t\t\t\t                <div class=\"mn-content-block\">\n\t                                <\/div>\n\t\t\t\t                <div class=\"mn-content-block\">\n\t                                <\/div>\n\t\t\t\t                <div class=\"mn-content-block\">\n\t                                <\/div>\n\t\t\t\t                <div class=\"mn-content-block\">\n\t                                <\/div>\n\t\t\t\t                <div class=\"mn-content-block\">\n\t                                <\/div>\n\t\t\t\t                <div class=\"mn-content-block\">\n\t                                <\/div>\n\t\t\t\t                <div class=\"mn-content-block\">\n\t                                <\/div>\n\t\t\t\t                <div class=\"mn-content-block\">\n\t                                <\/div>\n\t\t\t\t\t\t<\/div>\n\t<\/div>\n<\/section>\n\t\t<\/div>\n\t\t\t\t<\/div>\n\t\t\t\t\t\t<\/div>\n\t\t\t\t\t<\/div>\n\t\t<\/div>\n\t\t\t\t\t\t\t\t<\/div>\n\t\t\t\t\t<\/div>\n\t\t<\/section>\n\t\t\t\t\t\t<\/div>\n\t\t\t\t\t\t<\/div>\n\t\t\t\t\t<\/div>\n\t\t","protected":false},"excerpt":{"rendered":"<p>Wydzia\u0142 Medycyny Weterynaryjnej Galeria UP Wydzia\u0142 Medycyny Weterynaryjnej 2025Immatrykulacja 2025\/2026 Wydzia\u0142 Medycyny WeterynaryjnejDyplomatorium kierunku analityka weterynaryjna 202480-lecie Wydzia\u0142u Medycyny WeterynaryjnejImmatrykulacje wydzia\u0142owe 2024\/2025Wr\u0119czenie dyplom\u00f3w lekarza weterynarii 2024 2023Rozdanie dyplom\u00f3w lekarza weterynarii 2023 2022Otwarcie Pracowni Umiej\u0119tno\u015bci Klinicznych Wydzia\u0142u Medycyny WeterynaryjnejDyplom Lekarza Weterynarii 2022 2021II Konferencja naukowo-szkoleniowa: Parazytozy zwierz\u0105t\u2014aktualne zagro\u017cenia\u2014nowe rozwi\u0105zania terapeutyczne i&nbsp;profilaktyczne, 6-9.09.2021 2020Immatrykulacja student\u00f3w Wydzia\u0142u Medycyny [&hellip;]<\/p>\n","protected":false},"author":2,"featured_media":0,"parent":200,"menu_order":0,"comment_status":"closed","ping_status":"closed","template":"elementor_header_footer","meta":{"_monsterinsights_skip_tracking":false,"_monsterinsights_sitenote_active":false,"_monsterinsights_sitenote_note":"","_monsterinsights_sitenote_category":0},"_links":{"self":[{"href":"https:\/\/up.lublin.pl\/weterynaria\/wp-json\/wp\/v2\/pages\/334"}],"collection":[{"href":"https:\/\/up.lublin.pl\/weterynaria\/wp-json\/wp\/v2\/pages"}],"about":[{"href":"https:\/\/up.lublin.pl\/weterynaria\/wp-json\/wp\/v2\/types\/page"}],"author":[{"embeddable":true,"href":"https:\/\/up.lublin.pl\/weterynaria\/wp-json\/wp\/v2\/users\/2"}],"replies":[{"embeddable":true,"href":"https:\/\/up.lublin.pl\/weterynaria\/wp-json\/wp\/v2\/comments?post=334"}],"version-history":[{"count":29,"href":"https:\/\/up.lublin.pl\/weterynaria\/wp-json\/wp\/v2\/pages\/334\/revisions"}],"predecessor-version":[{"id":166234,"href":"https:\/\/up.lublin.pl\/weterynaria\/wp-json\/wp\/v2\/pages\/334\/revisions\/166234"}],"up":[{"embeddable":true,"href":"https:\/\/up.lublin.pl\/weterynaria\/wp-json\/wp\/v2\/pages\/200"}],"wp:attachment":[{"href":"https:\/\/up.lublin.pl\/weterynaria\/wp-json\/wp\/v2\/media?parent=334"}],"curies":[{"name":"wp","href":"https:\/\/api.w.org\/{rel}","templated":true}]}}