{"id":204,"date":"2020-11-17T13:05:14","date_gmt":"2020-11-17T12:05:14","guid":{"rendered":"http:\/\/nowastrona.up.lublin.pl\/weterynaria\/?page_id=204"},"modified":"2026-04-29T09:23:36","modified_gmt":"2026-04-29T07:23:36","slug":"dziekanat","status":"publish","type":"page","link":"https:\/\/up.lublin.pl\/weterynaria\/dziekanat\/","title":{"rendered":"Dziekanat Wydzia\u0142u Medycyny Weterynaryjnej"},"content":{"rendered":"\t\t<div data-elementor-type=\"wp-page\" data-elementor-id=\"204\" class=\"elementor elementor-204 elementor-142350\" data-elementor-settings=\"[]\">\n\t\t\t\t\t\t<div class=\"elementor-inner\">\n\t\t\t\t\t\t\t<div class=\"elementor-section-wrap\">\n\t\t\t\t\t\t\t<section class=\"elementor-section elementor-top-section elementor-element elementor-element-510b0ff elementor-section-boxed elementor-section-height-default elementor-section-height-default\" data-id=\"510b0ff\" data-element_type=\"section\">\n\t\t\t\t\t\t<div class=\"elementor-container elementor-column-gap-default\">\n\t\t\t\t\t\t\t<div class=\"elementor-row\">\n\t\t\t\t\t<div class=\"elementor-column elementor-col-100 elementor-top-column elementor-element elementor-element-d08b82b\" data-id=\"d08b82b\" data-element_type=\"column\">\n\t\t\t<div class=\"elementor-column-wrap elementor-element-populated\">\n\t\t\t\t\t\t\t<div class=\"elementor-widget-wrap\">\n\t\t\t\t\t\t<div class=\"elementor-element elementor-element-14a678b elementor-widget elementor-widget-m2d\" data-id=\"14a678b\" data-element_type=\"widget\" data-widget_type=\"m2d.default\">\n\t\t\t\t<div class=\"elementor-widget-container\">\n\t\t\t<section class=\"mn-m2-d mn-bg-green\">\r\n\t<div class=\"mn-grid\">\r\n\t\t<div class=\"mn-grid-12 mn-introtext\">\r\n\t\t\t\t\t\t\t<h3>\r\n\t\t\t\t\tDziekanat Wydzia\u0142u Medycyny Weterynaryjnej\t\t\t\t<\/h3>\r\n\t\t\t\t\t\t<\/div>\r\n\t\t\t                            <div class=\"mn-grid-3 mn-m2d-baner-btn\">\r\n                        <a href=\"https:\/\/wd.up.lublin.pl\/\" class=\"mn-slider-btn\" style=\"margin-left: 5px;\">\r\n                            Wirtualny dziekanat                        <\/a>\r\n                    <\/div>\r\n                \r\n\r\n\t<\/div>\r\n\t<\/section>\r\n\t\t<\/div>\n\t\t\t\t<\/div>\n\t\t\t\t\t\t<\/div>\n\t\t\t\t\t<\/div>\n\t\t<\/div>\n\t\t\t\t\t\t\t\t<\/div>\n\t\t\t\t\t<\/div>\n\t\t<\/section>\n\t\t\t\t<section class=\"elementor-section elementor-top-section elementor-element elementor-element-dce1c33 elementor-section-boxed elementor-section-height-default elementor-section-height-default\" data-id=\"dce1c33\" data-element_type=\"section\">\n\t\t\t\t\t\t<div class=\"elementor-container elementor-column-gap-default\">\n\t\t\t\t\t\t\t<div class=\"elementor-row\">\n\t\t\t\t\t<div class=\"elementor-column elementor-col-100 elementor-top-column elementor-element elementor-element-9f76dee\" data-id=\"9f76dee\" data-element_type=\"column\">\n\t\t\t<div class=\"elementor-column-wrap elementor-element-populated\">\n\t\t\t\t\t\t\t<div class=\"elementor-widget-wrap\">\n\t\t\t\t\t\t<div class=\"elementor-element elementor-element-c650dd2 elementor-widget elementor-widget-m5c\" data-id=\"c650dd2\" data-element_type=\"widget\" data-widget_type=\"m5c.default\">\n\t\t\t\t<div class=\"elementor-widget-container\">\n\t\t\t<section class=\"mn-m5-c mn-bg-white\">\n\t<div class=\"mn-grid\">\n\t\t            <div class=\"mn-menu-container mn-grid-3\">\n                <ul class=\"mn-bg-yellow\">\n\t                                        <li>\n                            <a href=\"#\" class=\"active\" data-hash=\"#adres\">\n                                Adres Dziekanatu                            <\/a>\n                        <\/li>\n                                                <li>\n                            <a href=\"#\" class=\"\" data-hash=\"#godziny_otwarcia\">\n                                Godziny Otwarcia                            <\/a>\n                        <\/li>\n                                                <li>\n                            <a href=\"#\" class=\"\" data-hash=\"#wladze_wydzialu\">\n                                W\u0142adze Wydzia\u0142u                            <\/a>\n                        <\/li>\n                                                <li>\n                            <a href=\"#\" class=\"\" data-hash=\"#pracownicy\">\n                                Pracownicy dziekanatu                            <\/a>\n                        <\/li>\n                                                <li>\n                            <a href=\"#\" class=\"\" data-hash=\"#info\">\n                                Informacje dla student\u00f3w                            <\/a>\n                        <\/li>\n                                                <li>\n                            <a href=\"#\" class=\"\" data-hash=\"#\">\n                                Wnioski MOS dla cudzoziemc\u00f3w                            <\/a>\n                        <\/li>\n                                        <\/ul>\n            <\/div>\n\t        \t\t<div class=\"mn-content mn-grid-8\">\n\t\t\t                <div class=\"mn-content-block active\">\n\t                                                        <div class=\"block-text\">\n\t                                        <h4><span style=\"font-family: arial, helvetica, sans-serif\">Dziekanat znajduje si\u0119 w&nbsp;budynku A&nbsp;Innowacyjnego <br \/>Centrum Diagnostyki i&nbsp;Terapii Zwierz\u0105t przy ul. G\u0142\u0119bokiej 30, na 3 pi\u0119trze. <\/span><img loading=\"lazy\" class=\"alignnone size-full wp-image-163832\" src=\"https:\/\/up.lublin.pl\/weterynaria\/wp-content\/uploads\/sites\/3\/2025\/01\/wet111.jpg\" alt=\"\" width=\"444\" height=\"250\" \/><\/h4>\n<h4><strong>ADRES DZIEKANATU:<\/strong><\/h4>\n<p><span style=\"font-family: arial, helvetica, sans-serif\">20-612 Lublin, ul. G\u0142\u0119boka 30,<\/span><br \/><span style=\"font-family: arial, helvetica, sans-serif\">budynek A&nbsp;Innowacyjnego Centrum Dignostyki i&nbsp;Terapii Zwierz\u0105t<\/span><\/p>\n<p><span style=\"font-family: arial, helvetica, sans-serif\">tel. +48 81 528 47 22,<\/span><br \/><span style=\"font-family: arial, helvetica, sans-serif\">\u00a0\u00a0\u00a0\u00a0\u00a0 +48 81 528 47 24,<\/span><br \/><span style=\"font-family: arial, helvetica, sans-serif\">\u00a0\u00a0\u00a0\u00a0\u00a0 +48 81 528 47 25.<\/span><\/p>\n<p>e-mail: <span style=\"text-decoration: underline\"><span style=\"font-family: arial, helvetica, sans-serif\">dziekanat.medwet@up.lublin.pl<\/span><\/span><br \/><span style=\"font-family: arial, helvetica, sans-serif\">\u00a0\u00a0\u00a0\u00a0\u00a0\u00a0\u00a0\u00a0\u00a0\u00a0\u00a0 <span style=\"text-decoration: underline\">dziek.wet@up.lublin.pl<\/span><\/span><\/p>\n                                        <\/div>\n\t\t\t\t\t\t                                                        <div class=\"block-text\">\n\t                                        <h4><span style=\"font-family: arial, helvetica, sans-serif\">Dziekanat znajduje si\u0119 w&nbsp;budynku A&nbsp;Innowacyjnego <br \/>Centrum Diagnostyki i&nbsp;Terapii Zwierz\u0105t przy ul. G\u0142\u0119bokiej 30, na 3 pi\u0119trze. <\/span><img loading=\"lazy\" class=\"alignnone size-full wp-image-163832\" src=\"https:\/\/up.lublin.pl\/weterynaria\/wp-content\/uploads\/sites\/3\/2025\/01\/wet111.jpg\" alt=\"\" width=\"444\" height=\"250\" \/><\/h4>\n<h4><strong>ADRES DZIEKANATU:<\/strong><\/h4>\n<p><span style=\"font-family: arial, helvetica, sans-serif\">20-612 Lublin, ul. G\u0142\u0119boka 30,<\/span><br \/><span style=\"font-family: arial, helvetica, sans-serif\">budynek A&nbsp;Innowacyjnego Centrum Dignostyki i&nbsp;Terapii Zwierz\u0105t<\/span><\/p>\n<p><span style=\"font-family: arial, helvetica, sans-serif\">tel. +48 81 528 47 22,<\/span><br \/><span style=\"font-family: arial, helvetica, sans-serif\">\u00a0\u00a0\u00a0\u00a0\u00a0 +48 81 528 47 24,<\/span><br \/><span style=\"font-family: arial, helvetica, sans-serif\">\u00a0\u00a0\u00a0\u00a0\u00a0 +48 81 528 47 25.<\/span><\/p>\n<p>e-mail: <span style=\"text-decoration: underline\"><span style=\"font-family: arial, helvetica, sans-serif\">dziekanat.medwet@up.lublin.pl<\/span><\/span><br \/><span style=\"font-family: arial, helvetica, sans-serif\">\u00a0\u00a0\u00a0\u00a0\u00a0\u00a0\u00a0\u00a0\u00a0\u00a0\u00a0 <span style=\"text-decoration: underline\">dziek.wet@up.lublin.pl<\/span><\/span><\/p>\n                                        <\/div>\n\t\t\t\t\t\t                                <\/div>\n\t\t\t\t                <div class=\"mn-content-block\">\n\t                                                        <div class=\"block-text\">\n\t                                        <h4 class=\"mn-accordion-title\"><span style=\"font-family: arial black, sans-serif\">DNI I\u00a0 GODZINY PRACY DZIEKANATU DLA STUDENT\u00d3W<\/p>\n<p><\/span><\/h4>\n<table>\n<tbody>\n<tr>\n<td><strong>Poniedzia\u0142ek<\/strong><\/td>\n<td>\n<h4>11:00-14:00<\/h4>\n<\/td>\n<\/tr>\n<tr>\n<td><strong>Wtorek<\/strong><\/td>\n<td>\n<h4>11:00-14:00<\/h4>\n<\/td>\n<\/tr>\n<tr>\n<td><strong>\u015aroda<\/strong><\/td>\n<td><strong>NIECZYNNE<\/strong><\/td>\n<\/tr>\n<tr>\n<td><strong>Czwartek<\/strong><\/td>\n<td>\n<h4>11:00-14:00<\/h4>\n<\/td>\n<\/tr>\n<tr>\n<td><strong>Pi\u0105tek<\/strong><\/td>\n<td>\n<h4>11:00-14:00<\/h4>\n<\/td>\n<\/tr>\n<\/tbody>\n<\/table>\n                                        <\/div>\n\t\t\t\t\t\t                                <\/div>\n\t\t\t\t                <div class=\"mn-content-block\">\n\t                                                        <div class=\"block-text\">\n\t                                        <h2><strong><span style=\"font-family: arial black, sans-serif\">Dziekan<\/span><\/strong><\/h2>\n<h1><span style=\"font-size: 20px\"><strong>prof. dr hab. Aneta Nowakiewicz <\/strong><\/span><\/h1>\n<p>pok. 300<br \/>tel. +48 81 528 4725<br \/>e-mail:\u00a0<span id=\"eeb-599321-827525\">aneta.nowakiewicz@up.lublin.pl<\/span><\/p>\n<p><img loading=\"lazy\" class=\"alignnone size-full wp-image-163943\" src=\"https:\/\/up.lublin.pl\/weterynaria\/wp-content\/uploads\/sites\/3\/2025\/02\/prodziekan_dr_hab_nowakiewicz-1.png\" alt=\"\" width=\"480\" height=\"480\" \/><\/p>\n<hr style=\"margin-bottom: 20px\" \/>\n<h2>\u00a0<\/h2>\n<h2><strong><span style=\"font-family: arial black, sans-serif\">Prodziekan ds. klinicznych<\/span><\/strong><\/h2>\n<h1><b><span style=\"font-size: 20px\">prof. dr hab.\u00a0 \u0141ukasz Adaszek<\/span> <\/b><\/h1>\n<p>pok. 327<br \/>tel. +48 81 528 4725<br \/>e-mail:\u00a0<span id=\"eeb-241201-99523\">lukasz.adaszek@up.lublin.pl<\/span><span id=\"eeb-241201-99523\"><img loading=\"lazy\" class=\"alignnone size-full wp-image-163951\" src=\"https:\/\/up.lublin.pl\/weterynaria\/wp-content\/uploads\/sites\/3\/2025\/02\/prof_adaszek-1.png\" alt=\"\" width=\"480\" height=\"480\" \/><\/span><\/p>\n                                        <\/div>\n\t\t\t\t\t\t                                <\/div>\n\t\t\t\t                <div class=\"mn-content-block\">\n\t                                                        <div class=\"block-text\">\n\t                                        <h1><span style=\"font-size: 16px\"><strong>mgr in\u017c. Agata Rutkowska<\/strong><\/span><\/h1>\n<p>pok. 327<br \/>tel. 81 528 47 25<br \/>e-mail: <span id=\"eeb-236988-253701\">agata.rutkowska@up.lublin.pl<\/span><\/p>\n<p><em><strong>&#8211; Koordynator Dziekanatu<\/strong><\/em><\/p>\n<hr style=\"margin-bottom: 20px\" \/>\n<h1><strong><span style=\"font-size: 16px\">Mariola W\u00f3jcik<\/span> <\/strong><\/h1>\n<p>pok. 314<br \/>tel. 81 528 47 22<br \/>e-mail:\u00a0<span id=\"eeb-901842-646416\">mariola.wojcik@up.lublin.pl<\/span><\/p>\n<p><em><strong>&#8211; Weterynaria, studia stacjonarne<\/strong><\/em><\/p>\n<hr style=\"margin-bottom: 20px\" \/>\n<h1><strong><span style=\"font-size: 16px\">mgr in\u017c. Sylwia \u015apiewak<\/span> <\/strong><\/h1>\n<p>pok. 314<br \/>tel. 81 528 47 22<br \/>e-mail:\u00a0<span id=\"eeb-614601-586093\">sylwia.spiewak@up.lublin.pl<\/span><\/p>\n<p><em><strong>&#8211; Weterynaria, studia niestacjonarne<\/strong><\/em><\/p>\n<hr style=\"margin-bottom: 20px\" \/>\n<h1><strong><span style=\"font-size: 16px\">mgr W\u0142adys\u0142aw Samborski<\/span><\/strong><\/h1>\n<p>pok. 316<br \/>tel. 81 528 47 24<br \/>e-mail:\u00a0<span id=\"eeb-362969-245446\">wladyslaw.samborski@up.lublin.pl<\/span><\/p>\n<p><em><strong>&#8211; Weterynaria, studia angloj\u0119zyczne<br \/><\/strong><strong>&#8211; Analityka Weterynaryjna, studia pierwszego stopnia<br \/><\/strong><strong>&#8211; Analityka Weterynaryjna, studia drugiego stopnia<\/strong><\/em><\/p>\n                                        <\/div>\n\t\t\t\t\t\t                                <\/div>\n\t\t\t\t                <div class=\"mn-content-block\">\n\t                                                        <ul class=\"mn-accordion\">\n                                            <li>\n                                                <h4 class=\"mn-accordion-title\">Plany studi\u00f3w i&nbsp;Rozk\u0142ady zaj\u0119\u0107<\/h4>\n                                                <div>\n\t\t\t\t\t\t\t\t\t                <p><a class=\"active\" href=\"https:\/\/up.lublin.pl\/weterynaria\/ksztalcenie\/#plany_studiow\" data-hash=\"#plany_studiow\">Plany studi\u00f3w <\/a><\/p>\n<p><a class=\"\" href=\"https:\/\/up.lublin.pl\/weterynaria\/ksztalcenie\/#rozklady_zajec\" data-hash=\"#rozklady_zajec\">Rozk\u0142ady zaj\u0119\u0107\u00a0<\/a><\/p>\n                                                <\/div>\n                                            <\/li>\n                                        <\/ul>\n\t\t\t\t\t\t                                                        <ul class=\"mn-accordion\">\n                                            <li>\n                                                <h4 class=\"mn-accordion-title\">Dokumenty niezb\u0119dene do uko\u0144czenia studi\u00f3w na kierunu Weterynaria <\/h4>\n                                                <div>\n\t\t\t\t\t\t\t\t\t                <p style=\"text-align: center\"><strong>DOKUMENTY <\/strong><\/p>\n<p style=\"text-align: center\"><strong>NIEZB\u0118DNE DO ROZLICZENIA ABSOLWENTA \u2013\u00a0 WETERYNARIA <\/strong><\/p>\n<ol>\n<li>\n<p><strong><a href=\"https:\/\/up.lublin.pl\/weterynaria\/wp-content\/uploads\/sites\/3\/2026\/02\/zal.-nr-1-wniosek-o-wydanie-dyplomu-od-2019-6.pdf\">Wniosek o&nbsp;wydanie dyplomu <\/a> <\/strong><strong>(dla student\u00f3w, kt\u00f3rzy rozpocz\u0119li studia w&nbsp;roku akademickim 2019\/2020 i&nbsp;w latach nast\u0119pnych)<\/strong><\/p>\n<\/li>\n<li><strong>Dzienniczek praktyk<\/strong><\/li>\n<li><strong>Dzienniczek Umiej\u0119tno\u015bci Dnia Pierwszego <\/strong><\/li>\n<li><strong>Karta obiegowa<\/strong><\/li>\n<li><strong>Zdj\u0119cie w&nbsp;formie elektronicznej : 4 ,5 x&nbsp;6,5<\/strong><\/li>\n<li><strong>legitymacja studencka do zwrotu<\/strong><\/li>\n<\/ol>\n<p><strong>\u00a0<\/strong><\/p>\n<p style=\"text-align: center\"><strong>OP\u0141ATA ZA WYDANIE \u00a0DYPLOMU UKO\u0143CZENIA STUDI\u00d3W \u00a0\u00a0\u00a0\u00a0\u00a0\u00a0\u00a0\u00a0\u00a0\u00a0<\/strong><\/p>\n<p><strong>(studenci kt\u00f3rzy rozpocz\u0119li studia przed 2019 r.) <\/strong><\/p>\n<p><strong>\u00a0<\/strong>\/na indywidualne konto studenta\u00a0 &#8211;\u00a0 Wirtualny Dziekanat\/<\/p>\n<ul>\n<li><strong>60,0 z\u0142 \u2013 dyplom w&nbsp;j\u0119zyku polskim <\/strong><\/li>\n<li><strong>40,0 z\u0142 \u2013 odpis dyplomu w&nbsp;j\u0119zyku obcym<\/strong><\/li>\n<\/ul>\n<p><strong>\u00a0\u00a0\u00a0\u00a0\u00a0\u00a0\u00a0\u00a0\u00a0\u00a0 <\/strong><\/p>\n<p><strong>\u00a0<\/strong><\/p>\n<p><strong>\u00a0<\/strong><\/p>\n                                                <\/div>\n                                            <\/li>\n                                        <\/ul>\n\t\t\t\t\t\t                                                        <ul class=\"mn-accordion\">\n                                            <li>\n                                                <h4 class=\"mn-accordion-title\">Przewodnik dla student\u00f3w pierwszego roku<\/h4>\n                                                <div>\n\t\t\t\t\t\t\t\t\t                <p><strong><a href=\"https:\/\/up.lublin.pl\/weterynaria\/wp-content\/uploads\/sites\/3\/2025\/09\/Drodzy-Studenci-pierwszego-roku.docx\">Drodzy Studenci pierwszego roku<\/a><\/strong><\/p>\n<p><a href=\"https:\/\/up.lublin.pl\/weterynaria\/wp-content\/uploads\/sites\/3\/2025\/09\/Immatrykulacja-Wydzialowa_2025.pdf\"><strong>Harmonogram Immatrykulacji Wydzia\u0142owej 2025<\/strong><\/a><\/p>\n<p><a href=\"https:\/\/up.lublin.pl\/weterynaria\/wp-content\/uploads\/sites\/3\/2025\/09\/pierwsze-logowanie-do-WD.pdf\"><strong>Pierwsze logowanie do Wirtualnego Dziekanatu<\/strong><\/a><\/p>\n<p><strong><a href=\"https:\/\/up.lublin.pl\/weterynaria\/wp-content\/uploads\/sites\/3\/2025\/09\/Informacja-w-sprawie-mLegitymacji-studenckiej.docx\">Informacja w&nbsp;sprawie mLegitymacji studenckiej<\/a><\/strong><\/p>\n<p><a href=\"https:\/\/up.lublin.pl\/weterynaria\/wp-content\/uploads\/sites\/3\/2024\/09\/Komunikat-kwaterowanie-DS-2024.pdf\"><strong>Kwaterowanie DS 2025<\/strong><\/a><\/p>\n                                                <\/div>\n                                            <\/li>\n                                        <\/ul>\n\t\t\t\t\t\t                                                        <ul class=\"mn-accordion\">\n                                            <li>\n                                                <h4 class=\"mn-accordion-title\">Informacje dla student\u00f3w Weterynarii<\/h4>\n                                                <div>\n\t\t\t\t\t\t\t\t\t                <p><span style=\"font-family: georgia, palatino, serif;font-size: 14px\">Drodzy Studenci kierunku <span style=\"text-decoration: underline\">Weterynaria<\/span>, informujemy \u017ce:<\/span><\/p>\n<p><span style=\"font-family: georgia, palatino, serif;font-size: 14px\">Wszystkie podania skierowane do Pani Dziekan, Pani Prodziekan, Pani Prorektor dostarczamy osobi\u015bcie do Dziekanatu lub wysy\u0142amy na e-mail: <span style=\"text-decoration: underline\">dziekanat.medwet@up.lublin.pl<\/span><\/span><br \/><span style=\"text-decoration: underline\"><span style=\"font-family: georgia, palatino, serif;font-size: 14px\">dziek.wet@up.lublin.pl<\/span><\/span><\/p>\n                                                <\/div>\n                                            <\/li>\n                                        <\/ul>\n\t\t\t\t\t\t                                                        <ul class=\"mn-accordion\">\n                                            <li>\n                                                <h4 class=\"mn-accordion-title\">Sekwencyjno\u015b\u0107 na kierunku Wetrynaria<\/h4>\n                                                <div>\n\t\t\t\t\t\t\t\t\t                <p><a href=\"https:\/\/up.lublin.pl\/weterynaria\/wp-content\/uploads\/sites\/3\/2021\/05\/Uchwala-Kolegium-Wydzialu-Medycyny-Weterynaryjnej-z-dnia-20.02.2020-w-sprawie-sekwencyjnosci.pdf\">Uchwa\u0142a Kolegum Wydzia\u0142u Medycyny Weterynaryjnej UP z&nbsp;20.02.2020 r. w&nbsp;sprawie sekwencyjno\u015bci na kierunku weterynaria<\/a><\/p>\n<p><a href=\"https:\/\/up.lublin.pl\/weterynaria\/wp-content\/uploads\/sites\/3\/2021\/11\/Uchwala-nr-55-sekwencyjnosc-poprawiona-tabela.pdf\">Uchwa\u0142a nr 55\/2018-2019 Rady Wydzia\u0142u Medycyny Weterynaryjnej UP w&nbsp;sprawie sekwencyjno\u015bci przedmiot\u00f3w na kierunku weterynaria.<\/a><\/p>\n<p><a href=\"https:\/\/up.lublin.pl\/weterynaria\/wp-content\/uploads\/sites\/3\/2021\/11\/uchwala_-_sekwencyjnosc_przedmiotow.pdf\">Uchwa\u0142a\u00a0 nr\u00a0 6\/2016-2017 Rady Wydzia\u0142u Medycyny Weterynaryjnej UP w&nbsp;Lublinie podj\u0119ta na posiedzeniu w&nbsp;dniu 8 grudnia 2016 roku w&nbsp;sprawie: sekwencyjno\u015bci przedmiot\u00f3w na kierunku weterynaria<\/a><\/p>\n                                                <\/div>\n                                            <\/li>\n                                        <\/ul>\n\t\t\t\t\t\t                                                        <ul class=\"mn-accordion\">\n                                            <li>\n                                                <h4 class=\"mn-accordion-title\">Op\u0142aty za powtarzanie modu\u0142u<\/h4>\n                                                <div>\n\t\t\t\t\t\t\t\t\t                <p><a href=\"https:\/\/up.lublin.pl\/weterynaria\/wp-content\/uploads\/sites\/3\/2024\/02\/OPLATY-ZA-POWTARZANIE-MODULU.pdf\"><strong>OP\u0141ATY ZA POWTARZANIE MODU\u0141U<\/strong><\/a><\/p>\n                                                <\/div>\n                                            <\/li>\n                                        <\/ul>\n\t\t\t\t\t\t                                                        <ul class=\"mn-accordion\">\n                                            <li>\n                                                <h4 class=\"mn-accordion-title\">Informacje dla student\u00f3w Analityki Weterynaryjnej<\/h4>\n                                                <div>\n\t\t\t\t\t\t\t\t\t                <p><span style=\"font-size: 14px;font-family: georgia, palatino, serif\">Drodzy Studenci kierunku <span style=\"text-decoration: underline\">Analityka Weterynaryjna,<\/span> informujemy \u017ce:<\/span><\/p>\n<p><span style=\"font-size: 14px;font-family: georgia, palatino, serif\">W celu uzyskania za\u015bwiadczenia o&nbsp;studiowaniu pro\u015bba o&nbsp;wcze\u015bniejsze zg\u0142oszenie ch\u0119ci uzyskania powy\u017cszego za\u015bwiadczenia poprzez kontakt mailowy lub osobi\u015bcie w&nbsp;Dziekanacie.<\/span><\/p>\n                                                <\/div>\n                                            <\/li>\n                                        <\/ul>\n\t\t\t\t\t\t                                                        <ul class=\"mn-accordion\">\n                                            <li>\n                                                <h4 class=\"mn-accordion-title\">Sekwencyjno\u015b\u0107 na kierunku Analityka Weterynaryjna<\/h4>\n                                                <div>\n\t\t\t\t\t\t\t\t\t                <p><span style=\"font-family: georgia, palatino, serif\">Sekwencyjno\u015b\u0107 na kierunku <span style=\"text-decoration: underline\">Analityka Weterynaryjna<\/span> obowi\u0105zuje w&nbsp;przypadku przedmiot\u00f3w:<\/span><\/p>\n<table style=\"border-collapse: collapse;width: 100%\">\n<tbody>\n<tr>\n<td style=\"width: 50%\">\n<h4>Przedmiot<\/h4>\n<\/td>\n<td style=\"width: 50%\">\n<h4>Przedmiot sekwencyjny<\/h4>\n<\/td>\n<\/tr>\n<tr>\n<td style=\"width: 50%\">\n<h5><strong>Biochemia kliniczna 2<\/strong><\/h5>\n<\/td>\n<td style=\"width: 50%\">\n<h5>Biochemia kliniczna 1<\/h5>\n<\/td>\n<\/tr>\n<tr>\n<td style=\"width: 50%\">\n<h5>Badania laboratoryjne w&nbsp;weterynaryjnej praktyce klinicznej 2<\/h5>\n<\/td>\n<td style=\"width: 50%\">\n<h5>Badania laboratoryjne w&nbsp;weterynaryjnej praktyce klinicznej 1<\/h5>\n<\/td>\n<\/tr>\n<tr>\n<td style=\"width: 50%\">\u00a0<\/td>\n<td style=\"width: 50%\">\u00a0<\/td>\n<\/tr>\n<\/tbody>\n<\/table>\n                                                <\/div>\n                                            <\/li>\n                                        <\/ul>\n\t\t\t\t\t\t                                <\/div>\n\t\t\t\t                <div class=\"mn-content-block\">\n\t                                                        <div class=\"block-text\">\n\t                                        <p>Wydzia\u0142owy adres e-mail dla cudzoziemc\u00f3w sk\u0142adaj\u0105cych wnioski za pomoc\u0105 portalu MOS:<\/p>\n<h3 style=\"text-align: center\"><strong>mos.medwet@up.edu.pl<\/strong><\/h3>\n<h3 style=\"text-align: center\">\u00a0<\/h3>\n                                        <\/div>\n\t\t\t\t\t\t                                <\/div>\n\t\t\t\t\t\t<\/div>\n\t<\/div>\n<\/section>\n\t\t<\/div>\n\t\t\t\t<\/div>\n\t\t\t\t<div class=\"elementor-element elementor-element-fae880a elementor-widget elementor-widget-m7d\" data-id=\"fae880a\" data-element_type=\"widget\" data-widget_type=\"m7d.default\">\n\t\t\t\t<div class=\"elementor-widget-container\">\n\t\t\t<section class=\"mn-m7-d\">\r\n\t<div class=\"map\">\r\n\t\t\t<\/div>\r\n\t<div class=\"mn-content mn-bg-yellow\">\r\n\t\t<div class=\"mn-grid\">\r\n\t\t\t<div class=\"mn-grid-7 mn-content-in\">\r\n\t\t\t\t<div class=\"mn-text\">\r\n\t\t\t\t\t<p>20-612 Lublin, ul. G\u0142\u0119boka 30,<br \/>budynek A&nbsp;<span style=\"font-size: 14px\">Innowacyjnego Centrum Diagnostyki i&nbsp;Terapii Zwierz\u0105t<\/span><\/p>\n<p>tel. +48 81 528 47 22,<\/p>\n<p>\u00a0\u00a0\u00a0\u00a0\u00a0 +48 81 528 47 24,<\/p>\n<p>\u00a0\u00a0\u00a0\u00a0\u00a0 +48 81 528 47 25.<\/p>\n<p>dziekanat.medwet@up.lublin.pl<\/p>\n<p>dziek.wet@up.lublin.pl<\/p>\n\t\t\t\t<\/div>\r\n                \t\t\t\t<div class=\"mn-socials\">\r\n                                            <a href=\"https:\/\/www.instagram.com\/wmw.up.lublin\/\" target=\"_blank\">\r\n                            <img src=\"https:\/\/up.lublin.pl\/weterynaria\/wp-content\/themes\/up-lublin\/assets\/images\/insta.svg\" alt=\"Instagram\">\r\n                        <\/a>\r\n                                            <a href=\"https:\/\/www.facebook.com\/share\/1BBBZ9hKkY\/\" target=\"_blank\">\r\n                            <img src=\"https:\/\/up.lublin.pl\/weterynaria\/wp-content\/themes\/up-lublin\/assets\/images\/fb.svg\" alt=\"Facebook\">\r\n                        <\/a>\r\n                    \t\t\t\t<\/div>\r\n                \t\t\t<\/div>\r\n\t\t\t<div class=\"mn-grid-5\">\r\n\t\t\t\t<div class=\"form-container form-contact_form mn-bg-grey-2\" data-class-send=\"contact_form-send\">\r\n\t\t\t\t\t\t\t\t\t\t\t<h2 class=\"mn-title\">\r\n\t\t\t\t\t\t\tDziekanat Wydzia\u0142u Medycyny Weterynaryjnej \t\t\t\t\t\t<\/h2>\r\n\t\t\t\t\t\t\t\t\t\t\t<div class=\"form\">\r\n\t\t\t\t\t\t<div class=\"form-group form-group-0\">\r\n\t\t\t\t\t\t\t<div class=\"form-field field-name type-text\">\r\n\t\t\t\t\t\t\t\t<input name=\"name\" class=\"req\" type=\"text\" placeholder=\"Imi\u0119\">\r\n\t\t\t\t\t\t\t<\/div>\r\n\t\t\t\t\t\t\t<div class=\"form-field field-email type-email type-text\">\r\n\t\t\t\t\t\t\t\t<input name=\"email\" class=\"req email\" type=\"email\" placeholder=\"Adres email\">\r\n\t\t\t\t\t\t\t<\/div>\r\n\t\t\t\t\t\t\t<div class=\"form-field field-message type-textarea\">\r\n\t\t\t\t\t\t\t\t<textarea name=\"message\" class=\"req\" placeholder=\"Tre\u015b\u0107 wiadomo\u015bci\"><\/textarea>\r\n\t\t\t\t\t\t\t<\/div>\r\n\t\t\t\t\t\t<\/div>\r\n\t\t\t\t\t\t<div class=\"form-field form-submit\">\r\n\t\t\t\t\t\t\t<input name=\"form-confirm\" type=\"hidden\" value=\"\">\r\n\t\t\t\t\t\t\t<input name=\"form-type\" type=\"hidden\" value=\"contact_form\">\r\n\t\t\t\t\t\t\t<span class=\"submit-btn link btn btn-1\">Wy\u015blij<span><\/span><\/span>\r\n\t\t\t\t\t\t<\/div>\r\n\t\t\t\t\t<\/div>\r\n\t\t\t\t\t<div class=\"form-re\">\r\n\t\t\t\t\t\t<h3 class=\"ok\">\r\n\t\t\t\t\t\t\tDzi\u0119kujemy za przes\u0142an\u0105 wiadomo\u015b\u0107. Wkr\u00f3tce skontaktujemy si\u0119 z&nbsp;Pa\u0144stwem.\t\t\t\t\t\t<\/h3>\r\n\t\t\t\t\t\t<h3 class=\"err\">\r\n\t\t\t\t\t\t\tPodczas przesy\u0142ania formularza wyst\u0105pi\u0142 b\u0142\u0105d. Prosimy o&nbsp;kontakt telefoniczny.\t\t\t\t\t\t<\/h3>\r\n\t\t\t\t\t<\/div>\r\n\t\t\t\t<\/div>\r\n\t\t\t<\/div>\r\n\t\t<\/div>\r\n\t<\/div>\r\n<\/section>\r\n\t\t<\/div>\n\t\t\t\t<\/div>\n\t\t\t\t\t\t<\/div>\n\t\t\t\t\t<\/div>\n\t\t<\/div>\n\t\t\t\t\t\t\t\t<\/div>\n\t\t\t\t\t<\/div>\n\t\t<\/section>\n\t\t\t\t\t\t<\/div>\n\t\t\t\t\t\t<\/div>\n\t\t\t\t\t<\/div>\n\t\t","protected":false},"excerpt":{"rendered":"<p>Dziekanat Wydzia\u0142u Medycyny Weterynaryjnej Wirtualny dziekanat Adres Dziekanatu Godziny Otwarcia W\u0142adze Wydzia\u0142u Pracownicy dziekanatu Informacje dla student\u00f3w Wnioski MOS dla cudzoziemc\u00f3w Dziekanat znajduje si\u0119 w&nbsp;budynku A&nbsp;Innowacyjnego Centrum Diagnostyki i&nbsp;Terapii Zwierz\u0105t przy ul. G\u0142\u0119bokiej 30, na 3 pi\u0119trze. ADRES DZIEKANATU: 20-612 Lublin, ul. G\u0142\u0119boka 30,budynek A&nbsp;Innowacyjnego Centrum Dignostyki i&nbsp;Terapii Zwierz\u0105t tel. +48 81 528 47 22,\u00a0\u00a0\u00a0\u00a0\u00a0 [&hellip;]<\/p>\n","protected":false},"author":2,"featured_media":0,"parent":0,"menu_order":0,"comment_status":"closed","ping_status":"closed","template":"elementor_header_footer","meta":{"_monsterinsights_skip_tracking":false,"_monsterinsights_sitenote_active":false,"_monsterinsights_sitenote_note":"","_monsterinsights_sitenote_category":0},"_links":{"self":[{"href":"https:\/\/up.lublin.pl\/weterynaria\/wp-json\/wp\/v2\/pages\/204"}],"collection":[{"href":"https:\/\/up.lublin.pl\/weterynaria\/wp-json\/wp\/v2\/pages"}],"about":[{"href":"https:\/\/up.lublin.pl\/weterynaria\/wp-json\/wp\/v2\/types\/page"}],"author":[{"embeddable":true,"href":"https:\/\/up.lublin.pl\/weterynaria\/wp-json\/wp\/v2\/users\/2"}],"replies":[{"embeddable":true,"href":"https:\/\/up.lublin.pl\/weterynaria\/wp-json\/wp\/v2\/comments?post=204"}],"version-history":[{"count":457,"href":"https:\/\/up.lublin.pl\/weterynaria\/wp-json\/wp\/v2\/pages\/204\/revisions"}],"predecessor-version":[{"id":166983,"href":"https:\/\/up.lublin.pl\/weterynaria\/wp-json\/wp\/v2\/pages\/204\/revisions\/166983"}],"wp:attachment":[{"href":"https:\/\/up.lublin.pl\/weterynaria\/wp-json\/wp\/v2\/media?parent=204"}],"curies":[{"name":"wp","href":"https:\/\/api.w.org\/{rel}","templated":true}]}}