{"id":156986,"date":"2023-03-06T08:59:30","date_gmt":"2023-03-06T07:59:30","guid":{"rendered":"https:\/\/up.lublin.pl\/weterynaria\/?page_id=156986"},"modified":"2026-03-06T10:01:38","modified_gmt":"2026-03-06T09:01:38","slug":"ksztalcenie","status":"publish","type":"page","link":"https:\/\/up.lublin.pl\/weterynaria\/ksztalcenie\/","title":{"rendered":"Kszta\u0142cenie"},"content":{"rendered":"\t\t<div data-elementor-type=\"wp-page\" data-elementor-id=\"156986\" class=\"elementor elementor-156986\" data-elementor-settings=\"[]\">\n\t\t\t\t\t\t<div class=\"elementor-inner\">\n\t\t\t\t\t\t\t<div class=\"elementor-section-wrap\">\n\t\t\t\t\t\t\t<section class=\"elementor-section elementor-top-section elementor-element elementor-element-7a9f1214 elementor-section-boxed elementor-section-height-default elementor-section-height-default\" data-id=\"7a9f1214\" data-element_type=\"section\">\n\t\t\t\t\t\t<div class=\"elementor-container elementor-column-gap-default\">\n\t\t\t\t\t\t\t<div class=\"elementor-row\">\n\t\t\t\t\t<div class=\"elementor-column elementor-col-100 elementor-top-column elementor-element elementor-element-58519f6f\" data-id=\"58519f6f\" data-element_type=\"column\">\n\t\t\t<div class=\"elementor-column-wrap elementor-element-populated\">\n\t\t\t\t\t\t\t<div class=\"elementor-widget-wrap\">\n\t\t\t\t\t\t<div class=\"elementor-element elementor-element-272aa4fa elementor-widget elementor-widget-m2e\" data-id=\"272aa4fa\" data-element_type=\"widget\" data-widget_type=\"m2e.default\">\n\t\t\t\t<div class=\"elementor-widget-container\">\n\t\t\t<section class=\"mn-m2-e mn-bg-green\">\n\t<div class=\"mn-grid\">\n\t\t<div class=\"mn-grid-3 mn-introtext\">\n\t\t\t\t\t\t\t<p class=\"mn-header\">Wydzia\u0142 Medycyny Weterynaryjnej<\/p>\n\t\t\t\t\t\t\t\t\t\t\t<h3>\n\t\t\t\t\tKszta\u0142cenie\t\t\t\t<\/h3>\n\t\t\t\t\t\t\t\t\t\t\t\t<\/div>\n\t\t<div class=\"mn-grid-9 mn-image-container\">\n\t\t\t\t\t\t\t<img src=\"https:\/\/up.lublin.pl\/weterynaria\/wp-content\/uploads\/sites\/3\/2021\/04\/wet_ksztalcenie.jpg\" alt=\"\">\n\t\t\t\t\t\t<\/div>\n\t<\/div>\n\t<\/section>\n\t\t<\/div>\n\t\t\t\t<\/div>\n\t\t\t\t<div class=\"elementor-element elementor-element-55001e93 elementor-widget elementor-widget-m5c\" data-id=\"55001e93\" data-element_type=\"widget\" data-widget_type=\"m5c.default\">\n\t\t\t\t<div class=\"elementor-widget-container\">\n\t\t\t<section class=\"mn-m5-c mn-bg-white\">\n\t<div class=\"mn-grid\">\n\t\t            <div class=\"mn-menu-container mn-grid-3\">\n                <ul class=\"mn-bg-yellow\">\n\t                                        <li>\n                            <a href=\"#\" class=\"active\" data-hash=\"#jakosc_ksztalcenia\">\n                                Jako\u015b\u0107 kszta\u0142cenia                            <\/a>\n                        <\/li>\n                                                <li>\n                            <a href=\"#\" class=\"\" data-hash=\"#rozklady_zajec\">\n                                Rozk\u0142ady zaj\u0119\u0107                            <\/a>\n                        <\/li>\n                                                <li>\n                            <a href=\"#\" class=\"\" data-hash=\"#plany_studiow\">\n                                Plany studi\u00f3w                            <\/a>\n                        <\/li>\n                                                <li>\n                            <a href=\"#\" class=\"\" data-hash=\"#opisy_modulow\">\n                                Opisy modu\u0142\u00f3w                            <\/a>\n                        <\/li>\n                                                <li>\n                            <a href=\"#\" class=\"\" data-hash=\"#efekty_uczenia\">\n                                Efekty uczenia si\u0119                            <\/a>\n                        <\/li>\n                                                <li>\n                            <a href=\"#\" class=\"\" data-hash=\"#organizacja\">\n                                Organizacja roku akademickiego                            <\/a>\n                        <\/li>\n                                                <li>\n                            <a href=\"#\" class=\"\" data-hash=\"#opis_kierunku\">\n                                Opis kierunku                            <\/a>\n                        <\/li>\n                                                <li>\n                            <a href=\"#\" class=\"\" data-hash=\"#obsada\">\n                                Obsada personalna                            <\/a>\n                        <\/li>\n                                                <li>\n                            <a href=\"#\" class=\"\" data-hash=\"#informacje\">\n                                Informacje dla student\u00f3w                            <\/a>\n                        <\/li>\n                                                <li>\n                            <a href=\"#\" class=\"\" data-hash=\"#sylwetka_absolwenta\">\n                                Sylwetka absolwenta                            <\/a>\n                        <\/li>\n                                                <li>\n                            <a href=\"#\" class=\"\" data-hash=\"#ankieta\">\n                                Ankieta dla student\u00f3w                            <\/a>\n                        <\/li>\n                                                <li>\n                            <a href=\"#\" class=\"\" data-hash=\"#kola_studenckie\">\n                                Ko\u0142a studenckie                            <\/a>\n                        <\/li>\n                                                <li>\n                            <a href=\"#\" class=\"\" data-hash=\"#covid\">\n                                COVID-19                            <\/a>\n                        <\/li>\n                                                <li>\n                            <a href=\"#\" class=\"\" data-hash=\"#opiekunowie\">\n                                Opiekunowie roku                             <\/a>\n                        <\/li>\n                                                <li>\n                            <a href=\"#\" class=\"\" data-hash=\"#raport_samooceny\">\n                                Raport samooceny                            <\/a>\n                        <\/li>\n                                                <li>\n                            <a href=\"#\" class=\"\" data-hash=\"#\">\n                                                            <\/a>\n                        <\/li>\n                                                <li>\n                            <a href=\"#\" class=\"\" data-hash=\"#\">\n                                                            <\/a>\n                        <\/li>\n                                                <li>\n                            <a href=\"#\" class=\"\" data-hash=\"#akredytacje\">\n                                AKREDYTACJE                            <\/a>\n                        <\/li>\n                                                <li>\n                            <a href=\"#\" class=\"\" data-hash=\"#\">\n                                OP\u0141ATY\u00a0ZA  WARUNKI                             <\/a>\n                        <\/li>\n                                        <\/ul>\n            <\/div>\n\t        \t\t<div class=\"mn-content mn-grid-8\">\n\t\t\t                <div class=\"mn-content-block active\">\n\t                                                        <ul class=\"mn-accordion\">\n                                            <li>\n                                                <h4 class=\"mn-accordion-title\">Instrukcje<\/h4>\n                                                <div>\n\t\t\t\t\t\t\t\t\t                <p><a href=\"https:\/\/up.lublin.pl\/weterynaria\/wp-content\/uploads\/sites\/3\/2022\/11\/Instrukcja-nr-1-Weryfikacja-efektow-uczenia-sie.pdf\">Instrukcja nr 1 &#8211; Weryfikacja efekt\u00f3w uczenia si\u0119<\/a><\/p>\n<p><a href=\"https:\/\/up.lublin.pl\/weterynaria\/wp-content\/uploads\/sites\/3\/2021\/08\/Instrukcja-nr-2-Instrukcja-wspolpracy-z-otoczeniem-spoleczno-gospodarczym.pdf\">Instrukcja nr 2 &#8211; Instrukcja wsp\u00f3\u0142pracy z&nbsp;otoczeniem spo\u0142eczno-gospodarczym<\/a><\/p>\n<p><a href=\"https:\/\/up.lublin.pl\/weterynaria\/wp-content\/uploads\/sites\/3\/2021\/08\/Instrukcja-nr-3-Instrukcja-gromadzenia-i-udostepniania-informacji.pdf\">Instrukcja nr 3 &#8211; Instrukcja gromadzenia i&nbsp;udost\u0119pniania informacji<\/a><\/p>\n<p><a href=\"https:\/\/up.lublin.pl\/weterynaria\/wp-content\/uploads\/sites\/3\/2023\/09\/Instrukcja-nr-4-Instrukcja-przeprowadzania-hospitacji.pdf\">Instrukcja nr 4 &#8211; Instrukcja przeprowadzania hospitacji<\/a><\/p>\n<p><a href=\"https:\/\/up.lublin.pl\/weterynaria\/wp-content\/uploads\/sites\/3\/2021\/08\/Instrukcja-nr-5-Zapewnienie-jakosci-kadry-dydaktycznej.pdf\">Instrukcja nr 5 &#8211; Zapewnienie jako\u015bci kadry dydaktycznej<\/a><\/p>\n<p><a href=\"https:\/\/up.lublin.pl\/weterynaria\/wp-content\/uploads\/sites\/3\/2021\/08\/Instrukcja-nr-6-Instrukcja-przeprowadzania-ankietyzacji.pdf\">Instrukcja nr 6 &#8211; Instrukcja przeprowadzania ankietyzacji<\/a><\/p>\n<p><a href=\"https:\/\/up.lublin.pl\/weterynaria\/wp-content\/uploads\/sites\/3\/2021\/08\/Instrukcja-nr-7-Instrukcja-okresowej-weryfikacji-instrukcji.pdf\">Instrukcja nr 7 &#8211; Instrukcja okresowej weryfikacji instrukcji<\/a><\/p>\n<p><a href=\"https:\/\/up.lublin.pl\/weterynaria\/wp-content\/uploads\/sites\/3\/2021\/08\/Instrukcja-nr-8-Instrukcja-praktyk-programowych.pdf\">Instrukcja nr 8 &#8211; Instrukcja praktyk programowych<\/a><\/p>\n<p><a href=\"https:\/\/up.lublin.pl\/weterynaria\/wp-content\/uploads\/sites\/3\/2021\/08\/Instrukcja-nr-9-Instrukcja-oceny-bazy-materialnej-i-dydaktycznej.pdf\">Instrukcja nr 9 &#8211; Instrukcja oceny bazy materialnej i&nbsp;dydaktycznej<\/a><\/p>\n<p><a href=\"https:\/\/up.lublin.pl\/weterynaria\/wp-content\/uploads\/sites\/3\/2021\/08\/Instrukcja-nr-10-Rozwiazywanie-sytuacji-konfliktowych.pdf\">Instrukcja nr 10 &#8211; Rozwi\u0105zywanie sytuacji konfliktowych<\/a><\/p>\n<p><a href=\"https:\/\/up.lublin.pl\/weterynaria\/wp-content\/uploads\/sites\/3\/2022\/11\/Instrukcja-nr-11-Instrukcja-procesu-dyplomowania-na-studiach-I-stopnia.pdf\">Instrukcja nr 11 &#8211; Instrukcja procesu dyplomowania na studiach I&nbsp;stopnia<\/a><\/p>\n<p><a href=\"https:\/\/up.lublin.pl\/weterynaria\/wp-content\/uploads\/sites\/3\/2023\/02\/Instrukcja-nr-12-Instrukcja-procesu-dyplomowania-na-studiach-II-stopnia-2.pdf\">Instrukcja nr 12 &#8211; Instrukcja procesu dyplomowania na studiach II stopnia<\/a><\/p>\n<p><a href=\"https:\/\/up.lublin.pl\/weterynaria\/wp-content\/uploads\/sites\/3\/2022\/11\/Zalacznik-nr-1-do-Instrukcji-nr-12-zgoda-kierownika-jednostki.pdf\">Za\u0142\u0105cznik nr 1 do Instrukcji nr 12 &#8211; zgoda kierownika jednostki<\/a><\/p>\n<p><a href=\"https:\/\/up.lublin.pl\/weterynaria\/wp-content\/uploads\/sites\/3\/2022\/11\/Zalacznik-nr-2-do-Instrukcji-nr-12-ocena-opiekuna-naukowego.pdf\">Za\u0142\u0105cznik nr 2 do Instrukcji nr 12 &#8211; ocena opiekuna naukowego<\/a><\/p>\n<p><a href=\"https:\/\/up.lublin.pl\/weterynaria\/wp-content\/uploads\/sites\/3\/2022\/11\/Zalacznik-nr-3-do-Instrukcji-nr-12.pdf\">Za\u0142\u0105cznik nr 3 do Instrukcji nr 12<\/a><\/p>\n<p><a href=\"https:\/\/up.lublin.pl\/weterynaria\/wp-content\/uploads\/sites\/3\/2022\/11\/Zalacznik-nr-4-do-Instrukcji-nr-12-formularz-recenzji.pdf\">Za\u0142\u0105cznik nr 4 do Instrukcji nr 12 &#8211; formularz recenzji<\/a><\/p>\n                                                <\/div>\n                                            <\/li>\n                                        <\/ul>\n\t\t\t\t\t\t                                                        <ul class=\"mn-accordion\">\n                                            <li>\n                                                <h4 class=\"mn-accordion-title\">Formularze<\/h4>\n                                                <div>\n\t\t\t\t\t\t\t\t\t                <p><a href=\"https:\/\/up.lublin.pl\/weterynaria\/wp-content\/uploads\/sites\/3\/2021\/02\/ankieta_doktoranta.docx\">Ankieta doktoranta<\/a><\/p>\n<p><a href=\"https:\/\/up.lublin.pl\/weterynaria\/wp-content\/uploads\/sites\/3\/2021\/02\/ankieta_dyplomanta_kierunku_weterynaria.docx\">Ankieta dyplomanta kierunku weterynaria<\/a><\/p>\n<p><a href=\"https:\/\/up.lublin.pl\/weterynaria\/wp-content\/uploads\/sites\/3\/2023\/02\/zal._nr_3_ankieta_dyplomanta_2020-1.pdf\">Ankieta absolwenta<\/a><\/p>\n<p><a href=\"https:\/\/up.lublin.pl\/weterynaria\/wp-content\/uploads\/sites\/3\/2021\/02\/ankieta_pracownika_inzynieryjno-technicznego-_naukowo-technicznego.docx\">Ankieta pracownika in\u017cynieryjno-technicznego<\/a><\/p>\n<p><a href=\"https:\/\/up.lublin.pl\/weterynaria\/wp-content\/uploads\/sites\/3\/2021\/02\/ankieta_uczestnika_studiow_podyplomowych.docx\">Ankieta uczestnika studi\u00f3w podyplomowych<\/a><\/p>\n<p><a href=\"https:\/\/up.lublin.pl\/weterynaria\/wp-content\/uploads\/sites\/3\/2023\/09\/arkusz_hospitacyjny_nauczyciela_akademckiego.docx\">Arkusz hospitacyjny oceny pracy nauczyciela akademickiego<\/a><\/p>\n<p><a href=\"https:\/\/up.lublin.pl\/weterynaria\/wp-content\/uploads\/sites\/3\/2021\/02\/karta_nauczyciela_akademickiego.doc\">Karta nauczyciela akademickiego<\/a><\/p>\n<p><a href=\"https:\/\/up.lublin.pl\/weterynaria\/wp-content\/uploads\/sites\/3\/2021\/02\/sprawozdanie_z_konsultacji_z_przedstawicielami_otoczenia_spoleczno_-_gospodarczego.docx\">Sprawozdanie z&nbsp;konsultacji z&nbsp;przedstawicielami otoczenia spo\u0142eczno &#8211; gospodarczego<\/a><\/p>\n                                                <\/div>\n                                            <\/li>\n                                        <\/ul>\n\t\t\t\t\t\t                                                        <ul class=\"mn-accordion\">\n                                            <li>\n                                                <h4 class=\"mn-accordion-title\">Rady programowe<\/h4>\n                                                <div>\n\t\t\t\t\t\t\t\t\t                <p>Dla kierunku studi\u00f3w <strong>weterynaria<\/strong>:<\/p>\n<p>1. Przewodnicz\u0105cy:<\/p>\n<p><strong>prof. dr hab. Marcin Arciszewski<\/strong><\/p>\n<p>2 .Cz\u0142onkowie:<\/p>\n<ul>\n<li><strong>prof. dr hab. Roman D\u0105browski<\/strong><\/li>\n<li><strong>dr hab. Marek Szczubia\u0142, prof. uczelni<\/strong><\/li>\n<li><strong>dr hab. Piotr Listos, prof. uczelni<\/strong><\/li>\n<li><strong>dr hab. Ma\u0142gorzata Kapica<\/strong><\/li>\n<li><strong>lek. wet. Agnieszk Smyl\u00a0 &#8211; wojew\u00f3dzki lubelski lekarz weterynarii<\/strong><\/li>\n<li><strong>Przedstawicel student\u00f3w<\/strong><\/li>\n<\/ul>\n<p>\u00a0<\/p>\n<p>Dla kierunku studi\u00f3w <strong>analityka weterynaryjna<\/strong>:<\/p>\n<p>1. Przewodnicz\u0105ca:<\/p>\n<ul>\n<li><strong>dr hab. Mariola Bochniarz, prof. uczelni<\/strong><\/li>\n<\/ul>\n<p>2 .Cz\u0142onkowie:<\/p>\n<ul>\n<li><strong>dr hab. Dagmara St\u0119pie\u0144-Py\u015bniak, prof. uczelni<\/strong><\/li>\n<li><strong>dr Monika Ziomek<\/strong><\/li>\n<li><strong>dr Agnieszka Cha\u0142abis-Mazurek<\/strong><\/li>\n<li><strong>dr Przemys\u0142aw Zi\u0119ba &#8211; kierownik Zak\u0142adu Higieny Weterynaryjnej w&nbsp;Lublinie<\/strong><\/li>\n<li><strong>Przedstawiciel student\u00f3w studi\u00f3w I&nbsp;stopnia<\/strong><\/li>\n<li><strong>Przedstawiciel student\u00f3w studi\u00f3w II stopnia<\/strong><\/li>\n<\/ul>\n<p>\u00a0<\/p>\n                                                <\/div>\n                                            <\/li>\n                                        <\/ul>\n\t\t\t\t\t\t                                                        <ul class=\"mn-accordion\">\n                                            <li>\n                                                <h4 class=\"mn-accordion-title\">Ksi\u0119ga Jako\u015bci Kszta\u0142cenia<\/h4>\n                                                <div>\n\t\t\t\t\t\t\t\t\t                <p style=\"text-align: left\">Book of Education Quality<\/p>\n<p style=\"text-align: left\"><a href=\"https:\/\/up.lublin.pl\/weterynaria\/wp-content\/uploads\/sites\/3\/2023\/09\/Ksiega-Jakosci-Wydzialu-aktulizacja-13-wrzesien-23-.pdf\">Ksi\u0119ga Jako\u015bci Kszta\u0142cenia<\/a><\/p>\n<p style=\"text-align: left\"><a href=\"http:\/\/nowastrona.up.lublin.pl\/weterynaria\/wp-content\/uploads\/sites\/3\/2021\/02\/ulsl_poland_self_study_report_2015nowe2-1.pdf\">Self Study Report 2015<\/a><\/p>\n<p><a href=\"https:\/\/up.lublin.pl\/weterynaria\/wp-content\/uploads\/sites\/3\/2021\/04\/SER-FVM-ULS_.pdf\">Self Evaluation Report 2020<\/a><\/p>\n<p><a href=\"https:\/\/up.lublin.pl\/weterynaria\/wp-content\/uploads\/sites\/3\/2022\/11\/FinalReportLublinRV2021.pdf\">Final Report <\/a><\/p>\n                                                <\/div>\n                                            <\/li>\n                                        <\/ul>\n\t\t\t\t\t\t                                                        <ul class=\"mn-accordion\">\n                                            <li>\n                                                <h4 class=\"mn-accordion-title\">Raporty Wydzia\u0142owej Komisji ds. Jako\u015bci Kszta\u0142cenia<\/h4>\n                                                <div>\n\t\t\t\t\t\t\t\t\t                <p><a href=\"https:\/\/up.lublin.pl\/weterynaria\/wp-content\/uploads\/sites\/3\/2023\/04\/raport-2021-2022-skompresowany.pdf\">Raport dotycz\u0105cy dzia\u0142a\u0144 zwi\u0105zanych z&nbsp;zapewnieniem jako\u015bci kszta\u0142cenia oraz oceny jako\u015bci kszta\u0142cenia na Wydziale Medycyny Weterynaryjnej w&nbsp;roku akademickim 2021-2022<\/a><\/p>\n<p><a href=\"https:\/\/up.lublin.pl\/weterynaria\/wp-content\/uploads\/sites\/3\/2023\/04\/Tabela-1.pdf\">Za\u0142\u0105cznik 1<\/a> \u00a0\u00a0 <a href=\"https:\/\/up.lublin.pl\/weterynaria\/wp-content\/uploads\/sites\/3\/2023\/04\/Tabela-2.pdf\">Za\u0142\u0105cznik 2<\/a><\/p>\n<p><a href=\"https:\/\/up.lublin.pl\/weterynaria\/wp-content\/uploads\/sites\/3\/2022\/10\/Raport-2020-21-3.pdf\">Raport dotycz\u0105cy dzia\u0142a\u0144 zwi\u0105zanych z&nbsp;zapewnieniem jako\u015bci kszta\u0142cenia oraz oceny jako\u015bci kszta\u0142cenia na Wydziale Medycyny Weterynaryjnej w&nbsp;roku akademickim 2020-2021 <\/a><\/p>\n<p><a href=\"https:\/\/up.lublin.pl\/weterynaria\/wp-content\/uploads\/sites\/3\/2021\/04\/Raport-WKdsJK-za-rok-akademicki-2019-20-1.pdf\">Raport dotycz\u0105cy dzia\u0142a\u0144 zwi\u0105zanych z&nbsp;zapewnieniem jako\u015bci kszta\u0142cenia oraz oceny jako\u015bci kszta\u0142cenia na Wydziale Medycyny Weterynaryjnej w&nbsp;roku akademickim 2019-2020<\/a><\/p>\n<p><a href=\"https:\/\/up.lublin.pl\/weterynaria\/wp-content\/uploads\/sites\/3\/2021\/06\/Tabela-1-raport-19-20-1.pdf\">Za\u0142\u0105cznik nr 1\u00a0 <\/a>\u00a0\u00a0\u00a0\u00a0\u00a0 <a href=\"https:\/\/up.lublin.pl\/weterynaria\/wp-content\/uploads\/sites\/3\/2021\/06\/Tabela-2-raport-19-20.pdf\">Za\u0142\u0105cznik nr 2<\/a><\/p>\n<p><a href=\"https:\/\/up-old.up.lublin.pl\/files\/weterynaria\/Jakosc ksztalcenia\/2020\/raport_wydz_komisji_ds_jakosci_ksztalcenia_za_2018-19_ostatni.pdf\">Raport dotycz\u0105cy dzia\u0142a\u0144 zwi\u0105zanych z&nbsp;zapewnieniem jako\u015bci kszta\u0142cenia oraz oceny jako\u015bci kszta\u0142cenia na Wydziale Medycyny Weterynaryjnej w&nbsp;roku akademickim 2018-2019<\/a><\/p>\n<p><a href=\"https:\/\/up-old.up.lublin.pl\/files\/weterynaria\/Jakosc ksztalcenia\/2019\/raport_wkdsjk_za_rok_ak._2017-18.pdf\">Raport dotycz\u0105cy dzia\u0142a\u0144 zwi\u0105zanych z&nbsp;zapewnieniem jako\u015bci kszta\u0142cenia oraz oceny jako\u015bci kszta\u0142cenia na Wydziale Medycyny Weterynaryjnej w&nbsp;roku akademickim 2017-2018<\/a><\/p>\n<p><a href=\"https:\/\/up-old.up.lublin.pl\/files\/weterynaria\/Jakosc ksztalcenia\/2018\/raport_wkdsjk-_ocena_ksztalcenia_-_za_rok_akademicki_2016-17.pdf\">Raport dotycz\u0105cy dzia\u0142a\u0144 zwi\u0105zanych z&nbsp;zapewnieniem jako\u015bci kszta\u0142cenia oraz oceny jako\u015bci kszta\u0142cenia na Wydziale Medycyny Weterynaryjnej w&nbsp;roku akademickim 2016-2017<\/a><\/p>\n<p><a href=\"https:\/\/up-old.up.lublin.pl\/files\/weterynaria\/aktualnosci\/2017\/raport_wkdsjk-_ocena_ksztalcenia_-_za_rok_akademicki_2015-16.pdf\">Raport dotycz\u0105cy dzia\u0142a\u0144 zwi\u0105zanych z&nbsp;zapewnieniem jako\u015bci kszta\u0142cenia oraz oceny jako\u015bci kszta\u0142cenia na Wydziale Medycyny Weterynaryjnej w&nbsp;roku akademic<\/a><a href=\"https:\/\/up-old.up.lublin.pl\/files\/weterynaria\/aktualnosci\/2017\/raport_wkdsjk-_ocena_ksztalcenia_-_za_rok_akademicki_2015-16.pdf\">kim 2015-2016<\/a><\/p>\n<p><a href=\"https:\/\/up.lublin.pl\/weterynaria\/wp-content\/uploads\/sites\/3\/2025\/05\/Raport-23-242.pdf\">Raport komisji ds Jako\u015bci Kszta\u0142cenia za rok 2023-2024<\/a><\/p>\n                                                <\/div>\n                                            <\/li>\n                                        <\/ul>\n\t\t\t\t\t\t                                                        <ul class=\"mn-accordion\">\n                                            <li>\n                                                <h4 class=\"mn-accordion-title\">Sk\u0142ad Wydzia\u0142owej Komisji ds. Jako\u015bci Kszta\u0142cenia<\/h4>\n                                                <div>\n\t\t\t\t\t\t\t\t\t                <p>Dr hab. Joanna Wessely \u2013 Szponder prof. uczelni \u2013 przewodnicz\u0105ca<\/p>\n<p>Prof. dr hab. Izabela Polkowska<\/p>\n<p>Prof. dr hab. Roman D\u0105browski<\/p>\n<p>Dr hab. Sylwester Kowalik, prof. uczelni<\/p>\n<p>Dr hab. Leszek Guz, prof. uczelni<\/p>\n<p>Dr Tomasz Piech<\/p>\n<p>Martyna Fr\u0105tczak \u2013 przedstawiciel student\u00f3w<\/p>\n<p>lek. wet. Tomasz Brzana \u2013 przedstawiciel otoczenia spo\u0142eczno-gospodarczego<\/p>\n                                                <\/div>\n                                            <\/li>\n                                        <\/ul>\n\t\t\t\t\t\t                                                        <ul class=\"mn-accordion\">\n                                            <li>\n                                                <h4 class=\"mn-accordion-title\">Harmonogram dzia\u0142a\u0144 w&nbsp;zakresie doskonalenia jako\u015bci kszta\u0142cenia na Wydziale Medycyny Weterynaryjne UP w&nbsp;Lublinie w&nbsp;roku akademickim 2022\/2023<\/h4>\n                                                <div>\n\t\t\t\t\t\t\t\t\t                <p><a href=\"https:\/\/up.lublin.pl\/weterynaria\/wp-content\/uploads\/sites\/3\/2023\/03\/Harmonogram-dzialan-w-zakresie-doskonalenia-jakosci-ksztalcenia-na-Wydziale-Medycyny-Weterynaryjnej-UP-w-Lublinie-w-roku-akademickim-2022-23.pdf\">Harmonogram dzia\u0142a\u0144 w&nbsp;zakresie doskonalenia jako\u015bci kszta\u0142cenia na Wydziale Medycyny Weterynaryjnej UP w&nbsp;Lublinie w&nbsp;roku akademickim 2022\/2023<\/a><\/p>\n                                                <\/div>\n                                            <\/li>\n                                        <\/ul>\n\t\t\t\t\t\t                                <\/div>\n\t\t\t\t                <div class=\"mn-content-block\">\n\t                                                        <div class=\"block-text\">\n\t                                        <h4><strong>ROZK\u0141ADY ZAJ\u0118\u0106 SEMESTR LETNI 2025-2026<\/strong><\/h4>\n<p><span style=\"font-size: 16px\"><strong>WETERYNARIA\u00a0<br \/><\/strong><\/span><span style=\"font-size: 14px\"><strong>STUDIA STACJONARNE<\/strong><\/span><\/p>\n<table style=\"width: 89.6643%;height: 176px\" border=\"2\">\n<tbody>\n<tr style=\"height: 46px\">\n<td style=\"height: 46px;width: 35.4295%;text-align: center;vertical-align: middle\"><strong>\u00a0ROK STUDI\u00d3W<\/strong><\/td>\n<td style=\"height: 46px;width: 64.238%;text-align: center;vertical-align: middle\"><strong>ROZK\u0141ADY ZAJ\u0118\u0106<\/strong><\/td>\n<\/tr>\n<tr style=\"height: 23px\">\n<td style=\"height: 23px;width: 35.4295%;text-align: center;vertical-align: middle\"><strong>I<\/strong><\/td>\n<td style=\"height: 23px;width: 64.238%;text-align: center;vertical-align: middle\"><a href=\"https:\/\/up.lublin.pl\/weterynaria\/wp-content\/uploads\/sites\/3\/2026\/02\/1-rok-wet.-ST.pdf\">1 rok wet. ST<\/a><\/td>\n<\/tr>\n<tr style=\"height: 34px\">\n<td style=\"width: 35.4295%;text-align: center;vertical-align: middle;height: 34px\"><strong>II<\/strong><\/td>\n<td style=\"width: 64.238%;text-align: center;vertical-align: middle;height: 34px\"><a href=\"https:\/\/up.lublin.pl\/weterynaria\/wp-content\/uploads\/sites\/3\/2026\/02\/2-rok-wet.-ST.pdf\">2 rok wet. ST<\/a><\/td>\n<\/tr>\n<tr style=\"height: 23px\">\n<td style=\"height: 23px;width: 35.4295%;text-align: center;vertical-align: middle\"><strong>III<\/strong><\/td>\n<td style=\"height: 23px;width: 64.238%;text-align: center;vertical-align: middle\"><a href=\"https:\/\/up.lublin.pl\/weterynaria\/wp-content\/uploads\/sites\/3\/2026\/02\/korekta_3-rok-wet.-ST.pdf\">korekta_3 rok wet. ST<\/a><\/td>\n<\/tr>\n<tr style=\"height: 13px\">\n<td style=\"height: 13px;width: 35.4295%;text-align: center;vertical-align: middle\"><strong>IV<\/strong><\/td>\n<td style=\"height: 13px;width: 64.238%;text-align: center;vertical-align: middle\"><a href=\"https:\/\/up.lublin.pl\/weterynaria\/wp-content\/uploads\/sites\/3\/2026\/03\/korekta_4-rok-wet.-ST.pdf\">korekta_4 rok wet. ST<\/a><\/td>\n<\/tr>\n<tr style=\"height: 40px\">\n<td style=\"height: 37px;width: 35.4295%;text-align: center;vertical-align: middle\"><strong>V<\/strong><\/td>\n<td style=\"height: 37px;width: 64.238%;text-align: center;vertical-align: middle\"><a href=\"https:\/\/up.lublin.pl\/weterynaria\/wp-content\/uploads\/sites\/3\/2026\/03\/korekta_5-rok-wet.-ST.pdf\">korekta_5 rok wet. ST<\/a><\/td>\n<\/tr>\n<\/tbody>\n<\/table>\n<p><span style=\"font-size: 16px\"><strong>WETERYNARIA\u00a0<br \/><\/strong><\/span><span style=\"font-size: 14px\"><strong>STUDIA NIESTACJONARNE<\/strong><\/span><\/p>\n<table style=\"width: 89.4179%;height: 135px\" border=\"2\">\n<tbody>\n<tr style=\"height: 27px\">\n<td style=\"width: 14.9976%;text-align: center;vertical-align: middle;height: 27px\"><strong>\u00a0ROK STUDI\u00d3W<\/strong><\/td>\n<td style=\"width: 26.6843%;text-align: center;vertical-align: middle;height: 27px\"><strong>ROZK\u0141ADY ZAJ\u0118\u0106<\/strong><\/td>\n<\/tr>\n<tr style=\"height: 27px\">\n<td style=\"width: 14.9976%;text-align: center;vertical-align: middle;height: 27px\"><strong>I<\/strong><\/td>\n<td style=\"width: 26.6843%;text-align: center;vertical-align: middle;height: 27px\"><a href=\"https:\/\/up.lublin.pl\/weterynaria\/wp-content\/uploads\/sites\/3\/2026\/02\/1-rok-wet.-NS.pdf\">1 rok wet. NS<\/a><\/td>\n<\/tr>\n<tr style=\"height: 27px\">\n<td style=\"width: 14.9976%;text-align: center;vertical-align: middle;height: 27px\"><strong>II<\/strong><\/td>\n<td style=\"width: 26.6843%;text-align: center;vertical-align: middle;height: 27px\"><a href=\"https:\/\/up.lublin.pl\/weterynaria\/wp-content\/uploads\/sites\/3\/2026\/02\/2-rok-wet.-NS.pdf\">2 rok wet. NS<\/a><\/td>\n<\/tr>\n<tr style=\"height: 27px\">\n<td style=\"width: 14.9976%;text-align: center;vertical-align: middle;height: 27px\"><strong>III<\/strong><\/td>\n<td style=\"width: 26.6843%;text-align: center;vertical-align: middle;height: 27px\"><a href=\"https:\/\/up.lublin.pl\/weterynaria\/wp-content\/uploads\/sites\/3\/2026\/02\/korekta_3-rok-wet.-NS.pdf\">korekta_3 rok wet. NS<\/a><\/td>\n<\/tr>\n<tr style=\"height: 27px\">\n<td style=\"width: 14.9976%;text-align: center;vertical-align: middle;height: 27px\"><strong>IV<\/strong><\/td>\n<td style=\"width: 26.6843%;text-align: center;vertical-align: middle;height: 27px\"><a href=\"https:\/\/up.lublin.pl\/weterynaria\/wp-content\/uploads\/sites\/3\/2026\/03\/korekta_4-rok-wet.-NS.pdf\">korekta_4 rok wet. NS<\/a><\/td>\n<\/tr>\n<\/tbody>\n<\/table>\n<h4>\u00a0<\/h4>\n<p><strong><span style=\"font-size: 16px\">WETERYNARIA <br \/><span style=\"font-size: 14px\">STUDIA ANGLOJ\u0118ZYCZNE<\/span><\/span><\/strong><\/p>\n<table style=\"width: 89.3592%;height: 162px\" border=\"2\">\n<tbody>\n<tr style=\"height: 46px\">\n<td style=\"width: 30.8204%;height: 46px;text-align: center\"><strong>\u00a0ROK STUDI\u00d3W<\/strong><\/td>\n<td style=\"width: 64.965%;height: 46px;text-align: center\"><strong>ROZK\u0141ADY ZAJ\u0118\u0106<\/strong><\/td>\n<\/tr>\n<tr style=\"height: 23px\">\n<td style=\"width: 30.8204%;height: 23px;text-align: center\"><strong>I<\/strong><\/td>\n<td style=\"width: 64.965%;height: 23px;text-align: center\"><a href=\"https:\/\/up.lublin.pl\/weterynaria\/wp-content\/uploads\/sites\/3\/2026\/03\/korekta_1-rok-wet.-ang..pdf\">korekta_1 rok wet. ang.<\/a><\/td>\n<\/tr>\n<tr style=\"height: 23px\">\n<td style=\"width: 30.8204%;height: 23px;text-align: center\"><strong>II<\/strong><\/td>\n<td style=\"width: 64.965%;height: 23px;text-align: center\"><a href=\"https:\/\/up.lublin.pl\/weterynaria\/wp-content\/uploads\/sites\/3\/2026\/03\/korekta_2-rok-wet.-ang..pdf\">korekta_2 rok wet. ang.<\/a><\/td>\n<\/tr>\n<tr style=\"height: 23px\">\n<td style=\"width: 30.8204%;height: 23px;text-align: center\"><strong>III<br \/><\/strong><\/td>\n<td style=\"width: 64.965%;height: 23px;text-align: center\"><a href=\"https:\/\/up.lublin.pl\/weterynaria\/wp-content\/uploads\/sites\/3\/2026\/03\/korekta_3-rok-wet.-ang..pdf\">korekta_3 rok wet. ang.<\/a><\/td>\n<\/tr>\n<tr style=\"height: 46px\">\n<td style=\"width: 30.8204%;height: 32px;text-align: center\"><strong>IV<\/strong><\/td>\n<td style=\"width: 64.965%;height: 32px;text-align: center\"><a href=\"https:\/\/up.lublin.pl\/weterynaria\/wp-content\/uploads\/sites\/3\/2026\/02\/4-rok-wet.-ang..pdf\">4 rok wet. ang.<\/a><\/td>\n<\/tr>\n<tr style=\"height: 23px\">\n<td style=\"width: 30.8204%;text-align: center;height: 15px\"><strong>V<\/strong><\/td>\n<td style=\"width: 64.965%;text-align: center;height: 15px\"><a href=\"https:\/\/up.lublin.pl\/weterynaria\/wp-content\/uploads\/sites\/3\/2026\/03\/korekta_5-rok-wet.-ang..pdf\">korekta_5 rok wet. ang.<\/a><\/td>\n<\/tr>\n<\/tbody>\n<\/table>\n<p><span style=\"font-size: 16px\"><strong>ANALITYKA WETERYNARYJNA\u00a0<br \/><\/strong><\/span><span style=\"font-size: 14px\"><strong>STUDIA PIERWSZEGO STOPNIA<\/strong><\/span><\/p>\n<table style=\"width: 89.2075%;height: 117px\" border=\"2\">\n<tbody>\n<tr style=\"height: 46px\">\n<td style=\"text-align: center;vertical-align: middle;width: 31.2977%;height: 46px\"><strong>\u00a0ROK STUDI\u00d3W<\/strong><\/td>\n<td style=\"text-align: center;vertical-align: middle;width: 66.7939%;height: 46px\"><strong>ROZK\u0141ADY ZAJ\u0118\u0106<\/strong><\/td>\n<\/tr>\n<tr style=\"height: 23px\">\n<td style=\"text-align: center;vertical-align: middle;width: 31.2977%;height: 23px\"><strong>I<\/strong><\/td>\n<td style=\"text-align: center;vertical-align: middle;width: 66.7939%;height: 23px\"><a href=\"https:\/\/up.lublin.pl\/weterynaria\/wp-content\/uploads\/sites\/3\/2026\/02\/1-rok-ANALITYKI-pierwszy-stopien.pdf\">1 rok ANALITYKI pierwszy stopie\u0144<\/a><\/td>\n<\/tr>\n<tr style=\"height: 23px\">\n<td style=\"text-align: center;vertical-align: middle;width: 31.2977%;height: 25px\"><strong>II<\/strong><\/td>\n<td style=\"text-align: center;vertical-align: middle;width: 66.7939%;height: 25px\"><a href=\"https:\/\/up.lublin.pl\/weterynaria\/wp-content\/uploads\/sites\/3\/2026\/02\/2-rok-ANALITYKI-pierwszy-stopien.pdf\">2 rok ANALITYKI pierwszy stopie\u0144<\/a><\/td>\n<\/tr>\n<tr style=\"height: 23px\">\n<td style=\"text-align: center;vertical-align: middle;width: 31.2977%;height: 23px\"><strong>III<\/strong><\/td>\n<td style=\"text-align: center;vertical-align: middle;width: 66.7939%;height: 23px\"><a href=\"https:\/\/up.lublin.pl\/weterynaria\/wp-content\/uploads\/sites\/3\/2026\/02\/korekta_-3-rok-ANALITYKI-pierwszy-stopien.pdf\">korekta_ 3 rok ANALITYKI pierwszy stopie\u0144<\/a><\/td>\n<\/tr>\n<\/tbody>\n<\/table>\n<p><span style=\"font-size: 16px\"><strong>ANALITYKA WETERYNARYJNA\u00a0<br \/><\/strong><\/span><span style=\"font-size: 14px\"><strong>STUDIA DRUGIEGO STOPNIA<\/strong><\/span><\/p>\n<table style=\"width: 89.2452%;height: 134px\" border=\"2\">\n<tbody>\n<tr style=\"height: 27px\">\n<td style=\"width: 14.9976%;text-align: center;vertical-align: middle;height: 27px\"><strong>\u00a0ROK STUDI\u00d3W<\/strong><\/td>\n<td style=\"width: 26.4985%;text-align: center;vertical-align: middle;height: 27px\"><strong>ROZK\u0141ADY ZAJ\u0118\u0106<\/strong><\/td>\n<\/tr>\n<tr style=\"height: 27px\">\n<td style=\"width: 14.9976%;text-align: center;vertical-align: middle;height: 50px\"><strong>I<\/strong><\/td>\n<td style=\"width: 26.4985%;text-align: center;vertical-align: middle;height: 50px\"><a href=\"https:\/\/up.lublin.pl\/weterynaria\/wp-content\/uploads\/sites\/3\/2026\/02\/1-rok-ANALITYKA-drugi-st..pdf\">1 rok ANALITYKA drugi st.<\/a><\/td>\n<\/tr>\n<tr style=\"height: 57px\">\n<td style=\"width: 14.9976%;text-align: center;vertical-align: middle;height: 57px\"><strong>II<\/strong><\/td>\n<td style=\"width: 26.4985%;text-align: center;vertical-align: middle;height: 57px\"><a href=\"https:\/\/up.lublin.pl\/weterynaria\/wp-content\/uploads\/sites\/3\/2026\/02\/2-rok-ANALITYKI-drugi-st..pdf\">2 rok ANALITYKI drugi st.<\/a><\/td>\n<\/tr>\n<\/tbody>\n<\/table>\n<p style=\"text-align: left\">\u00a0<\/p>\n                                        <\/div>\n\t\t\t\t\t\t                                                        <ul class=\"mn-accordion\">\n                                            <li>\n                                                <h4 class=\"mn-accordion-title\">ROZK\u0141ADY ZAJ\u0118\u0106 SEMESTR ZIMOWY 2025-2026<\/h4>\n                                                <div>\n\t\t\t\t\t\t\t\t\t                <h4><strong>ROZK\u0141ADY ZAJ\u0118\u0106 SEMESTR ZIMOWY 2025-2026<\/strong><\/h4>\n<p><span style=\"font-size: 16px\"><strong>WETERYNARIA\u00a0<br \/><\/strong><\/span><span style=\"font-size: 14px\"><strong>STUDIA STACJONARNE<\/strong><\/span><\/p>\n<table style=\"width: 89.6643%;height: 199px\" border=\"2\">\n<tbody>\n<tr style=\"height: 46px\">\n<td style=\"height: 46px;width: 35.4295%;text-align: center;vertical-align: middle\"><strong>\u00a0ROK STUDI\u00d3W<\/strong><\/td>\n<td style=\"height: 46px;width: 64.238%;text-align: center;vertical-align: middle\"><strong>ROZK\u0141ADY ZAJ\u0118\u0106<\/strong><\/td>\n<\/tr>\n<tr style=\"height: 23px\">\n<td style=\"height: 23px;width: 35.4295%;text-align: center;vertical-align: middle\"><strong>I<\/strong><\/td>\n<td style=\"height: 23px;width: 64.238%;text-align: center;vertical-align: middle\"><a href=\"https:\/\/up.lublin.pl\/weterynaria\/wp-content\/uploads\/sites\/3\/2025\/09\/1-rok-wet.-ST.pdf\">1 rok wet. ST<\/a><\/td>\n<\/tr>\n<tr style=\"height: 34px\">\n<td style=\"width: 35.4295%;text-align: center;vertical-align: middle;height: 34px\"><strong>II<\/strong><\/td>\n<td style=\"width: 64.238%;text-align: center;vertical-align: middle;height: 34px\"><a href=\"https:\/\/up.lublin.pl\/weterynaria\/wp-content\/uploads\/sites\/3\/2025\/10\/2korekta_2-rok-wet.-ST.pdf\">2korekta_2 rok wet. ST<\/a><\/td>\n<\/tr>\n<tr style=\"height: 23px\">\n<td style=\"height: 23px;width: 35.4295%;text-align: center;vertical-align: middle\"><strong>III<\/strong><\/td>\n<td style=\"height: 23px;width: 64.238%;text-align: center;vertical-align: middle\"><a href=\"https:\/\/up.lublin.pl\/weterynaria\/wp-content\/uploads\/sites\/3\/2025\/09\/3-rok-wet.-ST.pdf\">3 rok wet. ST<\/a><\/td>\n<\/tr>\n<tr style=\"height: 13px\">\n<td style=\"height: 13px;width: 35.4295%;text-align: center;vertical-align: middle\"><strong>IV<\/strong><\/td>\n<td style=\"height: 13px;width: 64.238%;text-align: center;vertical-align: middle\"><a href=\"https:\/\/up.lublin.pl\/weterynaria\/wp-content\/uploads\/sites\/3\/2025\/09\/4-rok-wet.-ST.pdf\">4 rok wet. ST<\/a><\/td>\n<\/tr>\n<tr style=\"height: 40px\">\n<td style=\"height: 37px;width: 35.4295%;text-align: center;vertical-align: middle\"><strong>V<\/strong><\/td>\n<td style=\"height: 37px;width: 64.238%;text-align: center;vertical-align: middle\"><a href=\"https:\/\/up.lublin.pl\/weterynaria\/wp-content\/uploads\/sites\/3\/2025\/09\/5-rok-wet.-ST.pdf\">5 rok wet. ST<\/a><\/td>\n<\/tr>\n<tr style=\"height: 23px\">\n<td style=\"width: 35.4295%;text-align: center;vertical-align: middle;height: 23px\"><strong>VI<\/strong><\/td>\n<td style=\"width: 64.238%;text-align: center;vertical-align: middle;height: 23px\"><a href=\"https:\/\/up.lublin.pl\/weterynaria\/wp-content\/uploads\/sites\/3\/2025\/09\/6-rok-wet.-ST.pdf\">6 rok wet. ST<\/a><\/td>\n<\/tr>\n<\/tbody>\n<\/table>\n<p><span style=\"font-size: 16px\"><strong>WETERYNARIA\u00a0<br \/><\/strong><\/span><span style=\"font-size: 14px\"><strong>STUDIA NIESTACJONARNE<\/strong><\/span><\/p>\n<table style=\"width: 89.4179%;height: 135px\" border=\"2\">\n<tbody>\n<tr style=\"height: 27px\">\n<td style=\"width: 14.9976%;text-align: center;vertical-align: middle;height: 27px\"><strong>\u00a0ROK STUDI\u00d3W<\/strong><\/td>\n<td style=\"width: 26.6843%;text-align: center;vertical-align: middle;height: 27px\"><strong>ROZK\u0141ADY ZAJ\u0118\u0106<\/strong><\/td>\n<\/tr>\n<tr style=\"height: 27px\">\n<td style=\"width: 14.9976%;text-align: center;vertical-align: middle;height: 27px\"><strong>I<\/strong><\/td>\n<td style=\"width: 26.6843%;text-align: center;vertical-align: middle;height: 27px\"><a href=\"https:\/\/up.lublin.pl\/weterynaria\/wp-content\/uploads\/sites\/3\/2025\/10\/korekta_1-rok-wet.-NS.pdf\">korekta_1 rok wet. NS<\/a><\/td>\n<\/tr>\n<tr style=\"height: 27px\">\n<td style=\"width: 14.9976%;text-align: center;vertical-align: middle;height: 27px\"><strong>II<\/strong><\/td>\n<td style=\"width: 26.6843%;text-align: center;vertical-align: middle;height: 27px\"><a href=\"https:\/\/up.lublin.pl\/weterynaria\/wp-content\/uploads\/sites\/3\/2025\/10\/korekta_2-rok-wet.-NS.pdf\">korekta_2 rok wet. NS<\/a><\/td>\n<\/tr>\n<tr style=\"height: 27px\">\n<td style=\"width: 14.9976%;text-align: center;vertical-align: middle;height: 27px\"><strong>III<\/strong><\/td>\n<td style=\"width: 26.6843%;text-align: center;vertical-align: middle;height: 27px\"><a href=\"https:\/\/up.lublin.pl\/weterynaria\/wp-content\/uploads\/sites\/3\/2025\/09\/3-rok-wet.-NS.pdf\">3 rok wet. NS<\/a><\/td>\n<\/tr>\n<tr style=\"height: 27px\">\n<td style=\"width: 14.9976%;text-align: center;vertical-align: middle;height: 27px\"><strong>IV<\/strong><\/td>\n<td style=\"width: 26.6843%;text-align: center;vertical-align: middle;height: 27px\"><a href=\"https:\/\/up.lublin.pl\/weterynaria\/wp-content\/uploads\/sites\/3\/2025\/09\/4-rok-wet.-NS.pdf\">4 rok wet. NS<\/a><\/td>\n<\/tr>\n<\/tbody>\n<\/table>\n<h4>\u00a0<\/h4>\n<p><strong><span style=\"font-size: 16px\">WETERYNARIA <br \/><span style=\"font-size: 14px\">STUDIA ANGLOJ\u0118ZYCZNE<\/span><\/span><\/strong><\/p>\n<table style=\"width: 89.3592%;height: 162px\" border=\"2\">\n<tbody>\n<tr style=\"height: 46px\">\n<td style=\"width: 30.8204%;height: 46px;text-align: center\"><strong>\u00a0ROK STUDI\u00d3W<\/strong><\/td>\n<td style=\"width: 64.965%;height: 46px;text-align: center\"><strong>ROZK\u0141ADY ZAJ\u0118\u0106<\/strong><\/td>\n<\/tr>\n<tr style=\"height: 23px\">\n<td style=\"width: 30.8204%;height: 23px;text-align: center\"><strong>I<\/strong><\/td>\n<td style=\"width: 64.965%;height: 23px;text-align: center\"><a href=\"https:\/\/up.lublin.pl\/weterynaria\/wp-content\/uploads\/sites\/3\/2025\/09\/1-rok-wet.-ang..pdf\">1 rok wet. ang.<\/a><\/td>\n<\/tr>\n<tr style=\"height: 23px\">\n<td style=\"width: 30.8204%;height: 23px;text-align: center\"><strong>II<\/strong><\/td>\n<td style=\"width: 64.965%;height: 23px;text-align: center\"><a href=\"https:\/\/up.lublin.pl\/weterynaria\/wp-content\/uploads\/sites\/3\/2025\/09\/2-rok-wet.-ang..pdf\">2 rok wet. ang.<\/a><\/td>\n<\/tr>\n<tr style=\"height: 23px\">\n<td style=\"width: 30.8204%;height: 23px;text-align: center\"><strong>III<br \/><\/strong><\/td>\n<td style=\"width: 64.965%;height: 23px;text-align: center\"><a href=\"https:\/\/up.lublin.pl\/weterynaria\/wp-content\/uploads\/sites\/3\/2025\/10\/3-rok-wet.-ang._korekta13.10.25r..pdf\">3 rok wet. ang._korekta13.10.25r.<\/a><\/td>\n<\/tr>\n<tr style=\"height: 46px\">\n<td style=\"width: 30.8204%;height: 32px;text-align: center\"><strong>IV<\/strong><\/td>\n<td style=\"width: 64.965%;height: 32px;text-align: center\"><a href=\"https:\/\/up.lublin.pl\/weterynaria\/wp-content\/uploads\/sites\/3\/2025\/09\/4-korekta_rok-wet.-ang..pdf\">4 korekta_rok wet. ang.<\/a><\/td>\n<\/tr>\n<tr style=\"height: 23px\">\n<td style=\"width: 30.8204%;text-align: center;height: 15px\"><strong>V<\/strong><\/td>\n<td style=\"width: 64.965%;text-align: center;height: 15px\"><a href=\"https:\/\/up.lublin.pl\/weterynaria\/wp-content\/uploads\/sites\/3\/2025\/09\/5-rok-wet.-ang..pdf\">5 rok wet. ang.<\/a><\/td>\n<\/tr>\n<tr>\n<td style=\"width: 30.8204%;text-align: center\"><strong>VI<\/strong><\/td>\n<td style=\"width: 64.965%;text-align: center\"><a href=\"https:\/\/up.lublin.pl\/weterynaria\/wp-content\/uploads\/sites\/3\/2025\/09\/6-rok-wet.-ang..pdf\">6 rok wet. ang.<\/a><\/td>\n<\/tr>\n<\/tbody>\n<\/table>\n<p><span style=\"font-size: 16px\"><strong>ANALITYKA WETERYNARYJNA\u00a0<br \/><\/strong><\/span><span style=\"font-size: 14px\"><strong>STUDIA PIERWSZEGO STOPNIA<\/strong><\/span><\/p>\n<table style=\"width: 89.2075%;height: 117px\" border=\"2\">\n<tbody>\n<tr style=\"height: 46px\">\n<td style=\"text-align: center;vertical-align: middle;width: 31.2977%;height: 46px\"><strong>\u00a0ROK STUDI\u00d3W<\/strong><\/td>\n<td style=\"text-align: center;vertical-align: middle;width: 66.7939%;height: 46px\"><strong>ROZK\u0141ADY ZAJ\u0118\u0106<\/strong><\/td>\n<\/tr>\n<tr style=\"height: 23px\">\n<td style=\"text-align: center;vertical-align: middle;width: 31.2977%;height: 23px\"><strong>I<\/strong><\/td>\n<td style=\"text-align: center;vertical-align: middle;width: 66.7939%;height: 23px\"><a href=\"https:\/\/up.lublin.pl\/weterynaria\/wp-content\/uploads\/sites\/3\/2025\/09\/1-rok-analityki-I-st..pdf\">1 rok analityki I&nbsp;st.<\/a><\/td>\n<\/tr>\n<tr style=\"height: 23px\">\n<td style=\"text-align: center;vertical-align: middle;width: 31.2977%;height: 25px\"><strong>II<\/strong><\/td>\n<td style=\"text-align: center;vertical-align: middle;width: 66.7939%;height: 25px\"><a href=\"https:\/\/up.lublin.pl\/weterynaria\/wp-content\/uploads\/sites\/3\/2025\/09\/2-rok-analityki-I-st..pdf\">2 rok analityki I&nbsp;st.<\/a><\/td>\n<\/tr>\n<tr style=\"height: 23px\">\n<td style=\"text-align: center;vertical-align: middle;width: 31.2977%;height: 23px\"><strong>III<\/strong><\/td>\n<td style=\"text-align: center;vertical-align: middle;width: 66.7939%;height: 23px\"><a href=\"https:\/\/up.lublin.pl\/weterynaria\/wp-content\/uploads\/sites\/3\/2025\/10\/ostatnia-korekta-3-rok-analityki-I-st.pdf\">ostatnia korekta 3 rok analityki I&nbsp;st<\/a><\/td>\n<\/tr>\n<\/tbody>\n<\/table>\n<p><span style=\"font-size: 16px\"><strong>ANALITYKA WETERYNARYJNA\u00a0<br \/><\/strong><\/span><span style=\"font-size: 14px\"><strong>STUDIA DRUGIEGO STOPNIA<\/strong><\/span><\/p>\n<table style=\"width: 89.2452%;height: 134px\" border=\"2\">\n<tbody>\n<tr style=\"height: 27px\">\n<td style=\"width: 14.9976%;text-align: center;vertical-align: middle;height: 27px\"><strong>\u00a0ROK STUDI\u00d3W<\/strong><\/td>\n<td style=\"width: 26.4985%;text-align: center;vertical-align: middle;height: 27px\"><strong>ROZK\u0141ADY ZAJ\u0118\u0106<\/strong><\/td>\n<\/tr>\n<tr style=\"height: 27px\">\n<td style=\"width: 14.9976%;text-align: center;vertical-align: middle;height: 50px\"><strong>I<\/strong><\/td>\n<td style=\"width: 26.4985%;text-align: center;vertical-align: middle;height: 50px\"><a href=\"https:\/\/up.lublin.pl\/weterynaria\/wp-content\/uploads\/sites\/3\/2025\/10\/nowy-plan_1-rok-analityki-II-st..pdf\">nowy plan_1 rok analityki II st.<\/a><\/td>\n<\/tr>\n<tr style=\"height: 57px\">\n<td style=\"width: 14.9976%;text-align: center;vertical-align: middle;height: 57px\"><strong>II<\/strong><\/td>\n<td style=\"width: 26.4985%;text-align: center;vertical-align: middle;height: 57px\"><a href=\"https:\/\/up.lublin.pl\/weterynaria\/wp-content\/uploads\/sites\/3\/2025\/09\/2-rok-analityki-II-st..pdf\">2 rok analityki II st.<\/a><\/td>\n<\/tr>\n<\/tbody>\n<\/table>\n<p style=\"text-align: left\">\u00a0<\/p>\n                                                <\/div>\n                                            <\/li>\n                                        <\/ul>\n\t\t\t\t\t\t                                                        <ul class=\"mn-accordion\">\n                                            <li>\n                                                <h4 class=\"mn-accordion-title\">ROZK\u0141ADY ZAJ\u0118\u0106 SEMESTR LETNI 2024-2025<\/h4>\n                                                <div>\n\t\t\t\t\t\t\t\t\t                <h4><strong>ROZK\u0141ADY ZAJ\u0118\u0106 SEMESTR LETNI 2024-2025<\/strong><\/h4>\n<p>\u00a0<\/p>\n<p><span style=\"font-size: 16px\"><strong>WETERYNARIA\u00a0<br \/><\/strong><\/span><span style=\"font-size: 14px\"><strong>STUDIA STACJONARNE<\/strong><\/span><\/p>\n<table style=\"width: 89.6643%;height: 176px\" border=\"2\">\n<tbody>\n<tr style=\"height: 46px\">\n<td style=\"height: 46px;width: 35.4295%;text-align: center;vertical-align: middle\"><strong>\u00a0ROK STUDI\u00d3W<\/strong><\/td>\n<td style=\"height: 46px;width: 64.238%;text-align: center;vertical-align: middle\"><strong>ROZK\u0141ADY ZAJ\u0118\u0106<\/strong><\/td>\n<\/tr>\n<tr style=\"height: 23px\">\n<td style=\"height: 23px;width: 35.4295%;text-align: center;vertical-align: middle\"><strong>I<\/strong><\/td>\n<td style=\"height: 23px;width: 64.238%;text-align: center;vertical-align: middle\"><a href=\"https:\/\/up.lublin.pl\/weterynaria\/wp-content\/uploads\/sites\/3\/2025\/03\/korekta_1-rok-wet.-ST.pdf\">korekta_1 rok wet. ST<\/a><\/td>\n<\/tr>\n<tr style=\"height: 34px\">\n<td style=\"width: 35.4295%;text-align: center;vertical-align: middle;height: 34px\"><strong>II<\/strong><\/td>\n<td style=\"width: 64.238%;text-align: center;vertical-align: middle;height: 34px\"><a href=\"https:\/\/up.lublin.pl\/weterynaria\/wp-content\/uploads\/sites\/3\/2025\/03\/2-rok-wet.-ST-Korekta.pdf\">2 rok wet. ST &#8211; Korekta<\/a><\/td>\n<\/tr>\n<tr style=\"height: 23px\">\n<td style=\"height: 23px;width: 35.4295%;text-align: center;vertical-align: middle\"><strong>III<\/strong><\/td>\n<td style=\"height: 23px;width: 64.238%;text-align: center;vertical-align: middle\"><a href=\"https:\/\/up.lublin.pl\/weterynaria\/wp-content\/uploads\/sites\/3\/2025\/02\/3-rok-wet-ST.pdf\">3 rok wet ST<\/a><\/td>\n<\/tr>\n<tr style=\"height: 13px\">\n<td style=\"height: 13px;width: 35.4295%;text-align: center;vertical-align: middle\"><strong>IV<\/strong><\/td>\n<td style=\"height: 13px;width: 64.238%;text-align: center;vertical-align: middle\"><a href=\"https:\/\/up.lublin.pl\/weterynaria\/wp-content\/uploads\/sites\/3\/2025\/02\/4-rok-wet.-ST.pdf\">4 rok wet. ST<\/a><\/td>\n<\/tr>\n<tr style=\"height: 40px\">\n<td style=\"height: 37px;width: 35.4295%;text-align: center;vertical-align: middle\"><strong>V<\/strong><\/td>\n<td style=\"height: 37px;width: 64.238%;text-align: center;vertical-align: middle\"><a href=\"https:\/\/up.lublin.pl\/weterynaria\/wp-content\/uploads\/sites\/3\/2025\/02\/korekta_-5-rok-wet..pdf\">korekta_ 5 rok wet.<\/a><\/td>\n<\/tr>\n<\/tbody>\n<\/table>\n<p>\u00a0<\/p>\n<p><span style=\"font-size: 16px\"><strong>WETERYNARIA\u00a0<br \/><\/strong><\/span><span style=\"font-size: 14px\"><strong>STUDIA NIESTACJONARNE<\/strong><\/span><\/p>\n<table style=\"width: 89.4179%;height: 135px\" border=\"2\">\n<tbody>\n<tr style=\"height: 27px\">\n<td style=\"width: 14.9976%;text-align: center;vertical-align: middle;height: 27px\"><strong>\u00a0ROK STUDI\u00d3W<\/strong><\/td>\n<td style=\"width: 26.6843%;text-align: center;vertical-align: middle;height: 27px\"><strong>ROZK\u0141ADY ZAJ\u0118\u0106<\/strong><\/td>\n<\/tr>\n<tr style=\"height: 27px\">\n<td style=\"width: 14.9976%;text-align: center;vertical-align: middle;height: 27px\"><strong>I<\/strong><\/td>\n<td style=\"width: 26.6843%;text-align: center;vertical-align: middle;height: 27px\"><a href=\"https:\/\/up.lublin.pl\/weterynaria\/wp-content\/uploads\/sites\/3\/2025\/03\/korekta_1-rok-wet.-NS.pdf\">korekta_1 rok wet. NS<\/a><\/td>\n<\/tr>\n<tr style=\"height: 27px\">\n<td style=\"width: 14.9976%;text-align: center;vertical-align: middle;height: 27px\"><strong>II<\/strong><\/td>\n<td style=\"width: 26.6843%;text-align: center;vertical-align: middle;height: 27px\"><a href=\"https:\/\/up.lublin.pl\/weterynaria\/wp-content\/uploads\/sites\/3\/2025\/03\/2-rok-wet.-NS-Korekta.pdf\">2 rok wet. NS &#8211; Korekta<\/a><\/td>\n<\/tr>\n<tr style=\"height: 27px\">\n<td style=\"width: 14.9976%;text-align: center;vertical-align: middle;height: 27px\"><strong>III<\/strong><\/td>\n<td style=\"width: 26.6843%;text-align: center;vertical-align: middle;height: 27px\"><a href=\"https:\/\/up.lublin.pl\/weterynaria\/wp-content\/uploads\/sites\/3\/2025\/02\/3-rok-wet-NS.pdf\">3 rok wet NS<\/a><\/td>\n<\/tr>\n<tr style=\"height: 27px\">\n<td style=\"width: 14.9976%;text-align: center;vertical-align: middle;height: 27px\"><strong>IV<\/strong><\/td>\n<td style=\"width: 26.6843%;text-align: center;vertical-align: middle;height: 27px\"><a href=\"https:\/\/up.lublin.pl\/weterynaria\/wp-content\/uploads\/sites\/3\/2025\/03\/korekta_4-wet.-NS.pdf\">korekta_4 wet. NS<\/a><\/td>\n<\/tr>\n<\/tbody>\n<\/table>\n<h4>\u00a0<\/h4>\n<p>\u00a0<\/p>\n<p><strong><span style=\"font-size: 16px\">WETERYNARIA <br \/><span style=\"font-size: 14px\">STUDIA ANGLOJ\u0118ZYCZNE<\/span><\/span><\/strong><\/p>\n<table style=\"width: 89.3592%;height: 162px\" border=\"2\">\n<tbody>\n<tr style=\"height: 46px\">\n<td style=\"width: 30.8204%;height: 46px;text-align: center\"><strong>\u00a0ROK STUDI\u00d3W<\/strong><\/td>\n<td style=\"width: 64.965%;height: 46px;text-align: center\"><strong>ROZK\u0141ADY ZAJ\u0118\u0106<\/strong><\/td>\n<\/tr>\n<tr style=\"height: 23px\">\n<td style=\"width: 30.8204%;height: 23px;text-align: center\"><strong>I<\/strong><\/td>\n<td style=\"width: 64.965%;height: 23px;text-align: center\"><a href=\"https:\/\/up.lublin.pl\/weterynaria\/wp-content\/uploads\/sites\/3\/2025\/02\/1-rok-wet.-ang..pdf\">1 rok wet. ang.<\/a><\/td>\n<\/tr>\n<tr style=\"height: 23px\">\n<td style=\"width: 30.8204%;height: 23px;text-align: center\"><strong>II<\/strong><\/td>\n<td style=\"width: 64.965%;height: 23px;text-align: center\"><a href=\"https:\/\/up.lublin.pl\/weterynaria\/wp-content\/uploads\/sites\/3\/2025\/03\/korekta_2-rok-wet.-ANG..pdf\">korekta_2 rok wet. ANG.<\/a><\/td>\n<\/tr>\n<tr style=\"height: 23px\">\n<td style=\"width: 30.8204%;height: 23px;text-align: center\"><strong>III<br \/><\/strong><\/td>\n<td style=\"width: 64.965%;height: 23px;text-align: center\"><a href=\"https:\/\/up.lublin.pl\/weterynaria\/wp-content\/uploads\/sites\/3\/2025\/02\/korekta_3-rok-wet.-ang..pdf\">korekta_3 rok wet. ang.<\/a><\/td>\n<\/tr>\n<tr style=\"height: 46px\">\n<td style=\"width: 30.8204%;height: 32px;text-align: center\"><strong>IV<\/strong><\/td>\n<td style=\"width: 64.965%;height: 32px;text-align: center\"><a href=\"https:\/\/up.lublin.pl\/weterynaria\/wp-content\/uploads\/sites\/3\/2025\/02\/2_korekta_4-rok-wet.-ang..pdf\">2_korekta_4 rok wet. ang.<\/a><\/td>\n<\/tr>\n<tr style=\"height: 23px\">\n<td style=\"width: 30.8204%;text-align: center;height: 15px\"><strong>V<\/strong><\/td>\n<td style=\"width: 64.965%;text-align: center;height: 15px\"><a href=\"https:\/\/up.lublin.pl\/weterynaria\/wp-content\/uploads\/sites\/3\/2025\/02\/5-rok-wet.-ang..pdf\">5 rok wet. ang.<\/a><\/td>\n<\/tr>\n<\/tbody>\n<\/table>\n<p>\u00a0<\/p>\n<p><span style=\"font-size: 16px\"><strong>ANALITYKA WETERYNARYJNA\u00a0<br \/><\/strong><\/span><span style=\"font-size: 14px\"><strong>STUDIA PIERWSZEGO STOPNIA<\/strong><\/span><\/p>\n<table style=\"width: 89.2075%;height: 117px\" border=\"2\">\n<tbody>\n<tr style=\"height: 46px\">\n<td style=\"text-align: center;vertical-align: middle;width: 31.2977%;height: 46px\"><strong>\u00a0ROK STUDI\u00d3W<\/strong><\/td>\n<td style=\"text-align: center;vertical-align: middle;width: 66.7939%;height: 46px\"><strong>ROZK\u0141ADY ZAJ\u0118\u0106<\/strong><\/td>\n<\/tr>\n<tr style=\"height: 23px\">\n<td style=\"text-align: center;vertical-align: middle;width: 31.2977%;height: 23px\"><strong>I<\/strong><\/td>\n<td style=\"text-align: center;vertical-align: middle;width: 66.7939%;height: 23px\"><a href=\"https:\/\/up.lublin.pl\/weterynaria\/wp-content\/uploads\/sites\/3\/2025\/02\/1-Gr_korekta_Analityka-1-rok_I-st..pdf\">1 Gr_korekta_Analityka 1 rok_I st.<\/a><\/td>\n<\/tr>\n<tr style=\"height: 23px\">\n<td style=\"text-align: center;vertical-align: middle;width: 31.2977%;height: 25px\"><strong>II<\/strong><\/td>\n<td style=\"text-align: center;vertical-align: middle;width: 66.7939%;height: 25px\"><a href=\"https:\/\/up.lublin.pl\/weterynaria\/wp-content\/uploads\/sites\/3\/2025\/02\/korekta_Analityka-2-rok_I-st..pdf\">korekta_Analityka 2 rok_I st.<\/a><\/td>\n<\/tr>\n<tr style=\"height: 23px\">\n<td style=\"text-align: center;vertical-align: middle;width: 31.2977%;height: 23px\"><strong>III<\/strong><\/td>\n<td style=\"text-align: center;vertical-align: middle;width: 66.7939%;height: 23px\"><a href=\"https:\/\/up.lublin.pl\/weterynaria\/wp-content\/uploads\/sites\/3\/2025\/02\/3-rok-Analityki-I-stopien.pdf\">3 rok Analityki I&nbsp;stopie\u0144<\/a><\/td>\n<\/tr>\n<\/tbody>\n<\/table>\n<p>\u00a0<\/p>\n<p><span style=\"font-size: 16px\"><strong>ANALITYKA WETERYNARYJNA\u00a0<br \/><\/strong><\/span><span style=\"font-size: 14px\"><strong>STUDIA DRUGIEGO STOPNIA<\/strong><\/span><\/p>\n<table style=\"width: 89.2452%;height: 134px\" border=\"2\">\n<tbody>\n<tr style=\"height: 27px\">\n<td style=\"width: 14.9976%;text-align: center;vertical-align: middle;height: 27px\"><strong>\u00a0ROK STUDI\u00d3W<\/strong><\/td>\n<td style=\"width: 26.4985%;text-align: center;vertical-align: middle;height: 27px\"><strong>ROZK\u0141ADY ZAJ\u0118\u0106<\/strong><\/td>\n<\/tr>\n<tr style=\"height: 27px\">\n<td style=\"width: 14.9976%;text-align: center;vertical-align: middle;height: 50px\"><strong>I<\/strong><\/td>\n<td style=\"width: 26.4985%;text-align: center;vertical-align: middle;height: 50px\"><a href=\"https:\/\/up.lublin.pl\/weterynaria\/wp-content\/uploads\/sites\/3\/2025\/02\/1-rok-Analityki-II-stopien.pdf\">1 rok Analityki II stopie\u0144<\/a><\/td>\n<\/tr>\n<tr style=\"height: 57px\">\n<td style=\"width: 14.9976%;text-align: center;vertical-align: middle;height: 57px\"><strong>II<\/strong><\/td>\n<td style=\"width: 26.4985%;text-align: center;vertical-align: middle;height: 57px\"><a href=\"https:\/\/up.lublin.pl\/weterynaria\/wp-content\/uploads\/sites\/3\/2025\/02\/2-rok-Analityki-II-stopien.pdf\">2 rok Analityki II stopie\u0144<\/a><\/td>\n<\/tr>\n<\/tbody>\n<\/table>\n<p style=\"text-align: left\">\u00a0<\/p>\n                                                <\/div>\n                                            <\/li>\n                                        <\/ul>\n\t\t\t\t\t\t                                                        <ul class=\"mn-accordion\">\n                                            <li>\n                                                <h4 class=\"mn-accordion-title\">ROZK\u0141ADY ZAJ\u0118\u0106 SEMESTR ZIMOWY 2024-2025<\/h4>\n                                                <div>\n\t\t\t\t\t\t\t\t\t                <p><span style=\"font-size: 16px\"><strong>WETERYNARIA\u00a0<\/strong><\/span><\/p>\n<p><span style=\"font-size: 14px\"><strong>STUDIA STACJONARNE<\/strong><\/span><\/p>\n<table style=\"width: 89.6643%;height: 176px\" border=\"2\">\n<tbody>\n<tr style=\"height: 46px\">\n<td style=\"height: 46px;width: 35.4295%;text-align: center;vertical-align: middle\"><strong>\u00a0ROK STUDI\u00d3W<\/strong><\/td>\n<td style=\"height: 46px;width: 64.238%;text-align: center;vertical-align: middle\"><strong>ROZK\u0141ADY ZAJ\u0118\u0106<\/strong><\/td>\n<\/tr>\n<tr style=\"height: 23px\">\n<td style=\"height: 23px;width: 35.4295%;text-align: center;vertical-align: middle\"><strong>I<\/strong><\/td>\n<td style=\"height: 23px;width: 64.238%;text-align: center;vertical-align: middle\"><a href=\"https:\/\/up.lublin.pl\/weterynaria\/wp-content\/uploads\/sites\/3\/2024\/10\/NOWY-1-rok-wet.-ST.pdf\">NOWY-1-rok-wet.-ST<\/a><\/td>\n<\/tr>\n<tr style=\"height: 34px\">\n<td style=\"width: 35.4295%;text-align: center;vertical-align: middle;height: 34px\"><strong>II<\/strong><\/td>\n<td style=\"width: 64.238%;text-align: center;vertical-align: middle;height: 34px\"><a href=\"https:\/\/up.lublin.pl\/weterynaria\/wp-content\/uploads\/sites\/3\/2024\/09\/2-rok-wet.-ST.pdf\">2 rok wet. ST<\/a><\/td>\n<\/tr>\n<tr style=\"height: 23px\">\n<td style=\"height: 23px;width: 35.4295%;text-align: center;vertical-align: middle\"><strong>III<\/strong><\/td>\n<td style=\"height: 23px;width: 64.238%;text-align: center;vertical-align: middle\"><a href=\"https:\/\/up.lublin.pl\/weterynaria\/wp-content\/uploads\/sites\/3\/2024\/09\/3-rok-wet.-ST-gr.-dodatkowe.pdf\">3 rok wet. ST gr. dodatkowe<\/a><\/td>\n<\/tr>\n<tr style=\"height: 13px\">\n<td style=\"height: 13px;width: 35.4295%;text-align: center;vertical-align: middle\"><strong>IV<\/strong><\/td>\n<td style=\"height: 13px;width: 64.238%;text-align: center;vertical-align: middle\"><a href=\"https:\/\/up.lublin.pl\/weterynaria\/wp-content\/uploads\/sites\/3\/2024\/09\/4-rok-wet.-ST-korekta-1.pdf\">4 rok wet. ST &#8211; korekta-1<\/a><\/td>\n<\/tr>\n<tr style=\"height: 40px\">\n<td style=\"height: 37px;width: 35.4295%;text-align: center;vertical-align: middle\"><strong>V<\/strong><\/td>\n<td style=\"height: 37px;width: 64.238%;text-align: center;vertical-align: middle\"><a href=\"https:\/\/up.lublin.pl\/weterynaria\/wp-content\/uploads\/sites\/3\/2024\/09\/5-rok-wet.-ST.pdf\">5 rok wet. ST<\/a><\/td>\n<\/tr>\n<tr>\n<td style=\"width: 35.4295%;text-align: center;vertical-align: middle\"><strong>VI<\/strong><\/td>\n<td style=\"width: 64.238%;text-align: center;vertical-align: middle\"><a href=\"https:\/\/up.lublin.pl\/weterynaria\/wp-content\/uploads\/sites\/3\/2024\/09\/6-rok-wet.-ST.pdf\">6 rok wet. ST<\/a><\/td>\n<\/tr>\n<\/tbody>\n<\/table>\n<p><span style=\"font-size: 14px\"><strong>STUDIA NIESTACJONARNE<\/strong><\/span><\/p>\n<table style=\"width: 89.4179%;height: 135px\" border=\"2\">\n<tbody>\n<tr style=\"height: 27px\">\n<td style=\"width: 14.9976%;text-align: center;vertical-align: middle;height: 27px\"><strong>\u00a0ROK STUDI\u00d3W<\/strong><\/td>\n<td style=\"width: 26.6843%;text-align: center;vertical-align: middle;height: 27px\"><strong>ROZK\u0141ADY ZAJ\u0118\u0106<\/strong><\/td>\n<\/tr>\n<tr style=\"height: 27px\">\n<td style=\"width: 14.9976%;text-align: center;vertical-align: middle;height: 27px\"><strong>I<\/strong><\/td>\n<td style=\"width: 26.6843%;text-align: center;vertical-align: middle;height: 27px\"><a href=\"https:\/\/up.lublin.pl\/weterynaria\/wp-content\/uploads\/sites\/3\/2024\/10\/NOWY-1-rok-wet.-NS.pdf\">NOWY-1-rok-wet.-NS<\/a><\/td>\n<\/tr>\n<tr style=\"height: 27px\">\n<td style=\"width: 14.9976%;text-align: center;vertical-align: middle;height: 27px\"><strong>II<\/strong><\/td>\n<td style=\"width: 26.6843%;text-align: center;vertical-align: middle;height: 27px\"><a href=\"https:\/\/up.lublin.pl\/weterynaria\/wp-content\/uploads\/sites\/3\/2024\/09\/2-rok-wet.-NS.pdf\">2 rok wet. NS<\/a><\/td>\n<\/tr>\n<tr style=\"height: 27px\">\n<td style=\"width: 14.9976%;text-align: center;vertical-align: middle;height: 27px\"><strong>III<\/strong><\/td>\n<td style=\"width: 26.6843%;text-align: center;vertical-align: middle;height: 27px\"><a href=\"https:\/\/up.lublin.pl\/weterynaria\/wp-content\/uploads\/sites\/3\/2024\/09\/3-rok-wet.-NS.pdf\">3 rok wet. NS<\/a><\/td>\n<\/tr>\n<tr style=\"height: 27px\">\n<td style=\"width: 14.9976%;text-align: center;vertical-align: middle;height: 27px\"><strong>IV<\/strong><\/td>\n<td style=\"width: 26.6843%;text-align: center;vertical-align: middle;height: 27px\"><a href=\"https:\/\/up.lublin.pl\/weterynaria\/wp-content\/uploads\/sites\/3\/2024\/09\/4-rok-wet.-NS.pdf\">4 rok wet. NS<\/a><\/td>\n<\/tr>\n<\/tbody>\n<\/table>\n<h4>\u00a0<\/h4>\n<h4><span style=\"font-size: 16px\">WETERYNARIA STUDIA ANGLOJ\u0118ZYCZNE<\/span><\/h4>\n<table style=\"width: 89.3592%;height: 202px\" border=\"2\">\n<tbody>\n<tr style=\"height: 46px\">\n<td style=\"width: 30.8204%;height: 46px;text-align: center\"><strong>\u00a0ROK STUDI\u00d3W<\/strong><\/td>\n<td style=\"width: 64.965%;height: 46px;text-align: center\"><strong>ROZK\u0141ADY ZAJ\u0118\u0106<\/strong><\/td>\n<\/tr>\n<tr style=\"height: 23px\">\n<td style=\"width: 30.8204%;height: 23px;text-align: center\"><strong>I<\/strong><\/td>\n<td style=\"width: 64.965%;height: 23px;text-align: center\"><a href=\"https:\/\/up.lublin.pl\/weterynaria\/wp-content\/uploads\/sites\/3\/2024\/09\/1-rok-wet.-ang.-korekta.pdf\">1-rok-wet.-ang.-korekta<\/a><\/td>\n<\/tr>\n<tr style=\"height: 23px\">\n<td style=\"width: 30.8204%;height: 23px;text-align: center\"><strong>II<\/strong><\/td>\n<td style=\"width: 64.965%;height: 23px;text-align: center\"><a href=\"https:\/\/up.lublin.pl\/weterynaria\/wp-content\/uploads\/sites\/3\/2024\/09\/2-rok-wet.-ang.-1.pdf\">2 rok wet. ang.<\/a><\/td>\n<\/tr>\n<tr style=\"height: 23px\">\n<td style=\"width: 30.8204%;height: 23px;text-align: center\"><strong>III<br \/><\/strong><\/td>\n<td style=\"width: 64.965%;height: 23px;text-align: center\"><a href=\"https:\/\/up.lublin.pl\/weterynaria\/wp-content\/uploads\/sites\/3\/2024\/09\/3-rok-wet.-ang..pdf\">3 rok wet. ang.<\/a><\/td>\n<\/tr>\n<tr style=\"height: 46px\">\n<td style=\"width: 30.8204%;height: 32px;text-align: center\"><strong>IV<\/strong><\/td>\n<td style=\"width: 64.965%;height: 32px;text-align: center\"><a href=\"https:\/\/up.lublin.pl\/weterynaria\/wp-content\/uploads\/sites\/3\/2024\/09\/4-rok-wet.-ang..pdf\">4 rok wet. ang.<\/a><\/td>\n<\/tr>\n<tr style=\"height: 23px\">\n<td style=\"width: 30.8204%;text-align: center;height: 15px\"><strong>V<\/strong><\/td>\n<td style=\"width: 64.965%;text-align: center;height: 15px\"><a href=\"https:\/\/up.lublin.pl\/weterynaria\/wp-content\/uploads\/sites\/3\/2024\/09\/5-rok-wet.-ang..pdf\">5 rok wet. ang.<\/a><\/td>\n<\/tr>\n<tr style=\"height: 40px\">\n<td style=\"width: 30.8204%;text-align: center;height: 40px\"><strong>VI<\/strong><\/td>\n<td style=\"width: 64.965%;text-align: center;height: 40px\"><a href=\"https:\/\/up.lublin.pl\/weterynaria\/wp-content\/uploads\/sites\/3\/2024\/09\/6-rok-wet.-ang..pdf\">6 rok wet. ang.<\/a><\/td>\n<\/tr>\n<\/tbody>\n<\/table>\n<p><span style=\"font-size: 16px\"><strong>ANALITYKA WETERYNARYJNA\u00a0<\/strong><\/span><\/p>\n<p><span style=\"font-size: 14px\"><strong>STUDIA PIERWSZEGO STOPNIA<\/strong><\/span><\/p>\n<table style=\"width: 89.2075%;height: 117px\" border=\"2\">\n<tbody>\n<tr style=\"height: 46px\">\n<td style=\"text-align: center;vertical-align: middle;width: 31.2977%;height: 46px\"><strong>\u00a0ROK STUDI\u00d3W<\/strong><\/td>\n<td style=\"text-align: center;vertical-align: middle;width: 66.7939%;height: 46px\"><strong>ROZK\u0141ADY ZAJ\u0118\u0106<\/strong><\/td>\n<\/tr>\n<tr style=\"height: 23px\">\n<td style=\"text-align: center;vertical-align: middle;width: 31.2977%;height: 23px\"><strong>I<\/strong><\/td>\n<td style=\"text-align: center;vertical-align: middle;width: 66.7939%;height: 23px\"><a href=\"https:\/\/up.lublin.pl\/weterynaria\/wp-content\/uploads\/sites\/3\/2024\/10\/NOWY-1-rok-analityki-I-st.pdf\">NOWY-1-rok-analityki-I-st<\/a><\/td>\n<\/tr>\n<tr style=\"height: 23px\">\n<td style=\"text-align: center;vertical-align: middle;width: 31.2977%;height: 25px\"><strong>II<\/strong><\/td>\n<td style=\"text-align: center;vertical-align: middle;width: 66.7939%;height: 25px\"><a href=\"https:\/\/up.lublin.pl\/weterynaria\/wp-content\/uploads\/sites\/3\/2024\/09\/2-rok-analityki-I-st-korekta.pdf\">2-rok-analityki-I-st-korekta<\/a><\/td>\n<\/tr>\n<tr style=\"height: 23px\">\n<td style=\"text-align: center;vertical-align: middle;width: 31.2977%;height: 23px\"><strong>III<\/strong><\/td>\n<td style=\"text-align: center;vertical-align: middle;width: 66.7939%;height: 23px\"><a href=\"https:\/\/up.lublin.pl\/weterynaria\/wp-content\/uploads\/sites\/3\/2024\/09\/3-rok-analityki-I-st.pdf\">3 rok analityki I&nbsp;st<\/a><\/td>\n<\/tr>\n<\/tbody>\n<\/table>\n<p><span style=\"font-size: 14px\"><strong>STUDIA DRUGIEGO STOPNIA<\/strong><\/span><\/p>\n<table style=\"width: 89.2452%;height: 134px\" border=\"2\">\n<tbody>\n<tr style=\"height: 27px\">\n<td style=\"width: 14.9976%;text-align: center;vertical-align: middle;height: 27px\"><strong>\u00a0ROK STUDI\u00d3W<\/strong><\/td>\n<td style=\"width: 26.4985%;text-align: center;vertical-align: middle;height: 27px\"><strong>ROZK\u0141ADY ZAJ\u0118\u0106<\/strong><\/td>\n<\/tr>\n<tr style=\"height: 27px\">\n<td style=\"width: 14.9976%;text-align: center;vertical-align: middle;height: 50px\"><strong>I<\/strong><\/td>\n<td style=\"width: 26.4985%;text-align: center;vertical-align: middle;height: 50px\"><a href=\"https:\/\/up.lublin.pl\/weterynaria\/wp-content\/uploads\/sites\/3\/2024\/09\/II-st-1-rok-analityki.pdf\">II st 1 rok analityki<\/a><\/td>\n<\/tr>\n<tr style=\"height: 57px\">\n<td style=\"width: 14.9976%;text-align: center;vertical-align: middle;height: 57px\"><strong>II<\/strong><\/td>\n<td style=\"width: 26.4985%;text-align: center;vertical-align: middle;height: 57px\"><a href=\"https:\/\/up.lublin.pl\/weterynaria\/wp-content\/uploads\/sites\/3\/2024\/09\/II-st-2-rok-analityki.pdf\">II st 2 rok analityki<\/a><\/td>\n<\/tr>\n<\/tbody>\n<\/table>\n<p style=\"text-align: left\">\u00a0<\/p>\n                                                <\/div>\n                                            <\/li>\n                                        <\/ul>\n\t\t\t\t\t\t                                <\/div>\n\t\t\t\t                <div class=\"mn-content-block\">\n\t                                                        <div class=\"block-text\">\n\t                                        <p><strong>ROK AKADEMICKI 2025-2026<\/strong><\/p>\n<p><span style=\"font-size: 16px\"><strong>WETERYNARIA<\/strong><\/span><\/p>\n<table style=\"width: 88.323%;height: 350px\" border=\"2\">\n<tbody>\n<tr style=\"height: 50px\">\n<td style=\"width: 16.2249%;height: 50px;text-align: center;vertical-align: middle\"><strong>\u00a0ROK STUDI\u00d3W<\/strong><\/td>\n<td style=\"width: 22.9395%;text-align: center;vertical-align: middle;height: 50px\"><strong>NAB\u00d3R<\/strong><\/td>\n<td style=\"width: 28.8828%;height: 50px;text-align: center;vertical-align: middle\"><strong>PRZEDMIOTY OBLIGATORYJNE\u00a0<\/strong><\/td>\n<td style=\"width: 157.599%;height: 50px;text-align: center;vertical-align: middle\"><strong>PRZEDMIOTY DO WYBORU<\/strong><\/td>\n<\/tr>\n<tr style=\"height: 50px\">\n<td style=\"width: 16.2249%;height: 50px;text-align: center;vertical-align: middle\"><strong>I<\/strong><\/td>\n<td style=\"width: 22.9395%;text-align: center;vertical-align: middle;height: 50px\"><strong>2025\/2026<\/strong><\/td>\n<td style=\"width: 28.8828%;height: 50px;text-align: center;vertical-align: middle\"><a href=\"https:\/\/up.lublin.pl\/weterynaria\/wp-content\/uploads\/sites\/3\/2025\/09\/nabor-25-26-PL-obligatoryjne.pdf\">nab\u00f3r 25-26 PL obligatoryjne<\/a><\/td>\n<td style=\"width: 157.599%;height: 50px;text-align: center;vertical-align: middle\"><a href=\"https:\/\/up.lublin.pl\/weterynaria\/wp-content\/uploads\/sites\/3\/2025\/09\/nabor-25-26-PL-do-wyboru.pdf\">nab\u00f3r 25-26 PL do wyboru<\/a><\/td>\n<\/tr>\n<tr style=\"height: 50px\">\n<td style=\"width: 16.2249%;height: 50px;text-align: center;vertical-align: middle\"><strong>II<\/strong><\/td>\n<td style=\"width: 22.9395%;text-align: center;vertical-align: middle;height: 50px\"><strong>2024\/2025<\/strong><\/td>\n<td style=\"width: 28.8828%;height: 50px;text-align: center\"><a href=\"https:\/\/up.lublin.pl\/weterynaria\/wp-content\/uploads\/sites\/3\/2025\/09\/WET-nabor-24-25-PL-oblig.pdf\">WET nab\u00f3r 24-25 PL oblig<\/a><\/td>\n<td style=\"width: 157.599%;height: 50px;text-align: center\"><a href=\"https:\/\/up.lublin.pl\/weterynaria\/wp-content\/uploads\/sites\/3\/2025\/09\/WET-nabor-24-25-PL-fakultety-.pdf\">WET nab\u00f3r 24-25 PL fakultety<\/a><\/td>\n<\/tr>\n<tr style=\"height: 50px\">\n<td style=\"width: 16.2249%;height: 50px;text-align: center;vertical-align: middle\"><strong>III<\/strong><\/td>\n<td style=\"width: 22.9395%;text-align: center;vertical-align: middle;height: 50px\"><strong>2023\/2024<\/strong><\/td>\n<td style=\"width: 28.8828%;height: 50px;text-align: center\"><a href=\"https:\/\/up.lublin.pl\/weterynaria\/wp-content\/uploads\/sites\/3\/2025\/09\/WET-nabor-23-24-PL-oblig.pdf\">WET nab\u00f3r 23-24 PL oblig<\/a><\/td>\n<td style=\"width: 157.599%;height: 50px;text-align: center\"><a href=\"https:\/\/up.lublin.pl\/weterynaria\/wp-content\/uploads\/sites\/3\/2025\/09\/WET-nabor-23-24-PL-fakultety-.pdf\">WET nab\u00f3r 23-24 PL fakultety<\/a><\/td>\n<\/tr>\n<tr style=\"height: 50px\">\n<td style=\"width: 16.2249%;height: 50px;text-align: center;vertical-align: middle\"><strong>IV<\/strong><\/td>\n<td style=\"width: 22.9395%;text-align: center;vertical-align: middle;height: 50px\"><strong>2022\/2023<\/strong><\/td>\n<td style=\"width: 28.8828%;height: 50px;text-align: center\"><a href=\"https:\/\/up.lublin.pl\/weterynaria\/wp-content\/uploads\/sites\/3\/2025\/09\/WET-nabor-22-23-PL-oblig.pdf\">WET nab\u00f3r 22-23 PL oblig<\/a><\/td>\n<td style=\"width: 157.599%;height: 50px;text-align: center\"><a href=\"https:\/\/up.lublin.pl\/weterynaria\/wp-content\/uploads\/sites\/3\/2025\/09\/WET-nabor-22-23-PL-fakultety-.pdf\">WET nab\u00f3r 22-23 PL fakultety<\/a><\/td>\n<\/tr>\n<tr style=\"height: 50px\">\n<td style=\"width: 16.2249%;height: 50px;text-align: center;vertical-align: middle\"><strong>V<\/strong><\/td>\n<td style=\"width: 22.9395%;text-align: center;vertical-align: middle;height: 50px\"><strong>2021\/2022<\/strong><\/td>\n<td style=\"width: 28.8828%;height: 50px;text-align: center\"><a href=\"https:\/\/up.lublin.pl\/weterynaria\/wp-content\/uploads\/sites\/3\/2025\/09\/WET-nabor-21-22-PL-oblig.pdf\">WET nab\u00f3r 21-22 PL oblig<\/a><\/td>\n<td style=\"width: 157.599%;height: 50px;text-align: center\"><a href=\"https:\/\/up.lublin.pl\/weterynaria\/wp-content\/uploads\/sites\/3\/2025\/09\/WET-nabor-21-22-PL-fakultety-.pdf\">WET nab\u00f3r 21-22 PL fakultety<\/a><\/td>\n<\/tr>\n<tr style=\"height: 50px\">\n<td style=\"width: 16.2249%;height: 50px;text-align: center;vertical-align: middle\"><strong>VI<\/strong><\/td>\n<td style=\"width: 22.9395%;text-align: center;vertical-align: middle;height: 50px\"><strong>2020\/2021<\/strong><\/td>\n<td style=\"width: 28.8828%;height: 50px;text-align: center\"><a href=\"https:\/\/up.lublin.pl\/weterynaria\/wp-content\/uploads\/sites\/3\/2025\/09\/WET-nabor-20-21-PL-oblig.pdf\">WET nab\u00f3r 20-21 PL oblig<\/a><\/td>\n<td style=\"width: 157.599%;height: 50px;text-align: center\"><a href=\"https:\/\/up.lublin.pl\/weterynaria\/wp-content\/uploads\/sites\/3\/2025\/09\/WET-nabor-20-21-PL-fakultety-.pdf\">WET nab\u00f3r 20-21 PL fakultety<\/a><\/td>\n<\/tr>\n<\/tbody>\n<\/table>\n<p><span style=\"font-family: arial, helvetica, sans-serif;font-size: 16px\"><strong>VETERINARY MEDICINE\u00a0<\/strong><\/span><\/p>\n<table style=\"width: 0%;height: 355px\" border=\"2\">\n<tbody>\n<tr style=\"height: 50px\">\n<td style=\"width: 16.1769%;height: 50px;text-align: center;vertical-align: middle\"><strong>\u00a0\u00a0\u00a0\u00a0\u00a0\u00a0\u00a0\u00a0\u00a0\u00a0\u00a0\u00a0\u00a0\u00a0\u00a0\u00a0\u00a0\u00a0\u00a0 YEAR\u00a0 <br \/><\/strong><\/td>\n<td style=\"width: 23.0889%;text-align: center;vertical-align: middle;height: 50px\"><strong>\u00a0\u00a0\u00a0\u00a0\u00a0\u00a0\u00a0\u00a0\u00a0\u00a0\u00a0\u00a0\u00a0\u00a0\u00a0\u00a0\u00a0\u00a0\u00a0\u00a0\u00a0\u00a0\u00a0\u00a0\u00a0\u00a0 ADMISSION<br \/><\/strong><\/td>\n<td style=\"width: 37.4243%;height: 50px;text-align: center;vertical-align: middle\"><strong>\u00a0\u00a0\u00a0\u00a0\u00a0\u00a0\u00a0\u00a0\u00a0\u00a0\u00a0\u00a0\u00a0\u00a0\u00a0\u00a0\u00a0\u00a0\u00a0\u00a0\u00a0\u00a0\u00a0\u00a0\u00a0\u00a0\u00a0\u00a0\u00a0\u00a0\u00a0\u00a0\u00a0 OBLIGATORY\u00a0\u00a0\u00a0\u00a0\u00a0\u00a0 SUBJECTS\u00a0\u00a0\u00a0\u00a0\u00a0\u00a0 <br \/><\/strong><\/td>\n<td style=\"width: 152.542%;height: 50px;text-align: center;vertical-align: middle\">\n<p><strong><br \/>\u00a0\u00a0\u00a0\u00a0\u00a0\u00a0\u00a0\u00a0\u00a0\u00a0\u00a0\u00a0\u00a0\u00a0\u00a0\u00a0\u00a0\u00a0\u00a0\u00a0\u00a0\u00a0\u00a0\u00a0\u00a0\u00a0\u00a0\u00a0\u00a0\u00a0\u00a0\u00a0\u00a0\u00a0\u00a0\u00a0\u00a0 ELECTIVES<br \/><\/strong><\/p>\n<\/td>\n<\/tr>\n<tr style=\"height: 53px\">\n<td style=\"width: 16.1769%;text-align: center;vertical-align: middle;height: 53px\"><strong>I<\/strong><\/td>\n<td style=\"width: 23.0889%;text-align: center;vertical-align: middle;height: 53px\"><strong>2025\/2026<\/strong><\/td>\n<td style=\"width: 37.4243%;text-align: center;vertical-align: middle;height: 53px\"><a href=\"https:\/\/up.lublin.pl\/weterynaria\/wp-content\/uploads\/sites\/3\/2025\/09\/nabor-25-26-anglo-obligatoryjne.pdf\">nab\u00f3r 25-26 anglo obligatoryjne<\/a><\/td>\n<td style=\"width: 152.542%;text-align: center;vertical-align: middle;height: 53px\"><a href=\"https:\/\/up.lublin.pl\/weterynaria\/wp-content\/uploads\/sites\/3\/2025\/09\/nabor-25-26-anglo-do-wyboru.pdf\">nab\u00f3r 25-26 anglo do wyboru<\/a><\/td>\n<\/tr>\n<tr style=\"height: 50px\">\n<td style=\"width: 16.1769%;height: 50px;text-align: center;vertical-align: middle\"><strong>\u00a0II<\/strong><\/td>\n<td style=\"width: 23.0889%;text-align: center;height: 50px\"><strong>2024\/2025<\/strong><\/td>\n<td style=\"width: 37.4243%;height: 50px;text-align: center\"><a href=\"https:\/\/up.lublin.pl\/weterynaria\/wp-content\/uploads\/sites\/3\/2025\/09\/WET-nabor-24-25-ANG-oblig.pdf\">WET nab\u00f3r 24-25 ANG oblig<\/a><\/td>\n<td style=\"width: 152.542%;height: 50px;text-align: center\"><a href=\"https:\/\/up.lublin.pl\/weterynaria\/wp-content\/uploads\/sites\/3\/2025\/09\/WET-nabor-24-25-ANG-fakultety.pdf\">WET nab\u00f3r 24-25 ANG fakultety<\/a><\/td>\n<\/tr>\n<tr style=\"height: 42px\">\n<td style=\"width: 16.1769%;text-align: center;vertical-align: middle;height: 42px\"><strong>III<\/strong><\/td>\n<td style=\"width: 23.0889%;text-align: center;height: 42px\"><strong>2023\/2024<\/strong><\/td>\n<td style=\"width: 37.4243%;text-align: center;height: 42px\"><a href=\"https:\/\/up.lublin.pl\/weterynaria\/wp-content\/uploads\/sites\/3\/2025\/09\/WET-nabor-23-24-ANG-oblig.pdf\">WET nab\u00f3r 23-24 ANG oblig<\/a><\/td>\n<td style=\"width: 152.542%;text-align: center;height: 42px\"><a href=\"https:\/\/up.lublin.pl\/weterynaria\/wp-content\/uploads\/sites\/3\/2025\/09\/WET-nabor-23-24-ANG-fakultety.pdf\">WET nab\u00f3r 23-24 ANG fakultety<\/a><\/td>\n<\/tr>\n<tr style=\"height: 50px\">\n<td style=\"width: 16.1769%;height: 50px;text-align: center;vertical-align: middle\"><strong>IV<\/strong><\/td>\n<td style=\"width: 23.0889%;text-align: center;height: 50px\"><strong>2022\/2023<\/strong><\/td>\n<td style=\"width: 37.4243%;height: 50px;text-align: center\"><a href=\"https:\/\/up.lublin.pl\/weterynaria\/wp-content\/uploads\/sites\/3\/2025\/09\/WET-nabor-22-23-ANG-oblig.pdf\">WET nab\u00f3r 22-23 ANG oblig<\/a><\/td>\n<td style=\"width: 152.542%;height: 50px;text-align: center\"><a href=\"https:\/\/up.lublin.pl\/weterynaria\/wp-content\/uploads\/sites\/3\/2025\/09\/WET-nabor-22-23-ANG-fakultety.pdf\">WET nab\u00f3r 22-23 ANG fakultety<\/a><\/td>\n<\/tr>\n<tr style=\"height: 50px\">\n<td style=\"width: 16.1769%;height: 53px;text-align: center;vertical-align: middle\"><strong>V<\/strong><\/td>\n<td style=\"width: 23.0889%;text-align: center;height: 53px\"><strong>2021\/2022<\/strong><\/td>\n<td style=\"width: 37.4243%;height: 53px;text-align: center\"><a href=\"https:\/\/up.lublin.pl\/weterynaria\/wp-content\/uploads\/sites\/3\/2025\/09\/WET-nabor-21-22-ANG-oblig.pdf\">WET nab\u00f3r 21-22 ANG oblig<\/a><\/td>\n<td style=\"width: 152.542%;height: 53px;text-align: center\"><a href=\"https:\/\/up.lublin.pl\/weterynaria\/wp-content\/uploads\/sites\/3\/2025\/09\/WET-nabor-21-22-ANG-fakultety.pdf\">WET nab\u00f3r 21-22 ANG fakultety<\/a><\/td>\n<\/tr>\n<tr style=\"height: 23px\">\n<td style=\"width: 16.1769%;text-align: center;vertical-align: middle;height: 57px\"><strong>VI<\/strong><\/td>\n<td style=\"width: 23.0889%;text-align: center;height: 57px\"><strong>2020\/2021<\/strong><\/td>\n<td style=\"width: 37.4243%;text-align: center;height: 57px\"><a href=\"https:\/\/up.lublin.pl\/weterynaria\/wp-content\/uploads\/sites\/3\/2025\/09\/WET-nabor-20-21-ANG-oblig.pdf\">WET nab\u00f3r 20-21 ANG oblig<\/a><\/td>\n<td style=\"width: 152.542%;text-align: center;height: 57px\"><a href=\"https:\/\/up.lublin.pl\/weterynaria\/wp-content\/uploads\/sites\/3\/2025\/09\/WET-nabor-20-21-ANG-fakultety.pdf\">WET nab\u00f3r 20-21 ANG fakultety<\/a><\/td>\n<\/tr>\n<\/tbody>\n<\/table>\n<p><span style=\"font-size: 16px\"><strong>ANALITYKA WETERYNARYJNA<\/strong> <br \/><\/span><span style=\"font-size: 12px\"><strong>STUDIA PIERWSZEGO STIOPNIA<\/strong><\/span><\/p>\n<table style=\"width: 82.2523%;border-collapse: collapse;height: 110px\" border=\"1\">\n<tbody>\n<tr style=\"height: 23px\">\n<td style=\"width: 17.5464%;text-align: center\"><strong>ROK STUDI\u00d3W<\/strong><\/td>\n<td style=\"text-align: center;height: 24px;width: 26.6807%\"><strong>NAB\u00d3R<\/strong><\/td>\n<td style=\"text-align: center;width: 55.6723%\"><strong>PRZEDMIOTY OBLIGATORYJNE I&nbsp;DO WYBORU<\/strong>\u00a0<\/td>\n<\/tr>\n<tr style=\"height: 33px\">\n<td style=\"width: 17.5464%;text-align: center\"><strong>I<br \/><\/strong><\/td>\n<td style=\"width: 26.6807%;height: 33px;text-align: center\"><strong>2025\/2026<\/strong><strong><br \/><\/strong><\/td>\n<td style=\"width: 55.6723%;text-align: center;height: 33px\"><a href=\"https:\/\/up.lublin.pl\/weterynaria\/wp-content\/uploads\/sites\/3\/2025\/09\/analityka-I-stopien-nabor-od-22-23.pdf\">analityka I&nbsp;stopie\u0144 nab\u00f3r od 22-23<\/a><\/td>\n<\/tr>\n<tr style=\"height: 33px\">\n<td style=\"width: 17.5464%;text-align: center\"><strong>II<br \/><\/strong><\/td>\n<td style=\"width: 26.6807%;height: 21px;text-align: center\"><strong>2024\/2025<\/strong><\/td>\n<td style=\"width: 55.6723%;text-align: center;height: 21px\"><a href=\"https:\/\/up.lublin.pl\/weterynaria\/wp-content\/uploads\/sites\/3\/2025\/09\/ANALITYKA-nabor-24-25-I-stopien.pdf\">ANALITYKA nab\u00f3r 24-25 I&nbsp;stopie\u0144<\/a><\/td>\n<\/tr>\n<tr style=\"height: 40px\">\n<td style=\"width: 17.5464%;text-align: center\"><strong>III<br \/><\/strong><\/td>\n<td style=\"width: 26.6807%;height: 32px;text-align: center\"><strong>2023\/2024<\/strong><\/td>\n<td style=\"width: 55.6723%;text-align: center;height: 32px\"><a href=\"https:\/\/up.lublin.pl\/weterynaria\/wp-content\/uploads\/sites\/3\/2025\/09\/ANALITYKA-nabor-23-24-I-stopien.pdf\">ANALITYKA nab\u00f3r 23-24 I&nbsp;stopie\u0144<\/a><\/td>\n<\/tr>\n<\/tbody>\n<\/table>\n<p><span style=\"font-size: 16px\"><strong>ANALITYKA WETERYNARYJNA<\/strong><\/span> <br \/><span style=\"font-size: 12px\"><strong>STUDIA DRUGIEGO STOPNIA\u00a0<\/strong><\/span><\/p>\n<table style=\"width: 82.5982%;border-collapse: collapse;height: 97px\" border=\"1\">\n<tbody>\n<tr style=\"height: 23px\">\n<td style=\"width: 17.22%;text-align: center\"><strong>ROK STUDI\u00d3W<\/strong><\/td>\n<td style=\"height: 36px;width: 26.3602%;text-align: center\"><strong>NAB\u00d3R<\/strong><\/td>\n<td style=\"text-align: center;width: 55.3974%\"><strong>PRZEDMIOTY OBLIGATORYJNE I&nbsp;DO WYBORU\u00a0 <\/strong><\/td>\n<\/tr>\n<tr style=\"height: 38px\">\n<td style=\"width: 17.22%;text-align: center\"><strong>I<br \/><\/strong><\/td>\n<td style=\"width: 26.3602%;height: 38px;text-align: center\"><strong>2025\/2026<\/strong><\/td>\n<td style=\"width: 55.3974%;text-align: center;height: 38px\"><a href=\"https:\/\/up.lublin.pl\/weterynaria\/wp-content\/uploads\/sites\/3\/2025\/09\/analityka-II-stopien-nabor-od-23-24.pdf\">analityka II stopie\u0144 nab\u00f3r od 23-24<\/a><\/td>\n<\/tr>\n<tr style=\"height: 23px\">\n<td style=\"width: 17.22%;text-align: center\"><strong>II<br \/><\/strong><\/td>\n<td style=\"width: 26.3602%;height: 23px;text-align: center\"><strong>2024\/2025<\/strong><strong><br \/><\/strong><\/td>\n<td style=\"width: 55.3974%;text-align: center;height: 23px\"><a href=\"https:\/\/up.lublin.pl\/weterynaria\/wp-content\/uploads\/sites\/3\/2025\/09\/ANALITYKA-nabor-24-25-II-stopien.pdf\">ANALITYKA nab\u00f3r 24-25 II stopie\u0144<\/a><\/td>\n<\/tr>\n<\/tbody>\n<\/table>\n                                        <\/div>\n\t\t\t\t\t\t                                                        <ul class=\"mn-accordion\">\n                                            <li>\n                                                <h4 class=\"mn-accordion-title\">PLANY ZA ROK AKADEMICKI 2024-2025<\/h4>\n                                                <div>\n\t\t\t\t\t\t\t\t\t                <p><span style=\"font-size: 16px\"><strong>WETERYNARIA<\/strong><\/span><\/p>\n<table style=\"width: 88.323%;height: 350px\" border=\"2\">\n<tbody>\n<tr style=\"height: 50px\">\n<td style=\"width: 16.2249%;height: 50px;text-align: center;vertical-align: middle\"><strong>\u00a0ROK STUDI\u00d3W<\/strong><\/td>\n<td style=\"width: 22.9395%;text-align: center;vertical-align: middle;height: 50px\"><strong>NAB\u00d3R<\/strong><\/td>\n<td style=\"width: 28.8828%;height: 50px;text-align: center;vertical-align: middle\"><strong>PRZEDMIOTY OBLIGATORYJNE\u00a0<\/strong><\/td>\n<td style=\"width: 157.599%;height: 50px;text-align: center;vertical-align: middle\"><strong>PRZEDMIOTY DO WYBORU<\/strong><\/td>\n<\/tr>\n<tr style=\"height: 50px\">\n<td style=\"width: 16.2249%;height: 50px;text-align: center;vertical-align: middle\"><strong>I<\/strong><\/td>\n<td style=\"width: 22.9395%;text-align: center;vertical-align: middle;height: 50px\"><strong>2024\/2025<\/strong><\/td>\n<td style=\"width: 28.8828%;height: 50px;text-align: center;vertical-align: middle\"><a href=\"https:\/\/up.lublin.pl\/weterynaria\/wp-content\/uploads\/sites\/3\/2024\/09\/WET-nabor-24-25-PL-oblig.pdf\">WET nab\u00f3r 24-25 PL oblig<\/a><\/td>\n<td style=\"width: 157.599%;height: 50px;text-align: center;vertical-align: middle\"><a href=\"https:\/\/up.lublin.pl\/weterynaria\/wp-content\/uploads\/sites\/3\/2024\/09\/WET-nabor-24-25-PL-fakultety-.pdf\">WET nab\u00f3r 24-25 PL fakultety<\/a><\/td>\n<\/tr>\n<tr style=\"height: 50px\">\n<td style=\"width: 16.2249%;height: 50px;text-align: center;vertical-align: middle\"><strong>II<\/strong><\/td>\n<td style=\"width: 22.9395%;text-align: center;vertical-align: middle;height: 50px\"><strong>2023\/2024<\/strong><\/td>\n<td style=\"width: 28.8828%;height: 50px;text-align: center\"><a href=\"https:\/\/up.lublin.pl\/weterynaria\/wp-content\/uploads\/sites\/3\/2024\/09\/WET-nabor-23-24-PL-oblig.pdf\">WET nab\u00f3r 23-24 PL oblig<\/a><\/td>\n<td style=\"width: 157.599%;height: 50px;text-align: center\"><a href=\"https:\/\/up.lublin.pl\/weterynaria\/wp-content\/uploads\/sites\/3\/2024\/09\/WET-nabor-23-24-PL-fakultety-.pdf\">WET nab\u00f3r 23-24 PL fakultety<\/a><\/td>\n<\/tr>\n<tr style=\"height: 50px\">\n<td style=\"width: 16.2249%;height: 50px;text-align: center;vertical-align: middle\"><strong>III<\/strong><\/td>\n<td style=\"width: 22.9395%;text-align: center;vertical-align: middle;height: 50px\"><strong>2022\/2023<\/strong><\/td>\n<td style=\"width: 28.8828%;height: 50px;text-align: center\"><a href=\"https:\/\/up.lublin.pl\/weterynaria\/wp-content\/uploads\/sites\/3\/2024\/09\/WET-nabor-22-23-PL-oblig.pdf\">WET nab\u00f3r 22-23 PL oblig<\/a><\/td>\n<td style=\"width: 157.599%;height: 50px;text-align: center\"><a href=\"https:\/\/up.lublin.pl\/weterynaria\/wp-content\/uploads\/sites\/3\/2024\/09\/WET-nabor-22-23-PL-fakultety-.pdf\">WET nab\u00f3r 22-23 PL fakultety<\/a><\/td>\n<\/tr>\n<tr style=\"height: 50px\">\n<td style=\"width: 16.2249%;height: 50px;text-align: center;vertical-align: middle\"><strong>IV<\/strong><\/td>\n<td style=\"width: 22.9395%;text-align: center;vertical-align: middle;height: 50px\"><strong>2021\/2022<\/strong><\/td>\n<td style=\"width: 28.8828%;height: 50px;text-align: center\"><a href=\"https:\/\/up.lublin.pl\/weterynaria\/wp-content\/uploads\/sites\/3\/2024\/09\/WET-nabor-21-22-PL-oblig.pdf\">WET nab\u00f3r 21-22 PL oblig<\/a><\/td>\n<td style=\"width: 157.599%;height: 50px;text-align: center\"><a href=\"https:\/\/up.lublin.pl\/weterynaria\/wp-content\/uploads\/sites\/3\/2024\/09\/WET-nabor-21-22-PL-fakultety-.pdf\">WET nab\u00f3r 21-22 PL fakultety<\/a><\/td>\n<\/tr>\n<tr style=\"height: 50px\">\n<td style=\"width: 16.2249%;height: 50px;text-align: center;vertical-align: middle\"><strong>V<\/strong><\/td>\n<td style=\"width: 22.9395%;text-align: center;vertical-align: middle;height: 50px\"><strong>2020\/2021<\/strong><\/td>\n<td style=\"width: 28.8828%;height: 50px;text-align: center\"><a href=\"https:\/\/up.lublin.pl\/weterynaria\/wp-content\/uploads\/sites\/3\/2024\/09\/WET-nabor-20-21-PL-oblig.pdf\">WET nab\u00f3r 20-21 PL oblig<\/a><\/td>\n<td style=\"width: 157.599%;height: 50px;text-align: center\"><a href=\"https:\/\/up.lublin.pl\/weterynaria\/wp-content\/uploads\/sites\/3\/2024\/09\/WET-nabor-20-21-PL-fakultety-.pdf\">WET nab\u00f3r 20-21 PL fakultety<\/a><\/td>\n<\/tr>\n<tr style=\"height: 50px\">\n<td style=\"width: 16.2249%;height: 50px;text-align: center;vertical-align: middle\"><strong>VI<\/strong><\/td>\n<td style=\"width: 22.9395%;text-align: center;vertical-align: middle;height: 50px\"><strong>2019\/2020<\/strong><\/td>\n<td style=\"width: 28.8828%;height: 50px;text-align: center\"><a href=\"https:\/\/up.lublin.pl\/weterynaria\/wp-content\/uploads\/sites\/3\/2024\/09\/WET-nabor-19-20-PL-oblig.pdf\">WET nab\u00f3r 19-20 PL oblig<\/a><\/td>\n<td style=\"width: 157.599%;height: 50px;text-align: center\"><a href=\"https:\/\/up.lublin.pl\/weterynaria\/wp-content\/uploads\/sites\/3\/2024\/09\/WET-nabor-19-20-PL-fakultety.pdf\">WET nab\u00f3r 19-20 PL fakultety<\/a><\/td>\n<\/tr>\n<\/tbody>\n<\/table>\n<p><span style=\"font-family: arial, helvetica, sans-serif;font-size: 16px\"><strong>VETERINARY MEDICINE\u00a0<\/strong><\/span><\/p>\n<table style=\"width: 0%;height: 355px\" border=\"2\">\n<tbody>\n<tr style=\"height: 50px\">\n<td style=\"width: 16.1769%;height: 50px;text-align: center;vertical-align: middle\"><strong>\u00a0\u00a0\u00a0\u00a0\u00a0\u00a0\u00a0\u00a0\u00a0\u00a0\u00a0\u00a0\u00a0\u00a0\u00a0\u00a0\u00a0\u00a0\u00a0 YEAR\u00a0 <br \/><\/strong><\/td>\n<td style=\"width: 23.0889%;text-align: center;vertical-align: middle;height: 50px\"><strong>\u00a0\u00a0\u00a0\u00a0\u00a0\u00a0\u00a0\u00a0\u00a0\u00a0\u00a0\u00a0\u00a0\u00a0\u00a0\u00a0\u00a0\u00a0\u00a0\u00a0\u00a0\u00a0\u00a0\u00a0\u00a0\u00a0 ADMISSION<br \/><\/strong><\/td>\n<td style=\"width: 37.4243%;height: 50px;text-align: center;vertical-align: middle\"><strong>\u00a0\u00a0\u00a0\u00a0\u00a0\u00a0\u00a0\u00a0\u00a0\u00a0\u00a0\u00a0\u00a0\u00a0\u00a0\u00a0\u00a0\u00a0\u00a0\u00a0\u00a0\u00a0\u00a0\u00a0\u00a0\u00a0\u00a0\u00a0\u00a0\u00a0\u00a0\u00a0\u00a0 OBLIGATORY\u00a0\u00a0\u00a0\u00a0\u00a0\u00a0 SUBJECTS\u00a0\u00a0\u00a0\u00a0\u00a0\u00a0 <br \/><\/strong><\/td>\n<td style=\"width: 152.542%;height: 50px;text-align: center;vertical-align: middle\">\n<p><strong><br \/>\u00a0\u00a0\u00a0\u00a0\u00a0\u00a0\u00a0\u00a0\u00a0\u00a0\u00a0\u00a0\u00a0\u00a0\u00a0\u00a0\u00a0\u00a0\u00a0\u00a0\u00a0\u00a0\u00a0\u00a0\u00a0\u00a0\u00a0\u00a0\u00a0\u00a0\u00a0\u00a0\u00a0\u00a0\u00a0\u00a0\u00a0 ELECTIVES<br \/><\/strong><\/p>\n<\/td>\n<\/tr>\n<tr style=\"height: 53px\">\n<td style=\"width: 16.1769%;text-align: center;vertical-align: middle;height: 53px\"><strong>I<\/strong><\/td>\n<td style=\"width: 23.0889%;text-align: center;vertical-align: middle;height: 53px\"><strong>2024\/2025<\/strong><\/td>\n<td style=\"width: 37.4243%;text-align: center;vertical-align: middle;height: 53px\"><a href=\"https:\/\/up.lublin.pl\/weterynaria\/wp-content\/uploads\/sites\/3\/2024\/09\/WET-nabor-24-25-ANG-oblig.pdf\">WET nab\u00f3r 24-25 ANG oblig<\/a><\/td>\n<td style=\"width: 152.542%;text-align: center;vertical-align: middle;height: 53px\"><a href=\"https:\/\/up.lublin.pl\/weterynaria\/wp-content\/uploads\/sites\/3\/2024\/09\/WET-nabor-24-25-ANG-fakultety.pdf\">WET nab\u00f3r 24-25 ANG fakultety<\/a><\/td>\n<\/tr>\n<tr style=\"height: 50px\">\n<td style=\"width: 16.1769%;height: 50px;text-align: center;vertical-align: middle\"><strong>\u00a0II<\/strong><\/td>\n<td style=\"width: 23.0889%;text-align: center;height: 50px\"><strong>2023\/2024<\/strong><\/td>\n<td style=\"width: 37.4243%;height: 50px;text-align: center\"><a href=\"https:\/\/up.lublin.pl\/weterynaria\/wp-content\/uploads\/sites\/3\/2024\/09\/WET-nabor-23-24-ANG-oblig-1.pdf\">WET nab\u00f3r 23-24 ANG oblig<\/a><\/td>\n<td style=\"width: 152.542%;height: 50px;text-align: center\"><a href=\"https:\/\/up.lublin.pl\/weterynaria\/wp-content\/uploads\/sites\/3\/2024\/10\/WET-nabor-23-24-ANG-fakultety.pdf\">WET nab\u00f3r 23-24 ANG fakultety<\/a><\/td>\n<\/tr>\n<tr style=\"height: 42px\">\n<td style=\"width: 16.1769%;text-align: center;vertical-align: middle;height: 42px\"><strong>III<\/strong><\/td>\n<td style=\"width: 23.0889%;text-align: center;height: 42px\"><strong>2022\/2023<\/strong><\/td>\n<td style=\"width: 37.4243%;text-align: center;height: 42px\"><a href=\"https:\/\/up.lublin.pl\/weterynaria\/wp-content\/uploads\/sites\/3\/2024\/09\/WET-nabor-22-23-ANG-oblig.pdf\">WET nab\u00f3r 22-23 ANG oblig<\/a><\/td>\n<td style=\"width: 152.542%;text-align: center;height: 42px\"><a href=\"https:\/\/up.lublin.pl\/weterynaria\/wp-content\/uploads\/sites\/3\/2024\/09\/WET-nabor-22-23-ANG-fakultety.pdf\">WET nab\u00f3r 22-23 ANG fakultety<\/a><\/td>\n<\/tr>\n<tr style=\"height: 50px\">\n<td style=\"width: 16.1769%;height: 50px;text-align: center;vertical-align: middle\"><strong>IV<\/strong><\/td>\n<td style=\"width: 23.0889%;text-align: center;height: 50px\"><strong>2021\/2022<\/strong><\/td>\n<td style=\"width: 37.4243%;height: 50px;text-align: center\"><a href=\"https:\/\/up.lublin.pl\/weterynaria\/wp-content\/uploads\/sites\/3\/2024\/09\/WET-nabor-21-22-ANG-oblig.pdf\">WET nab\u00f3r 21-22 ANG oblig<\/a><\/td>\n<td style=\"width: 152.542%;height: 50px;text-align: center\"><a href=\"https:\/\/up.lublin.pl\/weterynaria\/wp-content\/uploads\/sites\/3\/2024\/09\/WET-nabor-21-22-ANG-fakultety.pdf\">WET nab\u00f3r 21-22 ANG fakultety<\/a><\/td>\n<\/tr>\n<tr style=\"height: 50px\">\n<td style=\"width: 16.1769%;height: 53px;text-align: center;vertical-align: middle\"><strong>V<\/strong><\/td>\n<td style=\"width: 23.0889%;text-align: center;height: 53px\"><strong>2020\/2021<\/strong><\/td>\n<td style=\"width: 37.4243%;height: 53px;text-align: center\"><a href=\"https:\/\/up.lublin.pl\/weterynaria\/wp-content\/uploads\/sites\/3\/2024\/09\/WET-nabor-20-21-ANG-oblig.pdf\">WET nab\u00f3r 20-21 ANG oblig<\/a><\/td>\n<td style=\"width: 152.542%;height: 53px;text-align: center\"><a href=\"https:\/\/up.lublin.pl\/weterynaria\/wp-content\/uploads\/sites\/3\/2024\/09\/WET-nabor-20-21-ANG-fakultety.pdf\">WET nab\u00f3r 20-21 ANG fakultety<\/a><\/td>\n<\/tr>\n<tr style=\"height: 23px\">\n<td style=\"width: 16.1769%;text-align: center;vertical-align: middle;height: 57px\"><strong>VI<\/strong><\/td>\n<td style=\"width: 23.0889%;text-align: center;height: 57px\"><strong>2019\/2020<\/strong><\/td>\n<td style=\"width: 37.4243%;text-align: center;height: 57px\"><a href=\"https:\/\/up.lublin.pl\/weterynaria\/wp-content\/uploads\/sites\/3\/2024\/09\/WET-nabor-19-20-ANG-oblig.pdf\">WET nab\u00f3r 19-20 ANG oblig<\/a><\/td>\n<td style=\"width: 152.542%;text-align: center;height: 57px\"><a href=\"https:\/\/up.lublin.pl\/weterynaria\/wp-content\/uploads\/sites\/3\/2024\/09\/WET-nabor-19-20-ANG-fakultety.pdf\">WET nab\u00f3r 19-20 ANG fakultety<\/a><\/td>\n<\/tr>\n<\/tbody>\n<\/table>\n<p><span style=\"font-size: 16px\"><strong>ANALITYKA WETERYNARYJNA<\/strong> <br \/><\/span><span style=\"font-size: 12px\"><strong>STUDIA PIERWSZEGO STIOPNIA<\/strong><\/span><\/p>\n<table style=\"width: 82.2523%;border-collapse: collapse;height: 110px\" border=\"1\">\n<tbody>\n<tr style=\"height: 23px\">\n<td style=\"width: 17.5464%;text-align: center\"><strong>ROK STUDI\u00d3W<\/strong><\/td>\n<td style=\"text-align: center;height: 24px;width: 26.6807%\"><strong>NAB\u00d3R<\/strong><\/td>\n<td style=\"text-align: center;width: 55.6723%\"><strong>PRZEDMIOTY OBLIGATORYJNE I&nbsp;DO WYBORU<\/strong>\u00a0<\/td>\n<\/tr>\n<tr style=\"height: 33px\">\n<td style=\"width: 17.5464%;text-align: center\"><strong>I<br \/><\/strong><\/td>\n<td style=\"width: 26.6807%;height: 33px;text-align: center\"><strong>2024\/2025<\/strong><strong><br \/><\/strong><\/td>\n<td style=\"width: 55.6723%;text-align: center;height: 33px\"><a href=\"https:\/\/up.lublin.pl\/weterynaria\/wp-content\/uploads\/sites\/3\/2024\/09\/ANALITYKA-nabor-24-25-I-stopien.pdf\">ANALITYKA nab\u00f3r 24-25 I&nbsp;stopie\u0144<\/a><\/td>\n<\/tr>\n<tr style=\"height: 33px\">\n<td style=\"width: 17.5464%;text-align: center\"><strong>II<br \/><\/strong><\/td>\n<td style=\"width: 26.6807%;height: 21px;text-align: center\"><strong>2023\/2024<\/strong><\/td>\n<td style=\"width: 55.6723%;text-align: center;height: 21px\"><a href=\"https:\/\/up.lublin.pl\/weterynaria\/wp-content\/uploads\/sites\/3\/2024\/09\/ANALITYKA-nabor-23-24-I-stopien.pdf\">ANALITYKA nab\u00f3r 23-24 I&nbsp;stopie\u0144<\/a><\/td>\n<\/tr>\n<tr style=\"height: 40px\">\n<td style=\"width: 17.5464%;text-align: center\"><strong>III<br \/><\/strong><\/td>\n<td style=\"width: 26.6807%;height: 32px;text-align: center\"><strong>2022\/2023<\/strong><\/td>\n<td style=\"width: 55.6723%;text-align: center;height: 32px\"><a href=\"https:\/\/up.lublin.pl\/weterynaria\/wp-content\/uploads\/sites\/3\/2024\/09\/ANALITYKA-nabor-22-23-I-stopien.pdf\">ANALITYKA nab\u00f3r 22-23 I&nbsp;stopie\u0144<\/a><\/td>\n<\/tr>\n<\/tbody>\n<\/table>\n<p><span style=\"font-size: 16px\"><strong>ANALITYKA WETERYNARYJNA<\/strong><\/span> <br \/><span style=\"font-size: 12px\"><strong>STUDIA DRUGIEGO STOPNIA\u00a0<\/strong><\/span><\/p>\n<table style=\"width: 82.5982%;border-collapse: collapse;height: 97px\" border=\"1\">\n<tbody>\n<tr style=\"height: 23px\">\n<td style=\"width: 17.22%;text-align: center\"><strong>ROK STUDI\u00d3W<\/strong><\/td>\n<td style=\"height: 36px;width: 26.3602%;text-align: center\"><strong>NAB\u00d3R<\/strong><\/td>\n<td style=\"text-align: center;width: 55.3974%\"><strong>PRZEDMIOTY OBLIGATORYJNE I&nbsp;DO WYBORU\u00a0 <\/strong><\/td>\n<\/tr>\n<tr style=\"height: 38px\">\n<td style=\"width: 17.22%;text-align: center\"><strong>I<br \/><\/strong><\/td>\n<td style=\"width: 26.3602%;height: 38px;text-align: center\"><strong>2024\/2025<\/strong><\/td>\n<td style=\"width: 55.3974%;text-align: center;height: 38px\"><a href=\"https:\/\/up.lublin.pl\/weterynaria\/wp-content\/uploads\/sites\/3\/2024\/09\/ANALITYKA-nabor-24-25-II-stopien.pdf\">ANALITYKA nab\u00f3r 24-25 II stopie\u0144<\/a><\/td>\n<\/tr>\n<tr style=\"height: 23px\">\n<td style=\"width: 17.22%;text-align: center\"><strong>II<br \/><\/strong><\/td>\n<td style=\"width: 26.3602%;height: 23px;text-align: center\"><strong>2023\/2024<\/strong><strong><br \/><\/strong><\/td>\n<td style=\"width: 55.3974%;text-align: center;height: 23px\"><a href=\"https:\/\/up.lublin.pl\/weterynaria\/wp-content\/uploads\/sites\/3\/2024\/09\/ANALITYKA-nabor-23-24-II-stopien.pdf\">ANALITYKA nab\u00f3r 23-24 II stopie\u0144<\/a><\/td>\n<\/tr>\n<\/tbody>\n<\/table>\n                                                <\/div>\n                                            <\/li>\n                                        <\/ul>\n\t\t\t\t\t\t                                                        <ul class=\"mn-accordion\">\n                                            <li>\n                                                <h4 class=\"mn-accordion-title\">PLANY ZA ROK AKADEMICKI 2023-2024<\/h4>\n                                                <div>\n\t\t\t\t\t\t\t\t\t                <p><strong>WETERYNARIA<\/strong><\/p>\n<table style=\"width: 88.323%;height: 350px\" border=\"2\">\n<tbody>\n<tr style=\"height: 50px\">\n<td style=\"width: 11.9195%;height: 50px;text-align: center;vertical-align: middle\"><strong>\u00a0ROK STUDI\u00d3W<\/strong><\/td>\n<td style=\"width: 20.1998%;text-align: center;vertical-align: middle;height: 50px\"><strong>NAB\u00d3R<\/strong><\/td>\n<td style=\"width: 34.7538%;height: 50px;text-align: center;vertical-align: middle\"><strong>PRZEDMIOTY OBLIGATORYJNE\u00a0<\/strong><\/td>\n<td style=\"width: 158.773%;height: 50px;text-align: center;vertical-align: middle\"><strong>PRZEDMIOTY DO WYBORU<\/strong><\/td>\n<\/tr>\n<tr style=\"height: 50px\">\n<td style=\"width: 11.9195%;height: 50px;text-align: center;vertical-align: middle\"><strong>I<\/strong><\/td>\n<td style=\"width: 20.1998%;text-align: center;vertical-align: middle;height: 50px\"><strong>2023\/2024<\/strong><\/td>\n<td style=\"width: 34.7538%;height: 50px;text-align: center;vertical-align: middle\"><a href=\"https:\/\/up.lublin.pl\/weterynaria\/wp-content\/uploads\/sites\/3\/2023\/09\/Program-studiow-weterynaria-rok-I-obigatoryjne.pdf\">Program studi\u00f3w weterynaria rok I-obigatoryjne<\/a><\/td>\n<td style=\"width: 158.773%;height: 50px;text-align: center;vertical-align: middle\"><a href=\"https:\/\/up.lublin.pl\/weterynaria\/wp-content\/uploads\/sites\/3\/2023\/09\/Program-studiow-weterynaria-rok-I-fakultety.pdf\">Program studi\u00f3w weterynaria rok I-fakultety<\/a><\/td>\n<\/tr>\n<tr style=\"height: 50px\">\n<td style=\"width: 11.9195%;height: 50px;text-align: center;vertical-align: middle\"><strong>II\u00a0<\/strong><\/td>\n<td style=\"width: 20.1998%;text-align: center;vertical-align: middle;height: 50px\"><strong>2022\/2023<\/strong><\/td>\n<td style=\"width: 34.7538%;height: 50px;text-align: center\"><a href=\"https:\/\/up.lublin.pl\/weterynaria\/wp-content\/uploads\/sites\/3\/2022\/05\/Plan-studiow-dla-2022-2023-I-rok.pdf\">Plan studi\u00f3w dla 2022-2023 (I rok)<\/a><\/td>\n<td style=\"width: 158.773%;height: 50px;text-align: center\"><a href=\"https:\/\/up.lublin.pl\/weterynaria\/wp-content\/uploads\/sites\/3\/2022\/05\/Fakultety-2022-2023-I-rok.pdf\">Fakultety 2022-2023 (I rok)<\/a><\/td>\n<\/tr>\n<tr style=\"height: 50px\">\n<td style=\"width: 11.9195%;height: 50px;text-align: center;vertical-align: middle\"><strong>III\u00a0<\/strong><\/td>\n<td style=\"width: 20.1998%;text-align: center;vertical-align: middle;height: 50px\"><strong>2021\/2022<\/strong><\/td>\n<td style=\"width: 34.7538%;height: 50px;text-align: center\"><a href=\"https:\/\/up.lublin.pl\/weterynaria\/wp-content\/uploads\/sites\/3\/2022\/01\/I-rok.pdf\" target=\"_blank\" rel=\"noopener\">up.lublin.pl\/\u2026s\/sites\/3\/2022\/01\/I-rok.pdf<\/a><\/td>\n<td style=\"width: 158.773%;height: 50px;text-align: center\"><a href=\"https:\/\/up.lublin.pl\/weterynaria\/wp-content\/uploads\/sites\/3\/2022\/01\/I-rok-fakultrty.pdf\" target=\"_blank\" rel=\"noopener\">up.lublin.pl\/\u20262022\/01\/I-rok-fakultrty.pdf<\/a><\/td>\n<\/tr>\n<tr style=\"height: 50px\">\n<td style=\"width: 11.9195%;height: 50px;text-align: center;vertical-align: middle\"><strong>IV<\/strong><\/td>\n<td style=\"width: 20.1998%;text-align: center;vertical-align: middle;height: 50px\"><strong>2020\/2021<\/strong><\/td>\n<td style=\"width: 34.7538%;height: 50px;text-align: center\"><a href=\"https:\/\/up.lublin.pl\/weterynaria\/wp-content\/uploads\/sites\/3\/2021\/10\/zal.-4-plan-studiow-dla-naboru-2020-2021.pdf\" target=\"_blank\" rel=\"noopener\">up.lublin.pl\/\u2026\/zal.-4-plan-studiow-dla-naboru-2020-2021.pdf<\/a><\/td>\n<td style=\"width: 158.773%;height: 50px;text-align: center\"><a href=\"https:\/\/up.lublin.pl\/weterynaria\/wp-content\/uploads\/sites\/3\/2021\/10\/zal.-4-plan-studiow-dla-naboru-2020-2021-FAKULTETY.pdf\" target=\"_blank\" rel=\"noopener\">up.lublin.pl\/\u2026\/zal.-4-plan-studiow-dla-naboru-2020-2021-FAKULTETY.pdf<\/a><\/td>\n<\/tr>\n<tr style=\"height: 50px\">\n<td style=\"width: 11.9195%;height: 50px;text-align: center;vertical-align: middle\"><strong>V\u00a0<\/strong><\/td>\n<td style=\"width: 20.1998%;text-align: center;vertical-align: middle;height: 50px\"><strong>2019\/2020<\/strong><\/td>\n<td style=\"width: 34.7538%;height: 50px;text-align: center\"><a href=\"https:\/\/up.lublin.pl\/weterynaria\/wp-content\/uploads\/sites\/3\/2021\/10\/zal.-5-plan-studiow-dla-naboru-2019-2020.pdf\" target=\"_blank\" rel=\"noopener\">up.lublin.pl\/\u2026\/zal.-5-plan-studiow-dla-naboru-2019-2020.pdf<\/a><\/td>\n<td style=\"width: 158.773%;height: 50px;text-align: center\"><a href=\"https:\/\/up.lublin.pl\/weterynaria\/wp-content\/uploads\/sites\/3\/2021\/10\/zal.-5-plan-studiow-dla-naboru-2019-2020-FAKULTETY.pdf\" target=\"_blank\" rel=\"noopener\">up.lublin.pl\/\u2026\/zal.-5-plan-studiow-dla-naboru-2019-2020-FAKULTETY.pdf<\/a><\/td>\n<\/tr>\n<tr style=\"height: 50px\">\n<td style=\"width: 11.9195%;height: 50px;text-align: center;vertical-align: middle\"><strong>VI\u00a0<\/strong><\/td>\n<td style=\"width: 20.1998%;text-align: center;vertical-align: middle;height: 50px\"><strong>2018\/2019<\/strong><\/td>\n<td style=\"width: 34.7538%;height: 50px;text-align: center\"><a href=\"https:\/\/up.lublin.pl\/weterynaria\/wp-content\/uploads\/sites\/3\/2022\/05\/Plan-studiow-dla-2018-2019-V-rok.pdf\">Plan studi\u00f3w dla 2018-2019 (V rok)<\/a><\/td>\n<td style=\"width: 158.773%;height: 50px;text-align: center\"><a href=\"https:\/\/up.lublin.pl\/weterynaria\/wp-content\/uploads\/sites\/3\/2022\/05\/Fakultety-2018-2019-V-rok.pdf\">Fakultety 2018-2019 (V rok)<\/a><\/td>\n<\/tr>\n<\/tbody>\n<\/table>\n<p><span style=\"font-family: arial, helvetica, sans-serif;font-size: 16px\"><strong><br \/>VETERINARY MEDICINE\u00a0<\/strong><\/span><\/p>\n<table style=\"width: 87.9094%;height: 321px\" border=\"2\">\n<tbody>\n<tr style=\"height: 50px\">\n<td style=\"width: 23.839%;height: 50px;text-align: center;vertical-align: middle\"><strong>YEAR<\/strong><\/td>\n<td style=\"width: 43.0341%;height: 50px;text-align: center;vertical-align: middle\"><strong>OBLIGATORY SUBJECTS <\/strong><\/td>\n<td style=\"width: 136.986%;height: 50px;text-align: center;vertical-align: middle\">\n<p><strong>ELECTIVES<\/strong><\/p>\n<\/td>\n<\/tr>\n<tr style=\"height: 53px\">\n<td style=\"width: 23.839%;text-align: center;vertical-align: middle;height: 53px\"><strong>I<\/strong><\/td>\n<td style=\"width: 43.0341%;text-align: center;vertical-align: middle;height: 53px\"><strong> <a href=\"https:\/\/up.lublin.pl\/weterynaria\/wp-content\/uploads\/sites\/3\/2023\/09\/Program-studiow-veterinary-medicine-rok-I.pdf\">Program studi\u00f3w veterinary medicine rok I<\/a><\/strong><\/td>\n<td style=\"width: 136.986%;text-align: center;vertical-align: middle;height: 53px\">\n<p><strong><a href=\"https:\/\/up.lublin.pl\/weterynaria\/wp-content\/uploads\/sites\/3\/2024\/10\/WET-nabor-24-25-ANG-fakultety.pdf\">WET nab\u00f3r 24-25 ANG fakultety<\/a><\/strong><\/p>\n<\/td>\n<\/tr>\n<tr style=\"height: 50px\">\n<td style=\"width: 23.839%;height: 50px;text-align: center;vertical-align: middle\"><strong>\u00a0II<\/strong><\/td>\n<td style=\"width: 43.0341%;height: 50px;text-align: center\"><a href=\"https:\/\/up.lublin.pl\/weterynaria\/wp-content\/uploads\/sites\/3\/2022\/05\/Plan-studiow-anglojezyczne-I-rok.pdf\">Plan studi\u00f3w angloj\u0119zyczne I&nbsp;rok<\/a><\/td>\n<td style=\"width: 136.986%;height: 50px;text-align: center\"><a href=\"https:\/\/up.lublin.pl\/weterynaria\/wp-content\/uploads\/sites\/3\/2024\/10\/WET-nabor-23-24-ANG-fakultety.pdf\">WET nab\u00f3r 23-24 ANG fakultety<\/a><\/td>\n<\/tr>\n<tr style=\"height: 42px\">\n<td style=\"width: 23.839%;text-align: center;vertical-align: middle;height: 42px\"><strong>III<\/strong><\/td>\n<td style=\"width: 43.0341%;text-align: center;height: 42px\"><a href=\"https:\/\/up.lublin.pl\/weterynaria\/wp-content\/uploads\/sites\/3\/2021\/07\/zal.-4a-plan-studiow-dla-naboru-2021-2022-jezyk-angielski-I-rok.pdf\" target=\"_blank\" rel=\"noopener\">up.lublin.pl\/\u2026\/zal.-4a-plan-studiow-dla-naboru-2021-2022-jezyk-angielski-I-rok.pdf<\/a><\/td>\n<td style=\"width: 136.986%;text-align: center;height: 42px\"><a href=\"https:\/\/up.lublin.pl\/weterynaria\/wp-content\/uploads\/sites\/3\/2021\/07\/zal.-4a-plan-studiow-dla-naboru-fakultety-2021-2022-jezyk-angielski-I-rok.pdf\" target=\"_blank\" rel=\"noopener\">up.lublin.pl\/\u2026\/zal.-4a-plan-studiow-dla-naboru-fakultety-2021-2022-jezyk-angielski-I-rok.pdf<\/a><\/td>\n<\/tr>\n<tr style=\"height: 50px\">\n<td style=\"width: 23.839%;height: 50px;text-align: center;vertical-align: middle\"><strong>IV<\/strong><\/td>\n<td style=\"width: 43.0341%;height: 50px;text-align: center\"><a href=\"https:\/\/up.lublin.pl\/weterynaria\/wp-content\/uploads\/sites\/3\/2021\/07\/zal.-4a-plan-studiow-dla-naboru-2020-2021-jezyk-angielski-II-rok.pdf\">zal.-4a-plan-studiow-dla-naboru-2020-2021-jezyk-angielski II rok<\/a><\/td>\n<td style=\"width: 136.986%;height: 50px;text-align: center\"><a href=\"https:\/\/up.lublin.pl\/weterynaria\/wp-content\/uploads\/sites\/3\/2021\/07\/zal.-4a-plan-studiow-dla-naboru-2020-2021-fakultety-jezyk-angielski-II-rok.pdf\">zal.-4a-plan-studiow-dla-naboru-2020-2021-fakultety jezyk-angielski II rok<\/a><\/td>\n<\/tr>\n<tr style=\"height: 50px\">\n<td style=\"width: 23.839%;height: 53px;text-align: center;vertical-align: middle\"><strong>V\u00a0<\/strong><\/td>\n<td style=\"width: 43.0341%;height: 53px;text-align: center\"><a href=\"https:\/\/up.lublin.pl\/weterynaria\/wp-content\/uploads\/sites\/3\/2021\/07\/zal.-5a-plan-studiow-dla-naboru-2019-2020-jezyk-angielski.pdf\">zal.-5a-plan-studiow-dla-naboru-2019-2020-jezyk-angielski<\/a><\/td>\n<td style=\"width: 136.986%;height: 53px;text-align: center\"><a href=\"https:\/\/up.lublin.pl\/weterynaria\/wp-content\/uploads\/sites\/3\/2021\/07\/zal.-5a-plan-studiow-dla-naboru-2019-2020-fakultety-jezyk-angielski.pdf\">zal.-5a-plan-studiow-dla-naboru-2019-2020-fakultety jezyk-angielskiVI<\/a><\/td>\n<\/tr>\n<tr style=\"height: 23px\">\n<td style=\"width: 23.839%;text-align: center;vertical-align: middle;height: 23px\"><strong>VI<\/strong><\/td>\n<td style=\"width: 43.0341%;text-align: center;height: 23px\"><a href=\"https:\/\/up.lublin.pl\/weterynaria\/wp-content\/uploads\/sites\/3\/2023\/09\/Program-studiow-veterinary-medicine-rok-VI.pdf\">Program studi\u00f3w veterinary medicine rok VI<\/a><\/td>\n<td style=\"width: 136.986%;text-align: center;height: 23px\"><a href=\"https:\/\/up.lublin.pl\/weterynaria\/wp-content\/uploads\/sites\/3\/2023\/09\/Program-studiow-veterinaryt-medicine-electives-VI-rok.pdf\">Program studi\u00f3w veterinaryt medicine electives VI rok<\/a><\/td>\n<\/tr>\n<\/tbody>\n<\/table>\n<p><span style=\"font-size: 14px\"><strong><br \/>ANALITYKA WETERYNARYJNA <\/strong><\/span><\/p>\n<p><span style=\"font-size: 14px\"><strong>STUDIA PIERWSZEGO STIOPNIA<\/strong><\/span><\/p>\n<table style=\"width: 82.2523%;border-collapse: collapse;height: 110px\" border=\"1\">\n<tbody>\n<tr style=\"height: 23px\">\n<td style=\"width: 82.2523%;text-align: center;height: 24px\" colspan=\"2\"><strong>PLAN STUDI\u00d3W DLA NABORU<\/strong><\/td>\n<\/tr>\n<tr style=\"height: 33px\">\n<td style=\"width: 19.2088%;height: 33px\"><strong>2023-2024<\/strong><strong><br \/><\/strong><\/td>\n<td style=\"width: 63.0435%;text-align: center;height: 33px\"><a href=\"https:\/\/up.lublin.pl\/weterynaria\/wp-content\/uploads\/sites\/3\/2023\/09\/program-studiow-I-stopien-I-rok-analityka.pdf\">program studi\u00f3w I&nbsp;stopie\u0144 I&nbsp;rok analityka<\/a><\/td>\n<\/tr>\n<tr style=\"height: 33px\">\n<td style=\"width: 19.2088%;height: 21px\"><strong>2022-2023<\/strong><\/td>\n<td style=\"width: 63.0435%;text-align: center;height: 21px\"><a href=\"https:\/\/up.lublin.pl\/weterynaria\/wp-content\/uploads\/sites\/3\/2023\/09\/Program-studiow-I-stopien-II-rok-analityka.pdf\">Program studi\u00f3w I&nbsp;stopie\u0144 II rok analityka<\/a><\/td>\n<\/tr>\n<tr style=\"height: 40px\">\n<td style=\"width: 19.2088%;height: 32px\"><strong>2021-2022<\/strong><\/td>\n<td style=\"width: 63.0435%;text-align: center;height: 32px\"><a href=\"https:\/\/up.lublin.pl\/weterynaria\/wp-content\/uploads\/sites\/3\/2021\/10\/program-studiow-analityka-wet-2021-22.pdf\">program studi\u00f3w analityka wet 2021-22<\/a><\/td>\n<\/tr>\n<\/tbody>\n<\/table>\n<p><strong><br \/>STUDIA DRUGIEGO STOPNIA\u00a0<\/strong><\/p>\n<table style=\"width: 83.2891%;border-collapse: collapse;height: 97px\" border=\"1\">\n<tbody>\n<tr style=\"height: 23px\">\n<td style=\"width: 82.2523%;text-align: center;height: 36px\" colspan=\"2\"><strong>PLAN STUDI\u00d3W DLA NABORU<\/strong><\/td>\n<\/tr>\n<tr style=\"height: 38px\">\n<td style=\"width: 19.2088%;height: 38px\"><strong>2023-2024<\/strong><\/td>\n<td style=\"width: 63.0435%;text-align: center;height: 38px\"><a href=\"https:\/\/up.lublin.pl\/weterynaria\/wp-content\/uploads\/sites\/3\/2023\/09\/Program-studiow-II-stopien-I-rok-analityka.pdf\">Program studi\u00f3w II stopie\u0144 I&nbsp;rok analityka<\/a><\/td>\n<\/tr>\n<tr style=\"height: 23px\">\n<td style=\"width: 19.2088%;height: 23px\"><strong>2022-2023<\/strong><strong><br \/><\/strong><\/td>\n<td style=\"width: 63.0435%;text-align: center;height: 23px\"><a href=\"https:\/\/up.lublin.pl\/weterynaria\/wp-content\/uploads\/sites\/3\/2023\/09\/Program-studiow-II-stopien-II-rok-analityka.pdf\">Program studi\u00f3w II stopie\u0144 II rok analityka<\/a><\/td>\n<\/tr>\n<\/tbody>\n<\/table>\n                                                <\/div>\n                                            <\/li>\n                                        <\/ul>\n\t\t\t\t\t\t                                                        <ul class=\"mn-accordion\">\n                                            <li>\n                                                <h4 class=\"mn-accordion-title\">Uchwa\u0142a nr 134\/2018-2019 Senatu Uniwerstetu Przyodniczego w&nbsp;Lublinie z&nbsp;dnia 27 wrze\u015bnia 2019 r. w&nbsp;sprawie dostosowania programu studi\u00f3w kierunku analityka weterynaryjna dla cykli kszta\u0142cenia rozpoczynaj\u0105cych si\u0119 od roku akademickiego 2019\/2020 do wymaga\u0144 okre\u015blonych w&nbsp;ustawie<\/h4>\n                                                <div>\n\t\t\t\t\t\t\t\t\t                <p><a href=\"https:\/\/up.lublin.pl\/weterynaria\/wp-content\/uploads\/sites\/3\/2022\/12\/134_-_prog._stud._analit._wet.-1.pdf\">Uchwa\u0142a nr 134\/2018-2019 Senatu Uniwersytetu Przyrodniczego w&nbsp;Lublinie z&nbsp;dnia 27 wrze\u015bnia 2019 r. w&nbsp;sprawie dostosowania programu studi\u00f3w kierunku analityka weterynaryjna dla cykli kszta\u0142cenia rozpoczynaj\u0105cych si\u0119 od roku akademickiego 2019\/2020 do wymaga\u0144 okre\u015blonych w&nbsp;ustawie<\/a><\/p>\n<p><a href=\"https:\/\/up.lublin.pl\/weterynaria\/wp-content\/uploads\/sites\/3\/2022\/12\/zalacznik_nr_1.pdf\">Za\u0142\u0105cznik nr 1 &#8211; Opis efekt\u00f3w uczenia si\u0119 dla kierunku studi\u00f3w<\/a><\/p>\n<p><a href=\"https:\/\/up.lublin.pl\/weterynaria\/wp-content\/uploads\/sites\/3\/2022\/12\/zalacznik_nr_2-1.pdf\">Za\u0142\u0105cznik nr 2 &#8211; Szczeg\u00f3\u0142owa charakterystyka programu studi\u00f3w &#8211; kierunek analityka weterynaryjna<\/a><\/p>\n<p><a href=\"https:\/\/up.lublin.pl\/weterynaria\/wp-content\/uploads\/sites\/3\/2022\/12\/zalacznik_nr_3.pdf\">Za\u0142\u0105cznik nr 3 &#8211; Opis zasad i&nbsp;formy odbywania praktyk<\/a><\/p>\n                                                <\/div>\n                                            <\/li>\n                                        <\/ul>\n\t\t\t\t\t\t                                                        <ul class=\"mn-accordion\">\n                                            <li>\n                                                <h4 class=\"mn-accordion-title\">Uchwa\u0142a nr 15\/2021-2022 Senatu Uniwersytetu Przyrodniczego w&nbsp;Lublinie z&nbsp;dnia 17 grudnia 2021 r. w&nbsp;sprawie dostosowania programu studi\u00f3w kierunku weterynaria dla cyklu kszta\u0142cenia rozpoczynaj\u0105cego si\u0119 od roku akademickiego 2018\/2019 do zalece\u0144 uchwa\u0142y nr 1065\/2021 Prezydium Polskiej Komisji Akredytacyjnej z&nbsp;dnia 4 listopada 2021 r. w&nbsp;sprawie oceny programowej kierunku weterynaria prowadzonego na Uniwersytecie Przyrodniczym w&nbsp;Lublinie na poziomie jednolitych studi\u00f3w magisterskich o&nbsp;profilu og\u00f3lnokademickim<\/h4>\n                                                <div>\n\t\t\t\t\t\t\t\t\t                <p><strong><a href=\"https:\/\/up.lublin.pl\/weterynaria\/wp-content\/uploads\/sites\/3\/2023\/04\/u-15-2021-22.pdf\">Uchwa\u0142a nr 15\/2021-2022 Senatu Uniwersytetu Przyrodniczego w&nbsp;Lublinie z&nbsp;dnia 17 grudnia 2021 r. w&nbsp;sprawie dostosowania programu studi\u00f3w kierunku weterynaria dla cyklu kszta\u0142cenia rozpoczynaj\u0105cego si\u0119 od roku akademickiego 2018\/2019 do zalece\u0144 uchwa\u0142y nr 1065\/2021 Prezydium Polskiej Komisji Akredytacyjnej z&nbsp;dnia 4 listopada 2021 r. w&nbsp;sprawie oceny programowej kierunku weterynaria prowadzonego na Uniwersytecie Przyrodniczym w&nbsp;Lublinie na poziomie jednolitych studi\u00f3w magisterskich o&nbsp;profilu og\u00f3lnokademickim<\/a><\/strong><\/p>\n<p><strong><a href=\"https:\/\/up.lublin.pl\/weterynaria\/wp-content\/uploads\/sites\/3\/2023\/04\/zal.-1-1.pdf\">Og\u00f3lna charakterystyka kierunku studi\u00f3w: weterynaria (dla rocznika zaczynaj\u0105cego kszta\u0142cenie w&nbsp;roku akademickim 2018\/19)<\/a> \/ <a href=\"https:\/\/up.lublin.pl\/weterynaria\/wp-content\/uploads\/sites\/3\/2023\/04\/Annex-1a.pdf\">General characteristics of the field of study: veterinary medicine (for the year starting education in the 2018\/19 academic year)<\/a><\/strong><\/p>\n<p><strong><a href=\"https:\/\/up.lublin.pl\/weterynaria\/wp-content\/uploads\/sites\/3\/2023\/04\/zal.-2.pdf\">Opis efekt\u00f3w uczenia si\u0119<\/a> \/ <a href=\"https:\/\/up.lublin.pl\/weterynaria\/wp-content\/uploads\/sites\/3\/2023\/04\/Annex-2a.pdf\">Description of the learning outcomes<\/a><\/strong><\/p>\n<p><strong><a href=\"https:\/\/up.lublin.pl\/weterynaria\/wp-content\/uploads\/sites\/3\/2023\/04\/zal.-3.pdf\">Szczeg\u00f3\u0142owa charakterystyka programu studi\u00f3w i&nbsp;warunki realizacji programu studi\u00f3w dla rocznika zaczynaj\u0105cego kszta\u0142cenie w&nbsp;roku akademickim 2018\/19 obowi\u0105zuje od roku akademickiego 2022-2023<\/a> \/ <\/strong><a href=\"https:\/\/up.lublin.pl\/weterynaria\/wp-content\/uploads\/sites\/3\/2023\/04\/Annex-3a.pdf\"><strong>Detailed characteristics of the study programme and the terms of the study programme implementation<\/strong><\/a><\/p>\n<p><a href=\"https:\/\/up.lublin.pl\/weterynaria\/wp-content\/uploads\/sites\/3\/2023\/04\/wet.pdf\"><strong>Uchwa\u0142a nr 36\/2021-2022 Senatu Uniwersytetu Przyrodniczego w&nbsp;Lublinie z&nbsp;dnia 22 kwietnia 2022 r. zmieniaj\u0105ca Uchwa\u0142\u0119 nr 15\/2021-2022 Senatu Uniwersytetu Przyrodniczego w&nbsp;Lublinie z&nbsp;dnia 17 grudnia 2021 r. w&nbsp;sprawie dostosowania programu studi\u00f3w kierunku weterynaria dla cyklu kszta\u0142cenia rozpoczynaj\u0105cego si\u0119 od roku akademickiego 2018\/2019 do zalece\u0144 uchwa\u0142y nr 1065\/2021 Prezydium Polskiej Komisji Akredytacyjnej z&nbsp;dnia 4 listopada 2021 r. w&nbsp;sprawie oceny programowej kierunku weterynaria prowadzonego na Uniwersytecie Przyrodniczym w&nbsp;Lublinie na poziomie jednolitych studi\u00f3w magisterskich o&nbsp;profilu og\u00f3lnokademickim<\/strong> <\/a><\/p>\n<p>\u00a0<\/p>\n                                                <\/div>\n                                            <\/li>\n                                        <\/ul>\n\t\t\t\t\t\t                                                        <ul class=\"mn-accordion\">\n                                            <li>\n                                                <h4 class=\"mn-accordion-title\">Uchwa\u0142a nr 77\/2020-2021  Senatu Uniwersytetu Przyrodniczego w&nbsp;Lublinie  z&nbsp;dnia 24 wrze\u015bnia 2021 r.  zmieniaj\u0105ca  Uchwa\u0142\u0119  nr  65\/2020-2021 Senatu Uniwersytetu Przyrodniczego                               w&nbsp; Lublinie  z&nbsp; dnia  8  lipca  2021  r.  w&nbsp;sprawie ustalenia programu studi\u00f3w dla kierunku  weterynaria  studia  jednolite  magisterskie  o&nbsp; profilu  og\u00f3lnoakademickim  dla  cykli  kszta\u0142cenia rozpoczynaj\u0105cych si\u0119 od roku akademickiego 2021\/2022 <\/h4>\n                                                <div>\n\t\t\t\t\t\t\t\t\t                <ul>\n<li><span id=\"page3R_mcid0\" class=\"markedContent\"><\/span><span id=\"page3R_mcid3\" class=\"markedContent\"><span dir=\"ltr\" role=\"presentation\"><a href=\"https:\/\/up.lublin.pl\/weterynaria\/wp-content\/uploads\/sites\/3\/2021\/10\/u77.pdf\">Uchwa\u0142a nr 77\/2020-2021 Senatu Uniwersytetu Przyrodniczego w&nbsp;Lublinie z&nbsp;dnia 24 wrze\u015bnia 2021 r. zmieniaj\u0105ca Uchwa\u0142\u0119 nr 65\/2020-2021 Senatu Uniwersytetu Przyrodniczego w&nbsp;Lublinie z&nbsp;dnia 8 lipca 2021 r. w&nbsp;sprawie ustalenia programu studi\u00f3w dla kierunku weterynaria studia jednolite magisterskie o&nbsp;profilu og\u00f3lnoakademickim dla cykli kszta\u0142cenia rozpoczynaj\u0105cych si\u0119 od roku akademickiego 2021\/2022<\/a><\/span> <\/span><\/li>\n<li><strong><a href=\"https:\/\/up.lublin.pl\/weterynaria\/wp-content\/uploads\/sites\/3\/2023\/04\/Weterynaria-Anestezjologia.pdf\">Anestezjologia<\/a> \/ <a href=\"https:\/\/up.lublin.pl\/weterynaria\/wp-content\/uploads\/sites\/3\/2023\/04\/Veterinary-Medicine-Anaesthesiology.pdf\">Anaesthesiology<\/a><\/strong><\/li>\n<li><strong><a href=\"https:\/\/up.lublin.pl\/weterynaria\/wp-content\/uploads\/sites\/3\/2023\/04\/Weterynaria-Chirurgia-Ogolna.pdf\">Chirurgia Og\u00f3lna<\/a> \/ <a href=\"https:\/\/up.lublin.pl\/weterynaria\/wp-content\/uploads\/sites\/3\/2023\/04\/Veterinary-Medicine-General-Surgery.pdf\">General Surgery<\/a><\/strong><\/li>\n<li><strong><a href=\"https:\/\/up.lublin.pl\/weterynaria\/wp-content\/uploads\/sites\/3\/2023\/04\/Weterynaria-Choroby-zwierzat-gospodarskich.-Blok-II.pdf\">Choroby zwierz\u0105t gospodarskich blok II<\/a> \/ <a href=\"https:\/\/up.lublin.pl\/weterynaria\/wp-content\/uploads\/sites\/3\/2023\/04\/Veterinary-Medicine-Diseases-of-farm-animals.-Block-II.pdf\">Diseases of farm animals Block II<\/a><\/strong><\/li>\n<\/ul>\n                                                <\/div>\n                                            <\/li>\n                                        <\/ul>\n\t\t\t\t\t\t                                                        <ul class=\"mn-accordion\">\n                                            <li>\n                                                <h4 class=\"mn-accordion-title\">Uchwa\u0142a nr 67\/2020-2021 Senatu Uniwersytetu Przyrodniczego w&nbsp;Lublinie z&nbsp;dnia 8 lipca 2021 r. zmieniaj\u0105ca uchwa\u0142\u0119 nr 135\/2018-2019 Senatu Uniwersytetu Przyrodniczego w&nbsp;Lublinie z&nbsp;dnia 27 wrze\u015bnia 2019 r. w&nbsp;sprawie dostosowania programu studi\u00f3w kierunku weterynaria dla cykli kszta\u0142cenia rozpoczynaj\u0105cych si\u0119 od roku akademickiego 2019\/2020 do wymaga\u0144 okre\u015blonych w&nbsp;ustawie<\/h4>\n                                                <div>\n\t\t\t\t\t\t\t\t\t                <ul>\n<li><strong><a href=\"https:\/\/up.lublin.pl\/weterynaria\/wp-content\/uploads\/sites\/3\/2023\/04\/uchwala-67.pdf\">Uchwa\u0142a nr 67\/2020-2021 Senatu Uniwersytetu Przyrodniczego w&nbsp;Lublinie z&nbsp;dnia 8 lipca 2021mieniaj\u0105ca uchwa\u0142\u0119 nr 135\/2018-2019 Senatu Uniwersytetu Przyrodniczego w&nbsp;Lublinie z&nbsp;dnia 27 wrze\u015bnia 2019 r. w&nbsp;sprawie dostosowania programu studi\u00f3w kierunku weterynaria dla cykli kszta\u0142cenia rozpoczynaj\u0105cych si\u0119 od roku akademickiego 2019\/2020 do wymaga\u0144 okre\u015blonych w&nbsp;ustawie<\/a><\/strong><\/li>\n<li><span style=\"font-size: 14px\"><span style=\"font-family: arial, helvetica, sans-serif\"><strong><a href=\"https:\/\/up.lublin.pl\/weterynaria\/wp-content\/uploads\/sites\/3\/2021\/07\/zal.-4-ogolna-charakterystyka-2019-2020.pdf\">Og\u00f3lna charakterystyka kierunku studi\u00f3w: weterynaria<\/a>\u00a0 \/\u00a0 <a href=\"https:\/\/up.lublin.pl\/weterynaria\/wp-content\/uploads\/sites\/3\/2021\/07\/zal.-4a-ogolna-charakterystyka-2019-2020-jezyk-angielski.pdf\">General characteristics of the field of study: veterinary medicine<\/a><\/strong><\/span><\/span><\/li>\n<li><span style=\"font-family: arial, helvetica, sans-serif;font-size: 14px\"><strong><a href=\"https:\/\/up.lublin.pl\/weterynaria\/wp-content\/uploads\/sites\/3\/2021\/07\/zal.-1-opis-efektow-uczenia-sie-2019-2020-2.pdf\">Opis efekt\u00f3w uczenia si\u0119<\/a>\u00a0 \u00a0 \/\u00a0 <a href=\"https:\/\/up.lublin.pl\/weterynaria\/wp-content\/uploads\/sites\/3\/2021\/07\/zal.-1a-opis-efektow-uczenia-sie-2019-2020-jezyk-angielski-2.pdf\">Description of the learning outcomes<\/a><\/strong><\/span><\/li>\n<li><span style=\"font-family: arial, helvetica, sans-serif;font-size: 12px\"><span style=\"font-size: 14px\"><strong><span style=\"text-decoration: underline\"><a href=\"https:\/\/up.lublin.pl\/weterynaria\/wp-content\/uploads\/sites\/3\/2021\/07\/zal.-2-szczegolowa-charakterystyka-2019-2020.pdf\">Szczeg\u00f3\u0142owa charakterystyka programu studi\u00f3w i&nbsp;warunki realizacji programu studi\u00f3w<\/a><\/span>\u00a0 \/\u00a0 <a href=\"https:\/\/up.lublin.pl\/weterynaria\/wp-content\/uploads\/sites\/3\/2021\/07\/zal.-2a-szczegolowa-charakterystyka-2019-2020-jezyk-angielski.pdf\">Detailed characteristics of the study programme and the terms of the study programme implementation<\/a><\/strong><\/span><br \/><\/span><\/li>\n<li><a href=\"https:\/\/up.lublin.pl\/weterynaria\/wp-content\/uploads\/sites\/3\/2023\/04\/zal.-5-plan-studiow-dla-naboru-2019-2020-2-1.xls\"><strong>Plan studi\u00f3w dla naboru 2019-2020<\/strong><\/a><strong> \/ <\/strong><a href=\"https:\/\/up.lublin.pl\/weterynaria\/wp-content\/uploads\/sites\/3\/2023\/04\/zal.-5a-plan-studiow-dla-naboru-2019-2020-jezyk-angielski-1.xls\"><strong>Plan studi\u00f3w dla naboru 2019-2020 j\u0119zyk angielski<\/strong><\/a><\/li>\n<li><strong><a href=\"https:\/\/up.lublin.pl\/weterynaria\/wp-content\/uploads\/sites\/3\/2023\/04\/zal.-3-opis-zasad-i-formy-odbywania-praktyk-2019-2020-1.pdf\">Opis zasad i&nbsp;formy odbywania praktyk<\/a> \/ <\/strong><a href=\"https:\/\/up.lublin.pl\/weterynaria\/wp-content\/uploads\/sites\/3\/2023\/04\/zal.-3a-opis-zasad-i-formy-odbywania-praktyk-2019-2020-jezyk-angielski-1.pdf\"><strong>Description of the rules and forms of practice<\/strong><\/a><\/li>\n<\/ul>\n                                                <\/div>\n                                            <\/li>\n                                        <\/ul>\n\t\t\t\t\t\t                                                        <ul class=\"mn-accordion\">\n                                            <li>\n                                                <h4 class=\"mn-accordion-title\">Uchwa\u0142a nr 66\/2020-2021 Senatu Uniwersytetu Przyrodniczego w&nbsp;Lublinie z&nbsp;dnia 8 lipca 2021 r. zmieniaj\u0105ca uchwa\u0142\u0119 nr 68\/2019-2020 Senatu Uniwersytetu Przyrodniczego w&nbsp;Lublinie z&nbsp;dnia 8 maja 2020 r. w&nbsp;sprawie dostosowania programu studi\u00f3w kierunku weterynaria dla cykli kszta\u0142cenia rozpoczynaj\u0105cych si\u0119 od roku akademickiego 2020\/2021 do wymaga\u0144 okre\u015blonych w&nbsp;ustawie<\/h4>\n                                                <div>\n\t\t\t\t\t\t\t\t\t                <ul>\n<li><strong><a href=\"https:\/\/up.lublin.pl\/weterynaria\/wp-content\/uploads\/sites\/3\/2021\/07\/Uchwala-nr-66.pdf\">Uchwa\u0142a nr 66\/2020-2021 Senatu Uniwersytetu Przyrodniczego w&nbsp;Lublinie z&nbsp;dnia 8 lipca 2021 r. zmieniaj\u0105ca uchwa\u0142\u0119 nr 68\/2019-2020 Senatu Uniwersytetu Przyrodniczego w&nbsp;Lublinie z&nbsp;dnia 8 maja 2020 r. w&nbsp;sprawie dostosowania programu studi\u00f3w kierunku weterynaria dla cykli kszta\u0142cenia rozpoczynaj\u0105cych si\u0119 od roku akademickiego 2020\/2021 do wymaga\u0144 okre\u015blonych w&nbsp;ustawie<\/a><\/strong><\/li>\n<li><strong><a href=\"https:\/\/up.lublin.pl\/weterynaria\/wp-content\/uploads\/sites\/3\/2021\/07\/zal.-1-ogolna-charakterystyka-2020-2021.pdf\">Og\u00f3lna charakterystyka kierunku studi\u00f3w: weterynaria\u00a0<\/a> \/ <a href=\"https:\/\/up.lublin.pl\/weterynaria\/wp-content\/uploads\/sites\/3\/2021\/07\/zal.-1a-ogolna-charakterystyka-2020-2021-jezyk-angielski.pdf\">General characteristics of the field of study: veterinary medicine<\/a><\/strong><\/li>\n<li><strong><a href=\"https:\/\/up.lublin.pl\/weterynaria\/wp-content\/uploads\/sites\/3\/2021\/07\/zal.-2-opis-efektow-uczenia-sie-2020-2021-1.pdf\">Opis efekt\u00f3w uczenia si\u0119 <\/a>\u00a0 \u00a0\/\u00a0 <a href=\"https:\/\/up.lublin.pl\/weterynaria\/wp-content\/uploads\/sites\/3\/2021\/07\/zal.-2a-opis-efektow-uczenia-sie-2020-2021-jezyk-angielski-1.pdf\">Description of the learning outcomes<\/a><\/strong><\/li>\n<li><strong><a href=\"https:\/\/up.lublin.pl\/weterynaria\/wp-content\/uploads\/sites\/3\/2021\/07\/zal.-3-szczegolowa-charakterystyka-2020-2021-korekta-13.07.pdf\">Szczeg\u00f3\u0142owa charakterystyka programu studi\u00f3w i&nbsp;warunki realizacji programu studi\u00f3w\u00a0<\/a> \/\u00a0 <a href=\"https:\/\/up.lublin.pl\/weterynaria\/wp-content\/uploads\/sites\/3\/2021\/07\/zal.-3a-szczegolowa-charakterystyka-2020-2021-jezyk-anagielski.pdf\">Detailed characteristics of the study programme and the terms of the study programme implementation<\/a><\/strong><\/li>\n<\/ul>\n                                                <\/div>\n                                            <\/li>\n                                        <\/ul>\n\t\t\t\t\t\t                                                        <ul class=\"mn-accordion\">\n                                            <li>\n                                                <h4 class=\"mn-accordion-title\">Uchwa\u0142a nr 65\/2020-2021 Senatu Uniwersytetu Przyrodniczego w&nbsp;Lublinie z&nbsp;dnia 8 lipca 2021 r. w&nbsp;sprawie ustalenia programu studi\u00f3w dla kierunku weterynaria studia jednolite magisterskie o&nbsp;profilu og\u00f3lnoakademickim dla cykli kszta\u0142cenia rozpoczynaj\u0105cych si\u0119 od roku akademickiego 2021\/2022<\/h4>\n                                                <div>\n\t\t\t\t\t\t\t\t\t                <ul>\n<li><strong><a href=\"https:\/\/up.lublin.pl\/weterynaria\/wp-content\/uploads\/sites\/3\/2021\/07\/Uchwala-nr-65.pdf\">Uchwa\u0142a nr 65\/2020-2021Senatu Uniwersytetu Przyrodniczego w&nbsp;Lublinie z&nbsp;dnia 8 lipca 2021 r. w&nbsp;sprawie ustalenia programu studi\u00f3w dla kierunku weterynaria studia jednolite magisterskie o&nbsp;profilu og\u00f3lnoakademickim dla cykli kszta\u0142cenia rozpoczynaj\u0105cych si\u0119 od roku akademickiego 2021\/2022<\/a><\/strong><\/li>\n<li><span style=\"font-family: arial, helvetica, sans-serif;font-size: 14px\"><strong><a href=\"https:\/\/up.lublin.pl\/weterynaria\/wp-content\/uploads\/sites\/3\/2021\/07\/zal.-1-ogolna-charakterystyka-2021-2022.pdf\">Og\u00f3lna charakterystyka kierunku studi\u00f3w: weterynaria<\/a> \u00a0 \/\u00a0 <a href=\"https:\/\/up.lublin.pl\/weterynaria\/wp-content\/uploads\/sites\/3\/2021\/07\/zal.-1a-ogolna-charakterystyka-2021-2022-jezyk-anagielski.pdf\">General characteristics of the field of study: veterinary medicine<\/a><\/strong><\/span><\/li>\n<li><span style=\"font-family: arial, helvetica, sans-serif;font-size: 14px\"><strong><a href=\"https:\/\/up.lublin.pl\/weterynaria\/wp-content\/uploads\/sites\/3\/2021\/07\/zal.-2-opis-efektow-uczenia-sie-2021-2022-1.pdf\">Opis efekt\u00f3w uczenia si\u0119\u00a0<\/a> \/\u00a0 <a href=\"https:\/\/up.lublin.pl\/weterynaria\/wp-content\/uploads\/sites\/3\/2021\/07\/zal.-2a-opis-efektow-uczenia-sie-2021-2022-jezyk-anagielski-1.pdf\">Description of the learning outcomes<\/a><\/strong><\/span><\/li>\n<li><span style=\"font-family: arial, helvetica, sans-serif;font-size: 14px\"><strong><a href=\"https:\/\/up.lublin.pl\/weterynaria\/wp-content\/uploads\/sites\/3\/2021\/07\/zal.-3-szczegolowa-charakterystyka-2021-2022-korekta-13.07.pdf\">Szczeg\u00f3\u0142owa charakterystyka programu studi\u00f3w i&nbsp;warunki realizacji programu studi\u00f3w\u00a0<\/a> \/\u00a0 <a href=\"https:\/\/up.lublin.pl\/weterynaria\/wp-content\/uploads\/sites\/3\/2021\/07\/zal.-3a-szczegolowa-charakterystyka-2021-2022-jezyk-angielski.pdf\">Detailed characteristics of the study programme and the terms of the study programme implementation<\/a><\/strong><\/span><\/li>\n<\/ul>\n                                                <\/div>\n                                            <\/li>\n                                        <\/ul>\n\t\t\t\t\t\t                                                        <ul class=\"mn-accordion\">\n                                            <li>\n                                                <h4 class=\"mn-accordion-title\">Uchwa\u0142a nr 38\/2021-2022 Senatu Uniwersytetu Przyrodniczego w&nbsp;Lublinie z&nbsp;dnia 22 kwietnia 2022 r. w&nbsp;sprawie doskonalenia programu studi\u00f3w na kierunku analityka weterynaryjna studia stacjonarne pierwszego stopnia dla cykli kszta\u0142cenia rozpoczynaj\u0105cych si\u0119 od roku akademickiego 2022\/2023\ufeff<\/h4>\n                                                <div>\n\t\t\t\t\t\t\t\t\t                <p><a href=\"https:\/\/up.lublin.pl\/weterynaria\/wp-content\/uploads\/sites\/3\/2022\/12\/Uchwala-analityka.pdf\">Uchwa\u0142a nr 38\/2021-2022 Senatu Uniwersytetu Przyrodniczego w&nbsp;Lublinie z&nbsp;dnia 22 kwietnia 2022 r. w&nbsp;sprawie doskonalenia programu studi\u00f3w na kierunku analityka weterynaryjna studia stacjonarne pierwszego stopnia dla cykli kszta\u0142cenia rozpoczynaj\u0105cych si\u0119 od roku akademickiego 2022\/2023<\/a><\/p>\n<p><a href=\"https:\/\/up.lublin.pl\/weterynaria\/wp-content\/uploads\/sites\/3\/2022\/12\/Zal-nr-1-I-stopien.pdf\">Og\u00f3lna charakterystyka kierunku studi\u00f3w obowi\u0105zuje od roku akademickiego 2022\/2023<\/a><\/p>\n<p><a href=\"https:\/\/up.lublin.pl\/weterynaria\/wp-content\/uploads\/sites\/3\/2022\/12\/Zal-nr-2-I-stopien.pdf\">Opis efekt\u00f3w uczenia si\u0119<\/a><\/p>\n<p><a href=\"https:\/\/up.lublin.pl\/weterynaria\/wp-content\/uploads\/sites\/3\/2022\/12\/Zal-nr-3-I-stopien.pdf\">Szczeg\u00f3\u0142owa charakterystyka programu studi\u00f3w i&nbsp;warunki realizacji<\/a><\/p>\n<p><a href=\"https:\/\/up.lublin.pl\/weterynaria\/wp-content\/uploads\/sites\/3\/2022\/12\/Program-studiow-I-stopien.pdf\">Plan studi\u00f3w<\/a><\/p>\n                                                <\/div>\n                                            <\/li>\n                                        <\/ul>\n\t\t\t\t\t\t                                                        <ul class=\"mn-accordion\">\n                                            <li>\n                                                <h4 class=\"mn-accordion-title\">Uchwa\u0142a nr 37\/2021 - 2022 Senatu Uniwersytetu Przyrodniczego w&nbsp;Lublinie z&nbsp;dnia 22 kwietnia 2022 r. w&nbsp;sprawie ustalenia progrmu studi\u00f3w dla kierunk analityka weterynaryjna studia stacjonarne drugiego stopnia o&nbsp;profilu og\u00f3lnoakademickim<\/h4>\n                                                <div>\n\t\t\t\t\t\t\t\t\t                <p><a href=\"https:\/\/up.lublin.pl\/weterynaria\/wp-content\/uploads\/sites\/3\/2022\/12\/Uchwala-analityka-1.pdf\">Uchwa\u0142a nr 37\/2021 &#8211; 2022 Senatu Uniwersytetu Przyrodniczego w&nbsp;Lublinie z&nbsp;dnia 22 kwietnia 2022 r. w&nbsp;sprawie ustalenia programu studi\u00f3w dla kierunku analityka weterynaryjna studia stacjonarne drugiego stopnia o&nbsp;profilu og\u00f3lnoakademickim<\/a>\u00a0<\/p>\n<p><a href=\"https:\/\/up.lublin.pl\/weterynaria\/wp-content\/uploads\/sites\/3\/2022\/12\/Zal-nr-1-1.pdf\">Og\u00f3lna charakterystyka kierunku studi\u00f3w &#8211; obowi\u0105zuje od roku akademickiego 2022-2023<\/a><\/p>\n<p><a href=\"https:\/\/up.lublin.pl\/weterynaria\/wp-content\/uploads\/sites\/3\/2022\/12\/Zal-nr-2-1.pdf\">Opis efekt\u00f3w uczenia si\u0119<\/a><\/p>\n<p><a href=\"https:\/\/up.lublin.pl\/weterynaria\/wp-content\/uploads\/sites\/3\/2022\/12\/Zal-nr-3-1.pdf\">Szczeg\u00f3\u0142owa charakterystyka programu studi\u00f3w i&nbsp;warunki realizacji programu studi\u00f3w <\/a><\/p>\n<p><a href=\"https:\/\/up.lublin.pl\/weterynaria\/wp-content\/uploads\/sites\/3\/2022\/12\/Program-studiow-II-stopien-1.pdf\">Plan studi\u00f3w II stopie\u0144<\/a><\/p>\n                                                <\/div>\n                                            <\/li>\n                                        <\/ul>\n\t\t\t\t\t\t                                                        <ul class=\"mn-accordion\">\n                                            <li>\n                                                <h4 class=\"mn-accordion-title\">Uchwa\u0142a nr 42\/2022-2023 Senatu Uniwersytetu Przyrodniczego w&nbsp;Lublinie z&nbsp;dnia 28 kwietnia 2023 r. w&nbsp;sprawie doskonalenia programu studi\u00f3w pierwszego i&nbsp;drugiego stopnia kierunku analityka weterynaryjna<\/h4>\n                                                <div>\n\t\t\t\t\t\t\t\t\t                <p><a href=\"https:\/\/up.lublin.pl\/weterynaria\/wp-content\/uploads\/sites\/3\/2023\/08\/Uchwala-nr-42.pdf\">Uchwa\u0142a nr 42\/2022-2023 Senatu Uniwersytetu Przyrodniczego w&nbsp;Lublinie z&nbsp;dnia 28 kwietnia 2023 r. w&nbsp;sprawie doskonalenia programu studi\u00f3w pierwszego i&nbsp;drugiego stopnia kierunku analityka weterynaryjna<\/a><\/p>\n<p><a href=\"https:\/\/up.lublin.pl\/weterynaria\/wp-content\/uploads\/sites\/3\/2023\/08\/Zalacznik-nr-1a-do-Uchwaly-nr-42.pdf\">Zalacznik-nr-1a-do-Uchwaly-nr-42<\/a><\/p>\n<p><a href=\"https:\/\/up.lublin.pl\/weterynaria\/wp-content\/uploads\/sites\/3\/2023\/08\/Zalacznik-nr-1b-do-Uchwaly-nr-42.pdf\">Zalacznik-nr-1b-do-Uchwaly-nr-42<\/a><\/p>\n<p><a href=\"https:\/\/up.lublin.pl\/weterynaria\/wp-content\/uploads\/sites\/3\/2023\/08\/Zalacznik-nr-2a-do-Uchwaly-nr-42.pdf\">Zalacznik-nr-2a-do-Uchwaly-nr-42<\/a><\/p>\n<p><a href=\"https:\/\/up.lublin.pl\/weterynaria\/wp-content\/uploads\/sites\/3\/2023\/08\/Zalacznik-nr-2b-do-Uchwaly-nr-42.pdf\">Zalacznik-nr-2b-do-Uchwaly-nr-42<\/a><\/p>\n<p><a href=\"https:\/\/up.lublin.pl\/weterynaria\/wp-content\/uploads\/sites\/3\/2023\/08\/Zalacznik-nr-3a-do-Uchwaly-nr-42.pdf\">Zalacznik-nr-3a-do-Uchwaly-nr-42<\/a><\/p>\n<p><a href=\"https:\/\/up.lublin.pl\/weterynaria\/wp-content\/uploads\/sites\/3\/2023\/08\/Zalacznik-nr-3b-do-Uchwaly-nr-42.pdf\">Zalacznik-nr-3b-do-Uchwaly-nr-42<\/a><\/p>\n<p><a href=\"https:\/\/up.lublin.pl\/weterynaria\/wp-content\/uploads\/sites\/3\/2023\/08\/Zalacznik-nr-4a-do-Uchwaly-nr-42.pdf\">Zalacznik-nr-4a-do-Uchwaly-nr-42<\/a><\/p>\n<p><a href=\"https:\/\/up.lublin.pl\/weterynaria\/wp-content\/uploads\/sites\/3\/2023\/08\/Zalacznik-nr-4b-do-Uchwaly-nr-42.pdf\">Zalacznik-nr-4b-do-Uchwaly-nr-42<\/a><\/p>\n                                                <\/div>\n                                            <\/li>\n                                        <\/ul>\n\t\t\t\t\t\t                                                        <ul class=\"mn-accordion\">\n                                            <li>\n                                                <h4 class=\"mn-accordion-title\">Uchwa\u0142a nr 43\/2022-2023 Senatu Uniwersytetu Przyrodniczego w&nbsp;Lublinie z&nbsp;dnia 28 kwietnia 2023 r. w&nbsp;sprawie doskonalenia programu studi\u00f3w kierunku weterynaria<\/h4>\n                                                <div>\n\t\t\t\t\t\t\t\t\t                <p><a href=\"https:\/\/up.lublin.pl\/weterynaria\/wp-content\/uploads\/sites\/3\/2023\/08\/Uchwala-nr-43-1.pdf\">Uchwa\u0142a nr 43\/2022-2023 Senatu Uniwersytetu Przyrodniczego w&nbsp;Lublinie z&nbsp;dnia 28 kwietnia 2023 r. w&nbsp;sprawie doskonalenia programu studi\u00f3w kierunku weterynaria<\/a><\/p>\n<p><a href=\"https:\/\/up.lublin.pl\/weterynaria\/wp-content\/uploads\/sites\/3\/2023\/08\/Zalacznik-nr-1a-do-Uchwaly-nr-43.pdf\">Zalacznik-nr-1a-do-Uchwaly-nr-43<\/a><\/p>\n<p><a href=\"https:\/\/up.lublin.pl\/weterynaria\/wp-content\/uploads\/sites\/3\/2023\/08\/Zalacznik-nr-1b-do-Uchwaly-nr-43.pdf\">Zalacznik-nr-1b-do-Uchwaly-nr-43<\/a><\/p>\n<p><a href=\"https:\/\/up.lublin.pl\/weterynaria\/wp-content\/uploads\/sites\/3\/2023\/08\/Zalacznik-nr-2a-do-Uchwaly-nr-43.pdf\">Zalacznik-nr-2a-do-Uchwaly-nr-43<\/a><\/p>\n<p><a href=\"https:\/\/up.lublin.pl\/weterynaria\/wp-content\/uploads\/sites\/3\/2023\/08\/Zalacznik-nr-2b-do-Uchwaly-nr-43.pdf\">Zalacznik-nr-2b-do-Uchwaly-nr-43<\/a><\/p>\n<p><a href=\"https:\/\/up.lublin.pl\/weterynaria\/wp-content\/uploads\/sites\/3\/2023\/08\/Zalacznik-nr-3a-do-Uchwaly-nr-43.pdf\">Zalacznik-nr-3a-do-Uchwaly-nr-43<\/a><\/p>\n<p><a href=\"https:\/\/up.lublin.pl\/weterynaria\/wp-content\/uploads\/sites\/3\/2023\/08\/Zalacznik-nr-3b-do-Uchwaly-nr-43.pdf\">Zalacznik-nr-3b-do-Uchwaly-nr-43<\/a><\/p>\n<p><a href=\"https:\/\/up.lublin.pl\/weterynaria\/wp-content\/uploads\/sites\/3\/2023\/08\/Zalacznik-nr-4a-do-Uchwaly-nr-43.xls\">Zalacznik-nr-4a-do-Uchwaly-nr-43<\/a><\/p>\n<p><a href=\"https:\/\/up.lublin.pl\/weterynaria\/wp-content\/uploads\/sites\/3\/2023\/08\/Zalacznik-nr-4b-do-Uchwaly-nr-43.xls\">Zalacznik-nr-4b-do-Uchwaly-nr-43<\/a><\/p>\n<p>\u00a0<\/p>\n                                                <\/div>\n                                            <\/li>\n                                        <\/ul>\n\t\t\t\t\t\t                                <\/div>\n\t\t\t\t                <div class=\"mn-content-block\">\n\t                                                        <ul class=\"mn-accordion\">\n                                            <li>\n                                                <h4 class=\"mn-accordion-title\"> STUDENCI ROZPOCZYNAJ\u0104CY STUDIA W&nbsp;ROKU AKADEMICKIM 2021-2022<\/h4>\n                                                <div>\n\t\t\t\t\t\t\t\t\t                <p><span style=\"font-family: arial, helvetica, sans-serif;font-size: 12px\"><strong>PRZEDMIOTY OBLIGATORYJNE<\/strong><\/span><\/p>\n<table style=\"height: 4269px;width: 100%\" border=\"3\" cellspacing=\"1\">\n<tbody>\n<tr style=\"height: 23px\">\n<td style=\"height: 23px\" colspan=\"2\"><span style=\"font-family: arial, helvetica, sans-serif;font-size: 12px\"><strong>SEMESTR\u00a0 I<\/strong><\/span><\/td>\n<\/tr>\n<tr style=\"height: 40px\">\n<td style=\"height: 40px\"><span style=\"font-family: arial, helvetica, sans-serif;font-size: 12px\"><strong>Chemia<\/strong><\/span><\/td>\n<td style=\"height: 40px;text-align: center\"><a href=\"https:\/\/up.lublin.pl\/weterynaria\/wp-content\/uploads\/sites\/3\/2021\/08\/chemia.pdf\">chemia<\/a><\/td>\n<\/tr>\n<tr style=\"height: 40px\">\n<td style=\"height: 40px\"><span style=\"font-family: arial, helvetica, sans-serif;font-size: 12px\"><strong>Biologia \u015bwiata zwierz\u0105t i\u00a0ro\u015blin<\/strong><\/span><\/td>\n<td style=\"height: 40px;text-align: center\"><a href=\"https:\/\/up.lublin.pl\/weterynaria\/wp-content\/uploads\/sites\/3\/2021\/08\/biologia.pdf\">biologia<\/a><\/td>\n<\/tr>\n<tr style=\"height: 40px\">\n<td style=\"height: 40px\"><span style=\"font-family: arial, helvetica, sans-serif;font-size: 12px\"><strong>Biologia kom\u00f3rki<br \/><\/strong><\/span><\/td>\n<td style=\"height: 40px;text-align: center\"><a href=\"https:\/\/up.lublin.pl\/weterynaria\/wp-content\/uploads\/sites\/3\/2021\/08\/biologia-komorki.pdf\">biologia kom\u00f3rki<\/a><\/td>\n<\/tr>\n<tr style=\"height: 40px\">\n<td style=\"height: 40px\"><span style=\"font-family: arial, helvetica, sans-serif;font-size: 12px\"><strong>Technologie informacyjne<\/strong><\/span><\/td>\n<td style=\"height: 40px;text-align: center\"><a href=\"https:\/\/up.lublin.pl\/weterynaria\/wp-content\/uploads\/sites\/3\/2021\/07\/Technologie-informacyjne-2.pdf\">Technologie informacyjne<\/a><\/td>\n<\/tr>\n<tr style=\"height: 40px\">\n<td style=\"height: 40px\"><span style=\"font-family: arial, helvetica, sans-serif;font-size: 12px\"><strong>Bezpiecze\u0144stwo pracy i\u00a0ergonomia<\/strong><\/span><\/td>\n<td style=\"height: 40px;text-align: center\"><span style=\"font-family: arial, helvetica, sans-serif;font-size: 12px\"><a href=\"https:\/\/up.lublin.pl\/weterynaria\/wp-content\/uploads\/sites\/3\/2021\/07\/Bezpieczenstwo-pracy-i-ergonomia.pdf\">Bezpiecze\u0144stwo pracy i\u00a0ergonomia<\/a><\/span><\/td>\n<\/tr>\n<tr style=\"height: 80px\">\n<td style=\"height: 80px\"><span style=\"font-family: arial, helvetica, sans-serif;font-size: 12px\"><strong>Psychologia \/ Filozofa<\/strong><\/span><\/td>\n<td style=\"height: 80px;text-align: center\"><span style=\"font-family: arial, helvetica, sans-serif;font-size: 12px\"><a href=\"https:\/\/up.lublin.pl\/weterynaria\/wp-content\/uploads\/sites\/3\/2021\/07\/Psychologia.pdf\">Psychologia<\/a> \/\u00a0 <a href=\"https:\/\/up.lublin.pl\/weterynaria\/wp-content\/uploads\/sites\/3\/2021\/07\/Filozofia.pdf\">Filozofia<\/a><\/span><\/td>\n<\/tr>\n<tr style=\"height: 40px\">\n<td style=\"height: 40px\"><span style=\"font-family: arial, helvetica, sans-serif;font-size: 12px\"><strong>J\u0119zyk \u0142aci\u0144ski 1<\/strong><\/span><\/td>\n<td style=\"height: 40px;text-align: center\"><span style=\"font-family: arial, helvetica, sans-serif;font-size: 12px\"><a href=\"https:\/\/up.lublin.pl\/weterynaria\/wp-content\/uploads\/sites\/3\/2021\/07\/Jezyk-Lacinski-1.pdf\">J\u0119zyk \u0141aci\u0144ski 1<\/a><\/span><\/td>\n<\/tr>\n<tr style=\"height: 40px\">\n<td style=\"height: 40px\"><span style=\"font-family: arial, helvetica, sans-serif;font-size: 12px\"><strong>Histologia i\u00a0embriologia 1<\/strong><\/span><\/td>\n<td style=\"height: 40px;text-align: center\"><a href=\"https:\/\/up.lublin.pl\/weterynaria\/wp-content\/uploads\/sites\/3\/2021\/08\/histologia-i-embriologia-1.pdf\">histologia i&nbsp;embriologia 1<\/a><\/td>\n<\/tr>\n<tr style=\"height: 40px\">\n<td style=\"height: 40px\"><span style=\"font-family: arial, helvetica, sans-serif;font-size: 12px\"><strong>Wychowanie fizyczne 1<\/strong><\/span><\/td>\n<td style=\"height: 40px;text-align: center\"><span style=\"font-family: arial, helvetica, sans-serif;font-size: 12px\"><a href=\"https:\/\/up.lublin.pl\/weterynaria\/wp-content\/uploads\/sites\/3\/2021\/07\/W-F-1.pdf\">W-F 1<\/a> \/\u00a0<a href=\"https:\/\/up.lublin.pl\/weterynaria\/wp-content\/uploads\/sites\/3\/2021\/07\/W-F1-basen.pdf\">W-F1 basen<\/a><\/span><\/td>\n<\/tr>\n<tr style=\"height: 40px\">\n<td style=\"height: 40px\"><span style=\"font-family: arial, helvetica, sans-serif;font-size: 12px\"><strong>Anatomia zwierz\u0105t 1 \u00a0\u00a0\u00a0\u00a0\u00a0\u00a0\u00a0\u00a0\u00a0\u00a0\u00a0\u00a0\u00a0\u00a0\u00a0\u00a0\u00a0\u00a0<\/strong><\/span><\/td>\n<td style=\"height: 40px;text-align: center\"><a href=\"https:\/\/up.lublin.pl\/weterynaria\/wp-content\/uploads\/sites\/3\/2023\/10\/M_WE_SEM1-ANAT-1-2023-24.pdf\">M_WE_SEM1-ANAT-1-2023-24<\/a><\/td>\n<\/tr>\n<tr style=\"height: 40px\">\n<td style=\"height: 40px\"><span style=\"font-family: arial, helvetica, sans-serif;font-size: 12px\"><strong>Biofizyka<\/strong><\/span><\/td>\n<td style=\"height: 40px;text-align: center\"><span style=\"font-family: arial, helvetica, sans-serif;font-size: 12px\"><a href=\"https:\/\/up.lublin.pl\/weterynaria\/wp-content\/uploads\/sites\/3\/2021\/07\/Biofizyka.pdf\">Biofizyka<\/a><\/span><\/td>\n<\/tr>\n<tr style=\"height: 46px\">\n<td style=\"height: 46px\"><span style=\"font-family: arial, helvetica, sans-serif;font-size: 12px\"><strong>J\u0119zyk obcy 1 (angielski, niemiecki, francuski)<br \/><\/strong><\/span><\/td>\n<td style=\"height: 46px;text-align: center\"><span style=\"font-family: arial, helvetica, sans-serif;font-size: 12px\"><a href=\"https:\/\/up.lublin.pl\/weterynaria\/wp-content\/uploads\/sites\/3\/2021\/07\/Jezyk-obcy-1.pdf\">J\u0119zyk obcy 1<\/a><\/span><\/td>\n<\/tr>\n<tr style=\"height: 46px\">\n<td style=\"height: 46px\"><span style=\"font-family: arial, helvetica, sans-serif;font-size: 12px\"><strong>Wykorzystanie zwierz\u0105t w\u00a0badaniach naukowych\u00a0<\/strong><\/span><\/td>\n<td style=\"height: 46px;text-align: center\"><span style=\"font-family: arial, helvetica, sans-serif;font-size: 12px\"><a href=\"https:\/\/up.lublin.pl\/weterynaria\/wp-content\/uploads\/sites\/3\/2021\/07\/Wykorzystanie-zw-w-bad-naukowych.pdf\">Wykorzystanie zw w\u00a0bad naukowych<\/a><\/span><\/td>\n<\/tr>\n<tr style=\"height: 23px\">\n<td style=\"height: 23px;text-align: left\" colspan=\"2\"><span style=\"font-family: arial, helvetica, sans-serif;font-size: 12px\"><strong>SEMESTR\u00a0 II<\/strong><\/span><\/td>\n<\/tr>\n<tr style=\"height: 40px\">\n<td style=\"height: 40px\"><span style=\"font-family: arial, helvetica, sans-serif;font-size: 12px\"><strong>J\u0119zyk \u0142aci\u0144ski 2<\/strong><\/span><\/td>\n<td style=\"height: 40px;text-align: center\"><span style=\"font-family: arial, helvetica, sans-serif;font-size: 12px\"><a href=\"https:\/\/up.lublin.pl\/weterynaria\/wp-content\/uploads\/sites\/3\/2021\/07\/Jezyk-lacinski-2.pdf\">J\u0119zyk \u0142aci\u0144ski 2<\/a><\/span><\/td>\n<\/tr>\n<tr style=\"height: 40px\">\n<td style=\"height: 40px\"><span style=\"font-family: arial, helvetica, sans-serif;font-size: 12px\"><strong>Ochrona \u015brodowiska<\/strong><\/span><\/td>\n<td style=\"height: 40px;text-align: center\"><a href=\"https:\/\/up.lublin.pl\/weterynaria\/wp-content\/uploads\/sites\/3\/2021\/08\/ochrona-srodowiska.pdf\">ochrona \u015brodowiska<\/a><\/td>\n<\/tr>\n<tr style=\"height: 40px\">\n<td style=\"height: 40px\"><span style=\"font-family: arial, helvetica, sans-serif;font-size: 12px\"><strong>Histologia i\u00a0embriologia 2<\/strong><\/span><\/td>\n<td style=\"height: 40px;text-align: center\"><span style=\"font-family: arial, helvetica, sans-serif;font-size: 12px\"><a href=\"https:\/\/up.lublin.pl\/weterynaria\/wp-content\/uploads\/sites\/3\/2021\/08\/histologia-i-embriologia-2.pdf\">histologia i&nbsp;embriologia 2<\/a><\/span><\/td>\n<\/tr>\n<tr style=\"height: 40px\">\n<td style=\"height: 40px\"><span style=\"font-family: arial, helvetica, sans-serif;font-size: 12px\"><strong>Genetyka og\u00f3lna i\u00a0weterynaryjna<\/strong><\/span><\/td>\n<td style=\"height: 40px;text-align: center\"><span style=\"font-family: arial, helvetica, sans-serif;font-size: 12px\"><a href=\"https:\/\/up.lublin.pl\/weterynaria\/wp-content\/uploads\/sites\/3\/2021\/07\/Genetyka-ogolna-i-wet.pdf\">Genetyka og\u00f3lna i\u00a0wet<\/a><\/span><\/td>\n<\/tr>\n<tr style=\"height: 40px\">\n<td style=\"height: 40px\"><span style=\"font-family: arial, helvetica, sans-serif;font-size: 12px\"><strong>Agronomia<\/strong><\/span><\/td>\n<td style=\"height: 40px;text-align: center\"><span style=\"font-family: arial, helvetica, sans-serif;font-size: 12px\"><a href=\"https:\/\/up.lublin.pl\/weterynaria\/wp-content\/uploads\/sites\/3\/2021\/07\/Agronomia.pdf\">Agronomia<\/a><\/span><\/td>\n<\/tr>\n<tr style=\"height: 40px\">\n<td style=\"height: 40px\"><span style=\"font-family: arial, helvetica, sans-serif;font-size: 12px\"><strong>Biostatystyka i\u00a0metody dokumentacji<\/strong><\/span><\/td>\n<td style=\"height: 40px;text-align: center\"><span style=\"font-family: arial, helvetica, sans-serif;font-size: 12px\"><a href=\"https:\/\/up.lublin.pl\/weterynaria\/wp-content\/uploads\/sites\/3\/2021\/07\/Biostatystyka-i-met-dokumentacji.pdf\">Biostatystyka i\u00a0met dokumentacji<\/a><\/span><\/td>\n<\/tr>\n<tr style=\"height: 40px\">\n<td style=\"height: 40px\" width=\"282\"><span style=\"font-family: arial, helvetica, sans-serif;font-size: 12px\"><strong>Ochrona w\u0142asno\u015bci intelektualnej<\/strong><\/span><\/td>\n<td style=\"height: 40px;text-align: center\"><span style=\"font-family: arial, helvetica, sans-serif;font-size: 12px\"><a href=\"https:\/\/up.lublin.pl\/weterynaria\/wp-content\/uploads\/sites\/3\/2021\/07\/Ochrona-wlasnosci-int.pdf\">Ochrona w\u0142asno\u015bci int<\/a><\/span><\/td>\n<\/tr>\n<tr style=\"height: 40px\">\n<td style=\"height: 40px\"><span style=\"font-family: arial, helvetica, sans-serif;font-size: 12px\"><strong>Historia weterynarii i\u00a0deontologia<\/strong><\/span><\/td>\n<td style=\"height: 40px;text-align: center\"><a href=\"https:\/\/up.lublin.pl\/weterynaria\/wp-content\/uploads\/sites\/3\/2021\/08\/historia-wet-i-deontologia.pdf\">historia wet i&nbsp;deontologia<\/a><\/td>\n<\/tr>\n<tr style=\"height: 40px\">\n<td style=\"height: 40px\"><span style=\"font-family: arial, helvetica, sans-serif;font-size: 12px\"><strong>Etyka<\/strong><\/span><\/td>\n<td style=\"height: 40px;text-align: center\"><span style=\"font-family: arial, helvetica, sans-serif;font-size: 12px\"><a href=\"https:\/\/up.lublin.pl\/weterynaria\/wp-content\/uploads\/sites\/3\/2021\/07\/Etyka.pdf\">Etyka<\/a><\/span><\/td>\n<\/tr>\n<tr style=\"height: 40px\">\n<td style=\"height: 40px\"><span style=\"font-family: arial, helvetica, sans-serif;font-size: 12px\"><strong>Wychowanie fizyczne 2<\/strong><\/span><\/td>\n<td style=\"height: 40px;text-align: center\"><span style=\"font-family: arial, helvetica, sans-serif;font-size: 12px\"><a href=\"https:\/\/up.lublin.pl\/weterynaria\/wp-content\/uploads\/sites\/3\/2021\/07\/W-F-2.pdf\">W-F 2<\/a> \/ <a href=\"https:\/\/up.lublin.pl\/weterynaria\/wp-content\/uploads\/sites\/3\/2021\/07\/W-F-2-basen.pdf\">W-F 2 basen<\/a><\/span><\/td>\n<\/tr>\n<tr style=\"height: 40px\">\n<td style=\"height: 40px\" width=\"282\"><span style=\"font-family: arial, helvetica, sans-serif;font-size: 12px\"><strong>Anatomia zwierz\u0105t 2\u00a0\u00a0<\/strong><\/span><\/td>\n<td style=\"height: 40px;text-align: center\"><a href=\"https:\/\/up.lublin.pl\/weterynaria\/wp-content\/uploads\/sites\/3\/2021\/08\/anatomia-zwierzat-2-1.pdf\">anatomia zwierz\u0105t 2<\/a><\/td>\n<\/tr>\n<tr style=\"height: 40px\">\n<td style=\"height: 40px\"><span style=\"font-family: arial, helvetica, sans-serif;font-size: 12px\"><strong>Biochemia 1<\/strong><\/span><\/td>\n<td style=\"height: 40px;text-align: center\"><a href=\"https:\/\/up.lublin.pl\/weterynaria\/wp-content\/uploads\/sites\/3\/2021\/08\/biochemia-1.pdf\">biochemia 1<\/a><\/td>\n<\/tr>\n<tr style=\"height: 46px\">\n<td style=\"height: 46px\"><span style=\"font-family: arial, helvetica, sans-serif;font-size: 12px\"><strong>J\u0119zyk obcy 2 (angielski, niemiecki, francuski)<br \/><\/strong><\/span><\/td>\n<td style=\"height: 46px;text-align: center\"><span style=\"font-family: arial, helvetica, sans-serif;font-size: 12px\"><a href=\"https:\/\/up.lublin.pl\/weterynaria\/wp-content\/uploads\/sites\/3\/2021\/07\/Jezyk-obcy-2.pdf\">J\u0119zyk obcy 2<\/a><\/span><\/td>\n<\/tr>\n<tr style=\"height: 23px\">\n<td style=\"height: 23px\" colspan=\"2\"><span style=\"font-family: arial, helvetica, sans-serif;font-size: 12px\"><strong>SEMESTR III<\/strong><\/span><\/td>\n<\/tr>\n<tr style=\"height: 40px\">\n<td style=\"height: 40px\"><span style=\"font-family: arial, helvetica, sans-serif;font-size: 12px\"><strong>Anatomia zwierz\u0105t 3<\/strong><\/span><\/td>\n<td style=\"height: 40px;text-align: center\"><a href=\"https:\/\/up.lublin.pl\/weterynaria\/wp-content\/uploads\/sites\/3\/2023\/10\/M_WE_SEM3-ANAT-3-2023-24.pdf\">M_WE_SEM3-ANAT-3-2023-24<\/a><\/td>\n<\/tr>\n<tr style=\"height: 40px\">\n<td style=\"height: 40px\"><span style=\"font-family: arial, helvetica, sans-serif;font-size: 12px\"><strong>Biochemia 2<\/strong><\/span><\/td>\n<td style=\"height: 40px;text-align: center\"><a href=\"https:\/\/up.lublin.pl\/weterynaria\/wp-content\/uploads\/sites\/3\/2021\/08\/Biochemia-2-2.pdf\">Biochemia 2<\/a><\/td>\n<\/tr>\n<tr style=\"height: 40px\">\n<td style=\"height: 40px\"><span style=\"font-family: arial, helvetica, sans-serif;font-size: 12px\"><strong>Ch\u00f3w i\u00a0hodowla zwierz\u0105t<\/strong><\/span><\/td>\n<td style=\"height: 40px;text-align: center\"><a href=\"https:\/\/up.lublin.pl\/weterynaria\/wp-content\/uploads\/sites\/3\/2021\/08\/Chow-i-hodowla-zw-2.pdf\">Ch\u00f3w i&nbsp;hodowla zw<\/a><\/td>\n<\/tr>\n<tr style=\"height: 40px\">\n<td style=\"height: 40px\"><span style=\"font-family: arial, helvetica, sans-serif;font-size: 12px\"><strong>Technologie w\u00a0produkcji zwierz\u0119cej<\/strong><\/span><\/td>\n<td style=\"height: 40px;text-align: center\"><span style=\"font-family: arial, helvetica, sans-serif;font-size: 12px\"><a href=\"https:\/\/up.lublin.pl\/weterynaria\/wp-content\/uploads\/sites\/3\/2021\/07\/Technologie-w-produkcji-zwierzecej.pdf\">Technologie w\u00a0produkcji zwierz\u0119cej<\/a><\/span><\/td>\n<\/tr>\n<tr style=\"height: 23px\">\n<td style=\"height: 23px\"><span style=\"font-family: arial, helvetica, sans-serif;font-size: 12px\"><strong>Ekonomika weterynaryjna\u00a0<\/strong><\/span><\/td>\n<td style=\"height: 23px;text-align: center\"><a href=\"https:\/\/up.lublin.pl\/weterynaria\/wp-content\/uploads\/sites\/3\/2021\/07\/Ekonomika-wet-20-21.pdf\">Ekonomika wet 20-21<\/a><\/td>\n<\/tr>\n<tr style=\"height: 40px\">\n<td style=\"height: 40px\"><span style=\"font-family: arial, helvetica, sans-serif;font-size: 12px\"><strong>\u017bywienie zwierz\u0105t i\u00a0paszoznawstwo<\/strong><\/span><\/td>\n<td style=\"height: 40px;text-align: center\"><span style=\"font-family: arial, helvetica, sans-serif;font-size: 12px\"><a href=\"https:\/\/up.lublin.pl\/weterynaria\/wp-content\/uploads\/sites\/3\/2021\/07\/Zywienie-zwierzat-i-paszoznawstwo.pdf\">\u017bywienie zwierz\u0105t i\u00a0paszoznawstwo<\/a><\/span><\/td>\n<\/tr>\n<tr style=\"height: 46px\">\n<td style=\"height: 46px\"><span style=\"font-family: arial, helvetica, sans-serif;font-size: 12px\"><strong>J\u0119zyk obcy 3 (angielski, niemiecki, francuski)<\/strong><\/span><\/td>\n<td style=\"height: 46px;text-align: center\"><span style=\"font-family: arial, helvetica, sans-serif;font-size: 12px\"><a href=\"https:\/\/up.lublin.pl\/weterynaria\/wp-content\/uploads\/sites\/3\/2021\/07\/Jezyk-obcy-3.pdf\">J\u0119zyk obcy 3<\/a><\/span><\/td>\n<\/tr>\n<tr style=\"height: 40px\">\n<td style=\"height: 40px\"><span style=\"font-family: arial, helvetica, sans-serif;font-size: 12px\"><strong>Fizjologia zwierz\u0105t 1<\/strong><\/span><\/td>\n<td style=\"height: 40px;text-align: center\"><span style=\"font-family: arial, helvetica, sans-serif;font-size: 12px\"><a href=\"https:\/\/up.lublin.pl\/weterynaria\/wp-content\/uploads\/sites\/3\/2021\/08\/Fizjologia-zwierzat-1-2.pdf\">Fizjologia zwierz\u0105t 1<\/a><\/span><\/td>\n<\/tr>\n<tr style=\"height: 23px\">\n<td style=\"height: 23px\" colspan=\"2\"><span style=\"font-family: arial, helvetica, sans-serif;font-size: 12px\"><strong>SEMESTR\u00a0 IV<\/strong><\/span><\/td>\n<\/tr>\n<tr style=\"height: 46px\">\n<td style=\"height: 46px\" width=\"282\"><span style=\"font-family: arial, helvetica, sans-serif;font-size: 12px\"><strong>J\u0119zyk obcy 4 (angielski, niemiecki, francuski)\u00a0\u00a0\u00a0\u00a0\u00a0\u00a0\u00a0\u00a0\u00a0\u00a0<\/strong><\/span><\/td>\n<td style=\"height: 46px;text-align: center\"><span style=\"font-family: arial, helvetica, sans-serif;font-size: 12px\"><a href=\"https:\/\/up.lublin.pl\/weterynaria\/wp-content\/uploads\/sites\/3\/2021\/07\/Jezyk-obcy.pdf\">J\u0119zyk obcy<\/a><\/span><\/td>\n<\/tr>\n<tr style=\"height: 40px\">\n<td style=\"height: 50px\"><span style=\"font-family: arial, helvetica, sans-serif;font-size: 12px\"><strong>Fizjologia zwierz\u0105t 2<\/strong><\/span><\/td>\n<td style=\"height: 50px;text-align: center\"><span style=\"font-family: arial, helvetica, sans-serif;font-size: 12px\"><a href=\"https:\/\/up.lublin.pl\/weterynaria\/wp-content\/uploads\/sites\/3\/2021\/07\/Fizjologia-zwierzat-2.pdf\">Fizjologia zwierz\u0105t 2<\/a><\/span><\/td>\n<\/tr>\n<tr style=\"height: 40px\">\n<td style=\"height: 40px\"><span style=\"font-family: arial, helvetica, sans-serif;font-size: 12px\"><strong>Anatomia topograficzna<\/strong><\/span><\/td>\n<td style=\"height: 40px;text-align: center\"><span style=\"font-family: arial, helvetica, sans-serif;font-size: 12px\"><a href=\"https:\/\/up.lublin.pl\/weterynaria\/wp-content\/uploads\/sites\/3\/2021\/07\/Anatomia-topograficzna.pdf\">Anatomia topograficzna<\/a><\/span><\/td>\n<\/tr>\n<tr style=\"height: 40px\">\n<td style=\"height: 40px\"><span style=\"font-family: arial, helvetica, sans-serif;font-size: 12px\"><strong>Immunologia<\/strong><\/span><\/td>\n<td style=\"height: 40px;text-align: center\"><span style=\"font-family: arial, helvetica, sans-serif;font-size: 12px\"><a href=\"https:\/\/up.lublin.pl\/weterynaria\/wp-content\/uploads\/sites\/3\/2021\/07\/Immunologia.pdf\">Immunologia<\/a><\/span><\/td>\n<\/tr>\n<tr style=\"height: 40px\">\n<td style=\"height: 40px\"><span style=\"font-family: arial, helvetica, sans-serif;font-size: 12px\"><strong>Epidemiologia weterynaryjna<\/strong><\/span><\/td>\n<td style=\"height: 40px;text-align: center\"><span style=\"font-family: arial, helvetica, sans-serif;font-size: 12px\"><a href=\"https:\/\/up.lublin.pl\/weterynaria\/wp-content\/uploads\/sites\/3\/2021\/07\/Epidemiologia-weterynaryjna.pdf\">Epidemiologia weterynaryjna<\/a><\/span><\/td>\n<\/tr>\n<tr style=\"height: 40px\">\n<td style=\"height: 40px\"><span style=\"font-family: arial, helvetica, sans-serif;font-size: 12px\"><strong>Etologia, dobrostan i\u00a0ochrona zwierz\u0105t<\/strong><\/span><\/td>\n<td style=\"height: 40px;text-align: center\"><span style=\"font-family: arial, helvetica, sans-serif;font-size: 12px\"><a href=\"https:\/\/up.lublin.pl\/weterynaria\/wp-content\/uploads\/sites\/3\/2021\/07\/Etologia-i-dobrostan-zw.pdf\">Etologia i\u00a0dobrostan zw<\/a><\/span><\/td>\n<\/tr>\n<tr style=\"height: 40px\">\n<td style=\"height: 40px\"><span style=\"font-family: arial, helvetica, sans-serif;font-size: 12px\"><strong>Mikrobiologia 1<\/strong><\/span><\/td>\n<td style=\"height: 40px;text-align: center\"><span style=\"font-family: arial, helvetica, sans-serif;font-size: 12px\"><a href=\"https:\/\/up.lublin.pl\/weterynaria\/wp-content\/uploads\/sites\/3\/2021\/07\/Mikrobiologia-1.pdf\">Mikrobiologia 1<\/a><\/span><\/td>\n<\/tr>\n<tr style=\"height: 40px\">\n<td style=\"height: 40px\"><span style=\"font-family: arial, helvetica, sans-serif;font-size: 12px\"><strong>Praktyka hodowlana<\/strong><\/span><\/td>\n<td style=\"height: 40px;text-align: center\"><span style=\"font-family: arial, helvetica, sans-serif;font-size: 12px\"><a href=\"https:\/\/up.lublin.pl\/weterynaria\/wp-content\/uploads\/sites\/3\/2021\/07\/Praktyka-hodowlana.pdf\">Praktyka hodowlana<\/a><\/span><\/td>\n<\/tr>\n<tr style=\"height: 23px\">\n<td style=\"height: 23px\" colspan=\"2\"><span style=\"font-family: arial, helvetica, sans-serif;font-size: 12px\"><strong>SEMESTR\u00a0 V<\/strong><\/span><\/td>\n<\/tr>\n<tr style=\"height: 46px\">\n<td style=\"height: 46px\" width=\"282\"><span style=\"font-family: arial, helvetica, sans-serif;font-size: 12px\"><strong>Mikrobiologia 2\u00a0 \u00a0 \u00a0 \u00a0 \u00a0 \u00a0 \u00a0 \u00a0 \u00a0 \u00a0 \u00a0 \u00a0 \u00a0 \u00a0 \u00a0 \u00a0 \u00a0 \u00a0 \u00a0 \u00a0 \u00a0 \u00a0 \u00a0 \u00a0 \u00a0 \u00a0 \u00a0 \u00a0 \u00a0\u00a0<\/strong><\/span><\/td>\n<td style=\"height: 46px;text-align: center\"><a href=\"https:\/\/up.lublin.pl\/weterynaria\/wp-content\/uploads\/sites\/3\/2021\/08\/Mikrobiologia-2.pdf\">Mikrobiologia 2<\/a><\/td>\n<\/tr>\n<tr style=\"height: 40px\">\n<td style=\"height: 40px\"><span style=\"font-family: arial, helvetica, sans-serif;font-size: 12px\"><strong>Farmacja<\/strong><\/span><\/td>\n<td style=\"height: 40px;text-align: center\"><span style=\"font-family: arial, helvetica, sans-serif;font-size: 12px\"><a href=\"https:\/\/up.lublin.pl\/weterynaria\/wp-content\/uploads\/sites\/3\/2021\/07\/Farmacja.pdf\">Farmacja<\/a><\/span><\/td>\n<\/tr>\n<tr style=\"height: 46px\">\n<td style=\"height: 46px\"><span style=\"font-family: arial, helvetica, sans-serif;font-size: 12px\"><strong>Ochrona zdrowia publicznego w\u00a0stanach zagro\u017ce\u0144<\/strong><\/span><\/td>\n<td style=\"height: 46px;text-align: center\"><span style=\"font-family: arial, helvetica, sans-serif;font-size: 12px\"><a href=\"https:\/\/up.lublin.pl\/weterynaria\/wp-content\/uploads\/sites\/3\/2021\/07\/Ochrona-zdr-publicznego.pdf\">Ochrona zdr publicznego<\/a><\/span><\/td>\n<\/tr>\n<tr style=\"height: 40px\">\n<td style=\"height: 40px\">Patofizjologia 1<span style=\"font-family: arial, helvetica, sans-serif;font-size: 12px\"><strong><br \/><\/strong><\/span><\/td>\n<td style=\"text-align: center;height: 40px\"><a href=\"https:\/\/up.lublin.pl\/weterynaria\/wp-content\/uploads\/sites\/3\/2021\/08\/Patofizjologia-1.pdf\">Patofizjologia 1<\/a><\/td>\n<\/tr>\n<tr style=\"height: 40px\">\n<td style=\"height: 40px\"><span style=\"font-family: arial, helvetica, sans-serif;font-size: 12px\"><strong>Diagnostyka kliniczna i\u00a0laboratoryjna 1<\/strong><\/span><\/td>\n<td style=\"height: 40px;text-align: center\"><a href=\"https:\/\/up.lublin.pl\/weterynaria\/wp-content\/uploads\/sites\/3\/2021\/08\/Diagnostyka-klin-i-lab-1.pdf\">Diagnostyka klin i&nbsp;lab 1<\/a><\/td>\n<\/tr>\n<tr style=\"height: 40px\">\n<td style=\"height: 40px\"><span style=\"font-family: arial, helvetica, sans-serif;font-size: 12px\"><strong>Farmakologia weterynaryjna 1<\/strong><\/span><\/td>\n<td style=\"height: 40px;text-align: center\"><a href=\"https:\/\/up.lublin.pl\/weterynaria\/wp-content\/uploads\/sites\/3\/2021\/08\/Farmakologia-wet-1.pdf\">Farmakologia wet 1<\/a><\/td>\n<\/tr>\n<tr style=\"height: 23px\">\n<td style=\"height: 23px\"><span style=\"font-family: arial, helvetica, sans-serif;font-size: 12px\"><strong><span style=\"font-size: 12px\">Komunikacja interpersonalna<\/span> <br \/><\/strong><\/span><\/td>\n<td style=\"text-align: center;height: 23px\"><a href=\"https:\/\/up.lublin.pl\/weterynaria\/wp-content\/uploads\/sites\/3\/2025\/09\/Komunikacja-interpersonalna.pdf\">Komunikacja interpersonalna<\/a><\/td>\n<\/tr>\n<tr style=\"height: 23px\">\n<td style=\"height: 23px\" colspan=\"2\"><span style=\"font-family: arial, helvetica, sans-serif;font-size: 12px\"><strong>SEMESTR VI\u00a0<\/strong><\/span><\/td>\n<\/tr>\n<tr style=\"height: 40px\">\n<td style=\"height: 40px\" width=\"282\"><span style=\"font-family: arial, helvetica, sans-serif;font-size: 12px\"><strong>Patofizjologia 2<\/strong><\/span><\/td>\n<td style=\"height: 40px;text-align: center\"><a href=\"https:\/\/up.lublin.pl\/weterynaria\/wp-content\/uploads\/sites\/3\/2021\/08\/patofizjologia-2-1.pdf\">patofizjologia 2<\/a><\/td>\n<\/tr>\n<tr style=\"height: 40px\">\n<td style=\"height: 40px\"><span style=\"font-family: arial, helvetica, sans-serif;font-size: 12px\"><strong>Diagnostyka kliniczna i\u00a0laboratoryjna 2<\/strong><\/span><\/td>\n<td style=\"height: 40px;text-align: center\"><a href=\"https:\/\/up.lublin.pl\/weterynaria\/wp-content\/uploads\/sites\/3\/2021\/08\/diagnostyka-kliniczna-i-lab-2-1.pdf\">diagnostyka kliniczna i&nbsp;lab 2<\/a><\/td>\n<\/tr>\n<tr style=\"height: 40px\">\n<td style=\"height: 40px\"><span style=\"font-family: arial, helvetica, sans-serif;font-size: 12px\"><strong>Farmakologia weterynaryjna 2<\/strong><\/span><\/td>\n<td style=\"height: 40px;text-align: center\"><a href=\"https:\/\/up.lublin.pl\/weterynaria\/wp-content\/uploads\/sites\/3\/2021\/08\/farmakologia-wet-2-1.pdf\">farmakologia wet 2<\/a><\/td>\n<\/tr>\n<tr style=\"height: 40px\">\n<td style=\"height: 40px\"><span style=\"font-family: arial, helvetica, sans-serif;font-size: 12px\"><strong>Choroby owad\u00f3w u\u017cytkowych<\/strong><\/span><\/td>\n<td style=\"height: 40px;text-align: center\"><a href=\"https:\/\/up.lublin.pl\/weterynaria\/wp-content\/uploads\/sites\/3\/2021\/08\/choroby-owadow-uzytkowych-1.pdf\">choroby owad\u00f3w u\u017cytkowych<\/a><\/td>\n<\/tr>\n<tr style=\"height: 40px\">\n<td style=\"height: 40px\"><span style=\"font-family: arial, helvetica, sans-serif;font-size: 12px\"><strong>Chirurgia og\u00f3lna i\u00a0anestezjologia<\/strong><\/span><\/td>\n<td style=\"height: 40px;text-align: center\"><a href=\"https:\/\/up.lublin.pl\/weterynaria\/wp-content\/uploads\/sites\/3\/2021\/08\/chirurgia-i-anestezjologia-1.pdf\">chirurgia i&nbsp;anestezjologia<\/a><\/td>\n<\/tr>\n<tr style=\"height: 40px\">\n<td style=\"height: 40px\"><span style=\"font-family: arial, helvetica, sans-serif;font-size: 12px\"><strong>Higiena \u015brodk\u00f3w \u017cywienia zwierz\u0105t<\/strong><\/span><\/td>\n<td style=\"height: 40px;text-align: center\"><a href=\"https:\/\/up.lublin.pl\/weterynaria\/wp-content\/uploads\/sites\/3\/2021\/08\/higiena-srodkow-zywienia-zwierzat-1.pdf\">higiena \u015brodk\u00f3w \u017cywienia zwierz\u0105t<\/a><\/td>\n<\/tr>\n<tr style=\"height: 46px\">\n<td style=\"height: 46px\"><span style=\"font-family: arial, helvetica, sans-serif;font-size: 12px\"><strong>Parazytologia i\u00a0inwazjologia weterynaryjna 1<\/strong><\/span><\/td>\n<td style=\"height: 46px;text-align: center\"><a href=\"https:\/\/up.lublin.pl\/weterynaria\/wp-content\/uploads\/sites\/3\/2021\/08\/parazytologia-i-inw-1-1.pdf\">parazytologia i&nbsp;inw 1<\/a><\/td>\n<\/tr>\n<tr style=\"height: 40px\">\n<td style=\"height: 40px\"><span style=\"font-family: arial, helvetica, sans-serif;font-size: 12px\"><strong>Patomorfologia 1<\/strong><\/span><\/td>\n<td style=\"height: 40px;text-align: center\"><a href=\"https:\/\/up.lublin.pl\/weterynaria\/wp-content\/uploads\/sites\/3\/2021\/08\/patomoroflogia-1-1.pdf\">patomoroflogia 1<\/a><\/td>\n<\/tr>\n<tr style=\"height: 23px\">\n<td style=\"height: 23px\" colspan=\"2\"><span style=\"font-family: arial, helvetica, sans-serif;font-size: 12px\"><strong>SEMESTR\u00a0 VII<\/strong><\/span><\/td>\n<\/tr>\n<tr style=\"height: 46px\">\n<td style=\"height: 46px\" width=\"282\"><span style=\"font-family: arial, helvetica, sans-serif;font-size: 12px\"><strong>Parazytologia i\u00a0inwazjologia weterynaryjna 2<\/strong><\/span><\/td>\n<td style=\"height: 46px;text-align: center\"><span style=\"font-family: arial, helvetica, sans-serif;font-size: 12px\"><a href=\"https:\/\/up.lublin.pl\/weterynaria\/wp-content\/uploads\/sites\/3\/2021\/07\/Parazytologia-i-inwazjologia-wet-2.pdf\">Parazytologia i\u00a0inwazjologia wet 2<\/a><\/span><\/td>\n<\/tr>\n<tr style=\"height: 40px\">\n<td style=\"height: 40px\"><span style=\"font-family: arial, helvetica, sans-serif;font-size: 12px\"><strong>Parazytologia sta\u017c<\/strong><\/span><\/td>\n<td style=\"height: 40px;text-align: center\"><span style=\"font-family: arial, helvetica, sans-serif;font-size: 12px\"><a href=\"https:\/\/up.lublin.pl\/weterynaria\/wp-content\/uploads\/sites\/3\/2021\/07\/Parazytologia-staz.pdf\">Parazytologia sta\u017c<\/a><\/span><\/td>\n<\/tr>\n<tr style=\"height: 40px\">\n<td style=\"height: 40px\"><span style=\"font-family: arial, helvetica, sans-serif;font-size: 12px\"><strong>Higiena mleka<\/strong><\/span><\/td>\n<td style=\"height: 40px;text-align: center\"><a href=\"https:\/\/up.lublin.pl\/weterynaria\/wp-content\/uploads\/sites\/3\/2021\/08\/M_WE_SEM7-HGM-1.pdf\">M_WE_SEM7 HGM<\/a><\/td>\n<\/tr>\n<tr style=\"height: 40px\">\n<td style=\"height: 40px\"><span style=\"font-family: arial, helvetica, sans-serif;font-size: 12px\"><strong>Diagnostyka obrazowa<\/strong><\/span><\/td>\n<td style=\"height: 40px;text-align: center\"><span style=\"font-family: arial, helvetica, sans-serif;font-size: 12px\"><a href=\"https:\/\/up.lublin.pl\/weterynaria\/wp-content\/uploads\/sites\/3\/2021\/07\/Diagnostyka-obrazowa.pdf\">Diagnostyka obrazowa<\/a><\/span><\/td>\n<\/tr>\n<tr style=\"height: 40px\">\n<td style=\"height: 40px\"><span style=\"font-family: arial, helvetica, sans-serif;font-size: 12px\"><strong>Toksykologia<\/strong><\/span><\/td>\n<td style=\"height: 40px;text-align: center\"><span style=\"font-family: arial, helvetica, sans-serif;font-size: 12px\"><a href=\"https:\/\/up.lublin.pl\/weterynaria\/wp-content\/uploads\/sites\/3\/2021\/07\/Toksykologia-weterynaryjna.pdf\">Toksykologia weterynaryjna<\/a><\/span><\/td>\n<\/tr>\n<tr style=\"height: 40px\">\n<td style=\"height: 40px\"><span style=\"font-family: arial, helvetica, sans-serif;font-size: 12px\"><strong>Zoonozy<\/strong><\/span><\/td>\n<td style=\"height: 40px;text-align: center\"><span style=\"font-family: arial, helvetica, sans-serif;font-size: 12px\"><a href=\"https:\/\/up.lublin.pl\/weterynaria\/wp-content\/uploads\/sites\/3\/2021\/07\/Zoonozy.pdf\">Zoonozy<\/a><\/span><\/td>\n<\/tr>\n<tr style=\"height: 40px\">\n<td style=\"height: 40px\"><span style=\"font-family: arial, helvetica, sans-serif;font-size: 12px\"><strong>Patomorfologia 2<\/strong><\/span><\/td>\n<td style=\"height: 40px;text-align: center\"><span style=\"font-family: arial, helvetica, sans-serif;font-size: 12px\"><a href=\"https:\/\/up.lublin.pl\/weterynaria\/wp-content\/uploads\/sites\/3\/2021\/07\/Patomorfologia-2.pdf\">Patomorfologia 2<\/a><\/span><\/td>\n<\/tr>\n<tr style=\"height: 40px\">\n<td style=\"height: 40px\"><span style=\"font-family: arial, helvetica, sans-serif;font-size: 12px\"><strong>Higiena zwierz\u0105t rze\u017anych i\u00a0mi\u0119sa 1<\/strong><\/span><\/td>\n<td style=\"height: 40px;text-align: center\"><span style=\"font-family: arial, helvetica, sans-serif;font-size: 12px\"><a href=\"https:\/\/up.lublin.pl\/weterynaria\/wp-content\/uploads\/sites\/3\/2021\/07\/Higiena-zw-rzeznych-i-miesa-1.pdf\">Higiena zw rze\u017anych i\u00a0mi\u0119sa 1<\/a><\/span><\/td>\n<\/tr>\n<tr style=\"height: 40px\">\n<td style=\"height: 40px\"><span style=\"font-family: arial, helvetica, sans-serif;font-size: 12px\"><strong>Choroby koni \u2013 blok 1<\/strong><\/span><\/td>\n<td style=\"height: 40px;text-align: center\"><span style=\"font-family: arial, helvetica, sans-serif;font-size: 12px\"><a href=\"https:\/\/up.lublin.pl\/weterynaria\/wp-content\/uploads\/sites\/3\/2021\/07\/Choroby-koni-blok-1.pdf\">Choroby koni blok 1<\/a><\/span><\/td>\n<\/tr>\n<tr style=\"height: 40px\">\n<td style=\"height: 40px\"><span style=\"font-family: arial, helvetica, sans-serif;font-size: 12px\"><strong> Choroby p\u0142az\u00f3w i\u00a0gad\u00f3w<\/strong><\/span><\/td>\n<td style=\"height: 40px;text-align: center\"><span style=\"font-family: arial, helvetica, sans-serif;font-size: 12px\"><a href=\"https:\/\/up.lublin.pl\/weterynaria\/wp-content\/uploads\/sites\/3\/2021\/07\/Choroby-plazow-i-gadow.pdf\">Choroby p\u0142az\u00f3w i\u00a0gad\u00f3w<\/a><\/span><\/td>\n<\/tr>\n<tr style=\"height: 23px\">\n<td style=\"height: 23px\" colspan=\"2\"><span style=\"font-family: arial, helvetica, sans-serif;font-size: 12px\"><strong>SEMESTR VIII<\/strong><\/span><\/td>\n<\/tr>\n<tr style=\"height: 40px\">\n<td style=\"height: 40px\" width=\"282\"><span style=\"font-family: arial, helvetica, sans-serif;font-size: 12px\"><strong>Patomorfologia 3<\/strong><\/span><\/td>\n<td style=\"height: 40px;text-align: center\"><span style=\"font-family: arial, helvetica, sans-serif;font-size: 12px\"><a href=\"https:\/\/up.lublin.pl\/weterynaria\/wp-content\/uploads\/sites\/3\/2021\/07\/Patomorfologia-3.pdf\">Patomorfologia 3<\/a><\/span><\/td>\n<\/tr>\n<tr style=\"height: 40px\">\n<td style=\"height: 40px\"><span style=\"font-family: arial, helvetica, sans-serif;font-size: 12px\"><strong>Higiena zwierz\u0105t rze\u017anych i\u00a0mi\u0119sa 2<\/strong><\/span><\/td>\n<td style=\"height: 40px;text-align: center\"><span style=\"font-family: arial, helvetica, sans-serif;font-size: 12px\"><a href=\"https:\/\/up.lublin.pl\/weterynaria\/wp-content\/uploads\/sites\/3\/2021\/07\/Higiena-zw-rzeznych-i-miesa-2.pdf\">Higiena zw rze\u017anych i\u00a0mi\u0119sa 2<\/a><\/span><\/td>\n<\/tr>\n<tr style=\"height: 40px\">\n<td style=\"height: 40px\"><span style=\"font-family: arial, helvetica, sans-serif;font-size: 12px\"><strong>Choroby ryb<\/strong><\/span><\/td>\n<td style=\"height: 40px;text-align: center\"><span style=\"font-family: arial, helvetica, sans-serif;font-size: 12px\"><a href=\"https:\/\/up.lublin.pl\/weterynaria\/wp-content\/uploads\/sites\/3\/2021\/07\/Choroby-ryb.pdf\">Choroby ryb<\/a><\/span><\/td>\n<\/tr>\n<tr style=\"height: 40px\">\n<td style=\"height: 40px\"><span style=\"font-family: arial, helvetica, sans-serif;font-size: 12px\"><strong>Choroby zwierz\u0105t futerkowych<\/strong><\/span><\/td>\n<td style=\"height: 40px;text-align: center\"><span style=\"font-family: arial, helvetica, sans-serif;font-size: 12px\"><a href=\"https:\/\/up.lublin.pl\/weterynaria\/wp-content\/uploads\/sites\/3\/2021\/07\/Choroby-zw-futerkowych.pdf\">Choroby zw futerkowych<\/a><\/span><\/td>\n<\/tr>\n<tr style=\"height: 40px\">\n<td style=\"height: 40px\"><span style=\"font-family: arial, helvetica, sans-serif;font-size: 12px\"><strong>Choroby koni \u2013 blok 2<\/strong><\/span><\/td>\n<td style=\"height: 40px;text-align: center\"><span style=\"font-family: arial, helvetica, sans-serif;font-size: 12px\"><a href=\"https:\/\/up.lublin.pl\/weterynaria\/wp-content\/uploads\/sites\/3\/2021\/07\/Choroby-koni-blok-2.pdf\">Choroby koni blok 2<\/a><\/span><\/td>\n<\/tr>\n<tr style=\"height: 46px\">\n<td style=\"height: 46px\"><span style=\"font-family: arial, helvetica, sans-serif;font-size: 12px\"><strong>Choroby zwierz\u0105t gospodarskich \u2013 blok 1<\/strong><\/span><\/td>\n<td style=\"height: 46px;text-align: center\"><span style=\"font-family: arial, helvetica, sans-serif;font-size: 12px\"><a href=\"https:\/\/up.lublin.pl\/weterynaria\/wp-content\/uploads\/sites\/3\/2021\/07\/Choroby-zwierzat-gosp-blok-1.pdf\">Choroby zwierz\u0105t gosp blok 1<\/a><\/span><\/td>\n<\/tr>\n<tr style=\"height: 40px\">\n<td style=\"height: 40px\"><span style=\"font-family: arial, helvetica, sans-serif;font-size: 12px\"><strong>Praktyka kliniczna 1<\/strong><\/span><\/td>\n<td style=\"height: 40px;text-align: center\"><span style=\"font-family: arial, helvetica, sans-serif;font-size: 12px\"><a href=\"https:\/\/up.lublin.pl\/weterynaria\/wp-content\/uploads\/sites\/3\/2021\/07\/Praktyka-kliniczna-1.pdf\">Praktyka kliniczna 1<\/a><\/span><\/td>\n<\/tr>\n<tr style=\"height: 40px\">\n<td style=\"height: 40px\"><span style=\"font-family: arial, helvetica, sans-serif;font-size: 12px\"><strong>Praktyka w\u00a0Inspekcji Weterynaryjnej 1<\/strong><\/span><\/td>\n<td style=\"height: 40px;text-align: center\"><span style=\"font-family: arial, helvetica, sans-serif;font-size: 12px\"><a href=\"https:\/\/up.lublin.pl\/weterynaria\/wp-content\/uploads\/sites\/3\/2021\/07\/Praktyka-w-inspekcji-1.pdf\">Praktyka w\u00a0inspekcji 1<\/a><\/span><\/td>\n<\/tr>\n<tr style=\"height: 23px\">\n<td style=\"height: 23px\" colspan=\"2\"><span style=\"font-family: arial, helvetica, sans-serif;font-size: 12px\"><strong>SEMESTR\u00a0 IX<\/strong><\/span><\/td>\n<\/tr>\n<tr style=\"height: 46px\">\n<td style=\"height: 46px\" width=\"282\"><span style=\"font-family: arial, helvetica, sans-serif;font-size: 12px\"><strong>Choroby zwierz\u0105t gospodarskich \u2013 blok 2<\/strong><\/span><\/td>\n<td style=\"height: 46px;text-align: center\"><span style=\"font-family: arial, helvetica, sans-serif;font-size: 12px\"><a href=\"https:\/\/up.lublin.pl\/weterynaria\/wp-content\/uploads\/sites\/3\/2021\/07\/Choroby-zw-gospodarskich-blok-2.pdf\">Choroby zw gospodarskich blok 2<\/a><\/span><\/td>\n<\/tr>\n<tr style=\"height: 40px\">\n<td style=\"height: 40px\"><span style=\"font-family: arial, helvetica, sans-serif;font-size: 12px\"><strong>Dietetyka weterynaryjna<\/strong><\/span><\/td>\n<td style=\"height: 40px;text-align: center\"><span style=\"font-family: arial, helvetica, sans-serif;font-size: 12px\"><a href=\"https:\/\/up.lublin.pl\/weterynaria\/wp-content\/uploads\/sites\/3\/2021\/07\/Dietetyka-weterynaryjna.pdf\">Dietetyka weterynaryjna<\/a><\/span><\/td>\n<\/tr>\n<tr style=\"height: 40px\">\n<td style=\"height: 40px\"><span style=\"font-family: arial, helvetica, sans-serif;font-size: 12px\"><strong>Choroby ptak\u00f3w 1<\/strong><\/span><\/td>\n<td style=\"height: 40px;text-align: center\"><span style=\"font-family: arial, helvetica, sans-serif;font-size: 12px\"><a href=\"https:\/\/up.lublin.pl\/weterynaria\/wp-content\/uploads\/sites\/3\/2021\/07\/Choroby-ptakow-1.pdf\">Choroby ptak\u00f3w 1<\/a><\/span><\/td>\n<\/tr>\n<tr style=\"height: 40px\">\n<td style=\"height: 40px\"><span style=\"font-family: arial, helvetica, sans-serif;font-size: 12px\"><strong>Andrologia i\u00a0unasiennianie<\/strong><\/span><\/td>\n<td style=\"height: 40px;text-align: center\"><span style=\"font-family: arial, helvetica, sans-serif;font-size: 12px\"><a href=\"https:\/\/up.lublin.pl\/weterynaria\/wp-content\/uploads\/sites\/3\/2021\/07\/Andrologia-i-unasiennianie-zwierzat.pdf\">Andrologia i\u00a0unasiennianie zwierz\u0105t<\/a><\/span><\/td>\n<\/tr>\n<tr style=\"height: 40px\">\n<td style=\"height: 40px\"><span style=\"font-family: arial, helvetica, sans-serif;font-size: 12px\"><strong>Prewencja weterynaryjna 1<\/strong><\/span><\/td>\n<td style=\"height: 40px;text-align: center\"><span style=\"font-family: arial, helvetica, sans-serif;font-size: 12px\"><a href=\"https:\/\/up.lublin.pl\/weterynaria\/wp-content\/uploads\/sites\/3\/2021\/07\/Prewencja-weterynaryjna-1.pdf\">Prewencja weterynaryjna 1<\/a><\/span><\/td>\n<\/tr>\n<tr style=\"height: 23px\">\n<td style=\"height: 23px\"><span style=\"font-family: arial, helvetica, sans-serif;font-size: 12px\"><strong>Choroby ps\u00f3w i\u00a0kot\u00f3w \u2013 blok 1<\/strong><\/span><\/td>\n<td style=\"height: 23px;text-align: center\">\u00a0<\/td>\n<\/tr>\n<tr style=\"height: 46px\">\n<td style=\"height: 46px\"><span style=\"font-family: arial, helvetica, sans-serif;font-size: 12px\"><strong>Higiena produkt\u00f3w pochodzenia zwierz\u0119cego 1<\/strong><\/span><\/td>\n<td style=\"height: 46px;text-align: center\"><a href=\"https:\/\/up.lublin.pl\/weterynaria\/wp-content\/uploads\/sites\/3\/2021\/08\/M_WE_SEM9-HPPZ-1-1.pdf\">M_WE_SEM9 HPPZ 1<\/a><\/td>\n<\/tr>\n<tr style=\"height: 40px\">\n<td style=\"height: 40px\"><span style=\"font-family: arial, helvetica, sans-serif;font-size: 12px\"><strong>Weterynaria s\u0105dowa<\/strong><\/span><\/td>\n<td style=\"height: 40px;text-align: center\"><span style=\"font-family: arial, helvetica, sans-serif;font-size: 12px\"><a href=\"https:\/\/up.lublin.pl\/weterynaria\/wp-content\/uploads\/sites\/3\/2021\/07\/Weterynaria-sadowa.pdf\">Weterynaria s\u0105dowa<\/a><\/span><\/td>\n<\/tr>\n<tr style=\"height: 23px\">\n<td style=\"height: 23px\" colspan=\"2\"><span style=\"font-family: arial, helvetica, sans-serif;font-size: 12px\"><strong>SEMESTR X<\/strong><\/span><\/td>\n<\/tr>\n<tr style=\"height: 40px\">\n<td style=\"height: 40px\" width=\"282\"><span style=\"font-family: arial, helvetica, sans-serif;font-size: 12px\"><strong>Prewencja weterynaryjna 2<\/strong><\/span><\/td>\n<td style=\"height: 40px;text-align: center\"><span style=\"font-family: arial, helvetica, sans-serif;font-size: 12px\"><a href=\"https:\/\/up.lublin.pl\/weterynaria\/wp-content\/uploads\/sites\/3\/2021\/07\/Prewencja-weterynaryjna-2.pdf\">Prewencja weterynaryjna 2<\/a><\/span><\/td>\n<\/tr>\n<tr style=\"height: 23px\">\n<td style=\"height: 23px\"><span style=\"font-family: arial, helvetica, sans-serif;font-size: 12px\"><strong>Choroby ps\u00f3w i\u00a0kot\u00f3w \u2013 blok 2<\/strong><\/span><\/td>\n<td style=\"height: 23px;text-align: center\">\u00a0<\/td>\n<\/tr>\n<tr style=\"height: 46px\">\n<td style=\"height: 46px\"><span style=\"font-family: arial, helvetica, sans-serif;font-size: 12px\"><strong>Higiena produkt\u00f3w pochodzenia zwierz\u0119cego 2<\/strong><\/span><\/td>\n<td style=\"height: 46px;text-align: center\"><a href=\"https:\/\/up.lublin.pl\/weterynaria\/wp-content\/uploads\/sites\/3\/2021\/08\/M_WE_SEM10-HPPZ-2-1.pdf\">M_WE_SEM10 HPPZ 2<\/a><\/td>\n<\/tr>\n<tr style=\"height: 40px\">\n<td style=\"height: 40px\"><span style=\"font-family: arial, helvetica, sans-serif;font-size: 12px\"><strong>Choroby ptak\u00f3w 2<\/strong><\/span><\/td>\n<td style=\"height: 40px;text-align: center\"><span style=\"font-family: arial, helvetica, sans-serif;font-size: 12px\"><a href=\"https:\/\/up.lublin.pl\/weterynaria\/wp-content\/uploads\/sites\/3\/2021\/07\/Choroby-ptakow-2.pdf\">Choroby ptak\u00f3w 2<\/a><\/span><\/td>\n<\/tr>\n<tr style=\"height: 46px\">\n<td style=\"height: 46px\"><span style=\"font-family: arial, helvetica, sans-serif;font-size: 12px\"><strong>Choroby zwierz\u0105t gospodarskich \u2013 sta\u017c 1<\/strong><\/span><\/td>\n<td style=\"height: 46px;text-align: center\"><span style=\"font-family: arial, helvetica, sans-serif;font-size: 12px\"><a href=\"https:\/\/up.lublin.pl\/weterynaria\/wp-content\/uploads\/sites\/3\/2021\/07\/Chor-zw-gosp-staz-1.pdf\">Chor zw gosp sta\u017c 1<\/a><\/span><\/td>\n<\/tr>\n<tr style=\"height: 40px\">\n<td style=\"height: 40px\"><span style=\"font-family: arial, helvetica, sans-serif;font-size: 12px\"><strong>Choroby koni \u2013 sta\u017c 1<\/strong><\/span><\/td>\n<td style=\"height: 40px;text-align: center\"><span style=\"font-family: arial, helvetica, sans-serif;font-size: 12px\"><a href=\"https:\/\/up.lublin.pl\/weterynaria\/wp-content\/uploads\/sites\/3\/2021\/07\/Choroby-koni-staz-1.pdf\">Choroby koni sta\u017c 1<\/a><\/span><\/td>\n<\/tr>\n<tr style=\"height: 23px\">\n<td style=\"height: 23px\"><span style=\"font-family: arial, helvetica, sans-serif;font-size: 12px\"><strong>Choroby ps\u00f3w i\u00a0kot\u00f3w \u2013 sta\u017c 1<\/strong><\/span><\/td>\n<td style=\"height: 23px;text-align: center\">\u00a0<\/td>\n<\/tr>\n<tr style=\"height: 40px\">\n<td style=\"height: 40px\"><span style=\"font-family: arial, helvetica, sans-serif;font-size: 12px\"><strong>Praktyka w\u00a0Inspekcji Weterynaryjnej 2<\/strong><\/span><\/td>\n<td style=\"height: 40px;text-align: center\"><span style=\"font-family: arial, helvetica, sans-serif;font-size: 12px\"><a href=\"https:\/\/up.lublin.pl\/weterynaria\/wp-content\/uploads\/sites\/3\/2021\/07\/Praktyka-w-inspekcji-wet-2.pdf\">Praktyka w\u00a0inspekcji wet 2<\/a><\/span><\/td>\n<\/tr>\n<tr style=\"height: 40px\">\n<td style=\"height: 40px\"><span style=\"font-family: arial, helvetica, sans-serif;font-size: 12px\"><strong>Praktyka kliniczna 2<\/strong><\/span><\/td>\n<td style=\"height: 40px;text-align: center\"><span style=\"font-family: arial, helvetica, sans-serif;font-size: 12px\"><a href=\"https:\/\/up.lublin.pl\/weterynaria\/wp-content\/uploads\/sites\/3\/2021\/07\/Praktyka-kliniczna-2.pdf\">Praktyka kliniczna 2<\/a><\/span><\/td>\n<\/tr>\n<tr style=\"height: 23px\">\n<td style=\"height: 23px\" colspan=\"2\"><span style=\"font-family: arial, helvetica, sans-serif;font-size: 12px\"><strong>SEMESTR XI<\/strong><\/span><\/td>\n<\/tr>\n<tr style=\"height: 46px\">\n<td style=\"height: 46px\"><span style=\"font-family: arial, helvetica, sans-serif;font-size: 12px\"><strong>Administracja i\u00a0ustawodawstwo weterynaryjne<\/strong><\/span><\/td>\n<td style=\"height: 46px;text-align: center\"><span style=\"font-family: arial, helvetica, sans-serif;font-size: 12px\"><a href=\"https:\/\/up.lublin.pl\/weterynaria\/wp-content\/uploads\/sites\/3\/2021\/07\/Administarcja-i-ustawodawstwo-wet.pdf\">Administarcja i\u00a0ustawodawstwo wet<\/a><\/span><\/td>\n<\/tr>\n<tr style=\"height: 46px\">\n<td style=\"height: 46px\"><span style=\"font-family: arial, helvetica, sans-serif;font-size: 12px\"><strong>Choroby zwierz\u0105t nieudomowionych krajowych i\u00a0egzotycznych<\/strong><\/span><\/td>\n<td style=\"height: 46px;text-align: center\"><span style=\"font-family: arial, helvetica, sans-serif;font-size: 12px\"><a href=\"https:\/\/up.lublin.pl\/weterynaria\/wp-content\/uploads\/sites\/3\/2021\/07\/Choroby-zw-nieudomowionych-kraj-i-egz.pdf\">Choroby zw nieudomowionych kraj i\u00a0egz<\/a><\/span><\/td>\n<\/tr>\n<tr style=\"height: 46px\">\n<td style=\"height: 46px\" width=\"282\"><span style=\"font-family: arial, helvetica, sans-serif;font-size: 12px\"><strong>Ma\u0142e ssaki jako zwierz\u0119ta towarzysz\u0105ce \u2013 patologia i&nbsp;terapia<\/strong><\/span><\/td>\n<td style=\"height: 46px;text-align: center\"><a href=\"https:\/\/up.lublin.pl\/weterynaria\/wp-content\/uploads\/sites\/3\/2021\/07\/Male-ssaki-jako-zw-towarzyszace.pdf\">Ma\u0142e ssaki jako zw towarzysz\u0105ce<\/a><\/td>\n<\/tr>\n<tr style=\"height: 23px\">\n<td style=\"height: 23px\"><span style=\"font-family: arial, helvetica, sans-serif;font-size: 12px\"><strong>Zarz\u0105dzanie zdrowiem stada<\/strong><\/span><\/td>\n<td style=\"text-align: center;height: 23px\"><a href=\"https:\/\/up.lublin.pl\/weterynaria\/wp-content\/uploads\/sites\/3\/2021\/08\/M_WE_SEM11-ZZS-1.pdf\">M_WE_SEM11 ZZS<\/a><\/td>\n<\/tr>\n<tr style=\"height: 40px\">\n<td style=\"height: 40px\"><span style=\"font-family: arial, helvetica, sans-serif;font-size: 12px\"><strong>Choroby zwierz\u0105t gospodarskich \u2013 sta\u017c 2<\/strong><strong><br \/><\/strong><\/span><\/td>\n<td style=\"text-align: center;height: 40px\"><span style=\"font-family: arial, helvetica, sans-serif;font-size: 12px\"><a href=\"https:\/\/up.lublin.pl\/weterynaria\/wp-content\/uploads\/sites\/3\/2021\/07\/Choroby-zw-gosp-staz-2.pdf\">Choroby zw gosp sta\u017c 2<\/a><\/span><\/td>\n<\/tr>\n<tr style=\"height: 40px\">\n<td style=\"height: 40px\"><span style=\"font-family: arial, helvetica, sans-serif;font-size: 12px\"><strong>Choroby koni \u2013 sta\u017c 2<\/strong><\/span><\/td>\n<td style=\"height: 40px;text-align: center\"><span style=\"font-family: arial, helvetica, sans-serif;font-size: 12px\"><a href=\"https:\/\/up.lublin.pl\/weterynaria\/wp-content\/uploads\/sites\/3\/2021\/07\/Choroby-koni-staz-2.pdf\">Choroby koni sta\u017c 2<\/a><\/span><\/td>\n<\/tr>\n<tr style=\"height: 23px\">\n<td style=\"height: 23px\"><span style=\"font-family: arial, helvetica, sans-serif;font-size: 12px\"><strong>Choroby ps\u00f3w i\u00a0kot\u00f3w \u2013 sta\u017c 2<\/strong><\/span><\/td>\n<td style=\"height: 23px;text-align: center\">\u00a0<\/td>\n<\/tr>\n<tr style=\"height: 23px\">\n<td style=\"height: 23px\"><span style=\"font-family: arial, helvetica, sans-serif;font-size: 12px\"><strong>Choroby ptak\u00f3w \u2013 sta\u017c\u00a0<\/strong><\/span><\/td>\n<td style=\"height: 23px;text-align: center\"><a href=\"https:\/\/up.lublin.pl\/weterynaria\/wp-content\/uploads\/sites\/3\/2021\/07\/Choroby-ptakow-staz-2.pdf\">Choroby ptak\u00f3w sta\u017c<\/a><\/td>\n<\/tr>\n<\/tbody>\n<\/table>\n<p><span style=\"font-family: arial, helvetica, sans-serif;font-size: 12px\"><strong>PRZEDMIOTY DO WYBORU<\/strong><\/span><\/p>\n<table style=\"width: 100%;height: 2551px\" border=\"3\" cellspacing=\"0\">\n<tbody>\n<tr style=\"height: 23px\">\n<td style=\"width: 99.5724%;height: 23px\" colspan=\"3\"><span style=\"font-family: arial, helvetica, sans-serif;font-size: 12px\"><strong>SEMESTR\u00a0 II\u00a0<\/strong><\/span><\/td>\n<\/tr>\n<tr style=\"height: 40px\">\n<td style=\"width: 23.2711%;height: 240px\" rowspan=\"6\"><span style=\"font-family: arial, helvetica, sans-serif;font-size: 12px\"><strong>PRZEDMIOT DO WYBORU \u2013 BLOK\u00a0 A<\/strong><\/span><\/td>\n<td style=\"width: 50.9271%;height: 40px\"><span style=\"font-family: arial, helvetica, sans-serif;font-size: 12px\"><strong>Behawioryzm zwierz\u0105t<\/strong><\/span><\/td>\n<td style=\"width: 25.3742%;text-align: center;height: 40px\"><span style=\"font-family: arial, helvetica, sans-serif;font-size: 12px\"><a href=\"https:\/\/up.lublin.pl\/weterynaria\/wp-content\/uploads\/sites\/3\/2021\/07\/Behawioryzm.pdf\">Behawioryzm<\/a><\/span><\/td>\n<\/tr>\n<tr style=\"height: 40px\">\n<td style=\"width: 50.9271%;height: 40px\"><span style=\"font-family: arial, helvetica, sans-serif;font-size: 12px\"><strong>Pierwsza pomoc<\/strong><\/span><\/td>\n<td style=\"width: 25.3742%;text-align: center;height: 40px\"><a href=\"https:\/\/up.lublin.pl\/weterynaria\/wp-content\/uploads\/sites\/3\/2021\/08\/pierwsza-pomoc..pdf\">pierwsza pomoc.<\/a><\/td>\n<\/tr>\n<tr style=\"height: 40px\">\n<td style=\"width: 50.9271%;height: 40px\"><span style=\"font-family: arial, helvetica, sans-serif;font-size: 12px\"><strong>Akademicki savoir-vivre<\/strong><\/span><\/td>\n<td style=\"width: 25.3742%;text-align: center;height: 40px\"><span style=\"font-family: arial, helvetica, sans-serif;font-size: 12px\"><a href=\"https:\/\/up.lublin.pl\/weterynaria\/wp-content\/uploads\/sites\/3\/2021\/07\/Akademicki-savoir-vivre.pdf\">Akademicki savoir vivre<\/a><\/span><\/td>\n<\/tr>\n<tr style=\"height: 40px\">\n<td style=\"width: 50.9271%;height: 40px\"><span style=\"font-family: arial, helvetica, sans-serif;font-size: 12px\"><strong>Akwarystyka<\/strong><\/span><\/td>\n<td style=\"width: 25.3742%;text-align: center;height: 40px\"><a href=\"https:\/\/up.lublin.pl\/weterynaria\/wp-content\/uploads\/sites\/3\/2021\/08\/akwarystyka..pdf\">akwarystyka.<\/a><\/td>\n<\/tr>\n<tr style=\"height: 40px\">\n<td style=\"width: 50.9271%;height: 40px\"><span style=\"font-family: arial, helvetica, sans-serif;font-size: 12px\"><strong>Elementy neurobiologii<\/strong><\/span><\/td>\n<td style=\"width: 25.3742%;text-align: center;height: 40px\"><a href=\"https:\/\/up.lublin.pl\/weterynaria\/wp-content\/uploads\/sites\/3\/2021\/08\/Elementy-neurobiologii.pdf\">Elementy neurobiologii<\/a><\/td>\n<\/tr>\n<tr style=\"height: 40px\">\n<td style=\"width: 50.9271%;height: 40px\"><span style=\"font-family: arial, helvetica, sans-serif;font-size: 12px\"><strong>Herpetologia i\u00a0terrarystyka<\/strong><\/span><\/td>\n<td style=\"width: 25.3742%;text-align: center;height: 40px\"><a href=\"https:\/\/up.lublin.pl\/weterynaria\/wp-content\/uploads\/sites\/3\/2021\/08\/Herpetologia-i-terraystyka-1.pdf\">Herpetologia i&nbsp;terraystyka<\/a><\/td>\n<\/tr>\n<tr style=\"height: 23px\">\n<td style=\"width: 99.5724%;height: 23px\" colspan=\"3\"><span style=\"font-family: arial, helvetica, sans-serif;font-size: 12px\"><strong>SEMESTR\u00a0 III<\/strong><\/span><\/td>\n<\/tr>\n<tr style=\"height: 40px\">\n<td style=\"width: 23.2711%;height: 252px\" rowspan=\"6\"><span style=\"font-family: arial, helvetica, sans-serif;font-size: 12px\"><strong>PRZEDMIOT DO WYBORU \u2013 BLOK\u00a0 B<\/strong><\/span><\/td>\n<td style=\"width: 50.9271%;height: 40px\"><span style=\"font-family: arial, helvetica, sans-serif;font-size: 12px\"><strong>Genetyka biomedyczna<\/strong><\/span><\/td>\n<td style=\"width: 25.3742%;text-align: center;height: 40px\"><span style=\"font-family: arial, helvetica, sans-serif;font-size: 12px\"><a href=\"https:\/\/up.lublin.pl\/weterynaria\/wp-content\/uploads\/sites\/3\/2021\/07\/Genetyka-biomedyczna.pdf\">Genetyka biomedyczna<\/a><\/span><\/td>\n<\/tr>\n<tr style=\"height: 40px\">\n<td style=\"width: 50.9271%;height: 40px\"><span style=\"font-family: arial, helvetica, sans-serif;font-size: 12px\"><strong>Choroby genetyczne<\/strong><\/span><\/td>\n<td style=\"width: 25.3742%;text-align: center;height: 40px\"><a href=\"https:\/\/up.lublin.pl\/weterynaria\/wp-content\/uploads\/sites\/3\/2025\/05\/sylabus-choroby-gene1.pdf\">sylabus choroby gene1<\/a><\/td>\n<\/tr>\n<tr style=\"height: 40px\">\n<td style=\"width: 50.9271%;height: 40px\"><span style=\"font-family: arial, helvetica, sans-serif;font-size: 12px\"><strong>Fizjologia kliniczna<\/strong><\/span><\/td>\n<td style=\"width: 25.3742%;text-align: center;height: 40px\"><span style=\"font-family: arial, helvetica, sans-serif;font-size: 12px\"><a href=\"https:\/\/up.lublin.pl\/weterynaria\/wp-content\/uploads\/sites\/3\/2021\/07\/Fizjologia-kliniczna.pdf\">Fizjologia kliniczna<\/a><\/span><\/td>\n<\/tr>\n<tr style=\"height: 46px\">\n<td style=\"width: 50.9271%;height: 46px\"><span style=\"font-family: arial, helvetica, sans-serif;font-size: 12px\"><strong>Technologie informacyjno-komunikacyjne jako narz\u0119dzie rozwoju zawodowego<\/strong><\/span><\/td>\n<td style=\"width: 25.3742%;text-align: center;height: 46px\"><span style=\"font-family: arial, helvetica, sans-serif;font-size: 12px\"><a href=\"https:\/\/up.lublin.pl\/weterynaria\/wp-content\/uploads\/sites\/3\/2021\/07\/Technologie-informacyjno-komunikacyjne.pdf\">Technologie informacyjno-komunikacyjne<\/a><\/span><\/td>\n<\/tr>\n<tr style=\"height: 40px\">\n<td style=\"width: 50.9271%;height: 40px\"><span style=\"font-family: arial, helvetica, sans-serif;font-size: 12px\"><strong>Anatomia i\u00a0fizjologia ptak\u00f3w<\/strong><\/span><\/td>\n<td style=\"width: 25.3742%;text-align: center;height: 40px\"><span style=\"font-family: arial, helvetica, sans-serif;font-size: 12px\"><a href=\"https:\/\/up.lublin.pl\/weterynaria\/wp-content\/uploads\/sites\/3\/2021\/08\/Fizjologia-i-anatomia-ptakow-2.pdf\">Fizjologia i&nbsp;anatomia ptak\u00f3w<\/a><\/span><\/td>\n<\/tr>\n<tr style=\"height: 46px\">\n<td style=\"width: 50.9271%;height: 46px\"><span style=\"font-family: arial, helvetica, sans-serif;font-size: 12px\"><strong>Wykorzystanie technik biologii molekularnej w\u00a0badaniach i\u00a0diagnostyce weterynaryjnej<\/strong><\/span><\/td>\n<td style=\"width: 25.3742%;text-align: center;height: 46px\"><span style=\"font-family: arial, helvetica, sans-serif;font-size: 12px\"><a href=\"https:\/\/up.lublin.pl\/weterynaria\/wp-content\/uploads\/sites\/3\/2021\/07\/Wykorzystanie-technik-biol-mol.pdf\">Wykorzystanie technik biol mol<\/a><\/span><\/td>\n<\/tr>\n<tr style=\"height: 23px\">\n<td style=\"width: 99.5724%;height: 23px\" colspan=\"3\"><span style=\"font-family: arial, helvetica, sans-serif;font-size: 12px\"><strong>SEMESTR\u00a0 IV<\/strong><\/span><\/td>\n<\/tr>\n<tr style=\"height: 46px\">\n<td style=\"width: 23.2711%;height: 246px\" rowspan=\"6\">\n<p><span style=\"font-family: arial, helvetica, sans-serif;font-size: 12px\"><strong>PRZEDMIOT DO WYBORU \u2013 BLOK C\u00a0<\/strong><\/span><\/p>\n<\/td>\n<td style=\"width: 50.9271%;height: 46px\"><span style=\"font-family: arial, helvetica, sans-serif;font-size: 12px\"><strong>Fizjologia zwierz\u0105t nieudomowionych i\u00a0egzotycznych<\/strong><\/span><\/td>\n<td style=\"width: 25.3742%;text-align: center;height: 46px\"><a href=\"https:\/\/up.lublin.pl\/weterynaria\/wp-content\/uploads\/sites\/3\/2021\/08\/M_WE_SEM4-PW-1C-2C-FIJZJ-ZNE-2020-21-3.pdf\">M_WE_SEM4 PW 1C-2C FIJZJ ZNE 2020-21<\/a><\/td>\n<\/tr>\n<tr style=\"height: 40px\">\n<td style=\"width: 50.9271%;height: 40px\"><span style=\"font-family: arial, helvetica, sans-serif;font-size: 12px\"><strong>Endokrynologia<\/strong><\/span><\/td>\n<td style=\"width: 25.3742%;text-align: center;height: 40px\"><span style=\"font-family: arial, helvetica, sans-serif;font-size: 12px\"><a href=\"https:\/\/up.lublin.pl\/weterynaria\/wp-content\/uploads\/sites\/3\/2021\/07\/Endokrynologia.pdf\">Endokrynologia<\/a><\/span><\/td>\n<\/tr>\n<tr style=\"height: 40px\">\n<td style=\"width: 50.9271%;height: 40px\"><span style=\"font-family: arial, helvetica, sans-serif;font-size: 12px\"><strong>Neurofizjologia<\/strong><\/span><\/td>\n<td style=\"width: 25.3742%;text-align: center;height: 40px\"><span style=\"font-family: arial, helvetica, sans-serif;font-size: 12px\"><a href=\"https:\/\/up.lublin.pl\/weterynaria\/wp-content\/uploads\/sites\/3\/2021\/07\/Nerofizjologia.pdf\">Nerofizjologia<\/a><\/span><\/td>\n<\/tr>\n<tr style=\"height: 40px\">\n<td style=\"width: 50.9271%;height: 40px\"><span style=\"font-family: arial, helvetica, sans-serif;font-size: 12px\"><strong>Fizjologia postnatalnego rozwoju zwierz\u0105t<\/strong><\/span><\/td>\n<td style=\"width: 25.3742%;text-align: center;height: 40px\"><span style=\"font-family: arial, helvetica, sans-serif;font-size: 12px\"><a href=\"https:\/\/up.lublin.pl\/weterynaria\/wp-content\/uploads\/sites\/3\/2021\/07\/Fizjologia-postnatalnego-r-ju-zwierzat.pdf\">Fizjologia postnatalnego r-ju zwierzat<\/a><\/span><\/td>\n<\/tr>\n<tr style=\"height: 40px\">\n<td style=\"width: 50.9271%;height: 40px\"><span style=\"font-family: arial, helvetica, sans-serif;font-size: 12px\"><strong>Anatomia chirurgiczna ma\u0142ych zwierz\u0105t<\/strong><\/span><\/td>\n<td style=\"width: 25.3742%;text-align: center;height: 40px\"><span style=\"font-family: arial, helvetica, sans-serif;font-size: 12px\"><a href=\"https:\/\/up.lublin.pl\/weterynaria\/wp-content\/uploads\/sites\/3\/2021\/08\/M_WE_SEM4-PW-1C2C_ANAT-CHIR-2.pdf\">M_WE_SEM4 PW 1C2C_ANAT CHIR<\/a><\/span><\/td>\n<\/tr>\n<tr style=\"height: 40px\">\n<td style=\"width: 50.9271%;height: 40px\"><span style=\"font-family: arial, helvetica, sans-serif;font-size: 12px\"><strong>Fizjologia wysi\u0142ku<\/strong><\/span><\/td>\n<td style=\"width: 25.3742%;text-align: center;height: 40px\"><span style=\"font-family: arial, helvetica, sans-serif;font-size: 12px\"><a href=\"https:\/\/up.lublin.pl\/weterynaria\/wp-content\/uploads\/sites\/3\/2021\/07\/Fizjologia-wysilku.pdf\">Fizjologia wysi\u0142ku<\/a><\/span><\/td>\n<\/tr>\n<tr style=\"height: 23px\">\n<td style=\"width: 99.5724%;height: 23px\" colspan=\"3\"><span style=\"font-family: arial, helvetica, sans-serif;font-size: 12px\"><strong>SEMESTR\u00a0 V<\/strong><\/span><\/td>\n<\/tr>\n<tr style=\"height: 40px\">\n<td style=\"width: 23.2711%;height: 200px\" rowspan=\"5\"><span style=\"font-family: arial, helvetica, sans-serif;font-size: 12px\"><strong>\u00a0<br \/>\u00a0\u00a0PRZEDMIOT DO WYBORU \u2013 BLOK D\u00a0\u00a0<\/strong><\/span><\/td>\n<td style=\"width: 50.9271%;height: 40px\"><span style=\"font-family: arial, helvetica, sans-serif;font-size: 12px\"><strong>Modyfikacje genetyczne i\u00a0terapia genowa<\/strong><\/span><\/td>\n<td style=\"width: 25.3742%;text-align: center;height: 40px\"><span style=\"font-family: arial, helvetica, sans-serif;font-size: 12px\"><a href=\"https:\/\/up.lublin.pl\/weterynaria\/wp-content\/uploads\/sites\/3\/2021\/07\/Modyfikacje-genetyczne.pdf\">Modyfikacje genetyczne<\/a><\/span><\/td>\n<\/tr>\n<tr style=\"height: 40px\">\n<td style=\"width: 50.9271%;height: 40px\"><span style=\"font-family: arial, helvetica, sans-serif;font-size: 12px\"><strong>Marketing i\u00a0zarz\u0105dzanie<\/strong><\/span><\/td>\n<td style=\"width: 25.3742%;text-align: center;height: 40px\"><span style=\"font-family: arial, helvetica, sans-serif;font-size: 12px\"><a href=\"https:\/\/up.lublin.pl\/weterynaria\/wp-content\/uploads\/sites\/3\/2021\/07\/Marketing-i-zarzadzanie.pdf\">Marketing i\u00a0zarz\u0105dzanie<\/a><\/span><\/td>\n<\/tr>\n<tr style=\"height: 40px\">\n<td style=\"width: 50.9271%;height: 40px\"><span style=\"font-family: arial, helvetica, sans-serif;font-size: 12px\"><strong>Biomateria\u0142y<\/strong><\/span><\/td>\n<td style=\"width: 25.3742%;text-align: center;height: 40px\"><a href=\"https:\/\/up.lublin.pl\/weterynaria\/wp-content\/uploads\/sites\/3\/2021\/08\/Biomaterialy.pdf\">Biomateria\u0142y<\/a><\/td>\n<\/tr>\n<tr style=\"height: 40px\">\n<td style=\"width: 50.9271%;height: 40px\"><span style=\"font-family: arial, helvetica, sans-serif;font-size: 12px\"><strong>Ch\u00f3w i\u00a0choroby ptak\u00f3w bezgrzebieniowych<\/strong><\/span><\/td>\n<td style=\"width: 25.3742%;text-align: center;height: 40px\"><a href=\"https:\/\/up.lublin.pl\/weterynaria\/wp-content\/uploads\/sites\/3\/2021\/08\/Chow-i-hod-ptakow-bezgrzebieniowych.pdf\">Ch\u00f3w i&nbsp;hod ptak\u00f3w bezgrzebieniowych<\/a><\/td>\n<\/tr>\n<tr style=\"height: 40px\">\n<td style=\"width: 50.9271%;height: 40px\"><span style=\"font-family: arial, helvetica, sans-serif;font-size: 12px\"><strong>Podstawy teorii prawa<\/strong><\/span><\/td>\n<td style=\"width: 25.3742%;text-align: center;height: 40px\"><span style=\"font-family: arial, helvetica, sans-serif;font-size: 12px\"><a href=\"https:\/\/up.lublin.pl\/weterynaria\/wp-content\/uploads\/sites\/3\/2021\/07\/Podstawy-teorii-prawa.pdf\">Podstawy teorii prawa<\/a><\/span><\/td>\n<\/tr>\n<tr style=\"height: 23px\">\n<td style=\"width: 99.5724%;height: 23px\" colspan=\"3\"><span style=\"font-family: arial, helvetica, sans-serif;font-size: 12px\"><strong> SEMESTR\u00a0 VII<br \/><\/strong><\/span><\/td>\n<\/tr>\n<tr style=\"height: 40px\">\n<td style=\"width: 23.2711%;height: 252px\" rowspan=\"6\"><span style=\"font-family: arial, helvetica, sans-serif;font-size: 12px\"><strong>\u00a0PRZEDMIOT DO WYBORU \u2013 BLOK E<\/strong><\/span><\/td>\n<td style=\"width: 50.9271%;height: 40px\"><span style=\"font-family: arial, helvetica, sans-serif;font-size: 12px\"><strong>Farmakologia kliniczna<\/strong><\/span><\/td>\n<td style=\"width: 25.3742%;text-align: center;height: 40px\"><span style=\"font-family: arial, helvetica, sans-serif;font-size: 12px\"><a href=\"https:\/\/up.lublin.pl\/weterynaria\/wp-content\/uploads\/sites\/3\/2021\/07\/Farmakologia-kliniczna.pdf\">Farmakologia kliniczna<\/a><\/span><\/td>\n<\/tr>\n<tr style=\"height: 46px\">\n<td style=\"width: 50.9271%;height: 46px\"><span style=\"font-family: arial, helvetica, sans-serif;font-size: 12px\"><strong>Substancje i\u00a0surowce pochodzenia ro\u015blinnego w\u00a0profilaktyce i\u00a0terapii zwierz\u0105t<\/strong><\/span><\/td>\n<td style=\"width: 25.3742%;text-align: center;height: 46px\"><span style=\"font-family: arial, helvetica, sans-serif;font-size: 12px\"><a href=\"https:\/\/up.lublin.pl\/weterynaria\/wp-content\/uploads\/sites\/3\/2021\/07\/Substancje-i-surowce-poch-rosl.pdf\">Substancje i\u00a0surowce poch ro\u015bl<\/a><\/span><\/td>\n<\/tr>\n<tr style=\"height: 40px\">\n<td style=\"width: 50.9271%;height: 40px\" width=\"298\"><span style=\"font-family: arial, helvetica, sans-serif;font-size: 12px\"><strong>Zaburzenia behawioralne u\u00a0ps\u00f3w i\u00a0kot\u00f3w<\/strong><\/span><\/td>\n<td style=\"width: 25.3742%;text-align: center;height: 40px\"><span style=\"font-family: arial, helvetica, sans-serif;font-size: 12px\"><a href=\"https:\/\/up.lublin.pl\/weterynaria\/wp-content\/uploads\/sites\/3\/2021\/07\/Zaburzenia-behawioralne.pdf\">Zaburzenia behawioralne<\/a><\/span><\/td>\n<\/tr>\n<tr style=\"height: 40px\">\n<td style=\"width: 50.9271%;height: 40px\" width=\"298\"><span style=\"font-family: arial, helvetica, sans-serif;font-size: 12px\"><strong>Transformacje nowotworowe u\u00a0zwierz\u0105t<\/strong><\/span><\/td>\n<td style=\"width: 25.3742%;text-align: center;height: 40px\"><span style=\"font-family: arial, helvetica, sans-serif;font-size: 12px\"><a href=\"https:\/\/up.lublin.pl\/weterynaria\/wp-content\/uploads\/sites\/3\/2021\/07\/Transformacje-nowotworowe-u-zwierzat.pdf\">Transformacje nowotworowe u\u00a0zwierz\u0105t<\/a><\/span><\/td>\n<\/tr>\n<tr style=\"height: 46px\">\n<td style=\"width: 50.9271%;height: 46px\"><span style=\"font-family: arial, helvetica, sans-serif;font-size: 12px\"><strong>Pierwszy kontakt z\u00a0pacjentem w\u00a0gabinecie ma\u0142ych zwierz\u0105t<\/strong><\/span><\/td>\n<td style=\"width: 25.3742%;text-align: center;height: 46px\"><span style=\"font-family: arial, helvetica, sans-serif;font-size: 12px\"><a href=\"https:\/\/up.lublin.pl\/weterynaria\/wp-content\/uploads\/sites\/3\/2021\/07\/Pierwszy-kontakt-z-pacjentem.pdf\">Pierwszy kontakt z\u00a0pacjentem<\/a><\/span><\/td>\n<\/tr>\n<tr style=\"height: 40px\">\n<td style=\"width: 50.9271%;height: 40px\"><span style=\"font-family: arial, helvetica, sans-serif;font-size: 12px\"><strong>Hematologia weterynaryjna<\/strong><\/span><\/td>\n<td style=\"width: 25.3742%;text-align: center;height: 40px\"><span style=\"font-family: arial, helvetica, sans-serif;font-size: 12px\"><a href=\"https:\/\/up.lublin.pl\/weterynaria\/wp-content\/uploads\/sites\/3\/2021\/07\/Hematologia-laboratoryjna.pdf\">Hematologia laboratoryjna<\/a><\/span><\/td>\n<\/tr>\n<tr style=\"height: 23px\">\n<td style=\"width: 99.5724%;height: 23px\" colspan=\"3\"><span style=\"font-family: arial, helvetica, sans-serif;font-size: 12px\"><strong>SEMESTR\u00a0 VIII<\/strong><\/span><\/td>\n<\/tr>\n<tr style=\"height: 46px\">\n<td style=\"width: 23.2711%;height: 206px\" rowspan=\"5\"><span style=\"font-family: arial, helvetica, sans-serif;font-size: 12px\"><strong>PRZEDMIOT DO WYBORU \u2013 BLOK F<\/strong><\/span><\/td>\n<td style=\"width: 50.9271%;height: 46px\" width=\"298\"><span style=\"font-family: arial, helvetica, sans-serif;font-size: 12px\"><strong>Praktyczne aspekty racjonalnej antybiotykoterapii u\u00a0zwierz\u0105t<\/strong><\/span><\/td>\n<td style=\"width: 25.3742%;text-align: center;height: 46px\"><span style=\"font-family: arial, helvetica, sans-serif;font-size: 12px\"><a href=\"https:\/\/up.lublin.pl\/weterynaria\/wp-content\/uploads\/sites\/3\/2021\/07\/Praktyczne-aspekty-racjonalnej-antyb..pdf\">Praktyczne aspekty racjonalnej antyb.<\/a><\/span><\/td>\n<\/tr>\n<tr style=\"height: 40px\">\n<td style=\"width: 50.9271%;height: 40px\"><span style=\"font-family: arial, helvetica, sans-serif;font-size: 12px\"><strong>Choroby bezkr\u0119gowc\u00f3w wodnych<\/strong><\/span><\/td>\n<td style=\"width: 25.3742%;text-align: center;height: 40px\"><span style=\"font-family: arial, helvetica, sans-serif;font-size: 12px\"><a href=\"https:\/\/up.lublin.pl\/weterynaria\/wp-content\/uploads\/sites\/3\/2021\/07\/Choroby-bezkregowcow-wodn.pdf\">Choroby bezkr\u0119gowc\u00f3w wodn<\/a><\/span><\/td>\n<\/tr>\n<tr style=\"height: 40px\">\n<td style=\"width: 50.9271%;height: 40px\"><span style=\"font-family: arial, helvetica, sans-serif;font-size: 12px\"><strong>Choroby zwierz\u0105t laboratoryjnych<\/strong><\/span><\/td>\n<td style=\"width: 25.3742%;text-align: center;height: 40px\"><span style=\"font-family: arial, helvetica, sans-serif;font-size: 12px\"><a href=\"https:\/\/up.lublin.pl\/weterynaria\/wp-content\/uploads\/sites\/3\/2021\/07\/Choroby-zwierzat-laboratoryjnych.pdf\">Choroby zwierz\u0105t laboratoryjnych<\/a><\/span><\/td>\n<\/tr>\n<tr style=\"height: 40px\">\n<td style=\"width: 50.9271%;height: 40px\"><span style=\"font-family: arial, helvetica, sans-serif;font-size: 12px\"><strong>Mykologia weterynaryjna<\/strong><\/span><\/td>\n<td style=\"width: 25.3742%;text-align: center;height: 40px\"><span style=\"font-family: arial, helvetica, sans-serif;font-size: 12px\"><a href=\"https:\/\/up.lublin.pl\/weterynaria\/wp-content\/uploads\/sites\/3\/2021\/07\/Mykologia-weterynaryjna.pdf\">Mykologia weterynaryjna<\/a><\/span><\/td>\n<\/tr>\n<tr style=\"height: 40px\">\n<td style=\"width: 50.9271%;height: 40px\"><span style=\"font-family: arial, helvetica, sans-serif;font-size: 12px\"><strong>Laboratoryjna analiza toksykologiczna<br \/><\/strong><\/span><\/td>\n<td style=\"width: 25.3742%;text-align: center;height: 40px\"><span style=\"font-family: arial, helvetica, sans-serif;font-size: 12px\"><a href=\"https:\/\/up.lublin.pl\/weterynaria\/wp-content\/uploads\/sites\/3\/2021\/07\/Laboratoryjna-analiza-toksykologiczna.pdf\">Laboratoryjna analiza toksykologiczna<\/a><\/span><\/td>\n<\/tr>\n<tr style=\"height: 23px\">\n<td style=\"width: 99.5724%;height: 23px\" colspan=\"3\"><span style=\"font-family: arial, helvetica, sans-serif;font-size: 12px\"><strong>SEMESTR\u00a0 IX<br \/><\/strong><\/span><\/td>\n<\/tr>\n<tr style=\"height: 40px\">\n<td style=\"width: 23.2711%;height: 326px\" rowspan=\"8\"><span style=\"font-family: arial, helvetica, sans-serif;font-size: 12px\"><strong>PRZEDMIOT DO WYBORU \u2013 BLOK G<\/strong><\/span><\/td>\n<td style=\"width: 50.9271%;height: 40px\" width=\"298\"><span style=\"font-family: arial, helvetica, sans-serif;font-size: 12px\"><strong>Diagnostyka obrazowa zwierz\u0105t egzotycznych\u00a0<\/strong><\/span><\/td>\n<td style=\"width: 25.3742%;text-align: center;height: 40px\"><span style=\"font-family: arial, helvetica, sans-serif;font-size: 12px\"><a href=\"https:\/\/up.lublin.pl\/weterynaria\/wp-content\/uploads\/sites\/3\/2021\/07\/Diagnostyka-obrazowa-zwierzat-egzotycznych.pdf\">Diagnostyka obrazowa zwierz\u0105t egzotycznych<\/a><\/span><\/td>\n<\/tr>\n<tr style=\"height: 40px\">\n<td style=\"width: 50.9271%;height: 40px\"><span style=\"font-family: arial, helvetica, sans-serif;font-size: 12px\"><strong>Diagnostyka obrazowa w\u00a0onkologii<\/strong><\/span><\/td>\n<td style=\"width: 25.3742%;text-align: center;height: 40px\"><span style=\"font-family: arial, helvetica, sans-serif;font-size: 12px\"><a href=\"https:\/\/up.lublin.pl\/weterynaria\/wp-content\/uploads\/sites\/3\/2021\/07\/Diagnostyka-obrazowa-w-onkologii.pdf\">Diagnostyka obrazowa w\u00a0onkologii<\/a><\/span><\/td>\n<\/tr>\n<tr style=\"height: 46px\">\n<td style=\"width: 50.9271%;height: 46px\"><span style=\"font-family: arial, helvetica, sans-serif;font-size: 12px\"><strong>Pomoc dora\u017ana w\u00a0stanach zagro\u017cenia \u017cycia zwierz\u0105t<\/strong><\/span><\/td>\n<td style=\"width: 25.3742%;text-align: center;height: 46px\"><span style=\"font-family: arial, helvetica, sans-serif;font-size: 12px\"><a href=\"https:\/\/up.lublin.pl\/weterynaria\/wp-content\/uploads\/sites\/3\/2021\/07\/Pomoc-dorazna-w-stanach-zagrozenia-zycia.pdf\">Pomoc dora\u017ana w\u00a0stanach zagro\u017cenia \u017cycia<\/a><\/span><\/td>\n<\/tr>\n<tr style=\"height: 40px\">\n<td style=\"width: 50.9271%;height: 40px\"><span style=\"font-family: arial, helvetica, sans-serif;font-size: 12px\"><strong>Neurologia kliniczna i\u00a0neurochirurgia<\/strong><\/span><\/td>\n<td style=\"width: 25.3742%;text-align: center;height: 40px\"><span style=\"font-family: arial, helvetica, sans-serif;font-size: 12px\"><a href=\"https:\/\/up.lublin.pl\/weterynaria\/wp-content\/uploads\/sites\/3\/2021\/07\/Neurologia-kliniczna.pdf\">Neurologia kliniczna<\/a><\/span><\/td>\n<\/tr>\n<tr style=\"height: 40px\">\n<td style=\"width: 50.9271%;height: 40px\"><span style=\"font-family: arial, helvetica, sans-serif;font-size: 12px\"><strong>Chirurgia eksperymentalna <br \/><\/strong><\/span><\/td>\n<td style=\"width: 25.3742%;text-align: center;height: 40px\"><span style=\"font-family: arial, helvetica, sans-serif;font-size: 12px\"><a href=\"https:\/\/up.lublin.pl\/weterynaria\/wp-content\/uploads\/sites\/3\/2021\/07\/Chirurgia-eksperymentalna.pdf\">Chirurgia eksperymentalna<\/a><\/span><\/td>\n<\/tr>\n<tr style=\"height: 40px\">\n<td style=\"width: 50.9271%;height: 40px\"><span style=\"font-family: arial, helvetica, sans-serif;font-size: 12px\"><strong>Onkologia weterynaryjna<\/strong><\/span><\/td>\n<td style=\"width: 25.3742%;text-align: center;height: 40px\"><span style=\"font-family: arial, helvetica, sans-serif;font-size: 12px\"><a href=\"https:\/\/up.lublin.pl\/weterynaria\/wp-content\/uploads\/sites\/3\/2021\/07\/Onkologia-weterynaryjna.pdf\">Onkologia weterynaryjna<\/a><\/span><\/td>\n<\/tr>\n<tr style=\"height: 40px\">\n<td style=\"width: 50.9271%;height: 40px\"><span style=\"font-family: arial, helvetica, sans-serif;font-size: 12px\"><strong>Diagnostyka obrazowa koni<\/strong><\/span><\/td>\n<td style=\"width: 25.3742%;text-align: center;height: 40px\"><span style=\"font-family: arial, helvetica, sans-serif;font-size: 12px\"><a href=\"https:\/\/up.lublin.pl\/weterynaria\/wp-content\/uploads\/sites\/3\/2021\/07\/Diagnostyka-obrazowa-koni.pdf\">Diagnostyka obrazowa koni<\/a><\/span><\/td>\n<\/tr>\n<tr style=\"height: 40px\">\n<td style=\"width: 50.9271%;height: 40px\"><span style=\"font-family: arial, helvetica, sans-serif;font-size: 12px\"><strong>Medycyna sportowa koni<\/strong><\/span><\/td>\n<td style=\"width: 25.3742%;text-align: center;height: 40px\"><span style=\"font-family: arial, helvetica, sans-serif;font-size: 12px\"><a href=\"https:\/\/up.lublin.pl\/weterynaria\/wp-content\/uploads\/sites\/3\/2021\/07\/Medycyna-sportowa-koni.pdf\">Medycyna sportowa koni<\/a><\/span><\/td>\n<\/tr>\n<tr style=\"height: 23px\">\n<td style=\"width: 99.5724%;height: 23px\" colspan=\"3\"><span style=\"font-family: arial, helvetica, sans-serif;font-size: 12px\"><strong>SEMESTR\u00a0 X<br \/><\/strong><\/span><\/td>\n<\/tr>\n<tr style=\"height: 40px\">\n<td style=\"width: 23.2711%;height: 286px\" rowspan=\"7\"><span style=\"font-family: arial, helvetica, sans-serif;font-size: 12px\"><strong>PRZEDMIOT DO WYBORU \u2013 BLOK H<\/strong><\/span><\/td>\n<td style=\"width: 50.9271%;height: 40px\" width=\"298\"><span style=\"font-family: arial, helvetica, sans-serif;font-size: 12px\"><strong>Chirurgia szcz\u0119kowa<\/strong><\/span><\/td>\n<td style=\"width: 25.3742%;text-align: center;height: 40px\"><span style=\"font-family: arial, helvetica, sans-serif;font-size: 12px\"><a href=\"https:\/\/up.lublin.pl\/weterynaria\/wp-content\/uploads\/sites\/3\/2021\/07\/Chirurgia-szczekowa.pdf\">Chirurgia szcz\u0119kowa<\/a><\/span><\/td>\n<\/tr>\n<tr style=\"height: 40px\">\n<td style=\"width: 50.9271%;height: 40px\"><span style=\"font-family: arial, helvetica, sans-serif;font-size: 12px\"><strong>Echokardiografia ps\u00f3w i\u00a0kot\u00f3w w\u00a0praktyce<\/strong><\/span><\/td>\n<td style=\"width: 25.3742%;text-align: center;height: 40px\"><span style=\"font-family: arial, helvetica, sans-serif;font-size: 12px\"><a href=\"https:\/\/up.lublin.pl\/weterynaria\/wp-content\/uploads\/sites\/3\/2021\/07\/Echokardiografia-psow-i-kotow.pdf\">Echokardiografia ps\u00f3w i\u00a0kot\u00f3w<\/a><\/span><\/td>\n<\/tr>\n<tr style=\"height: 40px\">\n<td style=\"width: 50.9271%;height: 40px\"><span style=\"font-family: arial, helvetica, sans-serif;font-size: 12px\"><strong>Endokrynologia kliniczna<\/strong><\/span><\/td>\n<td style=\"width: 25.3742%;text-align: center;height: 40px\"><span style=\"font-family: arial, helvetica, sans-serif;font-size: 12px\"><a href=\"https:\/\/up.lublin.pl\/weterynaria\/wp-content\/uploads\/sites\/3\/2021\/07\/Endokrynologia-kliniczna.pdf\">Endokrynologia kliniczna<\/a><\/span><\/td>\n<\/tr>\n<tr style=\"height: 40px\">\n<td style=\"width: 50.9271%;height: 40px\"><span style=\"font-family: arial, helvetica, sans-serif;font-size: 12px\"><strong>Geriatria weterynaryjna<\/strong><\/span><\/td>\n<td style=\"width: 25.3742%;text-align: center;height: 40px\"><span style=\"font-family: arial, helvetica, sans-serif;font-size: 12px\"><a href=\"https:\/\/up.lublin.pl\/weterynaria\/wp-content\/uploads\/sites\/3\/2021\/07\/Geriatria-weterynaryjna.pdf\">Geriatria weterynaryjna<\/a><\/span><\/td>\n<\/tr>\n<tr style=\"height: 46px\">\n<td style=\"width: 50.9271%;height: 46px\"><span style=\"font-family: arial, helvetica, sans-serif;font-size: 12px\"><strong>Diagnostyka cytomorfologiczna w\u00a0patologii weterynaryjnej<\/strong><\/span><\/td>\n<td style=\"width: 25.3742%;text-align: center;height: 46px\"><span style=\"font-family: arial, helvetica, sans-serif;font-size: 12px\"><a href=\"https:\/\/up.lublin.pl\/weterynaria\/wp-content\/uploads\/sites\/3\/2021\/07\/Diagnostyka-cytomorfologiczna.pdf\">Diagnostyka cytomorfologiczna<\/a><\/span><\/td>\n<\/tr>\n<tr style=\"height: 40px\">\n<td style=\"width: 50.9271%;height: 40px\"><span style=\"font-family: arial, helvetica, sans-serif;font-size: 12px\"><strong>Analityka kliniczna chor\u00f3b zwierz\u0105t gosp. i\u00a0koni<\/strong><\/span><\/td>\n<td style=\"width: 25.3742%;text-align: center;height: 40px\"><span style=\"font-family: arial, helvetica, sans-serif;font-size: 12px\"><a href=\"https:\/\/up.lublin.pl\/weterynaria\/wp-content\/uploads\/sites\/3\/2021\/07\/Analityka-kliniczna-chorob-zw-gosp-i-koni.pdf\">Analityka kliniczna chor\u00f3b zw gosp i\u00a0koni<\/a><\/span><\/td>\n<\/tr>\n<tr style=\"height: 40px\">\n<td style=\"width: 50.9271%;height: 40px\"><span style=\"font-family: arial, helvetica, sans-serif;font-size: 12px\"><strong>Aktualne problemy wsp\u00f3\u0142czesnej bujatrii<\/strong><\/span><\/td>\n<td style=\"width: 25.3742%;text-align: center;height: 40px\"><span style=\"font-family: arial, helvetica, sans-serif;font-size: 12px\"><a href=\"https:\/\/up.lublin.pl\/weterynaria\/wp-content\/uploads\/sites\/3\/2021\/07\/Aktualne-problemy-wsp-bujatrii.pdf\">Aktualne problemy wsp bujatrii<\/a><\/span><\/td>\n<\/tr>\n<tr style=\"height: 23px\">\n<td style=\"width: 99.5724%;height: 23px\" colspan=\"3\"><span style=\"font-family: arial, helvetica, sans-serif;font-size: 12px\"><strong>SEMESTR\u00a0 XI<\/strong><\/span><\/td>\n<\/tr>\n<tr style=\"height: 40px\">\n<td style=\"width: 23.2711%;height: 336px\" rowspan=\"8\">\n<p><span style=\"font-family: arial, helvetica, sans-serif;font-size: 12px\"><strong>PRZEDMIOT DO WYBORU \u2013 BLOK I<\/strong><\/span><\/p>\n<\/td>\n<td style=\"width: 50.9271%;height: 40px\" width=\"298\"><span style=\"font-family: arial, helvetica, sans-serif;font-size: 12px\"><strong>Pediatria z\u00a0elementami behawioru ma\u0142ych zwierz\u0105t<\/strong><\/span><\/td>\n<td style=\"width: 25.3742%;text-align: center;height: 40px\"><span style=\"font-family: arial, helvetica, sans-serif;font-size: 12px\"><a href=\"https:\/\/up.lublin.pl\/weterynaria\/wp-content\/uploads\/sites\/3\/2021\/07\/Pediatria-z-elementami-behawioru-psow-i-kotow.pdf\">Pediatria z\u00a0elementami behawioru ps\u00f3w i\u00a0kot\u00f3w<\/a><\/span><\/td>\n<\/tr>\n<tr style=\"height: 40px\">\n<td style=\"width: 50.9271%;height: 40px\"><span style=\"font-family: arial, helvetica, sans-serif;font-size: 12px\"><strong>Analityka kliniczna chor\u00f3b ps\u00f3w i\u00a0kot\u00f3w<\/strong><\/span><\/td>\n<td style=\"width: 25.3742%;text-align: center;height: 40px\"><span style=\"font-family: arial, helvetica, sans-serif;font-size: 12px\"><a href=\"https:\/\/up.lublin.pl\/weterynaria\/wp-content\/uploads\/sites\/3\/2021\/07\/Analityka-kliniczna-psow-i-kotow.pdf\">Analityka kliniczna ps\u00f3w i\u00a0kot\u00f3w<\/a><\/span><\/td>\n<\/tr>\n<tr style=\"height: 40px\">\n<td style=\"width: 50.9271%;height: 40px\"><span style=\"font-family: arial, helvetica, sans-serif;font-size: 12px\"><strong>Diagnostyka endoskopowa<\/strong><\/span><\/td>\n<td style=\"width: 25.3742%;text-align: center;height: 40px\"><span style=\"font-family: arial, helvetica, sans-serif;font-size: 12px\"><a href=\"https:\/\/up.lublin.pl\/weterynaria\/wp-content\/uploads\/sites\/3\/2021\/07\/Diagnostyka-endoskopowa.pdf\">Diagnostyka endoskopowa<\/a><\/span><\/td>\n<\/tr>\n<tr style=\"height: 40px\">\n<td style=\"width: 50.9271%;height: 40px\"><span style=\"font-family: arial, helvetica, sans-serif;font-size: 12px\"><strong>Choroby ptak\u00f3w ozdobnych<\/strong><\/span><\/td>\n<td style=\"width: 25.3742%;text-align: center;height: 40px\"><span style=\"font-family: arial, helvetica, sans-serif;font-size: 12px\"><a href=\"https:\/\/up.lublin.pl\/weterynaria\/wp-content\/uploads\/sites\/3\/2021\/07\/Choroby-ptakow-ozdobnych.pdf\">Choroby ptak\u00f3w ozdobnych<\/a><\/span><\/td>\n<\/tr>\n<tr style=\"height: 38px\">\n<td style=\"width: 50.9271%;height: 38px\"><span style=\"font-family: arial, helvetica, sans-serif;font-size: 12px\"><strong>Elektrokardiografia weterynaryjna<\/strong><\/span><\/td>\n<td style=\"width: 25.3742%;text-align: center;height: 38px\"><a href=\"https:\/\/up.lublin.pl\/weterynaria\/wp-content\/uploads\/sites\/3\/2021\/07\/Elektrokardiografia-weterynaryjna-.pdf\">Elektrokardiografia weterynaryjna<\/a><\/td>\n<\/tr>\n<tr style=\"height: 46px\">\n<td style=\"width: 50.9271%;height: 46px\" width=\"298\"><span style=\"font-family: arial, helvetica, sans-serif;font-size: 12px\"><strong>Radiologia kliniczna nag\u0142ych przypadk\u00f3w u\u00a0ma\u0142ych zwierz\u0105t<\/strong><\/span><\/td>\n<td style=\"width: 25.3742%;text-align: center;height: 46px\"><a href=\"https:\/\/up.lublin.pl\/weterynaria\/wp-content\/uploads\/sites\/3\/2021\/07\/Radiologia-kliniczna-naglych-przypadkow.pdf\">Radiologia kliniczna nag\u0142ych przypadk\u00f3w<\/a><\/td>\n<\/tr>\n<tr style=\"height: 46px\">\n<td style=\"width: 50.9271%;height: 46px\"><span style=\"font-family: arial, helvetica, sans-serif;font-size: 12px\"><strong>Badanie USG w\u00a0ostrych stanach klinicznych<\/strong><\/span><\/td>\n<td style=\"width: 25.3742%;text-align: center;height: 46px\"><a href=\"https:\/\/up.lublin.pl\/weterynaria\/wp-content\/uploads\/sites\/3\/2021\/07\/Badanie-USG-w-ostrych-stanach-klin.pdf\">Badanie USG w\u00a0ostrych stanach klin<\/a><\/td>\n<\/tr>\n<tr style=\"height: 46px\">\n<td style=\"width: 50.9271%;height: 46px\"><span style=\"font-family: arial, helvetica, sans-serif;font-size: 12px\"><strong>Tomografia komputerowa w\u00a0praktyce klinicznej<\/strong><\/span><\/td>\n<td style=\"width: 25.3742%;text-align: center;height: 46px\"><a href=\"https:\/\/up.lublin.pl\/weterynaria\/wp-content\/uploads\/sites\/3\/2021\/07\/Tomografia-komputerowa-w-praktyce-klin.pdf\">Tomografia komputerowa w\u00a0praktyce klin<\/a><\/td>\n<\/tr>\n<\/tbody>\n<\/table>\n                                                <\/div>\n                                            <\/li>\n                                        <\/ul>\n\t\t\t\t\t\t                                                        <ul class=\"mn-accordion\">\n                                            <li>\n                                                <h4 class=\"mn-accordion-title\">STUDENCI ROZPOCZYNAJ\u0104CY STUDIA W&nbsp;ROKU AKADEMICKIM 2020-2021<\/h4>\n                                                <div>\n\t\t\t\t\t\t\t\t\t                <p><strong>PRZEDMIOTY OBLIGATORYJNE<\/strong><\/p>\n<table style=\"width: 100%;height: 3178px\" border=\"3\" cellspacing=\"1\">\n<tbody>\n<tr style=\"height: 23px\">\n<td style=\"height: 23px;width: 98.4456%\" colspan=\"2\"><span style=\"font-size: 12px;font-family: arial, helvetica, sans-serif\"><strong>SEMESTR III<\/strong><\/span><\/td>\n<\/tr>\n<tr style=\"height: 40px\">\n<td style=\"height: 40px;width: 49.3955%\"><span style=\"font-size: 12px;font-family: arial, helvetica, sans-serif\"><strong>Anatomia zwierz\u0105t 3<\/strong><\/span><\/td>\n<td style=\"height: 40px;width: 49.0501%;text-align: center\"><a href=\"https:\/\/up.lublin.pl\/weterynaria\/wp-content\/uploads\/sites\/3\/2023\/10\/M_WE_SEM3-ANAT-3-2023-24.pdf\">M_WE_SEM3-ANAT-3-2023-24<\/a><\/td>\n<\/tr>\n<tr style=\"height: 40px\">\n<td style=\"height: 40px;width: 49.3955%\"><span style=\"font-size: 12px;font-family: arial, helvetica, sans-serif\"><strong>Biochemia 2<\/strong><\/span><\/td>\n<td style=\"height: 40px;width: 49.0501%;text-align: center\"><a href=\"https:\/\/up.lublin.pl\/weterynaria\/wp-content\/uploads\/sites\/3\/2021\/08\/Biochemia-2-1.pdf\">Biochemia 2<\/a><\/td>\n<\/tr>\n<tr style=\"height: 40px\">\n<td style=\"height: 40px;width: 49.3955%\"><span style=\"font-size: 12px;font-family: arial, helvetica, sans-serif\"><strong>Ch\u00f3w i&nbsp;hodowla zwierz\u0105t<\/strong><\/span><\/td>\n<td style=\"height: 40px;width: 49.0501%;text-align: center\"><a href=\"https:\/\/up.lublin.pl\/weterynaria\/wp-content\/uploads\/sites\/3\/2021\/08\/Chow-i-hodowla-zw-1.pdf\">Ch\u00f3w i&nbsp;hodowla zw<\/a><\/td>\n<\/tr>\n<tr style=\"height: 40px\">\n<td style=\"height: 40px;width: 49.3955%\"><span style=\"font-size: 12px;font-family: arial, helvetica, sans-serif\"><strong>Technologie w&nbsp;produkcji zwierz\u0119cej<\/strong><\/span><\/td>\n<td style=\"height: 40px;width: 49.0501%;text-align: center\"><a href=\"https:\/\/up.lublin.pl\/weterynaria\/wp-content\/uploads\/sites\/3\/2021\/07\/Technologie-w-produkcji-zwierzecej.pdf\">Technologie w&nbsp;produkcji zwierz\u0119cej<\/a><\/td>\n<\/tr>\n<tr style=\"height: 23px\">\n<td style=\"height: 23px;width: 49.3955%\"><span style=\"font-size: 12px;font-family: arial, helvetica, sans-serif\"><strong>Ekonomika weterynaryjna\u00a0<\/strong><\/span><\/td>\n<td style=\"height: 23px;width: 49.0501%;text-align: center\"><a href=\"https:\/\/up.lublin.pl\/weterynaria\/wp-content\/uploads\/sites\/3\/2021\/07\/Ekonomika-wet-20-21.pdf\">Ekonomika wet 20-21<\/a><\/td>\n<\/tr>\n<tr style=\"height: 40px\">\n<td style=\"height: 40px;width: 49.3955%\"><span style=\"font-size: 12px;font-family: arial, helvetica, sans-serif\"><strong>\u017bywienie zwierz\u0105t i&nbsp;paszoznawstwo<\/strong><\/span><\/td>\n<td style=\"height: 40px;width: 49.0501%;text-align: center\"><a href=\"https:\/\/up.lublin.pl\/weterynaria\/wp-content\/uploads\/sites\/3\/2021\/07\/Zywienie-zwierzat-i-paszoznawstwo.pdf\">\u017bywienie zwierz\u0105t i&nbsp;paszoznawstwo<\/a><\/td>\n<\/tr>\n<tr style=\"height: 46px\">\n<td style=\"height: 46px;width: 49.3955%\"><span style=\"font-size: 12px;font-family: arial, helvetica, sans-serif\"><strong>J\u0119zyk obcy 3 (angielski, niemiecki, francuski)<\/strong><\/span><\/td>\n<td style=\"height: 46px;width: 49.0501%;text-align: center\"><a href=\"https:\/\/up.lublin.pl\/weterynaria\/wp-content\/uploads\/sites\/3\/2021\/07\/Jezyk-obcy-3.pdf\">J\u0119zyk obcy 3<\/a><\/td>\n<\/tr>\n<tr style=\"height: 40px\">\n<td style=\"height: 40px;width: 49.3955%\"><span style=\"font-size: 12px;font-family: arial, helvetica, sans-serif\"><strong>Fizjologia zwierz\u0105t 1<\/strong><\/span><\/td>\n<td style=\"height: 40px;width: 49.0501%;text-align: center\"><a href=\"https:\/\/up.lublin.pl\/weterynaria\/wp-content\/uploads\/sites\/3\/2021\/08\/Fizjologia-zwierzat-1-1.pdf\">Fizjologia zwierz\u0105t 1<\/a><\/td>\n<\/tr>\n<tr style=\"height: 23px\">\n<td style=\"height: 23px;width: 98.4456%\" colspan=\"2\"><span style=\"font-size: 12px;font-family: arial, helvetica, sans-serif\"><strong>SEMESTR\u00a0 IV<\/strong><\/span><\/td>\n<\/tr>\n<tr style=\"height: 46px\">\n<td style=\"height: 46px;width: 49.3955%\" width=\"282\"><span style=\"font-size: 12px;font-family: arial, helvetica, sans-serif\"><strong>J\u0119zyk obcy 4 (angielski, niemiecki, francuski)\u00a0\u00a0\u00a0\u00a0\u00a0\u00a0\u00a0\u00a0\u00a0\u00a0<\/strong><\/span><\/td>\n<td style=\"height: 46px;width: 49.0501%;text-align: center\"><a href=\"https:\/\/up.lublin.pl\/weterynaria\/wp-content\/uploads\/sites\/3\/2021\/07\/Jezyk-obcy.pdf\">J\u0119zyk obcy<\/a><\/td>\n<\/tr>\n<tr style=\"height: 40px\">\n<td style=\"height: 40px;width: 49.3955%\"><span style=\"font-size: 12px;font-family: arial, helvetica, sans-serif\"><strong>Fizjologia zwierz\u0105t 2<\/strong><\/span><\/td>\n<td style=\"height: 40px;width: 49.0501%;text-align: center\"><a href=\"https:\/\/up.lublin.pl\/weterynaria\/wp-content\/uploads\/sites\/3\/2021\/08\/Fizjologia-zwierzat-2-1.pdf\">Fizjologia zwierz\u0105t 2<\/a><\/td>\n<\/tr>\n<tr style=\"height: 40px\">\n<td style=\"height: 40px;width: 49.3955%\"><span style=\"font-size: 12px;font-family: arial, helvetica, sans-serif\"><strong>Anatomia topograficzna<\/strong><\/span><\/td>\n<td style=\"height: 40px;width: 49.0501%;text-align: center\"><a href=\"https:\/\/up.lublin.pl\/weterynaria\/wp-content\/uploads\/sites\/3\/2021\/07\/Anatomia-topograficzna.pdf\">Anatomia topograficzna<\/a><\/td>\n<\/tr>\n<tr style=\"height: 40px\">\n<td style=\"height: 40px;width: 49.3955%\"><span style=\"font-size: 12px;font-family: arial, helvetica, sans-serif\"><strong>Immunologia<\/strong><\/span><\/td>\n<td style=\"height: 40px;width: 49.0501%;text-align: center\"><a href=\"https:\/\/up.lublin.pl\/weterynaria\/wp-content\/uploads\/sites\/3\/2021\/07\/Immunologia.pdf\">Immunologia<\/a><\/td>\n<\/tr>\n<tr style=\"height: 40px\">\n<td style=\"height: 40px;width: 49.3955%\"><span style=\"font-size: 12px;font-family: arial, helvetica, sans-serif\"><strong>Epidemiologia weterynaryjna<\/strong><\/span><\/td>\n<td style=\"height: 40px;width: 49.0501%;text-align: center\"><a href=\"https:\/\/up.lublin.pl\/weterynaria\/wp-content\/uploads\/sites\/3\/2021\/07\/Epidemiologia-weterynaryjna.pdf\">Epidemiologia weterynaryjna<\/a><\/td>\n<\/tr>\n<tr style=\"height: 40px\">\n<td style=\"height: 40px;width: 49.3955%\"><span style=\"font-size: 12px;font-family: arial, helvetica, sans-serif\"><strong>Etologia, dobrostan i&nbsp;ochrona zwierz\u0105t<\/strong><\/span><\/td>\n<td style=\"height: 40px;width: 49.0501%;text-align: center\"><a href=\"https:\/\/up.lublin.pl\/weterynaria\/wp-content\/uploads\/sites\/3\/2021\/07\/Etologia-i-dobrostan-zw.pdf\">Etologia i&nbsp;dobrostan zw<\/a><\/td>\n<\/tr>\n<tr style=\"height: 40px\">\n<td style=\"height: 40px;width: 49.3955%\"><span style=\"font-size: 12px;font-family: arial, helvetica, sans-serif\"><strong>Mikrobiologia 1<\/strong><\/span><\/td>\n<td style=\"height: 40px;width: 49.0501%;text-align: center\"><a href=\"https:\/\/up.lublin.pl\/weterynaria\/wp-content\/uploads\/sites\/3\/2021\/08\/Mikrobiologia-1-1.pdf\">Mikrobiologia 1<\/a><\/td>\n<\/tr>\n<tr style=\"height: 40px\">\n<td style=\"height: 40px;width: 49.3955%\"><span style=\"font-size: 12px;font-family: arial, helvetica, sans-serif\"><strong>Praktyka hodowlana<\/strong><\/span><\/td>\n<td style=\"height: 40px;width: 49.0501%;text-align: center\"><a href=\"https:\/\/up.lublin.pl\/weterynaria\/wp-content\/uploads\/sites\/3\/2021\/07\/Praktyka-hodowlana.pdf\">Praktyka hodowlana<\/a><\/td>\n<\/tr>\n<tr style=\"height: 23px\">\n<td style=\"height: 23px;width: 98.4456%\" colspan=\"2\"><span style=\"font-size: 12px;font-family: arial, helvetica, sans-serif\"><strong>SEMESTR\u00a0 V<\/strong><\/span><\/td>\n<\/tr>\n<tr style=\"height: 46px\">\n<td style=\"height: 46px;width: 49.3955%\" width=\"282\"><span style=\"font-size: 12px;font-family: arial, helvetica, sans-serif\"><strong>Mikrobiologia 2\u00a0 \u00a0 \u00a0 \u00a0 \u00a0 \u00a0 \u00a0 \u00a0 \u00a0 \u00a0 \u00a0 \u00a0 \u00a0 \u00a0 \u00a0 \u00a0 \u00a0 \u00a0 \u00a0 \u00a0 \u00a0 \u00a0 \u00a0 \u00a0 \u00a0 \u00a0 \u00a0 \u00a0 \u00a0\u00a0<\/strong><\/span><\/td>\n<td style=\"height: 46px;width: 49.0501%;text-align: center\"><a href=\"https:\/\/up.lublin.pl\/weterynaria\/wp-content\/uploads\/sites\/3\/2021\/08\/mikrobiologia-2.pdf\">mikrobiologia 2<\/a><\/td>\n<\/tr>\n<tr style=\"height: 40px\">\n<td style=\"height: 40px;width: 49.3955%\"><span style=\"font-size: 12px;font-family: arial, helvetica, sans-serif\"><strong>Farmacja<\/strong><\/span><\/td>\n<td style=\"height: 40px;width: 49.0501%;text-align: center\"><a href=\"https:\/\/up.lublin.pl\/weterynaria\/wp-content\/uploads\/sites\/3\/2021\/07\/Farmacja.pdf\">Farmacja<\/a><\/td>\n<\/tr>\n<tr style=\"height: 46px\">\n<td style=\"height: 46px;width: 49.3955%\"><span style=\"font-size: 12px;font-family: arial, helvetica, sans-serif\"><strong>Ochrona zdrowia publicznego w&nbsp;stanach zagro\u017ce\u0144<\/strong><\/span><\/td>\n<td style=\"height: 46px;width: 49.0501%;text-align: center\"><a href=\"https:\/\/up.lublin.pl\/weterynaria\/wp-content\/uploads\/sites\/3\/2021\/07\/Ochrona-zdr-publicznego.pdf\">Ochrona zdr publicznego<\/a><\/td>\n<\/tr>\n<tr style=\"height: 40px\">\n<td style=\"width: 49.3955%;height: 40px\">Patofizjologia 1<span style=\"font-size: 12px;font-family: arial, helvetica, sans-serif\"><strong><br \/><\/strong><\/span><\/td>\n<td style=\"width: 49.0501%;text-align: center;height: 40px\"><a href=\"https:\/\/up.lublin.pl\/weterynaria\/wp-content\/uploads\/sites\/3\/2021\/08\/patofizjologia-1.pdf\">patofizjologia 1<\/a><\/td>\n<\/tr>\n<tr style=\"height: 40px\">\n<td style=\"height: 40px;width: 49.3955%\"><span style=\"font-size: 12px;font-family: arial, helvetica, sans-serif\"><strong>Diagnostyka kliniczna i&nbsp;laboratoryjna 1<\/strong><\/span><\/td>\n<td style=\"height: 40px;width: 49.0501%;text-align: center\"><a href=\"https:\/\/up.lublin.pl\/weterynaria\/wp-content\/uploads\/sites\/3\/2021\/08\/diagnostyka-klin-i-lab-1.pdf\">diagnostyka klin i&nbsp;lab 1<\/a><\/td>\n<\/tr>\n<tr style=\"height: 40px\">\n<td style=\"height: 40px;width: 49.3955%\"><span style=\"font-size: 12px;font-family: arial, helvetica, sans-serif\"><strong>Farmakologia weterynaryjna 1<\/strong><\/span><\/td>\n<td style=\"height: 40px;width: 49.0501%;text-align: center\">farmakologia wet 1<\/td>\n<\/tr>\n<tr style=\"height: 23px\">\n<td style=\"height: 23px;width: 98.4456%\" colspan=\"2\"><span style=\"font-size: 12px;font-family: arial, helvetica, sans-serif\"><strong>SEMESTR VI\u00a0<\/strong><\/span><\/td>\n<\/tr>\n<tr style=\"height: 40px\">\n<td style=\"height: 40px;width: 49.3955%\" width=\"282\"><span style=\"font-size: 12px;font-family: arial, helvetica, sans-serif\"><strong>Patofizjologia 2<\/strong><\/span><\/td>\n<td style=\"height: 40px;width: 49.0501%;text-align: center\"><a href=\"https:\/\/up.lublin.pl\/weterynaria\/wp-content\/uploads\/sites\/3\/2021\/08\/Patofizjologia-2.pdf\">Patofizjologia 2<\/a><\/td>\n<\/tr>\n<tr style=\"height: 40px\">\n<td style=\"height: 40px;width: 49.3955%\"><span style=\"font-size: 12px;font-family: arial, helvetica, sans-serif\"><strong>Diagnostyka kliniczna i&nbsp;laboratoryjna 2<\/strong><\/span><\/td>\n<td style=\"height: 40px;width: 49.0501%;text-align: center\"><a href=\"https:\/\/up.lublin.pl\/weterynaria\/wp-content\/uploads\/sites\/3\/2021\/08\/diagnostyka-kliniczna-i-lab-2.pdf\">diagnostyka kliniczna i&nbsp;lab 2<\/a><\/td>\n<\/tr>\n<tr style=\"height: 40px\">\n<td style=\"height: 40px;width: 49.3955%\"><span style=\"font-size: 12px;font-family: arial, helvetica, sans-serif\"><strong>Farmakologia weterynaryjna 2<\/strong><\/span><\/td>\n<td style=\"height: 40px;width: 49.0501%;text-align: center\"><a href=\"https:\/\/up.lublin.pl\/weterynaria\/wp-content\/uploads\/sites\/3\/2021\/08\/farmakologia-wet-2.pdf\">farmakologia wet 2<\/a><\/td>\n<\/tr>\n<tr style=\"height: 40px\">\n<td style=\"height: 40px;width: 49.3955%\"><span style=\"font-size: 12px;font-family: arial, helvetica, sans-serif\"><strong>Choroby owad\u00f3w u\u017cytkowych<\/strong><\/span><\/td>\n<td style=\"height: 40px;width: 49.0501%;text-align: center\"><a href=\"https:\/\/up.lublin.pl\/weterynaria\/wp-content\/uploads\/sites\/3\/2021\/08\/choroby-owadow-uzytkowych.pdf\">choroby owad\u00f3w u\u017cytkowych<\/a><\/td>\n<\/tr>\n<tr style=\"height: 40px\">\n<td style=\"height: 40px;width: 49.3955%\"><span style=\"font-size: 12px;font-family: arial, helvetica, sans-serif\"><strong>Chirurgia og\u00f3lna i&nbsp;anestezjologia<\/strong><\/span><\/td>\n<td style=\"height: 40px;width: 49.0501%;text-align: center\"><a href=\"https:\/\/up.lublin.pl\/weterynaria\/wp-content\/uploads\/sites\/3\/2021\/08\/chirurgia-i-anestezjologia.pdf\">chirurgia i&nbsp;anestezjologia<\/a><\/td>\n<\/tr>\n<tr style=\"height: 40px\">\n<td style=\"height: 40px;width: 49.3955%\"><span style=\"font-size: 12px;font-family: arial, helvetica, sans-serif\"><strong>Higiena \u015brodk\u00f3w \u017cywienia zwierz\u0105t<\/strong><\/span><\/td>\n<td style=\"height: 40px;width: 49.0501%;text-align: center\"><a href=\"https:\/\/up.lublin.pl\/weterynaria\/wp-content\/uploads\/sites\/3\/2021\/08\/higiena-srodkow-zywienia-zwierzat.pdf\">higiena \u015brodk\u00f3w \u017cywienia zwierz\u0105t<\/a><\/td>\n<\/tr>\n<tr style=\"height: 46px\">\n<td style=\"height: 46px;width: 49.3955%\"><span style=\"font-size: 12px;font-family: arial, helvetica, sans-serif\"><strong>Parazytologia i&nbsp;inwazjologia weterynaryjna 1<\/strong><\/span><\/td>\n<td style=\"height: 46px;width: 49.0501%;text-align: center\"><a href=\"https:\/\/up.lublin.pl\/weterynaria\/wp-content\/uploads\/sites\/3\/2021\/08\/parazytologia-i-inw-1.pdf\">parazytologia i&nbsp;inw 1<\/a><\/td>\n<\/tr>\n<tr style=\"height: 40px\">\n<td style=\"height: 40px;width: 49.3955%\"><span style=\"font-size: 12px;font-family: arial, helvetica, sans-serif\"><strong>Patomorfologia 1<\/strong><\/span><\/td>\n<td style=\"height: 40px;width: 49.0501%;text-align: center\"><a href=\"https:\/\/up.lublin.pl\/weterynaria\/wp-content\/uploads\/sites\/3\/2021\/08\/patomoroflogia-1.pdf\">patomoroflogia 1<\/a><\/td>\n<\/tr>\n<tr style=\"height: 23px\">\n<td style=\"height: 23px;width: 98.4456%\" colspan=\"2\"><span style=\"font-size: 12px;font-family: arial, helvetica, sans-serif\"><strong>SEMESTR\u00a0 VII<\/strong><\/span><\/td>\n<\/tr>\n<tr style=\"height: 46px\">\n<td style=\"height: 46px;width: 49.3955%\" width=\"282\"><span style=\"font-size: 12px;font-family: arial, helvetica, sans-serif\"><strong>Parazytologia i&nbsp;inwazjologia weterynaryjna 2<\/strong><\/span><\/td>\n<td style=\"height: 46px;width: 49.0501%;text-align: center\"><a href=\"https:\/\/up.lublin.pl\/weterynaria\/wp-content\/uploads\/sites\/3\/2021\/08\/parazytologia-2.pdf\">parazytologia 2<\/a><\/td>\n<\/tr>\n<tr style=\"height: 40px\">\n<td style=\"height: 40px;width: 49.3955%\"><span style=\"font-size: 12px;font-family: arial, helvetica, sans-serif\"><strong>Parazytologia sta\u017c<\/strong><\/span><\/td>\n<td style=\"height: 40px;width: 49.0501%;text-align: center\"><a href=\"https:\/\/up.lublin.pl\/weterynaria\/wp-content\/uploads\/sites\/3\/2021\/07\/Parazytologia-staz.pdf\">Parazytologia sta\u017c<\/a><\/td>\n<\/tr>\n<tr style=\"height: 40px\">\n<td style=\"height: 40px;width: 49.3955%\"><span style=\"font-size: 12px;font-family: arial, helvetica, sans-serif\"><strong>Higiena mleka<\/strong><\/span><\/td>\n<td style=\"height: 40px;width: 49.0501%;text-align: center\"><a href=\"https:\/\/up.lublin.pl\/weterynaria\/wp-content\/uploads\/sites\/3\/2021\/08\/M_WE_SEM7-HGM-1.pdf\">M_WE_SEM7 HGM<\/a><\/td>\n<\/tr>\n<tr style=\"height: 40px\">\n<td style=\"height: 40px;width: 49.3955%\"><span style=\"font-size: 12px;font-family: arial, helvetica, sans-serif\"><strong>Diagnostyka obrazowa<\/strong><\/span><\/td>\n<td style=\"height: 40px;width: 49.0501%;text-align: center\"><a href=\"https:\/\/up.lublin.pl\/weterynaria\/wp-content\/uploads\/sites\/3\/2021\/07\/Diagnostyka-obrazowa.pdf\">Diagnostyka obrazowa<\/a><\/td>\n<\/tr>\n<tr style=\"height: 40px\">\n<td style=\"height: 40px;width: 49.3955%\"><span style=\"font-size: 12px;font-family: arial, helvetica, sans-serif\"><strong>Toksykologia<\/strong><\/span><\/td>\n<td style=\"height: 40px;width: 49.0501%;text-align: center\"><a href=\"https:\/\/up.lublin.pl\/weterynaria\/wp-content\/uploads\/sites\/3\/2021\/08\/toksykologia-wet..pdf\">toksykologia wet.<\/a><\/td>\n<\/tr>\n<tr style=\"height: 40px\">\n<td style=\"height: 40px;width: 49.3955%\"><span style=\"font-size: 12px;font-family: arial, helvetica, sans-serif\"><strong>Zoonozy<\/strong><\/span><\/td>\n<td style=\"height: 40px;width: 49.0501%;text-align: center\"><a href=\"https:\/\/up.lublin.pl\/weterynaria\/wp-content\/uploads\/sites\/3\/2021\/07\/Zoonozy.pdf\">Zoonozy<\/a><\/td>\n<\/tr>\n<tr style=\"height: 40px\">\n<td style=\"height: 40px;width: 49.3955%\"><span style=\"font-size: 12px;font-family: arial, helvetica, sans-serif\"><strong>Patomorfologia 2<\/strong><\/span><\/td>\n<td style=\"height: 40px;width: 49.0501%;text-align: center\"><a href=\"https:\/\/up.lublin.pl\/weterynaria\/wp-content\/uploads\/sites\/3\/2021\/08\/patomorfologia-2.pdf\">patomorfologia 2<\/a><\/td>\n<\/tr>\n<tr style=\"height: 40px\">\n<td style=\"height: 40px;width: 49.3955%\"><span style=\"font-size: 12px;font-family: arial, helvetica, sans-serif\"><strong>Higiena zwierz\u0105t rze\u017anych i&nbsp;mi\u0119sa 1<\/strong><\/span><\/td>\n<td style=\"height: 40px;width: 49.0501%;text-align: center\"><a href=\"https:\/\/up.lublin.pl\/weterynaria\/wp-content\/uploads\/sites\/3\/2021\/07\/Higiena-zw-rzeznych-i-miesa-1.pdf\">Higiena zw rze\u017anych i&nbsp;mi\u0119sa 1<\/a><\/td>\n<\/tr>\n<tr style=\"height: 40px\">\n<td style=\"height: 40px;width: 49.3955%\"><span style=\"font-size: 12px;font-family: arial, helvetica, sans-serif\"><strong>Choroby koni &#8211; blok 1<\/strong><\/span><\/td>\n<td style=\"height: 40px;width: 49.0501%;text-align: center\"><a href=\"https:\/\/up.lublin.pl\/weterynaria\/wp-content\/uploads\/sites\/3\/2021\/08\/choroby-koni-1-1.pdf\">choroby koni 1<\/a><\/td>\n<\/tr>\n<tr style=\"height: 40px\">\n<td style=\"height: 40px;width: 49.3955%\"><span style=\"font-size: 12px;font-family: arial, helvetica, sans-serif\"><strong> Choroby p\u0142az\u00f3w i&nbsp;gad\u00f3w<\/strong><\/span><\/td>\n<td style=\"height: 40px;width: 49.0501%;text-align: center\"><a href=\"https:\/\/up.lublin.pl\/weterynaria\/wp-content\/uploads\/sites\/3\/2021\/08\/choroby-plazow-i-gadow-1.pdf\">choroby p\u0142az\u00f3w i&nbsp;gad\u00f3w<\/a><\/td>\n<\/tr>\n<tr style=\"height: 23px\">\n<td style=\"height: 23px;width: 98.4456%\" colspan=\"2\"><span style=\"font-size: 12px;font-family: arial, helvetica, sans-serif\"><strong>SEMESTR VIII<\/strong><\/span><\/td>\n<\/tr>\n<tr style=\"height: 40px\">\n<td style=\"height: 40px;width: 49.3955%\" width=\"282\"><span style=\"font-size: 12px;font-family: arial, helvetica, sans-serif\"><strong>Patomorfologia 3<\/strong><\/span><\/td>\n<td style=\"height: 40px;width: 49.0501%;text-align: center\"><a href=\"https:\/\/up.lublin.pl\/weterynaria\/wp-content\/uploads\/sites\/3\/2021\/08\/patomorfologia-3.pdf\">patomorfologia 3<\/a><\/td>\n<\/tr>\n<tr style=\"height: 40px\">\n<td style=\"height: 40px;width: 49.3955%\"><span style=\"font-size: 12px;font-family: arial, helvetica, sans-serif\"><strong>Higiena zwierz\u0105t rze\u017anych i&nbsp;mi\u0119sa 2<\/strong><\/span><\/td>\n<td style=\"height: 40px;width: 49.0501%;text-align: center\"><a href=\"https:\/\/up.lublin.pl\/weterynaria\/wp-content\/uploads\/sites\/3\/2021\/08\/higiena-zw.-rzeznych-i-miesa-2-1.pdf\">higiena zw. rze\u017anych i&nbsp;mi\u0119sa 2<\/a><\/td>\n<\/tr>\n<tr style=\"height: 40px\">\n<td style=\"height: 40px;width: 49.3955%\"><span style=\"font-size: 12px;font-family: arial, helvetica, sans-serif\"><strong>Choroby ryb<\/strong><\/span><\/td>\n<td style=\"height: 40px;width: 49.0501%;text-align: center\"><a href=\"https:\/\/up.lublin.pl\/weterynaria\/wp-content\/uploads\/sites\/3\/2021\/07\/Choroby-ryb.pdf\">Choroby ryb<\/a><\/td>\n<\/tr>\n<tr style=\"height: 40px\">\n<td style=\"height: 40px;width: 49.3955%\"><span style=\"font-size: 12px;font-family: arial, helvetica, sans-serif\"><strong>Choroby zwierz\u0105t futerkowych<\/strong><\/span><\/td>\n<td style=\"height: 40px;width: 49.0501%;text-align: center\"><a href=\"https:\/\/up.lublin.pl\/weterynaria\/wp-content\/uploads\/sites\/3\/2021\/08\/choroby-zw.-futerkowych-1.pdf\">choroby zw. futerkowych<\/a><\/td>\n<\/tr>\n<tr style=\"height: 40px\">\n<td style=\"height: 40px;width: 49.3955%\"><span style=\"font-size: 12px;font-family: arial, helvetica, sans-serif\"><strong>Choroby koni &#8211; blok 2<\/strong><\/span><\/td>\n<td style=\"height: 40px;width: 49.0501%;text-align: center\"><a href=\"https:\/\/up.lublin.pl\/weterynaria\/wp-content\/uploads\/sites\/3\/2021\/08\/choroby-koni-2-1.pdf\">choroby koni 2<\/a><\/td>\n<\/tr>\n<tr style=\"height: 46px\">\n<td style=\"height: 46px;width: 49.3955%\"><span style=\"font-size: 12px;font-family: arial, helvetica, sans-serif\"><strong>Choroby zwierz\u0105t gospodarskich &#8211; blok 1<\/strong><\/span><\/td>\n<td style=\"height: 46px;width: 49.0501%;text-align: center\"><a href=\"https:\/\/up.lublin.pl\/weterynaria\/wp-content\/uploads\/sites\/3\/2021\/08\/choroby-zw.-gospodarskich-1.pdf\">choroby zw. gospodarskich 1<\/a><\/td>\n<\/tr>\n<tr style=\"height: 40px\">\n<td style=\"height: 40px;width: 49.3955%\"><span style=\"font-size: 12px;font-family: arial, helvetica, sans-serif\"><strong>Praktyka kliniczna 1<\/strong><\/span><\/td>\n<td style=\"height: 40px;width: 49.0501%;text-align: center\"><a href=\"https:\/\/up.lublin.pl\/weterynaria\/wp-content\/uploads\/sites\/3\/2021\/08\/praktyka-kliniczna-1.pdf\">praktyka kliniczna 1<\/a><\/td>\n<\/tr>\n<tr style=\"height: 40px\">\n<td style=\"height: 40px;width: 49.3955%\"><span style=\"font-size: 12px;font-family: arial, helvetica, sans-serif\"><strong>Praktyka w&nbsp;Inspekcji Weterynaryjnej 1<\/strong><\/span><\/td>\n<td style=\"height: 40px;width: 49.0501%;text-align: center\"><a href=\"https:\/\/up.lublin.pl\/weterynaria\/wp-content\/uploads\/sites\/3\/2021\/08\/praktyka-w-inspekcji-1.pdf\">praktyka w&nbsp;inspekcji 1<\/a><\/td>\n<\/tr>\n<tr style=\"height: 23px\">\n<td style=\"height: 23px;width: 98.4456%\" colspan=\"2\"><span style=\"font-size: 12px;font-family: arial, helvetica, sans-serif\"><strong>SEMESTR\u00a0 IX<\/strong><\/span><\/td>\n<\/tr>\n<tr style=\"height: 46px\">\n<td style=\"height: 46px;width: 49.3955%\" width=\"282\"><span style=\"font-size: 12px;font-family: arial, helvetica, sans-serif\"><strong>Choroby zwierz\u0105t gospodarskich &#8211; blok 2<\/strong><\/span><\/td>\n<td style=\"height: 46px;width: 49.0501%;text-align: center\"><a href=\"https:\/\/up.lublin.pl\/weterynaria\/wp-content\/uploads\/sites\/3\/2021\/08\/choroby-zw.-gospodarskich-2-1.pdf\">choroby zw. gospodarskich 2<\/a><\/td>\n<\/tr>\n<tr style=\"height: 40px\">\n<td style=\"height: 40px;width: 49.3955%\"><span style=\"font-size: 12px;font-family: arial, helvetica, sans-serif\"><strong>Dietetyka weterynaryjna<\/strong><\/span><\/td>\n<td style=\"height: 40px;width: 49.0501%;text-align: center\"><a href=\"https:\/\/up.lublin.pl\/weterynaria\/wp-content\/uploads\/sites\/3\/2021\/08\/dietetyka-1.pdf\">dietetyka<\/a><\/td>\n<\/tr>\n<tr style=\"height: 40px\">\n<td style=\"height: 40px;width: 49.3955%\"><span style=\"font-size: 12px;font-family: arial, helvetica, sans-serif\"><strong>Choroby ptak\u00f3w 1<\/strong><\/span><\/td>\n<td style=\"height: 40px;width: 49.0501%;text-align: center\"><a href=\"https:\/\/up.lublin.pl\/weterynaria\/wp-content\/uploads\/sites\/3\/2021\/08\/choroby-ptakow-1-1.pdf\">choroby ptak\u00f3w 1<\/a><\/td>\n<\/tr>\n<tr style=\"height: 40px\">\n<td style=\"height: 40px;width: 49.3955%\"><span style=\"font-size: 12px;font-family: arial, helvetica, sans-serif\"><strong>Andrologia i&nbsp;unasiennianie<\/strong><\/span><\/td>\n<td style=\"height: 40px;width: 49.0501%;text-align: center\"><a href=\"https:\/\/up.lublin.pl\/weterynaria\/wp-content\/uploads\/sites\/3\/2021\/08\/andrologia-1.pdf\">andrologia<\/a><\/td>\n<\/tr>\n<tr style=\"height: 40px\">\n<td style=\"height: 40px;width: 49.3955%\"><span style=\"font-size: 12px;font-family: arial, helvetica, sans-serif\"><strong>Prewencja weterynaryjna 1<\/strong><\/span><\/td>\n<td style=\"height: 40px;width: 49.0501%;text-align: center\"><a href=\"https:\/\/up.lublin.pl\/weterynaria\/wp-content\/uploads\/sites\/3\/2021\/07\/Prewencja-weterynaryjna-1.pdf\">Prewencja weterynaryjna 1<\/a><\/td>\n<\/tr>\n<tr style=\"height: 23px\">\n<td style=\"height: 23px;width: 49.3955%\"><span style=\"font-size: 12px;font-family: arial, helvetica, sans-serif\"><strong>Choroby ps\u00f3w i&nbsp;kot\u00f3w &#8211; blok 1<\/strong><\/span><\/td>\n<td style=\"height: 23px;width: 49.0501%;text-align: center\">\u00a0<\/td>\n<\/tr>\n<tr style=\"height: 46px\">\n<td style=\"height: 46px;width: 49.3955%\"><span style=\"font-size: 12px;font-family: arial, helvetica, sans-serif\"><strong>Higiena produkt\u00f3w pochodzenia zwierz\u0119cego 1<\/strong><\/span><\/td>\n<td style=\"height: 46px;width: 49.0501%;text-align: center\"><a href=\"https:\/\/up.lublin.pl\/weterynaria\/wp-content\/uploads\/sites\/3\/2021\/08\/M_WE_SEM9-HPPZ-1-1.pdf\">M_WE_SEM9 HPPZ 1<\/a><\/td>\n<\/tr>\n<tr style=\"height: 40px\">\n<td style=\"height: 40px;width: 49.3955%\"><span style=\"font-size: 12px;font-family: arial, helvetica, sans-serif\"><strong>Weterynaria s\u0105dowa<\/strong><\/span><\/td>\n<td style=\"height: 40px;width: 49.0501%;text-align: center\"><a href=\"https:\/\/up.lublin.pl\/weterynaria\/wp-content\/uploads\/sites\/3\/2021\/08\/weterynaria-sadowa-1.pdf\">weterynaria s\u0105dowa<\/a><\/td>\n<\/tr>\n<tr style=\"height: 23px\">\n<td style=\"height: 23px;width: 98.4456%\" colspan=\"2\"><span style=\"font-size: 12px;font-family: arial, helvetica, sans-serif\"><strong>SEMESTR X<\/strong><\/span><\/td>\n<\/tr>\n<tr style=\"height: 40px\">\n<td style=\"height: 40px;width: 49.3955%\" width=\"282\"><span style=\"font-size: 12px;font-family: arial, helvetica, sans-serif\"><strong>Prewencja weterynaryjna 2<\/strong><\/span><\/td>\n<td style=\"height: 40px;width: 49.0501%;text-align: center\"><a href=\"https:\/\/up.lublin.pl\/weterynaria\/wp-content\/uploads\/sites\/3\/2021\/08\/prewencja-wet.-2.pdf\">prewencja wet. 2<\/a><\/td>\n<\/tr>\n<tr style=\"height: 23px\">\n<td style=\"height: 23px;width: 49.3955%\"><span style=\"font-size: 12px;font-family: arial, helvetica, sans-serif\"><strong>Choroby ps\u00f3w i&nbsp;kot\u00f3w &#8211; blok 2<\/strong><\/span><\/td>\n<td style=\"height: 23px;width: 49.0501%;text-align: center\">\u00a0<\/td>\n<\/tr>\n<tr style=\"height: 46px\">\n<td style=\"height: 46px;width: 49.3955%\"><span style=\"font-size: 12px;font-family: arial, helvetica, sans-serif\"><strong>Higiena produkt\u00f3w pochodzenia zwierz\u0119cego 2<\/strong><\/span><\/td>\n<td style=\"height: 46px;width: 49.0501%;text-align: center\"><a href=\"https:\/\/up.lublin.pl\/weterynaria\/wp-content\/uploads\/sites\/3\/2021\/08\/M_WE_SEM10-HPPZ-2-1.pdf\">M_WE_SEM10 HPPZ 2<\/a><\/td>\n<\/tr>\n<tr style=\"height: 40px\">\n<td style=\"height: 40px;width: 49.3955%\"><span style=\"font-size: 12px;font-family: arial, helvetica, sans-serif\"><strong>Choroby ptak\u00f3w 2<\/strong><\/span><\/td>\n<td style=\"height: 40px;width: 49.0501%;text-align: center\"><a href=\"https:\/\/up.lublin.pl\/weterynaria\/wp-content\/uploads\/sites\/3\/2021\/08\/choroby-ptakow-2-1.pdf\">choroby ptak\u00f3w 2<\/a><\/td>\n<\/tr>\n<tr style=\"height: 46px\">\n<td style=\"height: 46px;width: 49.3955%\"><span style=\"font-size: 12px;font-family: arial, helvetica, sans-serif\"><strong>Choroby zwierz\u0105t gospodarskich &#8211; sta\u017c 1<\/strong><\/span><\/td>\n<td style=\"height: 46px;width: 49.0501%;text-align: center\"><a href=\"https:\/\/up.lublin.pl\/weterynaria\/wp-content\/uploads\/sites\/3\/2021\/08\/choroby-zw.-gospodarskich-staz-1.pdf\">choroby zw. gospodarskich &#8211; sta\u017c 1<\/a><\/td>\n<\/tr>\n<tr style=\"height: 40px\">\n<td style=\"height: 40px;width: 49.3955%\"><span style=\"font-size: 12px;font-family: arial, helvetica, sans-serif\"><strong>Choroby koni &#8211; sta\u017c 1<\/strong><\/span><\/td>\n<td style=\"height: 40px;width: 49.0501%;text-align: center\"><a href=\"https:\/\/up.lublin.pl\/weterynaria\/wp-content\/uploads\/sites\/3\/2021\/08\/choroby-koni-staz-1.pdf\">choroby koni &#8211; sta\u017c 1<\/a><\/td>\n<\/tr>\n<tr style=\"height: 23px\">\n<td style=\"height: 23px;width: 49.3955%\"><span style=\"font-size: 12px;font-family: arial, helvetica, sans-serif\"><strong>Choroby ps\u00f3w i&nbsp;kot\u00f3w &#8211; sta\u017c 1<\/strong><\/span><\/td>\n<td style=\"height: 23px;width: 49.0501%;text-align: center\">\u00a0<\/td>\n<\/tr>\n<tr style=\"height: 40px\">\n<td style=\"height: 40px;width: 49.3955%\"><span style=\"font-size: 12px;font-family: arial, helvetica, sans-serif\"><strong>Praktyka w&nbsp;Inspekcji Weterynaryjnej 2<\/strong><\/span><\/td>\n<td style=\"height: 40px;width: 49.0501%;text-align: center\"><a href=\"https:\/\/up.lublin.pl\/weterynaria\/wp-content\/uploads\/sites\/3\/2021\/08\/praktyka-w-inspekcji-wet.-2.pdf\">praktyka w&nbsp;inspekcji wet. 2<\/a><\/td>\n<\/tr>\n<tr style=\"height: 40px\">\n<td style=\"height: 40px;width: 49.3955%\"><span style=\"font-size: 12px;font-family: arial, helvetica, sans-serif\"><strong>Praktyka kliniczna 2<\/strong><\/span><\/td>\n<td style=\"height: 40px;width: 49.0501%;text-align: center\"><a href=\"https:\/\/up.lublin.pl\/weterynaria\/wp-content\/uploads\/sites\/3\/2021\/08\/praktyka-kliniczna-2.pdf\">praktyka kliniczna 2<\/a><\/td>\n<\/tr>\n<tr style=\"height: 23px\">\n<td style=\"height: 23px;width: 98.4456%\" colspan=\"2\"><span style=\"font-size: 12px;font-family: arial, helvetica, sans-serif\"><strong>SEMESTR XI<\/strong><\/span><\/td>\n<\/tr>\n<tr style=\"height: 46px\">\n<td style=\"height: 46px;width: 49.3955%\"><span style=\"font-size: 12px;font-family: arial, helvetica, sans-serif\"><strong>Administracja i&nbsp;ustawodawstwo weterynaryjne<\/strong><\/span><\/td>\n<td style=\"height: 46px;width: 49.0501%;text-align: center\"><a href=\"https:\/\/up.lublin.pl\/weterynaria\/wp-content\/uploads\/sites\/3\/2021\/08\/administracja-i-ustawodawstwo-wet.-1.pdf\">administracja i&nbsp;ustawodawstwo wet.<\/a><\/td>\n<\/tr>\n<tr style=\"height: 46px\">\n<td style=\"height: 46px;width: 49.3955%\"><span style=\"font-size: 12px;font-family: arial, helvetica, sans-serif\"><strong>Choroby zwierz\u0105t nieudomowionych krajowych i&nbsp;egzotycznych<\/strong><\/span><\/td>\n<td style=\"height: 46px;width: 49.0501%;text-align: center\"><a href=\"https:\/\/up.lublin.pl\/weterynaria\/wp-content\/uploads\/sites\/3\/2021\/08\/choroby-zw.-nieudomowionych-krajowych-i-egzotycznych.pdf\">choroby zw. nieudomowionych krajowych i&nbsp;egzotycznych<\/a><\/td>\n<\/tr>\n<tr style=\"height: 132px\">\n<td style=\"width: 49.3955%;height: 132px\">Ma\u0142e ssaki jako zwierz\u0119ta towarzysz\u0105ce \u2013 patologia i&nbsp;terapia<span style=\"font-size: 12px;font-family: arial, helvetica, sans-serif\"><strong><br \/><\/strong><\/span><\/td>\n<td style=\"width: 49.0501%;text-align: center;height: 132px\"><a href=\"https:\/\/up.lublin.pl\/weterynaria\/wp-content\/uploads\/sites\/3\/2021\/08\/male-ssaki-jako-zw.-towarzyszace-patologia-i-terapia.pdf\">ma\u0142e ssaki jako zw. towarzysz\u0105ce &#8211; patologia i&nbsp;terapia<\/a><\/td>\n<\/tr>\n<tr style=\"height: 46px\">\n<td style=\"height: 46px;width: 49.3955%\" width=\"282\"><span style=\"font-size: 12px;font-family: arial, helvetica, sans-serif\"><strong>Choroby zwierz\u0105t gospodarskich &#8211; sta\u017c 2<\/strong><\/span><\/td>\n<td style=\"height: 46px;width: 49.0501%;text-align: center\"><a href=\"https:\/\/up.lublin.pl\/weterynaria\/wp-content\/uploads\/sites\/3\/2021\/08\/chproby-zw.-gospodarskich-staz-2.pdf\">chproby zw. gospodarskich &#8211; sta<\/a><\/td>\n<\/tr>\n<tr style=\"height: 40px\">\n<td style=\"height: 40px;width: 49.3955%\"><span style=\"font-size: 12px;font-family: arial, helvetica, sans-serif\"><strong>Choroby koni &#8211; sta\u017c 2<\/strong><\/span><\/td>\n<td style=\"height: 40px;width: 49.0501%;text-align: center\"><a href=\"https:\/\/up.lublin.pl\/weterynaria\/wp-content\/uploads\/sites\/3\/2021\/08\/choroby-koni-staz-2.pdf\">choroby koni &#8211; sta\u017c 2<\/a><\/td>\n<\/tr>\n<tr style=\"height: 23px\">\n<td style=\"height: 23px;width: 49.3955%\"><span style=\"font-size: 12px;font-family: arial, helvetica, sans-serif\"><strong>Choroby ps\u00f3w i&nbsp;kot\u00f3w &#8211; sta\u017c 2<\/strong><\/span><\/td>\n<td style=\"height: 23px;width: 49.0501%;text-align: center\">\u00a0<\/td>\n<\/tr>\n<tr style=\"height: 40px\">\n<td style=\"height: 40px;width: 49.3955%\"><span style=\"font-size: 12px;font-family: arial, helvetica, sans-serif\"><strong>Choroby ptak\u00f3w &#8211; sta\u017c\u00a0<\/strong><\/span><\/td>\n<td style=\"height: 40px;width: 49.0501%;text-align: center\"><a href=\"https:\/\/up.lublin.pl\/weterynaria\/wp-content\/uploads\/sites\/3\/2021\/08\/choroby-ptakow-staz.pdf\">choroby ptak\u00f3w &#8211; sta\u017c<\/a><\/td>\n<\/tr>\n<\/tbody>\n<\/table>\n<p><strong>PRZEDMIOTY DO WYBORU<\/strong><\/p>\n<table style=\"width: 100%;height: 2330px\" border=\"3\" cellspacing=\"0\">\n<tbody>\n<tr style=\"height: 23px\">\n<td style=\"width: 98.5401%;height: 23px\" colspan=\"3\"><span style=\"font-family: arial, helvetica, sans-serif;font-size: 12px\"><strong>SEMESTR\u00a0 II\u00a0<\/strong><\/span><\/td>\n<\/tr>\n<tr style=\"height: 23px\">\n<td style=\"width: 24.5742%;height: 138px\" rowspan=\"6\"><span style=\"font-family: arial, helvetica, sans-serif;font-size: 12px\"><strong>PRZEDMIOT DO WYBORU &#8211; BLOK\u00a0 A<\/strong><\/span><\/td>\n<td style=\"width: 51.3382%;height: 23px\"><span style=\"font-family: arial, helvetica, sans-serif;font-size: 12px\"><strong>Behawioryzm zwierz\u0105t<\/strong><\/span><\/td>\n<td style=\"width: 22.6277%;height: 23px;text-align: center\"><a href=\"https:\/\/up.lublin.pl\/weterynaria\/wp-content\/uploads\/sites\/3\/2021\/07\/Behawioryzm.pdf\">Behawioryzm<\/a><\/td>\n<\/tr>\n<tr style=\"height: 23px\">\n<td style=\"width: 51.3382%;height: 23px\"><span style=\"font-family: arial, helvetica, sans-serif;font-size: 12px\"><strong>Pierwsza pomoc<\/strong><\/span><\/td>\n<td style=\"width: 22.6277%;height: 23px;text-align: center\"><a href=\"https:\/\/up.lublin.pl\/weterynaria\/wp-content\/uploads\/sites\/3\/2021\/07\/Pierwsza-pomoc.pdf\">Pierwsza pomoc<\/a><\/td>\n<\/tr>\n<tr style=\"height: 23px\">\n<td style=\"width: 51.3382%;height: 23px\"><span style=\"font-family: arial, helvetica, sans-serif;font-size: 12px\"><strong>Akademicki savoir-vivre<\/strong><\/span><\/td>\n<td style=\"width: 22.6277%;height: 23px;text-align: center\"><a href=\"https:\/\/up.lublin.pl\/weterynaria\/wp-content\/uploads\/sites\/3\/2021\/07\/Akademicki-savoir-vivre.pdf\">Akademicki savoir vivre<\/a><\/td>\n<\/tr>\n<tr style=\"height: 23px\">\n<td style=\"width: 51.3382%;height: 23px\"><span style=\"font-family: arial, helvetica, sans-serif;font-size: 12px\"><strong>Akwarystyka<\/strong><\/span><\/td>\n<td style=\"width: 22.6277%;height: 23px;text-align: center\"><a href=\"https:\/\/up.lublin.pl\/weterynaria\/wp-content\/uploads\/sites\/3\/2021\/07\/Akwarystyka.pdf\">Akwarystyka<\/a><\/td>\n<\/tr>\n<tr style=\"height: 23px\">\n<td style=\"width: 51.3382%;height: 23px\"><span style=\"font-family: arial, helvetica, sans-serif;font-size: 12px\"><strong>Elementy neurobiologii<\/strong><\/span><\/td>\n<td style=\"width: 22.6277%;height: 23px;text-align: center\"><a href=\"https:\/\/up.lublin.pl\/weterynaria\/wp-content\/uploads\/sites\/3\/2021\/07\/Elementy-neurobiologii.pdf\">Elementy neurobiologii<\/a><\/td>\n<\/tr>\n<tr style=\"height: 23px\">\n<td style=\"width: 51.3382%;height: 23px\"><span style=\"font-family: arial, helvetica, sans-serif;font-size: 12px\"><strong>Herpetologia i&nbsp;terrarystyka<\/strong><\/span><\/td>\n<td style=\"width: 22.6277%;height: 23px;text-align: center\"><a href=\"https:\/\/up.lublin.pl\/weterynaria\/wp-content\/uploads\/sites\/3\/2021\/07\/Herpetologia-i-terrarystyka.pdf\">Herpetologia i&nbsp;terrarystyka<\/a><\/td>\n<\/tr>\n<tr style=\"height: 23px\">\n<td style=\"width: 98.5401%;height: 23px\" colspan=\"3\"><span style=\"font-family: arial, helvetica, sans-serif;font-size: 12px\"><strong>SEMESTR\u00a0 III<\/strong><\/span><\/td>\n<\/tr>\n<tr style=\"height: 40px\">\n<td style=\"width: 24.5742%;height: 240px\" rowspan=\"6\"><span style=\"font-family: arial, helvetica, sans-serif;font-size: 12px\"><strong>PRZEDMIOT DO WYBORU &#8211; BLOK\u00a0 B<\/strong><\/span><\/td>\n<td style=\"width: 51.3382%;height: 40px\"><span style=\"font-family: arial, helvetica, sans-serif;font-size: 12px\"><strong>Genetyka biomedyczna<\/strong><\/span><\/td>\n<td style=\"width: 22.6277%;height: 40px;text-align: center\"><a href=\"https:\/\/up.lublin.pl\/weterynaria\/wp-content\/uploads\/sites\/3\/2021\/07\/Genetyka-biomedyczna.pdf\">Genetyka biomedyczna<\/a><\/td>\n<\/tr>\n<tr style=\"height: 40px\">\n<td style=\"width: 51.3382%;height: 40px\"><span style=\"font-family: arial, helvetica, sans-serif;font-size: 12px\"><strong>Choroby genetyczne<\/strong><\/span><\/td>\n<td style=\"width: 22.6277%;height: 40px;text-align: center\"><a href=\"https:\/\/up.lublin.pl\/weterynaria\/wp-content\/uploads\/sites\/3\/2021\/07\/Choroby-genetyczne.pdf\">Choroby genetyczne<\/a><\/td>\n<\/tr>\n<tr style=\"height: 40px\">\n<td style=\"width: 51.3382%;height: 40px\"><span style=\"font-family: arial, helvetica, sans-serif;font-size: 12px\"><strong>Fizjologia kliniczna<\/strong><\/span><\/td>\n<td style=\"width: 22.6277%;height: 40px;text-align: center\"><a href=\"https:\/\/up.lublin.pl\/weterynaria\/wp-content\/uploads\/sites\/3\/2021\/07\/Fizjologia-kliniczna.pdf\">Fizjologia kliniczna<\/a><\/td>\n<\/tr>\n<tr style=\"height: 40px\">\n<td style=\"width: 51.3382%;height: 40px\"><span style=\"font-family: arial, helvetica, sans-serif;font-size: 12px\"><strong>Technologie informacyjno-komunikacyjne jako narz\u0119dzie rozwoju zawodowego<\/strong><\/span><\/td>\n<td style=\"width: 22.6277%;height: 40px;text-align: center\"><a href=\"https:\/\/up.lublin.pl\/weterynaria\/wp-content\/uploads\/sites\/3\/2021\/07\/Technologie-informacyjno-komunikacyjne.pdf\">Technologie informacyjno-komunikacyjne<\/a><\/td>\n<\/tr>\n<tr style=\"height: 40px\">\n<td style=\"width: 51.3382%;height: 40px\"><span style=\"font-family: arial, helvetica, sans-serif;font-size: 12px\"><strong>Anatomia i&nbsp;fizjologia ptak\u00f3w<\/strong><\/span><\/td>\n<td style=\"width: 22.6277%;height: 40px;text-align: center\"><a href=\"https:\/\/up.lublin.pl\/weterynaria\/wp-content\/uploads\/sites\/3\/2021\/08\/Fizjologia-i-anatomia-ptakow-1.pdf\">Fizjologia i&nbsp;anatomia ptak\u00f3w<\/a><\/td>\n<\/tr>\n<tr style=\"height: 40px\">\n<td style=\"width: 51.3382%;height: 40px\"><span style=\"font-family: arial, helvetica, sans-serif;font-size: 12px\"><strong>Wykorzystanie technik biologii molekularnej w&nbsp;badaniach i&nbsp;diagnostyce weterynaryjnej<\/strong><\/span><\/td>\n<td style=\"width: 22.6277%;height: 40px;text-align: center\"><a href=\"https:\/\/up.lublin.pl\/weterynaria\/wp-content\/uploads\/sites\/3\/2021\/07\/Wykorzystanie-technik-biol-mol.pdf\">Wykorzystanie technik biol mol<\/a><\/td>\n<\/tr>\n<tr style=\"height: 23px\">\n<td style=\"width: 98.5401%;height: 23px\" colspan=\"3\"><span style=\"font-family: arial, helvetica, sans-serif;font-size: 12px\"><strong>SEMESTR\u00a0 IV<\/strong><\/span><\/td>\n<\/tr>\n<tr style=\"height: 40px\">\n<td style=\"width: 24.5742%;height: 240px\" rowspan=\"6\">\n<p><span style=\"font-family: arial, helvetica, sans-serif;font-size: 12px\"><strong>PRZEDMIOT DO WYBORU &#8211; BLOK C&nbsp;<\/strong><\/span><\/p>\n<\/td>\n<td style=\"width: 51.3382%;height: 40px\"><span style=\"font-family: arial, helvetica, sans-serif;font-size: 12px\"><strong>Fizjologia zwierz\u0105t nieudomowionych i&nbsp;egzotycznych<\/strong><\/span><\/td>\n<td style=\"width: 22.6277%;height: 40px;text-align: center\"><a href=\"https:\/\/up.lublin.pl\/weterynaria\/wp-content\/uploads\/sites\/3\/2021\/08\/M_WE_SEM4-PW-1C-2C-FIJZJ-ZNE-2020-21-2.pdf\">M_WE_SEM4 PW 1C-2C FIJZJ ZNE 2020-21<\/a><\/td>\n<\/tr>\n<tr style=\"height: 40px\">\n<td style=\"width: 51.3382%;height: 40px\"><span style=\"font-family: arial, helvetica, sans-serif;font-size: 12px\"><strong>Endokrynologia<\/strong><\/span><\/td>\n<td style=\"width: 22.6277%;height: 40px;text-align: center\"><a href=\"https:\/\/up.lublin.pl\/weterynaria\/wp-content\/uploads\/sites\/3\/2021\/07\/Endokrynologia.pdf\">Endokrynologia<\/a><\/td>\n<\/tr>\n<tr style=\"height: 40px\">\n<td style=\"width: 51.3382%;height: 40px\"><span style=\"font-family: arial, helvetica, sans-serif;font-size: 12px\"><strong>Neurofizjologia<\/strong><\/span><\/td>\n<td style=\"width: 22.6277%;height: 40px;text-align: center\"><a href=\"https:\/\/up.lublin.pl\/weterynaria\/wp-content\/uploads\/sites\/3\/2021\/07\/Nerofizjologia.pdf\">Nerofizjologia<\/a><\/td>\n<\/tr>\n<tr style=\"height: 40px\">\n<td style=\"width: 51.3382%;height: 40px\"><span style=\"font-family: arial, helvetica, sans-serif;font-size: 12px\"><strong>Fizjologia postnatalnego rozwoju zwierz\u0105t<\/strong><\/span><\/td>\n<td style=\"width: 22.6277%;height: 40px;text-align: center\"><a href=\"https:\/\/up.lublin.pl\/weterynaria\/wp-content\/uploads\/sites\/3\/2021\/07\/Fizjologia-postnatalnego-r-ju-zwierzat.pdf\">Fizjologia postnatalnego r-ju zwierzat<\/a><\/td>\n<\/tr>\n<tr style=\"height: 40px\">\n<td style=\"width: 51.3382%;height: 40px\"><span style=\"font-family: arial, helvetica, sans-serif;font-size: 12px\"><strong>Anatomia chirurgiczna ma\u0142ych zwierz\u0105t<\/strong><\/span><\/td>\n<td style=\"width: 22.6277%;height: 40px;text-align: center\"><a href=\"https:\/\/up.lublin.pl\/weterynaria\/wp-content\/uploads\/sites\/3\/2021\/08\/M_WE_SEM4-PW-1C2C_ANAT-CHIR-2.pdf\">M_WE_SEM4 PW 1C2C_ANAT CHIR<\/a><\/td>\n<\/tr>\n<tr style=\"height: 40px\">\n<td style=\"width: 51.3382%;height: 40px\"><span style=\"font-family: arial, helvetica, sans-serif;font-size: 12px\"><strong>Fizjologia wysi\u0142ku<\/strong><\/span><\/td>\n<td style=\"width: 22.6277%;height: 40px;text-align: center\"><a href=\"https:\/\/up.lublin.pl\/weterynaria\/wp-content\/uploads\/sites\/3\/2021\/07\/Fizjologia-wysilku.pdf\">Fizjologia wysi\u0142ku<\/a><\/td>\n<\/tr>\n<tr style=\"height: 23px\">\n<td style=\"width: 98.5401%;height: 23px\" colspan=\"3\"><span style=\"font-family: arial, helvetica, sans-serif;font-size: 12px\"><strong>SEMESTR\u00a0 V<\/strong><\/span><\/td>\n<\/tr>\n<tr style=\"height: 40px\">\n<td style=\"width: 24.5742%;height: 200px\" rowspan=\"5\"><span style=\"font-family: arial, helvetica, sans-serif;font-size: 12px\"><strong>\u00a0<br \/>\u00a0\u00a0PRZEDMIOT DO WYBORU &#8211; BLOK D\u00a0\u00a0<\/strong><\/span><\/td>\n<td style=\"width: 51.3382%;height: 40px\"><span style=\"font-family: arial, helvetica, sans-serif;font-size: 12px\"><strong>Modyfikacje genetyczne i&nbsp;terapia genowa<\/strong><\/span><\/td>\n<td style=\"width: 22.6277%;height: 40px;text-align: center\"><a href=\"https:\/\/up.lublin.pl\/weterynaria\/wp-content\/uploads\/sites\/3\/2021\/07\/Modyfikacje-genetyczne.pdf\">Modyfikacje genetyczne<\/a><\/td>\n<\/tr>\n<tr style=\"height: 40px\">\n<td style=\"width: 51.3382%;height: 40px\"><span style=\"font-family: arial, helvetica, sans-serif;font-size: 12px\"><strong>Marketing i&nbsp;zarz\u0105dzanie<\/strong><\/span><\/td>\n<td style=\"width: 22.6277%;height: 40px;text-align: center\"><a href=\"https:\/\/up.lublin.pl\/weterynaria\/wp-content\/uploads\/sites\/3\/2021\/07\/Marketing-i-zarzadzanie.pdf\">Marketing i&nbsp;zarz\u0105dzanie<\/a><\/td>\n<\/tr>\n<tr style=\"height: 40px\">\n<td style=\"width: 51.3382%;height: 40px\"><span style=\"font-family: arial, helvetica, sans-serif;font-size: 12px\"><strong>Biomateria\u0142y<\/strong><\/span><\/td>\n<td style=\"width: 22.6277%;height: 40px;text-align: center\"><a href=\"https:\/\/up.lublin.pl\/weterynaria\/wp-content\/uploads\/sites\/3\/2021\/08\/Biomaterialy.pdf\">Biomateria\u0142y<\/a><\/td>\n<\/tr>\n<tr style=\"height: 40px\">\n<td style=\"width: 51.3382%;height: 40px\"><span style=\"font-family: arial, helvetica, sans-serif;font-size: 12px\"><strong>Ch\u00f3w i&nbsp;choroby ptak\u00f3w bezgrzebieniowych<\/strong><\/span><\/td>\n<td style=\"width: 22.6277%;height: 40px;text-align: center\"><a href=\"https:\/\/up.lublin.pl\/weterynaria\/wp-content\/uploads\/sites\/3\/2021\/08\/Chow-i-hod-ptakow-bezgrzebieniowych-1.pdf\">Ch\u00f3w i&nbsp;hod ptak\u00f3w bezgrzebieniowych<\/a><\/td>\n<\/tr>\n<tr style=\"height: 40px\">\n<td style=\"width: 51.3382%;height: 40px\"><span style=\"font-family: arial, helvetica, sans-serif;font-size: 12px\"><strong>Podstawy teorii prawa<\/strong><\/span><\/td>\n<td style=\"width: 22.6277%;height: 40px;text-align: center\"><a href=\"https:\/\/up.lublin.pl\/weterynaria\/wp-content\/uploads\/sites\/3\/2021\/07\/Podstawy-teorii-prawa.pdf\">Podstawy teorii prawa<\/a><\/td>\n<\/tr>\n<tr style=\"height: 23px\">\n<td style=\"width: 98.5401%;height: 23px\" colspan=\"3\"><span style=\"font-family: arial, helvetica, sans-serif;font-size: 12px\"><strong> SEMESTR\u00a0 VII<br \/><\/strong><\/span><\/td>\n<\/tr>\n<tr style=\"height: 40px\">\n<td style=\"width: 24.5742%;height: 172px\" rowspan=\"6\"><span style=\"font-family: arial, helvetica, sans-serif;font-size: 12px\"><strong>\u00a0PRZEDMIOT DO WYBORU &#8211; BLOK E<\/strong><\/span><\/td>\n<td style=\"width: 51.3382%;height: 40px\"><span style=\"font-family: arial, helvetica, sans-serif;font-size: 12px\"><strong>Farmakologia kliniczna<\/strong><\/span><\/td>\n<td style=\"width: 22.6277%;height: 40px;text-align: center\"><a href=\"https:\/\/up.lublin.pl\/weterynaria\/wp-content\/uploads\/sites\/3\/2021\/08\/farmakologia-kliniczna.pdf\">farmakologia kliniczna<\/a><\/td>\n<\/tr>\n<tr style=\"height: 40px\">\n<td style=\"width: 51.3382%;height: 40px\"><span style=\"font-family: arial, helvetica, sans-serif;font-size: 12px\"><strong>Substancje i&nbsp;surowce pochodzenia ro\u015blinnego w&nbsp;profilaktyce i&nbsp;terapii zwierz\u0105t<\/strong><\/span><\/td>\n<td style=\"width: 22.6277%;height: 40px;text-align: center\"><a href=\"https:\/\/up.lublin.pl\/weterynaria\/wp-content\/uploads\/sites\/3\/2021\/08\/substancje-i-surowce-poch.-roslinnego-w-profilaktyce-i-terapii-zwierzat-1.pdf\">substancje i&nbsp;surowce poch. ro\u015blinnego w&nbsp;profilaktyce i&nbsp;terapii zwierz\u0105t<\/a><\/td>\n<\/tr>\n<tr style=\"height: 23px\">\n<td style=\"width: 51.3382%;height: 23px\" width=\"298\"><span style=\"font-family: arial, helvetica, sans-serif;font-size: 12px\"><strong>Zaburzenia behawioralne u&nbsp;ps\u00f3w i&nbsp;kot\u00f3w<\/strong><\/span><\/td>\n<td style=\"width: 22.6277%;height: 23px;text-align: center\"><a href=\"https:\/\/up.lublin.pl\/weterynaria\/wp-content\/uploads\/sites\/3\/2021\/08\/zaburzenia-behawioralne-u-psow-i-kotow-2.pdf\">zaburzenia behawioralne u&nbsp;ps\u00f3w i&nbsp;kot\u00f3w<\/a><\/td>\n<\/tr>\n<tr style=\"height: 23px\">\n<td style=\"width: 51.3382%;height: 23px\" width=\"298\"><span style=\"font-family: arial, helvetica, sans-serif;font-size: 12px\"><strong>Transformacje nowotworowe u&nbsp;zwierz\u0105t<\/strong><\/span><\/td>\n<td style=\"width: 22.6277%;height: 23px;text-align: center\"><a href=\"https:\/\/up.lublin.pl\/weterynaria\/wp-content\/uploads\/sites\/3\/2021\/07\/Transformacje-nowotworowe-u-zwierzat.pdf\">Transformacje nowotworowe u&nbsp;zwierz\u0105t<\/a><\/td>\n<\/tr>\n<tr style=\"height: 23px\">\n<td style=\"width: 51.3382%;height: 23px\"><span style=\"font-family: arial, helvetica, sans-serif;font-size: 12px\"><strong>Pierwszy kontakt z&nbsp;pacjentem w&nbsp;gabinecie ma\u0142ych zwierz\u0105t<\/strong><\/span><\/td>\n<td style=\"width: 22.6277%;height: 23px;text-align: center\"><a href=\"https:\/\/up.lublin.pl\/weterynaria\/wp-content\/uploads\/sites\/3\/2021\/07\/Pierwszy-kontakt-z-pacjentem.pdf\">Pierwszy kontakt z&nbsp;pacjentem<\/a><\/td>\n<\/tr>\n<tr style=\"height: 23px\">\n<td style=\"width: 51.3382%;height: 23px\"><span style=\"font-family: arial, helvetica, sans-serif;font-size: 12px\"><strong>Hematologia weterynaryjna<\/strong><\/span><\/td>\n<td style=\"width: 22.6277%;height: 23px;text-align: center\"><a href=\"https:\/\/up.lublin.pl\/weterynaria\/wp-content\/uploads\/sites\/3\/2021\/08\/hematologia-laboratoryjna-1.pdf\">hematologia laboratoryjna<\/a><\/td>\n<\/tr>\n<tr style=\"height: 23px\">\n<td style=\"width: 98.5401%;height: 23px\" colspan=\"3\"><span style=\"font-family: arial, helvetica, sans-serif;font-size: 12px\"><strong>SEMESTR\u00a0 VIII<\/strong><\/span><\/td>\n<\/tr>\n<tr style=\"height: 23px\">\n<td style=\"width: 24.5742%;height: 115px\" rowspan=\"5\"><span style=\"font-family: arial, helvetica, sans-serif;font-size: 12px\"><strong>PRZEDMIOT DO WYBORU &#8211; BLOK F<\/strong><\/span><\/td>\n<td style=\"width: 51.3382%;height: 23px\" width=\"298\"><span style=\"font-family: arial, helvetica, sans-serif;font-size: 12px\"><strong>Praktyczne aspekty racjonalnej antybiotykoterapii u&nbsp;zwierz\u0105t<\/strong><\/span><\/td>\n<td style=\"width: 22.6277%;height: 23px;text-align: center\"><a href=\"https:\/\/up.lublin.pl\/weterynaria\/wp-content\/uploads\/sites\/3\/2021\/08\/praktyczne-aspekty-racjonalnej-antybiotykoterapii-u-zwierzat.pdf\">praktyczne aspekty racjonalnej antybiotykoterapii u&nbsp;zwierz\u0105t<\/a><\/td>\n<\/tr>\n<tr style=\"height: 23px\">\n<td style=\"width: 51.3382%;height: 23px\"><span style=\"font-family: arial, helvetica, sans-serif;font-size: 12px\"><strong>Choroby bezkr\u0119gowc\u00f3w wodnych<\/strong><\/span><\/td>\n<td style=\"width: 22.6277%;height: 23px;text-align: center\"><a href=\"https:\/\/up.lublin.pl\/weterynaria\/wp-content\/uploads\/sites\/3\/2021\/08\/choroby-bezkregowcow-wodnych.pdf\">choroby bezkr\u0119gowc\u00f3w wodnych<\/a><\/td>\n<\/tr>\n<tr style=\"height: 23px\">\n<td style=\"width: 51.3382%;height: 23px\"><span style=\"font-family: arial, helvetica, sans-serif;font-size: 12px\"><strong>Choroby zwierz\u0105t laboratoryjnych<\/strong><\/span><\/td>\n<td style=\"width: 22.6277%;height: 23px;text-align: center\"><a href=\"https:\/\/up.lublin.pl\/weterynaria\/wp-content\/uploads\/sites\/3\/2021\/08\/choroby-zw.-laboratoryjnych.pdf\">choroby zw. laboratoryjnych<\/a><\/td>\n<\/tr>\n<tr style=\"height: 23px\">\n<td style=\"width: 51.3382%;height: 23px\"><span style=\"font-family: arial, helvetica, sans-serif;font-size: 12px\"><strong>Mykologia weterynaryjna<\/strong><\/span><\/td>\n<td style=\"width: 22.6277%;height: 23px;text-align: center\"><a href=\"https:\/\/up.lublin.pl\/weterynaria\/wp-content\/uploads\/sites\/3\/2021\/08\/mykologia-weterynaryjna-1.pdf\">mykologia weterynaryjna<\/a><\/td>\n<\/tr>\n<tr style=\"height: 23px\">\n<td style=\"width: 51.3382%;height: 23px\"><span style=\"font-family: arial, helvetica, sans-serif;font-size: 12px\"><strong>Laboratoryjna analiza toksykologiczna<br \/><\/strong><\/span><\/td>\n<td style=\"width: 22.6277%;height: 23px;text-align: center\"><a href=\"https:\/\/up.lublin.pl\/weterynaria\/wp-content\/uploads\/sites\/3\/2021\/07\/Laboratoryjna-analiza-toksykologiczna.pdf\">Laboratoryjna analiza toksykologiczna<\/a><\/td>\n<\/tr>\n<tr style=\"height: 23px\">\n<td style=\"width: 98.5401%;height: 23px\" colspan=\"3\"><span style=\"font-family: arial, helvetica, sans-serif;font-size: 12px\"><strong>SEMESTR\u00a0 IX<br \/><\/strong><\/span><\/td>\n<\/tr>\n<tr style=\"height: 23px\">\n<td style=\"width: 24.5742%;height: 252px\" rowspan=\"8\"><span style=\"font-family: arial, helvetica, sans-serif;font-size: 12px\"><strong>PRZEDMIOT DO WYBORU &#8211; BLOK G<\/strong><\/span><\/td>\n<td style=\"width: 51.3382%;height: 23px\" width=\"298\"><strong><span style=\"font-family: arial, helvetica, sans-serif;font-size: 12px\">Diagnostyka obrazowa zwierz\u0105t egzotycznych\u00a0<\/span><\/strong><\/td>\n<td style=\"width: 22.6277%;height: 23px;text-align: center\"><a href=\"https:\/\/up.lublin.pl\/weterynaria\/wp-content\/uploads\/sites\/3\/2021\/08\/diagnostyka-obrazowa-zwierzat-egzotycznych-1.pdf\">diagnostyka obrazowa zwierz\u0105t egzotycznych<\/a><\/td>\n<\/tr>\n<tr style=\"height: 23px\">\n<td style=\"width: 51.3382%;height: 23px\"><strong><span style=\"font-family: arial, helvetica, sans-serif;font-size: 12px\">Diagnostyka obrazowa w&nbsp;onkologii<\/span><\/strong><\/td>\n<td style=\"width: 22.6277%;text-align: center;height: 23px\"><a href=\"https:\/\/up.lublin.pl\/weterynaria\/wp-content\/uploads\/sites\/3\/2021\/08\/diagnostyka-obrazowa-w-onkologii-klinicznej.pdf\">diagnostyka obrazowa w&nbsp;onkologii klinicznej<\/a><\/td>\n<\/tr>\n<tr style=\"height: 40px\">\n<td style=\"width: 51.3382%;height: 40px\"><strong><span style=\"font-family: arial, helvetica, sans-serif;font-size: 12px\">Pomoc dora\u017ana w&nbsp;stanach zagro\u017cenia \u017cycia zwierz\u0105t<\/span><\/strong><\/td>\n<td style=\"width: 22.6277%;height: 40px;text-align: center\"><a href=\"https:\/\/up.lublin.pl\/weterynaria\/wp-content\/uploads\/sites\/3\/2021\/08\/pomoc-dorazna-w-stanach-zagrozenia-zycia-zwierzat.pdf\">pomoc dora\u017ana w&nbsp;stanach zagro\u017cenia \u017cycia zwierz\u0105t<\/a><\/td>\n<\/tr>\n<tr style=\"height: 40px\">\n<td style=\"width: 51.3382%;height: 40px\"><strong><span style=\"font-size: 12px\"><span style=\"font-family: arial, helvetica, sans-serif\">Neurologia kliniczna i&nbsp;neurochirurgia<\/span><\/span><\/strong><\/td>\n<td style=\"width: 22.6277%;text-align: center;height: 40px\"><a href=\"https:\/\/up.lublin.pl\/weterynaria\/wp-content\/uploads\/sites\/3\/2021\/08\/neurologia-kliniczna-i-neurochirurgia-1.pdf\">neurologia kliniczna i&nbsp;neurochirurgia<\/a><\/td>\n<\/tr>\n<tr style=\"height: 40px\">\n<td style=\"width: 51.3382%;height: 40px\"><strong><span style=\"font-size: 12px\"><span style=\"font-family: arial, helvetica, sans-serif\">Chirurgia eksperymentalna <br \/><\/span><\/span><\/strong><\/td>\n<td style=\"width: 22.6277%;height: 40px;text-align: center\"><a href=\"https:\/\/up.lublin.pl\/weterynaria\/wp-content\/uploads\/sites\/3\/2021\/07\/Chirurgia-eksperymentalna.pdf\">Chirurgia eksperymentalna<\/a><\/td>\n<\/tr>\n<tr style=\"height: 23px\">\n<td style=\"width: 51.3382%;height: 23px\"><strong><span style=\"font-size: 12px\"><span style=\"font-family: arial, helvetica, sans-serif\">Onkologia weterynaryjna<\/span><\/span><\/strong><\/td>\n<td style=\"width: 22.6277%;text-align: center;height: 23px\"><a href=\"https:\/\/up.lublin.pl\/weterynaria\/wp-content\/uploads\/sites\/3\/2021\/07\/Onkologia-weterynaryjna.pdf\">Onkologia weterynaryjna<\/a><\/td>\n<\/tr>\n<tr style=\"height: 23px\">\n<td style=\"width: 51.3382%;height: 23px\"><strong><span style=\"font-family: arial, helvetica, sans-serif;font-size: 12px\">Diagnostyka obrazowa koni<\/span><\/strong><\/td>\n<td style=\"width: 22.6277%;text-align: center;height: 23px\"><a href=\"https:\/\/up.lublin.pl\/weterynaria\/wp-content\/uploads\/sites\/3\/2021\/07\/Diagnostyka-obrazowa-koni.pdf\">Diagnostyka obrazowa koni<\/a><\/td>\n<\/tr>\n<tr style=\"height: 40px\">\n<td style=\"width: 51.3382%;height: 40px\"><strong><span style=\"font-family: arial, helvetica, sans-serif;font-size: 12px\">Medycyna sportowa koni<\/span><\/strong><\/td>\n<td style=\"width: 22.6277%;height: 40px;text-align: center\"><a href=\"https:\/\/up.lublin.pl\/weterynaria\/wp-content\/uploads\/sites\/3\/2021\/07\/Medycyna-sportowa-koni.pdf\">Medycyna sportowa koni<\/a><\/td>\n<\/tr>\n<tr style=\"height: 23px\">\n<td style=\"width: 98.5401%;height: 23px\" colspan=\"3\"><span style=\"font-family: arial, helvetica, sans-serif;font-size: 12px\"><strong>SEMESTR\u00a0 X<br \/><\/strong><\/span><\/td>\n<\/tr>\n<tr style=\"height: 40px\">\n<td style=\"width: 24.5742%;height: 246px\" rowspan=\"7\"><span style=\"font-family: arial, helvetica, sans-serif;font-size: 12px\"><strong>PRZEDMIOT DO WYBORU &#8211; BLOK H<\/strong><\/span><\/td>\n<td style=\"width: 51.3382%;height: 40px\" width=\"298\"><span style=\"font-family: arial, helvetica, sans-serif;font-size: 12px\"><strong>Chirurgia szcz\u0119kowa<\/strong><\/span><\/td>\n<td style=\"width: 22.6277%;height: 40px;text-align: center\"><a href=\"https:\/\/up.lublin.pl\/weterynaria\/wp-content\/uploads\/sites\/3\/2021\/07\/Chirurgia-szczekowa.pdf\">Chirurgia szcz\u0119kowa<\/a><\/td>\n<\/tr>\n<tr style=\"height: 40px\">\n<td style=\"width: 51.3382%;height: 40px\"><span style=\"font-family: arial, helvetica, sans-serif;font-size: 12px\"><strong>Echokardiografia ps\u00f3w i&nbsp;kot\u00f3w w&nbsp;praktyce<\/strong><\/span><\/td>\n<td style=\"width: 22.6277%;height: 40px;text-align: center\"><a href=\"https:\/\/up.lublin.pl\/weterynaria\/wp-content\/uploads\/sites\/3\/2021\/08\/echokardiografia-psow-i-kotow-w-praktyce-1.pdf\">echokardiografia ps\u00f3w i&nbsp;kot\u00f3w w&nbsp;praktyce<\/a><\/td>\n<\/tr>\n<tr style=\"height: 40px\">\n<td style=\"width: 51.3382%;height: 40px\"><span style=\"font-family: arial, helvetica, sans-serif;font-size: 12px\"><strong>Endokrynologia kliniczna<\/strong><\/span><\/td>\n<td style=\"width: 22.6277%;height: 40px;text-align: center\"><a href=\"https:\/\/up.lublin.pl\/weterynaria\/wp-content\/uploads\/sites\/3\/2021\/08\/endokrynologia-kliniczna-1.pdf\">endokrynologia kliniczna<\/a><\/td>\n<\/tr>\n<tr style=\"height: 23px\">\n<td style=\"width: 51.3382%;height: 23px\"><span style=\"font-family: arial, helvetica, sans-serif;font-size: 12px\"><strong>Geriatria weterynaryjna<\/strong><\/span><\/td>\n<td style=\"width: 22.6277%;height: 23px;text-align: center\"><a href=\"https:\/\/up.lublin.pl\/weterynaria\/wp-content\/uploads\/sites\/3\/2021\/08\/geriatria-weterynaryjna-1.pdf\">geriatria weterynaryjna<\/a><\/td>\n<\/tr>\n<tr style=\"height: 40px\">\n<td style=\"width: 51.3382%;height: 40px\"><span style=\"font-family: arial, helvetica, sans-serif;font-size: 12px\"><strong>Diagnostyka cytomorfologiczna w&nbsp;patologii weterynaryjnej<\/strong><\/span><\/td>\n<td style=\"width: 22.6277%;height: 40px;text-align: center\"><a href=\"https:\/\/up.lublin.pl\/weterynaria\/wp-content\/uploads\/sites\/3\/2021\/07\/Diagnostyka-cytomorfologiczna.pdf\">Diagnostyka cytomorfologiczna<\/a><\/td>\n<\/tr>\n<tr style=\"height: 23px\">\n<td style=\"width: 51.3382%;height: 23px\"><span style=\"font-family: arial, helvetica, sans-serif;font-size: 12px\"><strong>Analityka kliniczna chor\u00f3b zwierz\u0105t gosp. i&nbsp;koni<\/strong><\/span><\/td>\n<td style=\"width: 22.6277%;text-align: center;height: 23px\"><a href=\"https:\/\/up.lublin.pl\/weterynaria\/wp-content\/uploads\/sites\/3\/2021\/08\/analityka-klin.-ch.-zw.-gospodarskich-i-koni.pdf\">analityka klin. ch. zw. gospodarskich i&nbsp;koni<\/a><\/td>\n<\/tr>\n<tr style=\"height: 40px\">\n<td style=\"width: 51.3382%;height: 40px\"><span style=\"font-family: arial, helvetica, sans-serif;font-size: 12px\"><strong>Aktualne problemy wsp\u00f3\u0142czesnej bujatrii<\/strong><\/span><\/td>\n<td style=\"width: 22.6277%;height: 40px;text-align: center\"><a href=\"https:\/\/up.lublin.pl\/weterynaria\/wp-content\/uploads\/sites\/3\/2021\/08\/aktualne-problemy-wspolczesnej-bujatrii-1.pdf\">aktualne problemy wsp\u00f3\u0142czesnej bujatrii<\/a><\/td>\n<\/tr>\n<tr style=\"height: 23px\">\n<td style=\"width: 98.5401%;height: 23px\" colspan=\"3\"><span style=\"font-family: arial, helvetica, sans-serif;font-size: 12px\"><strong>SEMESTR\u00a0 XI<\/strong><\/span><\/td>\n<\/tr>\n<tr style=\"height: 40px\">\n<td style=\"width: 24.5742%;height: 320px\" rowspan=\"8\">\n<p><span style=\"font-family: arial, helvetica, sans-serif;font-size: 12px\"><strong>PRZEDMIOT DO WYBORU &#8211; BLOK I<\/strong><\/span><\/p>\n<\/td>\n<td style=\"width: 51.3382%;height: 40px\" width=\"298\"><span style=\"font-family: arial, helvetica, sans-serif;font-size: 12px\"><strong>Pediatria z&nbsp;elementami behawioru ma\u0142ych zwierz\u0105t<\/strong><\/span><\/td>\n<td style=\"width: 22.6277%;height: 40px;text-align: center\"><a href=\"https:\/\/up.lublin.pl\/weterynaria\/wp-content\/uploads\/sites\/3\/2021\/08\/pediatria-z-elementami-behawioru-malych-zwierzat-1.pdf\">pediatria z&nbsp;elementami behawioru ma\u0142ych zwierz\u0105t<\/a><\/td>\n<\/tr>\n<tr style=\"height: 40px\">\n<td style=\"width: 51.3382%;height: 40px\"><span style=\"font-family: arial, helvetica, sans-serif;font-size: 12px\"><strong>Analityka kliniczna chor\u00f3b ps\u00f3w i&nbsp;kot\u00f3w<\/strong><\/span><\/td>\n<td style=\"width: 22.6277%;height: 40px;text-align: center\"><a href=\"https:\/\/up.lublin.pl\/weterynaria\/wp-content\/uploads\/sites\/3\/2021\/08\/analityka-kliniczna-psow-i-kotow-1.pdf\">analityka kliniczna ps\u00f3w i&nbsp;kot\u00f3w<\/a><\/td>\n<\/tr>\n<tr style=\"height: 40px\">\n<td style=\"width: 51.3382%;height: 40px\"><span style=\"font-family: arial, helvetica, sans-serif;font-size: 12px\"><strong>Diagnostyka endoskopowa<\/strong><\/span><\/td>\n<td style=\"width: 22.6277%;height: 40px;text-align: center\"><a href=\"https:\/\/up.lublin.pl\/weterynaria\/wp-content\/uploads\/sites\/3\/2021\/08\/diagnostyka-endoskopowa-1.pdf\">diagnostyka endoskopowa<\/a><\/td>\n<\/tr>\n<tr style=\"height: 40px\">\n<td style=\"width: 51.3382%;height: 40px\"><span style=\"font-family: arial, helvetica, sans-serif;font-size: 12px\"><strong>Choroby ptak\u00f3w ozdobnych<\/strong><\/span><\/td>\n<td style=\"width: 22.6277%;height: 40px;text-align: center\"><a href=\"https:\/\/up.lublin.pl\/weterynaria\/wp-content\/uploads\/sites\/3\/2021\/08\/choroby-ptakow-ozdobnych.pdf\">choroby ptak\u00f3w ozdobnych<\/a><\/td>\n<\/tr>\n<tr style=\"height: 40px\">\n<td style=\"width: 51.3382%;height: 40px\"><span style=\"font-family: arial, helvetica, sans-serif;font-size: 12px\"><strong>Elektrokardiografia weterynaryjna<\/strong><\/span><\/td>\n<td style=\"width: 22.6277%;height: 40px;text-align: center\"><a href=\"https:\/\/up.lublin.pl\/weterynaria\/wp-content\/uploads\/sites\/3\/2021\/08\/elektrokardiografia-weterynaryjna-1.pdf\">elektrokardiografia weterynaryjna<\/a><\/td>\n<\/tr>\n<tr style=\"height: 40px\">\n<td style=\"width: 51.3382%;height: 40px\" width=\"298\"><span style=\"font-family: arial, helvetica, sans-serif;font-size: 12px\"><strong>Radiologia kliniczna nag\u0142ych przypadk\u00f3w u&nbsp;ma\u0142ych zwierz\u0105t<\/strong><\/span><\/td>\n<td style=\"width: 22.6277%;height: 40px;text-align: center\"><a href=\"https:\/\/up.lublin.pl\/weterynaria\/wp-content\/uploads\/sites\/3\/2021\/07\/Radiologia-kliniczna-naglych-przypadkow.pdf\">Radiologia kliniczna nag\u0142ych przypadk\u00f3w<\/a><\/td>\n<\/tr>\n<tr style=\"height: 40px\">\n<td style=\"width: 51.3382%;height: 40px\"><span style=\"font-family: arial, helvetica, sans-serif;font-size: 12px\"><strong>Badanie USG w&nbsp;ostrych stanach klinicznych<\/strong><\/span><\/td>\n<td style=\"width: 22.6277%;height: 40px;text-align: center\"><a href=\"https:\/\/up.lublin.pl\/weterynaria\/wp-content\/uploads\/sites\/3\/2021\/07\/Badanie-USG-w-ostrych-stanach-klin.pdf\">Badanie USG w&nbsp;ostrych stanach klin<\/a><\/td>\n<\/tr>\n<tr style=\"height: 40px\">\n<td style=\"width: 51.3382%;height: 40px\"><span style=\"font-family: arial, helvetica, sans-serif;font-size: 12px\"><strong>Tomografia komputerowa w&nbsp;praktyce klinicznej<\/strong><\/span><\/td>\n<td style=\"width: 22.6277%;height: 40px;text-align: center\"><a href=\"https:\/\/up.lublin.pl\/weterynaria\/wp-content\/uploads\/sites\/3\/2021\/08\/tomografia-kompterowa-w-praktyce-klinicznej.pdf\">tomografia kompterowa w&nbsp;praktyce klinicznej<\/a><\/td>\n<\/tr>\n<\/tbody>\n<\/table>\n                                                <\/div>\n                                            <\/li>\n                                        <\/ul>\n\t\t\t\t\t\t                                                        <ul class=\"mn-accordion\">\n                                            <li>\n                                                <h4 class=\"mn-accordion-title\"> STUDENCI ROZPOCZYNAJ\u0104CY STUDIA W&nbsp;ROKU AKADEMICKIM 2019-2020<\/h4>\n                                                <div>\n\t\t\t\t\t\t\t\t\t                <p><span style=\"font-family: arial, helvetica, sans-serif;font-size: 14px\"><strong>PRZEDMIOTY OBLIGATORYJNE<\/strong><\/span><\/p>\n<table style=\"height: 1492px;width: 100%;border-collapse: collapse\" border=\"3\" cellspacing=\"1\">\n<tbody>\n<tr style=\"height: 23px\">\n<td style=\"width: 575.927%;height: 23px;text-align: center\" colspan=\"2\"><span style=\"font-size: 12px;font-family: arial, helvetica, sans-serif\"><strong>SEMESTR\u00a0 V<\/strong><\/span><\/td>\n<\/tr>\n<tr style=\"height: 23px\">\n<td style=\"width: 61.0904%;height: 23px\" width=\"282\"><span style=\"font-size: 12px;font-family: arial, helvetica, sans-serif\"><strong>Mikrobiologia 2\u00a0 \u00a0 \u00a0 \u00a0 \u00a0 \u00a0 \u00a0 \u00a0 \u00a0 \u00a0 \u00a0 \u00a0 \u00a0 \u00a0 \u00a0 \u00a0 \u00a0 \u00a0 \u00a0 \u00a0 \u00a0 \u00a0 \u00a0 \u00a0 \u00a0 \u00a0 \u00a0 \u00a0 \u00a0\u00a0<\/strong><\/span><\/td>\n<td style=\"width: 514.837%;height: 23px;text-align: center\"><a href=\"https:\/\/up.lublin.pl\/weterynaria\/wp-content\/uploads\/sites\/3\/2021\/08\/M_WE_SEM5-MIKRO-2-1.pdf\">M_WE_SEM5 MIKRO 2<\/a><\/td>\n<\/tr>\n<tr style=\"height: 23px\">\n<td style=\"width: 61.0904%;height: 23px\"><span style=\"font-size: 12px;font-family: arial, helvetica, sans-serif\"><strong>Farmacja<\/strong><\/span><\/td>\n<td style=\"width: 514.837%;height: 23px;text-align: center\"><span style=\"font-family: arial, helvetica, sans-serif;font-size: 12px\"><a href=\"https:\/\/up.lublin.pl\/weterynaria\/wp-content\/uploads\/sites\/3\/2021\/07\/M_WE_SEM5-FARMACJA.pdf\">M_WE_SEM5 FARMACJA<\/a><\/span><\/td>\n<\/tr>\n<tr style=\"height: 40px\">\n<td style=\"width: 61.0904%;height: 40px\"><span style=\"font-size: 12px;font-family: arial, helvetica, sans-serif\"><strong>Patofizjologia 1<br \/><\/strong><\/span><\/td>\n<td style=\"width: 514.837%;text-align: center;height: 40px\"><a href=\"https:\/\/up.lublin.pl\/weterynaria\/wp-content\/uploads\/sites\/3\/2021\/08\/M_WE_SEM-5-PZTOFIZJ-1-1.pdf\">M_WE_SEM 5 PZTOFIZJ 1<\/a><\/td>\n<\/tr>\n<tr style=\"height: 23px\">\n<td style=\"width: 61.0904%;height: 23px\"><span style=\"font-size: 12px;font-family: arial, helvetica, sans-serif\"><strong>Ochrona zdrowia publicznego w&nbsp;stanach zagro\u017ce\u0144<\/strong><\/span><\/td>\n<td style=\"width: 514.837%;height: 23px;text-align: center\"><span style=\"font-family: arial, helvetica, sans-serif;font-size: 12px\"><a href=\"https:\/\/up.lublin.pl\/weterynaria\/wp-content\/uploads\/sites\/3\/2021\/07\/M_WE_SEM-5-OZP-2019_2020.pdf\">M_WE_SEM 5 OZP 2019_2020<\/a><\/span><\/td>\n<\/tr>\n<tr style=\"height: 23px\">\n<td style=\"width: 61.0904%;height: 23px\"><span style=\"font-size: 12px;font-family: arial, helvetica, sans-serif\"><strong>Diagnostyka kliniczna i&nbsp;laboratoryjna 1<\/strong><\/span><\/td>\n<td style=\"width: 514.837%;height: 23px;text-align: center\"><a href=\"https:\/\/up.lublin.pl\/weterynaria\/wp-content\/uploads\/sites\/3\/2021\/08\/M_WE_SEM5-DIAGN-1-1.pdf\">M_WE_SEM5 DIAGN 1<\/a><\/td>\n<\/tr>\n<tr style=\"height: 23px\">\n<td style=\"width: 61.0904%;height: 23px\"><span style=\"font-size: 12px;font-family: arial, helvetica, sans-serif\"><strong>Farmakologia weterynaryjna 1<\/strong><\/span><\/td>\n<td style=\"width: 514.837%;height: 23px;text-align: center\"><a href=\"https:\/\/up.lublin.pl\/weterynaria\/wp-content\/uploads\/sites\/3\/2021\/08\/M_WE_SEM5-FARMAK-1-1.pdf\">M_WE_SEM5 FARMAK 1<\/a><\/td>\n<\/tr>\n<tr style=\"height: 23px\">\n<td style=\"width: 575.927%;height: 23px;text-align: center\" colspan=\"2\"><span style=\"font-size: 12px;font-family: arial, helvetica, sans-serif\"><strong>SEMESTR VI\u00a0<\/strong><\/span><\/td>\n<\/tr>\n<tr style=\"height: 23px\">\n<td style=\"width: 61.0904%;height: 23px\" width=\"282\"><span style=\"font-size: 12px;font-family: arial, helvetica, sans-serif\"><strong>Patofizjologia 2<\/strong><\/span><\/td>\n<td style=\"width: 514.837%;height: 23px;text-align: center\"><a href=\"https:\/\/up.lublin.pl\/weterynaria\/wp-content\/uploads\/sites\/3\/2021\/08\/M_WE_SEM-6-PZTOFIZJ-2-1.pdf\">M_WE_SEM 6 PZTOFIZJ 2<\/a><\/td>\n<\/tr>\n<tr style=\"height: 23px\">\n<td style=\"width: 61.0904%;height: 23px\"><span style=\"font-size: 12px;font-family: arial, helvetica, sans-serif\"><strong>Diagnostyka kliniczna i&nbsp;laboratoryjna 2<\/strong><\/span><\/td>\n<td style=\"width: 514.837%;height: 23px;text-align: center\"><a href=\"https:\/\/up.lublin.pl\/weterynaria\/wp-content\/uploads\/sites\/3\/2021\/08\/M_WE_SEM6-DIAGN-2-1.pdf\">M_WE_SEM6 DIAGN 2<\/a><\/td>\n<\/tr>\n<tr style=\"height: 23px\">\n<td style=\"width: 61.0904%;height: 23px\"><span style=\"font-size: 12px;font-family: arial, helvetica, sans-serif\"><strong>Farmakologia weterynaryjna 2<\/strong><\/span><\/td>\n<td style=\"width: 514.837%;height: 23px;text-align: center\"><a href=\"https:\/\/up.lublin.pl\/weterynaria\/wp-content\/uploads\/sites\/3\/2021\/08\/M_WE_SEM5-FARMAK-2-1.pdf\">M_WE_SEM5 FARMAK 2<\/a><\/td>\n<\/tr>\n<tr style=\"height: 23px\">\n<td style=\"width: 61.0904%;height: 23px\"><span style=\"font-size: 12px;font-family: arial, helvetica, sans-serif\"><strong>Choroby owad\u00f3w u\u017cytkowych<\/strong><\/span><\/td>\n<td style=\"width: 514.837%;height: 23px;text-align: center\"><a href=\"https:\/\/up.lublin.pl\/weterynaria\/wp-content\/uploads\/sites\/3\/2021\/08\/M_WE_SEM6-CHOWAD-2019-20-1.pdf\">M_WE_SEM6 CHOWAD 2019-20<\/a><\/td>\n<\/tr>\n<tr style=\"height: 23px\">\n<td style=\"width: 61.0904%;height: 23px\"><span style=\"font-size: 12px;font-family: arial, helvetica, sans-serif\"><strong>Chirurgia og\u00f3lna i&nbsp;anestezjologia<\/strong><\/span><\/td>\n<td style=\"width: 514.837%;height: 23px;text-align: center\"><a href=\"https:\/\/up.lublin.pl\/weterynaria\/wp-content\/uploads\/sites\/3\/2021\/08\/M_WE-SEM6-CHIR-2019-2020-1.pdf\">M_WE SEM6 CHIR 2019-2020<\/a><\/td>\n<\/tr>\n<tr style=\"height: 23px\">\n<td style=\"width: 61.0904%;height: 23px\"><span style=\"font-size: 12px;font-family: arial, helvetica, sans-serif\"><strong>Higiena \u015brodk\u00f3w \u017cywienia zwierz\u0105t<\/strong><\/span><\/td>\n<td style=\"width: 514.837%;height: 23px;text-align: center\"><a href=\"https:\/\/up.lublin.pl\/weterynaria\/wp-content\/uploads\/sites\/3\/2021\/08\/M_WE_SEM6-HSZZ-1.pdf\">M_WE_SEM6 H\u015a\u017bZ<\/a><\/td>\n<\/tr>\n<tr style=\"height: 23px\">\n<td style=\"width: 61.0904%;height: 23px\"><span style=\"font-size: 12px;font-family: arial, helvetica, sans-serif\"><strong>Parazytologia i&nbsp;inwazjologia weterynaryjna 1<\/strong><\/span><\/td>\n<td style=\"width: 514.837%;height: 23px;text-align: center\"><a href=\"https:\/\/up.lublin.pl\/weterynaria\/wp-content\/uploads\/sites\/3\/2021\/08\/M_WE_SEM6-PARAZYT-1-1.pdf\">M_WE_SEM6 PARAZYT 1<\/a><\/td>\n<\/tr>\n<tr style=\"height: 23px\">\n<td style=\"width: 61.0904%;height: 23px\"><span style=\"font-size: 12px;font-family: arial, helvetica, sans-serif\"><strong>Patomorfologia 1<\/strong><\/span><\/td>\n<td style=\"width: 514.837%;height: 23px;text-align: center\"><a href=\"https:\/\/up.lublin.pl\/weterynaria\/wp-content\/uploads\/sites\/3\/2021\/08\/M_WE_SEM6-PATOMORF-1-1.pdf\">M_WE_SEM6 PATOMORF 1<\/a><\/td>\n<\/tr>\n<tr style=\"height: 23px\">\n<td style=\"width: 575.927%;height: 23px;text-align: center\" colspan=\"2\"><span style=\"font-size: 12px;font-family: arial, helvetica, sans-serif\"><strong>SEMESTR\u00a0 VII<\/strong><\/span><\/td>\n<\/tr>\n<tr style=\"height: 23px\">\n<td style=\"width: 61.0904%;height: 23px\" width=\"282\"><span style=\"font-size: 12px;font-family: arial, helvetica, sans-serif\"><strong>Parazytologia i&nbsp;inwazjologia weterynaryjna 2<\/strong><\/span><\/td>\n<td style=\"width: 514.837%;height: 23px;text-align: center\"><span style=\"font-family: arial, helvetica, sans-serif;font-size: 12px\"><a href=\"https:\/\/up.lublin.pl\/weterynaria\/wp-content\/uploads\/sites\/3\/2021\/08\/parazytologia2.pdf\">parazytologia2<\/a><\/span><\/td>\n<\/tr>\n<tr style=\"height: 23px\">\n<td style=\"width: 61.0904%;height: 23px\"><span style=\"font-size: 12px;font-family: arial, helvetica, sans-serif\"><strong>Parazytologia sta\u017c<\/strong><\/span><\/td>\n<td style=\"width: 514.837%;height: 23px;text-align: center\"><span style=\"font-family: arial, helvetica, sans-serif;font-size: 12px\"><a href=\"https:\/\/up.lublin.pl\/weterynaria\/wp-content\/uploads\/sites\/3\/2021\/07\/M_WE_SEM7-PARAZYT-ST.pdf\">M_WE_SEM7 PARAZYT ST<\/a><\/span><\/td>\n<\/tr>\n<tr style=\"height: 23px\">\n<td style=\"width: 61.0904%;height: 23px\"><span style=\"font-size: 12px;font-family: arial, helvetica, sans-serif\"><strong>Higiena mleka<\/strong><\/span><\/td>\n<td style=\"width: 514.837%;height: 23px;text-align: center\"><a href=\"https:\/\/up.lublin.pl\/weterynaria\/wp-content\/uploads\/sites\/3\/2021\/08\/M_WE_SEM7-HGM-2.pdf\">M_WE_SEM7 HGM<\/a><\/td>\n<\/tr>\n<tr style=\"height: 23px\">\n<td style=\"width: 61.0904%;height: 23px\"><span style=\"font-size: 12px;font-family: arial, helvetica, sans-serif\"><strong>Diagnostyka obrazowa<\/strong><\/span><\/td>\n<td style=\"width: 514.837%;height: 23px;text-align: center\"><span style=\"font-family: arial, helvetica, sans-serif;font-size: 12px\"><a href=\"https:\/\/up.lublin.pl\/weterynaria\/wp-content\/uploads\/sites\/3\/2021\/07\/M_WE_SEM7-DIAG-OB.pdf\">M_WE_SEM7 DIAG OB<\/a><\/span><\/td>\n<\/tr>\n<tr style=\"height: 23px\">\n<td style=\"width: 61.0904%;height: 26px\"><span style=\"font-size: 12px;font-family: arial, helvetica, sans-serif\"><strong>Toksykologia<\/strong><\/span><\/td>\n<td style=\"width: 514.837%;height: 26px;text-align: center\"><a href=\"https:\/\/up.lublin.pl\/weterynaria\/wp-content\/uploads\/sites\/3\/2021\/08\/toksykologia.pdf\">toksykologia<\/a><\/td>\n<\/tr>\n<tr style=\"height: 23px\">\n<td style=\"width: 61.0904%;height: 23px\"><span style=\"font-size: 12px;font-family: arial, helvetica, sans-serif\"><strong>Zoonozy<\/strong><\/span><\/td>\n<td style=\"width: 514.837%;height: 23px;text-align: center\"><a href=\"https:\/\/up.lublin.pl\/weterynaria\/wp-content\/uploads\/sites\/3\/2021\/08\/zoonozy.pdf\">zoonozy<\/a><\/td>\n<\/tr>\n<tr style=\"height: 23px\">\n<td style=\"width: 61.0904%;height: 23px\"><span style=\"font-size: 12px;font-family: arial, helvetica, sans-serif\"><strong>Patomorfologia 2<\/strong><\/span><\/td>\n<td style=\"width: 514.837%;height: 23px;text-align: center\"><a href=\"https:\/\/up.lublin.pl\/weterynaria\/wp-content\/uploads\/sites\/3\/2021\/08\/patomorfologia2.pdf\">patomorfologia2<\/a><\/td>\n<\/tr>\n<tr style=\"height: 23px\">\n<td style=\"width: 61.0904%;height: 23px\"><span style=\"font-size: 12px;font-family: arial, helvetica, sans-serif\"><strong>Higiena zwierz\u0105t rze\u017anych i&nbsp;mi\u0119sa 1<\/strong><\/span><\/td>\n<td style=\"width: 514.837%;height: 23px;text-align: center\"><span style=\"font-family: arial, helvetica, sans-serif;font-size: 12px\"><a href=\"https:\/\/up.lublin.pl\/weterynaria\/wp-content\/uploads\/sites\/3\/2021\/07\/M_WE_SEM7-HZRZM-1-2019_2020.pdf\">M_WE_SEM7 HZRZM 1 2019_2020<\/a><\/span><\/td>\n<\/tr>\n<tr style=\"height: 23px\">\n<td style=\"width: 61.0904%;height: 23px\"><span style=\"font-family: arial, helvetica, sans-serif;font-size: 12px\"><strong>Choroby koni &#8211; blok 1<\/strong><\/span><\/td>\n<td style=\"width: 514.837%;height: 23px;text-align: center\">\n<p><a href=\"https:\/\/up.lublin.pl\/weterynaria\/wp-content\/uploads\/sites\/3\/2021\/08\/choroby-koni-1.pdf\">choroby-koni-1.pdf<\/a><\/p>\n<\/td>\n<\/tr>\n<tr style=\"height: 23px\">\n<td style=\"width: 61.0904%;height: 23px\"><span style=\"font-family: arial, helvetica, sans-serif;font-size: 12px\"><strong> Choroby p\u0142az\u00f3w i&nbsp;gad\u00f3w<\/strong><\/span><\/td>\n<td style=\"width: 514.837%;height: 23px;text-align: center\"><a href=\"https:\/\/up.lublin.pl\/weterynaria\/wp-content\/uploads\/sites\/3\/2021\/08\/choroby-plazow-i-gadow.pdf\">choroby-plazow-i-gadow.pdf<\/a><\/td>\n<\/tr>\n<tr style=\"height: 23px\">\n<td style=\"width: 575.927%;height: 23px\" colspan=\"2\"><span style=\"font-family: arial, helvetica, sans-serif;font-size: 12px\"><strong>SEMESTR VIII<\/strong><\/span><\/td>\n<\/tr>\n<tr style=\"height: 23px\">\n<td style=\"width: 61.0904%;height: 23px\" width=\"282\"><span style=\"font-family: arial, helvetica, sans-serif;font-size: 12px\"><strong>Patomorfologia 3<\/strong><\/span><\/td>\n<td style=\"width: 514.837%;height: 23px;text-align: center\"><a href=\"https:\/\/up.lublin.pl\/weterynaria\/wp-content\/uploads\/sites\/3\/2021\/08\/patomorfologia3.pdf\">patomorfologia3<\/a><\/td>\n<\/tr>\n<tr style=\"height: 23px\">\n<td style=\"width: 61.0904%;height: 23px\"><span style=\"font-family: arial, helvetica, sans-serif;font-size: 12px\"><strong>Higiena zwierz\u0105t rze\u017anych i&nbsp;mi\u0119sa 2<\/strong><\/span><\/td>\n<td style=\"width: 514.837%;height: 23px;text-align: center\"><a href=\"https:\/\/up.lublin.pl\/weterynaria\/wp-content\/uploads\/sites\/3\/2021\/08\/higiena-zw.-rzeznych-i-miesa-2.pdf\">higiena zw. rze\u017anych i&nbsp;mi\u0119sa 2<\/a><\/td>\n<\/tr>\n<tr style=\"height: 23px\">\n<td style=\"width: 61.0904%;height: 23px\"><span style=\"font-size: 12px;font-family: arial, helvetica, sans-serif\"><strong>Choroby ryb<\/strong><\/span><\/td>\n<td style=\"width: 514.837%;height: 23px;text-align: center\"><span style=\"font-family: arial, helvetica, sans-serif;font-size: 12px\"><a href=\"https:\/\/up.lublin.pl\/weterynaria\/wp-content\/uploads\/sites\/3\/2021\/07\/M_WE-SEM8-CHRYB.pdf\">M_WE SEM8 CHRYB<\/a><\/span><\/td>\n<\/tr>\n<tr style=\"height: 23px\">\n<td style=\"width: 61.0904%;height: 23px\"><span style=\"font-size: 12px;font-family: arial, helvetica, sans-serif\"><strong>Choroby zwierz\u0105t futerkowych<\/strong><\/span><\/td>\n<td style=\"width: 514.837%;height: 23px;text-align: center\"><a href=\"https:\/\/up.lublin.pl\/weterynaria\/wp-content\/uploads\/sites\/3\/2021\/08\/choroby-zw.-futerkowych.pdf\">choroby zw. futerkowych<\/a><\/td>\n<\/tr>\n<tr style=\"height: 23px\">\n<td style=\"width: 61.0904%;height: 23px\"><span style=\"font-size: 12px;font-family: arial, helvetica, sans-serif\"><strong>Choroby koni &#8211; blok 2<\/strong><\/span><\/td>\n<td style=\"width: 514.837%;height: 23px;text-align: center\"><a href=\"https:\/\/up.lublin.pl\/weterynaria\/wp-content\/uploads\/sites\/3\/2021\/08\/choroby-koni-2.pdf\">choroby koni 2<\/a><\/td>\n<\/tr>\n<tr style=\"height: 23px\">\n<td style=\"width: 61.0904%;height: 23px\"><span style=\"font-size: 12px;font-family: arial, helvetica, sans-serif\"><strong>Choroby zwierz\u0105t gospodarskich &#8211; blok 1<\/strong><\/span><\/td>\n<td style=\"width: 514.837%;height: 23px;text-align: center\"><a href=\"https:\/\/up.lublin.pl\/weterynaria\/wp-content\/uploads\/sites\/3\/2021\/08\/M_WE-SEM8-CHZG1I-19_20.pdf\">M_WE SEM8 CHZG1I 19_20<\/a><\/td>\n<\/tr>\n<tr style=\"height: 23px\">\n<td style=\"width: 61.0904%;height: 23px\"><span style=\"font-size: 12px;font-family: arial, helvetica, sans-serif\"><strong>Praktyka kliniczna 1<\/strong><\/span><\/td>\n<td style=\"width: 514.837%;height: 23px;text-align: center\"><a href=\"https:\/\/up.lublin.pl\/weterynaria\/wp-content\/uploads\/sites\/3\/2021\/08\/praktyka-klin-1.pdf\">praktyka klin 1<\/a><\/td>\n<\/tr>\n<tr style=\"height: 23px\">\n<td style=\"width: 61.0904%;height: 23px\"><span style=\"font-size: 12px;font-family: arial, helvetica, sans-serif\"><strong>Praktyka w&nbsp;Inspekcji Weterynaryjnej 1<\/strong><\/span><\/td>\n<td style=\"width: 514.837%;height: 23px;text-align: center\"><span style=\"font-family: arial, helvetica, sans-serif;font-size: 12px\"><a href=\"https:\/\/up.lublin.pl\/weterynaria\/wp-content\/uploads\/sites\/3\/2021\/08\/praktyka-w-insp-1.pdf\">praktyka w&nbsp;insp 1<\/a><\/span><\/td>\n<\/tr>\n<tr style=\"height: 23px\">\n<td style=\"width: 575.927%;height: 23px;text-align: center\" colspan=\"2\"><span style=\"font-size: 12px;font-family: arial, helvetica, sans-serif\"><strong>SEMESTR\u00a0 IX<\/strong><\/span><\/td>\n<\/tr>\n<tr style=\"height: 23px\">\n<td style=\"width: 61.0904%;height: 23px\" width=\"282\"><span style=\"font-size: 12px;font-family: arial, helvetica, sans-serif\"><strong>Choroby zwierz\u0105t gospodarskich &#8211; blok 2<\/strong><\/span><\/td>\n<td style=\"width: 514.837%;height: 23px;text-align: center\"><span style=\"font-size: 12px;font-family: arial, helvetica, sans-serif\"><a href=\"https:\/\/up.lublin.pl\/weterynaria\/wp-content\/uploads\/sites\/3\/2021\/08\/choroby-zw.-gospodarskich-2.pdf\">choroby zw. gospodarskich 2<\/a><\/span><\/td>\n<\/tr>\n<tr style=\"height: 23px\">\n<td style=\"width: 61.0904%;height: 23px\"><span style=\"font-size: 12px;font-family: arial, helvetica, sans-serif\"><strong>Dietetyka weterynaryjna<\/strong><\/span><\/td>\n<td style=\"width: 514.837%;height: 23px;text-align: center\"><a href=\"https:\/\/up.lublin.pl\/weterynaria\/wp-content\/uploads\/sites\/3\/2021\/08\/dietetyka.pdf\">dietetyka<\/a><\/td>\n<\/tr>\n<tr style=\"height: 23px\">\n<td style=\"width: 61.0904%;height: 23px\"><span style=\"font-size: 12px;font-family: arial, helvetica, sans-serif\"><strong>Choroby ptak\u00f3w 1<\/strong><\/span><\/td>\n<td style=\"width: 514.837%;height: 23px;text-align: center\"><a href=\"https:\/\/up.lublin.pl\/weterynaria\/wp-content\/uploads\/sites\/3\/2021\/08\/choroby-ptakow-1.pdf\">choroby ptak\u00f3w 1<\/a><\/td>\n<\/tr>\n<tr style=\"height: 23px\">\n<td style=\"width: 61.0904%;height: 23px\"><span style=\"font-size: 12px;font-family: arial, helvetica, sans-serif\"><strong>Andrologia i&nbsp;unasiennianie<\/strong><\/span><\/td>\n<td style=\"width: 514.837%;height: 23px;text-align: center\"><a href=\"https:\/\/up.lublin.pl\/weterynaria\/wp-content\/uploads\/sites\/3\/2021\/08\/andrologia.pdf\">andrologia<\/a><\/td>\n<\/tr>\n<tr style=\"height: 23px\">\n<td style=\"width: 61.0904%;height: 23px\"><span style=\"font-size: 12px;font-family: arial, helvetica, sans-serif\"><strong>Prewencja weterynaryjna 1<\/strong><\/span><\/td>\n<td style=\"width: 514.837%;height: 23px;text-align: center\"><span style=\"font-size: 12px;font-family: arial, helvetica, sans-serif\"><a href=\"https:\/\/up.lublin.pl\/weterynaria\/wp-content\/uploads\/sites\/3\/2021\/07\/M_WE_SEM9-PREW-1-2019-20.pdf\">M_WE_SEM9 PREW 1 2019-20<\/a><\/span><\/td>\n<\/tr>\n<tr style=\"height: 23px\">\n<td style=\"width: 61.0904%;height: 23px\"><span style=\"font-size: 12px;font-family: arial, helvetica, sans-serif\"><strong>Choroby ps\u00f3w i&nbsp;kot\u00f3w &#8211; blok 1<\/strong><\/span><\/td>\n<td style=\"width: 514.837%;height: 23px;text-align: center\">\u00a0<\/td>\n<\/tr>\n<tr style=\"height: 23px\">\n<td style=\"width: 61.0904%;height: 23px\"><span style=\"font-size: 12px;font-family: arial, helvetica, sans-serif\"><strong>Higiena produkt\u00f3w pochodzenia zwierz\u0119cego 1<\/strong><\/span><\/td>\n<td style=\"width: 514.837%;height: 23px;text-align: center\"><a href=\"https:\/\/up.lublin.pl\/weterynaria\/wp-content\/uploads\/sites\/3\/2021\/08\/M_WE_SEM9-HPPZ-1-3.pdf\">M_WE_SEM9 HPPZ 1<\/a><\/td>\n<\/tr>\n<tr style=\"height: 23px\">\n<td style=\"width: 61.0904%;height: 23px\"><span style=\"font-size: 12px;font-family: arial, helvetica, sans-serif\"><strong>Weterynaria s\u0105dowa<\/strong><\/span><\/td>\n<td style=\"width: 514.837%;height: 23px;text-align: center\"><a href=\"https:\/\/up.lublin.pl\/weterynaria\/wp-content\/uploads\/sites\/3\/2021\/08\/weterynaria-sadowa.pdf\">weterynaria s\u0105dowa<\/a><\/td>\n<\/tr>\n<tr style=\"height: 23px\">\n<td style=\"width: 575.927%;height: 23px;text-align: center\" colspan=\"2\"><span style=\"font-size: 12px;font-family: arial, helvetica, sans-serif\"><strong>SEMESTR X<\/strong><\/span><\/td>\n<\/tr>\n<tr style=\"height: 23px\">\n<td style=\"width: 61.0904%;height: 23px\" width=\"282\"><span style=\"font-size: 12px;font-family: arial, helvetica, sans-serif\"><strong>Prewencja weterynaryjna 2<\/strong><\/span><\/td>\n<td style=\"width: 514.837%;height: 23px;text-align: center\"><a href=\"https:\/\/up.lublin.pl\/weterynaria\/wp-content\/uploads\/sites\/3\/2021\/08\/prewencja-2.pdf\">prewencja 2<\/a><\/td>\n<\/tr>\n<tr style=\"height: 23px\">\n<td style=\"width: 61.0904%;height: 23px\"><span style=\"font-size: 12px;font-family: arial, helvetica, sans-serif\"><strong>Choroby ps\u00f3w i&nbsp;kot\u00f3w &#8211; blok 2<\/strong><\/span><\/td>\n<td style=\"width: 514.837%;height: 23px;text-align: center\">\u00a0<\/td>\n<\/tr>\n<tr style=\"height: 23px\">\n<td style=\"width: 61.0904%;height: 23px\"><span style=\"font-size: 12px;font-family: arial, helvetica, sans-serif\"><strong>Higiena produkt\u00f3w pochodzenia zwierz\u0119cego 2<\/strong><\/span><\/td>\n<td style=\"width: 514.837%;height: 23px;text-align: center\"><a href=\"https:\/\/up.lublin.pl\/weterynaria\/wp-content\/uploads\/sites\/3\/2021\/08\/M_WE_SEM10-HPPZ-2-.pdf\">M_WE_SEM10 HPPZ 2<\/a><\/td>\n<\/tr>\n<tr style=\"height: 23px\">\n<td style=\"width: 61.0904%;height: 23px\"><span style=\"font-size: 12px;font-family: arial, helvetica, sans-serif\"><strong>Choroby ptak\u00f3w 2<\/strong><\/span><\/td>\n<td style=\"width: 514.837%;height: 23px;text-align: center\"><a href=\"https:\/\/up.lublin.pl\/weterynaria\/wp-content\/uploads\/sites\/3\/2021\/08\/choroby-ptakow-2.pdf\">choroby ptak\u00f3w 2<\/a><\/td>\n<\/tr>\n<tr style=\"height: 23px\">\n<td style=\"width: 61.0904%;height: 23px\"><span style=\"font-size: 12px;font-family: arial, helvetica, sans-serif\"><strong>Choroby zwierz\u0105t gospodarskich &#8211; sta\u017c 1<\/strong><\/span><\/td>\n<td style=\"width: 514.837%;height: 23px;text-align: center\"><a href=\"https:\/\/up.lublin.pl\/weterynaria\/wp-content\/uploads\/sites\/3\/2021\/08\/ch.-zw.-gosp.-staz-1.pdf\">ch. zw. gosp. sta\u017c 1<\/a><\/td>\n<\/tr>\n<tr style=\"height: 23px\">\n<td style=\"width: 61.0904%;height: 23px\"><span style=\"font-size: 12px\"><strong><span style=\"font-family: arial, helvetica, sans-serif\">Choroby koni &#8211; sta\u017c 1<\/span><\/strong><\/span><\/td>\n<td style=\"width: 514.837%;height: 23px;text-align: center\"><span style=\"font-size: 12px\"><a href=\"https:\/\/up.lublin.pl\/weterynaria\/wp-content\/uploads\/sites\/3\/2021\/08\/ch.-koni-staz-1.pdf\">ch. koni sta\u017c 1<\/a><\/span><\/td>\n<\/tr>\n<tr style=\"height: 23px\">\n<td style=\"width: 61.0904%;height: 23px\"><span style=\"font-size: 12px\"><strong><span style=\"font-family: arial, helvetica, sans-serif\">Choroby ps\u00f3w i&nbsp;kot\u00f3w &#8211; sta\u017c 1<\/span><\/strong><\/span><\/td>\n<td style=\"width: 514.837%;height: 23px;text-align: center\">\u00a0<\/td>\n<\/tr>\n<tr style=\"height: 23px\">\n<td style=\"width: 61.0904%;height: 23px\"><span style=\"font-size: 12px\"><strong><span style=\"font-family: arial, helvetica, sans-serif\">Praktyka w&nbsp;Inspekcji Weterynaryjnej 2<\/span><\/strong><\/span><\/td>\n<td style=\"width: 514.837%;height: 23px;text-align: center\"><a href=\"https:\/\/up.lublin.pl\/weterynaria\/wp-content\/uploads\/sites\/3\/2021\/08\/praktyka-w-insp.-2.pdf\">praktyka w&nbsp;insp. 2<\/a><\/td>\n<\/tr>\n<tr style=\"height: 23px\">\n<td style=\"width: 61.0904%;height: 23px\"><span style=\"font-size: 12px\"><strong><span style=\"font-family: arial, helvetica, sans-serif\">Praktyka kliniczna 2<\/span><\/strong><\/span><\/td>\n<td style=\"width: 514.837%;height: 23px;text-align: center\"><a href=\"https:\/\/up.lublin.pl\/weterynaria\/wp-content\/uploads\/sites\/3\/2021\/08\/praktyka-klin-2.pdf\">praktyka klin 2<\/a><\/td>\n<\/tr>\n<tr style=\"height: 23px\">\n<td style=\"width: 61.0904%;height: 23px\">\u00a0<\/td>\n<td style=\"width: 514.837%;height: 23px;text-align: center\">\u00a0<\/td>\n<\/tr>\n<tr style=\"height: 23px\">\n<td style=\"width: 575.927%;height: 23px;text-align: center\" colspan=\"2\"><span style=\"font-size: 12px\"><strong><span style=\"font-family: arial, helvetica, sans-serif\">SEMESTR XI<\/span><\/strong><\/span><\/td>\n<\/tr>\n<tr style=\"height: 23px\">\n<td style=\"width: 61.0904%;height: 23px\"><span style=\"font-size: 12px\"><strong><span style=\"font-family: arial, helvetica, sans-serif\">Administracja i&nbsp;ustawodawstwo weterynaryjne<\/span><\/strong><\/span><\/td>\n<td style=\"width: 514.837%;height: 23px;text-align: center\"><a href=\"https:\/\/up.lublin.pl\/weterynaria\/wp-content\/uploads\/sites\/3\/2021\/08\/administracja-i-ustawodawstwo-wet..pdf\">administracja i&nbsp;ustawodawstwo wet.<\/a><\/td>\n<\/tr>\n<tr style=\"height: 46px\">\n<td style=\"width: 61.0904%;height: 46px\"><span style=\"font-size: 12px\"><strong><span style=\"font-family: arial, helvetica, sans-serif\">Choroby zwierz\u0105t nieudomowionych krajowych i&nbsp;egzotycznych<\/span><\/strong><\/span><\/td>\n<td style=\"width: 514.837%;height: 46px;text-align: center\"><span style=\"font-size: 12px\"><a href=\"https:\/\/up.lublin.pl\/weterynaria\/wp-content\/uploads\/sites\/3\/2021\/08\/ch.-zw.-nieudomowionych.pdf\">ch. zw. nieudomowionych<\/a><\/span><\/td>\n<\/tr>\n<tr style=\"height: 23px\">\n<td style=\"width: 61.0904%;height: 23px\" width=\"282\"><span style=\"font-size: 12px\"><strong><span style=\"font-family: arial, helvetica, sans-serif\">Choroby zwierz\u0105t gospodarskich &#8211; sta\u017c 2<\/span><\/strong><\/span><\/td>\n<td style=\"width: 514.837%;height: 23px;text-align: center\"><a href=\"https:\/\/up.lublin.pl\/weterynaria\/wp-content\/uploads\/sites\/3\/2021\/08\/ch.-zw.-gosp.-staz-2.pdf\">ch. zw. gosp. sta\u017c 2<\/a><\/td>\n<\/tr>\n<tr style=\"height: 23px\">\n<td style=\"width: 61.0904%;height: 23px\"><span style=\"font-size: 12px\"><strong><span style=\"font-family: arial, helvetica, sans-serif\">Choroby koni &#8211; sta\u017c 2<\/span><\/strong><\/span><\/td>\n<td style=\"width: 514.837%;height: 23px;text-align: center\"><a href=\"https:\/\/up.lublin.pl\/weterynaria\/wp-content\/uploads\/sites\/3\/2021\/08\/ch.-koni-staz-2.pdf\">ch. koni sta\u017c 2<\/a><\/td>\n<\/tr>\n<tr style=\"height: 23px\">\n<td style=\"width: 61.0904%;height: 23px\"><span style=\"font-size: 12px\"><strong><span style=\"font-family: arial, helvetica, sans-serif\">Choroby ps\u00f3w i&nbsp;kot\u00f3w &#8211; sta\u017c 2<\/span><\/strong><\/span><\/td>\n<td style=\"width: 514.837%;height: 23px;text-align: center\">\u00a0<\/td>\n<\/tr>\n<tr style=\"height: 23px\">\n<td style=\"width: 61.0904%;height: 23px\"><span style=\"font-size: 12px;font-family: arial, helvetica, sans-serif\"><strong>Choroby ptak\u00f3w &#8211; sta\u017c\u00a0<\/strong><\/span><\/td>\n<td style=\"width: 514.837%;height: 23px;text-align: center\"><a href=\"https:\/\/up.lublin.pl\/weterynaria\/wp-content\/uploads\/sites\/3\/2021\/08\/ch.-ptakow-staz.pdf\">ch. ptak\u00f3w sta\u017c<\/a><\/td>\n<\/tr>\n<\/tbody>\n<\/table>\n<p><span style=\"font-size: 14px;font-family: arial, helvetica, sans-serif\"><strong>PRZEDMIOTY DO WYBORU\u00a0<\/strong><\/span><\/p>\n<table style=\"height: 345px;width: 100%;border-collapse: collapse\" border=\"3\" cellspacing=\"0\">\n<tbody>\n<tr style=\"height: 24px\">\n<td style=\"width: 99.9999%;height: 5px;text-align: center\" colspan=\"3\"><span style=\"font-size: 12px;font-family: arial, helvetica, sans-serif\"><strong>SEMESTR\u00a0 V<\/strong><\/span><\/td>\n<\/tr>\n<tr style=\"height: 24px\">\n<td style=\"width: 26.1791%;height: 35px;vertical-align: middle\" rowspan=\"5\"><span style=\"font-size: 12px;font-family: arial, helvetica, sans-serif\"><strong>\u00a0<br \/>\u00a0\u00a0PRZEDMIOT DO WYBORU &#8211; BLOK D\u00a0\u00a0<\/strong><\/span><\/td>\n<td style=\"width: 38.4325%;height: 10px\"><span style=\"font-size: 12px;font-family: arial, helvetica, sans-serif\"><strong>Modyfikacje genetyczne i&nbsp;terapia genowa<\/strong><\/span><\/td>\n<td style=\"width: 35.3883%;height: 10px;text-align: center\"><span style=\"font-size: 12px;font-family: arial, helvetica, sans-serif\"><strong><a href=\"https:\/\/up.lublin.pl\/weterynaria\/wp-content\/uploads\/sites\/3\/2021\/07\/M_WE_SEM5-PW-1D-2D-MOD-GEN.pdf\">M_WE_SEM5 PW 1D-2D MOD GEN<\/a><\/strong><\/span><\/td>\n<\/tr>\n<tr style=\"height: 24px\">\n<td style=\"width: 38.4325%;height: 5px\"><span style=\"font-size: 12px;font-family: arial, helvetica, sans-serif\"><strong>Marketing i&nbsp;zarz\u0105dzanie<\/strong><\/span><\/td>\n<td style=\"width: 35.3883%;height: 5px;text-align: center\"><span style=\"font-size: 12px;font-family: arial, helvetica, sans-serif\"><strong><a href=\"https:\/\/up.lublin.pl\/weterynaria\/wp-content\/uploads\/sites\/3\/2021\/07\/M_WE_SEM5-PW-1D-2D-MARKET.pdf\">M_WE_SEM5 PW 1D-2D MARKET<\/a><\/strong><\/span><\/td>\n<\/tr>\n<tr style=\"height: 24px\">\n<td style=\"width: 38.4325%;height: 10px\"><span style=\"font-size: 12px;font-family: arial, helvetica, sans-serif\"><strong>Biomateria\u0142y<\/strong><\/span><\/td>\n<td style=\"width: 35.3883%;height: 10px;text-align: center\"><a href=\"https:\/\/up.lublin.pl\/weterynaria\/wp-content\/uploads\/sites\/3\/2021\/08\/M_WE_SEM5-PW-1D-2D-BIOMAT-1.pdf\">M_WE_SEM5 PW 1D-2D BIOMAT<\/a><\/td>\n<\/tr>\n<tr style=\"height: 24px\">\n<td style=\"width: 38.4325%;height: 5px\"><span style=\"font-size: 12px;font-family: arial, helvetica, sans-serif\"><strong>Ch\u00f3w i&nbsp;choroby ptak\u00f3w bezgrzebieniowych<\/strong><\/span><\/td>\n<td style=\"width: 35.3883%;height: 5px;text-align: center\"><a href=\"https:\/\/up.lublin.pl\/weterynaria\/wp-content\/uploads\/sites\/3\/2021\/08\/M_WE_SEM5-PW-1D-2D-CHCHPBEZ-1.pdf\">M_WE_SEM5 PW 1D-2D CHCHPBEZ<\/a><\/td>\n<\/tr>\n<tr style=\"height: 24px\">\n<td style=\"width: 38.4325%;height: 5px\"><span style=\"font-size: 12px;font-family: arial, helvetica, sans-serif\"><strong>Podstawy teorii prawa<\/strong><\/span><\/td>\n<td style=\"width: 35.3883%;height: 5px;text-align: center\"><span style=\"font-size: 12px;font-family: arial, helvetica, sans-serif\"><strong><a href=\"https:\/\/up.lublin.pl\/weterynaria\/wp-content\/uploads\/sites\/3\/2021\/07\/M_WE_SEM5-PW-1D2D-PODST-PRAW-19-20.pdf\">M_WE_SEM5 PW 1D2D PODST PRAW 19 &#8211; 20<\/a><\/strong><\/span><\/td>\n<\/tr>\n<tr style=\"height: 24px\">\n<td style=\"height: 10px;text-align: center;width: 99.9999%\" colspan=\"3\"><span style=\"font-size: 12px;font-family: arial, helvetica, sans-serif\"><strong> SEMESTR\u00a0 VII<br \/><\/strong><\/span><\/td>\n<\/tr>\n<tr style=\"height: 24px\">\n<td style=\"width: 26.1791%;height: 40px;vertical-align: middle\" rowspan=\"6\"><span style=\"font-size: 12px;font-family: arial, helvetica, sans-serif\"><strong>\u00a0PRZEDMIOT DO WYBORU &#8211; BLOK E<\/strong><\/span><\/td>\n<td style=\"width: 38.4325%;height: 5px\"><span style=\"font-size: 12px;font-family: arial, helvetica, sans-serif\"><strong>Farmakologia kliniczna<\/strong><\/span><\/td>\n<td style=\"width: 35.3883%;height: 5px;text-align: center\"><a href=\"https:\/\/up.lublin.pl\/weterynaria\/wp-content\/uploads\/sites\/3\/2021\/08\/farmakologia-klinicza.pdf\">farmakologia klinicza<\/a><\/td>\n<\/tr>\n<tr style=\"height: 23px\">\n<td style=\"width: 38.4325%;height: 5px\"><span style=\"font-size: 12px;font-family: arial, helvetica, sans-serif\"><strong>Substancje i&nbsp;surowce pochodzenia ro\u015blinnego w&nbsp;profilaktyce i&nbsp;terapii zwierz\u0105t<\/strong><\/span><\/td>\n<td style=\"width: 35.3883%;height: 5px;text-align: center\"><a href=\"https:\/\/up.lublin.pl\/weterynaria\/wp-content\/uploads\/sites\/3\/2021\/08\/subs.-i-sur-poch.-roslinnego-w-profilaktyce-i-terapii.pdf\">subs. i&nbsp;sur poch. ro\u015blinnego w&nbsp;profilaktyce i&nbsp;terapii<\/a><\/td>\n<\/tr>\n<tr style=\"height: 23px\">\n<td style=\"width: 38.4325%;height: 5px\" width=\"298\"><span style=\"font-size: 12px;font-family: arial, helvetica, sans-serif\"><strong>Zaburzenia behawioralne u&nbsp;ps\u00f3w i&nbsp;kot\u00f3w<\/strong><\/span><\/td>\n<td style=\"width: 35.3883%;height: 5px;text-align: center\"><a href=\"https:\/\/up.lublin.pl\/weterynaria\/wp-content\/uploads\/sites\/3\/2021\/08\/zaburzenia-behawioralne-u-psow-i-kotow.pdf\">zaburzenia behawioralne u&nbsp;ps\u00f3w i&nbsp;kot\u00f3w<\/a><\/td>\n<\/tr>\n<tr style=\"height: 23px\">\n<td style=\"width: 38.4325%;height: 10px\" width=\"298\"><span style=\"font-size: 12px;font-family: arial, helvetica, sans-serif\"><strong>Transformacje nowotworowe u&nbsp;zwierz\u0105t<\/strong><\/span><\/td>\n<td style=\"width: 35.3883%;height: 10px;text-align: center\"><span style=\"font-size: 12px;font-family: arial, helvetica, sans-serif\"><strong><a href=\"https:\/\/up.lublin.pl\/weterynaria\/wp-content\/uploads\/sites\/3\/2021\/07\/M_WE_SEM7-PW-1E-2E-TRANSF-NOW.pdf\">M_WE_SEM7 PW 1E-2E TRANSF NOW<\/a><\/strong><\/span><\/td>\n<\/tr>\n<tr style=\"height: 26px\">\n<td style=\"width: 38.4325%;height: 5px\"><span style=\"font-size: 12px;font-family: arial, helvetica, sans-serif\"><strong>Pierwszy kontakt z&nbsp;pacjentem w&nbsp;gabinecie ma\u0142ych zwierz\u0105t<\/strong><\/span><\/td>\n<td style=\"width: 35.3883%;height: 5px;text-align: center\"><span style=\"font-size: 12px;font-family: arial, helvetica, sans-serif\"><strong><a href=\"https:\/\/up.lublin.pl\/weterynaria\/wp-content\/uploads\/sites\/3\/2021\/07\/M_WE_SEM7-PW-1E2E-PKONT-19-20.pdf\">M_WE_SEM7 PW 1E2E PKONT 19-20<\/a><\/strong><\/span><\/td>\n<\/tr>\n<tr style=\"height: 23px\">\n<td style=\"width: 38.4325%;height: 10px\"><span style=\"font-size: 12px;font-family: arial, helvetica, sans-serif\"><strong>Hematologia weterynaryjna<\/strong><\/span><\/td>\n<td style=\"width: 35.3883%;height: 10px;text-align: center\"><a href=\"https:\/\/up.lublin.pl\/weterynaria\/wp-content\/uploads\/sites\/3\/2021\/08\/hematologia-laboratoryjna.pdf\">hematologia laboratoryjna<\/a><\/td>\n<\/tr>\n<tr style=\"height: 23px\">\n<td style=\"width: 99.9999%;height: 5px;text-align: center\" colspan=\"3\"><span style=\"font-size: 12px;font-family: arial, helvetica, sans-serif\"><strong>SEMESTR\u00a0 VIII<\/strong><\/span><\/td>\n<\/tr>\n<tr style=\"height: 23px\">\n<td style=\"width: 26.1791%;height: 35px;vertical-align: middle\" rowspan=\"5\"><span style=\"font-size: 12px;font-family: arial, helvetica, sans-serif\"><strong>PRZEDMIOT DO WYBORU &#8211; BLOK F<\/strong><\/span><\/td>\n<td style=\"width: 38.4325%;height: 5px\" width=\"298\"><span style=\"font-size: 12px;font-family: arial, helvetica, sans-serif\"><strong>Praktyczne aspekty racjonalnej antybiotykoterapii u&nbsp;zwierz\u0105t<\/strong><\/span><\/td>\n<td style=\"width: 35.3883%;height: 5px;text-align: center\"><a href=\"https:\/\/up.lublin.pl\/weterynaria\/wp-content\/uploads\/sites\/3\/2021\/08\/praktyczne-aspekty-racjonalnej-antybiotykoterapii.pdf\">praktyczne aspekty racjonalnej antybiotykoterapii<\/a><\/td>\n<\/tr>\n<tr style=\"height: 23px\">\n<td style=\"width: 38.4325%;height: 10px\"><span style=\"font-size: 12px;font-family: arial, helvetica, sans-serif\"><strong>Choroby bezkr\u0119gowc\u00f3w wodnych<\/strong><\/span><\/td>\n<td style=\"width: 35.3883%;height: 10px;text-align: center\"><a href=\"https:\/\/up.lublin.pl\/weterynaria\/wp-content\/uploads\/sites\/3\/2021\/08\/ch.-bezkregowcow-wodnych.pdf\">ch. bezkr\u0119gowc\u00f3w wodnych<\/a><\/td>\n<\/tr>\n<tr style=\"height: 23px\">\n<td style=\"width: 38.4325%;height: 5px\"><span style=\"font-size: 12px;font-family: arial, helvetica, sans-serif\"><strong>Choroby zwierz\u0105t laboratoryjnych<\/strong><\/span><\/td>\n<td style=\"width: 35.3883%;height: 5px;text-align: center\"><a href=\"https:\/\/up.lublin.pl\/weterynaria\/wp-content\/uploads\/sites\/3\/2021\/08\/choroby-zwierzat-laboratoryjnych.pdf\">choroby zwierz\u0105t laboratoryjnych<\/a><\/td>\n<\/tr>\n<tr style=\"height: 23px\">\n<td style=\"width: 38.4325%;height: 5px\"><span style=\"font-size: 12px;font-family: arial, helvetica, sans-serif\"><strong>Mykologia weterynaryjna<\/strong><\/span><\/td>\n<td style=\"width: 35.3883%;height: 5px;text-align: center\"><a href=\"https:\/\/up.lublin.pl\/weterynaria\/wp-content\/uploads\/sites\/3\/2021\/08\/mykologia-weterynaryjna.pdf\">mykologia weterynaryjna<\/a><\/td>\n<\/tr>\n<tr style=\"height: 23px\">\n<td style=\"width: 38.4325%;height: 10px\"><span style=\"font-size: 12px;font-family: arial, helvetica, sans-serif\"><strong>Ma\u0142e ssaki &#8211; patologia i&nbsp;terapia<\/strong><\/span><\/td>\n<td style=\"width: 35.3883%;height: 10px;text-align: center\"><a href=\"https:\/\/up.lublin.pl\/weterynaria\/wp-content\/uploads\/sites\/3\/2021\/08\/male-ssaki-patologia-i-terapia.pdf\">ma\u0142e ssaki &#8211; patologia i&nbsp;terapia<\/a><\/td>\n<\/tr>\n<tr style=\"height: 23px\">\n<td style=\"width: 99.9999%;height: 5px;text-align: center\" colspan=\"3\"><span style=\"font-size: 12px;font-family: arial, helvetica, sans-serif\"><strong>SEMESTR\u00a0 IX<br \/><\/strong><\/span><\/td>\n<\/tr>\n<tr style=\"height: 23px\">\n<td style=\"width: 26.1791%;height: 40px;vertical-align: middle\" rowspan=\"5\"><span style=\"font-size: 12px;font-family: arial, helvetica, sans-serif\"><strong>PRZEDMIOT DO WYBORU &#8211; BLOK G<\/strong><\/span><\/td>\n<td style=\"width: 38.4325%;height: 10px\" width=\"298\"><span style=\"font-size: 12px;font-family: arial, helvetica, sans-serif\"><strong>Diagnostyka obrazowa zwierz\u0105t egzotycznych\u00a0<\/strong><\/span><\/td>\n<td style=\"width: 35.3883%;height: 10px;text-align: center\"><a href=\"https:\/\/up.lublin.pl\/weterynaria\/wp-content\/uploads\/sites\/3\/2021\/08\/diagnostyka-obrazowa-zwierzat-egzotycznych.pdf\">diagnostyka obrazowa zwierz\u0105t egzotycznych<\/a><\/td>\n<\/tr>\n<tr style=\"height: 23px\">\n<td style=\"width: 38.4325%;height: 10px\"><span style=\"font-size: 12px;font-family: arial, helvetica, sans-serif\"><strong>Laboratoryjna analiza toksykologiczna<\/strong><\/span><\/td>\n<td style=\"width: 35.3883%;height: 10px;text-align: center\"><span style=\"font-size: 12px;font-family: arial, helvetica, sans-serif\"><strong><a href=\"https:\/\/up.lublin.pl\/weterynaria\/wp-content\/uploads\/sites\/3\/2021\/07\/M_WE_SEM9-PW-1G-2G-LAB-TOKS.pdf\">M_WE_SEM9 PW 1G-2G LAB TOKS<\/a><\/strong><\/span><\/td>\n<\/tr>\n<tr style=\"height: 23px\">\n<td style=\"width: 38.4325%;height: 5px\"><span style=\"font-size: 12px;font-family: arial, helvetica, sans-serif\"><strong>Pomoc dora\u017ana w&nbsp;stanach zagro\u017cenia \u017cycia zwierz\u0105t<\/strong><\/span><\/td>\n<td style=\"width: 35.3883%;height: 5px;text-align: center\"><a href=\"https:\/\/up.lublin.pl\/weterynaria\/wp-content\/uploads\/sites\/3\/2021\/08\/pomoc-dorazna-w-stanach-zagrozenia-zycia-zw.pdf\">pomoc dora\u017ana w&nbsp;stanach zagro\u017cenia \u017cycia zw<\/a><\/td>\n<\/tr>\n<tr style=\"height: 23px\">\n<td style=\"width: 38.4325%;height: 5px\"><span style=\"font-size: 12px;font-family: arial, helvetica, sans-serif\"><strong>Neurologia kliniczna i&nbsp;neurochirurgia<\/strong><\/span><\/td>\n<td style=\"width: 35.3883%;height: 5px;text-align: center\"><a href=\"https:\/\/up.lublin.pl\/weterynaria\/wp-content\/uploads\/sites\/3\/2021\/08\/neurologia-kliniczna-i-neurochirurgia.pdf\">neurologia kliniczna i&nbsp;neurochirurgia<\/a><\/td>\n<\/tr>\n<tr style=\"height: 23px\">\n<td style=\"width: 38.4325%;height: 10px\"><span style=\"font-size: 12px;font-family: arial, helvetica, sans-serif\"><strong>Chirurgia eksperymentalna\u00a0<\/strong><\/span><\/td>\n<td style=\"width: 35.3883%;height: 10px;text-align: center\"><span style=\"font-size: 12px;font-family: arial, helvetica, sans-serif\"><strong><a href=\"https:\/\/up.lublin.pl\/weterynaria\/wp-content\/uploads\/sites\/3\/2021\/07\/SEM9-PW-1G-2G-CHIR-EKSP-2019-2020.pdf\">SEM9 PW 1G-2G CHIR EKSP 2019-2020<\/a><\/strong><\/span><\/td>\n<\/tr>\n<tr style=\"height: 23px\">\n<td style=\"width: 99.9999%;height: 5px;text-align: center\" colspan=\"3\"><span style=\"font-size: 12px;font-family: arial, helvetica, sans-serif\"><strong>SEMESTR\u00a0 X<br \/><\/strong><\/span><\/td>\n<\/tr>\n<tr style=\"height: 23px\">\n<td style=\"width: 26.1791%;height: 40px;vertical-align: middle\" rowspan=\"5\"><span style=\"font-size: 12px;font-family: arial, helvetica, sans-serif\"><strong>PRZEDMIOT DO WYBORU &#8211; BLOK H<\/strong><\/span><\/td>\n<td style=\"width: 38.4325%;height: 5px\" width=\"298\"><span style=\"font-size: 12px;font-family: arial, helvetica, sans-serif\"><strong>Chirurgia szcz\u0119kowa<\/strong><\/span><\/td>\n<td style=\"width: 35.3883%;height: 5px;text-align: center\"><span style=\"font-size: 12px;font-family: arial, helvetica, sans-serif\"><strong><a href=\"https:\/\/up.lublin.pl\/weterynaria\/wp-content\/uploads\/sites\/3\/2021\/07\/M_WE_SEM10-PW-1H-2H-CHIR-SZCZ.pdf\">M_WE_SEM10 PW 1H-2H CHIR SZCZ<\/a><\/strong><\/span><\/td>\n<\/tr>\n<tr style=\"height: 23px\">\n<td style=\"width: 38.4325%;height: 10px\"><span style=\"font-size: 12px;font-family: arial, helvetica, sans-serif\"><strong>Echokardiografia ps\u00f3w i&nbsp;kot\u00f3w w&nbsp;praktyce<\/strong><\/span><\/td>\n<td style=\"width: 35.3883%;height: 10px;text-align: center\"><span style=\"font-size: 12px;font-family: arial, helvetica, sans-serif\"><strong><a href=\"https:\/\/up.lublin.pl\/weterynaria\/wp-content\/uploads\/sites\/3\/2021\/08\/echokardiografia-psow-i-kotow-w-praktyce.pdf\">echokardiografia ps\u00f3w i&nbsp;kot\u00f3w w&nbsp;praktyce<\/a><\/strong><\/span><\/td>\n<\/tr>\n<tr style=\"height: 23px\">\n<td style=\"width: 38.4325%;height: 10px\"><span style=\"font-size: 12px;font-family: arial, helvetica, sans-serif\"><strong>Endokrynologia kliniczna<\/strong><\/span><\/td>\n<td style=\"width: 35.3883%;height: 10px;text-align: center\"><a href=\"https:\/\/up.lublin.pl\/weterynaria\/wp-content\/uploads\/sites\/3\/2021\/08\/endokrynologia-kliniczna.pdf\">endokrynologia kliniczna<\/a><\/td>\n<\/tr>\n<tr style=\"height: 23px\">\n<td style=\"width: 38.4325%;height: 10px\"><span style=\"font-size: 12px;font-family: arial, helvetica, sans-serif\"><strong>Geriatria weterynaryjna<\/strong><\/span><\/td>\n<td style=\"width: 35.3883%;height: 10px;text-align: center\"><a href=\"https:\/\/up.lublin.pl\/weterynaria\/wp-content\/uploads\/sites\/3\/2021\/08\/geriatria-weterynaryjna.pdf\">geriatria weterynaryjna<\/a><\/td>\n<\/tr>\n<tr style=\"height: 23px\">\n<td style=\"width: 38.4325%;height: 5px\"><span style=\"font-size: 12px;font-family: arial, helvetica, sans-serif\"><strong>Diagnostyka cytomorfologiczna w&nbsp;patologii weterynaryjnej<\/strong><\/span><\/td>\n<td style=\"width: 35.3883%;height: 5px;text-align: center\"><span style=\"font-size: 12px;font-family: arial, helvetica, sans-serif\"><strong><a href=\"https:\/\/up.lublin.pl\/weterynaria\/wp-content\/uploads\/sites\/3\/2021\/07\/M_WE_SEM10-PW-1H2HDIAG-CYTO-2019-2020.pdf\">M_WE_SEM10 PW 1H2HDIAG CYTO 2019-2020<\/a><\/strong><\/span><\/td>\n<\/tr>\n<tr style=\"height: 23px\">\n<td style=\"width: 99.9999%;vertical-align: middle;height: 23px;text-align: center\" colspan=\"3\"><span style=\"font-size: 12px;font-family: arial, helvetica, sans-serif\"><strong>SEMESTR\u00a0 XI<\/strong><\/span><\/td>\n<\/tr>\n<tr style=\"height: 23px\">\n<td style=\"width: 26.1791%;height: 37px;vertical-align: middle\" rowspan=\"5\"><span style=\"font-size: 12px;font-family: arial, helvetica, sans-serif\"><strong>PRZEDMIOT DO WYBORU &#8211; BLOK I<\/strong><\/span><\/td>\n<td style=\"width: 38.4325%;height: 10px\" width=\"298\"><span style=\"font-size: 12px;font-family: arial, helvetica, sans-serif\"><strong>Pediatria z&nbsp;elementami behawioru ma\u0142ych zwierz\u0105t<\/strong><\/span><\/td>\n<td style=\"width: 35.3883%;height: 10px;text-align: center\"><a href=\"https:\/\/up.lublin.pl\/weterynaria\/wp-content\/uploads\/sites\/3\/2021\/08\/pediatria-z-elementami-behawioru-malych-zwierzat.pdf\">pediatria z&nbsp;elementami behawioru ma\u0142ych zwierz\u0105t<\/a><\/td>\n<\/tr>\n<tr style=\"height: 23px\">\n<td style=\"width: 38.4325%;height: 12px\"><span style=\"font-size: 12px;font-family: arial, helvetica, sans-serif\"><strong>Analityka kliniczna chor\u00f3b ps\u00f3w i&nbsp;kot\u00f3w<\/strong><\/span><\/td>\n<td style=\"width: 35.3883%;height: 12px;text-align: center\"><a href=\"https:\/\/up.lublin.pl\/weterynaria\/wp-content\/uploads\/sites\/3\/2021\/08\/analityka-kliniczna-psow-i-kotow.pdf\">analityka kliniczna ps\u00f3w i&nbsp;kot\u00f3w<\/a><\/td>\n<\/tr>\n<tr style=\"height: 23px\">\n<td style=\"width: 38.4325%;height: 5px\"><span style=\"font-size: 12px;font-family: arial, helvetica, sans-serif\"><strong>Diagnostyka endoskopowa<\/strong><\/span><\/td>\n<td style=\"width: 35.3883%;height: 5px;text-align: center\"><a href=\"https:\/\/up.lublin.pl\/weterynaria\/wp-content\/uploads\/sites\/3\/2021\/08\/diagnostyka-endoskopowa.pdf\">diagnostyka endoskopowa<\/a><\/td>\n<\/tr>\n<tr style=\"height: 23px\">\n<td style=\"width: 38.4325%;height: 5px\"><span style=\"font-size: 12px;font-family: arial, helvetica, sans-serif\"><strong>Choroby ptak\u00f3w ozdobnych<\/strong><\/span><\/td>\n<td style=\"width: 35.3883%;height: 5px;text-align: center\"><a href=\"https:\/\/up.lublin.pl\/weterynaria\/wp-content\/uploads\/sites\/3\/2021\/08\/ch.-ptakow-ozdobnych.pdf\">ch. ptak\u00f3w ozdobnych<\/a><\/td>\n<\/tr>\n<tr style=\"height: 23px\">\n<td style=\"width: 38.4325%;height: 5px\"><span style=\"font-size: 12px;font-family: arial, helvetica, sans-serif\"><strong>Elektrokardiografia weterynaryjna<\/strong><\/span><\/td>\n<td style=\"width: 35.3883%;height: 5px;text-align: center\"><a href=\"https:\/\/up.lublin.pl\/weterynaria\/wp-content\/uploads\/sites\/3\/2021\/08\/elektrokardiografia-weterynaryjna.pdf\">elektrokardiografia weterynaryjna<\/a><\/td>\n<\/tr>\n<tr style=\"height: 10px\">\n<td style=\"width: 26.1791%;height: 35px;vertical-align: middle\" rowspan=\"5\"><span style=\"font-size: 12px;font-family: arial, helvetica, sans-serif\"><strong>PRZEDMIOT DO WYBORU &#8211; BLOK J<\/strong><\/span><\/td>\n<td style=\"width: 38.4325%;height: 10px\" width=\"298\"><span style=\"font-size: 12px;font-family: arial, helvetica, sans-serif\"><strong>Radiologia kliniczna nag\u0142ych przypadk\u00f3w u&nbsp;ma\u0142ych zwierz\u0105t<\/strong><\/span><\/td>\n<td style=\"width: 35.3883%;height: 10px;text-align: center\"><span style=\"font-size: 12px;font-family: arial, helvetica, sans-serif\"><strong><a href=\"https:\/\/up.lublin.pl\/weterynaria\/wp-content\/uploads\/sites\/3\/2021\/07\/MWESEM11PW1J2J-RADIO-MZ-19-20.pdf\">MWESEM11PW1J2J RADIO MZ 19-20<\/a><\/strong><\/span><\/td>\n<\/tr>\n<tr style=\"height: 23px\">\n<td style=\"width: 38.4325%;height: 5px\"><span style=\"font-size: 12px;font-family: arial, helvetica, sans-serif\"><strong>Badanie USG w&nbsp;ostrych stanach klinicznych<\/strong><\/span><\/td>\n<td style=\"width: 35.3883%;height: 5px;text-align: center\"><span style=\"font-size: 12px;font-family: arial, helvetica, sans-serif\"><strong><a href=\"https:\/\/up.lublin.pl\/weterynaria\/wp-content\/uploads\/sites\/3\/2021\/07\/M_WE_SEM11-PW-1J-2J-USG-OSK-19-20.pdf\">M_WE_SEM11 PW 1J-2J USG OSK 19-20<\/a><\/strong><\/span><\/td>\n<\/tr>\n<tr style=\"height: 23px\">\n<td style=\"width: 38.4325%;height: 5px\"><span style=\"font-size: 12px;font-family: arial, helvetica, sans-serif\"><strong>Diagnostyka obrazowa w&nbsp;onkologii klinicznej<\/strong><\/span><\/td>\n<td style=\"width: 35.3883%;height: 5px;text-align: center\"><a href=\"https:\/\/up.lublin.pl\/weterynaria\/wp-content\/uploads\/sites\/3\/2021\/08\/diagnostyka-obrazowa-w-onkologi-klinicznej.pdf\">diagnostyka obrazowa w&nbsp;onkologi klinicznej<\/a><\/td>\n<\/tr>\n<tr style=\"height: 23px\">\n<td style=\"width: 38.4325%;height: 10px\"><span style=\"font-size: 12px;font-family: arial, helvetica, sans-serif\"><strong>Onkologia weterynaryjna<\/strong><\/span><\/td>\n<td style=\"width: 35.3883%;height: 10px;text-align: center\"><span style=\"font-size: 12px;font-family: arial, helvetica, sans-serif\"><strong><a href=\"https:\/\/up.lublin.pl\/weterynaria\/wp-content\/uploads\/sites\/3\/2021\/07\/M-WE-SEM11-PW-1J-2J-ONKOL-2019-20.pdf\">M WE SEM11 PW 1J-2J ONKOL 2019-20<\/a><\/strong><\/span><\/td>\n<\/tr>\n<tr style=\"height: 23px\">\n<td style=\"width: 38.4325%;height: 5px\"><span style=\"font-size: 12px;font-family: arial, helvetica, sans-serif\"><strong>Tomografia komputerowa w&nbsp;praktyce klinicznej<\/strong><\/span><\/td>\n<td style=\"width: 35.3883%;height: 5px;text-align: center\"><a href=\"https:\/\/up.lublin.pl\/weterynaria\/wp-content\/uploads\/sites\/3\/2021\/08\/tomografia-komputerowa-w-praktyce-klinicznej.pdf\">tomografia komputerowa w&nbsp;praktyce klinicznej<\/a><\/td>\n<\/tr>\n<tr style=\"height: 23px\">\n<td style=\"width: 26.1791%;height: 30px;vertical-align: middle\" rowspan=\"5\"><span style=\"font-size: 12px;font-family: arial, helvetica, sans-serif\"><strong>PRZEDMIOT DO WYBORU &#8211; BLOK K<\/strong><\/span><\/td>\n<td style=\"width: 38.4325%;height: 10px\" width=\"298\"><span style=\"font-size: 12px;font-family: arial, helvetica, sans-serif\"><strong>Analityka kliniczna chor\u00f3b zwierz\u0105t gosp. i&nbsp;koni<\/strong><\/span><\/td>\n<td style=\"width: 35.3883%;height: 10px;text-align: center\"><a href=\"https:\/\/up.lublin.pl\/weterynaria\/wp-content\/uploads\/sites\/3\/2021\/08\/analityka-kliniczna-ch.-zw.-gospodarskich-i-koni.pdf\">analityka kliniczna ch. zw. gospodarskich i&nbsp;koni<\/a><\/td>\n<\/tr>\n<tr style=\"height: 23px\">\n<td style=\"width: 38.4325%;height: 5px\"><span style=\"font-size: 12px;font-family: arial, helvetica, sans-serif\"><strong>Diagnostyka obrazowa koni<\/strong><\/span><\/td>\n<td style=\"width: 35.3883%;height: 5px;text-align: center\"><span style=\"font-size: 12px;font-family: arial, helvetica, sans-serif\"><strong><a href=\"https:\/\/up.lublin.pl\/weterynaria\/wp-content\/uploads\/sites\/3\/2021\/07\/M_WE_-SEM11-PW-1G-2G-DIAG-KON-19-20.pdf\">M_WE_ SEM11 PW 1G-2G DIAG KON 19-20<\/a><\/strong><\/span><\/td>\n<\/tr>\n<tr style=\"height: 23px\">\n<td style=\"width: 38.4325%;height: 5px\"><span style=\"font-size: 12px;font-family: arial, helvetica, sans-serif\"><strong>Aktualne problemy wsp\u00f3\u0142czesnej bujatrii<\/strong><\/span><\/td>\n<td style=\"width: 35.3883%;height: 5px;text-align: center\"><span style=\"font-size: 12px;font-family: arial, helvetica, sans-serif\"><strong><a href=\"https:\/\/up.lublin.pl\/weterynaria\/wp-content\/uploads\/sites\/3\/2021\/08\/aktualne-problemy-wspolczesnej-bujatrii.pdf\">aktualne problemy wsp\u00f3lczesnej bujatrii<\/a><\/strong><\/span><\/td>\n<\/tr>\n<tr style=\"height: 23px\">\n<td style=\"width: 38.4325%;height: 5px\"><span style=\"font-size: 12px;font-family: arial, helvetica, sans-serif\"><strong>Medycyna sportowa koni<\/strong><\/span><\/td>\n<td style=\"width: 35.3883%;height: 5px;text-align: center\"><span style=\"font-size: 12px;font-family: arial, helvetica, sans-serif\"><strong><a href=\"https:\/\/up.lublin.pl\/weterynaria\/wp-content\/uploads\/sites\/3\/2021\/07\/M_WE_SEM11-PW-1G-2G-MED-SP-19-20.pdf\">M_WE_SEM11 PW 1G-2G MED SP 19-20<\/a><\/strong><\/span><\/td>\n<\/tr>\n<tr style=\"height: 23px\">\n<td style=\"width: 38.4325%;height: 5px\"><span style=\"font-size: 12px;font-family: arial, helvetica, sans-serif\"><strong>Choroby metaboliczne zwierz\u0105t gospodarskich<\/strong><\/span><\/td>\n<td style=\"width: 35.3883%;height: 5px;text-align: center\"><a href=\"https:\/\/up.lublin.pl\/weterynaria\/wp-content\/uploads\/sites\/3\/2021\/08\/ch.-metaboliczne-zw.-gospodarskich.pdf\">ch. metaboliczne zw. gospodarskich<\/a><\/td>\n<\/tr>\n<\/tbody>\n<\/table>\n<p><strong><a href=\"https:\/\/up.lublin.pl\/weterynaria\/wp-content\/uploads\/sites\/3\/2021\/07\/Macierz-efektow-uczenia-sie-2019-2020.pdf\">MACIERZ POKRYCIA EFEKT\u00d3W UCZENIA SI\u0118 DLA NABORU 2019-2020\u00a0<\/a><\/strong><\/p>\n<p><a href=\"https:\/\/up.lublin.pl\/weterynaria\/wp-content\/uploads\/sites\/3\/2021\/08\/Learning-outcomes-coverage-matrix-for-the-2019-2020-recruitment.pdf\"><strong>Learning outcomes coverage matrix for the 2019-2020 recruitment<\/strong><\/a><\/p>\n                                                <\/div>\n                                            <\/li>\n                                        <\/ul>\n\t\t\t\t\t\t                                                        <ul class=\"mn-accordion\">\n                                            <li>\n                                                <h4 class=\"mn-accordion-title\">WETERYNARIA - STUDENCI KT\u00d3RZY ROZPOCZ\u0118LI\u00a0 STUDIA W&nbsp;ROKU 2018\/2019 i&nbsp;WCZE\u015aNIEJ<\/h4>\n                                                <div>\n\t\t\t\t\t\t\t\t\t                <p style=\"text-align: center\">\u00a0<\/p>\n<table style=\"height: 2692px;width: 100%;border-collapse: collapse\" border=\"3\">\n<tbody>\n<tr style=\"height: 23px\">\n<td style=\"width: 467.124%;height: 23px\" colspan=\"2\"><span style=\"font-family: arial, helvetica, sans-serif;font-size: 12px\"><strong>SEMESTR\u00a0 I<\/strong><\/span><\/td>\n<\/tr>\n<tr style=\"height: 23px\">\n<td style=\"width: 61.0904%;height: 23px\"><span style=\"font-family: arial, helvetica, sans-serif;font-size: 12px\">Chemia<\/span><\/td>\n<td style=\"width: 406.034%;height: 23px\"><span style=\"font-family: arial, helvetica, sans-serif;font-size: 12px\"><a href=\"https:\/\/up.lublin.pl\/weterynaria\/wp-content\/uploads\/sites\/3\/2021\/04\/Chemia-1.pdf\">Chemia<\/a><\/span><\/td>\n<\/tr>\n<tr style=\"height: 23px\">\n<td style=\"width: 61.0904%;height: 23px\"><span style=\"font-family: arial, helvetica, sans-serif;font-size: 12px\">Biologia<\/span><\/td>\n<td style=\"width: 406.034%;height: 23px\"><span style=\"font-family: arial, helvetica, sans-serif;font-size: 12px\"><a href=\"https:\/\/up.lublin.pl\/weterynaria\/wp-content\/uploads\/sites\/3\/2021\/04\/Biologia-1.pdf\">Biologia<\/a><\/span><\/td>\n<\/tr>\n<tr style=\"height: 23px\">\n<td style=\"width: 61.0904%;height: 23px\"><span style=\"font-family: arial, helvetica, sans-serif;font-size: 12px\">Biologia kom\u00f3rki<\/span><\/td>\n<td style=\"width: 406.034%;height: 23px\"><span style=\"font-family: arial, helvetica, sans-serif;font-size: 12px\"><a href=\"https:\/\/up.lublin.pl\/weterynaria\/wp-content\/uploads\/sites\/3\/2021\/04\/Biologia-komorki-1.pdf\">Biologia kom\u00f3rki<\/a><\/span><\/td>\n<\/tr>\n<tr style=\"height: 23px\">\n<td style=\"width: 61.0904%;height: 23px\"><span style=\"font-family: arial, helvetica, sans-serif;font-size: 12px\">Technologie informacyjne<\/span><\/td>\n<td style=\"width: 406.034%;height: 23px\"><span style=\"font-family: arial, helvetica, sans-serif;font-size: 12px\"><a href=\"https:\/\/up.lublin.pl\/weterynaria\/wp-content\/uploads\/sites\/3\/2021\/04\/Technologie-informacjyjne-1.pdf\">Technologie informacjyjne<\/a><\/span><\/td>\n<\/tr>\n<tr style=\"height: 46px\">\n<td style=\"width: 61.0904%;height: 26px\"><span style=\"font-family: arial, helvetica, sans-serif;font-size: 12px\">Bezpiecze\u0144stwo pracy i&nbsp;ergonomia<\/span><\/td>\n<td style=\"width: 406.034%;height: 26px\"><span style=\"font-family: arial, helvetica, sans-serif;font-size: 12px\"><a href=\"https:\/\/up.lublin.pl\/weterynaria\/wp-content\/uploads\/sites\/3\/2021\/04\/Bezpieczenstwo-Pracy-i-Ergonomia-1.pdf\">Bezpiecze\u0144stwo Pracy i&nbsp;Ergonomia<\/a><\/span><\/td>\n<\/tr>\n<tr style=\"height: 23px\">\n<td style=\"width: 61.0904%;height: 23px\"><span style=\"font-family: arial, helvetica, sans-serif;font-size: 12px\">Psychologia \/ Filozofa<\/span><\/td>\n<td style=\"width: 406.034%;height: 23px\"><span style=\"font-family: arial, helvetica, sans-serif;font-size: 12px\"><a href=\"https:\/\/up.lublin.pl\/weterynaria\/wp-content\/uploads\/sites\/3\/2021\/04\/Psychologia-1.pdf\">Psychologia<\/a> \u00a0 <a href=\"https:\/\/up.lublin.pl\/weterynaria\/wp-content\/uploads\/sites\/3\/2021\/05\/filozofia-skr1.pdf\">filozofia skr(1)<\/a><\/span><\/td>\n<\/tr>\n<tr style=\"height: 23px\">\n<td style=\"width: 61.0904%;height: 23px\"><span style=\"font-family: arial, helvetica, sans-serif;font-size: 12px\">J\u0119zyk \u0142aci\u0144ski 1<\/span><\/td>\n<td style=\"width: 406.034%;height: 23px\"><span style=\"font-family: arial, helvetica, sans-serif;font-size: 12px\"><a href=\"https:\/\/up.lublin.pl\/weterynaria\/wp-content\/uploads\/sites\/3\/2021\/04\/Lacina-1-1.pdf\">\u0141acina 1<\/a><\/span><\/td>\n<\/tr>\n<tr style=\"height: 23px\">\n<td style=\"width: 61.0904%;height: 23px\"><span style=\"font-family: arial, helvetica, sans-serif;font-size: 12px\">Histologia i&nbsp;embriologia 1<\/span><\/td>\n<td style=\"width: 406.034%;height: 23px\"><span style=\"font-family: arial, helvetica, sans-serif;font-size: 12px\"><a href=\"https:\/\/up.lublin.pl\/weterynaria\/wp-content\/uploads\/sites\/3\/2021\/04\/histologia_i_embriologia_1-1.pdf\">histologia_i_embriologia_1<\/a><\/span><\/td>\n<\/tr>\n<tr style=\"height: 23px\">\n<td style=\"width: 61.0904%;height: 23px\"><span style=\"font-family: arial, helvetica, sans-serif;font-size: 12px\">Wychowanie fizyczne 1<\/span><\/td>\n<td style=\"width: 406.034%;height: 23px\"><span style=\"font-family: arial, helvetica, sans-serif;font-size: 12px\"><a href=\"https:\/\/up.lublin.pl\/weterynaria\/wp-content\/uploads\/sites\/3\/2021\/04\/wychowanie_fizyczne_1-1.pdf\">wychowanie_fizyczne_1<\/a><\/span><\/td>\n<\/tr>\n<tr style=\"height: 46px\">\n<td style=\"width: 61.0904%;height: 26px\"><span style=\"font-family: arial, helvetica, sans-serif;font-size: 12px\">Anatomia zwierz\u0105t 1 \u00a0\u00a0\u00a0\u00a0\u00a0\u00a0\u00a0\u00a0\u00a0\u00a0\u00a0\u00a0\u00a0\u00a0\u00a0\u00a0\u00a0\u00a0<\/span><\/td>\n<td style=\"width: 406.034%;height: 26px\"><span style=\"font-family: arial, helvetica, sans-serif;font-size: 12px\"><a href=\"https:\/\/up.lublin.pl\/weterynaria\/wp-content\/uploads\/sites\/3\/2021\/04\/anatomia_zwierzat_1-1.pdf\">anatomia_zwierzat_1<\/a><\/span><\/td>\n<\/tr>\n<tr style=\"height: 23px\">\n<td style=\"width: 61.0904%;height: 23px\"><span style=\"font-family: arial, helvetica, sans-serif;font-size: 12px\">Biofizyka<\/span><\/td>\n<td style=\"width: 406.034%;height: 23px\"><span style=\"font-family: arial, helvetica, sans-serif;font-size: 12px\"><a href=\"https:\/\/up.lublin.pl\/weterynaria\/wp-content\/uploads\/sites\/3\/2021\/04\/Biofizyka-1.pdf\">Biofizyka<\/a><\/span><\/td>\n<\/tr>\n<tr style=\"height: 23px\">\n<td style=\"width: 61.0904%;height: 23px\"><span style=\"font-family: arial, helvetica, sans-serif;font-size: 12px\">J\u0119zyk obcy 1 (angielski, niemiecki, francuski)<\/span><\/td>\n<td style=\"width: 406.034%;height: 23px\"><span style=\"font-family: arial, helvetica, sans-serif;font-size: 12px\"><a href=\"https:\/\/up.lublin.pl\/weterynaria\/wp-content\/uploads\/sites\/3\/2021\/04\/jezyk_obcy_1-1.pdf\">jezyk_obcy_1<\/a><\/span><\/td>\n<\/tr>\n<tr style=\"height: 23px\">\n<td style=\"width: 467.124%;height: 23px\" colspan=\"2\"><span style=\"font-size: 12px;font-family: arial, helvetica, sans-serif\"><strong>SEMESTR\u00a0 I<\/strong>I<\/span><\/td>\n<\/tr>\n<tr style=\"height: 23px\">\n<td style=\"width: 61.0904%;height: 23px\"><span style=\"font-family: arial, helvetica, sans-serif;font-size: 12px\">J\u0119zyk \u0142aci\u0144ski 2<\/span><\/td>\n<td style=\"width: 406.034%;height: 23px\"><span style=\"font-family: arial, helvetica, sans-serif;font-size: 12px\"><a href=\"https:\/\/up.lublin.pl\/weterynaria\/wp-content\/uploads\/sites\/3\/2021\/04\/Lacina-2.pdf\">\u0141acina 2<\/a><\/span><\/td>\n<\/tr>\n<tr style=\"height: 46px\">\n<td style=\"width: 61.0904%;height: 14px\"><span style=\"font-family: arial, helvetica, sans-serif;font-size: 12px\">Ochrona \u015brodowiska<\/span><\/td>\n<td style=\"width: 406.034%;height: 14px\"><span style=\"font-family: arial, helvetica, sans-serif;font-size: 12px\"><a href=\"https:\/\/up.lublin.pl\/weterynaria\/wp-content\/uploads\/sites\/3\/2021\/04\/Ochrona-Srodowiska.pdf\">Ochrona \u015arodowiska<\/a><\/span><\/td>\n<\/tr>\n<tr style=\"height: 23px\">\n<td style=\"width: 61.0904%;height: 23px\"><span style=\"font-family: arial, helvetica, sans-serif;font-size: 12px\">Histologia i&nbsp;embriologia 2<\/span><\/td>\n<td style=\"width: 406.034%;height: 23px\"><span style=\"font-family: arial, helvetica, sans-serif;font-size: 12px\"><a href=\"https:\/\/up.lublin.pl\/weterynaria\/wp-content\/uploads\/sites\/3\/2021\/04\/histologia_i_embriologia_2.pdf\">histologia_i_embriologia_2<\/a><\/span><\/td>\n<\/tr>\n<tr style=\"height: 23px\">\n<td style=\"width: 61.0904%;height: 23px\"><span style=\"font-family: arial, helvetica, sans-serif;font-size: 12px\">Genetyka og\u00f3lna i&nbsp;weterynaryjna<\/span><\/td>\n<td style=\"width: 406.034%;height: 23px\"><span style=\"font-family: arial, helvetica, sans-serif;font-size: 12px\"><a href=\"https:\/\/up.lublin.pl\/weterynaria\/wp-content\/uploads\/sites\/3\/2021\/04\/genetyka_m_we_sem2_m16_.pdf\">genetyka_m_we_sem2_m16_<\/a><\/span><\/td>\n<\/tr>\n<tr style=\"height: 23px\">\n<td style=\"width: 61.0904%;height: 23px\"><span style=\"font-family: arial, helvetica, sans-serif;font-size: 12px\">Agronomia<\/span><\/td>\n<td style=\"width: 406.034%;height: 23px\"><span style=\"font-family: arial, helvetica, sans-serif;font-size: 12px\"><a href=\"https:\/\/up.lublin.pl\/weterynaria\/wp-content\/uploads\/sites\/3\/2021\/04\/Agronomia.pdf\">Agronomia<\/a><\/span><\/td>\n<\/tr>\n<tr style=\"height: 23px\">\n<td style=\"width: 61.0904%;height: 23px\"><span style=\"font-family: arial, helvetica, sans-serif;font-size: 12px\">Biostatystyka i&nbsp;metody dokumentacji<\/span><\/td>\n<td style=\"width: 406.034%;height: 23px\"><span style=\"font-family: arial, helvetica, sans-serif;font-size: 12px\"><a href=\"https:\/\/up.lublin.pl\/weterynaria\/wp-content\/uploads\/sites\/3\/2021\/04\/Biostatystyka-i-metody-dokumentacji.pdf\">Biostatystyka i&nbsp;metody dokumentacji<\/a><\/span><\/td>\n<\/tr>\n<tr style=\"height: 23px\">\n<td style=\"width: 61.0904%;height: 23px\" width=\"282\"><span style=\"font-family: arial, helvetica, sans-serif;font-size: 12px\">Ochrona w\u0142asno\u015bci intelektualnej<\/span><\/td>\n<td style=\"width: 406.034%;height: 23px\"><span style=\"font-family: arial, helvetica, sans-serif;font-size: 12px\"><a href=\"https:\/\/up.lublin.pl\/weterynaria\/wp-content\/uploads\/sites\/3\/2021\/04\/Ochrona-wlasnosci-intelektualnej.pdf\">Ochrona w\u0142asno\u015bci intelektualnej<\/a><\/span><\/td>\n<\/tr>\n<tr style=\"height: 23px\">\n<td style=\"width: 61.0904%;height: 23px\"><span style=\"font-family: arial, helvetica, sans-serif;font-size: 12px\">Historia weterynarii i&nbsp;deontologia<\/span><\/td>\n<td style=\"width: 406.034%;height: 23px\"><span style=\"font-family: arial, helvetica, sans-serif;font-size: 12px\"><a href=\"https:\/\/up.lublin.pl\/weterynaria\/wp-content\/uploads\/sites\/3\/2021\/04\/Historia-weterynarii-i-deontologia.pdf\">Historia weterynarii i&nbsp;deontologia<\/a><\/span><\/td>\n<\/tr>\n<tr style=\"height: 23px\">\n<td style=\"width: 61.0904%;height: 23px\"><span style=\"font-family: arial, helvetica, sans-serif;font-size: 12px\">Etyka<\/span><\/td>\n<td style=\"width: 406.034%;height: 23px\"><span style=\"font-family: arial, helvetica, sans-serif;font-size: 12px\"><a href=\"https:\/\/up.lublin.pl\/weterynaria\/wp-content\/uploads\/sites\/3\/2021\/05\/Etyka-skrocony.pdf\">Etyka skrocony<\/a><\/span><\/td>\n<\/tr>\n<tr style=\"height: 23px\">\n<td style=\"width: 61.0904%;height: 23px\"><span style=\"font-family: arial, helvetica, sans-serif;font-size: 12px\">Wychowanie fizyczne 2<\/span><\/td>\n<td style=\"width: 406.034%;height: 23px\"><span style=\"font-family: arial, helvetica, sans-serif;font-size: 12px\"><a href=\"https:\/\/up.lublin.pl\/weterynaria\/wp-content\/uploads\/sites\/3\/2021\/04\/wychowanie_fizyczne_2.pdf\">wychowanie_fizyczne_2<\/a><\/span><\/td>\n<\/tr>\n<tr style=\"height: 23px\">\n<td style=\"width: 61.0904%;height: 23px\" width=\"282\"><span style=\"font-family: arial, helvetica, sans-serif;font-size: 12px\">Anatomia zwierz\u0105t 2\u00a0\u00a0<\/span><\/td>\n<td style=\"width: 406.034%;height: 23px\"><span style=\"font-family: arial, helvetica, sans-serif;font-size: 12px\"><a href=\"https:\/\/up.lublin.pl\/weterynaria\/wp-content\/uploads\/sites\/3\/2021\/04\/anatomia_zwierzat_2.pdf\">anatomia_zwierzat_2<\/a><\/span><\/td>\n<\/tr>\n<tr style=\"height: 23px\">\n<td style=\"width: 61.0904%;height: 23px\"><span style=\"font-family: arial, helvetica, sans-serif;font-size: 12px\">Biochemia 1<\/span><\/td>\n<td style=\"width: 406.034%;height: 23px\"><span style=\"font-family: arial, helvetica, sans-serif;font-size: 12px\"><a href=\"https:\/\/up.lublin.pl\/weterynaria\/wp-content\/uploads\/sites\/3\/2021\/04\/Biochemia.pdf\">Biochemia<\/a><\/span><\/td>\n<\/tr>\n<tr style=\"height: 23px\">\n<td style=\"width: 61.0904%;height: 23px\"><span style=\"font-family: arial, helvetica, sans-serif;font-size: 12px\">J\u0119zyk obcy 2 (angielski, niemiecki, francuski)<\/span><\/td>\n<td style=\"width: 406.034%;height: 23px\"><span style=\"font-size: 12px;font-family: arial, helvetica, sans-serif\"><a href=\"https:\/\/up.lublin.pl\/weterynaria\/wp-content\/uploads\/sites\/3\/2021\/04\/jezyk_obcy2.pdf\">jezyk_obcy2<\/a><\/span><\/td>\n<\/tr>\n<tr style=\"height: 23px\">\n<td style=\"width: 467.124%;height: 23px\" colspan=\"2\"><span style=\"font-size: 12px;font-family: arial, helvetica, sans-serif\"><strong>SEMESTR III<\/strong><\/span><\/td>\n<\/tr>\n<tr style=\"height: 23px\">\n<td style=\"width: 61.0904%;height: 23px\"><span style=\"font-family: arial, helvetica, sans-serif;font-size: 12px\">Anatomia zwierz\u0105t 3<\/span><\/td>\n<td style=\"width: 406.034%;height: 23px\"><span style=\"font-family: arial, helvetica, sans-serif;font-size: 12px\"><a href=\"https:\/\/up.lublin.pl\/weterynaria\/wp-content\/uploads\/sites\/3\/2021\/04\/Anatomia-Zwierzat-3.pdf\">Anatomia Zwierz\u0105t 3<\/a><\/span><\/td>\n<\/tr>\n<tr style=\"height: 23px\">\n<td style=\"width: 61.0904%;height: 23px\"><span style=\"font-family: arial, helvetica, sans-serif;font-size: 12px\">Biochemia 2<\/span><\/td>\n<td style=\"width: 406.034%;height: 23px\"><span style=\"font-family: arial, helvetica, sans-serif;font-size: 12px\"><a href=\"https:\/\/up.lublin.pl\/weterynaria\/wp-content\/uploads\/sites\/3\/2021\/04\/Biochemia2.pdf\">Biochemia2<\/a><\/span><\/td>\n<\/tr>\n<tr style=\"height: 23px\">\n<td style=\"width: 61.0904%;height: 23px\"><span style=\"font-family: arial, helvetica, sans-serif;font-size: 12px\">Ch\u00f3w i&nbsp;hodowla zwierz\u0105t<\/span><\/td>\n<td style=\"width: 406.034%;height: 23px\"><span style=\"font-family: arial, helvetica, sans-serif;font-size: 12px\"><a href=\"https:\/\/up.lublin.pl\/weterynaria\/wp-content\/uploads\/sites\/3\/2021\/04\/Chow-i-hodowla-zwierzat.pdf\">Ch\u00f3w i&nbsp;hodowla zwierz\u0105t<\/a><\/span><\/td>\n<\/tr>\n<tr style=\"height: 23px\">\n<td style=\"width: 61.0904%;height: 23px\"><span style=\"font-family: arial, helvetica, sans-serif;font-size: 12px\">Technologie w&nbsp;produkcji zwierz\u0119cej<\/span><\/td>\n<td style=\"width: 406.034%;height: 23px\"><span style=\"font-family: arial, helvetica, sans-serif;font-size: 12px\"><a href=\"https:\/\/up.lublin.pl\/weterynaria\/wp-content\/uploads\/sites\/3\/2021\/04\/Technologie-w-produkcji-zwierzecej.pdf\">Technologie w&nbsp;produkcji zwierz\u0119cej<\/a><\/span><\/td>\n<\/tr>\n<tr style=\"height: 23px\">\n<td style=\"width: 61.0904%;height: 23px\"><span style=\"font-family: arial, helvetica, sans-serif;font-size: 12px\">Ekonomika weterynaryjna\u00a0<\/span><\/td>\n<td style=\"width: 406.034%;height: 23px\"><span style=\"font-family: arial, helvetica, sans-serif;font-size: 12px\"><a href=\"https:\/\/up.lublin.pl\/weterynaria\/wp-content\/uploads\/sites\/3\/2021\/04\/Ekonomika-Weterynaryjna.pdf\">Ekonomika Weterynaryjna<\/a><\/span><\/td>\n<\/tr>\n<tr style=\"height: 23px\">\n<td style=\"width: 61.0904%;height: 23px\"><span style=\"font-family: arial, helvetica, sans-serif;font-size: 12px\">\u017bywienie zwierz\u0105t i&nbsp;paszoznawstwo<\/span><\/td>\n<td style=\"width: 406.034%;height: 23px\"><span style=\"font-family: arial, helvetica, sans-serif;font-size: 12px\"><a href=\"https:\/\/up.lublin.pl\/weterynaria\/wp-content\/uploads\/sites\/3\/2021\/04\/Zywienie-zwierzat-i-paszoznawstwo.pdf\">\u017bywienie zwierz\u0105t i&nbsp;paszoznawstwo<\/a><\/span><\/td>\n<\/tr>\n<tr style=\"height: 23px\">\n<td style=\"width: 61.0904%;height: 23px\"><span style=\"font-family: arial, helvetica, sans-serif;font-size: 12px\">Przedmiot do wyboru 1 &#8211; blok a<\/span><\/td>\n<td style=\"width: 406.034%;height: 23px\"><span style=\"font-family: arial, helvetica, sans-serif;font-size: 12px\"><a href=\"https:\/\/up.lublin.pl\/weterynaria\/wp-content\/uploads\/sites\/3\/2021\/05\/f_blok_a-po-kor-19.05.pdf\">f_blok_a po kor 19.05<\/a><\/span><\/td>\n<\/tr>\n<tr style=\"height: 23px\">\n<td style=\"width: 61.0904%;height: 23px\"><span style=\"font-family: arial, helvetica, sans-serif;font-size: 12px\">Przedmiot do wyboru 2 &#8211; blok a<\/span><\/td>\n<td style=\"width: 406.034%;height: 23px\"><span style=\"font-family: arial, helvetica, sans-serif;font-size: 12px\"><a href=\"https:\/\/up.lublin.pl\/weterynaria\/wp-content\/uploads\/sites\/3\/2021\/05\/f_blok_a-po-kor-19.05.pdf\">f_blok_a po kor 19.05<\/a><\/span><\/td>\n<\/tr>\n<tr style=\"height: 23px\">\n<td style=\"width: 61.0904%;height: 23px\"><span style=\"font-family: arial, helvetica, sans-serif;font-size: 12px\">J\u0119zyk obcy 3 (angielski, niemiecki, francuski)<\/span><\/td>\n<td style=\"width: 406.034%;height: 23px\"><span style=\"font-family: arial, helvetica, sans-serif;font-size: 12px\"><a href=\"https:\/\/up.lublin.pl\/weterynaria\/wp-content\/uploads\/sites\/3\/2021\/04\/jezyk_obcy_3.pdf\">jezyk_obcy_3<\/a><\/span><\/td>\n<\/tr>\n<tr style=\"height: 23px\">\n<td style=\"width: 61.0904%;height: 23px\"><span style=\"font-family: arial, helvetica, sans-serif;font-size: 12px\">Fizjologia zwierz\u0105t 1<\/span><\/td>\n<td style=\"width: 406.034%;height: 23px\"><span style=\"font-family: arial, helvetica, sans-serif;font-size: 12px\"><a href=\"https:\/\/up.lublin.pl\/weterynaria\/wp-content\/uploads\/sites\/3\/2021\/04\/Fizjologia-zwierzat-1.pdf\">Fizjologia zwierz\u0105t 1<\/a><\/span><\/td>\n<\/tr>\n<tr style=\"height: 23px\">\n<td style=\"width: 467.124%;height: 23px\" colspan=\"2\"><span style=\"font-size: 12px;font-family: arial, helvetica, sans-serif\"><strong>SEMESTR\u00a0 IV<\/strong><\/span><\/td>\n<\/tr>\n<tr style=\"height: 16px\">\n<td style=\"width: 61.0904%;height: 16px\" width=\"282\"><span style=\"font-family: arial, helvetica, sans-serif;font-size: 12px\">J\u0119zyk obcy 4 (angielski, niemiecki, francuski)\u00a0\u00a0\u00a0\u00a0\u00a0\u00a0\u00a0\u00a0\u00a0\u00a0<\/span><\/td>\n<td style=\"width: 406.034%;height: 16px\"><span style=\"font-family: arial, helvetica, sans-serif;font-size: 12px\"><a href=\"https:\/\/up.lublin.pl\/weterynaria\/wp-content\/uploads\/sites\/3\/2021\/04\/jezyk_obcy_4.pdf\">jezyk_obcy_4<\/a><\/span><\/td>\n<\/tr>\n<tr style=\"height: 23px\">\n<td style=\"width: 61.0904%;height: 23px\"><span style=\"font-family: arial, helvetica, sans-serif;font-size: 12px\">Fizjologia zwierz\u0105t 2<\/span><\/td>\n<td style=\"width: 406.034%;height: 23px\"><span style=\"font-family: arial, helvetica, sans-serif;font-size: 12px\"><a href=\"https:\/\/up.lublin.pl\/weterynaria\/wp-content\/uploads\/sites\/3\/2021\/04\/Fizjologia-zwierzat-II.pdf\">Fizjologia zwierz\u0105t II<\/a><\/span><\/td>\n<\/tr>\n<tr style=\"height: 23px\">\n<td style=\"width: 61.0904%;height: 23px\"><span style=\"font-family: arial, helvetica, sans-serif;font-size: 12px\">Anatomia topograficzna<\/span><\/td>\n<td style=\"width: 406.034%;height: 23px\"><span style=\"font-family: arial, helvetica, sans-serif;font-size: 12px\"><a href=\"https:\/\/up.lublin.pl\/weterynaria\/wp-content\/uploads\/sites\/3\/2021\/04\/anatomia_topograficzna.pdf\">anatomia_topograficzna<\/a><\/span><\/td>\n<\/tr>\n<tr style=\"height: 23px\">\n<td style=\"width: 61.0904%;height: 23px\"><span style=\"font-family: arial, helvetica, sans-serif;font-size: 12px\">Immunologia<\/span><\/td>\n<td style=\"width: 406.034%;height: 23px\"><span style=\"font-family: arial, helvetica, sans-serif;font-size: 12px\"><a href=\"https:\/\/up.lublin.pl\/weterynaria\/wp-content\/uploads\/sites\/3\/2021\/04\/mmunologia.pdf\">mmunologia<\/a><\/span><\/td>\n<\/tr>\n<tr style=\"height: 23px\">\n<td style=\"width: 61.0904%;height: 23px\"><span style=\"font-family: arial, helvetica, sans-serif;font-size: 12px\">Epidemiologia weterynaryjna<\/span><\/td>\n<td style=\"width: 406.034%;height: 23px\"><span style=\"font-family: arial, helvetica, sans-serif;font-size: 12px\"><a href=\"https:\/\/up.lublin.pl\/weterynaria\/wp-content\/uploads\/sites\/3\/2021\/04\/epidemiologia.pdf\">epidemiologia<\/a><\/span><\/td>\n<\/tr>\n<tr style=\"height: 23px\">\n<td style=\"width: 61.0904%;height: 23px\"><span style=\"font-family: arial, helvetica, sans-serif;font-size: 12px\">Etologia, dobrostan i&nbsp;ochrona zwierz\u0105t<\/span><\/td>\n<td style=\"width: 406.034%;height: 23px\"><span style=\"font-family: arial, helvetica, sans-serif;font-size: 12px\"><a href=\"https:\/\/up.lublin.pl\/weterynaria\/wp-content\/uploads\/sites\/3\/2021\/04\/Etologia-dobrostan-i-ochrona-zwierzat.pdf\">Etologia, dobrostan i&nbsp;ochrona zwierz\u0105t<\/a><\/span><\/td>\n<\/tr>\n<tr style=\"height: 23px\">\n<td style=\"width: 61.0904%;height: 23px\"><span style=\"font-family: arial, helvetica, sans-serif;font-size: 12px\">Przedmiot do wyboru 1 &#8211; blok b<\/span><\/td>\n<td style=\"width: 406.034%;height: 23px\"><span style=\"font-family: arial, helvetica, sans-serif;font-size: 12px\"><a href=\"https:\/\/up.lublin.pl\/weterynaria\/wp-content\/uploads\/sites\/3\/2021\/05\/f_blok_b-kor-19.05.pdf\">f_blok_b kor 19.05<\/a><\/span><\/td>\n<\/tr>\n<tr style=\"height: 23px\">\n<td style=\"width: 61.0904%;height: 23px\"><span style=\"font-family: arial, helvetica, sans-serif;font-size: 12px\">Przedmiot do wyboru 2 &#8211; blok b<\/span><\/td>\n<td style=\"width: 406.034%;height: 23px\"><span style=\"font-family: arial, helvetica, sans-serif;font-size: 12px\"><a href=\"https:\/\/up.lublin.pl\/weterynaria\/wp-content\/uploads\/sites\/3\/2021\/05\/f_blok_b-kor-19.05.pdf\">f_blok_b kor 19.05<\/a><\/span><\/td>\n<\/tr>\n<tr style=\"height: 23px\">\n<td style=\"width: 61.0904%;height: 23px\"><span style=\"font-family: arial, helvetica, sans-serif;font-size: 12px\">Mikrobiologia 1<\/span><\/td>\n<td style=\"width: 406.034%;height: 23px\"><span style=\"font-family: arial, helvetica, sans-serif;font-size: 12px\"><a href=\"https:\/\/up.lublin.pl\/weterynaria\/wp-content\/uploads\/sites\/3\/2021\/04\/mikrobiologia_1.pdf\">mikrobiologia_1<\/a><\/span><\/td>\n<\/tr>\n<tr style=\"height: 23px\">\n<td style=\"width: 61.0904%;height: 23px\"><span style=\"font-family: arial, helvetica, sans-serif;font-size: 12px\">Praktyka hodowlana<\/span><\/td>\n<td style=\"width: 406.034%;height: 23px\"><span style=\"font-family: arial, helvetica, sans-serif;font-size: 12px\"><a href=\"https:\/\/up.lublin.pl\/weterynaria\/wp-content\/uploads\/sites\/3\/2021\/05\/praktyka-hodowlana.pdf\">praktyka hodowlana<\/a><\/span><\/td>\n<\/tr>\n<tr style=\"height: 23px\">\n<td style=\"width: 467.124%;height: 23px\" colspan=\"2\"><span style=\"font-family: arial, helvetica, sans-serif;font-size: 12px\"><strong>SEMESTR\u00a0 V<\/strong><\/span><\/td>\n<\/tr>\n<tr style=\"height: 23px\">\n<td style=\"width: 61.0904%;height: 23px\" width=\"282\"><span style=\"font-family: arial, helvetica, sans-serif;font-size: 12px\">Mikrobiologia 2\u00a0 \u00a0 \u00a0 \u00a0 \u00a0 \u00a0 \u00a0 \u00a0 \u00a0 \u00a0 \u00a0 \u00a0 \u00a0 \u00a0 \u00a0 \u00a0 \u00a0 \u00a0 \u00a0 \u00a0 \u00a0 \u00a0 \u00a0 \u00a0 \u00a0 \u00a0 \u00a0 \u00a0 \u00a0\u00a0<\/span><\/td>\n<td style=\"width: 406.034%;height: 23px\"><span style=\"font-family: arial, helvetica, sans-serif;font-size: 12px\"><a href=\"https:\/\/up.lublin.pl\/weterynaria\/wp-content\/uploads\/sites\/3\/2021\/05\/miokrobiologia-2.pdf\">miokrobiologia 2<\/a><\/span><\/td>\n<\/tr>\n<tr style=\"height: 23px\">\n<td style=\"width: 61.0904%;height: 23px\"><span style=\"font-family: arial, helvetica, sans-serif;font-size: 12px\">Farmacja<\/span><\/td>\n<td style=\"width: 406.034%;height: 23px\"><span style=\"font-family: arial, helvetica, sans-serif;font-size: 12px\"><a href=\"https:\/\/up.lublin.pl\/weterynaria\/wp-content\/uploads\/sites\/3\/2021\/04\/farmacja1.pdf\">farmacja(1)<\/a><\/span><\/td>\n<\/tr>\n<tr style=\"height: 23px\">\n<td style=\"width: 61.0904%;height: 23px\"><span style=\"font-family: arial, helvetica, sans-serif;font-size: 12px\">Ochrona zdrowia publicznego w&nbsp;stanach zagro\u017ce\u0144<\/span><\/td>\n<td style=\"width: 406.034%;height: 23px\"><span style=\"font-family: arial, helvetica, sans-serif;font-size: 12px\"><a href=\"https:\/\/up.lublin.pl\/weterynaria\/wp-content\/uploads\/sites\/3\/2021\/04\/ozp.pdf\">ozp<\/a><\/span><\/td>\n<\/tr>\n<tr style=\"height: 23px\">\n<td style=\"width: 61.0904%;height: 23px\"><span style=\"font-family: arial, helvetica, sans-serif;font-size: 12px\">Przedmiot do wyboru 1 &#8211; blok c<\/span><\/td>\n<td style=\"width: 406.034%;height: 23px\"><span style=\"font-family: arial, helvetica, sans-serif;font-size: 12px\"><a href=\"https:\/\/up.lublin.pl\/weterynaria\/wp-content\/uploads\/sites\/3\/2021\/05\/f_blok_c-kor-19.05.pdf\">f_blok_c kor 19.05<\/a><\/span><\/td>\n<\/tr>\n<tr style=\"height: 23px\">\n<td style=\"width: 61.0904%;height: 23px\"><span style=\"font-family: arial, helvetica, sans-serif;font-size: 12px\">Przedmiot do wyboru 2 &#8211; blok c<\/span><\/td>\n<td style=\"width: 406.034%;height: 23px\"><span style=\"font-family: arial, helvetica, sans-serif;font-size: 12px\"><a href=\"https:\/\/up.lublin.pl\/weterynaria\/wp-content\/uploads\/sites\/3\/2021\/05\/f_blok_c-kor-19.05.pdf\">f_blok_c kor 19.05<\/a><\/span><\/td>\n<\/tr>\n<tr style=\"height: 23px\">\n<td style=\"width: 61.0904%;height: 23px\"><span style=\"font-family: arial, helvetica, sans-serif;font-size: 12px\">Patofizjologia 1\u00a0<\/span><\/td>\n<td style=\"width: 406.034%;height: 23px\"><span style=\"font-family: arial, helvetica, sans-serif;font-size: 12px\"><a href=\"https:\/\/up.lublin.pl\/weterynaria\/wp-content\/uploads\/sites\/3\/2021\/04\/patofizjologia_1_stary_program.pdf\">patofizjologia_1_stary_program<\/a><\/span><\/td>\n<\/tr>\n<tr style=\"height: 23px\">\n<td style=\"width: 61.0904%;height: 23px\"><span style=\"font-family: arial, helvetica, sans-serif;font-size: 12px\">Diagnostyka kliniczna i&nbsp;laboratoryjna 1<\/span><\/td>\n<td style=\"width: 406.034%;height: 23px\"><span style=\"font-family: arial, helvetica, sans-serif;font-size: 12px\"><a href=\"https:\/\/up.lublin.pl\/weterynaria\/wp-content\/uploads\/sites\/3\/2021\/04\/diagnostyka_kliniczna_i_laboratoryjna_1.pdf\">diagnostyka_kliniczna_i_laboratoryjna_1<\/a><\/span><\/td>\n<\/tr>\n<tr style=\"height: 23px\">\n<td style=\"width: 61.0904%;height: 23px\"><span style=\"font-family: arial, helvetica, sans-serif;font-size: 12px\">Farmakologia weterynaryjna 1<\/span><\/td>\n<td style=\"width: 406.034%;height: 23px\"><span style=\"font-family: arial, helvetica, sans-serif;font-size: 12px\"><a href=\"https:\/\/up.lublin.pl\/weterynaria\/wp-content\/uploads\/sites\/3\/2021\/04\/farmakologie-wet-1.pdf\">farmakologie wet 1<\/a><\/span><\/td>\n<\/tr>\n<tr style=\"height: 23px\">\n<td style=\"width: 467.124%;height: 23px\" colspan=\"2\"><span style=\"font-family: arial, helvetica, sans-serif;font-size: 12px\"><strong>SEMESTR VI\u00a0<\/strong><\/span><\/td>\n<\/tr>\n<tr style=\"height: 23px\">\n<td style=\"width: 61.0904%;height: 23px\" width=\"282\"><span style=\"font-family: arial, helvetica, sans-serif;font-size: 12px\">Patofizjologia 2<\/span><\/td>\n<td style=\"width: 406.034%;height: 23px\"><span style=\"font-family: arial, helvetica, sans-serif;font-size: 12px\"><a href=\"https:\/\/up.lublin.pl\/weterynaria\/wp-content\/uploads\/sites\/3\/2021\/04\/patofizjologia_2_stary_program.pdf\">patofizjologia_2_stary_program<\/a><\/span><\/td>\n<\/tr>\n<tr style=\"height: 23px\">\n<td style=\"width: 61.0904%;height: 23px\"><span style=\"font-family: arial, helvetica, sans-serif;font-size: 12px\">Diagnostyka kliniczna i&nbsp;laboratoryjna 2<\/span><\/td>\n<td style=\"width: 406.034%;height: 23px\"><span style=\"font-family: arial, helvetica, sans-serif;font-size: 12px\"><a href=\"https:\/\/up.lublin.pl\/weterynaria\/wp-content\/uploads\/sites\/3\/2021\/04\/diagnostyka_kliniczna_i_laboratoryjna_2.pdf\">diagnostyka_kliniczna_i_laboratoryjna_2<\/a><\/span><\/td>\n<\/tr>\n<tr style=\"height: 23px\">\n<td style=\"width: 61.0904%;height: 23px\"><span style=\"font-family: arial, helvetica, sans-serif;font-size: 12px\">Farmakologia weterynaryjna 2<\/span><\/td>\n<td style=\"width: 406.034%;height: 23px\"><span style=\"font-family: arial, helvetica, sans-serif;font-size: 12px\"><a href=\"https:\/\/up.lublin.pl\/weterynaria\/wp-content\/uploads\/sites\/3\/2021\/04\/Farmakologia-weterynaryjna.pdf\">Farmakologia weterynaryjna<\/a><\/span><\/td>\n<\/tr>\n<tr style=\"height: 23px\">\n<td style=\"width: 61.0904%;height: 23px\"><span style=\"font-family: arial, helvetica, sans-serif;font-size: 12px\">Choroby owad\u00f3w u\u017cytkowych<\/span><\/td>\n<td style=\"width: 406.034%;height: 23px\"><span style=\"font-family: arial, helvetica, sans-serif;font-size: 12px\"><a href=\"https:\/\/up.lublin.pl\/weterynaria\/wp-content\/uploads\/sites\/3\/2021\/04\/choroby_owadow_uzytkowych.pdf\">choroby_owadow_uzytkowych<\/a><\/span><\/td>\n<\/tr>\n<tr style=\"height: 23px\">\n<td style=\"width: 61.0904%;height: 23px\"><span style=\"font-family: arial, helvetica, sans-serif;font-size: 12px\">Chirurgia og\u00f3lna i&nbsp;anestezjologia<\/span><\/td>\n<td style=\"width: 406.034%;height: 23px\"><span style=\"font-family: arial, helvetica, sans-serif;font-size: 12px\"><a href=\"https:\/\/up.lublin.pl\/weterynaria\/wp-content\/uploads\/sites\/3\/2021\/04\/chirurgia_ogolna_i_anestezjologia.pdf\">chirurgia_ogolna_i_anestezjologia<\/a><\/span><\/td>\n<\/tr>\n<tr style=\"height: 23px\">\n<td style=\"width: 61.0904%;height: 23px\"><span style=\"font-family: arial, helvetica, sans-serif;font-size: 12px\">Higiena \u015brodk\u00f3w \u017cywienia zwierz\u0105t<\/span><\/td>\n<td style=\"width: 406.034%;height: 23px\"><span style=\"font-family: arial, helvetica, sans-serif;font-size: 12px\"><a href=\"https:\/\/up.lublin.pl\/weterynaria\/wp-content\/uploads\/sites\/3\/2021\/04\/Higiena-srodkow-zywienia-zwierzat.pdf\">Higiena \u015brodk\u00f3w \u017cywienia zwierz\u0105t<\/a><\/span><\/td>\n<\/tr>\n<tr style=\"height: 23px\">\n<td style=\"width: 61.0904%;height: 23px\"><span style=\"font-family: arial, helvetica, sans-serif;font-size: 12px\">Parazytologia i&nbsp;inwazjologia weterynaryjna 1<\/span><\/td>\n<td style=\"width: 406.034%;height: 23px\"><span style=\"font-family: arial, helvetica, sans-serif;font-size: 12px\"><a href=\"https:\/\/up.lublin.pl\/weterynaria\/wp-content\/uploads\/sites\/3\/2021\/04\/Parazytologia-i-inwazjologia-weterynaryjna-1.pdf\">Parazytologia i&nbsp;inwazjologia weterynaryjna 1<\/a><\/span><\/td>\n<\/tr>\n<tr style=\"height: 23px\">\n<td style=\"width: 61.0904%;height: 23px\"><span style=\"font-family: arial, helvetica, sans-serif;font-size: 12px\">Patomorfologia 1<\/span><\/td>\n<td style=\"width: 406.034%;height: 23px\"><span style=\"font-family: arial, helvetica, sans-serif;font-size: 12px\"><a href=\"https:\/\/up.lublin.pl\/weterynaria\/wp-content\/uploads\/sites\/3\/2021\/04\/patomorfologia_1.pdf\">patomorfologia_1<\/a><\/span><\/td>\n<\/tr>\n<tr style=\"height: 23px\">\n<td style=\"width: 467.124%;height: 23px\" colspan=\"2\"><span style=\"font-family: arial, helvetica, sans-serif;font-size: 12px\"><strong>SEMESTR\u00a0 VII<\/strong><\/span><\/td>\n<\/tr>\n<tr style=\"height: 23px\">\n<td style=\"width: 61.0904%;height: 23px\" width=\"282\"><span style=\"font-family: arial, helvetica, sans-serif;font-size: 12px\">Parazytologia i&nbsp;inwazjologia weterynaryjna 2<\/span><\/td>\n<td style=\"width: 406.034%;height: 23px\"><span style=\"font-family: arial, helvetica, sans-serif;font-size: 12px\"><a href=\"https:\/\/up.lublin.pl\/weterynaria\/wp-content\/uploads\/sites\/3\/2021\/04\/Parazytologia-i-iwazjologia-weterynaryjna-2.pdf\">Parazytologia i&nbsp;iwazjologia weterynaryjna 2<\/a><\/span><\/td>\n<\/tr>\n<tr style=\"height: 23px\">\n<td style=\"width: 61.0904%;height: 23px\"><span style=\"font-family: arial, helvetica, sans-serif;font-size: 12px\">Parazytologia sta\u017c<\/span><\/td>\n<td style=\"width: 406.034%;height: 23px\"><span style=\"font-family: arial, helvetica, sans-serif;font-size: 12px\"><a href=\"https:\/\/up.lublin.pl\/weterynaria\/wp-content\/uploads\/sites\/3\/2021\/04\/Parazytologia-staz.pdf\">Parazytologia -sta\u017c<\/a><\/span><\/td>\n<\/tr>\n<tr style=\"height: 23px\">\n<td style=\"width: 61.0904%;height: 23px\"><span style=\"font-family: arial, helvetica, sans-serif;font-size: 12px\">Higiena mleka<\/span><\/td>\n<td style=\"width: 406.034%;height: 23px\"><span style=\"font-family: arial, helvetica, sans-serif;font-size: 12px\"><a href=\"https:\/\/up.lublin.pl\/weterynaria\/wp-content\/uploads\/sites\/3\/2021\/04\/Higiena-mleka.pdf\">Higiena mleka<\/a><\/span><\/td>\n<\/tr>\n<tr style=\"height: 23px\">\n<td style=\"width: 61.0904%;height: 23px\"><span style=\"font-family: arial, helvetica, sans-serif;font-size: 12px\">Diagnostyka obrazowa<\/span><\/td>\n<td style=\"width: 406.034%;height: 23px\"><span style=\"font-family: arial, helvetica, sans-serif;font-size: 12px\"><a href=\"https:\/\/up.lublin.pl\/weterynaria\/wp-content\/uploads\/sites\/3\/2021\/04\/diagnostyka_obrazowa.pdf\">diagnostyka_obrazowa<\/a><\/span><\/td>\n<\/tr>\n<tr style=\"height: 23px\">\n<td style=\"width: 61.0904%;height: 23px\"><span style=\"font-family: arial, helvetica, sans-serif;font-size: 12px\">Toksykologia<\/span><\/td>\n<td style=\"width: 406.034%;height: 23px\"><span style=\"font-family: arial, helvetica, sans-serif;font-size: 12px\"><a href=\"https:\/\/up.lublin.pl\/weterynaria\/wp-content\/uploads\/sites\/3\/2021\/04\/Toksykologia-Weterynaryjna.pdf\">Toksykologia Weterynaryjna<\/a><\/span><\/td>\n<\/tr>\n<tr style=\"height: 23px\">\n<td style=\"width: 61.0904%;height: 23px\"><span style=\"font-family: arial, helvetica, sans-serif;font-size: 12px\">Zoonozy<\/span><\/td>\n<td style=\"width: 406.034%;height: 23px\"><span style=\"font-family: arial, helvetica, sans-serif;font-size: 12px\"><a href=\"https:\/\/up.lublin.pl\/weterynaria\/wp-content\/uploads\/sites\/3\/2021\/04\/zoonozy.pdf\">zoonozy<\/a><\/span><\/td>\n<\/tr>\n<tr style=\"height: 23px\">\n<td style=\"width: 61.0904%;height: 23px\"><span style=\"font-family: arial, helvetica, sans-serif;font-size: 12px\">Patomorfologia 2<\/span><\/td>\n<td style=\"width: 406.034%;height: 23px\"><span style=\"font-family: arial, helvetica, sans-serif;font-size: 12px\"><a href=\"https:\/\/up.lublin.pl\/weterynaria\/wp-content\/uploads\/sites\/3\/2021\/04\/patomorfologia_2.pdf\">patomorfologia_2<\/a><\/span><\/td>\n<\/tr>\n<tr style=\"height: 23px\">\n<td style=\"width: 61.0904%;height: 23px\"><span style=\"font-family: arial, helvetica, sans-serif;font-size: 12px\">Higiena zwierz\u0105t rze\u017anych i&nbsp;mi\u0119sa 1<\/span><\/td>\n<td style=\"width: 406.034%;height: 23px\"><span style=\"font-family: arial, helvetica, sans-serif;font-size: 12px\"><a href=\"https:\/\/up.lublin.pl\/weterynaria\/wp-content\/uploads\/sites\/3\/2021\/04\/Higiena-zwierzat-rzeznych-i-miesa-1.pdf\">Higiena zwierz\u0105t rze\u017anych i&nbsp;mi\u0119sa 1<\/a><\/span><\/td>\n<\/tr>\n<tr style=\"height: 23px\">\n<td style=\"width: 61.0904%;height: 23px\"><span style=\"font-family: arial, helvetica, sans-serif;font-size: 12px\">Choroby koni &#8211; blok 1\u00a0<\/span><\/td>\n<td style=\"width: 406.034%;height: 23px\"><span style=\"font-family: arial, helvetica, sans-serif;font-size: 12px\"><a href=\"https:\/\/up.lublin.pl\/weterynaria\/wp-content\/uploads\/sites\/3\/2021\/04\/choroby_koni_blok_1.pdf\">choroby_koni_blok_1<\/a><\/span><\/td>\n<\/tr>\n<tr style=\"height: 23px\">\n<td style=\"width: 467.124%;height: 23px\" colspan=\"2\"><span style=\"font-family: arial, helvetica, sans-serif;font-size: 12px\"><strong>SEMESTR VIII<\/strong><\/span><\/td>\n<\/tr>\n<tr style=\"height: 23px\">\n<td style=\"width: 61.0904%;height: 23px\" width=\"282\"><span style=\"font-family: arial, helvetica, sans-serif;font-size: 12px\">Patomorfologia 3<\/span><\/td>\n<td style=\"width: 406.034%;height: 23px\"><span style=\"font-family: arial, helvetica, sans-serif;font-size: 12px\"><a href=\"https:\/\/up.lublin.pl\/weterynaria\/wp-content\/uploads\/sites\/3\/2021\/04\/patomorfologia_3_-_skrocony_kor1.pdf\">patomorfologia_3_-_skrocony_kor(1)<\/a><\/span><\/td>\n<\/tr>\n<tr style=\"height: 23px\">\n<td style=\"width: 61.0904%;height: 23px\"><span style=\"font-family: arial, helvetica, sans-serif;font-size: 12px\">Higiena zwierz\u0105t rze\u017anych i&nbsp;mi\u0119sa 2<\/span><\/td>\n<td style=\"width: 406.034%;height: 23px\"><span style=\"font-family: arial, helvetica, sans-serif;font-size: 12px\"><a href=\"https:\/\/up.lublin.pl\/weterynaria\/wp-content\/uploads\/sites\/3\/2021\/04\/Higiena-zwierzat-rzeznych-i-miesa-2.pdf\">Higiena zwierz\u0105t rze\u017anych i&nbsp;mi\u0119sa 2<\/a><\/span><\/td>\n<\/tr>\n<tr style=\"height: 23px\">\n<td style=\"width: 61.0904%;height: 23px\"><span style=\"font-family: arial, helvetica, sans-serif;font-size: 12px\">Choroby ryb<\/span><\/td>\n<td style=\"width: 406.034%;height: 23px\"><span style=\"font-family: arial, helvetica, sans-serif;font-size: 12px\"><a href=\"https:\/\/up.lublin.pl\/weterynaria\/wp-content\/uploads\/sites\/3\/2021\/04\/choroby_ryb.pdf\">choroby_ryb<\/a><\/span><\/td>\n<\/tr>\n<tr style=\"height: 23px\">\n<td style=\"width: 61.0904%;height: 23px\"><span style=\"font-family: arial, helvetica, sans-serif;font-size: 12px\">Choroby zwierz\u0105t futerkowych<\/span><\/td>\n<td style=\"width: 406.034%;height: 23px\"><span style=\"font-family: arial, helvetica, sans-serif;font-size: 12px\"><a href=\"https:\/\/up.lublin.pl\/weterynaria\/wp-content\/uploads\/sites\/3\/2021\/04\/ch._zw._futerkowych.pdf\">ch._zw._futerkowych<\/a><\/span><\/td>\n<\/tr>\n<tr style=\"height: 23px\">\n<td style=\"width: 61.0904%;height: 23px\"><span style=\"font-family: arial, helvetica, sans-serif;font-size: 12px\">Choroby koni &#8211; blok 2<\/span><\/td>\n<td style=\"width: 406.034%;height: 23px\"><span style=\"font-family: arial, helvetica, sans-serif;font-size: 12px\"><a href=\"https:\/\/up.lublin.pl\/weterynaria\/wp-content\/uploads\/sites\/3\/2021\/05\/choroby-koni-blok-2.pdf\">choroby koni- blok 2<\/a><\/span><\/td>\n<\/tr>\n<tr style=\"height: 23px\">\n<td style=\"width: 61.0904%;height: 23px\"><span style=\"font-family: arial, helvetica, sans-serif;font-size: 12px\">Choroby zwierz\u0105t gospodarskich &#8211; blok 1<\/span><\/td>\n<td style=\"width: 406.034%;height: 23px\"><span style=\"font-family: arial, helvetica, sans-serif;font-size: 12px\"><a href=\"https:\/\/up.lublin.pl\/weterynaria\/wp-content\/uploads\/sites\/3\/2021\/04\/choroby_zwierzat_gospodarskich__blok_i.pdf\">choroby_zwierzat_gospodarskich__blok_i<\/a><\/span><\/td>\n<\/tr>\n<tr style=\"height: 23px\">\n<td style=\"width: 61.0904%;height: 23px\"><span style=\"font-family: arial, helvetica, sans-serif;font-size: 12px\">Praktyka kliniczna 1<\/span><\/td>\n<td style=\"width: 406.034%;height: 23px\"><span style=\"font-family: arial, helvetica, sans-serif;font-size: 12px\"><a href=\"https:\/\/up.lublin.pl\/weterynaria\/wp-content\/uploads\/sites\/3\/2021\/04\/Praktyka-kliniczna.pdf\">Praktyka kliniczna<\/a><\/span><\/td>\n<\/tr>\n<tr style=\"height: 23px\">\n<td style=\"width: 61.0904%;height: 23px\"><span style=\"font-family: arial, helvetica, sans-serif;font-size: 12px\">Praktyka w&nbsp;Inspekcji Weterynaryjnej 1<\/span><\/td>\n<td style=\"width: 406.034%;height: 23px\"><span style=\"font-family: arial, helvetica, sans-serif;font-size: 12px\"><a href=\"https:\/\/up.lublin.pl\/weterynaria\/wp-content\/uploads\/sites\/3\/2021\/04\/Praktyka-w-Inspekcji-Weterynaryjnej-1.pdf\">Praktyka w&nbsp;Inspekcji Weterynaryjnej 1<\/a><\/span><\/td>\n<\/tr>\n<tr style=\"height: 23px\">\n<td style=\"width: 467.124%;height: 23px\" colspan=\"2\"><span style=\"font-family: arial, helvetica, sans-serif;font-size: 12px\"><strong>SEMESTR\u00a0 IX<\/strong><\/span><\/td>\n<\/tr>\n<tr style=\"height: 23px\">\n<td style=\"width: 61.0904%;height: 23px\" width=\"282\"><span style=\"font-family: arial, helvetica, sans-serif;font-size: 12px\">Choroby zwierz\u0105t gospodarskich &#8211; blok 2<\/span><\/td>\n<td style=\"width: 406.034%;height: 23px\"><span style=\"font-family: arial, helvetica, sans-serif;font-size: 12px\"><a href=\"https:\/\/up.lublin.pl\/weterynaria\/wp-content\/uploads\/sites\/3\/2021\/04\/choroby_zwierzat_gospodarskich_blok_2.pdf\">choroby_zwierzat_gospodarskich_blok_2<\/a><\/span><\/td>\n<\/tr>\n<tr style=\"height: 23px\">\n<td style=\"width: 61.0904%;height: 23px\"><span style=\"font-family: arial, helvetica, sans-serif;font-size: 12px\">Dietetyka weterynaryjna<\/span><\/td>\n<td style=\"width: 406.034%;height: 23px\"><span style=\"font-family: arial, helvetica, sans-serif;font-size: 12px\"><a href=\"https:\/\/up.lublin.pl\/weterynaria\/wp-content\/uploads\/sites\/3\/2021\/05\/dietetyka.pdf\">dietetyka<\/a><\/span><\/td>\n<\/tr>\n<tr style=\"height: 23px\">\n<td style=\"width: 61.0904%;height: 23px\"><span style=\"font-family: arial, helvetica, sans-serif;font-size: 12px\">Choroby ptak\u00f3w 1<\/span><\/td>\n<td style=\"width: 406.034%;height: 23px\"><span style=\"font-family: arial, helvetica, sans-serif;font-size: 12px\"><a href=\"https:\/\/up.lublin.pl\/weterynaria\/wp-content\/uploads\/sites\/3\/2021\/04\/Choroby-ptakow-1.pdf\">Choroby ptak\u00f3w 1<\/a><\/span><\/td>\n<\/tr>\n<tr style=\"height: 23px\">\n<td style=\"width: 61.0904%;height: 23px\"><span style=\"font-family: arial, helvetica, sans-serif;font-size: 12px\">Andrologia i&nbsp;unasiennianie<\/span><\/td>\n<td style=\"width: 406.034%;height: 23px\"><span style=\"font-family: arial, helvetica, sans-serif;font-size: 12px\"><a href=\"https:\/\/up.lublin.pl\/weterynaria\/wp-content\/uploads\/sites\/3\/2021\/04\/andrologia_i_unasiennianie.pdf\">andrologia_i_unasiennianie<\/a><\/span><\/td>\n<\/tr>\n<tr style=\"height: 23px\">\n<td style=\"width: 61.0904%;height: 23px\"><span style=\"font-family: arial, helvetica, sans-serif;font-size: 12px\">Prewencja weterynaryjna 1<\/span><\/td>\n<td style=\"width: 406.034%;height: 23px\"><span style=\"font-family: arial, helvetica, sans-serif;font-size: 12px\"><a href=\"https:\/\/up.lublin.pl\/weterynaria\/wp-content\/uploads\/sites\/3\/2021\/04\/prewencja_wet.1.pdf\">prewencja_wet.1<\/a><\/span><\/td>\n<\/tr>\n<tr style=\"height: 23px\">\n<td style=\"width: 61.0904%;height: 23px\"><span style=\"font-family: arial, helvetica, sans-serif;font-size: 12px\">Choroby ps\u00f3w i&nbsp;kot\u00f3w &#8211; blok 1<\/span><\/td>\n<td style=\"width: 406.034%;height: 23px\"><span style=\"font-family: arial, helvetica, sans-serif;font-size: 12px\"><a href=\"https:\/\/up.lublin.pl\/weterynaria\/wp-content\/uploads\/sites\/3\/2021\/04\/choroby_psow_i_kotow-blok_1.pdf\">choroby_psow_i_kotow &#8211; blok_1<\/a><\/span><\/td>\n<\/tr>\n<tr style=\"height: 23px\">\n<td style=\"width: 61.0904%;height: 23px\"><span style=\"font-family: arial, helvetica, sans-serif;font-size: 12px\">Higiena produkt\u00f3w pochodzenia zwierz\u0119cego 1<\/span><\/td>\n<td style=\"width: 406.034%;height: 23px\"><span style=\"font-family: arial, helvetica, sans-serif;font-size: 12px\"><a href=\"https:\/\/up.lublin.pl\/weterynaria\/wp-content\/uploads\/sites\/3\/2021\/04\/Higiena-produktow-pochodzenia-zwierzecego-1.pdf\">Higiena produkt\u00f3w pochodzenia zwierz\u0119cego 1<\/a><\/span><\/td>\n<\/tr>\n<tr style=\"height: 23px\">\n<td style=\"width: 61.0904%;height: 23px\"><span style=\"font-family: arial, helvetica, sans-serif;font-size: 12px\">Weterynaria s\u0105dowa<\/span><\/td>\n<td style=\"width: 406.034%;height: 23px\"><span style=\"font-family: arial, helvetica, sans-serif;font-size: 12px\"><a href=\"https:\/\/up.lublin.pl\/weterynaria\/wp-content\/uploads\/sites\/3\/2021\/04\/weterynaria_sadowa.pdf\">weterynaria_sadowa<\/a><\/span><\/td>\n<\/tr>\n<tr style=\"height: 23px\">\n<td style=\"width: 467.124%;height: 23px\" colspan=\"2\"><span style=\"font-family: arial, helvetica, sans-serif;font-size: 12px\"><strong>SEMESTR X<\/strong><\/span><\/td>\n<\/tr>\n<tr style=\"height: 23px\">\n<td style=\"width: 61.0904%;height: 23px\" width=\"282\"><span style=\"font-family: arial, helvetica, sans-serif;font-size: 12px\">Prewencja weterynaryjna 2<\/span><\/td>\n<td style=\"width: 406.034%;height: 23px\"><span style=\"font-family: arial, helvetica, sans-serif;font-size: 12px\"><a href=\"https:\/\/up.lublin.pl\/weterynaria\/wp-content\/uploads\/sites\/3\/2021\/04\/prewencja_wet.2.pdf\">prewencja_wet.2<\/a><\/span><\/td>\n<\/tr>\n<tr style=\"height: 23px\">\n<td style=\"width: 61.0904%;height: 23px\"><span style=\"font-family: arial, helvetica, sans-serif;font-size: 12px\">Choroby ps\u00f3w i&nbsp;kot\u00f3w &#8211; blok 2<\/span><\/td>\n<td style=\"width: 406.034%;height: 23px\"><span style=\"font-family: arial, helvetica, sans-serif;font-size: 12px\"><a href=\"https:\/\/up.lublin.pl\/weterynaria\/wp-content\/uploads\/sites\/3\/2021\/04\/choroby_psow_i_kotow_-_blok_2.pdf\">choroby_psow_i_kotow_-_blok_2<\/a><\/span><\/td>\n<\/tr>\n<tr style=\"height: 23px\">\n<td style=\"width: 61.0904%;height: 23px\"><span style=\"font-family: arial, helvetica, sans-serif;font-size: 12px\">Higiena produkt\u00f3w pochodzenia zwierz\u0119cego 2<\/span><\/td>\n<td style=\"width: 406.034%;height: 23px\"><span style=\"font-family: arial, helvetica, sans-serif;font-size: 12px\"><a href=\"https:\/\/up.lublin.pl\/weterynaria\/wp-content\/uploads\/sites\/3\/2021\/04\/Higiena-produktow-pochodzenia-zwierzecego-2.pdf\">Higiena produkt\u00f3w pochodzenia zwierz\u0119cego 2<\/a><\/span><\/td>\n<\/tr>\n<tr style=\"height: 23px\">\n<td style=\"width: 61.0904%;height: 23px\"><span style=\"font-family: arial, helvetica, sans-serif;font-size: 12px\">Choroby ptak\u00f3w 2<\/span><\/td>\n<td style=\"width: 406.034%;height: 23px\"><span style=\"font-family: arial, helvetica, sans-serif;font-size: 12px\"><a href=\"https:\/\/up.lublin.pl\/weterynaria\/wp-content\/uploads\/sites\/3\/2021\/04\/Choroby-ptakow-2.pdf\">Choroby ptak\u00f3w 2<\/a><\/span><\/td>\n<\/tr>\n<tr style=\"height: 23px\">\n<td style=\"width: 61.0904%;height: 23px\"><span style=\"font-family: arial, helvetica, sans-serif;font-size: 12px\">Administracja i&nbsp;ustawodawstwo weterynaryjne<\/span><\/td>\n<td style=\"width: 406.034%;height: 23px\"><span style=\"font-family: arial, helvetica, sans-serif;font-size: 12px\"><a href=\"https:\/\/up.lublin.pl\/weterynaria\/wp-content\/uploads\/sites\/3\/2021\/05\/administracja.pdf\">administracja<\/a><\/span><\/td>\n<\/tr>\n<tr style=\"height: 23px\">\n<td style=\"width: 61.0904%;height: 23px\"><span style=\"font-family: arial, helvetica, sans-serif;font-size: 12px\">Choroby zwierz\u0105t gospodarskich &#8211; sta\u017c 1<\/span><\/td>\n<td style=\"width: 406.034%;height: 23px\"><span style=\"font-family: arial, helvetica, sans-serif;font-size: 12px\"><a href=\"https:\/\/up.lublin.pl\/weterynaria\/wp-content\/uploads\/sites\/3\/2021\/04\/choroby_zwierzat_gospodarskich_staz._blok_i.pdf\">choroby_zwierzat_gospodarskich,_staz._blok_i<\/a><\/span><\/td>\n<\/tr>\n<tr style=\"height: 23px\">\n<td style=\"width: 61.0904%;height: 23px\"><span style=\"font-family: arial, helvetica, sans-serif;font-size: 12px\">Choroby koni &#8211; sta\u017c 1<\/span><\/td>\n<td style=\"width: 406.034%;height: 23px\"><span style=\"font-family: arial, helvetica, sans-serif;font-size: 12px\"><a href=\"https:\/\/up.lublin.pl\/weterynaria\/wp-content\/uploads\/sites\/3\/2021\/05\/staz-z-koni.pdf\">sta\u017c z&nbsp;koni<\/a><\/span><\/td>\n<\/tr>\n<tr style=\"height: 23px\">\n<td style=\"width: 61.0904%;height: 23px\"><span style=\"font-family: arial, helvetica, sans-serif;font-size: 12px\">Choroby ps\u00f3w i&nbsp;kot\u00f3w &#8211; sta\u017c 1<\/span><\/td>\n<td style=\"width: 406.034%;height: 23px\"><span style=\"font-family: arial, helvetica, sans-serif;font-size: 12px\"><a href=\"https:\/\/up.lublin.pl\/weterynaria\/wp-content\/uploads\/sites\/3\/2021\/04\/choroby_psow_i_kotow_staz_1.pdf\">choroby_psow_i_kotow,_staz_1<\/a><\/span><\/td>\n<\/tr>\n<tr style=\"height: 23px\">\n<td style=\"width: 61.0904%;height: 23px\"><span style=\"font-family: arial, helvetica, sans-serif;font-size: 12px\">Praktyka w&nbsp;Inspekcji Weterynaryjnej 2<\/span><\/td>\n<td style=\"width: 406.034%;height: 23px\"><span style=\"font-family: arial, helvetica, sans-serif;font-size: 12px\"><a href=\"https:\/\/up.lublin.pl\/weterynaria\/wp-content\/uploads\/sites\/3\/2021\/04\/Praktyka-w-Inspekcji-Weterynaryjnej-II.pdf\">Praktyka w&nbsp;Inspekcji Weterynaryjnej II<\/a><\/span><\/td>\n<\/tr>\n<tr style=\"height: 23px\">\n<td style=\"width: 61.0904%;height: 23px\"><span style=\"font-family: arial, helvetica, sans-serif;font-size: 12px\">Praktyka kliniczna 2<\/span><\/td>\n<td style=\"width: 406.034%;height: 23px\"><span style=\"font-family: arial, helvetica, sans-serif;font-size: 12px\"><a href=\"https:\/\/up.lublin.pl\/weterynaria\/wp-content\/uploads\/sites\/3\/2021\/04\/Praktyka-kliniczna-2.pdf\">Praktyka kliniczna 2<\/a><\/span><\/td>\n<\/tr>\n<tr style=\"height: 23px\">\n<td style=\"width: 467.124%;height: 23px\" colspan=\"2\"><span style=\"font-family: arial, helvetica, sans-serif;font-size: 12px\"><strong>SEMESTR XI<\/strong><\/span><\/td>\n<\/tr>\n<tr style=\"height: 23px\">\n<td style=\"width: 61.0904%;height: 23px\" width=\"282\"><span style=\"font-family: arial, helvetica, sans-serif;font-size: 12px\">Choroby zwierz\u0105t gospodarskich &#8211; sta\u017c 2<\/span><\/td>\n<td style=\"width: 406.034%;height: 23px\"><span style=\"font-family: arial, helvetica, sans-serif;font-size: 12px\"><a href=\"https:\/\/up.lublin.pl\/weterynaria\/wp-content\/uploads\/sites\/3\/2021\/04\/choroby_zwierzat_gospodarskich_staz_2.pdf\">choroby_zwierzat_gospodarskich_staz_2<\/a><\/span><\/td>\n<\/tr>\n<tr style=\"height: 23px\">\n<td style=\"width: 61.0904%;height: 23px\"><span style=\"font-family: arial, helvetica, sans-serif;font-size: 12px\">Choroby koni &#8211; sta\u017c 2<\/span><\/td>\n<td style=\"width: 406.034%;height: 23px\"><span style=\"font-family: arial, helvetica, sans-serif;font-size: 12px\"><a href=\"https:\/\/up.lublin.pl\/weterynaria\/wp-content\/uploads\/sites\/3\/2021\/04\/choroby_koni_-_staz_2.pdf\">choroby_koni_-_staz_2<\/a><\/span><\/td>\n<\/tr>\n<tr style=\"height: 23px\">\n<td style=\"width: 61.0904%;height: 23px\"><span style=\"font-family: arial, helvetica, sans-serif;font-size: 12px\">Choroby ps\u00f3w i&nbsp;kot\u00f3w &#8211; sta\u017c 2<\/span><\/td>\n<td style=\"width: 406.034%;height: 23px\"><span style=\"font-family: arial, helvetica, sans-serif;font-size: 12px\"><a href=\"https:\/\/up.lublin.pl\/weterynaria\/wp-content\/uploads\/sites\/3\/2021\/04\/choroby_psow_i_kotow_-_staz_2.pdf\">choroby_psow_i_kotow_-_staz_2<\/a><\/span><\/td>\n<\/tr>\n<tr style=\"height: 23px\">\n<td style=\"width: 61.0904%;height: 23px\"><span style=\"font-family: arial, helvetica, sans-serif;font-size: 12px\">Choroby ptak\u00f3w &#8211; sta\u017c\u00a0<\/span><\/td>\n<td style=\"width: 406.034%;height: 23px\"><span style=\"font-family: arial, helvetica, sans-serif;font-size: 12px\"><a href=\"https:\/\/up.lublin.pl\/weterynaria\/wp-content\/uploads\/sites\/3\/2021\/04\/choroby-ptakow-\u2013-staz.pdf\">choroby ptak\u00f3w \u2013 sta\u017c<\/a><\/span><\/td>\n<\/tr>\n<tr style=\"height: 23px\">\n<td style=\"width: 61.0904%;height: 23px\"><span style=\"font-family: arial, helvetica, sans-serif;font-size: 12px\">Przedmiot do wyboru 1 &#8211; blok d<\/span><\/td>\n<td style=\"width: 406.034%;height: 23px\"><span style=\"font-family: arial, helvetica, sans-serif;font-size: 12px\"><a href=\"https:\/\/up.lublin.pl\/weterynaria\/wp-content\/uploads\/sites\/3\/2021\/05\/f_blok_d-kor-19.05.pdf\">f_blok_d kor 19.05<\/a><\/span><\/td>\n<\/tr>\n<tr style=\"height: 23px\">\n<td style=\"width: 61.0904%;height: 23px\"><span style=\"font-family: arial, helvetica, sans-serif;font-size: 12px\">Przedmiot do wyboru 2 &#8211; blok d<\/span><\/td>\n<td style=\"width: 406.034%;height: 23px\"><span style=\"font-family: arial, helvetica, sans-serif;font-size: 12px\"><a href=\"https:\/\/up.lublin.pl\/weterynaria\/wp-content\/uploads\/sites\/3\/2021\/05\/f_blok_d-kor-19.05.pdf\">f_blok_d kor 19.05<\/a><\/span><\/td>\n<\/tr>\n<tr style=\"height: 23px\">\n<td style=\"width: 61.0904%;height: 23px\"><span style=\"font-family: arial, helvetica, sans-serif;font-size: 12px\">Przedmiot do wyboru 1 &#8211; blok e<\/span><\/td>\n<td style=\"width: 406.034%;height: 23px\"><span style=\"font-family: arial, helvetica, sans-serif;font-size: 12px\"><a href=\"https:\/\/up.lublin.pl\/weterynaria\/wp-content\/uploads\/sites\/3\/2021\/05\/f-blok-e-kor.-19.05.pdf\">f-blok-e kor. 19.05<\/a><\/span><\/td>\n<\/tr>\n<tr style=\"height: 23px\">\n<td style=\"width: 61.0904%;height: 23px\"><span style=\"font-family: arial, helvetica, sans-serif;font-size: 12px\">Przedmiot do wyboru 2 &#8211; blok e<\/span><\/td>\n<td style=\"width: 406.034%;height: 23px\"><span style=\"font-family: arial, helvetica, sans-serif;font-size: 12px\"><a href=\"https:\/\/up.lublin.pl\/weterynaria\/wp-content\/uploads\/sites\/3\/2021\/05\/f-blok-e-kor.-19.05.pdf\">f-blok-e kor. 19.05<\/a><\/span><\/td>\n<\/tr>\n<tr style=\"height: 23px\">\n<td style=\"width: 61.0904%;height: 23px\"><span style=\"font-family: arial, helvetica, sans-serif;font-size: 12px\">Przedmiot do wyboru 1 &#8211; blok f<\/span><\/td>\n<td style=\"width: 406.034%;height: 23px\"><span style=\"font-family: arial, helvetica, sans-serif;font-size: 12px\"><a href=\"https:\/\/up.lublin.pl\/weterynaria\/wp-content\/uploads\/sites\/3\/2021\/05\/f_blok_f-kor-19.05.pdf\">f_blok_f kor 19.05<\/a><\/span><\/td>\n<\/tr>\n<tr style=\"height: 23px\">\n<td style=\"width: 61.0904%;height: 34px\"><span style=\"font-family: arial, helvetica, sans-serif;font-size: 12px\">Przedmiot do wyboru 2 &#8211; blok f<\/span><\/td>\n<td style=\"width: 406.034%;height: 34px\"><span style=\"font-family: arial, helvetica, sans-serif;font-size: 12px\"><a href=\"https:\/\/up.lublin.pl\/weterynaria\/wp-content\/uploads\/sites\/3\/2021\/05\/f_blok_f-kor-19.05.pdf\">f_blok_f kor 19.05<\/a><\/span><\/td>\n<\/tr>\n<\/tbody>\n<\/table>\n                                                <\/div>\n                                            <\/li>\n                                        <\/ul>\n\t\t\t\t\t\t                                                        <ul class=\"mn-accordion\">\n                                            <li>\n                                                <h4 class=\"mn-accordion-title\">ANALITYKA WETERYNARYJNA<\/h4>\n                                                <div>\n\t\t\t\t\t\t\t\t\t                <p><span style=\"font-size: 16px\"><strong>ANALITYKA WETERYNARYJNA &#8211; STUDIA PIERWSZEGO STOPNIA<\/strong><\/span><\/p>\n<p>PRZEDMIOTY OBLIGATORYJNE<\/p>\n<table style=\"width: 100%;border-collapse: collapse;height: 1889px\" border=\"1\">\n<tbody>\n<tr style=\"height: 42px\">\n<td style=\"text-align: center;height: 42px\" colspan=\"2\"><span style=\"font-size: 16px\"><strong>SEMESTR I<\/strong><\/span><\/td>\n<\/tr>\n<tr style=\"height: 40px\">\n<td style=\"width: 50%;height: 40px\">\u00a0Anatomia zwierz\u0105t<\/td>\n<td style=\"width: 50%;text-align: center;height: 40px\"><a href=\"https:\/\/up.lublin.pl\/weterynaria\/wp-content\/uploads\/sites\/3\/2023\/03\/AW_01-Anatomia-zwierzat.pdf\">AW_01 Anatomia zwierz\u0105t<\/a><\/td>\n<\/tr>\n<tr style=\"height: 40px\">\n<td style=\"width: 50%;height: 40px\">Bezpiecze\u0144stwo pracy i&nbsp;ergonomia<\/td>\n<td style=\"width: 50%;text-align: center;height: 40px\"><a href=\"https:\/\/up.lublin.pl\/weterynaria\/wp-content\/uploads\/sites\/3\/2023\/03\/AW_02_Bezpieczenstwo-pracy-i-ergonomia.pdf\">AW_02_Bezpiecze\u0144stwo pracy i&nbsp;ergonomia<\/a><\/td>\n<\/tr>\n<tr style=\"height: 40px\">\n<td style=\"width: 50%;height: 40px\">Bioasekuracja w&nbsp;laboratoriach<\/td>\n<td style=\"width: 50%;text-align: center;height: 40px\"><a href=\"https:\/\/up.lublin.pl\/weterynaria\/wp-content\/uploads\/sites\/3\/2023\/03\/AW_03-Bioasekuracja-w-laboratoriach.pdf\">AW_03 Bioasekuracja w&nbsp;laboratoriach<\/a><\/td>\n<\/tr>\n<tr style=\"height: 40px\">\n<td style=\"width: 50%;height: 40px\">Bioetyka<\/td>\n<td style=\"width: 50%;text-align: center;height: 40px\"><a href=\"https:\/\/up.lublin.pl\/weterynaria\/wp-content\/uploads\/sites\/3\/2023\/03\/AW_04-Bioetyka.pdf\">AW_04 Bioetyka<\/a><\/td>\n<\/tr>\n<tr style=\"height: 40px\">\n<td style=\"width: 50%;height: 40px\">Biologia z&nbsp;genetyk\u0105<\/td>\n<td style=\"width: 50%;text-align: center;height: 40px\"><a href=\"https:\/\/up.lublin.pl\/weterynaria\/wp-content\/uploads\/sites\/3\/2023\/03\/AW_06-Biologia-z-genetyka.pdf\">AW_06 Biologia z&nbsp;genetyk\u0105<\/a><\/td>\n<\/tr>\n<tr style=\"height: 40px\">\n<td style=\"width: 50%;height: 40px\">Chemia analityczna<\/td>\n<td style=\"width: 50%;text-align: center;height: 40px\"><a href=\"https:\/\/up.lublin.pl\/weterynaria\/wp-content\/uploads\/sites\/3\/2023\/03\/AW_07-Chemia-analiyczna.pdf\">AW_07 Chemia analiyczna<\/a><\/td>\n<\/tr>\n<tr style=\"height: 40px\">\n<td style=\"width: 50%;height: 40px\">Histologia<\/td>\n<td style=\"width: 50%;text-align: center;height: 40px\"><a href=\"https:\/\/up.lublin.pl\/weterynaria\/wp-content\/uploads\/sites\/3\/2023\/03\/AW_08-Histologia.pdf\">AW_08 Histologia<\/a><\/td>\n<\/tr>\n<tr style=\"height: 40px\">\n<td style=\"width: 50%;height: 40px\">J\u0119zyk obcy 1<\/td>\n<td style=\"width: 50%;text-align: center;height: 40px\"><a href=\"https:\/\/up.lublin.pl\/weterynaria\/wp-content\/uploads\/sites\/3\/2023\/03\/AW_09-Jezyk-obcy-1.pdf\">AW_09 J\u0119zyk obcy 1<\/a><\/td>\n<\/tr>\n<tr style=\"height: 46px\">\n<td style=\"width: 50%;height: 46px\">Ochrona w\u0142asno\u015bci intelektualnej\u00a0 danych osobowych<\/td>\n<td style=\"width: 50%;text-align: center;height: 46px\"><a href=\"https:\/\/up.lublin.pl\/weterynaria\/wp-content\/uploads\/sites\/3\/2023\/03\/AW_10-Ochrona-wlasnosci-int.pdf\">AW_10 Ochrona w\u0142asno\u015bci int<\/a><\/td>\n<\/tr>\n<tr style=\"height: 40px\">\n<td style=\"width: 50%;height: 40px\">Techniki informacyjne<\/td>\n<td style=\"width: 50%;text-align: center;height: 40px\"><a href=\"https:\/\/up.lublin.pl\/weterynaria\/wp-content\/uploads\/sites\/3\/2023\/03\/AW_11_Techniki-informacyjne.pdf\">AW_11_Techniki informacyjne<\/a><\/td>\n<\/tr>\n<tr style=\"height: 40px\">\n<td style=\"width: 50%;height: 40px\">Wychowanie fizyczne<\/td>\n<td style=\"width: 50%;text-align: center;height: 40px\"><a href=\"https:\/\/up.lublin.pl\/weterynaria\/wp-content\/uploads\/sites\/3\/2023\/03\/AW_12-wychowanie-fizyczne.pdf\">AW_12 wychowanie fizyczne<\/a><\/td>\n<\/tr>\n<tr style=\"height: 44px\">\n<td style=\"width: 50%;height: 44px;text-align: center\" colspan=\"2\"><strong><span style=\"font-size: 16px\">SEMESTR II<\/span><\/strong><\/td>\n<\/tr>\n<tr style=\"height: 23px\">\n<td style=\"width: 50%;height: 23px\">Biofizyczne podstawy technik diagnostycznego obrazowania<\/td>\n<td style=\"width: 50%;text-align: center;height: 23px\"><a href=\"https:\/\/up.lublin.pl\/weterynaria\/wp-content\/uploads\/sites\/3\/2023\/03\/AW_05-Biofizyczne-podstawy-technik-diagn-obrazowania.pdf\">AW_05 Biofizyczne podstawy technik diagn obrazowania<\/a><\/td>\n<\/tr>\n<tr style=\"height: 23px\">\n<td style=\"width: 50%;height: 23px\">Analiza instrumentalna<\/td>\n<td style=\"width: 50%;text-align: center;height: 23px\"><a href=\"https:\/\/up.lublin.pl\/weterynaria\/wp-content\/uploads\/sites\/3\/2023\/03\/AW_13-Analiza-instrumentalna.pdf\">AW_13 Analiza instrumentalna<\/a><\/td>\n<\/tr>\n<tr style=\"height: 40px\">\n<td style=\"width: 50%;height: 40px\">Biochemia kliniczna 1<\/td>\n<td style=\"width: 50%;text-align: center;height: 40px\"><a href=\"https:\/\/up.lublin.pl\/weterynaria\/wp-content\/uploads\/sites\/3\/2023\/03\/AW_14-Biochemia-kliniczna-1.pdf\">AW_14 Biochemia kliniczna 1<\/a><\/td>\n<\/tr>\n<tr style=\"height: 40px\">\n<td style=\"width: 50%;height: 40px\">Fizjologia zwierz\u0105t<\/td>\n<td style=\"width: 50%;text-align: center;height: 40px\"><a href=\"https:\/\/up.lublin.pl\/weterynaria\/wp-content\/uploads\/sites\/3\/2023\/03\/AW_17-Fizjologia-zwierzat.pdf\">AW_17 Fizjologia zwierz\u0105t<\/a><\/td>\n<\/tr>\n<tr style=\"height: 40px\">\n<td style=\"width: 50%;height: 40px\">Mikrobiologia<\/td>\n<td style=\"width: 50%;text-align: center;height: 40px\"><a href=\"https:\/\/up.lublin.pl\/weterynaria\/wp-content\/uploads\/sites\/3\/2023\/03\/AW_24-Mikrobiologia.pdf\">AW_24 Mikrobiologia<\/a><\/td>\n<\/tr>\n<tr style=\"height: 40px\">\n<td style=\"width: 50%;height: 40px\">J\u0119zyk obcy 2<\/td>\n<td style=\"width: 50%;text-align: center;height: 40px\"><a href=\"https:\/\/up.lublin.pl\/weterynaria\/wp-content\/uploads\/sites\/3\/2023\/03\/AW_19-Jezyk-obcy-2.pdf\">AW_19 J\u0119zyk obcy 2<\/a><\/td>\n<\/tr>\n<tr style=\"height: 40px\">\n<td style=\"width: 50%;height: 40px\">Wychowanie fizyczne 2<\/td>\n<td style=\"width: 50%;text-align: center;height: 40px\"><a href=\"https:\/\/up.lublin.pl\/weterynaria\/wp-content\/uploads\/sites\/3\/2023\/03\/AW_20-Wychowanie-fizyczne-2.pdf\">AW_20 Wychowanie fizyczne 2<\/a><\/td>\n<\/tr>\n<tr style=\"height: 41px\">\n<td style=\"width: 50%;height: 41px;text-align: center\" colspan=\"2\"><strong><span style=\"font-size: 16px\">SEMESTR III<\/span><\/strong><\/td>\n<\/tr>\n<tr style=\"height: 23px\">\n<td style=\"width: 50%;height: 23px\">Farmakologia<\/td>\n<td style=\"width: 50%;text-align: center;height: 23px\"><a href=\"https:\/\/up.lublin.pl\/weterynaria\/wp-content\/uploads\/sites\/3\/2023\/03\/AW_16-Farmakologia.pdf\">AW_16 Farmakologia<\/a><\/td>\n<\/tr>\n<tr style=\"height: 46px\">\n<td style=\"width: 50%;height: 46px\">Podstawy cytometrii przep\u0142ywowej w&nbsp;diagnostyce weterynaryjnej<\/td>\n<td style=\"width: 50%;text-align: center;height: 46px\"><a href=\"https:\/\/up.lublin.pl\/weterynaria\/wp-content\/uploads\/sites\/3\/2023\/03\/AW_18-Podstawy-cytometrii-przeplywowej-w-diagnostyce-weter.pdf\">AW_18 Podstawy cytometrii przep\u0142ywowej w&nbsp;diagnostyce weter<\/a><\/td>\n<\/tr>\n<tr style=\"height: 40px\">\n<td style=\"width: 50%;height: 40px\">Biochemia kliniczna<\/td>\n<td style=\"width: 50%;text-align: center;height: 40px\"><a href=\"https:\/\/up.lublin.pl\/weterynaria\/wp-content\/uploads\/sites\/3\/2023\/03\/AW_21-Biochemia-kliniczna.pdf\">AW_21 Biochemia kliniczna<\/a><\/td>\n<\/tr>\n<tr style=\"height: 40px\">\n<td style=\"width: 50%;height: 40px\">Immunologia og\u00f3lna i&nbsp;kliniczna<\/td>\n<td style=\"width: 50%;text-align: center;height: 40px\"><a href=\"https:\/\/up.lublin.pl\/weterynaria\/wp-content\/uploads\/sites\/3\/2023\/03\/AW_22-Immunologia-ogolna-i-kliniczna.pdf\">AW_22 Immunologia og\u00f3lna i&nbsp;kliniczna<\/a><\/td>\n<\/tr>\n<tr style=\"height: 40px\">\n<td style=\"width: 50%;height: 40px\">Patofizjologia<\/td>\n<td style=\"width: 50%;text-align: center;height: 40px\"><a href=\"https:\/\/up.lublin.pl\/weterynaria\/wp-content\/uploads\/sites\/3\/2023\/03\/AW_25-Patofizjologia.pdf\">AW_25 Patofizjologia<\/a><\/td>\n<\/tr>\n<tr style=\"height: 40px\">\n<td style=\"width: 50%;height: 40px\">J\u0119zyk obcy 3<\/td>\n<td style=\"width: 50%;text-align: center;height: 40px\"><a href=\"https:\/\/up.lublin.pl\/weterynaria\/wp-content\/uploads\/sites\/3\/2023\/03\/AW_23-Jezyk-obcy-3.pdf\">AW_23 J\u0119zyk obcy 3<\/a><\/td>\n<\/tr>\n<tr style=\"height: 40px\">\n<td style=\"width: 50%;height: 40px;text-align: center\" colspan=\"2\"><strong><span style=\"font-size: 16px\">SEMESTR IV<\/span><\/strong><\/td>\n<\/tr>\n<tr style=\"height: 23px\">\n<td style=\"width: 50%;height: 23px\">Analityka og\u00f3lna<\/td>\n<td style=\"width: 50%;text-align: center;height: 23px\"><a href=\"https:\/\/up.lublin.pl\/weterynaria\/wp-content\/uploads\/sites\/3\/2023\/03\/AW_26-Analityka-ogolna-1.pdf\">Analityka og\u00f3lna<\/a><\/td>\n<\/tr>\n<tr style=\"height: 23px\">\n<td style=\"width: 50%;height: 23px\">Badania laboratoryjne w&nbsp;weterynaryjnej diagnostyce klinicznej 1<\/td>\n<td style=\"width: 50%;text-align: center;height: 23px\"><a href=\"https:\/\/up.lublin.pl\/weterynaria\/wp-content\/uploads\/sites\/3\/2023\/03\/AW_27-Badania-laboratoryjne-w-wet-diagnostyce-1.pdf\">AW_27 Badania laboratoryjne w&nbsp;wet diagnostyce 1<\/a><\/td>\n<\/tr>\n<tr style=\"height: 23px\">\n<td style=\"width: 50%;height: 23px\">Biostatystyka i&nbsp;metody dokumentacji<\/td>\n<td style=\"width: 50%;text-align: center;height: 23px\"><a href=\"https:\/\/up.lublin.pl\/weterynaria\/wp-content\/uploads\/sites\/3\/2023\/03\/AW_28-Biostatystyka-i-metody-dokumentacji.pdf\">AW_28 Biostatystyka i&nbsp;metody dokumentacji<\/a><\/td>\n<\/tr>\n<tr style=\"height: 40px\">\n<td style=\"width: 50%;height: 40px\">J\u0119zyk obcy 4<\/td>\n<td style=\"width: 50%;text-align: center;height: 40px\"><a href=\"https:\/\/up.lublin.pl\/weterynaria\/wp-content\/uploads\/sites\/3\/2023\/03\/AW_29-Jezyk-obcy-4.pdf\">AW_29 J\u0119zyk obcy 4<\/a><\/td>\n<\/tr>\n<tr style=\"height: 40px\">\n<td style=\"width: 50%;height: 40px\">Laboratoryjne procedury mikrobiologiczne<\/td>\n<td style=\"width: 50%;text-align: center;height: 40px\"><a href=\"https:\/\/up.lublin.pl\/weterynaria\/wp-content\/uploads\/sites\/3\/2023\/03\/AW_30-Laboratoryjne-procedury-mikrobiologiczne.pdf\">AW_30 Laboratoryjne procedury mikrobiologiczne<\/a><\/td>\n<\/tr>\n<tr style=\"height: 40px\">\n<td style=\"width: 50%;height: 40px\">Parazytologia<\/td>\n<td style=\"width: 50%;text-align: center;height: 40px\"><a href=\"https:\/\/up.lublin.pl\/weterynaria\/wp-content\/uploads\/sites\/3\/2023\/03\/AW_31-Parazytologia.pdf\">AW_31 Parazytologia<\/a><\/td>\n<\/tr>\n<tr style=\"height: 40px\">\n<td style=\"width: 50%;height: 40px\">Toksykologia<\/td>\n<td style=\"width: 50%;text-align: center;height: 40px\"><a href=\"https:\/\/up.lublin.pl\/weterynaria\/wp-content\/uploads\/sites\/3\/2023\/03\/AW_32-Toksykologia.pdf\">AW_32 Toksykologia<\/a><\/td>\n<\/tr>\n<tr style=\"height: 40px\">\n<td style=\"width: 50%;height: 40px\">Praktyka zawodowa<\/td>\n<td style=\"width: 50%;text-align: center;height: 40px\"><a href=\"https:\/\/up.lublin.pl\/weterynaria\/wp-content\/uploads\/sites\/3\/2023\/03\/AW_72-Praktyka-zawodowa.pdf\">AW_72 Praktyka zawodowa<\/a><\/td>\n<\/tr>\n<tr style=\"height: 36px\">\n<td style=\"width: 50%;height: 36px;text-align: center\" colspan=\"2\"><strong><span style=\"font-size: 16px\">SEMESTR V<\/span><\/strong><\/td>\n<\/tr>\n<tr style=\"height: 23px\">\n<td style=\"width: 50%;height: 23px\">Badania laboratoryjne w&nbsp;weterynaryjnej diagnostyce klinicznej 2<\/td>\n<td style=\"width: 50%;text-align: center;height: 23px\"><a href=\"https:\/\/up.lublin.pl\/weterynaria\/wp-content\/uploads\/sites\/3\/2023\/03\/AW_33-Badania-laboratoryjne-w-wet-diagnostyce-2.pdf\">AW_33 Badania laboratoryjne w&nbsp;wet diagnostyce 2<\/a><\/td>\n<\/tr>\n<tr style=\"height: 23px\">\n<td style=\"width: 50%;height: 23px\">Diagnostyka parazytologiczna<\/td>\n<td style=\"width: 50%;text-align: center;height: 23px\"><a href=\"https:\/\/up.lublin.pl\/weterynaria\/wp-content\/uploads\/sites\/3\/2023\/03\/AW_34-Diagnostyka-parazytologiczna.pdf\">AW_34 Diagnostyka parazytologiczna<\/a><\/td>\n<\/tr>\n<tr style=\"height: 23px\">\n<td style=\"width: 50%;height: 23px\">Metody analityczne w&nbsp;badaniu \u017cywno\u015bci pochodzenia zwierz\u0119cego 1<\/td>\n<td style=\"width: 50%;text-align: center;height: 23px\"><a href=\"https:\/\/up.lublin.pl\/weterynaria\/wp-content\/uploads\/sites\/3\/2023\/03\/AW_35-Metody-analityczne-w-bad-zywnosci-1.pdf\">AW_35 Metody analityczne w&nbsp;bad \u017cywno\u015bci 1<\/a><\/td>\n<\/tr>\n<tr style=\"height: 46px\">\n<td style=\"width: 50%;height: 46px\">Projektowanie i&nbsp;organizacja pracowni i&nbsp;diagnostyki laboratoryjnej i&nbsp;obrazowej<\/td>\n<td style=\"width: 50%;text-align: center;height: 46px\"><a href=\"https:\/\/up.lublin.pl\/weterynaria\/wp-content\/uploads\/sites\/3\/2023\/03\/AW_36-Projektowanie-i-organizacja-pracowni-i-diagnostyki-laboratoryjnej-i-obrazowej.pdf\">AW_36 Projektowanie i&nbsp;organizacja pracowni i&nbsp;diagnostyki laboratoryjnej i&nbsp;obrazowej<\/a><\/td>\n<\/tr>\n<tr style=\"height: 40px\">\n<td style=\"width: 50%;height: 40px\">Techniki histo i&nbsp;cytomorfologiczne<\/td>\n<td style=\"width: 50%;text-align: center;height: 40px\"><a href=\"https:\/\/up.lublin.pl\/weterynaria\/wp-content\/uploads\/sites\/3\/2023\/03\/AW_37-Techniki-histo-i-cytomorfologiczne.pdf\">AW_37 Techniki histo i&nbsp;cytomorfologiczne<\/a><\/td>\n<\/tr>\n<tr style=\"height: 40px\">\n<td style=\"width: 50%;height: 40px\">Seminarium dyplomowe 1<\/td>\n<td style=\"width: 50%;text-align: center;height: 40px\"><a href=\"https:\/\/up.lublin.pl\/weterynaria\/wp-content\/uploads\/sites\/3\/2023\/03\/AW_73-Seminarium-dyplomowe-1.pdf\">AW_73 Seminarium dyplomowe 1<\/a><\/td>\n<\/tr>\n<tr style=\"height: 32px\">\n<td style=\"width: 50%;height: 32px;text-align: center\" colspan=\"2\"><strong><span style=\"font-size: 16px\">SEMESTR VI<\/span><\/strong><\/td>\n<\/tr>\n<tr style=\"height: 23px\">\n<td style=\"width: 50%;height: 23px\">Metody analityczne w&nbsp;badaniu \u017cywno\u015bci pochodzenia zwierz\u0119cego 2<\/td>\n<td style=\"width: 50%;text-align: center;height: 23px\"><a href=\"https:\/\/up.lublin.pl\/weterynaria\/wp-content\/uploads\/sites\/3\/2023\/03\/AW_38-Metody-analityczne-2.pdf\">AW_38 Metody analityczne 2<\/a><\/td>\n<\/tr>\n<tr style=\"height: 40px\">\n<td style=\"width: 50%;height: 40px\">Systemy jako\u015bci i&nbsp;akredytacja w&nbsp;laboratoriach<\/td>\n<td style=\"width: 50%;text-align: center;height: 40px\"><a href=\"https:\/\/up.lublin.pl\/weterynaria\/wp-content\/uploads\/sites\/3\/2023\/03\/AW_39-Systemy-jakosci-i-akredytacja-w-laboratoriach.pdf\">AW_39 Systemy jako\u015bci i&nbsp;akredytacja w&nbsp;laboratoriach<\/a><\/td>\n<\/tr>\n<tr style=\"height: 40px\">\n<td style=\"width: 50%;height: 40px\">Techniki obrazowania<\/td>\n<td style=\"width: 50%;text-align: center;height: 40px\"><a href=\"https:\/\/up.lublin.pl\/weterynaria\/wp-content\/uploads\/sites\/3\/2023\/03\/AW_40-Techniki-obrazowania.pdf\">AW_40 Techniki obrazowania<\/a><\/td>\n<\/tr>\n<tr style=\"height: 40px\">\n<td style=\"width: 50%;height: 40px\">Zarz\u0105dzanie zasobami i&nbsp;ekonomia w&nbsp;laboratoriach diagnostycznych<\/td>\n<td style=\"width: 50%;text-align: center;height: 40px\"><a href=\"https:\/\/up.lublin.pl\/weterynaria\/wp-content\/uploads\/sites\/3\/2023\/03\/AW_41-Zarzadzanie-zasobami-i-ekonomia-w-lab-diagnostycznych.pdf\">AW_41 Zarz\u0105dzanie zasobami i&nbsp;ekonomia w&nbsp;lab diagnostycznych<\/a><\/td>\n<\/tr>\n<tr style=\"height: 40px\">\n<td style=\"width: 50%;height: 40px\">Seminarium dyplomowe 2<\/td>\n<td style=\"width: 50%;text-align: center;height: 40px\"><a href=\"https:\/\/up.lublin.pl\/weterynaria\/wp-content\/uploads\/sites\/3\/2023\/03\/AW_74-Seminarium-dyplomowe-2.pdf\">AW_74 Seminarium dyplomowe 2<\/a><\/td>\n<\/tr>\n<tr style=\"height: 40px\">\n<td style=\"width: 50%;height: 40px\">Egzamin dyplomowy<\/td>\n<td style=\"width: 50%;text-align: center;height: 40px\"><a href=\"https:\/\/up.lublin.pl\/weterynaria\/wp-content\/uploads\/sites\/3\/2023\/03\/AW_75-Egzamin-dyplomowy.pdf\">AW_75 Egzamin dyplomowy<\/a><\/td>\n<\/tr>\n<\/tbody>\n<\/table>\n<p>\u00a0<\/p>\n<p><strong><span style=\"font-size: 16px\">PRZEDMIOTY DO WYBORU<\/span><\/strong><\/p>\n<table style=\"width: 100%;border-collapse: collapse;height: 941px\" border=\"1\">\n<tbody>\n<tr style=\"height: 36px\">\n<td style=\"width: 100%;text-align: center;height: 36px\" colspan=\"2\"><strong><span style=\"font-size: 16px\">BLOK I<\/span><\/strong><\/td>\n<\/tr>\n<tr style=\"height: 40px\">\n<td style=\"width: 50%;height: 40px\">Psychologia<\/td>\n<td style=\"width: 50%;height: 40px;text-align: center\"><a href=\"https:\/\/up.lublin.pl\/weterynaria\/wp-content\/uploads\/sites\/3\/2023\/03\/AW_43-Psychologia.pdf\">AW_43 Psychologia<\/a><\/td>\n<\/tr>\n<tr style=\"height: 40px\">\n<td style=\"width: 50%;height: 40px\">Filozofia<\/td>\n<td style=\"width: 50%;height: 40px;text-align: center\"><a href=\"https:\/\/up.lublin.pl\/weterynaria\/wp-content\/uploads\/sites\/3\/2023\/03\/AW_42-Filozofia.pdf\">AW_42 Filozofia<\/a><\/td>\n<\/tr>\n<tr style=\"height: 37px\">\n<td style=\"height: 37px;text-align: center;width: 100%\" colspan=\"2\"><span style=\"font-size: 16px\"><strong>BLOK II<\/strong><\/span><\/td>\n<\/tr>\n<tr style=\"height: 23px\">\n<td style=\"width: 50%;height: 23px\">Biologia kom\u00f3rki<\/td>\n<td style=\"width: 50%;height: 23px;text-align: center\"><a href=\"https:\/\/up.lublin.pl\/weterynaria\/wp-content\/uploads\/sites\/3\/2023\/03\/AW_44-Biologia-komorki.pdf\">AW_44 Biologia kom\u00f3rki<\/a><\/td>\n<\/tr>\n<tr style=\"height: 23px\">\n<td style=\"width: 50%;height: 23px\">Akademicki savoir vivre<\/td>\n<td style=\"width: 50%;height: 23px;text-align: center\"><a href=\"https:\/\/up.lublin.pl\/weterynaria\/wp-content\/uploads\/sites\/3\/2023\/03\/AW_45-Akademicki-savoir-vivre.pdf\">AW_45 Akademicki savoir vivre<\/a><\/td>\n<\/tr>\n<tr style=\"height: 23px\">\n<td style=\"width: 50%;height: 23px\">Kwalifikowana pierwsza pomoc<\/td>\n<td style=\"width: 50%;height: 23px;text-align: center\"><a href=\"https:\/\/up.lublin.pl\/weterynaria\/wp-content\/uploads\/sites\/3\/2023\/03\/AW_46-Kwalifikowana-pierwsza-pomoc.pdf\">AW_46 Kwalifikowana pierwsza pomoc<\/a><\/td>\n<\/tr>\n<tr style=\"height: 23px\">\n<td style=\"width: 50%;height: 23px\">Fizjologia kliniczna<\/td>\n<td style=\"width: 50%;height: 23px;text-align: center\"><a href=\"https:\/\/up.lublin.pl\/weterynaria\/wp-content\/uploads\/sites\/3\/2023\/03\/AW_48-Fizjologia-kliniczna.pdf\">AW_48 Fizjologia kliniczna<\/a><\/td>\n<\/tr>\n<tr style=\"height: 40px\">\n<td style=\"width: 50%;height: 40px\">Genetyka biomedyczna<\/td>\n<td style=\"width: 50%;text-align: center;height: 40px\"><a href=\"https:\/\/up.lublin.pl\/weterynaria\/wp-content\/uploads\/sites\/3\/2023\/03\/AW_49-Genetyka-biomedyczna.pdf\">AW_49 Genetyka biomedyczna<\/a><\/td>\n<\/tr>\n<tr style=\"height: 40px\">\n<td style=\"width: 50%;height: 40px\">Epidemiologia weterynaryjna<\/td>\n<td style=\"width: 50%;text-align: center;height: 40px\"><a href=\"https:\/\/up.lublin.pl\/weterynaria\/wp-content\/uploads\/sites\/3\/2023\/03\/AW_50-Epidemiologia-weterynaryjna.pdf\">AW_50 Epidemiologia weterynaryjna<\/a><\/td>\n<\/tr>\n<tr style=\"height: 38px\">\n<td style=\"height: 38px;text-align: center;width: 100%\" colspan=\"2\"><strong><span style=\"font-size: 16px\">BLOK III<\/span><\/strong><\/td>\n<\/tr>\n<tr style=\"height: 23px\">\n<td style=\"width: 50%;height: 23px\">Wykorzystanie technik proteomicznych w&nbsp;diagnostyce weterynaryjnej<\/td>\n<td style=\"width: 50%;text-align: center;height: 23px\"><a href=\"https:\/\/up.lublin.pl\/weterynaria\/wp-content\/uploads\/sites\/3\/2023\/03\/AW_51_Wykorzystanie-technik-proteomicznych-w-diagnostyce-weterynaryjnej.pdf\">AW_51_Wykorzystanie technik proteomicznych w&nbsp;diagnostyce weterynaryjnej<\/a><\/td>\n<\/tr>\n<tr style=\"height: 46px\">\n<td style=\"width: 50%;height: 46px\">Zastosowanie technik biologii molekularnej w&nbsp;diagnostyce weterynaryjnej<\/td>\n<td style=\"width: 50%;text-align: center;height: 46px\"><a href=\"https:\/\/up.lublin.pl\/weterynaria\/wp-content\/uploads\/sites\/3\/2023\/03\/AW_52-Zastosowanie-technik-biologii-molekularnej-w-diagnostyce-weterynaryjnej-.pdf\">AW_52 Zastosowanie technik biologii molekularnej w&nbsp;diagnostyce weterynaryjnej<\/a><\/td>\n<\/tr>\n<tr style=\"height: 46px\">\n<td style=\"width: 50%;height: 46px\">Elektroforetyczne metody analizy bia\u0142ek i&nbsp;kwas\u00f3w nukleinowych<\/td>\n<td style=\"width: 50%;text-align: center;height: 46px\"><a href=\"https:\/\/up.lublin.pl\/weterynaria\/wp-content\/uploads\/sites\/3\/2023\/03\/AW_53-Elektroforetyczne-metody-1.pdf\">AW_53 Elektroforetyczne metody<\/a><\/td>\n<\/tr>\n<tr style=\"height: 40px\">\n<td style=\"width: 50%;height: 40px\">Metabolomika<\/td>\n<td style=\"width: 50%;text-align: center;height: 40px\"><a href=\"https:\/\/up.lublin.pl\/weterynaria\/wp-content\/uploads\/sites\/3\/2023\/03\/AW_54-Metabolomika.pdf\">AW_54 Metabolomika<\/a><\/td>\n<\/tr>\n<tr style=\"height: 46px\">\n<td style=\"width: 50%;height: 46px\">Zwierz\u0119ta laboratoryjne w&nbsp;badaniach biomedycznych<\/td>\n<td style=\"width: 50%;text-align: center;height: 46px\"><a href=\"https:\/\/up.lublin.pl\/weterynaria\/wp-content\/uploads\/sites\/3\/2023\/03\/AW_55-Zwierzeta-lab-w-bad-biomedycznych.pdf\">AW_55 Zwierz\u0119ta lab w&nbsp;bad biomedycznych<\/a><\/td>\n<\/tr>\n<tr style=\"height: 23px\">\n<td style=\"width: 100%;height: 34px;text-align: center\" colspan=\"2\"><span style=\"font-size: 16px\"><strong>BLOK IV<\/strong><\/span><\/td>\n<\/tr>\n<tr style=\"height: 23px\">\n<td style=\"width: 50%;height: 23px\">Laboratoryjna analiza pasz<\/td>\n<td style=\"width: 50%;text-align: center;height: 23px\"><a href=\"https:\/\/up.lublin.pl\/weterynaria\/wp-content\/uploads\/sites\/3\/2023\/03\/AW_56-Laboratoryjna-analiza-pasz.pdf\">AW_56 Laboratoryjna analiza pasz<\/a><\/td>\n<\/tr>\n<tr style=\"height: 23px\">\n<td style=\"width: 50%;height: 23px\">Podstawowe procedury w&nbsp;hematologii og\u00f3lnej<\/td>\n<td style=\"width: 50%;text-align: center;height: 23px\"><a href=\"https:\/\/up.lublin.pl\/weterynaria\/wp-content\/uploads\/sites\/3\/2023\/03\/AW_58-Podstawowe-procedury-w-hematologii-ogolnej.pdf\">AW_58 Podstawowe procedury w&nbsp;hematologii og\u00f3lnej<\/a><\/td>\n<\/tr>\n<tr style=\"height: 23px\">\n<td style=\"width: 50%;height: 23px\">Podstawy hematologii klinicznej i&nbsp;serologia grup krwi<\/td>\n<td style=\"width: 50%;text-align: center;height: 23px\"><a href=\"https:\/\/up.lublin.pl\/weterynaria\/wp-content\/uploads\/sites\/3\/2023\/03\/AW_62-Podstawy-hematologii-klinicznej-i-serologia-grup-krwi.pdf\">AW_62 Podstawy hematologii klinicznej i&nbsp;serologia grup krwi<\/a><\/td>\n<\/tr>\n<tr style=\"height: 23px\">\n<td style=\"width: 50%;height: 23px\">Podstawy laboratoryjnej analizy toksykologicznej<\/td>\n<td style=\"width: 50%;text-align: center;height: 23px\"><a href=\"https:\/\/up.lublin.pl\/weterynaria\/wp-content\/uploads\/sites\/3\/2023\/03\/AW_63-Podstawy-laboratoryjnej-analizy-toksykologicznej.pdf\">AW_63 Podstawy laboratoryjnej analizy toksykologicznej<\/a><\/td>\n<\/tr>\n<tr style=\"height: 23px\">\n<td style=\"width: 50%;height: 23px\">Procedury laboratoryjne w&nbsp;ginekologii i&nbsp;po\u0142o\u017cnictwie zwierz\u0105t<\/td>\n<td style=\"width: 50%;text-align: center;height: 23px\"><a href=\"https:\/\/up.lublin.pl\/weterynaria\/wp-content\/uploads\/sites\/3\/2023\/03\/AW_64-Procedury-laboratoryjne-w-ginekologii-i-poloznictwie-zwierzat.pdf\">AW_64 Procedury laboratoryjne w&nbsp;ginekologii i&nbsp;po\u0142o\u017cnictwie zwierz\u0105t<\/a><\/td>\n<\/tr>\n<tr style=\"height: 34px\">\n<td style=\"width: 100%;height: 34px;text-align: center\" colspan=\"2\"><span style=\"font-size: 16px\"><strong>BLOK V<\/strong><\/span><\/td>\n<\/tr>\n<tr style=\"height: 23px\">\n<td style=\"width: 50%;height: 23px\">Laboratoryjna analiza czysto\u015bci wody<\/td>\n<td style=\"width: 50%;text-align: center;height: 23px\"><a href=\"https:\/\/up.lublin.pl\/weterynaria\/wp-content\/uploads\/sites\/3\/2023\/03\/AW_59-Laboratoryjna-analiza-czystosci-wody-1.pdf\">AW_59 Laboratoryjna analiza czysto\u015bci wody<\/a><\/td>\n<\/tr>\n<tr style=\"height: 23px\">\n<td style=\"width: 50%;height: 23px\">Badania ekotoksykologiczne w&nbsp;diagnostyce laboratoyjnej<\/td>\n<td style=\"width: 50%;text-align: center;height: 23px\"><a href=\"https:\/\/up.lublin.pl\/weterynaria\/wp-content\/uploads\/sites\/3\/2023\/03\/AW_60-Badania-ekotoksykologiczne-w-diagnostyce-1.pdf\">AW_60 Badania ekotoksykologiczne w&nbsp;diagnostyce<\/a><\/td>\n<\/tr>\n<tr style=\"height: 23px\">\n<td style=\"width: 50%;height: 23px\">Wykorzystanie hodowli in vitro w&nbsp;diagnostyce weterynaryjnej<\/td>\n<td style=\"width: 50%;text-align: center;height: 23px\"><a href=\"https:\/\/up.lublin.pl\/weterynaria\/wp-content\/uploads\/sites\/3\/2023\/03\/AW_61-Wykorzystanie-hodowli-in-vitro-1.pdf\">AW_61 Wykorzystanie hodowli in vitro<\/a><\/td>\n<\/tr>\n<tr style=\"height: 33px\">\n<td style=\"width: 50%;height: 33px;text-align: center\" colspan=\"2\"><span style=\"font-size: 16px\"><strong>BLOK VI<\/strong><\/span><\/td>\n<\/tr>\n<tr style=\"height: 23px\">\n<td style=\"width: 50%;height: 23px\">Procedury laboratoryjne w&nbsp;diagnostyce chor\u00f3b gryzoni<\/td>\n<td style=\"width: 50%;text-align: center;height: 23px\"><a href=\"https:\/\/up.lublin.pl\/weterynaria\/wp-content\/uploads\/sites\/3\/2023\/03\/AW_65-Procedury-laboratoryjne-w-diagnostyce-chorob-gryzoni.pdf\">AW_65 Procedury laboratoryjne w&nbsp;diagnostyce chor\u00f3b gryzoni<\/a><\/td>\n<\/tr>\n<tr>\n<td style=\"width: 50%\">Procedury laboratoryjne w&nbsp;diagnostyce owad\u00f3w u\u017cytkowych<\/td>\n<td style=\"width: 50%;text-align: center\"><a href=\"https:\/\/up.lublin.pl\/weterynaria\/wp-content\/uploads\/sites\/3\/2023\/03\/AW_66-Procedury-laboratoryjne-w-diagnostyce-owadow-uzytkowych.pdf\">AW_66 Procedury laboratoryjne w&nbsp;diagnostyce owad\u00f3w u\u017cytkowych<\/a><\/td>\n<\/tr>\n<tr style=\"height: 23px\">\n<td style=\"width: 50%;height: 23px\">Procedury laboratoryje w&nbsp;diagnostyce chor\u00f3b akwakultury<\/td>\n<td style=\"width: 50%;text-align: center;height: 23px\"><a href=\"https:\/\/up.lublin.pl\/weterynaria\/wp-content\/uploads\/sites\/3\/2023\/03\/AW_68-Procedury-lab-w-diagnostyce-chorob-akwakultury.pdf\">AW_68 Procedury lab w&nbsp;diagnostyce chor\u00f3b akwakultury<\/a><\/td>\n<\/tr>\n<tr style=\"height: 23px\">\n<td style=\"width: 50%;height: 23px\">Procedury laboratoryjne w&nbsp;diagnostyce chor\u00f3b ptak\u00f3w<\/td>\n<td style=\"width: 50%;text-align: center;height: 23px\"><a href=\"https:\/\/up.lublin.pl\/weterynaria\/wp-content\/uploads\/sites\/3\/2023\/03\/AW_69-Procedury-laboratoryjne-w-diagnostyce-chorob-ptakow.pdf\">AW_69 Procedury laboratoryjne w&nbsp;diagnostyce chor\u00f3b ptak\u00f3w<\/a><\/td>\n<\/tr>\n<tr>\n<td style=\"width: 50%\">Procedury laboratoryjne w&nbsp;diagnostyce chor\u00f3b ps\u00f3w i&nbsp;kot\u00f3w<\/td>\n<td style=\"width: 50%;text-align: center\"><a href=\"https:\/\/up.lublin.pl\/weterynaria\/wp-content\/uploads\/sites\/3\/2023\/03\/AW_70-Procedury-laboratoryjne-w-diagnostyce-chorob-psow-i-kotow.pdf\">AW_70 Procedury laboratoryjne w&nbsp;diagnostyce chor\u00f3b ps\u00f3w i&nbsp;kot\u00f3w<\/a><\/td>\n<\/tr>\n<tr style=\"height: 23px\">\n<td style=\"width: 50%;height: 23px\">Procedury laboratoryjne w&nbsp;diagnostyce chor\u00f3b zwierz\u0105t gospodarskich i&nbsp;koni<\/td>\n<td style=\"width: 50%;text-align: center;height: 23px\"><a href=\"https:\/\/up.lublin.pl\/weterynaria\/wp-content\/uploads\/sites\/3\/2023\/03\/AW_71-Procedury-laboratoryjne-w-diagnostyce-chorob-zwierzat-gospodarskich-i-koni.pdf\">AW_71 Procedury laboratoryjne w&nbsp;diagnostyce chor\u00f3b zwierz\u0105t gospodarskich i&nbsp;koni<\/a><\/td>\n<\/tr>\n<\/tbody>\n<\/table>\n<p>\u00a0<\/p>\n<p><span style=\"font-size: 16px\"><strong>ANALITYKA WETERYNARYJNA &#8211; STUDIA DRUGIEGO STOPNIA<\/strong><\/span><\/p>\n<p>PRZEDMIOTY OBLIGATORYJNE<\/p>\n<table style=\"height: 1002px;width: 100%;border-collapse: collapse\" border=\"3\">\n<tbody>\n<tr style=\"height: 49px\">\n<td style=\"width: 100%;height: 49px;text-align: center\" colspan=\"2\"><strong><span style=\"font-size: 16px\">SEMESTR I<\/span> <\/strong><\/td>\n<\/tr>\n<tr style=\"height: 46px\">\n<td style=\"width: 70.2365%;height: 46px\">Cytometria przep\u0142ywowa w&nbsp;specjalistycznej diagnostyce weterynaryjnej<\/td>\n<td style=\"width: 29.7635%;height: 46px;text-align: center\"><a href=\"https:\/\/up.lublin.pl\/weterynaria\/wp-content\/uploads\/sites\/3\/2023\/02\/Cytometria-przeplywowa-w-specjalistycznej-diagnostyce-weterynaryjnej.pdf\">Cytometria przep\u0142ywowa w&nbsp;specjalistycznej diagnostyce weterynaryjnej<\/a><\/td>\n<\/tr>\n<tr style=\"height: 40px\">\n<td style=\"width: 70.2365%;height: 40px\">Diagnostyka molekularna chor\u00f3b zwierz\u0105t<\/td>\n<td style=\"width: 29.7635%;height: 40px;text-align: center\"><a href=\"https:\/\/up.lublin.pl\/weterynaria\/wp-content\/uploads\/sites\/3\/2023\/02\/Diagnostyka-molekularna-chorob-zwierzat.pdf\">Diagnostyka molekularna chor\u00f3b zwierz\u0105t<\/a><\/td>\n<\/tr>\n<tr style=\"height: 23px\">\n<td style=\"width: 70.2365%;height: 23px\">Enzymologia<\/td>\n<td style=\"width: 29.7635%;height: 23px;text-align: center\"><a href=\"https:\/\/up.lublin.pl\/weterynaria\/wp-content\/uploads\/sites\/3\/2023\/02\/Enzymologia.pdf\">Enzymologia<\/a><\/td>\n<\/tr>\n<tr style=\"height: 23px\">\n<td style=\"width: 70.2365%;height: 23px\">Hematologia weterynaryjna<\/td>\n<td style=\"width: 29.7635%;height: 23px;text-align: center\"><a href=\"https:\/\/up.lublin.pl\/weterynaria\/wp-content\/uploads\/sites\/3\/2023\/02\/Hematologia-weterynaryjna.pdf\">Hematologia weterynaryjna<\/a><\/td>\n<\/tr>\n<tr style=\"height: 23px\">\n<td style=\"width: 70.2365%;height: 23px\">Metody biotechnologiczne w&nbsp;diagnostyce i&nbsp;leczeniu zwierz\u0105t<\/td>\n<td style=\"width: 29.7635%;height: 23px;text-align: center\"><a href=\"https:\/\/up.lublin.pl\/weterynaria\/wp-content\/uploads\/sites\/3\/2023\/02\/Metody-biotechnologiczne-w-diagnostyce-i-leczeniu-zwierzat.pdf\">Metody biotechnologiczne w&nbsp;diagnostyce i&nbsp;leczeniu zwierz\u0105t<\/a><\/td>\n<\/tr>\n<tr style=\"height: 23px\">\n<td style=\"width: 70.2365%;height: 23px\">Separacja i&nbsp;identyfikacja biomarker\u00f3w bia\u0142kowych pochodz\u0105cych z&nbsp;materia\u0142\u00f3w klinicznych od zwierz\u0105t<\/td>\n<td style=\"width: 29.7635%;height: 23px;text-align: center\"><a href=\"https:\/\/up.lublin.pl\/weterynaria\/wp-content\/uploads\/sites\/3\/2023\/02\/Separacja-i-identyfikacja-biomarkerow-bialkowych-pochodzacych-z-materialow-klinicznych-od-zwierzat.pdf\">Separacja i&nbsp;identyfikacja biomarker\u00f3w bia\u0142kowych pochodz\u0105cych z&nbsp;materia\u0142\u00f3w klinicznych od zwierz\u0105t<\/a><\/td>\n<\/tr>\n<tr style=\"height: 23px\">\n<td style=\"width: 70.2365%;height: 23px\">Toksykologia ro\u015blin i&nbsp;grzyb\u00f3w<\/td>\n<td style=\"width: 29.7635%;height: 23px;text-align: center\"><a href=\"https:\/\/up.lublin.pl\/weterynaria\/wp-content\/uploads\/sites\/3\/2023\/02\/Toksykologia-roslin-i-grzybow.pdf\">Toksykologia ro\u015blin i&nbsp;grzyb\u00f3w<\/a><\/td>\n<\/tr>\n<tr style=\"height: 23px\">\n<td style=\"width: 70.2365%;height: 23px\">J\u0119zyk obcy specjalistyczny (angielski, niemiecki, francuski)<\/td>\n<td style=\"width: 29.7635%;height: 23px;text-align: center\"><a href=\"https:\/\/up.lublin.pl\/weterynaria\/wp-content\/uploads\/sites\/3\/2023\/02\/Jezyk-angielski.pdf\">J\u0119zyk angielski<\/a><a href=\"https:\/\/up.lublin.pl\/weterynaria\/wp-content\/uploads\/sites\/3\/2023\/02\/Jezyk-niemiecki.pdf\">J\u0119zyk niemiecki<\/a><a href=\"https:\/\/up.lublin.pl\/weterynaria\/wp-content\/uploads\/sites\/3\/2023\/02\/Jezyk-francuski.pdf\">J\u0119zyk francuski<\/a><\/td>\n<\/tr>\n<tr style=\"height: 46px\">\n<td style=\"width: 70.2365%;height: 46px;text-align: center\" colspan=\"2\"><span style=\"font-size: 16px\"><strong>SEMESTR II<\/strong><\/span><\/td>\n<\/tr>\n<tr style=\"height: 23px\">\n<td style=\"width: 70.2365%;height: 23px\">Biomarkery w&nbsp;onkologii weterynaryjnej<\/td>\n<td style=\"width: 29.7635%;height: 23px;text-align: center\"><a href=\"https:\/\/up.lublin.pl\/weterynaria\/wp-content\/uploads\/sites\/3\/2023\/02\/Biomarkery-w-onkologii-weterynaryjnej.pdf\">Biomarkery w&nbsp;onkologii weterynaryjnej<\/a><\/td>\n<\/tr>\n<tr style=\"height: 23px\">\n<td style=\"width: 70.2365%;height: 23px\">Diagnostyka laboratoryjna chor\u00f3b zwierz\u0105t egzotycznych<\/td>\n<td style=\"width: 29.7635%;height: 23px;text-align: center\"><a href=\"https:\/\/up.lublin.pl\/weterynaria\/wp-content\/uploads\/sites\/3\/2023\/02\/Diagnostyka-laboratoryjna-chorob-zwierzat-egzotycznych.pdf\">Diagnostyka laboratoryjna chor\u00f3b zwierz\u0105t egzotycznych<\/a><\/td>\n<\/tr>\n<tr style=\"height: 23px\">\n<td style=\"width: 70.2365%;height: 23px\">J\u0119zyk \u0142aci\u0144ski<\/td>\n<td style=\"width: 29.7635%;height: 23px;text-align: center\"><a href=\"https:\/\/up.lublin.pl\/weterynaria\/wp-content\/uploads\/sites\/3\/2023\/02\/Jezyk-lacinski.pdf\">J\u0119zyk \u0142aci\u0144ski<\/a><\/td>\n<\/tr>\n<tr style=\"height: 23px\">\n<td style=\"width: 70.2365%;height: 23px\">Metodologia pracy naukowej<\/td>\n<td style=\"width: 29.7635%;height: 23px;text-align: center\"><a href=\"https:\/\/up.lublin.pl\/weterynaria\/wp-content\/uploads\/sites\/3\/2023\/02\/Metodologia-pracy-naukowej.pdf\">Metodologia pracy naukowej<\/a><\/td>\n<\/tr>\n<tr style=\"height: 23px\">\n<td style=\"width: 70.2365%;height: 23px\">Metody diagnostyczne w&nbsp;dermatologii zwierz\u0105t<\/td>\n<td style=\"width: 29.7635%;height: 23px;text-align: center\"><a href=\"https:\/\/up.lublin.pl\/weterynaria\/wp-content\/uploads\/sites\/3\/2023\/02\/Metody-diagnostyczne-w-dermatologii-zwierzat.pdf\">Metody diagnostyczne w&nbsp;dermatologii zwierz\u0105t<\/a><\/td>\n<\/tr>\n<tr style=\"height: 23px\">\n<td style=\"width: 70.2365%;height: 23px\">Patofizjologia chor\u00f3b cywilizacyjnych zwierz\u0105t<\/td>\n<td style=\"width: 29.7635%;height: 23px;text-align: center\"><a href=\"https:\/\/up.lublin.pl\/weterynaria\/wp-content\/uploads\/sites\/3\/2023\/02\/Patofizjologia-chorob-cywilizacyjnych-zwierzat.pdf\">Patofizjologia chor\u00f3b cywilizacyjnych zwierz\u0105t<\/a><\/td>\n<\/tr>\n<tr style=\"height: 23px\">\n<td style=\"width: 70.2365%;height: 23px\">Pracownia biochemiczna<\/td>\n<td style=\"width: 29.7635%;height: 23px;text-align: center\"><a href=\"https:\/\/up.lublin.pl\/weterynaria\/wp-content\/uploads\/sites\/3\/2023\/02\/Pracownia-biochemiczna.pdf\">Pracownia biochemiczna<\/a><\/td>\n<\/tr>\n<tr style=\"height: 23px\">\n<td style=\"width: 70.2365%;height: 23px\">Pracownia mikrobiologiczna<\/td>\n<td style=\"width: 29.7635%;height: 23px;text-align: center\"><a href=\"https:\/\/up.lublin.pl\/weterynaria\/wp-content\/uploads\/sites\/3\/2023\/02\/Pracownia-mikrobiologiczna.pdf\">Pracownia mikrobiologiczna<\/a><\/td>\n<\/tr>\n<tr style=\"height: 47px\">\n<td style=\"width: 70.2365%;height: 47px;text-align: center\" colspan=\"2\"><strong><span style=\"font-size: 16px\">SEMESTR III<\/span><\/strong><\/td>\n<\/tr>\n<tr style=\"height: 23px\">\n<td style=\"width: 70.2365%;height: 23px\">Diagnostyka chor\u00f3b transmisyjnych i&nbsp;biologia ektopaso\u017cyt\u00f3w<\/td>\n<td style=\"width: 29.7635%;height: 23px;text-align: center\"><a href=\"https:\/\/up.lublin.pl\/weterynaria\/wp-content\/uploads\/sites\/3\/2023\/02\/Diagnostyka-chorob-transmisyjnych.pdf\">Diagnostyka chor\u00f3b transmisyjnych<\/a><\/td>\n<\/tr>\n<tr style=\"height: 23px\">\n<td style=\"width: 70.2365%;height: 23px\">Diagnostyka laboratoryjna chor\u00f3b zwierz\u0105t towarzysz\u0105cych &#8211; pracownia<\/td>\n<td style=\"width: 29.7635%;height: 23px;text-align: center\"><a href=\"https:\/\/up.lublin.pl\/weterynaria\/wp-content\/uploads\/sites\/3\/2023\/02\/Diagnostyka-laboratoryjna-chorob-zwierzat-towarzyszacych.pdf\">Diagnostyka laboratoryjna chor\u00f3b zwierz\u0105t towarzysz\u0105cych<\/a><\/td>\n<\/tr>\n<tr style=\"height: 23px\">\n<td style=\"width: 70.2365%;height: 23px\">Komunikacja interpersonalna<\/td>\n<td style=\"width: 29.7635%;height: 23px;text-align: center\"><a href=\"https:\/\/up.lublin.pl\/weterynaria\/wp-content\/uploads\/sites\/3\/2023\/02\/Komunikacja-interpersonalna.pdf\">Komunikacja interpersonalna<\/a><\/td>\n<\/tr>\n<tr style=\"height: 23px\">\n<td style=\"width: 70.2365%;height: 23px\">Metody analityczne w&nbsp;weterynaryjnym laboratorium patomorfologicznym<\/td>\n<td style=\"width: 29.7635%;height: 23px;text-align: center\"><a href=\"https:\/\/up.lublin.pl\/weterynaria\/wp-content\/uploads\/sites\/3\/2023\/02\/Metody-analityczne-w-weterynaryjnym-laboratorium-patomorfologicznym.pdf\">Metody analityczne w&nbsp;weterynaryjnym laboratorium patomorfologicznym<\/a><\/td>\n<\/tr>\n<tr style=\"height: 23px\">\n<td style=\"width: 70.2365%;height: 23px\">Pracowania parazytologiczna<\/td>\n<td style=\"width: 29.7635%;height: 23px;text-align: center\"><a href=\"https:\/\/up.lublin.pl\/weterynaria\/wp-content\/uploads\/sites\/3\/2023\/02\/Pracowania-parazytologiczna.pdf\">Pracowania parazytologiczna<\/a><\/td>\n<\/tr>\n<tr style=\"height: 23px\">\n<td style=\"width: 70.2365%;height: 23px\">Pracownia toksykologiczna<\/td>\n<td style=\"width: 29.7635%;height: 23px;text-align: center\"><a href=\"https:\/\/up.lublin.pl\/weterynaria\/wp-content\/uploads\/sites\/3\/2023\/02\/Pracownia-toksykologiczna.pdf\">Pracownia toksykologiczna<\/a><\/td>\n<\/tr>\n<tr style=\"height: 23px\">\n<td style=\"width: 70.2365%;height: 23px\">Zaawansowane techniki mikroskopowania i&nbsp;zasady wykonywania dokumentacji fotograficznej<\/td>\n<td style=\"width: 29.7635%;height: 23px;text-align: center\"><a href=\"https:\/\/up.lublin.pl\/weterynaria\/wp-content\/uploads\/sites\/3\/2023\/02\/Zaawansowane-techniki-mikroskopowania.pdf\">Zaawansowane techniki mikroskopowania<\/a><\/td>\n<\/tr>\n<tr style=\"height: 46px\">\n<td style=\"width: 70.2365%;height: 46px\">Zarz\u0105dzanie organizacj\u0105 pracy w&nbsp;zawodzie analityka weterynaryjnego<\/td>\n<td style=\"width: 29.7635%;height: 46px;text-align: center\"><a href=\"https:\/\/up.lublin.pl\/weterynaria\/wp-content\/uploads\/sites\/3\/2023\/02\/Zarzadzanie-organizacja-pracy-w-zawodzie-analityka-weterynaryjnego.pdf\">Zarz\u0105dzanie organizacj\u0105 pracy w&nbsp;zawodzie analityka weterynaryjnego<\/a><\/td>\n<\/tr>\n<tr style=\"height: 40px\">\n<td style=\"width: 70.2365%;height: 40px\">Seminarium dyplomowe 1<\/td>\n<td style=\"width: 29.7635%;height: 40px;text-align: center\"><a href=\"https:\/\/up.lublin.pl\/weterynaria\/wp-content\/uploads\/sites\/3\/2023\/02\/Seminarium-1.pdf\">Seminarium 1<\/a><\/td>\n<\/tr>\n<tr style=\"height: 44px\">\n<td style=\"width: 70.2365%;height: 44px;text-align: center\" colspan=\"2\"><span style=\"font-size: 16px\"><strong>SEMESTR IV<\/strong><\/span><\/td>\n<\/tr>\n<tr style=\"height: 23px\">\n<td style=\"width: 70.2365%;height: 23px\">Diagnostyka laboratoryjna chor\u00f3b zwierz\u0105t gospodarskich- pracownia<\/td>\n<td style=\"width: 29.7635%;height: 23px;text-align: center\"><a href=\"https:\/\/up.lublin.pl\/weterynaria\/wp-content\/uploads\/sites\/3\/2023\/02\/Diagnostyka-laboratoryjna-chorob-zwierzat-gospodarskich-pracownia-1.pdf\">Diagnostyka laboratoryjna chor\u00f3b zwierz\u0105t gospodarskich- pracownia<\/a><\/td>\n<\/tr>\n<tr style=\"height: 23px\">\n<td style=\"width: 70.2365%;height: 23px\">Technologie informacyjno-komunikacyjne jako narz\u0119dzie rozwoju zawodowego<\/td>\n<td style=\"width: 29.7635%;height: 23px;text-align: center\"><a href=\"https:\/\/up.lublin.pl\/weterynaria\/wp-content\/uploads\/sites\/3\/2023\/02\/Technologie-informacyjno-komunikacyjne.pdf\">Technologie informacyjno komunikacyjne<\/a><\/td>\n<\/tr>\n<tr style=\"height: 23px\">\n<td style=\"width: 70.2365%;height: 23px\">Toksykologia i&nbsp;genetyka s\u0105dowa<\/td>\n<td style=\"width: 29.7635%;height: 23px;text-align: center\"><a href=\"https:\/\/up.lublin.pl\/weterynaria\/wp-content\/uploads\/sites\/3\/2023\/02\/Toksykologia-i-genetyka-sadowa.pdf\">Toksykologia i&nbsp;genetyka sadowa<\/a><\/td>\n<\/tr>\n<tr style=\"height: 23px\">\n<td style=\"width: 70.2365%;height: 23px\">Zasady dopuszczenia do obrotu produkt\u00f3w leczniczych weterynaryjnych, suplement\u00f3w diety i&nbsp;wyrob\u00f3w medycznych<\/td>\n<td style=\"width: 29.7635%;height: 23px;text-align: center\"><a href=\"https:\/\/up.lublin.pl\/weterynaria\/wp-content\/uploads\/sites\/3\/2023\/02\/Zasady-dopuszczenia-do-obrotu-produktow-leczniczych-weterynaryjnych-suplementow-diety-i-wyrobow-medycznych.pdf\">Zasady dopuszczenia do obrotu produkt\u00f3w leczniczych weterynaryjnych, suplement\u00f3w diety i&nbsp;wyrob\u00f3w medycznych<\/a><\/td>\n<\/tr>\n<tr style=\"height: 23px\">\n<td style=\"width: 70.2365%;height: 23px\">Seminarium dyplomowe 2<\/td>\n<td style=\"width: 29.7635%;height: 23px;text-align: center\"><a href=\"https:\/\/up.lublin.pl\/weterynaria\/wp-content\/uploads\/sites\/3\/2023\/02\/Seminarium-2.pdf\">Seminarium 2<\/a><\/td>\n<\/tr>\n<tr style=\"height: 23px\">\n<td style=\"width: 70.2365%;height: 23px\">Praca magisterska i&nbsp;egzamin dyplomowy<\/td>\n<td style=\"width: 29.7635%;height: 23px;text-align: center\"><a href=\"https:\/\/up.lublin.pl\/weterynaria\/wp-content\/uploads\/sites\/3\/2023\/02\/Praca-magisterska.pdf\">Praca magisterska<\/a><\/td>\n<\/tr>\n<\/tbody>\n<\/table>\n<p><span style=\"font-size: 16px\"><strong>PRZEDMIOTY DO WYBORU<\/strong><\/span><\/p>\n<table style=\"height: 522px;width: 100%;border-collapse: collapse\" border=\"3\">\n<tbody>\n<tr style=\"height: 38px\">\n<td style=\"width: 70%;height: 38px;text-align: center\" colspan=\"2\"><strong><span style=\"font-size: 16px\">BLOK I<br \/><\/span><\/strong><\/td>\n<\/tr>\n<tr style=\"height: 23px\">\n<td style=\"width: 70%;height: 23px\">Akwarystyka<\/td>\n<td style=\"width: 30%;height: 23px;text-align: center\"><a href=\"https:\/\/up.lublin.pl\/weterynaria\/wp-content\/uploads\/sites\/3\/2023\/02\/Akwarystyka.pdf\">Akwarystyka<\/a><\/td>\n<\/tr>\n<tr style=\"height: 23px\">\n<td style=\"width: 70%;height: 23px\">Endokrynologia<\/td>\n<td style=\"width: 30%;height: 23px;text-align: center\"><a href=\"https:\/\/up.lublin.pl\/weterynaria\/wp-content\/uploads\/sites\/3\/2023\/02\/Endokrynologia.pdf\">Endokrynologia<\/a><\/td>\n<\/tr>\n<tr style=\"height: 23px\">\n<td style=\"width: 70%;height: 23px\">Fizjologia zwierz\u0105t nieudomowionych<\/td>\n<td style=\"width: 30%;height: 23px;text-align: center\"><a href=\"https:\/\/up.lublin.pl\/weterynaria\/wp-content\/uploads\/sites\/3\/2023\/02\/Fizjologia-zw-nieudomowionych.pdf\">Fizjologia zw nieudomowionych<\/a><\/td>\n<\/tr>\n<tr style=\"height: 23px\">\n<td style=\"width: 70%;height: 23px\">Herpetologia i&nbsp;terrarystyka<\/td>\n<td style=\"width: 30%;height: 23px;text-align: center\"><a href=\"https:\/\/up.lublin.pl\/weterynaria\/wp-content\/uploads\/sites\/3\/2023\/02\/Herpetologia.pdf\">Herpetologia<\/a><\/td>\n<\/tr>\n<tr style=\"height: 23px\">\n<td style=\"width: 70%;height: 23px\">Metody sekwencjonowania materia\u0142u genetycznego<\/td>\n<td style=\"width: 30%;height: 23px;text-align: center\"><a href=\"https:\/\/up.lublin.pl\/weterynaria\/wp-content\/uploads\/sites\/3\/2023\/02\/Metody-sekwencjonowania.pdf\">Metody sekwencjonowania<\/a><\/td>\n<\/tr>\n<tr style=\"height: 38px\">\n<td style=\"width: 70%;height: 38px;text-align: center\" colspan=\"2\"><strong><span style=\"font-size: 16px\">BLOK II<\/span><\/strong><\/td>\n<\/tr>\n<tr style=\"height: 23px\">\n<td style=\"width: 70%;height: 23px\">Mykologia weterynaryjna<\/td>\n<td style=\"width: 30%;height: 23px;text-align: center\"><a href=\"https:\/\/up.lublin.pl\/weterynaria\/wp-content\/uploads\/sites\/3\/2023\/02\/Mykologia-weterynaryjna.pdf\">Mykologia weterynaryjna<\/a><\/td>\n<\/tr>\n<tr style=\"height: 23px\">\n<td style=\"width: 70%;height: 23px\">Praktyczne aspekty diagnostyki mikrobiologicznej<\/td>\n<td style=\"width: 30%;height: 23px;text-align: center\"><a href=\"https:\/\/up.lublin.pl\/weterynaria\/wp-content\/uploads\/sites\/3\/2023\/02\/Praktyczne-aspekty.pdf\">Praktyczne aspekty<\/a><\/td>\n<\/tr>\n<tr style=\"height: 40px\">\n<td style=\"width: 70%;height: 40px\">Podstawy farmakokinetyki lek\u00f3w<\/td>\n<td style=\"width: 30%;height: 40px;text-align: center\"><a href=\"https:\/\/up.lublin.pl\/weterynaria\/wp-content\/uploads\/sites\/3\/2023\/02\/Podstawy-farmakokinetyki-lekow.pdf\">Podstawy farmakokinetyki lek\u00f3w<\/a><\/td>\n<\/tr>\n<tr style=\"height: 39px\">\n<td style=\"width: 70%;height: 39px;text-align: center\" colspan=\"2\"><strong><span style=\"font-size: 16px\">BLOK III<\/span><\/strong><\/td>\n<\/tr>\n<tr style=\"height: 23px\">\n<td style=\"width: 70%;height: 23px\">Laboratoryjna diagnostyka w&nbsp;toksykologii weterynaryjnej<\/td>\n<td style=\"width: 30%;height: 23px;text-align: center\"><a href=\"https:\/\/up.lublin.pl\/weterynaria\/wp-content\/uploads\/sites\/3\/2023\/02\/Laboratoryjna-diagnostyka-w-toksykologii-weterynaryjnej.pdf\">Laboratoryjna diagnostyka w&nbsp;toksykologii weterynaryjnej<\/a><\/td>\n<\/tr>\n<tr style=\"height: 40px\">\n<td style=\"width: 70%;height: 40px\">Metody analizy bia\u0142ek<\/td>\n<td style=\"width: 30%;height: 40px;text-align: center\"><a href=\"https:\/\/up.lublin.pl\/weterynaria\/wp-content\/uploads\/sites\/3\/2023\/02\/Metody-analizy-bialek.pdf\">Metody analizy bia\u0142ek<\/a><\/td>\n<\/tr>\n<tr style=\"height: 40px\">\n<td style=\"width: 70%;height: 40px\">Metody bada\u0144 laboratoryjnych w&nbsp;ocenie jako\u015bci \u017cywno\u015bci zwierz\u0119cego pochodzenia<\/td>\n<td style=\"width: 30%;height: 40px;text-align: center\"><a href=\"https:\/\/up.lublin.pl\/weterynaria\/wp-content\/uploads\/sites\/3\/2023\/02\/Metody-badan-laboratoryjnych-w-ocenie-jakosci-zywnosci-zwierzecego-pochodzenia.pdf\">Metody bada\u0144 laboratoryjnych w&nbsp;ocenie jako\u015bci \u017cywno\u015bci zwierz\u0119cego pochodzenia<\/a><\/td>\n<\/tr>\n<tr style=\"height: 40px\">\n<td style=\"width: 70%;height: 40px\">Praktyczne aspekty okre\u015blania lekowra\u017cliwo\u015bci drobnoustroj\u00f3w<\/td>\n<td style=\"width: 30%;height: 40px;text-align: center\"><a href=\"https:\/\/up.lublin.pl\/weterynaria\/wp-content\/uploads\/sites\/3\/2023\/02\/Praktyczne-aspekty-okreslania-lekowrazliwosci.pdf\">Praktyczne aspekty okreslania lekowra\u017cliwo\u015bci<\/a><\/td>\n<\/tr>\n<tr style=\"height: 23px\">\n<td style=\"width: 70%;height: 23px\">Zastosowanie pod\u0142o\u017cy i&nbsp;test\u00f3w diagnostycznych w&nbsp;mikrobiologii<\/td>\n<td style=\"width: 30%;height: 23px;text-align: center\"><a href=\"https:\/\/up.lublin.pl\/weterynaria\/wp-content\/uploads\/sites\/3\/2023\/02\/Zastosowanie-podlozy-i-testow.pdf\">Zastosowanie pod\u0142o\u017cy i&nbsp;test\u00f3w<\/a><\/td>\n<\/tr>\n<tr style=\"height: 40px\">\n<td style=\"width: 70%;height: 40px\">Zoonozy<\/td>\n<td style=\"width: 30%;height: 40px;text-align: center\"><a href=\"https:\/\/up.lublin.pl\/weterynaria\/wp-content\/uploads\/sites\/3\/2023\/02\/Zoonozy.pdf\">Zoonozy<\/a><\/td>\n<\/tr>\n<\/tbody>\n<\/table>\n                                                <\/div>\n                                            <\/li>\n                                        <\/ul>\n\t\t\t\t\t\t                                <\/div>\n\t\t\t\t                <div class=\"mn-content-block\">\n\t                                                        <div class=\"block-text\">\n\t                                        <p><span style=\"font-family: arial, helvetica, sans-serif;font-size: 16px\"><strong>WETERYNARIA \/ VETERINARY MEDICINE\u00a0<\/strong><\/span><\/p>\n<table style=\"height: 70px;width: 100%;border-collapse: collapse\" border=\"2\">\n<tbody>\n<tr style=\"height: 20px\">\n<td style=\"width: 9.8137%;height: 10px;text-align: center\"><span style=\"font-size: 12px\"><strong><span style=\"font-family: arial, helvetica, sans-serif\">NAB\u00d3R<\/span><\/strong><\/span><\/td>\n<td style=\"width: 11.0504%;height: 10px;text-align: center\">\n<p><span style=\"font-size: 12px;font-family: arial, helvetica, sans-serif\"><strong>\u00a0 \u00a0 OPIS EFEKT\u00d3W UCZENIA SI\u0118 DLA KIERUNKU STUDI\u00d3W\u00a0<\/strong><\/span><\/p>\n<\/td>\n<td style=\"width: 11.1162%;height: 10px;text-align: center\">\n<p><span style=\"font-family: arial, helvetica, sans-serif;font-size: 12px\"><strong>Description of the learning outcomes for field of study<\/strong><\/span><\/p>\n<\/td>\n<\/tr>\n<tr style=\"height: 20px\">\n<td style=\"width: 9.8137%;height: 20px;text-align: center\"><strong><span style=\"font-family: arial, helvetica, sans-serif;font-size: 16px\">2019\/2020<\/span><\/strong><\/td>\n<td style=\"width: 11.0504%;height: 20px;text-align: center\"><strong><a href=\"https:\/\/up.lublin.pl\/weterynaria\/wp-content\/uploads\/sites\/3\/2021\/07\/zal.-1-opis-efektow-uczenia-sie-2019-2020-1.pdf\">zal.-1-opis-efektow-uczenia-sie-2019-2020<\/a><\/strong><\/td>\n<td style=\"width: 11.1162%;height: 20px;text-align: center\"><strong><a href=\"https:\/\/up.lublin.pl\/weterynaria\/wp-content\/uploads\/sites\/3\/2021\/07\/zal.-1a-opis-efektow-uczenia-sie-2019-2020-jezyk-angielski-1.pdf\">zal.-1a-opis-efektow-uczenia-sie-2019-2020-jezyk-angielski<\/a><\/strong><\/td>\n<\/tr>\n<tr style=\"height: 20px\">\n<td style=\"width: 9.8137%;height: 20px;text-align: center\"><strong><span style=\"font-size: 16px;font-family: arial, helvetica, sans-serif\">2020\/2021<\/span><\/strong><\/td>\n<td style=\"width: 11.0504%;height: 20px;text-align: center\"><strong><a href=\"https:\/\/up.lublin.pl\/weterynaria\/wp-content\/uploads\/sites\/3\/2021\/07\/zal.-2-opis-efektow-uczenia-sie-2020-2021.pdf\">zal.-2-opis-efektow-uczenia-sie-2020-2021<\/a><\/strong><\/td>\n<td style=\"width: 11.1162%;height: 20px;text-align: center\"><strong><a href=\"https:\/\/up.lublin.pl\/weterynaria\/wp-content\/uploads\/sites\/3\/2021\/07\/zal.-2a-opis-efektow-uczenia-sie-2020-2021-jezyk-angielski.pdf\">zal.-2a-opis-efektow-uczenia-sie-2020-2021-jezyk-angielski<\/a><\/strong><\/td>\n<\/tr>\n<tr style=\"height: 20px\">\n<td style=\"width: 9.8137%;height: 20px;text-align: center\"><strong><span style=\"font-size: 16px;font-family: arial, helvetica, sans-serif\">2021\/2022<\/span><\/strong><\/td>\n<td style=\"width: 11.0504%;height: 20px;text-align: center\"><strong><a href=\"https:\/\/up.lublin.pl\/weterynaria\/wp-content\/uploads\/sites\/3\/2021\/07\/zal.-2-opis-efektow-uczenia-sie-2021-2022.pdf\">zal.-2-opis-efektow-uczenia-sie-2021-2022<\/a><\/strong><\/td>\n<td style=\"width: 11.1162%;height: 20px;text-align: center\"><strong><a href=\"https:\/\/up.lublin.pl\/weterynaria\/wp-content\/uploads\/sites\/3\/2021\/07\/zal.-2a-opis-efektow-uczenia-sie-2021-2022-jezyk-anagielski.pdf\">zal.-2a-opis-efektow-uczenia-sie-2021-2022-jezyk-anagielski<\/a><\/strong><\/td>\n<\/tr>\n<\/tbody>\n<\/table>\n<p>ANALITYKA WETERYNARYJNA &#8211; studia I&nbsp;stopnia<\/p>\n<table style=\"width: 100%;border-collapse: collapse;height: 178px\" border=\"3\">\n<tbody>\n<tr style=\"height: 69px\">\n<td style=\"width: 33.3333%;height: 69px;text-align: center\"><strong><span style=\"font-family: arial, helvetica, sans-serif;font-size: 12px\">NAB\u00d3R <\/span><\/strong><\/td>\n<td style=\"width: 2.36967%;height: 69px;text-align: left\" colspan=\"2\"><strong><span style=\"font-family: arial, helvetica, sans-serif;font-size: 12px\">\u00a0\u00a0\u00a0\u00a0\u00a0 OPIS EFEKT\u00d3W UCZENIA SI\u0118 DLA KIERUNKU STUDI\u00d3W\u00a0\u00a0\u00a0\u00a0\u00a0\u00a0\u00a0\u00a0\u00a0\u00a0\u00a0\u00a0\u00a0\u00a0\u00a0\u00a0\u00a0\u00a0\u00a0\u00a0\u00a0\u00a0\u00a0\u00a0\u00a0\u00a0\u00a0\u00a0\u00a0\u00a0\u00a0\u00a0\u00a0\u00a0\u00a0\u00a0\u00a0\u00a0\u00a0\u00a0\u00a0\u00a0\u00a0 <\/span><\/strong><\/td>\n<\/tr>\n<tr style=\"height: 40px\">\n<td style=\"width: 33.3333%;height: 40px\"><span style=\"font-family: arial, helvetica, sans-serif;font-size: 16px\"><strong>2022\/2023<\/strong><\/span><\/td>\n<td style=\"width: 2.36967%;text-align: center;height: 40px\" colspan=\"2\"><strong><span style=\"font-family: arial, helvetica, sans-serif;font-size: 12px\"><a href=\"https:\/\/up.lublin.pl\/weterynaria\/wp-content\/uploads\/sites\/3\/2023\/03\/Zal-nr-2-I-stopien-1.pdf\">Zal-nr-2-I-stopien-1<\/a><\/span><\/strong><\/td>\n<\/tr>\n<tr style=\"height: 23px\">\n<td style=\"width: 33.3333%;height: 23px\"><span style=\"font-family: arial, helvetica, sans-serif;font-size: 16px\"><strong>2021\/2022<\/strong><\/span><\/td>\n<td style=\"width: 2.36967%;height: 23px;text-align: center\" colspan=\"2\"><a href=\"https:\/\/up.lublin.pl\/weterynaria\/wp-content\/uploads\/sites\/3\/2022\/12\/19-20-1.pdf\">19-20<\/a><\/td>\n<\/tr>\n<tr style=\"height: 23px\">\n<td style=\"width: 33.3333%;height: 23px\"><span style=\"font-family: arial, helvetica, sans-serif;font-size: 16px\"><strong>2020\/2021<\/strong><\/span><\/td>\n<td style=\"width: 2.36967%;height: 23px;text-align: center\" colspan=\"2\"><a href=\"https:\/\/up.lublin.pl\/weterynaria\/wp-content\/uploads\/sites\/3\/2022\/12\/19-20-1.pdf\">19-20<\/a><\/td>\n<\/tr>\n<tr style=\"height: 23px\">\n<td style=\"width: 33.3333%;height: 23px\"><span style=\"font-family: arial, helvetica, sans-serif;font-size: 16px\"><strong>2019\/2020<\/strong><\/span><\/td>\n<td style=\"width: 2.36967%;height: 23px;text-align: center\" colspan=\"2\"><a href=\"https:\/\/up.lublin.pl\/weterynaria\/wp-content\/uploads\/sites\/3\/2022\/12\/19-20.pdf\">19-20<\/a><\/td>\n<\/tr>\n<\/tbody>\n<\/table>\n<p>ANALITYKA WETERYNARYJNA &#8211; studia II stopnia<\/p>\n<table style=\"width: 100%;border-collapse: collapse;height: 102px\" border=\"3\">\n<tbody>\n<tr style=\"height: 62px\">\n<td style=\"width: 50%;height: 62px\"><strong><span style=\"font-family: arial, helvetica, sans-serif;font-size: 12px\">NAB\u00d3R\u00a0 <\/span><\/strong><\/td>\n<td style=\"width: 50%;height: 62px\">\n<p><strong><span style=\"font-family: arial, helvetica, sans-serif;font-size: 12px\">OPIS EFEKT\u00d3W UCZENIA SI\u0118<\/span><\/strong><br \/><strong><span style=\"font-family: arial, helvetica, sans-serif;font-size: 12px\">DLA KIERUNKU STUDI\u00d3W<\/span><\/strong><\/p>\n<\/td>\n<\/tr>\n<tr style=\"height: 40px\">\n<td style=\"width: 50%;height: 40px\"><strong><span style=\"font-family: arial, helvetica, sans-serif;font-size: 16px\">2022\/2023<\/span><\/strong><\/td>\n<td style=\"width: 50%;text-align: center;height: 40px\"><a href=\"https:\/\/up.lublin.pl\/weterynaria\/wp-content\/uploads\/sites\/3\/2023\/03\/Zal-nr-2-2-stopien.pdf\">Zal-nr-2-2 stopie\u0144<\/a><\/td>\n<\/tr>\n<\/tbody>\n<\/table>\n                                        <\/div>\n\t\t\t\t\t\t                                <\/div>\n\t\t\t\t                <div class=\"mn-content-block\">\n\t                                                        <div class=\"mn-cards-list\">\n                                            <div class=\"mn-card-container\">\n                                                <div>\n                                                    <img src=\"https:\/\/up.lublin.pl\/weterynaria\/wp-content\/themes\/up-lublin\/assets\/images\/doc-ico.svg\" alt=\"\" \/>\n                                                    <h5>Organizacja roku akadmickiego<\/h5>\n                                                <\/div>\n                                                <a href=\"https:\/\/up.lublin.pl\/edukacja\/student\/tok-studiow\/organizacja-roku-akademickiego\/\" class=\"mn-more\" target=\"_blank\">Zobacz<\/a>\n                                            <\/div>\n                                        <\/div>\n\t\t\t\t\t\t                                <\/div>\n\t\t\t\t                <div class=\"mn-content-block\">\n\t                                                        <div class=\"block-text\">\n\t                                        <p>\u00a0<\/p>\n<p><span style=\"font-family: arial, helvetica, sans-serif;font-size: 14px\"><strong>WETERYNARIA \/ VETERINARY MEDICINE <\/strong><\/span><\/p>\n<table style=\"height: 178px;width: 100%;border-collapse: collapse\" border=\"2\">\n<tbody>\n<tr style=\"height: 92px\">\n<td style=\"width: 20%;height: 92px;text-align: center\"><span style=\"font-size: 16px\"><strong style=\"font-family: arial, helvetica, sans-serif\"><span style=\"font-family: arial, helvetica, sans-serif\">NAB\u00d3R<\/span><\/strong><\/span><\/td>\n<td style=\"width: 20%;height: 92px;text-align: center\">\n<p><span style=\"font-size: 16px\"><strong style=\"font-family: arial, helvetica, sans-serif\"> Og\u00f3lna charakterystyka <\/strong><strong style=\"font-family: arial, helvetica, sans-serif\">studi\u00f3w<\/strong><\/span><\/p>\n<\/td>\n<td style=\"width: 20%;height: 92px;text-align: center\">\n<p><span style=\"font-size: 16px\"><strong style=\"font-family: arial, helvetica, sans-serif\">General characteristics <\/strong><strong style=\"font-family: arial, helvetica, sans-serif\">of studies<\/strong><\/span><\/p>\n<\/td>\n<td style=\"width: 20%;height: 92px;text-align: center\">\n<p><span style=\"font-size: 16px\"><strong style=\"font-family: arial, helvetica, sans-serif\">Szczeg\u00f3\u0142owa charakterystyka<\/strong><strong style=\"font-family: arial, helvetica, sans-serif\">programu studi\u00f3w<\/strong><\/span><\/p>\n<\/td>\n<td style=\"width: 20%;height: 92px;text-align: center\">\n<p><span style=\"font-size: 16px\"><strong style=\"font-family: arial, helvetica, sans-serif\">Detailed characteristics <\/strong><strong style=\"font-family: arial, helvetica, sans-serif\">of the study programme<\/strong><\/span><\/p>\n<\/td>\n<\/tr>\n<tr style=\"height: 40px\">\n<td style=\"width: 20%;height: 40px;text-align: center\"><span style=\"font-size: 16px\"><strong><span style=\"font-family: arial, helvetica, sans-serif\">2019\/2020<\/span><\/strong><\/span><\/td>\n<td style=\"width: 20%;text-align: center;height: 40px\"><a href=\"https:\/\/up.lublin.pl\/weterynaria\/wp-content\/uploads\/sites\/3\/2021\/07\/zal.-4-ogolna-charakterystyka-2019-2020.pdf\" target=\"_blank\" rel=\"noopener\">up.lublin.pl\/\u2026\/zal.-4-ogolna-charakterystyka-2019-2020.pdf<\/a><\/td>\n<td style=\"width: 20%;text-align: center;height: 40px\"><a href=\"https:\/\/up.lublin.pl\/weterynaria\/wp-content\/uploads\/sites\/3\/2021\/07\/zal.-4a-ogolna-charakterystyka-2019-2020-jezyk-angielski.pdf\" target=\"_blank\" rel=\"noopener\">up.lublin.pl\/\u2026\/zal.-4a-ogolna-charakterystyka-2019-2020-jezyk-angielski.pdf<\/a><\/td>\n<td style=\"width: 20%;text-align: center;height: 40px\"><a href=\"https:\/\/up.lublin.pl\/weterynaria\/wp-content\/uploads\/sites\/3\/2021\/07\/zal.-2-szczegolowa-charakterystyka-2019-2020.pdf\">Szczeg\u00f3\u0142owa charakterystyka programu studi\u00f3w i&nbsp;warunki realizacji programu studi\u00f3w\/<\/a><\/td>\n<td style=\"width: 20%;text-align: center;height: 40px\"><a href=\"https:\/\/up.lublin.pl\/weterynaria\/wp-content\/uploads\/sites\/3\/2021\/07\/zal.-2a-szczegolowa-charakterystyka-2019-2020-jezyk-angielski.pdf\">Detailed characteristics of the study programme and the terms of the study programme implementation<\/a><\/td>\n<\/tr>\n<tr style=\"height: 23px\">\n<td style=\"width: 20%;height: 23px;text-align: center\"><span style=\"font-size: 16px\"><strong>2020\/2021<\/strong><\/span><\/td>\n<td style=\"width: 20%;text-align: center;height: 23px\"><a href=\"https:\/\/up.lublin.pl\/weterynaria\/wp-content\/uploads\/sites\/3\/2021\/07\/zal.-1-ogolna-charakterystyka-2020-2021.pdf\">Og\u00f3lna charakterystyka kierunku studi\u00f3w: weterynaria <\/a><\/td>\n<td style=\"width: 20%;text-align: center;height: 23px\"><a href=\"https:\/\/up.lublin.pl\/weterynaria\/wp-content\/uploads\/sites\/3\/2021\/07\/zal.-1a-ogolna-charakterystyka-2020-2021-jezyk-angielski.pdf\">General characteristics of the field of study: veterinary medicine<\/a><\/td>\n<td style=\"width: 20%;text-align: center;height: 23px\"><a href=\"https:\/\/up.lublin.pl\/weterynaria\/wp-content\/uploads\/sites\/3\/2021\/07\/zal.-3-szczegolowa-charakterystyka-2020-2021-korekta-13.07.pdf\">Szczeg\u00f3\u0142owa charakterystyka programu studi\u00f3w i&nbsp;warunki realizacji programu studi\u00f3w <\/a><\/td>\n<td style=\"width: 20%;text-align: center;height: 23px\"><a href=\"https:\/\/up.lublin.pl\/weterynaria\/wp-content\/uploads\/sites\/3\/2021\/07\/zal.-3a-szczegolowa-charakterystyka-2020-2021-jezyk-anagielski.pdf\">Detailed characteristics of the study programme and the terms of the study programme implementation<\/a><\/td>\n<\/tr>\n<tr style=\"height: 23px\">\n<td style=\"width: 20%;height: 23px;text-align: center\"><span style=\"font-size: 16px\"><strong>2021\/2022<\/strong><\/span><\/td>\n<td style=\"width: 20%;text-align: center;height: 23px\"><a href=\"https:\/\/up.lublin.pl\/weterynaria\/wp-content\/uploads\/sites\/3\/2021\/07\/zal.-1-ogolna-charakterystyka-2021-2022.pdf\">Og\u00f3lna charakterystyka kierunku studi\u00f3w: weterynaria<\/a><\/td>\n<td style=\"width: 20%;text-align: center;height: 23px\"><a href=\"https:\/\/up.lublin.pl\/weterynaria\/wp-content\/uploads\/sites\/3\/2021\/07\/zal.-1a-ogolna-charakterystyka-2021-2022-jezyk-anagielski.pdf\">General characteristics of the field of study: veterinary medicine<\/a><\/td>\n<td style=\"width: 20%;text-align: center;height: 23px\"><a href=\"https:\/\/up.lublin.pl\/weterynaria\/wp-content\/uploads\/sites\/3\/2021\/07\/zal.-3-szczegolowa-charakterystyka-2021-2022-korekta-13.07.pdf\">Szczeg\u00f3\u0142owa charakterystyka programu studi\u00f3w i&nbsp;warunki realizacji programu studi\u00f3w <\/a><\/td>\n<td style=\"width: 20%;text-align: center;height: 23px\"><a href=\"https:\/\/up.lublin.pl\/weterynaria\/wp-content\/uploads\/sites\/3\/2021\/07\/zal.-3a-szczegolowa-charakterystyka-2021-2022-jezyk-angielski.pdf\">Detailed characteristics of the study programme and the terms of the study programme implementation<\/a><\/td>\n<\/tr>\n<\/tbody>\n<\/table>\n                                        <\/div>\n\t\t\t\t\t\t                                                        <div class=\"block-text\">\n\t                                        <p><strong>ANALITYKA WETERYNARYJNA<br \/><\/strong><\/p>\n<p>STUDIA I&nbsp;STOPNIA<\/p>\n<table style=\"width: 100.84%;border-collapse: collapse\" border=\"3\">\n<tbody>\n<tr>\n<td style=\"width: 33.3333%\"><strong>NAB\u00d3R<\/strong><\/td>\n<td style=\"width: 33.3333%\">Og\u00f3lna charakterystyka studi\u00f3w<\/td>\n<td style=\"width: 34.1736%\">Szczeg\u00f3\u0142owa charakterystyka programu studi\u00f3w<\/td>\n<\/tr>\n<tr>\n<td style=\"width: 33.3333%\">2022-2023<\/td>\n<td style=\"width: 33.3333%;text-align: center\"><a href=\"https:\/\/up.lublin.pl\/weterynaria\/wp-content\/uploads\/sites\/3\/2022\/12\/Zal-nr-1-I-stopien-1.pdf\">Zal-nr-1-I-stopien<\/a><\/td>\n<td style=\"width: 34.1736%;text-align: center\"><a href=\"https:\/\/up.lublin.pl\/weterynaria\/wp-content\/uploads\/sites\/3\/2022\/12\/Zal-nr-3-I-stopien-1.pdf\">Zal-nr-3-I-stopien<\/a><\/td>\n<\/tr>\n<tr>\n<td style=\"width: 33.3333%\">2021-2022<\/td>\n<td style=\"width: 33.3333%\">\u00a0<\/td>\n<td style=\"width: 34.1736%;text-align: center\"><a href=\"https:\/\/up.lublin.pl\/weterynaria\/wp-content\/uploads\/sites\/3\/2023\/03\/zalacznik_nr_2-2.pdf\">zalacznik_nr_2-2<\/a><\/td>\n<\/tr>\n<tr>\n<td style=\"width: 33.3333%\">2020-2021<\/td>\n<td style=\"width: 33.3333%\">\u00a0<\/td>\n<td style=\"width: 34.1736%;text-align: center\"><a href=\"https:\/\/up.lublin.pl\/weterynaria\/wp-content\/uploads\/sites\/3\/2023\/03\/zalacznik_nr_2-2.pdf\">zalacznik_nr_2-2<\/a><\/td>\n<\/tr>\n<\/tbody>\n<\/table>\n<p>STUDIA II STOPNIA<\/p>\n<table style=\"width: 100%;border-collapse: collapse\" border=\"3\">\n<tbody>\n<tr>\n<td style=\"width: 33.3333%\"><strong>NAB\u00d3R<\/strong><\/td>\n<td style=\"width: 33.3333%\">\n<p>Og\u00f3lna charakterystyka studi\u00f3w<\/p>\n<\/td>\n<td style=\"width: 33.3333%\">Szczeg\u00f3\u0142owa charakterystyka programu studi\u00f3w<\/td>\n<\/tr>\n<tr>\n<td style=\"width: 33.3333%\">2022-2023<\/td>\n<td style=\"width: 33.3333%;text-align: center\"><a href=\"https:\/\/up.lublin.pl\/weterynaria\/wp-content\/uploads\/sites\/3\/2022\/12\/Zal-nr-1-2.pdf\">Zal-nr-1<\/a><\/td>\n<td style=\"width: 33.3333%;text-align: center\"><a href=\"https:\/\/up.lublin.pl\/weterynaria\/wp-content\/uploads\/sites\/3\/2023\/03\/Zal-nr-3-2.pdf\">Zal-nr-3-2<\/a><\/td>\n<\/tr>\n<\/tbody>\n<\/table>\n                                        <\/div>\n\t\t\t\t\t\t                                <\/div>\n\t\t\t\t                <div class=\"mn-content-block\">\n\t                                                        <div class=\"block-text\">\n\t                                        <p style=\"text-align: center\"><strong>WYKAZ PRZEDMIOT\u00d3W I&nbsp;PROWADZ\u0104CYCH ZAJ\u0118CIA W&nbsp;ROKU AKADEMICKIM 2025\/2026<\/strong><\/p>\n<ul>\n<li><strong>WETERYNARIA<\/strong><\/li>\n<li><strong>WETERYNARIA &#8211; STUDIA_ANGLOJ\u0118ZYCZNE <\/strong><\/li>\n<li><strong>ANALITYKA WETERYNARYJNA &#8211; STUDIA I&nbsp;STOPNIA <\/strong><\/li>\n<li><strong>ANALITYKA WETERYNARYJNA &#8211; STUDIA DRUGIEGO STOPNIA<\/strong><\/li>\n<\/ul>\n                                        <\/div>\n\t\t\t\t\t\t                                <\/div>\n\t\t\t\t                <div class=\"mn-content-block\">\n\t                                                        <ul class=\"mn-accordion\">\n                                            <li>\n                                                <h4 class=\"mn-accordion-title\">DOKUMENTY NIEZB\u0118DNE DO UKO\u0143CZENIA STUDI\u00d3W NA KIERUNKU WETEYNARIA <\/h4>\n                                                <div>\n\t\t\t\t\t\t\t\t\t                <p style=\"text-align: center\"><strong>DOKUMENTY <\/strong><\/p>\n<p style=\"text-align: center\"><strong>NIEZB\u0118DNE DO ROZLICZENIA ABSOLWENTA \u2013\u00a0 WETERYNARIA <\/strong><\/p>\n<ol>\n<li>\n<p><strong><a href=\"https:\/\/up.lublin.pl\/weterynaria\/wp-content\/uploads\/sites\/3\/2026\/02\/zal.-nr-1-wniosek-o-wydanie-dyplomu-od-2019-6.pdf\">Wniosek o&nbsp;wydanie dyplomu <\/a> <\/strong><strong>(dla student\u00f3w, kt\u00f3rzy rozpocz\u0119li studia w&nbsp;roku akademickim 2019\/2020 i&nbsp;w latach nast\u0119pnych)<\/strong><\/p>\n<\/li>\n<li><strong>Dzienniczek praktyk<\/strong><\/li>\n<li><strong>Dzienniczek Umiej\u0119tno\u015bci Dnia Pierwszego <\/strong><\/li>\n<li><strong>Karta obiegowa<\/strong><\/li>\n<li><strong>Zdj\u0119cie w&nbsp;formie elektronicznej : 4 ,5 x&nbsp;6,5<\/strong><\/li>\n<li><strong>legitymacja studencka do zwrotu<\/strong><\/li>\n<\/ol>\n<p><strong>\u00a0<\/strong><\/p>\n<p style=\"text-align: center\"><strong>OP\u0141ATA ZA WYDANIE \u00a0DYPLOMU UKO\u0143CZENIA STUDI\u00d3W \u00a0\u00a0\u00a0\u00a0\u00a0\u00a0\u00a0\u00a0\u00a0\u00a0<\/strong><\/p>\n<p><strong>(studenci kt\u00f3rzy rozpocz\u0119li studia przed 2019 r.) <\/strong><\/p>\n<p><strong>\u00a0<\/strong>\/na indywidualne konto studenta\u00a0 &#8211;\u00a0 Wirtualny Dziekanat\/<\/p>\n<ul>\n<li><strong>60,0 z\u0142 \u2013 dyplom w&nbsp;j\u0119zyku polskim <\/strong><\/li>\n<li><strong>40,0 z\u0142 \u2013 odpis dyplomu w&nbsp;j\u0119zyku obcym<\/strong><\/li>\n<\/ul>\n<p><strong>\u00a0\u00a0\u00a0\u00a0\u00a0\u00a0\u00a0\u00a0\u00a0\u00a0 <\/strong><\/p>\n<p><strong>\u00a0<\/strong><\/p>\n<p><strong>\u00a0<\/strong><\/p>\n                                                <\/div>\n                                            <\/li>\n                                        <\/ul>\n\t\t\t\t\t\t                                                        <ul class=\"mn-accordion\">\n                                            <li>\n                                                <h4 class=\"mn-accordion-title\">DOST\u0118P DO PLATFORMY ZDALNEGO NAUCZANIA<\/h4>\n                                                <div>\n\t\t\t\t\t\t\t\t\t                <p><strong>PLATFORMA NAUCZANIA ZDALNEGO TO EDUPORTAL<\/strong><\/p>\n<p><strong>Linkiem do platformy EDUPORTAL jest:<\/strong><\/p>\n<p><strong>\u00a0<a href=\"http:\/\/platformaedukacyjna.up.lublin.pl\/\">http:\/\/platformaedukacyjna.up.lublin.pl\/<\/a><\/strong><\/p>\n<p>LOGOWANIE:<\/p>\n<p>Autoryzacja logowania do platformy Eduportal odbywa si\u0119 poprzez us\u0142ug\u0119 Office 365\u00a0(wi\u0119cej w\u00a0zak\u0142adce\u00a0 \u201eOffice 365\u201d)<\/p>\n<p>\u00a0PROBLEMY<\/p>\n<ul>\n<li>Nauczyciele pisz\u0105 na adres:\u00a0<a href=\"mailto:eduportal@up.lublin.pl\">eduportal@up.lublin.pl<\/a><\/li>\n<li>Studenci pisz\u0105 na\u00a0<a href=\"mailto:office365@up.lublin.pl\">office365@up.lublin.pl<\/a><\/li>\n<\/ul>\n<p>MATERIA\u0141Y SZKOLENIOWE:<\/p>\n<p>Materia\u0142y szkoleniowe z\u00a0zakresu obs\u0142ugi platformy EDUPORTAL dost\u0119pne s\u0105 dla ka\u017cdego Nauczyciela Akademickiego po zalogowaniu w\u00a0panelu frontowym:<\/p>\n<p>\u00a0POCZ\u0104TEK PRACY Z\u00a0PLATFORM\u0104 :<\/p>\n<ul>\n<li>[\u00a0<u><a href=\"https:\/\/platformaedukacyjna.up.lublin.pl\/Dokument\/Find\/c4157ed1-1409-4cd4-a8a0-9b6865c6fdfc\/instrukcja_student.pdf\">INSTRUKCJA DLA STUDENT\u00d3W DOST\u0118PNA PO ZALOGOWANIU DO EDUPORTALU\u00a0<\/a><\/u>]<\/li>\n<li>[\u00a0<u>widok\u00a0<a href=\"https:\/\/up.lublin.pl\/wp-content\/uploads\/2021\/04\/widok-studenta.jpg\">instrukcji<\/a>dla studenta<\/u>\u00a0]<\/li>\n<li><a href=\"https:\/\/up.lublin.pl\/wp-content\/uploads\/2021\/04\/fornt-wd-studenta.jpg\">[\u00a0KOMUNIKAT DLA STUDENTA\u00a0 \u2013 INFORMACJA ARCHIWALNA\u00a0<\/a>]<\/li>\n<\/ul>\n<p><img loading=\"lazy\" class=\"alignnone size-full wp-image-135032\" src=\"https:\/\/up.lublin.pl\/wp-content\/uploads\/2021\/04\/teams-300x150-1.png\" alt=\"\" width=\"300\" height=\"150\" \/><\/p>\n<p>ALTERNATYWNA PLATFORMA NAUKI ZDALNEJ TO MS TEAMS<\/p>\n<p>Szanowni Pa\u0144stwo,<\/p>\n<p>wychodz\u0105c naprzeciw Pa\u0144stwa potrzebom, zebrali\u015bmy w\u00a0kr\u00f3tkim kompendium podstawy pracy z\u00a0Microsoft Teams: tworzenie zespo\u0142\u00f3w, spotka\u0144 wirtualnych, zada\u0144 i\u00a0sprawdzian\u00f3w.\u00a0 Linki do kr\u00f3tkich film\u00f3w instrukta\u017cowcyh znajd\u0105 Pa\u0144stwo poni\u017cej.<\/p>\n<p><strong>SZYBKI STARTER:<\/strong><\/p>\n<p>jak za\u0142o\u017cy\u0107 grup\u0119 \/ zesp\u00f3\u0142 w\u00a0Microsoft Teams i\u00a0przeprowadzi\u0107 lekcj\u0119 wirtualn\u0105:<\/p>\n<p><strong>[\u00a0<\/strong><a href=\"https:\/\/www.up.lublin.pl\/files\/2020\/2020-11-20\/jak_zalozyc_zespol_oraz_spotkanie_w_kalendarzu.pdf\"><strong>TWORZENIE ZESPO\u0141U i\u00a0SPOTKANIA WIRTUALNEGO<\/strong><\/a><strong><a href=\"https:\/\/www.up.lublin.pl\/files\/2020\/2020-11-20\/jak_zalozyc_zespol_oraz_spotkanie_w_kalendarzu.pdf\">\u00a0<\/a>]<\/strong><\/p>\n<p><strong>\u00a0<\/strong><\/p>\n<p><strong>\u00a0<\/strong><\/p>\n<p>Jak stworzy\u0107<strong>\u00a0NOWY ZESP\u00d3\u0141\u00a0<\/strong>\/ KLAS\u0118 (nazwa, rodzaj, dodanie os\u00f3b)? [Teams \u2013 Zespo\u0142y \/ Klasy]<\/p>\n<p><a href=\"https:\/\/www.youtube.com\/watch?v=FsP-bBSDP20\">https:\/\/www.youtube.com\/watch?v=FsP-bBSDP20<\/a><\/p>\n<p>Jak\u00a0<strong>ZARZADZA\u0106 zespo\u0142em\/klas\u0105,\u00a0 <\/strong>konfigurowa\u0107 go i\u00a0dodawa\u0107 kana\u0142y? [Teams: Zespo\u0142y \/ Klasy]<\/p>\n<p><a href=\"https:\/\/www.youtube.com\/watch?v=Z8GsVlVUIlE\">https:\/\/www.youtube.com\/watch?v=Z8GsVlVUIlE<\/a><\/p>\n<p>Jak\u00a0<strong>UDOST\u0118PNIA\u0106 ekran,\u00a0<\/strong>aplikacje i\u00a0d\u017awi\u0119ki z\u00a0komputera?<\/p>\n<p><a href=\"https:\/\/www.youtube.com\/watch?v=2XiiNAYjnCs\">https:\/\/www.youtube.com\/watch?v=2XiiNAYjnCs<\/a><\/p>\n<p>Jak ustawi\u0107\u00a0<strong>UPRAWNIENIA dla spotka\u0144\u00a0<\/strong>online (wyciszanie, wyrzucanie)? [Teams \u2013 Praca z\u00a0kalendarzem]<\/p>\n<p><a href=\"https:\/\/www.youtube.com\/watch?v=JV8h6LgP96c\">https:\/\/www.youtube.com\/watch?v=JV8h6LgP96c<\/a><\/p>\n<p>\u00a0Tworzenie\u00a0<strong>linku do spotkania\u00a0\u00a0 <\/strong><a href=\"https:\/\/www.youtube.com\/watch?v=BjAKNmKcfkg\">https:\/\/www.youtube.com\/watch?v=BjAKNmKcfkg<\/a><\/p>\n<p>\u00a0Jak obs\u0142ugiwa\u0107\u00a0<strong>KAMER\u0118 <\/strong>(w tym ROZMYCIE T\u0141A) i\u00a0MIKROFON (w tym szybkie w\u0142\u0105czanie\/wy\u0142\u0105czanie)? <a href=\"https:\/\/www.youtube.com\/watch?v=YkRnkI6jIMU\">https:\/\/www.youtube.com\/watch?v=YkRnkI6jIMU<\/a><\/p>\n<p>\u00a0Jak<strong>\u00a0RYSOWA\u0106 w\u00a0OneNote (<\/strong>rysik, myszka, r\u0119ka, kszta\u0142ty, linijka)? [Microsoft OneNote \u2013 Podstawy]<\/p>\n<p><a href=\"https:\/\/www.youtube.com\/watch?v=JfbJVzSDGXc\">https:\/\/www.youtube.com\/watch?v=JfbJVzSDGXc<\/a><\/p>\n<p><strong>Teams \u2013 najcz\u0119stsze problemy nauczycieli<\/strong><\/p>\n<p><a href=\"https:\/\/www.youtube.com\/watch?v=MX2gnSFtI2I\">https:\/\/www.youtube.com\/watch?v=MX2gnSFtI2I<\/a><\/p>\n<p>Proces tworzenia\u00a0<strong>TESTU<\/strong>\u00a0przez nauczyciela i\u00a0jak go rozwi\u0105zuje ucze\u0144:<\/p>\n<p><a href=\"https:\/\/www.youtube.com\/watch?v=xRUa6Te1Jqg\">https:\/\/www.youtube.com\/watch?v=xRUa6Te1Jqg<\/a><\/p>\n<p>Jak\u00a0<strong>STWORZY\u0106 ZADANIE\u00a0<\/strong>dla Uczni\u00f3w, jak Ucze\u0144 je wype\u0142nia i\u00a0zwraca?<\/p>\n<p><a href=\"https:\/\/www.youtube.com\/watch?v=1B1Nr2eqvSY\">https:\/\/www.youtube.com\/watch?v=1B1Nr2eqvSY<\/a><\/p>\n<p>Jak zrobi\u0107<strong>\u00a0test on-line z\u00a0AUTOMATYCZN\u0104 OCEN\u0104\u00a0<\/strong>w Microsoft Teams<\/p>\n<p><a href=\"https:\/\/www.youtube.com\/watch?v=mdAq_J8GFoc\">https:\/\/www.youtube.com\/watch?v=mdAq_J8GFoc<\/a><\/p>\n<p><strong>Dodatkowe funkcjonalno\u015bci\u00a0<\/strong>w testach Teams pa\u017adziernik 2020<\/p>\n<p><a href=\"https:\/\/www.youtube.com\/watch?v=nNgSokAN1Xo\">https:\/\/www.youtube.com\/watch?v=nNgSokAN1Xo<\/a><\/p>\n<p><strong>FILMY INSTRUKTA\u017bOWE:\u00a0 \u00a0<\/strong><a href=\"https:\/\/up.lublin.pl\/wp-content\/uploads\/2021\/04\/teams-przewodniki.pdf\">teams-przewodniki<\/a><\/p>\n<p><strong>ZARZ\u0104DZANIE NAGRANIAMI:<\/strong><\/p>\n<ul>\n<li><a href=\"https:\/\/www.youtube.com\/watch?v=txqGkuQS7ns\">https:\/\/www.youtube.com\/watch?v=txqGkuQS7ns<\/a><\/li>\n<li><a href=\"https:\/\/www.akademiaaplikacji.pl\/wp-content\/uploads\/2020\/03\/Praca-zdalana-w-Microsoft-Teams-Sesja-QandA.pdf\">https:\/\/www.akademiaaplikacji.pl\/wp-content\/uploads\/2020\/03\/Praca-zdalana-w-Microsoft-Teams-Sesja-QandA.pdf<\/a><\/li>\n<li>Zarz\u0105dzanie nagraniami w\u00a0Stream:\u00a0<a href=\"https:\/\/www.youtube.com\/watch?v=RW1ju7iyHd0\">https:\/\/www.youtube.com\/watch?v=RW1ju7iyHd0<\/a><\/li>\n<\/ul>\n                                                <\/div>\n                                            <\/li>\n                                        <\/ul>\n\t\t\t\t\t\t                                                        <div class=\"mn-cards-list\">\n                                            <div class=\"mn-card-container\">\n                                                <div>\n                                                    <img src=\"https:\/\/up.lublin.pl\/weterynaria\/wp-content\/themes\/up-lublin\/assets\/images\/doc-ico.svg\" alt=\"\" \/>\n                                                    <h5>Za\u0142\u0105cznik do zarz\u0105dzenia nr 147\/2020 - Wykaz czynnik\u00f3w uci\u0105\u017cliwych<\/h5>\n                                                <\/div>\n                                                <a href=\"https:\/\/bip.up.lublin.pl\/files\/biurorektora\/2020\/147\/wykaz_czynnik'ow_uciazliwych.pdf\" class=\"mn-more\" target=\"_blank\">Zobacz<\/a>\n                                            <\/div>\n                                        <\/div>\n\t\t\t\t\t\t                                                        <div class=\"mn-cards-list\">\n                                            <div class=\"mn-card-container\">\n                                                <div>\n                                                    <img src=\"https:\/\/up.lublin.pl\/weterynaria\/wp-content\/themes\/up-lublin\/assets\/images\/doc-ico.svg\" alt=\"\" \/>\n                                                    <h5>Zarz\u0105dzenie nr 147 Rektora Uniwersytetu Przyrodniczego w&nbsp;Lublinie z&nbsp;dnia 18 grudnia 2020 r. w&nbsp;sprawie uczestnictwa w&nbsp;zaj\u0119ciach dydaktycznych studentek lub doktorantek w&nbsp;ci\u0105\u017cy<\/h5>\n                                                <\/div>\n                                                <a href=\"https:\/\/bip.up.lublin.pl\/files\/biurorektora\/2020\/147\/147.pdf\" class=\"mn-more\" target=\"_blank\">Zobacz<\/a>\n                                            <\/div>\n                                        <\/div>\n\t\t\t\t\t\t                                                        <div class=\"block-text\">\n\t                                        <h4>\u00a0<\/h4>\n<h4>SEKWENCYJNO\u015a\u0106<\/h4>\n                                        <\/div>\n\t\t\t\t\t\t                                                        <div class=\"mn-cards-list\">\n                                            <div class=\"mn-card-container\">\n                                                <div>\n                                                    <img src=\"https:\/\/up.lublin.pl\/weterynaria\/wp-content\/themes\/up-lublin\/assets\/images\/doc-ico.svg\" alt=\"\" \/>\n                                                    <h5>Uchwa\u0142a Kolegum Wydzia\u0142u Medycyny Weterynaryjnej UP z&nbsp;20.02.2020 r. w&nbsp;sprawie sekwencyjno\u015bci na kierunku weterynaria<\/h5>\n                                                <\/div>\n                                                <a href=\"https:\/\/up.lublin.pl\/weterynaria\/wp-content\/uploads\/sites\/3\/2021\/05\/Uchwala-Kolegium-Wydzialu-Medycyny-Weterynaryjnej-z-dnia-20.02.2020-w-sprawie-sekwencyjnosci.pdf\" class=\"mn-more\" target=\"_blank\">Zobacz<\/a>\n                                            <\/div>\n                                        <\/div>\n\t\t\t\t\t\t                                                        <div class=\"mn-cards-list\">\n                                            <div class=\"mn-card-container\">\n                                                <div>\n                                                    <img src=\"https:\/\/up.lublin.pl\/weterynaria\/wp-content\/themes\/up-lublin\/assets\/images\/doc-ico.svg\" alt=\"\" \/>\n                                                    <h5>Uchwa\u0142a nr 55\/2018-2019 Rady Wydzia\u0142u Medycyny Weterynaryjnej UP w&nbsp;sprawie sekwencyjno\u015bci przedmiot\u00f3w na kierunku weterynaria<\/h5>\n                                                <\/div>\n                                                <a href=\"https:\/\/up.lublin.pl\/weterynaria\/wp-content\/uploads\/sites\/3\/2021\/11\/Uchwala-nr-55-sekwencyjnosc-poprawiona-tabela.pdf\" class=\"mn-more\" target=\"_blank\">Zobacz<\/a>\n                                            <\/div>\n                                        <\/div>\n\t\t\t\t\t\t                                                        <div class=\"mn-cards-list\">\n                                            <div class=\"mn-card-container\">\n                                                <div>\n                                                    <img src=\"https:\/\/up.lublin.pl\/weterynaria\/wp-content\/themes\/up-lublin\/assets\/images\/doc-ico.svg\" alt=\"\" \/>\n                                                    <h5>Uchwa\u0142a nr 6\/2016-2017 Rady Wydzia\u0142u Medycyny Weterynaryjnej UP w&nbsp;Lublinie podj\u0119ta na posiedzeniu w&nbsp;dniu 8 grudnia 2016 roku w&nbsp;sprawie: sekwencyjno\u015bci przedmiot\u00f3w na kierunku weterynaria<\/h5>\n                                                <\/div>\n                                                <a href=\"https:\/\/up.lublin.pl\/files\/weterynaria\/dziekanat\/2017\/sekwencyjnosc-przedmiotow\/uchwala_-_sekwencyjnosc_przedmiotow.pdf\" class=\"mn-more\" target=\"_blank\">Zobacz<\/a>\n                                            <\/div>\n                                        <\/div>\n\t\t\t\t\t\t                                                        <div class=\"block-text\">\n\t                                        <p><strong>OP\u0141ATY ZA POWTARZANIE PRZEDMIOTU\u00a0\u00a0<\/strong><\/p>\n                                        <\/div>\n\t\t\t\t\t\t                                                        <div class=\"mn-cards-list\">\n                                            <div class=\"mn-card-container\">\n                                                <div>\n                                                    <img src=\"https:\/\/up.lublin.pl\/weterynaria\/wp-content\/themes\/up-lublin\/assets\/images\/doc-ico.svg\" alt=\"\" \/>\n                                                    <h5>Op\u0142aty za powtarzanie przedmiotu  na kierunku weterynaria<\/h5>\n                                                <\/div>\n                                                <a href=\"https:\/\/up.lublin.pl\/weterynaria\/wp-content\/uploads\/sites\/3\/2026\/01\/OPLATY-ZA-POWTARZANIE-PRZEDMIOTU-WETERYNARIA-1.pdf\" class=\"mn-more\" target=\"_blank\">Zobacz<\/a>\n                                            <\/div>\n                                        <\/div>\n\t\t\t\t\t\t                                                        <div class=\"block-text\">\n\t                                        <h4>PRAKTYKI STUDENCKIE<\/h4>\n                                        <\/div>\n\t\t\t\t\t\t                                                        <div class=\"mn-cards-list\">\n                                            <div class=\"mn-card-container\">\n                                                <div>\n                                                    <img src=\"https:\/\/up.lublin.pl\/weterynaria\/wp-content\/themes\/up-lublin\/assets\/images\/doc-ico.svg\" alt=\"\" \/>\n                                                    <h5>ZAKRES MERYTORYCZNY PRAKTYKI KLINICZNEJ I&nbsp;PRAKTKI W&nbsp;INSPEKCJI WETERYNARYJNEJ <\/h5>\n                                                <\/div>\n                                                <a href=\"https:\/\/up.lublin.pl\/files\/weterynaria\/dziekanat\/2015\/zakres_merytoryczny_praktyk_klinicznych_i_w_iw.docx\" class=\"mn-more\" target=\"_blank\">Zobacz<\/a>\n                                            <\/div>\n                                        <\/div>\n\t\t\t\t\t\t                                                        <div class=\"mn-cards-list\">\n                                            <div class=\"mn-card-container\">\n                                                <div>\n                                                    <img src=\"https:\/\/up.lublin.pl\/weterynaria\/wp-content\/themes\/up-lublin\/assets\/images\/doc-ico.svg\" alt=\"\" \/>\n                                                    <h5>REGULAMIN KRAJOWYCH STUDENCKICH PRAKTYK PROGRAMOWYCH UNIWERSYTETU PRZYRODNICZEGO W&nbsp;LUBLINIE<\/h5>\n                                                <\/div>\n                                                <a href=\"https:\/\/up.lublin.pl\/weterynaria\/wp-content\/uploads\/sites\/3\/2021\/05\/regulamin_praktyk_2020.pdf\" class=\"mn-more\" target=\"_blank\">Zobacz<\/a>\n                                            <\/div>\n                                        <\/div>\n\t\t\t\t\t\t                                                        <div class=\"mn-cards-list\">\n                                            <div class=\"mn-card-container\">\n                                                <div>\n                                                    <img src=\"https:\/\/up.lublin.pl\/weterynaria\/wp-content\/themes\/up-lublin\/assets\/images\/doc-ico.svg\" alt=\"\" \/>\n                                                    <h5>Zakres merytoryczny praktyki w&nbsp;Inspekcji Weterynaryjnej - wytyczne dla urz\u0119dowych lekarzy weterynarii sprawuj\u0105cych nadz\u00f3r nad podmiotami pozyskuj\u0105cymi i&nbsp;produkuj\u0105cymi \u017cywno\u015b\u0107 zwierz\u0119cego pochodzenia<\/h5>\n                                                <\/div>\n                                                <a href=\"https:\/\/up.lublin.pl\/files\/weterynaria\/Praktyki\/zakres_merytoryczny_praktyki_w_inspekcji_weterynaryjnej_dla_studentow_v_roku._aktualizacja.pdf\" class=\"mn-more\" target=\"_blank\">Zobacz<\/a>\n                                            <\/div>\n                                        <\/div>\n\t\t\t\t\t\t                                                        <div class=\"mn-cards-list\">\n                                            <div class=\"mn-card-container\">\n                                                <div>\n                                                    <img src=\"https:\/\/up.lublin.pl\/weterynaria\/wp-content\/themes\/up-lublin\/assets\/images\/doc-ico.svg\" alt=\"\" \/>\n                                                    <h5>Zakres wymaga\u0144 dla lecznic przyjmuj\u0105cych student\u00f3w IV i&nbsp;V roku na praktyki<\/h5>\n                                                <\/div>\n                                                <a href=\"https:\/\/up.lublin.pl\/files\/weterynaria\/Praktyki\/wymagania_dla_lecznic.pdf\" class=\"mn-more\" target=\"_blank\">Zobacz<\/a>\n                                            <\/div>\n                                        <\/div>\n\t\t\t\t\t\t                                                        <div class=\"mn-cards-list\">\n                                            <div class=\"mn-card-container\">\n                                                <div>\n                                                    <img src=\"https:\/\/up.lublin.pl\/weterynaria\/wp-content\/themes\/up-lublin\/assets\/images\/doc-ico.svg\" alt=\"\" \/>\n                                                    <h5>Ankieta studencka - praktyka kliniczna<\/h5>\n                                                <\/div>\n                                                <a href=\"https:\/\/up.lublin.pl\/weterynaria\/wp-content\/uploads\/sites\/3\/2021\/05\/ankieta_studencka_-_praktyka_kliniczna.pdf\" class=\"mn-more\" target=\"_blank\">Zobacz<\/a>\n                                            <\/div>\n                                        <\/div>\n\t\t\t\t\t\t                                                        <div class=\"mn-cards-list\">\n                                            <div class=\"mn-card-container\">\n                                                <div>\n                                                    <img src=\"https:\/\/up.lublin.pl\/weterynaria\/wp-content\/themes\/up-lublin\/assets\/images\/doc-ico.svg\" alt=\"\" \/>\n                                                    <h5>Ankieta studencka - praktyka w&nbsp;Inspekcji Weterynaryjnej<\/h5>\n                                                <\/div>\n                                                <a href=\"https:\/\/up.lublin.pl\/weterynaria\/wp-content\/uploads\/sites\/3\/2021\/05\/ankieta_studencka_-_praktyka_w_inspekcji_weterynaryjnej.pdf\" class=\"mn-more\" target=\"_blank\">Zobacz<\/a>\n                                            <\/div>\n                                        <\/div>\n\t\t\t\t\t\t                                                        <div class=\"mn-cards-list\">\n                                            <div class=\"mn-card-container\">\n                                                <div>\n                                                    <img src=\"https:\/\/up.lublin.pl\/weterynaria\/wp-content\/themes\/up-lublin\/assets\/images\/doc-ico.svg\" alt=\"\" \/>\n                                                    <h5>Ankieta studencka - praktyka analityka weterynaryjna<\/h5>\n                                                <\/div>\n                                                <a href=\"https:\/\/up.lublin.pl\/weterynaria\/wp-content\/uploads\/sites\/3\/2021\/05\/ankieta_studencka_-_praktyka_analityka_weteryaryjna.pdf\" class=\"mn-more\" target=\"_blank\">Zobacz<\/a>\n                                            <\/div>\n                                        <\/div>\n\t\t\t\t\t\t                                                        <ul class=\"mn-accordion\">\n                                            <li>\n                                                <h4 class=\"mn-accordion-title\">Zarz\u0105dzenie Rektora UP w&nbsp;Lublinie z&nbsp;11 stycznia 2021 r. w&nbsp;sprawie wprowadzenia Regulaminu przciwdzia\u0142ania mobbingowi i&nbsp;molestowaniu seksualnemu w&nbsp;Uniwersytecie Przurodniczym w&nbsp;Lublinie<\/h4>\n                                                <div>\n\t\t\t\t\t\t\t\t\t                <p><a href=\"https:\/\/up.lublin.pl\/weterynaria\/wp-content\/uploads\/sites\/3\/2021\/05\/Zarzadzenie-nr-1-Rektora-UP-w-Lublinie-z-11-stycznia-2021-r.-w-sprawie-wprowadzenia-Regulaminu-przeciwdzialania.pdf\">Zarz\u0105dzenie nr 1 Rektora UP w&nbsp;Lublinie z&nbsp;11 stycznia 2021 r. w&nbsp;sprawie wprowadzenia Regulaminu przeciwdzia\u0142ania mobbingowi i&nbsp;molestowaniu seksualnemu w&nbsp;Uniwersytecie Przyrodniczym w&nbsp;Lublinie<\/a><\/p>\n<p><a href=\"https:\/\/up.lublin.pl\/weterynaria\/wp-content\/uploads\/sites\/3\/2021\/05\/Zal.-nr-1.-Regulamin-przeciwdzialania-mobbingowi-i-molestowaniu-seksulanemu-w-Uniwersytecie-Przyrodniczym-w-Lublinie.pdf\">Za\u0142. nr 1. Regulamin przeciwdzia\u0142ania mobbingowi i&nbsp;molestowaniu seksulanemu w&nbsp;Uniwersytecie Przyrodniczym w&nbsp;Lublinie<\/a><\/p>\n                                                <\/div>\n                                            <\/li>\n                                        <\/ul>\n\t\t\t\t\t\t                                                        <ul class=\"mn-accordion\">\n                                            <li>\n                                                <h4 class=\"mn-accordion-title\">Zarz\u0105dzenie nr 52 Rektora Uniwersytetu Przyrodniczego w&nbsp;Lublinie z&nbsp;25 maja 2021 r. w&nbsp;sprawie zasad sk\u0142adania oraz rozpatrywania skarg i&nbsp;wniosk\u00f3w wnoszonych przez student\u00f3w Uniwersytetu Przyrodniczego w&nbsp;Lublinie<\/h4>\n                                                <div>\n\t\t\t\t\t\t\t\t\t                <p><a href=\"https:\/\/up.lublin.pl\/weterynaria\/wp-content\/uploads\/sites\/3\/2021\/05\/zarzadzenie-52-2021.pdf\">Zarz\u0105dzenie nr 52 Rektora Uniwersytetu Przyrodniczego w&nbsp;Lublinie z&nbsp;25 maja 2021 r. w&nbsp;sprawie zasad sk\u0142adania oraz rozpatrywania skarg i&nbsp;wniosk\u00f3w wnoszonych przez student\u00f3w Uniwersytetu Przyrodniczego w&nbsp;Lublinie<\/a><\/p>\n                                                <\/div>\n                                            <\/li>\n                                        <\/ul>\n\t\t\t\t\t\t                                <\/div>\n\t\t\t\t                <div class=\"mn-content-block\">\n\t                                                        <div class=\"mn-cards-list\">\n                                            <div class=\"mn-card-container\">\n                                                <div>\n                                                    <img src=\"https:\/\/up.lublin.pl\/weterynaria\/wp-content\/themes\/up-lublin\/assets\/images\/doc-ico.svg\" alt=\"\" \/>\n                                                    <h5>Rozporz\u0105dzenie Ministra Nauki i&nbsp;Szkolnictwa Wy\u017cszego z&nbsp;17 lipca 2019 r. w&nbsp;sprawie standardu kszta\u0142cenia przygotowuj\u0105cego do wykonywania zawodu lekarza weterynarii <\/h5>\n                                                <\/div>\n                                                <a href=\"https:\/\/up.lublin.pl\/weterynaria\/wp-content\/uploads\/sites\/3\/2021\/05\/rozporzadzenie-w-sprawie-standardu-17.07.19.pdf\" class=\"mn-more\" target=\"_blank\">Zobacz<\/a>\n                                            <\/div>\n                                        <\/div>\n\t\t\t\t\t\t                                                        <div class=\"mn-cards-list\">\n                                            <div class=\"mn-card-container\">\n                                                <div>\n                                                    <img src=\"https:\/\/up.lublin.pl\/weterynaria\/wp-content\/themes\/up-lublin\/assets\/images\/doc-ico.svg\" alt=\"\" \/>\n                                                    <h5>Og\u00f3lna charakterystyka kierunku studi\u00f3w analityka weterynaryjna studia pierwszego stopnia<\/h5>\n                                                <\/div>\n                                                <a href=\"https:\/\/up.lublin.pl\/weterynaria\/wp-content\/uploads\/sites\/3\/2023\/03\/Zal-nr-1-I-stopien-1-charakterystyka-kierunku-I-stopien.pdf\" class=\"mn-more\" target=\"_blank\">Zobacz<\/a>\n                                            <\/div>\n                                        <\/div>\n\t\t\t\t\t\t                                                        <div class=\"mn-cards-list\">\n                                            <div class=\"mn-card-container\">\n                                                <div>\n                                                    <img src=\"https:\/\/up.lublin.pl\/weterynaria\/wp-content\/themes\/up-lublin\/assets\/images\/doc-ico.svg\" alt=\"\" \/>\n                                                    <h5>Og\u00f3lna charakterystyka kierunku studi\u00f3w analityka weterynaryjna studia drugiego stopnia<\/h5>\n                                                <\/div>\n                                                <a href=\"https:\/\/up.lublin.pl\/weterynaria\/wp-content\/uploads\/sites\/3\/2023\/03\/Zal-nr-1-1-charakterystyka-kierunku-II-stopien.pdf\" class=\"mn-more\" target=\"_blank\">Zobacz<\/a>\n                                            <\/div>\n                                        <\/div>\n\t\t\t\t\t\t                                <\/div>\n\t\t\t\t                <div class=\"mn-content-block\">\n\t                                                        <div class=\"block-text\">\n\t                                        <p>Ankieta dla student\u00f3w<\/p>\n<p><strong>Drodzy Studenci\u00a0Wydzia\u0142u Medycyny Weterynaryjnej<\/strong><\/p>\n<p><strong>prosimy o&nbsp;Wasze opinie!<\/strong><\/p>\n<p>Uwagi i&nbsp;sugestie odno\u015bnie procesu kszta\u0142cenia na naszym Wydziale mo\u017cecie przes\u0142a\u0107 ANONIMOWO wype\u0142niaj\u0105c<u><a href=\"https:\/\/forms.office.com\/Pages\/ResponsePage.aspx?id=HLKj2lICKUm8ZlqzHoIn4XC_jAeO46FLqwv4GqbIENNURFRFUkU2MThLUkJQTlNFNDdGSEhDVFpQVCQlQCN0PWcu\"> za\u0142\u0105czony arkusz<\/a><\/u>.<\/p>\n<p>Dzi\u0119kujemy Wam za po\u015bwi\u0119cony czas<\/p>\n                                        <\/div>\n\t\t\t\t\t\t                                <\/div>\n\t\t\t\t                <div class=\"mn-content-block\">\n\t                                                        <ul class=\"mn-accordion\">\n                                            <li>\n                                                <h4 class=\"mn-accordion-title\">Sekcje<\/h4>\n                                                <div>\n\t\t\t\t\t\t\t\t\t                <p>Obecnie na Wydziale Medycyny Weterynaryjnej zarejestrowane s\u0105 4 Studenckie Ko\u0142a Naukowe (SKN):<\/p>\n<ol>\n<li><strong>SKN Medyk\u00f3w Weterynaryjnych<\/strong> \u2013 <br \/>opiekun dr Agnieszka Cha\u0142abis-Mazurek<\/li>\n<\/ol>\n<p>-sekcja biochemiczna<\/p>\n<p>-sekcja bujatryczna<\/p>\n<p>-sekcja chirurgiczno-radiologiczna<\/p>\n<p>-sekcja higieny \u017cywno\u015bci<\/p>\n<p>-sekcja hipiatryczna<\/p>\n<p>-sekcja ichtiopatologiczna<\/p>\n<p>-sekcja parazytologiczna i&nbsp;chor\u00f3b zwierz\u0105t egzotycznych<\/p>\n<p>-sekcja patofizjologii<\/p>\n<p>-sekcja patomorfologii<\/p>\n<ol start=\"2\">\n<li><strong>SKN Chor\u00f3b Zwierz\u0105t \u0141ownych i&nbsp;Wolno \u017byj\u0105cych<\/strong>&#8211; opiekun dr n. wet. Zbigniew Be\u0142kot<\/li>\n<li><strong>SKN Toksykologii Weterynaryjnej<\/strong> \u2013 opiekun dr Agnieszka Cha\u0142abis-Mazurek<\/li>\n<li><a href=\"https:\/\/up.lublin.pl\/weterynaria\/wp-content\/uploads\/sites\/3\/2023\/03\/Kolo-2023-1.pdf\">SKN Analityk\u00f3w Weterynaryjnych &#8211; opiekun dr hab. Joanna Wessely-Szponder, prof. uczelni<\/a><\/li>\n<li><a href=\"https:\/\/up.lublin.pl\/weterynaria\/wp-content\/uploads\/sites\/3\/2023\/03\/Studenckie-Kolo-Naukowe-Proteomiki-i-Cytomiki-dziala-od-2022-roku.pdf\">SKN Proteomiki i&nbsp;Cytomiki &#8211; opiekun dr Dorota Pietras-O\u017cga, dr Katarzyna Michalak<\/a><\/li>\n<\/ol>\n                                                <\/div>\n                                            <\/li>\n                                        <\/ul>\n\t\t\t\t\t\t                                                        <ul class=\"mn-accordion\">\n                                            <li>\n                                                <h4 class=\"mn-accordion-title\">Zasady przyznawania dofinasowania udzia\u0142u student\u00f3w UP w&nbsp;Lublinie w&nbsp;konferencjach naukowych<\/h4>\n                                                <div>\n\t\t\t\t\t\t\t\t\t                <p><a href=\"https:\/\/up.lublin.pl\/weterynaria\/wp-content\/uploads\/sites\/3\/2021\/05\/skanowanie0009.pdf\">Zasady przyznawania dofinansowania udzia\u0142u student\u00f3w UP w&nbsp;Lublinie w&nbsp;konferencjach naukowych<\/a><\/p>\n<p><a href=\"https:\/\/up.lublin.pl\/weterynaria\/wp-content\/uploads\/sites\/3\/2021\/05\/skanowanie0010.pdf\">Za\u0142\u0105cznik nr 1 &#8211; wz\u00f3r podania o&nbsp;dofinansowanie udzia\u0142u w&nbsp;konferencji<\/a><\/p>\n<p><a href=\"https:\/\/up.lublin.pl\/weterynaria\/wp-content\/uploads\/sites\/3\/2021\/05\/skanowanie0011.pdf\">Za\u0142\u0105cznik nr 2 &#8211; podanie o&nbsp;zwrot kosztu noclegu<\/a><\/p>\n<p><a href=\"https:\/\/up.lublin.pl\/weterynaria\/wp-content\/uploads\/sites\/3\/2021\/05\/skanowanie0012.pdf\">Za\u0142\u0105cznik nr 3 &#8211; podanie o&nbsp;zwrot koszu dojazdu<\/a><\/p>\n                                                <\/div>\n                                            <\/li>\n                                        <\/ul>\n\t\t\t\t\t\t                                                        <ul class=\"mn-accordion\">\n                                            <li>\n                                                <h4 class=\"mn-accordion-title\">Aktywno\u015bci naukowe student\u00f3w Wydzia\u0142u Medycyny Weterynaryjnej<\/h4>\n                                                <div>\n\t\t\t\t\t\t\t\t\t                <p><span style=\"font-size: 16px\"><strong>Rok 2022-2023<\/strong><\/span><\/p>\n<p><span style=\"font-size: 16px\"><a href=\"https:\/\/up.lublin.pl\/weterynaria\/wp-content\/uploads\/sites\/3\/2023\/03\/Kolo-2023-1-1.pdf\">Studenckie Ko\u0142o Naukowe Analityk\u00f3w Weterynaryjnych\u00a0<\/a>\u00a0<\/span><\/p>\n<p><a href=\"https:\/\/up.lublin.pl\/blog\/profesor-miguel-vinas-z-barcelony-gosciem-seminarium-studenckiego-kola-analitykow\/\">Seminarium Studenckiego Ko\u0142a Analityk\u00f3w Weterynaryjnych<\/a><\/p>\n<p><a href=\"https:\/\/up.lublin.pl\/weterynaria\/wp-content\/uploads\/sites\/3\/2023\/03\/CERTYFIKAT-A.-PYZERSKA-1.pdf\">PDF<\/a>\u00a0 <a href=\"https:\/\/up.lublin.pl\/weterynaria\/wp-content\/uploads\/sites\/3\/2023\/03\/CERTYFIKAT-K.-PNIACZEK-1.pdf\">PDF<\/a> \u00a0 <a href=\"https:\/\/up.lublin.pl\/weterynaria\/wp-content\/uploads\/sites\/3\/2023\/03\/CERTYFIKAT-M.-KOWALCZYK-1.pdf\">PDF<\/a> \u00a0 <a href=\"https:\/\/up.lublin.pl\/weterynaria\/wp-content\/uploads\/sites\/3\/2023\/03\/CERTYFIKAT-W.-MUSZAK-1.pdf\">PDF<\/a> \u00a0 <a href=\"https:\/\/up.lublin.pl\/weterynaria\/wp-content\/uploads\/sites\/3\/2023\/03\/WYROZNIENIE-A.-KOZERA.pdf\">PDF<\/a>\u00a0 <a href=\"https:\/\/up.lublin.pl\/weterynaria\/wp-content\/uploads\/sites\/3\/2023\/03\/WYROZNIENIE-K.-KRAC.pdf\">PDF<\/a><\/p>\n<p><a href=\"https:\/\/up.lublin.pl\/weterynaria\/wp-content\/uploads\/sites\/3\/2023\/03\/Studenckie-Kolo-Naukowe-Proteomiki-i-Cytomiki-dziala-od-2022-roku-1.pdf\"><span style=\"font-size: 16px\">Studenckie Ko\u0142o Naukowe Proteomiki i&nbsp;Cytomiki<\/span><\/a><\/p>\n<div><span style=\"font-family: arial, sans-serif\">Konferencja\u00a0<span class=\"mcntmcntgmail-SpellingError mcntmcntgmail-SCXW254989659 mcntmcntgmail-BCX0\">Polish<\/span> <span class=\"mcntmcntgmail-SpellingError mcntmcntgmail-SCXW254989659 mcntmcntgmail-BCX0\">Scientific<\/span><span class=\"mcntmcntgmail-NormalTextRun mcntmcntgmail-SCXW254989659 mcntmcntgmail-BCX0\"> Conference NATURE 2022 (21.05.2022 r.):<\/span><\/span><\/div>\n<div><span style=\"font-family: arial, sans-serif\"><span class=\"mcntmcntgmail-NormalTextRun mcntmcntgmail-SCXW254989659 mcntmcntgmail-BCX0\">1. <\/span><span class=\"mcntmcntgmail-NormalTextRun mcntmcntgmail-SCXW254989659 mcntmcntgmail-BCX0\">W\u0142a\u015bciwo\u015bci fagocytarne hemocyt\u00f3w \u015blimak\u00f3w gatunku <\/span><i><span class=\"mcntmcntgmail-SpellingError mcntmcntgmail-SCXW254989659 mcntmcntgmail-BCX0\">Cornu<\/span> <span class=\"mcntmcntgmail-SpellingError mcntmcntgmail-SCXW254989659 mcntmcntgmail-BCX0\">Aspersum<\/span><\/i><span class=\"mcntmcntgmail-NormalTextRun mcntmcntgmail-SCXW254989659 mcntmcntgmail-BCX0\"><i> Maxima<\/i> w&nbsp;stosunku do wybranych materia\u0142\u00f3w &#8211; poster, autorzy z&nbsp;kierunku analityka: Wiktoria Czupryna, Karina Skrzypo\u0144, Maciej Olesiewicz + nagroda publiczno\u015bci za zaj\u0119cie III miejsca<\/span><\/span><\/div>\n<div><span style=\"font-family: arial, sans-serif\"><span class=\"mcntmcntgmail-NormalTextRun mcntmcntgmail-SCXW254989659 mcntmcntgmail-BCX0\">2. <\/span><span class=\"mcntmcntgmail-SpellingError mcntmcntgmail-SCXW1769650 mcntmcntgmail-BCX0\">W<\/span><span class=\"mcntmcntgmail-SpellingError mcntmcntgmail-SCXW1769650 mcntmcntgmail-BCX0\">\u0142a\u015bciwo\u015bci<\/span><span class=\"mcntmcntgmail-NormalTextRun mcntmcntgmail-SCXW1769650 mcntmcntgmail-BCX0\"> antyoksydacyjne oraz sk\u0142ad peptydowo &#8211; bia\u0142kowy hemolimfy \u015blimak\u00f3w <\/span><i><span class=\"mcntmcntgmail-SpellingError mcntmcntgmail-SCXW1769650 mcntmcntgmail-BCX0\">Cornu<\/span> <span class=\"mcntmcntgmail-SpellingError mcntmcntgmail-SCXW1769650 mcntmcntgmail-BCX0\">Aspersum<\/span><\/i><span class=\"mcntmcntgmail-NormalTextRun mcntmcntgmail-SCXW1769650 mcntmcntgmail-BCX0\"><i> Maxima<\/i> &#8211; referat, autorzy z&nbsp;kierunku analityka weterynaryjna: <\/span>Wiktoria Czupryna, Karina Skrzypo\u0144, Maciej Olesiewicz<\/span><\/div>\n<div><span style=\"font-family: arial, sans-serif\">\u00a0<\/span><\/div>\n<div><span style=\"font-family: arial, sans-serif\"><span class=\"mcntmcntgmail-NormalTextRun mcntmcntgmail-SCXW160863115 mcntmcntgmail-BCX0\">Og\u00f3lnopolsk<\/span><span class=\"mcntmcntgmail-NormalTextRun mcntmcntgmail-SCXW160863115 mcntmcntgmail-BCX0\">a<\/span><span class=\"mcntmcntgmail-NormalTextRun mcntmcntgmail-SCXW160863115 mcntmcntgmail-BCX0\"> Konferencj<\/span><span class=\"mcntmcntgmail-NormalTextRun mcntmcntgmail-SCXW160863115 mcntmcntgmail-BCX0\">a<\/span><span class=\"mcntmcntgmail-NormalTextRun mcntmcntgmail-SCXW160863115 mcntmcntgmail-BCX0\"> Naukow<\/span><span class=\"mcntmcntgmail-NormalTextRun mcntmcntgmail-SCXW160863115 mcntmcntgmail-BCX0\">a<\/span><span id=\"ext-gen1431\" class=\"mcntmcntgmail-NormalTextRun mcntmcntgmail-SCXW160863115 mcntmcntgmail-BCX0\"> &#8220;Nauka Okiem M\u0142odego Naukowca&#8221; VI edycja (04.06.2022 r.): <\/span><\/span><\/div>\n<div><span style=\"font-family: arial, sans-serif\"><span class=\"mcntmcntgmail-SpellingError mcntmcntgmail-SCXW160863115 mcntmcntgmail-BCX0\">1. Antioxidant<\/span> <span class=\"mcntmcntgmail-SpellingError mcntmcntgmail-SCXW160863115 mcntmcntgmail-BCX0\">properties<\/span><span class=\"mcntmcntgmail-NormalTextRun mcntmcntgmail-SCXW160863115 mcntmcntgmail-BCX0\"> of protein <\/span><span class=\"mcntmcntgmail-SpellingError mcntmcntgmail-SCXW160863115 mcntmcntgmail-BCX0\">extract<\/span><span class=\"mcntmcntgmail-NormalTextRun mcntmcntgmail-SCXW160863115 mcntmcntgmail-BCX0\"> and protein <\/span><span class=\"mcntmcntgmail-SpellingError mcntmcntgmail-SCXW160863115 mcntmcntgmail-BCX0\">hydrolysates<\/span> <span class=\"mcntmcntgmail-SpellingError mcntmcntgmail-SCXW160863115 mcntmcntgmail-BCX0\">obtained<\/span><span class=\"mcntmcntgmail-NormalTextRun mcntmcntgmail-SCXW160863115 mcntmcntgmail-BCX0\"> from <\/span><span class=\"mcntmcntgmail-SpellingError mcntmcntgmail-SCXW160863115 mcntmcntgmail-BCX0\">hemp<\/span> <span class=\"mcntmcntgmail-SpellingError mcntmcntgmail-SCXW160863115 mcntmcntgmail-BCX0\">press<\/span> <span class=\"mcntmcntgmail-SpellingError mcntmcntgmail-SCXW160863115 mcntmcntgmail-BCX0\">c<\/span><span class=\"mcntmcntgmail-SpellingError mcntmcntgmail-SCXW160863115 mcntmcntgmail-BCX0\">ake &#8211; poster, <\/span><span class=\"mcntmcntgmail-NormalTextRun mcntmcntgmail-SCXW1769650 mcntmcntgmail-BCX0\">autorzy z&nbsp;kierunku analityka weterynaryjna: <\/span>Wiktoria Czupryna, Karina Skrzypo\u0144, Maciej Olesiewicz<\/span><\/div>\n<div><span style=\"font-family: arial, sans-serif\">2. <span class=\"mcntmcntgmail-NormalTextRun mcntmcntgmail-SCXW19697076 mcntmcntgmail-BCX0\">O<\/span><span class=\"mcntmcntgmail-NormalTextRun mcntmcntgmail-SCXW19697076 mcntmcntgmail-BCX0\">trzymywanie<\/span> <span class=\"mcntmcntgmail-NormalTextRun mcntmcntgmail-SCXW19697076 mcntmcntgmail-BCX0\">ekstrakt\u00f3w bia\u0142kowych<\/span> <span class=\"mcntmcntgmail-NormalTextRun mcntmcntgmail-SCXW19697076 mcntmcntgmail-BCX0\">z wyt\u0142ok\u00f3w konopnych<\/span> <span class=\"mcntmcntgmail-NormalTextRun mcntmcntgmail-SCXW19697076 mcntmcntgmail-BCX0\">stosowanych w<\/span> <span class=\"mcntmcntgmail-SpellingError mcntmcntgmail-SCXW19697076 mcntmcntgmail-BCX0\">przemy\u015ble<\/span><span class=\"mcntmcntgmail-NormalTextRun mcntmcntgmail-SCXW19697076 mcntmcntgmail-BCX0\"> paszowym<\/span> <span class=\"mcntmcntgmail-NormalTextRun mcntmcntgmail-SCXW19697076 mcntmcntgmail-BCX0\">oraz ich hydroliza enzymatyczna &#8211; referat, <\/span><span class=\"mcntmcntgmail-NormalTextRun mcntmcntgmail-SCXW1769650 mcntmcntgmail-BCX0\">autorzy z&nbsp;kierunku analityka weterynaryjna: <\/span>Wiktoria Czupryna, Karina Skrzypo\u0144, Maciej Olesiewicz<\/span><\/div>\n<div><span style=\"font-family: arial, sans-serif\">3. <span class=\"mcntmcntgmail-NormalTextRun mcntmcntgmail-SCXW95811635 mcntmcntgmail-BCX0\">S<\/span><span class=\"mcntmcntgmail-NormalTextRun mcntmcntgmail-SCXW95811635 mcntmcntgmail-BCX0\">erwatka<\/span><span class=\"mcntmcntgmail-NormalTextRun mcntmcntgmail-SCXW95811635 mcntmcntgmail-BCX0\"> &#8211; <\/span><span class=\"mcntmcntgmail-NormalTextRun mcntmcntgmail-SCXW95811635 mcntmcntgmail-BCX0\">warto\u015bciowy produkt uboczny<\/span> <span class=\"mcntmcntgmail-NormalTextRun mcntmcntgmail-SCXW95811635 mcntmcntgmail-BCX0\">przemys\u0142u mleczarskiego &#8211; referat, <\/span><span class=\"mcntmcntgmail-NormalTextRun mcntmcntgmail-SCXW1769650 mcntmcntgmail-BCX0\">autorzy z&nbsp;kierunku analityka weterynaryjna: <\/span>Wiktoria Czupryna, Karina Skrzypo\u0144, Maciej Olesiewicz<\/span><\/div>\n<p><a href=\"https:\/\/up.lublin.pl\/weterynaria\/wp-content\/uploads\/sites\/3\/2023\/03\/286668353_115441074515754_1565061763954367196_n-1.pdf\">PDF<\/a> \u00a0 <a href=\"https:\/\/up.lublin.pl\/weterynaria\/wp-content\/uploads\/sites\/3\/2023\/03\/I.12.-Wlasciwosci-fagocytarne-hemocytow-slimakow-gatunku-cornu-aspersum-maxima-w-stosunku-do-wybranych-materialow_Czupryna-Wiktoria.pdf\">PDF<\/a> \u00a0 <a href=\"https:\/\/up.lublin.pl\/weterynaria\/wp-content\/uploads\/sites\/3\/2023\/03\/III_W_Czupryna-2-1.pdf\">PDF<\/a> \u00a0 <a href=\"https:\/\/up.lublin.pl\/weterynaria\/wp-content\/uploads\/sites\/3\/2023\/03\/K.SKRZYPON-1-1.pdf\">PDF<\/a> \u00a0 <a href=\"https:\/\/up.lublin.pl\/weterynaria\/wp-content\/uploads\/sites\/3\/2023\/03\/Karina-Skrzypon-1.pdf\">PDF<\/a> \u00a0 <a href=\"https:\/\/up.lublin.pl\/weterynaria\/wp-content\/uploads\/sites\/3\/2023\/03\/M.OLESIEWICZ-1.pdf\">PDF<\/a> \u00a0 <a href=\"https:\/\/up.lublin.pl\/weterynaria\/wp-content\/uploads\/sites\/3\/2023\/03\/W.CZUPRYNA-2.pdf\">PDF<\/a> \u00a0 <a href=\"https:\/\/up.lublin.pl\/weterynaria\/wp-content\/uploads\/sites\/3\/2023\/03\/Wiktoria-Czupryna-2.pdf\">PDF<\/a><\/p>\n<p><a href=\"https:\/\/up.lublin.pl\/weterynaria\/wp-content\/uploads\/sites\/3\/2023\/04\/KONFERENCJA-1-1.pdf\">Publikacje<\/a>\u00a0 <a href=\"https:\/\/up.lublin.pl\/weterynaria\/wp-content\/uploads\/sites\/3\/2023\/04\/Wybrane-zagadnienia-produkcji-zwierzecej-t.-3-2022.pdf\">Publikacje<\/a> <a href=\"https:\/\/up.lublin.pl\/weterynaria\/wp-content\/uploads\/sites\/3\/2023\/04\/Wybrane-zagadnienia-z-zakresu-z-ochrony-i-zagrozen-srodowiska-t.-2-2022.pdf\">Publikacje<\/a><\/p>\n<p>\u00a0<\/p>\n<p><span style=\"font-size: 16px\"><strong>Rok 2020-2021<\/strong><\/span><\/p>\n<p><a href=\"https:\/\/up.lublin.pl\/weterynaria\/wp-content\/uploads\/sites\/3\/2023\/04\/Wybrane-zagadnienia-produkcji-zwierzecej-tom-2-2021-skompresowany.pdf\">Publikacje<\/a>\u00a0 <a href=\"https:\/\/up.lublin.pl\/weterynaria\/wp-content\/uploads\/sites\/3\/2023\/04\/Wybrane-zagadmnienia-produkcji-zwierzecej-2020.pdf\">Publikacje<\/a><\/p>\n<p>\u00a0<\/p>\n<p><strong>Rok 2019<\/strong><\/p>\n<p><a href=\"https:\/\/up.lublin.pl\/weterynaria\/wp-content\/uploads\/sites\/3\/2021\/05\/PDF-1.pdf\">PDF<\/a> <a href=\"https:\/\/up.lublin.pl\/weterynaria\/wp-content\/uploads\/sites\/3\/2021\/05\/PDF-2.pdf\">PDF<\/a> <a href=\"https:\/\/up.lublin.pl\/weterynaria\/wp-content\/uploads\/sites\/3\/2021\/05\/PDF-3.pdf\">PDF<\/a> <a href=\"https:\/\/up.lublin.pl\/weterynaria\/wp-content\/uploads\/sites\/3\/2021\/05\/PDF-4.pdf\">PDF<\/a> <a href=\"https:\/\/up.lublin.pl\/weterynaria\/wp-content\/uploads\/sites\/3\/2021\/05\/PDF-5.pdf\">PDF<\/a> <a href=\"https:\/\/up.lublin.pl\/weterynaria\/wp-content\/uploads\/sites\/3\/2021\/05\/PDF-6.pdf\">PDF<\/a> <a href=\"https:\/\/up.lublin.pl\/weterynaria\/wp-content\/uploads\/sites\/3\/2021\/05\/PDF-7.pdf\">PDF<\/a> <a href=\"https:\/\/up.lublin.pl\/weterynaria\/wp-content\/uploads\/sites\/3\/2021\/05\/PDF-8.pdf\">PDF<\/a> <a href=\"https:\/\/up.lublin.pl\/weterynaria\/wp-content\/uploads\/sites\/3\/2021\/05\/PDF-9.pdf\">PDF<\/a> <a href=\"https:\/\/up.lublin.pl\/weterynaria\/wp-content\/uploads\/sites\/3\/2021\/05\/PDF-10.pdf\">PDF<\/a><\/p>\n<p><a href=\"https:\/\/up.lublin.pl\/weterynaria\/wp-content\/uploads\/sites\/3\/2021\/05\/PDF-11.pdf\">PDF<\/a> <a href=\"https:\/\/up.lublin.pl\/weterynaria\/wp-content\/uploads\/sites\/3\/2021\/05\/PDF-12.pdf\">PDF<\/a><\/p>\n<p><strong>Rok 2018<\/strong><\/p>\n<p><a href=\"https:\/\/up.lublin.pl\/weterynaria\/wp-content\/uploads\/sites\/3\/2021\/05\/PDF-1-1.pdf\">PDF<\/a> <a href=\"https:\/\/up.lublin.pl\/weterynaria\/wp-content\/uploads\/sites\/3\/2021\/05\/PDF-2-1.pdf\">PDF<\/a> <a href=\"https:\/\/up.lublin.pl\/weterynaria\/wp-content\/uploads\/sites\/3\/2021\/05\/PDF-3-1.pdf\">PDF<\/a> <a href=\"https:\/\/up.lublin.pl\/weterynaria\/wp-content\/uploads\/sites\/3\/2021\/05\/PDF-4-1.pdf\">PDF<\/a> <a href=\"https:\/\/up.lublin.pl\/weterynaria\/wp-content\/uploads\/sites\/3\/2021\/05\/PDF-5-1.pdf\">PDF<\/a><\/p>\n<p><a href=\"https:\/\/up.lublin.pl\/weterynaria\/wp-content\/uploads\/sites\/3\/2021\/05\/PDF-6-2.pdf\">PDF<\/a> <a href=\"https:\/\/up.lublin.pl\/weterynaria\/wp-content\/uploads\/sites\/3\/2021\/05\/PDF-7-1.pdf\">PDF<\/a> <a href=\"https:\/\/up.lublin.pl\/weterynaria\/wp-content\/uploads\/sites\/3\/2021\/05\/PDF-8-1.pdf\">PDF<\/a> <a href=\"https:\/\/up.lublin.pl\/weterynaria\/wp-content\/uploads\/sites\/3\/2021\/05\/PDF-9-1.pdf\">PDF<\/a> <a href=\"https:\/\/up.lublin.pl\/weterynaria\/wp-content\/uploads\/sites\/3\/2021\/05\/PDF-10-1.pdf\">PDF<\/a><\/p>\n<p><a href=\"https:\/\/up.lublin.pl\/weterynaria\/wp-content\/uploads\/sites\/3\/2021\/05\/PDF-11-1.pdf\">PDF<\/a> <a href=\"https:\/\/up.lublin.pl\/weterynaria\/wp-content\/uploads\/sites\/3\/2021\/05\/PDF-12-1.pdf\">PDF<\/a> <a href=\"https:\/\/up.lublin.pl\/weterynaria\/wp-content\/uploads\/sites\/3\/2021\/05\/PDF-13.pdf\">PDF<\/a> <a href=\"https:\/\/up.lublin.pl\/weterynaria\/wp-content\/uploads\/sites\/3\/2021\/05\/PDF-14.pdf\">PDF<\/a><\/p>\n<p><strong>Rok 2017<\/strong><\/p>\n<p><a href=\"https:\/\/up.lublin.pl\/weterynaria\/wp-content\/uploads\/sites\/3\/2021\/05\/PDF-1-3.pdf\">PDF<\/a> <a href=\"https:\/\/up.lublin.pl\/weterynaria\/wp-content\/uploads\/sites\/3\/2021\/05\/PDF-2-3.pdf\">PDF<\/a> <a href=\"https:\/\/up.lublin.pl\/weterynaria\/wp-content\/uploads\/sites\/3\/2021\/05\/PDF-3-3.pdf\">PDF<\/a> <a href=\"https:\/\/up.lublin.pl\/weterynaria\/wp-content\/uploads\/sites\/3\/2021\/05\/PDF-4-3.pdf\">PDF<\/a> <a href=\"https:\/\/up.lublin.pl\/weterynaria\/wp-content\/uploads\/sites\/3\/2021\/05\/PDF-5-3.pdf\">PDF<\/a><\/p>\n<p><a href=\"https:\/\/up.lublin.pl\/weterynaria\/wp-content\/uploads\/sites\/3\/2021\/05\/PDF-6-3.pdf\">PDF<\/a> <a href=\"https:\/\/up.lublin.pl\/weterynaria\/wp-content\/uploads\/sites\/3\/2021\/05\/PDF-7-2.pdf\">PDF<\/a> <a href=\"https:\/\/up.lublin.pl\/weterynaria\/wp-content\/uploads\/sites\/3\/2021\/05\/PDF-8-2.pdf\">PDF<\/a> <a href=\"https:\/\/up.lublin.pl\/weterynaria\/wp-content\/uploads\/sites\/3\/2021\/05\/PDF-9-2.pdf\">PDF<\/a> <a href=\"https:\/\/up.lublin.pl\/weterynaria\/wp-content\/uploads\/sites\/3\/2021\/05\/PDF-10-2.pdf\">PDF<\/a><\/p>\n<p><a href=\"https:\/\/up.lublin.pl\/weterynaria\/wp-content\/uploads\/sites\/3\/2021\/05\/PDF-11-2.pdf\">PDF<\/a> <a href=\"https:\/\/up.lublin.pl\/weterynaria\/wp-content\/uploads\/sites\/3\/2021\/05\/PDF-12-2.pdf\">PDF<\/a><\/p>\n<p><strong>Rok 2016<\/strong><\/p>\n<p><a href=\"https:\/\/up.lublin.pl\/weterynaria\/wp-content\/uploads\/sites\/3\/2021\/05\/PDF.pdf\">PDF<\/a> <a href=\"https:\/\/up.lublin.pl\/weterynaria\/wp-content\/uploads\/sites\/3\/2021\/05\/PDF-2-4.pdf\">PDF<\/a> <a href=\"https:\/\/up.lublin.pl\/weterynaria\/wp-content\/uploads\/sites\/3\/2021\/05\/PDF-3-4.pdf\">PDF<\/a><\/p>\n<p>SKN Chor\u00f3b Zwierz\u0105t \u0141ownych i&nbsp;Wolno \u017byj\u0105cych<\/p>\n<p><a href=\"https:\/\/up.lublin.pl\/weterynaria\/wp-content\/uploads\/sites\/3\/2021\/05\/Wojtas-et-al..pdf\">Dyplom<\/a> <a href=\"https:\/\/up.lublin.pl\/weterynaria\/wp-content\/uploads\/sites\/3\/2021\/05\/Martin-Belkot.pdf\">Dyplom<\/a> <a href=\"https:\/\/up.lublin.pl\/weterynaria\/wp-content\/uploads\/sites\/3\/2021\/05\/3.pdf\">Dyplom<\/a><\/p>\n<p>Sekcja Parazytologii i&nbsp;Chor\u00f3b Zwierz\u0105t Egzotycznych<\/p>\n<p><a href=\"https:\/\/up.lublin.pl\/weterynaria\/wp-content\/uploads\/sites\/3\/2021\/05\/dok1.pdf\">Dyplom<\/a> <a href=\"https:\/\/up.lublin.pl\/weterynaria\/wp-content\/uploads\/sites\/3\/2021\/05\/dok2.pdf\">Dyplom<\/a> <a href=\"https:\/\/up.lublin.pl\/weterynaria\/wp-content\/uploads\/sites\/3\/2021\/05\/dok3.pdf\">Dyplom<\/a> <a href=\"https:\/\/up.lublin.pl\/weterynaria\/wp-content\/uploads\/sites\/3\/2021\/05\/dok4.pdf\">Dyplom<\/a><\/p>\n<p><a href=\"https:\/\/up.lublin.pl\/weterynaria\/wp-content\/uploads\/sites\/3\/2021\/05\/dyplom_1.pdf\">Dyplom<\/a> <a href=\"https:\/\/up.lublin.pl\/weterynaria\/wp-content\/uploads\/sites\/3\/2021\/05\/dyplom_2.pdf\">Dyplom<\/a><\/p>\n<p>Sekcja Chor\u00f3b Gryzoni<\/p>\n<p><a href=\"https:\/\/up.lublin.pl\/weterynaria\/wp-content\/uploads\/sites\/3\/2021\/05\/monografia_grudzien-1.pdf\">Publikacja<\/a> <a href=\"https:\/\/up.lublin.pl\/weterynaria\/wp-content\/uploads\/sites\/3\/2021\/05\/timonografia-1.pdf\">Publikacja<\/a> <a href=\"https:\/\/up.lublin.pl\/weterynaria\/wp-content\/uploads\/sites\/3\/2021\/05\/d2.pdf\">Publikacja<\/a> <a href=\"https:\/\/up.lublin.pl\/weterynaria\/wp-content\/uploads\/sites\/3\/2021\/05\/d3.pdf\">Publikacja<\/a><\/p>\n<p><a href=\"https:\/\/up.lublin.pl\/weterynaria\/wp-content\/uploads\/sites\/3\/2021\/05\/d4.pdf\">Publikacja<\/a> <a href=\"https:\/\/up.lublin.pl\/weterynaria\/wp-content\/uploads\/sites\/3\/2021\/05\/d5.pdf\">Publikacja<\/a> <a href=\"https:\/\/up.lublin.pl\/weterynaria\/wp-content\/uploads\/sites\/3\/2021\/05\/brodawmonografia.pdf\">Publikacja<\/a> <a href=\"https:\/\/up.lublin.pl\/weterynaria\/wp-content\/uploads\/sites\/3\/2021\/05\/konferencje_sekcja_male_ssaki.pdf\">Publikacja<\/a><\/p>\n<p><a href=\"https:\/\/up.lublin.pl\/weterynaria\/wp-content\/uploads\/sites\/3\/2021\/05\/sprawozdanie.docx\">Sprawozdanie z&nbsp;dzia\u0142alno\u015bci<\/a><\/p>\n<p>\u00a0<\/p>\n<p>\u00a0<\/p>\n                                                <\/div>\n                                            <\/li>\n                                        <\/ul>\n\t\t\t\t\t\t                                <\/div>\n\t\t\t\t                <div class=\"mn-content-block\">\n\t                                                        <ul class=\"mn-accordion\">\n                                            <li>\n                                                <h4 class=\"mn-accordion-title\">Teaching during the COVID-19 pandemic<\/h4>\n                                                <div>\n\t\t\t\t\t\t\t\t\t                <p>Due to the epidemiological situation, the Rector of University of Life Sciences in Lublin (ULS) introduced measures to prevent the spread of the COVID-19 virus among the community of ULS. The Rector defined the general principles of the functioning of universities, libraries, dormitories, culture and sports center and the applicable rules of biosecurity <sup>1, 2 <\/sup>.<\/p>\n<p>From October 1, it was possible to conduct practical classes in compliance with the principles of biosecurity.<\/p>\n<p>Unfortunately, due to the worsening epidemic situation in the country and at ULS related to COVID-19, in accordance with the decision of the Rector of ULS from October 15, all didactic activities at the ULS at full-time and part-time studies, postgraduate studies, training courses, and doctoral studies were conducted using distance learning methods and techniques from 17 October<sup>3<\/sup>. Moreover, on October 17, the Ministry of Science and Higher Education (MSHE) issued a&nbsp;regulation on the suspension of teaching at universities in Poland<sup>4<\/sup>. According to this regulation in red zones the classes could be carried out with the use of distance learning methods and techniques, regardless of whether it was provided in the curriculum of education. According to MSHE regulation only the last year classes that cannot be carried out with the use of distance learning methods and techniques could be held in the university buildings. Pursuant to the regulation, the Rector decided on how to conduct education. In connection with the above, the Rector of ULS extended the on-line teaching at the ULS until further notice<sup>5<\/sup>. At the request of the Faculty authorities, the Rector consented to the implementation of clinical rotations by 6<sup>th<\/sup>-year students. Clinical rotations were conducted from November 9 to the end of the winter semester in accordance with the principles of biosecurity.<\/p>\n<p>On December 4, on the website of MSHE, the updated recommendations were published: &#8220;Environmental guidelines for the activities of universities in the academic year 2020\/2021 in connection with the state of the epidemic in Poland&#8221;. According to these recommendation from December 14, 2020 until the end of the winter semester 2020\/2021 implementation of selected practical classes in the traditional mode in the university buildings, i.e. exercises related to access to laboratory infrastructure, clinical internships and research related to the preparation of diploma theses were possible. On the basis of these guidelines, the Rector of ULS issued an ordinance on conducting classes from December 14 until the end of the semester<sup>6<\/sup>.<\/p>\n<p>In accordance with the MHSE guidelines on partial restoration of the university&#8217;s activities and the ordinance of Rector, the Dean of FVM, after consulting the persons responsible for the modules, asked the Rector for consent to carry out some of the teaching hours in the university&#8217;s facilities. In the opinion of the faculty authorities and persons responsible for the modules, conducting laboratory and clinical classes was necessary for students to obtain practical skills within some subjects. The persons responsible for particular modules proposed the implementation of teaching hours within 2 modules at 1<sup>st<\/sup> year (animal anatomy, chemistry), 4 at 2<sup>nd<\/sup> year (animal anatomy, animal physiology, biochemistry, animal nutrition), 4 at 3<sup>th<\/sup> year (clinical and laboratory diagnostic, pathophysiology, microbiology, pharmacy), 7 at 4<sup>th<\/sup> year (pathomorphology, diagnostic imaging, toxicology, internal and infectious disease of horses, milk hygiene, hygiene of slaughter animals and meat), and 7 and 5<sup>th<\/sup> year (internal diseases of dog and cats, surgery of dog and cats, reproduction and surgery of farm animals, birds diseases,\u00a0\u00a0 food hygiene of animal origin, andrology, veterinary prevention) . The dean of the FVM posted the implementation timetable selected didactic classes in the traditional form on the faculty website. Practical classes, were conducted in the period from December 14 to January 29. Students of individual years had several days of classes. At the same time, classes at the Faculty&#8217;s facilities were carried out by students from 2 courses, e.g. 1<sup>st<\/sup> and 5<sup>th<\/sup> year. 1<sup>st<\/sup> year students had classes in the <em>Collegium Veterinarium<\/em> building while 5<sup>th<\/sup> year students in the clinic buildings. Such organization of classes was aimed at minimizing the contact between students of different courses and limiting the number of students in individual buildings. Practical classes were conducted in groups of 14-17 persons, while clinical rotation in groups of 2-3 persons.<\/p>\n<p>The Faculty authorities have developed the rules for the organization of classes:<\/p>\n<ol>\n<li>Recommendations for students in connection with class attendance<\/li>\n<li>Guidelines for heads of units and teachers regarding the implementation of didactic activities<\/li>\n<li>Student qualification questionnaires<\/li>\n<li>Employee qualification surveys<\/li>\n<li>Record of participation in classes<\/li>\n<li>Description of the procedure in case of suspected infection of an employee or student<\/li>\n<li>Timetable of classes with an indication of the place where they are held.<\/li>\n<\/ol>\n<p>The above instructions were posted on the website of Faculty.<\/p>\n<p>Moreover, the authorities of the Establishment were obliged to indicate a&nbsp;room in each building where classes will be held, to which the person who will develop disturbing symptoms will be directed. These rooms were properly marked and equipped with disinfectants and personal protective equipment.<\/p>\n<p>While organizing classes, the appropriate number of participants was taken into account, allowing for a&nbsp;distance of 1,5 m&nbsp;in the rooms, airing the rooms at least every hour during classes, providing students with disinfecting fluids and disposable gloves, disinfecting all touch surfaces in the classrooms between classes and in common parts of buildings (door handles, handrails, etc.), preventing accumulation by prohibiting sitting on shared benches in educational buildings. All employees (including support staff) and participating students were required to measure the temperature before the class and cover their mouth and nose.<\/p>\n<p>Pursuant to the Rector&#8217;s ordinance, it was possible to conduct credits\/examinations remotely &#8211; in the form of videoconferences or via the remote learning platform. The academic teacher responsible for the subject made the decision on the choice of form, organization and verification date, and the method of student identification. At the request of the persons responsible for the subjects, the Dean established a&nbsp;list of credits and exams that are not subject to remote verification. The decision was made after the person responsible for the subject presented the schedule of the exam and the principles of biosecurity<strong>.<\/strong><\/p>\n<p>For the duration of the classes, the dormitories were properly prepared to admit students (with social distancing and biosecurity principles).<\/p>\n<p>The Rector issued relevant decisions regulating the payment for accommodation in student dormitories due to the epidemiological situation related to the SARS-CoV-2 virus <sup>7, 8<\/sup>.<\/p>\n<p>In the summer semester 2021\/21, the rules for didactic activity will be the same as in the winter semester<sup>9<\/sup>. After consultations with persons responsible for modules FVM authorities will prepare a&nbsp;timetable of teaching activities conducted on site and remotely for individual courses.<\/p>\n<p>1 Ordinance No. of the 82 of Rector of the University of Life Sciences in Lublin of September 1, 2020 on the organization of didactic classes at the University of Life Sciences in Lublin in the academic year 2020\/2021 <a href=\"http:\/\/bip.up.lublin.pl\/files\/biurorektora\/2020\/082\/082.pdf\">http:\/\/bip.up.lublin.pl\/files\/biurorektora\/2020\/082\/082.pdf<\/a><\/p>\n<p>2 Ordinance No. 107 of the Rector of the University of Life Sciences in Lublin of October 1, 2020 on the functioning of the University of Life Sciences in Lublin in a&nbsp;state of epidemic COVID-19 <a href=\"http:\/\/bip.up.lublin.pl\/files\/biurorektora\/2020\/107\/107.pdf\">http:\/\/bip.up.lublin.pl\/files\/biurorektora\/2020\/107\/107.pdf<\/a><\/p>\n<p>3 Ordinance No. 115 of the Rector of the University of Life Sciences in Lublin of October 17, 2020 on remote teaching at the University of Life Sciences in Lublin <a href=\"https:\/\/bip.up.lublin.pl\/files\/biurorektora\/2020\/115\/115.pdf\">https:\/\/bip.up.lublin.pl\/files\/biurorektora\/2020\/115\/115.pdf<\/a> <a href=\"http:\/\/bip.up.lublin.pl\/files\/biurorektora\/2020\/115\/115.pdf\">http:\/\/bip.up.lublin.pl\/files\/biurorektora\/2020\/115\/115.pdf<\/a><\/p>\n<p>4 Regulation of the MSHE of October 16, 2020 on the temporary limitation of the functioning of certain entities of the higher education and science system in connection with the prevention, counteraction and combating COVID-19 (<a href=\"https:\/\/isap.sejm.gov.pl\/isap.nsf\/download.xsp\/WDU20200001835\/O\/D20201835.pdf\">https:\/\/isap.sejm.gov.pl\/isap.nsf\/download.xsp\/WDU20200001835\/O\/D20201835.pdf<\/a>)<\/p>\n<p>5 Ordinance No. 120 of the Rector of the University of Life Sciences in Lublin of October 28, 2020 on (<a href=\"https:\/\/www.up.lublin.pl\/studenci\/?page=16&amp;form=default&amp;rid=21553\">https:\/\/www.up.lublin.pl\/studenci\/?page=16&amp;form=default&amp;rid=21553<\/a> on the extension of remote teaching at the University of Life Sciences in Lublin until further notice<\/p>\n<p>6 Ordinance No. 139 of Rector of the University of Life Sciences in Lublin of December 8, 2020 on conducting selected didactic classes in the traditional form in buildings of the University of Life Sciences in Lublin in the winter semester 2020\/2021, <a href=\"http:\/\/bip.up.lublin.pl\/files\/biurorektora\/2020\/139\/139.pdf\">http:\/\/bip.up.lublin.pl\/files\/biurorektora\/2020\/139\/139.pdf<\/a><\/p>\n<p>7 Ordinance No. 124 of the Rector of the University of Life Sciences in Lublin of November 6, 2020 on the amount of the fee for a&nbsp;place in the student dormitory of the University of Life Sciences in Lublin, paid by students in November 2020 <a href=\"http:\/\/bip.up.lublin.pl\/files\/biurorektora\/2020\/124\/124.pdf\">http:\/\/bip.up.lublin.pl\/files\/biurorektora\/2020\/124\/124.pdf<\/a><\/p>\n<p>8 Ordinance No. 136 of the Rector of the University of Life Sciences in Lublin of November 30, 2020 on the amount of the fee for a&nbsp;place in a&nbsp;student house of the University of Life Sciences in Lublin, paid by students in December 2020 <a href=\"http:\/\/bip.up.lublin.pl\/files\/biurorektora\/2020\/136\/136.pdf\">http:\/\/bip.up.lublin.pl\/files\/biurorektora\/2020\/136\/136.pdf<\/a><\/p>\n<p>9 Ordinance No. 18 of the Rector of the University of Life Sciences in Lublin of February 10, 2021 on the implementation of didactic classes at the University of Life Sciences in Lublin in the summer semester in the academic year 2020\/2021 <a href=\"http:\/\/bip.up.lublin.pl\/files\/biurorektora\/2021\/018\/18.pdf\">http:\/\/bip.up.lublin.pl\/files\/biurorektora\/2021\/018\/18.pdf<\/a><\/p>\n                                                <\/div>\n                                            <\/li>\n                                        <\/ul>\n\t\t\t\t\t\t                                                        <ul class=\"mn-accordion\">\n                                            <li>\n                                                <h4 class=\"mn-accordion-title\">Zarz\u0105dzenia Rektora w&nbsp;sprawie organizacji zaj\u0119\u0107 w&nbsp;roku akademickim 2020-2021<\/h4>\n                                                <div>\n\t\t\t\t\t\t\t\t\t                <p><a href=\"https:\/\/up.lublin.pl\/weterynaria\/wp-content\/uploads\/sites\/3\/2021\/05\/zarzadzenie_18.pdf\">ZARZ\u0104DZENIE nr 18 Rektora Uniwersytetu Przyrodniczego w&nbsp;Lublinie z&nbsp;dnia 10 lutego 2021 r. w&nbsp;sprawie realizacji zaj\u0119\u0107 dydaktycznych w&nbsp;Uniwersytecie Przyrodniczym w&nbsp;Lublinie w&nbsp;semestrze letnim w&nbsp;roku akademickim 2020\/2021<\/a><\/p>\n<p><a href=\"https:\/\/up.lublin.pl\/weterynaria\/wp-content\/uploads\/sites\/3\/2021\/05\/139.pdf\">Zarz\u0105dzenie nr 139 Rektora Uniwersytetu Przyrodniczego w&nbsp;Lublinie z&nbsp;8 grudnia 2020 r. w&nbsp;sprawie prowadzenia wybranych zaj\u0119\u0107 dydaktycznych w&nbsp;formie tradycyjnej w&nbsp;budynkach Uniwersytetu Przyrodniczego w&nbsp;Lublinie w&nbsp;semestrze zimowym 2020\/2021<\/a><\/p>\n<p><a href=\"https:\/\/up.lublin.pl\/weterynaria\/wp-content\/uploads\/sites\/3\/2021\/05\/zarzadzenie_rektora_nr_82.pdf\">Zarz\u0105dzenie nr 82 Rektora Uniwersytetu Przyrodniczego w&nbsp;Lublinie z&nbsp;dnia 1 wrze\u015bnia 2020 r. w&nbsp;sprawie organizacji zaj\u0119\u0107 dydaktycznych w&nbsp;Uniwersytecie Przyrodniczym w&nbsp;Lublinie w&nbsp;roku akademickim 2020\/2021<\/a><\/p>\n<p><a href=\"https:\/\/up.lublin.pl\/weterynaria\/wp-content\/uploads\/sites\/3\/2021\/05\/zal.1_zalecenia_do_zajec_z_wychowania_fizycznego.docx\">&#8211; Za\u0142. 1 do Zarz\u0105dzenia nr 82 Rektora UP w&nbsp;Lublinie z&nbsp;dnia 1 wrze\u015bnia 2020 r. &#8211; Zalecenia do organizacji zaj\u0119\u0107 z&nbsp;wychowania fizycznego dla student\u00f3w pierwszego roku<\/a><\/p>\n<p><a href=\"https:\/\/up.lublin.pl\/weterynaria\/wp-content\/uploads\/sites\/3\/2021\/05\/zal._2_zalecenia_w_sprawie_organizacji_zajec_dydaktycznych_2020-2021.docx\">za\u0142. 2 do Zarz\u0105dzenia nr 82 Rektora UP w&nbsp;Lublinie z&nbsp;dnia 1 wrze\u015bnia 2020 r. &#8211; Zalecenia do organizacji zaj\u0119\u0107 dydaktycznych w&nbsp;formie tradycyjnej dla student\u00f3w, doktorant\u00f3w oraz uczestnik\u00f3w studi\u00f3w podyplomowych i&nbsp;kurs\u00f3w dokszta\u0142caj\u0105cych.<\/a><\/p>\n<p><a href=\"https:\/\/up.lublin.pl\/weterynaria\/wp-content\/uploads\/sites\/3\/2021\/05\/zarzadzenie_jm_rektora_nr_107.pdf\">Zarz\u0105dzenie nr 107 Rektora Uniwersytetu Przyrodniczego w&nbsp;Lubliniez dnia 1 pa\u017adziernika 2020 r.w sprawie funkcjonowania Uniwersytetu Przyrodniczego w&nbsp;Lublinie w&nbsp;stanie epidemii COVID-19<\/a><\/p>\n                                                <\/div>\n                                            <\/li>\n                                        <\/ul>\n\t\t\t\t\t\t                                                        <ul class=\"mn-accordion\">\n                                            <li>\n                                                <h4 class=\"mn-accordion-title\">Procedury pst\u0119powania<\/h4>\n                                                <div>\n\t\t\t\t\t\t\t\t\t                <p><a href=\"https:\/\/up-old.up.lublin.pl\/files\/weterynaria\/Koronawirus\/wytyczne_dla_kierownikow_jednostek_i_nauczycieli_co_do_realizacji_zajec_dyd-1.pdf\">Zalecenia dla kierownik\u00f3w jednostek dydaktycznych i\u00a0nauczycieli akademickich w\u00a0zwi\u0105zku z\u00a0prowadzeniem zaj\u0119\u0107 laboratoryjnych i\u00a0klinicznych wg harmonogramu zatwierdzonego przez JM Rektora<\/a><\/p>\n<p><a href=\"https:\/\/up-old.up.lublin.pl\/files\/weterynaria\/Koronawirus\/postepowanie_w_przypadku_podejrzenia_zakazenia_u_pracownika_lub_studenta.pdf\">Post\u0119powanie w\u00a0przypadku podejrzenia zaka\u017cenia u\u00a0pracownika lub studenta<\/a><\/p>\n<p><a href=\"https:\/\/up-old.up.lublin.pl\/files\/weterynaria\/Konkurs\/ankieta_kwalifikacji_pracownika_-_poprawiona.pdf\">Ankieta kwalifikacji wst\u0119pnej pracownika do uczestnictwa w\u00a0zaj\u0119ciah dydaktycznych<\/a><\/p>\n<p><a href=\"https:\/\/up-old.up.lublin.pl\/files\/weterynaria\/Konkurs\/ankieta_kwalifikacji_studenta_-_poprawiona.pdf\">Ankieta wst\u0119pnej kwalifikacji studenta do uczestnictwa w\u00a0zaj\u0119ciach dydaktycznych<\/a><\/p>\n<p><a href=\"https:\/\/up-old.up.lublin.pl\/files\/weterynaria\/Koronawirus\/ewidencja_uczestnikow_zajec.pdf\">Ewidencja uczestnik\u00f3w zaj\u0119\u0107<\/a><\/p>\n                                                <\/div>\n                                            <\/li>\n                                        <\/ul>\n\t\t\t\t\t\t                                <\/div>\n\t\t\t\t                <div class=\"mn-content-block\">\n\t                                                        <div class=\"block-text\">\n\t                                        <h1><strong>OPIEKUNOWIE ROKU<\/strong><\/h1>\n<p><strong>WETERYNARIA<\/strong><\/p>\n<table style=\"height: 137px;width: 89.8124%;border-collapse: collapse\" border=\"1\">\n<tbody>\n<tr style=\"height: 36px\">\n<td style=\"width: 33.86%;text-align: center;height: 36px\"><strong>I ROK<br \/><\/strong><\/td>\n<td style=\"width: 154.055%;text-align: left;height: 36px\">l<strong>ek. wet. Natalia Szysiak<\/strong><\/td>\n<\/tr>\n<tr style=\"height: 23px\">\n<td style=\"width: 33.86%;text-align: center;height: 23px\"><strong>II ROK<span style=\"font-family: arial, helvetica, sans-serif\"><br \/><\/span><\/strong><\/td>\n<td style=\"width: 154.055%;text-align: left;height: 23px\"><strong>dr hab. Anna Zacharko-Siembida <\/strong><\/td>\n<\/tr>\n<tr style=\"height: 26px\">\n<td style=\"width: 33.86%;height: 26px;text-align: center\"><span style=\"font-family: arial, helvetica, sans-serif\"><strong>III ROK<\/strong><\/span><\/td>\n<td style=\"width: 154.055%;height: 26px;text-align: left\"><strong>dr Monika Ziomek<\/strong><\/td>\n<\/tr>\n<tr style=\"height: 26px\">\n<td style=\"width: 33.86%;height: 26px;text-align: center\"><span style=\"font-family: arial, helvetica, sans-serif\"><strong>IV ROK<\/strong><\/span><\/td>\n<td style=\"width: 154.055%;height: 26px;text-align: left\"><strong>dr hab. Andrzej Puchalski, prof. uczelni<\/strong><\/td>\n<\/tr>\n<tr style=\"height: 26px\">\n<td style=\"width: 33.86%;height: 26px;text-align: center\"><span style=\"font-family: arial, helvetica, sans-serif\"><strong>V ROK<\/strong><\/span><\/td>\n<td style=\"width: 154.055%;height: 26px;text-align: left\"><strong>dr Klaudiusz Szczepaniak<\/strong><\/td>\n<\/tr>\n<tr>\n<td style=\"width: 33.86%;text-align: center\"><span style=\"font-family: arial, helvetica, sans-serif\"><strong>VI ROK<\/strong><\/span><\/td>\n<td style=\"width: 154.055%;text-align: left\"><strong>dr Monika Ma\u0107kowiak &#8211; Dryka <\/strong><\/td>\n<\/tr>\n<\/tbody>\n<\/table>\n<p><strong>ANALITYKA WETERYNARYJNA<\/strong><\/p>\n<p><strong>I stopie\u0144<\/strong><\/p>\n<table style=\"height: 76px;width: 89.7305%;border-collapse: collapse\" border=\"1\">\n<tbody>\n<tr>\n<td style=\"width: 34.4863%;text-align: center\"><strong><span style=\"font-family: arial, helvetica, sans-serif\">I ROK<br \/><\/span><\/strong><\/td>\n<td style=\"width: 169.428%\"><strong>mgr Mateusz Fila<\/strong><\/td>\n<\/tr>\n<tr style=\"height: 23px\">\n<td style=\"width: 34.4863%;text-align: center;height: 23px\"><strong><span style=\"font-family: arial, helvetica, sans-serif\">II ROK<br \/><\/span><\/strong><\/td>\n<td style=\"width: 169.428%;height: 23px\"><strong>dr hab. Mariola Bochniarz <\/strong><\/td>\n<\/tr>\n<tr style=\"height: 30px\">\n<td style=\"width: 34.4863%;height: 30px;text-align: center\"><strong><span style=\"font-family: arial, helvetica, sans-serif\">III ROK<\/span><\/strong><\/td>\n<td style=\"width: 169.428%;height: 30px\"><strong>dr hab. Mata Dec, prof. uczelni<\/strong><\/td>\n<\/tr>\n<\/tbody>\n<\/table>\n<p><strong>II stopie\u0144<\/strong><\/p>\n<table style=\"height: 29px;width: 89.913%;border-collapse: collapse\" border=\"1\">\n<tbody>\n<tr>\n<td style=\"width: 33.0143%;text-align: center\"><strong>I ROK<\/strong><span style=\"font-family: arial, helvetica, sans-serif\"><strong><br \/><\/strong><\/span><\/td>\n<td style=\"width: 63.2479%\"><strong>mgr Mateusz Fila<\/strong><\/td>\n<\/tr>\n<tr style=\"height: 29px\">\n<td style=\"width: 33.0143%;height: 29px;text-align: center\"><span style=\"font-family: arial, helvetica, sans-serif\"><strong>II ROK<\/strong><\/span><\/td>\n<td style=\"width: 63.2479%;height: 29px\"><strong>dr Aleksandra Tro\u015bcia\u0144czyk<\/strong><\/td>\n<\/tr>\n<\/tbody>\n<\/table>\n                                        <\/div>\n\t\t\t\t\t\t                                <\/div>\n\t\t\t\t                <div class=\"mn-content-block\">\n\t                                                        <div class=\"block-text\">\n\t                                        <p><a href=\"https:\/\/up.lublin.pl\/weterynaria\/wp-content\/uploads\/sites\/3\/2021\/05\/Raport-WMW-Lub.pdf\">Raport samooceny dla kierunku weterynaria<\/a><\/p>\n<p><a href=\"https:\/\/up.lublin.pl\/weterynaria\/wp-content\/uploads\/sites\/3\/2023\/04\/raport-WMW-UPLub-2.pdf\">Raport samooceny dla kierunku analityka weterynaryjna<\/a><\/p>\n                                        <\/div>\n\t\t\t\t\t\t                                <\/div>\n\t\t\t\t                <div class=\"mn-content-block\">\n\t                                                        <div class=\"block-text\">\n\t                                        <p><a href=\"https:\/\/forms.office.com\/Pages\/ResponsePage.aspx?id=HLKj2lICKUm8ZlqzHoIn4XC_jAeO46FLqwv4GqbIENNURFRFUkU2MThLUkJQTlNFNDdGSEhDVFpQVCQlQCN0PWcu\">Ankieta dla student\u00f3w<\/a><\/p>\n                                        <\/div>\n\t\t\t\t\t\t                                <\/div>\n\t\t\t\t                <div class=\"mn-content-block\">\n\t                                                        <div class=\"mn-cards-list\">\n                                            <div class=\"mn-card-container\">\n                                                <div>\n                                                    <img src=\"https:\/\/up.lublin.pl\/weterynaria\/wp-content\/themes\/up-lublin\/assets\/images\/doc-ico.svg\" alt=\"\" \/>\n                                                    <h5>Uchwa\u0142a Kolegum Wydzia\u0142u Medycyny Weterynaryjnej UP z&nbsp;20.02.2020 r. w&nbsp;sprawie sekwencyjno\u015bci na kierunku weterynaria<\/h5>\n                                                <\/div>\n                                                <a href=\"https:\/\/up.lublin.pl\/weterynaria\/wp-content\/uploads\/sites\/3\/2021\/05\/Uchwala-Kolegium-Wydzialu-Medycyny-Weterynaryjnej-z-dnia-20.02.2020-w-sprawie-sekwencyjnosci.pdf\" class=\"mn-more\" target=\"_blank\">Zobacz<\/a>\n                                            <\/div>\n                                        <\/div>\n\t\t\t\t\t\t                                                        <div class=\"mn-cards-list\">\n                                            <div class=\"mn-card-container\">\n                                                <div>\n                                                    <img src=\"https:\/\/up.lublin.pl\/weterynaria\/wp-content\/themes\/up-lublin\/assets\/images\/doc-ico.svg\" alt=\"\" \/>\n                                                    <h5> Uchwa\u0142a nr 55\/2018-2019 Rady Wydzia\u0142u Medycyny Weterynaryjnej UP w&nbsp;sprawie sekwencyjno\u015bci przedmiot\u00f3w na kierunku weterynaria<\/h5>\n                                                <\/div>\n                                                <a href=\"https:\/\/up.lublin.pl\/weterynaria\/wp-content\/uploads\/sites\/3\/2021\/11\/Uchwala-nr-55-sekwencyjnosc-poprawiona-tabela.pdf\" class=\"mn-more\" target=\"_blank\">Zobacz<\/a>\n                                            <\/div>\n                                        <\/div>\n\t\t\t\t\t\t                                                        <div class=\"mn-cards-list\">\n                                            <div class=\"mn-card-container\">\n                                                <div>\n                                                    <img src=\"https:\/\/up.lublin.pl\/weterynaria\/wp-content\/themes\/up-lublin\/assets\/images\/doc-ico.svg\" alt=\"\" \/>\n                                                    <h5>Uchwa\u0142a  nr  6\/2016-2017 Rady Wydzia\u0142u Medycyny Weterynaryjnej UP w&nbsp;Lublinie podj\u0119ta na posiedzeniu w&nbsp;dniu 8 grudnia 2016 roku w&nbsp;sprawie: sekwencyjno\u015bci przedmiot\u00f3w na kierunku weterynaria<\/h5>\n                                                <\/div>\n                                                <a href=\"https:\/\/up.lublin.pl\/weterynaria\/wp-content\/uploads\/sites\/3\/2021\/11\/uchwala_-_sekwencyjnosc_przedmiotow.pdf\" class=\"mn-more\" target=\"_blank\">Zobacz<\/a>\n                                            <\/div>\n                                        <\/div>\n\t\t\t\t\t\t                                <\/div>\n\t\t\t\t                <div class=\"mn-content-block\">\n\t                                                        <div class=\"mn-cards-list\">\n                                            <div class=\"mn-card-container\">\n                                                <div>\n                                                    <img src=\"https:\/\/up.lublin.pl\/weterynaria\/wp-content\/themes\/up-lublin\/assets\/images\/doc-ico.svg\" alt=\"\" \/>\n                                                    <h5>Akredytacja Europejskiego Stowarzyszenia Wydzia\u0142\u00f3w Medycyny Weterynaryjnej<\/h5>\n                                                <\/div>\n                                                <a href=\"https:\/\/up.lublin.pl\/weterynaria\/wp-content\/uploads\/sites\/3\/2022\/12\/eaeve.jpg\" class=\"mn-more\" target=\"_blank\">Zobacz<\/a>\n                                            <\/div>\n                                        <\/div>\n\t\t\t\t\t\t                                                        <div class=\"mn-cards-list\">\n                                            <div class=\"mn-card-container\">\n                                                <div>\n                                                    <img src=\"https:\/\/up.lublin.pl\/weterynaria\/wp-content\/themes\/up-lublin\/assets\/images\/doc-ico.svg\" alt=\"\" \/>\n                                                    <h5>Ocena Polskiej Komisji Akredytacyjnej da kierunku analityka weternaryjna<\/h5>\n                                                <\/div>\n                                                <a href=\"https:\/\/up.lublin.pl\/weterynaria\/wp-content\/uploads\/sites\/3\/2023\/10\/Decyzja-PKA.pdf\" class=\"mn-more\" target=\"_blank\">Zobacz<\/a>\n                                            <\/div>\n                                        <\/div>\n\t\t\t\t\t\t                                                        <div class=\"mn-cards-list\">\n                                            <div class=\"mn-card-container\">\n                                                <div>\n                                                    <img src=\"https:\/\/up.lublin.pl\/weterynaria\/wp-content\/themes\/up-lublin\/assets\/images\/doc-ico.svg\" alt=\"\" \/>\n                                                    <h5>Ocena Polskiej Komisji Akredytacyjnej dla kierunku weterynaria<\/h5>\n                                                <\/div>\n                                                <a href=\"https:\/\/up.lublin.pl\/weterynaria\/wp-content\/uploads\/sites\/3\/2024\/01\/Ocena-PKA-wet.pdf\" class=\"mn-more\" target=\"_blank\">Zobacz<\/a>\n                                            <\/div>\n                                        <\/div>\n\t\t\t\t\t\t                                <\/div>\n\t\t\t\t                <div class=\"mn-content-block\">\n\t                                                        <div class=\"mn-cards-list\">\n                                            <div class=\"mn-card-container\">\n                                                <div>\n                                                    <img src=\"https:\/\/up.lublin.pl\/weterynaria\/wp-content\/themes\/up-lublin\/assets\/images\/doc-ico.svg\" alt=\"\" \/>\n                                                    <h5>OP\u0141ATY ZA POWTARZANIE PRZEDMIOTU NA KIERUNKU WETERYNARIA\u00a0<\/h5>\n                                                <\/div>\n                                                <a href=\"https:\/\/up.lublin.pl\/weterynaria\/wp-content\/uploads\/sites\/3\/2026\/01\/OPLATY-ZA-POWTARZANIE-PRZEDMIOTU-WETERYNARIA-1.pdf\" class=\"mn-more\" target=\"_blank\">Zobacz<\/a>\n                                            <\/div>\n                                        <\/div>\n\t\t\t\t\t\t                                <\/div>\n\t\t\t\t\t\t<\/div>\n\t<\/div>\n<\/section>\n\t\t<\/div>\n\t\t\t\t<\/div>\n\t\t\t\t\t\t<\/div>\n\t\t\t\t\t<\/div>\n\t\t<\/div>\n\t\t\t\t\t\t\t\t<\/div>\n\t\t\t\t\t<\/div>\n\t\t<\/section>\n\t\t\t\t\t\t<\/div>\n\t\t\t\t\t\t<\/div>\n\t\t\t\t\t<\/div>\n\t\t","protected":false},"excerpt":{"rendered":"<p>Wydzia\u0142 Medycyny Weterynaryjnej Kszta\u0142cenie UP Wydzia\u0142 Medycyny Weterynaryjnej Jako\u015b\u0107 kszta\u0142cenia Rozk\u0142ady zaj\u0119\u0107 Plany studi\u00f3w Opisy modu\u0142\u00f3w Efekty uczenia si\u0119 Organizacja roku akademickiego Opis kierunku Obsada personalna Informacje dla student\u00f3w Sylwetka absolwenta Ankieta dla student\u00f3w Ko\u0142a studenckie COVID-19 Opiekunowie roku Raport samooceny AKREDYTACJE OP\u0141ATY\u00a0ZA WARUNKI Instrukcje Instrukcja nr 1 &#8211; Weryfikacja efekt\u00f3w uczenia si\u0119 Instrukcja nr [&hellip;]<\/p>\n","protected":false},"author":2,"featured_media":0,"parent":0,"menu_order":0,"comment_status":"closed","ping_status":"closed","template":"elementor_header_footer","meta":{"_monsterinsights_skip_tracking":false,"_monsterinsights_sitenote_active":false,"_monsterinsights_sitenote_note":"","_monsterinsights_sitenote_category":0},"_links":{"self":[{"href":"https:\/\/up.lublin.pl\/weterynaria\/wp-json\/wp\/v2\/pages\/156986"}],"collection":[{"href":"https:\/\/up.lublin.pl\/weterynaria\/wp-json\/wp\/v2\/pages"}],"about":[{"href":"https:\/\/up.lublin.pl\/weterynaria\/wp-json\/wp\/v2\/types\/page"}],"author":[{"embeddable":true,"href":"https:\/\/up.lublin.pl\/weterynaria\/wp-json\/wp\/v2\/users\/2"}],"replies":[{"embeddable":true,"href":"https:\/\/up.lublin.pl\/weterynaria\/wp-json\/wp\/v2\/comments?post=156986"}],"version-history":[{"count":750,"href":"https:\/\/up.lublin.pl\/weterynaria\/wp-json\/wp\/v2\/pages\/156986\/revisions"}],"predecessor-version":[{"id":166752,"href":"https:\/\/up.lublin.pl\/weterynaria\/wp-json\/wp\/v2\/pages\/156986\/revisions\/166752"}],"wp:attachment":[{"href":"https:\/\/up.lublin.pl\/weterynaria\/wp-json\/wp\/v2\/media?parent=156986"}],"curies":[{"name":"wp","href":"https:\/\/api.w.org\/{rel}","templated":true}]}}