{"id":147887,"date":"2021-07-30T09:56:58","date_gmt":"2021-07-30T07:56:58","guid":{"rendered":"https:\/\/up.lublin.pl\/weterynaria\/?page_id=147887"},"modified":"2022-10-13T12:34:32","modified_gmt":"2022-10-13T10:34:32","slug":"anatomia-zwierzat","status":"publish","type":"page","link":"https:\/\/up.lublin.pl\/weterynaria\/wydzial\/struktura-i-pracownicy\/anathist\/anatomia-zwierzat\/","title":{"rendered":"Zak\u0142ad Anatomii Zwierz\u0105t"},"content":{"rendered":"\t\t<div data-elementor-type=\"wp-page\" data-elementor-id=\"147887\" class=\"elementor elementor-147887\" data-elementor-settings=\"[]\">\n\t\t\t\t\t\t<div class=\"elementor-inner\">\n\t\t\t\t\t\t\t<div class=\"elementor-section-wrap\">\n\t\t\t\t\t\t\t<section class=\"elementor-section elementor-top-section elementor-element elementor-element-4eaa516 elementor-section-boxed elementor-section-height-default elementor-section-height-default\" data-id=\"4eaa516\" data-element_type=\"section\">\n\t\t\t\t\t\t<div class=\"elementor-container elementor-column-gap-default\">\n\t\t\t\t\t\t\t<div class=\"elementor-row\">\n\t\t\t\t\t<div class=\"elementor-column elementor-col-100 elementor-top-column elementor-element elementor-element-a3c6504\" data-id=\"a3c6504\" data-element_type=\"column\">\n\t\t\t<div class=\"elementor-column-wrap elementor-element-populated\">\n\t\t\t\t\t\t\t<div class=\"elementor-widget-wrap\">\n\t\t\t\t\t\t<div class=\"elementor-element elementor-element-3c8413d elementor-widget elementor-widget-m2k\" data-id=\"3c8413d\" data-element_type=\"widget\" data-widget_type=\"m2k.default\">\n\t\t\t\t<div class=\"elementor-widget-container\">\n\t\t\t<section class=\"mn-m2-d mn-bg-green\">\n    <div class=\"mn-grid\">\n        <div class=\"mn-grid-12 mn-introtext\">\n                            <h3>\n                    Zak\u0142ad Anatomii Zwierz\u0105t                <\/h3>\n                        <\/div>\n    <\/div>\n    <\/section>\n\t\t<\/div>\n\t\t\t\t<\/div>\n\t\t\t\t\t\t<\/div>\n\t\t\t\t\t<\/div>\n\t\t<\/div>\n\t\t\t\t\t\t\t\t<\/div>\n\t\t\t\t\t<\/div>\n\t\t<\/section>\n\t\t\t\t<section class=\"elementor-section elementor-top-section elementor-element elementor-element-1ce0a4f elementor-section-boxed elementor-section-height-default elementor-section-height-default\" data-id=\"1ce0a4f\" data-element_type=\"section\">\n\t\t\t\t\t\t<div class=\"elementor-container elementor-column-gap-default\">\n\t\t\t\t\t\t\t<div class=\"elementor-row\">\n\t\t\t\t\t<div class=\"elementor-column elementor-col-100 elementor-top-column elementor-element elementor-element-ef59a3c\" data-id=\"ef59a3c\" data-element_type=\"column\">\n\t\t\t<div class=\"elementor-column-wrap elementor-element-populated\">\n\t\t\t\t\t\t\t<div class=\"elementor-widget-wrap\">\n\t\t\t\t\t\t<div class=\"elementor-element elementor-element-5103c05 elementor-widget elementor-widget-m5c\" data-id=\"5103c05\" data-element_type=\"widget\" data-widget_type=\"m5c.default\">\n\t\t\t\t<div class=\"elementor-widget-container\">\n\t\t\t<section class=\"mn-m5-c mn-bg-white\">\n\t<div class=\"mn-grid\">\n\t\t            <div class=\"mn-menu-container mn-grid-3\">\n                <ul class=\"mn-bg-yellow\">\n\t                                        <li>\n                            <a href=\"#\" class=\"active\" data-hash=\"#dydaktyka\">\n                                Dydaktyka                            <\/a>\n                        <\/li>\n                                                <li>\n                            <a href=\"#\" class=\"\" data-hash=\"#badania\">\n                                Badania                            <\/a>\n                        <\/li>\n                                                <li>\n                            <a href=\"#\" class=\"\" data-hash=\"#historia\">\n                                Historia                            <\/a>\n                        <\/li>\n                                        <\/ul>\n            <\/div>\n\t        \t\t<div class=\"mn-content mn-grid-8\">\n\t\t\t                <div class=\"mn-content-block active\">\n\t                                                        <div class=\"block-text\">\n\t                                        <ol>\n<li>Anatomia Zwierz\u0105t I&nbsp;rok<\/li>\n<li>Anatomia Zwierz\u0105t II rok<\/li>\n<li>Anatomia Topograficzna II rok<\/li>\n<li>Fakultet z&nbsp;Anatomii Chirurgicznej Psa<\/li>\n<\/ol>\n<p>\u00a0<\/p>\n<p><strong>Tematyka wyk\u0142ad\u00f3w\u00a0<\/strong>\u00a0<\/p>\n<ul>\n<li><a href=\"https:\/\/up.lublin.pl\/weterynaria\/wp-content\/uploads\/sites\/3\/2021\/07\/tematyka_wykladow_dla_i_roku_anatomia_zwierzat.pdf\">Anatomia Zwierz\u0105t I&nbsp;rok<\/a><\/li>\n<li><a href=\"https:\/\/up.lublin.pl\/weterynaria\/wp-content\/uploads\/sites\/3\/2021\/07\/tematyka_wykladow_dla_ii_roku_anatomia_zwierzat.pdf\">Anatomia Zwierz\u0105t II rok<\/a><\/li>\n<li><a href=\"https:\/\/up.lublin.pl\/weterynaria\/wp-content\/uploads\/sites\/3\/2021\/07\/tematyka_wykladow_dla_ii_roku_anatomia_topograficzna.pdf\">Anatomia Topograficzna II rok<\/a><\/li>\n<\/ul>\n<p><strong>Tematyka \u0107wicze\u0144<\/strong><\/p>\n<p>Anatomia Zwierz\u0105t I&nbsp;rok<\/p>\n<ul>\n<li><a href=\"https:\/\/up.lublin.pl\/weterynaria\/wp-content\/uploads\/sites\/3\/2021\/07\/plan_cwiczen_anatomia_i_rok_semestr_zimowy.pdf\">Semestr zimowy<\/a><\/li>\n<li><a href=\"https:\/\/up.lublin.pl\/weterynaria\/wp-content\/uploads\/sites\/3\/2021\/07\/plan_cwiczen_anatomia_zwierzat_i_rok_semestr_letni.pdf\">Semestr letni<\/a><\/li>\n<\/ul>\n<p><a href=\"https:\/\/up.lublin.pl\/weterynaria\/wp-content\/uploads\/sites\/3\/2021\/07\/plan_cwiczen_anatomia_zwierzat_ii_rok.pdf\">Anatomia Zwierz\u0105t II rok<\/a><\/p>\n<p><a href=\"https:\/\/up.lublin.pl\/weterynaria\/wp-content\/uploads\/sites\/3\/2021\/07\/plan_fakultet_anatomia_chirurgiczna_psa.pdf\">Fakultet z&nbsp;Anatomii Chirurgicznej Psa<\/a><\/p>\n                                        <\/div>\n\t\t\t\t\t\t                                <\/div>\n\t\t\t\t                <div class=\"mn-content-block\">\n\t                                                        <div class=\"block-text\">\n\t                                        <p>Badania naukowe wykonywane w&nbsp;Zak\u0142adzie Anatomii Zwierz\u0105t od wielu lat skupiaj\u0105 si\u0119 wok\u00f3\u0142 o\u015brodkowego i&nbsp;obwodowego uk\u0142adu nerwowego zwierz\u0105t gospodarskich, wolno \u017cyj\u0105cych i&nbsp;laboratoryjnych. Prowadzone s\u0105 wielotorowo i&nbsp;dotycz\u0105:<\/p>\n<p>1. wyst\u0119powania i&nbsp;roli zwi\u0105zk\u00f3w biologicznie aktywnych (w tym neuropeptyd\u00f3w) w&nbsp;obwodowym uk\u0142adzie nerwowym zwierz\u0105t domowych \u2013 badania dotycz\u0105 m.in. ekspresji transkryptu regulowanego kokain\u0105 i&nbsp;amfetamin\u0105 (CART) w&nbsp;zwojach rdzeniowych, uk\u0142adzie nerwowym jelitowym, zwojach \u015br\u00f3dsercowych, zwojach p\u0119cherza moczowego oraz zwojach miednicznych \u015bwini domowej;<\/p>\n<p>2. plastyczno\u015bci kom\u00f3rek neuroendokrynnych oraz neuron\u00f3w uk\u0142adu nerwowego jelitowego (ENS) \u015bwini domowej po stymulacji lektyn\u0105;<\/p>\n<p>3. wykrywania i&nbsp;wyst\u0119powania receptor\u00f3w (np. estrogenowych, progesteronowych i&nbsp;androgenowych) w&nbsp;wybranych strukturach m\u00f3zgowia zwierz\u0105t;<\/p>\n<p>4. okre\u015blenia immunoreaktywno\u015bci bia\u0142ek wi\u0105\u017c\u0105cych wap\u0144 w&nbsp;uk\u0142adzie nerwowym;<\/p>\n<p>5. wp\u0142ywu deksametazonu, beta-hydroksy-beta-metyloma\u015blanu (HMB) oraz alfa-ketoglutaranu (AKG) na struktury uk\u0142adu limbicznego u&nbsp;\u015bwini domowej;<\/p>\n<p>Do realizacji bada\u0144 naukowych wykorzystywane s\u0105 techniki tracingu retrogradowego, techniki pierwotnych hodowli kom\u00f3rkowych (neuronalnych), podw\u00f3jnych i&nbsp;potr\u00f3jnych barwie\u0144 immunofluorescencyjnych oraz barwie\u0144 immunohistochemicznych z&nbsp;wykorzystaniem specyficznych przeciwcia\u0142 mono- i&nbsp;poliklonalnych.<\/p>\n<p>W ostatnim 10-leciu wykonano 100 prac badawczych, kt\u00f3re opublikowano w&nbsp;polskich i&nbsp;zagranicznych czasopismach naukowych, np.: <i>Regulatory Peptides, Digestive Diseases Sciences,<\/i><i>Bulletin of Veterinary Institute in Pulawy, Medycyna Weterynaryjna, Acta Veterinaria Hungarica, Annals of Anatomy, Anatomia Histologia Embryologia, Acta Histochemica, Polish Journal of Veterinary Science, Journal of Animal Science <\/i>iin<i>.<\/i><\/p>\n<div><strong>Projekty badawcze:<\/strong><\/div>\n<p>1.\u00a0\u00a0\u00a0\u00a0 lata 2003\/2004 &#8211; grant nr 3 P06K 019 25 uzyskany z&nbsp;Ministerstwa Nauki i&nbsp;Informatyzacji;<\/p>\n<p>2.\u00a0\u00a0\u00a0\u00a0 rok 2004 &#8211; grant w&nbsp;ramach projektu SUBIN z&nbsp;Fundacji na Rzecz Nauki Polskiej;<\/p>\n<p>3.\u00a0\u00a0\u00a0\u00a0 rok 2005 &#8211; grant nr 5129\/IA\/101\/2005 uzyskany z&nbsp;Ministerstwa Nauki i&nbsp;Informatyzacji;<\/p>\n<p>4.\u00a0\u00a0\u00a0\u00a0 lata 2009\/2010 &#8211; grant nr N&nbsp;N308 310437 uzyskany z&nbsp;Ministerstwa Nauki i&nbsp;Szkolnictwa Wy\u017cszego;<\/p>\n<p>5.\u00a0\u00a0\u00a0\u00a0 rok 2013 \u2013 wsp\u00f3\u0142praca w&nbsp;grancie Unii Europejskiej nr POIG 01.01.02-00-061\/09 uzyskanym przez Katedr\u0119 Biotechnologii, \u017bywienia Cz\u0142owieka i&nbsp;Towaroznawstwa \u017bywno\u015bci UP w&nbsp;Lublinie.<\/p>\n                                        <\/div>\n\t\t\t\t\t\t                                <\/div>\n\t\t\t\t                <div class=\"mn-content-block\">\n\t                                                        <div class=\"block-text\">\n\t                                        <p>Historia Zak\u0142adu Anatomii Zwierz\u0105t rozpocz\u0119\u0142a si\u0119 jesieni\u0105 1944 roku, kiedy to na Uniwersytecie Marii Sk\u0142odowskiej Curie powo\u0142ano Wydzia\u0142 Weterynaryjny, a&nbsp;w nim Katedr\u0119 Anatomii Prawid\u0142owej Zwierz\u0105t. Pierwszym kierownikiem nowo powsta\u0142ej Katedry Anatomii Prawid\u0142owej Zwierz\u0105t zosta\u0142 Kazimierz Krysiak. Pocz\u0105tkowo siedziba Zak\u0142adu mie\u015bci\u0142a si\u0119 w&nbsp;Gimnazjum im. St. Staszica przy Al. Rac\u0142awickich 26, gdzie 4 grudnia 1944 roku odby\u0142 si\u0119 pierwszy wyk\u0142ad. W&nbsp;nied\u0142ugim czasie, bo ju\u017c w&nbsp;lutym 1945 roku Zak\u0142ad zosta\u0142 przeniesiony do budynku przedwojennej \u201eSzko\u0142y Lubelskiej\u201d przy ul. Spokojnej 1 (obecnie <i>Collegium Iuridicum<\/i> KUL). W&nbsp;maju 1957 roku Katedra (od 1955 r. jako jednostka WSR0 otrzyma\u0142a pomieszczenia w&nbsp;nowym gmachu <i>Collegium Veterinarium<\/i> przy ul. Akademickiej 12 i&nbsp;pozostaje tu do chwili obecnej. Jej pozycja w&nbsp;strukturze Wydzia\u0142u Weterynaryjnego zmienia\u0142a si\u0119 w&nbsp;ci\u0105gu lat- funkcjonowa\u0142a jako samodzielna katedra lub zak\u0142ad w&nbsp;strukturze instytutu.<\/p>\n<p>Kierownicy Zak\u0142adu Anatomii Zwierz\u0105t: prof. K. Krysiak (1944-48), prof. M. Chomiak (1948-73), prof. J. Welento (1973-76), prof. Z. Milart (1977-96), prof. St. Flieger (1996-2006), dr hab. Z. Boraty\u0144ski (2006-13). Obecnie (od 1 pa\u017adziernika 2013 roku) funkcje kierownika Zak\u0142adu Anatomii Zwierz\u0105t pe\u0142ni dr hab. M. Arciszewski, prof. nadzw. UP.<\/p>\n                                        <\/div>\n\t\t\t\t\t\t                                <\/div>\n\t\t\t\t\t\t<\/div>\n\t<\/div>\n<\/section>\n\t\t<\/div>\n\t\t\t\t<\/div>\n\t\t\t\t\t\t<\/div>\n\t\t\t\t\t<\/div>\n\t\t<\/div>\n\t\t\t\t\t\t\t\t<\/div>\n\t\t\t\t\t<\/div>\n\t\t<\/section>\n\t\t\t\t\t\t<\/div>\n\t\t\t\t\t\t<\/div>\n\t\t\t\t\t<\/div>\n\t\t","protected":false},"excerpt":{"rendered":"<p>Zak\u0142ad Anatomii Zwierz\u0105t UP Wydzia\u0142 Medycyny Weterynaryjnej Dydaktyka Badania Historia Anatomia Zwierz\u0105t I&nbsp;rok Anatomia Zwierz\u0105t II rok Anatomia Topograficzna II rok Fakultet z&nbsp;Anatomii Chirurgicznej Psa \u00a0 Tematyka wyk\u0142ad\u00f3w\u00a0\u00a0 Anatomia Zwierz\u0105t I&nbsp;rok Anatomia Zwierz\u0105t II rok Anatomia Topograficzna II rok Tematyka \u0107wicze\u0144 Anatomia Zwierz\u0105t I&nbsp;rok Semestr zimowy Semestr letni Anatomia Zwierz\u0105t II rok Fakultet z&nbsp;Anatomii Chirurgicznej [&hellip;]<\/p>\n","protected":false},"author":2,"featured_media":0,"parent":146309,"menu_order":0,"comment_status":"closed","ping_status":"closed","template":"elementor_header_footer","meta":{"_monsterinsights_skip_tracking":false,"_monsterinsights_sitenote_active":false,"_monsterinsights_sitenote_note":"","_monsterinsights_sitenote_category":0},"_links":{"self":[{"href":"https:\/\/up.lublin.pl\/weterynaria\/wp-json\/wp\/v2\/pages\/147887"}],"collection":[{"href":"https:\/\/up.lublin.pl\/weterynaria\/wp-json\/wp\/v2\/pages"}],"about":[{"href":"https:\/\/up.lublin.pl\/weterynaria\/wp-json\/wp\/v2\/types\/page"}],"author":[{"embeddable":true,"href":"https:\/\/up.lublin.pl\/weterynaria\/wp-json\/wp\/v2\/users\/2"}],"replies":[{"embeddable":true,"href":"https:\/\/up.lublin.pl\/weterynaria\/wp-json\/wp\/v2\/comments?post=147887"}],"version-history":[{"count":13,"href":"https:\/\/up.lublin.pl\/weterynaria\/wp-json\/wp\/v2\/pages\/147887\/revisions"}],"predecessor-version":[{"id":155557,"href":"https:\/\/up.lublin.pl\/weterynaria\/wp-json\/wp\/v2\/pages\/147887\/revisions\/155557"}],"up":[{"embeddable":true,"href":"https:\/\/up.lublin.pl\/weterynaria\/wp-json\/wp\/v2\/pages\/146309"}],"wp:attachment":[{"href":"https:\/\/up.lublin.pl\/weterynaria\/wp-json\/wp\/v2\/media?parent=147887"}],"curies":[{"name":"wp","href":"https:\/\/api.w.org\/{rel}","templated":true}]}}