{"id":97372,"date":"2020-11-02T09:06:45","date_gmt":"2020-11-02T08:06:45","guid":{"rendered":"https:\/\/up.lublin.pl\/?page_id=97372"},"modified":"2020-11-20T09:45:42","modified_gmt":"2020-11-20T08:45:42","slug":"galeria","status":"publish","type":"page","link":"https:\/\/up.lublin.pl\/ru\/uniwersytet\/galeria\/","title":{"rendered":"\u0413\u0430\u043b\u0435\u0440\u0435\u044f"},"content":{"rendered":"\t\t<div data-elementor-type=\"wp-page\" data-elementor-id=\"97372\" class=\"elementor elementor-97372 elementor-85883\" data-elementor-settings=\"[]\">\n\t\t\t\t\t\t<div class=\"elementor-inner\">\n\t\t\t\t\t\t\t<div class=\"elementor-section-wrap\">\n\t\t\t\t\t\t\t<section class=\"elementor-section elementor-top-section elementor-element elementor-element-9e8648a elementor-section-boxed elementor-section-height-default elementor-section-height-default\" data-id=\"9e8648a\" data-element_type=\"section\">\n\t\t\t\t\t\t<div class=\"elementor-container elementor-column-gap-default\">\n\t\t\t\t\t\t\t<div class=\"elementor-row\">\n\t\t\t\t\t<div class=\"elementor-column elementor-col-100 elementor-top-column elementor-element elementor-element-bf4c647\" data-id=\"bf4c647\" data-element_type=\"column\">\n\t\t\t<div class=\"elementor-column-wrap elementor-element-populated\">\n\t\t\t\t\t\t\t<div class=\"elementor-widget-wrap\">\n\t\t\t\t\t\t<div class=\"elementor-element elementor-element-4b18581 elementor-widget elementor-widget-m2d\" data-id=\"4b18581\" data-element_type=\"widget\" data-widget_type=\"m2d.default\">\n\t\t\t\t<div class=\"elementor-widget-container\">\n\t\t\t<section class=\"mn-m2-d mn-bg-green\">\r\n\t<div class=\"mn-grid\">\r\n\t\t<div class=\"mn-grid-3 mn-introtext\">\r\n\t\t\t\t\t\t\t<h3>\r\n\t\t\t\t\t\u0413\u0430\u043b\u0435\u0440\u0435\u044f\t\t\t\t<\/h3>\r\n\t\t\t\t\t\t<\/div>\r\n\t\t\t            <div class=\"mn-grid-9 mn-image-container\">\r\n\t\t\t\t<img src=\"https:\/\/up.lublin.pl\/wp-content\/uploads\/2020\/08\/Image-1.png\" alt=\"\">\r\n            <\/div>\r\n\t\t\t\t        \r\n\r\n\t<\/div>\r\n\t<\/section>\r\n\t\t<\/div>\n\t\t\t\t<\/div>\n\t\t\t\t\t\t<\/div>\n\t\t\t\t\t<\/div>\n\t\t<\/div>\n\t\t\t\t\t\t\t\t<\/div>\n\t\t\t\t\t<\/div>\n\t\t<\/section>\n\t\t\t\t<section class=\"elementor-section elementor-top-section elementor-element elementor-element-1174540 elementor-section-boxed elementor-section-height-default elementor-section-height-default\" data-id=\"1174540\" data-element_type=\"section\">\n\t\t\t\t\t\t<div class=\"elementor-container elementor-column-gap-default\">\n\t\t\t\t\t\t\t<div class=\"elementor-row\">\n\t\t\t\t\t<div class=\"elementor-column elementor-col-100 elementor-top-column elementor-element elementor-element-36dd1db\" data-id=\"36dd1db\" data-element_type=\"column\">\n\t\t\t<div class=\"elementor-column-wrap elementor-element-populated\">\n\t\t\t\t\t\t\t<div class=\"elementor-widget-wrap\">\n\t\t\t\t\t\t<div class=\"elementor-element elementor-element-35114bc elementor-widget elementor-widget-m3f\" data-id=\"35114bc\" data-element_type=\"widget\" data-widget_type=\"m3f.default\">\n\t\t\t\t<div class=\"elementor-widget-container\">\n\t\t\t<section class=\"mn-m3-a mn-bg-green\">\n\t<div class=\"mn-grid\">\n\t\t<h2 class=\"mn-grid-12\">\u0413\u0430\u043b\u0435\u0440\u0435\u044f<\/h2>\n\t\t<div class=\"mn-grid-3 mn-introtext\">\n\t\t\t<p>Lorem Ipsum dlor<\/p>\t\t<\/div>\n\t\t<div class=\"mn-grid-11 mn-slider-container\">\n\t\t\t\t\t\t\t<div class=\"mn-news-slider slider slider-69edff10719b2\">\n\t\t\t\t\t\t\t\t\t\t\t<div class=\"slick-slide post-el  slick-current\">\n\t\t\t\t\t\t\t\t\t<div class=\"mn-images-container\">\n\t\t\t\t\t\t\t\t\t\t                                            <img src=\"https:\/\/up.lublin.pl\/\/files\/images\/sadowska\/galerie\/Porozumienie LCK\/gab_59621[1].jpg\" alt=\"Porozumienie o Wsp\u00f3\u0142pracy z Lubelskim Centrum Konferencyjnym\" \/>\n\t\t\t\t\t\t\t\t\t\t\t\t\t\t\t\t\t\t\t\t<\/div>\n\t\t\t\t\t\t\t\t<div class=\"mn-content\">\n\t\t\t\t\t\t\t\t\t<p>Porozumienie o&nbsp;Wsp\u00f3\u0142pracy z&nbsp;Lubelskim Centrum Konferencyjnym<\/p>\n\t\t\t\t\t\t\t\t<\/div>\n\t\t\t\t\t\t\t\t<a href=\"https:\/\/up.lublin.pl\/ru\/blog\/galeria\/porozumienie-o-wspolpracy-z-lubelskim-centrum-konferencyjnym\/\" class=\"mn-more\">\u0447\u0438\u0442\u0430\u0442\u044c \u0434\u0430\u043b\u044c\u0448\u0435<\/a>\n\n\t\t\t\t\t\t<\/div>\n\t\t\t\t\t\t\t\t\t\t\t\t<div class=\"slick-slide post-el \">\n\t\t\t\t\t\t\t\t\t<div class=\"mn-images-container\">\n\t\t\t\t\t\t\t\t\t\t                                            <img src=\"https:\/\/up.lublin.pl\/\/files\/images\/kwapisz\/galerie\/2020-11-05 PH\/041.jpg\" alt=\"Nadanie Godno\u015bci Honorowego Profesora prof. Honoracie Danil\u010denko\" \/>\n\t\t\t\t\t\t\t\t\t\t\t\t\t\t\t\t\t\t\t\t<\/div>\n\t\t\t\t\t\t\t\t<div class=\"mn-content\">\n\t\t\t\t\t\t\t\t\t<p>Nadanie Godno\u015bci Honorowego Profesora prof. Honoracie Danil\u010denko<\/p>\n\t\t\t\t\t\t\t\t<\/div>\n\t\t\t\t\t\t\t\t<a href=\"https:\/\/up.lublin.pl\/ru\/blog\/galeria\/nadanie-godnosci-honorowego-profesora-prof-honoracie-danilcenko\/\" class=\"mn-more\">\u0447\u0438\u0442\u0430\u0442\u044c \u0434\u0430\u043b\u044c\u0448\u0435<\/a>\n\n\t\t\t\t\t\t<\/div>\n\t\t\t\t\t\t\t\t\t\t\t\t<div class=\"slick-slide post-el \">\n\t\t\t\t\t\t\t\t\t<div class=\"mn-images-container\">\n\t\t\t\t\t\t\t\t\t\t                                            <img src=\"https:\/\/up.lublin.pl\/\/files\/images\/kwapisz\/galerie\/2020-10-21 LKB\/017.jpg\" alt=\"Podpisanie umowy o wsp\u00f3\u0142pracy z Lubelskim Klubem Biznesu\" \/>\n\t\t\t\t\t\t\t\t\t\t\t\t\t\t\t\t\t\t\t\t<\/div>\n\t\t\t\t\t\t\t\t<div class=\"mn-content\">\n\t\t\t\t\t\t\t\t\t<p>Podpisanie umowy o&nbsp;wsp\u00f3\u0142pracy z&nbsp;Lubelskim Klubem Biznesu<\/p>\n\t\t\t\t\t\t\t\t<\/div>\n\t\t\t\t\t\t\t\t<a href=\"https:\/\/up.lublin.pl\/ru\/blog\/galeria\/podpisanie-umowy-o-wspolpracy-z-lubelskim-klubem-biznesu\/\" class=\"mn-more\">\u0447\u0438\u0442\u0430\u0442\u044c \u0434\u0430\u043b\u044c\u0448\u0435<\/a>\n\n\t\t\t\t\t\t<\/div>\n\t\t\t\t\t\t\t\t\t\t\t\t<div class=\"slick-slide post-el \">\n\t\t\t\t\t\t\t\t\t<div class=\"mn-images-container\">\n\t\t\t\t\t\t\t\t\t\t                                            <img src=\"https:\/\/up.lublin.pl\/\/files\/images\/sadowska\/galerie\/Ekowioska\/041.jpg\" alt=\"Podpisanie porozumienia Projekt Las\" \/>\n\t\t\t\t\t\t\t\t\t\t\t\t\t\t\t\t\t\t\t\t<\/div>\n\t\t\t\t\t\t\t\t<div class=\"mn-content\">\n\t\t\t\t\t\t\t\t\t<p>Podpisanie porozumienia Projekt Las<\/p>\n\t\t\t\t\t\t\t\t<\/div>\n\t\t\t\t\t\t\t\t<a href=\"https:\/\/up.lublin.pl\/ru\/blog\/galeria\/podpisanie-porozumienia-projekt-las\/\" class=\"mn-more\">\u0447\u0438\u0442\u0430\u0442\u044c \u0434\u0430\u043b\u044c\u0448\u0435<\/a>\n\n\t\t\t\t\t\t<\/div>\n\t\t\t\t\t\t\t\t\t\t\t\t<div class=\"slick-slide post-el \">\n\t\t\t\t\t\t\t\t\t<div class=\"mn-images-container\">\n\t\t\t\t\t\t\t\t\t\t                                            <img src=\"https:\/\/up.lublin.pl\/\/files\/images\/kwapisz\/galerie\/2020-10-01 WBS\/136.jpg\" alt=\"Immatrykulacja student\u00f3w Wydzia\u0142u Biologii \u015arodowiskowej\" \/>\n\t\t\t\t\t\t\t\t\t\t\t\t\t\t\t\t\t\t\t\t<\/div>\n\t\t\t\t\t\t\t\t<div class=\"mn-content\">\n\t\t\t\t\t\t\t\t\t<p>Immatrykulacja student\u00f3w Wydzia\u0142u Biologii \u015arodowiskowej<\/p>\n\t\t\t\t\t\t\t\t<\/div>\n\t\t\t\t\t\t\t\t<a href=\"https:\/\/up.lublin.pl\/ru\/blog\/galeria\/immatrykulacja-studentow-wydzialu-biologii-srodowiskowej\/\" class=\"mn-more\">\u0447\u0438\u0442\u0430\u0442\u044c \u0434\u0430\u043b\u044c\u0448\u0435<\/a>\n\n\t\t\t\t\t\t<\/div>\n\t\t\t\t\t\t\t\t\t\t\t\t<div class=\"slick-slide post-el \">\n\t\t\t\t\t\t\t\t\t<div class=\"mn-images-container\">\n\t\t\t\t\t\t\t\t\t\t                                            <img src=\"https:\/\/up.lublin.pl\/\/files\/images\/kwapisz\/galerie\/2020-10-01 WNoZyIB\/088.jpg\" alt=\"Immatrykulacja student\u00f3w Wydzia\u0142u Nauk o \u017bywno\u015bci i Biotechnologii\" \/>\n\t\t\t\t\t\t\t\t\t\t\t\t\t\t\t\t\t\t\t\t<\/div>\n\t\t\t\t\t\t\t\t<div class=\"mn-content\">\n\t\t\t\t\t\t\t\t\t<p>Immatrykulacja student\u00f3w Wydzia\u0142u Nauk o&nbsp;\u017bywno\u015bci i&nbsp;Biotechnologii<\/p>\n\t\t\t\t\t\t\t\t<\/div>\n\t\t\t\t\t\t\t\t<a href=\"https:\/\/up.lublin.pl\/ru\/blog\/galeria\/immatrykulacja-studentow-wydzialu-nauk-o-zywnosci-i-biotechnologii\/\" class=\"mn-more\">\u0447\u0438\u0442\u0430\u0442\u044c \u0434\u0430\u043b\u044c\u0448\u0435<\/a>\n\n\t\t\t\t\t\t<\/div>\n\t\t\t\t\t\t\t\t\t\t\t\t<div class=\"slick-slide post-el \">\n\t\t\t\t\t\t\t\t\t<div class=\"mn-images-container\">\n\t\t\t\t\t\t\t\t\t\t                                            <img src=\"https:\/\/up.lublin.pl\/\/files\/images\/kwapisz\/galerie\/2020-10-01 WIP\/321.jpg\" alt=\"Immatrykulacja student\u00f3w Wydzia\u0142u In\u017cynierii Produkcji\" \/>\n\t\t\t\t\t\t\t\t\t\t\t\t\t\t\t\t\t\t\t\t<\/div>\n\t\t\t\t\t\t\t\t<div class=\"mn-content\">\n\t\t\t\t\t\t\t\t\t<p>Immatrykulacja student\u00f3w Wydzia\u0142u In\u017cynierii Produkcji<\/p>\n\t\t\t\t\t\t\t\t<\/div>\n\t\t\t\t\t\t\t\t<a href=\"https:\/\/up.lublin.pl\/ru\/blog\/galeria\/immatrykulacja-studentow-wydzialu-inzynierii-produkcji\/\" class=\"mn-more\">\u0447\u0438\u0442\u0430\u0442\u044c \u0434\u0430\u043b\u044c\u0448\u0435<\/a>\n\n\t\t\t\t\t\t<\/div>\n\t\t\t\t\t\t\t\t\t\t\t\t<div class=\"slick-slide post-el \">\n\t\t\t\t\t\t\t\t\t<div class=\"mn-images-container\">\n\t\t\t\t\t\t\t\t\t\t                                            <img src=\"https:\/\/up.lublin.pl\/\/files\/images\/kwapisz\/galerie\/2020-10-01 WOiAK\/259.jpg\" alt=\"Immatrykulacja student\u00f3w Wydzia\u0142u Ogrodnictwa i Architektury Krajobrazu\" \/>\n\t\t\t\t\t\t\t\t\t\t\t\t\t\t\t\t\t\t\t\t<\/div>\n\t\t\t\t\t\t\t\t<div class=\"mn-content\">\n\t\t\t\t\t\t\t\t\t<p>Immatrykulacja student\u00f3w Wydzia\u0142u Ogrodnictwa i&nbsp;Architektury Krajobrazu<\/p>\n\t\t\t\t\t\t\t\t<\/div>\n\t\t\t\t\t\t\t\t<a href=\"https:\/\/up.lublin.pl\/ru\/blog\/galeria\/immatrykulacja-studentow-wydzialu-ogrodnictwa-i-architektury-krajobrazu\/\" class=\"mn-more\">\u0447\u0438\u0442\u0430\u0442\u044c \u0434\u0430\u043b\u044c\u0448\u0435<\/a>\n\n\t\t\t\t\t\t<\/div>\n\t\t\t\t\t\t\t\t\t\t\t\t<div class=\"slick-slide post-el \">\n\t\t\t\t\t\t\t\t\t<div class=\"mn-images-container\">\n\t\t\t\t\t\t\t\t\t\t                                            <img src=\"https:\/\/up.lublin.pl\/\/files\/images\/kwapisz\/galerie\/2020-10-01 WNoZiB\/190.jpg\" alt=\"Immatrykulacja student\u00f3w Wydzia\u0142u Nauk o Zwierz\u0119tach i Biogospodarki\" \/>\n\t\t\t\t\t\t\t\t\t\t\t\t\t\t\t\t\t\t\t\t<\/div>\n\t\t\t\t\t\t\t\t<div class=\"mn-content\">\n\t\t\t\t\t\t\t\t\t<p>Immatrykulacja student\u00f3w Wydzia\u0142u Nauk o&nbsp;Zwierz\u0119tach i&nbsp;Biogospodarki<\/p>\n\t\t\t\t\t\t\t\t<\/div>\n\t\t\t\t\t\t\t\t<a href=\"https:\/\/up.lublin.pl\/ru\/blog\/galeria\/immatrykulacja-studentow-wydzialu-nauk-o-zwierzetach-i-biogospodarki\/\" class=\"mn-more\">\u0447\u0438\u0442\u0430\u0442\u044c \u0434\u0430\u043b\u044c\u0448\u0435<\/a>\n\n\t\t\t\t\t\t<\/div>\n\t\t\t\t\t\t\t\t\t\t\t\t<div class=\"slick-slide post-el \">\n\t\t\t\t\t\t\t\t\t<div class=\"mn-images-container\">\n\t\t\t\t\t\t\t\t\t\t                                            <img src=\"https:\/\/up.lublin.pl\/\/files\/images\/kwapisz\/galerie\/2020-10-01 WMW\/028.jpg\" alt=\"Immatrykulacja student\u00f3w Wydzia\u0142u Medycyny Weterynaryjnej\" \/>\n\t\t\t\t\t\t\t\t\t\t\t\t\t\t\t\t\t\t\t\t<\/div>\n\t\t\t\t\t\t\t\t<div class=\"mn-content\">\n\t\t\t\t\t\t\t\t\t<p>Immatrykulacja student\u00f3w Wydzia\u0142u Medycyny Weterynaryjnej<\/p>\n\t\t\t\t\t\t\t\t<\/div>\n\t\t\t\t\t\t\t\t<a href=\"https:\/\/up.lublin.pl\/ru\/blog\/galeria\/immatrykulacja-studentow-wydzialu-medycyny-weterynaryjnej\/\" class=\"mn-more\">\u0447\u0438\u0442\u0430\u0442\u044c \u0434\u0430\u043b\u044c\u0448\u0435<\/a>\n\n\t\t\t\t\t\t<\/div>\n\t\t\t\t\t\t\t\t\t\t\t\t<div class=\"slick-slide post-el \">\n\t\t\t\t\t\t\t\t\t<div class=\"mn-images-container\">\n\t\t\t\t\t\t\t\t\t\t                                            <img src=\"https:\/\/up.lublin.pl\/\/files\/images\/kwapisz\/galerie\/2020-10-01 WA\/079.jpg\" alt=\"Immatrykulacja student\u00f3w Wydzia\u0142u Agrobioin\u017cynierii\" \/>\n\t\t\t\t\t\t\t\t\t\t\t\t\t\t\t\t\t\t\t\t<\/div>\n\t\t\t\t\t\t\t\t<div class=\"mn-content\">\n\t\t\t\t\t\t\t\t\t<p>Immatrykulacja student\u00f3w Wydzia\u0142u Agrobioin\u017cynierii<\/p>\n\t\t\t\t\t\t\t\t<\/div>\n\t\t\t\t\t\t\t\t<a href=\"https:\/\/up.lublin.pl\/ru\/blog\/galeria\/immatrykulacja-studentow-wydzialu-agrobioinzynierii\/\" class=\"mn-more\">\u0447\u0438\u0442\u0430\u0442\u044c \u0434\u0430\u043b\u044c\u0448\u0435<\/a>\n\n\t\t\t\t\t\t<\/div>\n\t\t\t\t\t\t\t\t\t\t\t\t<div class=\"slick-slide post-el \">\n\t\t\t\t\t\t\t\t\t<div class=\"mn-images-container\">\n\t\t\t\t\t\t\t\t\t\t                                            <img src=\"https:\/\/up.lublin.pl\/wp-content\/uploads\/2020\/10\/006.jpg\" alt=\"Inauguracja 2020\/21\" \/>\n\t\t\t\t\t\t\t\t\t\t\t\t\t\t\t\t\t\t\t\t<\/div>\n\t\t\t\t\t\t\t\t<div class=\"mn-content\">\n\t\t\t\t\t\t\t\t\t<p>Inauguracja 2020\/21<\/p>\n\t\t\t\t\t\t\t\t<\/div>\n\t\t\t\t\t\t\t\t<a href=\"https:\/\/up.lublin.pl\/ru\/blog\/galeria\/inauguracja-2020-21\/\" class=\"mn-more\">\u0447\u0438\u0442\u0430\u0442\u044c \u0434\u0430\u043b\u044c\u0448\u0435<\/a>\n\n\t\t\t\t\t\t<\/div>\n\t\t\t\t\t\t\t\t\t\t\t\t<div class=\"slick-slide post-el \">\n\t\t\t\t\t\t\t\t\t<div class=\"mn-images-container\">\n\t\t\t\t\t\t\t\t\t\t                                            <img src=\"https:\/\/up.lublin.pl\/\/files\/images\/kwapisz\/galerie\/2020-09-22 JWM\/045.jpg\" alt=\"Jesienne Warsztaty Mleczarskie\" \/>\n\t\t\t\t\t\t\t\t\t\t\t\t\t\t\t\t\t\t\t\t<\/div>\n\t\t\t\t\t\t\t\t<div class=\"mn-content\">\n\t\t\t\t\t\t\t\t\t<p>Jesienne Warsztaty Mleczarskie<\/p>\n\t\t\t\t\t\t\t\t<\/div>\n\t\t\t\t\t\t\t\t<a href=\"https:\/\/up.lublin.pl\/ru\/blog\/galeria\/jesienne-warsztaty-mleczarskie\/\" class=\"mn-more\">\u0447\u0438\u0442\u0430\u0442\u044c \u0434\u0430\u043b\u044c\u0448\u0435<\/a>\n\n\t\t\t\t\t\t<\/div>\n\t\t\t\t\t\t\t\t\t\t\t\t<div class=\"slick-slide post-el \">\n\t\t\t\t\t\t\t\t\t<div class=\"mn-images-container\">\n\t\t\t\t\t\t\t\t\t\t                                            <img src=\"https:\/\/up.lublin.pl\/\/files\/images\/kwapisz\/galerie\/2020-05-02 DO WNOZiB\/005.jpg\" alt=\"Dzie\u0144 Otwarty UP w Lublinie na Wydziale Nauk o \u017bywno\u015bci i Biotechnologii\" \/>\n\t\t\t\t\t\t\t\t\t\t\t\t\t\t\t\t\t\t\t\t<\/div>\n\t\t\t\t\t\t\t\t<div class=\"mn-content\">\n\t\t\t\t\t\t\t\t\t<p>Dzie\u0144 Otwarty UP w&nbsp;Lublinie na Wydziale Nauk o&nbsp;\u017bywno\u015bci i&nbsp;Biotechnologii<\/p>\n\t\t\t\t\t\t\t\t<\/div>\n\t\t\t\t\t\t\t\t<a href=\"https:\/\/up.lublin.pl\/ru\/blog\/galeria\/galeria-6713\/\" class=\"mn-more\">\u0447\u0438\u0442\u0430\u0442\u044c \u0434\u0430\u043b\u044c\u0448\u0435<\/a>\n\n\t\t\t\t\t\t<\/div>\n\t\t\t\t\t\t\t\t\t\t\t\t<div class=\"slick-slide post-el \">\n\t\t\t\t\t\t\t\t\t<div class=\"mn-images-container\">\n\t\t\t\t\t\t\t\t\t\t                                            <img src=\"https:\/\/up.lublin.pl\/wp-content\/uploads\/2020\/03\/019-258x280.jpg\" alt=\"Listy gratulacyjne dla stypendyst\u00f3w programu Miasta Lublin\" \/>\n\t\t\t\t\t\t\t\t\t\t\t\t\t\t\t\t\t\t\t\t<\/div>\n\t\t\t\t\t\t\t\t<div class=\"mn-content\">\n\t\t\t\t\t\t\t\t\t<p>Listy gratulacyjne dla stypendyst\u00f3w programu Miasta Lublin<\/p>\n\t\t\t\t\t\t\t\t<\/div>\n\t\t\t\t\t\t\t\t<a href=\"https:\/\/up.lublin.pl\/ru\/blog\/galeria\/listy-gratulacyjne-dla-stypendystow-programu-miasta-lublin\/\" class=\"mn-more\">\u0447\u0438\u0442\u0430\u0442\u044c \u0434\u0430\u043b\u044c\u0448\u0435<\/a>\n\n\t\t\t\t\t\t<\/div>\n\t\t\t\t\t\t\t\t\t\t\t\t<div class=\"slick-slide post-el \">\n\t\t\t\t\t\t\t\t\t<div class=\"mn-images-container\">\n\t\t\t\t\t\t\t\t\t\t                                            <img src=\"https:\/\/up.lublin.pl\/\/files\/images\/kwapisz\/galerie\/2020-03-09 listy\/028.jpg\" alt=\"Listy gratulacyjne dla stypendyst\u00f3w programu Miasta Lublin\" \/>\n\t\t\t\t\t\t\t\t\t\t\t\t\t\t\t\t\t\t\t\t<\/div>\n\t\t\t\t\t\t\t\t<div class=\"mn-content\">\n\t\t\t\t\t\t\t\t\t<p>Listy gratulacyjne dla stypendyst\u00f3w programu Miasta Lublin<\/p>\n\t\t\t\t\t\t\t\t<\/div>\n\t\t\t\t\t\t\t\t<a href=\"https:\/\/up.lublin.pl\/ru\/blog\/galeria\/galeria-6699\/\" class=\"mn-more\">\u0447\u0438\u0442\u0430\u0442\u044c \u0434\u0430\u043b\u044c\u0448\u0435<\/a>\n\n\t\t\t\t\t\t<\/div>\n\t\t\t\t\t\t\t\t\t\t\t\t<div class=\"slick-slide post-el \">\n\t\t\t\t\t\t\t\t\t<div class=\"mn-images-container\">\n\t\t\t\t\t\t\t\t\t\t                                            <img src=\"https:\/\/up.lublin.pl\/wp-content\/uploads\/2020\/08\/003-258x280.jpg\" alt=\"Kobieta na medal\" \/>\n\t\t\t\t\t\t\t\t\t\t\t\t\t\t\t\t\t\t\t\t<\/div>\n\t\t\t\t\t\t\t\t<div class=\"mn-content\">\n\t\t\t\t\t\t\t\t\t<p>Kobieta na medal<\/p>\n\t\t\t\t\t\t\t\t<\/div>\n\t\t\t\t\t\t\t\t<a href=\"https:\/\/up.lublin.pl\/ru\/blog\/galeria\/kobieta-na-medal\/\" class=\"mn-more\">\u0447\u0438\u0442\u0430\u0442\u044c \u0434\u0430\u043b\u044c\u0448\u0435<\/a>\n\n\t\t\t\t\t\t<\/div>\n\t\t\t\t\t\t\t\t\t\t\t\t<div class=\"slick-slide post-el \">\n\t\t\t\t\t\t\t\t\t<div class=\"mn-images-container\">\n\t\t\t\t\t\t\t\t\t\t                                            <img src=\"https:\/\/up.lublin.pl\/wp-content\/uploads\/2020\/08\/010-1-258x280.jpg\" alt=\"Dzie\u0144 Otwarty 2020\" \/>\n\t\t\t\t\t\t\t\t\t\t\t\t\t\t\t\t\t\t\t\t<\/div>\n\t\t\t\t\t\t\t\t<div class=\"mn-content\">\n\t\t\t\t\t\t\t\t\t<p>Dzie\u0144 Otwarty 2020<\/p>\n\t\t\t\t\t\t\t\t<\/div>\n\t\t\t\t\t\t\t\t<a href=\"https:\/\/up.lublin.pl\/ru\/blog\/galeria\/dzien-otwarty-2020\/\" class=\"mn-more\">\u0447\u0438\u0442\u0430\u0442\u044c \u0434\u0430\u043b\u044c\u0448\u0435<\/a>\n\n\t\t\t\t\t\t<\/div>\n\t\t\t\t\t\t\t\t\t\t\t\t<div class=\"slick-slide post-el \">\n\t\t\t\t\t\t\t\t\t<div class=\"mn-images-container\">\n\t\t\t\t\t\t\t\t\t\t                                            <img src=\"https:\/\/up.lublin.pl\/\/files\/images\/kwapisz\/galerie\/2020-02-21 ZSChiPS\/017.jpg\" alt=\"Wizyta UP w Lublinie w Zespole Szk\u00f3\u0142 Chemicznych i Przemys\u0142u Spo\u017cywczego\" \/>\n\t\t\t\t\t\t\t\t\t\t\t\t\t\t\t\t\t\t\t\t<\/div>\n\t\t\t\t\t\t\t\t<div class=\"mn-content\">\n\t\t\t\t\t\t\t\t\t<p>Wizyta UP w&nbsp;Lublinie w&nbsp;Zespole Szk\u00f3\u0142 Chemicznych i&nbsp;Przemys\u0142u Spo\u017cywczego<\/p>\n\t\t\t\t\t\t\t\t<\/div>\n\t\t\t\t\t\t\t\t<a href=\"https:\/\/up.lublin.pl\/ru\/blog\/galeria\/galeria-6693\/\" class=\"mn-more\">\u0447\u0438\u0442\u0430\u0442\u044c \u0434\u0430\u043b\u044c\u0448\u0435<\/a>\n\n\t\t\t\t\t\t<\/div>\n\t\t\t\t\t\t\t\t\t\t\t\t<div class=\"slick-slide post-el \">\n\t\t\t\t\t\t\t\t\t<div class=\"mn-images-container\">\n\t\t\t\t\t\t\t\t\t\t                                            <img src=\"https:\/\/up.lublin.pl\/\/files\/images\/kwapisz\/galerie\/2020-02-26 rzeszow\/017.jpg\" alt=\"Podkarpackie Targi Edukacyjne w Rzeszowie\" \/>\n\t\t\t\t\t\t\t\t\t\t\t\t\t\t\t\t\t\t\t\t<\/div>\n\t\t\t\t\t\t\t\t<div class=\"mn-content\">\n\t\t\t\t\t\t\t\t\t<p>Podkarpackie Targi Edukacyjne w&nbsp;Rzeszowie<\/p>\n\t\t\t\t\t\t\t\t<\/div>\n\t\t\t\t\t\t\t\t<a href=\"https:\/\/up.lublin.pl\/ru\/blog\/galeria\/galeria-6694\/\" class=\"mn-more\">\u0447\u0438\u0442\u0430\u0442\u044c \u0434\u0430\u043b\u044c\u0448\u0435<\/a>\n\n\t\t\t\t\t\t<\/div>\n\t\t\t\t\t\t\t\t\t\t\t\t<div class=\"slick-slide post-el \">\n\t\t\t\t\t\t\t\t\t<div class=\"mn-images-container\">\n\t\t\t\t\t\t\t\t\t\t                                            <img src=\"https:\/\/up.lublin.pl\/\/files\/images\/kwapisz\/galerie\/2020-02-15 bal\/136.jpg\" alt=\"Bal Karnawa\u0142owy 2020\" \/>\n\t\t\t\t\t\t\t\t\t\t\t\t\t\t\t\t\t\t\t\t<\/div>\n\t\t\t\t\t\t\t\t<div class=\"mn-content\">\n\t\t\t\t\t\t\t\t\t<p>Bal Karnawa\u0142owy 2020<\/p>\n\t\t\t\t\t\t\t\t<\/div>\n\t\t\t\t\t\t\t\t<a href=\"https:\/\/up.lublin.pl\/ru\/blog\/galeria\/galeria-6673\/\" class=\"mn-more\">\u0447\u0438\u0442\u0430\u0442\u044c \u0434\u0430\u043b\u044c\u0448\u0435<\/a>\n\n\t\t\t\t\t\t<\/div>\n\t\t\t\t\t\t\t\t\t\t\t\t<div class=\"slick-slide post-el \">\n\t\t\t\t\t\t\t\t\t<div class=\"mn-images-container\">\n\t\t\t\t\t\t\t\t\t\t                                            <img src=\"https:\/\/up.lublin.pl\/\/files\/images\/kwapisz\/galerie\/2020-02-17 WLISiE\/079.jpg\" alt=\"Wielka Lekcja In\u017cynierii \u015arodowiska i Ekoenergetyki\" \/>\n\t\t\t\t\t\t\t\t\t\t\t\t\t\t\t\t\t\t\t\t<\/div>\n\t\t\t\t\t\t\t\t<div class=\"mn-content\">\n\t\t\t\t\t\t\t\t\t<p>Wielka Lekcja In\u017cynierii \u015arodowiska i&nbsp;Ekoenergetyki<\/p>\n\t\t\t\t\t\t\t\t<\/div>\n\t\t\t\t\t\t\t\t<a href=\"https:\/\/up.lublin.pl\/ru\/blog\/galeria\/galeria-6663\/\" class=\"mn-more\">\u0447\u0438\u0442\u0430\u0442\u044c \u0434\u0430\u043b\u044c\u0448\u0435<\/a>\n\n\t\t\t\t\t\t<\/div>\n\t\t\t\t\t\t\t\t\t\t\t\t<div class=\"slick-slide post-el \">\n\t\t\t\t\t\t\t\t\t<div class=\"mn-images-container\">\n\t\t\t\t\t\t\t\t\t\t                                            <img src=\"https:\/\/up.lublin.pl\/\/files\/images\/kwapisz\/galerie\/2020-02-07 JSEJ\/028.jpg\" alt=\"XV Jubileuszowe \u0141osickie Spotkanie Edukacyjne\" \/>\n\t\t\t\t\t\t\t\t\t\t\t\t\t\t\t\t\t\t\t\t<\/div>\n\t\t\t\t\t\t\t\t<div class=\"mn-content\">\n\t\t\t\t\t\t\t\t\t<p>XV Jubileuszowe \u0141osickie Spotkanie Edukacyjne<\/p>\n\t\t\t\t\t\t\t\t<\/div>\n\t\t\t\t\t\t\t\t<a href=\"https:\/\/up.lublin.pl\/ru\/blog\/galeria\/galeria-6630\/\" class=\"mn-more\">\u0447\u0438\u0442\u0430\u0442\u044c \u0434\u0430\u043b\u044c\u0448\u0435<\/a>\n\n\t\t\t\t\t\t<\/div>\n\t\t\t\t\t\t\t\t\t\t\t\t<div class=\"slick-slide post-el \">\n\t\t\t\t\t\t\t\t\t<div class=\"mn-images-container\">\n\t\t\t\t\t\t\t\t\t\t                                            <img src=\"https:\/\/up.lublin.pl\/\/files\/images\/kwapisz\/galerie\/2020-02-07 nagrody\/079.jpg\" alt=\"Nagrody Projako\u015bciowe JM Rektora dla najlepszych Naukowc\u00f3w\" \/>\n\t\t\t\t\t\t\t\t\t\t\t\t\t\t\t\t\t\t\t\t<\/div>\n\t\t\t\t\t\t\t\t<div class=\"mn-content\">\n\t\t\t\t\t\t\t\t\t<p>Nagrody Projako\u015bciowe JM Rektora dla najlepszych Naukowc\u00f3w<\/p>\n\t\t\t\t\t\t\t\t<\/div>\n\t\t\t\t\t\t\t\t<a href=\"https:\/\/up.lublin.pl\/ru\/blog\/galeria\/galeria-6631\/\" class=\"mn-more\">\u0447\u0438\u0442\u0430\u0442\u044c \u0434\u0430\u043b\u044c\u0448\u0435<\/a>\n\n\t\t\t\t\t\t<\/div>\n\t\t\t\t\t\t\t\t\t\t\t\t<div class=\"slick-slide post-el \">\n\t\t\t\t\t\t\t\t\t<div class=\"mn-images-container\">\n\t\t\t\t\t\t\t\t\t\t                                            <img src=\"https:\/\/up.lublin.pl\/\/files\/images\/kwapisz\/galerie\/2020-02-04 JiP\/028.jpg\" alt=\"Wizyta w szko\u0142ach w Jab\u0142oniu i Parczewie\" \/>\n\t\t\t\t\t\t\t\t\t\t\t\t\t\t\t\t\t\t\t\t<\/div>\n\t\t\t\t\t\t\t\t<div class=\"mn-content\">\n\t\t\t\t\t\t\t\t\t<p>Wizyta w&nbsp;szko\u0142ach w&nbsp;Jab\u0142oniu i&nbsp;Parczewie<\/p>\n\t\t\t\t\t\t\t\t<\/div>\n\t\t\t\t\t\t\t\t<a href=\"https:\/\/up.lublin.pl\/ru\/blog\/galeria\/galeria-6609\/\" class=\"mn-more\">\u0447\u0438\u0442\u0430\u0442\u044c \u0434\u0430\u043b\u044c\u0448\u0435<\/a>\n\n\t\t\t\t\t\t<\/div>\n\t\t\t\t\t\t\t\t\t\t\t\t<div class=\"slick-slide post-el \">\n\t\t\t\t\t\t\t\t\t<div class=\"mn-images-container\">\n\t\t\t\t\t\t\t\t\t\t                                            <img src=\"https:\/\/up.lublin.pl\/\/files\/images\/kwapisz\/galerie\/2020-02-03 cavaliada\/028.jpg\" alt=\"CAVALIADA Lublin 2020\" \/>\n\t\t\t\t\t\t\t\t\t\t\t\t\t\t\t\t\t\t\t\t<\/div>\n\t\t\t\t\t\t\t\t<div class=\"mn-content\">\n\t\t\t\t\t\t\t\t\t<p>CAVALIADA Lublin 2020<\/p>\n\t\t\t\t\t\t\t\t<\/div>\n\t\t\t\t\t\t\t\t<a href=\"https:\/\/up.lublin.pl\/ru\/blog\/galeria\/galeria-6606\/\" class=\"mn-more\">\u0447\u0438\u0442\u0430\u0442\u044c \u0434\u0430\u043b\u044c\u0448\u0435<\/a>\n\n\t\t\t\t\t\t<\/div>\n\t\t\t\t\t\t\t\t\t\t\t\t<div class=\"slick-slide post-el \">\n\t\t\t\t\t\t\t\t\t<div class=\"mn-images-container\">\n\t\t\t\t\t\t\t\t\t\t                                            <img src=\"https:\/\/up.lublin.pl\/wp-content\/uploads\/2020\/01\/001.jpg\" alt=\"Tytu\u0142 Doktora Honoris Causa UPwL dla JE Abp. S. Budzika i promocje doktor\u00f3w habilitowanych\" \/>\n\t\t\t\t\t\t\t\t\t\t\t\t\t\t\t\t\t\t\t\t<\/div>\n\t\t\t\t\t\t\t\t<div class=\"mn-content\">\n\t\t\t\t\t\t\t\t\t<p>Tytu\u0142 Doktora Honoris Causa UPwL dla JE Abp. S. Budzika i&nbsp;promocje doktor\u00f3w habilitowanych<\/p>\n\t\t\t\t\t\t\t\t<\/div>\n\t\t\t\t\t\t\t\t<a href=\"https:\/\/up.lublin.pl\/ru\/blog\/galeria\/galeria-6597\/\" class=\"mn-more\">\u0447\u0438\u0442\u0430\u0442\u044c \u0434\u0430\u043b\u044c\u0448\u0435<\/a>\n\n\t\t\t\t\t\t<\/div>\n\t\t\t\t\t\t\t\t\t\t\t\t<div class=\"slick-slide post-el \">\n\t\t\t\t\t\t\t\t\t<div class=\"mn-images-container\">\n\t\t\t\t\t\t\t\t\t\t                                            <img src=\"https:\/\/up.lublin.pl\/\/files\/images\/niedziolka\/galerie\/_2020\/01. Spotkanie noworoczne\/071.jpg\" alt=\"Spotkanie Noworoczne Spo\u0142eczno\u015bci Akademickiej\" \/>\n\t\t\t\t\t\t\t\t\t\t\t\t\t\t\t\t\t\t\t\t<\/div>\n\t\t\t\t\t\t\t\t<div class=\"mn-content\">\n\t\t\t\t\t\t\t\t\t<p>Spotkanie Noworoczne Spo\u0142eczno\u015bci Akademickiej<\/p>\n\t\t\t\t\t\t\t\t<\/div>\n\t\t\t\t\t\t\t\t<a href=\"https:\/\/up.lublin.pl\/ru\/blog\/galeria\/galeria-6586\/\" class=\"mn-more\">\u0447\u0438\u0442\u0430\u0442\u044c \u0434\u0430\u043b\u044c\u0448\u0435<\/a>\n\n\t\t\t\t\t\t<\/div>\n\t\t\t\t\t\t\t\t\t\t<\/div>\n\t\t\t\t\t\t<\/div>\n\t<\/div>\n<\/section>\n\t\t<\/div>\n\t\t\t\t<\/div>\n\t\t\t\t\t\t<\/div>\n\t\t\t\t\t<\/div>\n\t\t<\/div>\n\t\t\t\t\t\t\t\t<\/div>\n\t\t\t\t\t<\/div>\n\t\t<\/section>\n\t\t\t\t<section class=\"elementor-section elementor-top-section elementor-element elementor-element-c153d07 elementor-section-boxed elementor-section-height-default elementor-section-height-default\" data-id=\"c153d07\" data-element_type=\"section\">\n\t\t\t\t\t\t<div class=\"elementor-container elementor-column-gap-default\">\n\t\t\t\t\t\t\t<div class=\"elementor-row\">\n\t\t\t\t\t<div class=\"elementor-column elementor-col-100 elementor-top-column elementor-element elementor-element-8351549\" data-id=\"8351549\" data-element_type=\"column\">\n\t\t\t<div class=\"elementor-column-wrap elementor-element-populated\">\n\t\t\t\t\t\t\t<div class=\"elementor-widget-wrap\">\n\t\t\t\t\t\t<div class=\"elementor-element elementor-element-8320afd elementor-widget elementor-widget-m4a\" data-id=\"8320afd\" data-element_type=\"widget\" data-widget_type=\"m4a.default\">\n\t\t\t\t<div class=\"elementor-widget-container\">\n\t\t\t\t<section class=\"mn-bg-green\">\n\t\t\t\t<div class=\"mn-grid\">\n\t\t\t\t\t\t\t<div class=\"mn-grid-3 mn-kat-m4-container\">\n\t\t\t\t\t\t\t\t\t\t\t\t\t\t\t\t<h3>\u0423\u043d\u0438\u0432\u0435\u0440\u0441\u0438\u0442\u0435\u0442<\/h3>\n\t\t\t\t\t\t\t\t\t\t\t\t\t\t\t\t\t\t\t\t<\/div>\n\t\t\t\t\t\t\t\t<div class=\"mn-grid-3 mn-kat-m4-container\">\n\t\t\t\t\t\t\t\t\t\t\t\t\t\t\t\t<h3>2019<\/h3>\n\t\t\t\t\t\t\t\t\t\t\t\t\t\t\t\t\t\t\t\t<\/div>\n\t\t\t\t\t\t\t\t<div class=\"mn-grid-3 mn-kat-m4-container\">\n\t\t\t\t\t\t\t\t\t\t\t\t\t\t\t\t<h3>2019<\/h3>\n\t\t\t\t\t\t\t\t\t\t\t\t\t\t\t\t\t\t\t\t<\/div>\n\t\t\t\t\t\t\t\t<div class=\"mn-grid-3 mn-kat-m4-container\">\n\t\t\t\t\t\t\t\t\t\t\t\t\t\t\t\t<h3>2020<\/h3>\n\t\t\t\t\t\t\t\t\t\t\t\t\t\t\t\t\t\t\t\t<\/div>\n\t\t\t\t\t\t\t\t<div class=\"mn-grid-3 mn-kat-m4-container\">\n\t\t\t\t\t\t\t\t\t\t\t\t\t\t\t\t<h3>2020<\/h3>\n\t\t\t\t\t\t\t\t\t\t\t\t\t\t\t\t\t\t\t\t<\/div>\n\t\t\t\t\t\t\t\t<div class=\"mn-grid-3 mn-kat-m4-container\">\n\t\t\t\t\t\t\t\t\t\t\t\t\t\t\t\t<h3>2020<\/h3>\n\t\t\t\t\t\t\t\t\t\t\t\t\t\t\t\t\t\t\t\t<\/div>\n\t\t\t\t\t\t\t\t<div class=\"mn-grid-3 mn-kat-m4-container\">\n\t\t\t\t\t\t\t\t\t\t\t\t\t\t\t\t<h3>2020<\/h3>\n\t\t\t\t\t\t\t\t\t\t\t\t\t\t\t\t\t\t\t\t<\/div>\n\t\t\t\t\t\t\t\t<div class=\"mn-grid-3 mn-kat-m4-container\">\n\t\t\t\t\t\t\t\t\t\t\t\t\t\t\t\t<h3>2020<\/h3>\n\t\t\t\t\t\t\t\t\t\t\t\t\t\t\t\t\t\t\t\t<\/div>\n\t\t\t\t\t\t\t\t<div class=\"mn-grid-3 mn-kat-m4-container\">\n\t\t\t\t\t\t\t\t\t\t\t\t\t\t\t\t<h3>2020<\/h3>\n\t\t\t\t\t\t\t\t\t\t\t\t\t\t\t\t\t\t\t\t<\/div>\n\t\t\t\t\t\t\t\t<div class=\"mn-grid-3 mn-kat-m4-container\">\n\t\t\t\t\t\t\t\t\t\t\t\t\t\t\t\t<h3>2020<\/h3>\n\t\t\t\t\t\t\t\t\t\t\t\t\t\t\t\t\t\t\t\t<\/div>\n\t\t\t\t\t\t<\/div>\n\t<\/section>\n\t\t\t<\/div>\n\t\t\t\t<\/div>\n\t\t\t\t\t\t<\/div>\n\t\t\t\t\t<\/div>\n\t\t<\/div>\n\t\t\t\t\t\t\t\t<\/div>\n\t\t\t\t\t<\/div>\n\t\t<\/section>\n\t\t\t\t<section class=\"elementor-section elementor-top-section elementor-element elementor-element-719acd4 elementor-section-boxed elementor-section-height-default elementor-section-height-default\" data-id=\"719acd4\" data-element_type=\"section\">\n\t\t\t\t\t\t<div class=\"elementor-container elementor-column-gap-default\">\n\t\t\t\t\t\t\t<div class=\"elementor-row\">\n\t\t\t\t\t<div class=\"elementor-column elementor-col-100 elementor-top-column elementor-element elementor-element-c9fe6c9\" data-id=\"c9fe6c9\" data-element_type=\"column\">\n\t\t\t<div class=\"elementor-column-wrap\">\n\t\t\t\t\t\t\t<div class=\"elementor-widget-wrap\">\n\t\t\t\t\t\t\t\t<\/div>\n\t\t\t\t\t<\/div>\n\t\t<\/div>\n\t\t\t\t\t\t\t\t<\/div>\n\t\t\t\t\t<\/div>\n\t\t<\/section>\n\t\t\t\t\t\t<\/div>\n\t\t\t\t\t\t<\/div>\n\t\t\t\t\t<\/div>\n\t\t","protected":false},"excerpt":{"rendered":"<p>\u0413\u0430\u043b\u0435\u0440\u0435\u044f \u0413\u0430\u043b\u0435\u0440\u0435\u044f Lorem Ipsum dlor Inauguracja 2020\/21 Zobacz wi\u0119cej Termomodernizacja Grudzie\u0144 2019 &#8211; Czerwiec 2020 Zobacz wi\u0119cej Stan budynku przed modernizacj\u0105, Stycze\u0144 2020 Zobacz wi\u0119cej Stan budynku przed modernizacj\u0105, Luty 2020 Zobacz wi\u0119cej Stan budynku przed modernizacj\u0105, Marzec 2020 Zobacz wi\u0119cej Stan budynku przed modernizacj\u0105, Kwiecie\u0144 2020 Zobacz wi\u0119cej Stan budynku przed modernizacj\u0105, Grudzie\u0144 2019 [&hellip;]<\/p>\n","protected":false},"author":2,"featured_media":0,"parent":97349,"menu_order":0,"comment_status":"closed","ping_status":"closed","template":"elementor_header_footer","meta":{"_monsterinsights_skip_tracking":false,"_monsterinsights_sitenote_active":false,"_monsterinsights_sitenote_note":"","_monsterinsights_sitenote_category":0},"_links":{"self":[{"href":"https:\/\/up.lublin.pl\/ru\/wp-json\/wp\/v2\/pages\/97372"}],"collection":[{"href":"https:\/\/up.lublin.pl\/ru\/wp-json\/wp\/v2\/pages"}],"about":[{"href":"https:\/\/up.lublin.pl\/ru\/wp-json\/wp\/v2\/types\/page"}],"author":[{"embeddable":true,"href":"https:\/\/up.lublin.pl\/ru\/wp-json\/wp\/v2\/users\/2"}],"replies":[{"embeddable":true,"href":"https:\/\/up.lublin.pl\/ru\/wp-json\/wp\/v2\/comments?post=97372"}],"version-history":[{"count":3,"href":"https:\/\/up.lublin.pl\/ru\/wp-json\/wp\/v2\/pages\/97372\/revisions"}],"predecessor-version":[{"id":98919,"href":"https:\/\/up.lublin.pl\/ru\/wp-json\/wp\/v2\/pages\/97372\/revisions\/98919"}],"up":[{"embeddable":true,"href":"https:\/\/up.lublin.pl\/ru\/wp-json\/wp\/v2\/pages\/97349"}],"wp:attachment":[{"href":"https:\/\/up.lublin.pl\/ru\/wp-json\/wp\/v2\/media?parent=97372"}],"curies":[{"name":"wp","href":"https:\/\/api.w.org\/{rel}","templated":true}]}}