{"id":563326,"date":"2026-08-24T11:25:05","date_gmt":"2026-08-24T09:25:05","guid":{"rendered":"https:\/\/up.lublin.pl\/%d0%be%d0%b1%d1%89%d0%b5%d0%b6%d0%b8%d1%82%d0%b8%d1%8f\/"},"modified":"2026-08-24T11:43:09","modified_gmt":"2026-08-24T09:43:09","slug":"akademiki","status":"publish","type":"page","link":"https:\/\/up.lublin.pl\/ru\/akademiki\/","title":{"rendered":"\u041e\u0431\u0449\u0435\u0436\u0438\u0442\u0438\u044f"},"content":{"rendered":"\t\t<div data-elementor-type=\"wp-page\" data-elementor-id=\"563326\" class=\"elementor elementor-563326 elementor-97427\" data-elementor-settings=\"[]\">\n\t\t\t\t\t\t<div class=\"elementor-inner\">\n\t\t\t\t\t\t\t<div class=\"elementor-section-wrap\">\n\t\t\t\t\t\t\t<section class=\"elementor-section elementor-top-section elementor-element elementor-element-56e0881 elementor-section-boxed elementor-section-height-default elementor-section-height-default\" data-id=\"56e0881\" data-element_type=\"section\">\n\t\t\t\t\t\t<div class=\"elementor-container elementor-column-gap-default\">\n\t\t\t\t\t\t\t<div class=\"elementor-row\">\n\t\t\t\t\t<div class=\"elementor-column elementor-col-100 elementor-top-column elementor-element elementor-element-6065375\" data-id=\"6065375\" data-element_type=\"column\">\n\t\t\t<div class=\"elementor-column-wrap elementor-element-populated\">\n\t\t\t\t\t\t\t<div class=\"elementor-widget-wrap\">\n\t\t\t\t\t\t<div class=\"elementor-element elementor-element-3c23c22 elementor-widget elementor-widget-m2d\" data-id=\"3c23c22\" data-element_type=\"widget\" data-widget_type=\"m2d.default\">\n\t\t\t\t<div class=\"elementor-widget-container\">\n\t\t\t<section class=\"mn-m2-d mn-bg-green\">\r\n\t<div class=\"mn-grid\">\r\n\t\t<div class=\"mn-grid-3 mn-introtext\">\r\n\t\t\t\t\t\t\t<h3>\r\n\t\t\t\t\tAkademiki\t\t\t\t<\/h3>\r\n\t\t\t\t\t\t<\/div>\r\n\t\t\t            <div class=\"mn-grid-9 mn-image-container\">\r\n\t\t\t\t<img src=\"https:\/\/up.lublin.pl\/wp-content\/uploads\/2026\/01\/studenci.jpg\" alt=\"\">\r\n            <\/div>\r\n\t\t\t\t        \r\n\r\n\t<\/div>\r\n\t<\/section>\r\n\t\t<\/div>\n\t\t\t\t<\/div>\n\t\t\t\t\t\t<\/div>\n\t\t\t\t\t<\/div>\n\t\t<\/div>\n\t\t\t\t\t\t\t\t<\/div>\n\t\t\t\t\t<\/div>\n\t\t<\/section>\n\t\t\t\t<section class=\"elementor-section elementor-top-section elementor-element elementor-element-16e15e5 elementor-section-boxed elementor-section-height-default elementor-section-height-default\" data-id=\"16e15e5\" data-element_type=\"section\">\n\t\t\t\t\t\t<div class=\"elementor-container elementor-column-gap-default\">\n\t\t\t\t\t\t\t<div class=\"elementor-row\">\n\t\t\t\t\t<div class=\"elementor-column elementor-col-100 elementor-top-column elementor-element elementor-element-6e4703c\" data-id=\"6e4703c\" data-element_type=\"column\">\n\t\t\t<div class=\"elementor-column-wrap elementor-element-populated\">\n\t\t\t\t\t\t\t<div class=\"elementor-widget-wrap\">\n\t\t\t\t\t\t<div class=\"elementor-element elementor-element-c21a0bd elementor-widget elementor-widget-m5c\" data-id=\"c21a0bd\" data-element_type=\"widget\" data-widget_type=\"m5c.default\">\n\t\t\t\t<div class=\"elementor-widget-container\">\n\t\t\t<section class=\"mn-m5-c mn-bg-white\">\n\t<div class=\"mn-grid\">\n\t\t            <div class=\"mn-menu-container mn-grid-3\">\n                <ul class=\"mn-bg-yellow\">\n\t                                        <li>\n                            <a href=\"#\" class=\"active\" data-hash=\"#eskulap\">\n                                Akademik ESKULAP                            <\/a>\n                        <\/li>\n                                                <li>\n                            <a href=\"#\" class=\"\" data-hash=\"#cebion\">\n                                Akademik CEBION                            <\/a>\n                        <\/li>\n                                                <li>\n                            <a href=\"#\" class=\"\" data-hash=\"#dodek\">\n                                Akademik DODEK                            <\/a>\n                        <\/li>\n                                                <li>\n                            <a href=\"#\" class=\"\" data-hash=\"#broadway_manhattan\">\n                                Akademiki BROADWAY i&nbsp;MANHATTAN                            <\/a>\n                        <\/li>\n                                        <\/ul>\n            <\/div>\n\t        \t\t<div class=\"mn-content mn-grid-8\">\n\t\t\t                <div class=\"mn-content-block active\">\n\t                                                        <div class=\"block-text\">\n\t                                        <h3 style=\"text-align: center\"><strong>Akademik ESKULAP<\/strong><\/h3>\n<p><a href=\"https:\/\/www.google.pl\/maps\/place\/Mariana+Langiewicza,+Lublin\/@51.2448521,22.5352396,144a,35y,39.42t\/data=!3m1!1e3!4m5!3m4!1s0x472259d863e4dce9:0x4add04f25ce22835!8m2!3d51.2461544!4d22.5361608\">ul. Langiewicza 12<\/a> (centrum, miasteczko akademickie)<br \/>Podwy\u017cszony standard, bardzo dobre wyposa\u017cenie: pokoje z&nbsp;\u0142azienk\u0105 i&nbsp;aneksem kuchennym <br \/>Rezerwacje: telefon: +48 81 441 14 87<\/p>\n                                        <\/div>\n\t\t\t\t\t\t                                                        <div class=\"block-text\">\n\t                                        <h2 style=\"text-align: center;\"><strong><em>Cena<\/em><\/strong><\/h2>\n<p><span id=\"page161R_mcid9\" class=\"markedContent\"><span dir=\"ltr\" role=\"presentation\">Ceny zawieraj\u0105 op\u0142aty za media, internet oraz podatek VAT<\/span><\/span>.<br \/><span style=\"color: #b50000;\"><strong>Obowi\u0105zuj\u0105 od 1 pa\u017adziernika 2026.<\/strong><\/span><\/p>\n<p style=\"text-align: center;\"><strong><em>Tabela op\u0142at za kwaterowanie w&nbsp;domach studenckich<br \/>Student\u00f3w i&nbsp;doktorant\u00f3w Uniwersytetu Przyrodniczego w&nbsp;Lublinie<\/em><\/strong><\/p>\n<table style=\"border-collapse: collapse; width: 100%; margin-bottom: 20px;\">\n<tbody>\n<tr>\n<th style=\"width: 63.0342%; text-align: center;\">Op\u0142ata<\/th>\n<th style=\"width: 36.9658%; text-align: center;\">D.S. Eskulap<\/th>\n<\/tr>\n<tr>\n<td style=\"width: 63.0342%;\">Miesi\u0119czna za jedno miejsce w&nbsp;pokoju 2-osobowym<\/td>\n<td style=\"width: 36.9658%; text-align: center;\">1 040,00 z\u0142<\/td>\n<\/tr>\n<tr>\n<td style=\"width: 63.0342%;\">Miesi\u0119czna za pok\u00f3j 2-osobowy, w&nbsp;kt\u00f3rym zakwaterowana jest jedna osoba<\/td>\n<td style=\"width: 36.9658%; text-align: center;\">1 710,00 z\u0142<\/td>\n<\/tr>\n<tr>\n<td style=\"width: 63.0342%;\">Miesi\u0119czna za pok\u00f3j 1-osobowy<\/td>\n<td style=\"width: 36.9658%; text-align: center;\">1 490,00 z\u0142<\/td>\n<\/tr>\n<tr>\n<td style=\"width: 63.0342%;\">Miesi\u0119czna za pok\u00f3j 1-osobowy o&nbsp;zwi\u0119kszonym metra\u017cu lub sk\u0142adaj\u0105cy si\u0119 z\u00a0 dw\u00f3ch pomieszcze\u0144<\/td>\n<td style=\"width: 36.9658%; text-align: center;\">1 600,00 z\u0142<\/td>\n<\/tr>\n<tr>\n<td style=\"width: 63.0342%;\">Za jedn\u0105 dob\u0119 za pok\u00f3j 2-osobowy<\/td>\n<td style=\"width: 36.9658%; text-align: center;\">170,00 z\u0142<\/td>\n<\/tr>\n<tr>\n<td style=\"width: 63.0342%;\">Za jedn\u0105 dob\u0119 za pok\u00f3j 1-osobowy<\/td>\n<td style=\"width: 36.9658%; text-align: center;\">125,00 z\u0142<\/td>\n<\/tr>\n<\/tbody>\n<\/table>\n<p style=\"text-align: center;\"><strong><em>Tabela op\u0142at za kwaterowanie w&nbsp;domach studenckich pracownik\u00f3w Uniwersytetu Przyrodniczego w&nbsp;Lublinie oraz student\u00f3w i&nbsp;doktorant\u00f3w uczelni cz\u0142onkowskich Zwi\u0105zku Uczelni Lubelskich (UMCS, PL,<br \/>UM w&nbsp;Lublinie)<\/em><\/strong><\/p>\n<table style=\"border-collapse: collapse; width: 100%; margin-bottom: 20px; height: 253px;\">\n<tbody>\n<tr style=\"height: 23px;\">\n<th style=\"width: 63.0342%; text-align: center; height: 23px;\">Op\u0142ata<\/th>\n<th style=\"width: 36.9658%; text-align: center; height: 23px;\">D.S. Eskulap<\/th>\n<\/tr>\n<tr style=\"height: 46px;\">\n<td style=\"width: 63.0342%; height: 46px;\">Miesi\u0119czna za jedno miejsce w&nbsp;pokoju 2-osobowym<\/td>\n<td style=\"width: 36.9658%; text-align: center; height: 46px;\">1120,00 z\u0142<\/td>\n<\/tr>\n<tr style=\"height: 46px;\">\n<td style=\"width: 63.0342%; height: 46px;\">Miesi\u0119czna za pok\u00f3j 2-osobowy, w&nbsp;kt\u00f3rym zakwaterowana jest jedna osoba<\/td>\n<td style=\"width: 36.9658%; text-align: center; height: 46px;\">1 850,00 z\u0142<\/td>\n<\/tr>\n<tr style=\"height: 23px;\">\n<td style=\"width: 63.0342%; height: 23px;\">Miesi\u0119czna za pok\u00f3j 1-osobowy<\/td>\n<td style=\"width: 36.9658%; text-align: center; height: 23px;\">1 610,00 z\u0142<\/td>\n<\/tr>\n<tr style=\"height: 69px;\">\n<td style=\"width: 63.0342%; height: 69px;\">Miesi\u0119czna za pok\u00f3j 1-osobowy o&nbsp;zwi\u0119kszonym metra\u017cu lub sk\u0142adaj\u0105cy si\u0119 z\u00a0 dw\u00f3ch pomieszcze\u0144<\/td>\n<td style=\"width: 36.9658%; text-align: center; height: 69px;\">1 730,00 z\u0142<\/td>\n<\/tr>\n<tr style=\"height: 23px;\">\n<td style=\"width: 63.0342%; height: 23px;\">Za jedn\u0105 dob\u0119 za pok\u00f3j 2-osobowy<\/td>\n<td style=\"width: 36.9658%; text-align: center; height: 23px;\">200,00 z\u0142<\/td>\n<\/tr>\n<tr style=\"height: 23px;\">\n<td style=\"width: 63.0342%; height: 23px;\">Za jedn\u0105 dob\u0119 za pok\u00f3j 1-osobowy<\/td>\n<td style=\"width: 36.9658%; text-align: center; height: 23px;\">145,00 z\u0142<\/td>\n<\/tr>\n<\/tbody>\n<\/table>\n<p style=\"text-align: center;\"><strong><em>Tabela op\u0142at za kwaterowanie w&nbsp;domach studenckich nieb\u0119d\u0105cych<br \/>studentami, doktorantami i&nbsp;pracownikami UP w&nbsp;Lublinie oraz studentami lub doktorantami uczelni cz\u0142onkowskich Zwi\u0105zku Uczelni Lubelskich (UMCS,PL, UM w&nbsp;Lublinie)<\/em><\/strong><\/p>\n<table style=\"border-collapse: collapse; width: 100%; margin-bottom: 20px; height: 165px;\">\n<tbody>\n<tr style=\"height: 23px;\">\n<th style=\"width: 63.0342%; text-align: center; height: 23px;\">Op\u0142ata<\/th>\n<th style=\"width: 36.9658%; text-align: center; height: 23px;\">D.S. Eskulap<\/th>\n<\/tr>\n<tr style=\"height: 23px;\">\n<td style=\"width: 63.0342%; height: 23px;\">Miesi\u0119czna za jedno miejsce w&nbsp;pokoju 2-osobowym<\/td>\n<td style=\"width: 36.9658%; text-align: center; height: 23px;\">1 400,00 z\u0142<\/td>\n<\/tr>\n<tr style=\"height: 23px;\">\n<td style=\"width: 63.0342%; height: 23px;\">Miesi\u0119czna za pok\u00f3j 2-osobowy, w&nbsp;kt\u00f3rym zakwaterowana jest jedna osoba<\/td>\n<td style=\"width: 36.9658%; text-align: center; height: 23px;\">2 000,00 z\u0142<\/td>\n<\/tr>\n<tr style=\"height: 23px;\">\n<td style=\"width: 63.0342%; height: 23px;\">Miesi\u0119czna za pok\u00f3j 1-osobowy<\/td>\n<td style=\"width: 36.9658%; text-align: center; height: 23px;\">1 800,00 z\u0142<\/td>\n<\/tr>\n<tr style=\"height: 23px;\">\n<td style=\"width: 63.0342%; height: 23px;\">Miesi\u0119czna za pok\u00f3j 1-osobowy o&nbsp;zwi\u0119kszonym metra\u017cu lub sk\u0142adaj\u0105cy si\u0119 z\u00a0 dw\u00f3ch pomieszcze\u0144<\/td>\n<td style=\"width: 36.9658%; text-align: center; height: 23px;\">1 850,00 z\u0142<\/td>\n<\/tr>\n<tr style=\"height: 27px;\">\n<td style=\"width: 63.0342%; height: 27px;\">Za jedn\u0105 dob\u0119 za pok\u00f3j 2-osobowy<\/td>\n<td style=\"width: 36.9658%; text-align: center; height: 27px;\">205,00 z\u0142<\/td>\n<\/tr>\n<tr style=\"height: 23px;\">\n<td style=\"width: 63.0342%; height: 23px;\">Za jedn\u0105 dob\u0119 za pok\u00f3j 1-osobowy<\/td>\n<td style=\"width: 36.9658%; text-align: center; height: 23px;\">160,00 z\u0142<\/td>\n<\/tr>\n<\/tbody>\n<\/table>\n                                        <\/div>\n\t\t\t\t\t\t                                                        <div class=\"block-text\">\n\t                                        <p>Tel. 81 441 14 86 do 88<br \/>\nAdministracja &#8211; tel. 81 441 14 91<\/p>\n<p><a class=\"thickbox\" style=\"line-height: 21.6px;\" href=\"https:\/\/up.lublin.pl\/wp-content\/uploads\/2026\/06\/Eskulap-pok.2.jpeg\"><img loading=\"lazy\" class=\"alignnone wp-image-549323\" style=\"line-height: 21.6px; border: 1px solid #dadada;\" src=\"https:\/\/up.lublin.pl\/wp-content\/uploads\/2026\/06\/Eskulap-pok.2.jpeg\" alt=\"\" width=\"133\" height=\"100\" \/><\/a><a class=\"thickbox\" style=\"line-height: 21.6px;\" href=\"https:\/\/up.lublin.pl\/wp-content\/uploads\/2026\/07\/IMG_9842.jpeg\"><img loading=\"lazy\" class=\"alignnone wp-image-549323\" style=\"line-height: 21.6px; border: 1px solid #dadada;\" src=\"https:\/\/up.lublin.pl\/wp-content\/uploads\/2026\/07\/IMG_9842.jpeg\" alt=\"\" width=\"133\" height=\"100\" \/><\/a> <a class=\"thickbox\" style=\"line-height: 21.6px;\" href=\"https:\/\/up.lublin.pl\/wp-content\/uploads\/2026\/07\/IMG_9843.jpeg\"><img loading=\"lazy\" class=\"alignnone wp-image-549323\" style=\"line-height: 21.6px; border: 1px solid #dadada;\" src=\"https:\/\/up.lublin.pl\/wp-content\/uploads\/2026\/07\/IMG_9843.jpeg\" alt=\"\" width=\"133\" height=\"100\" \/><\/a><br \/>\n<a class=\"thickbox\" style=\"line-height: 21.6px;\" href=\"https:\/\/up.lublin.pl\/wp-content\/uploads\/2026\/07\/IMG_9841.jpeg\"><img loading=\"lazy\" class=\"alignnone wp-image-549323\" style=\"line-height: 21.6px; border: 1px solid #dadada;\" src=\"https:\/\/up.lublin.pl\/wp-content\/uploads\/2026\/07\/IMG_9841.jpeg\" alt=\"\" width=\"133\" height=\"100\" \/><\/a><a class=\"thickbox\" style=\"line-height: 21.6px;\" href=\"https:\/\/up.lublin.pl\/wp-content\/uploads\/2026\/07\/IMG_9844.jpeg\"><img loading=\"lazy\" class=\"alignnone wp-image-549323\" style=\"line-height: 21.6px; border: 1px solid #dadada;\" src=\"https:\/\/up.lublin.pl\/wp-content\/uploads\/2026\/07\/IMG_9844.jpeg\" alt=\"\" width=\"133\" height=\"100\" \/><\/a> <a class=\"thickbox\" style=\"line-height: 21.6px;\" href=\"https:\/\/up.lublin.pl\/wp-content\/uploads\/2026\/06\/Eskulap-pok.1.jpeg\"><img loading=\"lazy\" class=\"alignnone wp-image-549319\" style=\"line-height: 21.6px; border: 1px solid #dadada;\" src=\"https:\/\/up.lublin.pl\/wp-content\/uploads\/2026\/06\/Eskulap-pok.1.jpeg\" alt=\"\" width=\"133\" height=\"100\" \/><\/a><br \/>\n<a class=\"thickbox\" style=\"line-height: 21.6px;\" href=\"https:\/\/up.lublin.pl\/wp-content\/uploads\/2026\/07\/IMG_9845.jpeg\"><img loading=\"lazy\" class=\"alignnone wp-image-549323\" style=\"line-height: 21.6px; border: 1px solid #dadada;\" src=\"https:\/\/up.lublin.pl\/wp-content\/uploads\/2026\/07\/IMG_9845.jpeg\" alt=\"\" width=\"133\" height=\"100\" \/><\/a><a class=\"thickbox\" style=\"line-height: 21.6px;\" href=\"https:\/\/up.lublin.pl\/wp-content\/uploads\/2026\/06\/Eskulap-lazienka.jpeg\"><img loading=\"lazy\" class=\"alignnone wp-image-549315\" style=\"line-height: 21.6px; border: 1px solid #dadada;\" src=\"https:\/\/up.lublin.pl\/wp-content\/uploads\/2026\/06\/Eskulap-lazienka.jpeg\" alt=\"\" width=\"133\" height=\"100\" \/><\/a><\/p>\n<p>Lokalizacja: <a href=\"http:\/\/maps.google.com\/maps\/ms?ie=UTF8&amp;hl=pl&amp;msa=0&amp;msid=106181126983373769818.00044e311095a75de32ad&amp;ll=51.25375,22.587032&amp;spn=0.063281,0.168056&amp;z=13&amp;iwloc=00044e6cc648d67a7daba\">CENTRUM LUBLINA <\/a><\/p>\n<p>Okolice:<\/p>\n<ul>\n<li>Centrum<\/li>\n<li>Miasteczko Akademickie (UP, UMCS, KUL)<\/li>\n<\/ul>\n                                        <\/div>\n\t\t\t\t\t\t                                                        <div class=\"block-text\">\n\t                                        <p style=\"text-align: center\">\u2666\u2666\u2666<\/p>\n<h2 style=\"text-align: center\"><strong>Eskulap Cz\u0119\u015b\u0107 hotelowa<\/strong><\/h2>\n<ul>\n<li>Pokoje 1- osobowe i&nbsp;2 \u2013 osobowe<\/li>\n<li>Ilo\u015b\u0107 pokoi: 1 \u2013 osobowych &#8211; 11 \u00a0<\/li>\n<li>Ilo\u015b\u0107 pokoi : 2 \u2013 osobowych &#8211; \u00a08<\/li>\n<li>Pokoje 1 i&nbsp;2 osobowe z&nbsp;kuchni\u0105 i&nbsp;\u0142azienk\u0105, wyposa\u017cenie: r\u0119cznik, po\u015bciel, naczynia, dost\u0119p do wi-fi (has\u0142o na portierni)<\/li>\n<\/ul>\n<h2 style=\"text-align: center\"><strong>Eskulap Cz\u0119\u015b\u0107 studencka<\/strong><\/h2>\n<ul>\n<li>Pokoje 1- osobowe i&nbsp;2 \u2013 osobowe<\/li>\n<li>Ilo\u015b\u0107 pokoi: 1 &#8211; osobowych &#8211; 80<\/li>\n<li>Ilo\u015b\u0107 pokoi: 2 &#8211; osobowych &#8211; 40<\/li>\n<li>Pokoje\u00a0 z&nbsp;kuchni\u0105 i&nbsp;\u0142azienk\u0105, dost\u0119p do internetu &#8211; pod\u0142\u0105czenie z&nbsp;gniazdka w&nbsp;\u015bcianie<\/li>\n<li>Pralki og\u00f3lnodost\u0119pne<\/li>\n<\/ul>\n                                        <\/div>\n\t\t\t\t\t\t                                                        <div class=\"block-text\">\n\t                                        <p><a href=\"https:\/\/www.google.pl\/maps\/place\/Mariana+Langiewicza,+Lublin\/@51.2448521,22.5352396,144a,35y,39.42t\/data=!3m1!1e3!4m5!3m4!1s0x472259d863e4dce9:0x4add04f25ce22835!8m2!3d51.2461544!4d22.5361608\"><img loading=\"lazy\" class=\"aligncenter size-full wp-image-103766\" src=\"https:\/\/up.lublin.pl\/wp-content\/uploads\/2021\/01\/strona_8_i_9_c_-_kopia.jpg\" alt=\"\" width=\"900\" height=\"596\" \/><\/a><a href=\"https:\/\/www.google.pl\/maps\/place\/Mariana+Langiewicza,+Lublin\/@51.2448521,22.5352396,144a,35y,39.42t\/data=!3m1!1e3!4m5!3m4!1s0x472259d863e4dce9:0x4add04f25ce22835!8m2!3d51.2461544!4d22.5361608\"><img loading=\"lazy\" class=\"aligncenter wp-image-103686 size-full\" src=\"https:\/\/up.lublin.pl\/wp-content\/uploads\/2021\/01\/akademiki.jpg\" alt=\"\" width=\"690\" height=\"251\" \/><\/a><\/p>\n                                        <\/div>\n\t\t\t\t\t\t                                <\/div>\n\t\t\t\t                <div class=\"mn-content-block\">\n\t                                                        <div class=\"block-text\">\n\t                                        <h3 style=\"text-align: center\"><strong>Akademik CEBION<\/strong><\/h3>\n<p><a href=\"https:\/\/www.google.pl\/maps\/place\/Mariana+Langiewicza,+Lublin\/@51.2448521,22.5352396,144a,35y,39.42t\/data=!3m1!1e3!4m5!3m4!1s0x472259d863e4dce9:0x4add04f25ce22835!8m2!3d51.2461544!4d22.5361608\">ul. Langiewicza 6<\/a> (centrum, miasteczko akademickie)<br \/>Rezerwacje: telefon: +48 81 441 14 81<\/p>\n                                        <\/div>\n\t\t\t\t\t\t                                                        <div class=\"block-text\">\n\t                                        <h2 style=\"text-align: center;\"><strong><em>Cena<\/em><\/strong><\/h2>\n<p>Ceny zawieraj\u0105 op\u0142aty za media, internet oraz podatek VAT.<br \/><span style=\"color: #b50000;\"><strong>Obowi\u0105zuj\u0105 od 1 pa\u017adziernika 2026.<\/strong><\/span><\/p>\n<p style=\"text-align: center;\"><strong><em>Tabela op\u0142at za kwaterowanie w&nbsp;domach studenckich<br \/>Student\u00f3w i&nbsp;doktorant\u00f3w Uniwersytetu Przyrodniczego w&nbsp;Lublinie<\/em><\/strong><\/p>\n<table style=\"border-collapse: collapse; width: 100%; margin-bottom: 20px;\">\n<tbody>\n<tr>\n<th style=\"width: 63.0342%; text-align: center;\">Op\u0142ata<\/th>\n<th style=\"width: 36.9658%; text-align: center;\">D.S. Cebion<\/th>\n<\/tr>\n<tr>\n<td style=\"width: 63.0342%;\">Miesi\u0119czna za jedno miejsce w&nbsp;pokoju 2-osobowym<\/td>\n<td style=\"width: 36.9658%; text-align: center;\">740,00 z\u0142<\/td>\n<\/tr>\n<tr>\n<td style=\"width: 63.0342%;\">Miesi\u0119czna za pok\u00f3j 2-osobowy, w&nbsp;kt\u00f3rym zakwaterowana jest jedna osoba<\/td>\n<td style=\"width: 36.9658%; text-align: center;\">1 120,00 z\u0142<\/td>\n<\/tr>\n<tr>\n<td style=\"width: 63.0342%;\">Miesi\u0119czna za pok\u00f3j 1-osobowy<\/td>\n<td style=\"width: 36.9658%; text-align: center;\">880,00 z\u0142<\/td>\n<\/tr>\n<tr>\n<td style=\"width: 63.0342%;\">Miesi\u0119czna za pok\u00f3j 1-osobowy o&nbsp;zwi\u0119kszonym metra\u017cu lub sk\u0142adaj\u0105cy si\u0119 z\u00a0 dw\u00f3ch pomieszcze\u0144<\/td>\n<td style=\"width: 36.9658%; text-align: center;\">960,00 z\u0142<\/td>\n<\/tr>\n<tr>\n<td style=\"width: 63.0342%;\">Za jedn\u0105 dob\u0119 za pok\u00f3j 2-osobowy<\/td>\n<td style=\"width: 36.9658%; text-align: center;\">115,00 z\u0142<\/td>\n<\/tr>\n<tr>\n<td style=\"width: 63.0342%;\">Za jedn\u0105 dob\u0119 za pok\u00f3j 1-osobowy<\/td>\n<td style=\"width: 36.9658%; text-align: center;\">75,00 z\u0142<\/td>\n<\/tr>\n<\/tbody>\n<\/table>\n<p style=\"text-align: center;\"><strong><em>Tabela op\u0142at za kwaterowanie w&nbsp;domach studenckich pracownik\u00f3w Uniwersytetu Przyrodniczego w&nbsp;Lublinie oraz student\u00f3w i&nbsp;doktorant\u00f3w uczelni cz\u0142onkowskich Zwi\u0105zku Uczelni Lubelskich (UMCS, PL,<br \/>UM w&nbsp;Lublinie)<\/em><\/strong><\/p>\n<table style=\"border-collapse: collapse; width: 100%; margin-bottom: 20px;\">\n<tbody>\n<tr>\n<th style=\"width: 63.0342%; text-align: center;\">Op\u0142ata<\/th>\n<th style=\"width: 36.9658%; text-align: center;\">D.S. Cebion<\/th>\n<\/tr>\n<tr>\n<td style=\"width: 63.0342%;\">Miesi\u0119czna za jedno miejsce w&nbsp;pokoju 2-osobowym<\/td>\n<td style=\"width: 36.9658%; text-align: center;\">800,00 z\u0142<\/td>\n<\/tr>\n<tr>\n<td style=\"width: 63.0342%;\">Miesi\u0119czna za pok\u00f3j 2-osobowy, w&nbsp;kt\u00f3rym zakwaterowana jest jedna osoba<\/td>\n<td style=\"width: 36.9658%; text-align: center;\">1 210,00 z\u0142<\/td>\n<\/tr>\n<tr>\n<td style=\"width: 63.0342%;\">Miesi\u0119czna za pok\u00f3j 1-osobowy<\/td>\n<td style=\"width: 36.9658%; text-align: center;\">950,00 z\u0142<\/td>\n<\/tr>\n<tr>\n<td style=\"width: 63.0342%;\">Miesi\u0119czna za pok\u00f3j 1-osobowy o&nbsp;zwi\u0119kszonym metra\u017cu lub sk\u0142adaj\u0105cy si\u0119 z\u00a0 dw\u00f3ch pomieszcze\u0144<\/td>\n<td style=\"width: 36.9658%; text-align: center;\">1 040,00 z\u0142<\/td>\n<\/tr>\n<tr>\n<td style=\"width: 63.0342%;\">Za jedn\u0105 dob\u0119 za pok\u00f3j 2-osobowy<\/td>\n<td style=\"width: 36.9658%; text-align: center;\">135,00 z\u0142<\/td>\n<\/tr>\n<tr>\n<td style=\"width: 63.0342%;\">Za jedn\u0105 dob\u0119 za pok\u00f3j 1-osobowy<\/td>\n<td style=\"width: 36.9658%; text-align: center;\">90,00 z\u0142<\/td>\n<\/tr>\n<\/tbody>\n<\/table>\n<p style=\"text-align: center;\"><strong><em>Tabela op\u0142at za kwaterowanie w&nbsp;domach studenckich nieb\u0119d\u0105cych studentami, doktorantami i&nbsp;pracownikami UP w&nbsp;Lublinie oraz studentami uczelni cz\u0142onkowskich Zwi\u0105zku Uczelni Lubelskich (UMCS,PL, UM w&nbsp;Lublinie)<\/em><\/strong><\/p>\n<table style=\"border-collapse: collapse; width: 100%; margin-bottom: 20px;\">\n<tbody>\n<tr>\n<th style=\"width: 63.0342%; text-align: center;\">Op\u0142ata<\/th>\n<th style=\"width: 36.9658%; text-align: center;\">D.S. Cebion<\/th>\n<\/tr>\n<tr>\n<td style=\"width: 63.0342%;\">Miesi\u0119czna za jedno miejsce w&nbsp;pokoju 2-osobowym<\/td>\n<td style=\"width: 36.9658%; text-align: center;\">880,00 z\u0142<\/td>\n<\/tr>\n<tr>\n<td style=\"width: 63.0342%;\">Miesi\u0119czna za pok\u00f3j 2-osobowy, w&nbsp;kt\u00f3rym zakwaterowana jest jedna osoba<\/td>\n<td style=\"width: 36.9658%; text-align: center;\">1 340,00 z\u0142<\/td>\n<\/tr>\n<tr>\n<td style=\"width: 63.0342%;\">Miesi\u0119czna za pok\u00f3j 1-osobowy<\/td>\n<td style=\"width: 36.9658%; text-align: center;\">1 050,00 z\u0142<\/td>\n<\/tr>\n<tr>\n<td style=\"width: 63.0342%;\">Miesi\u0119czna za pok\u00f3j 1-osobowy o&nbsp;zwi\u0119kszonym metra\u017cu lub sk\u0142adaj\u0105cy si\u0119 z\u00a0 dw\u00f3ch pomieszcze\u0144<\/td>\n<td style=\"width: 36.9658%; text-align: center;\">1 050,00 z\u0142<\/td>\n<\/tr>\n<tr>\n<td style=\"width: 63.0342%;\">Za jedn\u0105 dob\u0119 za pok\u00f3j 2-osobowy<\/td>\n<td style=\"width: 36.9658%; text-align: center;\">150,00 z\u0142<\/td>\n<\/tr>\n<tr>\n<td style=\"width: 63.0342%;\">Za jedn\u0105 dob\u0119 za pok\u00f3j 1-osobowy<\/td>\n<td style=\"width: 36.9658%; text-align: center;\">110,00 z\u0142<\/td>\n<\/tr>\n<\/tbody>\n<\/table>\n                                        <\/div>\n\t\t\t\t\t\t                                                        <div class=\"block-text\">\n\t                                        <p>lokalizacja:<b> <a href=\"http:\/\/maps.google.com\/maps\/ms?ie=UTF8&amp;hl=pl&amp;msa=0&amp;msid=106181126983373769818.00044e311095a75de32ad&amp;ll=51.232688,22.589436&amp;spn=0.06331,0.168056&amp;z=13&amp;iwloc=00044e6cc27e326a8536a\" target=\"_blank\" rel=\"noopener\">CENTRUM LUBLINA <\/a> <\/b><br \/>\nokolice:<\/p>\n<ul>\n<li>Centrum,<\/li>\n<li>Miasteczko Akademickie (UP, UMCS, KUL)<\/li>\n<\/ul>\n<p style=\"text-align: center;\">\u2666\u2666\u2666<\/p>\n<p><a class=\"thickbox\" style=\"line-height: 21.6px;\" href=\"https:\/\/up.lublin.pl\/wp-content\/uploads\/2026\/06\/Cebion-hol.jpeg\"><img loading=\"lazy\" class=\"wp-image-549252 alignnone\" style=\"line-height: 21.6px; border: 1px solid #dadada;\" src=\"https:\/\/up.lublin.pl\/wp-content\/uploads\/2026\/06\/Cebion-hol.jpeg\" alt=\"\" width=\"133\" height=\"100\" \/><\/a> <a class=\"thickbox\" href=\"https:\/\/up.lublin.pl\/wp-content\/uploads\/2026\/06\/zdjecie-Cebion-pok.3.jpeg\"><img loading=\"lazy\" class=\"wp-image-549276 alignnone\" src=\"https:\/\/up.lublin.pl\/wp-content\/uploads\/2026\/06\/zdjecie-Cebion-pok.3.jpeg\" alt=\"\" width=\"133\" height=\"100\" \/><\/a><\/p>\n<p><a class=\"thickbox\" style=\"line-height: 21.6px;\" href=\"https:\/\/up.lublin.pl\/wp-content\/uploads\/2026\/06\/Prysznic-Cebion.jpeg\"><img loading=\"lazy\" class=\"wp-image-549256 alignnone\" style=\"line-height: 21.6px; border: 1px solid #dadada;\" src=\"https:\/\/up.lublin.pl\/wp-content\/uploads\/2026\/06\/Prysznic-Cebion.jpeg\" alt=\"\" width=\"133\" height=\"100\" \/><\/a> <a class=\"thickbox\" style=\"line-height: 21.6px;\" href=\"https:\/\/up.lublin.pl\/wp-content\/uploads\/2026\/06\/umywalnia-Cebion.jpeg\"><img loading=\"lazy\" class=\"wp-image-549260 alignnone\" style=\"line-height: 21.6px; border: 1px solid #dadada;\" src=\"https:\/\/up.lublin.pl\/wp-content\/uploads\/2026\/06\/umywalnia-Cebion.jpeg\" alt=\"\" width=\"133\" height=\"100\" \/><\/a> <a class=\"thickbox\" style=\"line-height: 21.6px;\" href=\"https:\/\/up.lublin.pl\/wp-content\/uploads\/2026\/06\/Winda-Cebion.jpeg\"><img loading=\"lazy\" class=\"wp-image-549264 alignnone\" style=\"line-height: 21.6px; border: 1px solid #dadada;\" src=\"https:\/\/up.lublin.pl\/wp-content\/uploads\/2026\/06\/Winda-Cebion.jpeg\" alt=\"\" width=\"133\" height=\"100\" \/><\/a> <a class=\"thickbox\" style=\"line-height: 21.6px;\" href=\"https:\/\/up.lublin.pl\/wp-content\/uploads\/2026\/06\/zdjecie-Cebion-pok.1.jpg\"><img loading=\"lazy\" class=\"wp-image-549268 alignnone\" style=\"line-height: 21.6px; border: 1px solid #dadada;\" src=\"https:\/\/up.lublin.pl\/wp-content\/uploads\/2026\/06\/zdjecie-Cebion-pok.1.jpg\" alt=\"\" width=\"133\" height=\"100\" \/><\/a> <a class=\"thickbox\" style=\"line-height: 21.6px;\" href=\"https:\/\/up.lublin.pl\/wp-content\/uploads\/2026\/06\/Zdjecie-Cebion-pok.2.jpeg\"><img loading=\"lazy\" class=\"wp-image-549272 alignnone\" style=\"line-height: 21.6px; border: 1px solid #dadada;\" src=\"https:\/\/up.lublin.pl\/wp-content\/uploads\/2026\/06\/Zdjecie-Cebion-pok.2.jpeg\" alt=\"\" width=\"133\" height=\"100\" \/><\/a> \u00a0<a class=\"thickbox\" style=\"line-height: 21.6px;\" href=\"https:\/\/up.lublin.pl\/wp-content\/uploads\/2026\/06\/zdjecie-Cebion-pok.4.jpeg\"><img loading=\"lazy\" class=\"wp-image-549280 alignnone\" style=\"line-height: 21.6px; border: 1px solid #dadada;\" src=\"https:\/\/up.lublin.pl\/wp-content\/uploads\/2026\/06\/zdjecie-Cebion-pok.4.jpeg\" alt=\"\" width=\"133\" height=\"100\" \/><\/a><\/p>\n                                        <\/div>\n\t\t\t\t\t\t                                                        <div class=\"block-text\">\n\t                                        <ul>\n<li>Pokoje 1 \u2013 osobowe i&nbsp;2 \u2013 osobowe<\/li>\n<li>Ilo\u015b\u0107 pokoi: 1 &#8211; osobowych \u00a0&#8211; 11<\/li>\n<li>Ilo\u015b\u0107 pokoi: 1 &#8211; osobowych, pow. metra\u017c &#8211; 18<\/li>\n<li>Ilo\u015b\u0107 pokoi: 2 \u2013 osobowe &#8211; 73<\/li>\n<li>Kuchnie i&nbsp;w\u0119z\u0142y sanitarne (prysznice i&nbsp;wc) znajduj\u0105 si\u0119 na poszczeg\u00f3lnych pi\u0119trach<\/li>\n<li>Dost\u0119p do internetu &#8211; pod\u0142\u0105czenie z&nbsp;gniazdka w&nbsp;\u015bcianie<\/li>\n<li>Pralki og\u00f3lnodost\u0119pne,<\/li>\n<li>Pok\u00f3j cichej nauki<\/li>\n<\/ul>\n                                        <\/div>\n\t\t\t\t\t\t                                                        <div class=\"block-text\">\n\t                                        <p><a href=\"https:\/\/www.google.pl\/maps\/place\/Mariana+Langiewicza,+Lublin\/@51.2448521,22.5352396,144a,35y,39.42t\/data=!3m1!1e3!4m5!3m4!1s0x472259d863e4dce9:0x4add04f25ce22835!8m2!3d51.2461544!4d22.5361608\"><img loading=\"lazy\" class=\"aligncenter size-full wp-image-108500\" src=\"https:\/\/up.lublin.pl\/wp-content\/uploads\/2021\/02\/langiewicza-01.jpg\" alt=\"\" width=\"600\" height=\"400\" \/><\/a><\/p>\n<p><a href=\"https:\/\/www.google.pl\/maps\/place\/Mariana+Langiewicza,+Lublin\/@51.2448521,22.5352396,144a,35y,39.42t\/data=!3m1!1e3!4m5!3m4!1s0x472259d863e4dce9:0x4add04f25ce22835!8m2!3d51.2461544!4d22.5361608\"><img loading=\"lazy\" class=\"aligncenter size-full wp-image-103686\" src=\"https:\/\/up.lublin.pl\/wp-content\/uploads\/2021\/01\/akademiki.jpg\" alt=\"\" width=\"690\" height=\"251\" \/><\/a><\/p>\n                                        <\/div>\n\t\t\t\t\t\t                                <\/div>\n\t\t\t\t                <div class=\"mn-content-block\">\n\t                                                        <div class=\"block-text\">\n\t                                        <h3 style=\"text-align: center\"><strong>Akademik DODEK<\/strong><\/h3>\n<p><a href=\"https:\/\/www.google.pl\/maps\/place\/Mariana+Langiewicza,+Lublin\/@51.2448521,22.5352396,144a,35y,39.42t\/data=!3m1!1e3!4m5!3m4!1s0x472259d863e4dce9:0x4add04f25ce22835!8m2!3d51.2461544!4d22.5361608\">ul. Langiewicza 8<\/a> (centrum, miasteczko akademickie)<br \/>Rezerwacje: telefon: +48 81 441 14 19<\/p>\n                                        <\/div>\n\t\t\t\t\t\t                                                        <div class=\"block-text\">\n\t                                        <h2 style=\"text-align: center;\"><strong><em>Cena<\/em><\/strong><\/h2>\n<p>Ceny zawieraj\u0105 op\u0142aty za media, internet oraz podatek VAT.<br \/><span style=\"color: #b50000;\"><strong>Obowi\u0105zuj\u0105 od 1 pa\u017adziernika 2026.<\/strong><\/span><\/p>\n<p style=\"text-align: center;\"><strong><em>Tabela op\u0142at za kwaterowanie w&nbsp;domach studenckich<br \/>Student\u00f3w i&nbsp;doktorant\u00f3w Uniwersytetu Przyrodniczego w&nbsp;Lublinie<\/em><\/strong><\/p>\n<table style=\"border-collapse: collapse; width: 100%; margin-bottom: 20px;\">\n<tbody>\n<tr>\n<th style=\"width: 63.0342%; text-align: center;\">Op\u0142ata<\/th>\n<th style=\"width: 36.9658%; text-align: center;\">D.S. Dodek<\/th>\n<\/tr>\n<tr>\n<td style=\"width: 63.0342%;\">Miesi\u0119czna za jedno miejsce w&nbsp;pokoju 2-osobowym<\/td>\n<td style=\"width: 36.9658%; text-align: center;\">740,00 z\u0142<\/td>\n<\/tr>\n<tr>\n<td style=\"width: 63.0342%;\">Miesi\u0119czna za pok\u00f3j 2-osobowy, w&nbsp;kt\u00f3rym zakwaterowana jest jedna osoba<\/td>\n<td style=\"width: 36.9658%; text-align: center;\">1 120,00 z\u0142<\/td>\n<\/tr>\n<tr>\n<td style=\"width: 63.0342%;\">Miesi\u0119czna za pok\u00f3j 1-osobowy<\/td>\n<td style=\"width: 36.9658%; text-align: center;\">880,00 z\u0142<\/td>\n<\/tr>\n<tr>\n<td style=\"width: 63.0342%;\">Miesi\u0119czna za pok\u00f3j 1-osobowy o&nbsp;zwi\u0119kszonym metra\u017cu lub sk\u0142adaj\u0105cy si\u0119 z\u00a0 dw\u00f3ch pomieszcze\u0144<\/td>\n<td style=\"width: 36.9658%; text-align: center;\">960,00 z\u0142<\/td>\n<\/tr>\n<tr>\n<td style=\"width: 63.0342%;\">Za jedn\u0105 dob\u0119 za pok\u00f3j 2-osobowy<\/td>\n<td style=\"width: 36.9658%; text-align: center;\">115,00 z\u0142<\/td>\n<\/tr>\n<tr>\n<td style=\"width: 63.0342%;\">Za jedn\u0105 dob\u0119 za pok\u00f3j 1-osobowy<\/td>\n<td style=\"width: 36.9658%; text-align: center;\">75,00 z\u0142<\/td>\n<\/tr>\n<\/tbody>\n<\/table>\n<p style=\"text-align: center;\"><strong><em>Tabela op\u0142at za kwaterowanie w&nbsp;domach studenckich pracownik\u00f3w Uniwersytetu Przyrodniczego w&nbsp;Lublinie oraz student\u00f3w i&nbsp;doktorant\u00f3w uczelni cz\u0142onkowskich Zwi\u0105zku Uczelni Lubelskich (UMCS, PL,<br \/>UM w&nbsp;Lublinie)<\/em><\/strong><\/p>\n<table style=\"border-collapse: collapse; width: 100%; margin-bottom: 20px;\">\n<tbody>\n<tr>\n<th style=\"width: 63.0342%; text-align: center;\">Op\u0142ata<\/th>\n<th style=\"width: 36.9658%; text-align: center;\">D.S. Dodek<\/th>\n<\/tr>\n<tr>\n<td style=\"width: 63.0342%;\">Miesi\u0119czna za jedno miejsce w&nbsp;pokoju 2-osobowym<\/td>\n<td style=\"width: 36.9658%; text-align: center;\">800,00 z\u0142<\/td>\n<\/tr>\n<tr>\n<td style=\"width: 63.0342%;\">Miesi\u0119czna za pok\u00f3j 2-osobowy, w&nbsp;kt\u00f3rym zakwaterowana jest jedna osoba<\/td>\n<td style=\"width: 36.9658%; text-align: center;\">1 210,00 z\u0142<\/td>\n<\/tr>\n<tr>\n<td style=\"width: 63.0342%;\">Miesi\u0119czna za pok\u00f3j 1-osobowy<\/td>\n<td style=\"width: 36.9658%; text-align: center;\">950,00 z\u0142<\/td>\n<\/tr>\n<tr>\n<td style=\"width: 63.0342%;\">Miesi\u0119czna za pok\u00f3j 1-osobowy o&nbsp;zwi\u0119kszonym metra\u017cu lub sk\u0142adaj\u0105cy si\u0119 z\u00a0 dw\u00f3ch pomieszcze\u0144<\/td>\n<td style=\"width: 36.9658%; text-align: center;\">1 040,00 z\u0142<\/td>\n<\/tr>\n<tr>\n<td style=\"width: 63.0342%;\">Za jedn\u0105 dob\u0119 za pok\u00f3j 2-osobowy<\/td>\n<td style=\"width: 36.9658%; text-align: center;\">135,00 z\u0142<\/td>\n<\/tr>\n<tr>\n<td style=\"width: 63.0342%;\">Za jedn\u0105 dob\u0119 za pok\u00f3j 1-osobowy<\/td>\n<td style=\"width: 36.9658%; text-align: center;\">90,00 z\u0142<\/td>\n<\/tr>\n<\/tbody>\n<\/table>\n<p style=\"text-align: center;\"><strong><em>Tabela op\u0142at za kwaterowanie w&nbsp;domach studenckich nieb\u0119d\u0105cych studentami, doktorantami i&nbsp;pracownikami UP w&nbsp;Lublinie oraz studentami uczelni cz\u0142onkowskich Zwi\u0105zku Uczelni Lubelskich (UMCS,PL, UM w&nbsp;Lublinie)<\/em><\/strong><\/p>\n<table style=\"border-collapse: collapse; width: 100%; margin-bottom: 20px;\">\n<tbody>\n<tr>\n<th style=\"width: 63.0342%; text-align: center;\">Op\u0142ata<\/th>\n<th style=\"width: 36.9658%; text-align: center;\">D.S. Dodek<\/th>\n<\/tr>\n<tr>\n<td style=\"width: 63.0342%;\">Miesi\u0119czna za jedno miejsce w&nbsp;pokoju 2-osobowym<\/td>\n<td style=\"width: 36.9658%; text-align: center;\">880,00 z\u0142<\/td>\n<\/tr>\n<tr>\n<td style=\"width: 63.0342%;\">Miesi\u0119czna za pok\u00f3j 2-osobowy, w&nbsp;kt\u00f3rym zakwaterowana jest jedna osoba<\/td>\n<td style=\"width: 36.9658%; text-align: center;\">1 340,00 z\u0142<\/td>\n<\/tr>\n<tr>\n<td style=\"width: 63.0342%;\">Miesi\u0119czna za pok\u00f3j 1-osobowy<\/td>\n<td style=\"width: 36.9658%; text-align: center;\">1 050,00 z\u0142<\/td>\n<\/tr>\n<tr>\n<td style=\"width: 63.0342%;\">Miesi\u0119czna za pok\u00f3j 1-osobowy o&nbsp;zwi\u0119kszonym metra\u017cu lub sk\u0142adaj\u0105cy si\u0119 z\u00a0 dw\u00f3ch pomieszcze\u0144<\/td>\n<td style=\"width: 36.9658%; text-align: center;\">1 150,00 z\u0142<\/td>\n<\/tr>\n<tr>\n<td style=\"width: 63.0342%;\">Za jedn\u0105 dob\u0119 za pok\u00f3j 2-osobowy<\/td>\n<td style=\"width: 36.9658%; text-align: center;\">150,00 z\u0142<\/td>\n<\/tr>\n<tr>\n<td style=\"width: 63.0342%;\">Za jedn\u0105 dob\u0119 za pok\u00f3j 1-osobowy<\/td>\n<td style=\"width: 36.9658%; text-align: center;\">110,00 z\u0142<\/td>\n<\/tr>\n<\/tbody>\n<\/table>\n                                        <\/div>\n\t\t\t\t\t\t                                                        <div class=\"block-text\">\n\t                                        <p>lokalizacja:\u00a0<b><a href=\"http:\/\/maps.google.com\/maps\/ms?ie=UTF8&amp;hl=pl&amp;msa=0&amp;msid=106181126983373769818.00044e311095a75de32ad&amp;ll=51.25375,22.587891&amp;spn=0.063281,0.168056&amp;z=13&amp;iwloc=00044e6cc2908aa53c692\" target=\"_blank\" rel=\"noopener\">CENTRUM LUBLINA <\/a> <\/b><br \/>okolice:<\/p>\n<ul>\n<li>Centrum,<\/li>\n<li>Miasteczko Akademickie (UP, UMCS, KUL)<\/li>\n<\/ul>\n<p><a class=\"thickbox\" style=\"line-height: 21.6px;\" href=\"https:\/\/up.lublin.pl\/wp-content\/uploads\/2026\/06\/Dodek-hol.jpeg\"><img loading=\"lazy\" class=\"aligncenter wp-image-549292\" style=\"line-height: 21.6px; border: 1px solid #dadada;\" src=\"https:\/\/up.lublin.pl\/wp-content\/uploads\/2026\/06\/Dodek-hol.jpeg\" alt=\"\" width=\"220\" height=\"165\" \/><\/a><br \/><a class=\"thickbox\" style=\"line-height: 21.6px;\" href=\"https:\/\/up.lublin.pl\/wp-content\/uploads\/2026\/06\/Dodek-pokoj1.jpeg\"><img loading=\"lazy\" class=\"alignnone wp-image-549296\" style=\"line-height: 21.6px; border: 1px solid #dadada;\" src=\"https:\/\/up.lublin.pl\/wp-content\/uploads\/2026\/06\/Dodek-pokoj1.jpeg\" alt=\"\" width=\"133\" height=\"100\" \/><\/a> <a class=\"thickbox\" style=\"line-height: 21.6px;\" href=\"https:\/\/up.lublin.pl\/wp-content\/uploads\/2026\/06\/Dodek-pokoj3.jpeg\"><img loading=\"lazy\" class=\"alignnone wp-image-549300\" style=\"line-height: 21.6px; border: 1px solid #dadada;\" src=\"https:\/\/up.lublin.pl\/wp-content\/uploads\/2026\/06\/Dodek-pokoj3.jpeg\" alt=\"\" width=\"133\" height=\"100\" \/><\/a> <a class=\"thickbox\" style=\"line-height: 21.6px;\" href=\"https:\/\/up.lublin.pl\/wp-content\/uploads\/2026\/07\/dodek1.jpg\"><img loading=\"lazy\" class=\"alignnone wp-image-561417\" style=\"line-height: 21.6px; border: 1px solid #dadada;\" src=\"https:\/\/up.lublin.pl\/wp-content\/uploads\/2026\/07\/dodek1.jpg\" alt=\"\" width=\"133\" height=\"133\" \/><\/a><br \/><a class=\"thickbox\" style=\"line-height: 21.6px;\" href=\"https:\/\/up.lublin.pl\/wp-content\/uploads\/2026\/07\/dodek2.jpg\"><img loading=\"lazy\" class=\"alignnone wp-image-561422\" style=\"line-height: 21.6px; border: 1px solid #dadada;\" src=\"https:\/\/up.lublin.pl\/wp-content\/uploads\/2026\/07\/dodek2.jpg\" alt=\"\" width=\"133\" height=\"133\" \/><\/a> <a class=\"thickbox\" style=\"line-height: 21.6px;\" href=\"https:\/\/up.lublin.pl\/wp-content\/uploads\/2026\/07\/dodek3.jpg\"><img loading=\"lazy\" class=\"alignnone wp-image-561427\" style=\"line-height: 21.6px; border: 1px solid #dadada;\" src=\"https:\/\/up.lublin.pl\/wp-content\/uploads\/2026\/07\/dodek3.jpg\" alt=\"\" width=\"133\" height=\"133\" \/><\/a> <a class=\"thickbox\" style=\"line-height: 21.6px;\" href=\"https:\/\/up.lublin.pl\/wp-content\/uploads\/2026\/07\/dodek4.jpg\"><img loading=\"lazy\" class=\"alignnone wp-image-561432\" style=\"line-height: 21.6px; border: 1px solid #dadada;\" src=\"https:\/\/up.lublin.pl\/wp-content\/uploads\/2026\/07\/dodek4.jpg\" alt=\"\" width=\"133\" height=\"133\" \/><\/a><br \/><a class=\"thickbox\" style=\"line-height: 21.6px;\" href=\"https:\/\/up.lublin.pl\/wp-content\/uploads\/2026\/07\/dodek5.jpg\"><img loading=\"lazy\" class=\"alignnone wp-image-561437\" style=\"line-height: 21.6px; border: 1px solid #dadada;\" src=\"https:\/\/up.lublin.pl\/wp-content\/uploads\/2026\/07\/dodek5.jpg\" alt=\"\" width=\"133\" height=\"133\" \/><\/a> <a class=\"thickbox\" style=\"line-height: 21.6px;\" href=\"https:\/\/up.lublin.pl\/wp-content\/uploads\/2026\/07\/dodek6.jpg\"><img loading=\"lazy\" class=\"alignnone wp-image-561442\" style=\"line-height: 21.6px; border: 1px solid #dadada;\" src=\"https:\/\/up.lublin.pl\/wp-content\/uploads\/2026\/07\/dodek6.jpg\" alt=\"\" width=\"133\" height=\"133\" \/><\/a> <a class=\"thickbox\" style=\"line-height: 21.6px;\" href=\"https:\/\/up.lublin.pl\/wp-content\/uploads\/2026\/07\/dodek7.jpg\"><img loading=\"lazy\" class=\"alignnone wp-image-561447\" style=\"line-height: 21.6px; border: 1px solid #dadada;\" src=\"https:\/\/up.lublin.pl\/wp-content\/uploads\/2026\/07\/dodek7.jpg\" alt=\"\" width=\"133\" height=\"133\" \/><\/a><br \/><a class=\"thickbox\" style=\"line-height: 21.6px;\" href=\"https:\/\/up.lublin.pl\/wp-content\/uploads\/2026\/07\/dodek8.jpg\"><img loading=\"lazy\" class=\"alignnone wp-image-561452\" style=\"line-height: 21.6px; border: 1px solid #dadada;\" src=\"https:\/\/up.lublin.pl\/wp-content\/uploads\/2026\/07\/dodek8.jpg\" alt=\"\" width=\"133\" height=\"133\" \/><\/a> <a class=\"thickbox\" style=\"line-height: 21.6px;\" href=\"https:\/\/up.lublin.pl\/wp-content\/uploads\/2026\/07\/dodek9.jpg\"><img loading=\"lazy\" class=\"alignnone wp-image-561457\" style=\"line-height: 21.6px; border: 1px solid #dadada;\" src=\"https:\/\/up.lublin.pl\/wp-content\/uploads\/2026\/07\/dodek9.jpg\" alt=\"\" width=\"133\" height=\"133\" \/><\/a> <a class=\"thickbox\" style=\"line-height: 21.6px;\" href=\"https:\/\/up.lublin.pl\/wp-content\/uploads\/2026\/07\/dodek10.jpg\"><img loading=\"lazy\" class=\"wp-image-561462 alignnone\" style=\"line-height: 21.6px; border: 1px solid #dadada;\" src=\"https:\/\/up.lublin.pl\/wp-content\/uploads\/2026\/07\/dodek10.jpg\" alt=\"\" width=\"133\" height=\"133\" \/><\/a><\/p>\n                                        <\/div>\n\t\t\t\t\t\t                                                        <div class=\"block-text\">\n\t                                        <p style=\"text-align: center\">\u2666\u2666\u2666<\/p>\n<ul>\n<li>Pokoje 1 \u2013 osobowe i&nbsp;2 \u2013 osobowe<\/li>\n<li>Ilo\u015b\u0107 pokoi: 1 \u2013 osobowych -11<\/li>\n<li>Ilo\u015b\u0107 pokoi: 1 \u2013 osobowych,\u00a0 metra\u017c &#8211; 18<\/li>\n<li>Ilo\u015b\u0107 pokoi: \u00a02 &#8211; osobowe &#8211; 74<\/li>\n<li>Dost\u0119p do internetu &#8211; pod\u0142\u0105czenie z&nbsp;gniazdka w&nbsp;\u015bcianie<\/li>\n<li>Kuchnie i&nbsp;w\u0119z\u0142y sanitarne (prysznice i&nbsp;wc) znajduj\u0105 si\u0119 na poszczeg\u00f3lnych pi\u0119trach<\/li>\n<li>Pralki og\u00f3lnodost\u0119pne,<\/li>\n<li>Pok\u00f3j cichej nauki<\/li>\n<\/ul>\n                                        <\/div>\n\t\t\t\t\t\t                                                        <div class=\"block-text\">\n\t                                        <p><a href=\"https:\/\/www.google.pl\/maps\/place\/Mariana+Langiewicza,+Lublin\/@51.2448521,22.5352396,144a,35y,39.42t\/data=!3m1!1e3!4m5!3m4!1s0x472259d863e4dce9:0x4add04f25ce22835!8m2!3d51.2461544!4d22.5361608\"><img loading=\"lazy\" class=\"aligncenter size-full wp-image-108517\" src=\"https:\/\/up.lublin.pl\/wp-content\/uploads\/2021\/02\/langiewicza-02.jpg\" alt=\"\" width=\"600\" height=\"400\" \/><\/a><\/p>\n<p><img loading=\"lazy\" class=\"aligncenter size-full wp-image-103686\" src=\"https:\/\/up.lublin.pl\/wp-content\/uploads\/2021\/01\/akademiki.jpg\" alt=\"\" width=\"690\" height=\"251\" \/><\/p>\n                                        <\/div>\n\t\t\t\t\t\t                                <\/div>\n\t\t\t\t                <div class=\"mn-content-block\">\n\t                                                        <div class=\"block-text\">\n\t                                        <h3 style=\"text-align: center\"><strong>Akademiki BROADWAY i&nbsp;MANHATTAN<\/strong><\/h3>\n<p><a href=\"https:\/\/www.google.pl\/maps\/place\/D.S.+Brodway\/@51.2239613,22.6229396,173a,35y,39.38t\/data=!3m1!1e3!4m5!3m4!1s0x472256f2ba99fff3:0x9df10ccd7069346!8m2!3d51.225549!4d22.6230758\">ul. Dobrza\u0144skiego 35 i&nbsp;33<\/a> (dzielnica Felin)<br \/><strong>Pokoje w&nbsp;uk\u0142adzie segmentowanym<\/strong> (4 pokoje na 1 \u0142azienk\u0119 i&nbsp;aneks kuchenny)<br \/>Rezerwacje: telefon: +48 81 461 07 32 i&nbsp;81 461 07 36<\/p>\n                                        <\/div>\n\t\t\t\t\t\t                                                        <div class=\"block-text\">\n\t                                        <h2 style=\"text-align: center;\"><strong><em>\u00a0Cena<\/em><\/strong><\/h2>\n<p>Ceny zawieraj\u0105 op\u0142aty za media, internet oraz podatek VAT.<br \/><span style=\"color: #b50000;\"><strong>Obowi\u0105zuj\u0105 od 1 pa\u017adziernika 2026.<\/strong><\/span><\/p>\n<p style=\"text-align: center;\"><strong><em>Tabela op\u0142at za kwaterowanie w&nbsp;domach studenckich<br \/>Student\u00f3w i&nbsp;doktorant\u00f3w Uniwersytetu Przyrodniczego w&nbsp;Lublinie<\/em><\/strong><\/p>\n<table style=\"border-collapse: collapse; width: 100%; margin-bottom: 20px;\">\n<tbody>\n<tr>\n<th style=\"width: 63.0342%; text-align: center;\">Op\u0142ata<\/th>\n<th style=\"width: 36.9658%; text-align: center;\">D.S. Broadway<br \/>D.S. Manhattan<\/th>\n<\/tr>\n<tr>\n<td style=\"width: 63.0342%;\">Miesi\u0119czna za jedno miejsce w&nbsp;pokoju 2-osobowym<\/td>\n<td style=\"width: 36.9658%; text-align: center;\">650,00 z\u0142<\/td>\n<\/tr>\n<tr>\n<td style=\"width: 63.0342%;\">Miesi\u0119czna za pok\u00f3j 2-osobowy, w&nbsp;kt\u00f3rym zakwaterowana jest jedna osoba<\/td>\n<td style=\"width: 36.9658%; text-align: center;\">990,00 z\u0142<\/td>\n<\/tr>\n<tr>\n<td style=\"width: 63.0342%;\">Miesi\u0119czna za pok\u00f3j 1-osobowy<\/td>\n<td style=\"width: 36.9658%; text-align: center;\">745,00 z\u0142<\/td>\n<\/tr>\n<tr>\n<td style=\"width: 63.0342%;\">Miesi\u0119czna za pok\u00f3j 1-osobowy o&nbsp;zwi\u0119kszonym metra\u017cu lub sk\u0142adaj\u0105cy si\u0119 z\u00a0 dw\u00f3ch pomieszcze\u0144<\/td>\n<td style=\"width: 36.9658%; text-align: center;\">&#8211;<\/td>\n<\/tr>\n<tr>\n<td style=\"width: 63.0342%;\">Za jedn\u0105 dob\u0119 za pok\u00f3j 2-osobowy<\/td>\n<td style=\"width: 36.9658%; text-align: center;\">105,00 z\u0142<\/td>\n<\/tr>\n<tr>\n<td style=\"width: 63.0342%;\">Za jedn\u0105 dob\u0119 za pok\u00f3j 1-osobowy<\/td>\n<td style=\"width: 36.9658%; text-align: center;\">65,00 z\u0142<\/td>\n<\/tr>\n<\/tbody>\n<\/table>\n<p style=\"text-align: center;\"><strong><em>Tabela op\u0142at za kwaterowanie w&nbsp;domach studenckich pracownik\u00f3w Uniwersytetu Przyrodniczego w&nbsp;Lublinie oraz student\u00f3w i&nbsp;doktorant\u00f3w uczelni cz\u0142onkowskich Zwi\u0105zku Uczelni Lubelskich (UMCS, PL,<br \/>UM w&nbsp;Lublinie)<\/em><\/strong><\/p>\n<table style=\"border-collapse: collapse; width: 100%; margin-bottom: 20px;\">\n<tbody>\n<tr>\n<th style=\"width: 63.0342%; text-align: center;\">Op\u0142ata<\/th>\n<th style=\"width: 36.9658%; text-align: center;\">D.S. Broadway<br \/>D.S. Manhattan<\/th>\n<\/tr>\n<tr>\n<td style=\"width: 63.0342%;\">Miesi\u0119czna za jedno miejsce w&nbsp;pokoju 2-osobowym<\/td>\n<td style=\"width: 36.9658%; text-align: center;\">705,00 z\u0142<\/td>\n<\/tr>\n<tr>\n<td style=\"width: 63.0342%;\">Miesi\u0119czna za pok\u00f3j 2-osobowy, w&nbsp;kt\u00f3rym zakwaterowana jest jedna osoba<\/td>\n<td style=\"width: 36.9658%; text-align: center;\">1 070,00 z\u0142<\/td>\n<\/tr>\n<tr>\n<td style=\"width: 63.0342%;\">Miesi\u0119czna za pok\u00f3j 1-osobowy<\/td>\n<td style=\"width: 36.9658%; text-align: center;\">805,00 z\u0142<\/td>\n<\/tr>\n<tr>\n<td style=\"width: 63.0342%;\">Miesi\u0119czna za pok\u00f3j 1-osobowy o&nbsp;zwi\u0119kszonym metra\u017cu lub sk\u0142adaj\u0105cy si\u0119 z\u00a0 dw\u00f3ch pomieszcze\u0144<\/td>\n<td style=\"width: 36.9658%; text-align: center;\">&#8211;<\/td>\n<\/tr>\n<tr>\n<td style=\"width: 63.0342%;\">Za jedn\u0105 dob\u0119 za pok\u00f3j 2-osobowy<\/td>\n<td style=\"width: 36.9658%; text-align: center;\">125,00 z\u0142<\/td>\n<\/tr>\n<tr>\n<td style=\"width: 63.0342%;\">Za jedn\u0105 dob\u0119 za pok\u00f3j 1-osobowy<\/td>\n<td style=\"width: 36.9658%; text-align: center;\">80,00 z\u0142<\/td>\n<\/tr>\n<\/tbody>\n<\/table>\n<p style=\"text-align: center;\"><strong><em>Tabela op\u0142at za kwaterowanie w&nbsp;domach studenckich nieb\u0119d\u0105cych studentami, doktorantami i&nbsp;pracownikami UP w&nbsp;Lublinie oraz studentami uczelni cz\u0142onkowskich Zwi\u0105zku Uczelni Lubelskich (UMCS,PL, UM w&nbsp;Lublinie)<\/em><\/strong><\/p>\n<table style=\"border-collapse: collapse; width: 100%; margin-bottom: 20px;\">\n<tbody>\n<tr>\n<th style=\"width: 63.0342%; text-align: center;\">Op\u0142ata<\/th>\n<th style=\"width: 36.9658%; text-align: center;\">D.S. Broadway<br \/>D.S. Manhattan<\/th>\n<\/tr>\n<tr>\n<td style=\"width: 63.0342%;\">Miesi\u0119czna za jedno miejsce w&nbsp;pokoju 2-osobowym<\/td>\n<td style=\"width: 36.9658%; text-align: center;\">780,00 z\u0142<\/td>\n<\/tr>\n<tr>\n<td style=\"width: 63.0342%;\">Miesi\u0119czna za pok\u00f3j 2-osobowy, w&nbsp;kt\u00f3rym zakwaterowana jest jedna osoba<\/td>\n<td style=\"width: 36.9658%; text-align: center;\">1 200,00 z\u0142<\/td>\n<\/tr>\n<tr>\n<td style=\"width: 63.0342%;\">Miesi\u0119czna za pok\u00f3j 1-osobowy<\/td>\n<td style=\"width: 36.9658%; text-align: center;\">895,00 z\u0142<\/td>\n<\/tr>\n<tr>\n<td style=\"width: 63.0342%;\">Miesi\u0119czna za pok\u00f3j 1-osobowy o&nbsp;zwi\u0119kszonym metra\u017cu lub sk\u0142adaj\u0105cy si\u0119 z&nbsp;dw\u00f3ch pomieszcze\u0144<\/td>\n<td style=\"width: 36.9658%; text-align: center;\">&#8211;<\/td>\n<\/tr>\n<tr>\n<td style=\"width: 63.0342%;\">Za jedn\u0105 dob\u0119 za pok\u00f3j 2-osobowy<\/td>\n<td style=\"width: 36.9658%; text-align: center;\">140,00 z\u0142<\/td>\n<\/tr>\n<tr>\n<td style=\"width: 63.0342%;\">Za jedn\u0105 dob\u0119 za pok\u00f3j 1-osobowy<\/td>\n<td style=\"width: 36.9658%; text-align: center;\">95,00 z\u0142<\/td>\n<\/tr>\n<\/tbody>\n<\/table>\n                                        <\/div>\n\t\t\t\t\t\t                                                        <div class=\"block-text\">\n\t                                        <p>lokalizacja:\u00a0<b><a href=\"http:\/\/maps.google.com\/maps\/ms?ie=UTF8&amp;hl=pl&amp;msa=0&amp;msid=106181126983373769818.00044e311095a75de32ad&amp;ll=51.253858,22.586517&amp;spn=0.063281,0.168056&amp;z=13&amp;iwloc=00044e6ca168ffddc8edd\" target=\"_blank\" rel=\"noopener\">FELIN <\/a><\/b><\/p>\n<p><a class=\"thickbox\" style=\"line-height: 21.6px\" title=\"DS BRODWAY i&nbsp;MANHATTAN, Felin \" href=\"\/files\/images\/inne\/akademiki\/2017\/felin\/01-.jpg\"><img loading=\"lazy\" class=\"\" style=\"line-height: 21.6px;border: 1px solid #dadada\" src=\"\/files\/images\/inne\/akademiki\/2017\/felin\/01.jpg\" alt=\"\" width=\"109\" height=\"118\" \/><\/a>\u00a0\u00a0<a class=\"thickbox\" style=\"line-height: 21.6px\" title=\"DS BRODWAY i&nbsp;MANHATTAN, Felin \" href=\"\/files\/images\/inne\/akademiki\/2017\/felin\/02-.jpg\"><img loading=\"lazy\" class=\"\" style=\"line-height: 21.6px;border: 1px solid #dadada\" src=\"\/files\/images\/inne\/akademiki\/2017\/felin\/02.jpg\" alt=\"\" width=\"109\" height=\"109\" \/><\/a>\u00a0\u00a0<a class=\"thickbox\" style=\"line-height: 21.6px\" title=\"DS BRODWAY i&nbsp;MANHATTAN, Felin \" href=\"\/files\/images\/inne\/akademiki\/2017\/felin\/03-.jpg\"><img loading=\"lazy\" class=\"\" style=\"line-height: 21.6px;border: 1px solid #dadada\" src=\"\/files\/images\/inne\/akademiki\/2017\/felin\/03.jpg\" alt=\"\" width=\"109\" height=\"109\" \/><\/a>\u00a0<a class=\"thickbox\" style=\"line-height: 21.6px\" href=\"\/files\/images\/inne\/akademiki\/2017\/felin\/04-.jpg\"><img loading=\"lazy\" class=\"\" style=\"line-height: 21.6px;border: 1px solid #dadada\" src=\"\/files\/images\/inne\/akademiki\/2017\/felin\/04.jpg\" alt=\"\" width=\"108\" height=\"108\" \/><\/a><\/p>\n<p style=\"line-height: 21.6px\"><a class=\"thickbox\" style=\"line-height: 21.6px\" title=\"DS BRODWAY i&nbsp;MANHATTAN, Felin \" href=\"\/files\/images\/inne\/akademiki\/2017\/felin\/05-.jpg\"><img loading=\"lazy\" class=\"\" style=\"line-height: 21.6px;border: 1px solid #dadada\" src=\"\/files\/images\/inne\/akademiki\/2017\/felin\/05.jpg\" alt=\"\" width=\"110\" height=\"110\" \/><\/a>\u00a0\u00a0<a class=\"thickbox\" style=\"line-height: 21.6px\" title=\"DS BRODWAY i&nbsp;MANHATTAN, Felin \" href=\"\/files\/images\/inne\/akademiki\/2017\/felin\/06-.jpg\"><img loading=\"lazy\" class=\"\" style=\"line-height: 21.6px;border: 1px solid #dadada\" src=\"\/files\/images\/inne\/akademiki\/2017\/felin\/06.jpg\" alt=\"\" width=\"109\" height=\"109\" \/><\/a>\u00a0\u00a0<a class=\"thickbox\" style=\"line-height: 21.6px\" title=\"DS BRODWAY i&nbsp;MANHATTAN, Felin \" href=\"\/files\/images\/inne\/akademiki\/2017\/felin\/07-.jpg\"><img loading=\"lazy\" class=\"\" style=\"line-height: 21.6px;border: 1px solid #dadada\" src=\"\/files\/images\/inne\/akademiki\/2017\/felin\/07.jpg\" alt=\"\" width=\"109\" height=\"109\" \/><\/a>\u00a0<a class=\"thickbox\" style=\"line-height: 21.6px\" href=\"\/files\/images\/inne\/akademiki\/2017\/felin\/08-.jpg\"><img loading=\"lazy\" class=\"\" style=\"line-height: 21.6px;border: 1px solid #dadada\" src=\"\/files\/images\/inne\/akademiki\/2017\/felin\/08.jpg\" alt=\"\" width=\"109\" height=\"109\" \/><\/a><\/p>\n<p style=\"text-align: center\">\u2666\u2666\u2666<\/p>\n                                        <\/div>\n\t\t\t\t\t\t                                                        <div class=\"block-text\">\n\t                                        <h2 style=\"text-align: center\"><strong>Manhattan<\/strong><\/h2>\n<ul>\n<li>pokoje 1 &#8211; os. i&nbsp;2 &#8211; os. w&nbsp;segmentach\u00a0<\/li>\n<li>ilo\u015b\u0107 pokoi 1 &#8211; os. &#8211; 120<\/li>\n<li>ilo\u015b\u0107 pokoi 2 &#8211; os. &#8211; 120<\/li>\n<li>ilo\u015b\u0107 segment\u00f3w 2 &#8211; pokojowych: 40 (w ka\u017cdym segmencie pok\u00f3j 1 &#8211; os. i&nbsp;2 &#8211; os.)<\/li>\n<li>ilo\u015b\u0107 segment\u00f3w 4 &#8211; pokojowych: 40 (w ka\u017cdym segmencie 2 pokoje 1 &#8211; os. i&nbsp;2 pokoje 2 &#8211; os.)<\/li>\n<li>w\u0119z\u0142y sanitarne (wc, prysznic) wsp\u00f3lne w&nbsp;ka\u017cdym segmencie<\/li>\n<li>pralki og\u00f3lnodost\u0119pne na ka\u017cdym pi\u0119trze<\/li>\n<li>wsp\u00f3lna kuchnia na ka\u017cdym pi\u0119trze\u00a0<\/li>\n<li>pok\u00f3j cichej nauki<\/li>\n<\/ul>\n<h2 style=\"text-align: center\"><strong>Broadway <\/strong><\/h2>\n<ul>\n<li>pokoje 1 &#8211; os. i&nbsp;2 &#8211; os. w&nbsp;segmentach\u00a0<\/li>\n<li>ilo\u015b\u0107 pokoi 1 &#8211; os. &#8211; 120<\/li>\n<li>ilo\u015b\u0107 pokoi 2 &#8211; os. &#8211; 120<\/li>\n<li>ilo\u015b\u0107 segment\u00f3w 2 &#8211; pokojowych: 20 (w ka\u017cdym segmencie pok\u00f3j 1 &#8211; os. i&nbsp;2 &#8211; os.)<\/li>\n<li>ilo\u015b\u0107 segment\u00f3w 4 &#8211; pokojowych: 50 (w ka\u017cdym segmencie 2 pokoje 1 &#8211; os. i&nbsp;2 pokoje 2 &#8211; os.)<\/li>\n<li>w\u0119z\u0142y sanitarne (wc, prysznic) wsp\u00f3lne w&nbsp;ka\u017cdym segmencie<\/li>\n<li>pralki og\u00f3lnodost\u0119pne na ka\u017cdym pi\u0119trze<\/li>\n<li>wsp\u00f3lna kuchnia na ka\u017cdym pi\u0119trze\u00a0<\/li>\n<li>pok\u00f3j cichej nauki<\/li>\n<\/ul>\n                                        <\/div>\n\t\t\t\t\t\t                                                        <div class=\"block-text\">\n\t                                        <p><a href=\"https:\/\/www.google.pl\/maps\/place\/D.S.+Brodway\/@51.2239613,22.6229396,173a,35y,39.38t\/data=!3m1!1e3!4m5!3m4!1s0x472256f2ba99fff3:0x9df10ccd7069346!8m2!3d51.225549!4d22.6230758\"><img loading=\"lazy\" class=\"aligncenter size-full wp-image-108524\" src=\"https:\/\/up.lublin.pl\/wp-content\/uploads\/2021\/02\/felin-00.jpg\" alt=\"\" width=\"600\" height=\"338\" \/><\/a><\/p>\n<p><img loading=\"lazy\" class=\"aligncenter size-full wp-image-103690\" src=\"https:\/\/up.lublin.pl\/wp-content\/uploads\/2021\/01\/akademiki2.jpg\" alt=\"\" width=\"690\" height=\"251\" \/><\/p>\n                                        <\/div>\n\t\t\t\t\t\t                                <\/div>\n\t\t\t\t\t\t<\/div>\n\t<\/div>\n<\/section>\n\t\t<\/div>\n\t\t\t\t<\/div>\n\t\t\t\t\t\t<\/div>\n\t\t\t\t\t<\/div>\n\t\t<\/div>\n\t\t\t\t\t\t\t\t<\/div>\n\t\t\t\t\t<\/div>\n\t\t<\/section>\n\t\t\t\t\t\t<\/div>\n\t\t\t\t\t\t<\/div>\n\t\t\t\t\t<\/div>\n\t\t","protected":false},"excerpt":{"rendered":"<p>Akademiki UP Akademik ESKULAP Akademik CEBION Akademik DODEK Akademiki BROADWAY i&nbsp;MANHATTAN Akademik ESKULAP ul. Langiewicza 12 (centrum, miasteczko akademickie) Podwy\u017cszony standard, bardzo dobre wyposa\u017cenie: pokoje z&nbsp;\u0142azienk\u0105 i&nbsp;aneksem kuchennym Rezerwacje: telefon: +48 81 441 14 87 Cena Ceny zawieraj\u0105 op\u0142aty za media, internet oraz podatek VAT. Obowi\u0105zuj\u0105 od 1 pa\u017adziernika 2026. Tabela op\u0142at za kwaterowanie w&nbsp;domach [&hellip;]<\/p>\n","protected":false},"author":2,"featured_media":0,"parent":0,"menu_order":0,"comment_status":"closed","ping_status":"closed","template":"elementor_header_footer","meta":{"_monsterinsights_skip_tracking":false,"_monsterinsights_sitenote_active":false,"_monsterinsights_sitenote_note":"","_monsterinsights_sitenote_category":0},"_links":{"self":[{"href":"https:\/\/up.lublin.pl\/ru\/wp-json\/wp\/v2\/pages\/563326"}],"collection":[{"href":"https:\/\/up.lublin.pl\/ru\/wp-json\/wp\/v2\/pages"}],"about":[{"href":"https:\/\/up.lublin.pl\/ru\/wp-json\/wp\/v2\/types\/page"}],"author":[{"embeddable":true,"href":"https:\/\/up.lublin.pl\/ru\/wp-json\/wp\/v2\/users\/2"}],"replies":[{"embeddable":true,"href":"https:\/\/up.lublin.pl\/ru\/wp-json\/wp\/v2\/comments?post=563326"}],"version-history":[{"count":5,"href":"https:\/\/up.lublin.pl\/ru\/wp-json\/wp\/v2\/pages\/563326\/revisions"}],"predecessor-version":[{"id":563335,"href":"https:\/\/up.lublin.pl\/ru\/wp-json\/wp\/v2\/pages\/563326\/revisions\/563335"}],"wp:attachment":[{"href":"https:\/\/up.lublin.pl\/ru\/wp-json\/wp\/v2\/media?parent=563326"}],"curies":[{"name":"wp","href":"https:\/\/api.w.org\/{rel}","templated":true}]}}