{"id":1547,"date":"2021-01-27T11:28:41","date_gmt":"2021-01-27T10:28:41","guid":{"rendered":"http:\/\/nowastrona.up.lublin.pl\/foodscience\/?page_id=1547"},"modified":"2021-01-27T12:55:59","modified_gmt":"2021-01-27T11:55:59","slug":"jubileusz-10-lecia","status":"publish","type":"page","link":"https:\/\/up.lublin.pl\/foodscience\/wydzial\/jubileusze\/jubileusz-10-lecia\/","title":{"rendered":"Jubileusz 10-lecia"},"content":{"rendered":"\t\t<div data-elementor-type=\"wp-page\" data-elementor-id=\"1547\" class=\"elementor elementor-1547\" data-elementor-settings=\"[]\">\n\t\t\t\t\t\t<div class=\"elementor-inner\">\n\t\t\t\t\t\t\t<div class=\"elementor-section-wrap\">\n\t\t\t\t\t\t\t<section class=\"elementor-section elementor-top-section elementor-element elementor-element-2470006 elementor-section-boxed elementor-section-height-default elementor-section-height-default\" data-id=\"2470006\" data-element_type=\"section\">\n\t\t\t\t\t\t<div class=\"elementor-container elementor-column-gap-default\">\n\t\t\t\t\t\t\t<div class=\"elementor-row\">\n\t\t\t\t\t<div class=\"elementor-column elementor-col-100 elementor-top-column elementor-element elementor-element-a7f5981\" data-id=\"a7f5981\" data-element_type=\"column\">\n\t\t\t<div class=\"elementor-column-wrap elementor-element-populated\">\n\t\t\t\t\t\t\t<div class=\"elementor-widget-wrap\">\n\t\t\t\t\t\t<div class=\"elementor-element elementor-element-341ec60 elementor-widget elementor-widget-m5h\" data-id=\"341ec60\" data-element_type=\"widget\" data-widget_type=\"m5h.default\">\n\t\t\t\t<div class=\"elementor-widget-container\">\n\t\t\t<section class=\"mn-m5-h mn-bg-white\">\r\n\t<div class=\"mn-grid\">\r\n\t\t<div class=\"mn-content mn-grid-12\">\r\n\t\t\t<div class=\"mn-lead\">\r\n\t\t\t\t<p><img loading=\"lazy\" class=\"size-full wp-image-1552 aligncenter\" src=\"http:\/\/nowastrona.up.lublin.pl\/foodscience\/wp-content\/uploads\/sites\/8\/2021\/01\/nozib-10-lecie.jpg\" alt=\"\" width=\"600\" height=\"204\" \/><\/p>\n\t\t\t<\/div>\r\n\t\t<\/div>\r\n\t<\/div>\r\n<\/section>\r\n\t\t<\/div>\n\t\t\t\t<\/div>\n\t\t\t\t<div class=\"elementor-element elementor-element-b1ce46b elementor-widget elementor-widget-m5c\" data-id=\"b1ce46b\" data-element_type=\"widget\" data-widget_type=\"m5c.default\">\n\t\t\t\t<div class=\"elementor-widget-container\">\n\t\t\t<section class=\"mn-m5-c mn-bg-white\">\n\t<div class=\"mn-grid\">\n\t\t            <div class=\"mn-menu-container mn-grid-3\">\n                <ul class=\"mn-bg-yellow\">\n\t                                        <li>\n                            <a href=\"#\" class=\"active\" data-hash=\"#\">\n                                Zaproszenie                            <\/a>\n                        <\/li>\n                                                <li>\n                            <a href=\"#\" class=\"\" data-hash=\"#\">\n                                Organizatorzy                            <\/a>\n                        <\/li>\n                                                <li>\n                            <a href=\"#\" class=\"\" data-hash=\"#\">\n                                Materia\u0142y konferencyjne do pobrania                            <\/a>\n                        <\/li>\n                                                <li>\n                            <a href=\"#\" class=\"\" data-hash=\"#\">\n                                Komiet Naukowy                            <\/a>\n                        <\/li>\n                                                <li>\n                            <a href=\"#\" class=\"\" data-hash=\"#\">\n                                Komitet Organizacyjny                            <\/a>\n                        <\/li>\n                                                <li>\n                            <a href=\"#\" class=\"\" data-hash=\"#\">\n                                Cele i&nbsp;tematyka konferencji                            <\/a>\n                        <\/li>\n                                                <li>\n                            <a href=\"#\" class=\"\" data-hash=\"#\">\n                                Harmonogram zg\u0142osze\u0144                            <\/a>\n                        <\/li>\n                                                <li>\n                            <a href=\"#\" class=\"\" data-hash=\"#\">\n                                Sponsorzy i&nbsp;partnerzy sesji                            <\/a>\n                        <\/li>\n                                                <li>\n                            <a href=\"#\" class=\"\" data-hash=\"#\">\n                                Komunikaty i&nbsp;informacje                            <\/a>\n                        <\/li>\n                                                <li>\n                            <a href=\"#\" class=\"\" data-hash=\"#\">\n                                Kontakt i&nbsp;lokalizacja                            <\/a>\n                        <\/li>\n                                        <\/ul>\n            <\/div>\n\t        \t\t<div class=\"mn-content mn-grid-8\">\n\t\t\t                <div class=\"mn-content-block active\">\n\t                                                        <div class=\"block-text\">\n\t                                        <p style=\"text-align: center; font-size: 150%;\"><a href=\"\/foodscience\/?rid=6843\">[ RELACJA ] <\/a><\/p>\n<p style=\"text-align: center; font-size: 150%;\"><a href=\"\/3981\/\">[ FOTOREPORTA\u017b ] <\/a><\/p>\n<hr \/>\n<p style=\"text-align: center;\">*** ZAPROSZENIE ARCHIWALNE ***<\/p>\n<h1 style=\"text-align: center;\">Z przyjemno\u015bci\u0105 informujemy, \u017ce rok 2015 jest rokiem jubileuszowym dla naszego Wydzia\u0142u.<\/h1>\n<p style=\"text-align: center;\">W zwi\u0105zku z&nbsp;obchodami niniejszego jubileuszu<\/p>\n<p style=\"text-align: center;\">Komitet Nauk o&nbsp;\u017bywno\u015bci Polskiej Akademii Nauk<br \/>Wydzia\u0142 Nauk o&nbsp;\u017bywno\u015bci i&nbsp;Biotechnologii Uniwersytetu Przyrodniczego w&nbsp;Lublinie<br \/>Polskie Towarzystwo Technolog\u00f3w \u017bywno\u015bci<br \/>zapraszaj\u0105 na:<\/p>\n<h2 style=\"text-align: center;\">XLII Sesj\u0119 Naukow\u0105 Komitetu Nauk o&nbsp;\u017bywno\u015bci Polskiej Akademii Nauk<\/h2>\n<p style=\"text-align: center; line-height: 250%; color: #d16207; font-family: Exo;\"><img loading=\"lazy\" src=\"\/files\/images\/foodscience\/sesja-pan\/logo-sesja-pan-nozib.jpg\" alt=\"\" width=\"400\" height=\"173\" \/><\/p>\n<h2 style=\"text-align: center;\">\u201e\u017bYWNO\u015a\u0106-ZDROWIE-PRZYSZ\u0141O\u015a\u0106\u201d<\/h2>\n<p style=\"text-align: center; line-height: 250%;\">kt\u00f3ra odb\u0119dzie si\u0119 w&nbsp;dniach 25-26 czerwca 2015 r. w&nbsp;Centrum Kongresowym <br \/>Uniwersytetu Przyrodniczego w&nbsp;Lublinie, ul. Akademicka 13<\/p>\n                                        <\/div>\n\t\t\t\t\t\t                                <\/div>\n\t\t\t\t                <div class=\"mn-content-block\">\n\t                                                        <div class=\"block-text\">\n\t                                        <p style=\"text-align: center;\">ORGANIZATORZY:<\/p>\n<p style=\"text-align: center;\">\u00a0<\/p>\n<p style=\"text-align: center;\"><a href=\"http:\/\/www.knoz.pan.pl\">Komitet Nauk o&nbsp;\u017bywno\u015bci Polskiej Akademii Nauk<\/a><br \/>Wydzia\u0142 Nauk o&nbsp;\u017bywno\u015bci i&nbsp;Biotechnologii Uniwersytetu Przyrodniczego w&nbsp;Lublinie <br \/><a href=\"http:\/\/www.pttz.org\">Polskie Towarzystwo Technolog\u00f3w \u017bywno\u015bci<\/a><\/p>\n<p style=\"text-align: center;\">PATRONAT HONOROWY:<\/p>\n<p style=\"text-align: center;\"><img loading=\"lazy\" src=\"http:\/\/www.up.lublin.pl\/files\/images\/promocja\/logo-up-300px.jpg\" alt=\"\" width=\"130\" height=\"66\" \/><\/p>\n<p style=\"text-align: center;\">JM Rektor Uniwersytetu Przyrodniczego w&nbsp;Lublinie<br \/>prof. dr hab. Marian Weso\u0142owski<\/p>\n<p style=\"text-align: center;\"><a href=\"\/files\/foodscience\/sesja-pan\/patronat_honorowy.pdf\" target=\"_blank\" rel=\"noopener noreferrer\"><img loading=\"lazy\" src=\"\/files\/images\/foodscience\/sesja-pan\/logo\/logo-patronat_marszalek_sosnowski.jpg\" alt=\"\" width=\"200\" height=\"176\" \/><\/a><br \/>Marsza\u0142ek Wojew\u00f3dztwa Lubelskiego S\u0142awomir Sosnowski<\/p>\n<hr \/>\n<p style=\"text-align: center;\">\u00a0<\/p>\n<p style=\"text-align: center;\"><img loading=\"lazy\" src=\"\/files\/images\/logo\/logo-obce\/ministerstwo-szkolnictwa-wyzszego-logo.jpg\" alt=\"\" width=\"200\" height=\"29\" \/><\/p>\n<p style=\"text-align: center;\">Konferencja dofinansowana przez Ministerstwo Nauki i&nbsp;Szkolnictwa Wy\u017cszego w&nbsp;ramach dzia\u0142alno\u015bci upowszechniaj\u0105cej nauk\u0119<\/p>\n<hr \/>\n<p style=\"text-align: center;\">\u00a0<\/p>\n                                        <\/div>\n\t\t\t\t\t\t                                <\/div>\n\t\t\t\t                <div class=\"mn-content-block\">\n\t                                                        <div class=\"block-text\">\n\t                                        <p style=\"font-size: 140%; text-align: center;\"><img loading=\"lazy\" src=\"\/files\/images\/navig\/acrobat.png\" alt=\"\" width=\"50\" height=\"61\" \/><\/p>\n<p style=\"text-align: center;\">MATERIA\u0141Y SESJI:<\/p>\n<p style=\"text-align: center;\">\u00a0<\/p>\n<ul>\n<li><a href=\"\/files\/foodscience\/sesja-pan\/materialy\/materialy_xlii_sesji_naukowej_komitetu_nauk_o_zywnosci_pan.pdf\" target=\"_blank\" rel=\"noopener noreferrer\">MATERIA\u0141Y XLII SESJI NAUKOWEJ KOMITETU NAUK O&nbsp;\u017bYWNO\u015aCI POLSKIEJ AKADEMII NAUK &#8220;\u017bYWNO\u015a\u0106-ZDROWIE-PRZYSZ\u0141O\u015a\u0106&#8221;, Polskie Towarzystwo Technolog\u00f3w \u017bywno\u015bci, Wydawnictwo Naukowe PTT\u017b, Krak\u00f3w 2015, ISBN 978-83-935421-6-1<\/a><\/li>\n<\/ul>\n<p style=\"text-align: center;\"><img loading=\"lazy\" src=\"\/files\/images\/navig\/acrobat.png\" alt=\"\" width=\"50\" height=\"61\" \/><\/p>\n<p style=\"text-align: center;\">MONOGRAFIE:<\/p>\n<ul>\n<li><a href=\"\/files\/foodscience\/sesja-pan\/materialy\/bezpieczenstwo_zdrowotne_zywnosci.pdf\" target=\"_blank\" rel=\"noopener noreferrer\">BEZPIECZE\u0143STWO ZDROWOTNE \u017bYWNO\u015aCI: ASPEKTY MIKROBIOLOGICZNE, CHEMICZNE I&nbsp;OCENA TOWAROZNAWCZA, Red. Joanna Stadnik i&nbsp;Izabella Jackowska, Polskie Towarzystwo Technolog\u00f3w \u017bywno\u015bci, Wydawnictwo Naukowe PTT\u017b, Krak\u00f3w 2015, ISBN 978-83-935421-7-8<\/a><\/li>\n<li><a href=\"\/files\/foodscience\/sesja-pan\/materialy\/technologiczne_ksztaltowanie_jakosci_zywnosci.pdf\" target=\"_blank\" rel=\"noopener noreferrer\">TECHNOLOGICZNE KSZTA\u0141TOWANIE JAKO\u015aCI \u017bYWNO\u015aCI, Red. Karolina M. W\u00f3jciak i&nbsp;Zbigniew J. Dolatowski, Polskie Towarzystwo Technolog\u00f3w \u017bywno\u015bci, Wydawnictwo Naukowe PTT\u017b, Krak\u00f3w 2015, ISBN 978-83-935421-9-2<\/a><\/li>\n<li><a href=\"\/files\/foodscience\/sesja-pan\/materialy\/trendy_w_zywieniu_czlowieka.pdf\" target=\"_blank\" rel=\"noopener noreferrer\">TRENDY W&nbsp;\u017bYWIENIU CZ\u0141OWIEKA, Red. Ma\u0142gorzata Karwowska i&nbsp;Waldemar Gustaw, Polskie Towarzystwo Technolog\u00f3w \u017bywno\u015bci, Wydawnictwo Naukowe PTT\u017b, Krak\u00f3w 2015, ISBN 978-83-935421-8-5<\/a><\/li>\n<\/ul>\n                                        <\/div>\n\t\t\t\t\t\t                                <\/div>\n\t\t\t\t                <div class=\"mn-content-block\">\n\t                                                        <div class=\"block-text\">\n\t                                        <p>prof. dr hab. Izabella Jackowska &#8211; Przewodnicz\u0105ca<br \/>prof. dr hab. Barbara Baraniak<br \/>prof. dr hab. Zbigniew J. Dolatowski<br \/>prof. dr hab. Waldemar Gustaw<br \/>prof. dr hab. Jerzy Jamroz<br \/>prof. dr hab. Joanna Matysiak<br \/>prof. dr hab. Stanis\u0142aw Mleko<br \/>prof. dr hab. Irena Perucka<br \/>prof. dr hab. Ewa Solarska<br \/>prof. dr hab. Zdzis\u0142aw Targo\u0144ski<br \/>dr hab. Urszula Gawlik-Dziki<br \/>dr hab. in\u017c. Pawe\u0142 Glibowski<br \/>dr hab. in\u017c. Ma\u0142gorzata Karwowska<br \/>dr hab. Rados\u0142aw Kowalski<br \/>dr hab. Ma\u0142gorzata Materska<br \/>dr hab. Urszula Pankiewicz<br \/>dr hab. Magdalena Polak-Berecka<br \/>dr hab. in\u017c. Joanna Stadnik<br \/>dr hab. in\u017c. Dariusz Stasiak<br \/>dr hab. in\u017c. Dominik Szwajgier<br \/>dr hab. Adam Wa\u015bko<\/p>\n                                        <\/div>\n\t\t\t\t\t\t                                <\/div>\n\t\t\t\t                <div class=\"mn-content-block\">\n\t                                                        <div class=\"block-text\">\n\t                                        <p>dr hab. in\u017c. Joanna Stadnik &#8211; Przewodnicz\u0105ca<br \/>dr hab. in\u017c. Ma\u0142gorzata Karwowska &#8211; Z-ca przewodnicz\u0105cego<br \/>dr in\u017c. Karolina W\u00f3jciak &#8211; Sekretarz<\/p>\n<p>Cz\u0142onkowie<br \/>dr in\u017c. Tomasz Czernecki<br \/>dr in\u017c. Anna Jakubczyk<br \/>dr in\u017c. Dariusz Kowalczyk<br \/>dr Ma\u0142gorzata Materska<br \/>dr in\u017c. Aldona Sobota<br \/>dr in\u017c. Anna St\u00f3j<br \/>dr Monika Sujka<br \/>dr in\u017c. Marta Zalewska-Korona<\/p>\n                                        <\/div>\n\t\t\t\t\t\t                                <\/div>\n\t\t\t\t                <div class=\"mn-content-block\">\n\t                                                        <div class=\"block-text\">\n\t                                        <p><strong>CEL KONFERENCJI:<\/strong><\/p>\n<p>Sesje Naukowe KNo\u017b PAN maj\u0105 charakter cykliczny i&nbsp;od 2007 organizowane s\u0105 co dwa lata przez krajowe o\u015brodki akademickie zajmuj\u0105ce si\u0119 naukami o&nbsp;\u017cywno\u015bci. Celem XLII Sesji Naukowej Komitetu Nauk o&nbsp;\u017bywno\u015bci Polskiej Akademii Nauk jest stworzenie forum do prezentacji najnowszych prac oraz osi\u0105gni\u0119\u0107 naukowych i&nbsp;technologicznych w&nbsp;dziedzinie technologii \u017cywno\u015bci i&nbsp;\u017cywienia cz\u0142owieka, jak r\u00f3wnie\u017c wymiana pogl\u0105d\u00f3w oraz do\u015bwiadcze\u0144 pracownik\u00f3w jednostek naukowych i&nbsp;przedstawicieli przemys\u0142u spo\u017cywczego.<\/p>\n<p>Podczas XLII Sesji Naukowej KNo\u017b PAN b\u0119dziemy obchodzi\u0107 jubileusz 10-lecia Wydzia\u0142u Nauk o&nbsp;\u017bywno\u015bci i&nbsp;Biotechnologii UP w&nbsp;Lublinie oraz 25-lecia dzia\u0142alno\u015bci Polskiego Towarzystwa Technolog\u00f3w \u017bywno\u015bci.<\/p>\n<p><strong>TEMATYKA KONFERENCJI:<\/strong><\/p>\n<ul>\n<li>Technologia i&nbsp;biotechnologia \u017cywno\u015bci<\/li>\n<li>\u017bywienie cz\u0142owieka<\/li>\n<li>Jako\u015b\u0107 i&nbsp;bezpiecze\u0144stwo \u017cywno\u015bci<\/li>\n<\/ul>\n                                        <\/div>\n\t\t\t\t\t\t                                <\/div>\n\t\t\t\t                <div class=\"mn-content-block\">\n\t                                                        <div class=\"block-text\">\n\t                                        <ul>\n<li>Zg\u0142oszenie uczestnictwa (e-mail, fax, listownie) <strong>do 15 lutego 2015 <\/strong><\/li>\n<li>Przes\u0142anie streszcze\u0144 wyk\u0142ad\u00f3w plenarnych i&nbsp;komunikat\u00f3w naukowych <strong>do 15 marca 2015<\/strong><\/li>\n<li>Przes\u0142anie pe\u0142nych tekst\u00f3w prac do druku w&nbsp;monografii <strong>do 15 marca 2015<\/strong><\/li>\n<li>Wniesienie op\u0142aty <strong>do 15 kwietnia 2015<\/strong><\/li>\n<\/ul>\n                                        <\/div>\n\t\t\t\t\t\t                                <\/div>\n\t\t\t\t                <div class=\"mn-content-block\">\n\t                                                        <div class=\"block-text\">\n\t                                        <p><strong>SPONSORZY:<\/strong><\/p>\n<p style=\"text-align: center;\">\u00a0<\/p>\n<p style=\"text-align: center;\"><a href=\"\/files\/foodscience\/sesja-pan\/notatka_o_firmie_shimpol.pdf\" target=\"_blank\" rel=\"noopener noreferrer\"><img loading=\"lazy\" src=\"\/files\/images\/foodscience\/sesja-pan\/logo\/shimpol-logo.jpg\" alt=\"\" width=\"140\" height=\"77\" \/> <\/a><img loading=\"lazy\" src=\"\/files\/images\/foodscience\/sesja-pan\/logo\/logo_bgz.jpg\" alt=\"\" width=\"120\" height=\"41\" \/> <a href=\"http:\/\/www.agrolab.pl\/\" target=\"_blank\" rel=\"noopener noreferrer\"><img loading=\"lazy\" src=\"\/files\/images\/foodscience\/sesja-pan\/logo\/agrolab.jpg\" alt=\"\" width=\"190\" height=\"78\" \/><\/a><\/p>\n<p>\u00a0<\/p>\n<p style=\"text-align: center;\"><a href=\"\/files\/foodscience\/sesja-pan\/konica-minolta.pdf\" target=\"_blank\" rel=\"noopener noreferrer\"><img loading=\"lazy\" src=\"\/files\/images\/foodscience\/sesja-pan\/logo\/konica.jpg\" alt=\"\" width=\"120\" height=\"70\" \/> <\/a><a href=\"\/files\/foodscience\/sesja-pan\/chemagra.pdf\" target=\"_blank\" rel=\"noopener noreferrer\"><img loading=\"lazy\" src=\"\/files\/images\/foodscience\/sesja-pan\/logo\/chemagra-logo.jpg\" alt=\"\" width=\"160\" height=\"66\" \/> <\/a><a href=\"http:\/\/www.radwag.pl\/\" target=\"_blank\" rel=\"noopener noreferrer\"><img loading=\"lazy\" src=\"\/files\/images\/foodscience\/sesja-pan\/logo\/radwag.jpg\" alt=\"\" width=\"130\" height=\"65\" \/><\/a><\/p>\n<p style=\"text-align: center;\">\u00a0<\/p>\n<p style=\"text-align: center;\"><a href=\"http:\/\/www.makaroniarniapolmak.pl\/\" target=\"_blank\" rel=\"noopener noreferrer\"> <img loading=\"lazy\" src=\"\/files\/images\/foodscience\/sesja-pan\/logo\/polmak.jpg\" alt=\"\" width=\"118\" height=\"100\" \/> <\/a><a href=\"http:\/\/europiek.pl\/\" target=\"_blank\" rel=\"noopener noreferrer\"> <img loading=\"lazy\" src=\"\/files\/images\/foodscience\/sesja-pan\/logo\/europiek.jpg\" alt=\"\" width=\"130\" height=\"65\" \/><\/a><a href=\"http:\/\/www.cukiernia-lublin.pl\/\" target=\"_blank\" rel=\"noopener noreferrer\"> <img src=\"\/files\/images\/foodscience\/sesja-pan\/logo\/staropolska.jpg\" alt=\"\" \/><\/a><\/p>\n<p style=\"text-align: center;\">\u00a0<\/p>\n<p style=\"text-align: center;\"><a href=\"http:\/\/www.stoczek.com.pl\/\" target=\"_blank\" rel=\"noopener noreferrer\"><img loading=\"lazy\" src=\"\/files\/images\/foodscience\/sesja-pan\/logo\/stoczek.jpg\" alt=\"\" width=\"150\" height=\"80\" \/><\/a> <a href=\"http:\/\/www.makarony.pl\/\" target=\"_blank\" rel=\"noopener noreferrer\"><img loading=\"lazy\" src=\"\/files\/images\/foodscience\/sesja-pan\/logo\/makarony.jpg\" alt=\"\" width=\"130\" height=\"62\" \/><\/a><a href=\"http:\/\/www.cisowianka.pl\/\" target=\"_blank\" rel=\"noopener noreferrer\"> <img loading=\"lazy\" src=\"\/files\/images\/foodscience\/sesja-pan\/logo\/cisowianka-logo-2015.jpg\" alt=\"\" width=\"140\" height=\"32\" \/><\/a><\/p>\n<p style=\"text-align: center;\">\u00a0<\/p>\n<p style=\"text-align: center;\"><a href=\"http:\/\/www.smbieluch.pl\/\" target=\"_blank\" rel=\"noopener noreferrer\"><img loading=\"lazy\" src=\"\/files\/images\/foodscience\/sesja-pan\/logo\/bieluch_logo.jpg\" alt=\"\" width=\"150\" height=\"89\" \/><\/a> <a href=\"http:\/\/www.jasiolka.com\/\" target=\"_blank\" rel=\"noopener noreferrer\"><img loading=\"lazy\" src=\"\/files\/images\/foodscience\/sesja-pan\/logo\/jasiolka.jpg\" alt=\"\" width=\"160\" height=\"91\" \/><\/a> <a href=\"\/files\/foodscience\/sesja-pan\/apis.pdf\" target=\"_blank\" rel=\"noopener noreferrer\"><img loading=\"lazy\" src=\"\/files\/images\/foodscience\/sesja-pan\/logo\/apis.jpg\" alt=\"\" width=\"70\" height=\"96\" \/><\/a><\/p>\n<p style=\"text-align: center;\">\u00a0<\/p>\n<p style=\"text-align: center;\"><a href=\"\/files\/foodscience\/sesja-pan\/indykpol.pdf\" target=\"_blank\" rel=\"noopener noreferrer\"><img loading=\"lazy\" src=\"\/files\/images\/foodscience\/sesja-pan\/logo\/logo_indykpol.jpg\" alt=\"\" width=\"120\" height=\"93\" \/><\/a> <a href=\"http:\/\/krasnystaw.eu.\/\" target=\"_blank\" rel=\"noopener noreferrer\"><img loading=\"lazy\" src=\"\/files\/images\/foodscience\/sesja-pan\/logo\/logo-osm-krasnystaw.jpg\" alt=\"\" width=\"110\" height=\"61\" \/> <\/a><a href=\"http:\/\/www.osmpiaski.pl\/\" target=\"_blank\" rel=\"noopener noreferrer\"><img loading=\"lazy\" src=\"\/files\/images\/foodscience\/sesja-pan\/logo\/piaski.jpg\" alt=\"\" width=\"90\" height=\"100\" \/><\/a><\/p>\n<p style=\"text-align: center;\">\u00a0<\/p>\n<p style=\"text-align: center;\"><a href=\"http:\/\/www.krowki-opolelubelskie.pl\/\" target=\"_blank\" rel=\"noopener noreferrer\"> <img loading=\"lazy\" src=\"\/files\/images\/foodscience\/sesja-pan\/logo\/logo-geomax.jpg\" alt=\"\" width=\"130\" height=\"125\" \/><\/a> <a href=\"http:\/\/cabi.org\" target=\"_blank\" rel=\"noopener noreferrer\"><img loading=\"lazy\" src=\"\/files\/images\/foodscience\/sesja-pan\/logo\/cabi.jpg\" alt=\"\" width=\"120\" height=\"73\" \/><\/a> <a href=\"http:\/\/cukierniagrela.pl\/\" target=\"_blank\" rel=\"noopener noreferrer\"><img loading=\"lazy\" src=\"\/files\/images\/foodscience\/sesja-pan\/logo\/grela.jpg\" alt=\"\" width=\"120\" height=\"78\" \/><\/a><\/p>\n<p style=\"text-align: center;\">\u00a0<\/p>\n<p style=\"text-align: center;\"><a href=\"\/files\/foodscience\/sesja-pan\/ulotka_rollap_cebularz.pdf\" target=\"_blank\" rel=\"noopener noreferrer\"><img loading=\"lazy\" src=\"\/files\/images\/foodscience\/sesja-pan\/logo\/cebularz.jpg\" alt=\"\" width=\"300\" height=\"80\" \/><\/a> <a href=\"http:\/\/cydrlubelski.pl\/\" target=\"_blank\" rel=\"noopener noreferrer\"><img loading=\"lazy\" src=\"\/files\/images\/foodscience\/sesja-pan\/logo\/cydr-lubelski_logo.jpg\" alt=\"\" width=\"110\" height=\"83\" \/><\/a> <a href=\"http:\/\/www.tyskie.pl\/\" target=\"_blank\" rel=\"noopener noreferrer\"><img loading=\"lazy\" src=\"\/files\/images\/foodscience\/sesja-pan\/logo\/tyskie_masterbrand.jpg\" alt=\"\" width=\"130\" height=\"56\" \/><\/a><\/p>\n<p style=\"text-align: center;\">\u00a0<\/p>\n<p style=\"text-align: center;\"><a href=\"http:\/\/www.linegal.pl\/\" target=\"_blank\" rel=\"noopener noreferrer\"><img loading=\"lazy\" src=\"\/files\/images\/foodscience\/sesja-pan\/logo\/linegal-new.jpg\" alt=\"\" width=\"200\" height=\"93\" \/><\/a> <a href=\"http:\/\/mielnik.lublin.pl\/\" target=\"_blank\" rel=\"noopener noreferrer\"><img loading=\"lazy\" src=\"\/files\/images\/foodscience\/sesja-pan\/logo\/mielnik-logo-2015.jpg\" alt=\"\" width=\"100\" height=\"105\" \/><\/a><\/p>\n<p style=\"text-align: center;\">\u00a0<\/p>\n<p style=\"text-align: center;\"><a href=\"\/3983\/\">[ GALERIA SPONSOR\u00d3W ]<\/a><\/p>\n<p style=\"text-align: left;\">\u00a0<\/p>\n<hr \/>\n<p><strong>PATRONI MEDIALNI:<\/strong><\/p>\n<p style=\"text-align: center;\"><img loading=\"lazy\" src=\"\/files\/images\/logo\/logo-obce\/radio-lublin.jpg\" alt=\"\" width=\"130\" height=\"40\" \/> <a href=\"\/files\/foodscience\/sesja-pan\/spoz.pdf\"><img loading=\"lazy\" src=\"\/files\/images\/foodscience\/sesja-pan\/logo\/spoz.jpg\" alt=\"\" width=\"130\" height=\"29\" \/><\/a><\/p>\n<p>\u00a0<\/p>\n<hr \/>\n<p><strong>PARTNER SESJI:<\/strong><\/p>\n<p style=\"text-align: center;\"><a href=\"http:\/\/www.elizowka.pl\/\" target=\"_blank\" rel=\"noopener noreferrer\"><img loading=\"lazy\" src=\"\/files\/images\/foodscience\/sesja-pan\/logo\/elizowka-rynek.jpg\" alt=\"\" width=\"200\" height=\"85\" \/><\/a><\/p>\n<p style=\"text-align: center;\">\u00a0<\/p>\n<hr \/>\n                                        <\/div>\n\t\t\t\t\t\t                                <\/div>\n\t\t\t\t                <div class=\"mn-content-block\">\n\t                                                        <div class=\"block-text\">\n\t                                        <p style=\"font-size: 200%; text-align: center;\">Komunikaty<\/p>\n<p>\u00a0<\/p>\n<table style=\"width: 100%;\" border=\"0\" width=\"100%\" cellspacing=\"1\" cellpadding=\"1\">\n<tbody>\n<tr>\n<td style=\"width: 36.2695%;\">\n<ul>\n<li>komunikat 1:<a href=\"\/files\/foodscience\/sesja-pan\/komunikat_1.pdf\" target=\"_blank\" rel=\"noopener noreferrer\"><strong>Komunikat 1<\/strong><\/a><\/li>\n<li>komunikat 2: <a href=\"\/files\/foodscience\/sesja-pan\/komunikat_2.pdf\" target=\"_blank\" rel=\"noopener noreferrer\"><strong>Komunikat 2<\/strong><\/a><\/li>\n<li>komunikat 3: <a href=\"\/files\/foodscience\/sesja-pan\/komunikat_3.pdf\" target=\"_blank\" rel=\"noopener noreferrer\"><strong>Komunikat 3<\/strong><\/a><\/li>\n<\/ul>\n<\/td>\n<td style=\"width: 62.8669%;\">\n<ul>\n<li>Harmonogram sesji posterowych i&nbsp;referatowych <a href=\"\/files\/foodscience\/sesja-pan\/harmonogram_sesji_referatowych_i_posterowych.pdf\" target=\"_blank\" rel=\"noopener noreferrer\">Harmonogram sesji posterowych i&nbsp;referatowych<\/a><\/li>\n<li>Program XLII Sesji KNo\u017b PAN <a href=\"\/files\/foodscience\/sesja-pan\/program_xlii_sesji_knoz_pan.pdf\" target=\"_blank\" rel=\"noopener noreferrer\">Program XLII Sesji KNo\u017b PAN<\/a><\/li>\n<li><a href=\"\/files\/foodscience\/2015_newsy\/01\/karta_zgloszenia.docx\" target=\"_blank\" rel=\"noopener noreferrer\"><strong>Karta zg\u0142oszenia<\/strong><\/a><\/li>\n<\/ul>\n<\/td>\n<\/tr>\n<\/tbody>\n<\/table>\n<p>\u00a0<\/p>\n                                        <\/div>\n\t\t\t\t\t\t                                                        <div class=\"block-text\">\n\t                                        <h1>Publikacja i&nbsp;wymogi edytorskie:<\/h1>\n<p>Streszczenia wyk\u0142ad\u00f3w plenarnych i&nbsp;komunikat\u00f3w naukowych b\u0119d\u0105 opublikowane w&nbsp;materia\u0142ach konferencyjnych. <br \/>Pe\u0142ne teksty prac, po uzyskaniu pozytywnej recenzji, b\u0119d\u0105 opublikowane w&nbsp;monografii naukowej. Jedno zg\u0142oszenie upowa\u017cnia do prezentacji jednego komunikatu naukowego (ustnie lub w&nbsp;formie posteru) oraz publikacji jednego pe\u0142nego tekstu w&nbsp;monografii naukowej.<\/p>\n<ul>\n<li><a href=\"\/files\/foodscience\/sesja-pan\/szablony\/wymogi_edytorskie.docx\"><strong><em>Wymogi edytorskie<\/em><\/strong><\/a><\/li>\n<li><a href=\"\/files\/foodscience\/sesja-pan\/szablony\/szablon_streszczenia.docx\"><strong><em>Szablon streszczenia<\/em><\/strong><\/a><\/li>\n<li><a href=\"\/files\/foodscience\/sesja-pan\/szablony\/szablon_pracy_do_monografi.docx\"><strong><em>Szablon pracy do monografii<\/em><\/strong><\/a><\/li>\n<\/ul>\n<p>Teksty prac przygotowane zgodnie z&nbsp;powy\u017cszymi zasadami, nale\u017cy przes\u0142a\u0107 na adres Komitetu Organizacyjnego w&nbsp;formie<strong> jednego egzemplarza wydruku oraz pliku elektronicznego na p\u0142ycie CD w&nbsp;formacie MS Word (.doc\/.docx). <\/strong><\/p>\n<p>Schemat nazwy pliku: <strong>Nazwisko_Imi\u0119_streszczenie.doc\/Nazwisko_Imi\u0119_monografia.doc<\/strong><\/p>\n<hr \/>\n                                        <\/div>\n\t\t\t\t\t\t                                <\/div>\n\t\t\t\t                <div class=\"mn-content-block\">\n\t                                                        <div class=\"block-text\">\n\t                                        <p>PTT\u017b O\/Lubelski<br \/>Wydzia\u0142 Nauk o&nbsp;\u017bywno\u015bci i&nbsp;Biotechnologii<br \/>Uniwersytet Przyrodniczy w&nbsp;Lublinie<br \/>ul. Skromna 8\/212, 20-704 Lublin<\/p>\n<p>tel: (081) 462 33 41<br \/>fax: (081) 462 33 45<br \/>e-mail: sesjapan@up.lublin.pl<\/p>\n<p>Prace przygotowane niezgodnie z&nbsp;wymogami edytorskimi b\u0119d\u0105 odsy\u0142ane do korekty.<br \/>Termin nadsy\u0142ania prac: <strong>15 marca 2015<\/strong><\/p>\n                                        <\/div>\n\t\t\t\t\t\t                                                        <div class=\"block-text\">\n\t                                        <p>Sesja odb\u0119dzie si\u0119 w&nbsp;dniach 25-26 czerwca 2015 r. w&nbsp;Centrum Kongresowym Uniwersytetu Przyrodniczego w&nbsp;Lublinie, przy ulicy Akademickiej 15 (GPS: 51\u00b014\u201936.8\u201d N&nbsp;22\u00b032\u201934.4\u201dE).<\/p>\n<p style=\"text-align: center;\"><strong><a href=\"https:\/\/www.google.pl\/maps\/place\/Akademicka+15,+20-400+Lublin\/@51.2437291,22.5422522,17z\/data=!3m1!4b1!4m2!3m1!1s0x4722576346d3e503:0x30315f7b950b6e48\" target=\"_blank\" rel=\"noopener\"> <img loading=\"lazy\" style=\"border: solid 2px; border-color: #F3F0E9;\" src=\"\/files\/images\/foodscience\/sesja-pan\/mapka-akademicka.jpg\" alt=\"\" width=\"410\" height=\"329\" \/><\/a><\/strong><\/p>\n                                        <\/div>\n\t\t\t\t\t\t                                <\/div>\n\t\t\t\t\t\t<\/div>\n\t<\/div>\n<\/section>\n\t\t<\/div>\n\t\t\t\t<\/div>\n\t\t\t\t\t\t<\/div>\n\t\t\t\t\t<\/div>\n\t\t<\/div>\n\t\t\t\t\t\t\t\t<\/div>\n\t\t\t\t\t<\/div>\n\t\t<\/section>\n\t\t\t\t\t\t<\/div>\n\t\t\t\t\t\t<\/div>\n\t\t\t\t\t<\/div>\n\t\t","protected":false},"excerpt":{"rendered":"<p>Zaproszenie Organizatorzy Materia\u0142y konferencyjne do pobrania Komiet Naukowy Komitet Organizacyjny Cele i&nbsp;tematyka konferencji Harmonogram zg\u0142osze\u0144 Sponsorzy i&nbsp;partnerzy sesji Komunikaty i&nbsp;informacje Kontakt i&nbsp;lokalizacja [ RELACJA ] [ FOTOREPORTA\u017b ] *** ZAPROSZENIE ARCHIWALNE *** Z przyjemno\u015bci\u0105 informujemy, \u017ce rok 2015 jest rokiem jubileuszowym dla naszego Wydzia\u0142u. W zwi\u0105zku z&nbsp;obchodami niniejszego jubileuszu Komitet Nauk o&nbsp;\u017bywno\u015bci Polskiej Akademii NaukWydzia\u0142 [&hellip;]<\/p>\n","protected":false},"author":2,"featured_media":0,"parent":213,"menu_order":0,"comment_status":"closed","ping_status":"closed","template":"elementor_header_footer","meta":{"_monsterinsights_skip_tracking":false,"_monsterinsights_sitenote_active":false,"_monsterinsights_sitenote_note":"","_monsterinsights_sitenote_category":0},"_links":{"self":[{"href":"https:\/\/up.lublin.pl\/foodscience\/wp-json\/wp\/v2\/pages\/1547"}],"collection":[{"href":"https:\/\/up.lublin.pl\/foodscience\/wp-json\/wp\/v2\/pages"}],"about":[{"href":"https:\/\/up.lublin.pl\/foodscience\/wp-json\/wp\/v2\/types\/page"}],"author":[{"embeddable":true,"href":"https:\/\/up.lublin.pl\/foodscience\/wp-json\/wp\/v2\/users\/2"}],"replies":[{"embeddable":true,"href":"https:\/\/up.lublin.pl\/foodscience\/wp-json\/wp\/v2\/comments?post=1547"}],"version-history":[{"count":43,"href":"https:\/\/up.lublin.pl\/foodscience\/wp-json\/wp\/v2\/pages\/1547\/revisions"}],"predecessor-version":[{"id":1596,"href":"https:\/\/up.lublin.pl\/foodscience\/wp-json\/wp\/v2\/pages\/1547\/revisions\/1596"}],"up":[{"embeddable":true,"href":"https:\/\/up.lublin.pl\/foodscience\/wp-json\/wp\/v2\/pages\/213"}],"wp:attachment":[{"href":"https:\/\/up.lublin.pl\/foodscience\/wp-json\/wp\/v2\/media?parent=1547"}],"curies":[{"name":"wp","href":"https:\/\/api.w.org\/{rel}","templated":true}]}}