{"id":527102,"date":"2026-02-18T11:00:17","date_gmt":"2026-02-18T10:00:17","guid":{"rendered":"https:\/\/up.lublin.pl\/?page_id=527102"},"modified":"2026-02-18T11:01:35","modified_gmt":"2026-02-18T10:01:35","slug":"2024-2","status":"publish","type":"page","link":"https:\/\/up.lublin.pl\/en\/doctoral-school\/ster\/promotional-mobility\/2024-2\/","title":{"rendered":"Promotional mobility 2024 | NAWA STER"},"content":{"rendered":"\t\t<div data-elementor-type=\"wp-page\" data-elementor-id=\"527102\" class=\"elementor elementor-527102\" data-elementor-settings=\"[]\">\n\t\t\t\t\t\t<div class=\"elementor-inner\">\n\t\t\t\t\t\t\t<div class=\"elementor-section-wrap\">\n\t\t\t\t\t\t\t<section class=\"elementor-section elementor-top-section elementor-element elementor-element-0cc02ea elementor-section-boxed elementor-section-height-default elementor-section-height-default\" data-id=\"0cc02ea\" data-element_type=\"section\">\n\t\t\t\t\t\t<div class=\"elementor-container elementor-column-gap-default\">\n\t\t\t\t\t\t\t<div class=\"elementor-row\">\n\t\t\t\t\t<div class=\"elementor-column elementor-col-100 elementor-top-column elementor-element elementor-element-25b58dc\" data-id=\"25b58dc\" data-element_type=\"column\">\n\t\t\t<div class=\"elementor-column-wrap elementor-element-populated\">\n\t\t\t\t\t\t\t<div class=\"elementor-widget-wrap\">\n\t\t\t\t\t\t<div class=\"elementor-element elementor-element-b8c8013 elementor-widget elementor-widget-m2e\" data-id=\"b8c8013\" data-element_type=\"widget\" data-widget_type=\"m2e.default\">\n\t\t\t\t<div class=\"elementor-widget-container\">\n\t\t\t<section class=\"mn-m2-e mn-bg-grey\">\n\t<div class=\"mn-grid\">\n\t\t<div class=\"mn-grid-3 mn-introtext\">\n\t\t\t\t\t\t\t<p class=\"mn-header\">NAWA STER<\/p>\n\t\t\t\t\t\t\t\t\t\t\t<h3>\n\t\t\t\t\tPromotional mobility 2024\t\t\t\t<\/h3>\n\t\t\t\t\t\t\t\t\t\t\t\t<\/div>\n\t\t<div class=\"mn-grid-9 mn-image-container\">\n\t\t\t\t\t\t\t<img src=\"https:\/\/up.lublin.pl\/wp-content\/uploads\/2025\/03\/promo-mobility-nawa.jpg\" alt=\"\">\n\t\t\t\t\t\t<\/div>\n\t<\/div>\n\t<\/section>\n\t\t<\/div>\n\t\t\t\t<\/div>\n\t\t\t\t\t\t<\/div>\n\t\t\t\t\t<\/div>\n\t\t<\/div>\n\t\t\t\t\t\t\t\t<\/div>\n\t\t\t\t\t<\/div>\n\t\t<\/section>\n\t\t\t\t<section class=\"elementor-section elementor-top-section elementor-element elementor-element-44c43cd elementor-section-boxed elementor-section-height-default elementor-section-height-default\" data-id=\"44c43cd\" data-element_type=\"section\">\n\t\t\t\t\t\t<div class=\"elementor-container elementor-column-gap-default\">\n\t\t\t\t\t\t\t<div class=\"elementor-row\">\n\t\t\t\t\t<div class=\"elementor-column elementor-col-100 elementor-top-column elementor-element elementor-element-5e59895\" data-id=\"5e59895\" data-element_type=\"column\">\n\t\t\t<div class=\"elementor-column-wrap elementor-element-populated\">\n\t\t\t\t\t\t\t<div class=\"elementor-widget-wrap\">\n\t\t\t\t\t\t<div class=\"elementor-element elementor-element-6de7076 elementor-widget elementor-widget-m5c\" data-id=\"6de7076\" data-element_type=\"widget\" data-widget_type=\"m5c.default\">\n\t\t\t\t<div class=\"elementor-widget-container\">\n\t\t\t<section class=\"mn-m5-c mn-m5-d2 mn-bg-white\">\n\t<div class=\"mn-grid\">\n\t\t\t\t<div class=\"mn-content mn-grid-9\">\n\t\t\t                <div class=\"mn-content-block active\">\n\t                                                        <div class=\"block-text\">\n\t                                        <h2><strong>Schedule visit at the Lithuanian University of Health Sciences in Kaunas, Lithuania, December 1-4, 2024.<\/strong><\/h2>\n<p>Wyjazd w&nbsp;ramach zadania \u201cAkcja promocyjna maj\u0105ce na celu pozyskanie zagranicznych doktorant\u00f3w i&nbsp;promotor\u00f3w&#8221; w&nbsp;ramach projektu \u201cActions towards the internationalization of the Doctoral School of the University of Life Sciences in Lublin (I-SDUPL)\u201d &#8211; wyjazd w&nbsp;dniach 01.12.2024 r. &#8211; 04.12.2024 r. do Kowna (Litwa)<\/p>\n<ul>\n<li><a href=\"https:\/\/up.lublin.pl\/wp-content\/uploads\/2025\/03\/Plan-pobytu-1-4.12.2024-r.-Kowno-6.pdf\"> Visit Program\/ Program wizyty<\/a><\/li>\n<li><a href=\"https:\/\/up.lublin.pl\/wp-content\/uploads\/2025\/01\/ULSL-Doctoral-School_MW-wecompress.com_.pptx\">Presentation (.PPTX)<\/a><\/li>\n<li><a href=\"https:\/\/upedupl-my.sharepoint.com\/:p:\/g\/personal\/kamila_kaszycka_student_up_edu_pl\/EWFxichKBx9Cp0NgZxfZlW8Bys-OecmB2zjOWuCfpoxFWA?e=b16VXa\">Presentation 2 (.PPTX)<\/a><\/li>\n<li><a href=\"https:\/\/up.lublin.pl\/wp-content\/uploads\/2025\/02\/2024-12-LSMU-presentation.pdf\">LSMU Presentation(.pdf)<\/a><\/li>\n<li><a href=\"https:\/\/up.lublin.pl\/wp-content\/uploads\/2025\/03\/Sprawozdanie-Kowno-PL-new.pdf\">Sprawozdanie (PL)<\/a><\/li>\n<li><a href=\"https:\/\/up.lublin.pl\/wp-content\/uploads\/2025\/03\/Sprawozdanie-Kowno-ENG-new.pdf\">Report (ENG)<\/a><\/li>\n<\/ul>\n<p><a href=\"https:\/\/up.lublin.pl\/wp-content\/uploads\/2024\/12\/avevita_ster1.png\"><img loading=\"lazy\" class=\"aligncenter wp-image-447701\" src=\"https:\/\/up.lublin.pl\/wp-content\/uploads\/2024\/12\/avevita_ster1.png\" alt=\"\" width=\"257\" height=\"339\" \/><\/a><\/p>\n<p style=\"text-align: center;\"><a href=\"https:\/\/lsmu.lt\/wp-content\/uploads\/2024-avevita-41.pdf\">Tygodnik Uniwersytecki Ave Vita \/ strona 13, 11 grudnia 2024 r. | Ave Vita News, page 13; Decmber 11th, 2024<\/a><\/p>\n                                        <\/div>\n\t\t\t\t\t\t                                <\/div>\n\t\t\t\t                <div class=\"mn-content-block\">\n\t                                <\/div>\n\t\t\t\t                <div class=\"mn-content-block\">\n\t                                <\/div>\n\t\t\t\t                <div class=\"mn-content-block\">\n\t                                <\/div>\n\t\t\t\t                <div class=\"mn-content-block\">\n\t                                <\/div>\n\t\t\t\t                <div class=\"mn-content-block\">\n\t                                <\/div>\n\t\t\t\t                <div class=\"mn-content-block\">\n\t                                <\/div>\n\t\t\t\t                <div class=\"mn-content-block\">\n\t                                <\/div>\n\t\t\t\t                <div class=\"mn-content-block\">\n\t                                <\/div>\n\t\t\t\t                <div class=\"mn-content-block\">\n\t                                <\/div>\n\t\t\t\t                <div class=\"mn-content-block\">\n\t                                <\/div>\n\t\t\t\t                <div class=\"mn-content-block\">\n\t                                <\/div>\n\t\t\t\t                <div class=\"mn-content-block\">\n\t                                <\/div>\n\t\t\t\t                <div class=\"mn-content-block\">\n\t                                <\/div>\n\t\t\t\t                <div class=\"mn-content-block\">\n\t                                <\/div>\n\t\t\t\t                <div class=\"mn-content-block\">\n\t                                <\/div>\n\t\t\t\t                <div class=\"mn-content-block\">\n\t                                <\/div>\n\t\t\t\t                <div class=\"mn-content-block\">\n\t                                <\/div>\n\t\t\t\t                <div class=\"mn-content-block\">\n\t                                <\/div>\n\t\t\t\t                <div class=\"mn-content-block\">\n\t                                <\/div>\n\t\t\t\t\t\t<\/div>\n\t<\/div>\n<\/section>\n\t\t<\/div>\n\t\t\t\t<\/div>\n\t\t\t\t\t\t<\/div>\n\t\t\t\t\t<\/div>\n\t\t<\/div>\n\t\t\t\t\t\t\t\t<\/div>\n\t\t\t\t\t<\/div>\n\t\t<\/section>\n\t\t\t\t\t\t<\/div>\n\t\t\t\t\t\t<\/div>\n\t\t\t\t\t<\/div>\n\t\t","protected":false},"excerpt":{"rendered":"<p>NAWA STER Promotional mobility 2024 UP Schedule visit at the Lithuanian University of Health Sciences in Kaunas, Lithuania, December 1-4, 2024. Wyjazd w&nbsp;ramach zadania \u201cAkcja promocyjna maj\u0105ce na celu pozyskanie zagranicznych doktorant\u00f3w i&nbsp;promotor\u00f3w&#8221; w&nbsp;ramach projektu \u201cActions towards the internationalization of the Doctoral School of the University of Life Sciences in Lublin (I-SDUPL)\u201d &#8211; wyjazd w&nbsp;dniach [&hellip;]<\/p>\n","protected":false},"author":2,"featured_media":0,"parent":389081,"menu_order":0,"comment_status":"closed","ping_status":"closed","template":"elementor_header_footer","meta":{"_monsterinsights_skip_tracking":false,"_monsterinsights_sitenote_active":false,"_monsterinsights_sitenote_note":"","_monsterinsights_sitenote_category":0},"_links":{"self":[{"href":"https:\/\/up.lublin.pl\/en\/wp-json\/wp\/v2\/pages\/527102"}],"collection":[{"href":"https:\/\/up.lublin.pl\/en\/wp-json\/wp\/v2\/pages"}],"about":[{"href":"https:\/\/up.lublin.pl\/en\/wp-json\/wp\/v2\/types\/page"}],"author":[{"embeddable":true,"href":"https:\/\/up.lublin.pl\/en\/wp-json\/wp\/v2\/users\/2"}],"replies":[{"embeddable":true,"href":"https:\/\/up.lublin.pl\/en\/wp-json\/wp\/v2\/comments?post=527102"}],"version-history":[{"count":4,"href":"https:\/\/up.lublin.pl\/en\/wp-json\/wp\/v2\/pages\/527102\/revisions"}],"predecessor-version":[{"id":527106,"href":"https:\/\/up.lublin.pl\/en\/wp-json\/wp\/v2\/pages\/527102\/revisions\/527106"}],"up":[{"embeddable":true,"href":"https:\/\/up.lublin.pl\/en\/wp-json\/wp\/v2\/pages\/389081"}],"wp:attachment":[{"href":"https:\/\/up.lublin.pl\/en\/wp-json\/wp\/v2\/media?parent=527102"}],"curies":[{"name":"wp","href":"https:\/\/api.w.org\/{rel}","templated":true}]}}