{"id":476561,"date":"2025-05-09T14:00:24","date_gmt":"2025-05-09T12:00:24","guid":{"rendered":"https:\/\/up.lublin.pl\/?page_id=476561"},"modified":"2025-11-27T09:49:43","modified_gmt":"2025-11-27T08:49:43","slug":"workshops-2024","status":"publish","type":"page","link":"https:\/\/up.lublin.pl\/en\/doctoral-school\/ster\/international-workshops\/workshops-2024\/","title":{"rendered":"International workshops 2024 | NAWA STER"},"content":{"rendered":"\t\t<div data-elementor-type=\"wp-page\" data-elementor-id=\"476561\" class=\"elementor elementor-476561\" data-elementor-settings=\"[]\">\n\t\t\t\t\t\t<div class=\"elementor-inner\">\n\t\t\t\t\t\t\t<div class=\"elementor-section-wrap\">\n\t\t\t\t\t\t\t<section class=\"elementor-section elementor-top-section elementor-element elementor-element-08ea0c9 elementor-section-boxed elementor-section-height-default elementor-section-height-default\" data-id=\"08ea0c9\" data-element_type=\"section\">\n\t\t\t\t\t\t<div class=\"elementor-container elementor-column-gap-default\">\n\t\t\t\t\t\t\t<div class=\"elementor-row\">\n\t\t\t\t\t<div class=\"elementor-column elementor-col-100 elementor-top-column elementor-element elementor-element-a644882\" data-id=\"a644882\" data-element_type=\"column\">\n\t\t\t<div class=\"elementor-column-wrap elementor-element-populated\">\n\t\t\t\t\t\t\t<div class=\"elementor-widget-wrap\">\n\t\t\t\t\t\t<div class=\"elementor-element elementor-element-530fc15 elementor-widget elementor-widget-m2e\" data-id=\"530fc15\" data-element_type=\"widget\" data-widget_type=\"m2e.default\">\n\t\t\t\t<div class=\"elementor-widget-container\">\n\t\t\t<section class=\"mn-m2-e mn-bg-grey\">\n\t<div class=\"mn-grid\">\n\t\t<div class=\"mn-grid-3 mn-introtext\">\n\t\t\t\t\t\t\t<p class=\"mn-header\">NAWA STER<\/p>\n\t\t\t\t\t\t\t\t\t\t\t<h3>\n\t\t\t\t\tInternational workshops 2024\t\t\t\t<\/h3>\n\t\t\t\t\t\t\t\t\t\t\t\t<\/div>\n\t\t<div class=\"mn-grid-9 mn-image-container\">\n\t\t\t\t\t\t\t<img src=\"https:\/\/up.lublin.pl\/wp-content\/uploads\/2025\/03\/workshops-nawa.jpg\" alt=\"\">\n\t\t\t\t\t\t<\/div>\n\t<\/div>\n\t<\/section>\n\t\t<\/div>\n\t\t\t\t<\/div>\n\t\t\t\t\t\t<\/div>\n\t\t\t\t\t<\/div>\n\t\t<\/div>\n\t\t\t\t\t\t\t\t<\/div>\n\t\t\t\t\t<\/div>\n\t\t<\/section>\n\t\t\t\t<section class=\"elementor-section elementor-top-section elementor-element elementor-element-c8adf33 elementor-section-boxed elementor-section-height-default elementor-section-height-default\" data-id=\"c8adf33\" data-element_type=\"section\">\n\t\t\t\t\t\t<div class=\"elementor-container elementor-column-gap-default\">\n\t\t\t\t\t\t\t<div class=\"elementor-row\">\n\t\t\t\t\t<div class=\"elementor-column elementor-col-100 elementor-top-column elementor-element elementor-element-3dcc8f0\" data-id=\"3dcc8f0\" data-element_type=\"column\">\n\t\t\t<div class=\"elementor-column-wrap elementor-element-populated\">\n\t\t\t\t\t\t\t<div class=\"elementor-widget-wrap\">\n\t\t\t\t\t\t<div class=\"elementor-element elementor-element-1cfc8a9 elementor-widget elementor-widget-m5c\" data-id=\"1cfc8a9\" data-element_type=\"widget\" data-widget_type=\"m5c.default\">\n\t\t\t\t<div class=\"elementor-widget-container\">\n\t\t\t<section class=\"mn-m5-c mn-bg-white\">\n\t<div class=\"mn-grid\">\n\t\t            <div class=\"mn-menu-container mn-grid-3\">\n                <ul class=\"mn-bg-yellow\">\n\t                                        <li>\n                            <a href=\"#\" class=\"active\" data-hash=\"#info\">\n                                General information                            <\/a>\n                        <\/li>\n                                                <li>\n                            <a href=\"#\" class=\"\" data-hash=\"#program\">\n                                Workshop Program\/Program warsztat\u00f3w                            <\/a>\n                        <\/li>\n                                                <li>\n                            <a href=\"#\" class=\"\" data-hash=\"#trainers\">\n                                Trainers\u2019 Bio\/Biogram trener\u00f3w                             <\/a>\n                        <\/li>\n                                                <li>\n                            <a href=\"#\" class=\"\" data-hash=\"#reports\">\n                                Reports\/Sprawozdania                            <\/a>\n                        <\/li>\n                                                <li>\n                            <a href=\"#\" class=\"\" data-hash=\"#photos\">\n                                Photo gallery\/Fotorelacja                            <\/a>\n                        <\/li>\n                                        <\/ul>\n            <\/div>\n\t        \t\t<div class=\"mn-content mn-grid-8\">\n\t\t\t                <div class=\"mn-content-block active\">\n\t                                                        <div class=\"block-text\">\n\t                                        <h2>\u201eWarsztaty interdyscyplinarne finansowane przez Narodow\u0105 Agencj\u0119 Wymiany Akademickiej w&nbsp;ramach programu STER\u201d\/ &#8220;Interdisciplinary workshops financed by the National Agency for Academic Exchange under the STER program&#8221;<\/h2>\n<p>The activity aims to organize the annual interdisciplinary and stationary workshops at the territory\u00a0 of\u00a0 Lublin Voivodeship addressed to PhD students studying at Doctoral School of ULS in Lublin. The workshops will be conducted in English by lecturers from Poland and abroad. The workshops will focus on acquiring soft skills, including intercultural communication in\u00a0 scientific environment, design thinking and issues related to improving teaching competences.<\/p>\n<p>In 2024, workshops will be a&nbsp;part of\u00a0 event titled <strong>3<sup>rd <\/sup>International PhD Students\u2019 Conference: Environment-Plant-Animal-Product together with the International Workshops at the University of Life Sciences in Lublin, Poland<\/strong>, which will take place on April 24-26, 2024 in Lublin and Jan\u00f3w Lubelski.<\/p>\n                                        <\/div>\n\t\t\t\t\t\t                                                        <div class=\"mn-cards-list\">\n                                            <div class=\"mn-card-container\">\n                                                <div>\n                                                    <img src=\"https:\/\/up.lublin.pl\/wp-content\/themes\/up-lublin\/assets\/images\/doc-ico.svg\" alt=\"\" \/>\n                                                    <h5>Link to event webpage<\/h5>\n                                                <\/div>\n                                                <a href=\"https:\/\/up.lublin.pl\/szkola-doktorska\/3konferencja\/\" class=\"mn-more\" target=\"_blank\">Read more<\/a>\n                                            <\/div>\n                                        <\/div>\n\t\t\t\t\t\t                                                        <div class=\"block-text\">\n\t                                        <p>Dzia\u0142anie dotyczy organizacji corocznych interdyscyplinarnych, stacjonarnych i&nbsp;wyjazdowych warsztat\u00f3w (teren wojew\u00f3dztwa Lubelskiego) skierowanych do doktorant\u00f3w kszta\u0142c\u0105cych si\u0119 w&nbsp;Szkole Doktorskiej UPL. Warsztaty prowadzone b\u0119d\u0105 w&nbsp;j\u0119zyku angielskim przez wyk\u0142adowc\u00f3w z&nbsp;Polski i&nbsp;z zagranicy. Warsztaty dotyczy\u0107 b\u0119d\u0105 pozyskiwania kompetencji mi\u0119kkich w&nbsp;tym komunikacji mi\u0119dzykulturowej w&nbsp;\u015brodowisku naukowym, design thinking oraz zagadnie\u0144 zwi\u0105zanych z&nbsp;podnoszeniem kompetencji dydaktycznych.<\/p>\n<p>W roku 2024 warsztaty stanowi\u0107 b\u0119d\u0105 element wydarzenia <strong>3<sup>rd <\/sup>International PhD Students\u2019 Conference: Environment-Plant-Animal-Product together with the International Workshops at the University of Life Sciences in Lublin, Poland<\/strong>, kt\u00f3re odb\u0119dzie si\u0119 w&nbsp;dniach 24-26.04.2024r. (Lublinie i&nbsp;Janowie Lubelskim<\/p>\n                                        <\/div>\n\t\t\t\t\t\t                                                        <div class=\"mn-cards-list\">\n                                            <div class=\"mn-card-container\">\n                                                <div>\n                                                    <img src=\"https:\/\/up.lublin.pl\/wp-content\/themes\/up-lublin\/assets\/images\/doc-ico.svg\" alt=\"\" \/>\n                                                    <h5>Link do strony wydarzenia<\/h5>\n                                                <\/div>\n                                                <a href=\"https:\/\/up.lublin.pl\/szkola-doktorska\/konferencja\/\" class=\"mn-more\" target=\"_blank\">Read more<\/a>\n                                            <\/div>\n                                        <\/div>\n\t\t\t\t\t\t                                <\/div>\n\t\t\t\t                <div class=\"mn-content-block\">\n\t                                                        <div class=\"block-text\">\n\t                                        <p>The workshop constituting a&nbsp;part of the financed by the STER NAWA program project <strong>\u201cActions towards the internationalization of the Doctoral School of the University of Life Sciences in Lublin (I-SDUPL)\u201d<\/strong>. Project\u00a0implementation period\u00a0is from\u00a02024-01-01 to 2026-12-31.<\/p>\n<p>This year the workshop is an integral part of the <strong>International PhD Students\u2019 Conference: Environment-Plant-Animal-Product and <\/strong>which will be held in April 25-26<sup>th<\/sup> 2024 in Jan\u00f3w Lubelski (the Lublin Voivodeship).<\/p>\n<p>The workshop is directed to PhD students and will be conducted in English by lecturers from Poland and abroad. The workshop focus on acquiring soft skills, including intercultural communication in the scientific environment, design thinking and issues related to improving teaching competences, three hours each. The form of teaching will be interactive, including out-door activities and short scenes\u2019 presentations by PhD students.<\/p>\n<p>Trainers of the first day of the workshops represent\u00a0<strong>the NGO Trainers\u2019 Association (sTOP)<br \/><\/strong>(<em>Stowarzyszenie Trenerskie Organizacji Pozarz\u0105dowych<\/em>;\u00a0<a href=\"https:\/\/stowarzyszeniestop.pl\/\">https:\/\/stowarzyszeniestop.pl\/<\/a>)<\/p>\n<p>Prelegent of the second day of the workshop is PhD\u00a0<strong>Tom Hashimoto<\/strong>, associate professor\u00a0 representing\u00a0<strong>Vilnius University\u00a0<\/strong>and<strong>\u00a0coaching company \u201cWe Coach One\u201d, London\u00a0<\/strong>(<a href=\"https:\/\/wecoach.one\/ourcoaches\">https:\/\/wecoach.one\/ourcoaches<\/a>)<\/p>\n<p>Participant of the workshop will be given <strong>certificate.<\/strong><\/p>\n<p><strong>Topic 1: \u201cContemporary and Diachronic Issues in Adult Education: Critical Reflection in Practice, Personal Transformation, and the Journey to Professionalism\u201d; on-line 3h <br \/><\/strong>Prelegents: <br \/>dr. hab.\u00a0 <strong>Bal\u00e1zs N\u00e9meth,<\/strong> associate professor; Adult and Lifelong Learning at the University of P\u00e9cs; Hungary; Professor <strong>Dina Soeiro<\/strong>, Education School in the Polytechnic University of Coimbra, Portugal; <br \/><strong>George A. Koulaouzides<\/strong>, associate professor; Hellenic Open University, Greece<\/p>\n<p><strong>Topic 2: <\/strong><strong>\u201cHow to teach effectively using games?\u201d; stationary 3h<br \/><\/strong>Prelegent:<strong> Marcin\u00a0Mitzner<\/strong>, program director of GD Events, NGO Trainers\u2019 Association sTOP<\/p>\n<p><strong>Topic 3:<\/strong><strong>\u201cDoes the place I&nbsp;come from matter? Education in a&nbsp;multicultural community\u201d;<\/strong><strong> stationary 3h<br \/><\/strong>Prelegent: <strong>Katarzyna Radzikowska<\/strong>, trainer of the NGO Trainers\u2019 Association sTOP<\/p>\n<p><strong>Topic 4: \u201c<\/strong>\u2018<strong>Smart\u2019 research beyond artificial intelligence: from research question brainstorming to stakeholder identification<\/strong>\u201d, <strong>stationary 3h<\/strong><br \/>Prelegent: PhD\u00a0<strong>Tom Hashimoto<\/strong>, associate professor of International and Regional Economics, Vilnius University Executive coach, We Coach One, London<\/p>\n                                        <\/div>\n\t\t\t\t\t\t                                <\/div>\n\t\t\t\t                <div class=\"mn-content-block\">\n\t                                                        <ul class=\"mn-accordion\">\n                                            <li>\n                                                <h4 class=\"mn-accordion-title\">Dr hab. Bal\u00e1zs N\u00e9meth, associate professor; Adult and Lifelong Learning at the University of P\u00e9cs<\/h4>\n                                                <div>\n\t\t\t\t\t\t\t\t\t                <p><a href=\"https:\/\/up.lublin.pl\/wp-content\/uploads\/2024\/03\/Nemeth_photo.jpg\"><img loading=\"lazy\" class=\"aligncenter\" src=\"https:\/\/up.lublin.pl\/wp-content\/uploads\/2024\/03\/Nemeth_photo.jpg\" alt=\"\" width=\"420\" height=\"558\" \/><\/a><\/p>\n<p>The speaker is an associate professor in policy studies and learning city-region focuses. He has participated several European projects and beyond academic work, he is an EPALE Ambassador for Hungary and EAEA board member. Dr. N\u00e9meth represents the UniP\u00e9cs in Erasmus+ KA3 PDS4BST project and in PIMA Network, eucen as ambassador, and also in PASCAL International Observatory.<\/p>\n                                                <\/div>\n                                            <\/li>\n                                        <\/ul>\n\t\t\t\t\t\t                                                        <ul class=\"mn-accordion\">\n                                            <li>\n                                                <h4 class=\"mn-accordion-title\">Prelegent is an associate professor in policy studies and learning city-region focuses. He has participated several European projects and beyond academic work, he is an EPALE Ambassador for Hungary and EAEA board member. Dr. N\u00e9meth represents the UniP\u00e9cs in Erasmus+ KA3 PDS4BST project and in PIMA Network, eucen as ambassador, and also in PASCAL International Observatory.<\/h4>\n                                                <div>\n\t\t\t\t\t\t\t\t\t                <p><a href=\"https:\/\/up.lublin.pl\/wp-content\/uploads\/2024\/03\/foto-Dina.jpg\"><img loading=\"lazy\" class=\"aligncenter\" src=\"https:\/\/up.lublin.pl\/wp-content\/uploads\/2024\/03\/foto-Dina.jpg\" alt=\"\" width=\"420\" height=\"420\" \/><\/a><\/p>\n<p>I\u2019m a&nbsp;Professor at Education School in the Polytechnic University of Coimbra, Portugal. This year, I&nbsp;will celebrate 25 years of teaching with a&nbsp;huge party with my students and a&nbsp;big cake! Since 2007, I\u2019ve been actively engaged in projects to promote innovation, quality and excellence in Higher Education. I&nbsp;worked as a&nbsp;teacher trainer, researcher, consultant and editor at the Centre for the Study and Advancement of Pedagogy in Higher Education.<\/p>\n<p>My biggest pedagogical inspirations are Paulo Freire and Antonio Dias de Figueiredo. I\u2019m also deeply inspired by my oldest love, my grandmother, who didn\u2019t know how to read and write, but taught me, with kindness, essential life wisdom, knowledge and skills, and my youngest love, my adolescent daughter. I&nbsp;don\u2019t need to explain to you, right?<\/p>\n<p>When people first meet me, they inevitably pop the question: &#8220;So, what do you do?&#8221; (We tend to define ourselves by the profession!) With a&nbsp;big smile, I&nbsp;proudly announce, &#8220;I&#8217;m a&nbsp;teacher!&#8221; Then comes the classic follow-up: &#8220;Ah! What do you teach?&#8221; My conversation partner gets surprised when I&nbsp;say \u201cPeople!\u201d And then we have a&nbsp;fantastic conversation about the privilege and joy that is to learn from and with the students\u2026<\/p>\n<p>My area of teaching is Adult Education and Educational Gerontology and one of my favorite pedagogical approaches is on-Service Learning. I&nbsp;usually teach night classes with many non-traditional students, mostly working women, some &#8220;serial caregivers&#8221; like me, with my age (around 50). \u00a0I also do applied research on non-formal adult education and education with older learners. I&#8217;m a&nbsp;board member of the European Association for the Education of Adults and co-convenor of the European Society for Research on Education of Adults (ESREA) Transformative and Emancipatory Education Network. As a&nbsp;teacher, researcher and also a&nbsp;practitioner, I&nbsp;love to learn outside the walls of the University with my students. I&nbsp;also believe that teaching is something you need to do with your heart! \u00a0My pedagogical favorite film is Dead Poets Society and in my bedside is always The book of Disquiet, from Fernando Pessoa.<\/p>\n<p>Thank you for the kind invitation for this promising session!<\/p>\n                                                <\/div>\n                                            <\/li>\n                                        <\/ul>\n\t\t\t\t\t\t                                                        <ul class=\"mn-accordion\">\n                                            <li>\n                                                <h4 class=\"mn-accordion-title\">PhD George A. Koulaouzides, associate professor; Hellenic Open University, Greece<\/h4>\n                                                <div>\n\t\t\t\t\t\t\t\t\t                <p><a href=\"https:\/\/up.lublin.pl\/wp-content\/uploads\/2024\/03\/George-A.-Koulaouzides.jpg\"><img loading=\"lazy\" class=\"aligncenter\" src=\"https:\/\/up.lublin.pl\/wp-content\/uploads\/2024\/03\/George-A.-Koulaouzides.jpg\" alt=\"\" width=\"420\" height=\"553\" \/><\/a><\/p>\n<p>The speaker studied mathematics and adult education. He is Assistant Professor of the Methodology of Adult Education at the Hellenic Open University and he is adjunct professor at the Democritus University of Thrace. He has designed the well-known accredited training program for the instructors of the National Centre for Public Administration in Greece and has a&nbsp;vast experience in training of trainers. George is considered as the person who guided the internationalization of the Greek adult education community. His research interests are learning, transformative learning, educational biography and critical reflection. He has translated three books on adult education, edited journals and several textbooks. His published work counts more than 100 papers in journals, edited volumes and conference proceedings. In 2019 he was inducted in the International Adult and Continuing Education Hall of Fame.<\/p>\n                                                <\/div>\n                                            <\/li>\n                                        <\/ul>\n\t\t\t\t\t\t                                                        <ul class=\"mn-accordion\">\n                                            <li>\n                                                <h4 class=\"mn-accordion-title\">Marcin Mitzner, program director of GD Events, NGO Trainers\u2019 Association sTOP<\/h4>\n                                                <div>\n\t\t\t\t\t\t\t\t\t                <p><a href=\"https:\/\/up.lublin.pl\/wp-content\/uploads\/2024\/03\/marcin-mitzner.jpg\"><img loading=\"lazy\" class=\"aligncenter\" src=\"https:\/\/up.lublin.pl\/wp-content\/uploads\/2024\/03\/marcin-mitzner.jpg\" alt=\"\" width=\"420\" height=\"479\" \/><\/a><\/p>\n<p>The speaker is a&nbsp;program director of GD Events, NGO Trainers\u2019 Association sTOP and creator of over 400 educational games. A&nbsp;graduate of the Institute of Applied Social Sciences, the Academy of Special Education and the School of Group Training. He implemented gamification projects among others for the National Cultural Center, the Polish History Museum, Orange Foundation, Foundation for Civic Education, Ca\u0142a Polska Czyta Dzieciom and the Pilecki Institute in Berlin. Winner of the Warsaw Cultural Education Award, Masovian Cultural Impulse and Sunflowers of Children&#8217;s Time. He lectures at the AGH University of Science and Technology and at the Warsaw Center for Educational, Social Innovation and Training. Author of texts on games, their use and popularization for, among others, Tekstualia, Labib and Noc Bibliotek project.<\/p>\n                                                <\/div>\n                                            <\/li>\n                                        <\/ul>\n\t\t\t\t\t\t                                                        <ul class=\"mn-accordion\">\n                                            <li>\n                                                <h4 class=\"mn-accordion-title\">Katarzyna Radzikowska, trainer of the NGO Trainers\u2019 Association sTOP<\/h4>\n                                                <div>\n\t\t\t\t\t\t\t\t\t                <p><a href=\"https:\/\/up.lublin.pl\/wp-content\/uploads\/2024\/03\/Katarzyna-Radzikowska.jpg\"><img loading=\"lazy\" class=\"aligncenter wp-image-402554\" src=\"https:\/\/up.lublin.pl\/wp-content\/uploads\/2024\/03\/Katarzyna-Radzikowska.jpg\" alt=\"Katarzyna Radzikowska\" width=\"420\" height=\"560\" \/><\/a><\/p>\n<p>The speaker is a&nbsp;trainer of the NGO Trainers\u2019 Association sTOP, facilitator and author of educational publications. She works on interculturalism, social diversity, non-discrimination, inclusive language and global education. She is curious about people and their diversity, so whenever she can, she seeks opportunities to meet other cultures. She cooperates with the School with Class Foundation and the Polish Humanitarian Action, and has trained at, among others, the POLIN Museum of the History of Polish Jews, municipal and state offices and institutions, and the University of Bia\u0142ystok.<\/p>\n                                                <\/div>\n                                            <\/li>\n                                        <\/ul>\n\t\t\t\t\t\t                                                        <ul class=\"mn-accordion\">\n                                            <li>\n                                                <h4 class=\"mn-accordion-title\">PhD Tom Hashimoto, associate professor, Vilnius University, \u201cWe Coach One\u201d, London<\/h4>\n                                                <div>\n\t\t\t\t\t\t\t\t\t                <p><img loading=\"lazy\" class=\"alignnone size-full wp-image-404026 aligncenter\" src=\"https:\/\/up.lublin.pl\/wp-content\/uploads\/2024\/04\/Obraz1-1.jpg\" alt=\"\" width=\"240\" height=\"240\" \/><\/p>\n<p>Tom Hashimoto, LL.M., DPhil (Oxon), FHEA primarily specializes in financial economics, FinTech, and inclusive growth in the context of European integration. The multipurpose usage of artificial intelligence and blockchain led him to non-financial application of these technologies, including food security and rural development. He mentors and coaches executives and senior managers in small and medium sized companies who seek to integrate and take advantages from technology-driven knowledge management. He holds a&nbsp;doctorate (DPhil) in Geography from the University of Oxford. He is also a&nbsp;member of British Mensa.\u00a0<\/p>\n                                                <\/div>\n                                            <\/li>\n                                        <\/ul>\n\t\t\t\t\t\t                                <\/div>\n\t\t\t\t                <div class=\"mn-content-block\">\n\t                                                        <div class=\"block-text\">\n\t                                        <p>Topic 1: Professor Dina Soeiro: <a href=\"https:\/\/esec365-my.sharepoint.com\/personal\/disoeiro_esec_pt\/_layouts\/15\/stream.aspx?id=%2Fpersonal%2Fdisoeiro%5Fesec%5Fpt%2FDocuments%2FGMT20240424%2D080959%5FRecording%5F1686x768%2Emp4&amp;nav=eyJyZWZlcnJhbEluZm8iOnsicmVmZXJyYWxBcHAiOiJPbmVEcml2ZUZvckJ1c2luZXNzIiwicmVmZXJyYWxBcHBQbGF0Zm9ybSI6IldlYiIsInJlZmVycmFsTW9kZSI6InZpZXciLCJyZWZlcnJhbFZpZXciOiJNeUZpbGVzTGlua0NvcHkifX0&amp;ga=1&amp;referrer=StreamWebApp%2EWeb&amp;referrerScenario=AddressBarCopied%2Eview%2Eafb2267d%2De8b4%2D4528%2Da18f%2D0b5e8cf7b282\">\u201cContemporary and Diachronic Issues in Adult Education: Critical Reflection in Practice, Personal Transformation, and the Journey to Professionalism\u201d<\/a><\/p>\n<div>Topic 1: dr. hab.\u00a0 Bal\u00e1zs N\u00e9meth:&#8221;Contemporary and Diachronic Issues in Adult Education: Critical Reflection in Practice, Personal Transformation, and the Journey to Professionalism&#8221;<\/div>\n<div><a href=\"https:\/\/up.lublin.pl\/wp-content\/uploads\/2025\/01\/Profession-and-Professionalisation_NemethB_25_04_2024.pdf\">Profession and Professionalisation_NemethB_25_04_2024<\/a><\/div>\n<div><a href=\"https:\/\/up.lublin.pl\/wp-content\/uploads\/2025\/03\/NAVA-NemethB_HEIs-Roles-in-Developing-MOOCs-for-CPD_25_04_2024.pdf\">NemethB_HEIs Roles in Developing MOOCs for CPD_25_04_2024<\/a><\/div>\n<div>\u00a0<\/div>\n<div>Topic 1: associate professor George A. Koulaouzides:&#8221;Contemporary and Diachronic Issues in Adult Education: Critical Reflection in Practice, Personal Transformation, and the Journey to Professionalism&#8221;<\/div>\n<div><a href=\"https:\/\/up.lublin.pl\/wp-content\/uploads\/2025\/01\/Critical-Reflection-and-Assumptions-DSLU.pdf\">Critical Reflection and Assumptions DSLU<\/a><\/div>\n<div>\u00a0<\/div>\n<p><a href=\"https:\/\/up.lublin.pl\/wp-content\/uploads\/2024\/05\/Multicultural-community.pdf\">Topic 3: Katarzyna Radzikowska, trainer of the NGO Trainers\u2019 Association sTOP: \u201cDoes the place I&nbsp;come from matter? Education in a&nbsp;multicultural community\u201d<\/a><\/p>\n                                        <\/div>\n\t\t\t\t\t\t                                <\/div>\n\t\t\t\t                <div class=\"mn-content-block\">\n\t                                                        <div class=\"mn-cards-list\">\n                                            <div class=\"mn-card-container\">\n                                                <div>\n                                                    <img src=\"https:\/\/up.lublin.pl\/wp-content\/themes\/up-lublin\/assets\/images\/doc-ico.svg\" alt=\"\" \/>\n                                                    <h5>Galeria zdj\u0119\u0107 \/ Photo gallery<\/h5>\n                                                <\/div>\n                                                <a href=\"https:\/\/up.lublin.pl\/blog\/galeria\/warsztaty-miedzynarodowe-international-workshops-nawa-ster\/\" class=\"mn-more\" target=\"_blank\">Read more<\/a>\n                                            <\/div>\n                                        <\/div>\n\t\t\t\t\t\t                                <\/div>\n\t\t\t\t\t\t<\/div>\n\t<\/div>\n<\/section>\n\t\t<\/div>\n\t\t\t\t<\/div>\n\t\t\t\t\t\t<\/div>\n\t\t\t\t\t<\/div>\n\t\t<\/div>\n\t\t\t\t\t\t\t\t<\/div>\n\t\t\t\t\t<\/div>\n\t\t<\/section>\n\t\t\t\t\t\t<\/div>\n\t\t\t\t\t\t<\/div>\n\t\t\t\t\t<\/div>\n\t\t","protected":false},"excerpt":{"rendered":"<p>NAWA STER International workshops 2024 UP General information Workshop Program\/Program warsztat\u00f3w Trainers\u2019 Bio\/Biogram trener\u00f3w Reports\/Sprawozdania Photo gallery\/Fotorelacja \u201eWarsztaty interdyscyplinarne finansowane przez Narodow\u0105 Agencj\u0119 Wymiany Akademickiej w&nbsp;ramach programu STER\u201d\/ &#8220;Interdisciplinary workshops financed by the National Agency for Academic Exchange under the STER program&#8221; The activity aims to organize the annual interdisciplinary and stationary workshops at the [&hellip;]<\/p>\n","protected":false},"author":2,"featured_media":0,"parent":389312,"menu_order":0,"comment_status":"closed","ping_status":"closed","template":"elementor_header_footer","meta":{"_monsterinsights_skip_tracking":false,"_monsterinsights_sitenote_active":false,"_monsterinsights_sitenote_note":"","_monsterinsights_sitenote_category":0},"_links":{"self":[{"href":"https:\/\/up.lublin.pl\/en\/wp-json\/wp\/v2\/pages\/476561"}],"collection":[{"href":"https:\/\/up.lublin.pl\/en\/wp-json\/wp\/v2\/pages"}],"about":[{"href":"https:\/\/up.lublin.pl\/en\/wp-json\/wp\/v2\/types\/page"}],"author":[{"embeddable":true,"href":"https:\/\/up.lublin.pl\/en\/wp-json\/wp\/v2\/users\/2"}],"replies":[{"embeddable":true,"href":"https:\/\/up.lublin.pl\/en\/wp-json\/wp\/v2\/comments?post=476561"}],"version-history":[{"count":7,"href":"https:\/\/up.lublin.pl\/en\/wp-json\/wp\/v2\/pages\/476561\/revisions"}],"predecessor-version":[{"id":510648,"href":"https:\/\/up.lublin.pl\/en\/wp-json\/wp\/v2\/pages\/476561\/revisions\/510648"}],"up":[{"embeddable":true,"href":"https:\/\/up.lublin.pl\/en\/wp-json\/wp\/v2\/pages\/389312"}],"wp:attachment":[{"href":"https:\/\/up.lublin.pl\/en\/wp-json\/wp\/v2\/media?parent=476561"}],"curies":[{"name":"wp","href":"https:\/\/api.w.org\/{rel}","templated":true}]}}