{"id":389081,"date":"2024-01-24T14:26:12","date_gmt":"2024-01-24T13:26:12","guid":{"rendered":"https:\/\/up.lublin.pl\/?page_id=389081"},"modified":"2026-02-18T11:02:20","modified_gmt":"2026-02-18T10:02:20","slug":"promotional-mobility","status":"publish","type":"page","link":"https:\/\/up.lublin.pl\/en\/doctoral-school\/ster\/promotional-mobility\/","title":{"rendered":"Promotional mobility | NAWA STER"},"content":{"rendered":"\t\t<div data-elementor-type=\"wp-page\" data-elementor-id=\"389081\" class=\"elementor elementor-389081\" data-elementor-settings=\"[]\">\n\t\t\t\t\t\t<div class=\"elementor-inner\">\n\t\t\t\t\t\t\t<div class=\"elementor-section-wrap\">\n\t\t\t\t\t\t\t<section class=\"elementor-section elementor-top-section elementor-element elementor-element-09ec59f elementor-section-boxed elementor-section-height-default elementor-section-height-default\" data-id=\"09ec59f\" data-element_type=\"section\">\n\t\t\t\t\t\t<div class=\"elementor-container elementor-column-gap-default\">\n\t\t\t\t\t\t\t<div class=\"elementor-row\">\n\t\t\t\t\t<div class=\"elementor-column elementor-col-100 elementor-top-column elementor-element elementor-element-0365545\" data-id=\"0365545\" data-element_type=\"column\">\n\t\t\t<div class=\"elementor-column-wrap elementor-element-populated\">\n\t\t\t\t\t\t\t<div class=\"elementor-widget-wrap\">\n\t\t\t\t\t\t<div class=\"elementor-element elementor-element-86ebfca elementor-widget elementor-widget-m2e\" data-id=\"86ebfca\" data-element_type=\"widget\" data-widget_type=\"m2e.default\">\n\t\t\t\t<div class=\"elementor-widget-container\">\n\t\t\t<section class=\"mn-m2-e mn-bg-grey\">\n\t<div class=\"mn-grid\">\n\t\t<div class=\"mn-grid-3 mn-introtext\">\n\t\t\t\t\t\t\t<p class=\"mn-header\">NAWA STER<\/p>\n\t\t\t\t\t\t\t\t\t\t\t<h3>\n\t\t\t\t\tPromotional mobility \t\t\t\t<\/h3>\n\t\t\t\t\t\t\t\t\t\t\t\t<\/div>\n\t\t<div class=\"mn-grid-9 mn-image-container\">\n\t\t\t\t\t\t\t<img src=\"https:\/\/up.lublin.pl\/wp-content\/uploads\/2025\/03\/promo-mobility-nawa.jpg\" alt=\"\">\n\t\t\t\t\t\t<\/div>\n\t<\/div>\n\t<\/section>\n\t\t<\/div>\n\t\t\t\t<\/div>\n\t\t\t\t<div class=\"elementor-element elementor-element-03aa5ea elementor-widget elementor-widget-m5c\" data-id=\"03aa5ea\" data-element_type=\"widget\" data-widget_type=\"m5c.default\">\n\t\t\t\t<div class=\"elementor-widget-container\">\n\t\t\t<section class=\"mn-m5-c mn-bg-white\">\n\t<div class=\"mn-grid\">\n\t\t            <div class=\"mn-menu-container mn-grid-3\">\n                <ul class=\"mn-bg-yellow\">\n\t                                        <li>\n                            <a href=\"#\" class=\"active\" data-hash=\"#info\">\n                                General information                            <\/a>\n                        <\/li>\n                                                <li>\n                            <a href=\"#\" class=\"\" data-hash=\"#schedule\">\n                                Schedule\/Harmonogram                            <\/a>\n                        <\/li>\n                                                <li>\n                            <a href=\"#\" class=\"\" data-hash=\"#reports\">\n                                Reports\/Sprawozdania                            <\/a>\n                        <\/li>\n                                                <li>\n                            <a href=\"#\" class=\"\" data-hash=\"#documents\">\n                                Documents\/Dokumenty                            <\/a>\n                        <\/li>\n                                        <\/ul>\n            <\/div>\n\t        \t\t<div class=\"mn-content mn-grid-8\">\n\t\t\t                <div class=\"mn-content-block active\">\n\t                                                        <div class=\"block-text\">\n\t                                        <h2>\u201eWyjazdy promocyjne s\u0105 finansowane przez Narodow\u0105 Agencj\u0119 Wymiany Akademickiej w&nbsp;ramach Programu STER\u201d \/ \u201ePromotional mobility are funded by the Polish National Agency for Academic Exchange under the STER programme\u201d<\/h2>\n<p>The activity includes\u00a0 promotional and informational trips implemented by the management and administrative staff of Doctoral School of\u00a0 ULS to interdisciplinary educational, research and implementation centers in Europe. Each trip will involve promoting the Doctoral School of ULS and attracting PhD students and supervisors from abroad research centers.<\/p>\n<p>Dzia\u0142anie obejmuje realizacj\u0119 wyjazd\u00f3w promocyjno-informacyjnych kadry zarz\u0105dzaj\u0105cej i&nbsp;administracyjnej Szko\u0142y Doktorskiej UPL\u00a0 do interdyscyplinarnych o\u015brodk\u00f3w dydaktycznych, badawczych\u00a0 i&nbsp;wdro\u017ceniowych na terenie Europy. Elementem wyjazd\u00f3w b\u0119dzie promocja Szko\u0142y Doktorskiej UPL oraz pozyskanie doktorant\u00f3w i&nbsp;promotor\u00f3w z&nbsp;zagranicznych o\u015brodk\u00f3w naukowych.<\/p>\n                                        <\/div>\n\t\t\t\t\t\t                                <\/div>\n\t\t\t\t                <div class=\"mn-content-block\">\n\t                                                        <div class=\"block-text\">\n\t                                        <p>The dates of promotional and information trips are set on an ongoing basis.<\/p>\n<p>Terminy wyjazd\u00f3w promocyjno-informacyjnych s\u0105 ustalane na bie\u017c\u0105co.<\/p>\n                                        <\/div>\n\t\t\t\t\t\t                                <\/div>\n\t\t\t\t                <div class=\"mn-content-block\">\n\t                                                        <div class=\"block-text\">\n\t                                        <p><strong>I. Visit to the Faculty of Engineering of the Slovak University<\/strong><strong>\u00a0of Agriculture in Nitra, December 15-18, 2025.\u00a0<\/strong>The trip was part of the \u201cPromotional campaign aimed at benefiting doctoral students and supervisors\u201d within the project \u201cActivities for the internationalization of the Doctoral School of the University of Life Sciences in Lublin (I-SDUPL)\u201d<\/p>\n                                        <\/div>\n\t\t\t\t\t\t                                                        <div class=\"mn-cards-list\">\n                                            <div class=\"mn-card-container\">\n                                                <div>\n                                                    <img src=\"https:\/\/up.lublin.pl\/wp-content\/themes\/up-lublin\/assets\/images\/doc-ico.svg\" alt=\"\" \/>\n                                                    <h5>Schedule of the visit\/Harmonogram wizyty (.pdf) (ENG)<\/h5>\n                                                <\/div>\n                                                <a href=\"https:\/\/up.lublin.pl\/wp-content\/uploads\/2025\/12\/SUA-UPL.pdf\" class=\"mn-more\" target=\"_blank\">Read more<\/a>\n                                            <\/div>\n                                        <\/div>\n\t\t\t\t\t\t                                                        <div class=\"mn-cards-list\">\n                                            <div class=\"mn-card-container\">\n                                                <div>\n                                                    <img src=\"https:\/\/up.lublin.pl\/wp-content\/themes\/up-lublin\/assets\/images\/doc-ico.svg\" alt=\"\" \/>\n                                                    <h5>Sprawozdanie (PL) S\u0142owacki Uniwersytet Rolniczy w&nbsp;Nitrze<\/h5>\n                                                <\/div>\n                                                <a href=\"https:\/\/up.lublin.pl\/wp-content\/uploads\/2026\/02\/Sprawozdanie-Slowacki-Uniwersytet-Rolniczy-w-Nitrze.pdf\" class=\"mn-more\" target=\"_blank\">Read more<\/a>\n                                            <\/div>\n                                        <\/div>\n\t\t\t\t\t\t                                                        <div class=\"mn-cards-list\">\n                                            <div class=\"mn-card-container\">\n                                                <div>\n                                                    <img src=\"https:\/\/up.lublin.pl\/wp-content\/themes\/up-lublin\/assets\/images\/doc-ico.svg\" alt=\"\" \/>\n                                                    <h5>Report (ENG) of the visiton the SlovakUniversity of Agriculture in Nitra<\/h5>\n                                                <\/div>\n                                                <a href=\"https:\/\/up.lublin.pl\/wp-content\/uploads\/2026\/02\/Report-ENG.docx\" class=\"mn-more\" target=\"_blank\">Read more<\/a>\n                                            <\/div>\n                                        <\/div>\n\t\t\t\t\t\t                                                        <div class=\"block-text\">\n\t                                        <p><a href=\"https:\/\/up.lublin.pl\/wp-content\/uploads\/2025\/11\/divider-UP-zielony.png\"><img loading=\"lazy\" class=\"aligncenter size-full wp-image-506780\" src=\"https:\/\/up.lublin.pl\/wp-content\/uploads\/2025\/11\/divider-UP-zielony.png\" alt=\"\" width=\"303\" height=\"29\" \/><\/a><\/p>\n<p><strong>II. Visit to the Czech University of Life Sciences in Prague, November 30\u2013December 3, 2025.<\/strong> The trip was part of the &#8220;Promotional campaign aimed at benefiting doctoral students and supervisors&#8221; within the project &#8220;Activities for the internationalization of the Doctoral School of the University of Life Sciences in Lublin (I-SDUPL)&#8221;.<\/p>\n                                        <\/div>\n\t\t\t\t\t\t                                                        <div class=\"mn-cards-list\">\n                                            <div class=\"mn-card-container\">\n                                                <div>\n                                                    <img src=\"https:\/\/up.lublin.pl\/wp-content\/themes\/up-lublin\/assets\/images\/doc-ico.svg\" alt=\"\" \/>\n                                                    <h5>Invitation\/Zaproszenie (.pdf) (ENG)<\/h5>\n                                                <\/div>\n                                                <a href=\"https:\/\/up.lublin.pl\/wp-content\/uploads\/2025\/11\/ZAPROSZENIE-CZU-FTZ.pdf\" class=\"mn-more\" target=\"_blank\">Read more<\/a>\n                                            <\/div>\n                                        <\/div>\n\t\t\t\t\t\t                                                        <div class=\"mn-cards-list\">\n                                            <div class=\"mn-card-container\">\n                                                <div>\n                                                    <img src=\"https:\/\/up.lublin.pl\/wp-content\/themes\/up-lublin\/assets\/images\/doc-ico.svg\" alt=\"\" \/>\n                                                    <h5>Schedule of the visit\/Harmonogram wizyty (.pdf) (ENG)<\/h5>\n                                                <\/div>\n                                                <a href=\"https:\/\/up.lublin.pl\/wp-content\/uploads\/2025\/11\/Schedule-visit-CZU-FTZ.pdf\" class=\"mn-more\" target=\"_blank\">Read more<\/a>\n                                            <\/div>\n                                        <\/div>\n\t\t\t\t\t\t                                                        <ul class=\"mn-accordion\">\n                                            <li>\n                                                <h4 class=\"mn-accordion-title\">Brief report from the visit to the Czech University of Life Sciences in Prague (FB source)<\/h4>\n                                                <div>\n\t\t\t\t\t\t\t\t\t                <p style=\"text-align: center\"><strong>Brief report from the visit\u00a0<\/strong><\/p>\n<p>The delegation from the University of Life Sciences in Lublin visited the Czech University of Life Sciences in Prague\u2019s research facilities, including a&nbsp;lab and experimental farm. The delegation conducted a&nbsp;lecture on exchange possibilities for PhD students and co-supervising options, nicely presented by students from the ULSL Doctoral School. The delegation was headed by Prof. Katarzyna Tajchman and Prof. Slawomir Lig\u0119za.<\/p>\n<p><a href=\"https:\/\/up.lublin.pl\/wp-content\/uploads\/2025\/12\/594053141_1483426073782525_3387995969073277932_n.jpg\"><img loading=\"lazy\" class=\"aligncenter size-full wp-image-513266\" src=\"https:\/\/up.lublin.pl\/wp-content\/uploads\/2025\/12\/594053141_1483426073782525_3387995969073277932_n.jpg\" alt=\"\" width=\"590\" height=\"443\" \/><\/a> <a href=\"https:\/\/up.lublin.pl\/wp-content\/uploads\/2025\/12\/593299543_1483426093782523_4018279021471463581_n.jpg\"><img loading=\"lazy\" class=\"aligncenter size-medium wp-image-513270\" src=\"https:\/\/up.lublin.pl\/wp-content\/uploads\/2025\/12\/593299543_1483426093782523_4018279021471463581_n.jpg\" alt=\"\" width=\"1280\" height=\"960\" \/><\/a> <a href=\"https:\/\/up.lublin.pl\/wp-content\/uploads\/2025\/12\/592352760_1483426067115859_7807027496686034351_n.jpg\"><img loading=\"lazy\" class=\"aligncenter size-medium wp-image-513274\" src=\"https:\/\/up.lublin.pl\/wp-content\/uploads\/2025\/12\/592352760_1483426067115859_7807027496686034351_n.jpg\" alt=\"\" width=\"1280\" height=\"960\" \/><\/a> <a href=\"https:\/\/up.lublin.pl\/wp-content\/uploads\/2025\/12\/594040770_1483426097115856_8702525197967174196_n.jpg\"><img loading=\"lazy\" class=\"aligncenter size-medium wp-image-513278\" src=\"https:\/\/up.lublin.pl\/wp-content\/uploads\/2025\/12\/594040770_1483426097115856_8702525197967174196_n.jpg\" alt=\"\" width=\"1280\" height=\"960\" \/><\/a><\/p>\n<p>The visit was funded by the NAWA Ster program \u201cActions towards the internationalisation of the doctoral school of the University of Life Sciences in Lublin\u201d.<\/p>\n                                                <\/div>\n                                            <\/li>\n                                        <\/ul>\n\t\t\t\t\t\t                                                        <ul class=\"mn-accordion\">\n                                            <li>\n                                                <h4 class=\"mn-accordion-title\">Photo gallery\/Fotorelacja<\/h4>\n                                                <div>\n\t\t\t\t\t\t\t\t\t                <p><img loading=\"lazy\" class=\"alignnone size-full wp-image-523995\" src=\"https:\/\/up.lublin.pl\/wp-content\/uploads\/2026\/02\/20251201_103045-1.jpg\" alt=\"\" width=\"4000\" height=\"3000\" \/><\/p>\n<p><img loading=\"lazy\" class=\"alignnone size-full wp-image-524002\" src=\"https:\/\/up.lublin.pl\/wp-content\/uploads\/2026\/02\/20251201_103243.jpg\" alt=\"\" width=\"4000\" height=\"3000\" \/><\/p>\n<p><img loading=\"lazy\" class=\"alignnone size-full wp-image-524016\" src=\"https:\/\/up.lublin.pl\/wp-content\/uploads\/2026\/02\/20251201_103934.jpg\" alt=\"\" width=\"4000\" height=\"3000\" \/> <img loading=\"lazy\" class=\"alignnone size-medium wp-image-524020\" src=\"https:\/\/up.lublin.pl\/wp-content\/uploads\/2026\/02\/20251201_104035.jpg\" alt=\"\" width=\"1280\" height=\"960\" \/><\/p>\n<p><img loading=\"lazy\" class=\"alignnone size-full wp-image-524027\" src=\"https:\/\/up.lublin.pl\/wp-content\/uploads\/2026\/02\/20251201_110025.jpg\" alt=\"\" width=\"4000\" height=\"3000\" \/> <img loading=\"lazy\" class=\"alignnone size-medium wp-image-524031\" src=\"https:\/\/up.lublin.pl\/wp-content\/uploads\/2026\/02\/20251201_110731.jpg\" alt=\"\" width=\"1280\" height=\"960\" \/> <img loading=\"lazy\" class=\"alignnone size-medium wp-image-524035\" src=\"https:\/\/up.lublin.pl\/wp-content\/uploads\/2026\/02\/20251201_110747.jpg\" alt=\"\" width=\"1280\" height=\"960\" \/><\/p>\n<p><img loading=\"lazy\" class=\"alignnone size-full wp-image-524046\" src=\"https:\/\/up.lublin.pl\/wp-content\/uploads\/2026\/02\/20251201_122126.jpg\" alt=\"\" width=\"4000\" height=\"3000\" \/> <img loading=\"lazy\" class=\"alignnone size-medium wp-image-524050\" src=\"https:\/\/up.lublin.pl\/wp-content\/uploads\/2026\/02\/20251201_125826.jpg\" alt=\"\" width=\"1280\" height=\"960\" \/><\/p>\n<p><img loading=\"lazy\" class=\"alignnone size-full wp-image-524054\" src=\"https:\/\/up.lublin.pl\/wp-content\/uploads\/2026\/02\/20251201_1304270.jpg\" alt=\"\" width=\"4000\" height=\"3000\" \/> <img loading=\"lazy\" class=\"alignnone size-medium wp-image-524058\" src=\"https:\/\/up.lublin.pl\/wp-content\/uploads\/2026\/02\/20251201_130448.jpg\" alt=\"\" width=\"1280\" height=\"960\" \/><\/p>\n<p><img loading=\"lazy\" class=\"alignnone size-full wp-image-524068\" src=\"https:\/\/up.lublin.pl\/wp-content\/uploads\/2026\/02\/20251201_130529.jpg\" alt=\"\" width=\"4000\" height=\"3000\" \/> <img loading=\"lazy\" class=\"alignnone size-medium wp-image-524072\" src=\"https:\/\/up.lublin.pl\/wp-content\/uploads\/2026\/02\/20251201_131021.jpg\" alt=\"\" width=\"1280\" height=\"960\" \/> <img loading=\"lazy\" class=\"alignnone size-medium wp-image-524076\" src=\"https:\/\/up.lublin.pl\/wp-content\/uploads\/2026\/02\/20251201_131400.jpg\" alt=\"\" width=\"1280\" height=\"960\" \/><\/p>\n<p><img loading=\"lazy\" class=\"alignnone size-full wp-image-524083\" src=\"https:\/\/up.lublin.pl\/wp-content\/uploads\/2026\/02\/20251201_131922.jpg\" alt=\"\" width=\"4000\" height=\"3000\" \/> <img loading=\"lazy\" class=\"alignnone size-medium wp-image-524087\" src=\"https:\/\/up.lublin.pl\/wp-content\/uploads\/2026\/02\/20251201_131958.jpg\" alt=\"\" width=\"1280\" height=\"960\" \/> <img loading=\"lazy\" class=\"alignnone size-medium wp-image-524091\" src=\"https:\/\/up.lublin.pl\/wp-content\/uploads\/2026\/02\/20251201_132010.jpg\" alt=\"\" width=\"1280\" height=\"960\" \/> <img loading=\"lazy\" class=\"alignnone size-medium wp-image-524095\" src=\"https:\/\/up.lublin.pl\/wp-content\/uploads\/2026\/02\/20251201_132549.jpg\" alt=\"\" width=\"1280\" height=\"960\" \/> <img loading=\"lazy\" class=\"alignnone size-medium wp-image-524099\" src=\"https:\/\/up.lublin.pl\/wp-content\/uploads\/2026\/02\/20251201_135205.jpg\" alt=\"\" width=\"1280\" height=\"960\" \/> <img loading=\"lazy\" class=\"alignnone size-medium wp-image-524103\" src=\"https:\/\/up.lublin.pl\/wp-content\/uploads\/2026\/02\/20251201_135535.jpg\" alt=\"\" width=\"1280\" height=\"960\" \/> <img loading=\"lazy\" class=\"alignnone size-medium wp-image-524107\" src=\"https:\/\/up.lublin.pl\/wp-content\/uploads\/2026\/02\/20251201_135842.jpg\" alt=\"\" width=\"1280\" height=\"960\" \/> <img loading=\"lazy\" class=\"alignnone size-medium wp-image-524111\" src=\"https:\/\/up.lublin.pl\/wp-content\/uploads\/2026\/02\/20251201_151316.jpg\" alt=\"\" width=\"1280\" height=\"960\" \/><\/p>\n<p><img loading=\"lazy\" class=\"alignnone size-full wp-image-524118\" src=\"https:\/\/up.lublin.pl\/wp-content\/uploads\/2026\/02\/20251201_151649.jpg\" alt=\"\" width=\"4000\" height=\"3000\" \/> <img loading=\"lazy\" class=\"alignnone size-medium wp-image-524122\" src=\"https:\/\/up.lublin.pl\/wp-content\/uploads\/2026\/02\/20251201_151759.jpg\" alt=\"\" width=\"1280\" height=\"960\" \/> <img loading=\"lazy\" class=\"alignnone size-medium wp-image-524126\" src=\"https:\/\/up.lublin.pl\/wp-content\/uploads\/2026\/02\/20251201_151806.jpg\" alt=\"\" width=\"1280\" height=\"960\" \/> <img loading=\"lazy\" class=\"alignnone size-medium wp-image-524130\" src=\"https:\/\/up.lublin.pl\/wp-content\/uploads\/2026\/02\/20251201_151856.jpg\" alt=\"\" width=\"1280\" height=\"960\" \/><\/p>\n<p><img loading=\"lazy\" class=\"alignnone size-full wp-image-524153\" src=\"https:\/\/up.lublin.pl\/wp-content\/uploads\/2026\/02\/20251201_152849.jpg\" alt=\"\" width=\"4000\" height=\"3000\" \/> <img loading=\"lazy\" class=\"alignnone size-medium wp-image-524157\" src=\"https:\/\/up.lublin.pl\/wp-content\/uploads\/2026\/02\/20251201_181444.jpg\" alt=\"\" width=\"1280\" height=\"960\" \/> <img loading=\"lazy\" class=\"alignnone size-medium wp-image-524161\" src=\"https:\/\/up.lublin.pl\/wp-content\/uploads\/2026\/02\/20251201_181526.jpg\" alt=\"\" width=\"1280\" height=\"960\" \/> <img loading=\"lazy\" class=\"alignnone size-medium wp-image-524165\" src=\"https:\/\/up.lublin.pl\/wp-content\/uploads\/2026\/02\/20251201_181528.jpg\" alt=\"\" width=\"1280\" height=\"960\" \/> <img loading=\"lazy\" class=\"alignnone size-medium wp-image-524169\" src=\"https:\/\/up.lublin.pl\/wp-content\/uploads\/2026\/02\/20251201_182948.jpg\" alt=\"\" width=\"1280\" height=\"960\" \/> <img loading=\"lazy\" class=\"alignnone size-medium wp-image-524173\" src=\"https:\/\/up.lublin.pl\/wp-content\/uploads\/2026\/02\/20251201_183147.jpg\" alt=\"\" width=\"1280\" height=\"960\" \/> <img loading=\"lazy\" class=\"alignnone size-medium wp-image-524177\" src=\"https:\/\/up.lublin.pl\/wp-content\/uploads\/2026\/02\/20251201_184327.jpg\" alt=\"\" width=\"1280\" height=\"960\" \/> <img loading=\"lazy\" class=\"alignnone size-medium wp-image-524181\" src=\"https:\/\/up.lublin.pl\/wp-content\/uploads\/2026\/02\/20251202_090221.jpg\" alt=\"\" width=\"1280\" height=\"960\" \/> <img loading=\"lazy\" class=\"alignnone size-medium wp-image-524185\" src=\"https:\/\/up.lublin.pl\/wp-content\/uploads\/2026\/02\/20251202_090747.jpg\" alt=\"\" width=\"1280\" height=\"960\" \/> <img loading=\"lazy\" class=\"alignnone size-medium wp-image-524189\" src=\"https:\/\/up.lublin.pl\/wp-content\/uploads\/2026\/02\/20251202_090756.jpg\" alt=\"\" width=\"1280\" height=\"960\" \/> <img loading=\"lazy\" class=\"alignnone size-medium wp-image-524193\" src=\"https:\/\/up.lublin.pl\/wp-content\/uploads\/2026\/02\/20251202_090759.jpg\" alt=\"\" width=\"1280\" height=\"960\" \/> <img loading=\"lazy\" class=\"alignnone size-medium wp-image-524197\" src=\"https:\/\/up.lublin.pl\/wp-content\/uploads\/2026\/02\/20251202_090800.jpg\" alt=\"\" width=\"1280\" height=\"960\" \/> <img loading=\"lazy\" class=\"alignnone size-medium wp-image-524201\" src=\"https:\/\/up.lublin.pl\/wp-content\/uploads\/2026\/02\/20251202_090812.jpg\" alt=\"\" width=\"1280\" height=\"960\" \/> <img loading=\"lazy\" class=\"alignnone size-medium wp-image-524205\" src=\"https:\/\/up.lublin.pl\/wp-content\/uploads\/2026\/02\/20251202_091001.jpg\" alt=\"\" width=\"1280\" height=\"960\" \/> <img loading=\"lazy\" class=\"alignnone size-medium wp-image-524209\" src=\"https:\/\/up.lublin.pl\/wp-content\/uploads\/2026\/02\/20251202_091003.jpg\" alt=\"\" width=\"1280\" height=\"960\" \/> <img loading=\"lazy\" class=\"alignnone size-medium wp-image-524213\" src=\"https:\/\/up.lublin.pl\/wp-content\/uploads\/2026\/02\/20251202_091714.jpg\" alt=\"\" width=\"1280\" height=\"960\" \/> <img loading=\"lazy\" class=\"alignnone size-medium wp-image-524217\" src=\"https:\/\/up.lublin.pl\/wp-content\/uploads\/2026\/02\/20251202_091716.jpg\" alt=\"\" width=\"1280\" height=\"960\" \/> <img loading=\"lazy\" class=\"alignnone size-medium wp-image-524221\" src=\"https:\/\/up.lublin.pl\/wp-content\/uploads\/2026\/02\/20251202_091903.jpg\" alt=\"\" width=\"1280\" height=\"960\" \/> <img loading=\"lazy\" class=\"alignnone size-medium wp-image-524225\" src=\"https:\/\/up.lublin.pl\/wp-content\/uploads\/2026\/02\/20251202_092658.jpg\" alt=\"\" width=\"1280\" height=\"960\" \/> <img loading=\"lazy\" class=\"alignnone size-medium wp-image-524229\" src=\"https:\/\/up.lublin.pl\/wp-content\/uploads\/2026\/02\/20251202_093205.jpg\" alt=\"\" width=\"1280\" height=\"960\" \/><\/p>\n<p><img loading=\"lazy\" class=\"alignnone size-full wp-image-524239\" src=\"https:\/\/up.lublin.pl\/wp-content\/uploads\/2026\/02\/20251202_100237.jpg\" alt=\"\" width=\"2237\" height=\"3237\" \/> <img loading=\"lazy\" class=\"alignnone size-medium wp-image-524243\" src=\"https:\/\/up.lublin.pl\/wp-content\/uploads\/2026\/02\/20251202_103201.jpg\" alt=\"\" width=\"1280\" height=\"960\" \/> <img loading=\"lazy\" class=\"alignnone size-medium wp-image-524247\" src=\"https:\/\/up.lublin.pl\/wp-content\/uploads\/2026\/02\/20251202_103227.jpg\" alt=\"\" width=\"1280\" height=\"960\" \/> <img loading=\"lazy\" class=\"alignnone size-medium wp-image-524251\" src=\"https:\/\/up.lublin.pl\/wp-content\/uploads\/2026\/02\/20251202_103242.jpg\" alt=\"\" width=\"1280\" height=\"960\" \/> <img loading=\"lazy\" class=\"alignnone size-medium wp-image-524255\" src=\"https:\/\/up.lublin.pl\/wp-content\/uploads\/2026\/02\/20251202_103245.jpg\" alt=\"\" width=\"1280\" height=\"960\" \/> <img loading=\"lazy\" class=\"alignnone size-medium wp-image-524259\" src=\"https:\/\/up.lublin.pl\/wp-content\/uploads\/2026\/02\/20251202_103254.jpg\" alt=\"\" width=\"1280\" height=\"960\" \/> <img loading=\"lazy\" class=\"alignnone size-medium wp-image-524263\" src=\"https:\/\/up.lublin.pl\/wp-content\/uploads\/2026\/02\/20251202_103255.jpg\" alt=\"\" width=\"1280\" height=\"960\" \/> <img loading=\"lazy\" class=\"alignnone size-medium wp-image-524267\" src=\"https:\/\/up.lublin.pl\/wp-content\/uploads\/2026\/02\/20251202_103310.jpg\" alt=\"\" width=\"1280\" height=\"960\" \/> <img loading=\"lazy\" class=\"alignnone size-medium wp-image-524271\" src=\"https:\/\/up.lublin.pl\/wp-content\/uploads\/2026\/02\/20251202_103311.jpg\" alt=\"\" width=\"1280\" height=\"960\" \/> <img loading=\"lazy\" class=\"alignnone size-medium wp-image-524275\" src=\"https:\/\/up.lublin.pl\/wp-content\/uploads\/2026\/02\/20251202_103312.jpg\" alt=\"\" width=\"1280\" height=\"960\" \/> <img loading=\"lazy\" class=\"alignnone size-medium wp-image-524279\" src=\"https:\/\/up.lublin.pl\/wp-content\/uploads\/2026\/02\/20251202_113723.jpg\" alt=\"\" width=\"1280\" height=\"960\" \/> <img loading=\"lazy\" class=\"alignnone size-medium wp-image-524283\" src=\"https:\/\/up.lublin.pl\/wp-content\/uploads\/2026\/02\/20251202_140145.jpg\" alt=\"\" width=\"1280\" height=\"960\" \/> <img loading=\"lazy\" class=\"alignnone size-medium wp-image-524287\" src=\"https:\/\/up.lublin.pl\/wp-content\/uploads\/2026\/02\/20251202_140206.jpg\" alt=\"\" width=\"1280\" height=\"960\" \/> <img loading=\"lazy\" class=\"alignnone size-medium wp-image-524291\" src=\"https:\/\/up.lublin.pl\/wp-content\/uploads\/2026\/02\/20251202_140544.jpg\" alt=\"\" width=\"1280\" height=\"960\" \/> <img loading=\"lazy\" class=\"alignnone size-medium wp-image-524295\" src=\"https:\/\/up.lublin.pl\/wp-content\/uploads\/2026\/02\/20251202_141026.jpg\" alt=\"\" width=\"1280\" height=\"960\" \/> <img loading=\"lazy\" class=\"alignnone size-medium wp-image-524299\" src=\"https:\/\/up.lublin.pl\/wp-content\/uploads\/2026\/02\/20251202_141035.jpg\" alt=\"\" width=\"1280\" height=\"960\" \/> <img loading=\"lazy\" class=\"alignnone size-medium wp-image-524303\" src=\"https:\/\/up.lublin.pl\/wp-content\/uploads\/2026\/02\/20251202_141120.jpg\" alt=\"\" width=\"1280\" height=\"960\" \/> <img loading=\"lazy\" class=\"alignnone size-medium wp-image-524307\" src=\"https:\/\/up.lublin.pl\/wp-content\/uploads\/2026\/02\/20251202_141330.jpg\" alt=\"\" width=\"1280\" height=\"960\" \/> <img loading=\"lazy\" class=\"alignnone size-medium wp-image-524311\" src=\"https:\/\/up.lublin.pl\/wp-content\/uploads\/2026\/02\/20251202_141504.jpg\" alt=\"\" width=\"1280\" height=\"960\" \/><\/p>\n<p><img loading=\"lazy\" class=\"alignnone size-full wp-image-524322\" src=\"https:\/\/up.lublin.pl\/wp-content\/uploads\/2026\/02\/20251202_143634-1.jpg\" alt=\"\" width=\"4000\" height=\"3000\" \/> <img loading=\"lazy\" class=\"alignnone size-medium wp-image-524326\" src=\"https:\/\/up.lublin.pl\/wp-content\/uploads\/2026\/02\/20251202_143717.jpg\" alt=\"\" width=\"1280\" height=\"960\" \/> <img loading=\"lazy\" class=\"alignnone size-medium wp-image-524330\" src=\"https:\/\/up.lublin.pl\/wp-content\/uploads\/2026\/02\/20251202_143736.jpg\" alt=\"\" width=\"1280\" height=\"960\" \/> <img loading=\"lazy\" class=\"alignnone size-medium wp-image-524334\" src=\"https:\/\/up.lublin.pl\/wp-content\/uploads\/2026\/02\/20251202_143751.jpg\" alt=\"\" width=\"1280\" height=\"960\" \/> <img loading=\"lazy\" class=\"alignnone size-medium wp-image-524338\" src=\"https:\/\/up.lublin.pl\/wp-content\/uploads\/2026\/02\/20251202_143828.jpg\" alt=\"\" width=\"1280\" height=\"960\" \/> <img loading=\"lazy\" class=\"alignnone size-medium wp-image-524342\" src=\"https:\/\/up.lublin.pl\/wp-content\/uploads\/2026\/02\/20251202_143907.jpg\" alt=\"\" width=\"1280\" height=\"960\" \/> <img loading=\"lazy\" class=\"alignnone size-medium wp-image-524346\" src=\"https:\/\/up.lublin.pl\/wp-content\/uploads\/2026\/02\/20251202_144202.jpg\" alt=\"\" width=\"1280\" height=\"960\" \/> <img loading=\"lazy\" class=\"alignnone size-medium wp-image-524350\" src=\"https:\/\/up.lublin.pl\/wp-content\/uploads\/2026\/02\/20251202_173408.jpg\" alt=\"\" width=\"1280\" height=\"960\" \/> <img loading=\"lazy\" class=\"alignnone size-medium wp-image-524354\" src=\"https:\/\/up.lublin.pl\/wp-content\/uploads\/2026\/02\/photo_5893299874852178931_y-1.jpg\" alt=\"\" width=\"1280\" height=\"960\" \/><\/p>\n                                                <\/div>\n                                            <\/li>\n                                        <\/ul>\n\t\t\t\t\t\t                                                        <div class=\"mn-cards-list\">\n                                            <div class=\"mn-card-container\">\n                                                <div>\n                                                    <img src=\"https:\/\/up.lublin.pl\/wp-content\/themes\/up-lublin\/assets\/images\/doc-ico.svg\" alt=\"\" \/>\n                                                    <h5>Sprawozdanie (PL) Uniwersytet Czeski w&nbsp;Pradze<\/h5>\n                                                <\/div>\n                                                <a href=\"https:\/\/up.lublin.pl\/wp-content\/uploads\/2026\/02\/Sprawozdanie-z-wyjazdu-Praga.pdf\" class=\"mn-more\" target=\"_blank\">Read more<\/a>\n                                            <\/div>\n                                        <\/div>\n\t\t\t\t\t\t                                                        <div class=\"mn-cards-list\">\n                                            <div class=\"mn-card-container\">\n                                                <div>\n                                                    <img src=\"https:\/\/up.lublin.pl\/wp-content\/themes\/up-lublin\/assets\/images\/doc-ico.svg\" alt=\"\" \/>\n                                                    <h5>Report (ENG) of the visiton in Prague<\/h5>\n                                                <\/div>\n                                                <a href=\"https:\/\/up.lublin.pl\/wp-content\/uploads\/2026\/02\/EN_Sprawozdanie-z-wyjazdu-Praga.pdf\" class=\"mn-more\" target=\"_blank\">Read more<\/a>\n                                            <\/div>\n                                        <\/div>\n\t\t\t\t\t\t                                <\/div>\n\t\t\t\t                <div class=\"mn-content-block\">\n\t                                                        <div class=\"mn-cards-list\">\n                                            <div class=\"mn-card-container\">\n                                                <div>\n                                                    <img src=\"https:\/\/up.lublin.pl\/wp-content\/themes\/up-lublin\/assets\/images\/doc-ico.svg\" alt=\"\" \/>\n                                                    <h5>Za\u0142\u0105cznik nr 1 O\u015bwiadczenie Uczestnika dot. danych osobowych RODO-NAWA<\/h5>\n                                                <\/div>\n                                                <a href=\"https:\/\/up.lublin.pl\/wp-content\/uploads\/2024\/11\/Zalacznik-nr-1-Oswiadczenie-Uczestnika-dot.-danych-osobowych-RODO-NAWA-1.docx\" class=\"mn-more\" target=\"_blank\">Read more<\/a>\n                                            <\/div>\n                                        <\/div>\n\t\t\t\t\t\t                                                        <div class=\"mn-cards-list\">\n                                            <div class=\"mn-card-container\">\n                                                <div>\n                                                    <img src=\"https:\/\/up.lublin.pl\/wp-content\/themes\/up-lublin\/assets\/images\/doc-ico.svg\" alt=\"\" \/>\n                                                    <h5>Za\u0142\u0105cznik nr 2a - Wniosek o&nbsp;delegowanie za granic\u0119 PRACOWNIK<\/h5>\n                                                <\/div>\n                                                <a href=\"https:\/\/up.lublin.pl\/wp-content\/uploads\/2024\/11\/WNIOSEK-O-DELEGOWANIE-ZA-GRANICE-PRACOWNIK-1.docx\" class=\"mn-more\" target=\"_blank\">Read more<\/a>\n                                            <\/div>\n                                        <\/div>\n\t\t\t\t\t\t                                                        <div class=\"mn-cards-list\">\n                                            <div class=\"mn-card-container\">\n                                                <div>\n                                                    <img src=\"https:\/\/up.lublin.pl\/wp-content\/themes\/up-lublin\/assets\/images\/doc-ico.svg\" alt=\"\" \/>\n                                                    <h5>Za\u0142\u0105cznik nr 2b - Wniosek o&nbsp;delegowanie za granic\u0119 DOKTORANT<\/h5>\n                                                <\/div>\n                                                <a href=\"https:\/\/up.lublin.pl\/wp-content\/uploads\/2024\/11\/Zalacznik-nr-2a-WZOR-Wniosek-o-delegowanie-za-granice-DOKT.docx\" class=\"mn-more\" target=\"_blank\">Read more<\/a>\n                                            <\/div>\n                                        <\/div>\n\t\t\t\t\t\t                                                        <div class=\"mn-cards-list\">\n                                            <div class=\"mn-card-container\">\n                                                <div>\n                                                    <img src=\"https:\/\/up.lublin.pl\/wp-content\/themes\/up-lublin\/assets\/images\/doc-ico.svg\" alt=\"\" \/>\n                                                    <h5>Za\u0142\u0105cznik nr 3 O\u015bwiadczenia i&nbsp;zgody osoby wyje\u017cd\u017caj\u0105cej<\/h5>\n                                                <\/div>\n                                                <a href=\"https:\/\/up.lublin.pl\/wp-content\/uploads\/2024\/11\/Zalacznik-nr-3-Oswiadczenia-i-zgody-osoby-wyjezdzajacej-1.docx\" class=\"mn-more\" target=\"_blank\">Read more<\/a>\n                                            <\/div>\n                                        <\/div>\n\t\t\t\t\t\t                                                        <div class=\"mn-cards-list\">\n                                            <div class=\"mn-card-container\">\n                                                <div>\n                                                    <img src=\"https:\/\/up.lublin.pl\/wp-content\/themes\/up-lublin\/assets\/images\/doc-ico.svg\" alt=\"\" \/>\n                                                    <h5>Za\u0142\u0105cznik nr 4 Wz\u00f3r wniosku o&nbsp;dokonanie przelewu<\/h5>\n                                                <\/div>\n                                                <a href=\"https:\/\/up.lublin.pl\/wp-content\/uploads\/2024\/11\/WZOR-WNIOSKU-O-DOKONANIE-PRZELEWU-5.docx\" class=\"mn-more\" target=\"_blank\">Read more<\/a>\n                                            <\/div>\n                                        <\/div>\n\t\t\t\t\t\t                                <\/div>\n\t\t\t\t\t\t<\/div>\n\t<\/div>\n<\/section>\n\t\t<\/div>\n\t\t\t\t<\/div>\n\t\t\t\t\t\t<\/div>\n\t\t\t\t\t<\/div>\n\t\t<\/div>\n\t\t\t\t\t\t\t\t<\/div>\n\t\t\t\t\t<\/div>\n\t\t<\/section>\n\t\t\t\t<section class=\"elementor-section elementor-top-section elementor-element elementor-element-ae7b6b7 elementor-section-boxed elementor-section-height-default elementor-section-height-default\" data-id=\"ae7b6b7\" data-element_type=\"section\">\n\t\t\t\t\t\t<div class=\"elementor-container elementor-column-gap-default\">\n\t\t\t\t\t\t\t<div class=\"elementor-row\">\n\t\t\t\t\t<div class=\"elementor-column elementor-col-100 elementor-top-column elementor-element elementor-element-89b962c\" data-id=\"89b962c\" data-element_type=\"column\">\n\t\t\t<div class=\"elementor-column-wrap elementor-element-populated\">\n\t\t\t\t\t\t\t<div class=\"elementor-widget-wrap\">\n\t\t\t\t\t\t<div class=\"elementor-element elementor-element-27a9786 elementor-widget elementor-widget-m4a\" data-id=\"27a9786\" data-element_type=\"widget\" data-widget_type=\"m4a.default\">\n\t\t\t\t<div class=\"elementor-widget-container\">\n\t\t\t\t<section class=\"mn-m4_b mn-bg-white\">\n\t\t        <div class=\"mn-grid\">\n            <h2 class=\"mn-grid-12\">Previous editions:<\/h2>\n        <\/div>\n\t\t\t\t\t<div class=\"mn-grid\">\n\t\t\t\t\t\t\t<div class=\"mn-grid-12 mn-kat-m4-container\">\n\t\t\t\t\t\t\t\t\t\t\t\t\t\t\t\t<h3>Year 2024<\/h3>\n\t\t\t\t\t\t\t\t\t\t\t\t\t\t\t\t\t\t\t\t\t\t<a href=\"https:\/\/up.lublin.pl\/en\/doctoral-school\/ster\/promotional-mobility\/2024-2\/\" class=\"mn-more\">Read more<\/a>\n\t\t\t\t\t\t\t\t\t\t<\/div>\n\t\t\t\t\t\t<\/div>\n\t<\/section>\n\t\t\t<\/div>\n\t\t\t\t<\/div>\n\t\t\t\t\t\t<\/div>\n\t\t\t\t\t<\/div>\n\t\t<\/div>\n\t\t\t\t\t\t\t\t<\/div>\n\t\t\t\t\t<\/div>\n\t\t<\/section>\n\t\t\t\t\t\t<\/div>\n\t\t\t\t\t\t<\/div>\n\t\t\t\t\t<\/div>\n\t\t","protected":false},"excerpt":{"rendered":"<p>NAWA STER Promotional mobility UP General information Schedule\/Harmonogram Reports\/Sprawozdania Documents\/Dokumenty \u201eWyjazdy promocyjne s\u0105 finansowane przez Narodow\u0105 Agencj\u0119 Wymiany Akademickiej w&nbsp;ramach Programu STER\u201d \/ \u201ePromotional mobility are funded by the Polish National Agency for Academic Exchange under the STER programme\u201d The activity includes\u00a0 promotional and informational trips implemented by the management and administrative staff of Doctoral [&hellip;]<\/p>\n","protected":false},"author":2,"featured_media":0,"parent":385124,"menu_order":0,"comment_status":"closed","ping_status":"closed","template":"elementor_header_footer","meta":{"_monsterinsights_skip_tracking":false,"_monsterinsights_sitenote_active":false,"_monsterinsights_sitenote_note":"","_monsterinsights_sitenote_category":0},"_links":{"self":[{"href":"https:\/\/up.lublin.pl\/en\/wp-json\/wp\/v2\/pages\/389081"}],"collection":[{"href":"https:\/\/up.lublin.pl\/en\/wp-json\/wp\/v2\/pages"}],"about":[{"href":"https:\/\/up.lublin.pl\/en\/wp-json\/wp\/v2\/types\/page"}],"author":[{"embeddable":true,"href":"https:\/\/up.lublin.pl\/en\/wp-json\/wp\/v2\/users\/2"}],"replies":[{"embeddable":true,"href":"https:\/\/up.lublin.pl\/en\/wp-json\/wp\/v2\/comments?post=389081"}],"version-history":[{"count":301,"href":"https:\/\/up.lublin.pl\/en\/wp-json\/wp\/v2\/pages\/389081\/revisions"}],"predecessor-version":[{"id":527109,"href":"https:\/\/up.lublin.pl\/en\/wp-json\/wp\/v2\/pages\/389081\/revisions\/527109"}],"up":[{"embeddable":true,"href":"https:\/\/up.lublin.pl\/en\/wp-json\/wp\/v2\/pages\/385124"}],"wp:attachment":[{"href":"https:\/\/up.lublin.pl\/en\/wp-json\/wp\/v2\/media?parent=389081"}],"curies":[{"name":"wp","href":"https:\/\/api.w.org\/{rel}","templated":true}]}}