{"id":389073,"date":"2024-01-24T14:22:33","date_gmt":"2024-01-24T13:22:33","guid":{"rendered":"https:\/\/up.lublin.pl\/?page_id=389073"},"modified":"2026-01-27T07:57:14","modified_gmt":"2026-01-27T06:57:14","slug":"foreign-mobility","status":"publish","type":"page","link":"https:\/\/up.lublin.pl\/en\/doctoral-school\/ster\/foreign-mobility\/","title":{"rendered":"Foreign mobility | NAWA STER"},"content":{"rendered":"\t\t<div data-elementor-type=\"wp-page\" data-elementor-id=\"389073\" class=\"elementor elementor-389073\" data-elementor-settings=\"[]\">\n\t\t\t\t\t\t<div class=\"elementor-inner\">\n\t\t\t\t\t\t\t<div class=\"elementor-section-wrap\">\n\t\t\t\t\t\t\t<section class=\"elementor-section elementor-top-section elementor-element elementor-element-2258484 elementor-section-boxed elementor-section-height-default elementor-section-height-default\" data-id=\"2258484\" data-element_type=\"section\">\n\t\t\t\t\t\t<div class=\"elementor-container elementor-column-gap-default\">\n\t\t\t\t\t\t\t<div class=\"elementor-row\">\n\t\t\t\t\t<div class=\"elementor-column elementor-col-100 elementor-top-column elementor-element elementor-element-bc0d2db\" data-id=\"bc0d2db\" data-element_type=\"column\">\n\t\t\t<div class=\"elementor-column-wrap elementor-element-populated\">\n\t\t\t\t\t\t\t<div class=\"elementor-widget-wrap\">\n\t\t\t\t\t\t<div class=\"elementor-element elementor-element-f1b4090 elementor-widget elementor-widget-m2e\" data-id=\"f1b4090\" data-element_type=\"widget\" data-widget_type=\"m2e.default\">\n\t\t\t\t<div class=\"elementor-widget-container\">\n\t\t\t<section class=\"mn-m2-e mn-bg-grey\">\n\t<div class=\"mn-grid\">\n\t\t<div class=\"mn-grid-3 mn-introtext\">\n\t\t\t\t\t\t\t<p class=\"mn-header\">NAWA STER<\/p>\n\t\t\t\t\t\t\t\t\t\t\t<h3>\n\t\t\t\t\tForeign mobility\t\t\t\t<\/h3>\n\t\t\t\t\t\t\t\t\t\t\t\t<\/div>\n\t\t<div class=\"mn-grid-9 mn-image-container\">\n\t\t\t\t\t\t\t<img src=\"https:\/\/up.lublin.pl\/wp-content\/uploads\/2025\/03\/mobility-nawa.jpg\" alt=\"\">\n\t\t\t\t\t\t<\/div>\n\t<\/div>\n\t<\/section>\n\t\t<\/div>\n\t\t\t\t<\/div>\n\t\t\t\t<div class=\"elementor-element elementor-element-0176215 elementor-widget elementor-widget-m5c\" data-id=\"0176215\" data-element_type=\"widget\" data-widget_type=\"m5c.default\">\n\t\t\t\t<div class=\"elementor-widget-container\">\n\t\t\t<section class=\"mn-m5-c mn-bg-white\">\n\t<div class=\"mn-grid\">\n\t\t            <div class=\"mn-menu-container mn-grid-3\">\n                <ul class=\"mn-bg-yellow\">\n\t                                        <li>\n                            <a href=\"#\" class=\"active\" data-hash=\"#info\">\n                                General information                            <\/a>\n                        <\/li>\n                                                <li>\n                            <a href=\"#\" class=\"\" data-hash=\"#regulations\">\n                                Regulations\/Regulamin                            <\/a>\n                        <\/li>\n                                                <li>\n                            <a href=\"#\" class=\"\" data-hash=\"#schedule\">\n                                Schedule\/Harmonogram                            <\/a>\n                        <\/li>\n                                                <li>\n                            <a href=\"#\" class=\"\" data-hash=\"#supp_recrut\">\n                                Supplementary recruitment\/ Nab\u00f3r uzupe\u0142niaj\u0105cy                            <\/a>\n                        <\/li>\n                                                <li>\n                            <a href=\"#\" class=\"\" data-hash=\"#results\">\n                                Results\/Wyniki                            <\/a>\n                        <\/li>\n                                                <li>\n                            <a href=\"#\" class=\"\" data-hash=\"#documents\">\n                                Documents\/Dokumenty                            <\/a>\n                        <\/li>\n                                                <li>\n                            <a href=\"#\" class=\"\" data-hash=\"#committee\">\n                                Committee\/Komisja                            <\/a>\n                        <\/li>\n                                                <li>\n                            <a href=\"#\" class=\"\" data-hash=\"#reports\">\n                                Internship reports\/Sprawozdania                            <\/a>\n                        <\/li>\n                                        <\/ul>\n            <\/div>\n\t        \t\t<div class=\"mn-content mn-grid-8\">\n\t\t\t                <div class=\"mn-content-block active\">\n\t                                                        <div class=\"block-text\">\n\t                                        <h2>\u201eSta\u017ce zagraniczne s\u0105 finansowane przez Narodow\u0105 Agencj\u0119 Wymiany Akademickiej w&nbsp;ramach Programu STER\u201d \/ \u201eForeign mobility are funded by the Polish National Agency for Academic Exchange under the STER programme\u201d<\/h2>\n<p>The task aims to grant financial support for the long-term foreign research internships for Polish and foreign PhD students studying at Doctoral School of ULS. The purpose of mobility may be to conduct scientific research or to obtain knowledge and skills related to conducting scientific research in foreign scientific, research and implementation centers. The project provides support for a&nbsp;group of approximately 20 PhD students. It will be possible to apply for internships ranging from 1 to 6 months in European and non-European centers.<\/p>\n<p>Dzia\u0142anie dotyczy przyznania wsparcia finansowego na realizacj\u0119 d\u0142ugoterminowych zagranicznych sta\u017cy naukowych dla polskich i&nbsp;zagranicznych doktorant\u00f3w kszta\u0142c\u0105cych si\u0119 w&nbsp;Szkole Doktorskiej UPL. Celem mobilno\u015bci mo\u017ce by\u0107 prowadzenie bada\u0144 naukowych lub uzyskania wiedzy i&nbsp;umiej\u0119tno\u015bci dotycz\u0105cych prowadzenia bada\u0144 naukowych w&nbsp;zagranicznych jednostkach naukowych, naukowo-badawczych i&nbsp;wdro\u017ceniowych. Projekt przewiduje wsparcie dla grupy oko\u0142o 20 doktorant\u00f3w. Mo\u017cliwe b\u0119dzie wnioskowanie o&nbsp;sta\u017ce o&nbsp;d\u0142ugo\u015bci od 1 do 6 miesi\u0119cy do o\u015brodk\u00f3w europejskich, jak i&nbsp;pozaeuropejskich.<\/p>\n                                        <\/div>\n\t\t\t\t\t\t                                <\/div>\n\t\t\t\t                <div class=\"mn-content-block\">\n\t                                                        <div class=\"mn-cards-list\">\n                                            <div class=\"mn-card-container\">\n                                                <div>\n                                                    <img src=\"https:\/\/up.lublin.pl\/wp-content\/themes\/up-lublin\/assets\/images\/doc-ico.svg\" alt=\"\" \/>\n                                                    <h5>Regulamin przyznawania sta\u017cy zagranicznych dla doktorant\u00f3w kszta\u0142c\u0105cych si\u0119 w&nbsp;Szkole Doktorskiej Uniwersytetu Przyrodniczego w&nbsp;Lublinie w&nbsp;ramach Program STER NAWA \u201eActions towards the internationalization of the Doctoral School of the University of Life Sciences in Lublin (I-SDUPL)\u201d<\/h5>\n                                                <\/div>\n                                                <a href=\"https:\/\/up.lublin.pl\/wp-content\/uploads\/2024\/08\/Regulamin_staze-zagraniczne_PL.pdf\" class=\"mn-more\" target=\"_blank\">Read more<\/a>\n                                            <\/div>\n                                        <\/div>\n\t\t\t\t\t\t                                                        <div class=\"mn-cards-list\">\n                                            <div class=\"mn-card-container\">\n                                                <div>\n                                                    <img src=\"https:\/\/up.lublin.pl\/wp-content\/themes\/up-lublin\/assets\/images\/doc-ico.svg\" alt=\"\" \/>\n                                                    <h5>Appendix No. 1 (.pdf)<\/h5>\n                                                <\/div>\n                                                <a href=\"https:\/\/up.lublin.pl\/wp-content\/uploads\/2024\/05\/Mobility_Appendix_1-I-SDUPL.pdf\" class=\"mn-more\" target=\"_blank\">Read more<\/a>\n                                            <\/div>\n                                        <\/div>\n\t\t\t\t\t\t                                                        <div class=\"mn-cards-list\">\n                                            <div class=\"mn-card-container\">\n                                                <div>\n                                                    <img src=\"https:\/\/up.lublin.pl\/wp-content\/themes\/up-lublin\/assets\/images\/doc-ico.svg\" alt=\"\" \/>\n                                                    <h5>Appendix No. 2 (.docx)<\/h5>\n                                                <\/div>\n                                                <a href=\"https:\/\/up.lublin.pl\/wp-content\/uploads\/2024\/05\/Mobility_Appendix_2-I-SDUPL.docx\" class=\"mn-more\" target=\"_blank\">Read more<\/a>\n                                            <\/div>\n                                        <\/div>\n\t\t\t\t\t\t                                <\/div>\n\t\t\t\t                <div class=\"mn-content-block\">\n\t                                                        <ul class=\"mn-accordion\">\n                                            <li>\n                                                <h4 class=\"mn-accordion-title\">Harmonogram rekrutacja doktorant\u00f3w na sta\u017ce zagraniczne w&nbsp;drugim naborze<br>Schedule of recruitment of doctoral students for foreign internships in the second call<\/h4>\n                                                <div>\n\t\t\t\t\t\t\t\t\t                <table style=\"border-collapse: collapse;width: 100%;height: 277px\">\n<tbody>\n<tr style=\"height: 23px\">\n<td style=\"width: 50%;height: 23px\"><strong>Terminy \/ Deadlines<\/strong><\/td>\n<td style=\"width: 50%;height: 23px\"><strong>Zadania \/ Tasks<\/strong><\/td>\n<\/tr>\n<tr style=\"height: 93px\">\n<td style=\"width: 50%;height: 93px\">18 \u2013 26 lutego 2025<br \/><em>February 18<sup>th<\/sup>\u00a0\u2013 February 26<sup>th<\/sup>\u00a02025<\/em><\/td>\n<td style=\"width: 50%;height: 93px\">Sk\u0142adanie w\u00a0Biurze SD UPL dokument\u00f3w aplikacyjnych<br \/><em>Submitting application documents to the SD UPL Office<\/em><\/td>\n<\/tr>\n<tr style=\"height: 46px\">\n<td style=\"width: 50%;height: 46px\">27 \u2013 28 lutego 2025<br \/><em>February 27<sup>th<\/sup>\u00a0\u2013 February 28<sup>th<\/sup>\u00a02025<\/em><\/td>\n<td style=\"width: 50%;height: 46px\">Ocena dokument\u00f3w aplikacyjnych przez Komisj\u0119<br \/><em>Assessment of application documents by the Commission<\/em><\/td>\n<\/tr>\n<tr style=\"height: 46px\">\n<td style=\"width: 50%;height: 46px\">3 marca 2025<br \/><em>March 3<sup>rd<\/sup>\u00a02025<\/em><\/td>\n<td style=\"width: 50%;height: 46px\">Opublikowanie listy rankingowej oraz listy doktorant\u00f3w zakwalifikowanych do realizacji sta\u017cu zagranicznego<br \/><em>Publication of the ranking list and the list of PhD students qualified for a\u00a0foreign internship<\/em><\/td>\n<\/tr>\n<tr style=\"height: 69px\">\n<td style=\"width: 50%;height: 69px\">10 marca \u2013 31 grudnia 2025<br \/><em>March 10<sup>th<\/sup>\u00a0\u2013 December 31<sup>st<\/sup><\/em><br \/><em>2025<\/em><\/td>\n<td style=\"width: 50%;height: 69px\">Realizacja sta\u017cy przez doktorant\u00f3w<br \/><em>Realization of internships by PhD students<\/em><\/td>\n<\/tr>\n<\/tbody>\n<\/table>\n                                                <\/div>\n                                            <\/li>\n                                        <\/ul>\n\t\t\t\t\t\t                                                        <ul class=\"mn-accordion\">\n                                            <li>\n                                                <h4 class=\"mn-accordion-title\">Harmonogram rekrutacja doktorant\u00f3w na sta\u017ce zagraniczne w&nbsp;pierwszym naborze 2024 \u2013 nab\u00f3r uzupe\u0142niajacy trzeci Schedule for PhD students recruitmnet for forein internships in the first call in 2024 - supplementary recruitmen no 3<\/h4>\n                                                <div>\n\t\t\t\t\t\t\t\t\t                <table style=\"border-collapse: collapse;width: 100%;height: 357px\">\n<tbody>\n<tr style=\"height: 26px\">\n<th style=\"width: 27.6272%;height: 26px\">\n<p><strong>Terminy \/ Deadlines<\/strong><\/p>\n<\/th>\n<th style=\"width: 72.2001%;height: 26px\">\n<p><strong>Zadania \/ Tasks<\/strong><\/p>\n<\/th>\n<\/tr>\n<tr style=\"height: 79px\">\n<td style=\"width: 27.6272%;height: 79px\">\n<p>21 &#8211; 28 pa\u017adziernik 2024<br \/><em>October 21<sup>st<\/sup> \u2013 28<sup>th<\/sup>\u00a02024<\/em><\/p>\n<\/td>\n<td style=\"width: 72.2001%;height: 79px\">\n<p>Sk\u0142adanie w\u00a0Biurze SD UPL dokument\u00f3w aplikacyjnych<br \/><em>Submitting application documents to the SD UPL Office<\/em><\/p>\n<\/td>\n<\/tr>\n<tr style=\"height: 79px\">\n<td style=\"width: 27.6272%;height: 79px\">\n<p>4 &#8211; 5 listopad 2024<br \/><em>November 4<\/em><em><sup>th<\/sup><\/em><em>\u00a0\u00a0\u2013 5<sup>th<\/sup>\u00a02024<\/em><\/p>\n<\/td>\n<td style=\"width: 72.2001%;height: 79px\">\n<p>Ocena dokument\u00f3w aplikacyjnych przez Komisj\u0119<br \/><em>Assessment of application documents by the Commission<\/em><\/p>\n<\/td>\n<\/tr>\n<tr style=\"height: 79px\">\n<td style=\"width: 27.6272%;height: 79px\">\n<p>5 listopad 2024<br \/><em>November<\/em> <em>5<sup>th<\/sup>\u00a02024<\/em><\/p>\n<\/td>\n<td style=\"width: 72.2001%;height: 79px\">\n<p>Opublikowanie listy rankingowej oraz listy doktorant\u00f3w zakwalifikowanych do realizacji sta\u017cu zagranicznego<br \/><em>Publication of the ranking list and the list of PhD students qualified for a\u00a0foreign internship<\/em><\/p>\n<\/td>\n<\/tr>\n<tr style=\"height: 94px\">\n<td style=\"width: 27.6272%;height: 94px\">\n<p>15 listopad &#8211; 31 grudnia 2024<\/p>\n<p><em>November 15<sup>th\u00a0<\/sup>\u2013 December 31<sup>st<\/sup>\u00a02024<\/em><\/p>\n<\/td>\n<td style=\"width: 72.2001%;height: 94px\">\n<p>Realizacja sta\u017cy przez doktorant\u00f3w<br \/><em>Realization of internships by PhD students<\/em><\/p>\n<\/td>\n<\/tr>\n<\/tbody>\n<\/table>\n                                                <\/div>\n                                            <\/li>\n                                        <\/ul>\n\t\t\t\t\t\t                                                        <ul class=\"mn-accordion\">\n                                            <li>\n                                                <h4 class=\"mn-accordion-title\">Harmonogram rekrutacja doktorant\u00f3w na sta\u017ce zagraniczne w&nbsp;pierwszym naborze 2024 \u2013 nab\u00f3r uzupe\u0142niajacy drugi   Schedule for PhD students recruitmnet for forein internships in the first call in 2024 - supplementary recruitmen no 2 <\/h4>\n                                                <div>\n\t\t\t\t\t\t\t\t\t                <p>\u00a0<\/p>\n<table style=\"border-collapse: collapse;width: 100%;height: 139px\">\n<tbody>\n<tr style=\"height: 23px\">\n<th style=\"width: 43.9551%;height: 23px\"><strong>Terminy \/ Deadlines<\/strong><\/th>\n<th style=\"width: 56.045%;height: 23px\"><strong>Zadania \/ Tasks<\/strong><\/th>\n<\/tr>\n<tr style=\"height: 49px\">\n<td style=\"width: 43.9551%;height: 49px\">28 sierpnia \u2013 30 wrze\u015bnia 2024<br \/><em>August 28<sup>th<\/sup> \u2013 September 30<sup>th<\/sup> 2024<\/em><\/td>\n<td style=\"width: 56.045%;height: 49px\">Sk\u0142adanie w&nbsp;Biurze SD UPL dokument\u00f3w aplikacyjnych<br \/><em>Submitting application documents to the SD UPL Office<\/em><\/td>\n<\/tr>\n<tr style=\"height: 23px\">\n<td style=\"width: 43.9551%;height: 23px\">7 \u2013 8 pa\u017adziernik 2024<br \/><em>October 7<sup>th<\/sup>\u00a0 \u2013 8<sup>th<\/sup> 2024<\/em><\/td>\n<td style=\"width: 56.045%;height: 23px\">Ocena dokument\u00f3w aplikacyjnych przez Komisj\u0119<br \/><em>Assessment of application documents by the Commission<\/em><\/td>\n<\/tr>\n<tr style=\"height: 23px\">\n<td style=\"width: 43.9551%;height: 23px\">8 pa\u017adziernik 2024<br \/><em>October 8<sup>th<\/sup> 2024<\/em><\/td>\n<td style=\"width: 56.045%;height: 23px\">Opublikowanie listy rankingowej oraz listy doktorant\u00f3w zakwalifikowanych do realizacji sta\u017cu zagranicznego<br \/><em>Publication of the ranking list and the list of PhD students qualified for a&nbsp;foreign internship<\/em><\/td>\n<\/tr>\n<tr style=\"height: 21px\">\n<td style=\"width: 43.9551%;height: 21px\">1 listopad \u2013 31 grudnia 2024<br \/><em>November 1<sup>st<\/sup> \u2013 December 31<sup>st<\/sup> 2024<\/em><\/td>\n<td style=\"width: 56.045%;height: 21px\">Realizacja sta\u017cy przez doktorant\u00f3w<br \/><em>Realization of internships by PhD students<\/em><\/td>\n<\/tr>\n<\/tbody>\n<\/table>\n<p>\u00a0<\/p>\n                                                <\/div>\n                                            <\/li>\n                                        <\/ul>\n\t\t\t\t\t\t                                                        <ul class=\"mn-accordion\">\n                                            <li>\n                                                <h4 class=\"mn-accordion-title\">Harmonogram rekrutacja doktorant\u00f3w na sta\u017ce zagraniczne w&nbsp;pierwszym naborze 2024 \u2013 nab\u00f3r uzupe\u0142niajacy  Schedule for PhD students recruitmnet for forein internships in the first call in 2024 \u2013 supplementary recruitment<\/h4>\n                                                <div>\n\t\t\t\t\t\t\t\t\t                <p>\u00a0<\/p>\n<table style=\"border-collapse: collapse;width: 100%;height: 253px\">\n<tbody>\n<tr style=\"height: 23px\">\n<td style=\"width: 50%;height: 23px\"><strong>Terminy \/ Deadlines <\/strong><\/td>\n<td style=\"width: 50%;height: 23px\"><strong>Zadania \/ Tasks<\/strong><\/td>\n<\/tr>\n<tr style=\"height: 92px\">\n<td style=\"width: 50%;height: 92px\">1 lipca \u2013 23 sierpnia 2024<br \/><em>July 1<sup>st<\/sup> \u2013 August 23<sup>rd<\/sup> 2024<\/em><\/td>\n<td style=\"width: 50%;height: 92px\">Sk\u0142adanie w&nbsp;Biurze SD UPL dokument\u00f3w aplikacyjnych<br \/><em>Submitting application documents to the SD UPL Office<\/em><\/td>\n<\/tr>\n<tr style=\"height: 92px\">\n<td style=\"width: 50%;height: 92px\">26 \u2013 27 sierpnia 2024<br \/><em>August 26<sup>th<\/sup> \u2013 27<sup>th<\/sup> 2024<\/em><\/td>\n<td style=\"width: 50%;height: 92px\">Ocena dokument\u00f3w aplikacyjnych przez Komisj\u0119 <br \/><em>Assessment of application documents by the Commission<\/em><\/td>\n<\/tr>\n<tr style=\"height: 23px\">\n<td style=\"width: 50%;height: 23px\">27 sierpnia 2024 <br \/><em>August 27<sup>th<\/sup> 2024<\/em><\/td>\n<td style=\"width: 50%;height: 23px\">Opublikowanie listy rankingowej oraz listy doktorant\u00f3w zakwalifikowanych do realizacji sta\u017cu zagranicznego<br \/><em>Publication of the ranking list and the list of PhD students qualified for a&nbsp;foreign internship<\/em><\/td>\n<\/tr>\n<tr style=\"height: 23px\">\n<td style=\"width: 50%;height: 23px\">15 wrze\u015bnia \u2013 31 grudnia 2024<br \/><em>September 15<sup>th<\/sup> \u2013 December 31<sup>st<\/sup> 2024<\/em><\/td>\n<td style=\"width: 50%;height: 23px\">Realizacja sta\u017cy przez doktorant\u00f3w<br \/><em>Realization of internships by PhD students<\/em><\/td>\n<\/tr>\n<\/tbody>\n<\/table>\n                                                <\/div>\n                                            <\/li>\n                                        <\/ul>\n\t\t\t\t\t\t                                                        <ul class=\"mn-accordion\">\n                                            <li>\n                                                <h4 class=\"mn-accordion-title\">Harmonogram rekrutacja doktorant\u00f3w na sta\u017ce zagraniczne w&nbsp;pierwszym naborze Schedule for PhD students recruitmnet for forein internships \u00a0in the first call<\/h4>\n                                                <div>\n\t\t\t\t\t\t\t\t\t                <table style=\"border-collapse: collapse;width: 100%\">\n<tbody>\n<tr>\n<th style=\"width: 50%\"><strong>Terminy \/ Deadlines <\/strong><\/th>\n<th style=\"width: 50%\"><strong>Zadania \/ Tasks<\/strong><\/th>\n<\/tr>\n<tr>\n<td style=\"width: 50%\">20 maja \u2013 21 czerwca 2024<br \/><em>May 20<sup>th<\/sup> \u2013 June 21<sup>st<\/sup> 2024<\/em><\/td>\n<td style=\"width: 50%\">Sk\u0142adanie w&nbsp;Biurze SD UPL dokument\u00f3w aplikacyjnych<br \/><em>Submitting application documents to the SD UPL Office<\/em><\/td>\n<\/tr>\n<tr>\n<td style=\"width: 50%\">24 \u2013 27 czerwca 2024<br \/><em>June 24<sup>th<\/sup> \u2013 27<sup>th<\/sup> 2024<\/em><\/td>\n<td style=\"width: 50%\">Ocena dokument\u00f3w aplikacyjnych przez Komisj\u0119<br \/><em>Assessment of application documents by the Commission<\/em><\/td>\n<\/tr>\n<tr>\n<td style=\"width: 50%\">28 czerwca 2024<br \/><em>June 28<sup>th<\/sup> 2024<\/em><\/td>\n<td style=\"width: 50%\">Opublikowanie listy rankingowej oraz listy doktorant\u00f3w zakwalifikowanych do realizacji sta\u017cu zagranicznego<br \/><em>Publication of the ranking list and the list of PhD students qualified for a&nbsp;foreign internship<\/em><\/td>\n<\/tr>\n<tr>\n<td style=\"width: 50%\">15 wrze\u015bnia \u2013 31 grudnia 2024<br \/><em>September 15<sup>th<\/sup> \u2013 December 31<sup>st<\/sup> <br \/>2024<\/em><\/td>\n<td style=\"width: 50%\">Realizacja sta\u017cy przez doktorant\u00f3w<br \/><em>Realization of internships by PhD students<\/em><\/td>\n<\/tr>\n<\/tbody>\n<\/table>\n                                                <\/div>\n                                            <\/li>\n                                        <\/ul>\n\t\t\t\t\t\t                                <\/div>\n\t\t\t\t                <div class=\"mn-content-block\">\n\t                                                        <ul class=\"mn-accordion\">\n                                            <li>\n                                                <h4 class=\"mn-accordion-title\">Supplementary recruitment of the first call in 2024 no 3<\/h4>\n                                                <div>\n\t\t\t\t\t\t\t\t\t                <p>W zwi\u0105zku z&nbsp;niewykorzystaniem pe\u0142nej puli finansowania przewidzianej na sta\u017ce zagraniczne doktorant\u00f3w w&nbsp;pierwszym naborze oraz w&nbsp;pierwszym i&nbsp;drugim naborze uzupe\u0142niaj\u0105cym, od dnia 21 pa\u017adziernika rozpocznie si\u0119 nab\u00f3r uzupe\u0142niaj\u0105cy dotycz\u0105cy nast\u0119puj\u0105cych typ\u00f3w mobilno\u015bci sta\u017cowej mo\u017cliwych do zrealizowania w&nbsp;okresie od 15 listopada do 31 grudnia 2024 roku:<\/p>\n<ul>\n<li>12 wyjazd\u00f3w 1-miesi\u0119cznych do pa\u0144stw OECD a&nbsp;tak\u017ce miast z&nbsp;kraj\u00f3w spoza OECD znajduj\u0105cych si\u0119 w&nbsp;pierwszej 50-tce raportu MERCER;<\/li>\n<\/ul>\n<p><strong>Regulamin i\u00a0druki dokument\u00f3w dost\u0119pne s\u0105 w\u00a0zak\u0142adce:<\/strong>\u00a0<a href=\"https:\/\/up.lublin.pl\/en\/doctoral-school\/ster\/foreign-mobility\/\">Regulations\/Regulamin<\/a><\/p>\n<p><strong>Harmogram szczeg\u00f3\u0142owy\u00a0 dost\u0119pny jest w\u00a0zak\u0142adce:\u00a0<\/strong><a href=\"https:\/\/up.lublin.pl\/en\/doctoral-school\/ster\/foreign-mobility\/\">Schedule\/Harmonogram\u00a0<\/a>\u00a0<\/p>\n                                                <\/div>\n                                            <\/li>\n                                        <\/ul>\n\t\t\t\t\t\t                                                        <ul class=\"mn-accordion\">\n                                            <li>\n                                                <h4 class=\"mn-accordion-title\">Supplementary recruitment of the first call in 2024 no 2<\/h4>\n                                                <div>\n\t\t\t\t\t\t\t\t\t                <p>W zwi\u0105zku z&nbsp;niewykorzystaniem pe\u0142nej puli finansowania przewidzianej na sta\u017ce zagraniczne doktorant\u00f3w w&nbsp;pierwszym naborze oraz w&nbsp;pierwszym naborze uzupe\u0142niaj\u0105cym, od dnia 28 sierpnia rozpocznie si\u0119 nab\u00f3r uzupe\u0142niaj\u0105cy dotycz\u0105cy nast\u0119puj\u0105cych typ\u00f3w mobilno\u015bci sta\u017cowej mo\u017cliwych do zrealizowania w&nbsp;okresie od 1 listopada do 31 grudnia 2024 roku:<\/p>\n<ul>\n<li>15 wyjazd\u00f3w 1-miesi\u0119cznych do pa\u0144stw OECD a&nbsp;tak\u017ce miast z&nbsp;kraj\u00f3w spoza OECD znajduj\u0105cych si\u0119 w&nbsp;pierwszej 50-tce raportu MERCER;<\/li>\n<li>1 wyjazd 2-miesi\u0119czny do pa\u0144stw spoza OECD.<\/li>\n<\/ul>\n<p><strong>Regulamin i\u00a0druki dokument\u00f3w dost\u0119pne s\u0105 w\u00a0zak\u0142adce:<\/strong>\u00a0<a href=\"https:\/\/up.lublin.pl\/en\/doctoral-school\/ster\/foreign-mobility\/\">Regulations\/Regulamin<\/a><\/p>\n<p><strong>Harmogram szczeg\u00f3\u0142owy\u00a0 dost\u0119pny jest w\u00a0zak\u0142adce:\u00a0<\/strong><a href=\"https:\/\/up.lublin.pl\/en\/doctoral-school\/ster\/foreign-mobility\/\">Schedule\/Harmonogram\u00a0<\/a>\u00a0<\/p>\n                                                <\/div>\n                                            <\/li>\n                                        <\/ul>\n\t\t\t\t\t\t                                                        <ul class=\"mn-accordion\">\n                                            <li>\n                                                <h4 class=\"mn-accordion-title\">Supplementary recruitment of the first call in 2024  <\/h4>\n                                                <div>\n\t\t\t\t\t\t\t\t\t                <p>W zwi\u0105zku z&nbsp;niewykorzystaniem pe\u0142nej puli finansowania przewidzianej na sta\u017ce zagraniczne doktorant\u00f3w w&nbsp;pierwszym naborze, od dnia 1 lipca rozpocznie si\u0119 nab\u00f3r uzupe\u0142niaj\u0105cy dotycz\u0105cy nast\u0119puj\u0105cych typ\u00f3w mobilno\u015bci sta\u017cowej mo\u017cliwych do zrealizowania w&nbsp;okresie od 15 wrze\u015bnia do 31 grudnia 2024 roku:<\/p>\n<ul>\n<li>2 wyjazdy 1-miesi\u0119czne do pa\u0144stw OECD a&nbsp;tak\u017ce miast z&nbsp;kraj\u00f3w spoza OECD znajduj\u0105cych si\u0119 w&nbsp;pierwszej 50-tce raportu MERCER;<\/li>\n<li>7 wyjazd\u00f3w 3-miesi\u0119cznych do pa\u0144stw OECD a&nbsp;tak\u017ce miast z&nbsp;kraj\u00f3w spoza OECD znajduj\u0105cych si\u0119 w&nbsp;pierwszej 50-tce raportu MERCER;<\/li>\n<li>1 wyjazd 2-miesi\u0119czny do pa\u0144stw spoza OECD.<\/li>\n<\/ul>\n<p>W przypadku zg\u0142oszenia si\u0119 mniejszej liczby os\u00f3b ni\u017c zak\u0142adano na sta\u017ce powy\u017cej 1 miesi\u0105ca, zakwalifikowaniu do wyjazdu na sta\u017ce 1 miesi\u0119czne b\u0119d\u0105 kolejni doktoranci z&nbsp;listy rankingowej.<\/p>\n<p><strong>Regulamin i&nbsp;druki dokument\u00f3w dost\u0119pne s\u0105 w&nbsp;zak\u0142adce:<\/strong> <a href=\"https:\/\/up.lublin.pl\/en\/doctoral-school\/ster\/foreign-mobility\/\">Regulations\/Regulamin <\/a><\/p>\n<p><strong>Harmogram szczeg\u00f3\u0142owy\u00a0 dost\u0119pny jest w&nbsp;zak\u0142adce: <\/strong><a href=\"https:\/\/up.lublin.pl\/en\/doctoral-school\/ster\/foreign-mobility\/\">Schedule\/Harmonogram <\/a>\u00a0<\/p>\n                                                <\/div>\n                                            <\/li>\n                                        <\/ul>\n\t\t\t\t\t\t                                <\/div>\n\t\t\t\t                <div class=\"mn-content-block\">\n\t                                                        <ul class=\"mn-accordion\">\n                                            <li>\n                                                <h4 class=\"mn-accordion-title\">THE SECOND CALL OF 2025<\/h4>\n                                                <div>\n\t\t\t\t\t\t\t\t\t                <p style=\"text-align: center\"><strong>RANKING LIST OF PHD STUDENTS APPLYING IN THE SECOND CALL OF 2025<\/strong><\/p>\n<p style=\"text-align: left\"><strong>One month foreign mobility to country from OECD or from the top 50 of the MERCER report<\/strong><\/p>\n<table style=\"border-collapse: collapse;width: 100%;height: 79px;margin-bottom: 20px\">\n<tbody>\n<tr style=\"height: 23px\">\n<td style=\"width: 4.29104%;height: 23px\">1<\/td>\n<td style=\"width: 62.3134%;height: 23px\">Micha\u0142 Arciszewski<\/td>\n<td style=\"width: 33.209%;height: 23px\">15,00<\/td>\n<\/tr>\n<tr style=\"height: 23px\">\n<td style=\"width: 4.29104%;height: 23px\">2<\/td>\n<td style=\"width: 62.3134%;height: 23px\">Magdalena Borecka<\/td>\n<td style=\"width: 33.209%;height: 23px\">15,00<\/td>\n<\/tr>\n<tr style=\"height: 23px\">\n<td style=\"width: 4.29104%;height: 10px\">3<\/td>\n<td style=\"width: 62.3134%;height: 10px\">Magdalena Borecka<\/td>\n<td style=\"width: 33.209%;height: 10px\">15,00<\/td>\n<\/tr>\n<tr style=\"height: 23px\">\n<td style=\"width: 4.29104%;height: 23px\">4<\/td>\n<td style=\"width: 62.3134%;height: 23px\">Agata Michalska<\/td>\n<td style=\"width: 33.209%;height: 23px\">14,30<\/td>\n<\/tr>\n<tr>\n<td style=\"width: 4.29104%\">5<\/td>\n<td style=\"width: 62.3134%\">Dorota Gajowniczek &#8211; A\u0142asa<\/td>\n<td style=\"width: 33.209%\">14,30<\/td>\n<\/tr>\n<tr>\n<td style=\"width: 4.29104%\">6<\/td>\n<td style=\"width: 62.3134%\">Anna Krajewska<\/td>\n<td style=\"width: 33.209%\">14,00<\/td>\n<\/tr>\n<tr>\n<td style=\"width: 4.29104%\">7<\/td>\n<td style=\"width: 62.3134%\">Kaja Zi\u00f3\u0142kowska Twarowska<\/td>\n<td style=\"width: 33.209%\">13,00<\/td>\n<\/tr>\n<tr>\n<td style=\"width: 4.29104%\">8<\/td>\n<td style=\"width: 62.3134%\">Patrycja Cichosz<\/td>\n<td style=\"width: 33.209%\">12,70<\/td>\n<\/tr>\n<tr>\n<td style=\"width: 4.29104%\">9<\/td>\n<td style=\"width: 62.3134%\">Maciej Pietrzniak<\/td>\n<td style=\"width: 33.209%\">12,70<\/td>\n<\/tr>\n<\/tbody>\n<\/table>\n<p style=\"text-align: left\"><strong>Two month foreign mobility to country from a&nbsp;non-OECD country<\/strong><\/p>\n<table style=\"border-collapse: collapse;width: 100%;margin-bottom: 20px\">\n<tbody>\n<tr>\n<td style=\"width: 3.76645%\">1<\/td>\n<td style=\"width: 62.9002%\">Aleksandra Figura<\/td>\n<td style=\"width: 33.3333%\">15,00<\/td>\n<\/tr>\n<\/tbody>\n<\/table>\n<p>\u00a0<\/p>\n<p><strong>Three months foreign mobility to country from OECD or from the top 50 of the MERCER report<\/strong><\/p>\n<table style=\"border-collapse: collapse;width: 100%;height: 79px;margin-bottom: 20px\">\n<tbody>\n<tr style=\"height: 23px\">\n<td style=\"width: 4.29104%;height: 23px\">1<\/td>\n<td style=\"width: 62.3134%;height: 23px\">Kamila Kaszycka<\/td>\n<td style=\"width: 33.209%;height: 23px\">15,00<\/td>\n<\/tr>\n<tr style=\"height: 23px\">\n<td style=\"width: 4.29104%;height: 23px\">2<\/td>\n<td style=\"width: 62.3134%;height: 23px\">Piotr Naw\u0142atyna<\/td>\n<td style=\"width: 33.209%;height: 23px\">13,70<\/td>\n<\/tr>\n<\/tbody>\n<\/table>\n<p style=\"text-align: left\"><strong>Six months foreign mobility<\/strong><\/p>\n<table style=\"border-collapse: collapse;width: 100%;margin-bottom: 20px\">\n<tbody>\n<tr>\n<td style=\"width: 3.76645%\">1<\/td>\n<td style=\"width: 62.9002%\">Anna Borkowska<\/td>\n<td style=\"width: 33.3333%\">15,00<\/td>\n<\/tr>\n<\/tbody>\n<\/table>\n<p>\u00a0<\/p>\n<p style=\"text-align: center\"><strong>LIST OF DOCTORAL STUDENTS QUALIFIED TO RECEIVE AN INTERNSHIP SCHOLARSHIP IN THE SECOND CALL IN 2025<\/strong><\/p>\n<p style=\"text-align: left\"><strong>One month foreign mobility to country from OECD or from the top 50 of the MERCER report<\/strong><\/p>\n<ul>\n<li>Micha\u0142 Arciszewski<\/li>\n<li>Magdalena Borecka<\/li>\n<li>Magdalena Borecka<\/li>\n<\/ul>\n<p>Due to great interest, the following PhD students qualified for the internship:<\/p>\n<ul>\n<li>Agata Michalska<\/li>\n<li>Dorota Gajowniczek-A\u0142asa<\/li>\n<\/ul>\n<p><strong>Two month foreign mobility to country from a&nbsp;non-OECD country:<\/strong><\/p>\n<ul>\n<li>Aleksandra Figura<\/li>\n<\/ul>\n<p><strong>Three months foreign mobility:<\/strong><\/p>\n<ul>\n<li>Kamila Kaszycka<\/li>\n<\/ul>\n<p><strong>Six months foreign mobility:<\/strong><\/p>\n<ul>\n<li>Anna Borkowska<\/li>\n<\/ul>\n                                                <\/div>\n                                            <\/li>\n                                        <\/ul>\n\t\t\t\t\t\t                                                        <ul class=\"mn-accordion\">\n                                            <li>\n                                                <h4 class=\"mn-accordion-title\">THE FIRST CALL OF 2024<\/h4>\n                                                <div>\n\t\t\t\t\t\t\t\t\t                <p style=\"text-align: center\"><strong>RANKING LIST OF PHD STUDENTS APPLYING IN THE FIRST CALL OF 2024<\/strong><\/p>\n<p style=\"text-align: left\"><strong>One month foreign mobility to country from OECD or from the top 50 of the MERCER report<\/strong><\/p>\n<table style=\"border-collapse: collapse;width: 100%;height: 92px;margin-bottom: 20px\">\n<tbody>\n<tr style=\"height: 23px\">\n<td style=\"width: 4.3187%;height: 23px\">1<\/td>\n<td style=\"width: 62.3479%;height: 23px\">Julia W\u00f3jcik-Madej<\/td>\n<td style=\"width: 33.3333%;height: 23px\">13,66<\/td>\n<\/tr>\n<tr style=\"height: 23px\">\n<td style=\"width: 4.3187%;height: 23px\">2<\/td>\n<td style=\"width: 62.3479%;height: 23px\">Paulina \u0141ysakowska<\/td>\n<td style=\"width: 33.3333%;height: 23px\">12,34<\/td>\n<\/tr>\n<tr style=\"height: 23px\">\n<td style=\"width: 4.3187%;height: 23px\">3<\/td>\n<td style=\"width: 62.3479%;height: 23px\">Julia Fabjanowska<\/td>\n<td style=\"width: 33.3333%;height: 23px\">10,66<\/td>\n<\/tr>\n<tr style=\"height: 23px\">\n<td style=\"width: 4.3187%;height: 23px\">4<\/td>\n<td style=\"width: 62.3479%;height: 23px\">Szymon Milewski<\/td>\n<td style=\"width: 33.3333%;height: 23px\">10,00<\/td>\n<\/tr>\n<\/tbody>\n<\/table>\n<p><strong>Three months foreign mobility to country from OECD or from the top 50 of the MERCER report<\/strong><\/p>\n<table style=\"border-collapse: collapse;width: 100%;margin-bottom: 20px\">\n<tbody>\n<tr>\n<td style=\"width: 3.76645%\">1<\/td>\n<td style=\"width: 62.9002%\">Miko\u0142aj Feculak<\/td>\n<td style=\"width: 33.3333%\">14,00<\/td>\n<\/tr>\n<\/tbody>\n<\/table>\n<p><strong>LIST OF PHD STUDENTS QUALIFIED TO RECEIVE AN INTERNSHIP SCHOLARSHIP IN THE FIRST CALL OF 2024<\/strong><\/p>\n<p><strong>One month foreign mobility: <\/strong><\/p>\n<ul>\n<li>Julia W\u00f3jcik-Madej, internship at UPC Universitat Polit\u00e8cnica de Catalunya, Spain<\/li>\n<li>Paulina \u0141ysakowska, Universit\u00e4t f\u00fcr Bodenkultur Wien, Austria<\/li>\n<li>Julia Fabjanowska, Burdur Mehmet Akif Ersoy University, Turkey<\/li>\n<li>Szymon Milewski, Burdur Mehmet Akif Ersoy University, Turkey<\/li>\n<\/ul>\n<p><strong>Three months foreign mobility:<\/strong><\/p>\n<ul>\n<li>Miko\u0142aj Feculak, internship at Complutense University of Madrid, Spain<\/li>\n<\/ul>\n                                                <\/div>\n                                            <\/li>\n                                        <\/ul>\n\t\t\t\t\t\t                                                        <ul class=\"mn-accordion\">\n                                            <li>\n                                                <h4 class=\"mn-accordion-title\">THE FIRST CALL OF 2024 - Supplementary recruitment<\/h4>\n                                                <div>\n\t\t\t\t\t\t\t\t\t                <p style=\"text-align: center\"><strong>RANKING LIST OF PHD STUDENTS APPLYING IN THE FIRST CALL OF 2024 &#8211; <\/strong><strong>Supplementary recruitment<\/strong><\/p>\n<p><strong>One month foreign mobility to country from OECD or from the top 50 of the MERCER report<\/strong><\/p>\n<table style=\"border-collapse: collapse;width: 100%;margin-bottom: 20px\">\n<tbody>\n<tr>\n<td style=\"width: 8.9573%\">1.<\/td>\n<td style=\"width: 57.7093%\">Maciej Bry\u015b<\/td>\n<td style=\"width: 33.3333%\">13,98<\/td>\n<\/tr>\n<tr>\n<td style=\"width: 8.9573%\">2.<\/td>\n<td style=\"width: 57.7093%\">Rados\u0142aw Smagie\u0142<\/td>\n<td style=\"width: 33.3333%\">13,66<\/td>\n<\/tr>\n<tr>\n<td style=\"width: 8.9573%\">3.<\/td>\n<td style=\"width: 57.7093%\">Rados\u0142aw Smagie\u0142<\/td>\n<td style=\"width: 33.3333%\">13,66<\/td>\n<\/tr>\n<tr>\n<td style=\"width: 8.9573%\">4<\/td>\n<td style=\"width: 57.7093%\">Klaudia Nowak-Marchewka<\/td>\n<td style=\"width: 33.3333%\">12,33<\/td>\n<\/tr>\n<tr>\n<td style=\"width: 8.9573%\">5.<\/td>\n<td style=\"width: 57.7093%\">Anna Lipian-G\u0142os<\/td>\n<td style=\"width: 33.3333%\">12,00<\/td>\n<\/tr>\n<tr>\n<td style=\"width: 8.9573%\">6.<\/td>\n<td style=\"width: 57.7093%\">Jordan Wilk<\/td>\n<td style=\"width: 33.3333%\">11,83<\/td>\n<\/tr>\n<\/tbody>\n<\/table>\n<p style=\"text-align: center\"><strong>Three months foreign mobility to country from OECD or from the top 50 of the MERCER report<\/strong><\/p>\n<table style=\"border-collapse: collapse;width: 100%;height: 46px;margin-bottom: 20px\">\n<tbody>\n<tr style=\"height: 23px\">\n<td style=\"width: 8.80826%;height: 23px\">1.<\/td>\n<td style=\"width: 57.8583%;height: 23px\">Katarzyna Matyszczuk<\/td>\n<td style=\"width: 33.3333%;height: 23px\">14,33<\/td>\n<\/tr>\n<tr style=\"height: 23px\">\n<td style=\"width: 8.80826%;height: 23px\">2.<\/td>\n<td style=\"width: 57.8583%;height: 23px\">Aleksandra Marzec<\/td>\n<td style=\"width: 33.3333%;height: 23px\">13,66<\/td>\n<\/tr>\n<\/tbody>\n<\/table>\n<p><strong>LIST OF PHD STUDENTS QUALIFIED TO RECEIVE AN INTERNSHIP SCHOLARSHIP IN THE FIRST CALL OF 2024 (Supplementary recruitment)<\/strong><\/p>\n<p><strong>\u00a0<\/strong><strong>One month foreign mobility: <\/strong><\/p>\n<ul>\n<li>Maciej Bry\u015b, internship at University of Maribor, Slovenia<\/li>\n<li>Rados\u0142aw Smagie\u0142, internship at the Lithuanian University of Life Sciences, , Lithuania<\/li>\n<li>Klaudia Nowak-Marchewka, internship at Slovak University of Agriculture in Nitra, Slovakia<\/li>\n<li>Anna Lipian-G\u0142os, internship at Lithuanian University of Life Sciences, , Lithuania<\/li>\n<li>Jordan Wilk, internship at Slovak University of Agriculture in Nitra, Slovakia<\/li>\n<\/ul>\n<p><strong>Three months foreign mobility:<\/strong><\/p>\n<ul>\n<li>Katarzyna Matyszczuk, internship at the University of Algavre, Portugal<\/li>\n<li>Aleksandra Marzec, internship at the Lithuanian University of Life Sciences, Lithuania<\/li>\n<\/ul>\n                                                <\/div>\n                                            <\/li>\n                                        <\/ul>\n\t\t\t\t\t\t                                                        <ul class=\"mn-accordion\">\n                                            <li>\n                                                <h4 class=\"mn-accordion-title\">THE FIRST CALL OF 2024 - Supplementary recruitment no 2<\/h4>\n                                                <div>\n\t\t\t\t\t\t\t\t\t                <h4 class=\"mn-accordion-title\"><strong>LIST OF PHD STUDENTS QUALIFIED TO RECEIVE AN INTERNSHIP SCHOLARSHIP IN THE FIRST CALL OF 2024 (Supplementary recruitment no 2)<\/strong><\/h4>\n<p><strong>One month foreign mobility: <\/strong><\/p>\n<ul>\n<li>Agata Hahaj-Siembida, internship at Charles University, First Faculty of Medicine, Czech Republic\u00a0<\/li>\n<li>Karolina Sokal, internship at University of South Bohemia in \u010cesk\u00e9 Bud\u00e9jovice<\/li>\n<li>Rafa\u0142 Wnuczek, internship at University of South Bohemia in \u010cesk\u00e9 Bud\u00e9jovice<\/li>\n<\/ul>\n                                                <\/div>\n                                            <\/li>\n                                        <\/ul>\n\t\t\t\t\t\t                                <\/div>\n\t\t\t\t                <div class=\"mn-content-block\">\n\t                                                        <ul class=\"mn-accordion\">\n                                            <li>\n                                                <h4 class=\"mn-accordion-title\">Wykaz dokument\u00f3w wyjazdowych dotycz\u0105cych sta\u017cy zagraniczny w&nbsp;ramach programu NAWA STER, kt\u00f3re uczestnik projektu dostarcza do Biura Szko\u0142y Doktorskiej UPL<\/h4>\n                                                <div>\n\t\t\t\t\t\t\t\t\t                <ol>\n<li>O\u015bwiadczenie Uczestnika dotycz\u0105ce danych osobowych RODO-NAWA \u2013 Za\u0142\u0105cznik nr 1<\/li>\n<li>Wniosek o&nbsp;delegowanie doktoranta za granic\u0119 \u2013 Za\u0142\u0105cznik nr 2A- WZ\u00d3R<br \/>Wniosek o&nbsp;delegowanie za granic\u0119 &#8211; Za\u0142\u0105cznik nr 2B\u00a0<\/li>\n<li>O\u015bwiadczenia i&nbsp;zgody osoby wyje\u017cd\u017caj\u0105cej \u2013 Za\u0142\u0105cznik nr 3<\/li>\n<li>Wniosek o&nbsp;dokonanie przelewu \u2013 Za\u0142\u0105cznik nr 4 <br \/><strong>UWAGA!<\/strong> <br \/><strong>a)<\/strong> w&nbsp;polu &#8220;W\/w kwot\u0119 nale\u017cy przekaza\u0107 do dnia:&#8221; nale\u017cy wpisa\u0107 dat\u0119 zgodnie z&nbsp;zapisem: 14 dni od daty podpisania umowy; <br \/><strong>b)<\/strong> adnotacja na wniosku: <b>&#8220;<\/b>Do wniosku prosz\u0119 do\u0142\u0105czy\u0107 kserokopi\u0119 pisma od instytucji zagranicznej zawieraj\u0105cego dane o&nbsp;rachunku bankowym oraz dane dotycz\u0105ce w\u0142a\u015bciciela konta.&#8221; &#8211; nie dotyczy Pa\u0144stwa.<\/li>\n<li>Plan pobytu za granic\u0105 zgodny z&nbsp;informacjami zawartymi w&nbsp;pkt. 3A Appendix No. 2 do Regulamin przyznawania sta\u017cy zagranicznych w&nbsp;ramach Projektu STER NAWA \u201eActions towards the internationalization of the Doctoral School of the University of Life Sciences in Lublin (I-SDUPL)\u201d<\/li>\n<li>Skan polisy wyjazdowej (OC i&nbsp;NNW)<\/li>\n<li>Skan Karta EKUZ &#8211; w&nbsp;przypadku wyjazdu do kraju Unii Europejskiej oraz Europejskiego Obszaru Gospodarczego<\/li>\n<li>Opcjonalnie (je\u015bli dotyczy) &#8211; Pismo Kierownika jednostki do Dyrektora Szko\u0142y Doktorskiej o&nbsp;przesuni\u0119cie\/ realizacj\u0119 praktyk zawodowych w&nbsp;innym wymiarze ni\u017c 30\/30h w&nbsp;semestrze<\/li>\n<li>Pisma Doktoranta do Dyrektora Szko\u0142y Doktorskiej o&nbsp;mo\u017cliwo\u015b\u0107 kszta\u0142cenia w&nbsp;formie zdalnej na czas realizacji sta\u017cu<\/li>\n<li>Opcjonalnie &#8211; Wniosek do kierownika projektu o&nbsp;przyznanie dodatku na zagospodarowanie zgodnie z&nbsp;\u00a7 4, pkt. 1c i&nbsp;pkt. 2c Regulamin przyznawania sta\u017cy zagranicznych w&nbsp;ramach Program STER NAWA \u201eActions towards the internationalization of the Doctoral School of the University of Life Sciences in Lublin (I-SDUPL)\u201d.\u00a0<\/li>\n<\/ol>\n<p>Po dostarczeniu kompletu w\/w dokument\u00f3w do Biura Szko\u0142y Doktorskiej, nast\u0105pi Podpisanie <strong>Umowy wyjazdowej <\/strong>pomi\u0119dzy Uczestnikiem Projektu (doktorantem), a&nbsp;Beneficjentem (Uniwersytet Przyrodniczy w&nbsp;Lublinie reprezentowanym przez JM Rektora).<\/p>\n<p>Zlecenie wyp\u0142aty \u015brodk\u00f3w finansowych na wsparcie zagranicznej mobilno\u015bci doktorant\u00f3w finansowanych z&nbsp;Projektu I-SDUPL nast\u0105pi w&nbsp;ci\u0105gu 14 dni od wej\u015bcia w&nbsp;\u017cycie Umowy pomi\u0119dzy Beneficjentem a&nbsp;stypendyst\u0105.<\/p>\n<p>Stypendium sta\u017cowe wyp\u0142acane jest wy\u0142\u0105cznie w&nbsp;PLN.<strong>\u00a0 <\/strong><\/p>\n<p><strong>UWAGA! <\/strong>W przypadku podr\u00f3\u017cy samochodem konieczne jest wcze\u015bniejsze podpisanie umowy o&nbsp;u\u017cywanie samochodu osobowego stanowi\u0105cego w\u0142asno\u015b\u0107 pracownika lub samochodu osobowego, do kt\u00f3rego pracownik posiada prawo\u00a0 u\u017cytkowania do cel\u00f3w zwi\u0105zanych z&nbsp;realizacj\u0105 projektu badawczego lub zadania badawczego finansowanego ze \u017ar\u00f3de\u0142 zewn\u0119trznych.<\/p>\n                                                <\/div>\n                                            <\/li>\n                                        <\/ul>\n\t\t\t\t\t\t                                                        <div class=\"mn-cards-list\">\n                                            <div class=\"mn-card-container\">\n                                                <div>\n                                                    <img src=\"https:\/\/up.lublin.pl\/wp-content\/themes\/up-lublin\/assets\/images\/doc-ico.svg\" alt=\"\" \/>\n                                                    <h5>Za\u0142\u0105cznik nr 1 O\u015bwiadczenie Uczestnika dot. danych osobowych RODO-NAWA<\/h5>\n                                                <\/div>\n                                                <a href=\"https:\/\/up.lublin.pl\/wp-content\/uploads\/2024\/08\/Zalacznik-nr-1-Oswiadczenie-Uczestnika-dot.-danych-osobowych-RODO-NAWA.docx\" class=\"mn-more\" target=\"_blank\">Read more<\/a>\n                                            <\/div>\n                                        <\/div>\n\t\t\t\t\t\t                                                        <div class=\"mn-cards-list\">\n                                            <div class=\"mn-card-container\">\n                                                <div>\n                                                    <img src=\"https:\/\/up.lublin.pl\/wp-content\/themes\/up-lublin\/assets\/images\/doc-ico.svg\" alt=\"\" \/>\n                                                    <h5>Za\u0142\u0105cznik nr 2a WZ\u00d3R - Wniosek o&nbsp;delegowanie za granic\u0119<\/h5>\n                                                <\/div>\n                                                <a href=\"https:\/\/up.lublin.pl\/wp-content\/uploads\/2025\/03\/Zalacznik-nr-2a-WZOR-Wniosek-o-delegowanie-za-granice-2-3.docx\" class=\"mn-more\" target=\"_blank\">Read more<\/a>\n                                            <\/div>\n                                        <\/div>\n\t\t\t\t\t\t                                                        <div class=\"mn-cards-list\">\n                                            <div class=\"mn-card-container\">\n                                                <div>\n                                                    <img src=\"https:\/\/up.lublin.pl\/wp-content\/themes\/up-lublin\/assets\/images\/doc-ico.svg\" alt=\"\" \/>\n                                                    <h5>Za\u0142\u0105cznik nr 2B Wniosek o&nbsp;delegowanie za granic\u0119<\/h5>\n                                                <\/div>\n                                                <a href=\"https:\/\/up.lublin.pl\/wp-content\/uploads\/2025\/03\/Zalacznik-nr-2B-Wniosek-o-delegowanie-za-granice-2-2.docx\" class=\"mn-more\" target=\"_blank\">Read more<\/a>\n                                            <\/div>\n                                        <\/div>\n\t\t\t\t\t\t                                                        <div class=\"mn-cards-list\">\n                                            <div class=\"mn-card-container\">\n                                                <div>\n                                                    <img src=\"https:\/\/up.lublin.pl\/wp-content\/themes\/up-lublin\/assets\/images\/doc-ico.svg\" alt=\"\" \/>\n                                                    <h5>Za\u0142\u0105cznik nr 3 O\u015bwiadczenia i&nbsp;zgody osoby wyje\u017cd\u017caj\u0105cej<\/h5>\n                                                <\/div>\n                                                <a href=\"https:\/\/up.lublin.pl\/wp-content\/uploads\/2025\/03\/Zalacznik-nr-3-Oswiadczenia-i-zgody-osoby-wyjezdzajacej-2-1.docx\" class=\"mn-more\" target=\"_blank\">Read more<\/a>\n                                            <\/div>\n                                        <\/div>\n\t\t\t\t\t\t                                                        <div class=\"mn-cards-list\">\n                                            <div class=\"mn-card-container\">\n                                                <div>\n                                                    <img src=\"https:\/\/up.lublin.pl\/wp-content\/themes\/up-lublin\/assets\/images\/doc-ico.svg\" alt=\"\" \/>\n                                                    <h5>Za\u0142\u0105cznik nr 4 Wz\u00f3r wniosku o&nbsp;dokonanie przelewu<\/h5>\n                                                <\/div>\n                                                <a href=\"https:\/\/up.lublin.pl\/wp-content\/uploads\/2025\/03\/Zalacznik-nr-4-Wzor-wniosku-o-dokonanie-przelewu-1-1.docx\" class=\"mn-more\" target=\"_blank\">Read more<\/a>\n                                            <\/div>\n                                        <\/div>\n\t\t\t\t\t\t                                                        <div class=\"mn-cards-list\">\n                                            <div class=\"mn-card-container\">\n                                                <div>\n                                                    <img src=\"https:\/\/up.lublin.pl\/wp-content\/themes\/up-lublin\/assets\/images\/doc-ico.svg\" alt=\"\" \/>\n                                                    <h5>Za\u0142\u0105cznik nr 5 Wz\u00f3r Umowy pomi\u0119dzy beneficjentem a&nbsp;uczestnikiem projektu<\/h5>\n                                                <\/div>\n                                                <a href=\"https:\/\/up.lublin.pl\/wp-content\/uploads\/2024\/09\/Zalacznik-nr-5-Wzor-Umowy-pomiedzy-beneficjentem-a-uczestnikiem-projektu-13.09.241.docx\" class=\"mn-more\" target=\"_blank\">Read more<\/a>\n                                            <\/div>\n                                        <\/div>\n\t\t\t\t\t\t                                                        <div class=\"mn-cards-list\">\n                                            <div class=\"mn-card-container\">\n                                                <div>\n                                                    <img src=\"https:\/\/up.lublin.pl\/wp-content\/themes\/up-lublin\/assets\/images\/doc-ico.svg\" alt=\"\" \/>\n                                                    <h5>ZA\u0141\u0104CZNIK NR 6 ROZLICZENIE FINANSOWE WYJAZDU<\/h5>\n                                                <\/div>\n                                                <a href=\"https:\/\/up.lublin.pl\/wp-content\/uploads\/2025\/06\/RACHUNEK-KOSZTOW-WYJAZDU-ZA-GRANICE.docx\" class=\"mn-more\" target=\"_blank\">Read more<\/a>\n                                            <\/div>\n                                        <\/div>\n\t\t\t\t\t\t                                                        <div class=\"mn-cards-list\">\n                                            <div class=\"mn-card-container\">\n                                                <div>\n                                                    <img src=\"https:\/\/up.lublin.pl\/wp-content\/themes\/up-lublin\/assets\/images\/doc-ico.svg\" alt=\"\" \/>\n                                                    <h5>ZA\u0141\u0104CZNIK NR 7 WZ\u00d3R CERTYFIKATU <\/h5>\n                                                <\/div>\n                                                <a href=\"https:\/\/up.lublin.pl\/wp-content\/uploads\/2024\/11\/Zalacznik-nr-7.-Wzor-Certyfikatu.docx\" class=\"mn-more\" target=\"_blank\">Read more<\/a>\n                                            <\/div>\n                                        <\/div>\n\t\t\t\t\t\t                                                        <div class=\"mn-cards-list\">\n                                            <div class=\"mn-card-container\">\n                                                <div>\n                                                    <img src=\"https:\/\/up.lublin.pl\/wp-content\/themes\/up-lublin\/assets\/images\/doc-ico.svg\" alt=\"\" \/>\n                                                    <h5>Za\u0142\u0105cznik nr 8 Rozliczenie finansowe wyjazdu NAWA<\/h5>\n                                                <\/div>\n                                                <a href=\"https:\/\/up.lublin.pl\/wp-content\/uploads\/2026\/01\/ZALACZNIK-NR-8-ROZLICZENIE-FINANSOWE-WYJAZDU-NAWA.xlsx\" class=\"mn-more\" target=\"_blank\">Read more<\/a>\n                                            <\/div>\n                                        <\/div>\n\t\t\t\t\t\t                                <\/div>\n\t\t\t\t                <div class=\"mn-content-block\">\n\t                                                        <div class=\"block-text\">\n\t                                        <h2>Committee members for the second call in 2025<\/h2>\n<p>Prof. dr hab. Katarzyna Ognik, Director of the Doctoral School\u00a0 \u2013 Head of the Committee<br \/>Dr hab. Anna St\u0119pniowska, Member of the project team<br \/>MSc Marlena Wosiak, Head of the International Projects Office<\/p>\n<h2>Committee members for the first call in 2024<\/h2>\n<p><strong>Committee no. 1<\/strong><\/p>\n<p>Dr hab. Barbara Sowi\u0144ska-\u015awierkosz, associate prof., Vice-director of the Doctoral School\u00a0 &#8211; Head of the Committee<br \/>Prof. dr hab. Katarzyna Ognik, Director of the Doctoral School\u00a0<br \/>PhD Ma\u0142gorzta Cegie\u0142ko, Senior Specialist in International Projects Office<\/p>\n<p><strong>Committee no. 2<\/strong><\/p>\n<p>Prof. dr hab. Katarzyna Ognik, Director of the Doctoral School\u00a0 &#8211; Head of the Committee<br \/>Prof. dr hab. Bartosz So\u0142owiej, Vice-Rector for Science and International Cooperation<br \/>PhD Ma\u0142gorzta Cegie\u0142ko, Senior Specialist in International Projects Office<\/p>\n<h2>Committee members for the first call in 2024 &#8211;\u00a0 Supplementary recruitment<\/h2>\n<p>dr hab. Barbara Sowi\u0144ska-\u015awierkosz, associate prof., Vice-director of the Doctoral School\u00a0 &#8211; Head of the Committee<br \/>MSc Marlena Wosiak, Head of the International Projects Office<br \/>PhD Ma\u0142gorzta Cegie\u0142ko, Senior Specialist in International Projects Office<\/p>\n                                        <\/div>\n\t\t\t\t\t\t                                <\/div>\n\t\t\t\t                <div class=\"mn-content-block\">\n\t                                                        <div class=\"block-text\">\n\t                                        <h3 style=\"text-align: center\"><strong><a href=\"https:\/\/up.lublin.pl\/en\/doctoral-school\/ster\/foreign-mobility\/reports\/\">Reports (ENG)<\/a><\/strong><\/h3>\n<h3 style=\"text-align: center\"><a href=\"https:\/\/up.lublin.pl\/szkola-doktorska\/raporty\/\"><strong>Sprawozdania (PL)<\/strong><\/a><\/h3>\n                                        <\/div>\n\t\t\t\t\t\t                                <\/div>\n\t\t\t\t\t\t<\/div>\n\t<\/div>\n<\/section>\n\t\t<\/div>\n\t\t\t\t<\/div>\n\t\t\t\t\t\t<\/div>\n\t\t\t\t\t<\/div>\n\t\t<\/div>\n\t\t\t\t\t\t\t\t<\/div>\n\t\t\t\t\t<\/div>\n\t\t<\/section>\n\t\t\t\t\t\t<\/div>\n\t\t\t\t\t\t<\/div>\n\t\t\t\t\t<\/div>\n\t\t","protected":false},"excerpt":{"rendered":"<p>NAWA STER Foreign mobility UP General information Regulations\/Regulamin Schedule\/Harmonogram Supplementary recruitment\/ Nab\u00f3r uzupe\u0142niaj\u0105cy Results\/Wyniki Documents\/Dokumenty Committee\/Komisja Internship reports\/Sprawozdania \u201eSta\u017ce zagraniczne s\u0105 finansowane przez Narodow\u0105 Agencj\u0119 Wymiany Akademickiej w&nbsp;ramach Programu STER\u201d \/ \u201eForeign mobility are funded by the Polish National Agency for Academic Exchange under the STER programme\u201d The task aims to grant financial support for [&hellip;]<\/p>\n","protected":false},"author":2,"featured_media":0,"parent":385124,"menu_order":0,"comment_status":"closed","ping_status":"closed","template":"elementor_header_footer","meta":{"_monsterinsights_skip_tracking":false,"_monsterinsights_sitenote_active":false,"_monsterinsights_sitenote_note":"","_monsterinsights_sitenote_category":0},"_links":{"self":[{"href":"https:\/\/up.lublin.pl\/en\/wp-json\/wp\/v2\/pages\/389073"}],"collection":[{"href":"https:\/\/up.lublin.pl\/en\/wp-json\/wp\/v2\/pages"}],"about":[{"href":"https:\/\/up.lublin.pl\/en\/wp-json\/wp\/v2\/types\/page"}],"author":[{"embeddable":true,"href":"https:\/\/up.lublin.pl\/en\/wp-json\/wp\/v2\/users\/2"}],"replies":[{"embeddable":true,"href":"https:\/\/up.lublin.pl\/en\/wp-json\/wp\/v2\/comments?post=389073"}],"version-history":[{"count":346,"href":"https:\/\/up.lublin.pl\/en\/wp-json\/wp\/v2\/pages\/389073\/revisions"}],"predecessor-version":[{"id":520989,"href":"https:\/\/up.lublin.pl\/en\/wp-json\/wp\/v2\/pages\/389073\/revisions\/520989"}],"up":[{"embeddable":true,"href":"https:\/\/up.lublin.pl\/en\/wp-json\/wp\/v2\/pages\/385124"}],"wp:attachment":[{"href":"https:\/\/up.lublin.pl\/en\/wp-json\/wp\/v2\/media?parent=389073"}],"curies":[{"name":"wp","href":"https:\/\/api.w.org\/{rel}","templated":true}]}}