{"id":385165,"date":"2023-12-20T14:41:43","date_gmt":"2023-12-20T13:41:43","guid":{"rendered":"https:\/\/up.lublin.pl\/?page_id=385165"},"modified":"2026-01-15T09:42:07","modified_gmt":"2026-01-15T08:42:07","slug":"about-us","status":"publish","type":"page","link":"https:\/\/up.lublin.pl\/en\/doctoral-school\/ster\/about-us\/","title":{"rendered":"About Us | NAWA STER"},"content":{"rendered":"\t\t<div data-elementor-type=\"wp-page\" data-elementor-id=\"385165\" class=\"elementor elementor-385165\" data-elementor-settings=\"[]\">\n\t\t\t\t\t\t<div class=\"elementor-inner\">\n\t\t\t\t\t\t\t<div class=\"elementor-section-wrap\">\n\t\t\t\t\t\t\t<section class=\"elementor-section elementor-top-section elementor-element elementor-element-ee62f88 elementor-section-boxed elementor-section-height-default elementor-section-height-default\" data-id=\"ee62f88\" data-element_type=\"section\">\n\t\t\t\t\t\t<div class=\"elementor-container elementor-column-gap-default\">\n\t\t\t\t\t\t\t<div class=\"elementor-row\">\n\t\t\t\t\t<div class=\"elementor-column elementor-col-100 elementor-top-column elementor-element elementor-element-bc6584b\" data-id=\"bc6584b\" data-element_type=\"column\">\n\t\t\t<div class=\"elementor-column-wrap elementor-element-populated\">\n\t\t\t\t\t\t\t<div class=\"elementor-widget-wrap\">\n\t\t\t\t\t\t<div class=\"elementor-element elementor-element-355cb8d elementor-widget elementor-widget-m2e\" data-id=\"355cb8d\" data-element_type=\"widget\" data-widget_type=\"m2e.default\">\n\t\t\t\t<div class=\"elementor-widget-container\">\n\t\t\t<section class=\"mn-m2-e mn-bg-grey\">\n\t<div class=\"mn-grid\">\n\t\t<div class=\"mn-grid-3 mn-introtext\">\n\t\t\t\t\t\t\t<p class=\"mn-header\">NAWA STER<\/p>\n\t\t\t\t\t\t\t\t\t\t\t<h3>\n\t\t\t\t\tAbout Us\t\t\t\t<\/h3>\n\t\t\t\t\t\t\t\t\t\t\t\t<\/div>\n\t\t<div class=\"mn-grid-9 mn-image-container\">\n\t\t\t\t\t\t\t<img src=\"https:\/\/up.lublin.pl\/wp-content\/uploads\/2025\/03\/aboutus-nawa.jpg\" alt=\"\">\n\t\t\t\t\t\t<\/div>\n\t<\/div>\n\t<\/section>\n\t\t<\/div>\n\t\t\t\t<\/div>\n\t\t\t\t\t\t<\/div>\n\t\t\t\t\t<\/div>\n\t\t<\/div>\n\t\t\t\t\t\t\t\t<\/div>\n\t\t\t\t\t<\/div>\n\t\t<\/section>\n\t\t\t\t<section class=\"elementor-section elementor-top-section elementor-element elementor-element-d801b02 elementor-section-boxed elementor-section-height-default elementor-section-height-default\" data-id=\"d801b02\" data-element_type=\"section\">\n\t\t\t\t\t\t<div class=\"elementor-container elementor-column-gap-default\">\n\t\t\t\t\t\t\t<div class=\"elementor-row\">\n\t\t\t\t\t<div class=\"elementor-column elementor-col-100 elementor-top-column elementor-element elementor-element-2658f08\" data-id=\"2658f08\" data-element_type=\"column\">\n\t\t\t<div class=\"elementor-column-wrap elementor-element-populated\">\n\t\t\t\t\t\t\t<div class=\"elementor-widget-wrap\">\n\t\t\t\t\t\t<div class=\"elementor-element elementor-element-eb148af elementor-widget elementor-widget-m5c\" data-id=\"eb148af\" data-element_type=\"widget\" data-widget_type=\"m5c.default\">\n\t\t\t\t<div class=\"elementor-widget-container\">\n\t\t\t<section class=\"mn-m5-c mn-m5-d2 mn-bg-white\">\n\t<div class=\"mn-grid\">\n\t\t\t\t<div class=\"mn-content mn-grid-9\">\n\t\t\t                <div class=\"mn-content-block active\">\n\t                                                        <div class=\"block-text\">\n\t                                        <h2><strong>MERYTORYCZNY ZESP\u00d3\u0141 PROJEKTOWY:<\/strong><\/h2>\n<p>Prof. dr hab. Andrzej Jakubczak \u2014\u00a0<strong>Kierownik\u00a0projektu <br \/><\/strong>Prof. dr hab. in\u017c. Bartosz So\u0142owiej<br \/>Prof. dr hab. Justyna Batkowska<br \/>Prof. dr hab. S\u0142awomir Kocira<br \/>Prof. dr hab. Aneta Nowakiewicz<br \/>dr hab. Alina Kowalczyk-Ju\u015bko, prof. uczelni<br \/>dr hab. S\u0142awomir Lig\u0119za, prof. uczelni<br \/>dr hab. Arkadiusz Matwijczuk, prof. uczelni<br \/>dr hab. Katarzyna Tajchman, prof. uczelni<br \/>dr in\u017c. Ma\u0142gorzata Wysocka<br \/>mgr Ewelina Knosala<\/p>\n<h2><strong>SUBSTANTIVE DESIGN TEAM:<\/strong><\/h2>\n<p>Prof. Andrzej Jakubczak, DSC, PhD \u2014\u00a0<strong>Project manager<br \/><\/strong>Prof. Bartosz So\u0142owiej, DSc, PhD.<br \/>Prof. Justyna Batkowska, DSc, PhD.<br \/>Prof. S\u0142awomir Kocira, DSc, PhD.<br \/>Prof. Aneta Nowakiewicz, DSc, PhD.<br \/>Dr. Alina Kowalczyk-Ju\u015bko, Associate Professor<br \/>Dr. S\u0142awomir Lig\u0119za, Associate Professor<br \/>Dr. Arkadiusz Matwijczuk,\u00a0 Associate Professor<br \/>Dr. Katarzyna Tajcham, Associate Professor<br \/>PhD eng. Ma\u0142gorzata Wysocka<br \/>MA Ewelina Knosala<\/p>\n                                        <\/div>\n\t\t\t\t\t\t                                                        <ul class=\"mn-accordion\">\n                                            <li>\n                                                <h4 class=\"mn-accordion-title\">English<\/h4>\n                                                <div>\n\t\t\t\t\t\t\t\t\t                <h3 style=\"margin-bottom: 5px\"><strong><span style=\"color: #142ba2\">Main facts about the project:<\/span> <\/strong><\/h3>\n<ul>\n<li>The project is entitled \u201cActions towards the internationalization of the Doctoral School of the University of Life Sciences in Lublin (I-SDUPL)\u201d and is\u00a0implemented at the Doctoral School of the University of Life Sciences in Lublin<\/li>\n<li>The overall\u00a0budget is 1 985 410 PLN, funding from STER NAWA program<\/li>\n<li>Project\u00a0implementation periodis from\u00a02024-01-01 to 2026-12-31.<\/li>\n<li>The project manager is Director of the Doctoral School of the University of Life Sciences in Lublin<\/li>\n<\/ul>\n<h3 style=\"margin-bottom: 5px\"><span style=\"color: #142ba2\"><strong>Project includes seven tasks<\/strong>:<\/span><\/h3>\n<ol>\n<li>Scholarships for foreign PhD students of the Doctoral School of the University of Life Sciences in Lublin<\/li>\n<li>Foreign mobility for PhD students (from 1 to 6 months)<\/li>\n<li>Foreign mobility for management and administrative staff of SDUPL for promotional and informational purposes<\/li>\n<li>Promotional campaigns to acquire foreign PhD students and supervisors<\/li>\n<li>&#8220;School of Excellence&#8221; &#8211; stationary lectures and workshops for PhD students given by professors from international research centers<\/li>\n<li>Foreign mobility of academic staff of the University of Life Sciences of Lublin<\/li>\n<li>Interdisciplinary workshops directed to PhD students on soft skills conducted by foreign trainers<\/li>\n<\/ol>\n<h3><span style=\"color: #142ba2\"><strong>The key objectives of the project are:<\/strong><\/span><\/h3>\n<ul>\n<li>to create interdisciplinary English-speaking group educating PhD students from both Poland and abroad<\/li>\n<li>to increase the long-term international mobility of PhD students;<\/li>\n<li>to acquire foreign PhD students;<\/li>\n<li>to acquire supervisors from abroad;<\/li>\n<li>to promote the Doctoral School in a&nbsp;foreign academic environment;<\/li>\n<li>to improve the quality of education at Doctoral School of the University of Life Sciences in Lublin;<\/li>\n<li>to support long-term international cooperation of Doctoral School of the University of Life Sciences in Lublin with foreign research centers.<\/li>\n<\/ul>\n                                                <\/div>\n                                            <\/li>\n                                        <\/ul>\n\t\t\t\t\t\t                                                        <ul class=\"mn-accordion\">\n                                            <li>\n                                                <h4 class=\"mn-accordion-title\">Polish<\/h4>\n                                                <div>\n\t\t\t\t\t\t\t\t\t                <h3 style=\"margin-bottom: 5px\"><span style=\"color: #142ba2\"><strong>G\u0142\u00f3wne informacje o&nbsp;projekcie:<\/strong><\/span><\/h3>\n<ul>\n<li>Projekt \u201cActions towards the internationalization of the Doctoral School of the University of Life Sciences in Lublin (I-SDUPL)\u201d jest realizowany przez Szko\u0142\u0119 Doktorsk\u0105 Uniwersytetu Przyrodniczego w&nbsp;Lublinie<\/li>\n<li>Ca\u0142kowity bud\u017cet projektu w&nbsp;ramach dofinansowanie z&nbsp;programu STER NAWA wynosi 1 985 410 z\u0142,\u00a0<\/li>\n<li>Okres realizacji projektu: od 2024-01-01 do 2026-12-31.<\/li>\n<li>Kierownikiem projektu jest Dyrektor Szko\u0142y Doktorskiej Uniwersytetu Przyrodniczego w&nbsp;Lublinie<\/li>\n<\/ul>\n<h3 style=\"margin-bottom: 5px\"><span style=\"color: #142ba2\"><strong>Projekt obejmuje siedem dzia\u0142a\u0144:\u00a0<\/strong><\/span><\/h3>\n<ul>\n<li>Stypendia dla doktorant\u00f3w z&nbsp;zagranicy rekrutuj\u0105cych si\u0119 do Szko\u0142y Doktorskiej UPL<\/li>\n<li>Sta\u017ce zagraniczne d\u0142ugoterminowe dla doktorant\u00f3w (od 1 do 6 miesi\u0119cy)<\/li>\n<li>Mobilno\u015b\u0107 zagraniczna kadry zarz\u0105dzaj\u0105cej, administracyjnej i&nbsp;kszta\u0142c\u0105cej Szko\u0142y Doktorskiej UPL<\/li>\n<li>Akcje promocyjn\u0105 maj\u0105ce na celu pozyskanie zagranicznych doktorant\u00f3w i&nbsp;promotor\u00f3w<\/li>\n<li>\u201eSzko\u0142a mistrz\u00f3w\u201d \u2013 wyk\u0142ady stacjonarne dla doktorant\u00f3w prowadzone przez profesor\u00f3w z&nbsp;zagranicy<\/li>\n<li>\u00a0Warsztaty dotycz\u0105ce rozwoju\u00a0 umiej\u0119tno\u015bci mi\u0119kkich prowadzone w&nbsp;j\u0119zyku angielskim przez trener\u00f3w polskich i&nbsp;zagranicznych<\/li>\n<\/ul>\n<h3 style=\"margin-bottom: 5px\"><span style=\"color: #142ba2\"><strong>Kluczowe cele projektu to:<\/strong><\/span><\/h3>\n<ul>\n<li>utworzenie interdyscyplinarnej angloj\u0119zycznej grupy kszta\u0142c\u0105cej doktorant\u00f3w z&nbsp;Polski i&nbsp;zagranicy<\/li>\n<li>zwi\u0119kszenie d\u0142ugoterminowej mobilno\u015bci mi\u0119dzynarodowej doktorant\u00f3w<\/li>\n<li>rekrutacja doktorant\u00f3w obcokrajowc\u00f3w<\/li>\n<li>zwi\u0119kszenie liczby promotor\u00f3w z&nbsp;zagranicy\u00a0<\/li>\n<li>promocja Szko\u0142y Doktorskiej w&nbsp;mi\u0119dzynarodowym\u00a0 \u015brodowisku akademickim<\/li>\n<li>podniesienie jako\u015bci kszta\u0142cenia w&nbsp;Szkole Doktorskiej ULS<\/li>\n<li>wspieranie d\u0142ugoterminowej wsp\u00f3\u0142pracy mi\u0119dzynarodowej Szko\u0142y Doktorskiej ULS z&nbsp;zagranicznymi o\u015brodkami naukowymi<\/li>\n<\/ul>\n                                                <\/div>\n                                            <\/li>\n                                        <\/ul>\n\t\t\t\t\t\t                                <\/div>\n\t\t\t\t                <div class=\"mn-content-block\">\n\t                                <\/div>\n\t\t\t\t                <div class=\"mn-content-block\">\n\t                                <\/div>\n\t\t\t\t                <div class=\"mn-content-block\">\n\t                                <\/div>\n\t\t\t\t                <div class=\"mn-content-block\">\n\t                                <\/div>\n\t\t\t\t                <div class=\"mn-content-block\">\n\t                                <\/div>\n\t\t\t\t                <div class=\"mn-content-block\">\n\t                                <\/div>\n\t\t\t\t                <div class=\"mn-content-block\">\n\t                                <\/div>\n\t\t\t\t                <div class=\"mn-content-block\">\n\t                                <\/div>\n\t\t\t\t                <div class=\"mn-content-block\">\n\t                                <\/div>\n\t\t\t\t                <div class=\"mn-content-block\">\n\t                                <\/div>\n\t\t\t\t                <div class=\"mn-content-block\">\n\t                                <\/div>\n\t\t\t\t                <div class=\"mn-content-block\">\n\t                                <\/div>\n\t\t\t\t                <div class=\"mn-content-block\">\n\t                                <\/div>\n\t\t\t\t                <div class=\"mn-content-block\">\n\t                                <\/div>\n\t\t\t\t                <div class=\"mn-content-block\">\n\t                                <\/div>\n\t\t\t\t                <div class=\"mn-content-block\">\n\t                                <\/div>\n\t\t\t\t                <div class=\"mn-content-block\">\n\t                                <\/div>\n\t\t\t\t                <div class=\"mn-content-block\">\n\t                                <\/div>\n\t\t\t\t                <div class=\"mn-content-block\">\n\t                                <\/div>\n\t\t\t\t\t\t<\/div>\n\t<\/div>\n<\/section>\n\t\t<\/div>\n\t\t\t\t<\/div>\n\t\t\t\t\t\t<\/div>\n\t\t\t\t\t<\/div>\n\t\t<\/div>\n\t\t\t\t\t\t\t\t<\/div>\n\t\t\t\t\t<\/div>\n\t\t<\/section>\n\t\t\t\t\t\t<\/div>\n\t\t\t\t\t\t<\/div>\n\t\t\t\t\t<\/div>\n\t\t","protected":false},"excerpt":{"rendered":"<p>NAWA STER About Us UP MERYTORYCZNY ZESP\u00d3\u0141 PROJEKTOWY: Prof. dr hab. Andrzej Jakubczak \u2014\u00a0Kierownik\u00a0projektu Prof. dr hab. in\u017c. Bartosz So\u0142owiejProf. dr hab. Justyna BatkowskaProf. dr hab. S\u0142awomir KociraProf. dr hab. Aneta Nowakiewiczdr hab. Alina Kowalczyk-Ju\u015bko, prof. uczelnidr hab. S\u0142awomir Lig\u0119za, prof. uczelnidr hab. Arkadiusz Matwijczuk, prof. uczelnidr hab. Katarzyna Tajchman, prof. uczelnidr in\u017c. Ma\u0142gorzata Wysockamgr [&hellip;]<\/p>\n","protected":false},"author":2,"featured_media":0,"parent":385124,"menu_order":0,"comment_status":"closed","ping_status":"closed","template":"elementor_header_footer","meta":{"_monsterinsights_skip_tracking":false,"_monsterinsights_sitenote_active":false,"_monsterinsights_sitenote_note":"","_monsterinsights_sitenote_category":0},"_links":{"self":[{"href":"https:\/\/up.lublin.pl\/en\/wp-json\/wp\/v2\/pages\/385165"}],"collection":[{"href":"https:\/\/up.lublin.pl\/en\/wp-json\/wp\/v2\/pages"}],"about":[{"href":"https:\/\/up.lublin.pl\/en\/wp-json\/wp\/v2\/types\/page"}],"author":[{"embeddable":true,"href":"https:\/\/up.lublin.pl\/en\/wp-json\/wp\/v2\/users\/2"}],"replies":[{"embeddable":true,"href":"https:\/\/up.lublin.pl\/en\/wp-json\/wp\/v2\/comments?post=385165"}],"version-history":[{"count":101,"href":"https:\/\/up.lublin.pl\/en\/wp-json\/wp\/v2\/pages\/385165\/revisions"}],"predecessor-version":[{"id":518220,"href":"https:\/\/up.lublin.pl\/en\/wp-json\/wp\/v2\/pages\/385165\/revisions\/518220"}],"up":[{"embeddable":true,"href":"https:\/\/up.lublin.pl\/en\/wp-json\/wp\/v2\/pages\/385124"}],"wp:attachment":[{"href":"https:\/\/up.lublin.pl\/en\/wp-json\/wp\/v2\/media?parent=385165"}],"curies":[{"name":"wp","href":"https:\/\/api.w.org\/{rel}","templated":true}]}}