{"id":83116,"date":"2021-07-07T07:38:51","date_gmt":"2021-07-07T05:38:51","guid":{"rendered":"https:\/\/up.lublin.pl\/bip\/?page_id=83116"},"modified":"2023-06-06T14:01:08","modified_gmt":"2023-06-06T12:01:08","slug":"ogloszenia","status":"publish","type":"page","link":"https:\/\/up.lublin.pl\/bip\/ogloszenia\/","title":{"rendered":"Og\u0142oszenia"},"content":{"rendered":"\t\t<div data-elementor-type=\"wp-page\" data-elementor-id=\"83116\" class=\"elementor elementor-83116\" data-elementor-settings=\"[]\">\n\t\t\t\t\t\t<div class=\"elementor-inner\">\n\t\t\t\t\t\t\t<div class=\"elementor-section-wrap\">\n\t\t\t\t\t\t\t<section class=\"elementor-section elementor-top-section elementor-element elementor-element-367a006 elementor-section-boxed elementor-section-height-default elementor-section-height-default\" data-id=\"367a006\" data-element_type=\"section\">\n\t\t\t\t\t\t<div class=\"elementor-container elementor-column-gap-default\">\n\t\t\t\t\t\t\t<div class=\"elementor-row\">\n\t\t\t\t\t<div class=\"elementor-column elementor-col-100 elementor-top-column elementor-element elementor-element-da1b41d\" data-id=\"da1b41d\" data-element_type=\"column\">\n\t\t\t<div class=\"elementor-column-wrap elementor-element-populated\">\n\t\t\t\t\t\t\t<div class=\"elementor-widget-wrap\">\n\t\t\t\t\t\t<div class=\"elementor-element elementor-element-430a0f8 elementor-widget elementor-widget-m2k\" data-id=\"430a0f8\" data-element_type=\"widget\" data-widget_type=\"m2k.default\">\n\t\t\t\t<div class=\"elementor-widget-container\">\n\t\t\t<section class=\"mn-m2-d mn-bg-green\">\n    <div class=\"mn-grid\">\n        <div class=\"mn-grid-12 mn-introtext\">\n                            <h3>\n                    Og\u0142oszenia                <\/h3>\n                        <\/div>\n    <\/div>\n    <\/section>\n\t\t<\/div>\n\t\t\t\t<\/div>\n\t\t\t\t\t\t<\/div>\n\t\t\t\t\t<\/div>\n\t\t<\/div>\n\t\t\t\t\t\t\t\t<\/div>\n\t\t\t\t\t<\/div>\n\t\t<\/section>\n\t\t\t\t<section class=\"elementor-section elementor-top-section elementor-element elementor-element-5353d6c elementor-section-boxed elementor-section-height-default elementor-section-height-default\" data-id=\"5353d6c\" data-element_type=\"section\">\n\t\t\t\t\t\t<div class=\"elementor-container elementor-column-gap-default\">\n\t\t\t\t\t\t\t<div class=\"elementor-row\">\n\t\t\t\t\t<div class=\"elementor-column elementor-col-100 elementor-top-column elementor-element elementor-element-ce38e63\" data-id=\"ce38e63\" data-element_type=\"column\">\n\t\t\t<div class=\"elementor-column-wrap elementor-element-populated\">\n\t\t\t\t\t\t\t<div class=\"elementor-widget-wrap\">\n\t\t\t\t\t\t<div class=\"elementor-element elementor-element-76b92eb elementor-widget elementor-widget-m3d\" data-id=\"76b92eb\" data-element_type=\"widget\" data-widget_type=\"m3d.default\">\n\t\t\t\t<div class=\"elementor-widget-container\">\n\t\t\t<section class=\"mn-m3-d\">\n    <div class=\"mn-grid\">\n        <h2 class=\"mn-grid-9 mn-title\"><\/h2>\n        <a href=\"https:\/\/up.lublin.pl\/bip\/category\/ogloszenia\/\" class=\"mn-more mn-grid-3\">Zobacz wszystkie<\/a>\n\t\t            <div class=\"mn-events-list mn-grid-12\">\n\t\t\t\t                    <div class=\"mn-event\">\n                                                <div class=\"mn-image-container\">\n                            <img src=\"https:\/\/up.lublin.pl\/bip\/wp-content\/uploads\/sites\/9\/2021\/08\/przetarg_ow.jpg\" alt=\"\" \/>\n                                                    <\/div>\n                                                <div class=\"mn-content\">\n                            <h5 class=\"mn-date\">15.04.2026<\/h5>\n                            <h3>Przetarg nieograniczony na sprzeda\u017c \u015brodk\u00f3w trwa\u0142ych stanowi\u0105cych w\u0142asno\u015b\u0107 Uniwersytetu Przyrodniczego w Lublinie, na kt\u00f3re sk\u0142ada si\u0119: jeden ko\u0144<\/h3>\n                            <p>Uniwersytet Przyrodniczy w&nbsp;Lublinie\u00a0og\u0142asza\u00a0przetarg...<\/p>\n                        <\/div>\n                        <a href=\"https:\/\/up.lublin.pl\/bip\/przetarg-nieograniczony-na-sprzedaz-jeden-kon\/\"\n                           class=\"mn-more\">Zobacz wi\u0119cej<\/a>\n                    <\/div>\n\t\t\t\t\t                    <div class=\"mn-event\">\n                                                <div class=\"mn-image-container\">\n                            <img src=\"https:\/\/up.lublin.pl\/bip\/wp-content\/uploads\/sites\/9\/2021\/08\/przetarg_ow.jpg\" alt=\"\" \/>\n                                                    <\/div>\n                                                <div class=\"mn-content\">\n                            <h5 class=\"mn-date\">17.03.2026<\/h5>\n                            <h3>Og\u0142oszenie o przetargu na najem pomieszcze\u0144<\/h3>\n                            <p>Og\u0142oszenie o&nbsp;przetargu na najem pomieszcze\u0144Uniwersytet...<\/p>\n                        <\/div>\n                        <a href=\"https:\/\/up.lublin.pl\/bip\/ogloszenie-o-przetargu-na-najem-pomieszczen\/\"\n                           class=\"mn-more\">Zobacz wi\u0119cej<\/a>\n                    <\/div>\n\t\t\t\t\t                    <div class=\"mn-event\">\n                                                <div class=\"mn-image-container\">\n                            <img src=\"https:\/\/up.lublin.pl\/bip\/wp-content\/uploads\/sites\/9\/2022\/12\/postepowanie_ofertowe_ow.jpg\" alt=\"\" \/>\n                                                    <\/div>\n                                                <div class=\"mn-content\">\n                            <h5 class=\"mn-date\">04.03.2026<\/h5>\n                            <h3>Post\u0119powanie ofertowe na dzier\u017caw\u0119 powierzchni pod automaty vendingowe w budynkach Uniwersytetu Przyrodniczego w Lublinie<\/h3>\n                            <p>Og\u0142oszenie nr 2\/2026 post\u0119powania ofertowego na dzier\u017caw\u0119...<\/p>\n                        <\/div>\n                        <a href=\"https:\/\/up.lublin.pl\/bip\/postepowanie-ofertowe-na-dzierzawe-powierzchni-pod-automaty-vendingowe-w-budynkach-upl\/\"\n                           class=\"mn-more\">Zobacz wi\u0119cej<\/a>\n                    <\/div>\n\t\t\t\t\t                    <div class=\"mn-event\">\n                                                <div class=\"mn-image-container\">\n                            <img src=\"https:\/\/up.lublin.pl\/bip\/wp-content\/uploads\/sites\/9\/2022\/12\/postepowanie_ofertowe_ow.jpg\" alt=\"\" \/>\n                                                    <\/div>\n                                                <div class=\"mn-content\">\n                            <h5 class=\"mn-date\">11.02.2026<\/h5>\n                            <h3>Post\u0119powanie ofertowe na dzier\u017caw\u0119 powierzchni pod automaty vendingowe w budynkach Uniwersytetu Przyrodniczego w Lublinie<\/h3>\n                            <p>Og\u0142oszeniepost\u0119powania ofertowego na dzier\u017caw\u0119 powierzchni...<\/p>\n                        <\/div>\n                        <a href=\"https:\/\/up.lublin.pl\/bip\/postepowanie-ofertowe-na-dzierzawe-powierzchni-pod-automaty-vendingowe-upwl\/\"\n                           class=\"mn-more\">Zobacz wi\u0119cej<\/a>\n                    <\/div>\n\t\t\t\t\t                    <div class=\"mn-event\">\n                                                <div class=\"mn-image-container\">\n                            <img src=\"https:\/\/up.lublin.pl\/bip\/wp-content\/uploads\/sites\/9\/2022\/12\/ogloszenie_ow.jpg\" alt=\"\" \/>\n                                                    <\/div>\n                                                <div class=\"mn-content\">\n                            <h5 class=\"mn-date\">03.02.2026<\/h5>\n                            <h3>Og\u0142oszenie o otwartym naborze partnera do projektu FERS technologie krytyczne<\/h3>\n                            <p>Uniwersytet Przyrodniczy w&nbsp;Lublinie, jako Wnioskodawca...<\/p>\n                        <\/div>\n                        <a href=\"https:\/\/up.lublin.pl\/bip\/ogloszenie-o-otwartym-naborze-partnera-do-projektu-fers-technologie-krytyczne\/\"\n                           class=\"mn-more\">Zobacz wi\u0119cej<\/a>\n                    <\/div>\n\t\t\t\t\t            <\/div>\n\t\t\t    <\/div>\n<\/section>\n\t\t<\/div>\n\t\t\t\t<\/div>\n\t\t\t\t\t\t<\/div>\n\t\t\t\t\t<\/div>\n\t\t<\/div>\n\t\t\t\t\t\t\t\t<\/div>\n\t\t\t\t\t<\/div>\n\t\t<\/section>\n\t\t\t\t<section class=\"elementor-section elementor-top-section elementor-element elementor-element-61a8797 elementor-section-boxed elementor-section-height-default elementor-section-height-default\" data-id=\"61a8797\" data-element_type=\"section\">\n\t\t\t\t\t\t<div class=\"elementor-container elementor-column-gap-default\">\n\t\t\t\t\t\t\t<div class=\"elementor-row\">\n\t\t\t\t\t<div class=\"elementor-column elementor-col-100 elementor-top-column elementor-element elementor-element-760225b\" data-id=\"760225b\" data-element_type=\"column\">\n\t\t\t<div class=\"elementor-column-wrap elementor-element-populated\">\n\t\t\t\t\t\t\t<div class=\"elementor-widget-wrap\">\n\t\t\t\t\t\t<div class=\"elementor-element elementor-element-4df8cd6 elementor-widget elementor-widget-m4a\" data-id=\"4df8cd6\" data-element_type=\"widget\" data-widget_type=\"m4a.default\">\n\t\t\t\t<div class=\"elementor-widget-container\">\n\t\t\t\t<section class=\"mn-m4_b mn-bg-green\">\n\t\t\t\t<div class=\"mn-grid\">\n\t\t\t\t\t\t\t<div class=\"mn-grid-12 mn-kat-m4-container\">\n\t\t\t\t\t\t\t\t\t\t\t\t\t\t\t\t<h3>Og\u0142oszenia archiwalne<\/h3>\n\t\t\t\t\t\t\t\t\t\t\t\t\t\t\t\t\t<div class=\"mn-lead\">\n\t\t\t\t\t\t\tOg\u0142oszenia pochodz\u0105ce z&nbsp;poprzedniej wersji strony Internetowej UP w&nbsp;Lublinie funkcjonuj\u0105cej do 16.04.2021\t\t\t\t\t\t<\/div>\n\t\t\t\t\t\t\t\t\t\t\t\t\t\t\t\t\t<a href=\"https:\/\/up.lublin.pl\/blog\/category\/ogloszenia\/\" class=\"mn-more\">Zobacz wi\u0119cej<\/a>\n\t\t\t\t\t\t\t\t\t\t<\/div>\n\t\t\t\t\t\t<\/div>\n\t<\/section>\n\t\t\t<\/div>\n\t\t\t\t<\/div>\n\t\t\t\t\t\t<\/div>\n\t\t\t\t\t<\/div>\n\t\t<\/div>\n\t\t\t\t\t\t\t\t<\/div>\n\t\t\t\t\t<\/div>\n\t\t<\/section>\n\t\t\t\t\t\t<\/div>\n\t\t\t\t\t\t<\/div>\n\t\t\t\t\t<\/div>\n\t\t","protected":false},"excerpt":{"rendered":"<p>Og\u0142oszenia UP BIP &#8211; Uniwersytet Przyrodniczny w&nbsp;Lublinie Zobacz wszystkie 20.02.2023 Przetarg ofertowy na wynajem powierzchni u\u017cytkowej zlokalizowanej w Lublinie przy ul. G\u0142\u0119bokiej 31 Uniwersytet Przyrodniczy w&nbsp;Lublinie og\u0142asza przetarg&#8230; Zobacz wi\u0119cej 15.12.2022 Post\u0119powanie ofertowe na dzier\u017caw\u0119 powierzchni pod automaty vendingowe w budynkach Uniwersytetu Przyrodniczego w Lublinie Og\u0142oszenie post\u0119powania ofertowego na dzier\u017caw\u0119 powierzchni&#8230; Zobacz wi\u0119cej 25.11.2022 I [&hellip;]<\/p>\n","protected":false},"author":2,"featured_media":0,"parent":0,"menu_order":0,"comment_status":"closed","ping_status":"closed","template":"elementor_header_footer","meta":{"_monsterinsights_skip_tracking":false,"_monsterinsights_sitenote_active":false,"_monsterinsights_sitenote_note":"","_monsterinsights_sitenote_category":0},"_links":{"self":[{"href":"https:\/\/up.lublin.pl\/bip\/wp-json\/wp\/v2\/pages\/83116"}],"collection":[{"href":"https:\/\/up.lublin.pl\/bip\/wp-json\/wp\/v2\/pages"}],"about":[{"href":"https:\/\/up.lublin.pl\/bip\/wp-json\/wp\/v2\/types\/page"}],"author":[{"embeddable":true,"href":"https:\/\/up.lublin.pl\/bip\/wp-json\/wp\/v2\/users\/2"}],"replies":[{"embeddable":true,"href":"https:\/\/up.lublin.pl\/bip\/wp-json\/wp\/v2\/comments?post=83116"}],"version-history":[{"count":25,"href":"https:\/\/up.lublin.pl\/bip\/wp-json\/wp\/v2\/pages\/83116\/revisions"}],"predecessor-version":[{"id":87476,"href":"https:\/\/up.lublin.pl\/bip\/wp-json\/wp\/v2\/pages\/83116\/revisions\/87476"}],"wp:attachment":[{"href":"https:\/\/up.lublin.pl\/bip\/wp-json\/wp\/v2\/media?parent=83116"}],"curies":[{"name":"wp","href":"https:\/\/api.w.org\/{rel}","templated":true}]}}