{"id":77110,"date":"2020-10-21T01:41:08","date_gmt":"2020-10-20T23:41:08","guid":{"rendered":"http:\/\/nowastrona.up.lublin.pl\/bip\/?page_id=77110"},"modified":"2026-03-05T13:45:52","modified_gmt":"2026-03-05T12:45:52","slug":"kodeks-etyki-pracownika-naukowego","status":"publish","type":"page","link":"https:\/\/up.lublin.pl\/bip\/kodeks-etyki-pracownika-naukowego\/","title":{"rendered":"Kodeks Etyki Pracownika Naukowego"},"content":{"rendered":"\t\t<div data-elementor-type=\"wp-page\" data-elementor-id=\"77110\" class=\"elementor elementor-77110\" data-elementor-settings=\"[]\">\n\t\t\t\t\t\t<div class=\"elementor-inner\">\n\t\t\t\t\t\t\t<div class=\"elementor-section-wrap\">\n\t\t\t\t\t\t\t<section class=\"elementor-section elementor-top-section elementor-element elementor-element-eb7367c elementor-section-boxed elementor-section-height-default elementor-section-height-default\" data-id=\"eb7367c\" data-element_type=\"section\">\n\t\t\t\t\t\t<div class=\"elementor-container elementor-column-gap-default\">\n\t\t\t\t\t\t\t<div class=\"elementor-row\">\n\t\t\t\t\t<div class=\"elementor-column elementor-col-100 elementor-top-column elementor-element elementor-element-faff812\" data-id=\"faff812\" data-element_type=\"column\">\n\t\t\t<div class=\"elementor-column-wrap elementor-element-populated\">\n\t\t\t\t\t\t\t<div class=\"elementor-widget-wrap\">\n\t\t\t\t\t\t<div class=\"elementor-element elementor-element-f229b3c elementor-widget elementor-widget-m5c\" data-id=\"f229b3c\" data-element_type=\"widget\" data-widget_type=\"m5c.default\">\n\t\t\t\t<div class=\"elementor-widget-container\">\n\t\t\t<section class=\"mn-m5-c mn-m5-d2 mn-bg-white\">\n\t<div class=\"mn-grid\">\n\t\t\t\t<div class=\"mn-content mn-grid-9\">\n\t\t\t                <div class=\"mn-content-block active\">\n\t                                                        <div class=\"block-text\">\n\t                                        <h2 class=\"mn-title-2 mn-grid-12\">Kodeks Etyki Pracownika Naukowego<\/h2>\n<p>Kodeks Etyki Pracownika Naukowego wprowadzony zosta\u0142 uchwa\u0142\u0105 nr 10\/2012 Zgromadzenia Og\u00f3lnego Polskiej Akademii Nauk.<\/p>\n                                        <\/div>\n\t\t\t\t\t\t                                                        <div class=\"mn-cards-list\">\n                                            <div class=\"mn-card-container\">\n                                                <div>\n                                                    <img src=\"https:\/\/up.lublin.pl\/bip\/wp-content\/themes\/up-lublin\/assets\/images\/doc-ico.svg\" alt=\"\" \/>\n                                                    <h5>Kodeks Etyki Pracownika Naukowego<\/h5>\n                                                <\/div>\n                                                <a href=\"https:\/\/up.lublin.pl\/bip\/wp-content\/uploads\/sites\/9\/2020\/10\/kodeks_etyki_pracownika_naukowego.pdf\" class=\"mn-more\" target=\"_blank\">Zobacz<\/a>\n                                            <\/div>\n                                        <\/div>\n\t\t\t\t\t\t                                <\/div>\n\t\t\t\t                <div class=\"mn-content-block\">\n\t                                <\/div>\n\t\t\t\t                <div class=\"mn-content-block\">\n\t                                <\/div>\n\t\t\t\t                <div class=\"mn-content-block\">\n\t                                <\/div>\n\t\t\t\t                <div class=\"mn-content-block\">\n\t                                <\/div>\n\t\t\t\t                <div class=\"mn-content-block\">\n\t                                <\/div>\n\t\t\t\t                <div class=\"mn-content-block\">\n\t                                <\/div>\n\t\t\t\t                <div class=\"mn-content-block\">\n\t                                <\/div>\n\t\t\t\t                <div class=\"mn-content-block\">\n\t                                <\/div>\n\t\t\t\t                <div class=\"mn-content-block\">\n\t                                <\/div>\n\t\t\t\t                <div class=\"mn-content-block\">\n\t                                <\/div>\n\t\t\t\t                <div class=\"mn-content-block\">\n\t                                <\/div>\n\t\t\t\t                <div class=\"mn-content-block\">\n\t                                <\/div>\n\t\t\t\t                <div class=\"mn-content-block\">\n\t                                <\/div>\n\t\t\t\t                <div class=\"mn-content-block\">\n\t                                <\/div>\n\t\t\t\t                <div class=\"mn-content-block\">\n\t                                <\/div>\n\t\t\t\t                <div class=\"mn-content-block\">\n\t                                <\/div>\n\t\t\t\t                <div class=\"mn-content-block\">\n\t                                <\/div>\n\t\t\t\t                <div class=\"mn-content-block\">\n\t                                <\/div>\n\t\t\t\t                <div class=\"mn-content-block\">\n\t                                <\/div>\n\t\t\t\t\t\t<\/div>\n\t<\/div>\n<\/section>\n\t\t<\/div>\n\t\t\t\t<\/div>\n\t\t\t\t\t\t<\/div>\n\t\t\t\t\t<\/div>\n\t\t<\/div>\n\t\t\t\t\t\t\t\t<\/div>\n\t\t\t\t\t<\/div>\n\t\t<\/section>\n\t\t\t\t\t\t<\/div>\n\t\t\t\t\t\t<\/div>\n\t\t\t\t\t<\/div>\n\t\t","protected":false},"excerpt":{"rendered":"<p>Kodeks Etyki Pracownika Naukowego Kodeks Etyki Pracownika Naukowego wprowadzony zosta\u0142 uchwa\u0142\u0105 nr 10\/2012 Zgromadzenia Og\u00f3lnego Polskiej Akademii Nauk. Kodeks Etyki Pracownika Naukowego Zobacz<\/p>\n","protected":false},"author":1,"featured_media":0,"parent":0,"menu_order":0,"comment_status":"closed","ping_status":"closed","template":"","meta":{"_monsterinsights_skip_tracking":false,"_monsterinsights_sitenote_active":false,"_monsterinsights_sitenote_note":"","_monsterinsights_sitenote_category":0},"_links":{"self":[{"href":"https:\/\/up.lublin.pl\/bip\/wp-json\/wp\/v2\/pages\/77110"}],"collection":[{"href":"https:\/\/up.lublin.pl\/bip\/wp-json\/wp\/v2\/pages"}],"about":[{"href":"https:\/\/up.lublin.pl\/bip\/wp-json\/wp\/v2\/types\/page"}],"author":[{"embeddable":true,"href":"https:\/\/up.lublin.pl\/bip\/wp-json\/wp\/v2\/users\/1"}],"replies":[{"embeddable":true,"href":"https:\/\/up.lublin.pl\/bip\/wp-json\/wp\/v2\/comments?post=77110"}],"version-history":[{"count":10,"href":"https:\/\/up.lublin.pl\/bip\/wp-json\/wp\/v2\/pages\/77110\/revisions"}],"predecessor-version":[{"id":92148,"href":"https:\/\/up.lublin.pl\/bip\/wp-json\/wp\/v2\/pages\/77110\/revisions\/92148"}],"wp:attachment":[{"href":"https:\/\/up.lublin.pl\/bip\/wp-json\/wp\/v2\/media?parent=77110"}],"curies":[{"name":"wp","href":"https:\/\/api.w.org\/{rel}","templated":true}]}}