{"id":297,"date":"2020-11-23T10:17:57","date_gmt":"2020-11-23T09:17:57","guid":{"rendered":"http:\/\/nowastrona.up.lublin.pl\/biologia\/?page_id=297"},"modified":"2026-03-30T22:58:59","modified_gmt":"2026-03-30T20:58:59","slug":"galeria","status":"publish","type":"page","link":"https:\/\/up.lublin.pl\/biologia\/wydzial\/galeria\/","title":{"rendered":"Galeria"},"content":{"rendered":"\t\t<div data-elementor-type=\"wp-page\" data-elementor-id=\"297\" class=\"elementor elementor-297\" data-elementor-settings=\"[]\">\n\t\t\t\t\t\t<div class=\"elementor-inner\">\n\t\t\t\t\t\t\t<div class=\"elementor-section-wrap\">\n\t\t\t\t\t\t\t<section class=\"elementor-section elementor-top-section elementor-element elementor-element-8e7793b elementor-section-boxed elementor-section-height-default elementor-section-height-default\" data-id=\"8e7793b\" data-element_type=\"section\">\n\t\t\t\t\t\t<div class=\"elementor-container elementor-column-gap-default\">\n\t\t\t\t\t\t\t<div class=\"elementor-row\">\n\t\t\t\t\t<div class=\"elementor-column elementor-col-100 elementor-top-column elementor-element elementor-element-d11d2ed\" data-id=\"d11d2ed\" data-element_type=\"column\">\n\t\t\t<div class=\"elementor-column-wrap elementor-element-populated\">\n\t\t\t\t\t\t\t<div class=\"elementor-widget-wrap\">\n\t\t\t\t\t\t<div class=\"elementor-element elementor-element-5efa8e8 elementor-widget elementor-widget-m2e\" data-id=\"5efa8e8\" data-element_type=\"widget\" data-widget_type=\"m2e.default\">\n\t\t\t\t<div class=\"elementor-widget-container\">\n\t\t\t<section class=\"mn-m2-e mn-bg-green\">\n\t<div class=\"mn-grid\">\n\t\t<div class=\"mn-grid-3 mn-introtext\">\n\t\t\t\t\t\t\t<p class=\"mn-header\">Wydzia\u0142 Nauk o&nbsp;Zwierz\u0119tach i&nbsp;Biogospodarki<\/p>\n\t\t\t\t\t\t\t\t\t\t\t<h3>\n\t\t\t\t\tGaleria\t\t\t\t<\/h3>\n\t\t\t\t\t\t\t\t\t\t\t\t<\/div>\n\t\t<div class=\"mn-grid-9 mn-image-container\">\n\t\t\t\t\t<\/div>\n\t<\/div>\n\t<\/section>\n\t\t<\/div>\n\t\t\t\t<\/div>\n\t\t\t\t\t\t<\/div>\n\t\t\t\t\t<\/div>\n\t\t<\/div>\n\t\t\t\t\t\t\t\t<\/div>\n\t\t\t\t\t<\/div>\n\t\t<\/section>\n\t\t\t\t<section class=\"elementor-section elementor-top-section elementor-element elementor-element-5c5a2d1 elementor-section-boxed elementor-section-height-default elementor-section-height-default\" data-id=\"5c5a2d1\" data-element_type=\"section\">\n\t\t\t\t\t\t<div class=\"elementor-container elementor-column-gap-default\">\n\t\t\t\t\t\t\t<div class=\"elementor-row\">\n\t\t\t\t\t<div class=\"elementor-column elementor-col-100 elementor-top-column elementor-element elementor-element-1a9971f\" data-id=\"1a9971f\" data-element_type=\"column\">\n\t\t\t<div class=\"elementor-column-wrap elementor-element-populated\">\n\t\t\t\t\t\t\t<div class=\"elementor-widget-wrap\">\n\t\t\t\t\t\t<div class=\"elementor-element elementor-element-292e8f2 elementor-widget elementor-widget-m5c\" data-id=\"292e8f2\" data-element_type=\"widget\" data-widget_type=\"m5c.default\">\n\t\t\t\t<div class=\"elementor-widget-container\">\n\t\t\t<section class=\"mn-m5-c mn-m5-d2 mn-bg-white\">\n\t<div class=\"mn-grid\">\n\t\t\t\t<div class=\"mn-content mn-grid-9\">\n\t\t\t                <div class=\"mn-content-block active\">\n\t                                                        <div class=\"block-text\">\n\t                                        <h3><\/h3>\n<h3>2026<\/h3>\n<p><a href=\"https:\/\/up.lublin.pl\/biologia\/galeria\/relacja-z-nocy-biologow-2026-na-wydziale-nauk-o-zwierzetach-i-biogospodarki\/\">Noc biolog\u00f3w<\/a><br \/>\n<a href=\"https:\/\/up.lublin.pl\/biologia\/?post_type=galerie_up&amp;p=184512&amp;preview=true\">Miko\u0142ajki w\u015br\u00f3d zwierz\u0105t<\/a><\/p>\n<p><a href=\"https:\/\/up.lublin.pl\/biologia\/galeria\/relacja-z-konferencji-bhp\/\">Relacja z&nbsp;konferencji BHP<\/a><\/p>\n<p><a href=\"https:\/\/up.lublin.pl\/biologia\/galeria\/halowe-mistrzostwa-wojewodztwa-lubelskiego-w-skokach-przez-przeszkody-oraz-halowe-zawody-regionalne-i-towarzyskie-w-skokach-przeszkody\/\">Relacja z&nbsp;zawod\u00f3w w&nbsp;skokach<\/a><\/p>\n<p><a href=\"https:\/\/up.lublin.pl\/biologia\/?post_type=galerie_up&amp;p=188179&amp;preview=true\">Dzie\u0144 Otwarty<\/a><\/p>\n<h3>2025<\/h3>\n<p><a href=\"https:\/\/up.lublin.pl\/biologia\/galeria\/dni-studenta-18-11-2025\/\">Dni studenta 18.11.2025<\/a><br \/>\n<a href=\"https:\/\/up.lublin.pl\/biologia\/galeria\/xxi-edycja-lubelskiego-festiwalu-nauki\/\">XXI edycja Lubelskiego Festiwalu Nauki<\/a><br \/>\n<a href=\"https:\/\/up.lublin.pl\/biologia\/galeria\/inauguracja-roku-na-up\/\">Inauguracja roku na UP<\/a><br \/>\n<a href=\"https:\/\/up.lublin.pl\/biologia\/galeria\/statuetki-profesorskie\/\">Statuetki profesorskie<\/a><br \/>\n<a href=\"https:\/\/up.lublin.pl\/biologia\/galeria\/wyklad-zielony-lad-martin-ziaja\/\">Wyk\u0142ad Zielony \u0141ad &#8211; Martin Ziaja<\/a><br \/>\n<a href=\"https:\/\/up.lublin.pl\/biologia\/galeria\/pozegnanie-prof-greli\/\">Po\u017cegnanie prof. Greli<\/a><br \/>\n<a href=\"https:\/\/up.lublin.pl\/biologia\/galeria\/wystawa-w-sitnie\/\">Wystawa w&nbsp;Sitnie<\/a><br \/>\n<a href=\"https:\/\/up.lublin.pl\/biologia\/galeria\/studenci-na-zajeciach-z-pielegnacji-w-majatku-rutka\/\">Studenci na zaj\u0119ciach z&nbsp;piel\u0119gnacji w&nbsp;Maj\u0105tku Rutka<\/a><br \/>\n<a href=\"https:\/\/up.lublin.pl\/biologia\/galeria\/honoris-causa-prof-tomasza-gruszeckiego\/\">Honoris Causa prof. Tomasza Gruszeckiego<\/a><br \/>\n<a href=\"https:\/\/up.lublin.pl\/biologia\/galeria\/zwierzeta-w-sluzbach-mundurowych-zajecia-terenowe-studentow-behawiorystyki-zwierzat\/\">Zwierz\u0119ta w&nbsp;s\u0142u\u017cbach mundurowych \u2013 Zaj\u0119cia terenowe student\u00f3w behawiorystyki zwierz\u0105t.<\/a><br \/>\n<a href=\"https:\/\/up.lublin.pl\/biologia\/galeria\/profesor-joanna-barlowska-doktorem-honoris-causa-politechniki-bydgoskiej\/\">Profesor Joanna Bar\u0142owska doktorem honoris causa Politechniki Bydgoskiej<\/a><br \/>\n<a href=\"https:\/\/up.lublin.pl\/biologia\/galeria\/zajecia-terenowe-dla-studentow-3-roku-kierunku-kryminalistyka-w-biogospodarce\/\">Zaj\u0119cia terenowe dla student\u00f3w 3 roku kierunku Kryminalistyka w&nbsp;Biogospodarce<\/a><br \/>\n<a href=\"https:\/\/up.lublin.pl\/biologia\/galeria\/zajecia-terenowe-dla-studentow-3-roku-kierunku-kryminalistyka-w-biogospodarce\/\">Zaj\u0119cia terenowe dla student\u00f3w 3 roku kierunku Kryminalistyka w&nbsp;Biogospodarce<\/a><br \/>\n<a href=\"https:\/\/up.lublin.pl\/biologia\/galeria\/zajecia-terenowe-w-poleskim-parku-narodowym\/\">Zaj\u0119cia terenowe w&nbsp;Poleskim Parku Narodowym<\/a><br \/>\n<a href=\"https:\/\/up.lublin.pl\/biologia\/galeria\/dzien-wydzialu-zdjecia-grupowe\/\">Dzie\u0144 Wydzia\u0142u &#8211; Zdj\u0119cia grupowe<\/a><br \/>\n<a href=\"https:\/\/up.lublin.pl\/biologia\/galeria\/dzien-wydzialu-pokazy-konne\/\">Dzie\u0144 Wydzia\u0142u &#8211; Pokazy konne<\/a><br \/>\n<a href=\"https:\/\/up.lublin.pl\/biologia\/galeria\/dzien-wydzialu-dogfrisbee\/\">Dzie\u0144 Wydzia\u0142u &#8211; Dogfrisbee<\/a><br \/>\n<a href=\"https:\/\/up.lublin.pl\/biologia\/galeria\/dzien-wydzialu-spacer-z-alpakami\/\">Dzie\u0144 Wydzia\u0142u &#8211; Spacer z&nbsp;alpakami<\/a><br \/>\n<a href=\"https:\/\/up.lublin.pl\/biologia\/galeria\/omm-my-goat-koziojoga-2\/\">Omm My Goat KozioJoga<\/a><br \/>\n<a href=\"https:\/\/up.lublin.pl\/biologia\/galeria\/young-rural-leaders-camp\/\">Young Rural Leaders Camp<\/a><br \/>\n<a href=\"https:\/\/up.lublin.pl\/biologia\/galeria\/dni-otwarte-up\/\">Dni otwarte UP<\/a><br \/>\n<a href=\"https:\/\/up.lublin.pl\/biologia\/galeria\/zoopark-pierwsza-pomoc\/\">Zoopark &#8211; pierwsza pomoc<\/a><br \/>\n<a href=\"https:\/\/up.lublin.pl\/biologia\/galeria\/wykoty-i-praktyki-studentow-zootechniki-w-stacji-badawczej-w-bezku\/\">Wykoty i&nbsp;praktyki student\u00f3w zootechniki w&nbsp;Stacji Badawczej w&nbsp;Bezku<\/a><\/p>\n<h3>2024<\/h3>\n<p><a href=\"https:\/\/up.lublin.pl\/biologia\/galeria\/mikolajki-wsrod-zwierzat\/\">Miko\u0142ajki w\u015br\u00f3d zwierz\u0105t<\/a><br \/>\n<a href=\"https:\/\/up.lublin.pl\/biologia\/galeria\/dzien-studenta\/\">Dzie\u0144 Studenta<\/a><br \/>\n<a href=\"https:\/\/up.lublin.pl\/biologia\/galeria\/i-ogolnopolska-wystawa-alpak-na-lubelskim-zooparku\/\">I Og\u00f3lnopolska Wystawa Alpak na lubelskim Zooparku<\/a><br \/>\n<a href=\"https:\/\/up.lublin.pl\/biologia\/galeria\/nagroda-knzia-pan-dla-pracownikow-naszego-wydzialu\/\">Nagroda KNZiA PAN dla pracownik\u00f3w naszego Wydzia\u0142u<\/a><br \/>\n<a href=\"https:\/\/up.lublin.pl\/biologia\/galeria\/xx-lubelski-festiwal-nauki\/\">XX Lubelski Festiwal Nauki<\/a><br \/>\n<a href=\"https:\/\/up.lublin.pl\/biologia\/galeria\/nominacje-profesorskie\/\">Nominacje profesorskie<\/a><br \/>\n<a href=\"https:\/\/up.lublin.pl\/biologia\/galeria\/mieszkancy-dps-betania-w-strefie-animaloterapii\/\">Mieszka\u0144cy DPS Betania w&nbsp;Strefie Animaloterapii<\/a><br \/>\n<a href=\"https:\/\/up.lublin.pl\/biologia\/galeria\/profesorowie-naszego-wydzialu-czlonkami-komitetu-nauk-zootechnicznych-i-akwakultury-pan\/\">Profesorowie naszego Wydzia\u0142u cz\u0142onkami Komitetu Nauk Zootechnicznych i&nbsp;Akwakultury PAN<\/a><br \/>\n<a href=\"https:\/\/up.lublin.pl\/biologia\/galeria\/ii-edycji-wydarzenia-kyno-logiczni\/\">II edycji wydarzenia Kyno-logiczni<\/a><br \/>\n<a href=\"https:\/\/up.lublin.pl\/biologia\/galeria\/konferencja-w-ltn-o-laurze-kaufman\/\">Konferencja w&nbsp;LTN o&nbsp;Laurze Kaufman<\/a><br \/>\n<a href=\"https:\/\/up.lublin.pl\/biologia\/galeria\/wizyta-podopiecznych-osrodka-rewalidacyjno-wychowawczego-w-lecznej-na-felinie\">Wizyta podopiecznych O\u015brodka Rewalidacyjno-Wychowawczego w&nbsp;\u0141\u0119cznej na Felinie<\/a><br \/>\n<a href=\"https:\/\/up.lublin.pl\/biologia\/galeria\/miedzynarodowe-targi-ochrony-pracy-pozarnictwa-i-ratownictwa-sawo-w-poznaniu\/\">Mi\u0119dzynarodowe Targi Ochrony Pracy i&nbsp;Po\u017carnictwa i&nbsp;Ratownctwa SAWO w&nbsp;Poznaniu &#8211; Fotorelacja<\/a><\/p>\n<h3>2023<\/h3>\n<p><a href=\"https:\/\/up.lublin.pl\/biologia\/galeria\/dni-otwarte-uniwersytetu-przyrodniczego-2023-fotorelacja\/\">Dni Otwarte Wydzia\u0142u 2023 Fotorelacja<\/a><br \/>\n<a href=\"https:\/\/up.lublin.pl\/biologia\/galeria\/xxxv-wystawa-zwierzat-maszyn-i-urzadzen-rolniczych-w-sitnie\/\">XXXV Wystawa Zwierz\u0105t, Maszyn i&nbsp;Urz\u0105dze\u0144 Rolniczych w&nbsp;Sitnie<\/a><br \/>\n<a href=\"https:\/\/up.lublin.pl\/biologia\/galeria\/narodowa-wystawa-zwierzat-hodowlanych\/\">Narodowa Wystawa Zwierz\u0105t Hodowlanych<\/a><br \/>\n<a href=\"https:\/\/up.lublin.pl\/blog\/galeria\/xxvi-narodowy-mlodziezowy-czempionat-koni-rasy-malopolskiej-2023\/\">XXVI Narodowy M\u0142odzie\u017cowy Czempionat Koni Rasy Ma\u0142opolskiej 2023<\/a><br \/>\n<a href=\"https:\/\/up.lublin.pl\/blog\/galeria\/viii-edycja-ogolnopolskiego-czempionatu-kucow-oraz-ii-edycja-pokazu-kucow-i-koni-malych-2023\/\">VIII edycja Og\u00f3lnopolskiego Czempionatu Kuc\u00f3w oraz II edycja Pokazu Kuc\u00f3w i\u00a0Koni Ma\u0142ych 2023<\/a><br \/>\n<a href=\"https:\/\/up.lublin.pl\/blog\/galeria\/xviii-akademickie-mistrzostwa-wojewodztwa-lubelskiego-oraz-zawody-regionalne-i-towarzyskie-w-skokach-przez-przeszkody-i-rywalizacja-dla-dzieci-o-nazwie-felin-hobby-horse-2023\/\">XVIII Akademickie Mistrzostwa Wojew\u00f3dztwa Lubelskiego, Zawody Regionalne i\u00a0Towarzyskie w\u00a0skokach przez przeszkody oraz rywalizacja dla dzieci o\u00a0nazwie FELIN Hobby Horse 2023<\/a><br \/>\n<a href=\"https:\/\/up.lublin.pl\/blog\/galeria\/70-lecie-wnozib-doktor-honoris-causa-prof-dr-hab-marek-switonski\/\">70-lecie WNOZIB oraz nadanie tytu\u0142u doktora honoris causa prof. Markowi \u015awito\u0144skiemu<\/a><\/p>\n<h3>2022<\/h3>\n<p><a href=\"https:\/\/up.lublin.pl\/blog\/galeria\/otwarcie-osrodka-jezdziectwa-i-hipoterapii\/\">Otwarcie O\u015brodka Je\u017adziectwa i&nbsp;Hipoterapii<\/a><br \/>\n<a href=\"https:\/\/up.lublin.pl\/blog\/galeria\/konferencja-pt-poznaj-znaki-jakosci-wyrozniki-lubelskiej-zywnosci\/\">Konferencja pt. \u201ePoznaj znaki jako\u015bci \u2013 wyr\u00f3\u017cniki lubelskiej \u017cywno\u015bci\u201d<\/a><br \/>\n<a href=\"https:\/\/up.lublin.pl\/blog\/galeria\/sympozjum-naukowe-zywnosc-w-xxi-wieku-innowacje-czy-powrot-do-tradycji-jubileusz-50-lecia-pracy-zawodowej-prof-dr-hab-anny-litwinczuk\/\">Sympozjum Naukowe \u201e\u017bywno\u015b\u0107 w\u00a0XXI wieku \u2013 innowacje czy powr\u00f3t do tradycji\u201d. Jubileusz 50-lecia pracy zawodowej prof. dr hab. Anny Litwi\u0144czuk<\/a><br \/>\n<a href=\"https:\/\/up.lublin.pl\/blog\/galeria\/uroczysta-promocja-doktorow-i-doktorow-habilitowanych-oraz-nadanie-tytulu-honorowego-profesora-uniwersytetu-przyrodniczego-w-lublinie-prof-dr-hab-zbigniewowi-jaworskiemu\/\">Uroczysta Promocja Doktor\u00f3w i&nbsp;Doktor\u00f3w Habilitowanych oraz nadanie tytu\u0142u honorowego profesora Uniwersytetu Przyrodniczego w&nbsp;Lublinie prof. dr. hab. Zbigniewowi Jaworskiemu<\/a><br \/>\n<a href=\"https:\/\/up.lublin.pl\/blog\/galeria\/xvii-akademickie-mistrzostwa-wojewodztwa-lubelskiego-w-skokach-przez-przeszkody\/\">XVII Akademickie Mistrzostwa Wojew\u00f3dztwa Lubelskiego w&nbsp;skokach przez przeszkody<\/a><br \/>\n<a href=\"https:\/\/up.lublin.pl\/blog\/galeria\/warsztaty-dla-uczniow-zespolu-szkol-centrum-ksztalcenia-rolniczego-w-jabloniu-przygotowane-przez-dwa-wydzialy-nauk-o-zwierzetach-i-biogospodarki-oraz-ogrodnictwa-i-architektury-krajobrazu\/\">Warsztaty dla uczni\u00f3w Zespo\u0142u Szk\u00f3\u0142 Centrum Kszta\u0142cenia Rolniczego w&nbsp;Jab\u0142oniu przygotowane przez dwa Wydzia\u0142y: Nauk o&nbsp;Zwierz\u0119tach i&nbsp;Biogospodarki oraz Ogrodnictwa i&nbsp;Architektury Krajobrazu<\/a><br \/>\n<a href=\"https:\/\/up.lublin.pl\/blog\/galeria\/warsztaty-dla-uczniow-xxx-lo-przygotowane-przez-dwa-wydzialy-nauk-o-zwierzetach-i-biogospodarki-oraz-ogrodnictwa-i-architektury-krajobrazu\/\">Warsztaty dla uczni\u00f3w XXX LO przygotowane przez dwa Wydzia\u0142y: Nauk o\u00a0Zwierz\u0119tach i\u00a0Biogospodarki oraz Ogrodnictwa i\u00a0Architektury Krajobrazu<\/a><\/p>\n<h3>2021<\/h3>\n<p class=\"mn-title mn-grid-12\"><a href=\"https:\/\/up.lublin.pl\/blog\/galeria\/up-w-lublinie-w-trakcie-xvii-lfn-wydzial-nauk-o-zwierzetach-i-biogospodarki\/\">UP w&nbsp;Lublinie w&nbsp;trakcie XVII LFN: Wydzia\u0142 Nauk o&nbsp;Zwierz\u0119tach i&nbsp;Biogospodarki<\/a><br \/>\n<a href=\"https:\/\/up.lublin.pl\/blog\/galeria\/powolanie-nowych-wladz-dziekanskich\/\">Powo\u0142anie nowych W\u0142adz Dzieka\u0144skich<\/a><br \/>\n<a href=\"https:\/\/up.lublin.pl\/blog\/galeria\/vii-ogolnopolski-czempionat-hodowlany-kucow-wraz-z-i-ogolnopolskim-przegladem-kucow-felin-pony-stars\/\">VII Og\u00f3lnopolski Czempionat Hodowlany Kuc\u00f3w wraz z&nbsp;I Og\u00f3lnopolskim Przegl\u0105dem Kuc\u00f3w &#8220;Felin Pony Stars\u201d<\/a><br \/>\n<a href=\"https:\/\/up.lublin.pl\/blog\/galeria\/podpisanie-umowy-na-budowe-stacji-badawczej-i-osrodka-dydaktyczno-szkoleniowego-jezdziectwa-i-hipoterapii\/\">Podpisanie umowy na budow\u0119 Stacji Badawczej i\u00a0O\u015brodka Dydaktyczno-Szkoleniowego Je\u017adziectwa i\u00a0Hipoterapii<\/a><\/p>\n<h3>2020<\/h3>\n<p><a href=\"https:\/\/up.lublin.pl\/blog\/galeria\/immatrykulacja-studentow-wydzialu-nauk-o-zwierzetach-i-biogospodarki\/\">Immatrykulacja student\u00f3w Wydzia\u0142u Nauk o&nbsp;Zwierz\u0119tach i&nbsp;Biogospodarki<\/a><br \/>\n<a href=\"https:\/\/up.lublin.pl\/blog\/galeria\/galeria-6606\/\">CAVALIADA Lublin 2020<\/a><\/p>\n<h3>2019<\/h3>\n<p><a href=\"https:\/\/up.lublin.pl\/blog\/galeria\/galeria-6516\/\">Uroczysto\u015b\u0107 nadania godno\u015bci Honorowego Profesora UPwL prof. dr hab. T. Sikorze oraz dyplomy WNoZiB<\/a><\/p>\n<h3>2018<\/h3>\n<p><a href=\"https:\/\/up.lublin.pl\/blog\/galeria\/galeria-6008\/\">Relacja z&nbsp;rozdania dyplom\u00f3w Wydzia\u0142u WBNo\u017bB<\/a><br \/>\n<a href=\"https:\/\/up.lublin.pl\/blog\/galeria\/galeria-5924\/\">Jubileusz 65-lecia Wydzia\u0142u. Jubileuszowy Zjazd Absolwent\u00f3w &#8211; uroczysto\u015bci<\/a><br \/>\n<a href=\"https:\/\/up.lublin.pl\/blog\/galeria\/galeria-5925\/\">Jubileusz 65-lecia Wydzia\u0142u. Jubileuszowy Zjazd Absolwent\u00f3w &#8211; spotkanie na Felinie<\/a><br \/>\n<a href=\"https:\/\/up.lublin.pl\/blog\/galeria\/galeria-5807\/\">Nadanie godno\u015bci Profesora Honorowego i&nbsp;wr\u0119czenie dyplom\u00f3w Absolwentom Wydzia\u0142u Biologii&#8230;<\/a><\/p>\n<h3>2017<\/h3>\n<p><a href=\"https:\/\/up.lublin.pl\/blog\/galeria\/galeria-5404\/\">Wr\u0119czenie dyplom\u00f3w absolwentom studi\u00f3w (grudzie\u0144 2017)<\/a><br \/>\n<a href=\"https:\/\/up.lublin.pl\/blog\/galeria\/galeria-4998\/\">Uroczysta Immatrykulacja Wydzia\u0142owa &#8211; Rok Akademicki 2017\/2018<\/a><br \/>\n<a href=\"https:\/\/up.lublin.pl\/blog\/galeria\/galeria-4761\/\">Wr\u0119czenie dyplom\u00f3w absolwentom studi\u00f3w<\/a><\/p>\n<h3>2016<\/h3>\n<p><a href=\"https:\/\/up.lublin.pl\/blog\/galeria\/galeria-4287\/\">XIII Akademickie Je\u017adzieckie Mistrzostwa Wojew\u00f3dztwa Lubelskiego w&nbsp;Skokach przez Przeszkody<\/a><br \/>\n<a href=\"https:\/\/up.lublin.pl\/blog\/galeria\/galeria-4265\/\">Cykl lekcji o&nbsp;pszczo\u0142ach w&nbsp;ramach &#8220;Ucze\u0144 z&nbsp;indeksem UP w&nbsp;Lublinie&#8221;<\/a><\/p>\n<h3>2015<\/h3>\n<p><a href=\"https:\/\/up.lublin.pl\/blog\/galeria\/galeria-3957\/\">Wizyta student\u00f3w kierunku BHP w&nbsp;firmie ALIPLAST<\/a><\/p>\n<h3>2013<\/h3>\n<p><a href=\"https:\/\/up.lublin.pl\/blog\/galeria\/galeria-3437\/\">Konferencja Jagni\u0119 z&nbsp;Lubelszczyzny<\/a><br \/>\n<a href=\"https:\/\/up.lublin.pl\/blog\/galeria\/galeria-3292\/\">Jubileusz 60-lecia Wydzia\u0142u Biologii i&nbsp;Hodowli Zwierz\u0105t<\/a><br \/>\n<a href=\"https:\/\/up.lublin.pl\/blog\/galeria\/galeria-3287\/\">Prof. Zygmunt Litwi\u0144czuk doktorem honoris causa UWM<\/a><br \/>\n<a href=\"https:\/\/up.lublin.pl\/blog\/galeria\/galeria-3260\/\">X Mistrzostwa woj.lubelskiego w&nbsp;Skokach przez Przeszkody<\/a><\/p>\n<p><a href=\"https:\/\/up.lublin.pl\/blog\/galeria\/galeria-3222\/\">Galeria wydzia\u0142u &#8211; zdj\u0119cia r\u00f3\u017cne<\/a><\/p>\n                                        <\/div>\n\t\t\t\t\t\t                                <\/div>\n\t\t\t\t                <div class=\"mn-content-block\">\n\t                                <\/div>\n\t\t\t\t                <div class=\"mn-content-block\">\n\t                                <\/div>\n\t\t\t\t                <div class=\"mn-content-block\">\n\t                                <\/div>\n\t\t\t\t                <div class=\"mn-content-block\">\n\t                                <\/div>\n\t\t\t\t                <div class=\"mn-content-block\">\n\t                                <\/div>\n\t\t\t\t                <div class=\"mn-content-block\">\n\t                                <\/div>\n\t\t\t\t                <div class=\"mn-content-block\">\n\t                                <\/div>\n\t\t\t\t                <div class=\"mn-content-block\">\n\t                                <\/div>\n\t\t\t\t                <div class=\"mn-content-block\">\n\t                                <\/div>\n\t\t\t\t                <div class=\"mn-content-block\">\n\t                                <\/div>\n\t\t\t\t                <div class=\"mn-content-block\">\n\t                                <\/div>\n\t\t\t\t                <div class=\"mn-content-block\">\n\t                                <\/div>\n\t\t\t\t                <div class=\"mn-content-block\">\n\t                                <\/div>\n\t\t\t\t                <div class=\"mn-content-block\">\n\t                                <\/div>\n\t\t\t\t                <div class=\"mn-content-block\">\n\t                                <\/div>\n\t\t\t\t                <div class=\"mn-content-block\">\n\t                                <\/div>\n\t\t\t\t                <div class=\"mn-content-block\">\n\t                                <\/div>\n\t\t\t\t                <div class=\"mn-content-block\">\n\t                                <\/div>\n\t\t\t\t                <div class=\"mn-content-block\">\n\t                                <\/div>\n\t\t\t\t\t\t<\/div>\n\t<\/div>\n<\/section>\n\t\t<\/div>\n\t\t\t\t<\/div>\n\t\t\t\t\t\t<\/div>\n\t\t\t\t\t<\/div>\n\t\t<\/div>\n\t\t\t\t\t\t\t\t<\/div>\n\t\t\t\t\t<\/div>\n\t\t<\/section>\n\t\t\t\t\t\t<\/div>\n\t\t\t\t\t\t<\/div>\n\t\t\t\t\t<\/div>\n\t\t","protected":false},"excerpt":{"rendered":"<p>Wydzia\u0142 Nauk o&nbsp;Zwierz\u0119tach i&nbsp;Biogospodarki Galeria UP Wydzia\u0142 Nauk o&nbsp;Zwierz\u0119tach i&nbsp;Biogospodarki 2026 Noc biolog\u00f3w Miko\u0142ajki w\u015br\u00f3d zwierz\u0105t Relacja z&nbsp;konferencji BHP Relacja z&nbsp;zawod\u00f3w w&nbsp;skokach Dzie\u0144 Otwarty 2025 Dni studenta 18.11.2025 XXI edycja Lubelskiego Festiwalu Nauki Inauguracja roku na UP Statuetki profesorskie Wyk\u0142ad Zielony \u0141ad &#8211; Martin Ziaja Po\u017cegnanie prof. Greli Wystawa w&nbsp;Sitnie Studenci na zaj\u0119ciach z&nbsp;piel\u0119gnacji w&nbsp;Maj\u0105tku [&hellip;]<\/p>\n","protected":false},"author":2,"featured_media":0,"parent":264,"menu_order":0,"comment_status":"closed","ping_status":"closed","template":"elementor_header_footer","meta":{"_monsterinsights_skip_tracking":false,"_monsterinsights_sitenote_active":false,"_monsterinsights_sitenote_note":"","_monsterinsights_sitenote_category":0},"_links":{"self":[{"href":"https:\/\/up.lublin.pl\/biologia\/wp-json\/wp\/v2\/pages\/297"}],"collection":[{"href":"https:\/\/up.lublin.pl\/biologia\/wp-json\/wp\/v2\/pages"}],"about":[{"href":"https:\/\/up.lublin.pl\/biologia\/wp-json\/wp\/v2\/types\/page"}],"author":[{"embeddable":true,"href":"https:\/\/up.lublin.pl\/biologia\/wp-json\/wp\/v2\/users\/2"}],"replies":[{"embeddable":true,"href":"https:\/\/up.lublin.pl\/biologia\/wp-json\/wp\/v2\/comments?post=297"}],"version-history":[{"count":92,"href":"https:\/\/up.lublin.pl\/biologia\/wp-json\/wp\/v2\/pages\/297\/revisions"}],"predecessor-version":[{"id":188702,"href":"https:\/\/up.lublin.pl\/biologia\/wp-json\/wp\/v2\/pages\/297\/revisions\/188702"}],"up":[{"embeddable":true,"href":"https:\/\/up.lublin.pl\/biologia\/wp-json\/wp\/v2\/pages\/264"}],"wp:attachment":[{"href":"https:\/\/up.lublin.pl\/biologia\/wp-json\/wp\/v2\/media?parent=297"}],"curies":[{"name":"wp","href":"https:\/\/api.w.org\/{rel}","templated":true}]}}