{"id":293,"date":"2020-11-23T10:17:27","date_gmt":"2020-11-23T09:17:27","guid":{"rendered":"http:\/\/nowastrona.up.lublin.pl\/biologia\/?page_id=293"},"modified":"2021-08-06T13:30:19","modified_gmt":"2021-08-06T11:30:19","slug":"historia","status":"publish","type":"page","link":"https:\/\/up.lublin.pl\/biologia\/wydzial\/historia\/","title":{"rendered":"Historia"},"content":{"rendered":"\t\t<div data-elementor-type=\"wp-page\" data-elementor-id=\"293\" class=\"elementor elementor-293\" data-elementor-settings=\"[]\">\n\t\t\t\t\t\t<div class=\"elementor-inner\">\n\t\t\t\t\t\t\t<div class=\"elementor-section-wrap\">\n\t\t\t\t\t\t\t<section class=\"elementor-section elementor-top-section elementor-element elementor-element-fb00aaf elementor-section-boxed elementor-section-height-default elementor-section-height-default\" data-id=\"fb00aaf\" data-element_type=\"section\">\n\t\t\t\t\t\t<div class=\"elementor-container elementor-column-gap-default\">\n\t\t\t\t\t\t\t<div class=\"elementor-row\">\n\t\t\t\t\t<div class=\"elementor-column elementor-col-100 elementor-top-column elementor-element elementor-element-a49e445\" data-id=\"a49e445\" data-element_type=\"column\">\n\t\t\t<div class=\"elementor-column-wrap elementor-element-populated\">\n\t\t\t\t\t\t\t<div class=\"elementor-widget-wrap\">\n\t\t\t\t\t\t<div class=\"elementor-element elementor-element-326a703 elementor-widget elementor-widget-m2e\" data-id=\"326a703\" data-element_type=\"widget\" data-widget_type=\"m2e.default\">\n\t\t\t\t<div class=\"elementor-widget-container\">\n\t\t\t<section class=\"mn-m2-e mn-bg-green\">\n\t<div class=\"mn-grid\">\n\t\t<div class=\"mn-grid-3 mn-introtext\">\n\t\t\t\t\t\t\t<p class=\"mn-header\">Wydzia\u0142 Nauk o&nbsp;Zwierz\u0119tach i&nbsp;Biogospodarki<\/p>\n\t\t\t\t\t\t\t\t\t\t\t<h3>\n\t\t\t\t\tHistoria\t\t\t\t<\/h3>\n\t\t\t\t\t\t\t\t\t\t\t\t<\/div>\n\t\t<div class=\"mn-grid-9 mn-image-container\">\n\t\t\t\t\t<\/div>\n\t<\/div>\n\t<\/section>\n\t\t<\/div>\n\t\t\t\t<\/div>\n\t\t\t\t\t\t<\/div>\n\t\t\t\t\t<\/div>\n\t\t<\/div>\n\t\t\t\t\t\t\t\t<\/div>\n\t\t\t\t\t<\/div>\n\t\t<\/section>\n\t\t\t\t<section class=\"elementor-section elementor-top-section elementor-element elementor-element-3b38dba elementor-section-boxed elementor-section-height-default elementor-section-height-default\" data-id=\"3b38dba\" data-element_type=\"section\">\n\t\t\t\t\t\t<div class=\"elementor-container elementor-column-gap-default\">\n\t\t\t\t\t\t\t<div class=\"elementor-row\">\n\t\t\t\t\t<div class=\"elementor-column elementor-col-100 elementor-top-column elementor-element elementor-element-756e91b\" data-id=\"756e91b\" data-element_type=\"column\">\n\t\t\t<div class=\"elementor-column-wrap elementor-element-populated\">\n\t\t\t\t\t\t\t<div class=\"elementor-widget-wrap\">\n\t\t\t\t\t\t<div class=\"elementor-element elementor-element-1308758 elementor-widget elementor-widget-m5c\" data-id=\"1308758\" data-element_type=\"widget\" data-widget_type=\"m5c.default\">\n\t\t\t\t<div class=\"elementor-widget-container\">\n\t\t\t<section class=\"mn-m5-c mn-m5-d2 mn-bg-white\">\n\t<div class=\"mn-grid\">\n\t\t\t\t<div class=\"mn-content mn-grid-9\">\n\t\t\t                <div class=\"mn-content-block active\">\n\t                                                        <div class=\"mn-cards-list\">\n                                            <div class=\"mn-card-container\">\n                                                <div>\n                                                    <img src=\"https:\/\/up.lublin.pl\/biologia\/wp-content\/themes\/up-lublin\/assets\/images\/doc-ico.svg\" alt=\"\" \/>\n                                                    <h5>Uchwa\u0142a 57\/2018-2019 z&nbsp;dnia 26.04.2019 w&nbsp;sprawie zmiany nazwy Wydzia\u0142u Biologii, Nauk o&nbsp;Zwierz\u0119tach i&nbsp;Biogospodarki<\/h5>\n                                                <\/div>\n                                                <a href=\"bip.up.lublin.pl\/files\/biurorektora\/Uchwaly%202018-2019\/057\/057.pdf\" class=\"mn-more\" target=\"_blank\">Zobacz<\/a>\n                                            <\/div>\n                                        <\/div>\n\t\t\t\t\t\t                                                        <div class=\"block-text\">\n\t                                        <p><strong>Wydzia\u0142 Nauk o&nbsp;Zwierz\u0119tach i&nbsp;Biogospodarki<\/strong> (pierwotnie Zootechniczny) powsta\u0142 1 wrze\u015bnia 1953 r., jeszcze w&nbsp;strukturach Uniwersytetu Marii Curie-Sk\u0142odowskiej, jako trzeci zajmuj\u0105cy si\u0119 naukami rolniczymi \u2013 obok Wydzia\u0142u Rolnego i&nbsp;Weterynaryjnego. W&nbsp;sk\u0142ad jego wesz\u0142y 4 katedry tzw. \u201epionu produkcji zwierz\u0119cej&#8221;, wy\u0142\u0105czone z&nbsp;Wydzia\u0142u Rolnego UMCS. By\u0142y to: Katedra Zoologii (1944 r.), Katedra Og\u00f3lnej Hodowli Zwierz\u0105t (1945 r.), Katedra Fizjologii i&nbsp;\u017bywienia Zwierz\u0105t (1945 r.) oraz Katedra Szczeg\u00f3\u0142owej Hodowli Zwierz\u0105t (1945 r.), w&nbsp;ramach kt\u00f3rej w&nbsp;1952 r. powo\u0142ano 2 zak\u0142ady: Hodowli Byd\u0142a oraz Hodowli Koni i&nbsp;Owiec. 1 wrze\u015bnia 1955 roku, ju\u017c po powstaniu Wy\u017cszej Szko\u0142y Rolniczej w\u0142\u0105czono do Wydzia\u0142u Katedr\u0119 Zoohigieny, kt\u00f3ra uprzednio funkcjonowa\u0142a w&nbsp;strukturze Wydzia\u0142u Weterynaryjnego.<\/p>\n<p>W opracowaniu wydanym w&nbsp;1963 roku na X-lecie Wydzia\u0142u Zootechnicznego autorzy pisz\u0105: \u201e<em>Wymienione katedry przeby\u0142y w&nbsp;swym rozwoju bardzo uci\u0105\u017cliw\u0105 drog\u0119, poczynaj\u0105c od pierwszych prac organizacyjnych podj\u0119tych w&nbsp;niezwykle ci\u0119\u017ckich warunkach przez kilkunastu pe\u0142nych patriotyzmu i&nbsp;<\/em><em>zapa\u0142u ludzi a\u017c do momentu scalenia si\u0119 ich i&nbsp;przeobra\u017cenia w&nbsp;dniu 1 wrze\u015bnia 1953 r. w&nbsp;Wydzia\u0142 Zootechniczny UMCS<\/em>\u201d.<\/p>\n<p>Pierwszymi, kt\u00f3rzy tworzyli histori\u0119 Jednostki byli: prof. Adam Doma\u0144ski (1901-1997), prof. Laura Kaufman (1889-1972), prof. Henryk Malarski (1887-1955), prof. Zdzis\u0142aw Zabielski (1885-1974).<\/p>\n<p>\u00d3wczesne warunki lokalowe by\u0142y bardzo trudne. Katedry dysponowa\u0142y jednym lub dwoma pokojami w&nbsp;budynkach porozrzucanych po r\u00f3\u017cnych cz\u0119\u015bciach miasta. Na niekt\u00f3re zaj\u0119cia, studenci wyje\u017cd\u017cali kilka razy w&nbsp;roku do Pu\u0142aw, gdzie odbywali \u0107wiczenia w&nbsp;laboratoriach by\u0142ego Pa\u0144stwowego Instytutu Naukowego Gospodarstwa Wiejskiego.<\/p>\n<p>Warunki lokalowe poprawi\u0142y si\u0119 nieco w&nbsp;roku akademickim 1947\/48, po odbudowie gmachu przy ul. Kr\u00f3la Leszczy\u0144skiego 9. Jednak znacz\u0105c\u0105 popraw\u0119 bazy lokalowej Wydzia\u0142 uzyska\u0142 dopiero w&nbsp;1969 r., gdy przy ul. Akademickiej 13 oddano do u\u017cytku nowy gmach <em>Collegium Zootechnicum<\/em>. Rok p\u00f3\u017aniej przeniesiono do niego wszystkie katedry produkcji zwierz\u0119cej. Znacznie p\u00f3\u017aniej, bo w&nbsp;2005 r. Wydzia\u0142 pozyska\u0142 kilkana\u015bcie pomieszcze\u0144 przy ulicy Dobrza\u0144skiego (w Felinie), kt\u00f3re zajmuje obecnie Katedra Hydrobiologii i&nbsp;Ochrony Ekosystem\u00f3w (od 1 wrze\u015bnia 2019 r. wesz\u0142a w&nbsp;struktury nowo powo\u0142anego Wydzia\u0142u Biologii \u015arodowiskowej).<\/p>\n<p>W trakcie historii Wydzia\u0142u dokonano kilku reorganizacji.<\/p>\n<p>Pierwsza przypad\u0142a na rok 1970 roku, kiedy to w&nbsp;miejsce katedr powo\u0142ano instytuty. Z&nbsp;6 katedr produkcji zwierz\u0119cej utworzono 3 instytuty: Biologicznych Podstaw Produkcji Zwierz\u0119cej, Hodowli i&nbsp;Technologii Produkcji Zwierz\u0119cej oraz \u017bywienia i&nbsp;Higieny Zwierz\u0105t. Do istniej\u0105cego na Wydziale w&nbsp;latach 1966-1970 Zak\u0142adu Ekonomiki Produkcji Zwierz\u0119cej do\u0142\u0105czono z&nbsp;Wydzia\u0142u Rolniczego Katedr\u0119 Ekonomiki i&nbsp;Organizacji Rolnictwa i&nbsp;przemianowano w&nbsp;instytut o&nbsp;tej samej nazwie, kt\u00f3ry do roku 1975 funkcjonowa\u0142 w&nbsp;strukturze Wydzia\u0142u Zootechnicznego.<\/p>\n<p>Kolejnej reorganizacji w&nbsp;strukturze Wydzia\u0142u dokonano w&nbsp;1993 roku. Z&nbsp;Instytutu Hodowli i&nbsp;Technologii Produkcji Zwierz\u0119cej wy\u0142\u0105czono Zak\u0142ad Hodowli Zwierz\u0105t \u0141ownych i&nbsp;powo\u0142ano samodzieln\u0105 Katedr\u0119 Ekologii i&nbsp;Hodowli Zwierz\u0105t \u0141ownych. Instytut \u017bywienia i&nbsp;Higieny Zwierz\u0105t podzielono na Instytut \u017bywienia Zwierz\u0105t oraz Katedr\u0119 Higieny Zwierz\u0105t i&nbsp;\u015arodowiska. Z&nbsp;Instytutu Biologicznych Podstaw Produkcji Zwierz\u0119cej wydzielono natomiast Katedr\u0119 Zoologii, Katedr\u0119 Hydrobiologii i&nbsp;Ichtiobiologii oraz Katedr\u0119 Biologicznych Podstaw Produkcji Zwierz\u0119cej.<\/p>\n<p>Nast\u0119pn\u0105 reorganizacj\u0119 przeprowadzono w&nbsp;1997 roku. Funkcjonuj\u0105cy Instytut Hodowli i&nbsp;Technologii Produkcji Zwierz\u0119cej przekszta\u0142cono w&nbsp;6 samodzielnych jednostek, wydzielaj\u0105c: Katedr\u0119 Hodowli Byd\u0142a, Katedr\u0119 Hodowli Owiec i&nbsp;K\u00f3z, Katedr\u0119 Hodowli i&nbsp;Technologii Produkcji Trzody Chlewnej, Katedr\u0119 Hodowli i&nbsp;U\u017cytkowania Koni, Zak\u0142ad Etologii i&nbsp;Podstaw Technologii Produkcji Zwierz\u0119cej oraz Zak\u0142ad Oceny i&nbsp;Wykorzystania Surowc\u00f3w Zwierz\u0119cych. Dwie ostatnio wymienione jednostki (zak\u0142ady) przekszta\u0142cono w&nbsp;nast\u0119pnych latach w&nbsp;katedry (1998 i&nbsp;2000).<\/p>\n<p>W 2000 roku z&nbsp;Katedry Ekologii i&nbsp;Hodowli Zwierz\u0105t \u0141ownych wyodr\u0119bniono samodzielny Zak\u0142ad Hodowli Amatorskich i&nbsp;Zwierz\u0105t Dzikich (obecnie Katedra Hodowli Zwierz\u0105t Towarzysz\u0105cych i&nbsp;Dzikich), a&nbsp;w 2001 roku z&nbsp;Instytutu \u017bywienia Zwierz\u0105t (obecnie Instytut \u017bywienia Zwierz\u0105t i&nbsp;Bromatologii) \u2013 Katedr\u0119 Biochemii i&nbsp;Toksykologii.<\/p>\n<p>W\u00a0 2017 r. dokonano kolejnej reorganizacji Wydzia\u0142u, w&nbsp;wyniku kt\u00f3rej powsta\u0142o 10 jednostek, w&nbsp;tym 3 instytuty i&nbsp;7 katedr. W&nbsp;2018 r. Katedra Hodowli i&nbsp;U\u017cytkowania Koni przenios\u0142a si\u0119 na ul. Do\u015bwiadczaln\u0105 (w Felinie), przy kt\u00f3rej powsta\u0142 w&nbsp;2019 r. O\u015brodek Je\u017adziecki. Posiada on 3 stajnie, 2 kryte uje\u017cd\u017calnie i&nbsp;1 otwart\u0105.<\/p>\n<p>W roku 1998 zmieniono nazw\u0119 Wydzia\u0142u z&nbsp;Zootechnicznego na Biologii i&nbsp;Hodowli Zwierz\u0105t, w&nbsp;2016 r. na Wydzia\u0142 Biologii, Nauk o&nbsp;Zwierz\u0119tach i&nbsp;Biogospodarki (Uchwa\u0142a Senatu 22\/2015-2016 z&nbsp;dnia 22.01.2016, a&nbsp;z dniem 1 wrze\u015bnia 2019 r.), a&nbsp;1 wrze\u015bnia 2019 r. na Wydzia\u0142 Nauk o&nbsp;Zwierz\u0119tach i&nbsp;Biogospodarki (Uchwa\u0142a Senatu 57\/2018-2019 z&nbsp;dnia 26.04.2019). Ostatnia zmiana nazwy Wydzia\u0142u podyktowana by\u0142a faktem utworzenia z&nbsp;dniem 1 wrze\u015bnia 2019 r. Wydzia\u0142u Biologii \u015arodowiskowej, w&nbsp;struktury kt\u00f3rego wesz\u0142y dwie jednostki organizacyjne z&nbsp;Wydzia\u0142u Biologii, Nauk o&nbsp;Zwierz\u0119tach i&nbsp;Biogospodarki (Katedra Hydrobiologii i&nbsp;Ochrony Ekosystem\u00f3w oraz Katedra Zoologii i&nbsp;Ekologii Zwierz\u0105t). Fakt ten nast\u0105pi\u0142 w&nbsp;wyniku wieloletnich dzia\u0142a\u0144 kolejnych w\u0142adz Wydzia\u0142u, kt\u00f3re dba\u0142y o&nbsp;kszta\u0142cenie kadry, nie tylko w&nbsp;dyscyplinie zootechnika, ale tak\u017ce w&nbsp;dyscyplinie technologia \u017cywno\u015bci i&nbsp;\u017cywienia i&nbsp;w dziedzinie nauk biologicznych. Efekty tych dzia\u0142a\u0144 pozwoli\u0142y w&nbsp;2018 r. z\u0142o\u017cy\u0107 Dziekanowi Wydzia\u0142u \u2013 prof. Joannie Bar\u0142owskiej wniosek do Centralnej Komisji ds. Stopni i&nbsp;Tytu\u0142\u00f3w o&nbsp;prawa doktoryzowania w&nbsp;dyscyplinie biologia. Decyzj\u0105 tej Komisji z&nbsp;dnia 28 stycznia 2019 r. Uniwersytet Przyrodniczy w&nbsp;Lublinie (bior\u0105c pod uwag\u0119 r\u00f3wnie\u017c kadr\u0119 przypisan\u0105 do dyscypliny biologia z&nbsp;innych wydzia\u0142\u00f3w) uzyska\u0142 prawa nadawania stopnia doktora nauk \u015bcis\u0142ych i&nbsp;przyrodniczych w&nbsp;dyscyplinie nauki biologiczne. Pozwoli\u0142o to JM Rektorowi Uniwersytetu Przyrodniczego w&nbsp;Lublinie \u2013 prof. dr hab. Zygmuntowi Litwi\u0144czukowi podj\u0105\u0107 inicjatyw\u0119 utworzenia nowego wydzia\u0142u \u2013 Biologii \u015arodowiskowej. Wraz z&nbsp;utworzeniem Wydzia\u0142u Biologii \u015arodowiskowej przeniesiono tam kszta\u0142cenie na kierunkach studi\u00f3w: ochrona \u015brodowiska, biologia wraz ze specjalno\u015bci\u0105 biologia s\u0105dowa i&nbsp;biokosmetologia.<\/p>\n<p>Obecnie w&nbsp;sk\u0142ad struktur Wydzia\u0142u wchodzi 2 instytuty i&nbsp;7 katedr.<\/p>\n<table style=\"border-collapse: collapse;width: 100%;height: 1456px\">\n<tbody>\n<tr style=\"height: 46px\">\n<td style=\"width: 71.6666%;height: 46px\" colspan=\"3\">Struktura Wydzia\u0142u Nauk o&nbsp;Zwierz\u0119tach i&nbsp;Biogospodarki \u2013 stan na 1.06.2021 r.<\/td>\n<\/tr>\n<tr style=\"height: 46px\">\n<td style=\"height: 46px;width: 5%\">lp.<\/td>\n<td style=\"height: 46px;width: 45%\">Jednostka organizacyjna Wydzia\u0142u<\/td>\n<td style=\"height: 46px;text-align: left;width: 50%\">Jednostki podleg\u0142e<\/td>\n<\/tr>\n<tr style=\"height: 23px\">\n<td style=\"height: 23px;width: 5%\">1<\/td>\n<td style=\"height: 23px;width: 45%\">Dziekanat WNoZiB<\/td>\n<td style=\"height: 23px;text-align: left;width: 50%\">\u00a0<\/td>\n<\/tr>\n<tr style=\"height: 298px\">\n<td style=\"height: 298px;width: 5%\">2<\/td>\n<td style=\"height: 298px;width: 45%\">Instytut Biologicznych Podstaw Produkcji Zwierz\u0119cej<\/td>\n<td style=\"height: 298px;text-align: left;width: 50%\">\n<p>Pracownia Zoopsychologii<\/p>\n<p>Stacja Dydaktyczno-Badawcza Zwierz\u0105t Drobnych im. Laury Kaufman<\/p>\n<p>Zak\u0142ad Doskonalenia Zwierz\u0105t i&nbsp;Drobiarstwa<\/p>\n<p>Zak\u0142ad Genetyki Og\u00f3lnej i&nbsp;Molekularnej<\/p>\n<p>Zak\u0142ad Pszczelnictwa<\/p>\n<\/td>\n<\/tr>\n<tr style=\"height: 23px\">\n<td style=\"height: 23px;width: 5%\">3<\/td>\n<td style=\"height: 23px;width: 45%\">Instytut \u017bywienia Zwierz\u0105t i&nbsp;Bromatologii<\/td>\n<td style=\"height: 23px;text-align: left;width: 50%\">\n<p>Pracownia Analizy Pasz i&nbsp;Materia\u0142u Biologicznego<\/p>\n<p>Zak\u0142ad Bromatologii i&nbsp;Fizjologii \u017bywienia<\/p>\n<p>Zak\u0142ad \u017bywienia Zwierz\u0105t i&nbsp;Paszoznawstwa<\/p>\n<\/td>\n<\/tr>\n<tr style=\"height: 23px\">\n<td style=\"height: 23px;width: 5%\">4<\/td>\n<td style=\"height: 23px;width: 45%\">Katedra Hodowli Zwierz\u0105t i&nbsp;Doradztwa Rolniczego<\/td>\n<td style=\"height: 23px;text-align: left;width: 50%\">\n<p>Pracownia Doradztwa Rolniczego<\/p>\n<p>Zak\u0142ad Hodowli i&nbsp;Biotechnologii \u015awi\u0144<\/p>\n<p>Zak\u0142ad Hodowli Ma\u0142ych Prze\u017cuwaczy i&nbsp;Stacja Badawcza im. prof. T. Efnera<\/p>\n<\/td>\n<\/tr>\n<tr style=\"height: 23px\">\n<td style=\"height: 23px;width: 5%\">5<\/td>\n<td style=\"height: 23px;width: 45%\">Katedra Hodowli i&nbsp;Ochrony Zasob\u00f3w Genetycznych Byd\u0142a<\/td>\n<td style=\"height: 23px;text-align: left;width: 50%\">Pracownia Ekologicznej Produkcji \u017bywno\u015bci Pochodzenia Zwierz\u0119cego<\/td>\n<\/tr>\n<tr style=\"height: 23px\">\n<td style=\"height: 23px;width: 5%\">6<\/td>\n<td style=\"height: 23px;width: 45%\">Katedra Oceny Jako\u015bci i&nbsp;Przetw\u00f3rstwa Produkt\u00f3w Zwierz\u0119cych<\/td>\n<td style=\"height: 23px;text-align: left;width: 50%\">\n<p>Zak\u0142ad Bezpiecze\u0144stwa \u017bywno\u015bci i&nbsp;Produkt\u00f3w Regionalnych<\/p>\n<p>Zak\u0142ad Instrumentalnej Analizy \u017bywno\u015bci<\/p>\n<p>Zak\u0142ad Towaroznawstwa i&nbsp;Przetw\u00f3rstwa Surowc\u00f3w Zwierz\u0119cych<\/p>\n<\/td>\n<\/tr>\n<tr style=\"height: 23px\">\n<td style=\"height: 23px;width: 5%\">7<\/td>\n<td style=\"height: 23px;width: 45%\">Katedra Biochemii i&nbsp;Toksykologii<\/td>\n<td style=\"height: 23px;text-align: left;width: 50%\">Pracownia Biochemii Analitycznej<\/td>\n<\/tr>\n<tr style=\"height: 23px\">\n<td style=\"height: 23px;width: 5%\">8<\/td>\n<td style=\"height: 23px;width: 45%\">Katedra Etologii Zwierz\u0105t i&nbsp;\u0141owiectwa<\/td>\n<td style=\"height: 23px;text-align: left;width: 50%\">\n<p>Zak\u0142ad Behawioru i&nbsp;Dobrostanu Zwierz\u0105t<\/p>\n<p>Zak\u0142ad Etologii Zwierz\u0105t<\/p>\n<p>Zak\u0142ad Gospodarki \u0141owieckiej<\/p>\n<\/td>\n<\/tr>\n<tr style=\"height: 125px\">\n<td style=\"height: 125px;width: 5%\">9<\/td>\n<td style=\"height: 125px;width: 45%\">Katedra Higieny Zwierz\u0105t i&nbsp;Zagro\u017ce\u0144 \u015arodowiska<\/td>\n<td style=\"text-align: left;height: 125px;width: 50%\">\n<p>Zak\u0142ad Mikrobiologii i&nbsp;Biologii Rozrodu<\/p>\n<p>Zak\u0142ad Zagro\u017ce\u0144 Zawodowych i&nbsp;\u015arodowiskowych<\/p>\n<\/td>\n<\/tr>\n<tr style=\"height: 31px\">\n<td style=\"height: 31px;width: 5%\">10<\/td>\n<td style=\"height: 31px;width: 45%\">Katedra Hodowli i&nbsp;U\u017cytkowania Koni<\/td>\n<td style=\"text-align: left;height: 31px;width: 50%\">\n<p>O\u015brodek Je\u017adziecki<\/p>\n<\/td>\n<\/tr>\n<\/tbody>\n<\/table>\n<p>\u00a0<\/p>\n<p>Na Wydziale zatrudnionych jest \u0142\u0105cznie 133 osoby, w&nbsp;tym 98 nauczycieli akademickich, 29 pracownik\u00f3w in\u017cynieryjno-technicznych i&nbsp;6 pracownik\u00f3w z&nbsp;obs\u0142ugi. W&nbsp;grupie nauczycieli akademickich, 75 zatrudnionych jest na etatach badawczo-dydaktycznych, a&nbsp;23 na dydaktycznych. W\u015br\u00f3d pracownik\u00f3w badawczo-dydaktycznych jest 24 profesor\u00f3w (tytu\u0142 naukowy), 17 profesor\u00f3w uczelni, 3 adiunkt\u00f3w ze stopniem naukowym doktora habilitowanego, 23 adiunkt\u00f3w ze stopniem naukowym doktora, 2 asystent\u00f3w ze stopniem naukowym doktora i&nbsp;6 asystent\u00f3w ze stopniem zawodowym magistra. W\u015br\u00f3d pracownik\u00f3w zatrudnionych na etatach dydaktycznych jest 1 profesor, 7 profesor\u00f3w uczelni\u00a0 i&nbsp;15 adiunkt\u00f3w ze stopniem naukowym doktora (10.03.2021 r.). \u00a0<\/p>\n<p>\u00a0\u00a0\u00a0\u00a0\u00a0\u00a0\u00a0\u00a0\u00a0\u00a0\u00a0 Szczeg\u00f3lny wk\u0142ad w&nbsp;rozw\u00f3j Wydzia\u0142u wnie\u015bli kolejni dziekani, profesorowie: Adam Doma\u0144ski (1953-1962), Alfred Chodkowski (1962-1964), Ewald Sasimowski (1964-1969), Janusz Maciejowski (1969-1972), W\u0142adys\u0142aw Zalewski (1972-1973), J\u00f3zef Zi\u0119ba (1973-1984), Jacek R\u0105czkiewicz (1984-1987), Marian Budzy\u0144ski (1987-1990), Zygmunt Litwi\u0144czuk (1990-1996), Gra\u017cyna Je\u017cewska (1996-2002), Tomasz M. Gruszecki (2002-2008)\u00a0 i&nbsp;Eugeniusz R. Grela (2008-2016), Joanna Bar\u0142owska (2016 \u20132021). W&nbsp;kadencji 2021-2024 funkcj\u0119 dziekana pe\u0142ni prof. dr hab. Brygida \u015alaska.<\/p>\n<p>Miar\u0105 uznania dla pracownik\u00f3w Wydzia\u0142u by\u0142o powo\u0142anie ich do pe\u0142nienia funkcji kierowniczych w&nbsp;Uczelni. Rektorem w&nbsp;latach 1969-1972 by\u0142 prof. Ewald Sasimowski, a&nbsp;na obecn\u0105 kadencj\u0119 (2016-2020) powierzono t\u0119 funkcj\u0119 prof. dr hab. dr h. c. mult. Zygmuntowi Litwi\u0144czukowi. Funkcj\u0119 prorektora pe\u0142nili profesorowie: Gabriel Brz\u0119k (1959-1962), Adam Doma\u0144ski (1965-1966), Janusz Maciejowski (1972-1975), W\u0142adys\u0142aw Zalewski (1973-1981), Aleksander Walkiewicz (1987-1990), Ryszard Stenzel (1990-1993), Czes\u0142awa Lipecka (1993-1996), Gra\u017cyna Je\u017cewska (2002-2008) i&nbsp;Eugeniusz R. Grela (2016-2020).<\/p>\n<p>\u00a0\u00a0\u00a0\u00a0\u00a0\u00a0\u00a0\u00a0\u00a0\u00a0\u00a0 Zaszczytne tytu\u0142y doktora honoris causa naszej uczelni otrzyma\u0142o do chwili obecnej 6 profesor\u00f3w Wydzia\u0142u. Byli to: Laura Kaufman (1964), Gabriel Brz\u0119k (1984), Adam Doma\u0144ski (1987), Ewald Sasimowski (1991), W\u0142adys\u0142aw Zalewski (2003) i&nbsp;Marian Budzy\u0144ski (2013). Tym zaszczytnym tytu\u0142em inne uczelnie wyr\u00f3\u017cni\u0142y 3 profesor\u00f3w Wydzia\u0142u, tzn. Gabriela Brz\u0119ka w&nbsp;1995 r. Akademia Medyczna w&nbsp;Lublinie, Czes\u0142aw\u0119 Lipeck\u0105 w&nbsp;2006 r. Uniwersytet Przyrodniczy we Wroc\u0142awiu oraz czterokrotnie Zygmunta Litwi\u0144czuka: w&nbsp;2008 r. Akademia Podlaska w&nbsp;Siedlcach, w&nbsp;2013 r. Uniwersytet Warmi\u0144sko-Mazurski w&nbsp;Olsztynie, w&nbsp;2016 r. \u2013 Uniwersytet Przyrodniczy we Wroc\u0142awiu i&nbsp;w 2020 r. \u2013 Zachodniopomorski Uniwersytet Technologiczny w&nbsp;Szczecinie.<\/p>\n<p>\u00a0\u00a0\u00a0\u00a0\u00a0\u00a0\u00a0\u00a0\u00a0\u00a0\u00a0 Najwy\u017csze wyr\u00f3\u017cnienie Wydzia\u0142u V&nbsp;PAN, tzn. Medal im. Micha\u0142a Oczapowskiego przyznano profesorom: Adamowi Doma\u0144skiemu (1991), Ewaldowi Sasimowskiemu (2003), Marianowi Budzy\u0144skiemu (2008), Zygmuntowi Litwi\u0144czukowi (2017) i&nbsp;Czes\u0142awie Lipeckiej (2018). Natomiast presti\u017cowym medalem im. prof. Tadeusza Vetulaniego za zas\u0142ugi dla ochrony bior\u00f3\u017cnorodno\u015bci rodzimych ras zwierz\u0105t gospodarskich wyr\u00f3\u017cnieni zostali: Ewald Sasimowski (2002), prof. Zygmunt Litwi\u0144czuk (2007) i&nbsp;prof. Tomasz M. Gruszecki (2015).<\/p>\n<p>Pracownicy Wydzia\u0142u wybierani byli r\u00f3wnie\u017c do pe\u0142nienia funkcji w&nbsp;wa\u017cnych instytucjach zwi\u0105zanych z&nbsp;organizacj\u0105 nauki w&nbsp;Polsce. Cz\u0142onkami Centralnej Komisji ds. Stopni i&nbsp;Tytu\u0142\u00f3w (poprzednio Centralnej Komisji Kwalifikacyjnej) byli profesorowie Ewald Sasimowski (1973-1979), Janusz Maciejowski (1986-1994) i&nbsp;Zygmunt Litwi\u0144czuk (1997-2016). Obecnie t\u0105 funkcj\u0119 pe\u0142ni Prof. dr hab. Tomasz M. Gruszecki (2017-2020), kt\u00f3ry zosta\u0142 jednocze\u015bnie wybrany na cz\u0142onka Rady Doskona\u0142o\u015bci Naukowej na kadencj\u0119 2019-2023. Prof. Czes\u0142awa Lipecka by\u0142a cz\u0142onkiem Rady G\u0142\u00f3wnej Szkolnictwa Wy\u017cszego (2000-2005), a&nbsp;prof. Marian Budzy\u0144ski cz\u0142onkiem Zespo\u0142u Nauk Rolniczych KBN (2000-2003). Funkcj\u0119 przewodnicz\u0105cych Komitetu Nauk Zootechnicznych PAN pe\u0142nili: prof. Ewald Sasimowski (1975-1978), prof. Janusz Maciejowski (1981-1983) i&nbsp;prof. Marian Budzy\u0144ski (1991-2003), a&nbsp;wiceprzewodnicz\u0105cych Komitetu Nauk Zootechnicznych PAN \u2013 prof. Zygmunt Litwi\u0144czuk (2003-2011) i&nbsp;Komitetu Nauk Zootechnicznych i&nbsp;Akwakultury PAN \u2013 prof. Tomasz M. Gruszecki (2016-2020).<\/p>\n<p>Miar\u0105 uznania w&nbsp;og\u00f3lnopolskim \u015brodowisku zootechnicznym \u00a0by\u0142 wyb\u00f3r naszych pracownik\u00f3w do w\u0142adz Polskiego Towarzystwa Zootechnicznego. Prezesami Towarzystwa byli profesorowie: Roman Prawoche\u0144ski (1938-1939), Henryk Malarski (1948-1955), Ewald Sasimowski (1972-1974), Janusz Maciejowski (1986-1989) i&nbsp;Zygmunt Litwi\u0144czuk (2007-2013).<\/p>\n<p>Nale\u017cy tutaj jeszcze raz wspomnie\u0107 o&nbsp;osobie wielce zas\u0142u\u017conej dla naszego Wydzia\u0142u \u2013 Prof. Laurze Kaufman, kt\u00f3ra by\u0142a pierwsz\u0105 w&nbsp;Polsce kobiet\u0105 \u2013 profesorem zootechniki, cz\u0142onkiem rzeczywistym Polskiej Akademii Nauk (od 1958 r.) oraz za\u0142o\u017cycielem i\u00a0 pierwszym prezesem Lubelskiego Towarzystwa Naukowego (1958-1965).<\/p>\n<p>Wydzia\u0142 przez ca\u0142y czas rozwija swoj\u0105 ofert\u0119 dydaktyczn\u0105. Momentem prze\u0142omowym by\u0142o powo\u0142anie w&nbsp;1992 r., obok Zootechniki, drugiego kierunku studi\u00f3w \u2013 Ochrony \u015brodowiska. W&nbsp;2002 roku utworzono na Wydziale trzeci kierunek studi\u00f3w \u2013 Biologia, ze specjalno\u015bci\u0105 biologia stosowana, w&nbsp;2010 r. powo\u0142ano czwarty kierunek \u2013 Bezpiecze\u0144stwo i&nbsp;higiena pracy (BHP), a&nbsp;w 2011 r. pi\u0105ty \u2013 Bezpiecze\u0144stwo \u017cywno\u015bci. W&nbsp;latach 2012-2014, na bazie trzech specjalno\u015bci z&nbsp;kierunku Zootechnika powsta\u0142y nowe kierunki: Hipologia i&nbsp;je\u017adziectwo, Behawiorystyka zwierz\u0105t oraz Doradztwo w&nbsp;obszarach wiejskich. W&nbsp;2015 r. powsta\u0142 dziewi\u0105ty kierunek studi\u00f3w (II<sup>o<\/sup>) \u2013 Bezpiecze\u0144stwo i&nbsp;certyfikacja \u017cywno\u015bci, a&nbsp;w 2017 r. powo\u0142ano studia I&nbsp;stopnia. W&nbsp;2017 r. powsta\u0142y dwa kolejne kierunki studi\u00f3w: Aktywno\u015b\u0107 fizyczna i&nbsp;agroturystyka kwalifikowana i&nbsp;angloj\u0119zyczny \u2013 Equine Management and Care. W&nbsp;2018 r. powsta\u0142 kierunek studi\u00f3w Biokosmetologia i&nbsp;specjalno\u015b\u0107 w&nbsp;j\u0119zyku angielskim (Horse Osage) na II stopniu kierunku Hipologia i&nbsp;je\u017adziectwo, a&nbsp;w 2020 r. kierunek studi\u00f3w Zarz\u0105dzenie w&nbsp;produkcji i&nbsp;przetw\u00f3rstwie mleka (II<sup>o<\/sup>) i&nbsp;Pszczelarstwo w&nbsp;agroekosystemach (I<sup>o<\/sup>). Jak ju\u017c wspomniano wcze\u015bniej, kszta\u0142cenie na 3 kierunkach studi\u00f3w (ochrona \u015brodowiska, biologia wraz ze specjalno\u015bci\u0105 biologia s\u0105dowa i&nbsp;biokosmetologia) prze\u015bniono na nowo powsta\u0142y Wydzia\u0142 Biologii \u015arodowiskowej.<\/p>\n<p>W ostatnim okresie (lata 2016-2018) na 8 kierunkach studi\u00f3w (Zootechnika, Bezpiecze\u0144stwo \u017cywno\u015bci, Hipologia i&nbsp;je\u017adziectwo, Behawiorystyka zwierz\u0105t, Bezpiecze\u0144stwo i&nbsp;higiena pracy, Biologia, Ochrona \u015brodowiska oraz Bezpiecze\u0144stwo i&nbsp;certyfikacja \u017cywno\u015bci) zosta\u0142a przeprowadzona ocena programowa Polskiej Komisji Akredytacyjnej. Wszystkie te kierunki studi\u00f3w uzyska\u0142y ocen\u0119 \u201epozytywn\u0105\u201d.<\/p>\n<p>Aktualnie na Wydziale studiuje 1303 os\u00f3b. Na przestrzeni 66 lat dyplom uko\u0144czenia studi\u00f3w uzyska\u0142o prawie 15,5 tys. absolwent\u00f3w, z\u00a0tego 7460 na kierunku Zootechnika, 5300 \u2013 Ochrona \u015brodowiska, 910 \u2013 Biologia, 244\u2013 Hipologia i\u00a0je\u017adziectwo, 582 \u2013 Behawiorystyka zwierz\u0105t, 468 \u2013Bezpiecze\u0144stwo i\u00a0higiena pracy, 145 \u2013 Bezpiecze\u0144stwo \u017cywno\u015bci, 120 \u2013 Bezpiecze\u0144stwo i\u00a0certyfikacja \u017cywno\u015bci oraz 48 \u2013 Doradztwo w\u00a0obszarach wiejskich.<\/p>\n<p>Od 1996 r. Wydzia\u0142 prowadzi\u0142 r\u00f3wnie\u017c studia doktoranckie (ostatni nab\u00f3r doktorant\u00f3w w\u00a02018 r.). W\u00a0tym okresie podj\u0119\u0142o studia doktoranckie 193 osoby, z\u00a0czego 90 uko\u0144czy\u0142o obron\u0105 pracy doktorskiej. Do Wydzia\u0142u przypisane jest r\u00f3wnie\u017c 4 kierunki studi\u00f3w podyplomowych.<\/p>\n<p>Na Wydziale dzia\u0142a dwa studenckie ko\u0142a naukowe. Pierwsze z\u00a0nich powsta\u0142o w\u00a01966 r. pod obecn\u0105 nazw\u0105 Studenckie Ko\u0142o Naukowe \u201eNauk o\u00a0Zwierz\u0119tach i\u00a0Biogospodarki\u201d (do ko\u0144ca pa\u017adziernika 2019 r. \u2013 Studenckie Ko\u0142o Naukowe Biolog\u00f3w i\u00a0Hodowc\u00f3w Zwierz\u0105t). Zrzesza ono obecnie oko\u0142o 350 student\u00f3w, pracuj\u0105cych a\u017c w&nbsp;21 sekcjach specjalistycznych. Opiekunem naukowym Ko\u0142a od 2016 r. jest dr hab. prof. uczelni Witold Chabuz. Drugie pn. Studenckie Ko\u0142o Naukowe Biologii, Hodowli i\u00a0U\u017cytkowania Drobiu powsta\u0142o w\u00a02020 r. i\u00a0zrzesza przesz\u0142o 20 student\u00f3w Opiekunami ko\u0142a s\u0105; Pani dr hab. Justyna Batkowska, prof., uczelni i\u00a0mgr in\u017c. Kamil Drabik.<\/p>\n<p>Dzia\u0142alno\u015b\u0107 naukowo-badawcza realizowana na Wydziale Nauk o\u00a0Zwierz\u0119tach i\u00a0Biogospodarki zwi\u0105zana jest problemami badawczymi podejmowanymi przez poszczeg\u00f3lne jednostki organizacyjne.<\/p>\n<p>Na szczeg\u00f3lne podkre\u015blenie zas\u0142uguje tw\u00f3rczy wk\u0142ad pracownik\u00f3w Wydzia\u0142u w\u00a0proces tworzenia i\u00a0ochrony zasob\u00f3w genetycznych rodzimych ras zwierz\u0105t. Nale\u017cy tutaj wymieni\u0107 prof. Zdzis\u0142awa Zabielskiego jako tw\u00f3rc\u0119 \u015bwini rasy go\u0142\u0119bskiej (obecnie pu\u0142awskiej), prof. Laur\u0119 Kaufman \u2013 kur rasy polbar, prof. Adama Doma\u0144skiego \u2013 owcy uhruskiej (obecnie polska owca nizinna \u2013 odmiany uhruskiej), prof. Janusza Maciejowskiego \u2013 lisa pastelowego.<\/p>\n<p>Znacz\u0105cy jest r\u00f3wnie\u017c wk\u0142ad naszych profesor\u00f3w w\u00a0zachowanie hodowli i\u00a0ochron\u0119, a\u00a0niekiedy i\u00a0restytucj\u0119 wielu ras zwierz\u0105t. Wymieni\u0107 tu nale\u017cy wielkie zaanga\u017cowanie: prof. Witolda G\u0142uchowskiego i\u00a0prof. J\u00f3zefa Zi\u0119by, p\u00f3\u017aniej prof. Gra\u017cyny Je\u017cewskiej-Witkowskiej w\u00a0utrzymanie i\u00a0ochron\u0119 kur rasy zielonon\u00f3\u017cka kuropatwiana, co kontynuuje prof. Antoni Brodacki i\u00a0prof. Grzegorz Zi\u0119ba; prof. Zygmunta Surdackiego i\u00a0prof. Aleksandra Walkiewicza w\u00a0ochron\u0119 \u015bwini pu\u0142awskiej, co obecnie kontynuuje prof. Marek Babicz; prof. Ewalda Sasimowskiego i\u00a0prof. Mariana Kapronia \u2013 konika polskiego i\u00a0konia bi\u0142gorajskiego, co jest kontynuowane przez prof. Ryszarda Kolstrunga i\u00a0prof. Ann\u0119 Stachursk\u0105; prof. Zygmunta Litwi\u0144czuka \u2013 w\u00a0restytucj\u0119 byd\u0142a bia\u0142ogrzbietego, prof. Tomasza M. Gruszeckiego \u2013 w\u00a0restytucj\u0119 kozy sandomierskiej, a\u00a0prof. Romana Dziedzica \u2013 w\u00a0ochron\u0119 g\u0142uszca.<\/p>\n                                        <\/div>\n\t\t\t\t\t\t                                <\/div>\n\t\t\t\t                <div class=\"mn-content-block\">\n\t                                <\/div>\n\t\t\t\t                <div class=\"mn-content-block\">\n\t                                <\/div>\n\t\t\t\t                <div class=\"mn-content-block\">\n\t                                <\/div>\n\t\t\t\t                <div class=\"mn-content-block\">\n\t                                <\/div>\n\t\t\t\t                <div class=\"mn-content-block\">\n\t                                <\/div>\n\t\t\t\t                <div class=\"mn-content-block\">\n\t                                <\/div>\n\t\t\t\t                <div class=\"mn-content-block\">\n\t                                <\/div>\n\t\t\t\t                <div class=\"mn-content-block\">\n\t                                <\/div>\n\t\t\t\t                <div class=\"mn-content-block\">\n\t                                <\/div>\n\t\t\t\t                <div class=\"mn-content-block\">\n\t                                <\/div>\n\t\t\t\t                <div class=\"mn-content-block\">\n\t                                <\/div>\n\t\t\t\t                <div class=\"mn-content-block\">\n\t                                <\/div>\n\t\t\t\t                <div class=\"mn-content-block\">\n\t                                <\/div>\n\t\t\t\t                <div class=\"mn-content-block\">\n\t                                <\/div>\n\t\t\t\t                <div class=\"mn-content-block\">\n\t                                <\/div>\n\t\t\t\t                <div class=\"mn-content-block\">\n\t                                <\/div>\n\t\t\t\t                <div class=\"mn-content-block\">\n\t                                <\/div>\n\t\t\t\t                <div class=\"mn-content-block\">\n\t                                <\/div>\n\t\t\t\t                <div class=\"mn-content-block\">\n\t                                <\/div>\n\t\t\t\t\t\t<\/div>\n\t<\/div>\n<\/section>\n\t\t<\/div>\n\t\t\t\t<\/div>\n\t\t\t\t\t\t<\/div>\n\t\t\t\t\t<\/div>\n\t\t<\/div>\n\t\t\t\t\t\t\t\t<\/div>\n\t\t\t\t\t<\/div>\n\t\t<\/section>\n\t\t\t\t\t\t<\/div>\n\t\t\t\t\t\t<\/div>\n\t\t\t\t\t<\/div>\n\t\t","protected":false},"excerpt":{"rendered":"<p>Wydzia\u0142 Nauk o&nbsp;Zwierz\u0119tach i&nbsp;Biogospodarki Historia Uchwa\u0142a 57\/2018-2019 z&nbsp;dnia 26.04.2019 w&nbsp;sprawie zmiany nazwy Wydzia\u0142u Biologii, Nauk o&nbsp;Zwierz\u0119tach i&nbsp;Biogospodarki Zobacz Wydzia\u0142 Nauk o&nbsp;Zwierz\u0119tach i&nbsp;Biogospodarki (pierwotnie Zootechniczny) powsta\u0142 1 wrze\u015bnia 1953 r., jeszcze w&nbsp;strukturach Uniwersytetu Marii Curie-Sk\u0142odowskiej, jako trzeci zajmuj\u0105cy si\u0119 naukami rolniczymi \u2013 obok Wydzia\u0142u Rolnego i&nbsp;Weterynaryjnego. W&nbsp;sk\u0142ad jego wesz\u0142y 4 katedry tzw. \u201epionu produkcji zwierz\u0119cej&#8221;, wy\u0142\u0105czone [&hellip;]<\/p>\n","protected":false},"author":2,"featured_media":0,"parent":264,"menu_order":0,"comment_status":"closed","ping_status":"closed","template":"elementor_header_footer","meta":{"_monsterinsights_skip_tracking":false,"_monsterinsights_sitenote_active":false,"_monsterinsights_sitenote_note":"","_monsterinsights_sitenote_category":0},"_links":{"self":[{"href":"https:\/\/up.lublin.pl\/biologia\/wp-json\/wp\/v2\/pages\/293"}],"collection":[{"href":"https:\/\/up.lublin.pl\/biologia\/wp-json\/wp\/v2\/pages"}],"about":[{"href":"https:\/\/up.lublin.pl\/biologia\/wp-json\/wp\/v2\/types\/page"}],"author":[{"embeddable":true,"href":"https:\/\/up.lublin.pl\/biologia\/wp-json\/wp\/v2\/users\/2"}],"replies":[{"embeddable":true,"href":"https:\/\/up.lublin.pl\/biologia\/wp-json\/wp\/v2\/comments?post=293"}],"version-history":[{"count":45,"href":"https:\/\/up.lublin.pl\/biologia\/wp-json\/wp\/v2\/pages\/293\/revisions"}],"predecessor-version":[{"id":143124,"href":"https:\/\/up.lublin.pl\/biologia\/wp-json\/wp\/v2\/pages\/293\/revisions\/143124"}],"up":[{"embeddable":true,"href":"https:\/\/up.lublin.pl\/biologia\/wp-json\/wp\/v2\/pages\/264"}],"wp:attachment":[{"href":"https:\/\/up.lublin.pl\/biologia\/wp-json\/wp\/v2\/media?parent=293"}],"curies":[{"name":"wp","href":"https:\/\/api.w.org\/{rel}","templated":true}]}}