{"id":286,"date":"2020-11-23T10:16:36","date_gmt":"2020-11-23T09:16:36","guid":{"rendered":"http:\/\/nowastrona.up.lublin.pl\/biologia\/?page_id=286"},"modified":"2025-12-10T17:02:49","modified_gmt":"2025-12-10T16:02:49","slug":"komisje-wydzialowe","status":"publish","type":"page","link":"https:\/\/up.lublin.pl\/biologia\/wydzial\/komisje-wydzialowe\/","title":{"rendered":"Komisje wydzia\u0142owe"},"content":{"rendered":"\t\t<div data-elementor-type=\"wp-page\" data-elementor-id=\"286\" class=\"elementor elementor-286\" data-elementor-settings=\"[]\">\n\t\t\t\t\t\t<div class=\"elementor-inner\">\n\t\t\t\t\t\t\t<div class=\"elementor-section-wrap\">\n\t\t\t\t\t\t\t<section class=\"elementor-section elementor-top-section elementor-element elementor-element-df5fd42 elementor-section-boxed elementor-section-height-default elementor-section-height-default\" data-id=\"df5fd42\" data-element_type=\"section\">\n\t\t\t\t\t\t<div class=\"elementor-container elementor-column-gap-default\">\n\t\t\t\t\t\t\t<div class=\"elementor-row\">\n\t\t\t\t\t<div class=\"elementor-column elementor-col-100 elementor-top-column elementor-element elementor-element-fb867e1\" data-id=\"fb867e1\" data-element_type=\"column\">\n\t\t\t<div class=\"elementor-column-wrap elementor-element-populated\">\n\t\t\t\t\t\t\t<div class=\"elementor-widget-wrap\">\n\t\t\t\t\t\t<div class=\"elementor-element elementor-element-1270415 elementor-widget elementor-widget-m2e\" data-id=\"1270415\" data-element_type=\"widget\" data-widget_type=\"m2e.default\">\n\t\t\t\t<div class=\"elementor-widget-container\">\n\t\t\t<section class=\"mn-m2-e mn-bg-green\">\n\t<div class=\"mn-grid\">\n\t\t<div class=\"mn-grid-3 mn-introtext\">\n\t\t\t\t\t\t\t<p class=\"mn-header\">Wydzia\u0142 Nauk o&nbsp;Zwierz\u0119tach i&nbsp;Biogospodarki<\/p>\n\t\t\t\t\t\t\t\t\t\t\t<h3>\n\t\t\t\t\tKomisje wydzia\u0142owe\t\t\t\t<\/h3>\n\t\t\t\t\t\t\t\t\t\t\t\t<\/div>\n\t\t<div class=\"mn-grid-9 mn-image-container\">\n\t\t\t\t\t<\/div>\n\t<\/div>\n\t<\/section>\n\t\t<\/div>\n\t\t\t\t<\/div>\n\t\t\t\t\t\t<\/div>\n\t\t\t\t\t<\/div>\n\t\t<\/div>\n\t\t\t\t\t\t\t\t<\/div>\n\t\t\t\t\t<\/div>\n\t\t<\/section>\n\t\t\t\t<section class=\"elementor-section elementor-top-section elementor-element elementor-element-e5a5d79 elementor-section-boxed elementor-section-height-default elementor-section-height-default\" data-id=\"e5a5d79\" data-element_type=\"section\">\n\t\t\t\t\t\t<div class=\"elementor-container elementor-column-gap-default\">\n\t\t\t\t\t\t\t<div class=\"elementor-row\">\n\t\t\t\t\t<div class=\"elementor-column elementor-col-100 elementor-top-column elementor-element elementor-element-eda1ddd\" data-id=\"eda1ddd\" data-element_type=\"column\">\n\t\t\t<div class=\"elementor-column-wrap elementor-element-populated\">\n\t\t\t\t\t\t\t<div class=\"elementor-widget-wrap\">\n\t\t\t\t\t\t<div class=\"elementor-element elementor-element-d9d9c5a elementor-widget elementor-widget-m5c\" data-id=\"d9d9c5a\" data-element_type=\"widget\" data-widget_type=\"m5c.default\">\n\t\t\t\t<div class=\"elementor-widget-container\">\n\t\t\t<section class=\"mn-m5-c mn-m5-d2 mn-bg-white\">\n\t<div class=\"mn-grid\">\n\t\t\t\t<div class=\"mn-content mn-grid-9\">\n\t\t\t                <div class=\"mn-content-block active\">\n\t                                                        <div class=\"block-text\">\n\t                                        <h3 style=\"text-align: center\">Komisje sta\u0142e powo\u0142ane przez Dziekana Wydzia\u0142u Nauk o\u00a0Zwierz\u0119tach i&nbsp;Biogospodarki na lata 2024-2028<\/h3>\n<p><strong>Wydzia\u0142owa Komisja ds. Kadr:<br \/><\/strong>Prof. dr hab. Bo\u017cena Nowakowicz-D\u0119bek \u2013 przewodnicz\u0105cy<br \/>Prof. dr hab. Magdalena Gryzi\u0144ska \u2013 cz\u0142onek<br \/>Prof. dr hab. Ma\u0142gorzata Kwiecie\u0144 \u2013 cz\u0142onek<br \/>Prof. dr hab. Piotr Ska\u0142ecki \u2013 cz\u0142onek<br \/>Dr hab. Katarzyna Tajchman, prof. uczelni \u2013 cz\u0142onek<\/p>\n<p><strong>Wydzia\u0142owa Komisja ds. Oceny Nauczycieli Akademickich:<br \/><\/strong>Prof. dr hab. Magdalena Gryzi\u0144ska \u2013 przewodnicz\u0105cy<br \/>Prof. dr hab. Hanna Bis-Wencel \u2013 cz\u0142onek<br \/>Prof. dr hab. Anna Czech \u2013 cz\u0142onek<br \/>Prof. dr hab. Andrzej Jakubczak &#8211;\u00a0 cz\u0142onek<br \/>Prof. dr hab. Jolanta Kr\u00f3l \u2013 cz\u0142onek<\/p>\n<p><strong>Wydzia\u0142owa Komisja do spraw Jako\u015bci Kszta\u0142cenia:<br \/><\/strong>Prof. dr hab. Bo\u017cena Kiczorowska\u00a0 \u2013 przewodnicz\u0105cy<br \/>Prof. dr hab. Andrzej Junkuszew \u2013 cz\u0142onek<br \/>Prof. dr hab. Krzysztof Olszewski \u2013 cz\u0142onek<br \/>Dr hab. \u0141ukasz Wlaz\u0142o, prof. uczelni \u2013 cz\u0142onek<br \/>Dr hab. Wioletta Samoli\u0144ska, prof. uczelni \u2013 cz\u0142onek<br \/>Dr hab. Monika Gregu\u0142a-Kania \u2013 cz\u0142onek<br \/>Dr Beata Horecka \u2013 cz\u0142one<br \/>Dr Wanda Krupa \u2013 cz\u0142onek<br \/>In\u017c. Ma\u0142gorzata Pinkos \u2013 przedstawiciel pracownik\u00f3w in\u017cynieryjno-technicznych \u2013 cz\u0142onek<br \/>Mgr in\u017c. Kamila Kaszycka \u2013 przedstawiciel\u00a0 doktorant\u00f3w \u2013 cz\u0142onek<br \/>Katarzyna \u0141ukanty \u2013 przedstawiciel student\u00f3w \u2013 cz\u0142onek<\/p>\n<p><strong>Komisja ds. Organizacji i\u00a0Rozwoju Wydzia\u0142u:<br \/><\/strong>Prof. dr hab. Grzegorz Zi\u0119ba \u2013 przewodnicz\u0105cy<br \/>Prof. dr hab. Marek Babicz \u2013 cz\u0142onek<br \/>Prof. dr hab. Renata Klebaniuk \u2013 cz\u0142onek<br \/>Dr hab. Miros\u0142aw Karpi\u0144ski, prof. uczelni \u2013 cz\u0142onek<br \/>Dr hab. Izabela Wilk, prof. uczelni \u2013 cz\u0142onek<br \/>Dr hab. Kornel Kasperek \u2013 cz\u0142onek<br \/>Dr hab. Henryk Krukowski \u2013 cz\u0142onek<br \/>Dr hab. Anna St\u0119pniowska \u2013 cz\u0142onek<\/p>\n<p><strong>Zesp\u00f3\u0142 ds. Wizerunku i\u00a0Promocji Wydzia\u0142u:<br \/><\/strong><\/p>\n<p>Dr Krzysztof Kowal \u2013 przewodnicz\u0105cy<br \/>Dr Beata Horecka \u2013 cz\u0142onek<br \/>Dr Przemys\u0142a Jankowski \u2013 cz\u0142onek<br \/>Dr Paulina Nazar \u2013 cz\u0142onek<br \/>Dr Mariusz W\u00f3jcik \u2013 cz\u0142onek<br \/>Mgr in\u017c. Katarzyna Karpi\u0144ska \u2013 cz\u0142onek<br \/>Mgr in\u017c. Marta Wn\u0119k\u00a0\u2013\u00a0cz\u0142onek, przedstawiciel doktorant\u00f3w<br \/>Natalia Gawidziel \u2013 przedstawiciel \u00a0student\u00f3w<br \/>Katarzyna \u0141ukanty \u2013 przedstawiciel \u00a0student\u00f3w<\/p>\n                                        <\/div>\n\t\t\t\t\t\t                                <\/div>\n\t\t\t\t                <div class=\"mn-content-block\">\n\t                                <\/div>\n\t\t\t\t                <div class=\"mn-content-block\">\n\t                                <\/div>\n\t\t\t\t                <div class=\"mn-content-block\">\n\t                                <\/div>\n\t\t\t\t                <div class=\"mn-content-block\">\n\t                                <\/div>\n\t\t\t\t                <div class=\"mn-content-block\">\n\t                                <\/div>\n\t\t\t\t                <div class=\"mn-content-block\">\n\t                                <\/div>\n\t\t\t\t                <div class=\"mn-content-block\">\n\t                                <\/div>\n\t\t\t\t                <div class=\"mn-content-block\">\n\t                                <\/div>\n\t\t\t\t                <div class=\"mn-content-block\">\n\t                                <\/div>\n\t\t\t\t                <div class=\"mn-content-block\">\n\t                                <\/div>\n\t\t\t\t                <div class=\"mn-content-block\">\n\t                                <\/div>\n\t\t\t\t                <div class=\"mn-content-block\">\n\t                                <\/div>\n\t\t\t\t                <div class=\"mn-content-block\">\n\t                                <\/div>\n\t\t\t\t                <div class=\"mn-content-block\">\n\t                                <\/div>\n\t\t\t\t                <div class=\"mn-content-block\">\n\t                                <\/div>\n\t\t\t\t                <div class=\"mn-content-block\">\n\t                                <\/div>\n\t\t\t\t                <div class=\"mn-content-block\">\n\t                                <\/div>\n\t\t\t\t                <div class=\"mn-content-block\">\n\t                                <\/div>\n\t\t\t\t                <div class=\"mn-content-block\">\n\t                                <\/div>\n\t\t\t\t\t\t<\/div>\n\t<\/div>\n<\/section>\n\t\t<\/div>\n\t\t\t\t<\/div>\n\t\t\t\t\t\t<\/div>\n\t\t\t\t\t<\/div>\n\t\t<\/div>\n\t\t\t\t\t\t\t\t<\/div>\n\t\t\t\t\t<\/div>\n\t\t<\/section>\n\t\t\t\t\t\t<\/div>\n\t\t\t\t\t\t<\/div>\n\t\t\t\t\t<\/div>\n\t\t","protected":false},"excerpt":{"rendered":"<p>Wydzia\u0142 Nauk o&nbsp;Zwierz\u0119tach i&nbsp;Biogospodarki Komisje wydzia\u0142owe UP Wydzia\u0142 Nauk o&nbsp;Zwierz\u0119tach i&nbsp;Biogospodarki Komisje sta\u0142e powo\u0142ane przez Dziekana Wydzia\u0142u Nauk o\u00a0Zwierz\u0119tach i&nbsp;Biogospodarki na lata 2024-2028 Wydzia\u0142owa Komisja ds. Kadr:Prof. dr hab. Bo\u017cena Nowakowicz-D\u0119bek \u2013 przewodnicz\u0105cyProf. dr hab. Magdalena Gryzi\u0144ska \u2013 cz\u0142onekProf. dr hab. Ma\u0142gorzata Kwiecie\u0144 \u2013 cz\u0142onekProf. dr hab. Piotr Ska\u0142ecki \u2013 cz\u0142onekDr hab. Katarzyna Tajchman, prof. [&hellip;]<\/p>\n","protected":false},"author":2,"featured_media":0,"parent":264,"menu_order":0,"comment_status":"closed","ping_status":"closed","template":"elementor_header_footer","meta":{"_monsterinsights_skip_tracking":false,"_monsterinsights_sitenote_active":false,"_monsterinsights_sitenote_note":"","_monsterinsights_sitenote_category":0},"_links":{"self":[{"href":"https:\/\/up.lublin.pl\/biologia\/wp-json\/wp\/v2\/pages\/286"}],"collection":[{"href":"https:\/\/up.lublin.pl\/biologia\/wp-json\/wp\/v2\/pages"}],"about":[{"href":"https:\/\/up.lublin.pl\/biologia\/wp-json\/wp\/v2\/types\/page"}],"author":[{"embeddable":true,"href":"https:\/\/up.lublin.pl\/biologia\/wp-json\/wp\/v2\/users\/2"}],"replies":[{"embeddable":true,"href":"https:\/\/up.lublin.pl\/biologia\/wp-json\/wp\/v2\/comments?post=286"}],"version-history":[{"count":89,"href":"https:\/\/up.lublin.pl\/biologia\/wp-json\/wp\/v2\/pages\/286\/revisions"}],"predecessor-version":[{"id":184379,"href":"https:\/\/up.lublin.pl\/biologia\/wp-json\/wp\/v2\/pages\/286\/revisions\/184379"}],"up":[{"embeddable":true,"href":"https:\/\/up.lublin.pl\/biologia\/wp-json\/wp\/v2\/pages\/264"}],"wp:attachment":[{"href":"https:\/\/up.lublin.pl\/biologia\/wp-json\/wp\/v2\/media?parent=286"}],"curies":[{"name":"wp","href":"https:\/\/api.w.org\/{rel}","templated":true}]}}