{"id":284,"date":"2020-11-23T10:14:51","date_gmt":"2020-11-23T09:14:51","guid":{"rendered":"http:\/\/nowastrona.up.lublin.pl\/biologia\/?page_id=284"},"modified":"2025-09-15T18:40:04","modified_gmt":"2025-09-15T16:40:04","slug":"kolegium-wydzialu","status":"publish","type":"page","link":"https:\/\/up.lublin.pl\/biologia\/wydzial\/kolegium-wydzialu\/","title":{"rendered":"Kolegium wydzia\u0142u"},"content":{"rendered":"\t\t<div data-elementor-type=\"wp-page\" data-elementor-id=\"284\" class=\"elementor elementor-284\" data-elementor-settings=\"[]\">\n\t\t\t\t\t\t<div class=\"elementor-inner\">\n\t\t\t\t\t\t\t<div class=\"elementor-section-wrap\">\n\t\t\t\t\t\t\t<section class=\"elementor-section elementor-top-section elementor-element elementor-element-530c18e elementor-section-boxed elementor-section-height-default elementor-section-height-default\" data-id=\"530c18e\" data-element_type=\"section\">\n\t\t\t\t\t\t<div class=\"elementor-container elementor-column-gap-default\">\n\t\t\t\t\t\t\t<div class=\"elementor-row\">\n\t\t\t\t\t<div class=\"elementor-column elementor-col-100 elementor-top-column elementor-element elementor-element-c35b419\" data-id=\"c35b419\" data-element_type=\"column\">\n\t\t\t<div class=\"elementor-column-wrap elementor-element-populated\">\n\t\t\t\t\t\t\t<div class=\"elementor-widget-wrap\">\n\t\t\t\t\t\t<div class=\"elementor-element elementor-element-eb043ca elementor-widget elementor-widget-m2e\" data-id=\"eb043ca\" data-element_type=\"widget\" data-widget_type=\"m2e.default\">\n\t\t\t\t<div class=\"elementor-widget-container\">\n\t\t\t<section class=\"mn-m2-e mn-bg-green\">\n\t<div class=\"mn-grid\">\n\t\t<div class=\"mn-grid-3 mn-introtext\">\n\t\t\t\t\t\t\t<p class=\"mn-header\">Wydzia\u0142 Nauk o&nbsp;Zwierz\u0119tach i&nbsp;Biogospodarki<\/p>\n\t\t\t\t\t\t\t\t\t\t\t<h3>\n\t\t\t\t\tKolegium wydzia\u0142u\t\t\t\t<\/h3>\n\t\t\t\t\t\t\t\t\t\t\t\t<\/div>\n\t\t<div class=\"mn-grid-9 mn-image-container\">\n\t\t\t\t\t<\/div>\n\t<\/div>\n\t<\/section>\n\t\t<\/div>\n\t\t\t\t<\/div>\n\t\t\t\t\t\t<\/div>\n\t\t\t\t\t<\/div>\n\t\t<\/div>\n\t\t\t\t\t\t\t\t<\/div>\n\t\t\t\t\t<\/div>\n\t\t<\/section>\n\t\t\t\t<section class=\"elementor-section elementor-top-section elementor-element elementor-element-b46f7e6 elementor-section-boxed elementor-section-height-default elementor-section-height-default\" data-id=\"b46f7e6\" data-element_type=\"section\">\n\t\t\t\t\t\t<div class=\"elementor-container elementor-column-gap-default\">\n\t\t\t\t\t\t\t<div class=\"elementor-row\">\n\t\t\t\t\t<div class=\"elementor-column elementor-col-100 elementor-top-column elementor-element elementor-element-0054674\" data-id=\"0054674\" data-element_type=\"column\">\n\t\t\t<div class=\"elementor-column-wrap elementor-element-populated\">\n\t\t\t\t\t\t\t<div class=\"elementor-widget-wrap\">\n\t\t\t\t\t\t<div class=\"elementor-element elementor-element-1696d15 elementor-widget elementor-widget-m5c\" data-id=\"1696d15\" data-element_type=\"widget\" data-widget_type=\"m5c.default\">\n\t\t\t\t<div class=\"elementor-widget-container\">\n\t\t\t<section class=\"mn-m5-c mn-bg-white\">\n\t<div class=\"mn-grid\">\n\t\t            <div class=\"mn-menu-container mn-grid-3\">\n                <ul class=\"mn-bg-yellow\">\n\t                                        <li>\n                            <a href=\"#\" class=\"active\" data-hash=\"#sklad\">\n                                Sk\u0142ad osobowy                            <\/a>\n                        <\/li>\n                                                <li>\n                            <a href=\"#\" class=\"\" data-hash=\"#terminy\">\n                                Terminy posiedze\u0144                            <\/a>\n                        <\/li>\n                                                <li>\n                            <a href=\"#\" class=\"\" data-hash=\"#kompetencje\">\n                                Kompetencje                            <\/a>\n                        <\/li>\n                                        <\/ul>\n            <\/div>\n\t        \t\t<div class=\"mn-content mn-grid-8\">\n\t\t\t                <div class=\"mn-content-block active\">\n\t                                                        <div class=\"block-text\">\n\t                                        <p><span style=\"font-size: 16px\"><strong>Sk\u0142ad osobowy Kolegium Wydzia\u0142u powo\u0142anego na podstawie \u00a7 51 Statutu Uniwersytetu Przyrodniczego w&nbsp;Lublinie<\/strong><\/span><\/p>\n<p>Prof. dr hab. Brygida \u015alaska \u2013 <strong>Dziekan, Przewodnicz\u0105ca Kolegium Wydzia\u0142u, Przewodnicz\u0105ca<\/strong> <strong>Rady Dyscypliny Zootechnika i&nbsp;Rybactwo<\/strong><\/p>\n<p>Prof. dr hab. Bo\u017cena Kiczorowska \u2013 Prodziekan<\/p>\n<p>Prof. dr hab. Andrzej Junkuszew &#8211; Prodziekan<\/p>\n<p><strong>Kierownicy jednostek<\/strong><br \/>Prof. dr hab. Grzegorz Zi\u0119ba<br \/>Prof. dr hab. Renata Klebaniuk<br \/>Prof. dr hab. Katarzyna Ognik<br \/>Dr hab. Monika Budzy\u0144ska<br \/>Prof. dr hab. Bo\u017cena Nowakowicz-D\u0119bek<br \/>Dr hab. Ewa Janu\u015b<br \/>Dr hab. Izabela Wilk, prof. uczelni<br \/>Prof. dr hab. Mariusz Florek<\/p>\n<p><strong>\u00a0<\/strong><\/p>\n<p><strong>Przedstawiciele nauczycieli akademickich zatrudnionych na wydziale<\/strong><br \/>Prof. dr hab. Marek Babicz<br \/>Prof. dr hab. Justyna Batkowska<br \/>Dr hab. \u0141ukasz Wlaz\u0142o, prof. uczelni<\/p>\n<p><strong>Przedstawiciele pozosta\u0142ych nauczycieli akademickich zatrudnionych na wydziale<\/strong><br \/>Dr El\u017cbieta Wnuk<br \/>Dr in\u017c. Damian Zieli\u0144ski<\/p>\n<p>Dr Krzysztof Kowal<\/p>\n<p><strong>Przedstawiciel pracownik\u00f3w nieb\u0119d\u0105cych nauczycielami akademickimi<\/strong><br \/>Dr in\u017c. Anna Majewska-Danek<\/p>\n<p><strong>Przedstawiciele student\u00f3w \u00a0\u00a0\u00a0\u00a0\u00a0\u00a0\u00a0\u00a0\u00a0\u00a0\u00a0\u00a0\u00a0\u00a0\u00a0\u00a0\u00a0\u00a0\u00a0\u00a0\u00a0\u00a0\u00a0\u00a0\u00a0\u00a0\u00a0\u00a0\u00a0\u00a0\u00a0\u00a0\u00a0\u00a0\u00a0\u00a0\u00a0\u00a0\u00a0\u00a0\u00a0\u00a0\u00a0\u00a0\u00a0\u00a0\u00a0\u00a0\u00a0\u00a0\u00a0\u00a0\u00a0\u00a0\u00a0\u00a0\u00a0\u00a0<\/strong><\/p>\n<p style=\"margin: 0cm;margin-bottom: .0001pt\">Jasi\u0144ska Wiktoria<\/p>\n<p style=\"margin: 0cm;margin-bottom: .0001pt\">Wr\u00f3bel Karolina<\/p>\n<p style=\"margin: 0cm;margin-bottom: .0001pt\">Rosiak Monika<\/p>\n<p><strong>Przedstawiciele zwi\u0105zk\u00f3w zawodowych z&nbsp;g\u0142osem doradczym<\/strong><br \/>Dr hab. Katarzyna Strzelec, prof. uczelni- przedstawiciel ZNP<br \/>Dr Wioletta Wnuk &#8211; przedstawiciel NSZZ &#8220;Solidarno\u015b\u0107&#8221;<\/p>\n                                        <\/div>\n\t\t\t\t\t\t                                                        <div class=\"block-text\">\n\t                                        <p>&#8230;<\/p>\n                                        <\/div>\n\t\t\t\t\t\t                                <\/div>\n\t\t\t\t                <div class=\"mn-content-block\">\n\t                                                        <div class=\"block-text\">\n\t                                        <p><strong>Terminy posiedze\u0144 Kolegium Wydzia\u0142u<\/strong><\/p>\n<p>\u00a0<\/p>\n<p>14 wrze\u015bnia 2023<\/p>\n<p>12 pa\u017adziernika 2023<\/p>\n<p>9 listopada 2023<\/p>\n<p>7 grudnia 2023<\/p>\n<p>11 stycznia 2024<\/p>\n<p>8 lutego 2024<\/p>\n<p>14 marca 2024<\/p>\n<p>11 kwietnia 2024<\/p>\n<p>9 maja 2024<\/p>\n<p>13 czerwca 2024<\/p>\n<p>\u00a0<\/p>\n                                        <\/div>\n\t\t\t\t\t\t                                <\/div>\n\t\t\t\t                <div class=\"mn-content-block\">\n\t                                                        <div class=\"block-text\">\n\t                                        <p><strong>Kompetencje kolegium wydzia\u0142u okre\u015blone zosta\u0142y \u00a7 51 ust. 2 Statutu Uniwersytetu Przyrodniczego w&nbsp;Lublinie. Do kompetencji kolegium wydzia\u0142u nale\u017cy w&nbsp;szczeg\u00f3lno\u015bci:<\/strong><\/p>\n<ul>\n<li>ustalanie kierunk\u00f3w dzia\u0142alno\u015bci dydaktycznej wydzia\u0142u,<\/li>\n<li>opiniowanie wniosk\u00f3w o&nbsp;powo\u0142anie dziekan\u00f3w i&nbsp;prodziekan\u00f3w,<\/li>\n<li>opiniowanie wniosk\u00f3w o&nbsp;powo\u0142anie dyrektor\u00f3w instytut\u00f3w, kierownik\u00f3w katedr, katedr i&nbsp;klinik, zak\u0142ad\u00f3w, zak\u0142ad\u00f3w i&nbsp;klinik, pracowni i&nbsp;laboratori\u00f3w,<\/li>\n<li>opiniowanie wniosk\u00f3w o&nbsp;zatrudnienie pracownik\u00f3w na stanowiskach badawczo-dydaktycznych oraz dydaktycznych,<\/li>\n<li>opiniowanie wniosk\u00f3w o&nbsp;utworzenie, przekszta\u0142cenie lub likwidacj\u0119 jednostek organizacyjnych wydzia\u0142u,<\/li>\n<li>opiniowanie wniosk\u00f3w o&nbsp;utworzenie nowych kierunk\u00f3w studi\u00f3w,<\/li>\n<li>delegowanie przedstawiciela do Komisji Wyborczej Uczelni<\/li>\n<\/ul>\n                                        <\/div>\n\t\t\t\t\t\t                                <\/div>\n\t\t\t\t\t\t<\/div>\n\t<\/div>\n<\/section>\n\t\t<\/div>\n\t\t\t\t<\/div>\n\t\t\t\t\t\t<\/div>\n\t\t\t\t\t<\/div>\n\t\t<\/div>\n\t\t\t\t\t\t\t\t<\/div>\n\t\t\t\t\t<\/div>\n\t\t<\/section>\n\t\t\t\t\t\t<\/div>\n\t\t\t\t\t\t<\/div>\n\t\t\t\t\t<\/div>\n\t\t","protected":false},"excerpt":{"rendered":"<p>Wydzia\u0142 Nauk o&nbsp;Zwierz\u0119tach i&nbsp;Biogospodarki Kolegium wydzia\u0142u UP Wydzia\u0142 Nauk o&nbsp;Zwierz\u0119tach i&nbsp;Biogospodarki Sk\u0142ad osobowy Terminy posiedze\u0144 Kompetencje Sk\u0142ad osobowy Kolegium Wydzia\u0142u powo\u0142anego na podstawie \u00a7 51 Statutu Uniwersytetu Przyrodniczego w&nbsp;Lublinie Prof. dr hab. Brygida \u015alaska \u2013 Dziekan, Przewodnicz\u0105ca Kolegium Wydzia\u0142u, Przewodnicz\u0105ca Rady Dyscypliny Zootechnika i&nbsp;Rybactwo Prof. dr hab. Bo\u017cena Kiczorowska \u2013 Prodziekan Prof. dr hab. Andrzej [&hellip;]<\/p>\n","protected":false},"author":2,"featured_media":0,"parent":264,"menu_order":0,"comment_status":"closed","ping_status":"closed","template":"elementor_header_footer","meta":{"_monsterinsights_skip_tracking":false,"_monsterinsights_sitenote_active":false,"_monsterinsights_sitenote_note":"","_monsterinsights_sitenote_category":0},"_links":{"self":[{"href":"https:\/\/up.lublin.pl\/biologia\/wp-json\/wp\/v2\/pages\/284"}],"collection":[{"href":"https:\/\/up.lublin.pl\/biologia\/wp-json\/wp\/v2\/pages"}],"about":[{"href":"https:\/\/up.lublin.pl\/biologia\/wp-json\/wp\/v2\/types\/page"}],"author":[{"embeddable":true,"href":"https:\/\/up.lublin.pl\/biologia\/wp-json\/wp\/v2\/users\/2"}],"replies":[{"embeddable":true,"href":"https:\/\/up.lublin.pl\/biologia\/wp-json\/wp\/v2\/comments?post=284"}],"version-history":[{"count":68,"href":"https:\/\/up.lublin.pl\/biologia\/wp-json\/wp\/v2\/pages\/284\/revisions"}],"predecessor-version":[{"id":182243,"href":"https:\/\/up.lublin.pl\/biologia\/wp-json\/wp\/v2\/pages\/284\/revisions\/182243"}],"up":[{"embeddable":true,"href":"https:\/\/up.lublin.pl\/biologia\/wp-json\/wp\/v2\/pages\/264"}],"wp:attachment":[{"href":"https:\/\/up.lublin.pl\/biologia\/wp-json\/wp\/v2\/media?parent=284"}],"curies":[{"name":"wp","href":"https:\/\/api.w.org\/{rel}","templated":true}]}}