{"id":1486,"date":"2021-02-09T14:00:44","date_gmt":"2021-02-09T13:00:44","guid":{"rendered":"http:\/\/nowastrona.up.lublin.pl\/biologia\/?page_id=1486"},"modified":"2023-10-13T13:57:06","modified_gmt":"2023-10-13T11:57:06","slug":"jubileusz-65-lecia","status":"publish","type":"page","link":"https:\/\/up.lublin.pl\/biologia\/wydzial\/jublieusze\/jubileusz-65-lecia\/","title":{"rendered":"Jubileusz 65-lecia"},"content":{"rendered":"\t\t<div data-elementor-type=\"wp-page\" data-elementor-id=\"1486\" class=\"elementor elementor-1486\" data-elementor-settings=\"[]\">\n\t\t\t\t\t\t<div class=\"elementor-inner\">\n\t\t\t\t\t\t\t<div class=\"elementor-section-wrap\">\n\t\t\t\t\t\t\t<section class=\"elementor-section elementor-top-section elementor-element elementor-element-43e5c35 elementor-section-boxed elementor-section-height-default elementor-section-height-default\" data-id=\"43e5c35\" data-element_type=\"section\">\n\t\t\t\t\t\t<div class=\"elementor-container elementor-column-gap-default\">\n\t\t\t\t\t\t\t<div class=\"elementor-row\">\n\t\t\t\t\t<div class=\"elementor-column elementor-col-100 elementor-top-column elementor-element elementor-element-ca3a223\" data-id=\"ca3a223\" data-element_type=\"column\">\n\t\t\t<div class=\"elementor-column-wrap elementor-element-populated\">\n\t\t\t\t\t\t\t<div class=\"elementor-widget-wrap\">\n\t\t\t\t\t\t<div class=\"elementor-element elementor-element-addeea0 elementor-widget elementor-widget-m2e\" data-id=\"addeea0\" data-element_type=\"widget\" data-widget_type=\"m2e.default\">\n\t\t\t\t<div class=\"elementor-widget-container\">\n\t\t\t<section class=\"mn-m2-e mn-bg-green\">\n\t<div class=\"mn-grid\">\n\t\t<div class=\"mn-grid-3 mn-introtext\">\n\t\t\t\t\t\t\t<p class=\"mn-header\">Wydzia\u0142 Nauk o&nbsp;Zwierz\u0119tach i&nbsp;biogospodarki<\/p>\n\t\t\t\t\t\t\t\t\t\t\t<h3>\n\t\t\t\t\tJubileusz 65-lecia\t\t\t\t<\/h3>\n\t\t\t\t\t\t\t\t\t\t\t\t<\/div>\n\t\t<div class=\"mn-grid-9 mn-image-container\">\n\t\t\t\t\t<\/div>\n\t<\/div>\n\t<\/section>\n\t\t<\/div>\n\t\t\t\t<\/div>\n\t\t\t\t<div class=\"elementor-element elementor-element-6d6ea68 elementor-widget elementor-widget-m5c\" data-id=\"6d6ea68\" data-element_type=\"widget\" data-widget_type=\"m5c.default\">\n\t\t\t\t<div class=\"elementor-widget-container\">\n\t\t\t<section class=\"mn-m5-c mn-bg-white\">\n\t<div class=\"mn-grid\">\n\t\t            <div class=\"mn-menu-container mn-grid-3\">\n                <ul class=\"mn-bg-yellow\">\n\t                                        <li>\n                            <a href=\"#\" class=\"active\" data-hash=\"#program\">\n                                Program uroczysto\u015bci                            <\/a>\n                        <\/li>\n                                                <li>\n                            <a href=\"#\" class=\"\" data-hash=\"#galeria\">\n                                Galeria zdj\u0119\u0107                            <\/a>\n                        <\/li>\n                                                <li>\n                            <a href=\"#\" class=\"\" data-hash=\"#film\">\n                                Film jubileuszowy                            <\/a>\n                        <\/li>\n                                                <li>\n                            <a href=\"#\" class=\"\" data-hash=\"#komitet_honorowy\">\n                                Komitet honorowy                            <\/a>\n                        <\/li>\n                                                <li>\n                            <a href=\"#\" class=\"\" data-hash=\"#patronaty\">\n                                Patronaty                            <\/a>\n                        <\/li>\n                                                <li>\n                            <a href=\"#\" class=\"\" data-hash=\"#patronaty_medialne\">\n                                Patronaty medialne                            <\/a>\n                        <\/li>\n                                                <li>\n                            <a href=\"#\" class=\"\" data-hash=\"#sponsorzy\">\n                                Sponsorzy                            <\/a>\n                        <\/li>\n                                                <li>\n                            <a href=\"#\" class=\"\" data-hash=\"#lokalizacja\">\n                                Lokalizacja                            <\/a>\n                        <\/li>\n                                                <li>\n                            <a href=\"#\" class=\"\" data-hash=\"#kontakt\">\n                                Kontakt                            <\/a>\n                        <\/li>\n                                        <\/ul>\n            <\/div>\n\t        \t\t<div class=\"mn-content mn-grid-8\">\n\t\t\t                <div class=\"mn-content-block active\">\n\t                                                        <div class=\"block-text\">\n\t                                        <h3 align=\"center\">Jubileusz 65-lecia<br \/>Wydzia\u0142u Biologii, Nauk o&nbsp;Zwierz\u0119tach i&nbsp;Biogospodarki<br \/>Uniwersytetu Przyrodniczego w&nbsp;Lublinie\u00a0(1953 \u2013 2018)<\/h3>\n<div>PROGRAM\u00a0 RAMOWY:<\/div>\n<div>\u00a0<\/div>\n<div><b>18.09.2018 r. (wtorek)<\/b><\/div>\n<div>Centrum Kongresowe Uniwersytetu Przyrodniczego w&nbsp;Lublinie,\u00a0<\/div>\n<div>ul. Akademicka 15<\/div>\n<div>\u00a0<b>\u00a0<\/b><\/div>\n<div>\u00a0<\/div>\n<table style=\"width: 100%;\" border=\"0\" width=\"100%\" cellspacing=\"0\" cellpadding=\"0\">\n<tbody>\n<tr>\n<td style=\"width: 20.4701%;\" valign=\"top\" width=\"130\">\n<div>10.00 &#8211; gmach Rektoratu<\/div>\n<\/td>\n<td style=\"width: 79.4768%;\" valign=\"top\" width=\"529\">\n<p>Uroczyste ods\u0142oni\u0119cie przez JM Rektora \u2013 prof. dr hab. dr h. c. mult. Zygmunta Litwi\u0144czuka tablicy pami\u0105tkowej po\u015bwi\u0119conej prof. dr. hab. dr. h. c. Ewaldowi Sasimowskiemu \u2013 pierwszemu Rektorowi (1969-1972) z&nbsp;Wydzia\u0142u Zootechnicznego \u2013 gmach Rektoratu, ul Akademicka 13<\/p>\n<\/td>\n<\/tr>\n<tr>\n<td style=\"width: 20.4701%;\" valign=\"top\" width=\"130\">\n<div>11.00 &#8211; 13.30<\/div>\n<\/td>\n<td style=\"width: 79.4768%;\" valign=\"top\" width=\"529\">\n<p>Uroczyste posiedzenie Rady Wydzia\u0142u z&nbsp;udzia\u0142em JM Rektora i&nbsp;zaproszonych Go\u015bci<\/p>\n<\/td>\n<\/tr>\n<tr>\n<td style=\"width: 20.4701%;\" rowspan=\"8\" valign=\"top\" width=\"130\">\n<div>\u00a0<\/div>\n<\/td>\n<td style=\"width: 79.4768%;\" valign=\"top\" width=\"529\">\n<p>Otwarcie Uroczysto\u015bci i&nbsp;wyst\u0105pienie Dziekana<\/p>\n<p>prof. dr hab. Joanna Bar\u0142owska<\/p>\n<\/td>\n<\/tr>\n<tr>\n<td style=\"width: 79.4768%;\" valign=\"top\" width=\"529\">\n<p>Wyst\u0105pienie JM Rektora UP w&nbsp;Lublinie<\/p>\n<div>prof. dr hab. dr h. c. mult. Zygmunt Litwi\u0144czuk<\/div>\n<\/td>\n<\/tr>\n<tr>\n<td style=\"width: 79.4768%;\" valign=\"top\" width=\"529\">\n<p>Nadanie Godno\u015bci Honorowego Profesora UP w&nbsp;Lublinie<\/p>\n<p>prof. dr hab. Janowi Udale z&nbsp;Zachodniopomorskiego Uniwersytetu w&nbsp;Szczecinie<\/p>\n<\/td>\n<\/tr>\n<tr>\n<td style=\"width: 79.4768%;\" valign=\"top\" width=\"529\">\n<p>Wyst\u0105pienie Honorowego Profesora \u2013 Czy s\u0105 granice genetycznego doskonalenia zwierz\u0105t?<\/p>\n<\/td>\n<\/tr>\n<tr>\n<td style=\"width: 79.4768%;\" valign=\"top\" width=\"529\">\n<p>Prezentacja 65 lat dzia\u0142alno\u015bci Wydzia\u0142u<\/p>\n<\/td>\n<\/tr>\n<tr>\n<td style=\"width: 79.4768%;\" valign=\"top\" width=\"529\">\n<p>Wr\u0119czenie statuetki \u201eWybitnego Absolwenta Wydzia\u0142u\u201d<\/p>\n<\/td>\n<\/tr>\n<tr>\n<td style=\"width: 79.4768%;\" valign=\"top\" width=\"529\">\n<p>Wr\u0119czenie okoliczno\u015bciowych grawerton\u00f3w dla os\u00f3b zas\u0142u\u017conych dla Wydzia\u0142u<\/p>\n<\/td>\n<\/tr>\n<tr>\n<td style=\"width: 79.4768%;\" valign=\"top\" width=\"529\">\n<p>Wyst\u0105pienia Go\u015bci<\/p>\n<\/td>\n<\/tr>\n<tr>\n<td style=\"width: 20.4701%;\" valign=\"top\" width=\"130\">\n<div>13.30 &#8211; 14.30<\/div>\n<\/td>\n<td style=\"width: 79.4768%;\" valign=\"top\" width=\"529\">\n<p>Spotkaniaw jednostkach z&nbsp;kadr\u0105 akademick\u0105 (instytutach, katedrach)<\/p>\n<\/td>\n<\/tr>\n<tr>\n<td style=\"width: 20.4701%;\" valign=\"top\" width=\"130\">\n<div>15.00 &#8211;\u00a0 \u2026<\/div>\n<\/td>\n<td style=\"width: 79.4768%;\" valign=\"top\" width=\"529\">\n<p>\u201eSpotkanie towarzyskie po latach pracownik\u00f3w i&nbsp;absolwent\u00f3w Wydzia\u0142u\u201d<\/p>\n<p>Dworek Ziemia\u0144ski w&nbsp;Felinie<\/p>\n<\/td>\n<\/tr>\n<\/tbody>\n<\/table>\n<div align=\"right\">\u00a0<\/div>\n<div><b>\u00a0<\/b><\/div>\n<p><strong>OFICJALNY PLAKAT WYDARZENIA<\/strong><\/p>\n<p>\u00a0<\/p>\n<p><a href=\"https:\/\/up.lublin.pl\/files\/images\/news\/2018\/plakat-65biol.jpg\"><img loading=\"lazy\" class=\"aligncenter\" src=\"https:\/\/up.lublin.pl\/files\/images\/news\/2018\/plakat-65biol.jpg\" alt=\"\" width=\"400\" height=\"281\" \/><\/a><\/p>\n<p align=\"right\">Przewodnicz\u0105ca Komitetu Organizacyjnego\u00a0<br \/>Prof. dr hab. Joanna Bar\u0142owska<\/p>\n                                        <\/div>\n\t\t\t\t\t\t                                <\/div>\n\t\t\t\t                <div class=\"mn-content-block\">\n\t                                                        <div class=\"block-text\">\n\t                                        <p>&#8230;<\/p>\n                                        <\/div>\n\t\t\t\t\t\t                                <\/div>\n\t\t\t\t                <div class=\"mn-content-block\">\n\t                                                        <div class=\"block-text\">\n\t                                        <p><iframe src=\"\/\/www.youtube.com\/embed\/3QFOy54YkNc\" width=\"560\" height=\"304\" allowfullscreen=\"allowfullscreen\"><\/iframe><\/p>\n                                        <\/div>\n\t\t\t\t\t\t                                <\/div>\n\t\t\t\t                <div class=\"mn-content-block\">\n\t                                                        <div class=\"block-text\">\n\t                                        <p><strong>Prof.dr hab. dr h. c. mult. Zygmunt Litwi\u0144czuk<\/strong><br \/>(dziekan Wydzia\u0142u w&nbsp;latach 1990-1996; rektor UP w&nbsp;Lublinie od 2016 r.)<\/p>\n<p><strong>Prof. dr hab. dr h. c. Czes\u0142awa Lipecka<\/strong><br \/>(prorektor AR w&nbsp;Lublinie w&nbsp;latach 1993-1996)<\/p>\n<p><strong>Prof. dr hab. dr h. c. Marian Budzy\u0144ski<\/strong><br \/>(dziekan Wydzia\u0142u w&nbsp;latach 1987-1990)<\/p>\n<p><strong>Prof. dr hab. Gra\u017cyna Je\u017cewska-Witkowska<\/strong><br \/>(dziekan Wydzia\u0142u w&nbsp;latach 1996 &#8211; 2002; prorektor ds. studenckich w&nbsp;latach 2002-2008)<\/p>\n<p><strong>Prof. dr hab. Tomasz M. Gruszecki<\/strong><br \/>(dziekan Wydzia\u0142u w&nbsp;latach 2002-2008)<\/p>\n<p><strong>Prof. dr hab. Eugeniusz R. Grela<\/strong><br \/>(dziekan Wydzia\u0142u w&nbsp;latach 2008-2016; prorektor ds. organizacji i&nbsp;rozwoju UP w&nbsp;Lublinie od 2016 r.)<\/p>\n                                        <\/div>\n\t\t\t\t\t\t                                <\/div>\n\t\t\t\t                <div class=\"mn-content-block\">\n\t                                                        <div class=\"block-text\">\n\t                                        <p><strong>Patronat MinistraNauki i&nbsp;Szkolnictwa Wy\u017cszegoi<\/strong><\/p>\n<p><a href=\"\/files\/biologia\/Jubileusz\/patronat_mnisw.pdf\"><img src=\"\/files\/images\/biologia\/Patronaty\/patronat_mnisw_s.jpg\" alt=\"patronat_MRiRW\" \/><\/a><\/p>\n<p>\u00a0<\/p>\n<p><strong>Patronat Ministra Rolnictwa i&nbsp;Rozwoju Wsi<\/strong><\/p>\n<p><a href=\"\/files\/biologia\/Jubileusz\/patronat_mrirw.pdf\"><img src=\"\/files\/images\/biologia\/Patronaty\/patronat_mrirw_s.jpg\" alt=\"patronat_MRiRW\" \/><\/a><\/p>\n<p>\u00a0<\/p>\n<p>\u00a0<\/p>\n<p><strong>Patronat Marsza\u0142ka Wojew\u00f3dztwa Lubelskiego<\/strong><\/p>\n<p><a href=\"\/files\/biologia\/Jubileusz\/patronat_marszalek_1.pdf\"><img src=\"\/files\/images\/biologia\/Patronaty\/patronat_marszalek_1_s.jpg\" alt=\"patronat_marszalek_1\" \/><\/a><\/p>\n<p><a href=\"\/files\/biologia\/Jubileusz\/patronat_marszalek_2.pdf\"><img src=\"\/files\/images\/biologia\/Patronaty\/patronat_marszalek_2_s.jpg\" alt=\"patronat_marsza\u0142ek_2\" \/><\/a><\/p>\n<p>\u00a0<\/p>\n<p>\u00a0<\/p>\n<p><strong>Patronat Prezydenta Miasta Lublin<\/strong><\/p>\n<p><a href=\"\/files\/biologia\/Jubileusz\/patronat_prezydent_1.pdf\"><img src=\"\/files\/images\/biologia\/Patronaty\/patronat_prezydent_1_s.jpg\" alt=\"patronat_prezydent_1\" \/><\/a><\/p>\n<p><a href=\"\/files\/biologia\/Jubileusz\/patronat_prezydent_2.pdf\"><img src=\"\/files\/images\/biologia\/Patronaty\/patronat_prezydent_2_s.jpg\" alt=\"patronat_prezydent_2\" \/><\/a><\/p>\n<p>\u00a0<\/p>\n<p>\u00a0<\/p>\n<p><strong>Patronat Rektora Uniwersytetu Przyrodniczego w&nbsp;Lublinie<\/strong><\/p>\n<p><a href=\"\/files\/biologia\/Jubileusz\/patronat_rektor.pdf\"><img src=\"\/files\/images\/biologia\/Patronaty\/patronat_rektor_s.jpg\" alt=\"patronat_rektor\" \/><\/a><\/p>\n<p>\u00a0<\/p>\n<p>\u00a0<\/p>\n<p>\u00a0<\/p>\n<p style=\"text-align: left;\"><strong>Patronat Wojewody Lubelskiego<\/strong><\/p>\n<p><a href=\"\/files\/biologia\/Jubileusz\/patronat_wojewoda.pdf\"><img src=\"\/files\/images\/biologia\/Patronaty\/patronat_wojewoda_s.jpg\" alt=\"patronat_wojewoda\" \/><\/a><\/p>\n                                        <\/div>\n\t\t\t\t\t\t                                <\/div>\n\t\t\t\t                <div class=\"mn-content-block\">\n\t                                                        <div class=\"block-text\">\n\t                                        <p><img loading=\"lazy\" class=\"aligncenter size-full wp-image-1500\" src=\"https:\/\/up.lublin.pl\/biologia\/wp-content\/uploads\/sites\/4\/2021\/02\/pm.png\" alt=\"\" width=\"609\" height=\"841\" \/><\/p>\n                                        <\/div>\n\t\t\t\t\t\t                                <\/div>\n\t\t\t\t                <div class=\"mn-content-block\">\n\t                                                        <div class=\"block-text\">\n\t                                        <p><img loading=\"lazy\" class=\"aligncenter size-full wp-image-1505\" src=\"https:\/\/up.lublin.pl\/biologia\/wp-content\/uploads\/sites\/4\/2021\/02\/sponsorzy1.png\" alt=\"\" width=\"679\" height=\"1005\" \/> <img loading=\"lazy\" class=\"aligncenter size-medium wp-image-1509\" src=\"https:\/\/up.lublin.pl\/biologia\/wp-content\/uploads\/sites\/4\/2021\/02\/sponsorzy2.png\" alt=\"\" width=\"455\" height=\"923\" \/> <img loading=\"lazy\" class=\"aligncenter size-medium wp-image-1513\" src=\"https:\/\/up.lublin.pl\/biologia\/wp-content\/uploads\/sites\/4\/2021\/02\/sponsorzy3.png\" alt=\"\" width=\"439\" height=\"1031\" \/> <img loading=\"lazy\" class=\"aligncenter size-medium wp-image-1517\" src=\"https:\/\/up.lublin.pl\/biologia\/wp-content\/uploads\/sites\/4\/2021\/02\/sponsorzy4.png\" alt=\"\" width=\"455\" height=\"1009\" \/><\/p>\n                                        <\/div>\n\t\t\t\t\t\t                                <\/div>\n\t\t\t\t                <div class=\"mn-content-block\">\n\t                                                        <div class=\"block-text\">\n\t                                        <p><iframe style=\"border: 0;\" src=\"https:\/\/www.google.com\/maps\/embed?pb=!1m18!1m12!1m3!1d2497.6644528901484!2d22.538049715742403!3d51.24367433777236!2m3!1f0!2f0!3f0!3m2!1i1024!2i768!4f13.1!3m3!1m2!1s0x4722576328b8a5f3%3A0x462a27d10db12d2!2sUniwersytet+Przyrodniczy+w+Lublinie!5e0!3m2!1spl!2spl!4v1519731751451\" width=\"600\" height=\"450\" frameborder=\"0\" allowfullscreen=\"allowfullscreen\"><\/iframe><\/p>\n                                        <\/div>\n\t\t\t\t\t\t                                <\/div>\n\t\t\t\t                <div class=\"mn-content-block\">\n\t                                                        <div class=\"block-text\">\n\t                                        <div>dr hab. Bo\u017cena Kiczorowska<\/div>\n<div>tel. (81) 445 69 15<\/div>\n<div>e-mail: <a href=\"mailto:bozena.kiczorowska@up.lublin.pl\">bozena.kiczorowska@up.lublin.pl<\/a><\/div>\n<div>\u00a0<\/div>\n<p><strong>dr hab. Aneta Strachecka<\/strong><br \/>tel. (81) 445 65 22<br \/>e-mail: <a href=\"mailto:aneta.strachecka@up.lublin.pl\">aneta.strachecka@up.lublin.pl<\/a><\/p>\n                                        <\/div>\n\t\t\t\t\t\t                                <\/div>\n\t\t\t\t\t\t<\/div>\n\t<\/div>\n<\/section>\n\t\t<\/div>\n\t\t\t\t<\/div>\n\t\t\t\t\t\t<\/div>\n\t\t\t\t\t<\/div>\n\t\t<\/div>\n\t\t\t\t\t\t\t\t<\/div>\n\t\t\t\t\t<\/div>\n\t\t<\/section>\n\t\t\t\t\t\t<\/div>\n\t\t\t\t\t\t<\/div>\n\t\t\t\t\t<\/div>\n\t\t","protected":false},"excerpt":{"rendered":"<p>Wydzia\u0142 Nauk o&nbsp;Zwierz\u0119tach i&nbsp;biogospodarki Jubileusz 65-lecia UP Wydzia\u0142 Nauk o&nbsp;Zwierz\u0119tach i&nbsp;Biogospodarki Program uroczysto\u015bci Galeria zdj\u0119\u0107 Film jubileuszowy Komitet honorowy Patronaty Patronaty medialne Sponsorzy Lokalizacja Kontakt Jubileusz 65-leciaWydzia\u0142u Biologii, Nauk o&nbsp;Zwierz\u0119tach i&nbsp;BiogospodarkiUniwersytetu Przyrodniczego w&nbsp;Lublinie\u00a0(1953 \u2013 2018) PROGRAM\u00a0 RAMOWY:\u00a018.09.2018 r. (wtorek)Centrum Kongresowe Uniwersytetu Przyrodniczego w&nbsp;Lublinie,\u00a0ul. Akademicka 15\u00a0\u00a0\u00a0 10.00 &#8211; gmach Rektoratu Uroczyste ods\u0142oni\u0119cie przez JM Rektora \u2013 [&hellip;]<\/p>\n","protected":false},"author":2,"featured_media":0,"parent":295,"menu_order":0,"comment_status":"closed","ping_status":"closed","template":"elementor_header_footer","meta":{"_monsterinsights_skip_tracking":false,"_monsterinsights_sitenote_active":false,"_monsterinsights_sitenote_note":"","_monsterinsights_sitenote_category":0},"_links":{"self":[{"href":"https:\/\/up.lublin.pl\/biologia\/wp-json\/wp\/v2\/pages\/1486"}],"collection":[{"href":"https:\/\/up.lublin.pl\/biologia\/wp-json\/wp\/v2\/pages"}],"about":[{"href":"https:\/\/up.lublin.pl\/biologia\/wp-json\/wp\/v2\/types\/page"}],"author":[{"embeddable":true,"href":"https:\/\/up.lublin.pl\/biologia\/wp-json\/wp\/v2\/users\/2"}],"replies":[{"embeddable":true,"href":"https:\/\/up.lublin.pl\/biologia\/wp-json\/wp\/v2\/comments?post=1486"}],"version-history":[{"count":28,"href":"https:\/\/up.lublin.pl\/biologia\/wp-json\/wp\/v2\/pages\/1486\/revisions"}],"predecessor-version":[{"id":161764,"href":"https:\/\/up.lublin.pl\/biologia\/wp-json\/wp\/v2\/pages\/1486\/revisions\/161764"}],"up":[{"embeddable":true,"href":"https:\/\/up.lublin.pl\/biologia\/wp-json\/wp\/v2\/pages\/295"}],"wp:attachment":[{"href":"https:\/\/up.lublin.pl\/biologia\/wp-json\/wp\/v2\/media?parent=1486"}],"curies":[{"name":"wp","href":"https:\/\/api.w.org\/{rel}","templated":true}]}}