{"id":142731,"date":"2021-07-22T10:34:45","date_gmt":"2021-07-22T08:34:45","guid":{"rendered":"https:\/\/up.lublin.pl\/biologia\/?page_id=142731"},"modified":"2025-05-27T10:41:04","modified_gmt":"2025-05-27T08:41:04","slug":"hodowla-zwierzat-doradztwo-rolnicze","status":"publish","type":"page","link":"https:\/\/up.lublin.pl\/biologia\/wydzial\/struktura-i-pracownicy\/hodowla-zwierzat-doradztwo-rolnicze\/","title":{"rendered":"Katedra Hodowli Zwierz\u0105t i Doradztwa Rolniczego"},"content":{"rendered":"\t\t<div data-elementor-type=\"wp-page\" data-elementor-id=\"142731\" class=\"elementor elementor-142731\" data-elementor-settings=\"[]\">\n\t\t\t\t\t\t<div class=\"elementor-inner\">\n\t\t\t\t\t\t\t<div class=\"elementor-section-wrap\">\n\t\t\t\t\t\t\t<section class=\"elementor-section elementor-top-section elementor-element elementor-element-376587a elementor-section-boxed elementor-section-height-default elementor-section-height-default\" data-id=\"376587a\" data-element_type=\"section\">\n\t\t\t\t\t\t<div class=\"elementor-container elementor-column-gap-default\">\n\t\t\t\t\t\t\t<div class=\"elementor-row\">\n\t\t\t\t\t<div class=\"elementor-column elementor-col-100 elementor-top-column elementor-element elementor-element-c2ab405\" data-id=\"c2ab405\" data-element_type=\"column\">\n\t\t\t<div class=\"elementor-column-wrap elementor-element-populated\">\n\t\t\t\t\t\t\t<div class=\"elementor-widget-wrap\">\n\t\t\t\t\t\t<div class=\"elementor-element elementor-element-e264b8e elementor-widget elementor-widget-m2k\" data-id=\"e264b8e\" data-element_type=\"widget\" data-widget_type=\"m2k.default\">\n\t\t\t\t<div class=\"elementor-widget-container\">\n\t\t\t<section class=\"mn-m2-d mn-bg-green\">\n    <div class=\"mn-grid\">\n        <div class=\"mn-grid-12 mn-introtext\">\n                            <h3>\n                    Katedra Hodowli Zwierz\u0105t i&nbsp;Doradztwa Rolniczego                <\/h3>\n                        <\/div>\n    <\/div>\n    <\/section>\n\t\t<\/div>\n\t\t\t\t<\/div>\n\t\t\t\t\t\t<\/div>\n\t\t\t\t\t<\/div>\n\t\t<\/div>\n\t\t\t\t\t\t\t\t<\/div>\n\t\t\t\t\t<\/div>\n\t\t<\/section>\n\t\t\t\t<section class=\"elementor-section elementor-top-section elementor-element elementor-element-a49c32e elementor-section-boxed elementor-section-height-default elementor-section-height-default\" data-id=\"a49c32e\" data-element_type=\"section\">\n\t\t\t\t\t\t<div class=\"elementor-container elementor-column-gap-default\">\n\t\t\t\t\t\t\t<div class=\"elementor-row\">\n\t\t\t\t\t<div class=\"elementor-column elementor-col-100 elementor-top-column elementor-element elementor-element-6dd42a0\" data-id=\"6dd42a0\" data-element_type=\"column\">\n\t\t\t<div class=\"elementor-column-wrap elementor-element-populated\">\n\t\t\t\t\t\t\t<div class=\"elementor-widget-wrap\">\n\t\t\t\t\t\t<div class=\"elementor-element elementor-element-3b705ba elementor-widget elementor-widget-m4a\" data-id=\"3b705ba\" data-element_type=\"widget\" data-widget_type=\"m4a.default\">\n\t\t\t\t<div class=\"elementor-widget-container\">\n\t\t\t\t<section class=\"mn-m4_b mn-bg-green\">\n\t\t\t\t<div class=\"mn-grid\">\n\t\t\t\t\t\t\t<div class=\"mn-grid-4 mn-kat-m4-container\">\n\t\t\t\t\t\t\t\t\t\t\t\t\t\t\t\t<h3>Zak\u0142ad Hodowli i&nbsp;Biotechnologii \u015awi\u0144<\/h3>\n\t\t\t\t\t\t\t\t\t\t\t\t\t\t\t\t\t\t\t\t\t\t<a href=\"https:\/\/up.lublin.pl\/biologia\/wydzial\/struktura-i-pracownicy\/hodowla-zwierzat-doradztwo-rolnicze\/zaklad-hodowli-i-biotechnologii-swin\/\" class=\"mn-more\">Zobacz wi\u0119cej<\/a>\n\t\t\t\t\t\t\t\t\t\t<\/div>\n\t\t\t\t\t\t\t\t<div class=\"mn-grid-4 mn-kat-m4-container\">\n\t\t\t\t\t\t\t\t\t\t\t\t\t\t\t\t<h3>Zak\u0142ad Hodowli Ma\u0142ych Prze\u017cuwaczy i&nbsp;Doradztwa Rolniczego<\/h3>\n\t\t\t\t\t\t\t\t\t\t\t\t\t\t\t\t\t\t\t\t\t\t<a href=\"https:\/\/up.lublin.pl\/biologia\/wydzial\/struktura-i-pracownicy\/hodowla-zwierzat-doradztwo-rolnicze\/hodowla-malych-przezuwaczy\/\" class=\"mn-more\">Zobacz wi\u0119cej<\/a>\n\t\t\t\t\t\t\t\t\t\t<\/div>\n\t\t\t\t\t\t\t\t<div class=\"mn-grid-4 mn-kat-m4-container\">\n\t\t\t\t\t\t\t\t\t\t\t\t\t\t\t\t<h3>Stacja Badawcza Ma\u0142ych Prze\u017cuwaczy im. prof. Tadeusza Efnera w&nbsp;Bezku <\/h3>\n\t\t\t\t\t\t\t\t\t\t\t\t\t\t\t\t\t\t\t\t\t\t<a href=\"https:\/\/up.lublin.pl\/biologia\/wydzial\/struktura-i-pracownicy\/hodowla-zwierzat-doradztwo-rolnicze\/stacja-badawcza-efnera\/\" class=\"mn-more\">Zobacz wi\u0119cej<\/a>\n\t\t\t\t\t\t\t\t\t\t<\/div>\n\t\t\t\t\t\t<\/div>\n\t<\/section>\n\t\t\t<\/div>\n\t\t\t\t<\/div>\n\t\t\t\t\t\t<\/div>\n\t\t\t\t\t<\/div>\n\t\t<\/div>\n\t\t\t\t\t\t\t\t<\/div>\n\t\t\t\t\t<\/div>\n\t\t<\/section>\n\t\t\t\t\t\t<\/div>\n\t\t\t\t\t\t<\/div>\n\t\t\t\t\t<\/div>\n\t\t","protected":false},"excerpt":{"rendered":"<p>Katedra Hodowli Zwierz\u0105t i&nbsp;Doradztwa Rolniczego UP Wydzia\u0142 Nauk o&nbsp;Zwierz\u0119tach i&nbsp;Biogospodarki Zak\u0142ad Hodowli i&nbsp;Biotechnologii \u015awi\u0144 Zobacz wi\u0119cej Zak\u0142ad Hodowli Ma\u0142ych Prze\u017cuwaczy i&nbsp;Doradztwa Rolniczego Zobacz wi\u0119cej Stacja Badawcza Ma\u0142ych Prze\u017cuwaczy im. prof. Tadeusza Efnera w&nbsp;Bezku Zobacz wi\u0119cej<\/p>\n","protected":false},"author":2,"featured_media":0,"parent":280,"menu_order":0,"comment_status":"closed","ping_status":"closed","template":"elementor_header_footer","meta":{"_monsterinsights_skip_tracking":false,"_monsterinsights_sitenote_active":false,"_monsterinsights_sitenote_note":"","_monsterinsights_sitenote_category":0},"_links":{"self":[{"href":"https:\/\/up.lublin.pl\/biologia\/wp-json\/wp\/v2\/pages\/142731"}],"collection":[{"href":"https:\/\/up.lublin.pl\/biologia\/wp-json\/wp\/v2\/pages"}],"about":[{"href":"https:\/\/up.lublin.pl\/biologia\/wp-json\/wp\/v2\/types\/page"}],"author":[{"embeddable":true,"href":"https:\/\/up.lublin.pl\/biologia\/wp-json\/wp\/v2\/users\/2"}],"replies":[{"embeddable":true,"href":"https:\/\/up.lublin.pl\/biologia\/wp-json\/wp\/v2\/comments?post=142731"}],"version-history":[{"count":37,"href":"https:\/\/up.lublin.pl\/biologia\/wp-json\/wp\/v2\/pages\/142731\/revisions"}],"predecessor-version":[{"id":179595,"href":"https:\/\/up.lublin.pl\/biologia\/wp-json\/wp\/v2\/pages\/142731\/revisions\/179595"}],"up":[{"embeddable":true,"href":"https:\/\/up.lublin.pl\/biologia\/wp-json\/wp\/v2\/pages\/280"}],"wp:attachment":[{"href":"https:\/\/up.lublin.pl\/biologia\/wp-json\/wp\/v2\/media?parent=142731"}],"curies":[{"name":"wp","href":"https:\/\/api.w.org\/{rel}","templated":true}]}}