{"id":157159,"date":"2024-08-13T09:07:47","date_gmt":"2024-08-13T07:07:47","guid":{"rendered":"https:\/\/up.lublin.pl\/agrobio\/?page_id=157159"},"modified":"2026-04-21T20:04:56","modified_gmt":"2026-04-21T18:04:56","slug":"ksztalcenie","status":"publish","type":"page","link":"https:\/\/up.lublin.pl\/agrobio\/ksztalcenie\/","title":{"rendered":"Kszta\u0142cenie"},"content":{"rendered":"\t\t<div data-elementor-type=\"wp-page\" data-elementor-id=\"157159\" class=\"elementor elementor-157159\" data-elementor-settings=\"[]\">\n\t\t\t\t\t\t<div class=\"elementor-inner\">\n\t\t\t\t\t\t\t<div class=\"elementor-section-wrap\">\n\t\t\t\t\t\t\t<section class=\"elementor-section elementor-top-section elementor-element elementor-element-5a59967e elementor-section-boxed elementor-section-height-default elementor-section-height-default\" data-id=\"5a59967e\" data-element_type=\"section\">\n\t\t\t\t\t\t<div class=\"elementor-container elementor-column-gap-default\">\n\t\t\t\t\t\t\t<div class=\"elementor-row\">\n\t\t\t\t\t<div class=\"elementor-column elementor-col-100 elementor-top-column elementor-element elementor-element-3e9b9e55\" data-id=\"3e9b9e55\" data-element_type=\"column\">\n\t\t\t<div class=\"elementor-column-wrap elementor-element-populated\">\n\t\t\t\t\t\t\t<div class=\"elementor-widget-wrap\">\n\t\t\t\t\t\t<div class=\"elementor-element elementor-element-2124def5 elementor-widget elementor-widget-m2e\" data-id=\"2124def5\" data-element_type=\"widget\" data-widget_type=\"m2e.default\">\n\t\t\t\t<div class=\"elementor-widget-container\">\n\t\t\t<section class=\"mn-m2-e mn-bg-green\">\n\t<div class=\"mn-grid\">\n\t\t<div class=\"mn-grid-3 mn-introtext\">\n\t\t\t\t\t\t\t<p class=\"mn-header\">Wydzia\u0142 Agrobioin\u017cynierii<\/p>\n\t\t\t\t\t\t\t\t\t\t\t<h3>\n\t\t\t\t\tKszta\u0142cenie\t\t\t\t<\/h3>\n\t\t\t\t\t\t\t\t\t\t\t\t<\/div>\n\t\t<div class=\"mn-grid-9 mn-image-container\">\n\t\t\t\t\t\t\t<img src=\"https:\/\/up.lublin.pl\/agrobio\/wp-content\/uploads\/sites\/2\/2021\/06\/agrobio_ksztalcenie.png\" alt=\"\">\n\t\t\t\t\t\t<\/div>\n\t<\/div>\n\t<\/section>\n\t\t<\/div>\n\t\t\t\t<\/div>\n\t\t\t\t\t\t<\/div>\n\t\t\t\t\t<\/div>\n\t\t<\/div>\n\t\t\t\t\t\t\t\t<\/div>\n\t\t\t\t\t<\/div>\n\t\t<\/section>\n\t\t\t\t<section class=\"elementor-section elementor-top-section elementor-element elementor-element-940a6fc elementor-section-boxed elementor-section-height-default elementor-section-height-default\" data-id=\"940a6fc\" data-element_type=\"section\">\n\t\t\t\t\t\t<div class=\"elementor-container elementor-column-gap-default\">\n\t\t\t\t\t\t\t<div class=\"elementor-row\">\n\t\t\t\t\t<div class=\"elementor-column elementor-col-100 elementor-top-column elementor-element elementor-element-704a3158\" data-id=\"704a3158\" data-element_type=\"column\">\n\t\t\t<div class=\"elementor-column-wrap elementor-element-populated\">\n\t\t\t\t\t\t\t<div class=\"elementor-widget-wrap\">\n\t\t\t\t\t\t<div class=\"elementor-element elementor-element-41c934fd elementor-widget elementor-widget-m5c\" data-id=\"41c934fd\" data-element_type=\"widget\" data-widget_type=\"m5c.default\">\n\t\t\t\t<div class=\"elementor-widget-container\">\n\t\t\t<section class=\"mn-m5-c mn-bg-white\">\n\t<div class=\"mn-grid\">\n\t\t            <div class=\"mn-menu-container mn-grid-3\">\n                <ul class=\"mn-bg-yellow\">\n\t                                        <li>\n                            <a href=\"#\" class=\"active\" data-hash=\"#jakosc_ksztalcenia\">\n                                Jako\u015b\u0107 kszta\u0142cenia                            <\/a>\n                        <\/li>\n                                                <li>\n                            <a href=\"#\" class=\"\" data-hash=\"#rozklady_zajec\">\n                                Rozk\u0142ady zaj\u0119\u0107                            <\/a>\n                        <\/li>\n                                                <li>\n                            <a href=\"#\" class=\"\" data-hash=\"#plany_studiow\">\n                                Plany studi\u00f3w                            <\/a>\n                        <\/li>\n                                                <li>\n                            <a href=\"#\" class=\"\" data-hash=\"#karty_kierunkow\">\n                                Karty kierunk\u00f3w                            <\/a>\n                        <\/li>\n                                                <li>\n                            <a href=\"#\" class=\"\" data-hash=\"#efekty_uczenia\">\n                                Efekty uczenia si\u0119                            <\/a>\n                        <\/li>\n                                                <li>\n                            <a href=\"#\" class=\"\" data-hash=\"#organizacja\">\n                                Organizacja roku akademickiego                            <\/a>\n                        <\/li>\n                                                <li>\n                            <a href=\"#\" class=\"\" data-hash=\"#egzamin_dyplomowy\">\n                                Egzamin dyplomowy                            <\/a>\n                        <\/li>\n                                                <li>\n                            <a href=\"#\" class=\"\" data-hash=\"#procedury\">\n                                Procedury                            <\/a>\n                        <\/li>\n                                                <li>\n                            <a href=\"#\" class=\"\" data-hash=\"#kola_naukowe\">\n                                Ko\u0142a naukowe                            <\/a>\n                        <\/li>\n                                                <li>\n                            <a href=\"#\" class=\"\" data-hash=\"#wss\">\n                                Wydzia\u0142owy Samorz\u0105d Student\u00f3w                            <\/a>\n                        <\/li>\n                                                <li>\n                            <a href=\"#\" class=\"\" data-hash=\"#opiekunowie\">\n                                Opiekunowie roku                            <\/a>\n                        <\/li>\n                                                <li>\n                            <a href=\"#\" class=\"\" data-hash=\"#erasmus\">\n                                Erasmus+                            <\/a>\n                        <\/li>\n                                                <li>\n                            <a href=\"#\" class=\"\" data-hash=\"#wzory\">\n                                Wzory dokument\u00f3w                            <\/a>\n                        <\/li>\n                                                <li>\n                            <a href=\"#\" class=\"\" data-hash=\"#mlegitymacja\">\n                                mLegitymacja studencka                            <\/a>\n                        <\/li>\n                                        <\/ul>\n            <\/div>\n\t        \t\t<div class=\"mn-content mn-grid-8\">\n\t\t\t                <div class=\"mn-content-block active\">\n\t                                                        <ul class=\"mn-accordion\">\n                                            <li>\n                                                <h4 class=\"mn-accordion-title\">Wydzia\u0142owa Komisja ds. Jako\u015bci Kszta\u0142cenia<\/h4>\n                                                <div>\n\t\t\t\t\t\t\t\t\t                <p><span style=\"text-decoration: underline\"><strong><em>Komisja ds. Jako\u015bci Kszta\u0142cenia:<\/em><\/strong><\/span><\/p>\n<ul style=\"list-style-type: circle\">\n<li><em><strong>Dr hab.\u00a0<\/strong><\/em><em><strong>Sylwia Andruszczak<\/strong><\/em><em><strong> prof. uczelni \u2013 przewodnicz\u0105ca<br \/><\/strong><\/em><em><strong>cz\u0142onkowie: <\/strong><\/em><\/li>\n<li><em><strong>Dr hab. <\/strong><\/em><em><strong>Mariusz Kulik <\/strong><\/em><em><strong>, prof. uczelni<\/strong><\/em><\/li>\n<li><em><strong>Dr hab. Justyna Bohacz prof. uczelni<\/strong><\/em><\/li>\n<li><em><strong>Dr hab. Maja Bryk prof. uczelni<\/strong><\/em><\/li>\n<li><em><strong>Dr hab. Teresa Wy\u0142upek prof. uczelni<\/strong><\/em><\/li>\n<li><em><strong>Dr Sylwia Sowa<\/strong><\/em><\/li>\n<li><em><strong>przedstawiciel doktorant\u00f3w wskazany przez Rad\u0119 Doktorant\u00f3w UP w\u00a0Lublinie \u2013 mgr in\u017c. Weronika Grzelak<\/strong><\/em>\u00a0<\/li>\n<li><em><strong>przedstawiciel WSRR \u2013 Julia Petrzak<\/strong><\/em><\/li>\n<\/ul>\n<p>\u00a0<\/p>\n                                                <\/div>\n                                            <\/li>\n                                        <\/ul>\n\t\t\t\t\t\t                                                        <ul class=\"mn-accordion\">\n                                            <li>\n                                                <h4 class=\"mn-accordion-title\">Rady Programowe<\/h4>\n                                                <div>\n\t\t\t\t\t\t\t\t\t                <p><a href=\"https:\/\/bip.up.lublin.pl\/\/files\/biurorektora\/2021\/020\/20.pdf\">Zarz\u0105dzenie 20\/2021 z\u00a0dnia 12.02.2021 w\u00a0sprawie powo\u0142ania rad programowych na kierunkach studi\u00f3w realizowanych na Wydziale Agrobioin\u017cynierii<\/a><\/p>\n<p><a href=\"https:\/\/up.lublin.pl\/agrobio\/wp-content\/uploads\/sites\/2\/2023\/08\/ZARZADZENIE-nr-57.pdf\">Zarz\u0105dzenie 57\/2022 z&nbsp;dnia 10.05.2022 zmieniaj\u0105ce Zarz\u0105dzenie nr 20 Rektora Uniwersytetu Przyrodniczego w&nbsp;Lublinie z&nbsp;dnia 12 lutego 2021 r. w&nbsp;sprawie powo\u0142ania rad programowych na kierunkach studi\u00f3w realizowanych na Wydziale Agrobioin\u017cynierii<\/a><\/p>\n<p><a href=\"https:\/\/up.lublin.pl\/bip\/wp-content\/uploads\/sites\/9\/2024\/11\/z-113-2024.pdf\">Zarz\u0105dzenie 113\/2024 z&nbsp;dnia 18.11.2024 zmieniaj\u0105ce Zarz\u0105dzenie nr 20 Rektora Uniwersytetu Przyrodniczego w&nbsp;Lublinie z&nbsp;dnia 12 lutego 2021 r. w&nbsp;sprawie powo\u0142ania rad programowych na kierunkach studi\u00f3w realizowanych na Wydziale Agrobioin\u017cynierii<\/a><\/p>\n                                                <\/div>\n                                            <\/li>\n                                        <\/ul>\n\t\t\t\t\t\t                                                        <ul class=\"mn-accordion\">\n                                            <li>\n                                                <h4 class=\"mn-accordion-title\">Harmonogram<\/h4>\n                                                <div>\n\t\t\t\t\t\t\t\t\t                <div class=\"mn-cards-list\">\n<div class=\"mn-card-container\">\n<div><img src=\"https:\/\/up.lublin.pl\/agrobio\/wp-content\/themes\/up-lublin\/assets\/images\/doc-ico.svg\" alt=\"\" \/><\/p>\n<h5>HARMONOGRAM dzia\u0142a\u0144 w&nbsp;zakresie doskonalenia jako\u015bci kszta\u0142cenia na Wydziale Agrobioin\u017cynierii UP w&nbsp;Lublinie w&nbsp;roku akademickim 2025\/2026<\/h5>\n<\/div>\n<p><a class=\"mn-more\" href=\"https:\/\/up.lublin.pl\/agrobio\/wp-content\/uploads\/sites\/2\/2026\/01\/Harmonogram-dzialan-w-zakresie-doskonalenia-jakosci-ksztalcenia-2025-2026.pdf\" target=\"_blank\" rel=\"noopener\">Zobacz<\/a><\/p>\n<\/div>\n<\/div>\n<div class=\"mn-cards-list\">\n<div class=\"mn-card-container\">\n<div><img src=\"https:\/\/up.lublin.pl\/agrobio\/wp-content\/themes\/up-lublin\/assets\/images\/doc-ico.svg\" alt=\"\" \/><\/p>\n<h5>HARMONOGRAM dzia\u0142a\u0144 w&nbsp;zakresie doskonalenia jako\u015bci kszta\u0142cenia na Wydziale Agrobioin\u017cynierii UP w&nbsp;Lublinie w&nbsp;roku akademickim 2024\/2025<\/h5>\n<\/div>\n<p><a class=\"mn-more\" href=\"https:\/\/up.lublin.pl\/agrobio\/wp-content\/uploads\/sites\/2\/2024\/11\/Harmonogram-dzialan-w-zakresie-doskonalenia-jakosci-ksztalcenia-2024-2025.pdf\" target=\"_blank\" rel=\"noopener\">Zobacz<\/a><\/p>\n<\/div>\n<\/div>\n<div class=\"mn-cards-list\">\n<div class=\"mn-card-container\">\n<div><img src=\"https:\/\/up.lublin.pl\/agrobio\/wp-content\/themes\/up-lublin\/assets\/images\/doc-ico.svg\" alt=\"\" \/><\/p>\n<h5>HARMONOGRAM dzia\u0142a\u0144 w&nbsp;zakresie doskonalenia jako\u015bci kszta\u0142cenia na Wydziale Agrobioin\u017cynierii UP w&nbsp;Lublinie w&nbsp;roku akademickim 2023\/2024<\/h5>\n<\/div>\n<p><a class=\"mn-more\" href=\"https:\/\/up.lublin.pl\/agrobio\/wp-content\/uploads\/sites\/2\/2023\/09\/Harmonogram-dzialan-w-zakresie-dosknalenia-jakosci-ksztalcenia-2023-2024.pdf\" target=\"_blank\" rel=\"noopener\">Zobacz<\/a><\/p>\n<\/div>\n<\/div>\n<div class=\"mn-cards-list\">\n<div class=\"mn-card-container\">\n<div><img src=\"https:\/\/up.lublin.pl\/agrobio\/wp-content\/themes\/up-lublin\/assets\/images\/doc-ico.svg\" alt=\"\" \/><\/p>\n<h5>HARMONOGRAM dzia\u0142a\u0144 w&nbsp;zakresie doskonalenia jako\u015bci kszta\u0142cenia na Wydziale Agrobioin\u017cynierii UP w&nbsp;Lublinie w&nbsp;roku akademickim 2022\/2023<\/h5>\n<\/div>\n<p><a class=\"mn-more\" href=\"https:\/\/up.lublin.pl\/agrobio\/wp-content\/uploads\/sites\/2\/2022\/12\/Harmonogram-dzialan-w-zakresie-doskonalenia-jakosci-ksztalcenia-2022_2023.pdf\" target=\"_blank\" rel=\"noopener\">Zobacz<\/a><\/p>\n<\/div>\n<\/div>\n<div class=\"mn-cards-list\">\n<div class=\"mn-card-container\">\n<div><img src=\"https:\/\/up.lublin.pl\/agrobio\/wp-content\/themes\/up-lublin\/assets\/images\/doc-ico.svg\" alt=\"\" \/><\/p>\n<h5>HARMONOGRAM dzia\u0142a\u0144 w&nbsp;zakresie doskonalenia jako\u015bci kszta\u0142cenia na Wydziale Agrobioin\u017cynierii UP w&nbsp;Lublinie w&nbsp;roku akademickim 2021\/2022<\/h5>\n<\/div>\n<p><a class=\"mn-more\" href=\"https:\/\/up.lublin.5pl\/agrobio\/wp-content\/uploads\/sites\/2\/2022\/04\/Harmonogram-dzialan-w-zakresie-dosknalenia-jakosci-ksztalcenia-2021_2022.pdf\" target=\"_blank\" rel=\"noopener\">Zobacz<\/a><\/p>\n<\/div>\n<\/div>\n<div class=\"mn-cards-list\">\n<div class=\"mn-card-container\">\n<div><img src=\"https:\/\/up.lublin.pl\/agrobio\/wp-content\/themes\/up-lublin\/assets\/images\/doc-ico.svg\" alt=\"\" \/><\/p>\n<h5>HARMONOGRAM dzia\u0142a\u0144 w&nbsp;zakresie doskonalenia jako\u015bci kszta\u0142cenia na Wydziale Agrobioin\u017cynierii UP w&nbsp;Lublinie w&nbsp;roku akademickim 2020\/2021<\/h5>\n<\/div>\n<p><a class=\"mn-more\" href=\"https:\/\/up.lublin.pl\/agrobio\/wp-content\/uploads\/sites\/2\/2021\/04\/Harmonogram-dzialan-w-zakresie-doskonalenia-jakosci-ksztalcenia.pdf\" target=\"_blank\" rel=\"noopener\">Zobacz<\/a><\/p>\n<\/div>\n<\/div>\n                                                <\/div>\n                                            <\/li>\n                                        <\/ul>\n\t\t\t\t\t\t                                                        <ul class=\"mn-accordion\">\n                                            <li>\n                                                <h4 class=\"mn-accordion-title\">Ksi\u0119ga Jako\u015bci Kszta\u0142cenia<\/h4>\n                                                <div>\n\t\t\t\t\t\t\t\t\t                <p><a href=\"https:\/\/up.lublin.pl\/agrobio\/wp-content\/uploads\/sites\/2\/2026\/03\/ksiega-jakosci-ksztalcenia-Wydzialu-Agrobioinzynierii.pdf\">Ksi\u0119ga jako\u015bci kszta\u0142cenia Wydzia\u0142u Agrobioin\u017cynierii<\/a><\/p>\n<p>\u00a0<\/p>\n                                                <\/div>\n                                            <\/li>\n                                        <\/ul>\n\t\t\t\t\t\t                                                        <ul class=\"mn-accordion\">\n                                            <li>\n                                                <h4 class=\"mn-accordion-title\">Raporty<\/h4>\n                                                <div>\n\t\t\t\t\t\t\t\t\t                <p><strong>Raporty samooceny<br \/><\/strong><\/p>\n<p><a href=\"https:\/\/up.lublin.pl\/agrobio\/wp-content\/uploads\/sites\/2\/2025\/02\/RS_PO_Bioinzynieria_2025_UP_Lublin.pdf\">Raport samooceny kierunku Bioin\u017cynieria<\/a><\/p>\n<p><a href=\"https:\/\/up.lublin.pl\/agrobio\/wp-content\/uploads\/sites\/2\/2024\/03\/Raport-Samooceny-Agrobiznes-2024.pdf\">Raport samooceny kierunku Agrobiznes<\/a><\/p>\n<p><a href=\"https:\/\/up.lublin.pl\/agrobio\/wp-content\/uploads\/sites\/2\/2024\/03\/Raport-Samooceny_PP_2023-Lesnictwo-UP-Lublin.pdf\">Raport samooceny kierunku Le\u015bnictwo<\/a><\/p>\n<p><a href=\"https:\/\/up.lublin.pl\/agrobio\/wp-content\/uploads\/sites\/2\/2023\/08\/Raport-samooceny-kierunku-Agrolesnictwo.pdf\">Raport samooceny kierunku Agrole\u015bnictwo<\/a><\/p>\n<p><a href=\"https:\/\/up.lublin.pl\/agrobio\/wp-content\/uploads\/sites\/2\/2023\/12\/RS-Rolnictwo-UP-Lublin-X-2023.pdf\">Raport samooceny kierunku Rolnictwo<\/a><\/p>\n<p><a href=\"https:\/\/up.lublin.pl\/agrobio\/wp-content\/uploads\/sites\/2\/2023\/12\/RS_Ekonomia_UP-w-Lublinie_2023.pdf\">Raport samooceny kierunku Ekonomia<\/a><\/p>\n<p><a href=\"https:\/\/up.lublin.pl\/agrobio\/wp-content\/uploads\/sites\/2\/2024\/10\/Raport-samooceny-TiR.pdf\">Raport samooceny kierunku Turystyka i&nbsp;Rekreacja<\/a><\/p>\n<p><a href=\"https:\/\/up.lublin.pl\/agrobio\/wp-content\/uploads\/sites\/2\/2024\/12\/Raport-Samooceny_Gospodarka-przestrzenna_UP_Lublin.pdf\">Raport samooceny kierunku Gospodarka przestrzenna<\/a><\/p>\n<p><strong>Raport Wydzia\u0142owej Komisji do spraw Jako\u015bci Kszta\u0142cenia<\/strong><\/p>\n<div>\n<p><a href=\"https:\/\/up.lublin.pl\/agrobio\/wp-content\/uploads\/sites\/2\/2022\/04\/Raport_2019-2020_WKJK_Wydzial_Agrobioinzynierii.pdf\">Raport_2019-2020_WKJK_Wydzia\u0142_Agrobioin\u017cynierii<\/a><\/p>\n<p><a href=\"https:\/\/up.lublin.pl\/agrobio\/wp-content\/uploads\/sites\/2\/2022\/04\/Raport_2020-2021_WKJK_Wydzial_Agrobioinzynierii.pdf\">Raport_2020-2021_WKJK_Wydzia\u0142_Agrobioin\u017cynierii<\/a><\/p>\n<p><a href=\"https:\/\/up.lublin.pl\/agrobio\/wp-content\/uploads\/sites\/2\/2023\/03\/Raport_2021-2022_WKJK_Wydzial_Agrobioinzynierii.pdf\">Raport_2021-2022_WKJK_Wydzia\u0142_Agrobioin\u017cynierii<\/a><\/p>\n<p><a href=\"https:\/\/up.lublin.pl\/agrobio\/wp-content\/uploads\/sites\/2\/2023\/11\/Raport_2022-2023_WKJK_Wydzial_Agrobioinzynierii.pdf\">Raport_2022-2023_WKJK_Wydzia\u0142_Agrobioin\u017cynierii<\/a><\/p>\n<p><a href=\"https:\/\/up.lublin.pl\/agrobio\/wp-content\/uploads\/sites\/2\/2024\/12\/Raport_2023-2024_WKJK_Wydzial_Agrobioinzynierii.pdf\">Raport_2023-2024_WKJK_Wydzia\u0142_Agrobioin\u017cynierii<\/a><\/p>\n<p><a href=\"https:\/\/up.lublin.pl\/agrobio\/wp-content\/uploads\/sites\/2\/2026\/01\/Raport_WKdsJK_2024-2025_Wydzial_Agrobioinzynierii.pdf\">Raport_WKdsJK_2024-2025_Wydzia\u0142_Agrobioin\u017cynierii<\/a><\/p>\n<\/div>\n                                                <\/div>\n                                            <\/li>\n                                        <\/ul>\n\t\t\t\t\t\t                                                        <ul class=\"mn-accordion\">\n                                            <li>\n                                                <h4 class=\"mn-accordion-title\">Uchwa\u0142y Polskiej Komisji Akredytacyjnej<\/h4>\n                                                <div>\n\t\t\t\t\t\t\t\t\t                <p><a href=\"https:\/\/up.lublin.pl\/agrobio\/wp-content\/uploads\/sites\/2\/2024\/09\/Uchwala-Polskiej-Komisji-Akredytacyjnej-w-sprawie-jakosci-ksztalcenia-na-kierunku-Agrobiznes-2024.pdf\">Uchwa\u0142a Polskiej Komisji Akredytacyjnej w&nbsp;sprawie jako\u015bci kszta\u0142cenia na kierunku Agrobiznes<\/a><\/p>\n<p><a href=\"https:\/\/up.lublin.pl\/agrobio\/wp-content\/uploads\/sites\/2\/2023\/08\/Uchwala-Polskiej-Komisji-Akredytacyjnej-w-sprawie-jakosci-ksztalcenia-na-kierunku-Agrolesnictwo.pdf\">Uchwa\u0142a Polskiej Komisji Akredytacyjnej w&nbsp;sprawie jako\u015bci kszta\u0142cenia na kierunku Agrole\u015bnictwo<\/a><\/p>\n<p><a href=\"https:\/\/up.lublin.pl\/agrobio\/wp-content\/uploads\/sites\/2\/2026\/01\/Uchwala-Polskiej-Komisji-Akredytacyjnej-w-sprawie-jakosci-ksztalcenia-na-kierunku-Bioinzynieria.pdf\">Uchwa\u0142a Polskiej Komisji Akredytacyjnej w&nbsp;sprawie jako\u015bci kszta\u0142cenia na kierunku Bioin\u017cynieria<\/a><\/p>\n<p><a href=\"https:\/\/up.lublin.pl\/agrobio\/wp-content\/uploads\/sites\/2\/2024\/06\/Uchwala-Polskiej-Komisji-Akredytacyjnej-w-sprawie-jakosci-ksztalcenia-na-kierunku-Ekonomia.pdf\">Uchwala-Polskiej-Komisji-Akredytacyjnej-w-sprawie-jakosci-ksztalcenia-na-kierunku-Ekonomia<\/a><\/p>\n<p><a href=\"https:\/\/up.lublin.pl\/agrobio\/wp-content\/uploads\/sites\/2\/2025\/04\/Uchwala-Polskiej-Komisji-Akredytacyjnej-w-sprawie-jakosci-ksztalcenia-na-kierunku-gospodarka-przestrzenna.pdf\">Uchwala-Polskiej-Komisji-Akredytacyjnej-w-sprawie-jakosci-ksztalcenia-na-kierunku Gospodarka przestrzenna<\/a><\/p>\n<p><a href=\"https:\/\/up.lublin.pl\/agrobio\/wp-content\/uploads\/sites\/2\/2024\/06\/Uchwala-Polskiej-Komisji-Akredytacyjnej-w-sprawie-jakosci-ksztalcenia-na-kierunku-Lesnictwo.pdf\">Uchwala-Polskiej-Komisji-Akredytacyjnej-w-sprawie-jakosci-ksztalcenia-na-kierunku-Lesnictwo<\/a><\/p>\n<p><a href=\"https:\/\/up.lublin.pl\/agrobio\/wp-content\/uploads\/sites\/2\/2024\/06\/Uchwala-Polskiej-Komisji-Akredytacyjnej-w-sprawie-jakosci-ksztalcenia-na-kierunku-Rolnictwo.pdf\">Uchwala-Polskiej-Komisji-Akredytacyjnej-w-sprawie-jakosci-ksztalcenia-na-kierunku-Rolnictwo<\/a><\/p>\n<p><a href=\"https:\/\/up.lublin.pl\/agrobio\/wp-content\/uploads\/sites\/2\/2025\/02\/Uchwala-Polskiej-Komisji-Akredytacyjnej-w-sprawie-jakosci-ksztalcenia-na-kierunku-Turystyka-i-rekreacja.pdf\">Uchwa\u0142a Polskiej Komisji Akredytacyjnej w&nbsp;sprawie jako\u015bci kszta\u0142cenia na kierunku Turystyka i&nbsp;rekreacja<\/a><\/p>\n                                                <\/div>\n                                            <\/li>\n                                        <\/ul>\n\t\t\t\t\t\t                                                        <ul class=\"mn-accordion\">\n                                            <li>\n                                                <h4 class=\"mn-accordion-title\">Rada Interesariuszy Zewn\u0119trzych<\/h4>\n                                                <div>\n\t\t\t\t\t\t\t\t\t                <p><a href=\"https:\/\/up.lublin.pl\/agrobio\/wp-content\/uploads\/sites\/2\/2023\/02\/Regulamin-Rady-Interesariuszy-2.pdf\">Regulamin Rady Interesariuszy<\/a><\/p>\n<p><a href=\"https:\/\/up.lublin.pl\/agrobio\/wp-content\/uploads\/sites\/2\/2023\/02\/Sklad-Rady-Interesariuszy.pdf\">Sklad-Rady-Interesariuszy<\/a><\/p>\n                                                <\/div>\n                                            <\/li>\n                                        <\/ul>\n\t\t\t\t\t\t                                                        <ul class=\"mn-accordion\">\n                                            <li>\n                                                <h4 class=\"mn-accordion-title\">Dni kierunku<\/h4>\n                                                <div>\n\t\t\t\t\t\t\t\t\t                <p style=\"text-align: left\"><strong>Protok\u00f3\u0142 z&nbsp;Dni Kierunku<\/strong><\/p>\n<p><a href=\"https:\/\/up.lublin.pl\/agrobio\/wp-content\/uploads\/sites\/2\/2026\/03\/Sprawozdanie-konf.-Agrobiznes-2025.pdf\">Agrobiznes<\/a><\/p>\n<p><a href=\"https:\/\/up.lublin.pl\/agrobio\/wp-content\/uploads\/sites\/2\/2025\/01\/Lesnictwo_agrolesnictwo_sprawozdanie_z_konferencji_2024.pdf\">Agrole\u015bnictwo<\/a><\/p>\n<p><a href=\"https:\/\/up.lublin.pl\/agrobio\/wp-content\/uploads\/sites\/2\/2026\/03\/Bioinzynieria-Dni-Kierunku-protokol-2025.pdf\">Bioin\u017cynieria<\/a><\/p>\n<p><a href=\"https:\/\/up.lublin.pl\/agrobio\/wp-content\/uploads\/sites\/2\/2026\/03\/Ekonomia_Dni-Kierunku_protokol-2025.pdf\">Ekonomia<\/a><\/p>\n<p><a href=\"https:\/\/up.lublin.pl\/agrobio\/wp-content\/uploads\/sites\/2\/2026\/03\/Gospodarka-przestrzenna-protokol-z-DNI-KIERUNKU-2026.pdf\">Gospodarka przestrzenna<\/a><\/p>\n<p><a href=\"https:\/\/up.lublin.pl\/agrobio\/wp-content\/uploads\/sites\/2\/2025\/01\/Lesnictwo_agrolesnictwo_sprawozdanie_z_konferencji_2024.pdf\">Le\u015bnictwo<\/a><\/p>\n<p><a href=\"https:\/\/up.lublin.pl\/agrobio\/wp-content\/uploads\/sites\/2\/2026\/03\/Rolnicwo-Dni-Kierunku_protokol-2025.pdf\">Rolnictwo<\/a><\/p>\n<p><a href=\"https:\/\/up.lublin.pl\/agrobio\/wp-content\/uploads\/sites\/2\/2026\/03\/Turystyka-i-rekreacja-Dni-kierunku-protokol-2025.pdf\">Turystyka i&nbsp;rekreacja<\/a><\/p>\n                                                <\/div>\n                                            <\/li>\n                                        <\/ul>\n\t\t\t\t\t\t                                <\/div>\n\t\t\t\t                <div class=\"mn-content-block\">\n\t                                                        <div class=\"block-text\">\n\t                                        <p><strong>ROK AKADEMICKI 2025\/2026 &#8211; semestr letni<\/strong><\/p>\n<p>Aktualizacja: 17.04.2026<\/p>\n<p><strong>v<\/strong> &#8211; w&nbsp;nazwie pliku oznacza jego wersj\u0119 (v2, v3 itd.)<\/p>\n<table style=\"width: 87.6952%;height: 1597px\">\n<tbody>\n<tr style=\"height: 23px\">\n<td style=\"width: 60.6771%;height: 23px\">Kierunek<\/td>\n<td style=\"width: 35.6771%;height: 23px\" colspan=\"4\">Rok<\/td>\n<\/tr>\n<tr style=\"height: 23px\">\n<td style=\"width: 60.6771%;height: 23px\"><strong>ROLNICTWO<\/strong><\/td>\n<td style=\"width: 9.11458%;height: 23px\"><strong>I<\/strong><\/td>\n<td style=\"width: 8.59375%;height: 23px\">II<\/td>\n<td style=\"width: 9.63542%;height: 23px\">III<\/td>\n<td style=\"width: 8.33333%;height: 23px\">IV<\/td>\n<\/tr>\n<tr style=\"height: 40px\">\n<td style=\"width: 60.6771%;height: 40px\">stacjonarne I&nbsp;stopnia<\/td>\n<td style=\"width: 9.11458%;height: 40px\"><a href=\"https:\/\/up.lublin.pl\/agrobio\/wp-content\/uploads\/sites\/2\/2026\/03\/Rolnictwo-stacj-I-st-I-r-v7.pdf\">Rolnictwo stacj I&nbsp;st I&nbsp;r (v7)<\/a><\/td>\n<td style=\"width: 8.59375%;height: 40px\"><a href=\"https:\/\/up.lublin.pl\/agrobio\/wp-content\/uploads\/sites\/2\/2026\/03\/Rolnictwo-stacj-I-st-II-r-v3.pdf\">Rolnictwo stacj I&nbsp;st II r&nbsp;(v3)<\/a><\/td>\n<td style=\"width: 9.63542%;height: 40px\"><a href=\"https:\/\/up.lublin.pl\/agrobio\/wp-content\/uploads\/sites\/2\/2026\/02\/Rolnictwo-stacj-I-st-III-r-v2.pdf\">Rolnictwo stacj I&nbsp;st III r&nbsp;(v2)<\/a><\/td>\n<td style=\"width: 8.33333%;height: 40px\">&#8211;<\/td>\n<\/tr>\n<tr style=\"height: 40px\">\n<td style=\"width: 60.6771%;height: 40px\">stacjonarne II stopnia<\/td>\n<td style=\"width: 9.11458%;height: 40px\"><a href=\"https:\/\/up.lublin.pl\/agrobio\/wp-content\/uploads\/sites\/2\/2026\/03\/Rolnictwo-stacj-II-st-I-r-v6.pdf\">Rolnictwo stacj II st I&nbsp;r (v6)<\/a><\/td>\n<td style=\"width: 8.59375%;height: 40px\"><a href=\"https:\/\/up.lublin.pl\/agrobio\/wp-content\/uploads\/sites\/2\/2026\/02\/Rolnictwo-stacj-II-st-II-r-v4.pdf\">Rolnictwo stacj II st II r&nbsp;(v4)<\/a><\/td>\n<td style=\"width: 9.63542%;height: 40px\">&#8211;<\/td>\n<td style=\"width: 8.33333%;height: 40px\">&#8211;<\/td>\n<\/tr>\n<tr style=\"height: 40px\">\n<td style=\"width: 60.6771%;height: 40px\">niestacjonarne I&nbsp;stopnia<\/td>\n<td style=\"width: 9.11458%;height: 40px\"><a href=\"https:\/\/up.lublin.pl\/agrobio\/wp-content\/uploads\/sites\/2\/2026\/02\/Rolnictwo-niestacj-I-st-I-r-v2.pdf\">Rolnictwo niestacj I&nbsp;st I&nbsp;r (v2)<\/a><\/td>\n<td style=\"width: 8.59375%;height: 40px\"><a href=\"https:\/\/up.lublin.pl\/agrobio\/wp-content\/uploads\/sites\/2\/2026\/03\/Rolnictwo-niestacj-I-st-II-r-v2.pdf\">Rolnictwo niestacj I&nbsp;st II r&nbsp;(v2)<\/a><\/td>\n<td style=\"width: 9.63542%;height: 40px\"><a href=\"https:\/\/up.lublin.pl\/agrobio\/wp-content\/uploads\/sites\/2\/2026\/02\/Rolnictwo-niestacj-I-st-III-r-v2.pdf\">Rolnictwo niestacj I&nbsp;st III r&nbsp;(v2)<\/a><\/td>\n<td style=\"width: 8.33333%;height: 40px\"><a href=\"https:\/\/up.lublin.pl\/agrobio\/wp-content\/uploads\/sites\/2\/2026\/02\/Rolnictwo-niestacj-I-st-IV-r-v2.pdf\">Rolnictwo niestacj I&nbsp;st IV r&nbsp;(v2)<\/a><\/td>\n<\/tr>\n<tr style=\"height: 23px\">\n<td style=\"width: 60.6771%;height: 23px\">niestacjonarne II stopnia<\/td>\n<td style=\"width: 9.11458%;height: 23px\"><a href=\"https:\/\/up.lublin.pl\/agrobio\/wp-content\/uploads\/sites\/2\/2026\/02\/Rolnictwo-niestacj-II-st-I-r.pdf\">Rolnictwo niestacj II st I&nbsp;r<\/a><\/td>\n<td style=\"width: 8.59375%;height: 23px\"><a href=\"https:\/\/up.lublin.pl\/agrobio\/wp-content\/uploads\/sites\/2\/2026\/02\/Rolnictwo-niestacj-II-st-II-r-v2.pdf\">Rolnictwo niestacj II st II r&nbsp;(v2)<\/a><\/td>\n<td style=\"width: 9.63542%;height: 23px\">&#8211;<\/td>\n<td style=\"width: 8.33333%;height: 23px\">&#8211;<\/td>\n<\/tr>\n<tr style=\"height: 23px\">\n<td style=\"width: 96.3542%;height: 23px\" colspan=\"5\">\u00a0<\/td>\n<\/tr>\n<tr style=\"height: 23px\">\n<td style=\"width: 60.6771%;height: 23px\"><strong>EKONOMIA<\/strong><\/td>\n<td style=\"width: 9.11458%;height: 23px\"><strong>I<\/strong><\/td>\n<td style=\"width: 8.59375%;height: 23px\">II<\/td>\n<td style=\"width: 9.63542%;height: 23px\">III<\/td>\n<td style=\"width: 8.33333%;height: 23px\">IV<\/td>\n<\/tr>\n<tr style=\"height: 40px\">\n<td style=\"width: 60.6771%;height: 40px\">stacjonarne I&nbsp;stopnia<\/td>\n<td style=\"width: 9.11458%;height: 40px\"><a href=\"https:\/\/up.lublin.pl\/agrobio\/wp-content\/uploads\/sites\/2\/2026\/04\/Ekonomia-stacj-I-st-I-r-v3.pdf\">Ekonomia stacj I&nbsp;st I&nbsp;r (v3)<\/a><\/td>\n<td style=\"width: 8.59375%;height: 40px\"><a href=\"https:\/\/up.lublin.pl\/agrobio\/wp-content\/uploads\/sites\/2\/2026\/03\/Ekonomia-stacj-I-st-II-r-v5.pdf\">Ekonomia stacj I&nbsp;st II r&nbsp;(v5)<\/a><\/td>\n<td style=\"width: 9.63542%;height: 40px\"><a href=\"https:\/\/up.lublin.pl\/agrobio\/wp-content\/uploads\/sites\/2\/2026\/03\/Ekonomia-stacj-I-st-III-r-v5.pdf\">Ekonomia stacj I&nbsp;st III r&nbsp;(v5)<\/a><\/td>\n<td style=\"width: 8.33333%;height: 40px\">&#8211;<\/td>\n<\/tr>\n<tr style=\"height: 23px\">\n<td style=\"width: 96.3542%;height: 23px\" colspan=\"5\">\u00a0<\/td>\n<\/tr>\n<tr style=\"height: 23px\">\n<td style=\"width: 60.6771%;height: 23px\"><strong>TURYSTYKA I&nbsp;REKREACJA<\/strong><\/td>\n<td style=\"width: 9.11458%;height: 23px\"><strong>I<\/strong><\/td>\n<td style=\"width: 8.59375%;height: 23px\">II<\/td>\n<td style=\"width: 9.63542%;height: 23px\">III<\/td>\n<td style=\"width: 8.33333%;height: 23px\">IV<\/td>\n<\/tr>\n<tr style=\"height: 91px\">\n<td style=\"width: 60.6771%;height: 91px\">stacjonarne I&nbsp;stopnia<\/td>\n<td style=\"width: 9.11458%;height: 91px\"><a href=\"https:\/\/up.lublin.pl\/agrobio\/wp-content\/uploads\/sites\/2\/2026\/03\/Turystyka-i-rekreacja-stacj-I-st-I-r-v7.pdf\">Turystyka i&nbsp;rekreacja stacj I&nbsp;st I&nbsp;r (v7)<\/a><\/td>\n<td style=\"width: 8.59375%;height: 91px\"><a href=\"https:\/\/up.lublin.pl\/agrobio\/wp-content\/uploads\/sites\/2\/2026\/02\/Turystyka-i-rekreacja-stacj-I-st-II-r-v4.pdf\">Turystyka i&nbsp;rekreacja stacj I&nbsp;st II r&nbsp;(v4)<\/a><\/td>\n<td style=\"width: 9.63542%;height: 91px\"><a href=\"https:\/\/up.lublin.pl\/agrobio\/wp-content\/uploads\/sites\/2\/2026\/03\/Turystyka-i-rekreacja-stacj-I-st-III-r-v3.pdf\">Turystyka i&nbsp;rekreacja stacj I&nbsp;st III r&nbsp;(v3)<\/a><\/td>\n<td style=\"width: 8.33333%;height: 91px\">&#8211;<\/td>\n<\/tr>\n<tr style=\"height: 91px\">\n<td style=\"width: 60.6771%;height: 91px\">stacjonarne II stopnia<\/td>\n<td style=\"width: 9.11458%;height: 91px\">\n<p><strong>GT<\/strong><\/p>\n<p><a href=\"https:\/\/up.lublin.pl\/agrobio\/wp-content\/uploads\/sites\/2\/2026\/02\/Turystyka-i-rekreacja-Gosp.-turystyczna-stacj-II-st-I-r-v5-1.pdf\">Turystyka i&nbsp;rekreacja &#8211; Gosp. turystyczna stacj II st I&nbsp;r (v5)<\/a><\/p>\n<\/td>\n<td style=\"width: 8.59375%;height: 91px\">\n<p><strong>GT<\/strong><\/p>\n<p><a href=\"https:\/\/up.lublin.pl\/agrobio\/wp-content\/uploads\/sites\/2\/2026\/02\/Turystyka-i-rekreacja-Gosp.-turystyczna-stacj-II-st-II-r.pdf\">Turystyka i&nbsp;rekreacja &#8211; Gosp. turystyczna stacj II st II r<\/a><\/p>\n<p><strong>MZSZ<\/strong><\/p>\n<p><a href=\"https:\/\/up.lublin.pl\/agrobio\/wp-content\/uploads\/sites\/2\/2026\/02\/Turystyka-i-rekreacja-Menadzer-zdrowego-stylu-zycia-stacj-II-st-II-r.pdf\">Turystyka i&nbsp;rekreacja -Menad\u017cer zdrowego stylu \u017cycia stacj II st II r<\/a><\/p>\n<\/td>\n<td style=\"width: 9.63542%;height: 91px\">&#8211;<\/td>\n<td style=\"width: 8.33333%;height: 91px\">&#8211;<\/td>\n<\/tr>\n<tr>\n<td style=\"width: 60.6771%\">niestacjonarne I&nbsp;stopnia<\/td>\n<td style=\"width: 9.11458%\">\n<p><a href=\"https:\/\/up.lublin.pl\/agrobio\/wp-content\/uploads\/sites\/2\/2026\/03\/Turystyka-i-rekreacja-niestacj-I-st-I-r-v3.pdf\">Turystyka i&nbsp;rekreacja niestacj I&nbsp;st I&nbsp;r (v3)<\/a><\/p>\n<\/td>\n<td style=\"width: 8.59375%\">&#8211;<\/td>\n<td style=\"width: 9.63542%\">&#8211;<\/td>\n<td style=\"width: 8.33333%\">&#8211;<\/td>\n<\/tr>\n<tr style=\"height: 23px\">\n<td style=\"width: 96.3542%;height: 23px\" colspan=\"5\">\u00a0<\/td>\n<\/tr>\n<tr style=\"height: 46px\">\n<td style=\"width: 60.6771%;height: 46px\"><strong>GOSPODARKA PRZESTRZENNA<\/strong><\/td>\n<td style=\"width: 9.11458%;height: 46px\"><strong>I<\/strong><\/td>\n<td style=\"width: 8.59375%;height: 46px\">II<\/td>\n<td style=\"width: 9.63542%;height: 46px\">III<\/td>\n<td style=\"width: 8.33333%;height: 46px\">IV<\/td>\n<\/tr>\n<tr style=\"height: 40px\">\n<td style=\"width: 60.6771%;height: 40px\">stacjonarne I&nbsp;stopnia<\/td>\n<td style=\"width: 9.11458%;height: 40px\"><a href=\"https:\/\/up.lublin.pl\/agrobio\/wp-content\/uploads\/sites\/2\/2026\/02\/Gospodarka-przestrzenna-stacj-I-st-I-r-v4.pdf\">Gospodarka przestrzenna stacj I&nbsp;st I&nbsp;r (v4)<\/a><\/td>\n<td style=\"width: 8.59375%;height: 40px\"><a href=\"https:\/\/up.lublin.pl\/agrobio\/wp-content\/uploads\/sites\/2\/2026\/03\/Gospodarka-przestrzenna-stacj-I-st-II-r-v5.pdf\">Gospodarka przestrzenna stacj I&nbsp;st II r&nbsp;(v5)<\/a><\/td>\n<td style=\"width: 9.63542%;height: 40px\"><a href=\"https:\/\/up.lublin.pl\/agrobio\/wp-content\/uploads\/sites\/2\/2026\/02\/Gospodarka-przestrzenna-stacj-I-st-III-r-v4.pdf\">Gospodarka przestrzenna stacj I&nbsp;st III r&nbsp;(v4)<\/a><\/td>\n<td style=\"width: 8.33333%;height: 40px\">&#8211;<\/td>\n<\/tr>\n<tr style=\"height: 40px\">\n<td style=\"width: 60.6771%;height: 40px\">stacjonarne II stopnia<\/td>\n<td style=\"width: 9.11458%;height: 40px\"><a href=\"https:\/\/up.lublin.pl\/agrobio\/wp-content\/uploads\/sites\/2\/2026\/03\/Gospodarka-przestrzenna-stacj-II-st-I-r-v4-1.pdf\">Gospodarka przestrzenna stacj II st I&nbsp;r (v4)<\/a><\/td>\n<td style=\"width: 8.59375%;height: 40px\"><a href=\"https:\/\/up.lublin.pl\/agrobio\/wp-content\/uploads\/sites\/2\/2026\/03\/Gospodarka-przestrzenna-stacj-II-st-II-r-v2.pdf\">Gospodarka przestrzenna stacj II st II r&nbsp;(v2)<\/a><\/td>\n<td style=\"width: 9.63542%;height: 40px\">&#8211;<\/td>\n<td style=\"width: 8.33333%;height: 40px\">&#8211;<\/td>\n<\/tr>\n<tr>\n<td style=\"width: 60.6771%\">niestacjonarne II stopnia<\/td>\n<td style=\"width: 9.11458%\">&#8211;<\/td>\n<td style=\"width: 8.59375%\">&#8211;<\/td>\n<td style=\"width: 9.63542%\">&#8211;<\/td>\n<td style=\"width: 8.33333%\">&#8211;<\/td>\n<\/tr>\n<tr style=\"height: 23px\">\n<td style=\"width: 96.3542%;height: 23px\" colspan=\"5\">\u00a0<\/td>\n<\/tr>\n<tr style=\"height: 23px\">\n<td style=\"width: 60.6771%;height: 23px\"><strong>LE\u015aNICTWO<\/strong><\/td>\n<td style=\"width: 9.11458%;height: 23px\"><strong>I<\/strong><\/td>\n<td style=\"width: 8.59375%;height: 23px\">II<\/td>\n<td style=\"width: 9.63542%;height: 23px\">III<\/td>\n<td style=\"width: 8.33333%;height: 23px\">IV<\/td>\n<\/tr>\n<tr style=\"height: 91px\">\n<td style=\"width: 60.6771%;height: 91px\">stacjonarne I&nbsp;stopnia<\/td>\n<td style=\"width: 9.11458%;height: 91px\"><a href=\"https:\/\/up.lublin.pl\/agrobio\/wp-content\/uploads\/sites\/2\/2026\/03\/Lesnictwo-stacj-I-st-I-r-v4.pdf\">Le\u015bnictwo stacj I&nbsp;st I&nbsp;r (v4)<\/a><\/td>\n<td style=\"width: 8.59375%;height: 91px\"><a href=\"https:\/\/up.lublin.pl\/agrobio\/wp-content\/uploads\/sites\/2\/2026\/03\/Lesnictwo-stacj-I-st-II-r-v6.pdf\">Le\u015bnictwo stacj I&nbsp;st II r&nbsp;(v6)<\/a><\/td>\n<td style=\"width: 9.63542%;height: 91px\">&#8211;<\/td>\n<td style=\"width: 8.33333%;height: 91px\">&#8211;<\/td>\n<\/tr>\n<tr style=\"height: 186px\">\n<td style=\"width: 60.6771%;height: 186px\">niestacjonarne I&nbsp;stopnia<\/td>\n<td style=\"width: 9.11458%;height: 186px\"><a href=\"https:\/\/up.lublin.pl\/agrobio\/wp-content\/uploads\/sites\/2\/2026\/02\/Lesnictwo-niestacj-I-st-I-r-v4.pdf\">Le\u015bnictwo niestacj I&nbsp;st I&nbsp;r (v4)<\/a><\/td>\n<td style=\"width: 8.59375%;height: 186px\"><a href=\"https:\/\/up.lublin.pl\/agrobio\/wp-content\/uploads\/sites\/2\/2026\/02\/Lesnictwo-niestacj-I-st-II-r-v2.pdf\">Le\u015bnictwo niestacj I&nbsp;st II r&nbsp;(v2)<\/a><\/td>\n<td style=\"width: 9.63542%;height: 186px\">&#8211;<\/td>\n<td style=\"width: 8.33333%;height: 186px\">\n<p><strong>GL<\/strong><\/p>\n<p><a href=\"https:\/\/up.lublin.pl\/agrobio\/wp-content\/uploads\/sites\/2\/2026\/02\/Lesnictwo-Gospodarka-lesna-niestacj-I-st-IV-r.pdf\">Le\u015bnictwo &#8211; Gospodarka le\u015bna niestacj I&nbsp;st IV r<\/a><\/p>\n<\/td>\n<\/tr>\n<tr style=\"height: 23px\">\n<td style=\"width: 96.3542%;height: 23px\" colspan=\"5\">\u00a0<\/td>\n<\/tr>\n<tr style=\"height: 23px\">\n<td style=\"width: 60.6771%;height: 23px\"><strong>AGROBIZNES<\/strong><\/td>\n<td style=\"width: 9.11458%;height: 23px\"><strong>I<\/strong><\/td>\n<td style=\"width: 8.59375%;height: 23px\">II<\/td>\n<td style=\"width: 9.63542%;height: 23px\">III<\/td>\n<td style=\"width: 8.33333%;height: 23px\">IV<\/td>\n<\/tr>\n<tr style=\"height: 40px\">\n<td style=\"width: 60.6771%;height: 40px\">stacjonarne I&nbsp;stopnia<\/td>\n<td style=\"width: 9.11458%;height: 40px\"><a href=\"https:\/\/up.lublin.pl\/agrobio\/wp-content\/uploads\/sites\/2\/2026\/02\/Agrobiznes-stacj-I-st-I-r-v4.pdf\">Agrobiznes stacj I&nbsp;st I&nbsp;r (v4)<\/a><\/td>\n<td style=\"width: 8.59375%;height: 40px\"><a href=\"https:\/\/up.lublin.pl\/agrobio\/wp-content\/uploads\/sites\/2\/2026\/03\/Agrobiznes-stacj-I-st-II-r-v5.pdf\">Agrobiznes stacj I&nbsp;st II r&nbsp;(v5)<\/a><\/td>\n<td style=\"width: 9.63542%;height: 40px\"><a href=\"https:\/\/up.lublin.pl\/agrobio\/wp-content\/uploads\/sites\/2\/2026\/03\/Agrobiznes-stacj-I-st-III-r-v4.pdf\">Agrobiznes stacj I&nbsp;st III r&nbsp;(v4)<\/a><\/td>\n<td style=\"width: 8.33333%;height: 40px\">&#8211;<\/td>\n<\/tr>\n<tr>\n<td style=\"width: 60.6771%\">stacjonarne II stopnia<\/td>\n<td style=\"width: 9.11458%\"><a href=\"https:\/\/up.lublin.pl\/agrobio\/wp-content\/uploads\/sites\/2\/2026\/02\/Agrobiznes-stacj-II-st-I-r-v3.pdf\">Agrobiznes stacj II st I&nbsp;r (v3)<\/a><\/td>\n<td style=\"width: 8.59375%\">&#8211;<\/td>\n<td style=\"width: 9.63542%\">&#8211;<\/td>\n<td style=\"width: 8.33333%\">&#8211;<\/td>\n<\/tr>\n<tr style=\"height: 23px\">\n<td style=\"width: 96.3542%;height: 23px\" colspan=\"5\">\u00a0<\/td>\n<\/tr>\n<tr style=\"height: 23px\">\n<td style=\"width: 60.6771%;height: 23px\"><strong>BIOIN\u017bYNIERIA<\/strong><\/td>\n<td style=\"width: 9.11458%;height: 23px\"><strong>I<\/strong><\/td>\n<td style=\"width: 8.59375%;height: 23px\">II<\/td>\n<td style=\"width: 9.63542%;height: 23px\">III<\/td>\n<td style=\"width: 8.33333%;height: 23px\">IV<\/td>\n<\/tr>\n<tr style=\"height: 40px\">\n<td style=\"width: 60.6771%;height: 40px\">stacjonarne I&nbsp;stopnia<\/td>\n<td style=\"width: 9.11458%;height: 40px\"><a href=\"https:\/\/up.lublin.pl\/agrobio\/wp-content\/uploads\/sites\/2\/2026\/02\/Bioinzynieria-stacj-I-st-I-r-v5.pdf\">Bioin\u017cynieria stacj I&nbsp;st I&nbsp;r (v5)<\/a><\/td>\n<td style=\"width: 8.59375%;height: 40px\"><a href=\"https:\/\/up.lublin.pl\/agrobio\/wp-content\/uploads\/sites\/2\/2026\/03\/Bioinzynieria-stacj-I-st-II-r-v6.pdf\">Bioin\u017cynieria stacj I&nbsp;st II r&nbsp;(v6)<\/a><\/td>\n<td style=\"width: 9.63542%;height: 40px\"><a href=\"https:\/\/up.lublin.pl\/agrobio\/wp-content\/uploads\/sites\/2\/2026\/03\/Bioinzynieria-stacj-I-st-III-r-v4.pdf\">Bioin\u017cynieria stacj I&nbsp;st III r&nbsp;(v4)<\/a><\/td>\n<td style=\"width: 8.33333%;height: 40px\">&#8211;<\/td>\n<\/tr>\n<tr style=\"height: 40px\">\n<td style=\"width: 60.6771%;height: 40px\">stacjonarne II stopnia<\/td>\n<td style=\"width: 9.11458%;height: 40px\"><a href=\"https:\/\/up.lublin.pl\/agrobio\/wp-content\/uploads\/sites\/2\/2026\/03\/Bioinzynieria-stacj-II-st-I-r-v7.pdf\">Bioin\u017cynieria stacj II st I&nbsp;r (v7)<\/a><\/td>\n<td style=\"width: 8.59375%;height: 40px\"><a href=\"https:\/\/up.lublin.pl\/agrobio\/wp-content\/uploads\/sites\/2\/2026\/02\/Bioinzynieria-stacj-II-st-II-r-v3.pdf\">Bioin\u017cynieria stacj II st II r&nbsp;(v3)<\/a><\/td>\n<td style=\"width: 9.63542%;height: 40px\">&#8211;<\/td>\n<td style=\"width: 8.33333%;height: 40px\">&#8211;<\/td>\n<\/tr>\n<tr style=\"height: 23px\">\n<td style=\"width: 96.3542%;height: 23px\" colspan=\"5\">\u00a0<\/td>\n<\/tr>\n<tr style=\"height: 23px\">\n<td style=\"width: 60.6771%;height: 23px\"><strong>AGROLE\u015aNICTWO<\/strong><\/td>\n<td style=\"width: 9.11458%;height: 23px\"><strong>I<\/strong><\/td>\n<td style=\"width: 8.59375%;height: 23px\">II<\/td>\n<td style=\"width: 9.63542%;height: 23px\">III<\/td>\n<td style=\"width: 8.33333%;height: 23px\">IV<\/td>\n<\/tr>\n<tr style=\"height: 23px\">\n<td style=\"width: 60.6771%;height: 23px\">stacjonarne II stopnia<\/td>\n<td style=\"width: 9.11458%;height: 23px\"><a href=\"https:\/\/up.lublin.pl\/agrobio\/wp-content\/uploads\/sites\/2\/2026\/04\/Agrolesnictwo-stacj-II-st-I-r-v4.pdf\">Agrole\u015bnictwo stacj II st I&nbsp;r (v4)<\/a><\/td>\n<td style=\"width: 8.59375%;height: 23px\"><a href=\"https:\/\/up.lublin.pl\/agrobio\/wp-content\/uploads\/sites\/2\/2026\/02\/Agrolesnictwo-stacj-II-st-II-r.pdf\">Agrole\u015bnictwo stacj II st II r<\/a><\/td>\n<td style=\"width: 9.63542%;height: 23px\">&#8211;<\/td>\n<td style=\"width: 8.33333%;height: 23px\">&#8211;<\/td>\n<\/tr>\n<tr>\n<td style=\"width: 60.6771%\">niestacjonarne II stopnia<\/td>\n<td style=\"width: 9.11458%\"><a href=\"https:\/\/up.lublin.pl\/agrobio\/wp-content\/uploads\/sites\/2\/2026\/02\/Agrolesnictwo-niestacj-II-st-I-r.pdf\">Agrole\u015bnictwo niestacj II st I&nbsp;r<\/a><\/td>\n<td style=\"width: 8.59375%\"><a href=\"https:\/\/up.lublin.pl\/agrobio\/wp-content\/uploads\/sites\/2\/2026\/02\/Agrolesnictwo-niestacj-II-st-II-r-v2.pdf\">Agrole\u015bnictwo niestacj II st II r&nbsp;(v2)<\/a><\/td>\n<td style=\"width: 9.63542%\">&#8211;<\/td>\n<td style=\"width: 8.33333%\">&#8211;<\/td>\n<\/tr>\n<tr style=\"height: 23px\">\n<td style=\"height: 23px;width: 96.3542%\" colspan=\"5\">\u00a0<\/td>\n<\/tr>\n<tr style=\"height: 23px\">\n<td style=\"width: 60.6771%;height: 23px\"><strong>IN\u017bYNIERIA EKOLOGICZNA<\/strong><\/td>\n<td style=\"width: 9.11458%;height: 23px\">I<\/td>\n<td style=\"width: 8.59375%;height: 23px\">II<\/td>\n<td style=\"width: 9.63542%;height: 23px\">III<\/td>\n<td style=\"width: 8.33333%;height: 23px\">IV<\/td>\n<\/tr>\n<tr style=\"height: 40px\">\n<td style=\"width: 60.6771%;height: 40px\">stacjonarne I&nbsp;stopnia<\/td>\n<td style=\"width: 9.11458%;height: 40px\">&#8211;<\/td>\n<td style=\"width: 8.59375%;height: 40px\">&#8211;<\/td>\n<td style=\"width: 9.63542%;height: 40px\">&#8211;<\/td>\n<td style=\"width: 8.33333%;height: 40px\">&#8211;<\/td>\n<\/tr>\n<tr style=\"height: 23px\">\n<td style=\"width: 96.3542%;height: 23px\" colspan=\"5\">\u00a0<\/td>\n<\/tr>\n<tr style=\"height: 23px\">\n<td style=\"width: 60.6771%;height: 23px\"><strong>ZARZ\u0104DZANIE W&nbsp;BIOBIZNESIE<\/strong><\/td>\n<td style=\"width: 9.11458%;height: 23px\">I<\/td>\n<td style=\"width: 8.59375%;height: 23px\">II<\/td>\n<td style=\"width: 9.63542%;height: 23px\">III<\/td>\n<td style=\"width: 8.33333%;height: 23px\">IV<\/td>\n<\/tr>\n<tr style=\"height: 40px\">\n<td style=\"width: 60.6771%;height: 40px\">stacjonarne II stopnia<\/td>\n<td style=\"width: 9.11458%;height: 40px\">&#8211;<\/td>\n<td style=\"width: 8.59375%;height: 40px\">&#8211;<\/td>\n<td style=\"width: 9.63542%;height: 40px\">&#8211;<\/td>\n<td style=\"width: 8.33333%;height: 40px\">&#8211;<\/td>\n<\/tr>\n<\/tbody>\n<\/table>\n<hr \/>\n<p>Przypominamy, \u017ce rozk\u0142ady i&nbsp;plany zaj\u0119\u0107 studenci mog\u0105 sprawdzi\u0107 loguj\u0105c si\u0119 do <a href=\"https:\/\/wd.up.lublin.pl\/\">Wirtualnego Dziekanatu<\/a><\/p>\n<hr \/>\n<p><em>W celu odczytania rozk\u0142ad\u00f3w wymagany jest darmowy <\/em><em>program Acrobat Reader <\/em><em>do pobrania <a href=\"https:\/\/get.adobe.com\/pl\/reader\/\">pod tym adresem<\/a>.<\/em><\/p>\n                                        <\/div>\n\t\t\t\t\t\t                                                        <ul class=\"mn-accordion\">\n                                            <li>\n                                                <h4 class=\"mn-accordion-title\">ROK AKADEMICKI 2025\/2026 - semestr zimowy<\/h4>\n                                                <div>\n\t\t\t\t\t\t\t\t\t                <p><strong>ROK AKADEMICKI 2025\/2026 &#8211; semestr zimowy<\/strong><\/p>\n<p>\u00a0<\/p>\n<table style=\"width: 87.6952%;height: 1597px\">\n<tbody>\n<tr style=\"height: 23px\">\n<td style=\"width: 60.6771%;height: 23px\">Kierunek<\/td>\n<td style=\"width: 35.6771%;height: 23px\" colspan=\"4\">Rok<\/td>\n<\/tr>\n<tr style=\"height: 23px\">\n<td style=\"width: 60.6771%;height: 23px\"><strong>ROLNICTWO<\/strong><\/td>\n<td style=\"width: 9.11458%;height: 23px\"><strong>I<\/strong><\/td>\n<td style=\"width: 8.59375%;height: 23px\">II<\/td>\n<td style=\"width: 9.63542%;height: 23px\">III<\/td>\n<td style=\"width: 8.33333%;height: 23px\">IV<\/td>\n<\/tr>\n<tr style=\"height: 40px\">\n<td style=\"width: 60.6771%;height: 40px\">stacjonarne I&nbsp;stopnia<\/td>\n<td style=\"width: 9.11458%;height: 40px\"><a href=\"https:\/\/up.lublin.pl\/agrobio\/wp-content\/uploads\/sites\/2\/2025\/10\/Rolnictwo-stacj-I-st-I-r-v4.pdf\">Rolnictwo stacj I&nbsp;st I&nbsp;r (v4)<\/a><\/td>\n<td style=\"width: 8.59375%;height: 40px\"><a href=\"https:\/\/up.lublin.pl\/agrobio\/wp-content\/uploads\/sites\/2\/2025\/10\/Rolnictwo-stacj-I-st-II-r-v4.pdf\">Rolnictwo stacj I&nbsp;st II r&nbsp;(v4)<\/a><\/td>\n<td style=\"width: 9.63542%;height: 40px\"><a href=\"https:\/\/up.lublin.pl\/agrobio\/wp-content\/uploads\/sites\/2\/2025\/10\/Rolnictwo-stacj-I-st-III-r-v3.pdf\">Rolnictwo stacj I&nbsp;st III r&nbsp;(v3)<\/a><\/td>\n<td style=\"width: 8.33333%;height: 40px\"><a href=\"https:\/\/up.lublin.pl\/agrobio\/wp-content\/uploads\/sites\/2\/2025\/10\/Rolnictwo-stacj-I-st-IV-r-v4.pdf\">Rolnictwo stacj I&nbsp;st IV r&nbsp;(v4)<\/a><\/td>\n<\/tr>\n<tr style=\"height: 40px\">\n<td style=\"width: 60.6771%;height: 40px\">stacjonarne II stopnia<\/td>\n<td style=\"width: 9.11458%;height: 40px\">&#8211;<\/td>\n<td style=\"width: 8.59375%;height: 40px\"><a href=\"https:\/\/up.lublin.pl\/agrobio\/wp-content\/uploads\/sites\/2\/2025\/10\/Rolnictwo-stacj-II-st-II-r-v6.pdf\">Rolnictwo stacj II st II r&nbsp;(v6)<\/a><\/td>\n<td style=\"width: 9.63542%;height: 40px\">&#8211;<\/td>\n<td style=\"width: 8.33333%;height: 40px\">&#8211;<\/td>\n<\/tr>\n<tr style=\"height: 40px\">\n<td style=\"width: 60.6771%;height: 40px\">niestacjonarne I&nbsp;stopnia<\/td>\n<td style=\"width: 9.11458%;height: 40px\"><a href=\"https:\/\/up.lublin.pl\/agrobio\/wp-content\/uploads\/sites\/2\/2025\/10\/Rolnictwo-niestacj-I-st-I-r-v3.pdf\">Rolnictwo niestacj I&nbsp;st I&nbsp;r (v3)<\/a><\/td>\n<td style=\"width: 8.59375%;height: 40px\"><a href=\"https:\/\/up.lublin.pl\/agrobio\/wp-content\/uploads\/sites\/2\/2025\/10\/Rolnictwo-niestacj-I-st-II-r-v4.pdf\">Rolnictwo niestacj I&nbsp;st II r&nbsp;(v4)<\/a><\/td>\n<td style=\"width: 9.63542%;height: 40px\"><a href=\"https:\/\/up.lublin.pl\/agrobio\/wp-content\/uploads\/sites\/2\/2025\/09\/Rolnictwo-niestacj-I-st-III-r.pdf\">Rolnictwo niestacj I&nbsp;st III r<\/a><\/td>\n<td style=\"width: 8.33333%;height: 40px\"><a href=\"https:\/\/up.lublin.pl\/agrobio\/wp-content\/uploads\/sites\/2\/2025\/10\/Rolnictwo-niestacj-I-st-IV-r-v3.pdf\">Rolnictwo niestacj I&nbsp;st IV r&nbsp;(v3)<\/a><\/td>\n<\/tr>\n<tr style=\"height: 23px\">\n<td style=\"width: 60.6771%;height: 23px\">niestacjonarne II stopnia<\/td>\n<td style=\"width: 9.11458%;height: 23px\"><a href=\"https:\/\/up.lublin.pl\/agrobio\/wp-content\/uploads\/sites\/2\/2025\/09\/Rolnictwo-niestacj-II-st-I-r-v2.pdf\">Rolnictwo niestacj II st I&nbsp;r (v2)<\/a><\/td>\n<td style=\"width: 8.59375%;height: 23px\"><a href=\"https:\/\/up.lublin.pl\/agrobio\/wp-content\/uploads\/sites\/2\/2025\/10\/Rolnictwo-niestacj-II-st-II-r-v5.pdf\">Rolnictwo niestacj II st II r&nbsp;(v5)<\/a><\/td>\n<td style=\"width: 9.63542%;height: 23px\">&#8211;<\/td>\n<td style=\"width: 8.33333%;height: 23px\">&#8211;<\/td>\n<\/tr>\n<tr style=\"height: 23px\">\n<td style=\"width: 96.3542%;height: 23px\" colspan=\"5\">\u00a0<\/td>\n<\/tr>\n<tr style=\"height: 23px\">\n<td style=\"width: 60.6771%;height: 23px\"><strong>EKONOMIA<\/strong><\/td>\n<td style=\"width: 9.11458%;height: 23px\"><strong>I<\/strong><\/td>\n<td style=\"width: 8.59375%;height: 23px\">II<\/td>\n<td style=\"width: 9.63542%;height: 23px\">III<\/td>\n<td style=\"width: 8.33333%;height: 23px\">IV<\/td>\n<\/tr>\n<tr style=\"height: 40px\">\n<td style=\"width: 60.6771%;height: 40px\">stacjonarne I&nbsp;stopnia<\/td>\n<td style=\"width: 9.11458%;height: 40px\"><a href=\"https:\/\/up.lublin.pl\/agrobio\/wp-content\/uploads\/sites\/2\/2025\/10\/Ekonomia-stacj-I-st-I-r-v4.pdf\">Ekonomia stacj I&nbsp;st I&nbsp;r (v4)<\/a><\/td>\n<td style=\"width: 8.59375%;height: 40px\"><a href=\"https:\/\/up.lublin.pl\/agrobio\/wp-content\/uploads\/sites\/2\/2025\/10\/Ekonomia-stacj-I-st-II-r-v6.pdf\">Ekonomia stacj I&nbsp;st II r&nbsp;(v6)<\/a><\/td>\n<td style=\"width: 9.63542%;height: 40px\">&#8211;<\/td>\n<td style=\"width: 8.33333%;height: 40px\">&#8211;<\/td>\n<\/tr>\n<tr style=\"height: 23px\">\n<td style=\"width: 96.3542%;height: 23px\" colspan=\"5\">\u00a0<\/td>\n<\/tr>\n<tr style=\"height: 23px\">\n<td style=\"width: 60.6771%;height: 23px\"><strong>TURYSTYKA I&nbsp;REKREACJA<\/strong><\/td>\n<td style=\"width: 9.11458%;height: 23px\"><strong>I<\/strong><\/td>\n<td style=\"width: 8.59375%;height: 23px\">II<\/td>\n<td style=\"width: 9.63542%;height: 23px\">III<\/td>\n<td style=\"width: 8.33333%;height: 23px\">IV<\/td>\n<\/tr>\n<tr style=\"height: 91px\">\n<td style=\"width: 60.6771%;height: 91px\">stacjonarne I&nbsp;stopnia<\/td>\n<td style=\"width: 9.11458%;height: 91px\"><a href=\"https:\/\/up.lublin.pl\/agrobio\/wp-content\/uploads\/sites\/2\/2025\/10\/Turystyka-i-rekreacja-stacj-I-st-I-r-v6.pdf\">Turystyka i&nbsp;rekreacja stacj I&nbsp;st I&nbsp;r (v6)<\/a><\/td>\n<td style=\"width: 8.59375%;height: 91px\"><a href=\"https:\/\/up.lublin.pl\/agrobio\/wp-content\/uploads\/sites\/2\/2025\/10\/Turystyka-i-rekreacja-stacj-I-st-II-r-v8.pdf\">Turystyka i&nbsp;rekreacja stacj I&nbsp;st II r&nbsp;(v8)<\/a><\/td>\n<td style=\"width: 9.63542%;height: 91px\"><a href=\"https:\/\/up.lublin.pl\/agrobio\/wp-content\/uploads\/sites\/2\/2025\/09\/Turystyka-i-rekreacja-stacj-I-st-III-r-v2.pdf\">Turystyka i&nbsp;rekreacja stacj I&nbsp;st III r&nbsp;(v2)<\/a><\/td>\n<td style=\"width: 8.33333%;height: 91px\">&#8211;<\/td>\n<\/tr>\n<tr style=\"height: 91px\">\n<td style=\"width: 60.6771%;height: 91px\">stacjonarne II stopnia<\/td>\n<td style=\"width: 9.11458%;height: 91px\">\n<p><strong>GT<\/strong><\/p>\n<p><a href=\"https:\/\/up.lublin.pl\/agrobio\/wp-content\/uploads\/sites\/2\/2025\/09\/Turystyka-i-rekreacja-stacj-II-st-I-r-GT-v2.pdf\">Turystyka i&nbsp;rekreacja stacj II st I&nbsp;r &#8211; GT (v2)<\/a><\/p>\n<\/td>\n<td style=\"width: 8.59375%;height: 91px\">\n<p><strong>GT<\/strong><\/p>\n<p><a href=\"https:\/\/up.lublin.pl\/agrobio\/wp-content\/uploads\/sites\/2\/2025\/10\/Turystyka-i-rekreacja-stacj-II-st-II-r-GT-v6.pdf\">Turystyka i&nbsp;rekreacja stacj II st II r&nbsp;&#8211; GT (v6)<\/a><\/p>\n<p><strong>MZSZ<\/strong><\/p>\n<p><a href=\"https:\/\/up.lublin.pl\/agrobio\/wp-content\/uploads\/sites\/2\/2025\/10\/Turystyka-i-rekreacja-stacj-II-st-II-r-MZSZ-v5.pdf\">Turystyka i&nbsp;rekreacja stacj II st II r&nbsp;&#8211; MZSZ (v5)<\/a><\/p>\n<\/td>\n<td style=\"width: 9.63542%;height: 91px\">&#8211;<\/td>\n<td style=\"width: 8.33333%;height: 91px\">&#8211;<\/td>\n<\/tr>\n<tr>\n<td style=\"width: 60.6771%\">niestacjonarne I&nbsp;stopnia<\/td>\n<td style=\"width: 9.11458%\">\n<p><a href=\"https:\/\/up.lublin.pl\/agrobio\/wp-content\/uploads\/sites\/2\/2025\/10\/Turystyka-i-rekreacja-niestacj-I-st-I-r-v7.pdf\">Turystyka i&nbsp;rekreacja niestacj I&nbsp;st I&nbsp;r (v7)<\/a><\/p>\n<\/td>\n<td style=\"width: 8.59375%\">&#8211;<\/td>\n<td style=\"width: 9.63542%\">&#8211;<\/td>\n<td style=\"width: 8.33333%\">&#8211;<\/td>\n<\/tr>\n<tr style=\"height: 23px\">\n<td style=\"width: 96.3542%;height: 23px\" colspan=\"5\">\u00a0<\/td>\n<\/tr>\n<tr style=\"height: 46px\">\n<td style=\"width: 60.6771%;height: 46px\"><strong>GOSPODARKA PRZESTRZENNA<\/strong><\/td>\n<td style=\"width: 9.11458%;height: 46px\"><strong>I<\/strong><\/td>\n<td style=\"width: 8.59375%;height: 46px\">II<\/td>\n<td style=\"width: 9.63542%;height: 46px\">III<\/td>\n<td style=\"width: 8.33333%;height: 46px\">IV<\/td>\n<\/tr>\n<tr style=\"height: 40px\">\n<td style=\"width: 60.6771%;height: 40px\">stacjonarne I&nbsp;stopnia<\/td>\n<td style=\"width: 9.11458%;height: 40px\"><a href=\"https:\/\/up.lublin.pl\/agrobio\/wp-content\/uploads\/sites\/2\/2025\/10\/Gospodarka-przestrzenna-stacj-I-st-I-r-v8.pdf\">Gospodarka przestrzenna stacj I&nbsp;st I&nbsp;r (v8)<\/a><\/td>\n<td style=\"width: 8.59375%;height: 40px\"><a href=\"https:\/\/up.lublin.pl\/agrobio\/wp-content\/uploads\/sites\/2\/2025\/11\/Gospodarka-przestrzenna-stacj-I-st-II-r-v4.pdf\">Gospodarka przestrzenna stacj I&nbsp;st II r&nbsp;(v4)<\/a><\/td>\n<td style=\"width: 9.63542%;height: 40px\"><a href=\"https:\/\/up.lublin.pl\/agrobio\/wp-content\/uploads\/sites\/2\/2025\/11\/Gopodarka-przestrzenna-stacj-I-st-III-r-v3.pdf\">Gopodarka przestrzenna stacj I&nbsp;st III r&nbsp;(v3)<\/a><\/td>\n<td style=\"width: 8.33333%;height: 40px\"><a href=\"https:\/\/up.lublin.pl\/agrobio\/wp-content\/uploads\/sites\/2\/2025\/09\/Gospodarka-przestrzenna-stacj-I-st-IV-r.pdf\">Gospodarka przestrzenna stacj I&nbsp;st IV r<\/a><\/td>\n<\/tr>\n<tr style=\"height: 40px\">\n<td style=\"width: 60.6771%;height: 40px\">stacjonarne II stopnia<\/td>\n<td style=\"width: 9.11458%;height: 40px\">&#8211;<\/td>\n<td style=\"width: 8.59375%;height: 40px\"><a href=\"https:\/\/up.lublin.pl\/agrobio\/wp-content\/uploads\/sites\/2\/2025\/10\/Gospodarka-przestrzenna-stacj-II-st-II-r-v3.pdf\">Gospodarka przestrzenna stacj II st II r&nbsp;(v3)<\/a><\/td>\n<td style=\"width: 9.63542%;height: 40px\">&#8211;<\/td>\n<td style=\"width: 8.33333%;height: 40px\">&#8211;<\/td>\n<\/tr>\n<tr>\n<td style=\"width: 60.6771%\">niestacjonarne II stopnia<\/td>\n<td style=\"width: 9.11458%\">&#8211;<\/td>\n<td style=\"width: 8.59375%\">&#8211;<\/td>\n<td style=\"width: 9.63542%\">&#8211;<\/td>\n<td style=\"width: 8.33333%\">&#8211;<\/td>\n<\/tr>\n<tr style=\"height: 23px\">\n<td style=\"width: 96.3542%;height: 23px\" colspan=\"5\">\u00a0<\/td>\n<\/tr>\n<tr style=\"height: 23px\">\n<td style=\"width: 60.6771%;height: 23px\"><strong>LE\u015aNICTWO<\/strong><\/td>\n<td style=\"width: 9.11458%;height: 23px\"><strong>I<\/strong><\/td>\n<td style=\"width: 8.59375%;height: 23px\">II<\/td>\n<td style=\"width: 9.63542%;height: 23px\">III<\/td>\n<td style=\"width: 8.33333%;height: 23px\">IV<\/td>\n<\/tr>\n<tr style=\"height: 91px\">\n<td style=\"width: 60.6771%;height: 91px\">stacjonarne I&nbsp;stopnia<\/td>\n<td style=\"width: 9.11458%;height: 91px\"><a href=\"https:\/\/up.lublin.pl\/agrobio\/wp-content\/uploads\/sites\/2\/2025\/10\/Lesnictwo-stacj-I-st-I-r-v8.pdf\">Le\u015bnictwo stacj I&nbsp;st I&nbsp;r (v8)<\/a><\/td>\n<td style=\"width: 8.59375%;height: 91px\"><a href=\"https:\/\/up.lublin.pl\/agrobio\/wp-content\/uploads\/sites\/2\/2025\/10\/Lesnictwo-stacj-I-st-II-r-v7.pdf\">Le\u015bnictwo stacj I&nbsp;st II r&nbsp;(v7)<\/a><\/td>\n<td style=\"width: 9.63542%;height: 91px\">\n<p><strong>GL<\/strong><\/p>\n<p><a href=\"https:\/\/up.lublin.pl\/agrobio\/wp-content\/uploads\/sites\/2\/2025\/11\/Lesnictwo-stacj-I-st-III-r-Gosp.-lesna-v5.pdf\">Le\u015bnictwo stacj I&nbsp;st III r&nbsp;&#8211; Gosp. le\u015bna (v5)<\/a><\/p>\n<\/td>\n<td style=\"width: 8.33333%;height: 91px\">\n<p><strong>GL<\/strong><\/p>\n<p><a href=\"https:\/\/up.lublin.pl\/agrobio\/wp-content\/uploads\/sites\/2\/2025\/10\/Lesnictwo-stacj-I-st-IV-r-Gosp.-lesna-v5.pdf\">Le\u015bnictwo stacj I&nbsp;st IV r&nbsp;&#8211; Gosp. le\u015bna (v5)<\/a><\/p>\n<p><strong>G\u0141<\/strong><\/p>\n<p><a href=\"https:\/\/up.lublin.pl\/agrobio\/wp-content\/uploads\/sites\/2\/2025\/10\/Lesnictwo-stacj-I-st-IV-r-Gosp.-lowiecka-v2.pdf\">Le\u015bnictwo stacj I&nbsp;st IV r&nbsp;&#8211; Gosp. \u0142owiecka (v2)<\/a><\/p>\n<\/td>\n<\/tr>\n<tr style=\"height: 186px\">\n<td style=\"width: 60.6771%;height: 186px\">niestacjonarne I&nbsp;stopnia<\/td>\n<td style=\"width: 9.11458%;height: 186px\"><a href=\"https:\/\/up.lublin.pl\/agrobio\/wp-content\/uploads\/sites\/2\/2025\/10\/Lesnictwo-niestacj-I-st-I-r-v4.pdf\">Le\u015bnictwo niestacj I&nbsp;st I&nbsp;r (v4)<\/a><\/td>\n<td style=\"width: 8.59375%;height: 186px\"><a href=\"https:\/\/up.lublin.pl\/agrobio\/wp-content\/uploads\/sites\/2\/2025\/10\/Lesnictwo-niestacj-I-st-II-r-v2.pdf\">Le\u015bnictwo niestacj I&nbsp;st II r&nbsp;(v2)<\/a><\/td>\n<td style=\"width: 9.63542%;height: 186px\"><a href=\"https:\/\/up.lublin.pl\/agrobio\/wp-content\/uploads\/sites\/2\/2025\/09\/Lesnictwo-niestacj-I-st-III-r.pdf\">Le\u015bnictwo niestacj I&nbsp;st III r<\/a><\/td>\n<td style=\"width: 8.33333%;height: 186px\">\n<p><strong>GL<\/strong><\/p>\n<p><a href=\"https:\/\/up.lublin.pl\/agrobio\/wp-content\/uploads\/sites\/2\/2025\/10\/Lesnictwo-niestacj-I-st-IV-r.-gosp.-lesna-v3.pdf\">Le\u015bnictwo niestacj I&nbsp;st IV r. &#8211; gosp. le\u015bna (v3)<\/a><\/p>\n<\/td>\n<\/tr>\n<tr style=\"height: 23px\">\n<td style=\"width: 96.3542%;height: 23px\" colspan=\"5\">\u00a0<\/td>\n<\/tr>\n<tr style=\"height: 23px\">\n<td style=\"width: 60.6771%;height: 23px\"><strong>AGROBIZNES<\/strong><\/td>\n<td style=\"width: 9.11458%;height: 23px\"><strong>I<\/strong><\/td>\n<td style=\"width: 8.59375%;height: 23px\">II<\/td>\n<td style=\"width: 9.63542%;height: 23px\">III<\/td>\n<td style=\"width: 8.33333%;height: 23px\">IV<\/td>\n<\/tr>\n<tr style=\"height: 40px\">\n<td style=\"width: 60.6771%;height: 40px\">stacjonarne I&nbsp;stopnia<\/td>\n<td style=\"width: 9.11458%;height: 40px\"><a href=\"https:\/\/up.lublin.pl\/agrobio\/wp-content\/uploads\/sites\/2\/2025\/10\/Agrobiznes-stacj-I-st-I-r-v4.pdf\">Agrobiznes stacj I&nbsp;st I&nbsp;r (v4)<\/a><\/td>\n<td style=\"width: 8.59375%;height: 40px\"><a href=\"https:\/\/up.lublin.pl\/agrobio\/wp-content\/uploads\/sites\/2\/2025\/10\/Agrobiznes-stacj-I-st-II-r-v7.pdf\">Agrobiznes stacj I&nbsp;st II r&nbsp;(v7)<\/a><\/td>\n<td style=\"width: 9.63542%;height: 40px\"><a href=\"https:\/\/up.lublin.pl\/agrobio\/wp-content\/uploads\/sites\/2\/2025\/09\/Agrobiznes-stacj-I-st-III-r-v3.pdf\">Agrobiznes stacj I&nbsp;st III r&nbsp;(v3)<\/a><\/td>\n<td style=\"width: 8.33333%;height: 40px\"><a href=\"https:\/\/up.lublin.pl\/agrobio\/wp-content\/uploads\/sites\/2\/2025\/09\/Agrobiznes-stacj-I-st-IV-r-v2.pdf\">Agrobiznes stacj I&nbsp;st IV r&nbsp;(v2)<\/a><\/td>\n<\/tr>\n<tr>\n<td style=\"width: 60.6771%\">stacjonarne II stopnia<\/td>\n<td style=\"width: 9.11458%\">&#8211;<\/td>\n<td style=\"width: 8.59375%\">&#8211;<\/td>\n<td style=\"width: 9.63542%\">&#8211;<\/td>\n<td style=\"width: 8.33333%\">&#8211;<\/td>\n<\/tr>\n<tr style=\"height: 23px\">\n<td style=\"width: 96.3542%;height: 23px\" colspan=\"5\">\u00a0<\/td>\n<\/tr>\n<tr style=\"height: 23px\">\n<td style=\"width: 60.6771%;height: 23px\"><strong>BIOIN\u017bYNIERIA<\/strong><\/td>\n<td style=\"width: 9.11458%;height: 23px\"><strong>I<\/strong><\/td>\n<td style=\"width: 8.59375%;height: 23px\">II<\/td>\n<td style=\"width: 9.63542%;height: 23px\">III<\/td>\n<td style=\"width: 8.33333%;height: 23px\">IV<\/td>\n<\/tr>\n<tr style=\"height: 40px\">\n<td style=\"width: 60.6771%;height: 40px\">stacjonarne I&nbsp;stopnia<\/td>\n<td style=\"width: 9.11458%;height: 40px\"><a href=\"https:\/\/up.lublin.pl\/agrobio\/wp-content\/uploads\/sites\/2\/2025\/10\/Bioinzynieria-stacj-I-st-I-r-v3.pdf\">Bioin\u017cynieria stacj I&nbsp;st I&nbsp;r (v3)<\/a><\/td>\n<td style=\"width: 8.59375%;height: 40px\"><a href=\"https:\/\/up.lublin.pl\/agrobio\/wp-content\/uploads\/sites\/2\/2025\/10\/Bioinzynieria-stacj-I-st-II-r-v7.pdf\">Bioin\u017cynieria stacj I&nbsp;st II r&nbsp;(v7)<\/a><\/td>\n<td style=\"width: 9.63542%;height: 40px\"><a href=\"https:\/\/up.lublin.pl\/agrobio\/wp-content\/uploads\/sites\/2\/2025\/09\/Bioinzynieria-stacj-I-st-III-r-v2.pdf\">Bioin\u017cynieria stacj I&nbsp;st III r&nbsp;(v2)<\/a><\/td>\n<td style=\"width: 8.33333%;height: 40px\"><a href=\"https:\/\/up.lublin.pl\/agrobio\/wp-content\/uploads\/sites\/2\/2025\/10\/Bioinzynieria-stacj-I-st-IV-r-v2.pdf\">Bioin\u017cynieria stacj I&nbsp;st IV r&nbsp;(v2)<\/a><\/td>\n<\/tr>\n<tr style=\"height: 40px\">\n<td style=\"width: 60.6771%;height: 40px\">stacjonarne II stopnia<\/td>\n<td style=\"width: 9.11458%;height: 40px\">&#8211;<\/td>\n<td style=\"width: 8.59375%;height: 40px\"><a href=\"https:\/\/up.lublin.pl\/agrobio\/wp-content\/uploads\/sites\/2\/2025\/10\/Bioinzynieria-stacj-II-st-II-r-v5.pdf\">Bioin\u017cynieria stacj II st II r&nbsp;(v5)<\/a><\/td>\n<td style=\"width: 9.63542%;height: 40px\">&#8211;<\/td>\n<td style=\"width: 8.33333%;height: 40px\">&#8211;<\/td>\n<\/tr>\n<tr style=\"height: 23px\">\n<td style=\"width: 96.3542%;height: 23px\" colspan=\"5\">\u00a0<\/td>\n<\/tr>\n<tr style=\"height: 23px\">\n<td style=\"width: 60.6771%;height: 23px\"><strong>AGROLE\u015aNICTWO<\/strong><\/td>\n<td style=\"width: 9.11458%;height: 23px\"><strong>I<\/strong><\/td>\n<td style=\"width: 8.59375%;height: 23px\">II<\/td>\n<td style=\"width: 9.63542%;height: 23px\">III<\/td>\n<td style=\"width: 8.33333%;height: 23px\">IV<\/td>\n<\/tr>\n<tr style=\"height: 23px\">\n<td style=\"width: 60.6771%;height: 23px\">stacjonarne II stopnia<\/td>\n<td style=\"width: 9.11458%;height: 23px\">&#8211;<\/td>\n<td style=\"width: 8.59375%;height: 23px\"><a href=\"https:\/\/up.lublin.pl\/agrobio\/wp-content\/uploads\/sites\/2\/2025\/10\/Agrolesnictwo-stacj-II-st-II-r-v3.pdf\">Agrole\u015bnictwo stacj II st II r&nbsp;(v3)<\/a><\/td>\n<td style=\"width: 9.63542%;height: 23px\">&#8211;<\/td>\n<td style=\"width: 8.33333%;height: 23px\">&#8211;<\/td>\n<\/tr>\n<tr>\n<td style=\"width: 60.6771%\">niestacjonarne II stopnia<\/td>\n<td style=\"width: 9.11458%\"><a href=\"https:\/\/up.lublin.pl\/agrobio\/wp-content\/uploads\/sites\/2\/2025\/10\/Agrolesnictwo-niestacj-II-st-I-r-v2.pdf\">Agrole\u015bnictwo niestacj II st I&nbsp;r (v2)<\/a><\/td>\n<td style=\"width: 8.59375%\"><a href=\"https:\/\/up.lublin.pl\/agrobio\/wp-content\/uploads\/sites\/2\/2025\/10\/Agrolesnictwo-niestacj-II-st-II-r-v2.pdf\">Agrole\u015bnictwo niestacj II st II r&nbsp;(v2)<\/a><\/td>\n<td style=\"width: 9.63542%\">&#8211;<\/td>\n<td style=\"width: 8.33333%\">&#8211;<\/td>\n<\/tr>\n<tr style=\"height: 23px\">\n<td style=\"height: 23px;width: 96.3542%\" colspan=\"5\">\u00a0<\/td>\n<\/tr>\n<tr style=\"height: 23px\">\n<td style=\"width: 60.6771%;height: 23px\"><strong>IN\u017bYNIERIA EKOLOGICZNA<\/strong><\/td>\n<td style=\"width: 9.11458%;height: 23px\">I<\/td>\n<td style=\"width: 8.59375%;height: 23px\">II<\/td>\n<td style=\"width: 9.63542%;height: 23px\">III<\/td>\n<td style=\"width: 8.33333%;height: 23px\">IV<\/td>\n<\/tr>\n<tr style=\"height: 40px\">\n<td style=\"width: 60.6771%;height: 40px\">stacjonarne I&nbsp;stopnia<\/td>\n<td style=\"width: 9.11458%;height: 40px\">&#8211;<\/td>\n<td style=\"width: 8.59375%;height: 40px\">&#8211;<\/td>\n<td style=\"width: 9.63542%;height: 40px\">&#8211;<\/td>\n<td style=\"width: 8.33333%;height: 40px\">&#8211;<\/td>\n<\/tr>\n<tr style=\"height: 23px\">\n<td style=\"width: 96.3542%;height: 23px\" colspan=\"5\">\u00a0<\/td>\n<\/tr>\n<tr style=\"height: 23px\">\n<td style=\"width: 60.6771%;height: 23px\"><strong>ZARZ\u0104DZANIE W&nbsp;BIOBIZNESIE<\/strong><\/td>\n<td style=\"width: 9.11458%;height: 23px\">I<\/td>\n<td style=\"width: 8.59375%;height: 23px\">II<\/td>\n<td style=\"width: 9.63542%;height: 23px\">III<\/td>\n<td style=\"width: 8.33333%;height: 23px\">IV<\/td>\n<\/tr>\n<tr style=\"height: 40px\">\n<td style=\"width: 60.6771%;height: 40px\">stacjonarne II stopnia<\/td>\n<td style=\"width: 9.11458%;height: 40px\">&#8211;<\/td>\n<td style=\"width: 8.59375%;height: 40px\">&#8211;<\/td>\n<td style=\"width: 9.63542%;height: 40px\">&#8211;<\/td>\n<td style=\"width: 8.33333%;height: 40px\">&#8211;<\/td>\n<\/tr>\n<\/tbody>\n<\/table>\n<hr \/>\n<p>Przypominamy, \u017ce rozk\u0142ady i&nbsp;plany zaj\u0119\u0107 studenci mog\u0105 sprawdzi\u0107 loguj\u0105c si\u0119 do <a href=\"https:\/\/wd.up.lublin.pl\/\">Wirtualnego Dziekanatu<\/a><\/p>\n<hr \/>\n<p><em>W celu odczytania rozk\u0142ad\u00f3w wymagany jest darmowy <\/em><em>program Acrobat Reader <\/em><em>do pobrania <a href=\"https:\/\/get.adobe.com\/pl\/reader\/\">pod tym adresem<\/a>.<\/em><\/p>\n                                                <\/div>\n                                            <\/li>\n                                        <\/ul>\n\t\t\t\t\t\t                                                        <ul class=\"mn-accordion\">\n                                            <li>\n                                                <h4 class=\"mn-accordion-title\">ROK AKADEMICKI 2024\/2025 - semestr letni<\/h4>\n                                                <div>\n\t\t\t\t\t\t\t\t\t                <p><strong>ROK AKADEMICKI 2024\/2025 &#8211; semestr letni<\/strong><\/p>\n<table style=\"width: 87.6952%;height: 1597px\">\n<tbody>\n<tr style=\"height: 23px\">\n<td style=\"width: 60.6771%;height: 23px\">Kierunek<\/td>\n<td style=\"width: 35.6771%;height: 23px\" colspan=\"4\">Rok<\/td>\n<\/tr>\n<tr style=\"height: 23px\">\n<td style=\"width: 60.6771%;height: 23px\"><strong>ROLNICTWO<\/strong><\/td>\n<td style=\"width: 9.11458%;height: 23px\"><strong>I<\/strong><\/td>\n<td style=\"width: 8.59375%;height: 23px\">II<\/td>\n<td style=\"width: 9.63542%;height: 23px\">III<\/td>\n<td style=\"width: 8.33333%;height: 23px\">IV<\/td>\n<\/tr>\n<tr style=\"height: 40px\">\n<td style=\"width: 60.6771%;height: 40px\">stacjonarne I&nbsp;stopnia<\/td>\n<td style=\"width: 9.11458%;height: 40px\"><a href=\"https:\/\/up.lublin.pl\/agrobio\/wp-content\/uploads\/sites\/2\/2025\/02\/Rolnictwo-stacj-I-st-I-r-v5.pdf\">Rolnictwo stacj I&nbsp;st I&nbsp;r (v5)<\/a><\/td>\n<td style=\"width: 8.59375%;height: 40px\"><a href=\"https:\/\/up.lublin.pl\/agrobio\/wp-content\/uploads\/sites\/2\/2025\/02\/Rolnictwo-stacj-I-st-II-r-v4.pdf\">Rolnictwo stacj I&nbsp;st II r&nbsp;(v4)<\/a><\/td>\n<td style=\"width: 9.63542%;height: 40px\"><a href=\"https:\/\/up.lublin.pl\/agrobio\/wp-content\/uploads\/sites\/2\/2025\/03\/Rolnictwo-stacj-I-st-III-r-v4.pdf\">Rolnictwo stacj I&nbsp;st III r&nbsp;(v4)<\/a><\/td>\n<td style=\"width: 8.33333%;height: 40px\">&#8211;<\/td>\n<\/tr>\n<tr style=\"height: 40px\">\n<td style=\"width: 60.6771%;height: 40px\">stacjonarne II stopnia<\/td>\n<td style=\"width: 9.11458%;height: 40px\"><a href=\"https:\/\/up.lublin.pl\/agrobio\/wp-content\/uploads\/sites\/2\/2025\/03\/Rolnictwo-stacj-II-st-I-r-on-line-v8.pdf\">Rolnictwo stacj II st I&nbsp;r &#8211; on line (v8)<\/a><\/td>\n<td style=\"width: 8.59375%;height: 40px\"><a href=\"https:\/\/up.lublin.pl\/agrobio\/wp-content\/uploads\/sites\/2\/2025\/02\/Rolnictwo-stacj-II-st-II-r-v3.pdf\">Rolnictwo stacj II st II r&nbsp;(v3)<\/a><\/td>\n<td style=\"width: 9.63542%;height: 40px\">&#8211;<\/td>\n<td style=\"width: 8.33333%;height: 40px\">&#8211;<\/td>\n<\/tr>\n<tr style=\"height: 40px\">\n<td style=\"width: 60.6771%;height: 40px\">niestacjonarne I&nbsp;stopnia<\/td>\n<td style=\"width: 9.11458%;height: 40px\"><a href=\"https:\/\/up.lublin.pl\/agrobio\/wp-content\/uploads\/sites\/2\/2025\/03\/Rolnictwo-niestacj-I-st-I-r-v3.pdf\">Rolnictwo niestacj I&nbsp;st I&nbsp;r (v3)<\/a><\/td>\n<td style=\"width: 8.59375%;height: 40px\"><a href=\"https:\/\/up.lublin.pl\/agrobio\/wp-content\/uploads\/sites\/2\/2025\/02\/Rolnictwo-niestacj-I-st-II-r-v2.pdf\">Rolnictwo niestacj I&nbsp;st II r&nbsp;(v2)<\/a><\/td>\n<td style=\"width: 9.63542%;height: 40px\"><a href=\"https:\/\/up.lublin.pl\/agrobio\/wp-content\/uploads\/sites\/2\/2025\/02\/Rolnictwo-niestacj-I-st-III-r-v3.pdf\">Rolnictwo niestacj I&nbsp;st III r&nbsp;(v3)<\/a><\/td>\n<td style=\"width: 8.33333%;height: 40px\"><a href=\"https:\/\/up.lublin.pl\/agrobio\/wp-content\/uploads\/sites\/2\/2025\/03\/Rolnictwo-niestacj-I-st-IV-r-v4.pdf\">Rolnictwo niestacj I&nbsp;st IV r&nbsp;(v4)<\/a><\/td>\n<\/tr>\n<tr style=\"height: 23px\">\n<td style=\"width: 60.6771%;height: 23px\">niestacjonarne II stopnia<\/td>\n<td style=\"width: 9.11458%;height: 23px\"><a href=\"https:\/\/up.lublin.pl\/agrobio\/wp-content\/uploads\/sites\/2\/2025\/02\/Rolnictwo-niestacj-II-st-I-r.pdf\">Rolnictwo niestacj II st I&nbsp;r<\/a><\/td>\n<td style=\"width: 8.59375%;height: 23px\"><a href=\"https:\/\/up.lublin.pl\/agrobio\/wp-content\/uploads\/sites\/2\/2025\/02\/Rolnictwo-niestacj-II-st-II-r.pdf\">Rolnictwo niestacj II st II r<\/a><\/td>\n<td style=\"width: 9.63542%;height: 23px\">&#8211;<\/td>\n<td style=\"width: 8.33333%;height: 23px\">&#8211;<\/td>\n<\/tr>\n<tr style=\"height: 23px\">\n<td style=\"width: 96.3542%;height: 23px\" colspan=\"5\">\u00a0<\/td>\n<\/tr>\n<tr style=\"height: 23px\">\n<td style=\"width: 60.6771%;height: 23px\"><strong>EKONOMIA<\/strong><\/td>\n<td style=\"width: 9.11458%;height: 23px\"><strong>I<\/strong><\/td>\n<td style=\"width: 8.59375%;height: 23px\">II<\/td>\n<td style=\"width: 9.63542%;height: 23px\">III<\/td>\n<td style=\"width: 8.33333%;height: 23px\">IV<\/td>\n<\/tr>\n<tr style=\"height: 40px\">\n<td style=\"width: 60.6771%;height: 40px\">stacjonarne I&nbsp;stopnia<\/td>\n<td style=\"width: 9.11458%;height: 40px\"><a href=\"https:\/\/up.lublin.pl\/agrobio\/wp-content\/uploads\/sites\/2\/2025\/02\/Ekonomia-stacj-I-st-I-r-v7.pdf\">Ekonomia stacj I&nbsp;st I&nbsp;r (v7)<\/a><\/td>\n<td style=\"width: 8.59375%;height: 40px\"><a href=\"https:\/\/up.lublin.pl\/agrobio\/wp-content\/uploads\/sites\/2\/2025\/02\/Ekonomia-stacj-I-st-II-r-v5.pdf\">Ekonomia stacj I&nbsp;st II r&nbsp;(v5)<\/a><\/td>\n<td style=\"width: 9.63542%;height: 40px\"><a href=\"https:\/\/up.lublin.pl\/agrobio\/wp-content\/uploads\/sites\/2\/2025\/03\/Ekonomia-stacj-I-st-III-r-v5.pdf\">Ekonomia stacj I&nbsp;st III r&nbsp;(v5)<\/a><\/td>\n<td style=\"width: 8.33333%;height: 40px\">&#8211;<\/td>\n<\/tr>\n<tr style=\"height: 23px\">\n<td style=\"width: 96.3542%;height: 23px\" colspan=\"5\">\u00a0<\/td>\n<\/tr>\n<tr style=\"height: 23px\">\n<td style=\"width: 60.6771%;height: 23px\"><strong>TURYSTYKA I&nbsp;REKREACJA<\/strong><\/td>\n<td style=\"width: 9.11458%;height: 23px\"><strong>I<\/strong><\/td>\n<td style=\"width: 8.59375%;height: 23px\">II<\/td>\n<td style=\"width: 9.63542%;height: 23px\">III<\/td>\n<td style=\"width: 8.33333%;height: 23px\">IV<\/td>\n<\/tr>\n<tr style=\"height: 91px\">\n<td style=\"width: 60.6771%;height: 91px\">stacjonarne I&nbsp;stopnia<\/td>\n<td style=\"width: 9.11458%;height: 91px\"><a href=\"https:\/\/up.lublin.pl\/agrobio\/wp-content\/uploads\/sites\/2\/2025\/03\/Turystyka-i-rekreacja-stacj-I-st-I-r-v4.pdf\">Turystyka i&nbsp;rekreacja stacj I&nbsp;st I&nbsp;r (v4)<\/a><\/td>\n<td style=\"width: 8.59375%;height: 91px\"><a href=\"https:\/\/up.lublin.pl\/agrobio\/wp-content\/uploads\/sites\/2\/2025\/04\/Turystyka-i-rekreacja-stacj-I-st-II-r-v7.pdf\">Turystyka i&nbsp;rekreacja stacj I&nbsp;st II r&nbsp;(v7)<\/a><\/td>\n<td style=\"width: 9.63542%;height: 91px\"><a href=\"https:\/\/up.lublin.pl\/agrobio\/wp-content\/uploads\/sites\/2\/2025\/03\/Turystyka-i-rekreacja-stacj-I-st-III-r-v3.pdf\">Turystyka i&nbsp;rekreacja stacj I&nbsp;st III r&nbsp;(v3)<\/a><\/td>\n<td style=\"width: 8.33333%;height: 91px\">&#8211;<\/td>\n<\/tr>\n<tr style=\"height: 91px\">\n<td style=\"width: 60.6771%;height: 91px\">stacjonarne II stopnia<\/td>\n<td style=\"width: 9.11458%;height: 91px\">\n<p><strong>GT<\/strong><\/p>\n<p><a href=\"https:\/\/up.lublin.pl\/agrobio\/wp-content\/uploads\/sites\/2\/2025\/03\/Turystyka-i-rekreacja-stacj-II-st-I-r-Gospodarka-turystyczna-v3.pdf\">Turystyka i&nbsp;rekreacja stacj II st I&nbsp;r &#8211; Gospodarka turystyczna (v3)<\/a><\/p>\n<p><strong>MZSZ<\/strong><\/p>\n<p><a href=\"https:\/\/up.lublin.pl\/agrobio\/wp-content\/uploads\/sites\/2\/2025\/03\/Turystyka-i-rekreacja-stacj-II-st-I-r-Menadzer-zdrowego-stylu-zycia-v3.pdf\">Turystyka i&nbsp;rekreacja stacj II st I&nbsp;r &#8211; Menad\u017cer zdrowego stylu \u017cycia (v3)<\/a><\/p>\n<\/td>\n<td style=\"width: 8.59375%;height: 91px\">\n<p><strong>MZSZ<\/strong><\/p>\n<p><a href=\"https:\/\/up.lublin.pl\/agrobio\/wp-content\/uploads\/sites\/2\/2025\/04\/Turystyka-i-rekreacja-stacj-II-st-II-r-Menadzer-zdrowego-stylu-zycia-v3.pdf\">Turystyka i&nbsp;rekreacja stacj II st II r&nbsp;&#8211; Menad\u017cer zdrowego stylu \u017cycia (v3)<\/a><\/p>\n<\/td>\n<td style=\"width: 9.63542%;height: 91px\">&#8211;<\/td>\n<td style=\"width: 8.33333%;height: 91px\">&#8211;<\/td>\n<\/tr>\n<tr style=\"height: 23px\">\n<td style=\"width: 96.3542%;height: 23px\" colspan=\"5\">\u00a0<\/td>\n<\/tr>\n<tr style=\"height: 46px\">\n<td style=\"width: 60.6771%;height: 46px\"><strong>GOSPODARKA PRZESTRZENNA<\/strong><\/td>\n<td style=\"width: 9.11458%;height: 46px\"><strong>I<\/strong><\/td>\n<td style=\"width: 8.59375%;height: 46px\">II<\/td>\n<td style=\"width: 9.63542%;height: 46px\">III<\/td>\n<td style=\"width: 8.33333%;height: 46px\">IV<\/td>\n<\/tr>\n<tr style=\"height: 40px\">\n<td style=\"width: 60.6771%;height: 40px\">stacjonarne I&nbsp;stopnia<\/td>\n<td style=\"width: 9.11458%;height: 40px\"><a href=\"https:\/\/up.lublin.pl\/agrobio\/wp-content\/uploads\/sites\/2\/2025\/04\/Gospodarka-przestrzenna-stacj-I-st-I-r-v5.pdf\">Gospodarka przestrzenna stacj I&nbsp;st I&nbsp;r (v5)<\/a><\/td>\n<td style=\"width: 8.59375%;height: 40px\"><a href=\"https:\/\/up.lublin.pl\/agrobio\/wp-content\/uploads\/sites\/2\/2025\/03\/Gospodarka-przestrzenna-stacj-I-st-II-r-v5.pdf\">Gospodarka przestrzenna stacj I&nbsp;st II r&nbsp;(v5)<\/a><\/td>\n<td style=\"width: 9.63542%;height: 40px\"><a href=\"https:\/\/up.lublin.pl\/agrobio\/wp-content\/uploads\/sites\/2\/2025\/02\/Gospodarka-przestrzenna-stacj-I-st-III-r-v3.pdf\">Gospodarka przestrzenna stacj I&nbsp;st III r&nbsp;(v3)<\/a><\/td>\n<td style=\"width: 8.33333%;height: 40px\">&#8211;<\/td>\n<\/tr>\n<tr style=\"height: 40px\">\n<td style=\"width: 60.6771%;height: 40px\">stacjonarne II stopnia<\/td>\n<td style=\"width: 9.11458%;height: 40px\"><a href=\"https:\/\/up.lublin.pl\/agrobio\/wp-content\/uploads\/sites\/2\/2025\/03\/Gospodarka-przestrzenna-stacj-II-st-I-r-v6.pdf\">Gospodarka przestrzenna stacj II st I&nbsp;r (v6)<\/a><\/td>\n<td style=\"width: 8.59375%;height: 40px\"><a href=\"https:\/\/up.lublin.pl\/agrobio\/wp-content\/uploads\/sites\/2\/2025\/03\/Gospodarka-przestrzenna-stacj-II-st-II-r-v3.pdf\">Gospodarka przestrzenna stacj II st II r&nbsp;(v3)<\/a><\/td>\n<td style=\"width: 9.63542%;height: 40px\">&#8211;<\/td>\n<td style=\"width: 8.33333%;height: 40px\">&#8211;<\/td>\n<\/tr>\n<tr>\n<td style=\"width: 60.6771%\">niestacjonarne II stopnia<\/td>\n<td style=\"width: 9.11458%\">&#8211;<\/td>\n<td style=\"width: 8.59375%\">&#8211;<\/td>\n<td style=\"width: 9.63542%\">&#8211;<\/td>\n<td style=\"width: 8.33333%\">&#8211;<\/td>\n<\/tr>\n<tr style=\"height: 23px\">\n<td style=\"width: 96.3542%;height: 23px\" colspan=\"5\">\u00a0<\/td>\n<\/tr>\n<tr style=\"height: 23px\">\n<td style=\"width: 60.6771%;height: 23px\"><strong>LE\u015aNICTWO<\/strong><\/td>\n<td style=\"width: 9.11458%;height: 23px\"><strong>I<\/strong><\/td>\n<td style=\"width: 8.59375%;height: 23px\">II<\/td>\n<td style=\"width: 9.63542%;height: 23px\">III<\/td>\n<td style=\"width: 8.33333%;height: 23px\">IV<\/td>\n<\/tr>\n<tr style=\"height: 91px\">\n<td style=\"width: 60.6771%;height: 91px\">stacjonarne I&nbsp;stopnia<\/td>\n<td style=\"width: 9.11458%;height: 91px\"><a href=\"https:\/\/up.lublin.pl\/agrobio\/wp-content\/uploads\/sites\/2\/2025\/04\/Lesnictwo-stacj-I-st-I-r-v4.pdf\">Le\u015bnictwo stacj I&nbsp;st I&nbsp;r (v4)<\/a><\/td>\n<td style=\"width: 8.59375%;height: 91px\"><a href=\"https:\/\/up.lublin.pl\/agrobio\/wp-content\/uploads\/sites\/2\/2025\/03\/Lesnictwo-stacj-I-st-II-r-v5.pdf\">Le\u015bnictwo stacj I&nbsp;st II r&nbsp;(v5)<\/a><\/td>\n<td style=\"width: 9.63542%;height: 91px\">&#8211;<\/td>\n<td style=\"width: 8.33333%;height: 91px\">&#8211;<\/td>\n<\/tr>\n<tr style=\"height: 186px\">\n<td style=\"width: 60.6771%;height: 186px\">niestacjonarne I&nbsp;stopnia<\/td>\n<td style=\"width: 9.11458%;height: 186px\"><a href=\"https:\/\/up.lublin.pl\/agrobio\/wp-content\/uploads\/sites\/2\/2025\/03\/Lesnictwo-niestacj-I-st-I-r-v4.pdf\">Le\u015bnictwo niestacj I&nbsp;st I&nbsp;r (v4)<\/a><\/td>\n<td style=\"width: 8.59375%;height: 186px\"><a href=\"https:\/\/up.lublin.pl\/agrobio\/wp-content\/uploads\/sites\/2\/2025\/02\/Lesnictwo-niestacj-I-st-II-r-v2.pdf\">Le\u015bnictwo niestacj I&nbsp;st II r&nbsp;(v2)<\/a><\/td>\n<td style=\"width: 9.63542%;height: 186px\">&#8211;<\/td>\n<td style=\"width: 8.33333%;height: 186px\">\n<p><strong>G\u0141<\/strong><\/p>\n<p><a href=\"https:\/\/up.lublin.pl\/agrobio\/wp-content\/uploads\/sites\/2\/2025\/03\/Lesnictwo-niestacj-I-st-IV-r-Gosp.-lowiecka-v2.pdf\">Le\u015bnictwo niestacj I&nbsp;st IV r&nbsp;&#8211; Gosp. \u0142owiecka (v2)<\/a><\/p>\n<p><strong>GL<\/strong><\/p>\n<p><a href=\"https:\/\/up.lublin.pl\/agrobio\/wp-content\/uploads\/sites\/2\/2025\/03\/Lesnictwo-niestacj-I-st-IV-r-Gosp.-lesna-v2.pdf\">Le\u015bnictwo niestacj I&nbsp;st IV r&nbsp;&#8211; Gosp. le\u015bna (v2)<\/a><\/p>\n<\/td>\n<\/tr>\n<tr style=\"height: 23px\">\n<td style=\"width: 96.3542%;height: 23px\" colspan=\"5\">\u00a0<\/td>\n<\/tr>\n<tr style=\"height: 23px\">\n<td style=\"width: 60.6771%;height: 23px\"><strong>AGROBIZNES<\/strong><\/td>\n<td style=\"width: 9.11458%;height: 23px\"><strong>I<\/strong><\/td>\n<td style=\"width: 8.59375%;height: 23px\">II<\/td>\n<td style=\"width: 9.63542%;height: 23px\">III<\/td>\n<td style=\"width: 8.33333%;height: 23px\">IV<\/td>\n<\/tr>\n<tr style=\"height: 40px\">\n<td style=\"width: 60.6771%;height: 40px\">stacjonarne I&nbsp;stopnia<\/td>\n<td style=\"width: 9.11458%;height: 40px\"><a href=\"https:\/\/up.lublin.pl\/agrobio\/wp-content\/uploads\/sites\/2\/2025\/03\/Agrobiznes-stacj-I-st-I-r-v5.pdf\">Agrobiznes stacj I&nbsp;st I&nbsp;r (v5)<\/a><\/td>\n<td style=\"width: 8.59375%;height: 40px\"><a href=\"https:\/\/up.lublin.pl\/agrobio\/wp-content\/uploads\/sites\/2\/2025\/03\/Agrobiznes-stacj-I-st-II-r-v5.pdf\">Agrobiznes stacj I&nbsp;st II r&nbsp;(v5)<\/a><\/td>\n<td style=\"width: 9.63542%;height: 40px\"><a href=\"https:\/\/up.lublin.pl\/agrobio\/wp-content\/uploads\/sites\/2\/2025\/02\/Agrobiznes-stacj-I-st-III-r-v3.pdf\">Agrobiznes stacj I&nbsp;st III r&nbsp;(v3)<\/a><\/td>\n<td style=\"width: 8.33333%;height: 40px\">&#8211;<\/td>\n<\/tr>\n<tr>\n<td style=\"width: 60.6771%\">stacjonarne II stopnia<\/td>\n<td style=\"width: 9.11458%\"><a href=\"https:\/\/up.lublin.pl\/agrobio\/wp-content\/uploads\/sites\/2\/2025\/03\/Bioinzynieria-stacj-II-st-I-r-v5.pdf\">Bioin\u017cynieria stacj II st I&nbsp;r (v5)<\/a><\/td>\n<td style=\"width: 8.59375%\">&#8211;<\/td>\n<td style=\"width: 9.63542%\">&#8211;<\/td>\n<td style=\"width: 8.33333%\">&#8211;<\/td>\n<\/tr>\n<tr style=\"height: 23px\">\n<td style=\"width: 96.3542%;height: 23px\" colspan=\"5\">\u00a0<\/td>\n<\/tr>\n<tr style=\"height: 23px\">\n<td style=\"width: 60.6771%;height: 23px\"><strong>BIOIN\u017bYNIERIA<\/strong><\/td>\n<td style=\"width: 9.11458%;height: 23px\"><strong>I<\/strong><\/td>\n<td style=\"width: 8.59375%;height: 23px\">II<\/td>\n<td style=\"width: 9.63542%;height: 23px\">III<\/td>\n<td style=\"width: 8.33333%;height: 23px\">IV<\/td>\n<\/tr>\n<tr style=\"height: 40px\">\n<td style=\"width: 60.6771%;height: 40px\">stacjonarne I&nbsp;stopnia<\/td>\n<td style=\"width: 9.11458%;height: 40px\"><a href=\"https:\/\/up.lublin.pl\/agrobio\/wp-content\/uploads\/sites\/2\/2025\/05\/Bioinzynieria-stacj-I-st-I-r-v7.pdf\">Bioin\u017cynieria stacj I&nbsp;st I&nbsp;r (v7)<\/a><\/td>\n<td style=\"width: 8.59375%;height: 40px\"><a href=\"https:\/\/up.lublin.pl\/agrobio\/wp-content\/uploads\/sites\/2\/2025\/05\/Bioinzynieria-stacj-I-st-II-r-v5.pdf\">Bioin\u017cynieria stacj I&nbsp;st II r&nbsp;(v5)<\/a><\/td>\n<td style=\"width: 9.63542%;height: 40px\"><a href=\"https:\/\/up.lublin.pl\/agrobio\/wp-content\/uploads\/sites\/2\/2025\/03\/Bioinzynieria-stacj-I-st-III-r-v3.pdf\">Bioin\u017cynieria stacj I&nbsp;st III r&nbsp;(v3)<\/a><\/td>\n<td style=\"width: 8.33333%;height: 40px\">&#8211;<\/td>\n<\/tr>\n<tr style=\"height: 40px\">\n<td style=\"width: 60.6771%;height: 40px\">stacjonarne II stopnia<\/td>\n<td style=\"width: 9.11458%;height: 40px\"><a href=\"https:\/\/up.lublin.pl\/agrobio\/wp-content\/uploads\/sites\/2\/2025\/05\/Bioinzynieria-stacj-II-st-I-r-v7.pdf\">Bioinzynieria-stacj-II-st-I-r-v7<\/a><\/td>\n<td style=\"width: 8.59375%;height: 40px\"><a href=\"https:\/\/up.lublin.pl\/agrobio\/wp-content\/uploads\/sites\/2\/2025\/03\/Bioinzynieria-stacj-II-st-II-r-v3.pdf\">Bioin\u017cynieria stacj II st II r&nbsp;(v3)<\/a><\/td>\n<td style=\"width: 9.63542%;height: 40px\">&#8211;<\/td>\n<td style=\"width: 8.33333%;height: 40px\">&#8211;<\/td>\n<\/tr>\n<tr style=\"height: 23px\">\n<td style=\"width: 96.3542%;height: 23px\" colspan=\"5\">\u00a0<\/td>\n<\/tr>\n<tr style=\"height: 23px\">\n<td style=\"width: 60.6771%;height: 23px\"><strong>AGROLE\u015aNICTWO<\/strong><\/td>\n<td style=\"width: 9.11458%;height: 23px\"><strong>I<\/strong><\/td>\n<td style=\"width: 8.59375%;height: 23px\">II<\/td>\n<td style=\"width: 9.63542%;height: 23px\">III<\/td>\n<td style=\"width: 8.33333%;height: 23px\">IV<\/td>\n<\/tr>\n<tr style=\"height: 23px\">\n<td style=\"width: 60.6771%;height: 23px\">stacjonarne II stopnia<\/td>\n<td style=\"width: 9.11458%;height: 23px\"><a href=\"https:\/\/up.lublin.pl\/agrobio\/wp-content\/uploads\/sites\/2\/2025\/04\/Agrolesnictwo-stacj-II-st-I-r-v6.pdf\">Agrole\u015bnictwo stacj II st I&nbsp;r (v6)<\/a><\/td>\n<td style=\"width: 8.59375%;height: 23px\">&#8211;<\/td>\n<td style=\"width: 9.63542%;height: 23px\">&#8211;<\/td>\n<td style=\"width: 8.33333%;height: 23px\">&#8211;<\/td>\n<\/tr>\n<tr>\n<td style=\"width: 60.6771%\">niestacjonarne II stopnia<\/td>\n<td style=\"width: 9.11458%\"><a href=\"https:\/\/up.lublin.pl\/agrobio\/wp-content\/uploads\/sites\/2\/2025\/02\/Agrolesnictwo-niestacj-II-st-I-r-v2.pdf\">Agrole\u015bnictwo niestacj II st I&nbsp;r (v2)<\/a><\/td>\n<td style=\"width: 8.59375%\"><a href=\"https:\/\/up.lublin.pl\/agrobio\/wp-content\/uploads\/sites\/2\/2025\/03\/Agrolesnictwo-niestacj-II-st-II-r-v2.pdf\">Agrole\u015bnictwo niestacj II st II r&nbsp;(v2)<\/a><\/td>\n<td style=\"width: 9.63542%\">&#8211;<\/td>\n<td style=\"width: 8.33333%\">&#8211;<\/td>\n<\/tr>\n<tr style=\"height: 23px\">\n<td style=\"height: 23px;width: 96.3542%\" colspan=\"5\">\u00a0<\/td>\n<\/tr>\n<tr style=\"height: 23px\">\n<td style=\"width: 60.6771%;height: 23px\"><strong>IN\u017bYNIERIA EKOLOGICZNA<\/strong><\/td>\n<td style=\"width: 9.11458%;height: 23px\">I<\/td>\n<td style=\"width: 8.59375%;height: 23px\">II<\/td>\n<td style=\"width: 9.63542%;height: 23px\">III<\/td>\n<td style=\"width: 8.33333%;height: 23px\">IV<\/td>\n<\/tr>\n<tr style=\"height: 40px\">\n<td style=\"width: 60.6771%;height: 40px\">stacjonarne I&nbsp;stopnia<\/td>\n<td style=\"width: 9.11458%;height: 40px\">&#8211;<\/td>\n<td style=\"width: 8.59375%;height: 40px\">&#8211;<\/td>\n<td style=\"width: 9.63542%;height: 40px\">&#8211;<\/td>\n<td style=\"width: 8.33333%;height: 40px\">&#8211;<\/td>\n<\/tr>\n<tr style=\"height: 23px\">\n<td style=\"width: 96.3542%;height: 23px\" colspan=\"5\">\u00a0<\/td>\n<\/tr>\n<tr style=\"height: 23px\">\n<td style=\"width: 60.6771%;height: 23px\"><strong>ZARZ\u0104DZANIE W&nbsp;BIOBIZNESIE<\/strong><\/td>\n<td style=\"width: 9.11458%;height: 23px\">I<\/td>\n<td style=\"width: 8.59375%;height: 23px\">II<\/td>\n<td style=\"width: 9.63542%;height: 23px\">III<\/td>\n<td style=\"width: 8.33333%;height: 23px\">IV<\/td>\n<\/tr>\n<tr style=\"height: 40px\">\n<td style=\"width: 60.6771%;height: 40px\">stacjonarne II stopnia<\/td>\n<td style=\"width: 9.11458%;height: 40px\">&#8211;<\/td>\n<td style=\"width: 8.59375%;height: 40px\">&#8211;<\/td>\n<td style=\"width: 9.63542%;height: 40px\">&#8211;<\/td>\n<td style=\"width: 8.33333%;height: 40px\">&#8211;<\/td>\n<\/tr>\n<\/tbody>\n<\/table>\n<hr \/>\n<p>Przypominamy, \u017ce rozk\u0142ady i&nbsp;plany zaj\u0119\u0107 studenci mog\u0105 sprawdzi\u0107 loguj\u0105c si\u0119 do <a href=\"https:\/\/wd.up.lublin.pl\/\">Wirtualnego Dziekanatu<\/a><\/p>\n<hr \/>\n<p><em>W celu odczytania rozk\u0142ad\u00f3w wymagany jest darmowy <\/em><em>program Acrobat Reader <\/em><em>do pobrania <a href=\"https:\/\/get.adobe.com\/pl\/reader\/\">pod tym adresem<\/a>.<\/em><\/p>\n                                                <\/div>\n                                            <\/li>\n                                        <\/ul>\n\t\t\t\t\t\t                                                        <ul class=\"mn-accordion\">\n                                            <li>\n                                                <h4 class=\"mn-accordion-title\">ROK AKADEMICKI 2024\/2025 - semestr zimowy<\/h4>\n                                                <div>\n\t\t\t\t\t\t\t\t\t                <p><strong>ROK AKADEMICKI 2024\/2025 &#8211; semestr zimowy<\/strong><\/p>\n<table style=\"width: 87.6952%;height: 1597px\">\n<tbody>\n<tr style=\"height: 23px\">\n<td style=\"width: 60.6771%;height: 23px\">Kierunek<\/td>\n<td style=\"width: 35.6771%;height: 23px\" colspan=\"4\">Rok<\/td>\n<\/tr>\n<tr style=\"height: 23px\">\n<td style=\"width: 60.6771%;height: 23px\"><strong>ROLNICTWO<\/strong><\/td>\n<td style=\"width: 9.11458%;height: 23px\"><strong>I<\/strong><\/td>\n<td style=\"width: 8.59375%;height: 23px\">II<\/td>\n<td style=\"width: 9.63542%;height: 23px\">III<\/td>\n<td style=\"width: 8.33333%;height: 23px\">IV<\/td>\n<\/tr>\n<tr style=\"height: 40px\">\n<td style=\"width: 60.6771%;height: 40px\">stacjonarne I&nbsp;stopnia<\/td>\n<td style=\"width: 9.11458%;height: 40px\"><a href=\"https:\/\/up.lublin.pl\/agrobio\/wp-content\/uploads\/sites\/2\/2024\/10\/Rolnictwo-stacj-I-st-I-r-v6.pdf\">Rolnictwo stacj I&nbsp;st I&nbsp;r (v6)<\/a><\/td>\n<td style=\"width: 8.59375%;height: 40px\"><a href=\"https:\/\/up.lublin.pl\/agrobio\/wp-content\/uploads\/sites\/2\/2024\/10\/Rolnictwo-stacj-I-st-II-r-v3-1.pdf\">Rolnictwo stacj I&nbsp;st II r&nbsp;(v3)<\/a><\/td>\n<td style=\"width: 9.63542%;height: 40px\"><a href=\"https:\/\/up.lublin.pl\/agrobio\/wp-content\/uploads\/sites\/2\/2024\/09\/Rolnictwo-stacj-I-st-III-r.pdf\">Rolnictwo stacj I&nbsp;st III r<\/a><\/td>\n<td style=\"width: 8.33333%;height: 40px\"><a href=\"https:\/\/up.lublin.pl\/agrobio\/wp-content\/uploads\/sites\/2\/2024\/09\/Rolnictwo-stacj-I-st-IV-r.pdf\">Rolnictwo stacj I&nbsp;st IV r<\/a><\/td>\n<\/tr>\n<tr style=\"height: 40px\">\n<td style=\"width: 60.6771%;height: 40px\">stacjonarne II stopnia<\/td>\n<td style=\"width: 9.11458%;height: 40px\">&#8211;<\/td>\n<td style=\"width: 8.59375%;height: 40px\"><a href=\"https:\/\/up.lublin.pl\/agrobio\/wp-content\/uploads\/sites\/2\/2024\/09\/Rolnictwo-stacj-II-st-II-r-v2.pdf\">Rolnictwo stacj II st II r&nbsp;(v2)<\/a><\/td>\n<td style=\"width: 9.63542%;height: 40px\">&#8211;<\/td>\n<td style=\"width: 8.33333%;height: 40px\">&#8211;<\/td>\n<\/tr>\n<tr style=\"height: 40px\">\n<td style=\"width: 60.6771%;height: 40px\">niestacjonarne I&nbsp;stopnia<\/td>\n<td style=\"width: 9.11458%;height: 40px\"><a href=\"https:\/\/up.lublin.pl\/agrobio\/wp-content\/uploads\/sites\/2\/2024\/10\/Rolnictwo-niestacj-I-st-Ir-v4.pdf\">Rolnictwo niestacj I&nbsp;st Ir (v4)<\/a><\/td>\n<td style=\"width: 8.59375%;height: 40px\"><a href=\"https:\/\/up.lublin.pl\/agrobio\/wp-content\/uploads\/sites\/2\/2024\/10\/Rolnictwo-niestacj-I-st-II-r-v2.pdf\">Rolnictwo niestacj I&nbsp;st II r&nbsp;(v2)<\/a><\/td>\n<td style=\"width: 9.63542%;height: 40px\"><a href=\"https:\/\/up.lublin.pl\/agrobio\/wp-content\/uploads\/sites\/2\/2024\/10\/Rolnictwo-niestacj-I-st-III-r-v5.pdf\">Rolnictwo niestacj I&nbsp;st III r&nbsp;(v5)<\/a><\/td>\n<td style=\"width: 8.33333%;height: 40px\"><a href=\"https:\/\/up.lublin.pl\/agrobio\/wp-content\/uploads\/sites\/2\/2024\/10\/Rolnictwo-niestacj-I-st-IV-r-v3.pdf\">Rolnictwo niestacj I&nbsp;st IV r&nbsp;(v3)<\/a><\/td>\n<\/tr>\n<tr style=\"height: 23px\">\n<td style=\"width: 60.6771%;height: 23px\">niestacjonarne II stopnia<\/td>\n<td style=\"width: 9.11458%;height: 23px\"><a href=\"https:\/\/up.lublin.pl\/agrobio\/wp-content\/uploads\/sites\/2\/2024\/09\/Rolnictwo-niestacj-II-st-Ir-v3.pdf\">Rolnictwo niestacj II st Ir (v3)<\/a><\/td>\n<td style=\"width: 8.59375%;height: 23px\"><a href=\"https:\/\/up.lublin.pl\/agrobio\/wp-content\/uploads\/sites\/2\/2024\/11\/Rolnictwo-niestacj-II-st-II-r-v2.pdf\">Rolnictwo niestacj II st II r&nbsp;(v2)<\/a><\/td>\n<td style=\"width: 9.63542%;height: 23px\">&#8211;<\/td>\n<td style=\"width: 8.33333%;height: 23px\">&#8211;<\/td>\n<\/tr>\n<tr style=\"height: 23px\">\n<td style=\"width: 96.3542%;height: 23px\" colspan=\"5\">\u00a0<\/td>\n<\/tr>\n<tr style=\"height: 23px\">\n<td style=\"width: 60.6771%;height: 23px\"><strong>EKONOMIA<\/strong><\/td>\n<td style=\"width: 9.11458%;height: 23px\"><strong>I<\/strong><\/td>\n<td style=\"width: 8.59375%;height: 23px\">II<\/td>\n<td style=\"width: 9.63542%;height: 23px\">III<\/td>\n<td style=\"width: 8.33333%;height: 23px\">IV<\/td>\n<\/tr>\n<tr style=\"height: 40px\">\n<td style=\"width: 60.6771%;height: 40px\">stacjonarne I&nbsp;stopnia<\/td>\n<td style=\"width: 9.11458%;height: 40px\"><a href=\"https:\/\/up.lublin.pl\/agrobio\/wp-content\/uploads\/sites\/2\/2024\/10\/Ekonomia-stacj-I-st-I-r-v5.pdf\">Ekonomia stacj I&nbsp;st I&nbsp;r (v5)<\/a><\/td>\n<td style=\"width: 8.59375%;height: 40px\"><a href=\"https:\/\/up.lublin.pl\/agrobio\/wp-content\/uploads\/sites\/2\/2024\/10\/Ekonomia-stacj-I-st-II-r-v2.pdf\">Ekonomia stacj I&nbsp;st II r&nbsp;(v2)<\/a><\/td>\n<td style=\"width: 9.63542%;height: 40px\">&#8211;<\/td>\n<td style=\"width: 8.33333%;height: 40px\">&#8211;<\/td>\n<\/tr>\n<tr style=\"height: 23px\">\n<td style=\"width: 96.3542%;height: 23px\" colspan=\"5\">\u00a0<\/td>\n<\/tr>\n<tr style=\"height: 23px\">\n<td style=\"width: 60.6771%;height: 23px\"><strong>TURYSTYKA I&nbsp;REKREACJA<\/strong><\/td>\n<td style=\"width: 9.11458%;height: 23px\"><strong>I<\/strong><\/td>\n<td style=\"width: 8.59375%;height: 23px\">II<\/td>\n<td style=\"width: 9.63542%;height: 23px\">III<\/td>\n<td style=\"width: 8.33333%;height: 23px\">IV<\/td>\n<\/tr>\n<tr style=\"height: 91px\">\n<td style=\"width: 60.6771%;height: 91px\">stacjonarne I&nbsp;stopnia<\/td>\n<td style=\"width: 9.11458%;height: 91px\"><a href=\"https:\/\/up.lublin.pl\/agrobio\/wp-content\/uploads\/sites\/2\/2024\/10\/Turystyka-i-rekreacja-stacj-I-st-I-r-v3.pdf\">Turystyka i&nbsp;rekreacja stacj I&nbsp;st I&nbsp;r (v3)<\/a><\/td>\n<td style=\"width: 8.59375%;height: 91px\"><a href=\"https:\/\/up.lublin.pl\/agrobio\/wp-content\/uploads\/sites\/2\/2024\/10\/Turystyka-i-rekreacja-stacj-I-st-II-r-v3.pdf\">Turystyka i&nbsp;rekreacja stacj I&nbsp;st II r&nbsp;(v3)<\/a><\/td>\n<td style=\"width: 9.63542%;height: 91px\">\n<p><a href=\"https:\/\/up.lublin.pl\/agrobio\/wp-content\/uploads\/sites\/2\/2024\/10\/Turystyka-i-rekreacja-stacj-I-st-III-r-v3.pdf\">Turystyka i&nbsp;rekreacja stacj I&nbsp;st III r&nbsp;(v3)<\/a><\/p>\n<\/td>\n<td style=\"width: 8.33333%;height: 91px\">&#8211;<\/td>\n<\/tr>\n<tr style=\"height: 91px\">\n<td style=\"width: 60.6771%;height: 91px\">stacjonarne II stopnia<\/td>\n<td style=\"width: 9.11458%;height: 91px\">\n<p><a href=\"https:\/\/up.lublin.pl\/agrobio\/wp-content\/uploads\/sites\/2\/2024\/11\/Turystyka-i-rekreacja-gosp.-turystyczna-stacj-II-st-Ir-v3.pdf\">Turystyka i&nbsp;rekreacja &#8211; gosp. turystyczna stacj II st Ir (v3)<\/a><\/p>\n<p><strong>GT<\/strong><\/p>\n<p><a href=\"https:\/\/up.lublin.pl\/agrobio\/wp-content\/uploads\/sites\/2\/2024\/11\/Turystyka-i-rekreacja-menadzer-zdrowego-stylu-zycia-stacj-II-st-Ir-v3.pdf\">Turystyka i&nbsp;rekreacja &#8211; menad\u017cer zdrowego stylu \u017cycia stacj II st Ir (v3)<\/a><\/p>\n<p><strong>MZSZ<\/strong><\/p>\n<\/td>\n<td style=\"width: 8.59375%;height: 91px\">\n<p><a href=\"https:\/\/up.lublin.pl\/agrobio\/wp-content\/uploads\/sites\/2\/2024\/10\/Turystyka-i-rekreacja-menadzer-zdrowego-stylu-zycia-stacj-II-st-IIr-v3.pdf\">Turystyka i&nbsp;rekreacja &#8211; menad\u017cer zdrowego stylu \u017cycia stacj II st IIr (v3)<\/a><\/p>\n<p><strong>MZSZ<\/strong><\/p>\n<\/td>\n<td style=\"width: 9.63542%;height: 91px\">&#8211;<\/td>\n<td style=\"width: 8.33333%;height: 91px\">&#8211;<\/td>\n<\/tr>\n<tr style=\"height: 23px\">\n<td style=\"width: 96.3542%;height: 23px\" colspan=\"5\">\u00a0<\/td>\n<\/tr>\n<tr style=\"height: 46px\">\n<td style=\"width: 60.6771%;height: 46px\"><strong>GOSPODARKA PRZESTRZENNA<\/strong><\/td>\n<td style=\"width: 9.11458%;height: 46px\"><strong>I<\/strong><\/td>\n<td style=\"width: 8.59375%;height: 46px\">II<\/td>\n<td style=\"width: 9.63542%;height: 46px\">III<\/td>\n<td style=\"width: 8.33333%;height: 46px\">IV<\/td>\n<\/tr>\n<tr style=\"height: 40px\">\n<td style=\"width: 60.6771%;height: 40px\">stacjonarne I&nbsp;stopnia<\/td>\n<td style=\"width: 9.11458%;height: 40px\"><a href=\"https:\/\/up.lublin.pl\/agrobio\/wp-content\/uploads\/sites\/2\/2024\/11\/Gospodarka-przestrzenna-stacj-I-st-I-r-v4.pdf\">Gospodarka przestrzenna stacj I&nbsp;st I&nbsp;r (v4)<\/a><\/td>\n<td style=\"width: 8.59375%;height: 40px\"><a href=\"https:\/\/up.lublin.pl\/agrobio\/wp-content\/uploads\/sites\/2\/2024\/10\/Gospodarka-przestrzenna-stacj-I-st-II-r-v4.pdf\">Gospodarka przestrzenna stacj I&nbsp;st II r&nbsp;(v4)<\/a><\/td>\n<td style=\"width: 9.63542%;height: 40px\"><a href=\"https:\/\/up.lublin.pl\/agrobio\/wp-content\/uploads\/sites\/2\/2024\/11\/Gospodarka-przestrzenna-stacj-I-st-III-r-v2.pdf\">Gospodarka przestrzenna stacj I&nbsp;st III r&nbsp;(v2)<\/a><\/td>\n<td style=\"width: 8.33333%;height: 40px\"><a href=\"https:\/\/up.lublin.pl\/agrobio\/wp-content\/uploads\/sites\/2\/2024\/09\/Gospodarka-przestrzenna-stacj-I-st-IVr-v2.pdf\">Gospodarka przestrzenna stacj I&nbsp;st IVr (v2)<\/a><\/td>\n<\/tr>\n<tr style=\"height: 40px\">\n<td style=\"width: 60.6771%;height: 40px\">stacjonarne II stopnia<\/td>\n<td style=\"width: 9.11458%;height: 40px\">&#8211;<\/td>\n<td style=\"width: 8.59375%;height: 40px\"><a href=\"https:\/\/up.lublin.pl\/agrobio\/wp-content\/uploads\/sites\/2\/2024\/10\/Gospodarka-przestrzenna-stacj-II-st-II-r-v4.pdf\">Gospodarka przestrzenna stacj II st II r&nbsp;(v4)<\/a><\/td>\n<td style=\"width: 9.63542%;height: 40px\">&#8211;<\/td>\n<td style=\"width: 8.33333%;height: 40px\">&#8211;<\/td>\n<\/tr>\n<tr>\n<td style=\"width: 60.6771%\">niestacjonarne II stopnia<\/td>\n<td style=\"width: 9.11458%\">&#8211;<\/td>\n<td style=\"width: 8.59375%\">&#8211;<\/td>\n<td style=\"width: 9.63542%\">&#8211;<\/td>\n<td style=\"width: 8.33333%\">&#8211;<\/td>\n<\/tr>\n<tr style=\"height: 23px\">\n<td style=\"width: 96.3542%;height: 23px\" colspan=\"5\">\u00a0<\/td>\n<\/tr>\n<tr style=\"height: 23px\">\n<td style=\"width: 60.6771%;height: 23px\"><strong>LE\u015aNICTWO<\/strong><\/td>\n<td style=\"width: 9.11458%;height: 23px\"><strong>I<\/strong><\/td>\n<td style=\"width: 8.59375%;height: 23px\">II<\/td>\n<td style=\"width: 9.63542%;height: 23px\">III<\/td>\n<td style=\"width: 8.33333%;height: 23px\">IV<\/td>\n<\/tr>\n<tr style=\"height: 91px\">\n<td style=\"width: 60.6771%;height: 91px\">stacjonarne I&nbsp;stopnia<\/td>\n<td style=\"width: 9.11458%;height: 91px\"><a href=\"https:\/\/up.lublin.pl\/agrobio\/wp-content\/uploads\/sites\/2\/2024\/10\/Lesnictwo-stacj-I-st-I-r-v4.pdf\">Le\u015bnictwo stacj I&nbsp;st I&nbsp;r (v4)<\/a><\/td>\n<td style=\"width: 8.59375%;height: 91px\"><a href=\"https:\/\/up.lublin.pl\/agrobio\/wp-content\/uploads\/sites\/2\/2024\/10\/Lesnictwo-stacj-I-st-II-r-v2.pdf\">Le\u015bnictwo stacj I&nbsp;st II r&nbsp;(v2)<\/a><\/td>\n<td style=\"width: 9.63542%;height: 91px\">\n<p><a href=\"https:\/\/up.lublin.pl\/agrobio\/wp-content\/uploads\/sites\/2\/2024\/10\/Lesnictwo-Gosp.-lowiecka-stacj-I-st-III-r-v5.pdf\">Le\u015bnictwo &#8211; Gosp. \u0142owiecka stacj I&nbsp;st III r&nbsp;(v5)<\/a><\/p>\n<p><strong>G\u0141<\/strong><\/p>\n<p><a href=\"https:\/\/up.lublin.pl\/agrobio\/wp-content\/uploads\/sites\/2\/2024\/10\/Lesnictwo-Gosp.-lesna-stacj-I-st-III-r-v4.pdf\">Le\u015bnictwo &#8211; Gosp. le\u015bna stacj I&nbsp;st III r&nbsp;(v4)<\/a><\/p>\n<p><strong>GL<\/strong><\/p>\n<\/td>\n<td style=\"width: 8.33333%;height: 91px\">\n<p><a href=\"https:\/\/up.lublin.pl\/agrobio\/wp-content\/uploads\/sites\/2\/2024\/10\/Lesnictwo-Gosp.-lowiecka-stacj-I-st-IV-r-v2-1.pdf\">Le\u015bnictwo &#8211; Gosp. \u0142owiecka stacj I&nbsp;st IV r&nbsp;(v2)<\/a><\/p>\n<p><strong>G\u0141<\/strong><\/p>\n<p><a href=\"https:\/\/up.lublin.pl\/agrobio\/wp-content\/uploads\/sites\/2\/2024\/10\/Lesnictwo-Gosp.-lesna-stacj-I-st-IV-r-v4.pdf\">Le\u015bnictwo &#8211; Gosp. le\u015bna stacj I&nbsp;st IV r&nbsp;(v4)<\/a><\/p>\n<p><strong>GL<\/strong><\/p>\n<\/td>\n<\/tr>\n<tr style=\"height: 186px\">\n<td style=\"width: 60.6771%;height: 186px\">niestacjonarne I&nbsp;stopnia<\/td>\n<td style=\"width: 9.11458%;height: 186px\"><a href=\"https:\/\/up.lublin.pl\/agrobio\/wp-content\/uploads\/sites\/2\/2024\/11\/Lesnictwo-niestacj-I-st-Ir-v7.pdf\">Le\u015bnictwo niestacj I&nbsp;st Ir (v7)<\/a><\/td>\n<td style=\"width: 8.59375%;height: 186px\"><a href=\"https:\/\/up.lublin.pl\/agrobio\/wp-content\/uploads\/sites\/2\/2024\/10\/Lesnictwo-niestacj-I-st-II-r-v3.pdf\">Le\u015bnictwo niestacj I&nbsp;st II r&nbsp;(v3)<\/a><\/td>\n<td style=\"width: 9.63542%;height: 186px\"><a href=\"https:\/\/up.lublin.pl\/agrobio\/wp-content\/uploads\/sites\/2\/2024\/09\/Lesnictwo-niestacj-I-st-III-r-v2.pdf\">Le\u015bnictwo niestacj I&nbsp;st III r&nbsp;(v2)<\/a><\/td>\n<td style=\"width: 8.33333%;height: 186px\">\n<p><a href=\"https:\/\/up.lublin.pl\/agrobio\/wp-content\/uploads\/sites\/2\/2024\/09\/Lesnictwo-\u2013-Gospodarka-lowiecka-niestacj-I-st-IV-r.pdf\">Le\u015bnictwo \u2013 Gospodarka \u0142owiecka niestacj I&nbsp;st IV r<\/a><\/p>\n<p><strong>G\u0141<\/strong><\/p>\n<p><a href=\"https:\/\/up.lublin.pl\/agrobio\/wp-content\/uploads\/sites\/2\/2024\/09\/Lesnictwo-\u2013-Gospodarka-lesna-niestacj-I-st-IV-r-v2.pdf\">Le\u015bnictwo \u2013 Gospodarka le\u015bna niestacj I&nbsp;st IV r&nbsp;(v2)<\/a><\/p>\n<p><strong>GL<\/strong><\/p>\n<\/td>\n<\/tr>\n<tr style=\"height: 23px\">\n<td style=\"width: 96.3542%;height: 23px\" colspan=\"5\">\u00a0<\/td>\n<\/tr>\n<tr style=\"height: 23px\">\n<td style=\"width: 60.6771%;height: 23px\"><strong>AGROBIZNES<\/strong><\/td>\n<td style=\"width: 9.11458%;height: 23px\"><strong>I<\/strong><\/td>\n<td style=\"width: 8.59375%;height: 23px\">II<\/td>\n<td style=\"width: 9.63542%;height: 23px\">III<\/td>\n<td style=\"width: 8.33333%;height: 23px\">IV<\/td>\n<\/tr>\n<tr style=\"height: 40px\">\n<td style=\"width: 60.6771%;height: 40px\">stacjonarne I&nbsp;stopnia<\/td>\n<td style=\"width: 9.11458%;height: 40px\"><a href=\"https:\/\/up.lublin.pl\/agrobio\/wp-content\/uploads\/sites\/2\/2024\/10\/Agrobiznes-stacj-I-st-I-r-v6.pdf\">Agrobiznes stacj I&nbsp;st I&nbsp;r (v6)<\/a><\/td>\n<td style=\"width: 8.59375%;height: 40px\"><a href=\"https:\/\/up.lublin.pl\/agrobio\/wp-content\/uploads\/sites\/2\/2024\/10\/Agrobiznes-stacj-I-st-II-r-v3-1.pdf\">Agrobiznes stacj I&nbsp;st II r&nbsp;(v3)<\/a><\/td>\n<td style=\"width: 9.63542%;height: 40px\"><a href=\"https:\/\/up.lublin.pl\/agrobio\/wp-content\/uploads\/sites\/2\/2024\/10\/Agrobiznes-stacj-I-st-III-r-v2.pdf\">Agrobiznes stacj I&nbsp;st III r&nbsp;(v2)<\/a><\/td>\n<td style=\"width: 8.33333%;height: 40px\"><a href=\"https:\/\/up.lublin.pl\/agrobio\/wp-content\/uploads\/sites\/2\/2024\/09\/Agrobiznes-stacj-I-st-IV-r-v2-1.pdf\">Agrobiznes stacj I&nbsp;st IV r&nbsp;(v2)<\/a><\/td>\n<\/tr>\n<tr>\n<td style=\"width: 60.6771%\">stacjonarne II stopnia<\/td>\n<td style=\"width: 9.11458%\">&#8211;<\/td>\n<td style=\"width: 8.59375%\">&#8211;<\/td>\n<td style=\"width: 9.63542%\">&#8211;<\/td>\n<td style=\"width: 8.33333%\">&#8211;<\/td>\n<\/tr>\n<tr style=\"height: 23px\">\n<td style=\"width: 96.3542%;height: 23px\" colspan=\"5\">\u00a0<\/td>\n<\/tr>\n<tr style=\"height: 23px\">\n<td style=\"width: 60.6771%;height: 23px\"><strong>BIOIN\u017bYNIERIA<\/strong><\/td>\n<td style=\"width: 9.11458%;height: 23px\"><strong>I<\/strong><\/td>\n<td style=\"width: 8.59375%;height: 23px\">II<\/td>\n<td style=\"width: 9.63542%;height: 23px\">III<\/td>\n<td style=\"width: 8.33333%;height: 23px\">IV<\/td>\n<\/tr>\n<tr style=\"height: 40px\">\n<td style=\"width: 60.6771%;height: 40px\">stacjonarne I&nbsp;stopnia<\/td>\n<td style=\"width: 9.11458%;height: 40px\"><a href=\"https:\/\/up.lublin.pl\/agrobio\/wp-content\/uploads\/sites\/2\/2024\/10\/Bioinzynierii-stacj-I-st-I-r-v5.pdf\">Bioin\u017cynierii stacj I&nbsp;st I&nbsp;r (v5)<\/a><\/td>\n<td style=\"width: 8.59375%;height: 40px\"><a href=\"https:\/\/up.lublin.pl\/agrobio\/wp-content\/uploads\/sites\/2\/2024\/10\/Bioinzynierii-stacj-I-st-II-r-v3.pdf\">Bioin\u017cynierii stacj I&nbsp;st II r&nbsp;(v3)<\/a><\/td>\n<td style=\"width: 9.63542%;height: 40px\"><a href=\"https:\/\/up.lublin.pl\/agrobio\/wp-content\/uploads\/sites\/2\/2024\/10\/Bioinzynieria-stacj-I-st-III-r-v4.pdf\">Bioin\u017cynieria stacj I&nbsp;st III r&nbsp;(v4)<\/a><\/td>\n<td style=\"width: 8.33333%;height: 40px\"><a href=\"https:\/\/up.lublin.pl\/agrobio\/wp-content\/uploads\/sites\/2\/2024\/10\/Bioinzynieria-stacj-I-st-IV-r-v2.pdf\">Bioin\u017cynieria stacj I&nbsp;st IV r&nbsp;(v2)<\/a><\/td>\n<\/tr>\n<tr style=\"height: 40px\">\n<td style=\"width: 60.6771%;height: 40px\">stacjonarne II stopnia<\/td>\n<td style=\"width: 9.11458%;height: 40px\">&#8211;<\/td>\n<td style=\"width: 8.59375%;height: 40px\"><a href=\"https:\/\/up.lublin.pl\/agrobio\/wp-content\/uploads\/sites\/2\/2024\/10\/Bioinzynieria-stacj-II-st-II-r-v5.pdf\">Bioin\u017cynieria stacj II st II r&nbsp;(v5)<\/a><\/td>\n<td style=\"width: 9.63542%;height: 40px\">&#8211;<\/td>\n<td style=\"width: 8.33333%;height: 40px\">&#8211;<\/td>\n<\/tr>\n<tr style=\"height: 23px\">\n<td style=\"width: 96.3542%;height: 23px\" colspan=\"5\">\u00a0<\/td>\n<\/tr>\n<tr style=\"height: 23px\">\n<td style=\"width: 60.6771%;height: 23px\"><strong>AGROLE\u015aNICTWO<\/strong><\/td>\n<td style=\"width: 9.11458%;height: 23px\"><strong>I<\/strong><\/td>\n<td style=\"width: 8.59375%;height: 23px\">II<\/td>\n<td style=\"width: 9.63542%;height: 23px\">III<\/td>\n<td style=\"width: 8.33333%;height: 23px\">IV<\/td>\n<\/tr>\n<tr style=\"height: 23px\">\n<td style=\"width: 60.6771%;height: 23px\">stacjonarne II stopnia<\/td>\n<td style=\"width: 9.11458%;height: 23px\">&#8211;<\/td>\n<td style=\"width: 8.59375%;height: 23px\">&#8211;<\/td>\n<td style=\"width: 9.63542%;height: 23px\">&#8211;<\/td>\n<td style=\"width: 8.33333%;height: 23px\">&#8211;<\/td>\n<\/tr>\n<tr>\n<td style=\"width: 60.6771%\">niestacjonarne II stopnia<\/td>\n<td style=\"width: 9.11458%\"><a href=\"https:\/\/up.lublin.pl\/agrobio\/wp-content\/uploads\/sites\/2\/2024\/10\/Agrolesnictwo-niestacj-II-st-Ir-v4.pdf\">Agrole\u015bnictwo niestacj II st Ir (v4)<\/a><\/td>\n<td style=\"width: 8.59375%\"><a href=\"https:\/\/up.lublin.pl\/agrobio\/wp-content\/uploads\/sites\/2\/2024\/09\/Agrolesnictwo-niestacj-II-st-II-r.pdf\">Agrole\u015bnictwo niestacj II st II r<\/a><\/td>\n<td style=\"width: 9.63542%\">&#8211;<\/td>\n<td style=\"width: 8.33333%\">&#8211;<\/td>\n<\/tr>\n<tr style=\"height: 23px\">\n<td style=\"height: 23px;width: 96.3542%\" colspan=\"5\">\u00a0<\/td>\n<\/tr>\n<tr style=\"height: 23px\">\n<td style=\"width: 60.6771%;height: 23px\"><strong>IN\u017bYNIERIA EKOLOGICZNA<\/strong><\/td>\n<td style=\"width: 9.11458%;height: 23px\">I<\/td>\n<td style=\"width: 8.59375%;height: 23px\">II<\/td>\n<td style=\"width: 9.63542%;height: 23px\">III<\/td>\n<td style=\"width: 8.33333%;height: 23px\">IV<\/td>\n<\/tr>\n<tr style=\"height: 40px\">\n<td style=\"width: 60.6771%;height: 40px\">stacjonarne I&nbsp;stopnia<\/td>\n<td style=\"width: 9.11458%;height: 40px\">&#8211;<\/td>\n<td style=\"width: 8.59375%;height: 40px\">&#8211;<\/td>\n<td style=\"width: 9.63542%;height: 40px\">&#8211;<\/td>\n<td style=\"width: 8.33333%;height: 40px\">&#8211;<\/td>\n<\/tr>\n<tr style=\"height: 23px\">\n<td style=\"width: 96.3542%;height: 23px\" colspan=\"5\">\u00a0<\/td>\n<\/tr>\n<tr style=\"height: 23px\">\n<td style=\"width: 60.6771%;height: 23px\"><strong>ZARZ\u0104DZANIE W&nbsp;BIOBIZNESIE<\/strong><\/td>\n<td style=\"width: 9.11458%;height: 23px\">I<\/td>\n<td style=\"width: 8.59375%;height: 23px\">II<\/td>\n<td style=\"width: 9.63542%;height: 23px\">III<\/td>\n<td style=\"width: 8.33333%;height: 23px\">IV<\/td>\n<\/tr>\n<tr style=\"height: 40px\">\n<td style=\"width: 60.6771%;height: 40px\">stacjonarne II stopnia<\/td>\n<td style=\"width: 9.11458%;height: 40px\">&#8211;<\/td>\n<td style=\"width: 8.59375%;height: 40px\">&#8211;<\/td>\n<td style=\"width: 9.63542%;height: 40px\">&#8211;<\/td>\n<td style=\"width: 8.33333%;height: 40px\">&#8211;<\/td>\n<\/tr>\n<\/tbody>\n<\/table>\n<hr \/>\n<p>Przypominamy, \u017ce rozk\u0142ady i&nbsp;plany zaj\u0119\u0107 studenci mog\u0105 sprawdzi\u0107 loguj\u0105c si\u0119 do <a href=\"https:\/\/wd.up.lublin.pl\/\">Wirtualnego Dziekanatu<\/a><\/p>\n<hr \/>\n<p><em>W celu odczytania rozk\u0142ad\u00f3w wymagany jest darmowy <\/em><em>program Acrobat Reader <\/em><em>do pobrania <a href=\"https:\/\/get.adobe.com\/pl\/reader\/\">pod tym adresem<\/a>.<\/em><\/p>\n                                                <\/div>\n                                            <\/li>\n                                        <\/ul>\n\t\t\t\t\t\t                                                        <ul class=\"mn-accordion\">\n                                            <li>\n                                                <h4 class=\"mn-accordion-title\">ROK AKADEMICKI 2023\/2024 - semestr letni<\/h4>\n                                                <div>\n\t\t\t\t\t\t\t\t\t                <p><strong>ROK AKADEMICKI 2023\/2024 &#8211; semestr letni<\/strong><\/p>\n<table style=\"width: 87.6952%;height: 1597px\">\n<tbody>\n<tr style=\"height: 23px\">\n<td style=\"width: 60.6771%;height: 23px\">Kierunek<\/td>\n<td style=\"width: 35.6771%;height: 23px\" colspan=\"4\">Rok<\/td>\n<\/tr>\n<tr style=\"height: 23px\">\n<td style=\"width: 60.6771%;height: 23px\"><strong>ROLNICTWO<\/strong><\/td>\n<td style=\"width: 9.11458%;height: 23px\"><strong>I<\/strong><\/td>\n<td style=\"width: 8.59375%;height: 23px\">II<\/td>\n<td style=\"width: 9.63542%;height: 23px\">III<\/td>\n<td style=\"width: 8.33333%;height: 23px\">IV<\/td>\n<\/tr>\n<tr style=\"height: 40px\">\n<td style=\"width: 60.6771%;height: 40px\">stacjonarne I&nbsp;stopnia<\/td>\n<td style=\"width: 9.11458%;height: 40px\"><a href=\"https:\/\/up.lublin.pl\/agrobio\/wp-content\/uploads\/sites\/2\/2024\/03\/Rolnictwo-stacj-I-st-I-r-v4.pdf\">Rolnictwo stacj I&nbsp;st I&nbsp;r (v4)<\/a><\/td>\n<td style=\"width: 8.59375%;height: 40px\"><a href=\"https:\/\/up.lublin.pl\/agrobio\/wp-content\/uploads\/sites\/2\/2024\/03\/Rolnictwo-stacj-I-st-II-r-v3.pdf\">Rolnictwo stacj I&nbsp;st II r&nbsp;(v3)<\/a><\/td>\n<td style=\"width: 9.63542%;height: 40px\"><a href=\"https:\/\/up.lublin.pl\/agrobio\/wp-content\/uploads\/sites\/2\/2024\/02\/Rolnictwo-stacj-I-st-III-r-v3.pdf\">Rolnictwo stacj I&nbsp;st III r&nbsp;(v3)<\/a><\/td>\n<td style=\"width: 8.33333%;height: 40px\">&#8211;<\/td>\n<\/tr>\n<tr style=\"height: 40px\">\n<td style=\"width: 60.6771%;height: 40px\">stacjonarne II stopnia<\/td>\n<td style=\"width: 9.11458%;height: 40px\"><a href=\"https:\/\/up.lublin.pl\/agrobio\/wp-content\/uploads\/sites\/2\/2024\/03\/Rolnictwo-stacj-II-st-I-r-v6.pdf\">Rolnictwo stacj II st I&nbsp;r (v6)<\/a><\/td>\n<td style=\"width: 8.59375%;height: 40px\"><a href=\"https:\/\/up.lublin.pl\/agrobio\/wp-content\/uploads\/sites\/2\/2024\/02\/Rolnictwo-stacj-II-st-II-r-v3.pdf\">Rolnictwo stacj II st II r&nbsp;(v3)<\/a><\/td>\n<td style=\"width: 9.63542%;height: 40px\">&#8211;<\/td>\n<td style=\"width: 8.33333%;height: 40px\">&#8211;<\/td>\n<\/tr>\n<tr style=\"height: 40px\">\n<td style=\"width: 60.6771%;height: 40px\">niestacjonarne I&nbsp;stopnia<\/td>\n<td style=\"width: 9.11458%;height: 40px\"><a href=\"https:\/\/up.lublin.pl\/agrobio\/wp-content\/uploads\/sites\/2\/2024\/02\/Rolnictwo-niestacj-I-st-I-r-v3.pdf\">Rolnictwo niestacj I&nbsp;st I&nbsp;r (v3)<\/a><\/td>\n<td style=\"width: 8.59375%;height: 40px\"><a href=\"https:\/\/up.lublin.pl\/agrobio\/wp-content\/uploads\/sites\/2\/2024\/02\/Rolnictwo-niestacj-I-st-II-r-v2-1.pdf\">Rolnictwo niestacj I&nbsp;st II r&nbsp;(v2)<\/a><\/td>\n<td style=\"width: 9.63542%;height: 40px\"><a href=\"https:\/\/up.lublin.pl\/agrobio\/wp-content\/uploads\/sites\/2\/2024\/02\/Rolnictwo-niestacj-I-st-III-r-v2.pdf\">Rolnictwo niestacj I&nbsp;st III r&nbsp;(v2)<\/a><\/td>\n<td style=\"width: 8.33333%;height: 40px\"><a href=\"https:\/\/up.lublin.pl\/agrobio\/wp-content\/uploads\/sites\/2\/2024\/02\/Rolnictwo-niestacj-I-st-IV-r-v3.pdf\">Rolnictwo niestacj I&nbsp;st IV r&nbsp;(v3)<\/a><\/td>\n<\/tr>\n<tr style=\"height: 23px\">\n<td style=\"width: 60.6771%;height: 23px\">niestacjonarne II stopnia<\/td>\n<td style=\"width: 9.11458%;height: 23px\"><a href=\"https:\/\/up.lublin.pl\/agrobio\/wp-content\/uploads\/sites\/2\/2024\/03\/Rolnictwo-niestacj-II-st-I-r-v3.pdf\">Rolnictwo niestacj II st I&nbsp;r (v3)<\/a><\/td>\n<td style=\"width: 8.59375%;height: 23px\"><a href=\"https:\/\/up.lublin.pl\/agrobio\/wp-content\/uploads\/sites\/2\/2024\/02\/Rolnictwo-niestacj-II-st-II-r.pdf\">Rolnictwo niestacj II st II r<\/a><\/td>\n<td style=\"width: 9.63542%;height: 23px\">&#8211;<\/td>\n<td style=\"width: 8.33333%;height: 23px\">&#8211;<\/td>\n<\/tr>\n<tr style=\"height: 23px\">\n<td style=\"width: 96.3542%;height: 23px\" colspan=\"5\">\u00a0<\/td>\n<\/tr>\n<tr style=\"height: 23px\">\n<td style=\"width: 60.6771%;height: 23px\"><strong>EKONOMIA<\/strong><\/td>\n<td style=\"width: 9.11458%;height: 23px\"><strong>I<\/strong><\/td>\n<td style=\"width: 8.59375%;height: 23px\">II<\/td>\n<td style=\"width: 9.63542%;height: 23px\">III<\/td>\n<td style=\"width: 8.33333%;height: 23px\">IV<\/td>\n<\/tr>\n<tr style=\"height: 40px\">\n<td style=\"width: 60.6771%;height: 40px\">stacjonarne I&nbsp;stopnia<\/td>\n<td style=\"width: 9.11458%;height: 40px\"><a href=\"https:\/\/up.lublin.pl\/agrobio\/wp-content\/uploads\/sites\/2\/2024\/02\/Ekonomia-stacj-I-st-I-r-v2.pdf\">Ekonomia stacj I&nbsp;st I&nbsp;r (v2)<\/a><\/td>\n<td style=\"width: 8.59375%;height: 40px\"><a href=\"https:\/\/up.lublin.pl\/agrobio\/wp-content\/uploads\/sites\/2\/2024\/02\/Ekonomia-stacj-I-st-II-r-v3.pdf\">Ekonomia stacj I&nbsp;st II r&nbsp;(v3)<\/a><\/td>\n<td style=\"width: 9.63542%;height: 40px\"><a href=\"https:\/\/up.lublin.pl\/agrobio\/wp-content\/uploads\/sites\/2\/2024\/03\/Ekonomia-stacj-I-st-III-r-v5.pdf\">Ekonomia stacj I&nbsp;st III r&nbsp;(v5)<\/a><\/td>\n<td style=\"width: 8.33333%;height: 40px\">&#8211;<\/td>\n<\/tr>\n<tr style=\"height: 23px\">\n<td style=\"width: 96.3542%;height: 23px\" colspan=\"5\">\u00a0<\/td>\n<\/tr>\n<tr style=\"height: 23px\">\n<td style=\"width: 60.6771%;height: 23px\"><strong>TURYSTYKA I&nbsp;REKREACJA<\/strong><\/td>\n<td style=\"width: 9.11458%;height: 23px\"><strong>I<\/strong><\/td>\n<td style=\"width: 8.59375%;height: 23px\">II<\/td>\n<td style=\"width: 9.63542%;height: 23px\">III<\/td>\n<td style=\"width: 8.33333%;height: 23px\">IV<\/td>\n<\/tr>\n<tr style=\"height: 91px\">\n<td style=\"width: 60.6771%;height: 91px\">stacjonarne I&nbsp;stopnia<\/td>\n<td style=\"width: 9.11458%;height: 91px\"><a href=\"https:\/\/up.lublin.pl\/agrobio\/wp-content\/uploads\/sites\/2\/2024\/03\/Turystyka-i-rekreacja-stacj-I-st-I-r-v2.pdf\">Turystyka i&nbsp;rekreacja stacj I&nbsp;st I&nbsp;r (v2)<\/a><\/td>\n<td style=\"width: 8.59375%;height: 91px\"><a href=\"https:\/\/up.lublin.pl\/agrobio\/wp-content\/uploads\/sites\/2\/2024\/02\/Turystyka-i-rekreacja-stacj-I-st-II-r-v2-1.pdf\">Turystyka i&nbsp;rekreacja stacj I&nbsp;st II r&nbsp;(v2)<\/a><\/td>\n<td style=\"width: 9.63542%;height: 91px\">\n<p><a href=\"https:\/\/up.lublin.pl\/agrobio\/wp-content\/uploads\/sites\/2\/2024\/03\/Turystyka-i-rekreacja-stacj-I-st-III-r-v2.pdf\">Turystyka i&nbsp;rekreacja stacj I&nbsp;st III r&nbsp;(v2)<\/a><\/p>\n<p><strong>ROB<\/strong><\/p>\n<\/td>\n<td style=\"width: 8.33333%;height: 91px\">&#8211;<\/td>\n<\/tr>\n<tr style=\"height: 91px\">\n<td style=\"width: 60.6771%;height: 91px\">stacjonarne II stopnia<\/td>\n<td style=\"width: 9.11458%;height: 91px\">\n<p><a href=\"https:\/\/up.lublin.pl\/agrobio\/wp-content\/uploads\/sites\/2\/2024\/03\/Turysyka-i-rekreacja-MZSZ-stacj-II-st-I-r-v4.pdf\">Turysyka i&nbsp;rekreacja MZSZ stacj II st I&nbsp;r (v4)<\/a><\/p>\n<p><strong>MZSZ<\/strong><\/p>\n<\/td>\n<td style=\"width: 8.59375%;height: 91px\">\n<p><a href=\"https:\/\/up.lublin.pl\/agrobio\/wp-content\/uploads\/sites\/2\/2024\/02\/Turystyka-i-rekreacja-GT-stacj-II-st-II-r-v3.pdf\">Turystyka i&nbsp;rekreacja GT stacj II st II r&nbsp;(v3)<\/a><\/p>\n<p><strong>GT<\/strong><\/p>\n<p><a href=\"https:\/\/up.lublin.pl\/agrobio\/wp-content\/uploads\/sites\/2\/2024\/02\/Turystyka-i-rekreacja-MZSZ-stacj-II-st-II-r-v4.pdf\">Turystyka i&nbsp;rekreacja MZSZ stacj II st II r&nbsp;(v4)<\/a><\/p>\n<p><strong>MZSZ<\/strong><\/p>\n<\/td>\n<td style=\"width: 9.63542%;height: 91px\">&#8211;<\/td>\n<td style=\"width: 8.33333%;height: 91px\">&#8211;<\/td>\n<\/tr>\n<tr style=\"height: 23px\">\n<td style=\"width: 96.3542%;height: 23px\" colspan=\"5\">\u00a0<\/td>\n<\/tr>\n<tr style=\"height: 46px\">\n<td style=\"width: 60.6771%;height: 46px\"><strong>GOSPODARKA PRZESTRZENNA<\/strong><\/td>\n<td style=\"width: 9.11458%;height: 46px\"><strong>I<\/strong><\/td>\n<td style=\"width: 8.59375%;height: 46px\">II<\/td>\n<td style=\"width: 9.63542%;height: 46px\">III<\/td>\n<td style=\"width: 8.33333%;height: 46px\">IV<\/td>\n<\/tr>\n<tr style=\"height: 40px\">\n<td style=\"width: 60.6771%;height: 40px\">stacjonarne I&nbsp;stopnia<\/td>\n<td style=\"width: 9.11458%;height: 40px\"><a href=\"https:\/\/up.lublin.pl\/agrobio\/wp-content\/uploads\/sites\/2\/2024\/05\/Gospodarka-przestrzenna-stacj-I-st-I-r-v3.pdf\">Gospodarka przestrzenna stacj I&nbsp;st I&nbsp;r (v3)<\/a><\/td>\n<td style=\"width: 8.59375%;height: 40px\"><a href=\"https:\/\/up.lublin.pl\/agrobio\/wp-content\/uploads\/sites\/2\/2024\/02\/Gospodarka-przest.-stacj-I-st-II-r-v3.pdf\">Gospodarka przest. stacj I&nbsp;st II r&nbsp;(v3)<\/a><\/td>\n<td style=\"width: 9.63542%;height: 40px\"><a href=\"https:\/\/up.lublin.pl\/agrobio\/wp-content\/uploads\/sites\/2\/2024\/04\/Gospodarka-przest.-stacj-I-st-III-r-v3.pdf\">Gospodarka przest. stacj I&nbsp;st III r&nbsp;(v3)<\/a><\/td>\n<td style=\"width: 8.33333%;height: 40px\">&#8211;<\/td>\n<\/tr>\n<tr style=\"height: 40px\">\n<td style=\"width: 60.6771%;height: 40px\">stacjonarne II stopnia<\/td>\n<td style=\"width: 9.11458%;height: 40px\"><a href=\"https:\/\/up.lublin.pl\/agrobio\/wp-content\/uploads\/sites\/2\/2024\/03\/Gospodarka-przestrzenna-stacj-II-st-I-r-v6.pdf\">Gospodarka przestrzenna stacj II st I&nbsp;r (v6)<\/a><\/td>\n<td style=\"width: 8.59375%;height: 40px\"><a href=\"https:\/\/up.lublin.pl\/agrobio\/wp-content\/uploads\/sites\/2\/2024\/03\/Gospodarka-przestrzenna-stacj-II-st-II-r-v3.pdf\">Gospodarka przestrzenna stacj II st II r&nbsp;(v3)<\/a><\/td>\n<td style=\"width: 9.63542%;height: 40px\">&#8211;<\/td>\n<td style=\"width: 8.33333%;height: 40px\">&#8211;<\/td>\n<\/tr>\n<tr>\n<td style=\"width: 60.6771%\">niestacjonarne II stopnia<\/td>\n<td style=\"width: 9.11458%\">&#8211;<\/td>\n<td style=\"width: 8.59375%\">&#8211;<\/td>\n<td style=\"width: 9.63542%\">&#8211;<\/td>\n<td style=\"width: 8.33333%\">&#8211;<\/td>\n<\/tr>\n<tr style=\"height: 23px\">\n<td style=\"width: 96.3542%;height: 23px\" colspan=\"5\">\u00a0<\/td>\n<\/tr>\n<tr style=\"height: 23px\">\n<td style=\"width: 60.6771%;height: 23px\"><strong>LE\u015aNICTWO<\/strong><\/td>\n<td style=\"width: 9.11458%;height: 23px\"><strong>I<\/strong><\/td>\n<td style=\"width: 8.59375%;height: 23px\">II<\/td>\n<td style=\"width: 9.63542%;height: 23px\">III<\/td>\n<td style=\"width: 8.33333%;height: 23px\">IV<\/td>\n<\/tr>\n<tr style=\"height: 91px\">\n<td style=\"width: 60.6771%;height: 91px\">stacjonarne I&nbsp;stopnia<\/td>\n<td style=\"width: 9.11458%;height: 91px\"><a href=\"https:\/\/up.lublin.pl\/agrobio\/wp-content\/uploads\/sites\/2\/2024\/03\/Lesnictwo-stacj-I-st-I-r-v5.pdf\">Le\u015bnictwo stacj I&nbsp;st I&nbsp;r (v5)<\/a><\/td>\n<td style=\"width: 8.59375%;height: 91px\"><a href=\"https:\/\/up.lublin.pl\/agrobio\/wp-content\/uploads\/sites\/2\/2024\/03\/Lesnictwo-stacj-I-st-II-r-v5.pdf\">Le\u015bnictwo stacj I&nbsp;st II r&nbsp;(v5)<\/a><\/td>\n<td style=\"width: 9.63542%;height: 91px\">&#8211;<\/td>\n<td style=\"width: 8.33333%;height: 91px\">&#8211;<\/td>\n<\/tr>\n<tr style=\"height: 186px\">\n<td style=\"width: 60.6771%;height: 186px\">niestacjonarne I&nbsp;stopnia<\/td>\n<td style=\"width: 9.11458%;height: 186px\"><a href=\"https:\/\/up.lublin.pl\/agrobio\/wp-content\/uploads\/sites\/2\/2024\/03\/Lesnictwo-niestacj-I-st-I-r-v5.pdf\">Le\u015bnictwo niestacj I&nbsp;st I&nbsp;r (v5)<\/a><\/td>\n<td style=\"width: 8.59375%;height: 186px\"><a href=\"https:\/\/up.lublin.pl\/agrobio\/wp-content\/uploads\/sites\/2\/2024\/03\/Lesnictwo-niestacj-I-st-II-r-v4.pdf\">Le\u015bnictwo niestacj I&nbsp;st II r&nbsp;(v4)<\/a><\/td>\n<td style=\"width: 9.63542%;height: 186px\">&#8211;<\/td>\n<td style=\"width: 8.33333%;height: 186px\">\n<p><a href=\"https:\/\/up.lublin.pl\/agrobio\/wp-content\/uploads\/sites\/2\/2024\/02\/Lesnictwo-Gosp.-lowiecka-niestacj-I-st-IV-r-v3.pdf\">Le\u015bnictwo Gosp. \u0142owiecka niestacj I&nbsp;st IV r&nbsp;(v3)<\/a><\/p>\n<p><strong>G\u0141<\/strong><\/p>\n<\/td>\n<\/tr>\n<tr style=\"height: 23px\">\n<td style=\"width: 96.3542%;height: 23px\" colspan=\"5\">\u00a0<\/td>\n<\/tr>\n<tr style=\"height: 23px\">\n<td style=\"width: 60.6771%;height: 23px\"><strong>AGROBIZNES<\/strong><\/td>\n<td style=\"width: 9.11458%;height: 23px\"><strong>I<\/strong><\/td>\n<td style=\"width: 8.59375%;height: 23px\">II<\/td>\n<td style=\"width: 9.63542%;height: 23px\">III<\/td>\n<td style=\"width: 8.33333%;height: 23px\">IV<\/td>\n<\/tr>\n<tr style=\"height: 40px\">\n<td style=\"width: 60.6771%;height: 40px\">stacjonarne I&nbsp;stopnia<\/td>\n<td style=\"width: 9.11458%;height: 40px\"><a href=\"https:\/\/up.lublin.pl\/agrobio\/wp-content\/uploads\/sites\/2\/2024\/02\/Agrobiznes-stacj-I-st-I-r-v3.pdf\">Agrobiznes stacj I&nbsp;st I&nbsp;r (v3)<\/a><\/td>\n<td style=\"width: 8.59375%;height: 40px\"><a href=\"https:\/\/up.lublin.pl\/agrobio\/wp-content\/uploads\/sites\/2\/2024\/03\/Agrobiznes-stacj-I-st-II-r-v4.pdf\">Agrobiznes stacj I&nbsp;st II r&nbsp;(v4)<\/a><\/td>\n<td style=\"width: 9.63542%;height: 40px\"><a href=\"https:\/\/up.lublin.pl\/agrobio\/wp-content\/uploads\/sites\/2\/2024\/03\/Agrobiznes-stacj-I-st-III-r-v2.pdf\">Agrobiznes stacj I&nbsp;st III r&nbsp;(v2)<\/a><\/td>\n<td style=\"width: 8.33333%;height: 40px\">&#8211;<\/td>\n<\/tr>\n<tr>\n<td style=\"width: 60.6771%\">stacjonarne II stopnia<\/td>\n<td style=\"width: 9.11458%\">&#8211;<\/td>\n<td style=\"width: 8.59375%\">&#8211;<\/td>\n<td style=\"width: 9.63542%\">&#8211;<\/td>\n<td style=\"width: 8.33333%\">&#8211;<\/td>\n<\/tr>\n<tr style=\"height: 23px\">\n<td style=\"width: 96.3542%;height: 23px\" colspan=\"5\">\u00a0<\/td>\n<\/tr>\n<tr style=\"height: 23px\">\n<td style=\"width: 60.6771%;height: 23px\"><strong>BIOIN\u017bYNIERIA<\/strong><\/td>\n<td style=\"width: 9.11458%;height: 23px\"><strong>I<\/strong><\/td>\n<td style=\"width: 8.59375%;height: 23px\">II<\/td>\n<td style=\"width: 9.63542%;height: 23px\">III<\/td>\n<td style=\"width: 8.33333%;height: 23px\">IV<\/td>\n<\/tr>\n<tr style=\"height: 40px\">\n<td style=\"width: 60.6771%;height: 40px\">stacjonarne I&nbsp;stopnia<\/td>\n<td style=\"width: 9.11458%;height: 40px\"><a href=\"https:\/\/up.lublin.pl\/agrobio\/wp-content\/uploads\/sites\/2\/2024\/03\/Bioinzynieria-stacj-I-st-I-r-v7.pdf\">Bioin\u017cynieria stacj I&nbsp;st I&nbsp;r (v7)<\/a><\/td>\n<td style=\"width: 8.59375%;height: 40px\"><a href=\"https:\/\/up.lublin.pl\/agrobio\/wp-content\/uploads\/sites\/2\/2024\/03\/Bioinzynieria-stacj-I-st-II-r-v3.pdf\">Bioin\u017cynieria stacj I&nbsp;st II r&nbsp;(v3)<\/a><\/td>\n<td style=\"width: 9.63542%;height: 40px\"><a href=\"https:\/\/up.lublin.pl\/agrobio\/wp-content\/uploads\/sites\/2\/2024\/03\/Bioinzynieria-stacj-I-st-III-r-v5.pdf\">Bioin\u017cynieria stacj I&nbsp;st III r&nbsp;(v5)<\/a><\/td>\n<td style=\"width: 8.33333%;height: 40px\">&#8211;<\/td>\n<\/tr>\n<tr style=\"height: 40px\">\n<td style=\"width: 60.6771%;height: 40px\">stacjonarne II stopnia<\/td>\n<td style=\"width: 9.11458%;height: 40px\"><a href=\"https:\/\/up.lublin.pl\/agrobio\/wp-content\/uploads\/sites\/2\/2024\/03\/Bioinzynieria-stacj-II-st-I-r-v3.pdf\">Bioin\u017cynieria stacj II st I&nbsp;r (v3)<\/a><\/td>\n<td style=\"width: 8.59375%;height: 40px\"><a href=\"https:\/\/up.lublin.pl\/agrobio\/wp-content\/uploads\/sites\/2\/2024\/02\/Bioinzynieria-stacj-II-st-II-r.pdf\">Bioin\u017cynieria stacj II st II r<\/a><\/td>\n<td style=\"width: 9.63542%;height: 40px\">&#8211;<\/td>\n<td style=\"width: 8.33333%;height: 40px\">&#8211;<\/td>\n<\/tr>\n<tr style=\"height: 23px\">\n<td style=\"width: 96.3542%;height: 23px\" colspan=\"5\">\u00a0<\/td>\n<\/tr>\n<tr style=\"height: 23px\">\n<td style=\"width: 60.6771%;height: 23px\"><strong>AGROLE\u015aNICTWO<\/strong><\/td>\n<td style=\"width: 9.11458%;height: 23px\"><strong>I<\/strong><\/td>\n<td style=\"width: 8.59375%;height: 23px\">II<\/td>\n<td style=\"width: 9.63542%;height: 23px\">III<\/td>\n<td style=\"width: 8.33333%;height: 23px\">IV<\/td>\n<\/tr>\n<tr style=\"height: 23px\">\n<td style=\"width: 60.6771%;height: 23px\">stacjonarne II stopnia<\/td>\n<td style=\"width: 9.11458%;height: 23px\">&#8211;<\/td>\n<td style=\"width: 8.59375%;height: 23px\">&#8211;<\/td>\n<td style=\"width: 9.63542%;height: 23px\">&#8211;<\/td>\n<td style=\"width: 8.33333%;height: 23px\">&#8211;<\/td>\n<\/tr>\n<tr>\n<td style=\"width: 60.6771%\">niestacjonarne II stopnia<\/td>\n<td style=\"width: 9.11458%\"><a href=\"https:\/\/up.lublin.pl\/agrobio\/wp-content\/uploads\/sites\/2\/2024\/03\/Agrolesnictwo-niestacj-II-st-I-r-v3.pdf\">Agrole\u015bnictwo niestacj II st I&nbsp;r (v3)<\/a><\/td>\n<td style=\"width: 8.59375%\">&#8211;<\/td>\n<td style=\"width: 9.63542%\">&#8211;<\/td>\n<td style=\"width: 8.33333%\">&#8211;<\/td>\n<\/tr>\n<tr style=\"height: 23px\">\n<td style=\"height: 23px;width: 96.3542%\" colspan=\"5\">\u00a0<\/td>\n<\/tr>\n<tr style=\"height: 23px\">\n<td style=\"width: 60.6771%;height: 23px\"><strong>IN\u017bYNIERIA EKOLOGICZNA<\/strong><\/td>\n<td style=\"width: 9.11458%;height: 23px\">I<\/td>\n<td style=\"width: 8.59375%;height: 23px\">II<\/td>\n<td style=\"width: 9.63542%;height: 23px\">III<\/td>\n<td style=\"width: 8.33333%;height: 23px\">IV<\/td>\n<\/tr>\n<tr style=\"height: 40px\">\n<td style=\"width: 60.6771%;height: 40px\">stacjonarne I&nbsp;stopnia<\/td>\n<td style=\"width: 9.11458%;height: 40px\">&#8211;<\/td>\n<td style=\"width: 8.59375%;height: 40px\">&#8211;<\/td>\n<td style=\"width: 9.63542%;height: 40px\">&#8211;<\/td>\n<td style=\"width: 8.33333%;height: 40px\">&#8211;<\/td>\n<\/tr>\n<tr style=\"height: 23px\">\n<td style=\"width: 96.3542%;height: 23px\" colspan=\"5\">\u00a0<\/td>\n<\/tr>\n<tr style=\"height: 23px\">\n<td style=\"width: 60.6771%;height: 23px\"><strong>ZARZ\u0104DZANIE W&nbsp;BIOBIZNESIE<\/strong><\/td>\n<td style=\"width: 9.11458%;height: 23px\">I<\/td>\n<td style=\"width: 8.59375%;height: 23px\">II<\/td>\n<td style=\"width: 9.63542%;height: 23px\">III<\/td>\n<td style=\"width: 8.33333%;height: 23px\">IV<\/td>\n<\/tr>\n<tr style=\"height: 40px\">\n<td style=\"width: 60.6771%;height: 40px\">stacjonarne II stopnia<\/td>\n<td style=\"width: 9.11458%;height: 40px\">&#8211;<\/td>\n<td style=\"width: 8.59375%;height: 40px\">&#8211;<\/td>\n<td style=\"width: 9.63542%;height: 40px\">&#8211;<\/td>\n<td style=\"width: 8.33333%;height: 40px\">&#8211;<\/td>\n<\/tr>\n<\/tbody>\n<\/table>\n<hr \/>\n<p>Przypominamy, \u017ce rozk\u0142ady i&nbsp;plany zaj\u0119\u0107 studenci mog\u0105 sprawdzi\u0107 loguj\u0105c si\u0119 do <a href=\"https:\/\/wd.up.lublin.pl\/\">Wirtualnego Dziekanatu<\/a><\/p>\n<hr \/>\n<p><em>W celu odczytania rozk\u0142ad\u00f3w wymagany jest darmowy <\/em><em>program Acrobat Reader <\/em><em>do pobrania <a href=\"https:\/\/get.adobe.com\/pl\/reader\/\">pod tym adresem<\/a>.<\/em><\/p>\n                                                <\/div>\n                                            <\/li>\n                                        <\/ul>\n\t\t\t\t\t\t                                                        <ul class=\"mn-accordion\">\n                                            <li>\n                                                <h4 class=\"mn-accordion-title\">ROK AKADEMICKI 2023\/2024 - semestr zimowy<\/h4>\n                                                <div>\n\t\t\t\t\t\t\t\t\t                <p><strong>ROK AKADEMICKI 2023\/2024 &#8211; semestr zimowy<\/strong><\/p>\n<table style=\"width: 87.6952%;height: 1597px\">\n<tbody>\n<tr style=\"height: 23px\">\n<td style=\"width: 60.6771%;height: 23px\">Kierunek<\/td>\n<td style=\"width: 35.6771%;height: 23px\" colspan=\"4\">Rok<\/td>\n<\/tr>\n<tr style=\"height: 23px\">\n<td style=\"width: 60.6771%;height: 23px\"><strong>ROLNICTWO<\/strong><\/td>\n<td style=\"width: 9.11458%;height: 23px\"><strong>I<\/strong><\/td>\n<td style=\"width: 8.59375%;height: 23px\">II<\/td>\n<td style=\"width: 9.63542%;height: 23px\">III<\/td>\n<td style=\"width: 8.33333%;height: 23px\">IV<\/td>\n<\/tr>\n<tr style=\"height: 40px\">\n<td style=\"width: 60.6771%;height: 40px\">stacjonarne I&nbsp;stopnia<\/td>\n<td style=\"width: 9.11458%;height: 40px\"><a href=\"https:\/\/up.lublin.pl\/agrobio\/wp-content\/uploads\/sites\/2\/2024\/02\/Rolnictwo-stacj-I-st-I-r-v2-1.pdf\">Rolnictwo stacj I&nbsp;st I&nbsp;r (v2)<\/a><\/td>\n<td style=\"width: 8.59375%;height: 40px\"><a href=\"https:\/\/up.lublin.pl\/agrobio\/wp-content\/uploads\/sites\/2\/2023\/10\/Rolnictwo-stacj-I-st-II-r-v3.pdf\">Rolnictwo stacj I&nbsp;st II r&nbsp;(v3)<\/a><\/td>\n<td style=\"width: 9.63542%;height: 40px\"><a href=\"https:\/\/up.lublin.pl\/agrobio\/wp-content\/uploads\/sites\/2\/2023\/09\/Rolnictwo-stacj-I-st-III-r-v3.pdf\">Rolnictwo stacj I&nbsp;st III r&nbsp;(v3)<\/a><\/td>\n<td style=\"width: 8.33333%;height: 40px\"><a href=\"https:\/\/up.lublin.pl\/agrobio\/wp-content\/uploads\/sites\/2\/2023\/10\/Rolnictwo-stacj-I-st-IV-r-v4.pdf\">Rolnictwo stacj I&nbsp;st IV r&nbsp;(v4)<\/a><\/td>\n<\/tr>\n<tr style=\"height: 40px\">\n<td style=\"width: 60.6771%;height: 40px\">stacjonarne II stopnia<\/td>\n<td style=\"width: 9.11458%;height: 40px\">&#8211;<\/td>\n<td style=\"width: 8.59375%;height: 40px\"><a href=\"https:\/\/up.lublin.pl\/agrobio\/wp-content\/uploads\/sites\/2\/2023\/10\/Rolnictwo-stacj-II-st-II-r-v4.pdf\">Rolnictwo stacj II st II r&nbsp;(v4)<\/a><\/td>\n<td style=\"width: 9.63542%;height: 40px\">&#8211;<\/td>\n<td style=\"width: 8.33333%;height: 40px\">&#8211;<\/td>\n<\/tr>\n<tr style=\"height: 40px\">\n<td style=\"width: 60.6771%;height: 40px\">niestacjonarne I&nbsp;stopnia<\/td>\n<td style=\"width: 9.11458%;height: 40px\"><a href=\"https:\/\/up.lublin.pl\/agrobio\/wp-content\/uploads\/sites\/2\/2024\/02\/Rolnictwo-niestacj-I-st-I-r-v2-1.pdf\">Rolnictwo niestacj I&nbsp;st I&nbsp;r (v2)<\/a><\/td>\n<td style=\"width: 8.59375%;height: 40px\"><a href=\"https:\/\/up.lublin.pl\/agrobio\/wp-content\/uploads\/sites\/2\/2024\/02\/Rolnictwo-niestacj-I-st-II-r-v2-1.pdf\">Rolnictwo niestacj I&nbsp;st II r&nbsp;(v2)<\/a><\/td>\n<td style=\"width: 9.63542%;height: 40px\"><a href=\"https:\/\/up.lublin.pl\/agrobio\/wp-content\/uploads\/sites\/2\/2023\/09\/Rolnictwo-niestacj-I-st-III-r-v2.pdf\">Rolnictwo niestacj I&nbsp;st III r&nbsp;(v2)<\/a><\/td>\n<td style=\"width: 8.33333%;height: 40px\"><a href=\"https:\/\/up.lublin.pl\/agrobio\/wp-content\/uploads\/sites\/2\/2023\/11\/Rolnictwo-niestacj-I-st-IV-r-v5.pdf\">Rolnictwo niestacj I&nbsp;st IV r&nbsp;(v5)<\/a><\/td>\n<\/tr>\n<tr style=\"height: 23px\">\n<td style=\"width: 60.6771%;height: 23px\">niestacjonarne II stopnia<\/td>\n<td style=\"width: 9.11458%;height: 23px\"><a href=\"https:\/\/up.lublin.pl\/agrobio\/wp-content\/uploads\/sites\/2\/2024\/02\/Rolnictwo-niestacj-II-st-I-r-v2-1.pdf\">Rolnictwo niestacj II st I&nbsp;r (v2)<\/a><\/td>\n<td style=\"width: 8.59375%;height: 23px\"><a href=\"https:\/\/up.lublin.pl\/agrobio\/wp-content\/uploads\/sites\/2\/2023\/10\/Rolnictwo-niestacj-II-st-II-r-v3.pdf\">Rolnictwo niestacj II st II r&nbsp;(v3)<\/a><\/td>\n<td style=\"width: 9.63542%;height: 23px\">&#8211;<\/td>\n<td style=\"width: 8.33333%;height: 23px\">&#8211;<\/td>\n<\/tr>\n<tr style=\"height: 23px\">\n<td style=\"width: 96.3542%;height: 23px\" colspan=\"5\">\u00a0<\/td>\n<\/tr>\n<tr style=\"height: 23px\">\n<td style=\"width: 60.6771%;height: 23px\"><strong>EKONOMIA<\/strong><\/td>\n<td style=\"width: 9.11458%;height: 23px\"><strong>I<\/strong><\/td>\n<td style=\"width: 8.59375%;height: 23px\">II<\/td>\n<td style=\"width: 9.63542%;height: 23px\">III<\/td>\n<td style=\"width: 8.33333%;height: 23px\">IV<\/td>\n<\/tr>\n<tr style=\"height: 40px\">\n<td style=\"width: 60.6771%;height: 40px\">stacjonarne I&nbsp;stopnia<\/td>\n<td style=\"width: 9.11458%;height: 40px\"><a href=\"https:\/\/up.lublin.pl\/agrobio\/wp-content\/uploads\/sites\/2\/2023\/11\/Ekonomia-stacj-I-st-I-r-v5.pdf\">Ekonomia stacj I&nbsp;st I&nbsp;r (v5)<\/a><\/td>\n<td style=\"width: 8.59375%;height: 40px\"><a href=\"https:\/\/up.lublin.pl\/agrobio\/wp-content\/uploads\/sites\/2\/2024\/02\/Ekonomia-stacj-I-st-II-r-v2-1.pdf\">Ekonomia stacj I&nbsp;st II r&nbsp;(v2)<\/a><\/td>\n<td style=\"width: 9.63542%;height: 40px\">&#8211;<\/td>\n<td style=\"width: 8.33333%;height: 40px\">&#8211;<\/td>\n<\/tr>\n<tr style=\"height: 23px\">\n<td style=\"width: 96.3542%;height: 23px\" colspan=\"5\">\u00a0<\/td>\n<\/tr>\n<tr style=\"height: 23px\">\n<td style=\"width: 60.6771%;height: 23px\"><strong>TURYSTYKA I&nbsp;REKREACJA<\/strong><\/td>\n<td style=\"width: 9.11458%;height: 23px\"><strong>I<\/strong><\/td>\n<td style=\"width: 8.59375%;height: 23px\">II<\/td>\n<td style=\"width: 9.63542%;height: 23px\">III<\/td>\n<td style=\"width: 8.33333%;height: 23px\">IV<\/td>\n<\/tr>\n<tr style=\"height: 91px\">\n<td style=\"width: 60.6771%;height: 91px\">stacjonarne I&nbsp;stopnia<\/td>\n<td style=\"width: 9.11458%;height: 91px\"><a href=\"https:\/\/up.lublin.pl\/agrobio\/wp-content\/uploads\/sites\/2\/2023\/11\/Turystka-i-rekreacja-stacj-I-st-I-r-v4.pdf\">Turystka i&nbsp;rekreacja stacj I&nbsp;st I&nbsp;r (v4)<\/a><\/td>\n<td style=\"width: 8.59375%;height: 91px\"><a href=\"https:\/\/up.lublin.pl\/agrobio\/wp-content\/uploads\/sites\/2\/2023\/10\/Turystyka-i-rekreacja-stacj-I-st-II-r-v3.pdf\">Turystyka i&nbsp;rekreacja stacj I&nbsp;st II r&nbsp;(v3)<\/a><\/td>\n<td style=\"width: 9.63542%;height: 91px\">\n<p><a href=\"https:\/\/up.lublin.pl\/agrobio\/wp-content\/uploads\/sites\/2\/2023\/09\/Turystyka-i-rekreacja-ROB-stacj-I-st-III-r-v2.pdf\">Turystyka i&nbsp;rekreacja (ROB) stacj I&nbsp;st III r&nbsp;(v2)<\/a><strong>ROB<\/strong><\/p>\n<\/td>\n<td style=\"width: 8.33333%;height: 91px\">&#8211;<\/td>\n<\/tr>\n<tr style=\"height: 91px\">\n<td style=\"width: 60.6771%;height: 91px\">stacjonarne II stopnia<\/td>\n<td style=\"width: 9.11458%;height: 91px\">\n<p><a href=\"https:\/\/up.lublin.pl\/agrobio\/wp-content\/uploads\/sites\/2\/2023\/09\/Turystyka-i-rekreacja-Menadzer-zdrowego-stylu-zycia-stacj-II-st-I-r-v2.pdf\">Turystyka i&nbsp;rekreacja &#8211; Menad\u017cer zdrowego stylu \u017cycia &#8211; stacj II st I&nbsp;r (v2)<\/a><strong>MZS<\/strong><\/p>\n<\/td>\n<td style=\"width: 8.59375%;height: 91px\">\n<p><a href=\"https:\/\/up.lublin.pl\/agrobio\/wp-content\/uploads\/sites\/2\/2023\/10\/Turystyka-i-rekreacja-Gosp.-turystyczna-stacj-II-st-II-r-v4.pdf\">Turystyka i&nbsp;rekreacja &#8211; Gosp. turystyczna &#8211; stacj II st II r&nbsp;(v4)<\/a><strong>GT<\/strong><\/p>\n<p><a href=\"https:\/\/up.lublin.pl\/agrobio\/wp-content\/uploads\/sites\/2\/2023\/10\/Turystyka-i-rekreacja-Menadzer-zdrowego-stylu-zycia-stacj-II-st-II-r-v3.pdf\">Turystyka i&nbsp;rekreacja &#8211; Menad\u017cer zdrowego stylu \u017cycia &#8211; stacj II st II r&nbsp;(v3)<\/a><strong>MZS<\/strong><\/p>\n<\/td>\n<td style=\"width: 9.63542%;height: 91px\">&#8211;<\/td>\n<td style=\"width: 8.33333%;height: 91px\">&#8211;<\/td>\n<\/tr>\n<tr style=\"height: 23px\">\n<td style=\"width: 96.3542%;height: 23px\" colspan=\"5\">\u00a0<\/td>\n<\/tr>\n<tr style=\"height: 46px\">\n<td style=\"width: 60.6771%;height: 46px\"><strong>GOSPODARKA PRZESTRZENNA<\/strong><\/td>\n<td style=\"width: 9.11458%;height: 46px\"><strong>I<\/strong><\/td>\n<td style=\"width: 8.59375%;height: 46px\">II<\/td>\n<td style=\"width: 9.63542%;height: 46px\">III<\/td>\n<td style=\"width: 8.33333%;height: 46px\">IV<\/td>\n<\/tr>\n<tr style=\"height: 40px\">\n<td style=\"width: 60.6771%;height: 40px\">stacjonarne I&nbsp;stopnia<\/td>\n<td style=\"width: 9.11458%;height: 40px\"><a href=\"https:\/\/up.lublin.pl\/agrobio\/wp-content\/uploads\/sites\/2\/2023\/10\/Gosp.-przestrzenna-stacj-I-st-I-r-v4.pdf\">Gosp. przestrzenna stacj I&nbsp;st I&nbsp;r (v4)<\/a><\/td>\n<td style=\"width: 8.59375%;height: 40px\"><a href=\"https:\/\/up.lublin.pl\/agrobio\/wp-content\/uploads\/sites\/2\/2023\/10\/Gosp.-przestrzenna-stacj-I-st-II-r-v6.pdf\">Gosp. przestrzenna stacj I&nbsp;st II r&nbsp;(v6)<\/a><\/td>\n<td style=\"width: 9.63542%;height: 40px\"><a href=\"https:\/\/up.lublin.pl\/agrobio\/wp-content\/uploads\/sites\/2\/2023\/10\/Gosp.-przestrzenna-stacj-I-st-III-r-v6.pdf\">Gosp. przestrzenna stacj I&nbsp;st III r&nbsp;(v6)<\/a><\/td>\n<td style=\"width: 8.33333%;height: 40px\"><a href=\"https:\/\/up.lublin.pl\/agrobio\/wp-content\/uploads\/sites\/2\/2023\/09\/Gosp.-przestrzenna-stacj-I-st-IV-r.pdf\">Gosp. przestrzenna stacj I&nbsp;st IV r<\/a><\/td>\n<\/tr>\n<tr style=\"height: 40px\">\n<td style=\"width: 60.6771%;height: 40px\">stacjonarne II stopnia<\/td>\n<td style=\"width: 9.11458%;height: 40px\">&#8211;<\/td>\n<td style=\"width: 8.59375%;height: 40px\"><a href=\"https:\/\/up.lublin.pl\/agrobio\/wp-content\/uploads\/sites\/2\/2024\/02\/Gospodarka-przestrzenna-stacj-II-st-II-r-v2-1.pdf\">Gospodarka przestrzenna stacj II st II r&nbsp;(v2)<\/a><\/td>\n<td style=\"width: 9.63542%;height: 40px\">&#8211;<\/td>\n<td style=\"width: 8.33333%;height: 40px\">&#8211;<\/td>\n<\/tr>\n<tr>\n<td style=\"width: 60.6771%\">niestacjonarne II stopnia<\/td>\n<td style=\"width: 9.11458%\">&#8211;<\/td>\n<td style=\"width: 8.59375%\">&#8211;<\/td>\n<td style=\"width: 9.63542%\">&#8211;<\/td>\n<td style=\"width: 8.33333%\">&#8211;<\/td>\n<\/tr>\n<tr style=\"height: 23px\">\n<td style=\"width: 96.3542%;height: 23px\" colspan=\"5\">\u00a0<\/td>\n<\/tr>\n<tr style=\"height: 23px\">\n<td style=\"width: 60.6771%;height: 23px\"><strong>LE\u015aNICTWO<\/strong><\/td>\n<td style=\"width: 9.11458%;height: 23px\"><strong>I<\/strong><\/td>\n<td style=\"width: 8.59375%;height: 23px\">II<\/td>\n<td style=\"width: 9.63542%;height: 23px\">III<\/td>\n<td style=\"width: 8.33333%;height: 23px\">IV<\/td>\n<\/tr>\n<tr style=\"height: 91px\">\n<td style=\"width: 60.6771%;height: 91px\">stacjonarne I&nbsp;stopnia<\/td>\n<td style=\"width: 9.11458%;height: 91px\"><a href=\"https:\/\/up.lublin.pl\/agrobio\/wp-content\/uploads\/sites\/2\/2024\/02\/Lsnictwo-stacj-I-st-I-r-v2-1.pdf\">L\u015bnictwo stacj I&nbsp;st I&nbsp;r (v2)<\/a><\/td>\n<td style=\"width: 8.59375%;height: 91px\"><a href=\"https:\/\/up.lublin.pl\/agrobio\/wp-content\/uploads\/sites\/2\/2024\/02\/Lsnictwo-stacj-I-st-II-r-v2-1.pdf\">L\u015bnictwo stacj I&nbsp;st II r&nbsp;(v2)<\/a><\/td>\n<td style=\"width: 9.63542%;height: 91px\">\n<p><a href=\"https:\/\/up.lublin.pl\/agrobio\/wp-content\/uploads\/sites\/2\/2023\/10\/Lesnictwo-gosp.-lesna-stacj-I-st-III-r-v3-1.pdf\">Le\u015bnictwo &#8211; gosp. le\u015bna &#8211; stacj I&nbsp;st III r&nbsp;(v3)<\/a><strong>GL<\/strong><\/p>\n<p><a href=\"https:\/\/up.lublin.pl\/agrobio\/wp-content\/uploads\/sites\/2\/2023\/10\/Lesnictwo-gosp.-lowiecka-stacj-I-st-III-r-v4.pdf\">Le\u015bnictwo &#8211; gosp. \u0142owiecka &#8211; stacj I&nbsp;st III r&nbsp;(v4)<\/a><strong>G\u0141<\/strong><\/p>\n<\/td>\n<td style=\"width: 8.33333%;height: 91px\">\n<p><a href=\"https:\/\/up.lublin.pl\/agrobio\/wp-content\/uploads\/sites\/2\/2023\/10\/Lesnictwo-gosp.-lesna-stacj-I-st-IV-r-v5.pdf\">Le\u015bnictwo &#8211; gosp. le\u015bna &#8211; stacj I&nbsp;st IV r&nbsp;(v5)<\/a><strong>GL<\/strong><\/p>\n<p><a href=\"https:\/\/up.lublin.pl\/agrobio\/wp-content\/uploads\/sites\/2\/2023\/10\/Lesnictwo-gosp.-lowiecka-stacj-I-st-IV-r-v3-.pdf\">Le\u015bnictwo &#8211; gosp. \u0142owiecka &#8211; stacj I&nbsp;st IV r&nbsp;(v3)<\/a><strong>G\u0141<\/strong><\/p>\n<\/td>\n<\/tr>\n<tr style=\"height: 186px\">\n<td style=\"width: 60.6771%;height: 186px\">niestacjonarne I&nbsp;stopnia<\/td>\n<td style=\"width: 9.11458%;height: 186px\"><a href=\"https:\/\/up.lublin.pl\/agrobio\/wp-content\/uploads\/sites\/2\/2023\/12\/Lesnictwo-niest-I-st-I-r-v9.pdf\">Le\u015bnictwo niest I&nbsp;st I&nbsp;r (v9)<\/a><\/td>\n<td style=\"width: 8.59375%;height: 186px\"><a href=\"https:\/\/up.lublin.pl\/agrobio\/wp-content\/uploads\/sites\/2\/2024\/02\/Lesnictwo-niestacj-I-st-II-r-v2-1.pdf\">Le\u015bnictwo niestacj I&nbsp;st II r&nbsp;(v2)<\/a><\/td>\n<td style=\"width: 9.63542%;height: 186px\"><a href=\"https:\/\/up.lublin.pl\/agrobio\/wp-content\/uploads\/sites\/2\/2023\/10\/Lesnictwo-niestacj-I-st-III-r-v4.pdf\">Le\u015bnictwo niestacj I&nbsp;st III r&nbsp;(v4)<\/a><\/td>\n<td style=\"width: 8.33333%;height: 186px\">\n<p><a href=\"https:\/\/up.lublin.pl\/agrobio\/wp-content\/uploads\/sites\/2\/2024\/02\/Lesnictwo-Gosp.-lowiecka-niestacj-I-st-IV-r-v2-1.pdf\">Le\u015bnictwo Gosp. \u0142owiecka niestacj I&nbsp;st IV r&nbsp;(v2)<\/a><strong>G\u0141<\/strong><\/p>\n<\/td>\n<\/tr>\n<tr style=\"height: 23px\">\n<td style=\"width: 96.3542%;height: 23px\" colspan=\"5\">\u00a0<\/td>\n<\/tr>\n<tr style=\"height: 23px\">\n<td style=\"width: 60.6771%;height: 23px\"><strong>AGROBIZNES<\/strong><\/td>\n<td style=\"width: 9.11458%;height: 23px\"><strong>I<\/strong><\/td>\n<td style=\"width: 8.59375%;height: 23px\">II<\/td>\n<td style=\"width: 9.63542%;height: 23px\">III<\/td>\n<td style=\"width: 8.33333%;height: 23px\">IV<\/td>\n<\/tr>\n<tr style=\"height: 40px\">\n<td style=\"width: 60.6771%;height: 40px\">stacjonarne I&nbsp;stopnia<\/td>\n<td style=\"width: 9.11458%;height: 40px\"><a href=\"https:\/\/up.lublin.pl\/agrobio\/wp-content\/uploads\/sites\/2\/2024\/02\/Agrobiznes-stacj-I-st-I-r-v2-1.pdf\">Agrobiznes stacj I&nbsp;st I&nbsp;r (v2)<\/a><\/td>\n<td style=\"width: 8.59375%;height: 40px\"><a href=\"https:\/\/up.lublin.pl\/agrobio\/wp-content\/uploads\/sites\/2\/2024\/02\/Agrobiznes-stacj-I-st-II-r-v2-1.pdf\">Agrobiznes stacj I&nbsp;st II r&nbsp;(v2)<\/a><\/td>\n<td style=\"width: 9.63542%;height: 40px\"><a href=\"https:\/\/up.lublin.pl\/agrobio\/wp-content\/uploads\/sites\/2\/2023\/10\/Agrobiznes-stacj-I-st-III-r-v3.pdf\">Agrobiznes stacj I&nbsp;st III r&nbsp;(v3)<\/a><\/td>\n<td style=\"width: 8.33333%;height: 40px\"><a href=\"https:\/\/up.lublin.pl\/agrobio\/wp-content\/uploads\/sites\/2\/2023\/10\/Agrobiznes-stacj-I-st-IV-r-v2.pdf\">Agrobiznes stacj I&nbsp;st IV r&nbsp;(v2)<\/a><\/td>\n<\/tr>\n<tr style=\"height: 23px\">\n<td style=\"width: 96.3542%;height: 23px\" colspan=\"5\">\u00a0<\/td>\n<\/tr>\n<tr style=\"height: 23px\">\n<td style=\"width: 60.6771%;height: 23px\"><strong>BIOIN\u017bYNIERIA<\/strong><\/td>\n<td style=\"width: 9.11458%;height: 23px\"><strong>I<\/strong><\/td>\n<td style=\"width: 8.59375%;height: 23px\">II<\/td>\n<td style=\"width: 9.63542%;height: 23px\">III<\/td>\n<td style=\"width: 8.33333%;height: 23px\">IV<\/td>\n<\/tr>\n<tr style=\"height: 40px\">\n<td style=\"width: 60.6771%;height: 40px\">stacjonarne I&nbsp;stopnia<\/td>\n<td style=\"width: 9.11458%;height: 40px\"><a href=\"https:\/\/up.lublin.pl\/agrobio\/wp-content\/uploads\/sites\/2\/2024\/02\/Bioinzynieria-stacj-I-st-I-r-v2-1.pdf\">Bioin\u017cynieria stacj I&nbsp;st I&nbsp;r (v2)<\/a><\/td>\n<td style=\"width: 8.59375%;height: 40px\"><a href=\"https:\/\/up.lublin.pl\/agrobio\/wp-content\/uploads\/sites\/2\/2023\/10\/Bioinzynieria-stacj-I-st-II-r-v4.pdf\">Bioin\u017cynieria stacj I&nbsp;st II r&nbsp;(v4)<\/a><\/td>\n<td style=\"width: 9.63542%;height: 40px\"><a href=\"https:\/\/up.lublin.pl\/agrobio\/wp-content\/uploads\/sites\/2\/2023\/11\/Bioinzynieria-stacj-I-st-III-r-v2.pdf\">Bioin\u017cynieria stacj I&nbsp;st III r&nbsp;(v2)<\/a><\/td>\n<td style=\"width: 8.33333%;height: 40px\"><a href=\"https:\/\/up.lublin.pl\/agrobio\/wp-content\/uploads\/sites\/2\/2023\/10\/Bioinzynieria-stacj-I-st-IV-r-v4.pdf\">Bioin\u017cynieria stacj I&nbsp;st IV r&nbsp;(v4)<\/a><\/td>\n<\/tr>\n<tr style=\"height: 40px\">\n<td style=\"width: 60.6771%;height: 40px\">stacjonarne II stopnia<\/td>\n<td style=\"width: 9.11458%;height: 40px\">&#8211;<\/td>\n<td style=\"width: 8.59375%;height: 40px\"><a href=\"https:\/\/up.lublin.pl\/agrobio\/wp-content\/uploads\/sites\/2\/2023\/10\/Bioinzynieria-stacj-II-st-II-r-v2.pdf\">Bioin\u017cynieria stacj II st II r&nbsp;(v2)<\/a><\/td>\n<td style=\"width: 9.63542%;height: 40px\">&#8211;<\/td>\n<td style=\"width: 8.33333%;height: 40px\">&#8211;<\/td>\n<\/tr>\n<tr style=\"height: 23px\">\n<td style=\"width: 96.3542%;height: 23px\" colspan=\"5\">\u00a0<\/td>\n<\/tr>\n<tr style=\"height: 23px\">\n<td style=\"width: 60.6771%;height: 23px\"><strong>AGROLE\u015aNICTWO<\/strong><\/td>\n<td style=\"width: 9.11458%;height: 23px\"><strong>I<\/strong><\/td>\n<td style=\"width: 8.59375%;height: 23px\">II<\/td>\n<td style=\"width: 9.63542%;height: 23px\">III<\/td>\n<td style=\"width: 8.33333%;height: 23px\">IV<\/td>\n<\/tr>\n<tr style=\"height: 23px\">\n<td style=\"width: 60.6771%;height: 23px\">niestacjonarne II stopnia<\/td>\n<td style=\"width: 9.11458%;height: 23px\"><a href=\"https:\/\/up.lublin.pl\/agrobio\/wp-content\/uploads\/sites\/2\/2023\/09\/Agrolesnictwo-niestacj-II-st-I-r-v3.pdf\">Agrole\u015bnictwo niestacj II st I&nbsp;r (v3)<\/a><\/td>\n<td style=\"width: 8.59375%;height: 23px\">&#8211;<\/td>\n<td style=\"width: 9.63542%;height: 23px\">&#8211;<\/td>\n<td style=\"width: 8.33333%;height: 23px\">&#8211;<\/td>\n<\/tr>\n<tr style=\"height: 23px\">\n<td style=\"height: 23px;width: 96.3542%\" colspan=\"5\">\u00a0<\/td>\n<\/tr>\n<tr style=\"height: 23px\">\n<td style=\"width: 60.6771%;height: 23px\"><strong>IN\u017bYNIERIA EKOLOGICZNA<\/strong><\/td>\n<td style=\"width: 9.11458%;height: 23px\">I<\/td>\n<td style=\"width: 8.59375%;height: 23px\">II<\/td>\n<td style=\"width: 9.63542%;height: 23px\">III<\/td>\n<td style=\"width: 8.33333%;height: 23px\">IV<\/td>\n<\/tr>\n<tr style=\"height: 40px\">\n<td style=\"width: 60.6771%;height: 40px\">stacjonarne I&nbsp;stopnia<\/td>\n<td style=\"width: 9.11458%;height: 40px\">&#8211;<\/td>\n<td style=\"width: 8.59375%;height: 40px\">&#8211;<\/td>\n<td style=\"width: 9.63542%;height: 40px\">&#8211;<\/td>\n<td style=\"width: 8.33333%;height: 40px\">&#8211;<\/td>\n<\/tr>\n<tr style=\"height: 23px\">\n<td style=\"width: 96.3542%;height: 23px\" colspan=\"5\">\u00a0<\/td>\n<\/tr>\n<tr style=\"height: 23px\">\n<td style=\"width: 60.6771%;height: 23px\"><strong>ZARZ\u0104DZANIE W&nbsp;BIOBIZNESIE<\/strong><\/td>\n<td style=\"width: 9.11458%;height: 23px\">I<\/td>\n<td style=\"width: 8.59375%;height: 23px\">II<\/td>\n<td style=\"width: 9.63542%;height: 23px\">III<\/td>\n<td style=\"width: 8.33333%;height: 23px\">IV<\/td>\n<\/tr>\n<tr style=\"height: 40px\">\n<td style=\"width: 60.6771%;height: 40px\">stacjonarne II stopnia<\/td>\n<td style=\"width: 9.11458%;height: 40px\">&#8211;<\/td>\n<td style=\"width: 8.59375%;height: 40px\">&#8211;<\/td>\n<td style=\"width: 9.63542%;height: 40px\">&#8211;<\/td>\n<td style=\"width: 8.33333%;height: 40px\">&#8211;<\/td>\n<\/tr>\n<\/tbody>\n<\/table>\n<hr \/>\n<p>Przypominamy, \u017ce rozk\u0142ady i&nbsp;plany zaj\u0119\u0107 studenci mog\u0105 sprawdzi\u0107 loguj\u0105c si\u0119 do <a href=\"https:\/\/wd.up.lublin.pl\/\">Wirtualnego Dziekanatu<\/a><\/p>\n<hr \/>\n<p><em>W celu odczytania rozk\u0142ad\u00f3w wymagany jest darmowy program Acrobat Reader <\/em><em>do pobrania <a href=\"https:\/\/get.adobe.com\/pl\/reader\/\">pod tym adresem<\/a>.<\/em><\/p>\n                                                <\/div>\n                                            <\/li>\n                                        <\/ul>\n\t\t\t\t\t\t                                                        <ul class=\"mn-accordion\">\n                                            <li>\n                                                <h4 class=\"mn-accordion-title\">ROK AKADEMICKI 2022\/2023 - semestr letni<\/h4>\n                                                <div>\n\t\t\t\t\t\t\t\t\t                <table style=\"width: 87.6952%;height: 1448px\">\n<tbody>\n<tr style=\"height: 23px\">\n<td style=\"width: 60.6771%;height: 23px\">Kierunek<\/td>\n<td style=\"width: 35.6771%;height: 23px\" colspan=\"4\">Rok<\/td>\n<\/tr>\n<tr style=\"height: 23px\">\n<td style=\"width: 60.6771%;height: 23px\"><strong>ROLNICTWO<\/strong><\/td>\n<td style=\"width: 9.11458%;height: 23px\"><strong>I<\/strong><\/td>\n<td style=\"width: 8.59375%;height: 23px\">II<\/td>\n<td style=\"width: 9.63542%;height: 23px\">III<\/td>\n<td style=\"width: 8.33333%;height: 23px\">IV<\/td>\n<\/tr>\n<tr style=\"height: 40px\">\n<td style=\"width: 60.6771%;height: 40px\">stacjonarne I&nbsp;stopnia<\/td>\n<td style=\"width: 9.11458%;height: 40px\"><a href=\"https:\/\/up.lublin.pl\/agrobio\/wp-content\/uploads\/sites\/2\/2023\/02\/Rolnictwo-stacj-I-st-I-r-v3.pdf\">Rolnictwo stacj I&nbsp;st I&nbsp;r (v3)<\/a><\/td>\n<td style=\"width: 8.59375%;height: 40px\"><a href=\"https:\/\/up.lublin.pl\/agrobio\/wp-content\/uploads\/sites\/2\/2023\/03\/Rolnictwo-stacj-I-st-II-r-v3.pdf\">Rolnictwo stacj I&nbsp;st II r&nbsp;(v3)<\/a><\/td>\n<td style=\"width: 9.63542%;height: 40px\"><a href=\"https:\/\/up.lublin.pl\/agrobio\/wp-content\/uploads\/sites\/2\/2023\/05\/Rolnictwo-stacj-I-st-III-r-v5.pdf\">Rolnictwo stacj I&nbsp;st III r&nbsp;(v5)<\/a><\/td>\n<td style=\"width: 8.33333%;height: 40px\">&#8211;<\/td>\n<\/tr>\n<tr style=\"height: 40px\">\n<td style=\"width: 60.6771%;height: 40px\">stacjonarne II stopnia<\/td>\n<td style=\"width: 9.11458%;height: 40px\"><a href=\"https:\/\/up.lublin.pl\/agrobio\/wp-content\/uploads\/sites\/2\/2023\/05\/Rolnictwo-stacj-II-st-I-r-v7.pdf\">Rolnictwo stacj II st I&nbsp;r (v7)<\/a><\/td>\n<td style=\"width: 8.59375%;height: 40px\"><a href=\"https:\/\/up.lublin.pl\/agrobio\/wp-content\/uploads\/sites\/2\/2023\/03\/Rolnictwo-stacj-II-st-II-r-v5.pdf\">Rolnictwo stacj II st II r&nbsp;(v5)<\/a><\/td>\n<td style=\"width: 9.63542%;height: 40px\">&#8211;<\/td>\n<td style=\"width: 8.33333%;height: 40px\">&#8211;<\/td>\n<\/tr>\n<tr style=\"height: 40px\">\n<td style=\"width: 60.6771%;height: 40px\">niestacjonarne I&nbsp;stopnia<\/td>\n<td style=\"width: 9.11458%;height: 40px\"><a href=\"https:\/\/up.lublin.pl\/agrobio\/wp-content\/uploads\/sites\/2\/2023\/03\/Rolnictwo-niestacj-I-st-I-r-v3.pdf\">Rolnictwo niestacj I&nbsp;st I&nbsp;r (v3)<\/a><\/td>\n<td style=\"width: 8.59375%;height: 40px\"><a href=\"https:\/\/up.lublin.pl\/agrobio\/wp-content\/uploads\/sites\/2\/2023\/02\/Rolnictwo-niestacj-I-st-II-r-v2.pdf\">Rolnictwo niestacj I&nbsp;st II r&nbsp;(v2)<\/a><\/td>\n<td style=\"width: 9.63542%;height: 40px\"><a href=\"https:\/\/up.lublin.pl\/agrobio\/wp-content\/uploads\/sites\/2\/2023\/02\/Rolnictwo-niestacj-I-st-III-r-v2.pdf\">Rolnictwo niestacj I&nbsp;st III r&nbsp;(v2)<\/a><\/td>\n<td style=\"width: 8.33333%;height: 40px\"><a href=\"https:\/\/up.lublin.pl\/agrobio\/wp-content\/uploads\/sites\/2\/2023\/02\/Rolnictwo-niestacj-I-st-IV-r-v2.pdf\">Rolnictwo niestacj I&nbsp;st IV r&nbsp;(v2)<\/a><\/td>\n<\/tr>\n<tr style=\"height: 23px\">\n<td style=\"width: 60.6771%;height: 23px\">niestacjonarne II stopnia<\/td>\n<td style=\"width: 9.11458%;height: 23px\"><a href=\"https:\/\/up.lublin.pl\/agrobio\/wp-content\/uploads\/sites\/2\/2023\/02\/Rolnictwo-niestacj-II-st-I-r.pdf\">Rolnictwo niestacj II st I&nbsp;r<\/a><\/td>\n<td style=\"width: 8.59375%;height: 23px\"><a href=\"https:\/\/up.lublin.pl\/agrobio\/wp-content\/uploads\/sites\/2\/2023\/03\/Rolnictwo-niestacj-II-st-II-r-v2.pdf\">Rolnictwo niestacj II st II r&nbsp;(v2)<\/a><\/td>\n<td style=\"width: 9.63542%;height: 23px\">&#8211;<\/td>\n<td style=\"width: 8.33333%;height: 23px\">&#8211;<\/td>\n<\/tr>\n<tr style=\"height: 23px\">\n<td style=\"width: 96.3542%;height: 23px\" colspan=\"5\">\u00a0<\/td>\n<\/tr>\n<tr style=\"height: 23px\">\n<td style=\"width: 60.6771%;height: 23px\"><strong>EKONOMIA<\/strong><\/td>\n<td style=\"width: 9.11458%;height: 23px\"><strong>I<\/strong><\/td>\n<td style=\"width: 8.59375%;height: 23px\">II<\/td>\n<td style=\"width: 9.63542%;height: 23px\">III<\/td>\n<td style=\"width: 8.33333%;height: 23px\">IV<\/td>\n<\/tr>\n<tr style=\"height: 40px\">\n<td style=\"width: 60.6771%;height: 40px\">stacjonarne I&nbsp;stopnia<\/td>\n<td style=\"width: 9.11458%;height: 40px\"><a href=\"https:\/\/up.lublin.pl\/agrobio\/wp-content\/uploads\/sites\/2\/2023\/02\/Ekonomia-stacj-I-st-I-r-v5.pdf\">Ekonomia stacj I&nbsp;st I&nbsp;r (v5)<\/a><\/td>\n<td style=\"width: 8.59375%;height: 40px\"><a href=\"https:\/\/up.lublin.pl\/agrobio\/wp-content\/uploads\/sites\/2\/2023\/02\/Ekonomia-stacj-I-st-II-r-v4.pdf\">Ekonomia stacj I&nbsp;st II r&nbsp;(v4)<\/a><\/td>\n<td style=\"width: 9.63542%;height: 40px\"><a href=\"https:\/\/up.lublin.pl\/agrobio\/wp-content\/uploads\/sites\/2\/2023\/03\/Ekonomia-stacj-I-st-III-r-v5.pdf\">Ekonomia stacj I&nbsp;st III r&nbsp;(v5)<\/a><\/td>\n<td style=\"width: 8.33333%;height: 40px\">&#8211;<\/td>\n<\/tr>\n<tr style=\"height: 23px\">\n<td style=\"width: 96.3542%;height: 23px\" colspan=\"5\">\u00a0<\/td>\n<\/tr>\n<tr style=\"height: 23px\">\n<td style=\"width: 60.6771%;height: 23px\"><strong>TURYSTYKA I&nbsp;REKREACJA<\/strong><\/td>\n<td style=\"width: 9.11458%;height: 23px\"><strong>I<\/strong><\/td>\n<td style=\"width: 8.59375%;height: 23px\">II<\/td>\n<td style=\"width: 9.63542%;height: 23px\">III<\/td>\n<td style=\"width: 8.33333%;height: 23px\">IV<\/td>\n<\/tr>\n<tr style=\"height: 91px\">\n<td style=\"width: 60.6771%;height: 91px\">stacjonarne I&nbsp;stopnia<\/td>\n<td style=\"width: 9.11458%;height: 91px\"><a href=\"https:\/\/up.lublin.pl\/agrobio\/wp-content\/uploads\/sites\/2\/2023\/03\/Turystyka-i-rekreacja-stacj-I-st-I-r-v4.pdf\">Turystyka i&nbsp;rekreacja stacj I&nbsp;st I&nbsp;r (v4)<\/a><\/td>\n<td style=\"width: 8.59375%;height: 91px\"><a href=\"https:\/\/up.lublin.pl\/agrobio\/wp-content\/uploads\/sites\/2\/2023\/03\/Turystyka-i-rekreacja-stacj-I-st-IIr-v4.pdf\">Turystyka i&nbsp;rekreacja stacj I&nbsp;st IIr (v4)<\/a><\/td>\n<td style=\"width: 9.63542%;height: 91px\">\n<p><strong>ROB<\/strong><\/p>\n<p><a href=\"https:\/\/up.lublin.pl\/agrobio\/wp-content\/uploads\/sites\/2\/2023\/03\/Turystyka-i-rekreacja-ROB-stacj-I-st-IIIr-v2.pdf\">Turystyka i&nbsp;rekreacja (ROB) stacj I&nbsp;st IIIr (v2)<\/a><\/p>\n<\/td>\n<td style=\"width: 8.33333%;height: 91px\">&#8211;<\/td>\n<\/tr>\n<tr style=\"height: 91px\">\n<td style=\"width: 60.6771%;height: 91px\">stacjonarne II stopnia<\/td>\n<td style=\"width: 9.11458%;height: 91px\">\n<p><strong>GT<\/strong><\/p>\n<p><a href=\"https:\/\/up.lublin.pl\/agrobio\/wp-content\/uploads\/sites\/2\/2023\/02\/Turystyka-i-rekreacja-GT-stacj-II-st-Ir-v2.pdf\">Turystyka i&nbsp;rekreacja (GT) stacj II st Ir (v2)<\/a><\/p>\n<p><strong>MZS<\/strong><\/p>\n<p><a href=\"https:\/\/up.lublin.pl\/agrobio\/wp-content\/uploads\/sites\/2\/2023\/02\/Turystyka-i-rekreacja-MZS-stacj-II-st-I-r-v2.pdf\">Turystyka i&nbsp;rekreacja (MZS) stacj II st I&nbsp;r (v2)<\/a><\/p>\n<\/td>\n<td style=\"width: 8.59375%;height: 91px\">\n<p><strong>MZS<\/strong><\/p>\n<p><a href=\"https:\/\/up.lublin.pl\/agrobio\/wp-content\/uploads\/sites\/2\/2023\/03\/Turystyka-i-rekreacja-MZS-stacj-II-st-II-r-v5.pdf\">Turystyka i&nbsp;rekreacja (MZS) stacj II st II r&nbsp;(v5)<\/a><\/p>\n<\/td>\n<td style=\"width: 9.63542%;height: 91px\">&#8211;<\/td>\n<td style=\"width: 8.33333%;height: 91px\">&#8211;<\/td>\n<\/tr>\n<tr style=\"height: 53px\">\n<td style=\"width: 60.6771%;height: 53px\">niestacjonarne I&nbsp;stopnia<\/td>\n<td style=\"width: 9.11458%;height: 53px\"><strong>&#8211;<\/strong><\/td>\n<td style=\"width: 8.59375%;height: 53px\">&#8211;<\/td>\n<td style=\"width: 9.63542%;height: 53px\">\n<p>&#8211;<\/p>\n<\/td>\n<td style=\"width: 8.33333%;height: 53px\">&#8211;<\/td>\n<\/tr>\n<tr style=\"height: 53px\">\n<td style=\"width: 60.6771%;height: 53px\">niestacjonarne II stopnia<\/td>\n<td style=\"width: 9.11458%;height: 53px\"><strong>&#8211;<\/strong><\/td>\n<td style=\"width: 8.59375%;height: 53px\">\n<p><strong>MZS<\/strong><\/p>\n<p><a href=\"https:\/\/up.lublin.pl\/agrobio\/wp-content\/uploads\/sites\/2\/2023\/03\/Turystyka-i-rekreacja-MZS-niestacj-II-st-II-r-v2-.pdf\">Turystyka i&nbsp;rekreacja (MZS) niestacj II st II r&nbsp;(v2)<\/a><\/p>\n<\/td>\n<td style=\"width: 9.63542%;height: 53px\">\n<p>&#8211;<\/p>\n<\/td>\n<td style=\"width: 8.33333%;height: 53px\">&#8211;<\/td>\n<\/tr>\n<tr style=\"height: 23px\">\n<td style=\"width: 96.3542%;height: 23px\" colspan=\"5\">\u00a0<\/td>\n<\/tr>\n<tr style=\"height: 46px\">\n<td style=\"width: 60.6771%;height: 46px\"><strong>GOSPODARKA PRZESTRZENNA<\/strong><\/td>\n<td style=\"width: 9.11458%;height: 46px\"><strong>I<\/strong><\/td>\n<td style=\"width: 8.59375%;height: 46px\">II<\/td>\n<td style=\"width: 9.63542%;height: 46px\">III<\/td>\n<td style=\"width: 8.33333%;height: 46px\">IV<\/td>\n<\/tr>\n<tr style=\"height: 40px\">\n<td style=\"width: 60.6771%;height: 40px\">stacjonarne I&nbsp;stopnia<\/td>\n<td style=\"width: 9.11458%;height: 40px\"><a href=\"https:\/\/up.lublin.pl\/agrobio\/wp-content\/uploads\/sites\/2\/2023\/04\/Gospodarka-przestrzenna-stacj-I-st-I-r-v3.pdf\">Gospodarka przestrzenna stacj I&nbsp;st I&nbsp;r (v3)<\/a><\/td>\n<td style=\"width: 8.59375%;height: 40px\"><a href=\"https:\/\/up.lublin.pl\/agrobio\/wp-content\/uploads\/sites\/2\/2023\/03\/Gospodarka-przestrzenna-stacj-I-st-II-r-v3.pdf\">Gospodarka przestrzenna stacj I&nbsp;st II r&nbsp;(v3)<\/a><\/td>\n<td style=\"width: 9.63542%;height: 40px\"><a href=\"https:\/\/up.lublin.pl\/agrobio\/wp-content\/uploads\/sites\/2\/2023\/03\/Gospodarka-przestrzenna-stacj-I-st-IIIr-v5.pdf\">Gospodarka przestrzenna stacj I&nbsp;st IIIr (v5)<\/a><\/td>\n<td style=\"width: 8.33333%;height: 40px\">&#8211;<\/td>\n<\/tr>\n<tr style=\"height: 40px\">\n<td style=\"width: 60.6771%;height: 40px\">stacjonarne II stopnia<\/td>\n<td style=\"width: 9.11458%;height: 40px\"><a href=\"https:\/\/up.lublin.pl\/agrobio\/wp-content\/uploads\/sites\/2\/2023\/05\/Gospodarka-przes.-stacj-II-st-Ir-v6.pdf\">Gospodarka przes. stacj II st Ir (v6)<\/a><\/td>\n<td style=\"width: 8.59375%;height: 40px\"><a href=\"https:\/\/up.lublin.pl\/agrobio\/wp-content\/uploads\/sites\/2\/2023\/03\/Gospodarka-przestrzenna-stacj-II-st-II-r-v4.pdf\">Gospodarka przestrzenna stacj II st II r&nbsp;(v4)<\/a><\/td>\n<td style=\"width: 9.63542%;height: 40px\">&#8211;<\/td>\n<td style=\"width: 8.33333%;height: 40px\">&#8211;<\/td>\n<\/tr>\n<tr style=\"height: 23px\">\n<td style=\"width: 96.3542%;height: 23px\" colspan=\"5\">\u00a0<\/td>\n<\/tr>\n<tr style=\"height: 23px\">\n<td style=\"width: 60.6771%;height: 23px\"><strong>LE\u015aNICTWO<\/strong><\/td>\n<td style=\"width: 9.11458%;height: 23px\"><strong>I<\/strong><\/td>\n<td style=\"width: 8.59375%;height: 23px\">II<\/td>\n<td style=\"width: 9.63542%;height: 23px\">III<\/td>\n<td style=\"width: 8.33333%;height: 23px\">IV<\/td>\n<\/tr>\n<tr style=\"height: 91px\">\n<td style=\"width: 60.6771%;height: 91px\">stacjonarne I&nbsp;stopnia<\/td>\n<td style=\"width: 9.11458%;height: 91px\"><a href=\"https:\/\/up.lublin.pl\/agrobio\/wp-content\/uploads\/sites\/2\/2023\/03\/Lesnictwo-stacj-I-st-I-r-v5.pdf\">Le\u015bnictwo stacj I&nbsp;st I&nbsp;r (v5)<\/a><\/td>\n<td style=\"width: 8.59375%;height: 91px\"><a href=\"https:\/\/up.lublin.pl\/agrobio\/wp-content\/uploads\/sites\/2\/2023\/03\/Lesnictwo-I-st-II-r-v6.pdf\">Le\u015bnictwo I&nbsp;st II r&nbsp;(v6)<\/a><\/td>\n<td style=\"width: 9.63542%;height: 91px\">\n<p>&#8211;<\/p>\n<\/td>\n<td style=\"width: 8.33333%;height: 91px\">\n<p>&#8211;<\/p>\n<\/td>\n<\/tr>\n<tr style=\"height: 186px\">\n<td style=\"width: 60.6771%;height: 186px\">niestacjonarne I&nbsp;stopnia<\/td>\n<td style=\"width: 9.11458%;height: 186px\"><a href=\"https:\/\/up.lublin.pl\/agrobio\/wp-content\/uploads\/sites\/2\/2023\/03\/Lesnictwo-niestacj-I-st-I-r-v4.pdf\">Le\u015bnictwo niestacj I&nbsp;st I&nbsp;r (v4)<\/a><\/td>\n<td style=\"width: 8.59375%;height: 186px\"><a href=\"https:\/\/up.lublin.pl\/agrobio\/wp-content\/uploads\/sites\/2\/2023\/03\/Lesnictwo-niestacj-I-st-II-r-v3.pdf\">Le\u015bnictwo niestacj I&nbsp;st II r&nbsp;(v3)<\/a><\/td>\n<td style=\"width: 9.63542%;height: 186px\">&#8211;<\/td>\n<td style=\"width: 8.33333%;height: 186px\">\n<p>GL<\/p>\n<p><a href=\"https:\/\/up.lublin.pl\/agrobio\/wp-content\/uploads\/sites\/2\/2023\/03\/Lesnictwo-niestacj-GL-I-st-IV-r-v4.pdf\">Le\u015bnictwo niestacj (GL) I&nbsp;st IV r&nbsp;(v4)<\/a><\/p>\n<p>G\u0141<\/p>\n<p><a href=\"https:\/\/up.lublin.pl\/agrobio\/wp-content\/uploads\/sites\/2\/2023\/03\/Lesnictwo-niestacj-GLOW-I-st-IV-r-v4.pdf\">Le\u015bnictwo niestacj (GLOW) I&nbsp;st IV r&nbsp;(v4)<\/a><\/p>\n<\/td>\n<\/tr>\n<tr style=\"height: 23px\">\n<td style=\"width: 96.3542%;height: 23px\" colspan=\"5\">\u00a0<\/td>\n<\/tr>\n<tr style=\"height: 23px\">\n<td style=\"width: 60.6771%;height: 23px\"><strong>AGROBIZNES<\/strong><\/td>\n<td style=\"width: 9.11458%;height: 23px\"><strong>I<\/strong><\/td>\n<td style=\"width: 8.59375%;height: 23px\">II<\/td>\n<td style=\"width: 9.63542%;height: 23px\">III<\/td>\n<td style=\"width: 8.33333%;height: 23px\">IV<\/td>\n<\/tr>\n<tr style=\"height: 40px\">\n<td style=\"width: 60.6771%;height: 40px\">stacjonarne I&nbsp;stopnia<\/td>\n<td style=\"width: 9.11458%;height: 40px\"><a href=\"https:\/\/up.lublin.pl\/agrobio\/wp-content\/uploads\/sites\/2\/2023\/02\/Agrobiznes-stacj-I-st-I-r-v2.pdf\">Agrobiznes stacj I&nbsp;st I&nbsp;r (v2)<\/a><\/td>\n<td style=\"width: 8.59375%;height: 40px\"><a href=\"https:\/\/up.lublin.pl\/agrobio\/wp-content\/uploads\/sites\/2\/2023\/03\/Agrobiznes-stacj-I-st-II-r-v7.pdf\">Agrobiznes stacj I&nbsp;st II r&nbsp;(v7)<\/a><\/td>\n<td style=\"width: 9.63542%;height: 40px\"><a href=\"https:\/\/up.lublin.pl\/agrobio\/wp-content\/uploads\/sites\/2\/2023\/02\/Agrobiznes-stacj-I-st-III-r-v3.pdf\">Agrobiznes stacj I&nbsp;st III r&nbsp;(v3)<\/a><\/td>\n<td style=\"width: 8.33333%;height: 40px\">&#8211;<\/td>\n<\/tr>\n<tr style=\"height: 23px\">\n<td style=\"width: 60.6771%;height: 23px\">stacjonarne II stopnia<\/td>\n<td style=\"width: 9.11458%;height: 23px\"><strong>&#8211;<\/strong><\/td>\n<td style=\"width: 8.59375%;height: 23px\">&#8211;<\/td>\n<td style=\"width: 9.63542%;height: 23px\">&#8211;<\/td>\n<td style=\"width: 8.33333%;height: 23px\">&#8211;<\/td>\n<\/tr>\n<tr style=\"height: 23px\">\n<td style=\"width: 96.3542%;height: 23px\" colspan=\"5\">\u00a0<\/td>\n<\/tr>\n<tr style=\"height: 23px\">\n<td style=\"width: 60.6771%;height: 23px\"><strong>BIOIN\u017bYNIERIA<\/strong><\/td>\n<td style=\"width: 9.11458%;height: 23px\"><strong>I<\/strong><\/td>\n<td style=\"width: 8.59375%;height: 23px\">II<\/td>\n<td style=\"width: 9.63542%;height: 23px\">III<\/td>\n<td style=\"width: 8.33333%;height: 23px\">IV<\/td>\n<\/tr>\n<tr style=\"height: 40px\">\n<td style=\"width: 60.6771%;height: 40px\">stacjonarne I&nbsp;stopnia<\/td>\n<td style=\"width: 9.11458%;height: 40px\"><a href=\"https:\/\/up.lublin.pl\/agrobio\/wp-content\/uploads\/sites\/2\/2023\/03\/Bioinzynieria-stacj-I-st-I-r-v4.pdf\">Bioin\u017cynieria stacj I&nbsp;st I&nbsp;r (v4)<\/a><\/td>\n<td style=\"width: 8.59375%;height: 40px\"><a href=\"https:\/\/up.lublin.pl\/agrobio\/wp-content\/uploads\/sites\/2\/2023\/02\/Bioinzynieria-stacj-I-st-II-r-v3.pdf\">Bioin\u017cynieria stacj I&nbsp;st II r&nbsp;(v3)<\/a><\/td>\n<td style=\"width: 9.63542%;height: 40px\"><a href=\"https:\/\/up.lublin.pl\/agrobio\/wp-content\/uploads\/sites\/2\/2023\/03\/Bioinzynieria-stacj-I-st-III-r-v4.pdf\">Bioin\u017cynieria stacj I&nbsp;st III r&nbsp;(v4)<\/a><\/td>\n<td style=\"width: 8.33333%;height: 40px\">&#8211;<\/td>\n<\/tr>\n<tr style=\"height: 40px\">\n<td style=\"width: 60.6771%;height: 40px\">stacjonarne II stopnia<\/td>\n<td style=\"width: 9.11458%;height: 40px\"><a href=\"https:\/\/up.lublin.pl\/agrobio\/wp-content\/uploads\/sites\/2\/2023\/03\/Bioinzynieria-stacj-II-st-I-r-v7.pdf\">Bioin\u017cynieria stacj II st I&nbsp;r (v7)<\/a><\/td>\n<td style=\"width: 8.59375%;height: 40px\"><a href=\"https:\/\/up.lublin.pl\/agrobio\/wp-content\/uploads\/sites\/2\/2023\/02\/Bioinzynieria-stacj-II-st-II-r.pdf\">Bioin\u017cynieria stacj II st II r<\/a><\/td>\n<td style=\"width: 9.63542%;height: 40px\">&#8211;<\/td>\n<td style=\"width: 8.33333%;height: 40px\">&#8211;<\/td>\n<\/tr>\n<tr style=\"height: 23px\">\n<td style=\"width: 96.3542%;height: 23px\" colspan=\"5\">\u00a0<\/td>\n<\/tr>\n<tr style=\"height: 23px\">\n<td style=\"width: 60.6771%;height: 23px\"><strong>AGROLE\u015aNICTWO<\/strong><\/td>\n<td style=\"width: 9.11458%;height: 23px\"><strong>I<\/strong><\/td>\n<td style=\"width: 8.59375%;height: 23px\">II<\/td>\n<td style=\"width: 9.63542%;height: 23px\">III<\/td>\n<td style=\"width: 8.33333%;height: 23px\">IV<\/td>\n<\/tr>\n<tr style=\"height: 40px\">\n<td style=\"width: 60.6771%;height: 40px\">stacjonarne II stopnia<\/td>\n<td style=\"width: 9.11458%;height: 40px\">&#8211;<\/td>\n<td style=\"width: 8.59375%;height: 40px\"><a href=\"https:\/\/up.lublin.pl\/agrobio\/wp-content\/uploads\/sites\/2\/2023\/04\/Agrolesnictwo-stacj-II-st-II-r-v4.pdf\">Agrole\u015bnictwo stacj II st II r&nbsp;(v4)<\/a><\/td>\n<td style=\"width: 9.63542%;height: 40px\">&#8211;<\/td>\n<td style=\"width: 8.33333%;height: 40px\">&#8211;<\/td>\n<\/tr>\n<tr style=\"height: 23px\">\n<td style=\"width: 60.6771%;height: 23px\">niestacjonarne II stopnia<\/td>\n<td style=\"width: 9.11458%;height: 23px\">&#8211;<\/td>\n<td style=\"width: 8.59375%;height: 23px\">&#8211;<\/td>\n<td style=\"width: 9.63542%;height: 23px\">&#8211;<\/td>\n<td style=\"width: 8.33333%;height: 23px\">&#8211;<\/td>\n<\/tr>\n<tr style=\"height: 23px\">\n<td style=\"width: 96.3542%;height: 23px\" colspan=\"5\">\u00a0<\/td>\n<\/tr>\n<\/tbody>\n<\/table>\n<hr \/>\n<p>Przypominamy, \u017ce rozk\u0142ady i&nbsp;plany zaj\u0119\u0107 studenci mog\u0105 sprawdzi\u0107 loguj\u0105c si\u0119 do <a href=\"https:\/\/wd.up.lublin.pl\/\">Wirtualnego Dziekanatu<\/a><\/p>\n<hr \/>\n<p><em>W celu odczytania rozk\u0142ad\u00f3w wymagany jest darmowy program Acrobat Reader <\/em><em>do pobrania <a href=\"https:\/\/get.adobe.com\/pl\/reader\/\">pod tym adresem<\/a>.<\/em><\/p>\n                                                <\/div>\n                                            <\/li>\n                                        <\/ul>\n\t\t\t\t\t\t                                                        <ul class=\"mn-accordion\">\n                                            <li>\n                                                <h4 class=\"mn-accordion-title\">ROK AKADEMICKI 2022\/2023 - semestr zimowy<\/h4>\n                                                <div>\n\t\t\t\t\t\t\t\t\t                <table>\n<tbody>\n<tr>\n<td>Kierunek<\/td>\n<td colspan=\"4\">Rok<\/td>\n<\/tr>\n<tr>\n<td><strong>ROLNICTWO<\/strong><\/td>\n<td><strong>I<\/strong><\/td>\n<td>II<\/td>\n<td>III<\/td>\n<td>IV<\/td>\n<\/tr>\n<tr>\n<td>stacjonarne I&nbsp;stopnia<\/td>\n<td><a href=\"https:\/\/up.lublin.pl\/agrobio\/wp-content\/uploads\/sites\/2\/2022\/10\/Rolnictwo-stacj-I-st-I-r-v5.pdf\">Rolnictwo stacj I&nbsp;st I&nbsp;r (v5)<\/a><\/td>\n<td><a href=\"https:\/\/up.lublin.pl\/agrobio\/wp-content\/uploads\/sites\/2\/2022\/10\/Rolnictwo-stacj-I-st-II-r-v8.pdf\">Rolnictwo stacj I&nbsp;st II r&nbsp;(v8)<\/a><\/td>\n<td><a href=\"https:\/\/up.lublin.pl\/agrobio\/wp-content\/uploads\/sites\/2\/2022\/10\/Rolnictwo-stacj-I-st-III-r-v5.pdf\">Rolnictwo stacj I&nbsp;st III r&nbsp;(v5)<\/a><\/td>\n<td><a href=\"https:\/\/up.lublin.pl\/agrobio\/wp-content\/uploads\/sites\/2\/2022\/09\/Rolnictwo-stacj-I-st-IV-r-v2.pdf\">Rolnictwo stacj I&nbsp;st IV r&nbsp;(v2)<\/a><\/td>\n<\/tr>\n<tr>\n<td>stacjonarne II stopnia<\/td>\n<td>&#8211;<\/td>\n<td><a href=\"https:\/\/up.lublin.pl\/agrobio\/wp-content\/uploads\/sites\/2\/2022\/10\/Rolnictwo-stacj-II-st-II-r-v4.pdf\">Rolnictwo stacj II st II r&nbsp;(v4)<\/a><\/td>\n<td>&#8211;<\/td>\n<td>&#8211;<\/td>\n<\/tr>\n<tr>\n<td>niestacjonarne I&nbsp;stopnia<\/td>\n<td><a href=\"https:\/\/up.lublin.pl\/agrobio\/wp-content\/uploads\/sites\/2\/2022\/09\/Rolnictwo-niest-I-st-I-r-v2.pdf\">Rolnictwo niest I&nbsp;st I&nbsp;r (v2)<\/a><\/td>\n<td><a href=\"https:\/\/up.lublin.pl\/agrobio\/wp-content\/uploads\/sites\/2\/2022\/09\/Rolnictwo-niest-I-st-II-r-v2.pdf\">Rolnictwo niest I&nbsp;st II r&nbsp;(v2)<\/a><\/td>\n<td><a href=\"https:\/\/up.lublin.pl\/agrobio\/wp-content\/uploads\/sites\/2\/2022\/09\/Rolnictwo-niest-I-st-III-r-v2.pdf\">Rolnictwo niest I&nbsp;st III r&nbsp;(v2)<\/a><\/td>\n<td><a href=\"https:\/\/up.lublin.pl\/agrobio\/wp-content\/uploads\/sites\/2\/2022\/09\/Rolnictwo-niest-I-st-IV-r-v2.pdf\">Rolnictwo niest I&nbsp;st IV r&nbsp;(v2)<\/a><\/td>\n<\/tr>\n<tr>\n<td>niestacjonarne II stopnia<\/td>\n<td><a href=\"https:\/\/up.lublin.pl\/agrobio\/wp-content\/uploads\/sites\/2\/2022\/10\/Rolnictwo-niest-II-st-I-r-v3.pdf\">Rolnictwo niest II st I&nbsp;r (v3)<\/a><\/td>\n<td><a href=\"https:\/\/up.lublin.pl\/agrobio\/wp-content\/uploads\/sites\/2\/2022\/10\/Rolnictwo-niest-II-st-II-r-v6.pdf\">Rolnictwo niest II st II r&nbsp;(v6)<\/a><\/td>\n<td>&#8211;<\/td>\n<td>&#8211;<\/td>\n<\/tr>\n<tr>\n<td colspan=\"5\">\u00a0<\/td>\n<\/tr>\n<tr>\n<td><strong>EKONOMIA<\/strong><\/td>\n<td><strong>I<\/strong><\/td>\n<td>II<\/td>\n<td>III<\/td>\n<td>IV<\/td>\n<\/tr>\n<tr>\n<td>stacjonarne I&nbsp;stopnia<\/td>\n<td><a href=\"https:\/\/up.lublin.pl\/agrobio\/wp-content\/uploads\/sites\/2\/2022\/12\/Ekonomia-stacj-I-st-I-r-v7.pdf\">Ekonomia stacj I&nbsp;st I&nbsp;r (v7)<\/a><\/td>\n<td><a href=\"https:\/\/up.lublin.pl\/agrobio\/wp-content\/uploads\/sites\/2\/2022\/10\/Ekonomia-stacj-I-st-II-r-v8.pdf\">Ekonomia stacj I&nbsp;st II r&nbsp;(v8)<\/a><\/td>\n<td>&#8211;<\/td>\n<td>&#8211;<\/td>\n<\/tr>\n<tr>\n<td colspan=\"5\">\u00a0<\/td>\n<\/tr>\n<tr>\n<td><strong>TURYSTYKA I&nbsp;REKREACJA<\/strong><\/td>\n<td><strong>I<\/strong><\/td>\n<td>II<\/td>\n<td>III<\/td>\n<td>IV<\/td>\n<\/tr>\n<tr>\n<td>stacjonarne I&nbsp;stopnia<\/td>\n<td><a href=\"https:\/\/up.lublin.pl\/agrobio\/wp-content\/uploads\/sites\/2\/2022\/10\/Turystyka-i-rekreacja-stacj-I-st-I-r-v5.pdf\">Turystyka i&nbsp;rekreacja stacj I&nbsp;st I&nbsp;r (v5)<\/a><\/td>\n<td><a href=\"https:\/\/up.lublin.pl\/agrobio\/wp-content\/uploads\/sites\/2\/2022\/10\/Turystyka-i-rekreacja-stacj-I-st-II-r-v4.pdf\">Turystyka i&nbsp;rekreacja stacj I&nbsp;st II r&nbsp;(v4)<\/a><\/td>\n<td>\n<p>ROB<\/p>\n<p><a href=\"https:\/\/up.lublin.pl\/agrobio\/wp-content\/uploads\/sites\/2\/2022\/10\/Turystyka-i-rekreacja-ROB-stacj-I-st-III-r-v4.pdf\">Turystyka i&nbsp;rekreacja (ROB) stacj I&nbsp;st III r&nbsp;(v4)<\/a><\/p>\n<\/td>\n<td>&#8211;<\/td>\n<\/tr>\n<tr>\n<td>stacjonarne II stopnia<\/td>\n<td>\n<p><strong>GT<\/strong><\/p>\n<p><a href=\"https:\/\/up.lublin.pl\/agrobio\/wp-content\/uploads\/sites\/2\/2022\/10\/Turystyka-i-rekreacja-GT-stacj-II-st-I-r-v5.pdf\">Turystyka i&nbsp;rekreacja (GT) stacj II st I&nbsp;r (v5)<\/a><\/p>\n<p><strong>MZS<\/strong><\/p>\n<p><a href=\"https:\/\/up.lublin.pl\/agrobio\/wp-content\/uploads\/sites\/2\/2022\/10\/Turystyka-i-rekreacja-MZS-stacj-II-st-I-r-v5.pdf\">Turystyka i&nbsp;rekreacja (MZS) stacj II st I&nbsp;r (v5)<\/a><\/p>\n<\/td>\n<td>\n<p>MZS<\/p>\n<p><a href=\"https:\/\/up.lublin.pl\/agrobio\/wp-content\/uploads\/sites\/2\/2022\/10\/Turystyka-i-Rekreacja-MZS-stacj-II-st-II-r-v4.pdf\">Turystyka i&nbsp;Rekreacja (MZS) stacj II st II r&nbsp;(v4)<\/a><\/p>\n<\/td>\n<td>&#8211;<\/td>\n<td>&#8211;<\/td>\n<\/tr>\n<tr>\n<td>niestacjonarne I&nbsp;stopnia<\/td>\n<td><strong>&#8211;<\/strong><\/td>\n<td>&#8211;<\/td>\n<td>\n<p>&#8211;<\/p>\n<\/td>\n<td>&#8211;<\/td>\n<\/tr>\n<tr>\n<td>niestacjonarne II stopnia<\/td>\n<td><strong>&#8211;<\/strong><\/td>\n<td>\n<p><strong>GT<\/strong><\/p>\n<p><a href=\"https:\/\/up.lublin.pl\/agrobio\/wp-content\/uploads\/sites\/2\/2022\/10\/Turystyka-i-Rekreacja-niest-II-st-II-r-v4.pdf\">Turystyka i&nbsp;Rekreacja niest II st II r&nbsp;(v4)<\/a><\/p>\n<\/td>\n<td>\n<p>&#8211;<\/p>\n<\/td>\n<td>&#8211;<\/td>\n<\/tr>\n<tr>\n<td colspan=\"5\">\u00a0<\/td>\n<\/tr>\n<tr>\n<td><strong>GOSPODARKA PRZESTRZENNA<\/strong><\/td>\n<td><strong>I<\/strong><\/td>\n<td>II<\/td>\n<td>III<\/td>\n<td>IV<\/td>\n<\/tr>\n<tr>\n<td>stacjonarne I&nbsp;stopnia<\/td>\n<td><a href=\"https:\/\/up.lublin.pl\/agrobio\/wp-content\/uploads\/sites\/2\/2022\/10\/Gospodarka-przestrzenna-stacj-I-st-I-r-v4.pdf\">Gospodarka przestrzenna stacj I&nbsp;st I&nbsp;r (v4)<\/a><\/td>\n<td><a href=\"https:\/\/up.lublin.pl\/agrobio\/wp-content\/uploads\/sites\/2\/2022\/11\/Gospodarka-przestrzenna-stacj-I-st-II-r-v7.pdf\">Gospodarka przestrzenna stacj I&nbsp;st II r&nbsp;(v7)<\/a><\/td>\n<td><a href=\"https:\/\/up.lublin.pl\/agrobio\/wp-content\/uploads\/sites\/2\/2022\/10\/Gospodarka-przestrzenna-stacj-I-st-III-r-v4.pdf\">Gospodarka przestrzenna stacj I&nbsp;st III r&nbsp;(v4)<\/a><\/td>\n<td><a href=\"https:\/\/up.lublin.pl\/agrobio\/wp-content\/uploads\/sites\/2\/2022\/10\/Gospodarka-przestrzenna-stacj-I-st-IV-r-v4.pdf\">Gospodarka przestrzenna stacj I&nbsp;st IV r&nbsp;(v4)<\/a><\/td>\n<\/tr>\n<tr>\n<td>stacjonarne II stopnia<\/td>\n<td>&#8211;<\/td>\n<td><a href=\"https:\/\/up.lublin.pl\/agrobio\/wp-content\/uploads\/sites\/2\/2022\/10\/Gospodarka-przestrzenna-stacj-II-st-II-r-v4.pdf\">Gospodarka przestrzenna stacj II st II r&nbsp;(v4)<\/a><\/td>\n<td>&#8211;<\/td>\n<td>&#8211;<\/td>\n<\/tr>\n<tr>\n<td colspan=\"5\">\u00a0<\/td>\n<\/tr>\n<tr>\n<td><strong>LE\u015aNICTWO<\/strong><\/td>\n<td><strong>I<\/strong><\/td>\n<td>II<\/td>\n<td>III<\/td>\n<td>IV<\/td>\n<\/tr>\n<tr>\n<td>stacjonarne I&nbsp;stopnia<\/td>\n<td><a href=\"https:\/\/up.lublin.pl\/agrobio\/wp-content\/uploads\/sites\/2\/2022\/10\/Lesnictwo-stacj-I-st-I-r-v7.pdf\">Le\u015bnictwo stacj I&nbsp;st I&nbsp;r (v7)<\/a><\/td>\n<td><a href=\"https:\/\/up.lublin.pl\/agrobio\/wp-content\/uploads\/sites\/2\/2022\/10\/Lesnictwo-stacj-I-st-II-r-v8.pdf\">Le\u015bnictwo stacj I&nbsp;st II r&nbsp;(v8)<\/a><\/td>\n<td>\n<p>GL<\/p>\n<p><a href=\"https:\/\/up.lublin.pl\/agrobio\/wp-content\/uploads\/sites\/2\/2022\/09\/Lesnictwo-GL-stacj-I-st-III-r-v2.pdf\">Le\u015bnictwo (GL) stacj I&nbsp;st III r&nbsp;(v2)<\/a><\/p>\n<p>G\u0141<\/p>\n<p><a href=\"https:\/\/up.lublin.pl\/agrobio\/wp-content\/uploads\/sites\/2\/2022\/09\/Lesnictwo-GLOW-stacj-I-st-III-r-v2.pdf\">Le\u015bnictwo (GLOW) stacj I&nbsp;st III r&nbsp;(v2)<\/a><\/p>\n<\/td>\n<td>\n<p>GL<\/p>\n<p><a href=\"https:\/\/up.lublin.pl\/agrobio\/wp-content\/uploads\/sites\/2\/2022\/10\/Lesnictwo-GL-stacj-I-st-IV-r-v6.pdf\">Le\u015bnictwo (GL) stacj I&nbsp;st IV r&nbsp;(v6)<\/a><\/p>\n<p>OZL<\/p>\n<p><a href=\"https:\/\/up.lublin.pl\/agrobio\/wp-content\/uploads\/sites\/2\/2022\/10\/Lesnictwo-OZL-stacj-I-st-IV-r-v6.pdf\">Le\u015bnictwo (OZL) stacj I&nbsp;st IV r&nbsp;(v6)<\/a><\/p>\n<\/td>\n<\/tr>\n<tr>\n<td>niestacjonarne I&nbsp;stopnia<\/td>\n<td><a href=\"https:\/\/up.lublin.pl\/agrobio\/wp-content\/uploads\/sites\/2\/2022\/10\/Lesnictwo-niest-I-st-I-r-v5.pdf\">Le\u015bnictwo niest I&nbsp;st I&nbsp;r (v5)<\/a><\/td>\n<td><a href=\"https:\/\/up.lublin.pl\/agrobio\/wp-content\/uploads\/sites\/2\/2022\/10\/Lesnictwo-niest-I-st-II-r-v3.pdf\">Le\u015bnictwo niest I&nbsp;st II r&nbsp;(v3)<\/a><\/td>\n<td><a href=\"https:\/\/up.lublin.pl\/agrobio\/wp-content\/uploads\/sites\/2\/2022\/10\/Lesnictwo-niest-I-st-III-r-v4.pdf\">Le\u015bnictwo niest I&nbsp;st III r&nbsp;(v4)<\/a><\/td>\n<td>\n<p>GL<\/p>\n<p><a href=\"https:\/\/up.lublin.pl\/agrobio\/wp-content\/uploads\/sites\/2\/2022\/11\/Lesnictwo-GL-niest-I-st-IV-r-v5.pdf\">Le\u015bnictwo (GL) niest I&nbsp;st IV r&nbsp;(v5)<\/a><\/p>\n<p>G\u0141<\/p>\n<p><a href=\"https:\/\/up.lublin.pl\/agrobio\/wp-content\/uploads\/sites\/2\/2022\/11\/Lesnictwo-GLOW-niest-I-st-IV-r-v5.pdf\">Le\u015bnictwo (GLOW) niest I&nbsp;st IV r&nbsp;(v5)<\/a><\/p>\n<\/td>\n<\/tr>\n<tr>\n<td colspan=\"5\">\u00a0<\/td>\n<\/tr>\n<tr>\n<td><strong>AGROBIZNES<\/strong><\/td>\n<td><strong>I<\/strong><\/td>\n<td>II<\/td>\n<td>III<\/td>\n<td>IV<\/td>\n<\/tr>\n<tr>\n<td>stacjonarne I&nbsp;stopnia<\/td>\n<td><a href=\"https:\/\/up.lublin.pl\/agrobio\/wp-content\/uploads\/sites\/2\/2022\/11\/Agrobiznes-stacj-I-st-I-r-v7.pdf\">Agrobiznes stacj I&nbsp;st I&nbsp;r (v7)<\/a><\/td>\n<td><a href=\"https:\/\/up.lublin.pl\/agrobio\/wp-content\/uploads\/sites\/2\/2022\/09\/Agrobiznes-stacj-I-st-II-r-v3.pdf\">Agrobiznes stacj I&nbsp;st II r&nbsp;(v3)<\/a><\/td>\n<td><a href=\"https:\/\/up.lublin.pl\/agrobio\/wp-content\/uploads\/sites\/2\/2022\/10\/Agrobiznes-stacj-I-st-III-r-v7.pdf\">Agrobiznes stacj I&nbsp;st III r&nbsp;(v7)<\/a><\/td>\n<td>&#8211;<\/td>\n<\/tr>\n<tr>\n<td>stacjonarne II stopnia<\/td>\n<td><strong>&#8211;<\/strong><\/td>\n<td>&#8211;<\/td>\n<td>&#8211;<\/td>\n<td>&#8211;<\/td>\n<\/tr>\n<tr>\n<td colspan=\"5\">\u00a0<\/td>\n<\/tr>\n<tr>\n<td><strong>BIOIN\u017bYNIERIA<\/strong><\/td>\n<td><strong>I<\/strong><\/td>\n<td>II<\/td>\n<td>III<\/td>\n<td>IV<\/td>\n<\/tr>\n<tr>\n<td>stacjonarne I&nbsp;stopnia<\/td>\n<td><a href=\"https:\/\/up.lublin.pl\/agrobio\/wp-content\/uploads\/sites\/2\/2022\/11\/Bioinzynieria-stacj-I-st-I-r-v4.pdf\">Bioin\u017cynieria stacj I&nbsp;st I&nbsp;r (v4)<\/a><\/td>\n<td><a href=\"https:\/\/up.lublin.pl\/agrobio\/wp-content\/uploads\/sites\/2\/2022\/10\/Bioinzynieria-stacj-I-st-II-r-v4.pdf\">Bioin\u017cynieria stacj I&nbsp;st II r&nbsp;(v4)<\/a><\/td>\n<td><a href=\"https:\/\/up.lublin.pl\/agrobio\/wp-content\/uploads\/sites\/2\/2022\/10\/Bioinzynieria-stacj-I-st-III-r-v4.pdf\">Bioin\u017cynieria stacj I&nbsp;st III r&nbsp;(v4)<\/a><\/td>\n<td><a href=\"https:\/\/up.lublin.pl\/agrobio\/wp-content\/uploads\/sites\/2\/2022\/09\/Bioinzynieria-stacj-I-st-IV-r-v3.pdf\">Bioin\u017cynieria stacj I&nbsp;st IV r&nbsp;(v3)<\/a><\/td>\n<\/tr>\n<tr>\n<td>stacjonarne II stopnia<\/td>\n<td>&#8211;<\/td>\n<td><a href=\"https:\/\/up.lublin.pl\/agrobio\/wp-content\/uploads\/sites\/2\/2022\/10\/Bioinzynieria-stacj-II-st-II-r-v6.pdf\">Bioin\u017cynieria stacj II st II r&nbsp;(v6)<\/a><\/td>\n<td>&#8211;<\/td>\n<td>&#8211;<\/td>\n<\/tr>\n<tr>\n<td colspan=\"5\">\u00a0<\/td>\n<\/tr>\n<tr>\n<td><strong>AGROLE\u015aNICTWO<\/strong><\/td>\n<td><strong>I<\/strong><\/td>\n<td>II<\/td>\n<td>III<\/td>\n<td>IV<\/td>\n<\/tr>\n<tr>\n<td>stacjonarne II stopnia<\/td>\n<td>&#8211;<\/td>\n<td><a href=\"https:\/\/up.lublin.pl\/agrobio\/wp-content\/uploads\/sites\/2\/2022\/10\/Agrolesnictwo-stacj-II-st-II-r-v5.pdf\">Agrole\u015bnictwo stacj II st II r&nbsp;(v5)<\/a><\/td>\n<td>&#8211;<\/td>\n<td>&#8211;<\/td>\n<\/tr>\n<tr>\n<td>niestacjonarne II stopnia<\/td>\n<td>&#8211;<\/td>\n<td>&#8211;<\/td>\n<td>&#8211;<\/td>\n<td>&#8211;<\/td>\n<\/tr>\n<tr>\n<td colspan=\"5\">\u00a0<\/td>\n<\/tr>\n<\/tbody>\n<\/table>\n<hr \/>\n<p>Przypominamy, \u017ce rozk\u0142ady i&nbsp;plany zaj\u0119\u0107 studenci mog\u0105 sprawdzi\u0107 loguj\u0105c si\u0119 do <a href=\"https:\/\/wd.up.lublin.pl\/\">Wirtualnego Dziekanatu<\/a><\/p>\n<hr \/>\n<p><em>W celu odczytania rozk\u0142ad\u00f3w wymagany jest darmowy program Acrobat Reader <\/em><em>do pobrania <a href=\"https:\/\/get.adobe.com\/pl\/reader\/\">pod tym adresem<\/a>.<\/em><\/p>\n                                                <\/div>\n                                            <\/li>\n                                        <\/ul>\n\t\t\t\t\t\t                                                        <ul class=\"mn-accordion\">\n                                            <li>\n                                                <h4 class=\"mn-accordion-title\">ROK AKADEMICKI 2021\/2022 - semestr letni<\/h4>\n                                                <div>\n\t\t\t\t\t\t\t\t\t                <table style=\"width: 87.6952%;height: 1448px\">\n<tbody>\n<tr style=\"height: 23px\">\n<td style=\"width: 60.6771%;height: 23px\">Kierunek<\/td>\n<td style=\"width: 35.6771%;height: 23px\" colspan=\"4\">Rok<\/td>\n<\/tr>\n<tr style=\"height: 23px\">\n<td style=\"width: 60.6771%;height: 23px\"><strong>ROLNICTWO<\/strong><\/td>\n<td style=\"width: 9.11458%;height: 23px\"><strong>I<\/strong><\/td>\n<td style=\"width: 8.59375%;height: 23px\">II<\/td>\n<td style=\"width: 9.63542%;height: 23px\">III<\/td>\n<td style=\"width: 8.33333%;height: 23px\">IV<\/td>\n<\/tr>\n<tr style=\"height: 40px\">\n<td style=\"width: 60.6771%;height: 40px\">stacjonarne I&nbsp;stopnia<\/td>\n<td style=\"width: 9.11458%;height: 40px\"><a href=\"https:\/\/up.lublin.pl\/agrobio\/wp-content\/uploads\/sites\/2\/2022\/03\/ROLNICTWO-stacj-I-st-I-r-v6.pdf\">ROLNICTWO stacj I&nbsp;st I&nbsp;r (v6)<\/a><\/td>\n<td style=\"width: 8.59375%;height: 40px\"><a href=\"https:\/\/up.lublin.pl\/agrobio\/wp-content\/uploads\/sites\/2\/2022\/03\/ROLNICTWO-stacj-I-st-II-r-v8.pdf\">ROLNICTWO stacj I&nbsp;st II r&nbsp;(v8)<\/a><\/td>\n<td style=\"width: 9.63542%;height: 40px\"><a href=\"https:\/\/up.lublin.pl\/agrobio\/wp-content\/uploads\/sites\/2\/2022\/03\/ROLNICTWO-stacj-I-st-III-r-v3.pdf\">ROLNICTWO stacj I&nbsp;st III r&nbsp;(v3)<\/a><\/td>\n<td style=\"width: 8.33333%;height: 40px\">&#8211;<\/td>\n<\/tr>\n<tr style=\"height: 40px\">\n<td style=\"width: 60.6771%;height: 40px\">stacjonarne II stopnia<\/td>\n<td style=\"width: 9.11458%;height: 40px\"><a href=\"https:\/\/up.lublin.pl\/agrobio\/wp-content\/uploads\/sites\/2\/2022\/04\/ROLNICTWO-stacj-II-st-I-r-v5.pdf\">ROLNICTWO stacj II st I&nbsp;r (v5)<\/a><\/td>\n<td style=\"width: 8.59375%;height: 40px\"><a href=\"https:\/\/up.lublin.pl\/agrobio\/wp-content\/uploads\/sites\/2\/2022\/03\/ROLNICTWO-stacj-II-st-II-r-v6.pdf\">ROLNICTWO stacj II st II r&nbsp;(v6)<\/a><\/td>\n<td style=\"width: 9.63542%;height: 40px\">&#8211;<\/td>\n<td style=\"width: 8.33333%;height: 40px\">&#8211;<\/td>\n<\/tr>\n<tr style=\"height: 40px\">\n<td style=\"width: 60.6771%;height: 40px\">niestacjonarne I&nbsp;stopnia<\/td>\n<td style=\"width: 9.11458%;height: 40px\"><a href=\"https:\/\/up.lublin.pl\/agrobio\/wp-content\/uploads\/sites\/2\/2022\/02\/ROLNICTWO-niest-I-st-I-r-v2.pdf\">ROLNICTWO niest I&nbsp;st I&nbsp;r (v2)<\/a><\/td>\n<td style=\"width: 8.59375%;height: 40px\"><a href=\"https:\/\/up.lublin.pl\/agrobio\/wp-content\/uploads\/sites\/2\/2022\/03\/ROLNICTWO-niest-II-st-I-r-v4.pdf\">ROLNICTWO niest II st I&nbsp;r (v4)<\/a><\/td>\n<td style=\"width: 9.63542%;height: 40px\"><a href=\"https:\/\/up.lublin.pl\/agrobio\/wp-content\/uploads\/sites\/2\/2022\/02\/ROLNICTWO-niest-I-st-III-r-v3.pdf\">ROLNICTWO niest I&nbsp;st III r&nbsp;(v3)<\/a><\/td>\n<td style=\"width: 8.33333%;height: 40px\"><a href=\"https:\/\/up.lublin.pl\/agrobio\/wp-content\/uploads\/sites\/2\/2022\/02\/ROLNICTWO-niest-I-st-IV-r-v3.pdf\">ROLNICTWO niest I&nbsp;st IV r&nbsp;(v3)<\/a><\/td>\n<\/tr>\n<tr style=\"height: 23px\">\n<td style=\"width: 60.6771%;height: 23px\">niestacjonarne II stopnia<\/td>\n<td style=\"width: 9.11458%;height: 23px\"><a href=\"https:\/\/up.lublin.pl\/agrobio\/wp-content\/uploads\/sites\/2\/2022\/03\/ROLNICTWO-niest-II-st-I-r-v4.pdf\">ROLNICTWO niest II st I&nbsp;r (v4)<\/a><\/td>\n<td style=\"width: 8.59375%;height: 23px\"><a href=\"https:\/\/up.lublin.pl\/agrobio\/wp-content\/uploads\/sites\/2\/2022\/02\/ROLNICTWO-niest-II-st-II-r-v2.pdf\">ROLNICTWO niest II st II r&nbsp;(v2)<\/a><\/td>\n<td style=\"width: 9.63542%;height: 23px\">&#8211;<\/td>\n<td style=\"width: 8.33333%;height: 23px\">&#8211;<\/td>\n<\/tr>\n<tr style=\"height: 23px\">\n<td style=\"width: 96.3542%;height: 23px\" colspan=\"5\">\u00a0<\/td>\n<\/tr>\n<tr style=\"height: 23px\">\n<td style=\"width: 60.6771%;height: 23px\"><strong>EKONOMIA<\/strong><\/td>\n<td style=\"width: 9.11458%;height: 23px\"><strong>I<\/strong><\/td>\n<td style=\"width: 8.59375%;height: 23px\">II<\/td>\n<td style=\"width: 9.63542%;height: 23px\">III<\/td>\n<td style=\"width: 8.33333%;height: 23px\">IV<\/td>\n<\/tr>\n<tr style=\"height: 40px\">\n<td style=\"width: 60.6771%;height: 40px\">stacjonarne I&nbsp;stopnia<\/td>\n<td style=\"width: 9.11458%;height: 40px\"><a href=\"https:\/\/up.lublin.pl\/agrobio\/wp-content\/uploads\/sites\/2\/2022\/03\/EKONOMIA-stacj-I-st-I-r-v4.pdf\">EKONOMIA stacj I&nbsp;st I&nbsp;r (v4)<\/a><\/td>\n<td style=\"width: 8.59375%;height: 40px\"><a href=\"https:\/\/up.lublin.pl\/agrobio\/wp-content\/uploads\/sites\/2\/2022\/02\/EKONOMIA-stacj-I-st-II-r-v4.pdf\">EKONOMIA stacj I&nbsp;st II r&nbsp;(v4)<\/a><\/td>\n<td style=\"width: 9.63542%;height: 40px\"><a href=\"https:\/\/up.lublin.pl\/agrobio\/wp-content\/uploads\/sites\/2\/2022\/03\/EKONOMIA-stacj-I-st-III-r-v5.pdf\">EKONOMIA stacj I&nbsp;st III r&nbsp;(v5)<\/a><\/td>\n<td style=\"width: 8.33333%;height: 40px\">&#8211;<\/td>\n<\/tr>\n<tr style=\"height: 23px\">\n<td style=\"width: 96.3542%;height: 23px\" colspan=\"5\">\u00a0<\/td>\n<\/tr>\n<tr style=\"height: 23px\">\n<td style=\"width: 60.6771%;height: 23px\"><strong>TURYSTYKA I&nbsp;REKREACJA<\/strong><\/td>\n<td style=\"width: 9.11458%;height: 23px\"><strong>I<\/strong><\/td>\n<td style=\"width: 8.59375%;height: 23px\">II<\/td>\n<td style=\"width: 9.63542%;height: 23px\">III<\/td>\n<td style=\"width: 8.33333%;height: 23px\">IV<\/td>\n<\/tr>\n<tr style=\"height: 91px\">\n<td style=\"width: 60.6771%;height: 91px\">stacjonarne I&nbsp;stopnia<\/td>\n<td style=\"width: 9.11458%;height: 91px\"><a href=\"https:\/\/up.lublin.pl\/agrobio\/wp-content\/uploads\/sites\/2\/2022\/03\/TURYSTYKA-I-REKREACJA-stacj-I-st-I-r-v6.pdf\">TURYSTYKA I&nbsp;REKREACJA stacj I&nbsp;st I&nbsp;r (v6)<\/a>\u00a0<\/td>\n<td style=\"width: 8.59375%;height: 91px\"><a href=\"https:\/\/up.lublin.pl\/agrobio\/wp-content\/uploads\/sites\/2\/2022\/03\/TURYSTYKA-I-REKREACJA-stacj-I-st-II-r-v5.pdf\">TURYSTYKA I&nbsp;REKREACJA stacj I&nbsp;st II r&nbsp;(v5)<\/a><\/td>\n<td style=\"width: 9.63542%;height: 91px\">\n<p>MIZ<\/p>\n<p><a href=\"https:\/\/up.lublin.pl\/agrobio\/wp-content\/uploads\/sites\/2\/2022\/04\/TURYSTYKA-I-REKREACJA-MIZ-stacj-I-st-III-r-v5.pdf\">TURYSTYKA I&nbsp;REKREACJA (MIZ) stacj I&nbsp;st III r&nbsp;(v5)<\/a><\/p>\n<p>ROB<\/p>\n<p><a href=\"https:\/\/up.lublin.pl\/agrobio\/wp-content\/uploads\/sites\/2\/2022\/02\/TURYSTYKA-I-REKREACJA-ROB-stacj-I-st-III-r-v3.pdf\">TURYSTYKA I&nbsp;REKREACJA (ROB) stacj I&nbsp;st III r&nbsp;(v3)<\/a><\/p>\n<\/td>\n<td style=\"width: 8.33333%;height: 91px\">&#8211;<\/td>\n<\/tr>\n<tr style=\"height: 91px\">\n<td style=\"width: 60.6771%;height: 91px\">stacjonarne II stopnia<\/td>\n<td style=\"width: 9.11458%;height: 91px\">\n<p><strong>MZS<\/strong><\/p>\n<p><a href=\"https:\/\/up.lublin.pl\/agrobio\/wp-content\/uploads\/sites\/2\/2022\/04\/TURYSTYKA-I-REKREACJA-MZS-stacj-II-st-I-r-v8.pdf\">TURYSTYKA I&nbsp;REKREACJA (MZS) stacj II st I&nbsp;r (v8)<\/a><\/p>\n<\/td>\n<td style=\"width: 8.59375%;height: 91px\">\n<p>GT<\/p>\n<p><a href=\"https:\/\/up.lublin.pl\/agrobio\/wp-content\/uploads\/sites\/2\/2022\/02\/TURYSTYKA-I-REKREACJA-GT-stacj-II-st-II-r-v2.pdf\">TURYSTYKA I&nbsp;REKREACJA (GT) stacj II st II r&nbsp;(v2)<\/a><\/p>\n<p>MZS<\/p>\n<p><a href=\"https:\/\/up.lublin.pl\/agrobio\/wp-content\/uploads\/sites\/2\/2022\/02\/TURYSTYKA-I-REKREACJA-MZS-stacj-II-st-II-r-v2.pdf\">TURYSTYKA I&nbsp;REKREACJA (MZS) stacj II st II r&nbsp;(v2)<\/a><\/p>\n<\/td>\n<td style=\"width: 9.63542%;height: 91px\">&#8211;<\/td>\n<td style=\"width: 8.33333%;height: 91px\">&#8211;<\/td>\n<\/tr>\n<tr style=\"height: 53px\">\n<td style=\"width: 60.6771%;height: 53px\">niestacjonarne I&nbsp;stopnia<\/td>\n<td style=\"width: 9.11458%;height: 53px\"><strong>&#8211;<\/strong><\/td>\n<td style=\"width: 8.59375%;height: 53px\">&#8211;<\/td>\n<td style=\"width: 9.63542%;height: 53px\">\n<p>&#8211;<\/p>\n<\/td>\n<td style=\"width: 8.33333%;height: 53px\">&#8211;<\/td>\n<\/tr>\n<tr style=\"height: 53px\">\n<td style=\"width: 60.6771%;height: 53px\">niestacjonarne II stopnia<\/td>\n<td style=\"width: 9.11458%;height: 53px\">\n<p><strong>GT<\/strong><\/p>\n<p><a href=\"https:\/\/up.lublin.pl\/agrobio\/wp-content\/uploads\/sites\/2\/2022\/02\/TURYSTYKA-I-REKREACJA-GT-niest-II-st-I-r-v3.pdf\">TURYSTYKA I&nbsp;REKREACJA (GT) niest II st I&nbsp;r (v3)<\/a><\/p>\n<\/td>\n<td style=\"width: 8.59375%;height: 53px\">&#8211;<\/td>\n<td style=\"width: 9.63542%;height: 53px\">\n<p>&#8211;<\/p>\n<\/td>\n<td style=\"width: 8.33333%;height: 53px\">&#8211;<\/td>\n<\/tr>\n<tr style=\"height: 23px\">\n<td style=\"width: 96.3542%;height: 23px\" colspan=\"5\">\u00a0<\/td>\n<\/tr>\n<tr style=\"height: 46px\">\n<td style=\"width: 60.6771%;height: 46px\"><strong>GOSPODARKA PRZESTRZENNA<\/strong><\/td>\n<td style=\"width: 9.11458%;height: 46px\"><strong>I<\/strong><\/td>\n<td style=\"width: 8.59375%;height: 46px\">II<\/td>\n<td style=\"width: 9.63542%;height: 46px\">III<\/td>\n<td style=\"width: 8.33333%;height: 46px\">IV<\/td>\n<\/tr>\n<tr style=\"height: 40px\">\n<td style=\"width: 60.6771%;height: 40px\">stacjonarne I&nbsp;stopnia<\/td>\n<td style=\"width: 9.11458%;height: 40px\"><a href=\"https:\/\/up.lublin.pl\/agrobio\/wp-content\/uploads\/sites\/2\/2022\/04\/GOSPODARKA-PRZESTRZENNA-stacj-I-st-I-r-v4.pdf\">GOSPODARKA PRZESTRZENNA stacj I&nbsp;st I&nbsp;r (v4)<\/a><\/td>\n<td style=\"width: 8.59375%;height: 40px\"><a href=\"https:\/\/up.lublin.pl\/agrobio\/wp-content\/uploads\/sites\/2\/2022\/03\/GOSPODARKA-PRZESTRZENNA-stacj-I-st-II-r-v3.pdf\">GOSPODARKA PRZESTRZENNA stacj I&nbsp;st II r&nbsp;(v3)<\/a><\/td>\n<td style=\"width: 9.63542%;height: 40px\"><a href=\"https:\/\/up.lublin.pl\/agrobio\/wp-content\/uploads\/sites\/2\/2022\/04\/GOSPODARKA-PRZESTRZENNA-stacj-I-st-III-r-v4.pdf\">GOSPODARKA PRZESTRZENNA stacj I&nbsp;st III r&nbsp;(v4)<\/a><\/td>\n<td style=\"width: 8.33333%;height: 40px\">&#8211;<\/td>\n<\/tr>\n<tr style=\"height: 40px\">\n<td style=\"width: 60.6771%;height: 40px\">stacjonarne II stopnia<\/td>\n<td style=\"width: 9.11458%;height: 40px\"><a href=\"https:\/\/up.lublin.pl\/agrobio\/wp-content\/uploads\/sites\/2\/2022\/03\/GOSPODARKA-PRZESTRZENNA-stacj-II-st-I-r-v2.pdf\">GOSPODARKA PRZESTRZENNA stacj II st I&nbsp;r (v2)<\/a><\/td>\n<td style=\"width: 8.59375%;height: 40px\"><a href=\"https:\/\/up.lublin.pl\/agrobio\/wp-content\/uploads\/sites\/2\/2022\/03\/GOSPODARKA-PRZESTRZENNA-stacj-II-st-II-r-v3.pdf\">GOSPODARKA PRZESTRZENNA stacj II st II r&nbsp;(v3)<\/a><\/td>\n<td style=\"width: 9.63542%;height: 40px\">&#8211;<\/td>\n<td style=\"width: 8.33333%;height: 40px\">&#8211;<\/td>\n<\/tr>\n<tr style=\"height: 23px\">\n<td style=\"width: 96.3542%;height: 23px\" colspan=\"5\">\u00a0<\/td>\n<\/tr>\n<tr style=\"height: 23px\">\n<td style=\"width: 60.6771%;height: 23px\"><strong>LE\u015aNICTWO<\/strong><\/td>\n<td style=\"width: 9.11458%;height: 23px\"><strong>I<\/strong><\/td>\n<td style=\"width: 8.59375%;height: 23px\">II<\/td>\n<td style=\"width: 9.63542%;height: 23px\">III<\/td>\n<td style=\"width: 8.33333%;height: 23px\">IV<\/td>\n<\/tr>\n<tr style=\"height: 91px\">\n<td style=\"width: 60.6771%;height: 91px\">stacjonarne I&nbsp;stopnia<\/td>\n<td style=\"width: 9.11458%;height: 91px\"><a href=\"https:\/\/up.lublin.pl\/agrobio\/wp-content\/uploads\/sites\/2\/2022\/03\/LESNICTWO-stacj-I-st-I-r-v5.pdf\">LE\u015aNICTWO stacj I&nbsp;st I&nbsp;r (v5)<\/a><\/td>\n<td style=\"width: 8.59375%;height: 91px\"><a href=\"https:\/\/up.lublin.pl\/agrobio\/wp-content\/uploads\/sites\/2\/2022\/03\/LESNICTWO-stacj-I-st-II-r-v5.pdf\">LE\u015aNICTWO stacj I&nbsp;st II r&nbsp;(v5)<\/a><\/td>\n<td style=\"width: 9.63542%;height: 91px\">&#8211;<\/td>\n<td style=\"width: 8.33333%;height: 91px\">&#8211;<\/td>\n<\/tr>\n<tr style=\"height: 186px\">\n<td style=\"width: 60.6771%;height: 186px\">niestacjonarne I&nbsp;stopnia<\/td>\n<td style=\"width: 9.11458%;height: 186px\"><a href=\"https:\/\/up.lublin.pl\/agrobio\/wp-content\/uploads\/sites\/2\/2022\/03\/LESNICTWO-niest-I-st-I-r-v3.pdf\">LE\u015aNICTWO niest I&nbsp;st I&nbsp;r (v3)<\/a><\/td>\n<td style=\"width: 8.59375%;height: 186px\"><a href=\"https:\/\/up.lublin.pl\/agrobio\/wp-content\/uploads\/sites\/2\/2022\/02\/LESNICTWO-niest-I-st-II-r-v2.pdf\">LE\u015aNICTWO niest I&nbsp;st II r&nbsp;(v2)<\/a><\/td>\n<td style=\"width: 9.63542%;height: 186px\">&#8211;<\/td>\n<td style=\"width: 8.33333%;height: 186px\">\n<p>GL<\/p>\n<p><a href=\"https:\/\/up.lublin.pl\/agrobio\/wp-content\/uploads\/sites\/2\/2022\/02\/LESNICTWO-GL-niest-I-st-IV-r-v2.pdf\">LE\u015aNICTWO (GL) niest I&nbsp;st IV r&nbsp;(v2)<\/a><\/p>\n<p>G\u0141<\/p>\n<p><a href=\"https:\/\/up.lublin.pl\/agrobio\/wp-content\/uploads\/sites\/2\/2022\/02\/LESNICTWO-GLOW-niest-I-st-IV-r-v2.pdf\">LE\u015aNICTWO (GLOW) niest I&nbsp;st IV r&nbsp;(v2)<\/a><\/p>\n<\/td>\n<\/tr>\n<tr style=\"height: 23px\">\n<td style=\"width: 96.3542%;height: 23px\" colspan=\"5\">\u00a0<\/td>\n<\/tr>\n<tr style=\"height: 23px\">\n<td style=\"width: 60.6771%;height: 23px\"><strong>AGROBIZNES<\/strong><\/td>\n<td style=\"width: 9.11458%;height: 23px\"><strong>I<\/strong><\/td>\n<td style=\"width: 8.59375%;height: 23px\">II<\/td>\n<td style=\"width: 9.63542%;height: 23px\">III<\/td>\n<td style=\"width: 8.33333%;height: 23px\">IV<\/td>\n<\/tr>\n<tr style=\"height: 40px\">\n<td style=\"width: 60.6771%;height: 40px\">stacjonarne I&nbsp;stopnia<\/td>\n<td style=\"width: 9.11458%;height: 40px\"><a href=\"https:\/\/up.lublin.pl\/agrobio\/wp-content\/uploads\/sites\/2\/2022\/03\/AGROBIZNES-stacj-i-st-I-r-v6.pdf\">AGROBIZNES stacj i&nbsp;st I&nbsp;r (v6)<\/a><\/td>\n<td style=\"width: 8.59375%;height: 40px\"><a href=\"https:\/\/up.lublin.pl\/agrobio\/wp-content\/uploads\/sites\/2\/2022\/03\/AGROBIZNES-stacj-I-st-II-r-v5.pdf\">AGROBIZNES stacj I&nbsp;st II r&nbsp;(v5)<\/a><\/td>\n<td style=\"width: 9.63542%;height: 40px\">&#8211;<\/td>\n<td style=\"width: 8.33333%;height: 40px\">&#8211;<\/td>\n<\/tr>\n<tr style=\"height: 23px\">\n<td style=\"width: 60.6771%;height: 23px\">stacjonarne II stopnia<\/td>\n<td style=\"width: 9.11458%;height: 23px\">&#8211;<\/td>\n<td style=\"width: 8.59375%;height: 23px\">&#8211;<\/td>\n<td style=\"width: 9.63542%;height: 23px\">&#8211;<\/td>\n<td style=\"width: 8.33333%;height: 23px\">&#8211;<\/td>\n<\/tr>\n<tr style=\"height: 23px\">\n<td style=\"width: 96.3542%;height: 23px\" colspan=\"5\">\u00a0<\/td>\n<\/tr>\n<tr style=\"height: 23px\">\n<td style=\"width: 60.6771%;height: 23px\"><strong>BIOIN\u017bYNIERIA<\/strong><\/td>\n<td style=\"width: 9.11458%;height: 23px\"><strong>I<\/strong><\/td>\n<td style=\"width: 8.59375%;height: 23px\">II<\/td>\n<td style=\"width: 9.63542%;height: 23px\">III<\/td>\n<td style=\"width: 8.33333%;height: 23px\">IV<\/td>\n<\/tr>\n<tr style=\"height: 40px\">\n<td style=\"width: 60.6771%;height: 40px\">stacjonarne I&nbsp;stopnia<\/td>\n<td style=\"width: 9.11458%;height: 40px\"><a href=\"https:\/\/up.lublin.pl\/agrobio\/wp-content\/uploads\/sites\/2\/2022\/04\/BIOINZYNIERIA-stacj-I-st-I-r-v6.pdf\">BIOIN\u017bYNIERIA stacj I&nbsp;st I&nbsp;r (v6)<\/a>\u00a0\u00a0\u00a0\u00a0<\/td>\n<td style=\"width: 8.59375%;height: 40px\"><a href=\"https:\/\/up.lublin.pl\/agrobio\/wp-content\/uploads\/sites\/2\/2022\/03\/BIOINZYNIERIA-stacj-I-st-II-r-v4.pdf\">BIOIN\u017bYNIERIA stacj I&nbsp;st II r&nbsp;(v4)<\/a><\/td>\n<td style=\"width: 9.63542%;height: 40px\"><a href=\"https:\/\/up.lublin.pl\/agrobio\/wp-content\/uploads\/sites\/2\/2022\/01\/BIOINZYNIERIA-stacj-I-st-III-r.pdf\">BIOIN\u017bYNIERIA stacj I&nbsp;st III r<\/a><\/td>\n<td style=\"width: 8.33333%;height: 40px\">&#8211;<\/td>\n<\/tr>\n<tr style=\"height: 40px\">\n<td style=\"width: 60.6771%;height: 40px\">stacjonarne II stopnia<\/td>\n<td style=\"width: 9.11458%;height: 40px\"><a href=\"https:\/\/up.lublin.pl\/agrobio\/wp-content\/uploads\/sites\/2\/2022\/03\/BIOINZYNIERIA-stacj-II-st-I-r-v3.pdf\">BIOIN\u017bYNIERIA stacj II st I&nbsp;r (v3)<\/a><\/td>\n<td style=\"width: 8.59375%;height: 40px\"><a href=\"https:\/\/up.lublin.pl\/agrobio\/wp-content\/uploads\/sites\/2\/2022\/03\/BIOINZYNIERIA-stacj-II-st-II-r-v5.pdf\">BIOIN\u017bYNIERIA stacj II st II r&nbsp;(v5)<\/a><\/td>\n<td style=\"width: 9.63542%;height: 40px\">&#8211;<\/td>\n<td style=\"width: 8.33333%;height: 40px\">&#8211;<\/td>\n<\/tr>\n<tr style=\"height: 23px\">\n<td style=\"width: 96.3542%;height: 23px\" colspan=\"5\">\u00a0<\/td>\n<\/tr>\n<tr style=\"height: 23px\">\n<td style=\"width: 60.6771%;height: 23px\"><strong>AGROLE\u015aNICTWO<\/strong><\/td>\n<td style=\"width: 9.11458%;height: 23px\"><strong>I<\/strong><\/td>\n<td style=\"width: 8.59375%;height: 23px\">II<\/td>\n<td style=\"width: 9.63542%;height: 23px\">III<\/td>\n<td style=\"width: 8.33333%;height: 23px\">IV<\/td>\n<\/tr>\n<tr style=\"height: 40px\">\n<td style=\"width: 60.6771%;height: 40px\">stacjonarne II stopnia<\/td>\n<td style=\"width: 9.11458%;height: 40px\"><a href=\"https:\/\/up.lublin.pl\/agrobio\/wp-content\/uploads\/sites\/2\/2022\/03\/AGROLESNICTWO-stacj-II-st-I-r-v4.pdf\">AGROLESNICTWO stacj II st I&nbsp;r (v4)<\/a><\/td>\n<td style=\"width: 8.59375%;height: 40px\"><a href=\"https:\/\/up.lublin.pl\/agrobio\/wp-content\/uploads\/sites\/2\/2022\/02\/AGROLESNICTWO-stacj-II-st-II-r-v3.pdf\">AGROLE\u015aNICTWO stacj II st II r&nbsp;(v3)<\/a><\/td>\n<td style=\"width: 9.63542%;height: 40px\">&#8211;<\/td>\n<td style=\"width: 8.33333%;height: 40px\">&#8211;<\/td>\n<\/tr>\n<tr style=\"height: 23px\">\n<td style=\"width: 60.6771%;height: 23px\">niestacjonarne II stopnia<\/td>\n<td style=\"width: 9.11458%;height: 23px\"><strong>&#8211;<\/strong><\/td>\n<td style=\"width: 8.59375%;height: 23px\"><a href=\"https:\/\/up.lublin.pl\/agrobio\/wp-content\/uploads\/sites\/2\/2022\/03\/AGROLESNICTWO-niest-II-st-II-r-v2.pdf\">AGROLE\u015aNICTWO niest II st II r&nbsp;(v2)<\/a><\/td>\n<td style=\"width: 9.63542%;height: 23px\">&#8211;<\/td>\n<td style=\"width: 8.33333%;height: 23px\">&#8211;<\/td>\n<\/tr>\n<tr style=\"height: 23px\">\n<td style=\"width: 96.3542%;height: 23px\" colspan=\"5\">\u00a0<\/td>\n<\/tr>\n<\/tbody>\n<\/table>\n<hr \/>\n<p>Przypominamy, \u017ce rozk\u0142ady i&nbsp;plany zaj\u0119\u0107 studenci mog\u0105 sprawdzi\u0107 loguj\u0105c si\u0119 do <a href=\"https:\/\/wd.up.lublin.pl\/\">Wirtualnego Dziekanatu<\/a><\/p>\n<hr \/>\n<p><em>W celu odczytania rozk\u0142ad\u00f3w wymagany jest darmowy program Acrobat Reader <\/em><em>do pobrania <a href=\"https:\/\/get.adobe.com\/pl\/reader\/\">pod tym adresem<\/a>.<\/em><\/p>\n                                                <\/div>\n                                            <\/li>\n                                        <\/ul>\n\t\t\t\t\t\t                                                        <ul class=\"mn-accordion\">\n                                            <li>\n                                                <h4 class=\"mn-accordion-title\">ROK AKADEMICKI 2021\/2022 - semestr zimowy<\/h4>\n                                                <div>\n\t\t\t\t\t\t\t\t\t                <table>\n<tbody>\n<tr>\n<td>Kierunek<\/td>\n<td colspan=\"4\">Rok<\/td>\n<\/tr>\n<tr>\n<td><strong>ROLNICTWO<\/strong><\/td>\n<td><strong>I<\/strong><\/td>\n<td>II<\/td>\n<td>III<\/td>\n<td>IV<\/td>\n<\/tr>\n<tr>\n<td>stacjonarne I&nbsp;stopnia<\/td>\n<td><strong> <a href=\"https:\/\/up.lublin.pl\/agrobio\/wp-content\/uploads\/sites\/2\/2021\/10\/ROLNICTWO-stacj-I-st-I-r-v6.pdf\">ROLNICTWO stacj I&nbsp;st I&nbsp;r (v6)<\/a><\/strong><\/td>\n<td><a href=\"https:\/\/up.lublin.pl\/agrobio\/wp-content\/uploads\/sites\/2\/2021\/10\/ROLNICTWO-stacj-I-st-II-r-v6.pdf\">ROLNICTWO stacj I&nbsp;st II r&nbsp;(v6)<\/a><\/td>\n<td><a href=\"https:\/\/up.lublin.pl\/agrobio\/wp-content\/uploads\/sites\/2\/2021\/10\/ROLNICTWO-stacj-I-st-III-r-v4.pdf\">ROLNICTWO stacj I&nbsp;st III r&nbsp;(v4)<\/a><\/td>\n<td><a href=\"https:\/\/up.lublin.pl\/agrobio\/wp-content\/uploads\/sites\/2\/2021\/10\/ROLNICTWO-stacj-I-st-IV-r-v3.pdf\">ROLNICTWO stacj I&nbsp;st IV r&nbsp;(v3)<\/a><\/td>\n<\/tr>\n<tr>\n<td>stacjonarne II stopnia<\/td>\n<td>&#8211;<\/td>\n<td><a href=\"https:\/\/up.lublin.pl\/agrobio\/wp-content\/uploads\/sites\/2\/2021\/09\/ROLNICTWO-stacj-II-st-II-r-v2.pdf\">ROLNICTWO stacj II st II r&nbsp;(v2)<\/a><\/td>\n<td>&#8211;<\/td>\n<td>&#8211;<\/td>\n<\/tr>\n<tr>\n<td>niestacjonarne I&nbsp;stopnia<\/td>\n<td><a href=\"https:\/\/up.lublin.pl\/agrobio\/wp-content\/uploads\/sites\/2\/2021\/10\/ROLNICTWO-niest-I-st-I-r-v3.pdf\">ROLNICTWO niest I&nbsp;st I&nbsp;r (v3)<\/a><\/td>\n<td><a href=\"https:\/\/up.lublin.pl\/agrobio\/wp-content\/uploads\/sites\/2\/2021\/09\/ROLNICTWO-niest-I-st-II-r.pdf\">ROLNICTWO niest I&nbsp;st II r<\/a><\/td>\n<td><a href=\"https:\/\/up.lublin.pl\/agrobio\/wp-content\/uploads\/sites\/2\/2021\/10\/ROLNICTWO-niest-I-st-III-r-v2.pdf\">ROLNICTWO niest I&nbsp;st III r&nbsp;(v2)<\/a><\/td>\n<td><a href=\"https:\/\/up.lublin.pl\/agrobio\/wp-content\/uploads\/sites\/2\/2021\/10\/ROLNICTWO-niest-I-st-IV-r-v2.pdf\">ROLNICTWO niest I&nbsp;st IV r&nbsp;(v2)<\/a><\/td>\n<\/tr>\n<tr>\n<td>niestacjonarne II stopnia<\/td>\n<td><a href=\"https:\/\/up.lublin.pl\/agrobio\/wp-content\/uploads\/sites\/2\/2021\/09\/ROLNICTWO-niest-II-st-I-r.pdf\">ROLNICTWO niest II st I&nbsp;r<\/a><\/td>\n<td><a href=\"https:\/\/up.lublin.pl\/agrobio\/wp-content\/uploads\/sites\/2\/2021\/09\/ROLNICTWO-niest-II-st-II-r.pdf\">ROLNICTWO niest II st II r<\/a><\/td>\n<td>&#8211;<\/td>\n<td>&#8211;<\/td>\n<\/tr>\n<tr>\n<td colspan=\"5\">\u00a0<\/td>\n<\/tr>\n<tr>\n<td><strong>EKONOMIA<\/strong><\/td>\n<td><strong>I<\/strong><\/td>\n<td>II<\/td>\n<td>III<\/td>\n<td>IV<\/td>\n<\/tr>\n<tr>\n<td>stacjonarne I&nbsp;stopnia<\/td>\n<td><a href=\"https:\/\/up.lublin.pl\/agrobio\/wp-content\/uploads\/sites\/2\/2021\/12\/EKONOMIA-stacj-I-st-I-r-v5.pdf\">EKONOMIA stacj I&nbsp;st I&nbsp;r (v5)<\/a><\/td>\n<td><a href=\"https:\/\/up.lublin.pl\/agrobio\/wp-content\/uploads\/sites\/2\/2021\/10\/EKONOMIA-stacj-I-st-II-r-v3.pdf\">EKONOMIA stacj I&nbsp;st II r&nbsp;(v3)<\/a><\/td>\n<td>&#8211;<\/td>\n<td>&#8211;<\/td>\n<\/tr>\n<tr>\n<td colspan=\"5\">\u00a0<\/td>\n<\/tr>\n<tr>\n<td><strong>TURYSTYKA I&nbsp;REKREACJA<\/strong><\/td>\n<td><strong>I<\/strong><\/td>\n<td>II<\/td>\n<td>III<\/td>\n<td>IV<\/td>\n<\/tr>\n<tr>\n<td>stacjonarne I&nbsp;stopnia<\/td>\n<td><a href=\"https:\/\/up.lublin.pl\/agrobio\/wp-content\/uploads\/sites\/2\/2021\/12\/TURYSTYKA-I-REKREACJA-stacj-I-st-I-r-v10.pdf\">TURYSTYKA I&nbsp;REKREACJA stacj I&nbsp;st I&nbsp;r (v10)<\/a><\/td>\n<td><a href=\"https:\/\/up.lublin.pl\/agrobio\/wp-content\/uploads\/sites\/2\/2021\/11\/TURYSTYKA-I-REKREACJA-stacj-I-st-II-r-v9.pdf\">TURYSTYKA I&nbsp;REKREACJA stacj I&nbsp;st II r&nbsp;(v9)<\/a><\/td>\n<td>\n<p>MIZ<\/p>\n<p><a href=\"https:\/\/up.lublin.pl\/agrobio\/wp-content\/uploads\/sites\/2\/2021\/09\/TURYSTYKA-I-REKREACJA-MIZ-stacj-I-st-III-r-v3.pdf\">TURYSTYKA I&nbsp;REKREACJA (MIZ) stacj I&nbsp;st III r&nbsp;(v3)<\/a><\/p>\n<p>ROB<\/p>\n<p><a href=\"https:\/\/up.lublin.pl\/agrobio\/wp-content\/uploads\/sites\/2\/2021\/11\/TURYSTYKA-I-REKREACJA-ROB-stacj-I-st-III-r-v8.pdf\">TURYSTYKA I&nbsp;REKREACJA (ROB) stacj I&nbsp;st III r&nbsp;(v8)<\/a><\/p>\n<\/td>\n<td>&#8211;<\/td>\n<\/tr>\n<tr>\n<td>stacjonarne II stopnia<\/td>\n<td>\n<p><strong>MZS<\/strong><\/p>\n<p><a href=\"https:\/\/up.lublin.pl\/agrobio\/wp-content\/uploads\/sites\/2\/2021\/11\/TURYSTYKA-I-REKREACJA-MZS-stacj-II-st-I-r-v6.pdf\">TURYSTYKA I&nbsp;REKREACJA (MZS) stacj II st I&nbsp;r (v6)<\/a><\/p>\n<\/td>\n<td>\n<p>GT<\/p>\n<p><a href=\"https:\/\/up.lublin.pl\/agrobio\/wp-content\/uploads\/sites\/2\/2021\/10\/TURYSTYKA-I-REKREACJA-GT-stacj-II-st-II-r-v5.pdf\">TURYSTYKA I&nbsp;REKREACJA (GT) stacj II st II r&nbsp;(v5)<\/a><\/p>\n<p>MZS<\/p>\n<p><a href=\"https:\/\/up.lublin.pl\/agrobio\/wp-content\/uploads\/sites\/2\/2021\/10\/TURYSTYKA-I-REKREACJA-MZS-stacj-II-st-II-r-v4.pdf\">TURYSTYKA I&nbsp;REKREACJA (MZS) stacj II st II r&nbsp;(v4)<\/a><\/p>\n<\/td>\n<td>&#8211;<\/td>\n<td>&#8211;<\/td>\n<\/tr>\n<tr>\n<td>niestacjonarne I&nbsp;stopnia<\/td>\n<td>&#8211;<\/td>\n<td>&#8211;<\/td>\n<td>\n<p>&#8211;<\/p>\n<\/td>\n<td>&#8211;<\/td>\n<\/tr>\n<tr>\n<td>niestacjonarne II stopnia<\/td>\n<td>\n<p><strong>GT<\/strong><\/p>\n<p><a href=\"https:\/\/up.lublin.pl\/agrobio\/wp-content\/uploads\/sites\/2\/2021\/10\/TURYSTYKA-I-REKREACJA-GT-niest-II-st-I-r-v3.pdf\">TURYSTYKA I&nbsp;REKREACJA (GT) niest II st I&nbsp;r (v3)<\/a><\/p>\n<\/td>\n<td>&#8211;<\/td>\n<td>\n<p>&#8211;<\/p>\n<\/td>\n<td>&#8211;<\/td>\n<\/tr>\n<tr>\n<td colspan=\"5\">\u00a0<\/td>\n<\/tr>\n<tr>\n<td><strong>GOSPODARKA PRZESTRZENNA<\/strong><\/td>\n<td><strong>I<\/strong><\/td>\n<td>II<\/td>\n<td>III<\/td>\n<td>IV<\/td>\n<\/tr>\n<tr>\n<td>stacjonarne I&nbsp;stopnia<\/td>\n<td><a href=\"https:\/\/up.lublin.pl\/agrobio\/wp-content\/uploads\/sites\/2\/2021\/10\/GOSPODARKA-PRZESTRZENNA-stacj-I-st-I-r-v5.pdf\">GOSPODARKA PRZESTRZENNA stacj I&nbsp;st I&nbsp;r (v5)<\/a><\/td>\n<td><a href=\"https:\/\/up.lublin.pl\/agrobio\/wp-content\/uploads\/sites\/2\/2021\/11\/GOSPODARKA-PRZESTRZENNA-stacj-I-st-II-r-v5.pdf\">GOSPODARKA PRZESTRZENNA stacj I&nbsp;st II r&nbsp;(v5)<\/a><\/td>\n<td><a href=\"https:\/\/up.lublin.pl\/agrobio\/wp-content\/uploads\/sites\/2\/2021\/11\/GOSPODARKA-PRZESTRZENNA-stacj-I-st-III-r-v6.pdf\">GOSPODARKA PRZESTRZENNA stacj I&nbsp;st III r&nbsp;(v6)<\/a><\/td>\n<td><a href=\"https:\/\/up.lublin.pl\/agrobio\/wp-content\/uploads\/sites\/2\/2021\/11\/GOSPODARKA-PRZESTRZENNA-stacj-I-st-IV-r-v5.pdf\">GOSPODARKA PRZESTRZENNA stacj I&nbsp;st IV r&nbsp;(v5)<\/a><\/td>\n<\/tr>\n<tr>\n<td>stacjonarne II stopnia<\/td>\n<td>&#8211;<\/td>\n<td><a href=\"https:\/\/up.lublin.pl\/agrobio\/wp-content\/uploads\/sites\/2\/2021\/10\/GOSPODARKA-PRZESTRZENNA-stacj-II-st-II-r-v8.pdf\">GOSPODARKA PRZESTRZENNA stacj II st II r&nbsp;(v8)<\/a><\/td>\n<td>&#8211;<\/td>\n<td>&#8211;<\/td>\n<\/tr>\n<tr>\n<td colspan=\"5\">\u00a0<\/td>\n<\/tr>\n<tr>\n<td><strong>LE\u015aNICTWO<\/strong><\/td>\n<td><strong>I<\/strong><\/td>\n<td>II<\/td>\n<td>III<\/td>\n<td>IV<\/td>\n<\/tr>\n<tr>\n<td>stacjonarne I&nbsp;stopnia<\/td>\n<td><a href=\"https:\/\/up.lublin.pl\/agrobio\/wp-content\/uploads\/sites\/2\/2021\/10\/LESNICTWO-stacj-I-st-I-r-v8.pdf\">LE\u015aNICTWO stacj I&nbsp;st I&nbsp;r (v8)<\/a><\/td>\n<td><a href=\"https:\/\/up.lublin.pl\/agrobio\/wp-content\/uploads\/sites\/2\/2021\/10\/LESNICTWO-stacj-I-st-II-r-v3.pdf\">LE\u015aNICTWO stacj I&nbsp;st II r&nbsp;(v3)<\/a><\/td>\n<td>\n<p>GL<\/p>\n<p><a href=\"https:\/\/up.lublin.pl\/agrobio\/wp-content\/uploads\/sites\/2\/2021\/11\/LESNICTWO-GL-stacj-I-st-III-r-v4.pdf\">LE\u015aNICTWO (GL) stacj I&nbsp;st III r&nbsp;(v4)<\/a><\/p>\n<p>OZL<\/p>\n<p><a href=\"https:\/\/up.lublin.pl\/agrobio\/wp-content\/uploads\/sites\/2\/2021\/11\/LESNICTWO-OZL-stacj-I-st-III-r-v4.pdf\">LE\u015aNICTWO (OZL) stacj I&nbsp;st III r&nbsp;(v4)<\/a><\/p>\n<\/td>\n<td>\n<p>GL<\/p>\n<p><a href=\"https:\/\/up.lublin.pl\/agrobio\/wp-content\/uploads\/sites\/2\/2021\/11\/LESNICTWO-GL-stacj-I-st-IV-r-v4.pdf\">LE\u015aNICTWO (GL) stacj I&nbsp;st IV r&nbsp;(v4)<\/a><\/p>\n<p>OZL<\/p>\n<p><a href=\"https:\/\/up.lublin.pl\/agrobio\/wp-content\/uploads\/sites\/2\/2021\/11\/LESNICTWO-OZL-stacj-I-st-IV-r-v4.pdf\">LE\u015aNICTWO (OZL) stacj I&nbsp;st IV r&nbsp;(v4)<\/a><\/p>\n<\/td>\n<\/tr>\n<tr>\n<td>niestacjonarne I&nbsp;stopnia<\/td>\n<td><a href=\"https:\/\/up.lublin.pl\/agrobio\/wp-content\/uploads\/sites\/2\/2021\/12\/LESNICTWO-niest-I-st-I-r-v5.pdf\">LE\u015aNICTWO niest I&nbsp;st I&nbsp;r (v5)<\/a><\/td>\n<td><a href=\"https:\/\/up.lublin.pl\/agrobio\/wp-content\/uploads\/sites\/2\/2021\/10\/LESNICTWO-niest-I-st-II-r-v4.pdf\">LE\u015aNICTWO niest I&nbsp;st II r&nbsp;(v4)<\/a><\/td>\n<td><a href=\"https:\/\/up.lublin.pl\/agrobio\/wp-content\/uploads\/sites\/2\/2021\/09\/LESNICTWO-niest-I-st-III-r.pdf\">LE\u015aNICTWO niest I&nbsp;st III r<\/a><\/td>\n<td>\n<p>GL<\/p>\n<p><a href=\"https:\/\/up.lublin.pl\/agrobio\/wp-content\/uploads\/sites\/2\/2021\/10\/LESNICTWO-GL-niest-I-st-IV-r-v3.pdf\">LE\u015aNICTWO (GL) niest I&nbsp;st IV r&nbsp;(v3)<\/a><\/p>\n<p>G\u0141<\/p>\n<p><a href=\"https:\/\/up.lublin.pl\/agrobio\/wp-content\/uploads\/sites\/2\/2021\/10\/LESNICTWO-GLOW-niest-I-st-IV-r-v3.pdf\">LE\u015aNICTWO (GLOW) niest I&nbsp;st IV r&nbsp;(v3)<\/a><\/p>\n<\/td>\n<\/tr>\n<tr>\n<td colspan=\"5\">\u00a0<\/td>\n<\/tr>\n<tr>\n<td><strong>AGROBIZNES<\/strong><\/td>\n<td><strong>I<\/strong><\/td>\n<td>II<\/td>\n<td>III<\/td>\n<td>IV<\/td>\n<\/tr>\n<tr>\n<td>stacjonarne I&nbsp;stopnia<\/td>\n<td><a href=\"https:\/\/up.lublin.pl\/agrobio\/wp-content\/uploads\/sites\/2\/2021\/12\/AGROBIZNES-stacj-I-st-I-r-v7.pdf\">AGROBIZNES stacj I&nbsp;st I&nbsp;r (v7)<\/a><\/td>\n<td><a href=\"https:\/\/up.lublin.pl\/agrobio\/wp-content\/uploads\/sites\/2\/2021\/09\/AGROBIZNES-stacj-I-st-II-r-v2.pdf\">AGROBIZNES stacj I&nbsp;st II r&nbsp;(v2)<\/a><\/td>\n<td>&#8211;<\/td>\n<td>&#8211;<\/td>\n<\/tr>\n<tr>\n<td>stacjonarne II stopnia<\/td>\n<td>&#8211;<\/td>\n<td>&#8211;<\/td>\n<td>&#8211;<\/td>\n<td>&#8211;<\/td>\n<\/tr>\n<tr>\n<td colspan=\"5\">\u00a0<\/td>\n<\/tr>\n<tr>\n<td><strong>BIOIN\u017bYNIERIA<\/strong><\/td>\n<td><strong>I<\/strong><\/td>\n<td>II<\/td>\n<td>III<\/td>\n<td>IV<\/td>\n<\/tr>\n<tr>\n<td>stacjonarne I&nbsp;stopnia<\/td>\n<td><a href=\"https:\/\/up.lublin.pl\/agrobio\/wp-content\/uploads\/sites\/2\/2021\/10\/BIOINZYNIERIA-stacj-I-st-I-r-v5.pdf\">BIOIN\u017bYNIERIA stacj I&nbsp;st I&nbsp;r (v5)<\/a><\/td>\n<td><a href=\"https:\/\/up.lublin.pl\/agrobio\/wp-content\/uploads\/sites\/2\/2021\/09\/BIOINZYNIERIA-stacj-I-st-II-r-v2.pdf\">BIOIN\u017bYNIERIA stacj I&nbsp;st II r&nbsp;(v2)<\/a><\/td>\n<td><a href=\"https:\/\/up.lublin.pl\/agrobio\/wp-content\/uploads\/sites\/2\/2021\/11\/BIOINZYNIERIA-stacj-I-st-III-r-v5.pdf\">BIOIN\u017bYNIERIA stacj I&nbsp;st III r&nbsp;(v5)<\/a><\/td>\n<td><a href=\"https:\/\/up.lublin.pl\/agrobio\/wp-content\/uploads\/sites\/2\/2021\/10\/BIOINZYNIERIA-stacj-I-st-IV-r-v4.pdf\">BIOIN\u017bYNIERIA stacj I&nbsp;st IV r&nbsp;(v4)<\/a><\/td>\n<\/tr>\n<tr>\n<td>stacjonarne II stopnia<\/td>\n<td>&#8211;<\/td>\n<td><a href=\"https:\/\/up.lublin.pl\/agrobio\/wp-content\/uploads\/sites\/2\/2021\/11\/BIOINZYNIERIA-stacj-II-st-II-r-v8.pdf\">BIOIN\u017bYNIERIA stacj II st II r&nbsp;(v8)<\/a><\/td>\n<td>&#8211;<\/td>\n<td>&#8211;<\/td>\n<\/tr>\n<tr>\n<td colspan=\"5\">\u00a0<\/td>\n<\/tr>\n<tr>\n<td><strong>AGROLE\u015aNICTWO<\/strong><\/td>\n<td><strong>I<\/strong><\/td>\n<td>II<\/td>\n<td>III<\/td>\n<td>IV<\/td>\n<\/tr>\n<tr>\n<td>stacjonarne II stopnia<\/td>\n<td>\u00a0<\/td>\n<td><a href=\"https:\/\/up.lublin.pl\/agrobio\/wp-content\/uploads\/sites\/2\/2021\/09\/AGROLESNICTWO-stacj-II-st-II-r-v3.pdf\">AGROLE\u015aNICTWO stacj II st II r&nbsp;(v3)<\/a><\/td>\n<td>&#8211;<\/td>\n<td>&#8211;<\/td>\n<\/tr>\n<tr>\n<td>niestacjonarne II stopnia<\/td>\n<td>&#8211;<\/td>\n<td><a href=\"https:\/\/up.lublin.pl\/agrobio\/wp-content\/uploads\/sites\/2\/2021\/10\/AGROLESNICTWO-stacj-II-st-II-r-v4.pdf\">AGROLE\u015aNICTWO stacj II st II r&nbsp;(v4)<\/a><\/td>\n<td>&#8211;<\/td>\n<td>&#8211;<\/td>\n<\/tr>\n<tr>\n<td colspan=\"5\">\u00a0<\/td>\n<\/tr>\n<\/tbody>\n<\/table>\n<hr \/>\n<p>Przypominamy, \u017ce rozk\u0142ady i&nbsp;plany zaj\u0119\u0107 studenci mog\u0105 sprawdzi\u0107 loguj\u0105c si\u0119 do <a href=\"https:\/\/wd.up.lublin.pl\/\">Wirtualnego Dziekanatu<\/a><\/p>\n<hr \/>\n<p><em>W celu odczytania rozk\u0142ad\u00f3w wymagany jest darmowy program Acrobat Reader <\/em><em>do pobrania <a href=\"https:\/\/get.adobe.com\/pl\/reader\/\">pod tym adresem<\/a>.<\/em><\/p>\n                                                <\/div>\n                                            <\/li>\n                                        <\/ul>\n\t\t\t\t\t\t                                <\/div>\n\t\t\t\t                <div class=\"mn-content-block\">\n\t                                                        <div class=\"block-text\">\n\t                                        <p><strong>Rok akademicki 2026\/2027 (nab\u00f3r 2026\/2027)<\/strong><\/p>\n<table style=\"border-collapse: collapse;width: 105%;height: 649px\">\n<tbody>\n<tr style=\"height: 46px\">\n<th style=\"width: 23.2645%;vertical-align: middle;text-align: center;height: 46px\">Kierunek<\/th>\n<th style=\"width: 18.0113%;vertical-align: middle;text-align: center;height: 46px\">stacjonarne<br \/>I stopnia<\/th>\n<th style=\"width: 19.137%;vertical-align: middle;text-align: center;height: 46px\">stacjonarne<br \/>II stopnia<\/th>\n<th style=\"width: 18.9493%;vertical-align: middle;text-align: center;height: 46px\">niestacjonarne<br \/>I stopnia<\/th>\n<th style=\"width: 20.4503%;vertical-align: middle;text-align: center;height: 46px\">niestacjonarne<br \/>II stopnia<\/th>\n<\/tr>\n<tr style=\"height: 40px\">\n<td style=\"vertical-align: middle;width: 23.2645%;height: 40px\">ROLNICTWO<\/td>\n<td style=\"width: 18.0113%;text-align: center;height: 40px\">\u00a0<\/td>\n<td style=\"width: 19.137%;text-align: center;height: 40px\">\u00a0<\/td>\n<td style=\"width: 18.9493%;text-align: center;height: 40px\">\u00a0<\/td>\n<td style=\"width: 20.4503%;text-align: center;height: 40px\">\u00a0<\/td>\n<\/tr>\n<tr style=\"height: 69px\">\n<td style=\"vertical-align: middle;width: 23.2645%;height: 69px\">EKONOMIA (specjalno\u015b\u0107: handel)<\/td>\n<td style=\"width: 18.0113%;text-align: center;height: 69px\">\u00a0<\/td>\n<td style=\"width: 19.137%;text-align: center;height: 69px\">&#8211;<\/td>\n<td style=\"width: 18.9493%;text-align: center;height: 69px\">&#8211;<\/td>\n<td style=\"width: 20.4503%;text-align: center;height: 69px\">&#8211;<\/td>\n<\/tr>\n<tr style=\"height: 46px\">\n<td style=\"vertical-align: middle;width: 23.2645%;height: 46px\">TURYSTYKA I&nbsp;REKREACJA<\/td>\n<td style=\"width: 18.0113%;text-align: center;height: 46px\">\u00a0<\/td>\n<td style=\"width: 19.137%;text-align: center;height: 46px\">\u00a0<\/td>\n<td style=\"width: 18.9493%;text-align: center;height: 46px\">\u00a0<\/td>\n<td style=\"width: 20.4503%;text-align: center;height: 46px\">\u00a0<\/td>\n<\/tr>\n<tr style=\"height: 46px\">\n<td style=\"vertical-align: middle;width: 23.2645%;height: 46px\">GOSPODARKA PRZESTRZENNA<\/td>\n<td style=\"width: 18.0113%;text-align: center;height: 46px\">\u00a0<\/td>\n<td style=\"width: 19.137%;text-align: center;height: 46px\">\u00a0<\/td>\n<td style=\"width: 18.9493%;text-align: center;height: 46px\">\u00a0<\/td>\n<td style=\"width: 20.4503%;text-align: center;height: 46px\">\u00a0<\/td>\n<\/tr>\n<tr style=\"height: 40px\">\n<td style=\"vertical-align: middle;width: 23.2645%;height: 40px\">LE\u015aNICTWO<\/td>\n<td style=\"width: 18.0113%;text-align: center;height: 40px\">\u00a0<\/td>\n<td style=\"width: 19.137%;text-align: center;height: 40px\">&#8211;<\/td>\n<td style=\"width: 18.9493%;text-align: center;height: 40px\">\u00a0<\/td>\n<td style=\"width: 20.4503%;text-align: center;height: 40px\">&#8211;<\/td>\n<\/tr>\n<tr style=\"height: 40px\">\n<td style=\"vertical-align: middle;width: 23.2645%;height: 40px\">AGROBIZNES<\/td>\n<td style=\"width: 18.0113%;text-align: center;height: 40px\">\u00a0<\/td>\n<td style=\"width: 19.137%;text-align: center;height: 40px\">\u00a0<\/td>\n<td style=\"width: 18.9493%;text-align: center;height: 40px\">&#8211;<\/td>\n<td style=\"width: 20.4503%;text-align: center;height: 40px\">&#8211;<\/td>\n<\/tr>\n<tr style=\"height: 23px\">\n<td style=\"vertical-align: middle;width: 23.2645%;height: 23px\">BIOIN\u017bYNIERIA<\/td>\n<td style=\"width: 18.0113%;text-align: center;height: 23px\">\u00a0<\/td>\n<td style=\"width: 19.137%;text-align: center;height: 23px\">\u00a0<\/td>\n<td style=\"width: 18.9493%;text-align: center;height: 23px\">&#8211;<\/td>\n<td style=\"width: 20.4503%;text-align: center;height: 23px\">&#8211;<\/td>\n<\/tr>\n<tr style=\"height: 23px\">\n<td style=\"vertical-align: middle;width: 23.2645%;height: 23px\">AGROLE\u015aNICTWO<\/td>\n<td style=\"width: 18.0113%;text-align: center;height: 23px\">&#8211;<\/td>\n<td style=\"width: 19.137%;text-align: center;height: 23px\">\u00a0<\/td>\n<td style=\"width: 18.9493%;text-align: center;height: 23px\">&#8211;<\/td>\n<td style=\"width: 20.4503%;text-align: center;height: 23px\">\u00a0<\/td>\n<\/tr>\n<tr style=\"height: 23px\">\n<td style=\"vertical-align: middle;width: 23.2645%;height: 23px\">GLOBAL MANAGEMENT IN SMART AGRICULTURE<\/td>\n<td style=\"width: 18.0113%;text-align: center;height: 23px\">\u00a0<\/td>\n<td style=\"width: 19.137%;text-align: center;height: 23px\">&#8211;<\/td>\n<td style=\"width: 18.9493%;text-align: center;height: 23px\">&#8211;<\/td>\n<td style=\"width: 20.4503%;text-align: center;height: 23px\">&#8211;<\/td>\n<\/tr>\n<tr>\n<td style=\"vertical-align: middle;width: 23.2645%\">\n<p>HANDEL<br \/>ROLNO-SPO\u017bYWCZY<\/p>\n<\/td>\n<td style=\"width: 18.0113%;text-align: center\">&#8211;<\/td>\n<td style=\"width: 19.137%;text-align: center\"><a href=\"https:\/\/up.lublin.pl\/agrobio\/wp-content\/uploads\/sites\/2\/2026\/03\/Handel-rolno-spozywczy-st-II-st-2026_2027.pdf\">Handel rolno-spo\u017cywczy st II st 2026_2027<\/a><\/td>\n<td style=\"width: 18.9493%;text-align: center\">&#8211;<\/td>\n<td style=\"width: 20.4503%;text-align: center\"><a href=\"https:\/\/up.lublin.pl\/agrobio\/wp-content\/uploads\/sites\/2\/2026\/03\/Handel-rolno-spozywczy-niest-II-st-2026_2027.pdf\">Handel rolno-spo\u017cywczy niest II st 2026_2027<\/a><\/td>\n<\/tr>\n<\/tbody>\n<\/table>\n<p>v &#8211; oznacza wersj\u0119 pliku (v2, v3 itd.)<\/p>\n<p style=\"text-align: center\"><em>W celu odczytania plan\u00f3w wymagany jest darmowy program Acrobat Reader <\/em><em>do pobrania <a href=\"http:\/\/get.adobe.com\/reader\/?promoid=DAFYK\">na tej stronie<\/a>.<\/em><\/p>\n                                        <\/div>\n\t\t\t\t\t\t                                                        <ul class=\"mn-accordion\">\n                                            <li>\n                                                <h4 class=\"mn-accordion-title\">Rok akademicki 2025\/2026 (nab\u00f3r 2025\/2026)<\/h4>\n                                                <div>\n\t\t\t\t\t\t\t\t\t                <p><strong>Rok akademicki 2025\/2026 (nab\u00f3r 2025\/2026)<\/strong><\/p>\n<table style=\"border-collapse: collapse;width: 105%;height: 649px\">\n<tbody>\n<tr style=\"height: 46px\">\n<th style=\"width: 23.2645%;vertical-align: middle;text-align: center;height: 46px\">Kierunek<\/th>\n<th style=\"width: 18.0113%;vertical-align: middle;text-align: center;height: 46px\">stacjonarne<br \/>I stopnia<\/th>\n<th style=\"width: 19.137%;vertical-align: middle;text-align: center;height: 46px\">stacjonarne<br \/>II stopnia<\/th>\n<th style=\"width: 18.9493%;vertical-align: middle;text-align: center;height: 46px\">niestacjonarne<br \/>I stopnia<\/th>\n<th style=\"width: 20.4503%;vertical-align: middle;text-align: center;height: 46px\">niestacjonarne<br \/>II stopnia<\/th>\n<\/tr>\n<tr style=\"height: 40px\">\n<td style=\"vertical-align: middle;width: 23.2645%;height: 40px\">ROLNICTWO<\/td>\n<td style=\"width: 18.0113%;text-align: center;height: 40px\"><a href=\"https:\/\/up.lublin.pl\/agrobio\/wp-content\/uploads\/sites\/2\/2025\/08\/Rolnictwo-stacj-I-st-2025-2026.pdf\">Rolnictwo stacj I&nbsp;st 2025-2026<\/a><\/td>\n<td style=\"width: 19.137%;text-align: center;height: 40px\"><a href=\"https:\/\/up.lublin.pl\/agrobio\/wp-content\/uploads\/sites\/2\/2025\/07\/Rolnictwo-stacj-II-st-2025-2026.pdf\">Rolnictwo stacj II st 2025-2026<\/a><\/td>\n<td style=\"width: 18.9493%;text-align: center;height: 40px\"><a href=\"https:\/\/up.lublin.pl\/agrobio\/wp-content\/uploads\/sites\/2\/2025\/07\/Rolnictwo-niest-I-st-2025-2026.pdf\">Rolnictwo niest I&nbsp;st 2025-2026<\/a><\/td>\n<td style=\"width: 20.4503%;text-align: center;height: 40px\"><a href=\"https:\/\/up.lublin.pl\/agrobio\/wp-content\/uploads\/sites\/2\/2025\/07\/Rolnictwo-niest-II-st-2025-2026.pdf\">Rolnictwo niest II st 2025-2026<\/a><\/td>\n<\/tr>\n<tr style=\"height: 69px\">\n<td style=\"vertical-align: middle;width: 23.2645%;height: 69px\">EKONOMIA (specjalno\u015b\u0107: handel)<\/td>\n<td style=\"width: 18.0113%;text-align: center;height: 69px\"><a href=\"https:\/\/up.lublin.pl\/agrobio\/wp-content\/uploads\/sites\/2\/2025\/07\/Ekonomia-stacj-I-st-2025-2026.pdf\">Ekonomia stacj I&nbsp;st 2025-2026<\/a><\/td>\n<td style=\"width: 19.137%;text-align: center;height: 69px\">&#8211;<\/td>\n<td style=\"width: 18.9493%;text-align: center;height: 69px\">&#8211;<\/td>\n<td style=\"width: 20.4503%;text-align: center;height: 69px\">&#8211;<\/td>\n<\/tr>\n<tr style=\"height: 46px\">\n<td style=\"vertical-align: middle;width: 23.2645%;height: 46px\">TURYSTYKA I&nbsp;REKREACJA<\/td>\n<td style=\"width: 18.0113%;text-align: center;height: 46px\"><a href=\"https:\/\/up.lublin.pl\/agrobio\/wp-content\/uploads\/sites\/2\/2025\/07\/Turystyka-i-rekreacja-stacj-I-st-2025-2026.pdf\">Turystyka i&nbsp;rekreacja stacj I&nbsp;st 2025-2026<\/a><\/td>\n<td style=\"width: 19.137%;text-align: center;height: 46px\"><a href=\"https:\/\/up.lublin.pl\/agrobio\/wp-content\/uploads\/sites\/2\/2025\/07\/Turystyka-i-rekreacja-stacj-II-st-2025-2026.pdf\">Turystyka i&nbsp;rekreacja stacj II st 2025-2026<\/a><\/td>\n<td style=\"width: 18.9493%;text-align: center;height: 46px\"><a href=\"https:\/\/up.lublin.pl\/agrobio\/wp-content\/uploads\/sites\/2\/2025\/07\/Turystyka-i-rekreacja-niest-I-st-2025-2026.pdf\">Turystyka i&nbsp;rekreacja niest I&nbsp;st 2025-2026<\/a><\/td>\n<td style=\"width: 20.4503%;text-align: center;height: 46px\"><a href=\"https:\/\/up.lublin.pl\/agrobio\/wp-content\/uploads\/sites\/2\/2025\/07\/Turystyka-i-rekreacja-niest-II-st-2025-2026.pdf\">Turystyka i&nbsp;rekreacja niest II st 2025-2026<\/a><\/td>\n<\/tr>\n<tr style=\"height: 46px\">\n<td style=\"vertical-align: middle;width: 23.2645%;height: 46px\">GOSPODARKA PRZESTRZENNA<\/td>\n<td style=\"width: 18.0113%;text-align: center;height: 46px\"><a href=\"https:\/\/up.lublin.pl\/agrobio\/wp-content\/uploads\/sites\/2\/2025\/07\/Gospodarka-przestrzenna-stacj-I-st-2025-2026.pdf\">Gospodarka przestrzenna stacj I&nbsp;st 2025-2026<\/a><\/td>\n<td style=\"width: 19.137%;text-align: center;height: 46px\"><a href=\"https:\/\/up.lublin.pl\/agrobio\/wp-content\/uploads\/sites\/2\/2025\/07\/Gospodarka-przestrzenna-stacj-II-st-2025-2026.pdf\">Gospodarka przestrzenna stacj II st 2025-2026<\/a><\/td>\n<td style=\"width: 18.9493%;text-align: center;height: 46px\"><a href=\"https:\/\/up.lublin.pl\/agrobio\/wp-content\/uploads\/sites\/2\/2025\/07\/Gospodarka-przestrzenna-niest-I-st-2025-2026.pdf\">Gospodarka przestrzenna niest I&nbsp;st 2025-2026<\/a><\/td>\n<td style=\"width: 20.4503%;text-align: center;height: 46px\"><a href=\"https:\/\/up.lublin.pl\/agrobio\/wp-content\/uploads\/sites\/2\/2025\/07\/Gospodarka-przestrzenna-niest-II-st-2025-2026.pdf\">Gospodarka przestrzenna niest II st 2025-2026<\/a><\/td>\n<\/tr>\n<tr style=\"height: 40px\">\n<td style=\"vertical-align: middle;width: 23.2645%;height: 40px\">LE\u015aNICTWO<\/td>\n<td style=\"width: 18.0113%;text-align: center;height: 40px\"><a href=\"https:\/\/up.lublin.pl\/agrobio\/wp-content\/uploads\/sites\/2\/2025\/07\/Lesnictwo-stacj-I-st-2025-2026.pdf\">Le\u015bnictwo stacj I&nbsp;st 2025-2026<\/a><\/td>\n<td style=\"width: 19.137%;text-align: center;height: 40px\">&#8211;<\/td>\n<td style=\"width: 18.9493%;text-align: center;height: 40px\"><a href=\"https:\/\/up.lublin.pl\/agrobio\/wp-content\/uploads\/sites\/2\/2025\/07\/Lesnictwo-niest-I-st-2025-2026.pdf\">Lesnictwo niest I&nbsp;st 2025-2026<\/a><\/td>\n<td style=\"width: 20.4503%;text-align: center;height: 40px\">&#8211;<\/td>\n<\/tr>\n<tr style=\"height: 40px\">\n<td style=\"vertical-align: middle;width: 23.2645%;height: 40px\">AGROBIZNES<\/td>\n<td style=\"width: 18.0113%;text-align: center;height: 40px\"><a href=\"https:\/\/up.lublin.pl\/agrobio\/wp-content\/uploads\/sites\/2\/2025\/07\/Agrobiznes-stacj-I-st-2025-2026.pdf\">Agrobiznes stacj I&nbsp;st 2025-2026<\/a><\/td>\n<td style=\"width: 19.137%;text-align: center;height: 40px\"><a href=\"https:\/\/up.lublin.pl\/agrobio\/wp-content\/uploads\/sites\/2\/2025\/07\/Agrobiznes-stacj-II-st-2025-2026.pdf\">Agrobiznes stacj II st 2025-2026<\/a><\/td>\n<td style=\"width: 18.9493%;text-align: center;height: 40px\">&#8211;<\/td>\n<td style=\"width: 20.4503%;text-align: center;height: 40px\">&#8211;<\/td>\n<\/tr>\n<tr style=\"height: 23px\">\n<td style=\"vertical-align: middle;width: 23.2645%;height: 23px\">BIOIN\u017bYNIERIA<\/td>\n<td style=\"width: 18.0113%;text-align: center;height: 23px\"><a href=\"https:\/\/up.lublin.pl\/agrobio\/wp-content\/uploads\/sites\/2\/2026\/04\/Bioinzynieria-stacj-I-st-2025_2026.pdf\">Bioin\u017cynieria stacj I&nbsp;st 2025_2026<\/a><\/td>\n<td style=\"width: 19.137%;text-align: center;height: 23px\"><a href=\"https:\/\/up.lublin.pl\/agrobio\/wp-content\/uploads\/sites\/2\/2026\/04\/Bioinzynieria-stacj-II-st-2025_2026.pdf\">Bioin\u017cynieria stacj II st 2025_2026<\/a><\/td>\n<td style=\"width: 18.9493%;text-align: center;height: 23px\">&#8211;<\/td>\n<td style=\"width: 20.4503%;text-align: center;height: 23px\">&#8211;<\/td>\n<\/tr>\n<tr style=\"height: 23px\">\n<td style=\"vertical-align: middle;width: 23.2645%;height: 23px\">AGROLE\u015aNICTWO<\/td>\n<td style=\"width: 18.0113%;text-align: center;height: 23px\">&#8211;<\/td>\n<td style=\"width: 19.137%;text-align: center;height: 23px\"><a href=\"https:\/\/up.lublin.pl\/agrobio\/wp-content\/uploads\/sites\/2\/2025\/07\/Agrolesnictwo-stacj-II-st-2025-2026-1.pdf\">Agrolesnictwo stacj II st 2025-2026<\/a><\/td>\n<td style=\"width: 18.9493%;text-align: center;height: 23px\">&#8211;<\/td>\n<td style=\"width: 20.4503%;text-align: center;height: 23px\"><a href=\"https:\/\/up.lublin.pl\/agrobio\/wp-content\/uploads\/sites\/2\/2025\/07\/Agrolesnictwo-niest-II-st-2025-2026.pdf\">Agrolesnictwo niest II st 2025-2026<\/a><\/td>\n<\/tr>\n<tr style=\"height: 23px\">\n<td style=\"vertical-align: middle;width: 23.2645%;height: 23px\">GLOBAL MANAGEMENT IN SMART AGRICULTURE<\/td>\n<td style=\"width: 18.0113%;text-align: center;height: 23px\"><a href=\"https:\/\/up.lublin.pl\/agrobio\/wp-content\/uploads\/sites\/2\/2025\/07\/GLOBAL-MANAGEMENT-IN-SMART-AGRICULTURE-2025-2026.pdf\">GLOBAL MANAGEMENT IN SMART AGRICULTURE 2025-2026<\/a><\/td>\n<td style=\"width: 19.137%;text-align: center;height: 23px\">&#8211;<\/td>\n<td style=\"width: 18.9493%;text-align: center;height: 23px\">&#8211;<\/td>\n<td style=\"width: 20.4503%;text-align: center;height: 23px\">&#8211;<\/td>\n<\/tr>\n<\/tbody>\n<\/table>\n<p>v &#8211; oznacza wersj\u0119 pliku (v2, v3 itd.)<\/p>\n<p style=\"text-align: center\"><em>W celu odczytania plan\u00f3w wymagany jest darmowy program Acrobat Reader <\/em><em>do pobrania <a href=\"http:\/\/get.adobe.com\/reader\/?promoid=DAFYK\">na tej stronie<\/a>.<\/em><\/p>\n                                                <\/div>\n                                            <\/li>\n                                        <\/ul>\n\t\t\t\t\t\t                                                        <ul class=\"mn-accordion\">\n                                            <li>\n                                                <h4 class=\"mn-accordion-title\">Rok akademicki 2024\/2025 (nab\u00f3r 2024\/2025)<\/h4>\n                                                <div>\n\t\t\t\t\t\t\t\t\t                <p><strong>Rok akademicki 2024\/2025 (nab\u00f3r 2024\/2025)<\/strong><\/p>\n<table style=\"border-collapse: collapse;width: 105%;height: 649px\">\n<tbody>\n<tr style=\"height: 46px\">\n<th style=\"width: 23.2645%;vertical-align: middle;text-align: center;height: 46px\">Kierunek<\/th>\n<th style=\"width: 18.0113%;vertical-align: middle;text-align: center;height: 46px\">stacjonarne<br \/>I stopnia<\/th>\n<th style=\"width: 19.137%;vertical-align: middle;text-align: center;height: 46px\">stacjonarne<br \/>II stopnia<\/th>\n<th style=\"width: 18.9493%;vertical-align: middle;text-align: center;height: 46px\">niestacjonarne<br \/>I stopnia<\/th>\n<th style=\"width: 20.4503%;vertical-align: middle;text-align: center;height: 46px\">niestacjonarne<br \/>II stopnia<\/th>\n<\/tr>\n<tr style=\"height: 40px\">\n<td style=\"vertical-align: middle;width: 23.2645%;height: 40px\">ROLNICTWO<\/td>\n<td style=\"width: 18.0113%;text-align: center;height: 40px\"><a href=\"https:\/\/up.lublin.pl\/agrobio\/wp-content\/uploads\/sites\/2\/2025\/08\/Rolnictwo-stacj-I-st-2024-2025.pdf\">Rolnictwo stacj I&nbsp;st 2024-2025<\/a><\/td>\n<td style=\"width: 19.137%;text-align: center;height: 40px\"><a href=\"https:\/\/up.lublin.pl\/agrobio\/wp-content\/uploads\/sites\/2\/2024\/07\/Rolnictwo-stacj-II-st-2024_2025.pdf\">Rolnictwo stacj II st 2024_2025<\/a><\/td>\n<td style=\"width: 18.9493%;text-align: center;height: 40px\"><a href=\"https:\/\/up.lublin.pl\/agrobio\/wp-content\/uploads\/sites\/2\/2024\/07\/Rolnictwo-niest-I-st-2024_2025.pdf\">Rolnictwo niest I&nbsp;st 2024_2025<\/a><\/td>\n<td style=\"width: 20.4503%;text-align: center;height: 40px\"><a href=\"https:\/\/up.lublin.pl\/agrobio\/wp-content\/uploads\/sites\/2\/2024\/07\/Rolnictwo-niest-II-st-2024_2025.pdf\">Rolnictwo niest II st 2024_2025<\/a><\/td>\n<\/tr>\n<tr style=\"height: 69px\">\n<td style=\"vertical-align: middle;width: 23.2645%;height: 69px\">EKONOMIA (specjalno\u015b\u0107: handel)<\/td>\n<td style=\"width: 18.0113%;text-align: center;height: 69px\"><a href=\"https:\/\/up.lublin.pl\/agrobio\/wp-content\/uploads\/sites\/2\/2024\/07\/Ekonomia-stacj-I-st-2024_2025.pdf\">Ekonomia stacj I&nbsp;st 2024_2025<\/a><\/td>\n<td style=\"width: 19.137%;text-align: center;height: 69px\">&#8211;<\/td>\n<td style=\"width: 18.9493%;text-align: center;height: 69px\">&#8211;<\/td>\n<td style=\"width: 20.4503%;text-align: center;height: 69px\">&#8211;<\/td>\n<\/tr>\n<tr style=\"height: 46px\">\n<td style=\"vertical-align: middle;width: 23.2645%;height: 46px\">TURYSTYKA I&nbsp;REKREACJA<\/td>\n<td style=\"width: 18.0113%;text-align: center;height: 46px\"><a href=\"https:\/\/up.lublin.pl\/agrobio\/wp-content\/uploads\/sites\/2\/2024\/08\/Turystyka-i-rekreacja-stacj-I-st-2024_2025.pdf\">Turystyka i&nbsp;rekreacja stacj I&nbsp;st 2024_2025<\/a><\/td>\n<td style=\"width: 19.137%;text-align: center;height: 46px\"><a href=\"https:\/\/up.lublin.pl\/agrobio\/wp-content\/uploads\/sites\/2\/2024\/08\/Turystyka-i-rekreacja-stacj-II-st-2024_2025.pdf\">Turystyka i&nbsp;rekreacja stacj II st 2024_2025<\/a><\/td>\n<td style=\"width: 18.9493%;text-align: center;height: 46px\"><a href=\"https:\/\/up.lublin.pl\/agrobio\/wp-content\/uploads\/sites\/2\/2024\/08\/Turystyka-i-rekreacja-niest-I-st-2024_2025.pdf\">Turystyka i&nbsp;rekreacja niest I&nbsp;st 2024_2025<\/a><\/td>\n<td style=\"width: 20.4503%;text-align: center;height: 46px\"><a href=\"https:\/\/up.lublin.pl\/agrobio\/wp-content\/uploads\/sites\/2\/2024\/08\/Turystyka-i-rekreacja-niest-II-st-2024_2025.pdf\">Turystyka i&nbsp;rekreacja niest II st 2024_2025<\/a><\/td>\n<\/tr>\n<tr style=\"height: 46px\">\n<td style=\"vertical-align: middle;width: 23.2645%;height: 46px\">GOSPODARKA PRZESTRZENNA<\/td>\n<td style=\"width: 18.0113%;text-align: center;height: 46px\"><a href=\"https:\/\/up.lublin.pl\/agrobio\/wp-content\/uploads\/sites\/2\/2024\/10\/Gospodarka-przestrzenna-stacj-I-st-2024_2025-v2.pdf\">Gospodarka-przestrzenna-stacj-I-st-2024_2025 (v2)<\/a><\/td>\n<td style=\"width: 19.137%;text-align: center;height: 46px\"><a href=\"https:\/\/up.lublin.pl\/agrobio\/wp-content\/uploads\/sites\/2\/2024\/08\/Gospodarka-przestrzenna-stacj-II-st-2024_2025.pdf\">Gospodarka przestrzenna stacj II st 2024_2025<\/a><\/td>\n<td style=\"width: 18.9493%;text-align: center;height: 46px\"><a href=\"https:\/\/up.lublin.pl\/agrobio\/wp-content\/uploads\/sites\/2\/2024\/07\/Gospodarka-przestrzenna-niest-I-st-2024_2025.pdf\">Gospodarka przestrzenna niest I&nbsp;st 2024_2025<\/a><\/td>\n<td style=\"width: 20.4503%;text-align: center;height: 46px\"><a href=\"https:\/\/up.lublin.pl\/agrobio\/wp-content\/uploads\/sites\/2\/2024\/08\/Gospodarka-przestrzenna-niest-II-st-2024_2025.pdf\">Gospodarka przestrzenna niest II st 2024_2025<\/a><\/td>\n<\/tr>\n<tr style=\"height: 40px\">\n<td style=\"vertical-align: middle;width: 23.2645%;height: 40px\">LE\u015aNICTWO<\/td>\n<td style=\"width: 18.0113%;text-align: center;height: 40px\"><a href=\"https:\/\/up.lublin.pl\/agrobio\/wp-content\/uploads\/sites\/2\/2024\/07\/Lesnictwo-stacj-I-st-2024_2025.pdf\">Lesnictwo stacj I&nbsp;st 2024_2025<\/a><\/td>\n<td style=\"width: 19.137%;text-align: center;height: 40px\">&#8211;<\/td>\n<td style=\"width: 18.9493%;text-align: center;height: 40px\"><a href=\"https:\/\/up.lublin.pl\/agrobio\/wp-content\/uploads\/sites\/2\/2024\/07\/Lesnictwo-niest-I-st-2024_2025.pdf\">Lesnictwo niest I&nbsp;st 2024_2025<\/a><\/td>\n<td style=\"width: 20.4503%;text-align: center;height: 40px\">&#8211;<\/td>\n<\/tr>\n<tr style=\"height: 40px\">\n<td style=\"vertical-align: middle;width: 23.2645%;height: 40px\">AGROBIZNES<\/td>\n<td style=\"width: 18.0113%;text-align: center;height: 40px\"><a href=\"https:\/\/up.lublin.pl\/agrobio\/wp-content\/uploads\/sites\/2\/2025\/05\/Agrobiznes-stacj-I-st-2024_2025-v2.pdf\">Agrobiznes stacj I&nbsp;st 2024_2025 (v2)<\/a><\/td>\n<td style=\"width: 19.137%;text-align: center;height: 40px\"><a href=\"https:\/\/up.lublin.pl\/agrobio\/wp-content\/uploads\/sites\/2\/2024\/07\/Agrobiznes-stacj-II-st-2024_2025.pdf\">Agrobiznes stacj II st 2024_2025<\/a><\/td>\n<td style=\"width: 18.9493%;text-align: center;height: 40px\">&#8211;<\/td>\n<td style=\"width: 20.4503%;text-align: center;height: 40px\">&#8211;<\/td>\n<\/tr>\n<tr style=\"height: 23px\">\n<td style=\"vertical-align: middle;width: 23.2645%;height: 23px\">BIOIN\u017bYNIERIA<\/td>\n<td style=\"width: 18.0113%;text-align: center;height: 23px\"><a href=\"https:\/\/up.lublin.pl\/agrobio\/wp-content\/uploads\/sites\/2\/2024\/07\/Bioinzynieria-stacj-I-st-2024_2025.pdf\">Bioinzynieria stacj I&nbsp;st 2024_2025<\/a><\/td>\n<td style=\"width: 19.137%;text-align: center;height: 23px\"><a href=\"https:\/\/up.lublin.pl\/agrobio\/wp-content\/uploads\/sites\/2\/2024\/07\/Bioinzynieria-stacj-II-st-2024_2025.pdf\">Bioinzynieria stacj II st 2024_2025<\/a><\/td>\n<td style=\"width: 18.9493%;text-align: center;height: 23px\">&#8211;<\/td>\n<td style=\"width: 20.4503%;text-align: center;height: 23px\">&#8211;<\/td>\n<\/tr>\n<tr style=\"height: 23px\">\n<td style=\"vertical-align: middle;width: 23.2645%;height: 23px\">AGROLE\u015aNICTWO<\/td>\n<td style=\"width: 18.0113%;text-align: center;height: 23px\">&#8211;<\/td>\n<td style=\"width: 19.137%;text-align: center;height: 23px\"><a href=\"https:\/\/up.lublin.pl\/agrobio\/wp-content\/uploads\/sites\/2\/2024\/07\/Agrolesnictwo-stacj-II-st-2024_2025.pdf\">Agrolesnictwo stacj II st 2024_2025<\/a><\/td>\n<td style=\"width: 18.9493%;text-align: center;height: 23px\">&#8211;<\/td>\n<td style=\"width: 20.4503%;text-align: center;height: 23px\"><a href=\"https:\/\/up.lublin.pl\/agrobio\/wp-content\/uploads\/sites\/2\/2024\/07\/Agrolesnictwo-niest-II-st-2024_2025.pdf\">Agrolesnictwo niest II st 2024_2025<\/a><\/td>\n<\/tr>\n<tr style=\"height: 23px\">\n<td style=\"vertical-align: middle;width: 23.2645%;height: 23px\">AGRICULTURE<\/td>\n<td style=\"width: 18.0113%;text-align: center;height: 23px\">&#8211;<\/td>\n<td style=\"width: 19.137%;text-align: center;height: 23px\">\u00a0<\/td>\n<td style=\"width: 18.9493%;text-align: center;height: 23px\">&#8211;<\/td>\n<td style=\"width: 20.4503%;text-align: center;height: 23px\">&#8211;<\/td>\n<\/tr>\n<tr style=\"height: 46px\">\n<td style=\"vertical-align: middle;width: 23.2645%;height: 46px\">IN\u017bYNIERIA EKOLOGICZA<\/td>\n<td style=\"width: 18.0113%;text-align: center;height: 46px\"><a href=\"https:\/\/up.lublin.pl\/agrobio\/wp-content\/uploads\/sites\/2\/2024\/07\/Inzynieria-ekologiczna-stacj-I-st-2024_2025.pdf\">Inzynieria ekologiczna stacj I&nbsp;st 2024_2025<\/a><\/td>\n<td style=\"width: 19.137%;text-align: center;height: 46px\">&#8211;<\/td>\n<td style=\"width: 18.9493%;text-align: center;height: 46px\">&#8211;<\/td>\n<td style=\"width: 20.4503%;text-align: center;height: 46px\">&#8211;<\/td>\n<\/tr>\n<tr style=\"height: 46px\">\n<td style=\"vertical-align: middle;width: 23.2645%;height: 46px\">ZARZ\u0104DZANIE W&nbsp;BIOBIZNESIE<\/td>\n<td style=\"width: 18.0113%;text-align: center;height: 46px\">&#8211;<\/td>\n<td style=\"width: 19.137%;text-align: center;height: 46px\"><a href=\"https:\/\/up.lublin.pl\/agrobio\/wp-content\/uploads\/sites\/2\/2024\/07\/Zarzadzanie-w-biobiznesie-stacj-II-st-2024_2025.pdf\">Zarz\u0105dzanie w&nbsp;biobiznesie stacj II st 2024_2025<\/a><\/td>\n<td style=\"width: 18.9493%;text-align: center;height: 46px\">&#8211;<\/td>\n<td style=\"width: 20.4503%;text-align: center;height: 46px\">&#8211;<\/td>\n<\/tr>\n<\/tbody>\n<\/table>\n<p>v &#8211; oznacza wersj\u0119 pliku (v2, v3 itd.)<\/p>\n<p style=\"text-align: center\"><em>W celu odczytania plan\u00f3w wymagany jest darmowy program Acrobat Reader <\/em><em>do pobrania <a href=\"http:\/\/get.adobe.com\/reader\/?promoid=DAFYK\">na tej stronie<\/a>.<\/em><\/p>\n                                                <\/div>\n                                            <\/li>\n                                        <\/ul>\n\t\t\t\t\t\t                                                        <ul class=\"mn-accordion\">\n                                            <li>\n                                                <h4 class=\"mn-accordion-title\">Rok akademicki 2023\/2024 (nab\u00f3r 2023\/2024)<\/h4>\n                                                <div>\n\t\t\t\t\t\t\t\t\t                <p><strong>Rok akademicki 2023\/2024 (nab\u00f3r 2023\/2024)<\/strong><\/p>\n<table style=\"border-collapse: collapse;width: 105%;height: 649px\">\n<tbody>\n<tr style=\"height: 46px\">\n<th style=\"width: 23.2645%;vertical-align: middle;text-align: center;height: 46px\">Kierunek<\/th>\n<th style=\"width: 18.0113%;vertical-align: middle;text-align: center;height: 46px\">stacjonarne<br \/>I stopnia<\/th>\n<th style=\"width: 19.137%;vertical-align: middle;text-align: center;height: 46px\">stacjonarne<br \/>II stopnia<\/th>\n<th style=\"width: 18.9493%;vertical-align: middle;text-align: center;height: 46px\">niestacjonarne<br \/>I stopnia<\/th>\n<th style=\"width: 20.4503%;vertical-align: middle;text-align: center;height: 46px\">niestacjonarne<br \/>II stopnia<\/th>\n<\/tr>\n<tr style=\"height: 40px\">\n<td style=\"vertical-align: middle;width: 23.2645%;height: 40px\">ROLNICTWO<\/td>\n<td style=\"width: 18.0113%;text-align: center;height: 40px\"><a href=\"https:\/\/up.lublin.pl\/agrobio\/wp-content\/uploads\/sites\/2\/2023\/08\/Rolnictwo-stacj-I-st-2023_2024.pdf\">Rolnictwo stacj I&nbsp;st 2023_2024<\/a><\/td>\n<td style=\"width: 19.137%;text-align: center;height: 40px\"><a href=\"https:\/\/up.lublin.pl\/agrobio\/wp-content\/uploads\/sites\/2\/2023\/08\/Rolnictwo-stacj-II-st-2023_2024.pdf\">Rolnictwo stacj II st 2023_2024<\/a><\/td>\n<td style=\"width: 18.9493%;text-align: center;height: 40px\"><a href=\"https:\/\/up.lublin.pl\/agrobio\/wp-content\/uploads\/sites\/2\/2023\/08\/Rolnictwo-niest-I-st-2023_2024.pdf\">Rolnictwo niest I&nbsp;st 2023_2024<\/a><\/td>\n<td style=\"width: 20.4503%;text-align: center;height: 40px\"><a href=\"https:\/\/up.lublin.pl\/agrobio\/wp-content\/uploads\/sites\/2\/2023\/08\/Rolnictwo-niest-II-st-2023_2024.pdf\">Rolnictwo niest II st 2023_2024<\/a><\/td>\n<\/tr>\n<tr style=\"height: 69px\">\n<td style=\"vertical-align: middle;width: 23.2645%;height: 69px\">EKONOMIA (specjalno\u015b\u0107: handel)<\/td>\n<td style=\"width: 18.0113%;text-align: center;height: 69px\"><a href=\"https:\/\/up.lublin.pl\/agrobio\/wp-content\/uploads\/sites\/2\/2023\/08\/Ekonomia-stacj-I-st-2023_2024.pdf\">Ekonomia stacj I&nbsp;st 2023_2024<\/a><\/td>\n<td style=\"width: 19.137%;text-align: center;height: 69px\">&#8211;<\/td>\n<td style=\"width: 18.9493%;text-align: center;height: 69px\">&#8211;<\/td>\n<td style=\"width: 20.4503%;text-align: center;height: 69px\">&#8211;<\/td>\n<\/tr>\n<tr style=\"height: 46px\">\n<td style=\"vertical-align: middle;width: 23.2645%;height: 46px\">TURYSTYKA I&nbsp;REKREACJA<\/td>\n<td style=\"width: 18.0113%;text-align: center;height: 46px\"><a href=\"https:\/\/up.lublin.pl\/agrobio\/wp-content\/uploads\/sites\/2\/2024\/03\/Turystyka-i-rekreacja-stacj-I-st-2023_2024-v3.pdf\">Turystyka i&nbsp;rekreacja stacj I&nbsp;st 2023_2024 (v3)<\/a><\/td>\n<td style=\"width: 19.137%;text-align: center;height: 46px\"><a href=\"https:\/\/up.lublin.pl\/agrobio\/wp-content\/uploads\/sites\/2\/2023\/09\/Turystyka-i-rekreacja-stacj-II-st-2023_2024.pdf\">Turystyka i&nbsp;rekreacja stacj II st 2023_2024<\/a><\/td>\n<td style=\"width: 18.9493%;text-align: center;height: 46px\"><a href=\"https:\/\/up.lublin.pl\/agrobio\/wp-content\/uploads\/sites\/2\/2024\/03\/Turystyka-i-rekreacja-niest-I-st-2023_2024-v3.pdf\">Turystyka i&nbsp;rekreacja niest I&nbsp;st 2023_2024 (v3)<\/a><\/td>\n<td style=\"width: 20.4503%;text-align: center;height: 46px\"><a href=\"https:\/\/up.lublin.pl\/agrobio\/wp-content\/uploads\/sites\/2\/2023\/09\/Turystyka-i-rekreacja-niest-II-st-2023_2024.pdf\">Turystyka i&nbsp;rekreacja niest II st 2023_2024<\/a><\/td>\n<\/tr>\n<tr style=\"height: 46px\">\n<td style=\"vertical-align: middle;width: 23.2645%;height: 46px\">GOSPODARKA PRZESTRZENNA<\/td>\n<td style=\"width: 18.0113%;text-align: center;height: 46px\"><a href=\"https:\/\/up.lublin.pl\/agrobio\/wp-content\/uploads\/sites\/2\/2023\/09\/Gospodarka-przestrzenna-st-I-st2023_2024.pdf\">Gospodarka przestrzenna st I&nbsp;st2023_2024<\/a><\/td>\n<td style=\"width: 19.137%;text-align: center;height: 46px\"><a href=\"https:\/\/up.lublin.pl\/agrobio\/wp-content\/uploads\/sites\/2\/2023\/09\/Gospodarka-przestrzenna-st-II-st2023_2024.pdf\">Gospodarka przestrzenna st II st2023_2024<\/a><\/td>\n<td style=\"width: 18.9493%;text-align: center;height: 46px\"><a href=\"https:\/\/up.lublin.pl\/agrobio\/wp-content\/uploads\/sites\/2\/2023\/09\/Gospodarka-przestrzenna-niest-I-st-2023_2024.pdf\">Gospodarka przestrzenna niest I&nbsp;st 2023_2024<\/a><\/td>\n<td style=\"width: 20.4503%;text-align: center;height: 46px\"><a href=\"https:\/\/up.lublin.pl\/agrobio\/wp-content\/uploads\/sites\/2\/2023\/09\/Gospodarka-przestrzenna-niest-II-st-2023_2024.pdf\">Gospodarka przestrzenna niest II st 2023_2024<\/a><\/td>\n<\/tr>\n<tr style=\"height: 40px\">\n<td style=\"vertical-align: middle;width: 23.2645%;height: 40px\">LE\u015aNICTWO<\/td>\n<td style=\"width: 18.0113%;text-align: center;height: 40px\"><a href=\"https:\/\/up.lublin.pl\/agrobio\/wp-content\/uploads\/sites\/2\/2023\/11\/Lesnictwo-stacj-I-st-2023_2024-v2.pdf\">Le\u015bnictwo stacj I&nbsp;st 2023_2024 (v2)<\/a><\/td>\n<td style=\"width: 19.137%;text-align: center;height: 40px\">&#8211;<\/td>\n<td style=\"width: 18.9493%;text-align: center;height: 40px\"><a href=\"https:\/\/up.lublin.pl\/agrobio\/wp-content\/uploads\/sites\/2\/2023\/11\/Lesnictwo-niest-I-st-2023_2024-v3.pdf\">Le\u015bnictwo niest I&nbsp;st 2023_2024 (v3)<\/a><\/td>\n<td style=\"width: 20.4503%;text-align: center;height: 40px\">&#8211;<\/td>\n<\/tr>\n<tr style=\"height: 40px\">\n<td style=\"vertical-align: middle;width: 23.2645%;height: 40px\">AGROBIZNES<\/td>\n<td style=\"width: 18.0113%;text-align: center;height: 40px\"><a href=\"https:\/\/up.lublin.pl\/agrobio\/wp-content\/uploads\/sites\/2\/2023\/09\/Agrobiznes-stacj-I-st-2023_2024.pdf\">Agrobiznes stacj I&nbsp;st 2023_2024<\/a><\/td>\n<td style=\"width: 19.137%;text-align: center;height: 40px\"><a href=\"https:\/\/up.lublin.pl\/agrobio\/wp-content\/uploads\/sites\/2\/2023\/09\/Agrobiznes-stacj-II-st-2023_2024.pdf\">Agrobiznes stacj II st 2023_2024<\/a><\/td>\n<td style=\"width: 18.9493%;text-align: center;height: 40px\">&#8211;<\/td>\n<td style=\"width: 20.4503%;text-align: center;height: 40px\">&#8211;<\/td>\n<\/tr>\n<tr style=\"height: 23px\">\n<td style=\"vertical-align: middle;width: 23.2645%;height: 23px\">BIOIN\u017bYNIERIA<\/td>\n<td style=\"width: 18.0113%;text-align: center;height: 23px\"><a href=\"https:\/\/up.lublin.pl\/agrobio\/wp-content\/uploads\/sites\/2\/2023\/09\/Bioinzynieria-stacj-I-st-2023_2024.pdf\">Bioin\u017cynieria stacj I&nbsp;st 2023_2024<\/a><\/td>\n<td style=\"width: 19.137%;text-align: center;height: 23px\"><a href=\"https:\/\/up.lublin.pl\/agrobio\/wp-content\/uploads\/sites\/2\/2023\/09\/Bioinzynieria-stacj-II-st-2023_2024.pdf\">Bioin\u017cynieria stacj II st 2023_2024<\/a><\/td>\n<td style=\"width: 18.9493%;text-align: center;height: 23px\">&#8211;<\/td>\n<td style=\"width: 20.4503%;text-align: center;height: 23px\">&#8211;<\/td>\n<\/tr>\n<tr style=\"height: 23px\">\n<td style=\"vertical-align: middle;width: 23.2645%;height: 23px\">AGROLE\u015aNICTWO<\/td>\n<td style=\"width: 18.0113%;text-align: center;height: 23px\">&#8211;<\/td>\n<td style=\"width: 19.137%;text-align: center;height: 23px\"><a href=\"https:\/\/up.lublin.pl\/agrobio\/wp-content\/uploads\/sites\/2\/2023\/09\/Agrolesnictwo-stacj-II-st-2023_2024.pdf\">Agrole\u015bnictwo stacj II st 2023_2024<\/a><\/td>\n<td style=\"width: 18.9493%;text-align: center;height: 23px\">&#8211;<\/td>\n<td style=\"width: 20.4503%;text-align: center;height: 23px\"><a href=\"https:\/\/up.lublin.pl\/agrobio\/wp-content\/uploads\/sites\/2\/2023\/09\/Agrolesnictwo-niest-II-st-2023_2024.pdf\">Agrolesnictwo niest II st 2023_2024<\/a><\/td>\n<\/tr>\n<tr style=\"height: 69px\">\n<td style=\"vertical-align: middle;width: 23.2645%;height: 69px\">ANALITYKA \u015aRODOWISKOWA I&nbsp;PRZEMYS\u0141OWA<\/td>\n<td style=\"width: 18.0113%;text-align: center;height: 69px\"><a href=\"https:\/\/up.lublin.pl\/agrobio\/wp-content\/uploads\/sites\/2\/2023\/09\/Analityka-stacj-I-st-2023_2024.pdf\">Analityka stacj I&nbsp;st 2023_2024<\/a><\/td>\n<td style=\"width: 19.137%;text-align: center;height: 69px\">&#8211;<\/td>\n<td style=\"width: 18.9493%;text-align: center;height: 69px\"><a href=\"https:\/\/up.lublin.pl\/agrobio\/wp-content\/uploads\/sites\/2\/2023\/09\/Analityka-niest-I-st-2023_2024.pdf\">Analityka niest I&nbsp;st 2023_2024<\/a><\/td>\n<td style=\"width: 20.4503%;text-align: center;height: 69px\">&#8211;<\/td>\n<\/tr>\n<tr style=\"height: 69px\">\n<td style=\"vertical-align: middle;width: 23.2645%;height: 69px\">TECHNOLOGIA BIOSUROWC\u00d3W I&nbsp;BIOMATERIA\u0141\u00d3W<\/td>\n<td style=\"width: 18.0113%;text-align: center;height: 69px\">\u00a0<\/td>\n<td style=\"width: 19.137%;text-align: center;height: 69px\">&#8211;<\/td>\n<td style=\"width: 18.9493%;text-align: center;height: 69px\">&#8211;<\/td>\n<td style=\"width: 20.4503%;text-align: center;height: 69px\">&#8211;<\/td>\n<\/tr>\n<tr style=\"height: 23px\">\n<td style=\"vertical-align: middle;width: 23.2645%;height: 23px\">AGRICULTURE<\/td>\n<td style=\"width: 18.0113%;text-align: center;height: 23px\">&#8211;<\/td>\n<td style=\"width: 19.137%;text-align: center;height: 23px\">\u00a0<\/td>\n<td style=\"width: 18.9493%;text-align: center;height: 23px\">&#8211;<\/td>\n<td style=\"width: 20.4503%;text-align: center;height: 23px\">&#8211;<\/td>\n<\/tr>\n<tr style=\"height: 46px\">\n<td style=\"vertical-align: middle;width: 23.2645%;height: 46px\">IN\u017bYNIERIA EKOLOGICZA<\/td>\n<td style=\"width: 18.0113%;text-align: center;height: 46px\"><a href=\"https:\/\/up.lublin.pl\/agrobio\/wp-content\/uploads\/sites\/2\/2023\/09\/Inzynieria-ekologiczna-stacj-I-st-2023_2024.pdf\">In\u017cynieria ekologiczna stacj I&nbsp;st 2023_2024<\/a><\/td>\n<td style=\"width: 19.137%;text-align: center;height: 46px\">&#8211;<\/td>\n<td style=\"width: 18.9493%;text-align: center;height: 46px\">&#8211;<\/td>\n<td style=\"width: 20.4503%;text-align: center;height: 46px\">&#8211;<\/td>\n<\/tr>\n<tr style=\"height: 46px\">\n<td style=\"vertical-align: middle;width: 23.2645%;height: 46px\">ZARZ\u0104DZANIE W&nbsp;BIOBIZNESIE<\/td>\n<td style=\"width: 18.0113%;text-align: center;height: 46px\">&#8211;<\/td>\n<td style=\"width: 19.137%;text-align: center;height: 46px\"><a href=\"https:\/\/up.lublin.pl\/agrobio\/wp-content\/uploads\/sites\/2\/2023\/09\/Zarzadzanie-w-biobiznesie-stacj-II-st-2023_2024.pdf\">Zarz\u0105dzanie w&nbsp;biobiznesie stacj II st 2023_2024<\/a><\/td>\n<td style=\"width: 18.9493%;text-align: center;height: 46px\">&#8211;<\/td>\n<td style=\"width: 20.4503%;text-align: center;height: 46px\">&#8211;<\/td>\n<\/tr>\n<\/tbody>\n<\/table>\n<p>v &#8211; oznacza wersj\u0119 pliku (v2, v3 itd.)<\/p>\n<p style=\"text-align: center\"><em>W celu odczytania plan\u00f3w wymagany jest darmowy program Acrobat Reader <\/em><em>do pobrania <a href=\"http:\/\/get.adobe.com\/reader\/?promoid=DAFYK\">na tej stronie<\/a>.<\/em><\/p>\n                                                <\/div>\n                                            <\/li>\n                                        <\/ul>\n\t\t\t\t\t\t                                                        <ul class=\"mn-accordion\">\n                                            <li>\n                                                <h4 class=\"mn-accordion-title\">Rok akademicki 2022\/2023 (nab\u00f3r 2022\/2023)<\/h4>\n                                                <div>\n\t\t\t\t\t\t\t\t\t                <table>\n<tbody>\n<tr>\n<th>Kierunek<\/th>\n<th>stacjonarne<br \/>I stopnia<\/th>\n<th>stacjonarne<br \/>II stopnia<\/th>\n<th>niestacjonarne<br \/>I stopnia<\/th>\n<th>niestacjonarne<br \/>II stopnia<\/th>\n<\/tr>\n<tr>\n<td>ROLNICTWO<\/td>\n<td><a href=\"https:\/\/up.lublin.pl\/agrobio\/wp-content\/uploads\/sites\/2\/2022\/09\/Rolnictwo-stacj-I-st-2022_2023.pdf\">Rolnictwo stacj I&nbsp;st 2022_2023<\/a><\/td>\n<td><a href=\"https:\/\/up.lublin.pl\/agrobio\/wp-content\/uploads\/sites\/2\/2022\/09\/Rolnictwo-stacj-II-st-2022_2023.pdf\">Rolnictwo stacj II st 2022_2023<\/a><\/td>\n<td><a href=\"https:\/\/up.lublin.pl\/agrobio\/wp-content\/uploads\/sites\/2\/2022\/09\/Rolnictwo-niest-I-st-2022_2023.pdf\">Rolnictwo niest I&nbsp;st 2022_2023<\/a><\/td>\n<td><a href=\"https:\/\/up.lublin.pl\/agrobio\/wp-content\/uploads\/sites\/2\/2022\/09\/Rolnictwo-niest-II-st-2022_2023.pdf\">Rolnictwo niest II st 2022_2023<\/a><\/td>\n<\/tr>\n<tr>\n<td>EKONOMIA (specjalno\u015b\u0107: handel)<\/td>\n<td><a href=\"https:\/\/up.lublin.pl\/agrobio\/wp-content\/uploads\/sites\/2\/2022\/09\/Ekonomia-stacj-I-st-2022_2023-1.pdf\">Ekonomia stacj I&nbsp;st 2022_2023<\/a><\/td>\n<td>&#8211;<\/td>\n<td>&#8211;<\/td>\n<td>&#8211;<\/td>\n<\/tr>\n<tr>\n<td>TURYSTYKA I&nbsp;REKREACJA<\/td>\n<td><a href=\"https:\/\/up.lublin.pl\/agrobio\/wp-content\/uploads\/sites\/2\/2024\/03\/Turystyka-i-rekreacja-stacj-I-st-2022_2023-v3.pdf\">Turystyka i&nbsp;rekreacja stacj I&nbsp;st 2022_2023 (v3)<\/a><\/td>\n<td><a href=\"https:\/\/up.lublin.pl\/agrobio\/wp-content\/uploads\/sites\/2\/2022\/09\/Turystyka-i-rekreacja-stacj-II-st-2022_2023.pdf\">Turystyka i&nbsp;rekreacja stacj II st 2022_2023<\/a><\/td>\n<td><a href=\"https:\/\/up.lublin.pl\/agrobio\/wp-content\/uploads\/sites\/2\/2024\/03\/Turystyka-i-rekreacja-niest-I-st-2022_2023-v3.pdf\">Turystyka i&nbsp;rekreacja niest I&nbsp;st 2022_2023 (v3)<\/a><\/td>\n<td><a href=\"https:\/\/up.lublin.pl\/agrobio\/wp-content\/uploads\/sites\/2\/2022\/09\/Turystyka-i-rekreacja-niest-II-st-2022_2023.pdf\">Turystyka i&nbsp;rekreacja niest II st 2022_2023<\/a><\/td>\n<\/tr>\n<tr>\n<td>GOSPODARKA PRZESTRZENNA<\/td>\n<td><a href=\"https:\/\/up.lublin.pl\/agrobio\/wp-content\/uploads\/sites\/2\/2024\/04\/Gospodarka-przestrzenna-stacj-I-st-2022_2023-v2.pdf\">Gospodarka-przestrzenna-stacj-I-st-2022_2023 (v2)<\/a><\/td>\n<td><a href=\"https:\/\/up.lublin.pl\/agrobio\/wp-content\/uploads\/sites\/2\/2023\/10\/Gospodarka-Przestrzenna-stacj-II-st-2022_2023-v2.pdf\">Gospodarka Przestrzenna stacj II st 2022_2023 (v2)<\/a><\/td>\n<td><a href=\"https:\/\/up.lublin.pl\/agrobio\/wp-content\/uploads\/sites\/2\/2022\/09\/Gospodarka-przestrzenna-niest-I-st-2022_2023.pdf\">Gospodarka przestrzenna niest I&nbsp;st 2022_2023<\/a><\/td>\n<td><a href=\"https:\/\/up.lublin.pl\/agrobio\/wp-content\/uploads\/sites\/2\/2023\/03\/Gospodarka-przestrzenna-niest-II-st-2022_2023.pdf\">Gospodarka przestrzenna niest II st 2022_2023<\/a><\/td>\n<\/tr>\n<tr>\n<td>LE\u015aNICTWO<\/td>\n<td><a href=\"https:\/\/up.lublin.pl\/agrobio\/wp-content\/uploads\/sites\/2\/2022\/09\/Lesnictwo-stacj-I-st-2022_2023.pdf\">Le\u015bnictwo stacj I&nbsp;st 2022_2023<\/a><\/td>\n<td>&#8211;<\/td>\n<td><a href=\"https:\/\/up.lublin.pl\/agrobio\/wp-content\/uploads\/sites\/2\/2022\/09\/Lesnictwo-niest-I-st-2022_2023.pdf\">Le\u015bnictwo niest I&nbsp;st 2022_2023<\/a><\/td>\n<td>&#8211;<\/td>\n<\/tr>\n<tr>\n<td>AGROBIZNES<\/td>\n<td>\n<p><a href=\"https:\/\/up.lublin.pl\/agrobio\/wp-content\/uploads\/sites\/2\/2022\/09\/Agrobiznes-stacj-I-st-2022_2023.pdf\">Agrobiznes stacj I&nbsp;st 2022_2023<\/a><\/p>\n<\/td>\n<td>\n<p><a href=\"https:\/\/up.lublin.pl\/agrobio\/wp-content\/uploads\/sites\/2\/2022\/09\/Agrobiznes-stacj-II-st-2022_2023.pdf\">Agrobiznes stacj II st 2022_2023<\/a><\/p>\n<\/td>\n<td>&#8211;<\/td>\n<td>&#8211;<\/td>\n<\/tr>\n<tr>\n<td>BIOIN\u017bYNIERIA<\/td>\n<td>\n<p><a href=\"https:\/\/up.lublin.pl\/agrobio\/wp-content\/uploads\/sites\/2\/2022\/09\/Bioinzynieria-stacj-I-st-2022_2023.pdf\">Bioin\u017cynieria stacj I&nbsp;st 2022_2023<\/a><\/p>\n<\/td>\n<td>\n<p><a href=\"https:\/\/up.lublin.pl\/agrobio\/wp-content\/uploads\/sites\/2\/2023\/10\/Bioinzynieria-stacj-II-st-2022_2023-v2.pdf\">Bioin\u017cynieria stacj II st 2022_2023 (v2)<\/a><\/p>\n<\/td>\n<td>&#8211;<\/td>\n<td>&#8211;<\/td>\n<\/tr>\n<tr>\n<td>AGROLE\u015aNICTWO<\/td>\n<td>&#8211;<\/td>\n<td><a href=\"https:\/\/up.lublin.pl\/agrobio\/wp-content\/uploads\/sites\/2\/2023\/02\/Agrolesnictwo-stacj-II-st-2022_2023-v2.pdf\">Agrolesnictwo stacj II st 2022_2023 (v2)<\/a><\/td>\n<td>&#8211;<\/td>\n<td><a href=\"https:\/\/up.lublin.pl\/agrobio\/wp-content\/uploads\/sites\/2\/2023\/02\/Agrolesnictwo-niest-II-st-2022-2023-v2.pdf\">Agrole\u015bnictwo niest II st 2022-2023 (v2)<\/a><\/td>\n<\/tr>\n<tr>\n<td>ANALITYKA \u015aRODOWISKOWA I&nbsp;PRZEMYS\u0141OWA<\/td>\n<td>Analityka \u015brodowiskowa i&nbsp;przemys\u0142owa stacj I&nbsp;st<\/td>\n<td>&#8211;<\/td>\n<td>Analityka \u015brodowiskowa i&nbsp;przemys\u0142owa niest I&nbsp;st<\/td>\n<td>&#8211;<\/td>\n<\/tr>\n<tr>\n<td>BIOBIZNES<\/td>\n<td>&#8211;<\/td>\n<td>BIOBIZNES stacj II st<\/td>\n<td>&#8211;<\/td>\n<td>&#8211;<\/td>\n<\/tr>\n<tr>\n<td>TECHNOLOGIA BIOSUROWC\u00d3W I&nbsp;BIOMATERIA\u0141\u00d3W<\/td>\n<td>Technologia biosurowc\u00f3w i&nbsp;biomateria\u0142\u00f3w stacj I&nbsp;st<\/td>\n<td>&#8211;<\/td>\n<td>&#8211;<\/td>\n<td>&#8211;<\/td>\n<\/tr>\n<tr>\n<td>AGRICULTURE<\/td>\n<td>&#8211;<\/td>\n<td>AGRICULTURE second-cycle programme<\/td>\n<td>&#8211;<\/td>\n<td>&#8211;<\/td>\n<\/tr>\n<\/tbody>\n<\/table>\n<p>v &#8211; oznacza wersj\u0119 pliku (v2, v3 itd.)<\/p>\n<p><em>W celu odczytania plan\u00f3w wymagany jest darmowy program Acrobat Reader <\/em><em>do pobrania <a href=\"http:\/\/get.adobe.com\/reader\/?promoid=DAFYK\">na tej stronie<\/a>.<\/em><\/p>\n                                                <\/div>\n                                            <\/li>\n                                        <\/ul>\n\t\t\t\t\t\t                                                        <ul class=\"mn-accordion\">\n                                            <li>\n                                                <h4 class=\"mn-accordion-title\">Rok akademicki 2021\/2022 (nab\u00f3r 2021\/2022)<\/h4>\n                                                <div>\n\t\t\t\t\t\t\t\t\t                <table width=\"100%\">\n<tbody>\n<tr>\n<td>Kierunek<\/td>\n<td width=\"90\"><strong>stacjonarne<\/strong><br \/><strong>I stopnia<\/strong><\/td>\n<td width=\"90\">stacjonarne<br \/>II stopnia<\/td>\n<td width=\"90\">niestacjonarne<br \/>I stopnia<\/td>\n<td width=\"90\">niestacjonarne<br \/>II stopnia<\/td>\n<\/tr>\n<tr>\n<td>ROLNICTWO<\/td>\n<td><a href=\"https:\/\/up.lublin.pl\/agrobio\/wp-content\/uploads\/sites\/2\/2021\/07\/Rolnictwo-stacj-I-st.pdf\">Rolnictwo stacj I&nbsp;st<\/a><\/td>\n<td><a href=\"https:\/\/up.lublin.pl\/agrobio\/wp-content\/uploads\/sites\/2\/2021\/07\/Rolnictwo-stacj-II-st.pdf\">Rolnictwo stacj II st<\/a><\/td>\n<td><a href=\"https:\/\/up.lublin.pl\/agrobio\/wp-content\/uploads\/sites\/2\/2021\/07\/Rolnictwo-niest-I-st.pdf\">Rolnictwo niest I&nbsp;st<\/a><\/td>\n<td><a href=\"https:\/\/up.lublin.pl\/agrobio\/wp-content\/uploads\/sites\/2\/2021\/07\/Rolnictwo-niest-II-st.pdf\">Rolnictwo niest II st<\/a><\/td>\n<\/tr>\n<tr>\n<td>EKONOMIA (specjalno\u015b\u0107: handel)<\/td>\n<td><a href=\"https:\/\/up.lublin.pl\/agrobio\/wp-content\/uploads\/sites\/2\/2021\/06\/Ekonomia-stacj-I-st.pdf\">Ekonomia stacj I&nbsp;st<\/a><\/td>\n<td>&#8211;<\/td>\n<td>&#8211;<\/td>\n<td>&#8211;<\/td>\n<\/tr>\n<tr>\n<td>TURYSTYKA I&nbsp;REKREACJA<\/td>\n<td><a href=\"https:\/\/up.lublin.pl\/agrobio\/wp-content\/uploads\/sites\/2\/2021\/06\/Turystyka-i-rekreacja-stacj-I-st.pdf\">Turystyka i&nbsp;rekreacja stacj I&nbsp;st<\/a><\/td>\n<td><a href=\"https:\/\/up.lublin.pl\/agrobio\/wp-content\/uploads\/sites\/2\/2021\/06\/Turystyka-i-rekreacja-stacj-II-st.pdf\">Turystyka i&nbsp;rekreacja stacj II st<\/a><\/td>\n<td><a href=\"https:\/\/up.lublin.pl\/agrobio\/wp-content\/uploads\/sites\/2\/2021\/06\/Turystyka-i-rekreacja-niest-I-st.pdf\">Turystyka i&nbsp;rekreacja niest I&nbsp;st<\/a><\/td>\n<td><a href=\"https:\/\/up.lublin.pl\/agrobio\/wp-content\/uploads\/sites\/2\/2021\/06\/Turystyka-i-rekreacja-niest-II-st.pdf\">Turystyka i&nbsp;rekreacja niest II st<\/a><\/td>\n<\/tr>\n<tr>\n<td>GOSPODARKA PRZESTRZENNA<\/td>\n<td><a href=\"https:\/\/up.lublin.pl\/agrobio\/wp-content\/uploads\/sites\/2\/2021\/07\/Gospodarka-przestrzenna-stacj-I-st.pdf\">Gospodarka przestrzenna stacj I&nbsp;st<\/a><\/td>\n<td><a href=\"https:\/\/up.lublin.pl\/agrobio\/wp-content\/uploads\/sites\/2\/2021\/07\/Gospodarka-przestrzenna-stacj-II-st.pdf\">Gospodarka przestrzenna stacj II st<\/a><\/td>\n<td><a href=\"https:\/\/up.lublin.pl\/agrobio\/wp-content\/uploads\/sites\/2\/2021\/07\/Gospodarka-przestrzenna-niest-I-st.pdf\">Gospodarka przestrzenna niest I&nbsp;st<\/a><\/td>\n<td><a href=\"https:\/\/up.lublin.pl\/agrobio\/wp-content\/uploads\/sites\/2\/2021\/07\/Gospodarka-przestrzenna-niest-II-st.pdf\">Gospodarka przestrzenna niest II st<\/a><\/td>\n<\/tr>\n<tr>\n<td>LE\u015aNICTWO<\/td>\n<td><a href=\"https:\/\/up.lublin.pl\/agrobio\/wp-content\/uploads\/sites\/2\/2021\/07\/Lesnictwo-stacj-I-st.pdf\">Le\u015bnictwo stacj I&nbsp;st<\/a><\/td>\n<td>&#8211;<\/td>\n<td><a href=\"https:\/\/up.lublin.pl\/agrobio\/wp-content\/uploads\/sites\/2\/2021\/07\/Lesnictwo-niest-I-st.pdf\">Le\u015bnictwo niest I&nbsp;st<\/a><\/td>\n<td>&#8211;<\/td>\n<\/tr>\n<tr>\n<td>AGROBIZNES<\/td>\n<td>\n<p><a href=\"https:\/\/up.lublin.pl\/agrobio\/wp-content\/uploads\/sites\/2\/2021\/06\/Agrobiznes-stacj-I-st.pdf\">Agrobiznes stacj I&nbsp;st<\/a><\/p>\n<\/td>\n<td>\n<p><a href=\"https:\/\/up.lublin.pl\/agrobio\/wp-content\/uploads\/sites\/2\/2021\/06\/Agrobiznes-stacj-II-st.pdf\">Agrobiznes stacj II st<\/a><\/p>\n<\/td>\n<td>&#8211;<\/td>\n<td>&#8211;<\/td>\n<\/tr>\n<tr>\n<td>BIOIN\u017bYNIERIA<\/td>\n<td>\n<p><a href=\"https:\/\/up.lublin.pl\/agrobio\/wp-content\/uploads\/sites\/2\/2021\/10\/Bioinzynieria-stacj-I-st-1.pdf\">Bioin\u017cynieria stacj I&nbsp;st<\/a><\/p>\n<\/td>\n<td>\n<p><a href=\"https:\/\/up.lublin.pl\/agrobio\/wp-content\/uploads\/sites\/2\/2021\/06\/Bioinzynieria-stacj-II-st.pdf\">Bioin\u017cynieria stacj II st<\/a><\/p>\n<\/td>\n<td>&#8211;<\/td>\n<td>&#8211;<\/td>\n<\/tr>\n<tr>\n<td>AGROLE\u015aNICTWO<\/td>\n<td>&#8211;<\/td>\n<td><a href=\"https:\/\/up.lublin.pl\/agrobio\/wp-content\/uploads\/sites\/2\/2023\/02\/Agrolesnictwo-stacj-II-st-2021-2022-v2.pdf\">Agrole\u015bnictwo stacj II st 2021-2022 (v2)<\/a><\/td>\n<td>&#8211;<\/td>\n<td><a href=\"https:\/\/up.lublin.pl\/agrobio\/wp-content\/uploads\/sites\/2\/2023\/02\/Agrolesnictwo-niest-II-st-2021-2022-v2.pdf\">Agrole\u015bnictwo niest II st 2021-2022 (v2)<\/a><\/td>\n<\/tr>\n<tr>\n<td>ANALITYKA \u015aRODOWISKOWA I&nbsp;PRZEMYS\u0141OWA<\/td>\n<td><a href=\"https:\/\/up.lublin.pl\/agrobio\/wp-content\/uploads\/sites\/2\/2021\/06\/Analityka-srodowiskowa-i-przemyslowa-stacj-I-st.pdf\">Analityka \u015brodowiskowa i&nbsp;przemys\u0142owa stacj I&nbsp;st<\/a><\/td>\n<td>&#8211;<\/td>\n<td><a href=\"https:\/\/up.lublin.pl\/agrobio\/wp-content\/uploads\/sites\/2\/2021\/06\/Analityka-srodowiskowa-i-przemyslowa-niest-I-st.pdf\">Analityka \u015brodowiskowa i&nbsp;przemys\u0142owa niest I&nbsp;st<\/a><\/td>\n<td>&#8211;<\/td>\n<\/tr>\n<tr>\n<td>BIOBIZNES<\/td>\n<td>&#8211;<\/td>\n<td><a href=\"https:\/\/up.lublin.pl\/agrobio\/wp-content\/uploads\/sites\/2\/2021\/06\/BIOBIZNES-stacj-II-st.pdf\">BIOBIZNES stacj II st<\/a><\/td>\n<td>&#8211;<\/td>\n<td>&#8211;<\/td>\n<\/tr>\n<tr>\n<td>TECHNOLOGIA BIOSUROWC\u00d3W I&nbsp;BIOMATERIA\u0141\u00d3W<\/td>\n<td><a href=\"https:\/\/up.lublin.pl\/agrobio\/wp-content\/uploads\/sites\/2\/2021\/06\/Technologia-biosurowcow-i-biomaterialow-stacj-I-st.pdf\">Technologia biosurowc\u00f3w i&nbsp;biomateria\u0142\u00f3w stacj I&nbsp;st<\/a><\/td>\n<td>&#8211;<\/td>\n<td>&#8211;<\/td>\n<td>&#8211;<\/td>\n<\/tr>\n<tr>\n<td>AGRICULTURE<\/td>\n<td>&#8211;<\/td>\n<td><a href=\"https:\/\/up.lublin.pl\/agrobio\/wp-content\/uploads\/sites\/2\/2021\/07\/AGRICULTURE-second-cycle-programme.pdf\">AGRICULTURE second-cycle programme<\/a><\/td>\n<td>&#8211;<\/td>\n<td>&#8211;<\/td>\n<\/tr>\n<\/tbody>\n<\/table>\n<p>v &#8211; oznacza wersj\u0119 pliku (v2, v3 itd.)<\/p>\n<p><em>W celu odczytania plan\u00f3w wymagany jest darmowy program Acrobat Reader <\/em><em>do pobrania <a href=\"http:\/\/get.adobe.com\/reader\/?promoid=DAFYK\">na tej stronie<\/a>.<\/em><\/p>\n                                                <\/div>\n                                            <\/li>\n                                        <\/ul>\n\t\t\t\t\t\t                                                        <ul class=\"mn-accordion\">\n                                            <li>\n                                                <h4 class=\"mn-accordion-title\">Rok akademicki 2020\/2021 (nab\u00f3r 2020\/2021)<\/h4>\n                                                <div>\n\t\t\t\t\t\t\t\t\t                <table width=\"100%\">\n<tbody>\n<tr>\n<td>Kierunek<\/td>\n<td width=\"90\"><strong>stacjonarne<\/strong><br \/><strong>I stopnia<\/strong><\/td>\n<td width=\"90\">stacjonarne<br \/>II stopnia<\/td>\n<td width=\"90\">niestacjonarne<br \/>I stopnia<\/td>\n<td width=\"90\">niestacjonarne<br \/>II stopnia<\/td>\n<\/tr>\n<tr>\n<td rowspan=\"2\">ROLNICTWO<\/td>\n<\/tr>\n<tr>\n<td>\n<p><a href=\"\/files\/agrobio\/plany 2020-21\/I stopien\/rolnictwo_stacj_i_st.pdf\" target=\"_blank\" rel=\"noopener noreferrer\"><img src=\"http:\/\/www.up.lublin.pl\/files\/images\/navig\/acrobat_ico.gif\" alt=\"acrobat\" \/><\/a><\/p>\n<\/td>\n<td>\n<p><a href=\"\/files\/agrobio\/plany 2020-21\/II stopien\/rolnictow_stacj_ii_st.pdf\" target=\"_blank\" rel=\"noopener noreferrer\"><img src=\"http:\/\/www.up.lublin.pl\/files\/images\/navig\/acrobat_ico.gif\" alt=\"acrobat\" \/><\/a><\/p>\n<\/td>\n<td>\n<p><a href=\"\/files\/agrobio\/plany 2020-21\/I stopien\/rolnictwo_niest_i_st.pdf\" target=\"_blank\" rel=\"noopener noreferrer\"><img src=\"http:\/\/www.up.lublin.pl\/files\/images\/navig\/acrobat_ico.gif\" alt=\"acrobat\" \/><\/a><\/p>\n<\/td>\n<td>\n<p><a href=\"\/files\/agrobio\/plany 2020-21\/II stopien\/rolnictwo_niest_ii_st.pdf\" target=\"_blank\" rel=\"noopener noreferrer\"><img src=\"http:\/\/www.up.lublin.pl\/files\/images\/navig\/acrobat_ico.gif\" alt=\"acrobat\" \/><\/a><\/p>\n<\/td>\n<\/tr>\n<tr>\n<td>EKONOMIA (specjalno\u015b\u0107: handel)<\/td>\n<td><a href=\"https:\/\/up.lublin.pl\/agrobio\/wp-content\/uploads\/sites\/2\/2021\/04\/ekonomia_stacj_i_st_v2.pdf\" target=\"_blank\" rel=\"noopener noreferrer\"><img src=\"http:\/\/www.up.lublin.pl\/files\/images\/navig\/acrobat_ico.gif\" alt=\"acrobat\" \/><\/a><\/td>\n<td>&#8211;<\/td>\n<td><a href=\"http:\/\/www.up.lublin.pl\/2335\/#\"> &#8211; <\/a><\/td>\n<td><a href=\"http:\/\/www.up.lublin.pl\/2335\/#\"> &#8211; <br \/><\/a><\/td>\n<\/tr>\n<tr>\n<td>TURYSTYKA I&nbsp;REKREACJA<\/td>\n<td><a href=\"\/files\/agrobio\/plany 2020-21\/I stopien\/turystyka_i_rekreacja_stacj_i_st.pdf\" target=\"_blank\" rel=\"noopener noreferrer\"><img src=\"http:\/\/www.up.lublin.pl\/files\/images\/navig\/acrobat_ico.gif\" alt=\"acrobat\" \/><\/a><\/td>\n<td><a href=\"\/files\/agrobio\/plany 2020-21\/II stopien\/turystyka_i_rekreacja_stacj_ii_st.pdf\" target=\"_blank\" rel=\"noopener noreferrer\"><img src=\"http:\/\/www.up.lublin.pl\/files\/images\/navig\/acrobat_ico.gif\" alt=\"acrobat\" \/><\/a><\/td>\n<td><a href=\"\/files\/agrobio\/plany 2020-21\/I stopien\/turystyka_i_rekreacja_niest_i_st.pdf\" target=\"_blank\" rel=\"noopener noreferrer\"><img src=\"http:\/\/www.up.lublin.pl\/files\/images\/navig\/acrobat_ico.gif\" alt=\"acrobat\" \/><\/a><\/td>\n<td><a href=\"\/files\/agrobio\/plany 2020-21\/II stopien\/turystyka_i_rekreacja_niest_ii_st.pdf\" target=\"_blank\" rel=\"noopener noreferrer\"><img src=\"http:\/\/www.up.lublin.pl\/files\/images\/navig\/acrobat_ico.gif\" alt=\"acrobat\" \/><\/a><\/td>\n<\/tr>\n<tr>\n<td>GOSPODARKA PRZESTRZENNA<\/td>\n<td><a href=\"\/files\/agrobio\/plany 2020-21\/I stopien\/gospodarka_przestrzenna_stacj_i_st.pdf\" target=\"_blank\" rel=\"noopener noreferrer\"><img src=\"http:\/\/www.up.lublin.pl\/files\/images\/navig\/acrobat_ico.gif\" alt=\"acrobat\" \/><\/a><\/td>\n<td><a href=\"\/files\/agrobio\/plany 2020-21\/II stopien\/gospodarka_przestrzenna_stacj_ii_st.pdf\" target=\"_blank\" rel=\"noopener noreferrer\"><img src=\"http:\/\/www.up.lublin.pl\/files\/images\/navig\/acrobat_ico.gif\" alt=\"acrobat\" \/><\/a><\/td>\n<td><a href=\"\/files\/agrobio\/plany 2020-21\/I stopien\/gospodarka_przestrzenna_niest_i_st.pdf\" target=\"_blank\" rel=\"noopener noreferrer\"><img src=\"http:\/\/www.up.lublin.pl\/files\/images\/navig\/acrobat_ico.gif\" alt=\"acrobat\" \/><\/a><\/td>\n<td><a href=\"\/files\/agrobio\/plany 2020-21\/II stopien\/gospodarka_przestrzenna_niest_ii_st.pdf\" target=\"_blank\" rel=\"noopener noreferrer\"><img src=\"http:\/\/www.up.lublin.pl\/files\/images\/navig\/acrobat_ico.gif\" alt=\"acrobat\" \/><\/a><\/td>\n<\/tr>\n<tr>\n<td>LE\u015aNICTWO<\/td>\n<td>\n<p><a href=\"https:\/\/up.lublin.pl\/agrobio\/wp-content\/uploads\/sites\/2\/2021\/04\/Lesnictwo-stacj-I-st-v2.pdf\">Le\u015bnictwo stacj I&nbsp;st (v2)<\/a><\/p>\n<\/td>\n<td>&#8211;<\/td>\n<td>\n<p><a href=\"https:\/\/up.lublin.pl\/agrobio\/wp-content\/uploads\/sites\/2\/2023\/09\/Lesnictwo-niest-I-st-2020_2021-v3.pdf\">Le\u015bnictwo niest I&nbsp;st 2020_2021 (v3)<\/a><\/p>\n<\/td>\n<td>&#8211;<\/td>\n<\/tr>\n<tr>\n<td>AGROBIZNES<\/td>\n<td>\n<p><a href=\"\/files\/agrobio\/plany 2020-21\/I stopien\/agrobiznes_stacj_i_st.pdf\" target=\"_blank\" rel=\"noopener noreferrer\"><img src=\"http:\/\/www.up.lublin.pl\/files\/images\/navig\/acrobat_ico.gif\" alt=\"acrobat\" \/><\/a><\/p>\n<\/td>\n<td>\n<p><a href=\"\/files\/agrobio\/plany 2020-21\/II stopien\/agrobiznes_stacj_ii_st.pdf\" target=\"_blank\" rel=\"noopener noreferrer\"><img src=\"http:\/\/www.up.lublin.pl\/files\/images\/navig\/acrobat_ico.gif\" alt=\"acrobat\" \/><\/a><\/p>\n<\/td>\n<td>&#8211;<\/td>\n<td>&#8211;<\/td>\n<\/tr>\n<tr>\n<td>BIOIN\u017bYNIERIA<\/td>\n<td>\n<p><a href=\"\/files\/agrobio\/plany 2020-21\/I stopien\/bioinzynieria_stacj_i_st.pdf\" target=\"_blank\" rel=\"noopener noreferrer\"><img src=\"http:\/\/www.up.lublin.pl\/files\/images\/navig\/acrobat_ico.gif\" alt=\"acrobat\" \/><\/a><\/p>\n<\/td>\n<td>\n<p><a href=\"\/files\/agrobio\/plany 2020-21\/II stopien\/bioinzynieria_stacj_ii_st.pdf\" target=\"_blank\" rel=\"noopener noreferrer\"><img src=\"http:\/\/www.up.lublin.pl\/files\/images\/navig\/acrobat_ico.gif\" alt=\"acrobat\" \/><\/a><\/p>\n<\/td>\n<td>&#8211;<\/td>\n<td>&#8211;<\/td>\n<\/tr>\n<tr>\n<td>ZARZ\u0104DZANIE ZASOBAMI ZIEMI<\/td>\n<td><a href=\"\/files\/agrobio\/plany 2020-21\/I stopien\/zarzadzanie_zasobami_ziemi_stacj_i_st.pdf\" target=\"_blank\" rel=\"noopener noreferrer\"><img src=\"http:\/\/www.up.lublin.pl\/files\/images\/navig\/acrobat_ico.gif\" alt=\"acrobat\" \/><\/a><\/td>\n<td>&#8211;<\/td>\n<td><a href=\"\/files\/agrobio\/plany 2020-21\/I stopien\/zarzadzanie_zasobami_ziemi_niest_i_st.pdf\" target=\"_blank\" rel=\"noopener noreferrer\"><img src=\"http:\/\/www.up.lublin.pl\/files\/images\/navig\/acrobat_ico.gif\" alt=\"acrobat\" \/><\/a><\/td>\n<td>&#8211;<\/td>\n<\/tr>\n<tr>\n<td>AGROLE\u015aNICTWO<\/td>\n<td>&#8211;<\/td>\n<td><a href=\"https:\/\/up.lublin.pl\/agrobio\/wp-content\/uploads\/sites\/2\/2021\/04\/Agrolesnictwo-stacj-II-st-v2.pdf\">Agrole\u015bnictwo stacj II st (v2)<\/a><\/td>\n<td>&#8211;<\/td>\n<td><a href=\"\/files\/agrobio\/plany 2020-21\/II stopien\/agrolesnictwo_niest_ii_st_(v2).pdf\" target=\"_blank\" rel=\"noopener noreferrer\"><img src=\"http:\/\/www.up.lublin.pl\/files\/images\/navig\/acrobat_ico.gif\" alt=\"acrobat\" \/><\/a><\/td>\n<\/tr>\n<\/tbody>\n<\/table>\n<p>v &#8211; oznacza wersj\u0119 pliku (v2, v3 itd.)<\/p>\n<p><em>W celu odczytania plan\u00f3w wymagany jest darmowy program Acrobat Reader <\/em><em>do pobrania <a href=\"http:\/\/get.adobe.com\/reader\/?promoid=DAFYK\">na tej stronie<\/a>.<\/em><\/p>\n                                                <\/div>\n                                            <\/li>\n                                        <\/ul>\n\t\t\t\t\t\t                                                        <ul class=\"mn-accordion\">\n                                            <li>\n                                                <h4 class=\"mn-accordion-title\">Rok akademicki 2019\/2020 (nab\u00f3r 2019\/2020)<\/h4>\n                                                <div>\n\t\t\t\t\t\t\t\t\t                <table width=\"100%\">\n<tbody>\n<tr>\n<td>Kierunek<\/td>\n<td width=\"90\"><strong>stacjonarne<\/strong><br \/><strong>I stopnia<\/strong><\/td>\n<td width=\"90\">stacjonarne<br \/>II stopnia<\/td>\n<td width=\"90\">niestacjonarne<br \/>I stopnia<\/td>\n<td width=\"90\">niestacjonarne<br \/>II stopnia<\/td>\n<\/tr>\n<tr>\n<td rowspan=\"2\">ROLNICTWO<\/td>\n<\/tr>\n<tr>\n<td>\n<p><a href=\"https:\/\/up.lublin.pl\/agrobio\/wp-content\/uploads\/sites\/2\/2022\/10\/rolnictwo_stacj_i_st.pdf\">rolnictwo_stacj_i_st<\/a><\/p>\n<\/td>\n<td>\n<p><a href=\"https:\/\/up.lublin.pl\/agrobio\/wp-content\/uploads\/sites\/2\/2022\/10\/rolnictwo_stacj_ii_st.pdf\">rolnictwo_stacj_ii_st<\/a><\/p>\n<\/td>\n<td>\n<p><a href=\"https:\/\/up.lublin.pl\/agrobio\/wp-content\/uploads\/sites\/2\/2022\/10\/rolnictwo_niest_i_st.pdf\">rolnictwo_niest_i_st<\/a><\/p>\n<\/td>\n<td>\n<p><a href=\"https:\/\/up.lublin.pl\/agrobio\/wp-content\/uploads\/sites\/2\/2022\/10\/rolnictwo_niest_ii_st.pdf\">rolnictwo_niest_ii_st<\/a><\/p>\n<\/td>\n<\/tr>\n<tr>\n<td>TOWAROZNAWSTWO<\/td>\n<td>\n<p><a href=\"https:\/\/up.lublin.pl\/agrobio\/wp-content\/uploads\/sites\/2\/2022\/10\/towaroznawstwo_otioc_stacj_i_st.pdf\">towaroznawstwo_(otioc)_stacj_i_st<\/a>\u00a0OTiOC<\/p>\n<p><a href=\"https:\/\/up.lublin.pl\/agrobio\/wp-content\/uploads\/sites\/2\/2022\/10\/towaroznawstwo_zjtk_stacj_i_st.pdf\">towaroznawstwo_(zjtk)_stacj_i_st<\/a>\u00a0ZJTK<\/p>\n<p><a href=\"https:\/\/up.lublin.pl\/agrobio\/wp-content\/uploads\/sites\/2\/2022\/10\/towaroznawstwo_mpis_stacj_i_st.pdf\">towaroznawstwo_(mpis)_stacj_i_st<\/a>\u00a0MPiS<\/p>\n<\/td>\n<td>\n<p><a href=\"https:\/\/up.lublin.pl\/agrobio\/wp-content\/uploads\/sites\/2\/2022\/10\/towaroznawstwo_stacj_ii_st.pdf\">towaroznawstwo_stacj_ii_st<\/a>\u00a0OTiOC<\/p>\n<p><a href=\"https:\/\/up.lublin.pl\/agrobio\/wp-content\/uploads\/sites\/2\/2022\/10\/towaroznawstwo_stacj_ii_st.pdf\">towaroznawstwo_stacj_ii_st<\/a>\u00a0ZJTK<\/p>\n<p><a href=\"https:\/\/up.lublin.pl\/agrobio\/wp-content\/uploads\/sites\/2\/2022\/10\/towaroznawstwo_stacj_ii_st.pdf\">towaroznawstwo_stacj_ii_st<\/a>\u00a0LiMP<\/p>\n<\/td>\n<td>\n<p>&#8211;<\/p>\n<p>&#8211;<\/p>\n<p>&#8211;<\/p>\n<\/td>\n<td>\n<p><a href=\"https:\/\/up.lublin.pl\/agrobio\/wp-content\/uploads\/sites\/2\/2022\/10\/towaroznawstwo_niest_ii_st.pdf\">towaroznawstwo_niest_ii_st<\/a>\u00a0OTiOC<\/p>\n<p><a href=\"https:\/\/up.lublin.pl\/agrobio\/wp-content\/uploads\/sites\/2\/2022\/10\/towaroznawstwo_niest_ii_st.pdf\">towaroznawstwo_niest_ii_st<\/a>\u00a0ZJTK<\/p>\n<p><a href=\"https:\/\/up.lublin.pl\/agrobio\/wp-content\/uploads\/sites\/2\/2022\/10\/towaroznawstwo_niest_ii_st.pdf\">towaroznawstwo_niest_ii_st<\/a>\u00a0LiMP<\/p>\n<\/td>\n<\/tr>\n<tr>\n<td>EKONOMIA <\/td>\n<td><a href=\"https:\/\/up.lublin.pl\/agrobio\/wp-content\/uploads\/sites\/2\/2022\/10\/ekonomia_stacj_i_st_v3.pdf\">ekonomia_stacj_i_st_(v3)<\/a><\/td>\n<td>&#8211;<\/td>\n<td><a href=\"https:\/\/up.lublin.pl\/agrobio\/wp-content\/uploads\/sites\/2\/2022\/10\/ekonomia_niest_i_st.pdf\">ekonomia_niest_i_st<\/a><\/td>\n<td>&#8211;<\/td>\n<\/tr>\n<tr>\n<td>TURYSTYKA I&nbsp;REKREACJA<\/td>\n<td><a href=\"https:\/\/up.lublin.pl\/agrobio\/wp-content\/uploads\/sites\/2\/2022\/10\/turystyka_i_rekreacja_stacj_i_st.pdf\">turystyka_i_rekreacja_stacj_i_st<\/a><\/td>\n<td><a href=\"https:\/\/up.lublin.pl\/agrobio\/wp-content\/uploads\/sites\/2\/2022\/10\/turystyka_i_rekreaca_stacj_ii_st.pdf\">turystyka_i_rekreaca_stacj_ii_st<\/a><\/td>\n<td><a href=\"https:\/\/up.lublin.pl\/agrobio\/wp-content\/uploads\/sites\/2\/2022\/10\/turystyka_i_rekreacja_niest_i_st.pdf\">turystyka_i_rekreacja_niest_i_st<\/a><\/td>\n<td><a href=\"https:\/\/up.lublin.pl\/agrobio\/wp-content\/uploads\/sites\/2\/2022\/10\/turystyka_i_rekreacja_niest_ii_st.pdf\">turystyka_i_rekreacja_niest_ii_st<\/a><\/td>\n<\/tr>\n<tr>\n<td>GOSPODARKA PRZESTRZENNA<\/td>\n<td>\n<p><a href=\"https:\/\/up.lublin.pl\/agrobio\/wp-content\/uploads\/sites\/2\/2022\/10\/gospodarka_przestrzenna_stacj_i_st_v2.pdf\">gospodarka_przestrzenna_stacj_i_st_(v2)<\/a><\/p>\n<\/td>\n<td><a href=\"https:\/\/up.lublin.pl\/agrobio\/wp-content\/uploads\/sites\/2\/2022\/10\/gospodarka_przestrzenna_stacj_ii_st.pdf\">gospodarka_przestrzenna_stacj_ii_st<\/a><\/td>\n<td>\n<p><a href=\"https:\/\/up.lublin.pl\/agrobio\/wp-content\/uploads\/sites\/2\/2022\/10\/gospodarka_przestrzenna_niest_i_st.pdf\">gospodarka_przestrzenna_niest_i_st<\/a><\/p>\n<\/td>\n<td><a href=\"https:\/\/up.lublin.pl\/agrobio\/wp-content\/uploads\/sites\/2\/2022\/10\/gospodarka_przestrzenna_niest_ii_st.pdf\">gospodarka_przestrzenna_niest_ii_st<\/a><\/td>\n<\/tr>\n<tr>\n<td>LE\u015aNICTWO<\/td>\n<td>\n<p><a href=\"https:\/\/up.lublin.pl\/agrobio\/wp-content\/uploads\/sites\/2\/2022\/10\/lesnictwo_stacj_i_st.pdf\">lesnictwo_stacj_i_st<\/a><\/p>\n<\/td>\n<td>&#8211;<\/td>\n<td><a href=\"https:\/\/up.lublin.pl\/agrobio\/wp-content\/uploads\/sites\/2\/2022\/10\/lesnictwo_niest_i_st.pdf\">lesnictwo_niest_i_st<\/a><\/td>\n<td>&#8211;<\/td>\n<\/tr>\n<tr>\n<td>AGROBIZNES<\/td>\n<td>\n<p><a href=\"https:\/\/up.lublin.pl\/agrobio\/wp-content\/uploads\/sites\/2\/2022\/10\/agrobiznes_stacj_i_st.pdf\">agrobiznes_stacj_i_st<\/a><\/p>\n<\/td>\n<td>\n<p><a href=\"https:\/\/up.lublin.pl\/agrobio\/wp-content\/uploads\/sites\/2\/2022\/10\/agrobiznes_stacj_ii_st.pdf\">agrobiznes_stacj_ii_st<\/a><\/p>\n<\/td>\n<td>&#8211;<\/td>\n<td>&#8211;<\/td>\n<\/tr>\n<tr>\n<td>BIOIN\u017bYNIERIA<\/td>\n<td><a href=\"https:\/\/up.lublin.pl\/agrobio\/wp-content\/uploads\/sites\/2\/2022\/10\/bioinzynieria_stacj_i_st.pdf\">bioinzynieria_stacj_i_st<\/a><\/td>\n<td><a href=\"https:\/\/up.lublin.pl\/agrobio\/wp-content\/uploads\/sites\/2\/2022\/10\/bioinzynieria_stacj_ii_st.pdf\">bioinzynieria_stacj_ii_st<\/a><\/td>\n<td>&#8211;<\/td>\n<td>&#8211;<\/td>\n<\/tr>\n<tr>\n<td>ZARZ\u0104DZANIE ZASOBAMI ZIEMI<\/td>\n<td><a href=\"https:\/\/up.lublin.pl\/agrobio\/wp-content\/uploads\/sites\/2\/2022\/10\/zarzadzanie_zz_stacj_i_st.pdf\">zarzadzanie_zz_stacj_i_st<\/a><\/td>\n<td>&#8211;<\/td>\n<td><a href=\"https:\/\/up.lublin.pl\/agrobio\/wp-content\/uploads\/sites\/2\/2022\/10\/zarzadzanie_zz_niest_i_st.pdf\">zarzadzanie_zz_niest_i_st<\/a><\/td>\n<td>&#8211;<\/td>\n<\/tr>\n<\/tbody>\n<\/table>\n<p>v &#8211; oznacza wersj\u0119 pliku (v2, v3 itd.)<\/p>\n<p><em>W celu odczytania plan\u00f3w wymagany jest darmowy program Acrobat Reader <\/em><em>do pobrania <a href=\"http:\/\/get.adobe.com\/reader\/?promoid=DAFYK\">na tej stronie<\/a>.<\/em><\/p>\n                                                <\/div>\n                                            <\/li>\n                                        <\/ul>\n\t\t\t\t\t\t                                <\/div>\n\t\t\t\t                <div class=\"mn-content-block\">\n\t                                                        <ul class=\"mn-accordion\">\n                                            <li>\n                                                <h4 class=\"mn-accordion-title\">Agrobiznes<\/h4>\n                                                <div>\n\t\t\t\t\t\t\t\t\t                <p><strong><a href=\"https:\/\/up.lublin.pl\/agrobio\/wp-content\/uploads\/sites\/2\/2024\/02\/Agrobiznes-1-stopien-stacjonarne-modul.pdf\">Agrobiznes I&nbsp;stopie\u0144 (modu\u0142)<\/a><\/strong><\/p>\n<p><strong><a href=\"https:\/\/up.lublin.pl\/agrobio\/wp-content\/uploads\/sites\/2\/2024\/02\/Agrobiznes-2-stopien-stacjonarne-modul.pdf\">Agrobiznes II stopie\u0144 (modu\u0142)<\/a><\/strong><\/p>\n<p><strong><a href=\"https:\/\/up.lublin.pl\/agrobio\/wp-content\/uploads\/sites\/2\/2024\/02\/Karta-Kierunku_AGROBIZNES_I-stopien-stacjonarne-1.pdf\">Karta kierunku Agrobiznes I&nbsp;stopie\u0144<\/a><\/strong><\/p>\n<p><strong><a href=\"https:\/\/up.lublin.pl\/agrobio\/wp-content\/uploads\/sites\/2\/2024\/02\/Karta-Kierunku_Agrobiznes_II_stopien-stacjonarne-2.pdf\">Karta kierunku Agrobiznes II stopie\u0144<\/a><\/strong><\/p>\n<p><a href=\"https:\/\/up.lublin.pl\/agrobio\/wp-content\/uploads\/sites\/2\/2021\/01\/agrobiznes_uklad_pracy_dyplomowej_magisterskiej.pdf\"><strong>Uk\u0142ad pracy dyplomowej magisterskiej<\/strong><\/a><\/p>\n                                                <\/div>\n                                            <\/li>\n                                        <\/ul>\n\t\t\t\t\t\t                                                        <ul class=\"mn-accordion\">\n                                            <li>\n                                                <h4 class=\"mn-accordion-title\">Bioin\u017cynieria<\/h4>\n                                                <div>\n\t\t\t\t\t\t\t\t\t                <p><strong><a href=\"https:\/\/up.lublin.pl\/agrobio\/wp-content\/uploads\/sites\/2\/2025\/07\/Bioinzynieria-I-stopien-moduly.pdf\">Bioin\u017cynieria I&nbsp;stopie\u0144 (modu\u0142y)<\/a><\/strong><\/p>\n<p><a href=\"https:\/\/up.lublin.pl\/agrobio\/wp-content\/uploads\/sites\/2\/2025\/02\/Bioinzynieria-II-stopien-modul.pdf\"><strong><a href=\"https:\/\/up.lublin.pl\/agrobio\/wp-content\/uploads\/sites\/2\/2025\/07\/Bioinzynieria-II-stopien-moduly.pdf\">Bioin\u017cynieria II stopie\u0144 (modu\u0142y)<\/a><\/strong><\/a><\/p>\n<p><strong><a href=\"https:\/\/up.lublin.pl\/agrobio\/wp-content\/uploads\/sites\/2\/2025\/07\/Karta-kierunku-Bioinzynieria-I-stopien.pdf\">Karta kierunku Bioin\u017cynieria I&nbsp;stopie\u0144<\/a><\/strong><\/p>\n<p><strong><a href=\"https:\/\/up.lublin.pl\/agrobio\/wp-content\/uploads\/sites\/2\/2025\/07\/Karta-kierunku-Bioinzynieria-II-stopien.pdf\">Karta kierunku Bioin\u017cynieria II stopie\u0144<\/a><\/strong><\/p>\n<p><strong><a href=\"https:\/\/up.lublin.pl\/agrobio\/wp-content\/uploads\/sites\/2\/2021\/01\/wymogi_dotyczace_prac_magisterskich_na_kierunku_bioinzynieria-1.pdf\">Wymogi dotycz\u0105ce prac magisterskich<\/a><\/strong><\/p>\n<p><a href=\"https:\/\/up.lublin.pl\/agrobio\/wp-content\/uploads\/sites\/2\/2025\/07\/Program-indywidualnego-wsparcia-studentow-kierunku-Bioinzynieria.pdf\"><strong>Program indywidualnego wsparcia student\u00f3w kierunku Bioin\u017cynieria<\/strong><\/a><\/p>\n                                                <\/div>\n                                            <\/li>\n                                        <\/ul>\n\t\t\t\t\t\t                                                        <ul class=\"mn-accordion\">\n                                            <li>\n                                                <h4 class=\"mn-accordion-title\">Ekonomia<\/h4>\n                                                <div>\n\t\t\t\t\t\t\t\t\t                <p><a href=\"https:\/\/up.lublin.pl\/agrobio\/wp-content\/uploads\/sites\/2\/2024\/03\/Ekonomia_karta-kierunku.pdf\"><strong>Karta kierunku Ekonomia I&nbsp;stopie\u0144<\/strong><\/a><\/p>\n<p><strong><a href=\"https:\/\/up.lublin.pl\/bip\/wp-content\/uploads\/sites\/9\/2024\/03\/Ekonomia-2024-karty-opisu-zajec-sylabusy.pdf\">Modu\u0142 &#8211; Ekonomia<\/a><\/strong><\/p>\n                                                <\/div>\n                                            <\/li>\n                                        <\/ul>\n\t\t\t\t\t\t                                                        <ul class=\"mn-accordion\">\n                                            <li>\n                                                <h4 class=\"mn-accordion-title\">Gospodarka przestrzenna<\/h4>\n                                                <div>\n\t\t\t\t\t\t\t\t\t                <p><strong><a href=\"https:\/\/up.lublin.pl\/agrobio\/wp-content\/uploads\/sites\/2\/2024\/12\/2024_2025_Moduly_GP_S1.pdf\">Gospodarka przestrzenna I&nbsp;stopie\u0144 stacjonarne (modu\u0142)<\/a><\/strong><\/p>\n<p><strong><a href=\"https:\/\/up.lublin.pl\/agrobio\/wp-content\/uploads\/sites\/2\/2024\/12\/2024_2025_Moduly_GP_S2.pdf\">Gospodarka przestrzenna II stopie\u0144 stacjonarne (modu\u0142)<\/a><\/strong><\/p>\n<p><strong><a href=\"https:\/\/up.lublin.pl\/agrobio\/wp-content\/uploads\/sites\/2\/2024\/12\/2024_2025_Moduly_GP_N1.pdf\">Gospodarka przestrzenna I&nbsp;stopie\u0144 niestacjonarne (modu\u0142)<\/a><\/strong><\/p>\n<p><strong><a href=\"https:\/\/up.lublin.pl\/agrobio\/wp-content\/uploads\/sites\/2\/2024\/12\/2024_2025_Moduly_GP_N2.pdf\">Gospodarka przestrzenna II stopie\u0144 niestacjonarne (modu\u0142)<\/a><\/strong><\/p>\n<p><a href=\"https:\/\/up.lublin.pl\/agrobio\/wp-content\/uploads\/sites\/2\/2024\/11\/Karta-kierunku-gospodarka-przestrzenna-I-stopnia.pdf\"><strong>Karta kierunku &#8211; gospodarka przestrzenna I&nbsp;stopie\u0144<\/strong><\/a><\/p>\n<p><a href=\"https:\/\/up.lublin.pl\/agrobio\/wp-content\/uploads\/sites\/2\/2024\/11\/Karta-kierunku-gospodarka-przestrzenna-II-stopnia.pdf\"><strong>Karta kierunku &#8211; gospodarka przestrzenna II stopie\u0144<\/strong><\/a><\/p>\n<p><a href=\"https:\/\/up.lublin.pl\/agrobio\/wp-content\/uploads\/sites\/2\/2022\/12\/Gospodarka-przestrzenna-wytyczne-do-pracy-magisterskiej.pdf\"><strong>Gospodarka przestrzenna &#8211; wytyczne do pracy magisterskiej<\/strong><\/a><\/p>\n                                                <\/div>\n                                            <\/li>\n                                        <\/ul>\n\t\t\t\t\t\t                                                        <ul class=\"mn-accordion\">\n                                            <li>\n                                                <h4 class=\"mn-accordion-title\">Le\u015bnictwo<\/h4>\n                                                <div>\n\t\t\t\t\t\t\t\t\t                <p><strong><a href=\"https:\/\/up.lublin.pl\/agrobio\/wp-content\/uploads\/sites\/2\/2024\/02\/Lesnictwo_stacjonarne_sylabusy_2023-2024.pdf\">Studia stacjonarne pierwszego stopnia, rok akademicki 2023\/2024<\/a><\/strong><\/p>\n<p><a href=\"https:\/\/intranet.up.lublin.pl\/Dokument\/Find\/52bc6e19-f729-4e3c-bbfa-3c5bbf4a16de\/agrobio\/Lesnictwo_niestacjonarne_sylabusy_2023-2024.pdf\"><strong>Studia niestacjonarne pierwszego stopnia, rok akademicki 2023\/2024<\/strong><\/a><\/p>\n<p><strong><a href=\"https:\/\/up.lublin.pl\/agrobio\/wp-content\/uploads\/sites\/2\/2023\/09\/Karta-kierunku-Lesnictwo.pdf\">Karta kierunku Le\u015bnictwo<\/a><\/strong><\/p>\n                                                <\/div>\n                                            <\/li>\n                                        <\/ul>\n\t\t\t\t\t\t                                                        <ul class=\"mn-accordion\">\n                                            <li>\n                                                <h4 class=\"mn-accordion-title\">Agrole\u015bnictwo<\/h4>\n                                                <div>\n\t\t\t\t\t\t\t\t\t                <p><a href=\"https:\/\/up.lublin.pl\/agrobio\/wp-content\/uploads\/sites\/2\/2023\/02\/Agrolesnictwo-stacjonarne-II-stopien-moduly.pdf\"><strong><a href=\"https:\/\/up.lublin.pl\/agrobio\/wp-content\/uploads\/sites\/2\/2023\/02\/Agrolesnictwo-stacjonarne-II-stopien-moduly-1.pdf\">Agrole\u015bnictwo stacjonarne II stopie\u0144 (modu\u0142y)<\/a><\/strong><\/a><\/p>\n<p><strong><a href=\"https:\/\/up.lublin.pl\/agrobio\/wp-content\/uploads\/sites\/2\/2023\/02\/Agrolesnictwo-niestacjonarne-II-stopien-moduly-1.pdf\">Agrole\u015bnictwo niestacjonarne II stopie\u0144 (modu\u0142y)<\/a><\/strong><\/p>\n<p><strong><a href=\"https:\/\/up.lublin.pl\/agrobio\/wp-content\/uploads\/sites\/2\/2022\/12\/karta-kierunku-Agrolesnictwo.pdf\">Karta kierunku agrole\u015bnictwo<\/a><\/strong><\/p>\n<p><strong><a href=\"https:\/\/up.lublin.pl\/agrobio\/wp-content\/uploads\/sites\/2\/2023\/02\/Wymogi-prace-magisterskie-agrolesnictwo.pdf\">Wymogi &#8211; prace magisterskie agrole\u015bnictwo<\/a><\/strong><\/p>\n                                                <\/div>\n                                            <\/li>\n                                        <\/ul>\n\t\t\t\t\t\t                                                        <ul class=\"mn-accordion\">\n                                            <li>\n                                                <h4 class=\"mn-accordion-title\">Rolnictwo<\/h4>\n                                                <div>\n\t\t\t\t\t\t\t\t\t                <p><strong><a href=\"https:\/\/up.lublin.pl\/agrobio\/wp-content\/uploads\/sites\/2\/2023\/09\/Karta-kierunku-Rolnictwo-I-stopien.pdf\">Karta kierunku Rolnictwo I&nbsp;stopie\u0144<\/a><\/strong><\/p>\n<p><strong><a href=\"https:\/\/up.lublin.pl\/agrobio\/wp-content\/uploads\/sites\/2\/2023\/09\/Karta-kierunku-Rolnictwo-II-stopien.pdf\">Karta kierunku Rolnictwo II stopie\u0144<\/a><\/strong><\/p>\n<p><a href=\"https:\/\/up.lublin.pl\/agrobio\/wp-content\/uploads\/sites\/2\/2023\/09\/Rolnictwo-stacjonarne-I-stopien-moduly.pdf\"><strong>Rolnictwo stacjonarne I&nbsp;stopie\u0144 (modu\u0142y)<\/strong><\/a><\/p>\n<p><a href=\"https:\/\/up.lublin.pl\/agrobio\/wp-content\/uploads\/sites\/2\/2023\/09\/Rolnictwo-stacjonarne-II-stopien-moduly.pdf\"><strong>Rolnictwo stacjonarne II stopie\u0144 (modu\u0142y)<\/strong><\/a><\/p>\n<p><a href=\"https:\/\/up.lublin.pl\/agrobio\/wp-content\/uploads\/sites\/2\/2023\/09\/Rolnictwo-niestacjonarne-I-stopien-moduly.pdf\"><strong>Rolnictwo niestacjonarne I&nbsp;stopie\u0144 (modu\u0142y)<\/strong><\/a><\/p>\n<p><a href=\"https:\/\/up.lublin.pl\/agrobio\/wp-content\/uploads\/sites\/2\/2023\/09\/Rolnictwo-niestacjonarne-II-stopien-moduly.pdf\"><strong>Rolnictwo niestacjonarne II stopie\u0144 (modu\u0142y)<\/strong><\/a><a href=\"https:\/\/up.lublin.pl\/agrobio\/wp-content\/uploads\/sites\/2\/2022\/12\/Rolnictwo-I-stopien-moduly.pdf\"><strong><br \/><\/strong><\/a><\/p>\n<p><a href=\"https:\/\/up.lublin.pl\/agrobio\/wp-content\/uploads\/sites\/2\/2022\/12\/Wymogi-dotyczace-prac-magisterskich.pdf\"><strong>Wymogi dotycz\u0105ce prac magisterskich<\/strong><\/a><\/p>\n                                                <\/div>\n                                            <\/li>\n                                        <\/ul>\n\t\t\t\t\t\t                                                        <ul class=\"mn-accordion\">\n                                            <li>\n                                                <h4 class=\"mn-accordion-title\">Turystyka i&nbsp;rekreacja<\/h4>\n                                                <div>\n\t\t\t\t\t\t\t\t\t                <p><a href=\"https:\/\/up.lublin.pl\/agrobio\/wp-content\/uploads\/sites\/2\/2024\/09\/Turystyka-i-rekreacja-I-stopnia-moduly.pdf\"><strong>Turystyka i&nbsp;rekreacja I&nbsp;stopie\u0144 (modu\u0142y)<\/strong><\/a><\/p>\n<p><a href=\"https:\/\/up.lublin.pl\/agrobio\/wp-content\/uploads\/sites\/2\/2022\/12\/Turystyka-i-rekreacja-II-stopien-moduly.pdf\"><strong><a href=\"https:\/\/up.lublin.pl\/agrobio\/wp-content\/uploads\/sites\/2\/2024\/09\/Turystyka-i-rekreacja-II-stopnia-moduly.pdf\">Turystyka i&nbsp;rekreacja II stopie\u0144 (modu\u0142y)<\/a><\/strong><\/a><\/p>\n<p><a href=\"https:\/\/up.lublin.pl\/agrobio\/wp-content\/uploads\/sites\/2\/2024\/09\/Karta-kierunku-turystyka-i-rekreacja-I-stopien.pdf\"><strong>Karta kierunku turystyka i&nbsp;rekreacja I&nbsp;stopie\u0144<\/strong><\/a><\/p>\n<p><strong><a href=\"https:\/\/up.lublin.pl\/agrobio\/wp-content\/uploads\/sites\/2\/2024\/09\/Karta-kierunku-turystyka-i-rekreacja-II-stopien.pdf\">Karta kierunku turystyka i&nbsp;rekreacja II stopie\u0144<\/a><\/strong><\/p>\n<p><a href=\"https:\/\/up.lublin.pl\/agrobio\/wp-content\/uploads\/sites\/2\/2022\/12\/Wymogi-odnosnie-pracy-magisterskiej.pdf\"><strong>Wymogi odno\u015bnie pracy magisterskiej<\/strong><\/a><\/p>\n                                                <\/div>\n                                            <\/li>\n                                        <\/ul>\n\t\t\t\t\t\t                                                        <ul class=\"mn-accordion\">\n                                            <li>\n                                                <h4 class=\"mn-accordion-title\">Handel rolno-spo\u017cywczy<\/h4>\n                                                <div>\n\t\t\t\t\t\t\t\t\t                <p><a href=\"https:\/\/up.lublin.pl\/agrobio\/wp-content\/uploads\/sites\/2\/2026\/03\/Karta-kierunku-Handel-rolno-spozywczy-II-stopien.pdf\">Karta kierunku Handel rolno-spo\u017cywczy II stopie\u0144<\/a><\/p>\n                                                <\/div>\n                                            <\/li>\n                                        <\/ul>\n\t\t\t\t\t\t                                <\/div>\n\t\t\t\t                <div class=\"mn-content-block\">\n\t                                                        <div class=\"block-text\">\n\t                                        <h1>Efekty uczenia si\u0119<\/h1>\n<div class=\"post1\">\n<table style=\"width: 100%\" width=\"100%\">\n<tbody>\n<tr>\n<td style=\"width: 65.8031%\">Kierunek<\/td>\n<td style=\"width: 16.2349%\" width=\"90\">studia<br \/>I stopnia<\/td>\n<td style=\"width: 16.2349%\" width=\"90\">studia<br \/>II stopnia<\/td>\n<\/tr>\n<tr>\n<td style=\"vertical-align: middle;width: 65.8031%\">ROLNICTWO<\/td>\n<td style=\"width: 16.2349%\">\n<p><a href=\"https:\/\/up.lublin.pl\/agrobio\/wp-content\/uploads\/sites\/2\/2023\/08\/Rolnictwo-I-st-efekty-uczenia-sie.pdf\">Rolnictwo I&nbsp;st efekty uczenia si\u0119<\/a><\/p>\n<p><a href=\"https:\/\/up.lublin.pl\/agrobio\/wp-content\/uploads\/sites\/2\/2023\/08\/Rolnictwo-I-st-efekty-uczenia-sie-zalacznik-2c.pdf\">Rolnictwo I&nbsp;st efekty uczenia si\u0119 (za\u0142\u0105cznik 2c)<\/a><\/p>\n<p>za\u0142. nr 1<\/p>\n<\/td>\n<td style=\"width: 16.2349%\">\n<p><a href=\"https:\/\/up.lublin.pl\/agrobio\/wp-content\/uploads\/sites\/2\/2023\/08\/Rolnictwo-II-st-efekty-uczenia-sie.pdf\">Rolnictwo II st efekty uczenia si\u0119<\/a><\/p>\n<\/td>\n<\/tr>\n<tr>\n<td style=\"vertical-align: middle;width: 65.8031%\">EKONOMIA<\/td>\n<td style=\"width: 16.2349%\"><a href=\"\/files\/agrobio\/efekty-uczenia-sie\/pierwszy-stopien\/ekonomia_-_efekty_uczenia_sie_(v2).pdf\" target=\"_blank\" rel=\"noopener noreferrer\"><img src=\"\/files\/images\/navig\/acrobat_ico.gif\" alt=\"acrobat\" \/><\/a><\/td>\n<td style=\"width: 16.2349%\">&#8211;<\/td>\n<\/tr>\n<tr>\n<td style=\"vertical-align: middle;width: 65.8031%\">TURYSTYKA I&nbsp;REKREACJA<\/td>\n<td style=\"width: 16.2349%\">\n<p><a href=\"https:\/\/up.lublin.pl\/agrobio\/wp-content\/uploads\/sites\/2\/2024\/09\/Turystyka-i-rekracja-efekty-uczenia-sie-I-st-.pdf\">Turystyka i&nbsp;rekracja &#8211; efekty uczenia sie I&nbsp;st<\/a><\/p>\n<\/td>\n<td style=\"width: 16.2349%\"><a href=\"https:\/\/up.lublin.pl\/agrobio\/wp-content\/uploads\/sites\/2\/2024\/09\/Turystyka-i-rekracja-efekty-uczenia-sie-II-st.pdf\">Turystyka i&nbsp;rekracja &#8211; efekty uczenia si\u0119 II st<\/a><\/td>\n<\/tr>\n<tr>\n<td style=\"vertical-align: middle;width: 65.8031%\">GOSPODARKA PRZESTRZENNA<\/td>\n<td style=\"width: 16.2349%\">\n<p><a href=\"https:\/\/up.lublin.pl\/agrobio\/wp-content\/uploads\/sites\/2\/2024\/11\/gospodarka-przestrzenna-I-stopien-efekty-uczenia-sie.pdf\">gospodarka przestrzenna I&nbsp;stopien &#8211; efekty uczenia sie<\/a><\/p>\n<p><a href=\"https:\/\/up.lublin.pl\/agrobio\/wp-content\/uploads\/sites\/2\/2024\/11\/gospodarka-przestrzenna-I-i-II-stopien-efekty-uczenia-sie-kompetencje-inzynierskie.pdf\">gospodarka przestrzenna I&nbsp;i II stopien &#8211; efekty uczenia sie &#8211; kompetencje inzynierskie<\/a><br \/>za\u0142. nr 1<\/p>\n<\/td>\n<td style=\"width: 16.2349%\">\n<p><a href=\"https:\/\/up.lublin.pl\/agrobio\/wp-content\/uploads\/sites\/2\/2024\/11\/gospodarka-przestrzenna-II-stopien-efekty-uczenia-sie.pdf\">gospodarka przestrzenna II stopien &#8211; efekty uczenia sie<\/a><\/p>\n<p><a href=\"https:\/\/up.lublin.pl\/agrobio\/wp-content\/uploads\/sites\/2\/2024\/11\/gospodarka-przestrzenna-I-i-II-stopien-efekty-uczenia-sie-kompetencje-inzynierskie.pdf\">gospodarka przestrzenna I&nbsp;i II stopien &#8211; efekty uczenia sie &#8211; kompetencje inzynierskie<\/a><br \/>za\u0142. nr 1<\/p>\n<\/td>\n<\/tr>\n<tr>\n<td style=\"vertical-align: middle;width: 65.8031%\">LE\u015aNICTWO<\/td>\n<td style=\"width: 16.2349%\">\n<p><a href=\"https:\/\/up.lublin.pl\/agrobio\/wp-content\/uploads\/sites\/2\/2023\/08\/Lesnictwo-I-st-efekty-uczenia-sie.pdf\">Le\u015bnictwo I&nbsp;st efekty uczenia si\u0119<\/a><\/p>\n<p><a href=\"https:\/\/up.lublin.pl\/agrobio\/wp-content\/uploads\/sites\/2\/2023\/08\/Lesnictwo-I-st-efekty-uczenia-sie-zalacznik.pdf\">Le\u015bnictwo I&nbsp;st efekty uczenia si\u0119 (za\u0142\u0105cznik)<\/a><br \/>za\u0142. nr 1<\/p>\n<\/td>\n<td style=\"width: 16.2349%\">&#8211;<\/td>\n<\/tr>\n<tr>\n<td style=\"vertical-align: middle;width: 65.8031%\">AGROBIZNES<\/td>\n<td style=\"width: 16.2349%\"><a href=\"\/files\/agrobio\/efekty-uczenia-sie\/pierwszy-stopien\/agrobiznes_-_efekty_uczenia_sie_i_st.pdf\" target=\"_blank\" rel=\"noopener noreferrer\"><img src=\"\/files\/images\/navig\/acrobat_ico.gif\" alt=\"acrobat\" \/><\/a><\/td>\n<td style=\"width: 16.2349%\"><a href=\"\/files\/agrobio\/efekty-uczenia-sie\/drugi-stopien\/agrobiznes_-_efekty_uczenia_sie_ii_st.pdf\" target=\"_blank\" rel=\"noopener noreferrer\"><img src=\"\/files\/images\/navig\/acrobat_ico.gif\" alt=\"acrobat\" \/><\/a><\/td>\n<\/tr>\n<tr>\n<td style=\"vertical-align: middle;width: 65.8031%\">BIOIN\u017bYNIERIA<\/td>\n<td style=\"width: 16.2349%\"><a href=\"https:\/\/up.lublin.pl\/agrobio\/wp-content\/uploads\/sites\/2\/2025\/05\/Bioinzynieria-efekty-uczenia-sie-studia-I-st.pdf\">Bioin\u017cynieria efekty uczenia si\u0119 studia I&nbsp;st<\/a><\/td>\n<td style=\"width: 16.2349%\"><a href=\"https:\/\/up.lublin.pl\/agrobio\/wp-content\/uploads\/sites\/2\/2025\/05\/Bioinzynieria-efekty-uczenia-sie-studia-II-st.pdf\">Bioin\u017cynieria efekty uczenia si\u0119 studia II st<\/a><\/td>\n<\/tr>\n<tr>\n<td style=\"vertical-align: middle;width: 65.8031%\">AGROLE\u015aNICTWO<\/td>\n<td style=\"width: 16.2349%\">\n<p>&#8211;<\/p>\n<\/td>\n<td style=\"width: 16.2349%\">\n<p><a href=\"https:\/\/up.lublin.pl\/agrobio\/wp-content\/uploads\/sites\/2\/2022\/12\/Agrolesnictwo-Opis-efektow-uczenia-sie.pdf\">Agrole\u015bnictwo &#8211; Opis efekt\u00f3w uczenia si\u0119<\/a><\/p>\n<p><a href=\"https:\/\/up.lublin.pl\/agrobio\/wp-content\/uploads\/sites\/2\/2022\/12\/Agrolesnictwo-Opis-efektow-uczenia-sie-inz.pdf\">Agrole\u015bnictwo &#8211; Opis efekt\u00f3w uczenia si\u0119 (in\u017c)<\/a> <br \/>in\u017c<\/p>\n<\/td>\n<\/tr>\n<tr>\n<td style=\"vertical-align: middle;width: 65.8031%\">HANDEL ROLNO-SPO\u017bYWCZY<\/td>\n<td style=\"width: 16.2349%\">\n<p>&#8211;<\/p>\n<\/td>\n<td style=\"width: 16.2349%\">\n<p><a href=\"https:\/\/up.lublin.pl\/agrobio\/wp-content\/uploads\/sites\/2\/2026\/03\/Handel-rolno-spozywczy-II-st-efekty-uczenia-sie.pdf\">Handel rolno-spo\u017cywczy II st efekty uczenia si\u0119<\/a><\/p>\n<\/td>\n<\/tr>\n<\/tbody>\n<\/table>\n<\/div>\n                                        <\/div>\n\t\t\t\t\t\t                                                        <div class=\"block-text\">\n\t                                        <h1>\u00a0<\/h1>\n<h1>Dotychczasowe efekty uczenia si\u0119<\/h1>\n<div class=\"post1\">\n<table style=\"width: 100%\" width=\"100%\">\n<tbody>\n<tr>\n<td style=\"width: 65.8031%\">Kierunek<\/td>\n<td style=\"width: 16.2349%\" width=\"90\">studia<br \/>I stopnia<\/td>\n<td style=\"width: 16.2349%\" width=\"90\">studia<br \/>II stopnia<\/td>\n<\/tr>\n<tr>\n<td style=\"vertical-align: middle;width: 65.8031%\">ROLNICTWO<\/td>\n<td style=\"width: 16.2349%\">\n<p><a href=\"\/files\/agrobio\/efekty-uczenia-sie\/pierwszy-stopien\/rolnictwo_i_st_efekty_uczenia_sie.pdf\" target=\"_blank\" rel=\"noopener noreferrer\"><img src=\"\/files\/images\/navig\/acrobat_ico.gif\" alt=\"acrobat\" \/><\/a><\/p>\n<p><a href=\"\/files\/agrobio\/efekty-uczenia-sie\/pierwszy-stopien\/rolnictwo_efekty_uczenia_sie_-_kompetencje_inzynierskie.pdf\" target=\"_blank\" rel=\"noopener noreferrer\"><img src=\"\/files\/images\/navig\/acrobat_ico.gif\" alt=\"acrobat\" \/><\/a><\/p>\n<p>za\u0142. nr 1<\/p>\n<\/td>\n<td style=\"width: 16.2349%\">\n<p><a href=\"\/files\/agrobio\/efekty-uczenia-sie\/drugi-stopien\/rolnictwo_ii_st_efekty_uczenia_sie.pdf\" target=\"_blank\" rel=\"noopener noreferrer\"><img src=\"\/files\/images\/navig\/acrobat_ico.gif\" alt=\"acrobat\" \/><\/a><\/p>\n<\/td>\n<\/tr>\n<tr>\n<td style=\"vertical-align: middle;width: 65.8031%\">EKONOMIA<\/td>\n<td style=\"width: 16.2349%\">\u00a0<\/td>\n<td style=\"width: 16.2349%\">\u00a0<\/td>\n<\/tr>\n<tr>\n<td style=\"vertical-align: middle;width: 65.8031%\">TURYSTYKA I&nbsp;REKREACJA<\/td>\n<td style=\"width: 16.2349%\">\u00a0<\/td>\n<td style=\"width: 16.2349%\">\u00a0<\/td>\n<\/tr>\n<tr>\n<td style=\"vertical-align: middle;width: 65.8031%\">GOSPODARKA PRZESTRZENNA<\/td>\n<td style=\"width: 16.2349%\">\u00a0<\/td>\n<td style=\"width: 16.2349%\">\u00a0<\/td>\n<\/tr>\n<tr>\n<td style=\"vertical-align: middle;width: 65.8031%\">LE\u015aNICTWO<\/td>\n<td style=\"width: 16.2349%\">\n<p><a href=\"\/files\/agrobio\/efekty-uczenia-sie\/pierwszy-stopien\/lesnictwo_i_st_-_efekty_uczenia_sie.pdf\" target=\"_blank\" rel=\"noopener noreferrer\"><img src=\"\/files\/images\/navig\/acrobat_ico.gif\" alt=\"acrobat\" \/><\/a><\/p>\n<p><a href=\"\/files\/agrobio\/efekty-uczenia-sie\/pierwszy-stopien\/lesnictwo_i_st_efekty_uczenia_sie_-_kompetencje_inzynierskie.pdf\" target=\"_blank\" rel=\"noopener noreferrer\"><img src=\"https:\/\/www.up.lublin.pl\/files\/images\/navig\/acrobat_ico.gif\" alt=\"acrobat\" \/><\/a><br \/>za\u0142. nr 1<\/p>\n<\/td>\n<td style=\"width: 16.2349%\">&#8211;<\/td>\n<\/tr>\n<tr>\n<td style=\"vertical-align: middle;width: 65.8031%\">AGROBIZNES<\/td>\n<td style=\"width: 16.2349%\">\u00a0<\/td>\n<td style=\"width: 16.2349%\">\u00a0<\/td>\n<\/tr>\n<tr>\n<td style=\"vertical-align: middle;width: 65.8031%\">BIOIN\u017bYNIERIA<\/td>\n<td style=\"width: 16.2349%\">\n<p><a href=\"https:\/\/up.lublin.pl\/agrobio\/wp-content\/uploads\/sites\/2\/2025\/05\/bioinzynieria_i_stopien_-_efekty_uczenia_sie.pdf\">bioinzynieria_i_stopien_-_efekty_uczenia_sie<\/a><\/p>\n<p><a href=\"https:\/\/up.lublin.pl\/agrobio\/wp-content\/uploads\/sites\/2\/2025\/05\/bioinzynieria_i_stopien_-_efekty_uczenia_sie_-_kompetencje_inzynierskie.pdf\">bioinzynieria_i_stopien_-_efekty_uczenia_sie_-_kompetencje_inzynierskie<\/a><br \/>za\u0142. nr 1<\/p>\n<\/td>\n<td style=\"width: 16.2349%\"><a href=\"https:\/\/up.lublin.pl\/agrobio\/wp-content\/uploads\/sites\/2\/2025\/05\/bioinzynieria_ii_stopien_-_efekty_uczenia_sie.pdf\">bioinzynieria_ii_stopien_-_efekty_uczenia_sie<\/a><\/td>\n<\/tr>\n<tr>\n<td style=\"vertical-align: middle;width: 65.8031%\">AGROLE\u015aNICTWO<\/td>\n<td style=\"width: 16.2349%\">\n<p>&#8211;<\/p>\n<\/td>\n<td style=\"width: 16.2349%\">\u00a0<\/td>\n<\/tr>\n<\/tbody>\n<\/table>\n<p>\u00a0<\/p>\n<\/div>\n                                        <\/div>\n\t\t\t\t\t\t                                <\/div>\n\t\t\t\t                <div class=\"mn-content-block\">\n\t                                                        <div class=\"mn-cards-list\">\n                                            <div class=\"mn-card-container\">\n                                                <div>\n                                                    <img src=\"https:\/\/up.lublin.pl\/agrobio\/wp-content\/themes\/up-lublin\/assets\/images\/doc-ico.svg\" alt=\"\" \/>\n                                                    <h5>Organizacja roku akademickiego<\/h5>\n                                                <\/div>\n                                                <a href=\"https:\/\/up.lublin.pl\/edukacja\/student\/tok-studiow\/organizacja-roku-akademickiego\/\" class=\"mn-more\" target=\"_blank\">Zobacz<\/a>\n                                            <\/div>\n                                        <\/div>\n\t\t\t\t\t\t                                                        <div class=\"mn-cards-list\">\n                                            <div class=\"mn-card-container\">\n                                                <div>\n                                                    <img src=\"https:\/\/up.lublin.pl\/agrobio\/wp-content\/themes\/up-lublin\/assets\/images\/doc-ico.svg\" alt=\"\" \/>\n                                                    <h5>Terminy zjazd\u00f3w<\/h5>\n                                                <\/div>\n                                                <a href=\"https:\/\/up.lublin.pl\/edukacja\/student\/tok-studiow\/terminy-zjazdow\/\" class=\"mn-more\" target=\"_blank\">Zobacz<\/a>\n                                            <\/div>\n                                        <\/div>\n\t\t\t\t\t\t                                <\/div>\n\t\t\t\t                <div class=\"mn-content-block\">\n\t                                                        <div class=\"mn-cards-list\">\n                                            <div class=\"mn-card-container\">\n                                                <div>\n                                                    <img src=\"https:\/\/up.lublin.pl\/agrobio\/wp-content\/themes\/up-lublin\/assets\/images\/doc-ico.svg\" alt=\"\" \/>\n                                                    <h5>Prace dyplomowe<\/h5>\n                                                <\/div>\n                                                <a href=\"https:\/\/up.lublin.pl\/files\/agrobio\/dyplomanci\/prace_dyplomowe_(wymogi)_(v2).pdf\" class=\"mn-more\" target=\"_blank\">Zobacz<\/a>\n                                            <\/div>\n                                        <\/div>\n\t\t\t\t\t\t                                                        <div class=\"mn-cards-list\">\n                                            <div class=\"mn-card-container\">\n                                                <div>\n                                                    <img src=\"https:\/\/up.lublin.pl\/agrobio\/wp-content\/themes\/up-lublin\/assets\/images\/doc-ico.svg\" alt=\"\" \/>\n                                                    <h5>Za\u0142\u0105cznik nr 1 (wz\u00f3r pierwszej strony pracy dyplomowej)<\/h5>\n                                                <\/div>\n                                                <a href=\"https:\/\/www.up.lublin.pl\/files\/agrobio\/dyplomanci\/zalacznik_nr_1_(v2).pdf\" class=\"mn-more\" target=\"_blank\">Zobacz<\/a>\n                                            <\/div>\n                                        <\/div>\n\t\t\t\t\t\t                                                        <div class=\"mn-cards-list\">\n                                            <div class=\"mn-card-container\">\n                                                <div>\n                                                    <img src=\"https:\/\/up.lublin.pl\/agrobio\/wp-content\/themes\/up-lublin\/assets\/images\/doc-ico.svg\" alt=\"\" \/>\n                                                    <h5>Za\u0142\u0105cznik nr 2 (o\u015bwiadczenie o&nbsp;autorstwie pracy)<\/h5>\n                                                <\/div>\n                                                <a href=\"https:\/\/www.up.lublin.pl\/files\/agrobio\/dyplomanci\/zalacznik_nr_2.pdf\" class=\"mn-more\" target=\"_blank\">Zobacz<\/a>\n                                            <\/div>\n                                        <\/div>\n\t\t\t\t\t\t                                                        <div class=\"mn-cards-list\">\n                                            <div class=\"mn-card-container\">\n                                                <div>\n                                                    <img src=\"https:\/\/up.lublin.pl\/agrobio\/wp-content\/themes\/up-lublin\/assets\/images\/doc-ico.svg\" alt=\"\" \/>\n                                                    <h5>Za\u0142\u0105cznik nr 3 (o\u015bwiadczenie autora)<\/h5>\n                                                <\/div>\n                                                <a href=\"https:\/\/www.up.lublin.pl\/files\/agrobio\/dyplomanci\/zalacznik_nr_3.pdf\" class=\"mn-more\" target=\"_blank\">Zobacz<\/a>\n                                            <\/div>\n                                        <\/div>\n\t\t\t\t\t\t                                                        <div class=\"mn-cards-list\">\n                                            <div class=\"mn-card-container\">\n                                                <div>\n                                                    <img src=\"https:\/\/up.lublin.pl\/agrobio\/wp-content\/themes\/up-lublin\/assets\/images\/doc-ico.svg\" alt=\"\" \/>\n                                                    <h5>Za\u0142\u0105cznik nr 4 (o\u015bwiadczenie o&nbsp;przekazaniu uniwersytetowi prawa do eksploatacji pracy dyplomowej w&nbsp;systemie antyplagiatowym)<\/h5>\n                                                <\/div>\n                                                <a href=\"https:\/\/www.up.lublin.pl\/files\/agrobio\/dyplomanci\/zalacznik_nr_4.pdf\" class=\"mn-more\" target=\"_blank\">Zobacz<\/a>\n                                            <\/div>\n                                        <\/div>\n\t\t\t\t\t\t                                                        <div class=\"block-text\">\n\t                                        <hr \/>\n<hr \/>\n                                        <\/div>\n\t\t\t\t\t\t                                                        <div class=\"mn-cards-list\">\n                                            <div class=\"mn-card-container\">\n                                                <div>\n                                                    <img src=\"https:\/\/up.lublin.pl\/agrobio\/wp-content\/themes\/up-lublin\/assets\/images\/doc-ico.svg\" alt=\"\" \/>\n                                                    <h5>O\u015bwiadczenie Autora zagadnienia problemowego\/ projektu in\u017cynierskiego\/ licencjackiego<\/h5>\n                                                <\/div>\n                                                <a href=\"https:\/\/up.lublin.pl\/agrobio\/wp-content\/uploads\/sites\/2\/2021\/11\/Oswiadczenie-Wydzial-Agrobioinzynierii.docx\" class=\"mn-more\" target=\"_blank\">Zobacz<\/a>\n                                            <\/div>\n                                        <\/div>\n\t\t\t\t\t\t                                                        <div class=\"mn-cards-list\">\n                                            <div class=\"mn-card-container\">\n                                                <div>\n                                                    <img src=\"https:\/\/up.lublin.pl\/agrobio\/wp-content\/themes\/up-lublin\/assets\/images\/doc-ico.svg\" alt=\"\" \/>\n                                                    <h5>WZ\u00d3R KONSPEKTU ZAGADNIENIA PROBLEMOWEGO\/PROJEKTU IN\u017bYNIERSKIEGO\/LICENCJACKIEGO<\/h5>\n                                                <\/div>\n                                                <a href=\"https:\/\/up.lublin.pl\/agrobio\/wp-content\/uploads\/sites\/2\/2021\/11\/Konspekt-Wydzial-Agrobioinzynierii.docx\" class=\"mn-more\" target=\"_blank\">Zobacz<\/a>\n                                            <\/div>\n                                        <\/div>\n\t\t\t\t\t\t                                                        <div class=\"mn-cards-list\">\n                                            <div class=\"mn-card-container\">\n                                                <div>\n                                                    <img src=\"https:\/\/up.lublin.pl\/agrobio\/wp-content\/themes\/up-lublin\/assets\/images\/doc-ico.svg\" alt=\"\" \/>\n                                                    <h5>Agrobiznes - Zasady przygotowania projektu in\u017cynierskiego<\/h5>\n                                                <\/div>\n                                                <a href=\"https:\/\/up.lublin.pl\/agrobio\/wp-content\/uploads\/sites\/2\/2021\/11\/Agrobiznes_-Zasady-przygotowania-projektu-inzynierskiego.docx\" class=\"mn-more\" target=\"_blank\">Zobacz<\/a>\n                                            <\/div>\n                                        <\/div>\n\t\t\t\t\t\t                                                        <div class=\"mn-cards-list\">\n                                            <div class=\"mn-card-container\">\n                                                <div>\n                                                    <img src=\"https:\/\/up.lublin.pl\/agrobio\/wp-content\/themes\/up-lublin\/assets\/images\/doc-ico.svg\" alt=\"\" \/>\n                                                    <h5>Bioin\u017cynieria - Zasady przygotowania projektu in\u017cynierskiego<\/h5>\n                                                <\/div>\n                                                <a href=\"https:\/\/up.lublin.pl\/agrobio\/wp-content\/uploads\/sites\/2\/2026\/02\/Bioinzynieria_Zasady-przygotowania-projektu-inzynierskiego.docx\" class=\"mn-more\" target=\"_blank\">Zobacz<\/a>\n                                            <\/div>\n                                        <\/div>\n\t\t\t\t\t\t                                                        <div class=\"mn-cards-list\">\n                                            <div class=\"mn-card-container\">\n                                                <div>\n                                                    <img src=\"https:\/\/up.lublin.pl\/agrobio\/wp-content\/themes\/up-lublin\/assets\/images\/doc-ico.svg\" alt=\"\" \/>\n                                                    <h5>Ekonomia - Zasady przygotowania projektu licencjackiego<\/h5>\n                                                <\/div>\n                                                <a href=\"https:\/\/up.lublin.pl\/agrobio\/wp-content\/uploads\/sites\/2\/2024\/03\/ZASADY-PRZYGOTOWANIA-PROJEKTU-LICENCJACKIEGO.docx\" class=\"mn-more\" target=\"_blank\">Zobacz<\/a>\n                                            <\/div>\n                                        <\/div>\n\t\t\t\t\t\t                                                        <div class=\"mn-cards-list\">\n                                            <div class=\"mn-card-container\">\n                                                <div>\n                                                    <img src=\"https:\/\/up.lublin.pl\/agrobio\/wp-content\/themes\/up-lublin\/assets\/images\/doc-ico.svg\" alt=\"\" \/>\n                                                    <h5>Gospodarka przestrzenna - Zasady przygotowania projektu in\u017cynierskiego<\/h5>\n                                                <\/div>\n                                                <a href=\"https:\/\/up.lublin.pl\/agrobio\/wp-content\/uploads\/sites\/2\/2021\/11\/Gospodarka-przestrzenna-Zasady-przygotowania-projektu-inzynierskiego.docx\" class=\"mn-more\" target=\"_blank\">Zobacz<\/a>\n                                            <\/div>\n                                        <\/div>\n\t\t\t\t\t\t                                                        <div class=\"mn-cards-list\">\n                                            <div class=\"mn-card-container\">\n                                                <div>\n                                                    <img src=\"https:\/\/up.lublin.pl\/agrobio\/wp-content\/themes\/up-lublin\/assets\/images\/doc-ico.svg\" alt=\"\" \/>\n                                                    <h5>Le\u015bnictwo - Zasady przygotowania projektu in\u017cynierskiego<\/h5>\n                                                <\/div>\n                                                <a href=\"https:\/\/up.lublin.pl\/agrobio\/wp-content\/uploads\/sites\/2\/2021\/11\/Lesnictwo_Zasady-przygotowania-projektu-inzynierskiego.docx\" class=\"mn-more\" target=\"_blank\">Zobacz<\/a>\n                                            <\/div>\n                                        <\/div>\n\t\t\t\t\t\t                                                        <div class=\"mn-cards-list\">\n                                            <div class=\"mn-card-container\">\n                                                <div>\n                                                    <img src=\"https:\/\/up.lublin.pl\/agrobio\/wp-content\/themes\/up-lublin\/assets\/images\/doc-ico.svg\" alt=\"\" \/>\n                                                    <h5>Rolnictwo - Zasady przygotowania projektu in\u017cynierskiego<\/h5>\n                                                <\/div>\n                                                <a href=\"https:\/\/up.lublin.pl\/agrobio\/wp-content\/uploads\/sites\/2\/2021\/11\/Rolnictwo-Zasady-przygotowania-projektu-inzynierskiego.docx\" class=\"mn-more\" target=\"_blank\">Zobacz<\/a>\n                                            <\/div>\n                                        <\/div>\n\t\t\t\t\t\t                                                        <div class=\"mn-cards-list\">\n                                            <div class=\"mn-card-container\">\n                                                <div>\n                                                    <img src=\"https:\/\/up.lublin.pl\/agrobio\/wp-content\/themes\/up-lublin\/assets\/images\/doc-ico.svg\" alt=\"\" \/>\n                                                    <h5>Turystyka i&nbsp;rekreacja - Zasady przygotowania projektu licencjackiego<\/h5>\n                                                <\/div>\n                                                <a href=\"https:\/\/up.lublin.pl\/agrobio\/wp-content\/uploads\/sites\/2\/2022\/03\/Turystyka_zasady_przygotowania_projektu_licencjackiego-v2.docx\" class=\"mn-more\" target=\"_blank\">Zobacz<\/a>\n                                            <\/div>\n                                        <\/div>\n\t\t\t\t\t\t                                                        <div class=\"mn-cards-list\">\n                                            <div class=\"mn-card-container\">\n                                                <div>\n                                                    <img src=\"https:\/\/up.lublin.pl\/agrobio\/wp-content\/themes\/up-lublin\/assets\/images\/doc-ico.svg\" alt=\"\" \/>\n                                                    <h5>Wniosek o&nbsp;wydanie dyplomu<\/h5>\n                                                <\/div>\n                                                <a href=\"https:\/\/up.lublin.pl\/agrobio\/wp-content\/uploads\/sites\/2\/2022\/05\/zal.-nr-1-wniosek-o-wydanie-dyplomu-od-2019.docx\" class=\"mn-more\" target=\"_blank\">Zobacz<\/a>\n                                            <\/div>\n                                        <\/div>\n\t\t\t\t\t\t                                <\/div>\n\t\t\t\t                <div class=\"mn-content-block\">\n\t                                                        <ul class=\"mn-accordion\">\n                                            <li>\n                                                <h4 class=\"mn-accordion-title\">Procedura dyplomowania<\/h4>\n                                                <div>\n\t\t\t\t\t\t\t\t\t                <p><a href=\"https:\/\/up.lublin.pl\/agrobio\/wp-content\/uploads\/sites\/2\/2025\/02\/WA-S8-Procedura-dyplomowania-II-stopien.pdf\">Procedura dyplomowania II stopie\u0144 (WA-S8)<\/a><\/p>\n<p><a href=\"https:\/\/up.lublin.pl\/agrobio\/wp-content\/uploads\/sites\/2\/2023\/10\/WA-S8-Zalaczniki-Procedura-dyplomowania-II-stopien.doc\">Procedura dyplomowania II stopie\u0144 &#8211; za\u0142\u0105cznik (word)<\/a><\/p>\n<p><a href=\"https:\/\/up.lublin.pl\/agrobio\/wp-content\/uploads\/sites\/2\/2025\/01\/WA-S8a-Procedura-dyplomowania-I-stopien.pdf\">Procedura dyplomowania I&nbsp;stopie\u0144 (WA-S8a)<\/a><\/p>\n<div><a href=\"https:\/\/up.lublin.pl\/agrobio\/wp-content\/uploads\/sites\/2\/2025\/02\/WA-S8a-Procedura-dyplomowania-I-stopien-dla-cykli-ksztalcenia-rozpoczynajacych-Seminarium-dyplomowe-1-od-roku-akad.-2025_2026.pdf\">Procedura dyplomowania I&nbsp;stopie\u0144 (WA-S8a) &#8211; dla cykli kszta\u0142cenia rozpoczynaj\u0105cych Seminarium dyplomowe 1 od roku akad. 2025\/2026<\/a><\/div>\n<div>\u00a0<\/div>\n<p><a href=\"https:\/\/up.lublin.pl\/agrobio\/wp-content\/uploads\/sites\/2\/2025\/01\/WA-S8a-Zalacznik-procedura-dyplomowania.docx\">Procedura dyplomowania I&nbsp;stopie\u0144 \u2013 za\u0142\u0105cznik (word)<\/a><\/p>\n                                                <\/div>\n                                            <\/li>\n                                        <\/ul>\n\t\t\t\t\t\t                                                        <ul class=\"mn-accordion\">\n                                            <li>\n                                                <h4 class=\"mn-accordion-title\">Procedura oceny jako\u015bci prac dyplomowych <\/h4>\n                                                <div>\n\t\t\t\t\t\t\t\t\t                <p><a href=\"https:\/\/up.lublin.pl\/agrobio\/wp-content\/uploads\/sites\/2\/2025\/02\/WA-K7.-Procedura-oceny-jakosci-prac-dyplomowych-i-projektow.pdf\">Procedura oceny jako\u015bci prac dyplomowych i&nbsp;projekt\u00f3w (WA-K7)<\/a><\/p>\n<p><a href=\"https:\/\/up.lublin.pl\/agrobio\/wp-content\/uploads\/sites\/2\/2025\/02\/WA-K7.-Zalaczniki.docx\">Procedura oceny jako\u015bci prac dyplomowych i&nbsp;projekt\u00f3w \u2013 za\u0142\u0105cznik (word)<\/a><\/p>\n                                                <\/div>\n                                            <\/li>\n                                        <\/ul>\n\t\t\t\t\t\t                                                        <ul class=\"mn-accordion\">\n                                            <li>\n                                                <h4 class=\"mn-accordion-title\">Procedura zatrudniania pracownik\u00f3w badawczo-dydaktycznych <\/h4>\n                                                <div>\n\t\t\t\t\t\t\t\t\t                <p><a href=\"https:\/\/up.lublin.pl\/agrobio\/wp-content\/uploads\/sites\/2\/2022\/11\/WA-S3e_Procedura-zatrudniania-pracownikow-badawczo-dydaktycznych.pdf\">Procedura zatrudniania pracownik\u00f3w badawczo-dydaktycznych (WA-S3e)<\/a><\/p>\n<p><a href=\"https:\/\/up.lublin.pl\/agrobio\/wp-content\/uploads\/sites\/2\/2021\/04\/WA-S3e_Zalaczniki_Procedura-zatrudniania-pracownikow-badawczo-dydaktycznych.docx\">Procedura zatrudniania pracownik\u00f3w badawczo-dydaktycznych &#8211; za\u0142\u0105cznik (word)<\/a><\/p>\n                                                <\/div>\n                                            <\/li>\n                                        <\/ul>\n\t\t\t\t\t\t                                                        <ul class=\"mn-accordion\">\n                                            <li>\n                                                <h4 class=\"mn-accordion-title\">Procedura zatrudniania specjalist\u00f3w <\/h4>\n                                                <div>\n\t\t\t\t\t\t\t\t\t                <p><a href=\"https:\/\/up.lublin.pl\/agrobio\/wp-content\/uploads\/sites\/2\/2021\/04\/WA-S3f_Procedura-zatrudniania-specjalistow.pdf\">Procedura zatrudniania specjalist\u00f3w (WAS3f)<\/a><\/p>\n<p><a href=\"https:\/\/up.lublin.pl\/agrobio\/wp-content\/uploads\/sites\/2\/2021\/04\/WA-S3f_Zalaczniki_Procedura-zatrudniania-specjalistow.doc\">Procedura zatrudniania specjalist\u00f3w -za\u0142\u0105cznik (word)<\/a><\/p>\n                                                <\/div>\n                                            <\/li>\n                                        <\/ul>\n\t\t\t\t\t\t                                                        <ul class=\"mn-accordion\">\n                                            <li>\n                                                <h4 class=\"mn-accordion-title\">Procedura zasi\u0119gania opinii absolwent\u00f3w<\/h4>\n                                                <div>\n\t\t\t\t\t\t\t\t\t                <p><a href=\"https:\/\/up.lublin.pl\/agrobio\/wp-content\/uploads\/sites\/2\/2025\/02\/WA-A1.-Procedura-oceny-dyplomantow-studiow-I-i-II-stopnia.pdf\">Procedura zasi\u0119gania opinii dyplomant\u00f3w studi\u00f3w I&nbsp;i II stopnia (WA-A1)<\/a><\/p>\n<p><a href=\"https:\/\/up.lublin.pl\/agrobio\/wp-content\/uploads\/sites\/2\/2025\/02\/WA-A1.-Zalaczniki-do-procedury-oceny-dyplomantow-studiow-I-i-II-stopnia.docx\">Procedura zasi\u0119gania opinii dyplomant\u00f3w studi\u00f3w I&nbsp;i II stopnia &#8211; za\u0142\u0105cznik (word)<\/a><\/p>\n<p><a href=\"https:\/\/up.lublin.pl\/agrobio\/wp-content\/uploads\/sites\/2\/2025\/02\/WA-A2.-Procedura-oceny-absolwentow-studiow-podyplomowych.pdf\">Procedura zasi\u0119gania opinii absolwent\u00f3w studi\u00f3w podyplomowych (WA-A2)<\/a><\/p>\n<p><a href=\"https:\/\/up.lublin.pl\/agrobio\/wp-content\/uploads\/sites\/2\/2025\/02\/WA-A2.-Zalaczniki-do-procedury-oceny-absolwentow-studiow-podyplomowych.docx\">Procedura zasi\u0119gania opinii absolwent\u00f3w studi\u00f3w podyplomowych &#8211; za\u0142\u0105cznik (word)<\/a><\/p>\n                                                <\/div>\n                                            <\/li>\n                                        <\/ul>\n\t\t\t\t\t\t                                                        <ul class=\"mn-accordion\">\n                                            <li>\n                                                <h4 class=\"mn-accordion-title\">Procedura hospitacji zaj\u0119\u0107 <\/h4>\n                                                <div>\n\t\t\t\t\t\t\t\t\t                <p><a href=\"https:\/\/up.lublin.pl\/agrobio\/wp-content\/uploads\/sites\/2\/2023\/02\/WA-K1-Procedura-hospitacji-zajec-1.pdf\">Procedura hospitacji zaj\u0119\u0107 (WA-K1)<\/a><\/p>\n<p><a href=\"https:\/\/up.lublin.pl\/agrobio\/wp-content\/uploads\/sites\/2\/2023\/02\/WA-K1.1_Zalacznik_-Procedura-hospitacji-zajec-1.docx\">Procedura hospitacji zaj\u0119\u0107- za\u0142\u0105cznik (word)<\/a><\/p>\n                                                <\/div>\n                                            <\/li>\n                                        <\/ul>\n\t\t\t\t\t\t                                                        <ul class=\"mn-accordion\">\n                                            <li>\n                                                <h4 class=\"mn-accordion-title\">Procedura oceny osi\u0105gni\u0119\u0107 pracownik\u00f3w do ewaluacji jako\u015bci naukowej <\/h4>\n                                                <div>\n\t\t\t\t\t\t\t\t\t                <p><a href=\"https:\/\/up.lublin.pl\/agrobio\/wp-content\/uploads\/sites\/2\/2022\/11\/WA-S3ga-Procedura-oceny-osiagniec-pracownikow-do-ewaluacji.pdf\">Procedura oceny osi\u0105gni\u0119\u0107 pracownik\u00f3w do ewaluacji jako\u015bci naukowej (WA-S3ga)<\/a><\/p>\n<p><a href=\"https:\/\/up.lublin.pl\/agrobio\/wp-content\/uploads\/sites\/2\/2022\/11\/WA-S3ga-Zalaczniki-Procedura-oceny-osiagniec-pracownikow-do-ewaluacji.docx\">Procedura oceny osi\u0105gni\u0119\u0107 pracownik\u00f3w do ewaluacji jako\u015bci naukowej &#8211; za\u0142\u0105cznik (WORD)<\/a><\/p>\n                                                <\/div>\n                                            <\/li>\n                                        <\/ul>\n\t\t\t\t\t\t                                                        <ul class=\"mn-accordion\">\n                                            <li>\n                                                <h4 class=\"mn-accordion-title\">Procedura zapewnienie jako\u015bci kadry dydaktycznej<\/h4>\n                                                <div>\n\t\t\t\t\t\t\t\t\t                <p><a href=\"https:\/\/up.lublin.pl\/agrobio\/wp-content\/uploads\/sites\/2\/2023\/10\/WA-K2-Procedura-zapewnienia-jakosci-kadry-dydaktycznej.pdf\">Procedura zapewnienia jako\u015bci kadry dydaktycznej (WA-K2)<\/a><\/p>\n<p><a href=\"https:\/\/up.lublin.pl\/agrobio\/wp-content\/uploads\/sites\/2\/2023\/10\/WA-K2-Zalaczniki-Karta-Nauczyciela-Akademickiego.docx\">Karta Nauczyciela Akademickiego (za\u0142\u0105cznik word)<\/a><\/p>\n                                                <\/div>\n                                            <\/li>\n                                        <\/ul>\n\t\t\t\t\t\t                                                        <ul class=\"mn-accordion\">\n                                            <li>\n                                                <h4 class=\"mn-accordion-title\">Procedura realizacji praktyk zawodowych student\u00f3w<\/h4>\n                                                <div>\n\t\t\t\t\t\t\t\t\t                <p><a href=\"https:\/\/up.lublin.pl\/agrobio\/wp-content\/uploads\/sites\/2\/2022\/11\/WA-S7-Procedura-realizacji-praktyk-zawodowych.pdf\">Procedura realizacji praktyk zawodowych student\u00f3w (WA-S7)<\/a><\/p>\n<p><a href=\"https:\/\/up.lublin.pl\/agrobio\/wp-content\/uploads\/sites\/2\/2022\/11\/WA-S7_Zalaczniki_Procedura_realizacji_praktyk.docx\">Procedura realizacji praktyk zawodowych student\u00f3w &#8211; za\u0142\u0105cznik (word)<\/a><\/p>\n                                                <\/div>\n                                            <\/li>\n                                        <\/ul>\n\t\t\t\t\t\t                                                        <ul class=\"mn-accordion\">\n                                            <li>\n                                                <h4 class=\"mn-accordion-title\">Procedura rekrutacji na studia I&nbsp;i II stopnia <\/h4>\n                                                <div>\n\t\t\t\t\t\t\t\t\t                <p><a href=\"https:\/\/up.lublin.pl\/agrobio\/wp-content\/uploads\/sites\/2\/2021\/04\/WA-S5_Procedura-rekrutacji-na-studia-I-oraz-II-stopnia.pdf\">Procedura rekrutacji na studa I\u00a0oraz II stopnia (WA-S5)<\/a><\/p>\n<p><a href=\"https:\/\/up.lublin.pl\/agrobio\/wp-content\/uploads\/sites\/2\/2022\/11\/WA-S5_Zalaczniki-Procedura_rekrutacji_I_II_stopien.docx\">Procedura rekrutacji na studia I\u00a0i II stopnia &#8211; za\u0142\u0105cznik (word)<\/a><\/p>\n                                                <\/div>\n                                            <\/li>\n                                        <\/ul>\n\t\t\t\t\t\t                                                        <ul class=\"mn-accordion\">\n                                            <li>\n                                                <h4 class=\"mn-accordion-title\">Procedura weryfikacji efekt\u00f3w uczenia si\u0119<\/h4>\n                                                <div>\n\t\t\t\t\t\t\t\t\t                <p><a href=\"https:\/\/up.lublin.pl\/agrobio\/wp-content\/uploads\/sites\/2\/2024\/07\/WA-K3_Procedura-weryfikacji-efektow-uczenia-sie.pdf\">Procedura weryfikacji efekt\u00f3w uczenia si\u0119 (WA-K3)<\/a><\/p>\n<p><a href=\"https:\/\/up.lublin.pl\/agrobio\/wp-content\/uploads\/sites\/2\/2024\/07\/WA-K3-Zalaczniki-Procedura-weryfikacji-efektow-uczenia-sie.doc\">Procedura weryfikacji efekt\u00f3w uczenia si\u0119 &#8211; za\u0142\u0105cznik (word)<\/a><\/p>\n                                                <\/div>\n                                            <\/li>\n                                        <\/ul>\n\t\t\t\t\t\t                                                        <ul class=\"mn-accordion\">\n                                            <li>\n                                                <h4 class=\"mn-accordion-title\">Procedura doskonalenia programu studi\u00f3w <\/h4>\n                                                <div>\n\t\t\t\t\t\t\t\t\t                <p><a href=\"https:\/\/up.lublin.pl\/agrobio\/wp-content\/uploads\/sites\/2\/2023\/10\/WA-S4-Procedura-doskonalenia-programu-studiow.pdf\">Procedura doskonalenia programu studi\u00f3w (WA-S4)<\/a><\/p>\n                                                <\/div>\n                                            <\/li>\n                                        <\/ul>\n\t\t\t\t\t\t                                                        <ul class=\"mn-accordion\">\n                                            <li>\n                                                <h4 class=\"mn-accordion-title\">Procedura oceny zaj\u0119\u0107 dydaktycznych przez student\u00f3w<\/h4>\n                                                <div>\n\t\t\t\t\t\t\t\t\t                <p><a href=\"https:\/\/up.lublin.pl\/agrobio\/wp-content\/uploads\/sites\/2\/2021\/04\/WA-A4_Procedura-oceny-zajec-dydaktycznych-przez-studentow-i-doktorantow.pdf\">Procedura oceny zaj\u0119\u0107 dydaktycznych przez student\u00f3w (WA-A4)<\/a><\/p>\n<p><a href=\"https:\/\/up.lublin.pl\/agrobio\/wp-content\/uploads\/sites\/2\/2021\/04\/WA-A4_Zalaczniki_-Procedura-oceny-zajec-dydaktycznych-przez-studento-i-doktorantow.docx\">Procedura oceny zaj\u0119\u0107 dydaktycznych przez student\u00f3w &#8211; za\u0142\u0105cznik (word)<\/a><\/p>\n                                                <\/div>\n                                            <\/li>\n                                        <\/ul>\n\t\t\t\t\t\t                                                        <ul class=\"mn-accordion\">\n                                            <li>\n                                                <h4 class=\"mn-accordion-title\">Procedura wsp\u00f3\u0142pracy z&nbsp;otoczeniem zewn\u0119trzym <\/h4>\n                                                <div>\n\t\t\t\t\t\t\t\t\t                <p><a href=\"https:\/\/up.lublin.pl\/agrobio\/wp-content\/uploads\/sites\/2\/2021\/04\/WA-S11_Procedura_wspolpracy_z_otoczeniem_zewnetrznym....pdf\">Procedura wsp\u00f3\u0142pracy z\u00a0otoczeniem zewn\u0119trzym (WA-S11)<\/a><\/p>\n                                                <\/div>\n                                            <\/li>\n                                        <\/ul>\n\t\t\t\t\t\t                                                        <ul class=\"mn-accordion\">\n                                            <li>\n                                                <h4 class=\"mn-accordion-title\">Procedura oceny bazy materialnej <\/h4>\n                                                <div>\n\t\t\t\t\t\t\t\t\t                <p><a href=\"https:\/\/up.lublin.pl\/agrobio\/wp-content\/uploads\/sites\/2\/2024\/03\/WA-A5-Procedura-oceny-bazy-materialnej.pdf\">Procedura oceny bazy materialnej (WA-A5)<\/a><\/p>\n                                                <\/div>\n                                            <\/li>\n                                        <\/ul>\n\t\t\t\t\t\t                                                        <ul class=\"mn-accordion\">\n                                            <li>\n                                                <h4 class=\"mn-accordion-title\">Procedura przyznawania nagr\u00f3d pracownikom naukowo-dydaktycznym i&nbsp;dydaktycznym <\/h4>\n                                                <div>\n\t\t\t\t\t\t\t\t\t                <p><a href=\"https:\/\/up.lublin.pl\/agrobio\/wp-content\/uploads\/sites\/2\/2021\/06\/WA-S3h_Procedura-przyznawania-nagrod-pracownikom-naukowo-dydaktycznym-i-dydaktycznym.pdf\">Procedura przyznawania nagr\u00f3d pracownikom naukowo-dydaktycznym i\u00a0dydaktycznym (WAS3h)<\/a><\/p>\n<p><a href=\"https:\/\/up.lublin.pl\/agrobio\/wp-content\/uploads\/sites\/2\/2021\/06\/WA-S3h_Zalacznik_Procedura_przyznawania_nagrod_pracownikom_naukowo-dydaktycznym-i-dydaktycznym.doc\">Procedura przyznawania nagr\u00f3d pracownikom naukowo-dydaktycznym i\u00a0dydaktycznym &#8211; za\u0142\u0105czniki<\/a><\/p>\n                                                <\/div>\n                                            <\/li>\n                                        <\/ul>\n\t\t\t\t\t\t                                                        <ul class=\"mn-accordion\">\n                                            <li>\n                                                <h4 class=\"mn-accordion-title\">Weryfikacja procedur funkcjonuj\u0105cych na Wydziale Agrobioin\u017cynierii <\/h4>\n                                                <div>\n\t\t\t\t\t\t\t\t\t                <p><a href=\"https:\/\/up.lublin.pl\/agrobio\/wp-content\/uploads\/sites\/2\/2021\/04\/WA-K8-Weryfikacja-procedur-funkcjonujacych-na-Wydziale-Agrobioinzynierii.pdf\">Weryfikacja procedur funkcjonuj\u0105cych na Wydziale Agrobioin\u017cynierii (WA-K8)<\/a><\/p>\n                                                <\/div>\n                                            <\/li>\n                                        <\/ul>\n\t\t\t\t\t\t                                                        <ul class=\"mn-accordion\">\n                                            <li>\n                                                <h4 class=\"mn-accordion-title\">Procedura przyjmowania skarg i&nbsp;wniosk\u00f3w<\/h4>\n                                                <div>\n\t\t\t\t\t\t\t\t\t                <p><a href=\"https:\/\/up.lublin.pl\/agrobio\/wp-content\/uploads\/sites\/2\/2022\/11\/WA-A6-Procedura-przyjmowania-skarg-i-wnioskow.pdf\">Procedura przyjmowania skarg i\u00a0wniosk\u00f3w (WA-A6)<\/a><\/p>\n<p><a href=\"https:\/\/up.lublin.pl\/agrobio\/wp-content\/uploads\/sites\/2\/2022\/11\/WA-A6_Zalaczniki-Procedura-przyjmowania-skarg-i-wnioskow.docx\">Procedura przyjmowania skarg i\u00a0wniosk\u00f3w &#8211; za\u0142\u0105czniki (WORD)<\/a><\/p>\n                                                <\/div>\n                                            <\/li>\n                                        <\/ul>\n\t\t\t\t\t\t                                                        <ul class=\"mn-accordion\">\n                                            <li>\n                                                <h4 class=\"mn-accordion-title\">Procedura gromadzenia i&nbsp;udost\u0119pniania informacji o&nbsp;jako\u015bci kszta\u0142cenia <\/h4>\n                                                <div>\n\t\t\t\t\t\t\t\t\t                <p><a href=\"https:\/\/up.lublin.pl\/agrobio\/wp-content\/uploads\/sites\/2\/2022\/11\/WA-S12-Procedura-gromadzenia-i-udostepniania-informacji-o-jakosci-ksztalcenia.pdf\">Procedura gromadzenia i\u00a0udost\u0119pniania informacji o\u00a0jako\u015bci kszta\u0142cenia (WA-S12)<\/a><\/p>\n<p><a href=\"https:\/\/up.lublin.pl\/agrobio\/wp-content\/uploads\/sites\/2\/2022\/11\/WA-S12_Zalaczniki-Procedura-gromadzenia-i-udostepniania-informacji-o-jakosci-ksztalcenia.docx\">Procedura gromadzenia i\u00a0udost\u0119pniania informacji o\u00a0jako\u015bci kszta\u0142cenia &#8211; za\u0142\u0105cznik (WORD)<\/a><\/p>\n                                                <\/div>\n                                            <\/li>\n                                        <\/ul>\n\t\t\t\t\t\t                                                        <ul class=\"mn-accordion\">\n                                            <li>\n                                                <h4 class=\"mn-accordion-title\">Ocena mobilno\u015bci student\u00f3w okre\u015blaj\u0105ca monitorowanie w&nbsp;zakresie wymiany<\/h4>\n                                                <div>\n\t\t\t\t\t\t\t\t\t                <p><a href=\"https:\/\/up.lublin.pl\/agrobio\/wp-content\/uploads\/sites\/2\/2022\/11\/WA-A7-Ocena-mobilnosci-studentow-okreslajaca-monitorowanie-w-zakresie-wymiany.pdf\">Ocena mobilno\u015bci student\u00f3w okre\u015blaj\u0105ca monitorowanie w\u00a0zakresie wymiany (WA-A7)<\/a><\/p>\n<p><a href=\"https:\/\/up.lublin.pl\/agrobio\/wp-content\/uploads\/sites\/2\/2022\/11\/WA-A7_Zalaczniki-Ocena-mobilnosci-studentow-okreslajaca-monitorowanie-w-zakresie-wymiany.docx\">Ocena mobilno\u015bci student\u00f3w okre\u015blaj\u0105ca monitorowanie w\u00a0zakresie wymiany &#8211; za\u0142\u0105czniki (WORD)<\/a><\/p>\n                                                <\/div>\n                                            <\/li>\n                                        <\/ul>\n\t\t\t\t\t\t                                                        <ul class=\"mn-accordion\">\n                                            <li>\n                                                <h4 class=\"mn-accordion-title\">Zasady reagowania na konflikty, dyskryminacj\u0119 i&nbsp;przemoc oraz zagro\u017cenia lub naruszenia bezpiecze\u0144stwa <\/h4>\n                                                <div>\n\t\t\t\t\t\t\t\t\t                <p><a href=\"https:\/\/up.lublin.pl\/agrobio\/wp-content\/uploads\/sites\/2\/2023\/02\/WA-A8-Procedura-Zasady-reagowania-na-konflikty-dyskryminacje-i-przemoc-oraz-zagrozenia-lub-naruszenia-bezpieczenstwa-2.pdf\">Zasady reagowania na konflikty, dyskryminacj\u0119 i&nbsp;przemoc oraz zagro\u017cenia lub naruszenia bezpiecze\u0144stwa (WA-A8)<\/a><\/p>\n<p><a href=\"https:\/\/up.lublin.pl\/agrobio\/wp-content\/uploads\/sites\/2\/2023\/02\/WA-A8-Procedura-Zasady-reagowania-na-konflikty-dyskryminacje-i-przemoc-oraz-zagrozenia-lub-naruszenia-bezpieczenstwa.docx\">Zasady reagowania na konflikty, dyskryminacj\u0119 i&nbsp;przemoc oraz zagro\u017cenia lub naruszenia bezpiecze\u0144stwa &#8211; za\u0142\u0105czniki (WORD)<\/a><\/p>\n                                                <\/div>\n                                            <\/li>\n                                        <\/ul>\n\t\t\t\t\t\t                                <\/div>\n\t\t\t\t                <div class=\"mn-content-block\">\n\t                                                        <div class=\"block-text\">\n\t                                        <p>Studenci na Wydziale Agrobioin\u017cynierii maj\u0105 mo\u017cliwo\u015b\u0107 rozwijania swoich zainteresowa\u0144 w&nbsp;ko\u0142ach naukowych:<\/p>\n<ul>\n<li><strong>Studenckie Ko\u0142o Naukowe Bior\u00f3\u017cnorodno\u015bci<\/strong><br \/>opiekun: dr hab. Teresa Wy\u0142upek<\/li>\n<li><a href=\"https:\/\/up.lublin.pl\/agrobio\/skn-analitykow-srodowiska\/\"><strong>Studenckie Ko\u0142o Naukowe Analityk\u00f3w \u015arodowiska<\/strong><\/a><br \/>opiekun: dr in\u017c. Kamila Rybczy\u0144ska-Tkaczyk<\/li>\n<li><a href=\"https:\/\/up.lublin.pl\/agrobio\/skn-mikrobios\/\"><strong>Studenckie Ko\u0142o Naukowe &#8220;Mikrobios&#8221;<\/strong><\/a><br \/>opiekun: dr hab. Justyna Bohacz, prof. uczelni<\/li>\n<li><a href=\"https:\/\/up.lublin.pl\/agrobio\/studenckie-kolo-naukowe-turystyczno-krajoznawcze\/\"><strong>Studenckie Ko\u0142o Naukowe Turystyczno-Krajoznawcze<\/strong><\/a><br \/>opiekun: dr Agata Koby\u0142ka<\/li>\n<li><strong><a href=\"https:\/\/pl-pl.facebook.com\/sknagronomow\/\" target=\"_blank\" rel=\"noopener\">Ko\u0142o Naukowe Agronom\u00f3w<\/a><\/strong><br \/>opiekun: dr hab. Ma\u0142gorzata Haliniarz, prof. uczelni<\/li>\n<li><strong><a href=\"https:\/\/www.facebook.com\/skn.lesnikow.up.lublin\/\" target=\"_blank\" rel=\"noopener\">Studenckie Ko\u0142o Naukowe Le\u015bnik\u00f3w<\/a><br \/><\/strong>opiekun<strong>:<\/strong> dr in\u017c. Katarzyna Masternak; dr in\u017c. Joanna Gmitrowicz-Iwan<\/li>\n<li><strong>Studenckie Ko\u0142o Naukowe In\u017cynierii \u015arodowiska<\/strong><br \/>opiekun: dr hab. Marta Bik-Ma\u0142odzi\u0144ska, prof.uczelni<\/li>\n<li><strong>Studenckie Ko\u0142o Naukowe Biogeochemik\u00f3w<\/strong><br \/>opiekun: dr hab.\u00a0 Monika Skowro\u0144ska, prof. uczelni<\/li>\n<li><strong>Ko\u0142o Naukowo Rachunkowo\u015bci i&nbsp;Finans\u00f3w<\/strong><br \/>opiekun: dr Anna Kobia\u0142ka<\/li>\n<li><strong>Mi\u0119dzywydzia\u0142owe Studenckie Ko\u0142o Naukowe Zarz\u0105dzania Jako\u015bci\u0105<\/strong><br \/>opiekun: dr in\u017c. \u0141ukasz Kopi\u0144ski<\/li>\n<li><strong>Ko\u0142o Naukowe Gospodarki Przestrzennej<br \/><\/strong>opiekun: dr in\u017c. Kamila Adamczyk-Mucha<\/li>\n<li><strong><a href=\"https:\/\/up.lublin.pl\/agrobio\/wydzial\/struktura-i-pracownicy\/genetyka\/#ko\u0142a\">Studenckie Ko\u0142o Naukowe Bioin\u017cynier\u00f3w i&nbsp;Biotechnolog\u00f3w BioGen<\/a> <br \/><\/strong>opiekun: dr hab. Edyta Paczos-Grz\u0119da, prof. uczelni<\/li>\n<\/ul>\n                                        <\/div>\n\t\t\t\t\t\t                                <\/div>\n\t\t\t\t                <div class=\"mn-content-block\">\n\t                                                        <div class=\"block-text\">\n\t                                        <p><strong>Zarz\u0105d WRSS<\/strong><\/p>\n<p><strong><i>Przewodnicz\u0105cy Laura W\u00f3jcik\u00a0<\/i><\/strong><\/p>\n<p><strong><i>Wiceprzewodnicz\u0105cy Katarzyna Krysiak<\/i><\/strong><\/p>\n<p><strong><i>Skarbnik Svitoslav Babii<\/i><\/strong><\/p>\n<p><strong><i>Sekretarz Mytoslav Horyk\u00a0<\/i><\/strong><\/p>\n<p><strong><i id=\"ext-gen1720\">Koordynator ds. sportu i&nbsp;akcji charytatywnych Aleksandry Piotrzkiewicz<\/i><\/strong><\/p>\n                                        <\/div>\n\t\t\t\t\t\t                                <\/div>\n\t\t\t\t                <div class=\"mn-content-block\">\n\t                                                        <div class=\"block-text\">\n\t                                        <p><u>Kierunek: <\/u><strong>Agrobiznes<\/strong><\/p>\n<p>I rok \u2013 dr Joanna Pawlak tel. 81\/4610061 w.154 <a href=\"mailto:joanna.pawlak@up.lublin.pl\">joanna.pawlak@up.lublin.pl<\/a><\/p>\n<p>II rok \u2013 dr hab. Piotr Kraska, prof. uczelni tel. 81\/4456778 <a href=\"mailto:piotr.kraska@up.lublin.pl\">piotr.kraska@up.lublin.pl<\/a><\/p>\n<p>III rok \u2013 dr Anna Kobia\u0142ka tel. 81\/4610061 anna.kobialka@up.lublin.pl<\/p>\n<p>IV rok \u2013 dr Artur Krukowski tel. 81\/4610061 artur.krukowski@up.lublin.pl<\/p>\n<p><u>Kierunek:\u00a0 <\/u><strong>Agrole\u015bnictwo<\/strong><\/p>\n<p>I rok \u2013 dr hab. Beata Kr\u00f3l, prof. uczelni tel. 81\/4456076 <a href=\"mailto:beata.kr\u00f3l@up.lublin.pl\">beata.kr\u00f3l@up.lublin.pl<\/a><\/p>\n<p>II rok \u2013 dr hab. Mariusz Kulik, prof. uczelni tel. <span class=\"mcntmcnttelefon\">814456701<\/span> <a title=\"Wy\u015blij e-mail do mariusz.kulik@up.lublin.pl\" href=\"mailto:mariusz.kulik@up.lublin.pl\" target=\"_blank\" rel=\"noopener\">mariusz.kulik@up.lublin.pl<\/a><\/p>\n<p><u>Kierunek: <\/u><strong>Bioin\u017cynieria<\/strong><\/p>\n<p>I rok- dr Sylwia Sowa tel. 81\/4456005 sylwia.sowa@up.lublin.pl<\/p>\n<p>II rok \u2013 dr S\u0119czyk \u0141ukasz Tel. 814456825 <a href=\"mailto:lukasz.seczyk@up.lublin.pl\">lukasz.seczyk@up.lublin.pl<\/a><\/p>\n<p>III rok \u2013 dr Micha\u0142 Mo\u017cejko tel. 81\/5248105 <a href=\"mailto:michal.mozejko@up.lublin.pl\">michal.mozejko@up.lublin.pl<\/a><\/p>\n<p>IV rok \u2013 dr hab. Justyna Bohacz, prof. uczelni Tel. 815248104 <a href=\"mailto:justyna.bohacz@up.lublin.pl\">justyna.bohacz@up.lublin.pl<\/a>\u00a0\u00a0<\/p>\n<p>II rok II stopie\u0144 \u2013 dr Magdalena Dyduch- Siemi\u0144ska Tel. 814456776 <a href=\"mailto:magdalena.dyduch@up.lublin.pl\">magdalena.dyduch@up.lublin.pl<\/a> \u00a0<\/p>\n<p><u>Kierunek: <\/u><strong>Ekonomia<\/strong><\/p>\n<p>I rok \u2013 dr Agnieszka Komor tel. 81\/4610061 w.270 agnieszka.komor@up.lublin.pl<\/p>\n<p>II rok \u2013 dr Sebastian Bia\u0142oskurski tel. 81\/4610061 w. 194 sebastian.bialoskurski@up.lublin.pl<\/p>\n<p><span id=\"eeb-42659-565514\">III rok \u2013 dr Anna Goliszek tel. 81\/4610061 w, 177 <\/span><a href=\"mailto:anna.goliszek@up.lublin.pl\">anna.goliszek@up.lublin.pl<\/a><\/p>\n<p><u>Kierunek: <\/u><strong>Gospodarka przestrzenna<\/strong><\/p>\n<p>I &#8211; dr Adam Gawryluk tel. 81\/4456994 <a href=\"mailto:adam.gawryluk@up.lublin.pl\">adam.gawryluk@up.lublin.pl<\/a><\/p>\n<p>II rok \u2013 dr Malwina Michalik- \u015anie\u017cek tel. 81\/4456030 <a href=\"mailto:malwina.sniezek@up.lublin.pl\">malwina.sniezek@up.lublin.pl<\/a><\/p>\n<p>III rok \u2013 dr Ma\u0142gorzata Sosnowska tel. 81\/4456065 \u00a0<a href=\"mailto:malgorzata.sosnowska@up.lubin.pl\">malgorzata.sosnowska@up.lubin.pl<\/a><\/p>\n<p>IV rok \u2013 dr Szymon Chmielewski Tel. 81\/4456865 <a href=\"mailto:szymon.chmielewski@up.lublin.pl\">szymon.chmielewski@up.lublin.pl<\/a><\/p>\n<p>II rok \u00a0II stopie\u0144 dr Adam Gawryluk tel. 81\/4456994 <a href=\"mailto:adam.gawryluk@up.lublin.pl\">adam.gawryluk@up.lublin.pl<\/a><\/p>\n<p><u>Kierunek: <\/u><strong>Le\u015bnictwo<\/strong><\/p>\n<p>I rok \u2013\u00a0 dr Magdalena Myszura-Dymek tel. 81\/5248160 magdalena.myszura@up.lublin.pl<\/p>\n<p>II rok \u2013\u00a0 dr Tomasz Ociepa tel. 81\/4456785 <a href=\"mailto:tomasz.ociepa@up.lublin.pl\">tomasz.ociepa@up.lublin.pl<\/a><\/p>\n<p>III rok \u2013 dr Magdalena Sozoniuk tel. 81\/4456928 <a href=\"mailto:magdalena.sozoniuk@up.lublin.pl\">magdalena.sozoniuk@up.lublin.pl<\/a><\/p>\n<p>IV rok \u2013\u00a0 dr Joanna Gmitrowicz- Iwan tel. 81\/5248155 <a href=\"mailto:joanna.gmitrowicz-iwan@up.lublin.pl\">joanna.gmitrowicz-iwan@up.lublin.pl<\/a><\/p>\n<p><u>Kierunek: <\/u><strong>Rolnictwo<\/strong><\/p>\n<p>I rok \u2013 mgr in\u017c. Dorota Jagie\u0142\u0142o tel. 81\/4456902 dorota.jagiello@up.lublin.pl<\/p>\n<p>II rok \u2013 dr hab. El\u017cbieta Harasim, prof. uczelni tel. <span class=\"telefon\">81\/4456820<\/span> <a href=\"mailto:elzbieta.harasim@up.lublin.pl\">elzbieta.harasim@up.lublin.pl<\/a><\/p>\n<p>III rok \u2013 dr Ewelina Flis- Olszewska tel. 81\/4456649 <a href=\"mailto:ewelina.flis-olszewska@up.lublin.pl\">ewelina.flis-olszewska@up.lublin.pl<\/a><\/p>\n<p>IV rok \u2013 dr Aneta Kramek tel. 81\/4456942 <a href=\"mailto:aneta.kramek@up.lublin.pl\">aneta.kramek@up.lublin.pl<\/a><\/p>\n<p>I rok II stopie\u0144 \u2013 dr. hab. Anna Kie\u0142tyka-Dadasiewicz, prof. uczelni tel. 81\/4456629 <a href=\"mailto:anna.kieltyka-dadasiewicz@up.lublin.pl\">anna.kieltyka-dadasiewicz@up.lublin.pl<\/a><\/p>\n<p>II rok II stopie\u0144- dr Dominika Skiba tel. 81\/4456793 dominika.skiba@up.lublin.pl<\/p>\n<p><u>Kierunek: <\/u><strong>Turystyka i&nbsp;rekreacja<\/strong><\/p>\n<p>I rok \u2013 dr hab. Przemys\u0142aw Tkaczyk, prof. uczelni tel. 81\/4456830 <a href=\"mailto:przemyslaw.tkaczyk@up.lublin.pl\">przemyslaw.tkaczyk@up.lublin.pl<\/a><\/p>\n<p>II rok \u2013 dr Julia Wojciechowska- Solis tel. 81\/4456010 <a href=\"mailto:julia.wojciechowska@up.lublin.pl\">julia.wojciechowska@up.lublin.pl<\/a><\/p>\n<p>III rok \u2013 dr Jerzy Kopro\u0144 tel. 81\/4456782 <a href=\"mailto:jerzy.kopron@up.lublin.pl\">jerzy.kopron@up.lublin.pl<\/a><\/p>\n<p>I rok II stopie\u0144 \u2013 dr hab. Gra\u017cyna Kowalska, prof. uczelni Tel. 81\/4456646 <a href=\"mailto:grazyna.kowalska@up.lublin.pl\">grazyna.kowalska@up.lublin.pl<\/a><a href=\"mailto:agata.kobylka@up.lublin.pl\">l<\/a><\/p>\n<p>II stopie\u0144 II\u00a0rok \u2013 dr Agata Koby\u0142ka Tel. 81\/4456782 <a href=\"mailto:agata.kobylka@up.lublin.pl\">agata.kobylka@up.lublin.pl<\/a><\/p>\n                                        <\/div>\n\t\t\t\t\t\t                                <\/div>\n\t\t\t\t                <div class=\"mn-content-block\">\n\t                                                        <div class=\"block-text\">\n\t                                        <h1 style=\"margin-bottom: 15px;text-align: center\"><strong>Erasmus offer<\/strong><\/h1>\n<p><a href=\"https:\/\/up.lublin.pl\/agrobio\/wp-content\/uploads\/sites\/2\/2024\/03\/Offer-Agrobioengineering_2024-2025.pdf\">SUBJECTS offered in English AGROBIOENGINEERING 2024_2025<\/a><\/p>\n<ul>\n<li><a href=\"https:\/\/up.lublin.pl\/edukacja\/erasmus\/\">Uczelniana strona programu Erasmus+<\/a><\/li>\n<li><a href=\"https:\/\/up.lublin.pl\/en\/student\/erasmus\/\">University&#8217;s Erasmus+ website<\/a><\/li>\n<\/ul>\n<p style=\"text-align: center\">\u2666\u2666\u2666<\/p>\n                                        <\/div>\n\t\t\t\t\t\t                                                        <ul class=\"mn-accordion\">\n                                            <li>\n                                                <h4 class=\"mn-accordion-title\">Relacje z&nbsp;wyjazd\u00f3w<\/h4>\n                                                <div>\n\t\t\t\t\t\t\t\t\t                <p><a href=\"https:\/\/up.lublin.pl\/agrobio\/wp-content\/uploads\/sites\/2\/2024\/03\/Zagreb-Erasmus-2023.pdf\">Zagrzeb<\/a><\/p>\n<p><a href=\"https:\/\/up.lublin.pl\/agrobio\/wp-content\/uploads\/sites\/2\/2023\/03\/Czechy.pdf\">Czechy<\/a><\/p>\n<p><a href=\"https:\/\/up.lublin.pl\/agrobio\/wp-content\/uploads\/sites\/2\/2023\/02\/LIZBONA-2022.pdf\">Lizbona<\/a><\/p>\n<p><a href=\"https:\/\/up.lublin.pl\/agrobio\/wp-content\/uploads\/sites\/2\/2022\/12\/CYPR-Ada-Wojtowicz.pdf\">Cypr<\/a><\/p>\n<p><a href=\"https:\/\/up.lublin.pl\/agrobio\/wp-content\/uploads\/sites\/2\/2022\/12\/Grecja.pdf\">Grecja<\/a><\/p>\n                                                <\/div>\n                                            <\/li>\n                                        <\/ul>\n\t\t\t\t\t\t                                <\/div>\n\t\t\t\t                <div class=\"mn-content-block\">\n\t                                                        <div class=\"block-text\">\n\t                                        <p><a href=\"https:\/\/up.lublin.pl\/agrobio\/wp-content\/uploads\/sites\/2\/2023\/10\/Wzory-dokumentow.doc\"><strong>Wzory dokument\u00f3w<\/strong><\/a><\/p>\n                                        <\/div>\n\t\t\t\t\t\t                                <\/div>\n\t\t\t\t                <div class=\"mn-content-block\">\n\t                                                        <div class=\"block-text\">\n\t                                        <p><a href=\"https:\/\/up.lublin.pl\/agrobio\/wp-content\/uploads\/sites\/2\/2025\/09\/Informacja-w-sprawie-mLegitymacji-studenckiej.pdf\">Informacja w&nbsp;sprawie mLegitymacji studenckiej<\/a><\/p>\n                                        <\/div>\n\t\t\t\t\t\t                                <\/div>\n\t\t\t\t\t\t<\/div>\n\t<\/div>\n<\/section>\n\t\t<\/div>\n\t\t\t\t<\/div>\n\t\t\t\t\t\t<\/div>\n\t\t\t\t\t<\/div>\n\t\t<\/div>\n\t\t\t\t\t\t\t\t<\/div>\n\t\t\t\t\t<\/div>\n\t\t<\/section>\n\t\t\t\t\t\t<\/div>\n\t\t\t\t\t\t<\/div>\n\t\t\t\t\t<\/div>\n\t\t","protected":false},"excerpt":{"rendered":"<p>Wydzia\u0142 Agrobioin\u017cynierii Kszta\u0142cenie UP Wydzia\u0142 Agrobioin\u017cynierii Jako\u015b\u0107 kszta\u0142cenia Rozk\u0142ady zaj\u0119\u0107 Plany studi\u00f3w Karty kierunk\u00f3w Efekty uczenia si\u0119 Organizacja roku akademickiego Egzamin dyplomowy Procedury Ko\u0142a naukowe Wydzia\u0142owy Samorz\u0105d Student\u00f3w Opiekunowie roku Erasmus+ Wzory dokument\u00f3w mLegitymacja studencka Wydzia\u0142owa Komisja ds. Jako\u015bci Kszta\u0142cenia Komisja ds. Jako\u015bci Kszta\u0142cenia: Dr hab.\u00a0Sylwia Andruszczak prof. uczelni \u2013 przewodnicz\u0105cacz\u0142onkowie: Dr hab. Mariusz Kulik [&hellip;]<\/p>\n","protected":false},"author":2,"featured_media":0,"parent":0,"menu_order":0,"comment_status":"closed","ping_status":"closed","template":"elementor_header_footer","meta":{"_monsterinsights_skip_tracking":false,"_monsterinsights_sitenote_active":false,"_monsterinsights_sitenote_note":"","_monsterinsights_sitenote_category":0},"_links":{"self":[{"href":"https:\/\/up.lublin.pl\/agrobio\/wp-json\/wp\/v2\/pages\/157159"}],"collection":[{"href":"https:\/\/up.lublin.pl\/agrobio\/wp-json\/wp\/v2\/pages"}],"about":[{"href":"https:\/\/up.lublin.pl\/agrobio\/wp-json\/wp\/v2\/types\/page"}],"author":[{"embeddable":true,"href":"https:\/\/up.lublin.pl\/agrobio\/wp-json\/wp\/v2\/users\/2"}],"replies":[{"embeddable":true,"href":"https:\/\/up.lublin.pl\/agrobio\/wp-json\/wp\/v2\/comments?post=157159"}],"version-history":[{"count":1372,"href":"https:\/\/up.lublin.pl\/agrobio\/wp-json\/wp\/v2\/pages\/157159\/revisions"}],"predecessor-version":[{"id":164746,"href":"https:\/\/up.lublin.pl\/agrobio\/wp-json\/wp\/v2\/pages\/157159\/revisions\/164746"}],"wp:attachment":[{"href":"https:\/\/up.lublin.pl\/agrobio\/wp-json\/wp\/v2\/media?parent=157159"}],"curies":[{"name":"wp","href":"https:\/\/api.w.org\/{rel}","templated":true}]}}